{"id":10357,"date":"2023-01-09T19:22:38","date_gmt":"2023-01-09T18:22:38","guid":{"rendered":"https:\/\/www.gruenes-grenzland.net\/?page_id=10357"},"modified":"2026-03-29T18:35:00","modified_gmt":"2026-03-29T16:35:00","slug":"activiteiten-javelin-park-ost","status":"publish","type":"page","link":"https:\/\/www.gruenes-grenzland.net\/de\/activiteiten-javelin-park-ost\/","title":{"rendered":"Activiteiten Javelin Park Ost"},"content":{"rendered":"<div data-elementor-type=\"wp-page\" data-elementor-id=\"10357\" class=\"elementor elementor-10357\" data-elementor-post-type=\"page\">\n\t\t\t\t\t\t<section class=\"elementor-section elementor-top-section elementor-element elementor-element-412e6c5 elementor-section-boxed elementor-section-height-default elementor-section-height-default\" data-id=\"412e6c5\" data-element_type=\"section\" data-e-type=\"section\">\n\t\t\t\t\t\t<div class=\"elementor-container elementor-column-gap-default\">\n\t\t\t\t\t<div class=\"elementor-column elementor-col-100 elementor-top-column elementor-element elementor-element-0d1785a\" data-id=\"0d1785a\" data-element_type=\"column\" data-e-type=\"column\">\n\t\t\t<div class=\"elementor-widget-wrap elementor-element-populated\">\n\t\t\t\t\t\t<div class=\"elementor-element elementor-element-cc091a3 elementor-widget-divider--view-line elementor-widget elementor-widget-divider\" data-id=\"cc091a3\" data-element_type=\"widget\" data-e-type=\"widget\" data-widget_type=\"divider.default\">\n\t\t\t\t<div class=\"elementor-widget-container\">\n\t\t\t\t\t\t\t<div class=\"elementor-divider\">\n\t\t\t<span class=\"elementor-divider-separator\">\n\t\t\t\t\t\t<\/span>\n\t\t<\/div>\n\t\t\t\t\t\t<\/div>\n\t\t\t\t<\/div>\n\t\t\t\t\t<\/div>\n\t\t<\/div>\n\t\t\t\t\t<\/div>\n\t\t<\/section>\n\t\t\t\t<section class=\"elementor-section elementor-top-section elementor-element elementor-element-ae5e54f elementor-section-boxed elementor-section-height-default elementor-section-height-default\" data-id=\"ae5e54f\" data-element_type=\"section\" data-e-type=\"section\">\n\t\t\t\t\t\t<div class=\"elementor-container elementor-column-gap-default\">\n\t\t\t\t\t<div class=\"elementor-column elementor-col-100 elementor-top-column elementor-element elementor-element-bdd7a4c\" data-id=\"bdd7a4c\" data-element_type=\"column\" data-e-type=\"column\">\n\t\t\t<div class=\"elementor-widget-wrap elementor-element-populated\">\n\t\t\t\t\t\t<div class=\"elementor-element elementor-element-46e1e7e elementor-widget elementor-widget-heading\" data-id=\"46e1e7e\" data-element_type=\"widget\" data-e-type=\"widget\" data-widget_type=\"heading.default\">\n\t\t\t\t<div class=\"elementor-widget-container\">\n\t\t\t\t\t<h2 class=\"elementor-heading-title elementor-size-default\">Standpunkte Gr\u00fcnes Grenzland <\/h2>\t\t\t\t<\/div>\n\t\t\t\t<\/div>\n\t\t\t\t\t<\/div>\n\t\t<\/div>\n\t\t\t\t\t<\/div>\n\t\t<\/section>\n\t\t\t\t<section class=\"elementor-section elementor-top-section elementor-element elementor-element-c22d245 elementor-section-boxed elementor-section-height-default elementor-section-height-default\" data-id=\"c22d245\" data-element_type=\"section\" data-e-type=\"section\">\n\t\t\t\t\t\t<div class=\"elementor-container elementor-column-gap-default\">\n\t\t\t\t\t<div class=\"elementor-column elementor-col-50 elementor-top-column elementor-element elementor-element-f5ae27b\" data-id=\"f5ae27b\" data-element_type=\"column\" data-e-type=\"column\">\n\t\t\t<div class=\"elementor-widget-wrap elementor-element-populated\">\n\t\t\t\t\t\t<div class=\"elementor-element elementor-element-bf4728b elementor-widget elementor-widget-text-editor\" data-id=\"bf4728b\" data-element_type=\"widget\" data-e-type=\"widget\" data-widget_type=\"text-editor.default\">\n\t\t\t\t<div class=\"elementor-widget-container\">\n\t\t\t\t\t\t\t\t\t<p style=\"text-align: center;\"><a href=\"#Javelin\">Industrie- und Gewerbekomplex Javelin Park Elmpt<\/a><\/p>\t\t\t\t\t\t\t\t<\/div>\n\t\t\t\t<\/div>\n\t\t\t\t\t<\/div>\n\t\t<\/div>\n\t\t\t\t<div class=\"elementor-column elementor-col-50 elementor-top-column elementor-element elementor-element-992d01d\" data-id=\"992d01d\" data-element_type=\"column\" data-e-type=\"column\">\n\t\t\t<div class=\"elementor-widget-wrap elementor-element-populated\">\n\t\t\t\t\t\t<div class=\"elementor-element elementor-element-3141a87 elementor-widget elementor-widget-text-editor\" data-id=\"3141a87\" data-element_type=\"widget\" data-e-type=\"widget\" data-widget_type=\"text-editor.default\">\n\t\t\t\t<div class=\"elementor-widget-container\">\n\t\t\t\t\t\t\t\t\t<p style=\"text-align: center;\"><a href=\"#Windturbines\">Windturbinen Elmpt<\/a><\/p>\t\t\t\t\t\t\t\t<\/div>\n\t\t\t\t<\/div>\n\t\t\t\t\t<\/div>\n\t\t<\/div>\n\t\t\t\t\t<\/div>\n\t\t<\/section>\n\t\t\t\t<section class=\"elementor-section elementor-top-section elementor-element elementor-element-9f0c346 elementor-section-boxed elementor-section-height-default elementor-section-height-default\" data-id=\"9f0c346\" data-element_type=\"section\" data-e-type=\"section\">\n\t\t\t\t\t\t<div class=\"elementor-container elementor-column-gap-default\">\n\t\t\t\t\t<div class=\"elementor-column elementor-col-100 elementor-top-column elementor-element elementor-element-7685c32\" data-id=\"7685c32\" data-element_type=\"column\" data-e-type=\"column\">\n\t\t\t<div class=\"elementor-widget-wrap\">\n\t\t\t\t\t\t\t<\/div>\n\t\t<\/div>\n\t\t\t\t\t<\/div>\n\t\t<\/section>\n\t\t\t\t<section class=\"elementor-section elementor-top-section elementor-element elementor-element-9f2de4c elementor-section-boxed elementor-section-height-default elementor-section-height-default\" data-id=\"9f2de4c\" data-element_type=\"section\" data-e-type=\"section\">\n\t\t\t\t\t\t<div class=\"elementor-container elementor-column-gap-default\">\n\t\t\t\t\t<div class=\"elementor-column elementor-col-100 elementor-top-column elementor-element elementor-element-b20f09c\" data-id=\"b20f09c\" data-element_type=\"column\" data-e-type=\"column\">\n\t\t\t<div class=\"elementor-widget-wrap elementor-element-populated\">\n\t\t\t\t\t\t<div class=\"elementor-element elementor-element-e42b528 elementor-widget-divider--view-line elementor-widget elementor-widget-divider\" data-id=\"e42b528\" data-element_type=\"widget\" data-e-type=\"widget\" data-widget_type=\"divider.default\">\n\t\t\t\t<div class=\"elementor-widget-container\">\n\t\t\t\t\t\t\t<div class=\"elementor-divider\">\n\t\t\t<span class=\"elementor-divider-separator\">\n\t\t\t\t\t\t<\/span>\n\t\t<\/div>\n\t\t\t\t\t\t<\/div>\n\t\t\t\t<\/div>\n\t\t\t\t\t<\/div>\n\t\t<\/div>\n\t\t\t\t\t<\/div>\n\t\t<\/section>\n\t\t\t\t<section class=\"elementor-section elementor-top-section elementor-element elementor-element-f9bd48a elementor-section-boxed elementor-section-height-default elementor-section-height-default\" data-id=\"f9bd48a\" data-element_type=\"section\" data-e-type=\"section\">\n\t\t\t\t\t\t<div class=\"elementor-container elementor-column-gap-default\">\n\t\t\t\t\t<div class=\"elementor-column elementor-col-100 elementor-top-column elementor-element elementor-element-4472614\" data-id=\"4472614\" data-element_type=\"column\" data-e-type=\"column\">\n\t\t\t<div class=\"elementor-widget-wrap elementor-element-populated\">\n\t\t\t\t\t\t<div class=\"elementor-element elementor-element-c493439 elementor-widget elementor-widget-menu-anchor\" data-id=\"c493439\" data-element_type=\"widget\" data-e-type=\"widget\" data-widget_type=\"menu-anchor.default\">\n\t\t\t\t<div class=\"elementor-widget-container\">\n\t\t\t\t\t\t\t<div class=\"elementor-menu-anchor\" id=\"Javelin\"><\/div>\n\t\t\t\t\t\t<\/div>\n\t\t\t\t<\/div>\n\t\t\t\t<div class=\"elementor-element elementor-element-2b438a9 elementor-widget elementor-widget-text-editor\" data-id=\"2b438a9\" data-element_type=\"widget\" data-e-type=\"widget\" data-widget_type=\"text-editor.default\">\n\t\t\t\t<div class=\"elementor-widget-container\">\n\t\t\t\t\t\t\t\t\t<h3><strong>Industrie- und Gewerbekomplex Javelin Park Elmpt<\/strong><\/h3>\t\t\t\t\t\t\t\t<\/div>\n\t\t\t\t<\/div>\n\t\t\t\t\t<\/div>\n\t\t<\/div>\n\t\t\t\t\t<\/div>\n\t\t<\/section>\n\t\t\t\t<section class=\"elementor-section elementor-top-section elementor-element elementor-element-23058ff elementor-section-boxed elementor-section-height-default elementor-section-height-default\" data-id=\"23058ff\" data-element_type=\"section\" data-e-type=\"section\">\n\t\t\t\t\t\t<div class=\"elementor-container elementor-column-gap-default\">\n\t\t\t\t\t<div class=\"elementor-column elementor-col-100 elementor-top-column elementor-element elementor-element-a1cdbca\" data-id=\"a1cdbca\" data-element_type=\"column\" data-e-type=\"column\">\n\t\t\t<div class=\"elementor-widget-wrap\">\n\t\t\t\t\t\t\t<\/div>\n\t\t<\/div>\n\t\t\t\t\t<\/div>\n\t\t<\/section>\n\t\t\t\t<section class=\"elementor-section elementor-top-section elementor-element elementor-element-b51f8af elementor-section-boxed elementor-section-height-default elementor-section-height-default\" data-id=\"b51f8af\" data-element_type=\"section\" data-e-type=\"section\">\n\t\t\t\t\t\t\t<div class=\"elementor-background-overlay\"><\/div>\n\t\t\t\t\t\t\t<div class=\"elementor-container elementor-column-gap-default\">\n\t\t\t\t\t<div class=\"elementor-column elementor-col-20 elementor-top-column elementor-element elementor-element-420f395\" data-id=\"420f395\" data-element_type=\"column\" data-e-type=\"column\">\n\t\t\t<div class=\"elementor-widget-wrap elementor-element-populated\">\n\t\t\t\t\t\t<div class=\"elementor-element elementor-element-509f8a5 elementor-widget elementor-widget-text-editor\" data-id=\"509f8a5\" data-element_type=\"widget\" data-e-type=\"widget\" data-widget_type=\"text-editor.default\">\n\t\t\t\t<div class=\"elementor-widget-container\">\n\t\t\t\t\t\t\t\t\t<p style=\"text-align: center;\"><a href=\"#Inspraakburgers\" target=\"_blank\" rel=\"noopener\">Standpunkte und B\u00fcrgerbeteiligung<\/a><\/p>\t\t\t\t\t\t\t\t<\/div>\n\t\t\t\t<\/div>\n\t\t\t\t\t<\/div>\n\t\t<\/div>\n\t\t\t\t<div class=\"elementor-column elementor-col-20 elementor-top-column elementor-element elementor-element-bb24d2d\" data-id=\"bb24d2d\" data-element_type=\"column\" data-e-type=\"column\">\n\t\t\t<div class=\"elementor-widget-wrap elementor-element-populated\">\n\t\t\t\t\t\t<div class=\"elementor-element elementor-element-a3d0789 elementor-widget elementor-widget-text-editor\" data-id=\"a3d0789\" data-element_type=\"widget\" data-e-type=\"widget\" data-no-translation=\"\" data-widget_type=\"text-editor.default\">\n\t\t\t\t<div class=\"elementor-widget-container\">\n\t\t\t\t\t<style>.elementor-element-a3d0789{display:none !important}<\/style>\t\t\t\t<\/div>\n\t\t\t\t<\/div>\n\t\t\t\t<div class=\"elementor-element elementor-element-2679c67 elementor-widget elementor-widget-text-editor\" data-id=\"2679c67\" data-element_type=\"widget\" data-e-type=\"widget\" data-widget_type=\"text-editor.default\">\n\t\t\t\t<div class=\"elementor-widget-container\">\n\t\t\t\t\t\t\t\t\t<p style=\"text-align: center;\"><a href=\"https:\/\/www.gruenes-grenzland.net\/de\/javelin-park-elmpt_papobanner\/\">Plakate, Postkarten und Banner<\/a><\/p>\t\t\t\t\t\t\t\t<\/div>\n\t\t\t\t<\/div>\n\t\t\t\t\t<\/div>\n\t\t<\/div>\n\t\t\t\t<div class=\"elementor-column elementor-col-20 elementor-top-column elementor-element elementor-element-0e37fa7\" data-id=\"0e37fa7\" data-element_type=\"column\" data-e-type=\"column\">\n\t\t\t<div class=\"elementor-widget-wrap elementor-element-populated\">\n\t\t\t\t\t\t<div class=\"elementor-element elementor-element-28dfd84 elementor-widget elementor-widget-text-editor\" data-id=\"28dfd84\" data-element_type=\"widget\" data-e-type=\"widget\" data-no-translation=\"\" data-widget_type=\"text-editor.default\">\n\t\t\t\t<div class=\"elementor-widget-container\">\n\t\t\t\t\t<style>.elementor-element-28dfd84{display:none !important}<\/style>\t\t\t\t<\/div>\n\t\t\t\t<\/div>\n\t\t\t\t<div class=\"elementor-element elementor-element-74e9d4a elementor-widget elementor-widget-text-editor\" data-id=\"74e9d4a\" data-element_type=\"widget\" data-e-type=\"widget\" data-widget_type=\"text-editor.default\">\n\t\t\t\t<div class=\"elementor-widget-container\">\n\t\t\t\t\t\t\t\t\t<p style=\"text-align: center;\"><a href=\"https:\/\/www.gruenes-grenzland.net\/de\/javelin-park-elmpt_flugblatt\/\">Flugblatt<\/a><\/p>\t\t\t\t\t\t\t\t<\/div>\n\t\t\t\t<\/div>\n\t\t\t\t\t<\/div>\n\t\t<\/div>\n\t\t\t\t<div class=\"elementor-column elementor-col-20 elementor-top-column elementor-element elementor-element-fc2bc63\" data-id=\"fc2bc63\" data-element_type=\"column\" data-e-type=\"column\">\n\t\t\t<div class=\"elementor-widget-wrap elementor-element-populated\">\n\t\t\t\t\t\t<div class=\"elementor-element elementor-element-e0b21a8 elementor-widget elementor-widget-text-editor\" data-id=\"e0b21a8\" data-element_type=\"widget\" data-e-type=\"widget\" data-no-translation=\"\" data-widget_type=\"text-editor.default\">\n\t\t\t\t<div class=\"elementor-widget-container\">\n\t\t\t\t\t<style>.elementor-element-e0b21a8{display:none !important}<\/style>\t\t\t\t<\/div>\n\t\t\t\t<\/div>\n\t\t\t\t<div class=\"elementor-element elementor-element-3561ca5 elementor-widget elementor-widget-text-editor\" data-id=\"3561ca5\" data-element_type=\"widget\" data-e-type=\"widget\" data-widget_type=\"text-editor.default\">\n\t\t\t\t<div class=\"elementor-widget-container\">\n\t\t\t\t\t\t\t\t\t<p style=\"text-align: center;\"><a href=\"https:\/\/www.gruenes-grenzland.net\/wp-content\/uploads\/2025\/08\/Kommunualwahlen-2025-QA-GrGr-De.docx\">Argumente und Antworten<\/a><\/p>\t\t\t\t\t\t\t\t<\/div>\n\t\t\t\t<\/div>\n\t\t\t\t\t<\/div>\n\t\t<\/div>\n\t\t\t\t<div class=\"elementor-column elementor-col-20 elementor-top-column elementor-element elementor-element-5f2bb1e\" data-id=\"5f2bb1e\" data-element_type=\"column\" data-e-type=\"column\">\n\t\t\t<div class=\"elementor-widget-wrap elementor-element-populated\">\n\t\t\t\t\t\t<div class=\"elementor-element elementor-element-dbfc064 elementor-widget elementor-widget-text-editor\" data-id=\"dbfc064\" data-element_type=\"widget\" data-e-type=\"widget\" data-no-translation=\"\" data-widget_type=\"text-editor.default\">\n\t\t\t\t<div class=\"elementor-widget-container\">\n\t\t\t\t\t<style>.elementor-element-dbfc064{display:none !important}<\/style>\t\t\t\t<\/div>\n\t\t\t\t<\/div>\n\t\t\t\t<div class=\"elementor-element elementor-element-cd68529 elementor-widget elementor-widget-text-editor\" data-id=\"cd68529\" data-element_type=\"widget\" data-e-type=\"widget\" data-widget_type=\"text-editor.default\">\n\t\t\t\t<div class=\"elementor-widget-container\">\n\t\t\t\t\t\t\t\t\t<p style=\"text-align: center;\"><a href=\"https:\/\/www.gruenes-grenzland.net\/de\/javelin-park-elmpt_petition\/\">Petition<\/a><\/p>\t\t\t\t\t\t\t\t<\/div>\n\t\t\t\t<\/div>\n\t\t\t\t\t<\/div>\n\t\t<\/div>\n\t\t\t\t\t<\/div>\n\t\t<\/section>\n\t\t\t\t<section class=\"elementor-section elementor-top-section elementor-element elementor-element-98cf613 elementor-section-boxed elementor-section-height-default elementor-section-height-default\" data-id=\"98cf613\" data-element_type=\"section\" data-e-type=\"section\">\n\t\t\t\t\t\t<div class=\"elementor-container elementor-column-gap-default\">\n\t\t\t\t\t<div class=\"elementor-column elementor-col-100 elementor-top-column elementor-element elementor-element-6f30959\" data-id=\"6f30959\" data-element_type=\"column\" data-e-type=\"column\">\n\t\t\t<div class=\"elementor-widget-wrap elementor-element-populated\">\n\t\t\t\t\t\t<div class=\"elementor-element elementor-element-33b2a37 elementor-widget elementor-widget-image\" data-id=\"33b2a37\" data-element_type=\"widget\" data-e-type=\"widget\" data-widget_type=\"image.default\">\n\t\t\t\t<div class=\"elementor-widget-container\">\n\t\t\t\t\t\t\t\t\t\t\t\t<figure class=\"wp-caption\">\n\t\t\t\t\t\t\t\t\t\t<img fetchpriority=\"high\" decoding=\"async\" width=\"1024\" height=\"575\" src=\"https:\/\/www.gruenes-grenzland.net\/wp-content\/uploads\/2024\/12\/DJI_0006-wpt1-1-met-plannen-Loodsen-en-Windtrubines-1024x575.jpg\" class=\"attachment-large size-large wp-image-19263\" alt=\"\" srcset=\"https:\/\/www.gruenes-grenzland.net\/wp-content\/uploads\/2024\/12\/DJI_0006-wpt1-1-met-plannen-Loodsen-en-Windtrubines-1024x575.jpg 1024w, https:\/\/www.gruenes-grenzland.net\/wp-content\/uploads\/2024\/12\/DJI_0006-wpt1-1-met-plannen-Loodsen-en-Windtrubines-300x169.jpg 300w, https:\/\/www.gruenes-grenzland.net\/wp-content\/uploads\/2024\/12\/DJI_0006-wpt1-1-met-plannen-Loodsen-en-Windtrubines-768x431.jpg 768w, https:\/\/www.gruenes-grenzland.net\/wp-content\/uploads\/2024\/12\/DJI_0006-wpt1-1-met-plannen-Loodsen-en-Windtrubines-18x10.jpg 18w, https:\/\/www.gruenes-grenzland.net\/wp-content\/uploads\/2024\/12\/DJI_0006-wpt1-1-met-plannen-Loodsen-en-Windtrubines.jpg 1200w\" sizes=\"(max-width: 1024px) 100vw, 1024px\" \/>\t\t\t\t\t\t\t\t\t\t\t<figcaption class=\"widget-image-caption wp-caption-text\">Geplante Megahallen und Windr\u00e4der bei Elmpt im Wald- und Vogelschutzgebiet<\/figcaption>\n\t\t\t\t\t\t\t\t\t\t<\/figure>\n\t\t\t\t\t\t\t\t\t<\/div>\n\t\t\t\t<\/div>\n\t\t\t\t\t<\/div>\n\t\t<\/div>\n\t\t\t\t\t<\/div>\n\t\t<\/section>\n\t\t\t\t<section class=\"elementor-section elementor-top-section elementor-element elementor-element-fc89e3b elementor-section-boxed elementor-section-height-default elementor-section-height-default\" data-id=\"fc89e3b\" data-element_type=\"section\" data-e-type=\"section\">\n\t\t\t\t\t\t<div class=\"elementor-container elementor-column-gap-default\">\n\t\t\t\t\t<div class=\"elementor-column elementor-col-100 elementor-top-column elementor-element elementor-element-5e256fd\" data-id=\"5e256fd\" data-element_type=\"column\" data-e-type=\"column\">\n\t\t\t<div class=\"elementor-widget-wrap elementor-element-populated\">\n\t\t\t\t\t\t<div class=\"elementor-element elementor-element-f8c06c8 elementor-widget-divider--view-line elementor-widget elementor-widget-divider\" data-id=\"f8c06c8\" data-element_type=\"widget\" data-e-type=\"widget\" data-widget_type=\"divider.default\">\n\t\t\t\t<div class=\"elementor-widget-container\">\n\t\t\t\t\t\t\t<div class=\"elementor-divider\">\n\t\t\t<span class=\"elementor-divider-separator\">\n\t\t\t\t\t\t<\/span>\n\t\t<\/div>\n\t\t\t\t\t\t<\/div>\n\t\t\t\t<\/div>\n\t\t\t\t\t<\/div>\n\t\t<\/div>\n\t\t\t\t\t<\/div>\n\t\t<\/section>\n\t\t\t\t<section class=\"elementor-section elementor-top-section elementor-element elementor-element-3e85ca1 elementor-section-boxed elementor-section-height-default elementor-section-height-default\" data-id=\"3e85ca1\" data-element_type=\"section\" data-e-type=\"section\">\n\t\t\t\t\t\t<div class=\"elementor-container elementor-column-gap-default\">\n\t\t\t\t\t<div class=\"elementor-column elementor-col-100 elementor-top-column elementor-element elementor-element-2f05ce4\" data-id=\"2f05ce4\" data-element_type=\"column\" data-e-type=\"column\">\n\t\t\t<div class=\"elementor-widget-wrap elementor-element-populated\">\n\t\t\t\t\t\t<div class=\"elementor-element elementor-element-f35b5b1 elementor-widget elementor-widget-menu-anchor\" data-id=\"f35b5b1\" data-element_type=\"widget\" data-e-type=\"widget\" data-widget_type=\"menu-anchor.default\">\n\t\t\t\t<div class=\"elementor-widget-container\">\n\t\t\t\t\t\t\t<div class=\"elementor-menu-anchor\" id=\"Inspraakburgers\"><\/div>\n\t\t\t\t\t\t<\/div>\n\t\t\t\t<\/div>\n\t\t\t\t\t<\/div>\n\t\t<\/div>\n\t\t\t\t\t<\/div>\n\t\t<\/section>\n\t\t\t\t<section class=\"elementor-section elementor-top-section elementor-element elementor-element-7e0a58e elementor-section-boxed elementor-section-height-default elementor-section-height-default\" data-id=\"7e0a58e\" data-element_type=\"section\" data-e-type=\"section\">\n\t\t\t\t\t\t<div class=\"elementor-container elementor-column-gap-default\">\n\t\t\t\t\t<div class=\"elementor-column elementor-col-100 elementor-top-column elementor-element elementor-element-5725bda\" data-id=\"5725bda\" data-element_type=\"column\" data-e-type=\"column\">\n\t\t\t<div class=\"elementor-widget-wrap elementor-element-populated\">\n\t\t\t\t\t\t<div class=\"elementor-element elementor-element-9b8daae elementor-widget elementor-widget-text-editor\" data-id=\"9b8daae\" data-element_type=\"widget\" data-e-type=\"widget\" data-widget_type=\"text-editor.default\">\n\t\t\t\t<div class=\"elementor-widget-container\">\n\t\t\t\t\t\t\t\t\t<h5>Standpunkte und B\u00fcrgerbeteiligung<\/h5>\t\t\t\t\t\t\t\t<\/div>\n\t\t\t\t<\/div>\n\t\t\t\t\t<\/div>\n\t\t<\/div>\n\t\t\t\t\t<\/div>\n\t\t<\/section>\n\t\t\t\t<section class=\"elementor-section elementor-top-section elementor-element elementor-element-016191c elementor-section-boxed elementor-section-height-default elementor-section-height-default\" data-id=\"016191c\" data-element_type=\"section\" data-e-type=\"section\">\n\t\t\t\t\t\t<div class=\"elementor-container elementor-column-gap-default\">\n\t\t\t\t\t<div class=\"elementor-column elementor-col-20 elementor-top-column elementor-element elementor-element-686a794\" data-id=\"686a794\" data-element_type=\"column\" data-e-type=\"column\">\n\t\t\t<div class=\"elementor-widget-wrap elementor-element-populated\">\n\t\t\t\t\t\t<div class=\"elementor-element elementor-element-843d054 elementor-widget elementor-widget-text-editor\" data-id=\"843d054\" data-element_type=\"widget\" data-e-type=\"widget\" data-widget_type=\"text-editor.default\">\n\t\t\t\t<div class=\"elementor-widget-container\">\n\t\t\t\t\t\t\t\t\t<p>Fl\u00e4chennutzungsplan<\/p>\t\t\t\t\t\t\t\t<\/div>\n\t\t\t\t<\/div>\n\t\t\t\t\t<\/div>\n\t\t<\/div>\n\t\t\t\t<div class=\"elementor-column elementor-col-20 elementor-top-column elementor-element elementor-element-fd5003d\" data-id=\"fd5003d\" data-element_type=\"column\" data-e-type=\"column\">\n\t\t\t<div class=\"elementor-widget-wrap elementor-element-populated\">\n\t\t\t\t\t\t<div class=\"elementor-element elementor-element-0034442 elementor-widget elementor-widget-text-editor\" data-id=\"0034442\" data-element_type=\"widget\" data-e-type=\"widget\" data-widget_type=\"text-editor.default\">\n\t\t\t\t<div class=\"elementor-widget-container\">\n\t\t\t\t\t\t\t\t\t<p><a href=\"#Bestemmingsplan_61\" data-wplink-edit=\"true\">Ehemaliges Milit\u00e4rgel\u00e4nde<\/a><\/p>\t\t\t\t\t\t\t\t<\/div>\n\t\t\t\t<\/div>\n\t\t\t\t\t<\/div>\n\t\t<\/div>\n\t\t\t\t<div class=\"elementor-column elementor-col-20 elementor-top-column elementor-element elementor-element-a249f75\" data-id=\"a249f75\" data-element_type=\"column\" data-e-type=\"column\">\n\t\t\t<div class=\"elementor-widget-wrap elementor-element-populated\">\n\t\t\t\t\t\t<div class=\"elementor-element elementor-element-0544c5e elementor-widget elementor-widget-text-editor\" data-id=\"0544c5e\" data-element_type=\"widget\" data-e-type=\"widget\" data-widget_type=\"text-editor.default\">\n\t\t\t\t<div class=\"elementor-widget-container\">\n\t\t\t\t\t\t\t\t\t<p><a href=\"#BestemmingsplanFNP70\">Erweiterung der Kl\u00e4ranlage Overhetfeld<\/a><\/p>\t\t\t\t\t\t\t\t<\/div>\n\t\t\t\t<\/div>\n\t\t\t\t\t<\/div>\n\t\t<\/div>\n\t\t\t\t<div class=\"elementor-column elementor-col-20 elementor-top-column elementor-element elementor-element-429ad1a\" data-id=\"429ad1a\" data-element_type=\"column\" data-e-type=\"column\">\n\t\t\t<div class=\"elementor-widget-wrap\">\n\t\t\t\t\t\t\t<\/div>\n\t\t<\/div>\n\t\t\t\t<div class=\"elementor-column elementor-col-20 elementor-top-column elementor-element elementor-element-daa588d\" data-id=\"daa588d\" data-element_type=\"column\" data-e-type=\"column\">\n\t\t\t<div class=\"elementor-widget-wrap\">\n\t\t\t\t\t\t\t<\/div>\n\t\t<\/div>\n\t\t\t\t\t<\/div>\n\t\t<\/section>\n\t\t\t\t<section class=\"elementor-section elementor-top-section elementor-element elementor-element-ea73951 elementor-section-boxed elementor-section-height-default elementor-section-height-default\" data-id=\"ea73951\" data-element_type=\"section\" data-e-type=\"section\">\n\t\t\t\t\t\t<div class=\"elementor-container elementor-column-gap-default\">\n\t\t\t\t\t<div class=\"elementor-column elementor-col-20 elementor-top-column elementor-element elementor-element-11527d5\" data-id=\"11527d5\" data-element_type=\"column\" data-e-type=\"column\">\n\t\t\t<div class=\"elementor-widget-wrap elementor-element-populated\">\n\t\t\t\t\t\t<div class=\"elementor-element elementor-element-c31715f elementor-widget elementor-widget-text-editor\" data-id=\"c31715f\" data-element_type=\"widget\" data-e-type=\"widget\" data-widget_type=\"text-editor.default\">\n\t\t\t\t<div class=\"elementor-widget-container\">\n\t\t\t\t\t\t\t\t\t<p>Bebauungsplan<\/p>\t\t\t\t\t\t\t\t<\/div>\n\t\t\t\t<\/div>\n\t\t\t\t\t<\/div>\n\t\t<\/div>\n\t\t\t\t<div class=\"elementor-column elementor-col-20 elementor-top-column elementor-element elementor-element-f638481\" data-id=\"f638481\" data-element_type=\"column\" data-e-type=\"column\">\n\t\t\t<div class=\"elementor-widget-wrap elementor-element-populated\">\n\t\t\t\t\t\t<div class=\"elementor-element elementor-element-9bf6d6d elementor-widget elementor-widget-text-editor\" data-id=\"9bf6d6d\" data-element_type=\"widget\" data-e-type=\"widget\" data-widget_type=\"text-editor.default\">\n\t\t\t\t<div class=\"elementor-widget-container\">\n\t\t\t\t\t\t\t\t\t<p><a href=\"#Bebouwingsplan_Oost\" data-wplink-edit=\"true\">Elmpt Ost<\/a><\/p>\t\t\t\t\t\t\t\t<\/div>\n\t\t\t\t<\/div>\n\t\t\t\t\t<\/div>\n\t\t<\/div>\n\t\t\t\t<div class=\"elementor-column elementor-col-20 elementor-top-column elementor-element elementor-element-f08330a\" data-id=\"f08330a\" data-element_type=\"column\" data-e-type=\"column\">\n\t\t\t<div class=\"elementor-widget-wrap elementor-element-populated\">\n\t\t\t\t\t\t<div class=\"elementor-element elementor-element-b155b28 elementor-widget elementor-widget-text-editor\" data-id=\"b155b28\" data-element_type=\"widget\" data-e-type=\"widget\" data-widget_type=\"text-editor.default\">\n\t\t\t\t<div class=\"elementor-widget-container\">\n\t\t\t\t\t\t\t\t\t<p><a href=\"#Bebouwingsplan_West\" data-wplink-edit=\"true\">Elmpt West<\/a><\/p>\t\t\t\t\t\t\t\t<\/div>\n\t\t\t\t<\/div>\n\t\t\t\t\t<\/div>\n\t\t<\/div>\n\t\t\t\t<div class=\"elementor-column elementor-col-20 elementor-top-column elementor-element elementor-element-ffc71ed\" data-id=\"ffc71ed\" data-element_type=\"column\" data-e-type=\"column\">\n\t\t\t<div class=\"elementor-widget-wrap elementor-element-populated\">\n\t\t\t\t\t\t<div class=\"elementor-element elementor-element-ca767db elementor-widget elementor-widget-text-editor\" data-id=\"ca767db\" data-element_type=\"widget\" data-e-type=\"widget\" data-widget_type=\"text-editor.default\">\n\t\t\t\t<div class=\"elementor-widget-container\">\n\t\t\t\t\t\t\t\t\t<p><a href=\"#Bebouwingsplan_Knooppunt\">Elmpt Anschlussstelle A52<\/a><\/p>\t\t\t\t\t\t\t\t<\/div>\n\t\t\t\t<\/div>\n\t\t\t\t\t<\/div>\n\t\t<\/div>\n\t\t\t\t<div class=\"elementor-column elementor-col-20 elementor-top-column elementor-element elementor-element-fb98a32\" data-id=\"fb98a32\" data-element_type=\"column\" data-e-type=\"column\">\n\t\t\t<div class=\"elementor-widget-wrap\">\n\t\t\t\t\t\t\t<\/div>\n\t\t<\/div>\n\t\t\t\t\t<\/div>\n\t\t<\/section>\n\t\t\t\t<section class=\"elementor-section elementor-top-section elementor-element elementor-element-54dca69 elementor-section-boxed elementor-section-height-default elementor-section-height-default\" data-id=\"54dca69\" data-element_type=\"section\" data-e-type=\"section\">\n\t\t\t\t\t\t<div class=\"elementor-container elementor-column-gap-default\">\n\t\t\t\t\t<div class=\"elementor-column elementor-col-20 elementor-top-column elementor-element elementor-element-27a58ee\" data-id=\"27a58ee\" data-element_type=\"column\" data-e-type=\"column\">\n\t\t\t<div class=\"elementor-widget-wrap elementor-element-populated\">\n\t\t\t\t\t\t<div class=\"elementor-element elementor-element-6fb5f94 elementor-widget elementor-widget-text-editor\" data-id=\"6fb5f94\" data-element_type=\"widget\" data-e-type=\"widget\" data-widget_type=\"text-editor.default\">\n\t\t\t\t<div class=\"elementor-widget-container\">\n\t\t\t\t\t\t\t\t\t<p>Regionalplan\u00a0<\/p>\t\t\t\t\t\t\t\t<\/div>\n\t\t\t\t<\/div>\n\t\t\t\t\t<\/div>\n\t\t<\/div>\n\t\t\t\t<div class=\"elementor-column elementor-col-20 elementor-top-column elementor-element elementor-element-7cf8407\" data-id=\"7cf8407\" data-element_type=\"column\" data-e-type=\"column\">\n\t\t\t<div class=\"elementor-widget-wrap elementor-element-populated\">\n\t\t\t\t\t\t<div class=\"elementor-element elementor-element-234a412 elementor-widget elementor-widget-text-editor\" data-id=\"234a412\" data-element_type=\"widget\" data-e-type=\"widget\" data-widget_type=\"text-editor.default\">\n\t\t\t\t<div class=\"elementor-widget-container\">\n\t\t\t\t\t\t\t\t\t<p><a href=\"#Streekplan_Keulen\">Regionalplan K\u00f6ln<\/a><\/p>\t\t\t\t\t\t\t\t<\/div>\n\t\t\t\t<\/div>\n\t\t\t\t\t<\/div>\n\t\t<\/div>\n\t\t\t\t<div class=\"elementor-column elementor-col-20 elementor-top-column elementor-element elementor-element-dbc0e16\" data-id=\"dbc0e16\" data-element_type=\"column\" data-e-type=\"column\">\n\t\t\t<div class=\"elementor-widget-wrap elementor-element-populated\">\n\t\t\t\t\t\t<div class=\"elementor-element elementor-element-7b4ee0d elementor-widget elementor-widget-text-editor\" data-id=\"7b4ee0d\" data-element_type=\"widget\" data-e-type=\"widget\" data-widget_type=\"text-editor.default\">\n\t\t\t\t<div class=\"elementor-widget-container\">\n\t\t\t\t\t\t\t\t\t<p><a href=\"#Streekplan\">Regionalplan D\u00fcsseldorf<\/a><\/p>\t\t\t\t\t\t\t\t<\/div>\n\t\t\t\t<\/div>\n\t\t\t\t\t<\/div>\n\t\t<\/div>\n\t\t\t\t<div class=\"elementor-column elementor-col-20 elementor-top-column elementor-element elementor-element-44764d1\" data-id=\"44764d1\" data-element_type=\"column\" data-e-type=\"column\">\n\t\t\t<div class=\"elementor-widget-wrap\">\n\t\t\t\t\t\t\t<\/div>\n\t\t<\/div>\n\t\t\t\t<div class=\"elementor-column elementor-col-20 elementor-top-column elementor-element elementor-element-5ee5d40\" data-id=\"5ee5d40\" data-element_type=\"column\" data-e-type=\"column\">\n\t\t\t<div class=\"elementor-widget-wrap\">\n\t\t\t\t\t\t\t<\/div>\n\t\t<\/div>\n\t\t\t\t\t<\/div>\n\t\t<\/section>\n\t\t\t\t<section class=\"elementor-section elementor-top-section elementor-element elementor-element-732a2bd elementor-section-boxed elementor-section-height-default elementor-section-height-default\" data-id=\"732a2bd\" data-element_type=\"section\" data-e-type=\"section\">\n\t\t\t\t\t\t<div class=\"elementor-container elementor-column-gap-default\">\n\t\t\t\t\t<div class=\"elementor-column elementor-col-100 elementor-top-column elementor-element elementor-element-67d6c5e\" data-id=\"67d6c5e\" data-element_type=\"column\" data-e-type=\"column\">\n\t\t\t<div class=\"elementor-widget-wrap elementor-element-populated\">\n\t\t\t\t\t\t<div class=\"elementor-element elementor-element-b328690 elementor-widget-divider--view-line elementor-widget elementor-widget-divider\" data-id=\"b328690\" data-element_type=\"widget\" data-e-type=\"widget\" data-widget_type=\"divider.default\">\n\t\t\t\t<div class=\"elementor-widget-container\">\n\t\t\t\t\t\t\t<div class=\"elementor-divider\">\n\t\t\t<span class=\"elementor-divider-separator\">\n\t\t\t\t\t\t<\/span>\n\t\t<\/div>\n\t\t\t\t\t\t<\/div>\n\t\t\t\t<\/div>\n\t\t\t\t\t<\/div>\n\t\t<\/div>\n\t\t\t\t\t<\/div>\n\t\t<\/section>\n\t\t\t\t<section class=\"elementor-section elementor-top-section elementor-element elementor-element-26d5758 elementor-section-boxed elementor-section-height-default elementor-section-height-default\" data-id=\"26d5758\" data-element_type=\"section\" data-e-type=\"section\">\n\t\t\t\t\t\t<div class=\"elementor-container elementor-column-gap-default\">\n\t\t\t\t\t<div class=\"elementor-column elementor-col-100 elementor-top-column elementor-element elementor-element-4b94dc0\" data-id=\"4b94dc0\" data-element_type=\"column\" data-e-type=\"column\">\n\t\t\t<div class=\"elementor-widget-wrap elementor-element-populated\">\n\t\t\t\t\t\t<div class=\"elementor-element elementor-element-b93eb7b elementor-widget elementor-widget-menu-anchor\" data-id=\"b93eb7b\" data-element_type=\"widget\" data-e-type=\"widget\" data-widget_type=\"menu-anchor.default\">\n\t\t\t\t<div class=\"elementor-widget-container\">\n\t\t\t\t\t\t\t<div class=\"elementor-menu-anchor\" id=\"Bestemmingsplan_61\"><\/div>\n\t\t\t\t\t\t<\/div>\n\t\t\t\t<\/div>\n\t\t\t\t\t<\/div>\n\t\t<\/div>\n\t\t\t\t\t<\/div>\n\t\t<\/section>\n\t\t\t\t<section class=\"elementor-section elementor-top-section elementor-element elementor-element-452b38f elementor-section-boxed elementor-section-height-default elementor-section-height-default\" data-id=\"452b38f\" data-element_type=\"section\" data-e-type=\"section\" data-settings=\"{&quot;background_background&quot;:&quot;classic&quot;}\">\n\t\t\t\t\t\t<div class=\"elementor-container elementor-column-gap-default\">\n\t\t\t\t\t<div class=\"elementor-column elementor-col-100 elementor-top-column elementor-element elementor-element-95760b2\" data-id=\"95760b2\" data-element_type=\"column\" data-e-type=\"column\">\n\t\t\t<div class=\"elementor-widget-wrap elementor-element-populated\">\n\t\t\t\t\t\t<div class=\"elementor-element elementor-element-9628f4e elementor-widget elementor-widget-heading\" data-id=\"9628f4e\" data-element_type=\"widget\" data-e-type=\"widget\" data-widget_type=\"heading.default\">\n\t\t\t\t<div class=\"elementor-widget-container\">\n\t\t\t\t\t<h2 class=\"elementor-heading-title elementor-size-default\">Fl\u00e4chennutzungsplan (61. \u00c4nderung) \"Militairgel\u00e4nde'' Elmpt<\/h2>\t\t\t\t<\/div>\n\t\t\t\t<\/div>\n\t\t\t\t\t<\/div>\n\t\t<\/div>\n\t\t\t\t\t<\/div>\n\t\t<\/section>\n\t\t\t\t<section class=\"elementor-section elementor-top-section elementor-element elementor-element-3e1b7b4 elementor-section-boxed elementor-section-height-default elementor-section-height-default\" data-id=\"3e1b7b4\" data-element_type=\"section\" data-e-type=\"section\" data-settings=\"{&quot;background_background&quot;:&quot;classic&quot;}\">\n\t\t\t\t\t\t<div class=\"elementor-container elementor-column-gap-default\">\n\t\t\t\t\t<div class=\"elementor-column elementor-col-100 elementor-top-column elementor-element elementor-element-8ccea61\" data-id=\"8ccea61\" data-element_type=\"column\" data-e-type=\"column\">\n\t\t\t<div class=\"elementor-widget-wrap elementor-element-populated\">\n\t\t\t\t\t\t<div class=\"elementor-element elementor-element-1793fe0 elementor-widget elementor-widget-menu-anchor\" data-id=\"1793fe0\" data-element_type=\"widget\" data-e-type=\"widget\" data-widget_type=\"menu-anchor.default\">\n\t\t\t\t<div class=\"elementor-widget-container\">\n\t\t\t\t\t\t\t<div class=\"elementor-menu-anchor\" id=\"Bestemmingsplan4\"><\/div>\n\t\t\t\t\t\t<\/div>\n\t\t\t\t<\/div>\n\t\t\t\t\t<\/div>\n\t\t<\/div>\n\t\t\t\t\t<\/div>\n\t\t<\/section>\n\t\t\t\t<section class=\"elementor-section elementor-top-section elementor-element elementor-element-f7eba58 elementor-section-boxed elementor-section-height-default elementor-section-height-default\" data-id=\"f7eba58\" data-element_type=\"section\" data-e-type=\"section\" data-settings=\"{&quot;background_background&quot;:&quot;classic&quot;}\">\n\t\t\t\t\t\t<div class=\"elementor-container elementor-column-gap-default\">\n\t\t\t\t\t<div class=\"elementor-column elementor-col-100 elementor-top-column elementor-element elementor-element-ddd1c47\" data-id=\"ddd1c47\" data-element_type=\"column\" data-e-type=\"column\">\n\t\t\t<div class=\"elementor-widget-wrap elementor-element-populated\">\n\t\t\t\t\t\t<div class=\"elementor-element elementor-element-4af73ca elementor-widget elementor-widget-text-editor\" data-id=\"4af73ca\" data-element_type=\"widget\" data-e-type=\"widget\" data-widget_type=\"text-editor.default\">\n\t\t\t\t<div class=\"elementor-widget-container\">\n\t\t\t\t\t\t\t\t\t<p><strong>21. Oktober 2024, Rockwool-Stickstoffma\u00dfnahmen drohen durch das neue Gewerbegebiet Javelin Park Elmpt sinnlos zu werden<\/strong><\/p>\t\t\t\t\t\t\t\t<\/div>\n\t\t\t\t<\/div>\n\t\t\t\t\t<\/div>\n\t\t<\/div>\n\t\t\t\t\t<\/div>\n\t\t<\/section>\n\t\t\t\t<section class=\"elementor-section elementor-top-section elementor-element elementor-element-dda8f64 elementor-section-boxed elementor-section-height-default elementor-section-height-default\" data-id=\"dda8f64\" data-element_type=\"section\" data-e-type=\"section\" data-settings=\"{&quot;background_background&quot;:&quot;classic&quot;}\">\n\t\t\t\t\t\t<div class=\"elementor-container elementor-column-gap-default\">\n\t\t\t\t\t<div class=\"elementor-column elementor-col-100 elementor-top-column elementor-element elementor-element-4573e39\" data-id=\"4573e39\" data-element_type=\"column\" data-e-type=\"column\">\n\t\t\t<div class=\"elementor-widget-wrap elementor-element-populated\">\n\t\t\t\t\t\t<div class=\"elementor-element elementor-element-a4fbedb elementor-widget elementor-widget-text-editor\" data-id=\"a4fbedb\" data-element_type=\"widget\" data-e-type=\"widget\" data-widget_type=\"text-editor.default\">\n\t\t\t\t<div class=\"elementor-widget-container\">\n\t\t\t\t\t\t\t\t\t<p>W\u00e4hrend das Unternehmen Rockwool, einer der gr\u00f6\u00dften Stickstoffemittenten in den Niederlanden, Pl\u00e4ne zur deutlichen Verringerung seiner Stickstoffemissionen schmiedet, drohen diese Bem\u00fchungen durch die Ansiedlung eines neuen Industriegebiets gleich hinter der Grenze in Deutschland zunichte gemacht zu werden. Der Bau des Javelin Park in Elmpt, nur wenige Kilometer vom Naturschutzgebiet De Meinweg entfernt, wird zu einem starken Anstieg der Stickstoffemissionen in der Region f\u00fchren.<\/p><p class=\" translation-block\"><strong>Rockwool investiert in umweltfreundlichere Produktion <\/strong><Br>\n\nDas in der N\u00e4he des Meinwegs ans\u00e4ssige Unternehmen Rockwool erh\u00e4lt F\u00f6rdermittel in H\u00f6he von mehreren Millionen Euro f\u00fcr den Bau eines neuen erweiterten H\u00e4rteofens. Dieser Ofen, der in den Jahren 2026 und 2027 gebaut werden soll, wird die Verwendung eines umweltfreundlicheren Bindemittels bei der Herstellung von Steinwolle-D\u00e4mmstoffen erm\u00f6glichen. \nDadurch k\u00f6nnten j\u00e4hrlich bis zu 42.000 Kilogramm Ammoniak eingespart werden, ein wichtiger Schritt zu einer nachhaltigeren Produktion.<\/p><p><strong>Javelin Park Elmpt: eine Bedrohung f\u00fcr die Natur<br \/><\/strong>Auf der anderen Seite der Grenze, in Deutschland, ist der Javelin Park geplant, ein Gewerbegebiet, das aufgrund des zunehmenden Verkehrs j\u00e4hrlich 1.569 Kilogramm Ammoniak (NH3) und 25.700 Kilogramm Stickoxide (NOx) aussto\u00dfen soll.<\/p><p><strong>Aufwischen mit dem Wasserhahn<br \/><\/strong>Die Bem\u00fchungen von Rockwool k\u00f6nnen zwar einen positiven Beitrag zur Verringerung der Stickstoffemissionen in der Region leisten, doch werden diese Fortschritte durch zus\u00e4tzliche Emissionen aus dem Javelin Park ernsthaft gef\u00e4hrdet. Der zu erwartende Anstieg der Stickstoffdeposition wird die Wirkung der geplanten Ma\u00dfnahmen weitgehend zunichte machen. Der empfindliche Charakter des Meinweges bleibt damit weiter unter Druck.<\/p><p>In einem Brief an die Provinz Limburg rufen wir zum Handeln auf, siehe <a href=\"https:\/\/www.gruenes-grenzland.net\/wp-content\/uploads\/2024\/10\/Brief-Rockwool-stikstofmaatregelen-dreigen-zinloos-te-worden-door-nieuw-bedrijventerrein-Javelin-Park-Elmpt-dd-211024.pdf\">Hier\u00a0<\/a><\/p>\t\t\t\t\t\t\t\t<\/div>\n\t\t\t\t<\/div>\n\t\t\t\t\t<\/div>\n\t\t<\/div>\n\t\t\t\t\t<\/div>\n\t\t<\/section>\n\t\t\t\t<section class=\"elementor-section elementor-top-section elementor-element elementor-element-12bdd96 elementor-section-boxed elementor-section-height-default elementor-section-height-default\" data-id=\"12bdd96\" data-element_type=\"section\" data-e-type=\"section\">\n\t\t\t\t\t\t<div class=\"elementor-container elementor-column-gap-default\">\n\t\t\t\t\t<div class=\"elementor-column elementor-col-100 elementor-top-column elementor-element elementor-element-baab1d3\" data-id=\"baab1d3\" data-element_type=\"column\" data-e-type=\"column\">\n\t\t\t<div class=\"elementor-widget-wrap elementor-element-populated\">\n\t\t\t\t\t\t<div class=\"elementor-element elementor-element-968fb30 elementor-widget-divider--view-line elementor-widget elementor-widget-divider\" data-id=\"968fb30\" data-element_type=\"widget\" data-e-type=\"widget\" data-widget_type=\"divider.default\">\n\t\t\t\t<div class=\"elementor-widget-container\">\n\t\t\t\t\t\t\t<div class=\"elementor-divider\">\n\t\t\t<span class=\"elementor-divider-separator\">\n\t\t\t\t\t\t<\/span>\n\t\t<\/div>\n\t\t\t\t\t\t<\/div>\n\t\t\t\t<\/div>\n\t\t\t\t\t<\/div>\n\t\t<\/div>\n\t\t\t\t\t<\/div>\n\t\t<\/section>\n\t\t\t\t<section class=\"elementor-section elementor-top-section elementor-element elementor-element-4fa5ac9 elementor-section-boxed elementor-section-height-default elementor-section-height-default\" data-id=\"4fa5ac9\" data-element_type=\"section\" data-e-type=\"section\" data-settings=\"{&quot;background_background&quot;:&quot;classic&quot;}\">\n\t\t\t\t\t\t<div class=\"elementor-container elementor-column-gap-default\">\n\t\t\t\t\t<div class=\"elementor-column elementor-col-100 elementor-top-column elementor-element elementor-element-2627ce6\" data-id=\"2627ce6\" data-element_type=\"column\" data-e-type=\"column\">\n\t\t\t<div class=\"elementor-widget-wrap elementor-element-populated\">\n\t\t\t\t\t\t<div class=\"elementor-element elementor-element-72fc70c elementor-widget elementor-widget-text-editor\" data-id=\"72fc70c\" data-element_type=\"widget\" data-e-type=\"widget\" data-widget_type=\"text-editor.default\">\n\t\t\t\t<div class=\"elementor-widget-container\">\n\t\t\t\t\t\t\t\t\t<p><strong>7. Mai 2024, Aufforderung an die Provinz Limburg, gegen den Beschluss der Gemeinde Niederkr\u00fcchten vorzugehen\u00a0<\/strong><\/p>\t\t\t\t\t\t\t\t<\/div>\n\t\t\t\t<\/div>\n\t\t\t\t\t<\/div>\n\t\t<\/div>\n\t\t\t\t\t<\/div>\n\t\t<\/section>\n\t\t\t\t<section class=\"elementor-section elementor-top-section elementor-element elementor-element-7815003 elementor-section-boxed elementor-section-height-default elementor-section-height-default\" data-id=\"7815003\" data-element_type=\"section\" data-e-type=\"section\" data-settings=\"{&quot;background_background&quot;:&quot;classic&quot;}\">\n\t\t\t\t\t\t<div class=\"elementor-container elementor-column-gap-default\">\n\t\t\t\t\t<div class=\"elementor-column elementor-col-100 elementor-top-column elementor-element elementor-element-e974f7b\" data-id=\"e974f7b\" data-element_type=\"column\" data-e-type=\"column\">\n\t\t\t<div class=\"elementor-widget-wrap elementor-element-populated\">\n\t\t\t\t\t\t<div class=\"elementor-element elementor-element-6d1aed5 elementor-widget elementor-widget-text-editor\" data-id=\"6d1aed5\" data-element_type=\"widget\" data-e-type=\"widget\" data-widget_type=\"text-editor.default\">\n\t\t\t\t<div class=\"elementor-widget-container\">\n\t\t\t\t\t\t\t\t\t<p style=\"font-weight: 400;\">Gr\u00fcnes Grenzland, die Natuur en Milieufederatie Limburg und die Milieu- und Heemkundevereniging Swalmen haben die Provinz Limburg aufgefordert, gegen den Beschluss des Gemeinderats von Niederkr\u00fcchten vorzugehen.<br \/>Dieser Beschluss vom 19. M\u00e4rz 2024 sieht ein gro\u00dfes Gewerbegebiet von 150 ha vor. Dadurch wird die Verkehrsintensit\u00e4t auf der angrenzenden Autobahn A52, die bei Elmpt in die niederl\u00e4ndische Autobahn N280 \u00fcbergeht, um mehr als 20.000 Kraftfahrzeuge pro Tag zunehmen. Infolgedessen wird die Stickstoffbelastung u.a. im Nationalpark und Natura 2000-Gebiet de Meinweg erheblich zunehmen.<br \/>Da die Niederlande infolgedessen verpflichtet sind, eine Verschlechterung der Qualit\u00e4t eines Natura 2000-Gebiets zu verhindern, auch wenn die Ursache f\u00fcr diese Verschlechterung im Ausland liegt, bedeutet dies, dass die Niederlande zus\u00e4tzliche Ma\u00dfnahmen ergreifen m\u00fcssen, um die negativen Auswirkungen dieser ausl\u00e4ndischen Aktivit\u00e4ten zu verhindern oder auszugleichen.<br \/>Diese Verpflichtung gilt unabh\u00e4ngig davon, ob in dem anderen Land eine Verpflichtung zu einer entsprechenden Pr\u00fcfung besteht, ob eine solche Pr\u00fcfung durchgef\u00fchrt wurde und ob die Regierung des Nachbarlandes verpflichtet ist, solche Auswirkungen auf niederl\u00e4ndische Gebiete zu verhindern.<\/p><p>Weitere Informationen:<br \/><a href=\"https:\/\/www.gruenes-grenzland.net\/wp-content\/uploads\/2024\/05\/Brief-Provincie-Limburg-Stikstof-Elmpt-dd-7-mel-2024-grgr-def.docx\">Brief<\/a><br \/><a href=\"https:\/\/www.gruenes-grenzland.net\/wp-content\/uploads\/2024\/05\/R202338-A_StikstofberekeningReconstructieMilitairterreinElmpt_08042024.pdf\">Stickstoff-Bericht<\/a><\/p>\t\t\t\t\t\t\t\t<\/div>\n\t\t\t\t<\/div>\n\t\t\t\t\t<\/div>\n\t\t<\/div>\n\t\t\t\t\t<\/div>\n\t\t<\/section>\n\t\t\t\t<section class=\"elementor-section elementor-top-section elementor-element elementor-element-3d8ad65 elementor-section-boxed elementor-section-height-default elementor-section-height-default\" data-id=\"3d8ad65\" data-element_type=\"section\" data-e-type=\"section\">\n\t\t\t\t\t\t<div class=\"elementor-container elementor-column-gap-default\">\n\t\t\t\t\t<div class=\"elementor-column elementor-col-100 elementor-top-column elementor-element elementor-element-58a219c\" data-id=\"58a219c\" data-element_type=\"column\" data-e-type=\"column\">\n\t\t\t<div class=\"elementor-widget-wrap elementor-element-populated\">\n\t\t\t\t\t\t<div class=\"elementor-element elementor-element-141a8bd elementor-widget-divider--view-line elementor-widget elementor-widget-divider\" data-id=\"141a8bd\" data-element_type=\"widget\" data-e-type=\"widget\" data-widget_type=\"divider.default\">\n\t\t\t\t<div class=\"elementor-widget-container\">\n\t\t\t\t\t\t\t<div class=\"elementor-divider\">\n\t\t\t<span class=\"elementor-divider-separator\">\n\t\t\t\t\t\t<\/span>\n\t\t<\/div>\n\t\t\t\t\t\t<\/div>\n\t\t\t\t<\/div>\n\t\t\t\t\t<\/div>\n\t\t<\/div>\n\t\t\t\t\t<\/div>\n\t\t<\/section>\n\t\t\t\t<section class=\"elementor-section elementor-top-section elementor-element elementor-element-da59ff2 elementor-section-boxed elementor-section-height-default elementor-section-height-default\" data-id=\"da59ff2\" data-element_type=\"section\" data-e-type=\"section\" data-settings=\"{&quot;background_background&quot;:&quot;classic&quot;}\">\n\t\t\t\t\t\t<div class=\"elementor-container elementor-column-gap-default\">\n\t\t\t\t\t<div class=\"elementor-column elementor-col-100 elementor-top-column elementor-element elementor-element-cd362c9\" data-id=\"cd362c9\" data-element_type=\"column\" data-e-type=\"column\">\n\t\t\t<div class=\"elementor-widget-wrap elementor-element-populated\">\n\t\t\t\t\t\t<div class=\"elementor-element elementor-element-67dfc3c elementor-widget elementor-widget-menu-anchor\" data-id=\"67dfc3c\" data-element_type=\"widget\" data-e-type=\"widget\" data-widget_type=\"menu-anchor.default\">\n\t\t\t\t<div class=\"elementor-widget-container\">\n\t\t\t\t\t\t\t<div class=\"elementor-menu-anchor\" id=\"Bestemmingsplan3\"><\/div>\n\t\t\t\t\t\t<\/div>\n\t\t\t\t<\/div>\n\t\t\t\t\t<\/div>\n\t\t<\/div>\n\t\t\t\t\t<\/div>\n\t\t<\/section>\n\t\t\t\t<section class=\"elementor-section elementor-top-section elementor-element elementor-element-4bf4e40 elementor-section-boxed elementor-section-height-default elementor-section-height-default\" data-id=\"4bf4e40\" data-element_type=\"section\" data-e-type=\"section\" data-settings=\"{&quot;background_background&quot;:&quot;classic&quot;}\">\n\t\t\t\t\t\t<div class=\"elementor-container elementor-column-gap-default\">\n\t\t\t\t\t<div class=\"elementor-column elementor-col-100 elementor-top-column elementor-element elementor-element-2f6a2d4\" data-id=\"2f6a2d4\" data-element_type=\"column\" data-e-type=\"column\">\n\t\t\t<div class=\"elementor-widget-wrap elementor-element-populated\">\n\t\t\t\t\t\t<div class=\"elementor-element elementor-element-17301c5 elementor-widget elementor-widget-text-editor\" data-id=\"17301c5\" data-element_type=\"widget\" data-e-type=\"widget\" data-widget_type=\"text-editor.default\">\n\t\t\t\t<div class=\"elementor-widget-container\">\n\t\t\t\t\t\t\t\t\t<p><em><strong>19. M\u00e4rz 2024, Feststellungsbeschluss 61. \u00c4nderung des Fl\u00e4chennutzungsplans \" Milit\u00e4rgel\u00e4nde Elmpt\".<\/strong><\/em><\/p>\t\t\t\t\t\t\t\t<\/div>\n\t\t\t\t<\/div>\n\t\t\t\t\t<\/div>\n\t\t<\/div>\n\t\t\t\t\t<\/div>\n\t\t<\/section>\n\t\t\t\t<section class=\"elementor-section elementor-top-section elementor-element elementor-element-5a37398 elementor-section-boxed elementor-section-height-default elementor-section-height-default\" data-id=\"5a37398\" data-element_type=\"section\" data-e-type=\"section\" data-settings=\"{&quot;background_background&quot;:&quot;classic&quot;}\">\n\t\t\t\t\t\t<div class=\"elementor-container elementor-column-gap-default\">\n\t\t\t\t\t<div class=\"elementor-column elementor-col-100 elementor-top-column elementor-element elementor-element-5eb2f1e\" data-id=\"5eb2f1e\" data-element_type=\"column\" data-e-type=\"column\">\n\t\t\t<div class=\"elementor-widget-wrap elementor-element-populated\">\n\t\t\t\t\t\t<div class=\"elementor-element elementor-element-38ff61c elementor-widget elementor-widget-image\" data-id=\"38ff61c\" data-element_type=\"widget\" data-e-type=\"widget\" data-widget_type=\"image.default\">\n\t\t\t\t<div class=\"elementor-widget-container\">\n\t\t\t\t\t\t\t\t\t\t\t\t<figure class=\"wp-caption\">\n\t\t\t\t\t\t\t\t\t\t<img decoding=\"async\" width=\"1024\" height=\"724\" src=\"https:\/\/www.gruenes-grenzland.net\/wp-content\/uploads\/2024\/02\/LB-1.2.-Elmpter-Wald-Groen-blijft-niet-groen-1024x724.jpg\" class=\"attachment-large size-large wp-image-16275\" alt=\"\" srcset=\"https:\/\/www.gruenes-grenzland.net\/wp-content\/uploads\/2024\/02\/LB-1.2.-Elmpter-Wald-Groen-blijft-niet-groen-1024x724.jpg 1024w, https:\/\/www.gruenes-grenzland.net\/wp-content\/uploads\/2024\/02\/LB-1.2.-Elmpter-Wald-Groen-blijft-niet-groen-300x212.jpg 300w, https:\/\/www.gruenes-grenzland.net\/wp-content\/uploads\/2024\/02\/LB-1.2.-Elmpter-Wald-Groen-blijft-niet-groen-768x543.jpg 768w, https:\/\/www.gruenes-grenzland.net\/wp-content\/uploads\/2024\/02\/LB-1.2.-Elmpter-Wald-Groen-blijft-niet-groen-1536x1086.jpg 1536w, https:\/\/www.gruenes-grenzland.net\/wp-content\/uploads\/2024\/02\/LB-1.2.-Elmpter-Wald-Groen-blijft-niet-groen-2048x1448.jpg 2048w, https:\/\/www.gruenes-grenzland.net\/wp-content\/uploads\/2024\/02\/LB-1.2.-Elmpter-Wald-Groen-blijft-niet-groen-18x12.jpg 18w\" sizes=\"(max-width: 1024px) 100vw, 1024px\" \/>\t\t\t\t\t\t\t\t\t\t\t<figcaption class=\"widget-image-caption wp-caption-text\">Kartierung der Auswirkungen der Pl\u00e4ne, die zeigen, dass \"Gr\u00fcn nicht gr\u00fcn bleibt\".<\/figcaption>\n\t\t\t\t\t\t\t\t\t\t<\/figure>\n\t\t\t\t\t\t\t\t\t<\/div>\n\t\t\t\t<\/div>\n\t\t\t\t\t<\/div>\n\t\t<\/div>\n\t\t\t\t\t<\/div>\n\t\t<\/section>\n\t\t\t\t<section class=\"elementor-section elementor-top-section elementor-element elementor-element-eb4b8a2 elementor-section-boxed elementor-section-height-default elementor-section-height-default\" data-id=\"eb4b8a2\" data-element_type=\"section\" data-e-type=\"section\" data-settings=\"{&quot;background_background&quot;:&quot;classic&quot;}\">\n\t\t\t\t\t\t<div class=\"elementor-container elementor-column-gap-default\">\n\t\t\t\t\t<div class=\"elementor-column elementor-col-100 elementor-top-column elementor-element elementor-element-46145ab\" data-id=\"46145ab\" data-element_type=\"column\" data-e-type=\"column\">\n\t\t\t<div class=\"elementor-widget-wrap elementor-element-populated\">\n\t\t\t\t\t\t<div class=\"elementor-element elementor-element-138520c elementor-widget elementor-widget-text-editor\" data-id=\"138520c\" data-element_type=\"widget\" data-e-type=\"widget\" data-widget_type=\"text-editor.default\">\n\t\t\t\t<div class=\"elementor-widget-container\">\n\t\t\t\t\t\t\t\t\t<p>Im Mittelpunkt der Ratssitzung der Gemeinde Niederkr\u00fcchten am Dienstag, 19. M\u00e4rz 2024, stand der Beschluss \u00fcber die 61. \u00c4nderung des Fl\u00e4chennutzungsplans \"Milit\u00e4rgel\u00e4nde Elmpt\". Dieser Plan, der die Umwandlung des ehemaligen Flugplatzes in Elmpt in ein Industriegebiet vorsieht, gibt den Gr\u00fcnen Grenzland wegen der zu erwartenden negativen Auswirkungen auf Natur und Lebensumfeld Anlass zu gro\u00dfer Sorge. Leider hat der Gemeinderat mehrheitlich f\u00fcr den Plan gestimmt.<\/p><p><span style=\"background-color: var(--ast-global-color-4); color: var(--ast-global-color-3); font-style: inherit; font-weight: inherit;\">Aus Sicht von Natur und Landschaft ist der vorgeschlagene Plan v\u00f6llig inakzeptabel. Der Grundsatz \"Gr\u00fcn bleibt gr\u00fcn\" wird v\u00f6llig ignoriert. Der direkte Lebensraum zahlreicher Organismen wird verschwinden. Die nicht hinnehmbare Stickstoffbelastung der deutschen und niederl\u00e4ndischen N2000-Gebiete wird zu Unrecht und ohne Begr\u00fcndung ignoriert, ebenso wie die zu erwartende Austrocknung des Naturschutzgebietes L\u00fcsekamp.<\/span><\/p><p>Gr\u00fcn bleibt nicht gr\u00fcn<br \/>Derzeit besteht von den 217 ha mehr als ein Drittel (77,4 ha) aus Gr\u00fcnfl\u00e4chen, d.h. Wald und\/oder Magerrasen mit hohem \u00f6kologischen Wert. Dem Plan zufolge sollen nur 60 ha als Gr\u00fcnfl\u00e4che und\/oder Ausgleichsfl\u00e4che reserviert werden. Das ist also weniger als in der derzeitigen Situation. Hinzu kommen der Bau einer zus\u00e4tzlichen Zufahrtsstra\u00dfe zum Golfplatz, die Realisierung eines Verkehrsknotens in einem Schutzgebiet und die Erweiterung einer Kl\u00e4ranlage im Swalmtal in einem Landschaftsschutzgebiet.<br \/>Gr\u00fcn wird also nicht gr\u00fcn bleiben, auch wenn die Bef\u00fcrworter des Plans dies behaupten.<\/p><p>Verlust von Lebensraum f\u00fcr zahlreiche Organismen<br \/>Der anerkannte Verlust von Lebensraum wird durch eine 60 ha gro\u00dfe Ausgleichsfl\u00e4che in den ehemaligen Schutzr\u00e4umen s\u00fcdwestlich und \u00f6stlich des \u00c4nderungsbereichs und im Bereich der ehemaligen Landebahn ausgeglichen. Diese Fl\u00e4che ist kleiner als die jetzigen wertvollen Fl\u00e4chen und hat selbst schon einen hohen \u00f6kologischen Wert, so dass der Ausgleich wenig effektiv sein wird. Eine Verlagerung des Problems auf die Ebene des Bebauungsplans ist daher unverantwortlich. Aus Sicht des Artenschutzes ist die 61. \u00c4nderung des Fl\u00e4chennutzungsplanes daher abzulehnen.<\/p><p>Stickstoffablagerung in niederl\u00e4ndischen und deutschen Natura 2000-Gebieten<br \/>Die Zunahme des Verkehrs verursacht nicht nur eine zuf\u00e4llige, sondern auch eine dauerhafte Zunahme der Stickstoffdeposition auf dem Meinweg und im Schwalmtal. Eine zus\u00e4tzliche Vorpr\u00fcfung wird nicht ausreichen. Eine so genannte Angemessenheitspr\u00fcfung, bei der der Verursacher pr\u00fcft, ob die Erhaltungsziele des Natura-2000-Gebietes durch seine T\u00e4tigkeit gef\u00e4hrdet sind, wird in den Niederlanden laut Staatsratsbeschluss 2019 notwendig.<br \/>Zudem wird der verwendete Schwellenwert, das sogenannte Abschneidekriterium von 0,3 kg N\/(ha*a) f\u00fcr FFH-Gebiete in Deutschland, in einer \u00dcberlastungssituation mit hoher Wahrscheinlichkeit einer gerichtlichen \u00dcberpr\u00fcfung nicht standhalten (siehe Urteil vom 19. Mai 2023 in den Niederlanden), weil die Erhaltungsziele f\u00fcr europ\u00e4ische Naturschutzgebiete so niemals erreicht werden k\u00f6nnen.<br \/>Wird ein genehmigungsfreier Schwellenwert angewandt, wie es derzeit in Deutschland der Fall ist, k\u00f6nnen bei vielen Projekten die Stickstoffemissionen bis zur Deposition dieses Schwellenwertes erh\u00f6ht werden. Kumulativ kann sich die Belastung der bereits stark belasteten Natur erheblich erh\u00f6hen. Die Verwendung eines Schwellenwerts ist daher nur dann vertretbar, wenn der Staat mit Ma\u00dfnahmen sicherstellen kann, dass trotz der m\u00f6glichen kumulativen Erh\u00f6hung die Deposition in der Natur nicht zunimmt bzw. ausreichend abnimmt, wenn dies f\u00fcr die Lebensr\u00e4ume erforderlich ist. Dies ist in Deutschland derzeit nicht geregelt.<br \/>Wie in den Niederlanden wurde auch in Flandern am 25. Februar 2021 ein Stickstoffurteil verk\u00fcndet, dem mehrere weitere Urteile folgten.<\/p><p>Austrocknung des L\u00fcsekamps<br \/>K\u00fcnftige Grundwasserentnahmen durch die sich dort ansiedelnden Unternehmen werden nicht ber\u00fccksichtigt. Dass der Wasserverbrauch steigen wird, ist angesichts der geplanten Erweiterung der Kl\u00e4ranlage in Overhetfeld sicher. Die Stellungnahmen zur \u00d6ffentlichkeitsbeteiligung 2023 von Gr\u00fcnes Grenzland, MHVS, NMF Limburg aus dem Jahr 2023, in denen plausibel dargelegt wird, dass der Plan zu einer wahrscheinlichen Austrocknung des L\u00fcsekamps f\u00fchren wird, sind von der Gemeinde nicht beantwortet worden.<\/p>\t\t\t\t\t\t\t\t<\/div>\n\t\t\t\t<\/div>\n\t\t\t\t\t<\/div>\n\t\t<\/div>\n\t\t\t\t\t<\/div>\n\t\t<\/section>\n\t\t\t\t<section class=\"elementor-section elementor-top-section elementor-element elementor-element-23f897d elementor-section-boxed elementor-section-height-default elementor-section-height-default\" data-id=\"23f897d\" data-element_type=\"section\" data-e-type=\"section\" data-settings=\"{&quot;background_background&quot;:&quot;classic&quot;}\">\n\t\t\t\t\t\t<div class=\"elementor-container elementor-column-gap-default\">\n\t\t\t\t\t<div class=\"elementor-column elementor-col-100 elementor-top-column elementor-element elementor-element-d8f21cf\" data-id=\"d8f21cf\" data-element_type=\"column\" data-e-type=\"column\">\n\t\t\t<div class=\"elementor-widget-wrap elementor-element-populated\">\n\t\t\t\t\t\t<div class=\"elementor-element elementor-element-98dcb8d elementor-widget-divider--view-line elementor-widget elementor-widget-divider\" data-id=\"98dcb8d\" data-element_type=\"widget\" data-e-type=\"widget\" data-widget_type=\"divider.default\">\n\t\t\t\t<div class=\"elementor-widget-container\">\n\t\t\t\t\t\t\t<div class=\"elementor-divider\">\n\t\t\t<span class=\"elementor-divider-separator\">\n\t\t\t\t\t\t<\/span>\n\t\t<\/div>\n\t\t\t\t\t\t<\/div>\n\t\t\t\t<\/div>\n\t\t\t\t\t<\/div>\n\t\t<\/div>\n\t\t\t\t\t<\/div>\n\t\t<\/section>\n\t\t\t\t<section class=\"elementor-section elementor-top-section elementor-element elementor-element-ee4f987 elementor-section-boxed elementor-section-height-default elementor-section-height-default\" data-id=\"ee4f987\" data-element_type=\"section\" data-e-type=\"section\" data-settings=\"{&quot;background_background&quot;:&quot;classic&quot;}\">\n\t\t\t\t\t\t<div class=\"elementor-container elementor-column-gap-default\">\n\t\t\t\t\t<div class=\"elementor-column elementor-col-100 elementor-top-column elementor-element elementor-element-e1ad621\" data-id=\"e1ad621\" data-element_type=\"column\" data-e-type=\"column\">\n\t\t\t<div class=\"elementor-widget-wrap elementor-element-populated\">\n\t\t\t\t\t\t<div class=\"elementor-element elementor-element-29b6824 elementor-widget elementor-widget-menu-anchor\" data-id=\"29b6824\" data-element_type=\"widget\" data-e-type=\"widget\" data-widget_type=\"menu-anchor.default\">\n\t\t\t\t<div class=\"elementor-widget-container\">\n\t\t\t\t\t\t\t<div class=\"elementor-menu-anchor\" id=\"Bestemmingsplan2\"><\/div>\n\t\t\t\t\t\t<\/div>\n\t\t\t\t<\/div>\n\t\t\t\t\t<\/div>\n\t\t<\/div>\n\t\t\t\t\t<\/div>\n\t\t<\/section>\n\t\t\t\t<section class=\"elementor-section elementor-top-section elementor-element elementor-element-2080c6a elementor-section-boxed elementor-section-height-default elementor-section-height-default\" data-id=\"2080c6a\" data-element_type=\"section\" data-e-type=\"section\" data-settings=\"{&quot;background_background&quot;:&quot;classic&quot;}\">\n\t\t\t\t\t\t<div class=\"elementor-container elementor-column-gap-default\">\n\t\t\t\t\t<div class=\"elementor-column elementor-col-50 elementor-top-column elementor-element elementor-element-8cbbf95\" data-id=\"8cbbf95\" data-element_type=\"column\" data-e-type=\"column\">\n\t\t\t<div class=\"elementor-widget-wrap elementor-element-populated\">\n\t\t\t\t\t\t<div class=\"elementor-element elementor-element-e8bda4a elementor-widget elementor-widget-text-editor\" data-id=\"e8bda4a\" data-element_type=\"widget\" data-e-type=\"widget\" data-widget_type=\"text-editor.default\">\n\t\t\t\t<div class=\"elementor-widget-container\">\n\t\t\t\t\t\t\t\t\t<p><em>Eingabereaktionen<\/em><b><br \/><\/b>Ein umfassender Einspruch mit vier Anh\u00e4ngen wurde von Gr\u00fcnes Grenzland am 30. Oktober 2023 eingereicht. Diese Dokumente k\u00f6nnen hier heruntergeladen werden.<\/p><ul><li><strong>Ansicht 61. \u00c4nderung des Fl\u00e4chennutzungsplans \"Milit\u00e4rgel\u00e4nde Elmpt\", siehe<\/strong>, zie <a href=\"https:\/\/www.gruenes-grenzland.net\/wp-content\/uploads\/2023\/11\/Zienswijze-61e-FNP-Elmpt-versie-16-NL-website.pdf\">HIER NL<\/a>, <a href=\"https:\/\/www.gruenes-grenzland.net\/wp-content\/uploads\/2023\/11\/NaturschutzVB-STN_61_Aend_FNP_Niederkruechten_fin-website.pdf\">HIER DE<\/a>, <a href=\"https:\/\/www.gruenes-grenzland.net\/wp-content\/uploads\/2023\/11\/Zienswijze-61e-FNP-Elmpt-versie-16-Du-Website.docx\">HIER DE<\/a><p>Anh\u00e4nge<\/p><\/li><li>Anhang 1 <br \/>J. M\u00fclders, 16-10-2023, Beurteilung Verkehrsgutachten FNP 61, zie <a href=\"https:\/\/www.gruenes-grenzland.net\/wp-content\/uploads\/2023\/11\/Bijlage-1.-Beurteilung-Verkehrsgutachten-FNP-JM-16.10.2023.pdf\">HIER<\/a><\/li><li>Anhang 2\u00a0<br \/>Knut haverkamp, 28-09-2023, Immissionsschutzgutachten der accon Environmental Consultants vom 26.07.2023 die Umnutzung des ehemaligen Milit\u00e4rflughafens in Niederkr\u00fcchten-Elmpt, zie\u00a0<a href=\"https:\/\/www.gruenes-grenzland.net\/wp-content\/uploads\/2023\/11\/Bijlage-2.-Stellungnahme-2023-09-28.pdf\"> HIER<\/a><\/li><li>Anhang 3<br \/>FF Advies, 18-10-2023, AERIUS-Berechnungshinweis zur Verkehrszunahme durch Umnutzung des Milit\u00e4rgel\u00e4ndes Elmpt, siehe <a href=\"https:\/\/www.gruenes-grenzland.net\/wp-content\/uploads\/2023\/11\/Bijlage-3.-R202338-A_Stikstofberekening-Elmpt-FFAdvies.pdf\">HIER<\/a><\/li><li>Bijlage 4.<br \/>Fragen von Gr\u00fcnes Grenzland zu den Kriterien f\u00fcr eine verantwortungsvolle und zeitgem\u00e4\u00dfe Planung von Gewerbegebieten an die Ratsfraktionen in Niederkr\u00fcchten, siehe <a href=\"https:\/\/www.gruenes-grenzland.net\/wp-content\/uploads\/2023\/11\/Bijlage-4-vragen-Emstek-over-verantwoorde-planning.pdf\">HIER<\/a><\/li><\/ul>\t\t\t\t\t\t\t\t<\/div>\n\t\t\t\t<\/div>\n\t\t\t\t\t<\/div>\n\t\t<\/div>\n\t\t\t\t<div class=\"elementor-column elementor-col-50 elementor-top-column elementor-element elementor-element-6f9e0ea\" data-id=\"6f9e0ea\" data-element_type=\"column\" data-e-type=\"column\">\n\t\t\t<div class=\"elementor-widget-wrap elementor-element-populated\">\n\t\t\t\t\t\t<div class=\"elementor-element elementor-element-e32b788 elementor-widget elementor-widget-image\" data-id=\"e32b788\" data-element_type=\"widget\" data-e-type=\"widget\" data-widget_type=\"image.default\">\n\t\t\t\t<div class=\"elementor-widget-container\">\n\t\t\t\t\t\t\t\t\t\t\t\t<figure class=\"wp-caption\">\n\t\t\t\t\t\t\t\t\t\t<img decoding=\"async\" width=\"1024\" height=\"724\" src=\"https:\/\/www.gruenes-grenzland.net\/wp-content\/uploads\/2023\/11\/FNP-61nieuw-15000-met-natuurwaarden-1024x724.jpg\" class=\"attachment-large size-large wp-image-14256\" alt=\"\" srcset=\"https:\/\/www.gruenes-grenzland.net\/wp-content\/uploads\/2023\/11\/FNP-61nieuw-15000-met-natuurwaarden-1024x724.jpg 1024w, https:\/\/www.gruenes-grenzland.net\/wp-content\/uploads\/2023\/11\/FNP-61nieuw-15000-met-natuurwaarden-300x212.jpg 300w, https:\/\/www.gruenes-grenzland.net\/wp-content\/uploads\/2023\/11\/FNP-61nieuw-15000-met-natuurwaarden-768x543.jpg 768w, https:\/\/www.gruenes-grenzland.net\/wp-content\/uploads\/2023\/11\/FNP-61nieuw-15000-met-natuurwaarden-1536x1086.jpg 1536w, https:\/\/www.gruenes-grenzland.net\/wp-content\/uploads\/2023\/11\/FNP-61nieuw-15000-met-natuurwaarden-2048x1448.jpg 2048w, https:\/\/www.gruenes-grenzland.net\/wp-content\/uploads\/2023\/11\/FNP-61nieuw-15000-met-natuurwaarden-18x12.jpg 18w\" sizes=\"(max-width: 1024px) 100vw, 1024px\" \/>\t\t\t\t\t\t\t\t\t\t\t<figcaption class=\"widget-image-caption wp-caption-text\">Mehr als ein Drittel des Plangebiets besteht aus Wald und Natur<\/figcaption>\n\t\t\t\t\t\t\t\t\t\t<\/figure>\n\t\t\t\t\t\t\t\t\t<\/div>\n\t\t\t\t<\/div>\n\t\t\t\t\t<\/div>\n\t\t<\/div>\n\t\t\t\t\t<\/div>\n\t\t<\/section>\n\t\t\t\t<section class=\"elementor-section elementor-top-section elementor-element elementor-element-03162df elementor-section-boxed elementor-section-height-default elementor-section-height-default\" data-id=\"03162df\" data-element_type=\"section\" data-e-type=\"section\">\n\t\t\t\t\t\t<div class=\"elementor-container elementor-column-gap-default\">\n\t\t\t\t\t<div class=\"elementor-column elementor-col-100 elementor-top-column elementor-element elementor-element-198c414\" data-id=\"198c414\" data-element_type=\"column\" data-e-type=\"column\">\n\t\t\t<div class=\"elementor-widget-wrap elementor-element-populated\">\n\t\t\t\t\t\t<div class=\"elementor-element elementor-element-1831022 elementor-widget-divider--view-line elementor-widget elementor-widget-divider\" data-id=\"1831022\" data-element_type=\"widget\" data-e-type=\"widget\" data-widget_type=\"divider.default\">\n\t\t\t\t<div class=\"elementor-widget-container\">\n\t\t\t\t\t\t\t<div class=\"elementor-divider\">\n\t\t\t<span class=\"elementor-divider-separator\">\n\t\t\t\t\t\t<\/span>\n\t\t<\/div>\n\t\t\t\t\t\t<\/div>\n\t\t\t\t<\/div>\n\t\t\t\t\t<\/div>\n\t\t<\/div>\n\t\t\t\t\t<\/div>\n\t\t<\/section>\n\t\t\t\t<section class=\"elementor-section elementor-top-section elementor-element elementor-element-2d2396d elementor-section-boxed elementor-section-height-default elementor-section-height-default\" data-id=\"2d2396d\" data-element_type=\"section\" data-e-type=\"section\" data-settings=\"{&quot;background_background&quot;:&quot;classic&quot;}\">\n\t\t\t\t\t\t<div class=\"elementor-container elementor-column-gap-default\">\n\t\t\t\t\t<div class=\"elementor-column elementor-col-100 elementor-top-column elementor-element elementor-element-70f66e2\" data-id=\"70f66e2\" data-element_type=\"column\" data-e-type=\"column\">\n\t\t\t<div class=\"elementor-widget-wrap elementor-element-populated\">\n\t\t\t\t\t\t<div class=\"elementor-element elementor-element-6887642 elementor-widget elementor-widget-menu-anchor\" data-id=\"6887642\" data-element_type=\"widget\" data-e-type=\"widget\" data-widget_type=\"menu-anchor.default\">\n\t\t\t\t<div class=\"elementor-widget-container\">\n\t\t\t\t\t\t\t<div class=\"elementor-menu-anchor\" id=\"Bestemmingsplan1\"><\/div>\n\t\t\t\t\t\t<\/div>\n\t\t\t\t<\/div>\n\t\t\t\t\t<\/div>\n\t\t<\/div>\n\t\t\t\t\t<\/div>\n\t\t<\/section>\n\t\t\t\t<section class=\"elementor-section elementor-top-section elementor-element elementor-element-459b4b6 elementor-section-boxed elementor-section-height-default elementor-section-height-default\" data-id=\"459b4b6\" data-element_type=\"section\" data-e-type=\"section\" data-settings=\"{&quot;background_background&quot;:&quot;classic&quot;}\">\n\t\t\t\t\t\t<div class=\"elementor-container elementor-column-gap-default\">\n\t\t\t\t\t<div class=\"elementor-column elementor-col-50 elementor-top-column elementor-element elementor-element-20b4a16\" data-id=\"20b4a16\" data-element_type=\"column\" data-e-type=\"column\">\n\t\t\t<div class=\"elementor-widget-wrap elementor-element-populated\">\n\t\t\t\t\t\t<div class=\"elementor-element elementor-element-008a118 elementor-widget elementor-widget-text-editor\" data-id=\"008a118\" data-element_type=\"widget\" data-e-type=\"widget\" data-widget_type=\"text-editor.default\">\n\t\t\t\t<div class=\"elementor-widget-container\">\n\t\t\t\t\t\t\t\t\t<p><em>Zur Einsichtnahme auslegen<\/em><br \/>Die \u00f6ffentliche Anh\u00f6rung zum Fl\u00e4chennutzungsplan f\u00fcr das Flughafengel\u00e4nde in Elmpt beginnt am 18. September 2023. Nach dem Baugesetzbuch kann nur eine begrenzte Anzahl von Beh\u00f6rden und \"Tr\u00e4gern \u00f6ffentlicher Belange\" bis zum 3. November ihre Stellungnahmen abgeben. Zur Vorbereitung darauf kann jeder bereits jetzt alle von der Gemeinde ver\u00f6ffentlichten Unterlagen lesen:<\/p><p><a href=\"https:\/\/www.niederkruechten.de\/leben-niederkruechten\/planen-bauen-leben\/bauleitplanung\/aktuelle-planverfahren\">https:\/\/www.niederkruechten.de\/leben-niederkruechten\/planen-bauen-leben\/bauleitplanung\/aktuelle-planverfahren<\/a><\/p><p>\u00dcber die oben genannten Beh\u00f6rden und \"Einrichtungen von \u00f6ffentlichem Interesse\" werden wir versuchen, gr\u00f6\u00dftm\u00f6glichen Einfluss auszu\u00fcben, um das unselige Vorhaben zu stoppen.<\/p><p>Der unmittelbare Grund f\u00fcr die Einleitung dieses neuen Verfahrens sind \u00c4nderungen des Fl\u00e4chennutzungsplans in zweierlei Hinsicht. So wird es zwei Gr\u00fcnfl\u00e4chen an ehemaligen Flugzeugunterst\u00e4nden geben und die Anbindung an die Autobahn wird in den angrenzenden Wald verlegt.<\/p>\t\t\t\t\t\t\t\t<\/div>\n\t\t\t\t<\/div>\n\t\t\t\t\t<\/div>\n\t\t<\/div>\n\t\t\t\t<div class=\"elementor-column elementor-col-50 elementor-top-column elementor-element elementor-element-257fea6\" data-id=\"257fea6\" data-element_type=\"column\" data-e-type=\"column\">\n\t\t\t<div class=\"elementor-widget-wrap elementor-element-populated\">\n\t\t\t\t\t\t<div class=\"elementor-element elementor-element-02ce585 elementor-widget elementor-widget-image\" data-id=\"02ce585\" data-element_type=\"widget\" data-e-type=\"widget\" data-widget_type=\"image.default\">\n\t\t\t\t<div class=\"elementor-widget-container\">\n\t\t\t\t\t\t\t\t\t\t\t\t<figure class=\"wp-caption\">\n\t\t\t\t\t\t\t\t\t\t<img loading=\"lazy\" decoding=\"async\" width=\"1024\" height=\"715\" src=\"https:\/\/www.gruenes-grenzland.net\/wp-content\/uploads\/2023\/08\/Elmpterwald-weg-met-afrastering-westzijde-langs-voormalig-vliegveld-1024x715.jpg\" class=\"attachment-large size-large wp-image-13062\" alt=\"\" srcset=\"https:\/\/www.gruenes-grenzland.net\/wp-content\/uploads\/2023\/08\/Elmpterwald-weg-met-afrastering-westzijde-langs-voormalig-vliegveld-1024x715.jpg 1024w, https:\/\/www.gruenes-grenzland.net\/wp-content\/uploads\/2023\/08\/Elmpterwald-weg-met-afrastering-westzijde-langs-voormalig-vliegveld-300x210.jpg 300w, https:\/\/www.gruenes-grenzland.net\/wp-content\/uploads\/2023\/08\/Elmpterwald-weg-met-afrastering-westzijde-langs-voormalig-vliegveld-768x536.jpg 768w, https:\/\/www.gruenes-grenzland.net\/wp-content\/uploads\/2023\/08\/Elmpterwald-weg-met-afrastering-westzijde-langs-voormalig-vliegveld-18x12.jpg 18w, https:\/\/www.gruenes-grenzland.net\/wp-content\/uploads\/2023\/08\/Elmpterwald-weg-met-afrastering-westzijde-langs-voormalig-vliegveld.jpg 1200w\" sizes=\"(max-width: 1024px) 100vw, 1024px\" \/>\t\t\t\t\t\t\t\t\t\t\t<figcaption class=\"widget-image-caption wp-caption-text\">Westseite des ehemaligen Milit\u00e4rgel\u00e4ndes Elmpt. Das Gel\u00e4nde ist vollst\u00e4ndig von einem undurchdringlichen Zaun umgeben und daher bei den B\u00fcrgern nicht als sch\u00f6ne Gr\u00fcnfl\u00e4che bekannt.<\/figcaption>\n\t\t\t\t\t\t\t\t\t\t<\/figure>\n\t\t\t\t\t\t\t\t\t<\/div>\n\t\t\t\t<\/div>\n\t\t\t\t\t<\/div>\n\t\t<\/div>\n\t\t\t\t\t<\/div>\n\t\t<\/section>\n\t\t\t\t<section class=\"elementor-section elementor-top-section elementor-element elementor-element-a69e9de elementor-section-boxed elementor-section-height-default elementor-section-height-default\" data-id=\"a69e9de\" data-element_type=\"section\" data-e-type=\"section\">\n\t\t\t\t\t\t<div class=\"elementor-container elementor-column-gap-default\">\n\t\t\t\t\t<div class=\"elementor-column elementor-col-100 elementor-top-column elementor-element elementor-element-15e270d\" data-id=\"15e270d\" data-element_type=\"column\" data-e-type=\"column\">\n\t\t\t<div class=\"elementor-widget-wrap elementor-element-populated\">\n\t\t\t\t\t\t<div class=\"elementor-element elementor-element-87c2c2f elementor-widget-divider--view-line elementor-widget elementor-widget-divider\" data-id=\"87c2c2f\" data-element_type=\"widget\" data-e-type=\"widget\" data-widget_type=\"divider.default\">\n\t\t\t\t<div class=\"elementor-widget-container\">\n\t\t\t\t\t\t\t<div class=\"elementor-divider\">\n\t\t\t<span class=\"elementor-divider-separator\">\n\t\t\t\t\t\t<\/span>\n\t\t<\/div>\n\t\t\t\t\t\t<\/div>\n\t\t\t\t<\/div>\n\t\t\t\t\t<\/div>\n\t\t<\/div>\n\t\t\t\t\t<\/div>\n\t\t<\/section>\n\t\t\t\t<section class=\"elementor-section elementor-top-section elementor-element elementor-element-9f105af elementor-section-boxed elementor-section-height-default elementor-section-height-default\" data-id=\"9f105af\" data-element_type=\"section\" data-e-type=\"section\">\n\t\t\t\t\t\t<div class=\"elementor-container elementor-column-gap-default\">\n\t\t\t\t\t<div class=\"elementor-column elementor-col-100 elementor-top-column elementor-element elementor-element-5345a76\" data-id=\"5345a76\" data-element_type=\"column\" data-e-type=\"column\">\n\t\t\t<div class=\"elementor-widget-wrap elementor-element-populated\">\n\t\t\t\t\t\t<div class=\"elementor-element elementor-element-623147d elementor-widget elementor-widget-menu-anchor\" data-id=\"623147d\" data-element_type=\"widget\" data-e-type=\"widget\" data-widget_type=\"menu-anchor.default\">\n\t\t\t\t<div class=\"elementor-widget-container\">\n\t\t\t\t\t\t\t<div class=\"elementor-menu-anchor\" id=\"BestemmingsplanFNP70\"><\/div>\n\t\t\t\t\t\t<\/div>\n\t\t\t\t<\/div>\n\t\t\t\t\t<\/div>\n\t\t<\/div>\n\t\t\t\t\t<\/div>\n\t\t<\/section>\n\t\t\t\t<section class=\"elementor-section elementor-top-section elementor-element elementor-element-2800dff elementor-section-boxed elementor-section-height-default elementor-section-height-default\" data-id=\"2800dff\" data-element_type=\"section\" data-e-type=\"section\" data-settings=\"{&quot;background_background&quot;:&quot;classic&quot;}\">\n\t\t\t\t\t\t<div class=\"elementor-container elementor-column-gap-default\">\n\t\t\t\t\t<div class=\"elementor-column elementor-col-50 elementor-top-column elementor-element elementor-element-bfc94bc\" data-id=\"bfc94bc\" data-element_type=\"column\" data-e-type=\"column\">\n\t\t\t<div class=\"elementor-widget-wrap elementor-element-populated\">\n\t\t\t\t\t\t<div class=\"elementor-element elementor-element-0909ff3 elementor-widget elementor-widget-text-editor\" data-id=\"0909ff3\" data-element_type=\"widget\" data-e-type=\"widget\" data-widget_type=\"text-editor.default\">\n\t\t\t\t<div class=\"elementor-widget-container\">\n\t\t\t\t\t\t\t\t\t<p><strong>Erweiterung der Kl\u00e4ranlage Overhetfeld<\/strong><\/p>\t\t\t\t\t\t\t\t<\/div>\n\t\t\t\t<\/div>\n\t\t\t\t\t<\/div>\n\t\t<\/div>\n\t\t\t\t<div class=\"elementor-column elementor-col-50 elementor-top-column elementor-element elementor-element-803a486\" data-id=\"803a486\" data-element_type=\"column\" data-e-type=\"column\">\n\t\t\t<div class=\"elementor-widget-wrap\">\n\t\t\t\t\t\t\t<\/div>\n\t\t<\/div>\n\t\t\t\t\t<\/div>\n\t\t<\/section>\n\t\t\t\t<section class=\"elementor-section elementor-top-section elementor-element elementor-element-4dc46b3 elementor-section-boxed elementor-section-height-default elementor-section-height-default\" data-id=\"4dc46b3\" data-element_type=\"section\" data-e-type=\"section\" data-settings=\"{&quot;background_background&quot;:&quot;classic&quot;}\">\n\t\t\t\t\t\t<div class=\"elementor-container elementor-column-gap-default\">\n\t\t\t\t\t<div class=\"elementor-column elementor-col-50 elementor-top-column elementor-element elementor-element-5490faa\" data-id=\"5490faa\" data-element_type=\"column\" data-e-type=\"column\">\n\t\t\t<div class=\"elementor-widget-wrap elementor-element-populated\">\n\t\t\t\t\t\t<div class=\"elementor-element elementor-element-650aa2f elementor-widget elementor-widget-text-editor\" data-id=\"650aa2f\" data-element_type=\"widget\" data-e-type=\"widget\" data-widget_type=\"text-editor.default\">\n\t\t\t\t<div class=\"elementor-widget-container\">\n\t\t\t\t\t\t\t\t\t<p>Da ein unmittelbarer Zusammenhang mit der 61. \u00c4nderung des Fl\u00e4chennutzungsplans \"Milit\u00e4rbereich Elmpt\" besteht, haben wir 28.Oktober 2023 gegen die 70. \u00c4nderung des Fl\u00e4chennutzungsplans \"Erweiterung GKA Overhetfeld\" einen separaten Einspruch eingelegt, siehe <a href=\"https:\/\/www.gruenes-grenzland.net\/wp-content\/uploads\/2023\/11\/Bezwaren-70.-Aenderung-Flaechennutzungsplan-website.pdf\">HIER NL<\/a>, <a href=\"https:\/\/www.gruenes-grenzland.net\/wp-content\/uploads\/2023\/11\/NaturschutzVB-STN_70_Aend_FNP_Niederkruechten_fin.pdf\">HIER DE<\/a><\/p>\n<p>Am 30. Juli 2024 haben wir erneut eine Stellungnahme abgegeben, siehe <a href=\"https:\/\/www.gruenes-grenzland.net\/wp-content\/uploads\/2024\/08\/Zienswijze-70e-bestemmingsplanwijziging-Niederkruechten2024-07.30.docx\">HIER NL<\/a>, <a href=\"https:\/\/www.gruenes-grenzland.net\/wp-content\/uploads\/2024\/08\/70.-Aenderung-des-Flaechennutzungsplans-Einwendungsschreiben-LNU-DE.docx\">HIER DE<\/a>&nbsp;<br>Denn im ge\u00e4nderten Plan liegt die Kl\u00e4ranlage weiterhin im Landschaftsschutzgebiet L07 Schwalmniederung.<\/p>\t\t\t\t\t\t\t\t<\/div>\n\t\t\t\t<\/div>\n\t\t\t\t\t<\/div>\n\t\t<\/div>\n\t\t\t\t<div class=\"elementor-column elementor-col-50 elementor-top-column elementor-element elementor-element-2e17b23\" data-id=\"2e17b23\" data-element_type=\"column\" data-e-type=\"column\">\n\t\t\t<div class=\"elementor-widget-wrap elementor-element-populated\">\n\t\t\t\t\t\t<div class=\"elementor-element elementor-element-2dc41ec elementor-widget elementor-widget-image\" data-id=\"2dc41ec\" data-element_type=\"widget\" data-e-type=\"widget\" data-widget_type=\"image.default\">\n\t\t\t\t<div class=\"elementor-widget-container\">\n\t\t\t\t\t\t\t\t\t\t\t\t<figure class=\"wp-caption\">\n\t\t\t\t\t\t\t\t\t\t<img loading=\"lazy\" decoding=\"async\" width=\"1024\" height=\"575\" src=\"https:\/\/www.gruenes-grenzland.net\/wp-content\/uploads\/2023\/09\/Swalm-KA-Overhetfeld-mit-Schwalm-2020-und-Aenderung-KA-HHeijnen-1024x575.jpg\" class=\"attachment-large size-large wp-image-13441\" alt=\"\" srcset=\"https:\/\/www.gruenes-grenzland.net\/wp-content\/uploads\/2023\/09\/Swalm-KA-Overhetfeld-mit-Schwalm-2020-und-Aenderung-KA-HHeijnen-1024x575.jpg 1024w, https:\/\/www.gruenes-grenzland.net\/wp-content\/uploads\/2023\/09\/Swalm-KA-Overhetfeld-mit-Schwalm-2020-und-Aenderung-KA-HHeijnen-300x169.jpg 300w, https:\/\/www.gruenes-grenzland.net\/wp-content\/uploads\/2023\/09\/Swalm-KA-Overhetfeld-mit-Schwalm-2020-und-Aenderung-KA-HHeijnen-768x431.jpg 768w, https:\/\/www.gruenes-grenzland.net\/wp-content\/uploads\/2023\/09\/Swalm-KA-Overhetfeld-mit-Schwalm-2020-und-Aenderung-KA-HHeijnen-18x10.jpg 18w, https:\/\/www.gruenes-grenzland.net\/wp-content\/uploads\/2023\/09\/Swalm-KA-Overhetfeld-mit-Schwalm-2020-und-Aenderung-KA-HHeijnen.jpg 1200w\" sizes=\"(max-width: 1024px) 100vw, 1024px\" \/>\t\t\t\t\t\t\t\t\t\t\t<figcaption class=\"widget-image-caption wp-caption-text\">Erweiterung der Kl\u00e4ranlage im Schwalmtal<\/figcaption>\n\t\t\t\t\t\t\t\t\t\t<\/figure>\n\t\t\t\t\t\t\t\t\t<\/div>\n\t\t\t\t<\/div>\n\t\t\t\t\t<\/div>\n\t\t<\/div>\n\t\t\t\t\t<\/div>\n\t\t<\/section>\n\t\t\t\t<section class=\"elementor-section elementor-top-section elementor-element elementor-element-da21f24 elementor-section-boxed elementor-section-height-default elementor-section-height-default\" data-id=\"da21f24\" data-element_type=\"section\" data-e-type=\"section\">\n\t\t\t\t\t\t<div class=\"elementor-container elementor-column-gap-default\">\n\t\t\t\t\t<div class=\"elementor-column elementor-col-100 elementor-top-column elementor-element elementor-element-ae16d4e\" data-id=\"ae16d4e\" data-element_type=\"column\" data-e-type=\"column\">\n\t\t\t<div class=\"elementor-widget-wrap elementor-element-populated\">\n\t\t\t\t\t\t<div class=\"elementor-element elementor-element-8250451 elementor-widget-divider--view-line elementor-widget elementor-widget-divider\" data-id=\"8250451\" data-element_type=\"widget\" data-e-type=\"widget\" data-widget_type=\"divider.default\">\n\t\t\t\t<div class=\"elementor-widget-container\">\n\t\t\t\t\t\t\t<div class=\"elementor-divider\">\n\t\t\t<span class=\"elementor-divider-separator\">\n\t\t\t\t\t\t<\/span>\n\t\t<\/div>\n\t\t\t\t\t\t<\/div>\n\t\t\t\t<\/div>\n\t\t\t\t\t<\/div>\n\t\t<\/div>\n\t\t\t\t\t<\/div>\n\t\t<\/section>\n\t\t\t\t<section class=\"elementor-section elementor-top-section elementor-element elementor-element-d099a5e elementor-section-boxed elementor-section-height-default elementor-section-height-default\" data-id=\"d099a5e\" data-element_type=\"section\" data-e-type=\"section\">\n\t\t\t\t\t\t<div class=\"elementor-container elementor-column-gap-default\">\n\t\t\t\t\t<div class=\"elementor-column elementor-col-100 elementor-top-column elementor-element elementor-element-2f8258f\" data-id=\"2f8258f\" data-element_type=\"column\" data-e-type=\"column\">\n\t\t\t<div class=\"elementor-widget-wrap elementor-element-populated\">\n\t\t\t\t\t\t<div class=\"elementor-element elementor-element-affb940 elementor-widget-divider--view-line elementor-widget elementor-widget-divider\" data-id=\"affb940\" data-element_type=\"widget\" data-e-type=\"widget\" data-widget_type=\"divider.default\">\n\t\t\t\t<div class=\"elementor-widget-container\">\n\t\t\t\t\t\t\t<div class=\"elementor-divider\">\n\t\t\t<span class=\"elementor-divider-separator\">\n\t\t\t\t\t\t<\/span>\n\t\t<\/div>\n\t\t\t\t\t\t<\/div>\n\t\t\t\t<\/div>\n\t\t\t\t\t<\/div>\n\t\t<\/div>\n\t\t\t\t\t<\/div>\n\t\t<\/section>\n\t\t\t\t<section class=\"elementor-section elementor-top-section elementor-element elementor-element-2606096 elementor-section-boxed elementor-section-height-default elementor-section-height-default\" data-id=\"2606096\" data-element_type=\"section\" data-e-type=\"section\">\n\t\t\t\t\t\t<div class=\"elementor-container elementor-column-gap-default\">\n\t\t\t\t\t<div class=\"elementor-column elementor-col-100 elementor-top-column elementor-element elementor-element-217c6ce\" data-id=\"217c6ce\" data-element_type=\"column\" data-e-type=\"column\">\n\t\t\t<div class=\"elementor-widget-wrap\">\n\t\t\t\t\t\t\t<\/div>\n\t\t<\/div>\n\t\t\t\t\t<\/div>\n\t\t<\/section>\n\t\t\t\t<section class=\"elementor-section elementor-top-section elementor-element elementor-element-f2e4564 elementor-section-boxed elementor-section-height-default elementor-section-height-default\" data-id=\"f2e4564\" data-element_type=\"section\" data-e-type=\"section\" data-settings=\"{&quot;background_background&quot;:&quot;classic&quot;}\">\n\t\t\t\t\t\t<div class=\"elementor-container elementor-column-gap-default\">\n\t\t\t\t\t<div class=\"elementor-column elementor-col-100 elementor-top-column elementor-element elementor-element-b45192e\" data-id=\"b45192e\" data-element_type=\"column\" data-e-type=\"column\">\n\t\t\t<div class=\"elementor-widget-wrap elementor-element-populated\">\n\t\t\t\t\t\t<div class=\"elementor-element elementor-element-4a6a086 elementor-widget elementor-widget-heading\" data-id=\"4a6a086\" data-element_type=\"widget\" data-e-type=\"widget\" data-widget_type=\"heading.default\">\n\t\t\t\t<div class=\"elementor-widget-container\">\n\t\t\t\t\t<h5 class=\"elementor-heading-title elementor-size-default\">Bebauungsplan Elm-131 \u201dJavelin Park Ost<\/h5>\t\t\t\t<\/div>\n\t\t\t\t<\/div>\n\t\t\t\t<div class=\"elementor-element elementor-element-f6338ec elementor-widget elementor-widget-menu-anchor\" data-id=\"f6338ec\" data-element_type=\"widget\" data-e-type=\"widget\" data-widget_type=\"menu-anchor.default\">\n\t\t\t\t<div class=\"elementor-widget-container\">\n\t\t\t\t\t\t\t<div class=\"elementor-menu-anchor\" id=\"Bebouwingsplan_Oost\"><\/div>\n\t\t\t\t\t\t<\/div>\n\t\t\t\t<\/div>\n\t\t\t\t\t<\/div>\n\t\t<\/div>\n\t\t\t\t\t<\/div>\n\t\t<\/section>\n\t\t\t\t<section class=\"elementor-section elementor-top-section elementor-element elementor-element-1dde357 elementor-section-boxed elementor-section-height-default elementor-section-height-default\" data-id=\"1dde357\" data-element_type=\"section\" data-e-type=\"section\" data-settings=\"{&quot;background_background&quot;:&quot;classic&quot;}\">\n\t\t\t\t\t\t<div class=\"elementor-container elementor-column-gap-default\">\n\t\t\t\t\t<div class=\"elementor-column elementor-col-100 elementor-top-column elementor-element elementor-element-bca2d01\" data-id=\"bca2d01\" data-element_type=\"column\" data-e-type=\"column\" data-settings=\"{&quot;background_background&quot;:&quot;classic&quot;}\">\n\t\t\t<div class=\"elementor-widget-wrap elementor-element-populated\">\n\t\t\t\t\t\t<div class=\"elementor-element elementor-element-1e9f51a elementor-widget elementor-widget-text-editor\" data-id=\"1e9f51a\" data-element_type=\"widget\" data-e-type=\"widget\" data-widget_type=\"text-editor.default\">\n\t\t\t\t<div class=\"elementor-widget-container\">\n\t\t\t\t\t\t\t\t\t<p><strong>Verfahren 2026<\/strong><\/p>\t\t\t\t\t\t\t\t<\/div>\n\t\t\t\t<\/div>\n\t\t\t\t\t<\/div>\n\t\t<\/div>\n\t\t\t\t\t<\/div>\n\t\t<\/section>\n\t\t\t\t<section class=\"elementor-section elementor-top-section elementor-element elementor-element-996d2a4 elementor-section-boxed elementor-section-height-default elementor-section-height-default\" data-id=\"996d2a4\" data-element_type=\"section\" data-e-type=\"section\" data-settings=\"{&quot;background_background&quot;:&quot;classic&quot;}\">\n\t\t\t\t\t\t<div class=\"elementor-container elementor-column-gap-default\">\n\t\t\t\t\t<div class=\"elementor-column elementor-col-100 elementor-top-column elementor-element elementor-element-30b4bdf\" data-id=\"30b4bdf\" data-element_type=\"column\" data-e-type=\"column\">\n\t\t\t<div class=\"elementor-widget-wrap elementor-element-populated\">\n\t\t\t\t\t\t<div class=\"elementor-element elementor-element-1516b3a elementor-widget elementor-widget-text-editor\" data-id=\"1516b3a\" data-element_type=\"widget\" data-e-type=\"widget\" data-widget_type=\"text-editor.default\">\n\t\t\t\t<div class=\"elementor-widget-container\">\n\t\t\t\t\t\t\t\t\t<p><strong>Schikkingsvoorstel van gemeente Niederkr\u00fcchten volstrekt onacceptabel (<\/strong>06.03.2026)<\/p>\t\t\t\t\t\t\t\t<\/div>\n\t\t\t\t<\/div>\n\t\t\t\t\t<\/div>\n\t\t<\/div>\n\t\t\t\t\t<\/div>\n\t\t<\/section>\n\t\t\t\t<section class=\"elementor-section elementor-top-section elementor-element elementor-element-148ec7a elementor-section-boxed elementor-section-height-default elementor-section-height-default\" data-id=\"148ec7a\" data-element_type=\"section\" data-e-type=\"section\" data-settings=\"{&quot;background_background&quot;:&quot;classic&quot;}\">\n\t\t\t\t\t\t<div class=\"elementor-container elementor-column-gap-default\">\n\t\t\t\t\t<div class=\"elementor-column elementor-col-100 elementor-top-column elementor-element elementor-element-fff0652\" data-id=\"fff0652\" data-element_type=\"column\" data-e-type=\"column\">\n\t\t\t<div class=\"elementor-widget-wrap elementor-element-populated\">\n\t\t\t\t\t\t<div class=\"elementor-element elementor-element-4a472a5 elementor-widget elementor-widget-text-editor\" data-id=\"4a472a5\" data-element_type=\"widget\" data-e-type=\"widget\" data-widget_type=\"text-editor.default\">\n\t\t\t\t<div class=\"elementor-widget-container\">\n\t\t\t\t\t\t\t\t\t<p>Wir haben den unserer Dachorganisation LNU vorgelegten Vergleichsvorschlag der Gemeinde sorgf\u00e4ltig gepr\u00fcft. Als direkt betroffene Partei muss Groen Grensland jedoch feststellen, dass dieser Vorschlag nicht akzeptabel ist.\u00a0<br \/><a href=\"https:\/\/www.gruenes-grenzland.net\/wp-content\/uploads\/2026\/03\/Schreiben-206-03-06-LNU-GrGr-Commentaar-op-het-schikkingsvopoorstel.pdf\">Stellungnahme des Rechtsanwalts im Namen der LNU vom 6. M\u00e4rz 2026<\/a><\/p>\t\t\t\t\t\t\t\t<\/div>\n\t\t\t\t<\/div>\n\t\t\t\t\t<\/div>\n\t\t<\/div>\n\t\t\t\t\t<\/div>\n\t\t<\/section>\n\t\t\t\t<section class=\"elementor-section elementor-top-section elementor-element elementor-element-99b531f elementor-section-boxed elementor-section-height-default elementor-section-height-default\" data-id=\"99b531f\" data-element_type=\"section\" data-e-type=\"section\">\n\t\t\t\t\t\t<div class=\"elementor-container elementor-column-gap-default\">\n\t\t\t\t\t<div class=\"elementor-column elementor-col-100 elementor-top-column elementor-element elementor-element-414402f\" data-id=\"414402f\" data-element_type=\"column\" data-e-type=\"column\">\n\t\t\t<div class=\"elementor-widget-wrap elementor-element-populated\">\n\t\t\t\t\t\t<div class=\"elementor-element elementor-element-7902f6b elementor-widget-divider--view-line elementor-widget elementor-widget-divider\" data-id=\"7902f6b\" data-element_type=\"widget\" data-e-type=\"widget\" data-widget_type=\"divider.default\">\n\t\t\t\t<div class=\"elementor-widget-container\">\n\t\t\t\t\t\t\t<div class=\"elementor-divider\">\n\t\t\t<span class=\"elementor-divider-separator\">\n\t\t\t\t\t\t<\/span>\n\t\t<\/div>\n\t\t\t\t\t\t<\/div>\n\t\t\t\t<\/div>\n\t\t\t\t\t<\/div>\n\t\t<\/div>\n\t\t\t\t\t<\/div>\n\t\t<\/section>\n\t\t\t\t<section class=\"elementor-section elementor-top-section elementor-element elementor-element-96001d4 elementor-section-boxed elementor-section-height-default elementor-section-height-default\" data-id=\"96001d4\" data-element_type=\"section\" data-e-type=\"section\" data-settings=\"{&quot;background_background&quot;:&quot;classic&quot;}\">\n\t\t\t\t\t\t<div class=\"elementor-container elementor-column-gap-default\">\n\t\t\t\t\t<div class=\"elementor-column elementor-col-100 elementor-top-column elementor-element elementor-element-be98492\" data-id=\"be98492\" data-element_type=\"column\" data-e-type=\"column\">\n\t\t\t<div class=\"elementor-widget-wrap elementor-element-populated\">\n\t\t\t\t\t\t<div class=\"elementor-element elementor-element-6b9b286 elementor-widget elementor-widget-text-editor\" data-id=\"6b9b286\" data-element_type=\"widget\" data-e-type=\"widget\" data-widget_type=\"text-editor.default\">\n\t\t\t\t<div class=\"elementor-widget-container\">\n\t\t\t\t\t\t\t\t\t<p><strong>Gr\u00fcnes Grenzland fordert Pensionsfonds HOOPP auf, Investition in Javelin Park Niederrhein zu \u00fcberdenken (03.03.2026)<\/strong><\/p>\t\t\t\t\t\t\t\t<\/div>\n\t\t\t\t<\/div>\n\t\t\t\t\t<\/div>\n\t\t<\/div>\n\t\t\t\t\t<\/div>\n\t\t<\/section>\n\t\t\t\t<section class=\"elementor-section elementor-top-section elementor-element elementor-element-38d9eb9 elementor-section-boxed elementor-section-height-default elementor-section-height-default\" data-id=\"38d9eb9\" data-element_type=\"section\" data-e-type=\"section\" data-settings=\"{&quot;background_background&quot;:&quot;classic&quot;}\">\n\t\t\t\t\t\t<div class=\"elementor-container elementor-column-gap-default\">\n\t\t\t\t\t<div class=\"elementor-column elementor-col-100 elementor-top-column elementor-element elementor-element-1d82c17\" data-id=\"1d82c17\" data-element_type=\"column\" data-e-type=\"column\">\n\t\t\t<div class=\"elementor-widget-wrap elementor-element-populated\">\n\t\t\t\t\t\t<div class=\"elementor-element elementor-element-b1df060 elementor-widget elementor-widget-text-editor\" data-id=\"b1df060\" data-element_type=\"widget\" data-e-type=\"widget\" data-widget_type=\"text-editor.default\">\n\t\t\t\t<div class=\"elementor-widget-container\">\n\t\t\t\t\t\t\t\t\t<p>Groen Grensland \u2013 Gr\u00fcnes Grenzland e.V. (3. M\u00e4rz 2026) \u00e4u\u00dfert ernsthafte Bedenken hinsichtlich der Beteiligung des kanadischen Pensionsfonds HOOPP am Logistikentwicklungsprojekt Javelin Park Niederrhein. Unserer Meinung nach stellt dieses Projekt eine ernsthafte Bedrohung f\u00fcr wertvolle Naturgebiete in der deutsch-niederl\u00e4ndischen Grenzregion dar und wird zu Unrecht als gr\u00fcne, nachhaltige und klimaneutrale Initiative dargestellt.<\/p><p>Das geplante Projekt umfasst die Entwicklung eines Logistik- und Industriekomplexes mit einer Fl\u00e4che von etwa 150 bis 200 Hektar am Rande mehrerer Natura-2000-Naturschutzgebiete auf beiden Seiten der Grenze. Diese Gebiete beherbergen empfindliche \u00d6kosysteme und sind wichtige Lebensr\u00e4ume f\u00fcr bedrohte Vogelarten. Unserer Meinung nach wird die Entwicklung zu einer erheblichen Beeintr\u00e4chtigung der Natur und Landschaft f\u00fchren, w\u00e4hrend die behauptete Klimaneutralit\u00e4t nicht \u00fcberzeugend begr\u00fcndet ist.<\/p><p>Wir weisen darauf hin, dass das Projekt voraussichtlich zu einem starken Anstieg des Verkehrsaufkommens f\u00fchren wird, mit m\u00f6glicherweise mehr als 20.000 zus\u00e4tzlichen Fahrzeugen pro Tag auf den nahe gelegenen Autobahnen. Dar\u00fcber hinaus werden permanente logistische Aktivit\u00e4ten zu zus\u00e4tzlichen Stickstoffemissionen, L\u00e4rmbel\u00e4stigung und Lichtverschmutzung f\u00fchren. Die geplanten Sonnenkollektoren und Windkraftanlagen k\u00f6nnen unserer Meinung nach die \u00f6kologischen Sch\u00e4den nicht ausgleichen.<\/p><p>Auch rechtlich gesehen bestehen unserer Meinung nach ernsthafte Zweifel an dem Projekt. Am 28. April 2025 hat das Oberverwaltungsgericht Nordrhein-Westfalen den Bebauungsplan f\u00fcr einen Teil des Projekts vorl\u00e4ufig ausgesetzt. Dies unterstreicht, dass erhebliche Fragen hinsichtlich der Rechtm\u00e4\u00dfigkeit und der Auswirkungen auf Natura-2000-Gebiete bestehen.<\/p><p>Als Naturschutzorganisation sind wir der Meinung, dass Investoren wie HOOPP nicht nur finanzielle Chancen bewerten sollten, sondern auch die Umweltauswirkungen und Reputationsrisiken ihrer Investitionen. Unserer Ansicht nach steht das Projekt im Widerspruch zu international anerkannten Grunds\u00e4tzen f\u00fcr nachhaltiges Investieren (ESG).<br \/>Deshalb fordern wir HOOPP auf, weitere Investitionen in das Projekt vorl\u00e4ufig auszusetzen, vollst\u00e4ndige Transparenz \u00fcber die Umweltvertr\u00e4glichkeitspr\u00fcfungen zu schaffen, die der Investition zugrunde liegen, und erneut zu pr\u00fcfen, ob dieses Projekt mit ihrer Nachhaltigkeitspolitik und ihrer treuh\u00e4nderischen Verantwortung vereinbar ist.<br \/>Gleichzeitig f\u00f6rdern wir Investitionen in Projekte, die tats\u00e4chlich zur Wiederherstellung der Natur und zur Erreichung der Klimaziele beitragen, wie beispielsweise die Sanierung bestehender Industriegel\u00e4nde, Energieeffizienzprojekte und Initiativen zur Wiederherstellung der Natur in der Grenzregion.<br \/>Wir sind bereit, unsere Bedenken n\u00e4her zu erl\u00e4utern und den betroffenen Parteien zus\u00e4tzliche Unterlagen zur Verf\u00fcgung zu stellen.<\/p><p><a href=\"https:\/\/www.gruenes-grenzland.net\/wp-content\/uploads\/2026\/03\/Health-Care-of-Ontario-Pension-Plan-HOOPP-def.pdf\">Brief Hoopp<\/a><\/p>\t\t\t\t\t\t\t\t<\/div>\n\t\t\t\t<\/div>\n\t\t\t\t\t<\/div>\n\t\t<\/div>\n\t\t\t\t\t<\/div>\n\t\t<\/section>\n\t\t\t\t<section class=\"elementor-section elementor-top-section elementor-element elementor-element-90eb553 elementor-section-boxed elementor-section-height-default elementor-section-height-default\" data-id=\"90eb553\" data-element_type=\"section\" data-e-type=\"section\">\n\t\t\t\t\t\t<div class=\"elementor-container elementor-column-gap-default\">\n\t\t\t\t\t<div class=\"elementor-column elementor-col-100 elementor-top-column elementor-element elementor-element-5a85d1d\" data-id=\"5a85d1d\" data-element_type=\"column\" data-e-type=\"column\">\n\t\t\t<div class=\"elementor-widget-wrap elementor-element-populated\">\n\t\t\t\t\t\t<div class=\"elementor-element elementor-element-6622d76 elementor-widget-divider--view-line elementor-widget elementor-widget-divider\" data-id=\"6622d76\" data-element_type=\"widget\" data-e-type=\"widget\" data-widget_type=\"divider.default\">\n\t\t\t\t<div class=\"elementor-widget-container\">\n\t\t\t\t\t\t\t<div class=\"elementor-divider\">\n\t\t\t<span class=\"elementor-divider-separator\">\n\t\t\t\t\t\t<\/span>\n\t\t<\/div>\n\t\t\t\t\t\t<\/div>\n\t\t\t\t<\/div>\n\t\t\t\t\t<\/div>\n\t\t<\/div>\n\t\t\t\t\t<\/div>\n\t\t<\/section>\n\t\t\t\t<section class=\"elementor-section elementor-top-section elementor-element elementor-element-12a7821 elementor-section-boxed elementor-section-height-default elementor-section-height-default\" data-id=\"12a7821\" data-element_type=\"section\" data-e-type=\"section\" data-settings=\"{&quot;background_background&quot;:&quot;classic&quot;}\">\n\t\t\t\t\t\t<div class=\"elementor-container elementor-column-gap-default\">\n\t\t\t\t\t<div class=\"elementor-column elementor-col-100 elementor-top-column elementor-element elementor-element-a0f8de2\" data-id=\"a0f8de2\" data-element_type=\"column\" data-e-type=\"column\">\n\t\t\t<div class=\"elementor-widget-wrap elementor-element-populated\">\n\t\t\t\t\t\t<div class=\"elementor-element elementor-element-fe589e6 elementor-widget elementor-widget-text-editor\" data-id=\"fe589e6\" data-element_type=\"widget\" data-e-type=\"widget\" data-widget_type=\"text-editor.default\">\n\t\t\t\t<div class=\"elementor-widget-container\">\n\t\t\t\t\t\t\t\t\t<p><strong>Verfahren 2025<\/strong><\/p>\t\t\t\t\t\t\t\t<\/div>\n\t\t\t\t<\/div>\n\t\t\t\t\t<\/div>\n\t\t<\/div>\n\t\t\t\t\t<\/div>\n\t\t<\/section>\n\t\t\t\t<section class=\"elementor-section elementor-top-section elementor-element elementor-element-8a8751b elementor-section-boxed elementor-section-height-default elementor-section-height-default\" data-id=\"8a8751b\" data-element_type=\"section\" data-e-type=\"section\" data-settings=\"{&quot;background_background&quot;:&quot;classic&quot;}\">\n\t\t\t\t\t\t<div class=\"elementor-container elementor-column-gap-default\">\n\t\t\t\t\t<div class=\"elementor-column elementor-col-100 elementor-top-column elementor-element elementor-element-ad4bf30\" data-id=\"ad4bf30\" data-element_type=\"column\" data-e-type=\"column\">\n\t\t\t<div class=\"elementor-widget-wrap elementor-element-populated\">\n\t\t\t\t\t\t<div class=\"elementor-element elementor-element-7173c50 elementor-widget elementor-widget-text-editor\" data-id=\"7173c50\" data-element_type=\"widget\" data-e-type=\"widget\" data-widget_type=\"text-editor.default\">\n\t\t\t\t<div class=\"elementor-widget-container\">\n\t\t\t\t\t\t\t\t\t<p><strong>Umweltorganisationen fordern Transparenz von der Provinz Limburg in Bezug auf Javelin Park Ost<\/strong><\/p>\t\t\t\t\t\t\t\t<\/div>\n\t\t\t\t<\/div>\n\t\t\t\t\t<\/div>\n\t\t<\/div>\n\t\t\t\t\t<\/div>\n\t\t<\/section>\n\t\t\t\t<section class=\"elementor-section elementor-top-section elementor-element elementor-element-541b9da elementor-section-boxed elementor-section-height-default elementor-section-height-default\" data-id=\"541b9da\" data-element_type=\"section\" data-e-type=\"section\" data-settings=\"{&quot;background_background&quot;:&quot;classic&quot;}\">\n\t\t\t\t\t\t<div class=\"elementor-container elementor-column-gap-default\">\n\t\t\t\t\t<div class=\"elementor-column elementor-col-100 elementor-top-column elementor-element elementor-element-d6e896f\" data-id=\"d6e896f\" data-element_type=\"column\" data-e-type=\"column\">\n\t\t\t<div class=\"elementor-widget-wrap elementor-element-populated\">\n\t\t\t\t\t\t<div class=\"elementor-element elementor-element-bae2f64 elementor-widget elementor-widget-text-editor\" data-id=\"bae2f64\" data-element_type=\"widget\" data-e-type=\"widget\" data-widget_type=\"text-editor.default\">\n\t\t\t\t<div class=\"elementor-widget-container\">\n\t\t\t\t\t\t\t\t\t<section class=\"elementor-section elementor-top-section elementor-element elementor-element-12151b2 elementor-section-boxed elementor-section-height-default elementor-section-height-default\" data-id=\"12151b2\" data-element_type=\"section\"><div class=\"elementor-container elementor-column-gap-default\"><div class=\"elementor-column elementor-col-100 elementor-top-column elementor-element elementor-element-3a9d082\" data-id=\"3a9d082\" data-element_type=\"column\"><div class=\"elementor-widget-wrap elementor-element-populated\"><div class=\"elementor-element elementor-element-e6d7b83 elementor-widget elementor-widget-text-editor\" data-id=\"e6d7b83\" data-element_type=\"widget\" data-widget_type=\"text-editor.default\"><div class=\"elementor-widget-container\"><p>Gr\u00fcnes Grenzland e.V. (Groen Grensland) und der Umwelt- und Heimatverein Swalmen haben am 12. Dezember 2025 einen ausf\u00fchrlichen Woo-Antrag bei der Provinzregierung Limburg auf vollst\u00e4ndige Offenlegung der Klage gegen das deutschen Mega-Industriegebiet Elmpt \u201eJavelin Park Ost\u201d und das von der Provinz eingeleitete und sp\u00e4ter wieder zur\u00fcckgezogene Verfahren beim Oberverwaltungsgericht M\u00fcnster.<\/p><p>Am 17. November 2025 legten beide Organisationen bereits formell Widerspruch gegen den Beschluss der Provinzregierung Limburg vom 8. Oktober 2025 ein, das laufende Verfahren vor dem OVG M\u00fcnster gegen den Bebauungsplan Elmpt 131 vorzeitig zu beenden. In diesem Einspruch machen sie geltend, dass die Provinzregierung ohne Mandat der Provinzialstaaten gehandelt habe, dass grenz\u00fcberschreitende Auswirkungen auf Natura-2000-Gebiete wie De Meinweg und Elmpter Wald-Schwalmtal unzureichend gepr\u00fcft worden seien und dass wichtige europ\u00e4ische Natur- und Umweltvorschriften wie die Habitat-Richtlinie und die Vogelschutzrichtlinie verletzt worden seien.<\/p><p>Was der Woo-Antrag verlangt<br \/>Mit dem Woo-Antrag fordern die Organisationen die vollst\u00e4ndige, integrale und ungeschw\u00e4rzte Offenlegung aller Dokumente, die bei der Provinz zu Elmpt 131 \/ Javelin Park Ost und den Verfahrensentscheidungen gegen\u00fcber dem OVG in M\u00fcnster vorliegen. &nbsp;Dabei handelt es sich unter anderem um (Entw\u00fcrfe von) beim OVG eingereichten Prozessunterlagen, Stickstoff- und Emissionsmodelle (wie AERIUS-Berechnungen), Verkehrsprognosen und Verkehrsemissionen, Hydrologie- und PFAS-Berichte, Natura-2000-Bewertungen und Naturwiederherstellungspflichten, interne Rechtsgutachten und Beschlussnotizen, Beratungen mit niederl\u00e4ndischen Grenzgemeinden und Ministerien sowie umfangreiche Korrespondenz mit deutschen Beh\u00f6rden.<\/p><p>Umweltinformationen m\u00fcssen \u00f6ffentlich zug\u00e4nglich sein<br \/>Da es sich bei dem Woo-Antrag ausdr\u00fccklich um Umweltinformationen handelt, berufen sich die Antragsteller auf Artikel 9 Absatz 1 des Aarhus-\u00dcbereinkommens: Daten \u00fcber Emissionen in die Umwelt m\u00fcssen grunds\u00e4tzlich immer \u00f6ffentlich zug\u00e4nglich sein und d\u00fcrfen nicht unter Berufung auf Ausnahmegr\u00fcnde zur\u00fcckgehalten werden. Transparenz in Bezug auf grenz\u00fcberschreitende Stickstoffdeposition, Verkehrsemissionen, Wasserqualit\u00e4t und PFAS ist nach Ansicht der Organisationen notwendig, um die Sch\u00e4den an empfindlichen Naturgebieten wie De Meinweg, Rurtal und Schwalmdal fair beurteilen zu k\u00f6nnen.<\/p><p>Dringlichkeit: Natur und demokratische Kontrolle<br \/>Das OVG M\u00fcnster hat den Bebauungsplan Elm-131 bereits im April 2025 vorl\u00e4ufig au\u00dfer Kraft gesetzt, da ernsthafte Zweifel hinsichtlich des Schutzes von Vogelschutzgebieten und Natura-2000-Gebieten in der Grenzregion bestehen. Dennoch werden die Arbeiten in Deutschland teilweise fortgesetzt, w\u00e4hrend die Provinz Limburg ihr Verfahren zur\u00fcckgezogen hat. Daher sind die Organisationen der Ansicht, dass die Provinzialstaaten und die \u00d6ffentlichkeit in den Niederlanden und Deutschland nun Anspruch auf vollst\u00e4ndige und \u00fcberpr\u00fcfbare Einblicke in die Abw\u00e4gungen, Emissionswerte und grenz\u00fcberschreitenden Umweltauswirkungen haben.<\/p><\/div><\/div><\/div><\/div><\/div><\/section><div class=\"elementor-container elementor-column-gap-default\"><div class=\"elementor-column elementor-col-100 elementor-top-column elementor-element elementor-element-720a9c2\" data-id=\"720a9c2\" data-element_type=\"column\"><div class=\"elementor-widget-wrap elementor-element-populated\"><div class=\"elementor-element elementor-element-686f58e elementor-widget elementor-widget-text-editor\" data-id=\"686f58e\" data-element_type=\"widget\" data-widget_type=\"text-editor.default\"><div class=\"elementor-widget-container\"><div dir=\"ltr\"><div dir=\"ltr\"><a href=\"https:\/\/www.gruenes-grenzland.net\/wp-content\/uploads\/2025\/12\/WOO-verzoeken-provincie-Limburg-inzake-Bebouwingsplan-Elmpt-131-GrGr-12-08-25-def.docx\">WOO-Antrag<\/a><\/div><\/div><\/div><\/div><\/div><\/div><\/div>\t\t\t\t\t\t\t\t<\/div>\n\t\t\t\t<\/div>\n\t\t\t\t\t<\/div>\n\t\t<\/div>\n\t\t\t\t\t<\/div>\n\t\t<\/section>\n\t\t\t\t<section class=\"elementor-section elementor-top-section elementor-element elementor-element-dfbbf48 elementor-section-boxed elementor-section-height-default elementor-section-height-default\" data-id=\"dfbbf48\" data-element_type=\"section\" data-e-type=\"section\">\n\t\t\t\t\t\t<div class=\"elementor-container elementor-column-gap-default\">\n\t\t\t\t\t<div class=\"elementor-column elementor-col-100 elementor-top-column elementor-element elementor-element-b79dd7f\" data-id=\"b79dd7f\" data-element_type=\"column\" data-e-type=\"column\">\n\t\t\t<div class=\"elementor-widget-wrap elementor-element-populated\">\n\t\t\t\t\t\t<div class=\"elementor-element elementor-element-01bc22d elementor-widget-divider--view-line elementor-widget elementor-widget-divider\" data-id=\"01bc22d\" data-element_type=\"widget\" data-e-type=\"widget\" data-widget_type=\"divider.default\">\n\t\t\t\t<div class=\"elementor-widget-container\">\n\t\t\t\t\t\t\t<div class=\"elementor-divider\">\n\t\t\t<span class=\"elementor-divider-separator\">\n\t\t\t\t\t\t<\/span>\n\t\t<\/div>\n\t\t\t\t\t\t<\/div>\n\t\t\t\t<\/div>\n\t\t\t\t\t<\/div>\n\t\t<\/div>\n\t\t\t\t\t<\/div>\n\t\t<\/section>\n\t\t\t\t<section class=\"elementor-section elementor-top-section elementor-element elementor-element-f83f819 elementor-section-boxed elementor-section-height-default elementor-section-height-default\" data-id=\"f83f819\" data-element_type=\"section\" data-e-type=\"section\" data-settings=\"{&quot;background_background&quot;:&quot;classic&quot;}\">\n\t\t\t\t\t\t<div class=\"elementor-container elementor-column-gap-default\">\n\t\t\t\t\t<div class=\"elementor-column elementor-col-100 elementor-top-column elementor-element elementor-element-c3ff2a6\" data-id=\"c3ff2a6\" data-element_type=\"column\" data-e-type=\"column\">\n\t\t\t<div class=\"elementor-widget-wrap elementor-element-populated\">\n\t\t\t\t\t\t<div class=\"elementor-element elementor-element-3616abc elementor-widget elementor-widget-text-editor\" data-id=\"3616abc\" data-element_type=\"widget\" data-e-type=\"widget\" data-widget_type=\"text-editor.default\">\n\t\t\t\t<div class=\"elementor-widget-container\">\n\t\t\t\t\t\t\t\t\t<p><strong>Gr\u00fcnes Grenzland legt Einspruch gegen Provinz ein: \u201eEinstellung des deutschen Verfahrens gef\u00e4hrdet niederl\u00e4ndische Natur<\/strong><\/p>\t\t\t\t\t\t\t\t<\/div>\n\t\t\t\t<\/div>\n\t\t\t\t\t<\/div>\n\t\t<\/div>\n\t\t\t\t\t<\/div>\n\t\t<\/section>\n\t\t\t\t<section class=\"elementor-section elementor-top-section elementor-element elementor-element-41966fc elementor-section-boxed elementor-section-height-default elementor-section-height-default\" data-id=\"41966fc\" data-element_type=\"section\" data-e-type=\"section\" data-settings=\"{&quot;background_background&quot;:&quot;classic&quot;}\">\n\t\t\t\t\t\t<div class=\"elementor-container elementor-column-gap-default\">\n\t\t\t\t\t<div class=\"elementor-column elementor-col-100 elementor-top-column elementor-element elementor-element-79ca9b1\" data-id=\"79ca9b1\" data-element_type=\"column\" data-e-type=\"column\">\n\t\t\t<div class=\"elementor-widget-wrap elementor-element-populated\">\n\t\t\t\t\t\t<div class=\"elementor-element elementor-element-c4d556b elementor-widget elementor-widget-image\" data-id=\"c4d556b\" data-element_type=\"widget\" data-e-type=\"widget\" data-widget_type=\"image.default\">\n\t\t\t\t<div class=\"elementor-widget-container\">\n\t\t\t\t\t\t\t\t\t\t\t\t\t\t\t<img loading=\"lazy\" decoding=\"async\" width=\"840\" height=\"377\" src=\"https:\/\/www.gruenes-grenzland.net\/wp-content\/uploads\/2025\/11\/Bijlage-1-Kop-Mededeling-GS-8-okober-2025.jpg\" class=\"attachment-large size-large wp-image-23800\" alt=\"\" srcset=\"https:\/\/www.gruenes-grenzland.net\/wp-content\/uploads\/2025\/11\/Bijlage-1-Kop-Mededeling-GS-8-okober-2025.jpg 840w, https:\/\/www.gruenes-grenzland.net\/wp-content\/uploads\/2025\/11\/Bijlage-1-Kop-Mededeling-GS-8-okober-2025-300x135.jpg 300w, https:\/\/www.gruenes-grenzland.net\/wp-content\/uploads\/2025\/11\/Bijlage-1-Kop-Mededeling-GS-8-okober-2025-768x345.jpg 768w, https:\/\/www.gruenes-grenzland.net\/wp-content\/uploads\/2025\/11\/Bijlage-1-Kop-Mededeling-GS-8-okober-2025-18x8.jpg 18w\" sizes=\"(max-width: 840px) 100vw, 840px\" \/>\t\t\t\t\t\t\t\t\t\t\t\t\t\t\t<\/div>\n\t\t\t\t<\/div>\n\t\t\t\t\t<\/div>\n\t\t<\/div>\n\t\t\t\t\t<\/div>\n\t\t<\/section>\n\t\t\t\t<section class=\"elementor-section elementor-top-section elementor-element elementor-element-dd53d5c elementor-section-boxed elementor-section-height-default elementor-section-height-default\" data-id=\"dd53d5c\" data-element_type=\"section\" data-e-type=\"section\" data-settings=\"{&quot;background_background&quot;:&quot;classic&quot;}\">\n\t\t\t\t\t\t<div class=\"elementor-container elementor-column-gap-default\">\n\t\t\t\t\t<div class=\"elementor-column elementor-col-100 elementor-top-column elementor-element elementor-element-d406f91\" data-id=\"d406f91\" data-element_type=\"column\" data-e-type=\"column\">\n\t\t\t<div class=\"elementor-widget-wrap elementor-element-populated\">\n\t\t\t\t\t\t<div class=\"elementor-element elementor-element-a04a6ce elementor-widget elementor-widget-text-editor\" data-id=\"a04a6ce\" data-element_type=\"widget\" data-e-type=\"widget\" data-widget_type=\"text-editor.default\">\n\t\t\t\t<div class=\"elementor-widget-container\">\n\t\t\t\t\t\t\t\t\t<p style=\"font-weight: 400;\">Gr\u00fcnes Grenzland hat gemeinsam mit dem Umwelt- und Heimatverein Swalmen am 17. November 2025 Einspruch gegen die Entscheidung der Provinz Limburg eingelegt, das Berufungsverfahren vor dem Oberverwaltungsgericht in M\u00fcnster einzustellen. Wir sind der Meinung, dass diese Entscheidung unzul\u00e4ssig getroffen wurde, ohne die erforderliche Sorgfalt und ohne Umwelt Pr\u00fcfung.<\/p><p style=\"font-weight: 400;\">Die Umst\u00e4nde der R\u00fccknahme bereiten Groen Grensland gro\u00dfe Sorgen. Die Provinz hatte zun\u00e4chst zu Recht beschlossen, Berufung einzulegen, da nicht ausgeschlossen werden konnte, dass das umfangreiche Industriegebiet negative Auswirkungen auf Natura-2000-Gebiete haben w\u00fcrde. Dennoch wurde die Berufung weniger als zwei Wochen sp\u00e4ter zur\u00fcckgezogen, ohne neue Untersuchung, ohne inhaltliche Begr\u00fcndung und ohne das Mandat der Provinzialstaaten. Was f\u00fcr uns besonders schwer wiegt, ist, dass die deutsche Gemeinde Niederkr\u00fcchten die R\u00fccknahme bereits am 2. Oktober 2025 bekannt gegeben hat, w\u00e4hrend die Provinzstaaten erst sechs Tage sp\u00e4ter offiziell informiert wurden. Das erweckt den Eindruck, dass sich die Provinz eher vom Druck der deutschen Verwaltung als vom Schutz der niederl\u00e4ndischen Natur leiten lie\u00df.<\/p><p style=\"font-weight: 400;\">Die Provinz bezeichnet die R\u00fccknahme als \u201eMitteilung\u201c, aber das ist unserer Meinung nach nicht richtig. Die Beendigung eines laufenden Berufungsverfahrens hat direkte Auswirkungen auf B\u00fcrger und Naturschutzorganisationen. Sie ver\u00e4ndert unsere Rechtsstellung, nimmt uns den Zugang zu den Gerichten, l\u00e4sst tats\u00e4chliche Auswirkungen auf die Umwelt zu und schr\u00e4nkt die demokratische Kontrolle ein. Damit handelt es sich zweifellos um eine Entscheidung mit \u00f6ffentlich-rechtlicher Wirkung. Daher ist unser Einspruch in vollem Umfang zul\u00e4ssig.<\/p><p style=\"font-weight: 400;\">Die Naturrisiken, gegen die wir uns wehren, sind betr\u00e4chtlich. Der Javelin Park Ost wird etwas mehr als einen Kilometer von der niederl\u00e4ndischen Grenze entfernt gebaut und grenzt direkt an sensible Gebiete wie De Meinweg. Der Bau und die k\u00fcnftige Nutzung des Industriegebiets k\u00f6nnen zu einer zus\u00e4tzlichen Stickstoffbelastung, einer Zunahme des Verkehrsaufkommens \u2013 voraussichtlich etwa 20.000 Fahrzeuge pro Tag \u2013, einem Absinken des Grundwasserspiegels, Lichtverschmutzung, L\u00e4rmbel\u00e4stigung und St\u00f6rungen gesch\u00fctzter Arten f\u00fchren.<\/p><p>Deshalb haben wir diesen Einspruch eingereicht: um sicherzustellen, dass die Vorschriften eingehalten werden, dass unsere Natur gesch\u00fctzt bleibt und dass die Provinz die richtigen Entscheidungen f\u00fcr Mensch und Umwelt trifft.<\/p><p>Der vollst\u00e4ndige Text kann unter den folgende Link heruntergeladen werden:<br \/><a href=\"https:\/\/www.gruenes-grenzland.net\/wp-content\/uploads\/2025\/11\/0-Bezwaarschrift-tegen-intrekking-procedure-OVG-Muenster-Bebauungsplan-Elmpt-131-Javelin-Park-Ost-17-11-2025-MET-9-BIJLAGEN-EN-ONDERTEKEND-DPI-170-.pdf\">Widerspruch<\/a><\/p>\t\t\t\t\t\t\t\t<\/div>\n\t\t\t\t<\/div>\n\t\t\t\t\t<\/div>\n\t\t<\/div>\n\t\t\t\t\t<\/div>\n\t\t<\/section>\n\t\t\t\t<section class=\"elementor-section elementor-top-section elementor-element elementor-element-c4de80a elementor-section-boxed elementor-section-height-default elementor-section-height-default\" data-id=\"c4de80a\" data-element_type=\"section\" data-e-type=\"section\">\n\t\t\t\t\t\t<div class=\"elementor-container elementor-column-gap-default\">\n\t\t\t\t\t<div class=\"elementor-column elementor-col-100 elementor-top-column elementor-element elementor-element-2425934\" data-id=\"2425934\" data-element_type=\"column\" data-e-type=\"column\">\n\t\t\t<div class=\"elementor-widget-wrap elementor-element-populated\">\n\t\t\t\t\t\t<div class=\"elementor-element elementor-element-6ae5f3a elementor-widget-divider--view-line elementor-widget elementor-widget-divider\" data-id=\"6ae5f3a\" data-element_type=\"widget\" data-e-type=\"widget\" data-widget_type=\"divider.default\">\n\t\t\t\t<div class=\"elementor-widget-container\">\n\t\t\t\t\t\t\t<div class=\"elementor-divider\">\n\t\t\t<span class=\"elementor-divider-separator\">\n\t\t\t\t\t\t<\/span>\n\t\t<\/div>\n\t\t\t\t\t\t<\/div>\n\t\t\t\t<\/div>\n\t\t\t\t\t<\/div>\n\t\t<\/div>\n\t\t\t\t\t<\/div>\n\t\t<\/section>\n\t\t\t\t<section class=\"elementor-section elementor-top-section elementor-element elementor-element-029fbb6 elementor-section-boxed elementor-section-height-default elementor-section-height-default\" data-id=\"029fbb6\" data-element_type=\"section\" data-e-type=\"section\" data-settings=\"{&quot;background_background&quot;:&quot;classic&quot;}\">\n\t\t\t\t\t\t<div class=\"elementor-container elementor-column-gap-default\">\n\t\t\t\t\t<div class=\"elementor-column elementor-col-100 elementor-top-column elementor-element elementor-element-1096a4e\" data-id=\"1096a4e\" data-element_type=\"column\" data-e-type=\"column\">\n\t\t\t<div class=\"elementor-widget-wrap elementor-element-populated\">\n\t\t\t\t\t\t<div class=\"elementor-element elementor-element-bc68b91 elementor-widget elementor-widget-text-editor\" data-id=\"bc68b91\" data-element_type=\"widget\" data-e-type=\"widget\" data-widget_type=\"text-editor.default\">\n\t\t\t\t<div class=\"elementor-widget-container\">\n\t\t\t\t\t\t\t\t\t<p><strong>Modifizierter Bebauungsplan Elm 131 mit Wall: zum Scheitern verurteilt<\/strong><\/p>\t\t\t\t\t\t\t\t<\/div>\n\t\t\t\t<\/div>\n\t\t\t\t\t<\/div>\n\t\t<\/div>\n\t\t\t\t\t<\/div>\n\t\t<\/section>\n\t\t\t\t<section class=\"elementor-section elementor-top-section elementor-element elementor-element-b6da305 elementor-section-boxed elementor-section-height-default elementor-section-height-default\" data-id=\"b6da305\" data-element_type=\"section\" data-e-type=\"section\" data-settings=\"{&quot;background_background&quot;:&quot;classic&quot;}\">\n\t\t\t\t\t\t<div class=\"elementor-container elementor-column-gap-default\">\n\t\t\t\t\t<div class=\"elementor-column elementor-col-100 elementor-top-column elementor-element elementor-element-fbdb140\" data-id=\"fbdb140\" data-element_type=\"column\" data-e-type=\"column\">\n\t\t\t<div class=\"elementor-widget-wrap elementor-element-populated\">\n\t\t\t\t\t\t<div class=\"elementor-element elementor-element-21fa355 elementor-widget elementor-widget-image\" data-id=\"21fa355\" data-element_type=\"widget\" data-e-type=\"widget\" data-widget_type=\"image.default\">\n\t\t\t\t<div class=\"elementor-widget-container\">\n\t\t\t\t\t\t\t\t\t\t\t\t\t\t\t<img loading=\"lazy\" decoding=\"async\" width=\"1024\" height=\"1024\" src=\"https:\/\/www.gruenes-grenzland.net\/wp-content\/uploads\/2025\/09\/Elmpt-Wall-mit-Mega-Hallen-inikativer-KI-1024x1024.jpg\" class=\"attachment-large size-large wp-image-23385\" alt=\"\" srcset=\"https:\/\/www.gruenes-grenzland.net\/wp-content\/uploads\/2025\/09\/Elmpt-Wall-mit-Mega-Hallen-inikativer-KI-1024x1024.jpg 1024w, https:\/\/www.gruenes-grenzland.net\/wp-content\/uploads\/2025\/09\/Elmpt-Wall-mit-Mega-Hallen-inikativer-KI-300x300.jpg 300w, https:\/\/www.gruenes-grenzland.net\/wp-content\/uploads\/2025\/09\/Elmpt-Wall-mit-Mega-Hallen-inikativer-KI-150x150.jpg 150w, https:\/\/www.gruenes-grenzland.net\/wp-content\/uploads\/2025\/09\/Elmpt-Wall-mit-Mega-Hallen-inikativer-KI-768x768.jpg 768w, https:\/\/www.gruenes-grenzland.net\/wp-content\/uploads\/2025\/09\/Elmpt-Wall-mit-Mega-Hallen-inikativer-KI-12x12.jpg 12w, https:\/\/www.gruenes-grenzland.net\/wp-content\/uploads\/2025\/09\/Elmpt-Wall-mit-Mega-Hallen-inikativer-KI.jpg 1200w\" sizes=\"(max-width: 1024px) 100vw, 1024px\" \/>\t\t\t\t\t\t\t\t\t\t\t\t\t\t\t<\/div>\n\t\t\t\t<\/div>\n\t\t\t\t\t<\/div>\n\t\t<\/div>\n\t\t\t\t\t<\/div>\n\t\t<\/section>\n\t\t\t\t<section class=\"elementor-section elementor-top-section elementor-element elementor-element-cf421cd elementor-section-boxed elementor-section-height-default elementor-section-height-default\" data-id=\"cf421cd\" data-element_type=\"section\" data-e-type=\"section\" data-settings=\"{&quot;background_background&quot;:&quot;classic&quot;}\">\n\t\t\t\t\t\t<div class=\"elementor-container elementor-column-gap-default\">\n\t\t\t\t\t<div class=\"elementor-column elementor-col-100 elementor-top-column elementor-element elementor-element-2eab208\" data-id=\"2eab208\" data-element_type=\"column\" data-e-type=\"column\">\n\t\t\t<div class=\"elementor-widget-wrap elementor-element-populated\">\n\t\t\t\t\t\t<div class=\"elementor-element elementor-element-a1e9c72 elementor-widget elementor-widget-text-editor\" data-id=\"a1e9c72\" data-element_type=\"widget\" data-e-type=\"widget\" data-widget_type=\"text-editor.default\">\n\t\t\t\t<div class=\"elementor-widget-container\">\n\t\t\t\t\t\t\t\t\t<p>Der Gemeinderat von Niederkr\u00fcchten hat am 17. September 2024 den Bebauungsplan Elm-131 \u201eJavelin Park Ost\u201c beschlossen. Mit der Ver\u00f6ffentlichung am 26. September 2024 trat dieser rechtsverbindlich in Kraft.<br \/>Auf Antrag des Landesamtes f\u00fcr Naturschutzverb\u00e4nde NRW wurde der Plan jedoch gerichtlich \u00fcberpr\u00fcft. Das Oberverwaltungsgericht Nordrhein-Westfalen (OVG) setzte den Bebauungsplan am 28. April 2025 vorl\u00e4ufig au\u00dfer Vollzug, bis \u00fcber den Normenkontrollantrag endg\u00fcltig entschieden ist. Damit ruht die Umsetzung des Industriegebiets vorerst.<\/p><p>Die Gemeinde versucht nun, die im Gerichtsurteil angef\u00fchrten Fehler zu korrigieren. Diese \"verbesserte Fassung\" wurde als erneuter Beschluss zum Bebauungsplan Elm-131 \"Javelin Park Ost\" in der Sitzung des Ausschusses f\u00fcr Planung, Verkehr und Grundst\u00fccksangelegenheite am 18. September und im Gemeinderat am 9. Oktober verabschiedet.<\/p><p>Die einzige Ma\u00dfnahme, die die Gemeinde vorschl\u00e4gt, ist die Errichtung eines Erdwalls, um Licht- und L\u00e4rmbel\u00e4stigungen vom Gewerbegebiet in Richtung Vogelschutzgebiet zu begrenzen. Das klingt gut, aber ein 8 Meter hoher Wall kann unm\u00f6glich wirksam sein, wenn die geplanten Hallen dahinter 30 bis 40 Meter hoch sind. Au\u00dferdem m\u00fcssen f\u00fcr den Wall wichtige Magerrasenfl\u00e4chen weichen.<\/p><p>Damit bleibt das eigentliche Problem ungel\u00f6st: Ein Industriegebiet dieser Gr\u00f6\u00dfenordnung ist an diesem Standort schlicht fehl am Platz.<\/p><p class=\" translation-block\"><a href=\"https:\/\/www.gruenes-grenzland.net\/wp-content\/uploads\/2025\/11\/GrGr-Stellingnahme-Elmpt_BP-Ost_Wall_-17-09-2025-DE.docx\" target=\"_self\">Stellungnahme DE (Intern)<\/a><br><a href=\"https:\/\/www.gruenes-grenzland.net\/wp-content\/uploads\/2025\/11\/GrGr-Stellingnahme-Elmpt_BP-Ost_Wall_-16-09-2025-NL.docx\" target=\"_self\">Stellungnahme NL (Intern)<\/a><\/p>\t\t\t\t\t\t\t\t<\/div>\n\t\t\t\t<\/div>\n\t\t\t\t\t<\/div>\n\t\t<\/div>\n\t\t\t\t\t<\/div>\n\t\t<\/section>\n\t\t\t\t<section class=\"elementor-section elementor-top-section elementor-element elementor-element-c98c853 elementor-section-boxed elementor-section-height-default elementor-section-height-default\" data-id=\"c98c853\" data-element_type=\"section\" data-e-type=\"section\">\n\t\t\t\t\t\t<div class=\"elementor-container elementor-column-gap-default\">\n\t\t\t\t\t<div class=\"elementor-column elementor-col-100 elementor-top-column elementor-element elementor-element-999f237\" data-id=\"999f237\" data-element_type=\"column\" data-e-type=\"column\">\n\t\t\t<div class=\"elementor-widget-wrap elementor-element-populated\">\n\t\t\t\t\t\t<div class=\"elementor-element elementor-element-f566b4f elementor-widget-divider--view-line elementor-widget elementor-widget-divider\" data-id=\"f566b4f\" data-element_type=\"widget\" data-e-type=\"widget\" data-widget_type=\"divider.default\">\n\t\t\t\t<div class=\"elementor-widget-container\">\n\t\t\t\t\t\t\t<div class=\"elementor-divider\">\n\t\t\t<span class=\"elementor-divider-separator\">\n\t\t\t\t\t\t<\/span>\n\t\t<\/div>\n\t\t\t\t\t\t<\/div>\n\t\t\t\t<\/div>\n\t\t\t\t\t<\/div>\n\t\t<\/div>\n\t\t\t\t\t<\/div>\n\t\t<\/section>\n\t\t\t\t<section class=\"elementor-section elementor-top-section elementor-element elementor-element-226a5e0 elementor-section-boxed elementor-section-height-default elementor-section-height-default\" data-id=\"226a5e0\" data-element_type=\"section\" data-e-type=\"section\" data-settings=\"{&quot;background_background&quot;:&quot;classic&quot;}\">\n\t\t\t\t\t\t<div class=\"elementor-container elementor-column-gap-default\">\n\t\t\t\t\t<div class=\"elementor-column elementor-col-100 elementor-top-column elementor-element elementor-element-3a63e00\" data-id=\"3a63e00\" data-element_type=\"column\" data-e-type=\"column\">\n\t\t\t<div class=\"elementor-widget-wrap elementor-element-populated\">\n\t\t\t\t\t\t<div class=\"elementor-element elementor-element-4ef2267 elementor-widget elementor-widget-text-editor\" data-id=\"4ef2267\" data-element_type=\"widget\" data-e-type=\"widget\" data-widget_type=\"text-editor.default\">\n\t\t\t\t<div class=\"elementor-widget-container\">\n\t\t\t\t\t\t\t\t\t<p><strong>Deutsches Gerichtsurteil best\u00e4tigt Risiken f\u00fcr die Grenznatur:<br \/>Provinz Limburg sieht gro\u00dfe M\u00e4ngel im Javelinpark-Plan<\/strong><\/p>\t\t\t\t\t\t\t\t<\/div>\n\t\t\t\t<\/div>\n\t\t\t\t\t<\/div>\n\t\t<\/div>\n\t\t\t\t\t<\/div>\n\t\t<\/section>\n\t\t\t\t<section class=\"elementor-section elementor-top-section elementor-element elementor-element-ab4f011 elementor-section-boxed elementor-section-height-default elementor-section-height-default\" data-id=\"ab4f011\" data-element_type=\"section\" data-e-type=\"section\" data-settings=\"{&quot;background_background&quot;:&quot;classic&quot;}\">\n\t\t\t\t\t\t<div class=\"elementor-container elementor-column-gap-default\">\n\t\t\t\t\t<div class=\"elementor-column elementor-col-100 elementor-top-column elementor-element elementor-element-d8fa235\" data-id=\"d8fa235\" data-element_type=\"column\" data-e-type=\"column\">\n\t\t\t<div class=\"elementor-widget-wrap elementor-element-populated\">\n\t\t\t\t\t\t<div class=\"elementor-element elementor-element-033c852 elementor-widget elementor-widget-text-editor\" data-id=\"033c852\" data-element_type=\"widget\" data-e-type=\"widget\" data-widget_type=\"text-editor.default\">\n\t\t\t\t<div class=\"elementor-widget-container\">\n\t\t\t\t\t\t\t\t\t<p>Bekanntlich hat das deutsche Verwaltungsgericht den Fl\u00e4chennutzungsplan f\u00fcr das Gewerbegebiet Javelin Park in Niederkr\u00fcchten vorl\u00e4ufig aufgehoben. Das Urteil des Oberverwaltungsgerichts Nordrhein-Westfalen vom 28. April best\u00e4tigt, worauf Gr\u00fcnes Grenzland schon seit einiger Zeit hinweist: Der Plan stellt eine ernsthafte Bedrohung f\u00fcr die empfindliche Natur in der Grenzregion dar, unter anderem f\u00fcr das Natura-2000-Gebiet De Meinweg. Dem schlie\u00dft sich nun auch die Provinz Limburg (2. Juli 2025) an.<\/p><p>Provinz kritisch: Europ\u00e4isches Naturschutzrecht muss leiten<strong><br \/><\/strong>In ihrer j\u00fcngsten Antwort auf Fragen von GroenLinks an Staten erkennt die Provinz Limburg die vom Gericht aufgezeigten M\u00e4ngel an. Obwohl sich die Gemeinde Niederkr\u00fcchten auf die milderen deutschen Stickstoffnormen (die H PSE-Richtlinie) beruft, betont die Provinz, dass die europ\u00e4ische Habitatrichtlinie und die Vogelschutzrichtlinie ausschlaggebend sind. Nur wenn eine Beeintr\u00e4chtigung der Natur mit wissenschaftlicher Sicherheit ausgeschlossen werden kann, darf ein Vorhaben wie der Javelin Park genehmigt werden.<\/p><p>Noch keine Entscheidung \u00fcber den Einspruch - aber der Druck w\u00e4chst<strong><br \/><\/strong>Die Provinz hat noch keine f\u00f6rmliche Entscheidung \u00fcber die Einlegung eines Einspruchs getroffen, teilt aber mit, dass weitere Untersuchungen erforderlich sind. Die Frist f\u00fcr Einspr\u00fcche endet am 26. September 2025. Gr\u00fcnes Grenzland fordert die Provinz auf, sich aktiv f\u00fcr ihre Natura 2000-Gebiete einzusetzen und ihre rechtlichen M\u00f6glichkeiten zur Einwendung zu nutzen.<\/p><p>Warnung: Stickstoffgewinne drohen zunichte gemacht zu werden<br \/>Die Provinz Limburg investiert derzeit stark in die Stickstoffreduzierung, unter anderem durch den Limburgs Offensief Stikstof (LOS) und mit staatlicher Unterst\u00fctzung f\u00fcr Unternehmen wie Rockwool. Diese Bem\u00fchungen drohen jedoch durch neue Stickstoffeintr\u00e4ge aus Deutschland, unter anderem durch den Verkehr und die Aktivit\u00e4ten im Javelin Park, zunichte gemacht zu werden. Die Provinz bezeichnet diese Entwicklung als \"absolut unerw\u00fcnscht\" - ein Urteil, das Gr\u00fcnes Grenzland voll und ganz teilt.<\/p><p>Pl\u00e4doyer f\u00fcr einen grenz\u00fcberschreitenden Ansatz<br \/>Die Provinz setzt sich f\u00fcr eine intensivere Zusammenarbeit mit Deutschland und Flandern ein, um ein gemeinsames Konzept f\u00fcr grenz\u00fcberschreitende Stickstoffemissionen zu erreichen. Nach Ansicht von Gr\u00fcnes Grenzland  ist es wichtig, dass dabei Vereinbarungen \u00fcber gemeinsame Bewertungsrahmen und klare Standards auf der Grundlage europ\u00e4ischer Richtlinien getroffen werden. Nur so k\u00f6nnen zuk\u00fcnftige Konflikte und Umweltsch\u00e4den vermieden werden.<\/p><p>Folgema\u00dfnahmen erforderlich: vollst\u00e4ndige Stickstoffanalyse fehlt<br \/>Schlie\u00dflich geht aus der Antwort der Provinz hervor, dass die derzeitigen Pl\u00e4ne nur die Stickstoffemissionen des Verkehrs ber\u00fccksichtigen. Die Emissionen k\u00fcnftiger Unternehmen sind noch nicht berechnet worden. Dadurch wird das tats\u00e4chliche Stickstoffrisiko untersch\u00e4tzt. Gr\u00fcnes Grenzland fordert eine zus\u00e4tzliche \u00f6kologische Bewertung unter Einbeziehung aller Stickstoffquellen.<\/p><p>Die vollst\u00e4ndigen Antworten auf die schriftlichen Fragen finden Sie <a href=\"https:\/\/limburg.bestuurlijkeinformatie.nl\/Reports\/Document\/dea7fd24-cedd-487f-aa11-7f1f232cdaf4?documentId=91a5f190-14d6-45c9-a23c-dbb32b950eaa\" target=\"_blank\" rel=\"noopener\">hier<\/a><\/p>\t\t\t\t\t\t\t\t<\/div>\n\t\t\t\t<\/div>\n\t\t\t\t\t<\/div>\n\t\t<\/div>\n\t\t\t\t\t<\/div>\n\t\t<\/section>\n\t\t\t\t<section class=\"elementor-section elementor-top-section elementor-element elementor-element-3a4ce23 elementor-section-boxed elementor-section-height-default elementor-section-height-default\" data-id=\"3a4ce23\" data-element_type=\"section\" data-e-type=\"section\">\n\t\t\t\t\t\t<div class=\"elementor-container elementor-column-gap-default\">\n\t\t\t\t\t<div class=\"elementor-column elementor-col-100 elementor-top-column elementor-element elementor-element-c3b5643\" data-id=\"c3b5643\" data-element_type=\"column\" data-e-type=\"column\">\n\t\t\t<div class=\"elementor-widget-wrap elementor-element-populated\">\n\t\t\t\t\t\t<div class=\"elementor-element elementor-element-ccb7223 elementor-widget-divider--view-line elementor-widget elementor-widget-divider\" data-id=\"ccb7223\" data-element_type=\"widget\" data-e-type=\"widget\" data-widget_type=\"divider.default\">\n\t\t\t\t<div class=\"elementor-widget-container\">\n\t\t\t\t\t\t\t<div class=\"elementor-divider\">\n\t\t\t<span class=\"elementor-divider-separator\">\n\t\t\t\t\t\t<\/span>\n\t\t<\/div>\n\t\t\t\t\t\t<\/div>\n\t\t\t\t<\/div>\n\t\t\t\t\t<\/div>\n\t\t<\/div>\n\t\t\t\t\t<\/div>\n\t\t<\/section>\n\t\t\t\t<section class=\"elementor-section elementor-top-section elementor-element elementor-element-4c532d4 elementor-section-boxed elementor-section-height-default elementor-section-height-default\" data-id=\"4c532d4\" data-element_type=\"section\" data-e-type=\"section\" data-settings=\"{&quot;background_background&quot;:&quot;classic&quot;}\">\n\t\t\t\t\t\t<div class=\"elementor-container elementor-column-gap-default\">\n\t\t\t\t\t<div class=\"elementor-column elementor-col-100 elementor-top-column elementor-element elementor-element-c31494b\" data-id=\"c31494b\" data-element_type=\"column\" data-e-type=\"column\">\n\t\t\t<div class=\"elementor-widget-wrap elementor-element-populated\">\n\t\t\t\t\t\t<div class=\"elementor-element elementor-element-1640eb7 elementor-widget elementor-widget-text-editor\" data-id=\"1640eb7\" data-element_type=\"widget\" data-e-type=\"widget\" data-widget_type=\"text-editor.default\">\n\t\t\t\t<div class=\"elementor-widget-container\">\n\t\t\t\t\t\t\t\t\t<p><strong>Das Naturgebiet Elmpt ist vorl\u00e4ufig gerettet <br \/>- ein wichtiger Sieg f\u00fcr Mensch und Umwelt -<\/strong><\/p>\t\t\t\t\t\t\t\t<\/div>\n\t\t\t\t<\/div>\n\t\t\t\t\t<\/div>\n\t\t<\/div>\n\t\t\t\t\t<\/div>\n\t\t<\/section>\n\t\t\t\t<section class=\"elementor-section elementor-top-section elementor-element elementor-element-733793d elementor-section-boxed elementor-section-height-default elementor-section-height-default\" data-id=\"733793d\" data-element_type=\"section\" data-e-type=\"section\" data-settings=\"{&quot;background_background&quot;:&quot;classic&quot;}\">\n\t\t\t\t\t\t<div class=\"elementor-container elementor-column-gap-default\">\n\t\t\t\t\t<div class=\"elementor-column elementor-col-50 elementor-top-column elementor-element elementor-element-6ec3dcd\" data-id=\"6ec3dcd\" data-element_type=\"column\" data-e-type=\"column\">\n\t\t\t<div class=\"elementor-widget-wrap elementor-element-populated\">\n\t\t\t\t\t\t<div class=\"elementor-element elementor-element-1992cdb elementor-widget elementor-widget-text-editor\" data-id=\"1992cdb\" data-element_type=\"widget\" data-e-type=\"widget\" data-widget_type=\"text-editor.default\">\n\t\t\t\t<div class=\"elementor-widget-container\">\n\t\t\t\t\t\t\t\t\t<p>Am 28. April 2025 hat das Oberverwaltungsgericht in M\u00fcnster einen wichtigen Beschluss gefasst: Der Bebauungsplan f\u00fcr den ehemaligen Flughafen ist einstweilig au\u00dfer Kraft gesetzt. Das bedeutet, dass dort keine Bauarbeiten stattfinden d\u00fcrfen, bis das Hauptverfahren abgeschlossen ist. Der Antrag auf einstweilige Verf\u00fcgung ist damit erfolgreich abgeschlossen und das Gericht l\u00e4sst dabei keine Berufung zu.<\/p><p>Dieser Beschluss erkennt die Risiken, die das geplante Industrie- und Gewerbegebiet mit sich bringen. Das Gericht stellte fest, dass der m\u00f6gliche Schaden an dem Vogelschutzgebiet so schwerwiegend sein k\u00f6nnte, dass vorsorgliche alle Arbeiten sofort stillgelegt werden mussten.\u00a0<\/p>\t\t\t\t\t\t\t\t<\/div>\n\t\t\t\t<\/div>\n\t\t\t\t\t<\/div>\n\t\t<\/div>\n\t\t\t\t<div class=\"elementor-column elementor-col-50 elementor-top-column elementor-element elementor-element-6b64fe3\" data-id=\"6b64fe3\" data-element_type=\"column\" data-e-type=\"column\">\n\t\t\t<div class=\"elementor-widget-wrap elementor-element-populated\">\n\t\t\t\t\t\t<div class=\"elementor-element elementor-element-d60bb7f elementor-widget elementor-widget-image\" data-id=\"d60bb7f\" data-element_type=\"widget\" data-e-type=\"widget\" data-widget_type=\"image.default\">\n\t\t\t\t<div class=\"elementor-widget-container\">\n\t\t\t\t\t\t\t\t\t\t\t\t\t\t\t<img loading=\"lazy\" decoding=\"async\" width=\"1024\" height=\"828\" src=\"https:\/\/www.gruenes-grenzland.net\/wp-content\/uploads\/2025\/05\/GrGr-Elmpt-Gewerbe-in-Natur-vierkant-slogan-1-1024x828.jpg\" class=\"attachment-large size-large wp-image-21104\" alt=\"\" srcset=\"https:\/\/www.gruenes-grenzland.net\/wp-content\/uploads\/2025\/05\/GrGr-Elmpt-Gewerbe-in-Natur-vierkant-slogan-1-1024x828.jpg 1024w, https:\/\/www.gruenes-grenzland.net\/wp-content\/uploads\/2025\/05\/GrGr-Elmpt-Gewerbe-in-Natur-vierkant-slogan-1-300x243.jpg 300w, https:\/\/www.gruenes-grenzland.net\/wp-content\/uploads\/2025\/05\/GrGr-Elmpt-Gewerbe-in-Natur-vierkant-slogan-1-768x621.jpg 768w, https:\/\/www.gruenes-grenzland.net\/wp-content\/uploads\/2025\/05\/GrGr-Elmpt-Gewerbe-in-Natur-vierkant-slogan-1-1536x1243.jpg 1536w, https:\/\/www.gruenes-grenzland.net\/wp-content\/uploads\/2025\/05\/GrGr-Elmpt-Gewerbe-in-Natur-vierkant-slogan-1-15x12.jpg 15w, https:\/\/www.gruenes-grenzland.net\/wp-content\/uploads\/2025\/05\/GrGr-Elmpt-Gewerbe-in-Natur-vierkant-slogan-1.jpg 1702w\" sizes=\"(max-width: 1024px) 100vw, 1024px\" \/>\t\t\t\t\t\t\t\t\t\t\t\t\t\t\t<\/div>\n\t\t\t\t<\/div>\n\t\t\t\t\t<\/div>\n\t\t<\/div>\n\t\t\t\t\t<\/div>\n\t\t<\/section>\n\t\t\t\t<section class=\"elementor-section elementor-top-section elementor-element elementor-element-5ed80f6 elementor-section-boxed elementor-section-height-default elementor-section-height-default\" data-id=\"5ed80f6\" data-element_type=\"section\" data-e-type=\"section\" data-settings=\"{&quot;background_background&quot;:&quot;classic&quot;}\">\n\t\t\t\t\t\t<div class=\"elementor-container elementor-column-gap-default\">\n\t\t\t\t\t<div class=\"elementor-column elementor-col-100 elementor-top-column elementor-element elementor-element-c90196e\" data-id=\"c90196e\" data-element_type=\"column\" data-e-type=\"column\">\n\t\t\t<div class=\"elementor-widget-wrap elementor-element-populated\">\n\t\t\t\t\t\t<div class=\"elementor-element elementor-element-92bc900 elementor-widget elementor-widget-text-editor\" data-id=\"92bc900\" data-element_type=\"widget\" data-e-type=\"widget\" data-widget_type=\"text-editor.default\">\n\t\t\t\t<div class=\"elementor-widget-container\">\n\t\t\t\t\t\t\t\t\t<p>Dies ist ein hoffnungsvolles Signal f\u00fcr alle, die sich f\u00fcr den Erhalt unserer Natur einsetzen. \nDas Industriegebiet soll inmitten eines einmaligen, grenz\u00fcberschreitenden Naturgebietes von europ\u00e4ischer Bedeutung angelegt werden. Anstelle von Naturerhalt soll hier das gr\u00f6\u00dfte neue Industriegebiet von NRW entstehen. Was als Fortschritt pr\u00e4sentiert wird, bedeutet in Wirklichkeit Verlust von Biodiversit\u00e4t, von Ruhe, von landschaftlichem Wert. In dieser Karte ist erkennbar, wie einschneidend dieses Industriegebiet in das Naturgebiet w\u00e4re.<br \/>Aber dies ist nicht n\u00f6tig, denn Untersuchungen haben gezeigt, dass es gen\u00fcgend geeignete Lokalit\u00e4ten auf den bereits bestehenden Industrie- und Gewerbefl\u00e4chen gibt. Diese Fl\u00e4chen haben weniger \u00f6kologischen Einfluss und sind gut an die bereits bestehende Infrastruktur angeschlossen. Die unten stehende Karte zeigt diese M\u00f6glichkeiten auf und unterstreicht, dass die gew\u00e4hlte Planung alles andere als n\u00f6tig ist<\/p>\t\t\t\t\t\t\t\t<\/div>\n\t\t\t\t<\/div>\n\t\t\t\t\t<\/div>\n\t\t<\/div>\n\t\t\t\t\t<\/div>\n\t\t<\/section>\n\t\t\t\t<section class=\"elementor-section elementor-top-section elementor-element elementor-element-4857fc5 elementor-section-boxed elementor-section-height-default elementor-section-height-default\" data-id=\"4857fc5\" data-element_type=\"section\" data-e-type=\"section\" data-settings=\"{&quot;background_background&quot;:&quot;classic&quot;}\">\n\t\t\t\t\t\t<div class=\"elementor-container elementor-column-gap-default\">\n\t\t\t\t\t<div class=\"elementor-column elementor-col-100 elementor-top-column elementor-element elementor-element-8976072\" data-id=\"8976072\" data-element_type=\"column\" data-e-type=\"column\">\n\t\t\t<div class=\"elementor-widget-wrap elementor-element-populated\">\n\t\t\t\t\t\t<div class=\"elementor-element elementor-element-bf09546 elementor-widget elementor-widget-image\" data-id=\"bf09546\" data-element_type=\"widget\" data-e-type=\"widget\" data-widget_type=\"image.default\">\n\t\t\t\t<div class=\"elementor-widget-container\">\n\t\t\t\t\t\t\t\t\t\t\t\t\t\t\t<img loading=\"lazy\" decoding=\"async\" width=\"1024\" height=\"724\" src=\"https:\/\/www.gruenes-grenzland.net\/wp-content\/uploads\/2025\/05\/Elmpt_Karte_Industriestandorte-in-der-region-NL-und-De-1024x724.jpg\" class=\"attachment-large size-large wp-image-21115\" alt=\"\" srcset=\"https:\/\/www.gruenes-grenzland.net\/wp-content\/uploads\/2025\/05\/Elmpt_Karte_Industriestandorte-in-der-region-NL-und-De-1024x724.jpg 1024w, https:\/\/www.gruenes-grenzland.net\/wp-content\/uploads\/2025\/05\/Elmpt_Karte_Industriestandorte-in-der-region-NL-und-De-300x212.jpg 300w, https:\/\/www.gruenes-grenzland.net\/wp-content\/uploads\/2025\/05\/Elmpt_Karte_Industriestandorte-in-der-region-NL-und-De-768x543.jpg 768w, https:\/\/www.gruenes-grenzland.net\/wp-content\/uploads\/2025\/05\/Elmpt_Karte_Industriestandorte-in-der-region-NL-und-De-1536x1086.jpg 1536w, https:\/\/www.gruenes-grenzland.net\/wp-content\/uploads\/2025\/05\/Elmpt_Karte_Industriestandorte-in-der-region-NL-und-De-2048x1448.jpg 2048w, https:\/\/www.gruenes-grenzland.net\/wp-content\/uploads\/2025\/05\/Elmpt_Karte_Industriestandorte-in-der-region-NL-und-De-18x12.jpg 18w\" sizes=\"(max-width: 1024px) 100vw, 1024px\" \/>\t\t\t\t\t\t\t\t\t\t\t\t\t\t\t<\/div>\n\t\t\t\t<\/div>\n\t\t\t\t\t<\/div>\n\t\t<\/div>\n\t\t\t\t\t<\/div>\n\t\t<\/section>\n\t\t\t\t<section class=\"elementor-section elementor-top-section elementor-element elementor-element-bea5a3c elementor-section-boxed elementor-section-height-default elementor-section-height-default\" data-id=\"bea5a3c\" data-element_type=\"section\" data-e-type=\"section\" data-settings=\"{&quot;background_background&quot;:&quot;classic&quot;}\">\n\t\t\t\t\t\t<div class=\"elementor-container elementor-column-gap-default\">\n\t\t\t\t\t<div class=\"elementor-column elementor-col-100 elementor-top-column elementor-element elementor-element-f27088d\" data-id=\"f27088d\" data-element_type=\"column\" data-e-type=\"column\">\n\t\t\t<div class=\"elementor-widget-wrap elementor-element-populated\">\n\t\t\t\t\t\t<div class=\"elementor-element elementor-element-2841942 elementor-widget elementor-widget-text-editor\" data-id=\"2841942\" data-element_type=\"widget\" data-e-type=\"widget\" data-widget_type=\"text-editor.default\">\n\t\t\t\t<div class=\"elementor-widget-container\">\n\t\t\t\t\t\t\t\t\t<p>Au\u00dferdem spricht die Gesetzgebung eine deutliche Sprache. Der Regionalplan NRW verbietet es, in wertvollen Naturgebieten neue Industriegebiete anzulegen, die nicht direkt an bestehende Bebauung angrenzen,s insbesondere wenn Alternativen vorhanden sind. Die Bebauungspl\u00e4ne kollidieren daher mit diesen Grunds\u00e4tzen.<\/p><p>Wer sich diesen Pl\u00e4nen widersetzt, ist weder gegen \u00f6konomische Entwicklung noch gegen Arbeitspl\u00e4tze. Im Gegenteil: Wir pl\u00e4dieren f\u00fcr vern\u00fcnftige Ma\u00dfnahmen, die die Wirtschaft st\u00e4rken ohne irreparable Sch\u00e4den anzurichten. Die richtigen Industriegebiete an den richtigen Stellen \u2013 darum geht es. Der Ort an dem die Gemeinde Niederkr\u00fcchten plant, bringt mehr Schaden als Nutzen.<\/p><p>Es ist inakzeptabel das kurzfristige Interessen einer Gemeindeverwaltung schwerer wiegen sollen als das Allgemeininteresse an Naturschutz, Lebensqualtit\u00e4t und nachhaltigem Tourismus. Wenn die Gemeinde auf Steuereink\u00fcnfte abzielt, stehen in der gesamten Region die der Einwohner, der Besucher und zuk\u00fcnftigen Generationen auf dem Spiel. Durch das Festhalten an diesen Pl\u00e4nen risikiert die Gemeinde nicht nur \u00f6kologischen Schaden, sondern auch wertvolle touristische und rekreative M\u00f6glichkeiten.<\/p><p>Der Gerichtsbeschluss markiert jetzt den Wendepunkt. Nun ist der Moment f\u00fcr einen Neuanfang, der ber\u00fccksichtigt was wirklich wertvoll ist. Nicht nur f\u00fcr Elmpt, sondern f\u00fcr jeden der \u00f6konomische Entwicklung und Respekt f\u00fcr Natur und Landschaft als Einheit sieht.<strong><em><br \/>Weitergehende Information: www.gruenes-grenzland.net | E-mail <\/em><\/strong>info@gruenes-grenzland.net<strong><em>\u00a0\u00a0\u00a0\u00a0\u00a0\u00a0 <\/em><\/strong><em>14.05.2025<\/em><\/p>\t\t\t\t\t\t\t\t<\/div>\n\t\t\t\t<\/div>\n\t\t\t\t\t<\/div>\n\t\t<\/div>\n\t\t\t\t\t<\/div>\n\t\t<\/section>\n\t\t\t\t<section class=\"elementor-section elementor-top-section elementor-element elementor-element-7fb0f09 elementor-section-boxed elementor-section-height-default elementor-section-height-default\" data-id=\"7fb0f09\" data-element_type=\"section\" data-e-type=\"section\" data-settings=\"{&quot;background_background&quot;:&quot;classic&quot;}\">\n\t\t\t\t\t\t<div class=\"elementor-container elementor-column-gap-default\">\n\t\t\t\t\t<div class=\"elementor-column elementor-col-100 elementor-top-column elementor-element elementor-element-d2cc350\" data-id=\"d2cc350\" data-element_type=\"column\" data-e-type=\"column\">\n\t\t\t<div class=\"elementor-widget-wrap elementor-element-populated\">\n\t\t\t\t\t\t<div class=\"elementor-element elementor-element-79cc6da elementor-widget-divider--view-line elementor-widget elementor-widget-divider\" data-id=\"79cc6da\" data-element_type=\"widget\" data-e-type=\"widget\" data-widget_type=\"divider.default\">\n\t\t\t\t<div class=\"elementor-widget-container\">\n\t\t\t\t\t\t\t<div class=\"elementor-divider\">\n\t\t\t<span class=\"elementor-divider-separator\">\n\t\t\t\t\t\t<\/span>\n\t\t<\/div>\n\t\t\t\t\t\t<\/div>\n\t\t\t\t<\/div>\n\t\t\t\t\t<\/div>\n\t\t<\/div>\n\t\t\t\t\t<\/div>\n\t\t<\/section>\n\t\t\t\t<section class=\"elementor-section elementor-top-section elementor-element elementor-element-a89d65e elementor-section-boxed elementor-section-height-default elementor-section-height-default\" data-id=\"a89d65e\" data-element_type=\"section\" data-e-type=\"section\" data-settings=\"{&quot;background_background&quot;:&quot;classic&quot;}\">\n\t\t\t\t\t\t<div class=\"elementor-container elementor-column-gap-default\">\n\t\t\t\t\t<div class=\"elementor-column elementor-col-100 elementor-top-column elementor-element elementor-element-7ea034d\" data-id=\"7ea034d\" data-element_type=\"column\" data-e-type=\"column\">\n\t\t\t<div class=\"elementor-widget-wrap elementor-element-populated\">\n\t\t\t\t\t\t<div class=\"elementor-element elementor-element-1947d13 elementor-widget elementor-widget-text-editor\" data-id=\"1947d13\" data-element_type=\"widget\" data-e-type=\"widget\" data-widget_type=\"text-editor.default\">\n\t\t\t\t<div class=\"elementor-widget-container\">\n\t\t\t\t\t\t\t\t\t<p><strong>Wichtiger Erfolg in Elmpt: Bebauungsplan vorl\u00e4ufig vom Oberverwaltungsgericht ausgesetzt<\/strong><\/p>\t\t\t\t\t\t\t\t<\/div>\n\t\t\t\t<\/div>\n\t\t\t\t\t<\/div>\n\t\t<\/div>\n\t\t\t\t\t<\/div>\n\t\t<\/section>\n\t\t\t\t<section class=\"elementor-section elementor-top-section elementor-element elementor-element-8e0dd3c elementor-section-boxed elementor-section-height-default elementor-section-height-default\" data-id=\"8e0dd3c\" data-element_type=\"section\" data-e-type=\"section\" data-settings=\"{&quot;background_background&quot;:&quot;classic&quot;}\">\n\t\t\t\t\t\t<div class=\"elementor-container elementor-column-gap-default\">\n\t\t\t\t\t<div class=\"elementor-column elementor-col-100 elementor-top-column elementor-element elementor-element-eee16e4\" data-id=\"eee16e4\" data-element_type=\"column\" data-e-type=\"column\">\n\t\t\t<div class=\"elementor-widget-wrap elementor-element-populated\">\n\t\t\t\t\t\t<div class=\"elementor-element elementor-element-ddf4e37 elementor-widget elementor-widget-text-editor\" data-id=\"ddf4e37\" data-element_type=\"widget\" data-e-type=\"widget\" data-widget_type=\"text-editor.default\">\n\t\t\t\t<div class=\"elementor-widget-container\">\n\t\t\t\t\t\t\t\t\t<p>28. April 2025, Urteil des Oberverwaltungsgerichts f\u00fcr das Land Nordrhein-Westfalen im Verfahren des einstweiligen Rechtsschutzes der Landesgemeinschaft Naturschutz und Umwelt Nordrhein-Westfalen e.V. gegen die Gemeinde Niederkr\u00fcchten zum Bebauungsplan Elmpt Ost, siehe<br \/><a href=\"https:\/\/www.gruenes-grenzland.net\/wp-content\/uploads\/2025\/04\/2025-04-28-Beschluss-ueber-einstweiligen-Rechtsschutzantrag.pdf\">https:\/\/www.gruenes-grenzland.net\/wp-content\/uploads\/2025\/04\/2025-04-28-Beschluss-ueber-einstweiligen-Rechtsschutzantrag.pdf<\/a><\/p>\t\t\t\t\t\t\t\t<\/div>\n\t\t\t\t<\/div>\n\t\t\t\t\t<\/div>\n\t\t<\/div>\n\t\t\t\t\t<\/div>\n\t\t<\/section>\n\t\t\t\t<section class=\"elementor-section elementor-top-section elementor-element elementor-element-363bcc1 elementor-section-boxed elementor-section-height-default elementor-section-height-default\" data-id=\"363bcc1\" data-element_type=\"section\" data-e-type=\"section\" data-settings=\"{&quot;background_background&quot;:&quot;classic&quot;}\">\n\t\t\t\t\t\t<div class=\"elementor-container elementor-column-gap-default\">\n\t\t\t\t\t<div class=\"elementor-column elementor-col-100 elementor-top-column elementor-element elementor-element-8617479\" data-id=\"8617479\" data-element_type=\"column\" data-e-type=\"column\">\n\t\t\t<div class=\"elementor-widget-wrap elementor-element-populated\">\n\t\t\t\t\t\t<div class=\"elementor-element elementor-element-02537db elementor-widget-divider--view-line elementor-widget elementor-widget-divider\" data-id=\"02537db\" data-element_type=\"widget\" data-e-type=\"widget\" data-widget_type=\"divider.default\">\n\t\t\t\t<div class=\"elementor-widget-container\">\n\t\t\t\t\t\t\t<div class=\"elementor-divider\">\n\t\t\t<span class=\"elementor-divider-separator\">\n\t\t\t\t\t\t<\/span>\n\t\t<\/div>\n\t\t\t\t\t\t<\/div>\n\t\t\t\t<\/div>\n\t\t\t\t\t<\/div>\n\t\t<\/div>\n\t\t\t\t\t<\/div>\n\t\t<\/section>\n\t\t\t\t<section class=\"elementor-section elementor-top-section elementor-element elementor-element-7be0d0d elementor-section-boxed elementor-section-height-default elementor-section-height-default\" data-id=\"7be0d0d\" data-element_type=\"section\" data-e-type=\"section\" data-settings=\"{&quot;background_background&quot;:&quot;gradient&quot;}\">\n\t\t\t\t\t\t<div class=\"elementor-container elementor-column-gap-default\">\n\t\t\t\t\t<div class=\"elementor-column elementor-col-100 elementor-top-column elementor-element elementor-element-baa5b58\" data-id=\"baa5b58\" data-element_type=\"column\" data-e-type=\"column\">\n\t\t\t<div class=\"elementor-widget-wrap elementor-element-populated\">\n\t\t\t\t\t\t<div class=\"elementor-element elementor-element-7453807 elementor-widget elementor-widget-text-editor\" data-id=\"7453807\" data-element_type=\"widget\" data-e-type=\"widget\" data-widget_type=\"text-editor.default\">\n\t\t\t\t<div class=\"elementor-widget-container\">\n\t\t\t\t\t\t\t\t\t<p><strong>Der Schriftsatz wurde eingereicht.<\/strong><\/p>\t\t\t\t\t\t\t\t<\/div>\n\t\t\t\t<\/div>\n\t\t\t\t\t<\/div>\n\t\t<\/div>\n\t\t\t\t\t<\/div>\n\t\t<\/section>\n\t\t\t\t<section class=\"elementor-section elementor-top-section elementor-element elementor-element-a80f539 elementor-section-boxed elementor-section-height-default elementor-section-height-default\" data-id=\"a80f539\" data-element_type=\"section\" data-e-type=\"section\" data-settings=\"{&quot;background_background&quot;:&quot;classic&quot;}\">\n\t\t\t\t\t\t<div class=\"elementor-container elementor-column-gap-default\">\n\t\t\t\t\t<div class=\"elementor-column elementor-col-50 elementor-top-column elementor-element elementor-element-4b2ddc4\" data-id=\"4b2ddc4\" data-element_type=\"column\" data-e-type=\"column\">\n\t\t\t<div class=\"elementor-widget-wrap elementor-element-populated\">\n\t\t\t\t\t\t<div class=\"elementor-element elementor-element-ecded28 elementor-widget elementor-widget-text-editor\" data-id=\"ecded28\" data-element_type=\"widget\" data-e-type=\"widget\" data-widget_type=\"text-editor.default\">\n\t\t\t\t<div class=\"elementor-widget-container\">\n\t\t\t\t\t\t\t\t\t<p>Vorgelegt von der LNU am 31. M\u00e4rz 2025, die rechtliche Begr\u00fcndung f\u00fcr die sogenannte Normenkontrolle, siehe Startseite des Dokuments. F\u00fcr das Inhaltsverzeichnis und die Zusammenfassung , siehe <a href=\"https:\/\/www.gruenes-grenzland.net\/de\/ngos\/\">hier DE<\/a> , <a href=\"https:\/\/www.gruenes-grenzland.net\/ngos\/\">hier NL<\/a><\/p>\t\t\t\t\t\t\t\t<\/div>\n\t\t\t\t<\/div>\n\t\t\t\t\t<\/div>\n\t\t<\/div>\n\t\t\t\t<div class=\"elementor-column elementor-col-50 elementor-top-column elementor-element elementor-element-6dc1f99\" data-id=\"6dc1f99\" data-element_type=\"column\" data-e-type=\"column\">\n\t\t\t<div class=\"elementor-widget-wrap elementor-element-populated\">\n\t\t\t\t\t\t<div class=\"elementor-element elementor-element-c51c9c3 elementor-widget elementor-widget-image\" data-id=\"c51c9c3\" data-element_type=\"widget\" data-e-type=\"widget\" data-widget_type=\"image.default\">\n\t\t\t\t<div class=\"elementor-widget-container\">\n\t\t\t\t\t\t\t\t\t\t\t\t\t\t\t<img loading=\"lazy\" decoding=\"async\" width=\"927\" height=\"904\" src=\"https:\/\/www.gruenes-grenzland.net\/wp-content\/uploads\/2025\/04\/Normenkontrolle-onderbouwing-31-03-2025-titelpagina.jpg\" class=\"attachment-large size-large wp-image-20579\" alt=\"\" srcset=\"https:\/\/www.gruenes-grenzland.net\/wp-content\/uploads\/2025\/04\/Normenkontrolle-onderbouwing-31-03-2025-titelpagina.jpg 927w, https:\/\/www.gruenes-grenzland.net\/wp-content\/uploads\/2025\/04\/Normenkontrolle-onderbouwing-31-03-2025-titelpagina-300x293.jpg 300w, https:\/\/www.gruenes-grenzland.net\/wp-content\/uploads\/2025\/04\/Normenkontrolle-onderbouwing-31-03-2025-titelpagina-768x749.jpg 768w, https:\/\/www.gruenes-grenzland.net\/wp-content\/uploads\/2025\/04\/Normenkontrolle-onderbouwing-31-03-2025-titelpagina-12x12.jpg 12w\" sizes=\"(max-width: 927px) 100vw, 927px\" \/>\t\t\t\t\t\t\t\t\t\t\t\t\t\t\t<\/div>\n\t\t\t\t<\/div>\n\t\t\t\t\t<\/div>\n\t\t<\/div>\n\t\t\t\t\t<\/div>\n\t\t<\/section>\n\t\t\t\t<section class=\"elementor-section elementor-top-section elementor-element elementor-element-6807066 elementor-section-boxed elementor-section-height-default elementor-section-height-default\" data-id=\"6807066\" data-element_type=\"section\" data-e-type=\"section\" data-settings=\"{&quot;background_background&quot;:&quot;classic&quot;}\">\n\t\t\t\t\t\t<div class=\"elementor-container elementor-column-gap-default\">\n\t\t\t\t\t<div class=\"elementor-column elementor-col-100 elementor-top-column elementor-element elementor-element-f45d928\" data-id=\"f45d928\" data-element_type=\"column\" data-e-type=\"column\">\n\t\t\t<div class=\"elementor-widget-wrap elementor-element-populated\">\n\t\t\t\t\t\t<div class=\"elementor-element elementor-element-197eb90 elementor-widget-divider--view-line elementor-widget elementor-widget-divider\" data-id=\"197eb90\" data-element_type=\"widget\" data-e-type=\"widget\" data-widget_type=\"divider.default\">\n\t\t\t\t<div class=\"elementor-widget-container\">\n\t\t\t\t\t\t\t<div class=\"elementor-divider\">\n\t\t\t<span class=\"elementor-divider-separator\">\n\t\t\t\t\t\t<\/span>\n\t\t<\/div>\n\t\t\t\t\t\t<\/div>\n\t\t\t\t<\/div>\n\t\t\t\t\t<\/div>\n\t\t<\/div>\n\t\t\t\t\t<\/div>\n\t\t<\/section>\n\t\t\t\t<section class=\"elementor-section elementor-top-section elementor-element elementor-element-01c5f04 elementor-section-boxed elementor-section-height-default elementor-section-height-default\" data-id=\"01c5f04\" data-element_type=\"section\" data-e-type=\"section\" data-settings=\"{&quot;background_background&quot;:&quot;classic&quot;}\">\n\t\t\t\t\t\t<div class=\"elementor-container elementor-column-gap-default\">\n\t\t\t\t\t<div class=\"elementor-column elementor-col-100 elementor-top-column elementor-element elementor-element-6c9715b\" data-id=\"6c9715b\" data-element_type=\"column\" data-e-type=\"column\">\n\t\t\t<div class=\"elementor-widget-wrap elementor-element-populated\">\n\t\t\t\t\t\t<div class=\"elementor-element elementor-element-080740c elementor-widget elementor-widget-text-editor\" data-id=\"080740c\" data-element_type=\"widget\" data-e-type=\"widget\" data-widget_type=\"text-editor.default\">\n\t\t\t\t<div class=\"elementor-widget-container\">\n\t\t\t\t\t\t\t\t\t<p><strong>Die W\u00fcrfel sind gefallen: LNU hat rechtliche Schritte eingeleitet<\/strong><\/p>\t\t\t\t\t\t\t\t<\/div>\n\t\t\t\t<\/div>\n\t\t\t\t\t<\/div>\n\t\t<\/div>\n\t\t\t\t\t<\/div>\n\t\t<\/section>\n\t\t\t\t<section class=\"elementor-section elementor-top-section elementor-element elementor-element-3084a9b elementor-section-boxed elementor-section-height-default elementor-section-height-default\" data-id=\"3084a9b\" data-element_type=\"section\" data-e-type=\"section\" data-settings=\"{&quot;background_background&quot;:&quot;classic&quot;}\">\n\t\t\t\t\t\t<div class=\"elementor-container elementor-column-gap-default\">\n\t\t\t\t\t<div class=\"elementor-column elementor-col-50 elementor-top-column elementor-element elementor-element-3cd84c1\" data-id=\"3cd84c1\" data-element_type=\"column\" data-e-type=\"column\">\n\t\t\t<div class=\"elementor-widget-wrap elementor-element-populated\">\n\t\t\t\t\t\t<div class=\"elementor-element elementor-element-b2c2adf elementor-widget elementor-widget-text-editor\" data-id=\"b2c2adf\" data-element_type=\"widget\" data-e-type=\"widget\" data-widget_type=\"text-editor.default\">\n\t\t\t\t<div class=\"elementor-widget-container\">\n\t\t\t\t\t\t\t\t\t<p>Vielmehr beantragen wir eine Normenkontrolle, weil wir davon ausgehen, dass der bisher beschlossene Fl\u00e4chennutzungs- und Bebauungsplan gegen h\u00f6herrangiges Recht verst\u00f6\u00dft. Dieser Antrag wurde durch den Anwalt der LNU beim Gericht in M\u00fcnster eingereicht und vom Oberverwaltungsgericht angenommen.<\/p><p>Was die Windkraftanlagen betrifft, so m\u00fcssen wir auch selbst wachsam sein. Sobald die Genehmigung erteilt ist, wird der Kreis Viersen sie ver\u00f6ffentlichen und wir k\u00f6nnen rechtliche Schritte einleiten. Derzeit wird eine Umweltvertr\u00e4glichkeitspr\u00fcfung f\u00fcr den Genehmigungsantrag f\u00fcr den geplanten Bau von 5 Windkraftanlagen auf der Start- und Landebahn des ehemaligen Milit\u00e4rflughafens vorbereitet.<\/p><p><strong>Rechtsstreitigkeiten sind teuer, aber die Erfolgsaussichten sind hoch.<br \/><\/strong>Vorerst k\u00f6nnen wir die Kosten f\u00fcr das Gerichtsverfahren tragen, aber da es sich aller Wahrscheinlichkeit nach um eine Angelegenheit mit wenig Luft handeln wird, haben wir eine Spendenaktion gestartet,<\/p><p>sehe <a href=\"https:\/\/www.gruenes-grenzland.net\/doneren-groen-grensland\/\">https:\/\/www.gruenes-grenzland.net\/de\/doneren-groen-grensland\/<\/a><\/p><p>Wir werden Sie \u00fcber die Fortschritte auf dem Laufenden halten.<\/p>\t\t\t\t\t\t\t\t<\/div>\n\t\t\t\t<\/div>\n\t\t\t\t\t<\/div>\n\t\t<\/div>\n\t\t\t\t<div class=\"elementor-column elementor-col-50 elementor-top-column elementor-element elementor-element-9263f95\" data-id=\"9263f95\" data-element_type=\"column\" data-e-type=\"column\">\n\t\t\t<div class=\"elementor-widget-wrap elementor-element-populated\">\n\t\t\t\t\t\t<div class=\"elementor-element elementor-element-92a4dc9 elementor-widget elementor-widget-image\" data-id=\"92a4dc9\" data-element_type=\"widget\" data-e-type=\"widget\" data-widget_type=\"image.default\">\n\t\t\t\t<div class=\"elementor-widget-container\">\n\t\t\t\t\t\t\t\t\t\t\t\t<figure class=\"wp-caption\">\n\t\t\t\t\t\t\t\t\t\t<img loading=\"lazy\" decoding=\"async\" width=\"718\" height=\"1024\" src=\"https:\/\/www.gruenes-grenzland.net\/wp-content\/uploads\/2025\/01\/Normenkontrollklage-23-01-2025-718x1024.jpg\" class=\"attachment-large size-large wp-image-19351\" alt=\"\" srcset=\"https:\/\/www.gruenes-grenzland.net\/wp-content\/uploads\/2025\/01\/Normenkontrollklage-23-01-2025-718x1024.jpg 718w, https:\/\/www.gruenes-grenzland.net\/wp-content\/uploads\/2025\/01\/Normenkontrollklage-23-01-2025-210x300.jpg 210w, https:\/\/www.gruenes-grenzland.net\/wp-content\/uploads\/2025\/01\/Normenkontrollklage-23-01-2025-768x1096.jpg 768w, https:\/\/www.gruenes-grenzland.net\/wp-content\/uploads\/2025\/01\/Normenkontrollklage-23-01-2025-1077x1536.jpg 1077w, https:\/\/www.gruenes-grenzland.net\/wp-content\/uploads\/2025\/01\/Normenkontrollklage-23-01-2025-8x12.jpg 8w, https:\/\/www.gruenes-grenzland.net\/wp-content\/uploads\/2025\/01\/Normenkontrollklage-23-01-2025.jpg 1156w\" sizes=\"(max-width: 718px) 100vw, 718px\" \/>\t\t\t\t\t\t\t\t\t\t\t<figcaption class=\"widget-image-caption wp-caption-text\">Einleitung eines f\u00f6rmlichen Gerichtsverfahrens durch einen Anwalt im Namen von LNU<\/figcaption>\n\t\t\t\t\t\t\t\t\t\t<\/figure>\n\t\t\t\t\t\t\t\t\t<\/div>\n\t\t\t\t<\/div>\n\t\t\t\t\t<\/div>\n\t\t<\/div>\n\t\t\t\t\t<\/div>\n\t\t<\/section>\n\t\t\t\t<section class=\"elementor-section elementor-top-section elementor-element elementor-element-e14d673 elementor-section-boxed elementor-section-height-default elementor-section-height-default\" data-id=\"e14d673\" data-element_type=\"section\" data-e-type=\"section\" data-settings=\"{&quot;background_background&quot;:&quot;classic&quot;}\">\n\t\t\t\t\t\t<div class=\"elementor-container elementor-column-gap-default\">\n\t\t\t\t\t<div class=\"elementor-column elementor-col-100 elementor-top-column elementor-element elementor-element-f3d5f89\" data-id=\"f3d5f89\" data-element_type=\"column\" data-e-type=\"column\">\n\t\t\t<div class=\"elementor-widget-wrap elementor-element-populated\">\n\t\t\t\t\t\t<div class=\"elementor-element elementor-element-3c71ae8 elementor-widget-divider--view-line elementor-widget elementor-widget-divider\" data-id=\"3c71ae8\" data-element_type=\"widget\" data-e-type=\"widget\" data-widget_type=\"divider.default\">\n\t\t\t\t<div class=\"elementor-widget-container\">\n\t\t\t\t\t\t\t<div class=\"elementor-divider\">\n\t\t\t<span class=\"elementor-divider-separator\">\n\t\t\t\t\t\t<\/span>\n\t\t<\/div>\n\t\t\t\t\t\t<\/div>\n\t\t\t\t<\/div>\n\t\t\t\t\t<\/div>\n\t\t<\/div>\n\t\t\t\t\t<\/div>\n\t\t<\/section>\n\t\t\t\t<section class=\"elementor-section elementor-top-section elementor-element elementor-element-0f813e1 elementor-section-boxed elementor-section-height-default elementor-section-height-default\" data-id=\"0f813e1\" data-element_type=\"section\" data-e-type=\"section\" data-settings=\"{&quot;background_background&quot;:&quot;classic&quot;}\">\n\t\t\t\t\t\t<div class=\"elementor-container elementor-column-gap-default\">\n\t\t\t\t\t<div class=\"elementor-column elementor-col-100 elementor-top-column elementor-element elementor-element-8226880\" data-id=\"8226880\" data-element_type=\"column\" data-e-type=\"column\">\n\t\t\t<div class=\"elementor-widget-wrap elementor-element-populated\">\n\t\t\t\t\t\t<div class=\"elementor-element elementor-element-a94570f elementor-widget elementor-widget-text-editor\" data-id=\"a94570f\" data-element_type=\"widget\" data-e-type=\"widget\" data-widget_type=\"text-editor.default\">\n\t\t\t\t<div class=\"elementor-widget-container\">\n\t\t\t\t\t\t\t\t\t<p><strong>Verfahren 2024<\/strong><\/p>\t\t\t\t\t\t\t\t<\/div>\n\t\t\t\t<\/div>\n\t\t\t\t\t<\/div>\n\t\t<\/div>\n\t\t\t\t\t<\/div>\n\t\t<\/section>\n\t\t\t\t<section class=\"elementor-section elementor-top-section elementor-element elementor-element-91b7b83 elementor-section-boxed elementor-section-height-default elementor-section-height-default\" data-id=\"91b7b83\" data-element_type=\"section\" data-e-type=\"section\" data-settings=\"{&quot;background_background&quot;:&quot;classic&quot;}\">\n\t\t\t\t\t\t<div class=\"elementor-container elementor-column-gap-default\">\n\t\t\t\t\t<div class=\"elementor-column elementor-col-100 elementor-top-column elementor-element elementor-element-43a1b4b\" data-id=\"43a1b4b\" data-element_type=\"column\" data-e-type=\"column\">\n\t\t\t<div class=\"elementor-widget-wrap elementor-element-populated\">\n\t\t\t\t\t\t<div class=\"elementor-element elementor-element-3185286 elementor-widget elementor-widget-text-editor\" data-id=\"3185286\" data-element_type=\"widget\" data-e-type=\"widget\" data-widget_type=\"text-editor.default\">\n\t\t\t\t<div class=\"elementor-widget-container\">\n\t\t\t\t\t\t\t\t\t<p><strong>Bewertung und Abw\u00e4gung der Ansichten Bebauungsplan Elm-131 \u201eJavelin Park Ost\u201c\u00a0<\/strong><br \/><strong>Antwort von Gr\u00fcnes Grenzland<\/strong><\/p><p>Die Gemeindeverwaltung Niederkr\u00fcchten hat Ende August 2024 alle eingereichten Stellungnahmen, einschlie\u00dflich der von Gr\u00fcnes Grenzland, analysiert und bewertet. Leider m\u00fcssen wir feststellen, dass die Gemeinde trotz ihrer umfassenden Antwort viele unserer Einw\u00e4nde zu Unrecht ignoriert hat.<strong><br \/><\/strong><\/p>\t\t\t\t\t\t\t\t<\/div>\n\t\t\t\t<\/div>\n\t\t\t\t\t<\/div>\n\t\t<\/div>\n\t\t\t\t\t<\/div>\n\t\t<\/section>\n\t\t\t\t<section class=\"elementor-section elementor-top-section elementor-element elementor-element-07ef405 elementor-section-boxed elementor-section-height-default elementor-section-height-default\" data-id=\"07ef405\" data-element_type=\"section\" data-e-type=\"section\" data-settings=\"{&quot;background_background&quot;:&quot;classic&quot;}\">\n\t\t\t\t\t\t<div class=\"elementor-container elementor-column-gap-default\">\n\t\t\t\t\t<div class=\"elementor-column elementor-col-100 elementor-top-column elementor-element elementor-element-81c4513\" data-id=\"81c4513\" data-element_type=\"column\" data-e-type=\"column\">\n\t\t\t<div class=\"elementor-widget-wrap elementor-element-populated\">\n\t\t\t\t\t\t<div class=\"elementor-element elementor-element-7c09f10 elementor-widget elementor-widget-image\" data-id=\"7c09f10\" data-element_type=\"widget\" data-e-type=\"widget\" data-widget_type=\"image.default\">\n\t\t\t\t<div class=\"elementor-widget-container\">\n\t\t\t\t\t\t\t\t\t\t\t\t\t\t\t<img loading=\"lazy\" decoding=\"async\" width=\"1024\" height=\"493\" src=\"https:\/\/www.gruenes-grenzland.net\/wp-content\/uploads\/2023\/05\/Elmpterwald-Zicht-op-Gebietserweiterung-VSG-Schwalm-Nette-Platte-mit-Grenzwald-und-Meinweg-HHeijnen-1024x493.jpg\" class=\"attachment-large size-large wp-image-12380\" alt=\"\" srcset=\"https:\/\/www.gruenes-grenzland.net\/wp-content\/uploads\/2023\/05\/Elmpterwald-Zicht-op-Gebietserweiterung-VSG-Schwalm-Nette-Platte-mit-Grenzwald-und-Meinweg-HHeijnen-1024x493.jpg 1024w, https:\/\/www.gruenes-grenzland.net\/wp-content\/uploads\/2023\/05\/Elmpterwald-Zicht-op-Gebietserweiterung-VSG-Schwalm-Nette-Platte-mit-Grenzwald-und-Meinweg-HHeijnen-300x144.jpg 300w, https:\/\/www.gruenes-grenzland.net\/wp-content\/uploads\/2023\/05\/Elmpterwald-Zicht-op-Gebietserweiterung-VSG-Schwalm-Nette-Platte-mit-Grenzwald-und-Meinweg-HHeijnen-768x369.jpg 768w, https:\/\/www.gruenes-grenzland.net\/wp-content\/uploads\/2023\/05\/Elmpterwald-Zicht-op-Gebietserweiterung-VSG-Schwalm-Nette-Platte-mit-Grenzwald-und-Meinweg-HHeijnen-1536x739.jpg 1536w, https:\/\/www.gruenes-grenzland.net\/wp-content\/uploads\/2023\/05\/Elmpterwald-Zicht-op-Gebietserweiterung-VSG-Schwalm-Nette-Platte-mit-Grenzwald-und-Meinweg-HHeijnen-2048x985.jpg 2048w, https:\/\/www.gruenes-grenzland.net\/wp-content\/uploads\/2023\/05\/Elmpterwald-Zicht-op-Gebietserweiterung-VSG-Schwalm-Nette-Platte-mit-Grenzwald-und-Meinweg-HHeijnen-18x9.jpg 18w\" sizes=\"(max-width: 1024px) 100vw, 1024px\" \/>\t\t\t\t\t\t\t\t\t\t\t\t\t\t\t<\/div>\n\t\t\t\t<\/div>\n\t\t\t\t\t<\/div>\n\t\t<\/div>\n\t\t\t\t\t<\/div>\n\t\t<\/section>\n\t\t\t\t<section class=\"elementor-section elementor-top-section elementor-element elementor-element-6314d2c elementor-section-boxed elementor-section-height-default elementor-section-height-default\" data-id=\"6314d2c\" data-element_type=\"section\" data-e-type=\"section\" data-settings=\"{&quot;background_background&quot;:&quot;classic&quot;}\">\n\t\t\t\t\t\t<div class=\"elementor-container elementor-column-gap-default\">\n\t\t\t\t\t<div class=\"elementor-column elementor-col-100 elementor-top-column elementor-element elementor-element-fae2ef2\" data-id=\"fae2ef2\" data-element_type=\"column\" data-e-type=\"column\">\n\t\t\t<div class=\"elementor-widget-wrap elementor-element-populated\">\n\t\t\t\t\t\t<div class=\"elementor-element elementor-element-d592587 elementor-widget elementor-widget-text-editor\" data-id=\"d592587\" data-element_type=\"widget\" data-e-type=\"widget\" data-widget_type=\"text-editor.default\">\n\t\t\t\t<div class=\"elementor-widget-container\">\n\t\t\t\t\t\t\t\t\t<p style=\"text-align: center;\"><em>Ungerechtfertigte Verdoppelung des Naturausgleichs in Versiegelte Fl\u00e4chen \/<br \/>Natuurcompensatie onterecht verdubbeld in verharde oppervlakten<\/em><\/p>\t\t\t\t\t\t\t\t<\/div>\n\t\t\t\t<\/div>\n\t\t\t\t\t<\/div>\n\t\t<\/div>\n\t\t\t\t\t<\/div>\n\t\t<\/section>\n\t\t\t\t<section class=\"elementor-section elementor-top-section elementor-element elementor-element-4e0acfa elementor-section-boxed elementor-section-height-default elementor-section-height-default\" data-id=\"4e0acfa\" data-element_type=\"section\" data-e-type=\"section\" data-settings=\"{&quot;background_background&quot;:&quot;classic&quot;}\">\n\t\t\t\t\t\t<div class=\"elementor-container elementor-column-gap-default\">\n\t\t\t\t\t<div class=\"elementor-column elementor-col-100 elementor-top-column elementor-element elementor-element-d1daaab\" data-id=\"d1daaab\" data-element_type=\"column\" data-e-type=\"column\">\n\t\t\t<div class=\"elementor-widget-wrap elementor-element-populated\">\n\t\t\t\t\t\t<div class=\"elementor-element elementor-element-d04f24a elementor-widget elementor-widget-text-editor\" data-id=\"d04f24a\" data-element_type=\"widget\" data-e-type=\"widget\" data-widget_type=\"text-editor.default\">\n\t\t\t\t<div class=\"elementor-widget-container\">\n\t\t\t\t\t\t\t\t\t<p>So behauptet die Gemeinde beispielsweise, dass es keine Probleme mit Stickstoffemissionen in niederl\u00e4ndische Natura-2000-Gebiete gibt, w\u00e4hrend die niederl\u00e4ndischen Normen deutlich \u00fcberschritten werden. Ein weiteres Beispiel betrifft die Berechnung des erforderlichen Naturausgleichs: Sogenannte versiegelte Fl\u00e4chen werden f\u00e4lschlicherweise doppelt gez\u00e4hlt. Dies hat nichts mit \u00d6kologie zu tun, sondern ist durch den sturen Willen motiviert, das Projekt voranzutreiben.<br \/>Eine kurze Antwort auf die Interessenausgleich durch die Gemeinde finden Sie <a href=\"https:\/\/www.gruenes-grenzland.net\/wp-content\/uploads\/2024\/09\/Zienswijze-op-16._Abwaegung_Traeger_oeffentlicher_Belange-T-20-GrGr-De-2024-09-02.docx\">HIER-DE<\/a>, <a href=\"https:\/\/www.gruenes-grenzland.net\/wp-content\/uploads\/2024\/09\/Zienswijze-op-16._Abwaegung_Traeger_oeffentlicher_Belange-T-20-GrGr-Nl-2024-09-02.docx\">HIER-NL<\/a><\/p><p>Auch die mehr als 900 Stellungnahmen der betroffenen B\u00fcrger werden nicht ernst genommen. Auf diese Weise wird die \u00d6ffentlichkeitsbeteiligung zur Farce degradiert. Es ist daher logisch, dass ein Gerichtsverfahren folgen wird.<\/p>\t\t\t\t\t\t\t\t<\/div>\n\t\t\t\t<\/div>\n\t\t\t\t\t<\/div>\n\t\t<\/div>\n\t\t\t\t\t<\/div>\n\t\t<\/section>\n\t\t\t\t<section class=\"elementor-section elementor-top-section elementor-element elementor-element-a25d5e4 elementor-section-boxed elementor-section-height-default elementor-section-height-default\" data-id=\"a25d5e4\" data-element_type=\"section\" data-e-type=\"section\" data-settings=\"{&quot;background_background&quot;:&quot;classic&quot;}\">\n\t\t\t\t\t\t<div class=\"elementor-container elementor-column-gap-default\">\n\t\t\t\t\t<div class=\"elementor-column elementor-col-100 elementor-top-column elementor-element elementor-element-075fb50\" data-id=\"075fb50\" data-element_type=\"column\" data-e-type=\"column\">\n\t\t\t<div class=\"elementor-widget-wrap elementor-element-populated\">\n\t\t\t\t\t\t<div class=\"elementor-element elementor-element-b0cb580 elementor-widget-divider--view-line elementor-widget elementor-widget-divider\" data-id=\"b0cb580\" data-element_type=\"widget\" data-e-type=\"widget\" data-widget_type=\"divider.default\">\n\t\t\t\t<div class=\"elementor-widget-container\">\n\t\t\t\t\t\t\t<div class=\"elementor-divider\">\n\t\t\t<span class=\"elementor-divider-separator\">\n\t\t\t\t\t\t<\/span>\n\t\t<\/div>\n\t\t\t\t\t\t<\/div>\n\t\t\t\t<\/div>\n\t\t\t\t\t<\/div>\n\t\t<\/div>\n\t\t\t\t\t<\/div>\n\t\t<\/section>\n\t\t\t\t<section class=\"elementor-section elementor-top-section elementor-element elementor-element-a742187 elementor-section-boxed elementor-section-height-default elementor-section-height-default\" data-id=\"a742187\" data-element_type=\"section\" data-e-type=\"section\" data-settings=\"{&quot;background_background&quot;:&quot;classic&quot;}\">\n\t\t\t\t\t\t<div class=\"elementor-container elementor-column-gap-default\">\n\t\t\t\t\t<div class=\"elementor-column elementor-col-100 elementor-top-column elementor-element elementor-element-bea65b6\" data-id=\"bea65b6\" data-element_type=\"column\" data-e-type=\"column\">\n\t\t\t<div class=\"elementor-widget-wrap elementor-element-populated\">\n\t\t\t\t\t\t<div class=\"elementor-element elementor-element-0273fde elementor-widget elementor-widget-text-editor\" data-id=\"0273fde\" data-element_type=\"widget\" data-e-type=\"widget\" data-widget_type=\"text-editor.default\">\n\t\t\t\t<div class=\"elementor-widget-container\">\n\t\t\t\t\t\t\t\t\t<p>Es liegt eine Stellungnahme (25 06 2024) von Gr\u00fcnes Grenzland vor, die sich mit der Stellungnahme deckt, die wir bereits gegen die 61. \u00c4nderung des Fl\u00e4chennutzungsplans der Gemeinde Niederkr\u00fcchten \"Milit\u00e4rstandort Elmpt\" eingereicht haben. Die damals vorgebrachten Einw\u00e4nde sehen wir als integralen Bestandteil des vorliegenden Dokuments. Allerdings haben wir nun weitere Schwerpunkte gesetzt, die sich vor allem auf die zu erwartende Austrocknung von Naturschutzgebieten beziehen. Au\u00dferdem konzentrieren wir uns auf den viel zu geringen Naturausgleich. Die Stellungnahme kann hier eingesehen werden:\n\n\u00dcbersetzt mit DeepL.com (kostenlose Version)<br \/><em><a href=\"https:\/\/www.gruenes-grenzland.net\/wp-content\/uploads\/2024\/06\/Zienswijze-bebouwingsplan-Javelin-Park-Ost-2024-D-Def-23-06-2024.docx\">Bebauungsplan Elm-131 \u201dJavelinpark Ost\u201d Duits<\/a><\/em><strong><br \/><\/strong><em><a href=\"https:\/\/www.gruenes-grenzland.net\/wp-content\/uploads\/2024\/06\/Zienswijze-bebouwingsplan-Javelin-Park-Oost-2024-NL-Def-23-06-2024.docx\">Bebouwingsplan Elm-131 \u201cJavelin Park Oost\u2019\u2019 Nederlands<\/a><\/em><\/p>\t\t\t\t\t\t\t\t<\/div>\n\t\t\t\t<\/div>\n\t\t\t\t\t<\/div>\n\t\t<\/div>\n\t\t\t\t\t<\/div>\n\t\t<\/section>\n\t\t\t\t<section class=\"elementor-section elementor-top-section elementor-element elementor-element-26aa1fa elementor-section-boxed elementor-section-height-default elementor-section-height-default\" data-id=\"26aa1fa\" data-element_type=\"section\" data-e-type=\"section\" data-settings=\"{&quot;background_background&quot;:&quot;classic&quot;}\">\n\t\t\t\t\t\t<div class=\"elementor-container elementor-column-gap-default\">\n\t\t\t\t\t<div class=\"elementor-column elementor-col-100 elementor-top-column elementor-element elementor-element-10019fb\" data-id=\"10019fb\" data-element_type=\"column\" data-e-type=\"column\">\n\t\t\t<div class=\"elementor-widget-wrap elementor-element-populated\">\n\t\t\t\t\t\t<div class=\"elementor-element elementor-element-5749cae elementor-widget-divider--view-line elementor-widget elementor-widget-divider\" data-id=\"5749cae\" data-element_type=\"widget\" data-e-type=\"widget\" data-widget_type=\"divider.default\">\n\t\t\t\t<div class=\"elementor-widget-container\">\n\t\t\t\t\t\t\t<div class=\"elementor-divider\">\n\t\t\t<span class=\"elementor-divider-separator\">\n\t\t\t\t\t\t<\/span>\n\t\t<\/div>\n\t\t\t\t\t\t<\/div>\n\t\t\t\t<\/div>\n\t\t\t\t\t<\/div>\n\t\t<\/div>\n\t\t\t\t\t<\/div>\n\t\t<\/section>\n\t\t\t\t<section class=\"elementor-section elementor-top-section elementor-element elementor-element-827bd8d elementor-section-boxed elementor-section-height-default elementor-section-height-default\" data-id=\"827bd8d\" data-element_type=\"section\" data-e-type=\"section\" data-settings=\"{&quot;background_background&quot;:&quot;classic&quot;}\">\n\t\t\t\t\t\t<div class=\"elementor-container elementor-column-gap-default\">\n\t\t\t\t\t<div class=\"elementor-column elementor-col-100 elementor-top-column elementor-element elementor-element-b77b9d9\" data-id=\"b77b9d9\" data-element_type=\"column\" data-e-type=\"column\">\n\t\t\t<div class=\"elementor-widget-wrap elementor-element-populated\">\n\t\t\t\t\t\t<div class=\"elementor-element elementor-element-8502ccc elementor-widget elementor-widget-text-editor\" data-id=\"8502ccc\" data-element_type=\"widget\" data-e-type=\"widget\" data-widget_type=\"text-editor.default\">\n\t\t\t\t<div class=\"elementor-widget-container\">\n\t\t\t\t\t\t\t\t\t<p>Der BUND Niederkr\u00fcchten hat ein Flugblatt mit einem Einspruch erstellt, dem wir uns als Gr\u00fcnes Grenzland voll anschlie\u00dfen. Sie k\u00f6nnen es hier herunterladen. Kreuzen Sie an, welche Argumente Sie f\u00fcr zutreffend halten, tragen Sie Ihren Namen und Ihre Adresse ein, unterschreiben Sie das Dokument und schicken Sie es bis zum 28. Juni 2024 an die Gemeinde Niederkr\u00fcchten.<br \/>Der detailliertere Einspruch von \"Gr\u00fcnes Grenzland\" wird demn\u00e4chst ebenfalls auf der Website ver\u00f6ffentlicht werden.\u00a0<\/p>\t\t\t\t\t\t\t\t<\/div>\n\t\t\t\t<\/div>\n\t\t\t\t\t<\/div>\n\t\t<\/div>\n\t\t\t\t\t<\/div>\n\t\t<\/section>\n\t\t\t\t<section class=\"elementor-section elementor-top-section elementor-element elementor-element-64bc96a elementor-section-boxed elementor-section-height-default elementor-section-height-default\" data-id=\"64bc96a\" data-element_type=\"section\" data-e-type=\"section\" data-settings=\"{&quot;background_background&quot;:&quot;classic&quot;}\">\n\t\t\t\t\t\t<div class=\"elementor-container elementor-column-gap-default\">\n\t\t\t\t\t<div class=\"elementor-column elementor-col-100 elementor-top-column elementor-element elementor-element-8a3c6f5\" data-id=\"8a3c6f5\" data-element_type=\"column\" data-e-type=\"column\">\n\t\t\t<div class=\"elementor-widget-wrap elementor-element-populated\">\n\t\t\t\t\t\t<div class=\"elementor-element elementor-element-ad67b73 elementor-align-center elementor-widget elementor-widget-button\" data-id=\"ad67b73\" data-element_type=\"widget\" data-e-type=\"widget\" data-widget_type=\"button.default\">\n\t\t\t\t<div class=\"elementor-widget-container\">\n\t\t\t\t\t\t\t\t\t<div class=\"elementor-button-wrapper\">\n\t\t\t\t\t<a class=\"elementor-button elementor-button-link elementor-size-sm\" href=\"https:\/\/www.gruenes-grenzland.net\/wp-content\/uploads\/2024\/06\/Flyer-Industriegebiet-BUND-1.pdf\" download=\"https:\/\/www.gruenes-grenzland.net\/wp-content\/uploads\/2024\/06\/Flyer-Industriegebiet-BUND-1.pdf\">\n\t\t\t\t\t\t<span class=\"elementor-button-content-wrapper\">\n\t\t\t\t\t\t\t\t\t<span class=\"elementor-button-text\">Download Eingabe zum Bebauungsplan Elm-131 \u201eJavelin Park Ost\u201c<\/span>\n\t\t\t\t\t<\/span>\n\t\t\t\t\t<\/a>\n\t\t\t\t<\/div>\n\t\t\t\t\t\t\t\t<\/div>\n\t\t\t\t<\/div>\n\t\t\t\t\t<\/div>\n\t\t<\/div>\n\t\t\t\t\t<\/div>\n\t\t<\/section>\n\t\t\t\t<section class=\"elementor-section elementor-top-section elementor-element elementor-element-6bc8cc4 elementor-section-boxed elementor-section-height-default elementor-section-height-default\" data-id=\"6bc8cc4\" data-element_type=\"section\" data-e-type=\"section\" data-settings=\"{&quot;background_background&quot;:&quot;classic&quot;}\">\n\t\t\t\t\t\t<div class=\"elementor-container elementor-column-gap-default\">\n\t\t\t\t\t<div class=\"elementor-column elementor-col-100 elementor-top-column elementor-element elementor-element-79e57a8\" data-id=\"79e57a8\" data-element_type=\"column\" data-e-type=\"column\">\n\t\t\t<div class=\"elementor-widget-wrap elementor-element-populated\">\n\t\t\t\t\t\t<div class=\"elementor-element elementor-element-0f3f126 elementor-widget-divider--view-line elementor-widget elementor-widget-divider\" data-id=\"0f3f126\" data-element_type=\"widget\" data-e-type=\"widget\" data-widget_type=\"divider.default\">\n\t\t\t\t<div class=\"elementor-widget-container\">\n\t\t\t\t\t\t\t<div class=\"elementor-divider\">\n\t\t\t<span class=\"elementor-divider-separator\">\n\t\t\t\t\t\t<\/span>\n\t\t<\/div>\n\t\t\t\t\t\t<\/div>\n\t\t\t\t<\/div>\n\t\t\t\t\t<\/div>\n\t\t<\/div>\n\t\t\t\t\t<\/div>\n\t\t<\/section>\n\t\t\t\t<section class=\"elementor-section elementor-top-section elementor-element elementor-element-77ca006 elementor-section-boxed elementor-section-height-default elementor-section-height-default\" data-id=\"77ca006\" data-element_type=\"section\" data-e-type=\"section\" data-settings=\"{&quot;background_background&quot;:&quot;classic&quot;}\">\n\t\t\t\t\t\t<div class=\"elementor-container elementor-column-gap-default\">\n\t\t\t\t\t<div class=\"elementor-column elementor-col-100 elementor-top-column elementor-element elementor-element-743b30c\" data-id=\"743b30c\" data-element_type=\"column\" data-e-type=\"column\">\n\t\t\t<div class=\"elementor-widget-wrap elementor-element-populated\">\n\t\t\t\t\t\t<div class=\"elementor-element elementor-element-ecc7b48 elementor-widget elementor-widget-text-editor\" data-id=\"ecc7b48\" data-element_type=\"widget\" data-e-type=\"widget\" data-widget_type=\"text-editor.default\">\n\t\t\t\t<div class=\"elementor-widget-container\">\n\t\t\t\t\t\t\t\t\t<p><strong>Verfahren 2023<\/strong><\/p>\t\t\t\t\t\t\t\t<\/div>\n\t\t\t\t<\/div>\n\t\t\t\t\t<\/div>\n\t\t<\/div>\n\t\t\t\t\t<\/div>\n\t\t<\/section>\n\t\t\t\t<section class=\"elementor-section elementor-top-section elementor-element elementor-element-8bd0923 elementor-section-boxed elementor-section-height-default elementor-section-height-default\" data-id=\"8bd0923\" data-element_type=\"section\" data-e-type=\"section\" data-settings=\"{&quot;background_background&quot;:&quot;classic&quot;}\">\n\t\t\t\t\t\t<div class=\"elementor-container elementor-column-gap-default\">\n\t\t\t\t\t<div class=\"elementor-column elementor-col-100 elementor-top-column elementor-element elementor-element-de6ae1a\" data-id=\"de6ae1a\" data-element_type=\"column\" data-e-type=\"column\">\n\t\t\t<div class=\"elementor-widget-wrap elementor-element-populated\">\n\t\t\t\t\t\t<div class=\"elementor-element elementor-element-a77ae58 elementor-widget elementor-widget-text-editor\" data-id=\"a77ae58\" data-element_type=\"widget\" data-e-type=\"widget\" data-widget_type=\"text-editor.default\">\n\t\t\t\t<div class=\"elementor-widget-container\">\n\t\t\t\t\t\t\t\t\t<p><em>Eingabereaktionen 2023<\/em><br \/>Die Frist f\u00fcr die \u00f6ffentliche Konsultation f\u00fcr das Industrie- und Gewerbekomplex Javelin Park ist  am 16. Februar 2023, abgelaufen. Von den rund 90 Stellungnahmen, die nach unserem Kenntnisstand eingegangen sind, haben wir eine Zusammenfassung erstellt, siehe <a href=\"https:\/\/www.gruenes-grenzland.net\/wp-content\/uploads\/2023\/03\/ZusammenfassungAusdruck_230303-Thomas-Seerden-1.pdf\">HIER<\/a><\/p>\t\t\t\t\t\t\t\t<\/div>\n\t\t\t\t<\/div>\n\t\t\t\t\t<\/div>\n\t\t<\/div>\n\t\t\t\t\t<\/div>\n\t\t<\/section>\n\t\t\t\t<section class=\"elementor-section elementor-top-section elementor-element elementor-element-20c48e9 elementor-section-boxed elementor-section-height-default elementor-section-height-default\" data-id=\"20c48e9\" data-element_type=\"section\" data-e-type=\"section\" data-settings=\"{&quot;background_background&quot;:&quot;classic&quot;}\">\n\t\t\t\t\t\t<div class=\"elementor-container elementor-column-gap-default\">\n\t\t\t\t\t<div class=\"elementor-column elementor-col-50 elementor-top-column elementor-element elementor-element-460f42b\" data-id=\"460f42b\" data-element_type=\"column\" data-e-type=\"column\">\n\t\t\t<div class=\"elementor-widget-wrap elementor-element-populated\">\n\t\t\t\t\t\t<div class=\"elementor-element elementor-element-c7cff50 elementor-widget elementor-widget-text-editor\" data-id=\"c7cff50\" data-element_type=\"widget\" data-e-type=\"widget\" data-widget_type=\"text-editor.default\">\n\t\t\t\t<div class=\"elementor-widget-container\">\n\t\t\t\t\t\t\t\t\t<p><em>Zur Einsichtnahme auslegen 2023<\/em><br \/>Der vorliegende Bebauungsplan umfasst die erste Phase der Erschlie\u00dfung des Industrie- und Gewerbegebiets. Das Plangebiet umfasste rund 94 Hektar, davon rund 70 Hektar Industrie- und Gewerbefl\u00e4chen. Es befindet sich nord\u00f6stlich des Grundst\u00fccks an der Roermonder Stra\u00dfe.<\/p><p>W\u00e4hrend des Beteiligungszeitraums waren die Planunterlagen au\u00dferdem einsehbar, sehe\u00a0<a href=\"http:\/\/www.niederkruechten.de\/de\/inhalt\/aktuelle-planverfahren\">HIER<\/a>.\u00a0<\/p><p>Vom 5. Januar bis zum 15. Februar 2023 konnten sich alle B\u00fcrgerinnen und B\u00fcrger \u00e4u\u00dfern.\u00a0 <br \/>Um Ihnen dies zu erleichtern, haben wir eine Beispielansicht beigef\u00fcgt:\u00a0 <a href=\"https:\/\/www.gruenes-grenzland.net\/wp-content\/uploads\/2023\/01\/Voorbeeld-bezwaarschrift-Bebauungsplan-Elm-131-\u201eJavelin-Park-Ost-versie-2023-01-22.docx\">HIER<\/a><\/p><p>Wir hatten auch einen Musterbrief erstellt, siehe <a href=\"https:\/\/www.gruenes-grenzland.net\/wp-content\/uploads\/2023\/01\/Musteranschreiben-Elmpt-131.docx\">HIER<\/a>.<\/p><p>\u00dcbrigens k\u00f6nnen die Stellungnahmen auch in niederl\u00e4ndischer Sprache eingereicht werden.\u00a0\u00a0<\/p>\t\t\t\t\t\t\t\t<\/div>\n\t\t\t\t<\/div>\n\t\t\t\t\t<\/div>\n\t\t<\/div>\n\t\t\t\t<div class=\"elementor-column elementor-col-50 elementor-top-column elementor-element elementor-element-550adbe\" data-id=\"550adbe\" data-element_type=\"column\" data-e-type=\"column\">\n\t\t\t<div class=\"elementor-widget-wrap elementor-element-populated\">\n\t\t\t\t\t\t<div class=\"elementor-element elementor-element-9b0027b elementor-widget elementor-widget-image\" data-id=\"9b0027b\" data-element_type=\"widget\" data-e-type=\"widget\" data-widget_type=\"image.default\">\n\t\t\t\t<div class=\"elementor-widget-container\">\n\t\t\t\t\t\t\t\t\t\t\t\t<figure class=\"wp-caption\">\n\t\t\t\t\t\t\t\t\t\t<img loading=\"lazy\" decoding=\"async\" width=\"1024\" height=\"768\" src=\"https:\/\/www.gruenes-grenzland.net\/wp-content\/uploads\/2022\/10\/oost-IMG20221003115651-scaled.jpg\" class=\"attachment-large size-large wp-image-9544\" alt=\"\" srcset=\"https:\/\/www.gruenes-grenzland.net\/wp-content\/uploads\/2022\/10\/oost-IMG20221003115651-scaled.jpg 2560w, https:\/\/www.gruenes-grenzland.net\/wp-content\/uploads\/2022\/10\/oost-IMG20221003115651-300x225.jpg 300w, https:\/\/www.gruenes-grenzland.net\/wp-content\/uploads\/2022\/10\/oost-IMG20221003115651-1024x768.jpg 1024w, https:\/\/www.gruenes-grenzland.net\/wp-content\/uploads\/2022\/10\/oost-IMG20221003115651-768x576.jpg 768w, https:\/\/www.gruenes-grenzland.net\/wp-content\/uploads\/2022\/10\/oost-IMG20221003115651-1536x1152.jpg 1536w, https:\/\/www.gruenes-grenzland.net\/wp-content\/uploads\/2022\/10\/oost-IMG20221003115651-2048x1536.jpg 2048w, https:\/\/www.gruenes-grenzland.net\/wp-content\/uploads\/2022\/10\/oost-IMG20221003115651-16x12.jpg 16w\" sizes=\"(max-width: 1024px) 100vw, 1024px\" \/>\t\t\t\t\t\t\t\t\t\t\t<figcaption class=\"widget-image-caption wp-caption-text\">Stau am Grenz\u00fcbergang an Sonn- und Feiertagen<\/figcaption>\n\t\t\t\t\t\t\t\t\t\t<\/figure>\n\t\t\t\t\t\t\t\t\t<\/div>\n\t\t\t\t<\/div>\n\t\t\t\t\t<\/div>\n\t\t<\/div>\n\t\t\t\t\t<\/div>\n\t\t<\/section>\n\t\t\t\t<section class=\"elementor-section elementor-top-section elementor-element elementor-element-cf96bad elementor-section-boxed elementor-section-height-default elementor-section-height-default\" data-id=\"cf96bad\" data-element_type=\"section\" data-e-type=\"section\">\n\t\t\t\t\t\t<div class=\"elementor-container elementor-column-gap-default\">\n\t\t\t\t\t<div class=\"elementor-column elementor-col-100 elementor-top-column elementor-element elementor-element-c3ee794\" data-id=\"c3ee794\" data-element_type=\"column\" data-e-type=\"column\">\n\t\t\t<div class=\"elementor-widget-wrap elementor-element-populated\">\n\t\t\t\t\t\t<div class=\"elementor-element elementor-element-d3c8aeb elementor-widget-divider--view-line elementor-widget elementor-widget-divider\" data-id=\"d3c8aeb\" data-element_type=\"widget\" data-e-type=\"widget\" data-widget_type=\"divider.default\">\n\t\t\t\t<div class=\"elementor-widget-container\">\n\t\t\t\t\t\t\t<div class=\"elementor-divider\">\n\t\t\t<span class=\"elementor-divider-separator\">\n\t\t\t\t\t\t<\/span>\n\t\t<\/div>\n\t\t\t\t\t\t<\/div>\n\t\t\t\t<\/div>\n\t\t\t\t\t<\/div>\n\t\t<\/div>\n\t\t\t\t\t<\/div>\n\t\t<\/section>\n\t\t\t\t<section class=\"elementor-section elementor-top-section elementor-element elementor-element-6ed2874 elementor-section-boxed elementor-section-height-default elementor-section-height-default\" data-id=\"6ed2874\" data-element_type=\"section\" data-e-type=\"section\" data-settings=\"{&quot;background_background&quot;:&quot;classic&quot;}\">\n\t\t\t\t\t\t<div class=\"elementor-container elementor-column-gap-default\">\n\t\t\t\t\t<div class=\"elementor-column elementor-col-100 elementor-top-column elementor-element elementor-element-402235d\" data-id=\"402235d\" data-element_type=\"column\" data-e-type=\"column\">\n\t\t\t<div class=\"elementor-widget-wrap elementor-element-populated\">\n\t\t\t\t\t\t<div class=\"elementor-element elementor-element-d3901a7 elementor-widget elementor-widget-menu-anchor\" data-id=\"d3901a7\" data-element_type=\"widget\" data-e-type=\"widget\" data-widget_type=\"menu-anchor.default\">\n\t\t\t\t<div class=\"elementor-widget-container\">\n\t\t\t\t\t\t\t<div class=\"elementor-menu-anchor\" id=\"Bebouwingsplan_Knooppunt\"><\/div>\n\t\t\t\t\t\t<\/div>\n\t\t\t\t<\/div>\n\t\t\t\t\t<\/div>\n\t\t<\/div>\n\t\t\t\t\t<\/div>\n\t\t<\/section>\n\t\t\t\t<section class=\"elementor-section elementor-top-section elementor-element elementor-element-e61eaf0 elementor-section-boxed elementor-section-height-default elementor-section-height-default\" data-id=\"e61eaf0\" data-element_type=\"section\" data-e-type=\"section\" data-settings=\"{&quot;background_background&quot;:&quot;classic&quot;}\">\n\t\t\t\t\t\t<div class=\"elementor-container elementor-column-gap-default\">\n\t\t\t\t\t<div class=\"elementor-column elementor-col-100 elementor-top-column elementor-element elementor-element-45058cb\" data-id=\"45058cb\" data-element_type=\"column\" data-e-type=\"column\">\n\t\t\t<div class=\"elementor-widget-wrap elementor-element-populated\">\n\t\t\t\t\t\t<div class=\"elementor-element elementor-element-5254eb0 elementor-widget elementor-widget-heading\" data-id=\"5254eb0\" data-element_type=\"widget\" data-e-type=\"widget\" data-widget_type=\"heading.default\">\n\t\t\t\t<div class=\"elementor-widget-container\">\n\t\t\t\t\t<h5 class=\"elementor-heading-title elementor-size-default\">Bebauungsplan Elm-136 \"Anschlussstelle Elmpt''<\/h5>\t\t\t\t<\/div>\n\t\t\t\t<\/div>\n\t\t\t\t\t<\/div>\n\t\t<\/div>\n\t\t\t\t\t<\/div>\n\t\t<\/section>\n\t\t\t\t<section class=\"elementor-section elementor-top-section elementor-element elementor-element-0e85670 elementor-section-boxed elementor-section-height-default elementor-section-height-default\" data-id=\"0e85670\" data-element_type=\"section\" data-e-type=\"section\" data-settings=\"{&quot;background_background&quot;:&quot;classic&quot;}\">\n\t\t\t\t\t\t<div class=\"elementor-container elementor-column-gap-default\">\n\t\t\t\t\t<div class=\"elementor-column elementor-col-100 elementor-top-column elementor-element elementor-element-047651a\" data-id=\"047651a\" data-element_type=\"column\" data-e-type=\"column\">\n\t\t\t<div class=\"elementor-widget-wrap elementor-element-populated\">\n\t\t\t\t\t\t<div class=\"elementor-element elementor-element-baa390f elementor-widget elementor-widget-text-editor\" data-id=\"baa390f\" data-element_type=\"widget\" data-e-type=\"widget\" data-widget_type=\"text-editor.default\">\n\t\t\t\t<div class=\"elementor-widget-container\">\n\t\t\t\t\t\t\t\t\t<p>Am 25. Juni 2025 haben wir, Gr\u00fcnes Grenzland, eine Stellungnahme gegen den Bebauungsplan Elm_136, Autobahnabfahrt Elmpt, eingereicht.\u00a0 Dieser Einspruch steht im Einklang mit der Stellungnahme, die wir zuvor gegen die 61. \u00c4nderung des Fl\u00e4chennutzungsplans der Gemeinde Niederkr\u00fcchten \"Milit\u00e4rgel\u00e4nde Elmpt\" sowie gegen den Bebauungsplan Elm 131 (Elmpt Ost) abgegeben haben.<\/p><p>Der vollst\u00e4ndige Text kann unter den folgenden Links heruntergeladen werden:<\/p><p><a href=\"https:\/\/www.gruenes-grenzland.net\/wp-content\/uploads\/2025\/07\/Zienswijze-bebouwingsplan-Elm-136-Knooppunt-Elmpt-De-versie-2025-06-25-13.45.docx\">Deutsch<\/a><br \/><a href=\"https:\/\/www.gruenes-grenzland.net\/wp-content\/uploads\/2025\/06\/Zienswijze-bebouwingsplan-Elm-136-Knooppunt-Elmpt-NL-versie-25-06-2025-13.45.docx\">Niederl\u00e4ndisch<\/a><\/p>\t\t\t\t\t\t\t\t<\/div>\n\t\t\t\t<\/div>\n\t\t\t\t\t<\/div>\n\t\t<\/div>\n\t\t\t\t\t<\/div>\n\t\t<\/section>\n\t\t\t\t<section class=\"elementor-section elementor-top-section elementor-element elementor-element-71ac74b elementor-section-boxed elementor-section-height-default elementor-section-height-default\" data-id=\"71ac74b\" data-element_type=\"section\" data-e-type=\"section\">\n\t\t\t\t\t\t<div class=\"elementor-container elementor-column-gap-default\">\n\t\t\t\t\t<div class=\"elementor-column elementor-col-100 elementor-top-column elementor-element elementor-element-b2f45ac\" data-id=\"b2f45ac\" data-element_type=\"column\" data-e-type=\"column\">\n\t\t\t<div class=\"elementor-widget-wrap elementor-element-populated\">\n\t\t\t\t\t\t<div class=\"elementor-element elementor-element-7befeb8 elementor-widget-divider--view-line elementor-widget elementor-widget-divider\" data-id=\"7befeb8\" data-element_type=\"widget\" data-e-type=\"widget\" data-widget_type=\"divider.default\">\n\t\t\t\t<div class=\"elementor-widget-container\">\n\t\t\t\t\t\t\t<div class=\"elementor-divider\">\n\t\t\t<span class=\"elementor-divider-separator\">\n\t\t\t\t\t\t<\/span>\n\t\t<\/div>\n\t\t\t\t\t\t<\/div>\n\t\t\t\t<\/div>\n\t\t\t\t\t<\/div>\n\t\t<\/div>\n\t\t\t\t\t<\/div>\n\t\t<\/section>\n\t\t\t\t<section class=\"elementor-section elementor-top-section elementor-element elementor-element-d744ebc elementor-section-boxed elementor-section-height-default elementor-section-height-default\" data-id=\"d744ebc\" data-element_type=\"section\" data-e-type=\"section\" data-settings=\"{&quot;background_background&quot;:&quot;classic&quot;}\">\n\t\t\t\t\t\t<div class=\"elementor-container elementor-column-gap-default\">\n\t\t\t\t\t<div class=\"elementor-column elementor-col-100 elementor-top-column elementor-element elementor-element-0852cce\" data-id=\"0852cce\" data-element_type=\"column\" data-e-type=\"column\">\n\t\t\t<div class=\"elementor-widget-wrap elementor-element-populated\">\n\t\t\t\t\t\t<div class=\"elementor-element elementor-element-847a18e elementor-widget elementor-widget-menu-anchor\" data-id=\"847a18e\" data-element_type=\"widget\" data-e-type=\"widget\" data-widget_type=\"menu-anchor.default\">\n\t\t\t\t<div class=\"elementor-widget-container\">\n\t\t\t\t\t\t\t<div class=\"elementor-menu-anchor\" id=\"Bebouwingsplan_West\"><\/div>\n\t\t\t\t\t\t<\/div>\n\t\t\t\t<\/div>\n\t\t\t\t\t<\/div>\n\t\t<\/div>\n\t\t\t\t\t<\/div>\n\t\t<\/section>\n\t\t\t\t<section class=\"elementor-section elementor-top-section elementor-element elementor-element-80b096a elementor-section-boxed elementor-section-height-default elementor-section-height-default\" data-id=\"80b096a\" data-element_type=\"section\" data-e-type=\"section\" data-settings=\"{&quot;background_background&quot;:&quot;classic&quot;}\">\n\t\t\t\t\t\t<div class=\"elementor-container elementor-column-gap-default\">\n\t\t\t\t\t<div class=\"elementor-column elementor-col-100 elementor-top-column elementor-element elementor-element-e2a73f4\" data-id=\"e2a73f4\" data-element_type=\"column\" data-e-type=\"column\">\n\t\t\t<div class=\"elementor-widget-wrap elementor-element-populated\">\n\t\t\t\t\t\t<div class=\"elementor-element elementor-element-95f2c52 elementor-widget elementor-widget-heading\" data-id=\"95f2c52\" data-element_type=\"widget\" data-e-type=\"widget\" data-widget_type=\"heading.default\">\n\t\t\t\t<div class=\"elementor-widget-container\">\n\t\t\t\t\t<h5 class=\"elementor-heading-title elementor-size-default\">Bebauungsplan Elm-137 \u201dJavelin Park West<\/h5>\t\t\t\t<\/div>\n\t\t\t\t<\/div>\n\t\t\t\t\t<\/div>\n\t\t<\/div>\n\t\t\t\t\t<\/div>\n\t\t<\/section>\n\t\t\t\t<section class=\"elementor-section elementor-top-section elementor-element elementor-element-69f6b7e elementor-section-boxed elementor-section-height-default elementor-section-height-default\" data-id=\"69f6b7e\" data-element_type=\"section\" data-e-type=\"section\" data-settings=\"{&quot;background_background&quot;:&quot;classic&quot;}\">\n\t\t\t\t\t\t<div class=\"elementor-container elementor-column-gap-default\">\n\t\t\t\t\t<div class=\"elementor-column elementor-col-100 elementor-top-column elementor-element elementor-element-1916350\" data-id=\"1916350\" data-element_type=\"column\" data-e-type=\"column\">\n\t\t\t<div class=\"elementor-widget-wrap elementor-element-populated\">\n\t\t\t\t\t\t<div class=\"elementor-element elementor-element-d858523 elementor-widget elementor-widget-text-editor\" data-id=\"d858523\" data-element_type=\"widget\" data-e-type=\"widget\" data-widget_type=\"text-editor.default\">\n\t\t\t\t<div class=\"elementor-widget-container\">\n\t\t\t\t\t\t\t\t\t<p>Am 25. Juni 2025 haben wir als Gr\u00fcnes Grenzland eine Stellungnahme gegen den Bebauungsplan Elm_137, den westlichen Teil des Javelin Parks in Elmpt, eingereicht.\u00a0 Dieser Einspruch steht im Einklang mit unserer Stellungnahme gegen die 61. \u00c4nderung des Fl\u00e4chennutzungsplans der Gemeinde Niederkr\u00fcchten \"Milit\u00e4rgel\u00e4nde Elmpt\" sowie unserer Stellungnahme gegen den Bebauungsplan Elm 131 (Elmpt Ost).<\/p><p>Der vollst\u00e4ndige Text kann unter den folgenden Links heruntergeladen werden:<\/p><p><a href=\"https:\/\/www.gruenes-grenzland.net\/wp-content\/uploads\/2025\/07\/Zienswijze-bebouwingsplan-Elmpt-West-Elm-137-2025-De-25.06.2025-18.55.docx\">Deutsch<\/a><br \/><a href=\"https:\/\/www.gruenes-grenzland.net\/wp-content\/uploads\/2025\/06\/Zienswijze-bebouwingsplan-Elmpt-West-Elm-137-2025-NL-versie-25.06.25-18.55.docx\">Niederl\u00e4ndisch<\/a><\/p>\t\t\t\t\t\t\t\t<\/div>\n\t\t\t\t<\/div>\n\t\t\t\t\t<\/div>\n\t\t<\/div>\n\t\t\t\t\t<\/div>\n\t\t<\/section>\n\t\t\t\t<section class=\"elementor-section elementor-top-section elementor-element elementor-element-edb361b elementor-section-boxed elementor-section-height-default elementor-section-height-default\" data-id=\"edb361b\" data-element_type=\"section\" data-e-type=\"section\">\n\t\t\t\t\t\t<div class=\"elementor-container elementor-column-gap-default\">\n\t\t\t\t\t<div class=\"elementor-column elementor-col-100 elementor-top-column elementor-element elementor-element-cae83a8\" data-id=\"cae83a8\" data-element_type=\"column\" data-e-type=\"column\">\n\t\t\t<div class=\"elementor-widget-wrap elementor-element-populated\">\n\t\t\t\t\t\t<div class=\"elementor-element elementor-element-576cb90 elementor-widget-divider--view-line elementor-widget elementor-widget-divider\" data-id=\"576cb90\" data-element_type=\"widget\" data-e-type=\"widget\" data-widget_type=\"divider.default\">\n\t\t\t\t<div class=\"elementor-widget-container\">\n\t\t\t\t\t\t\t<div class=\"elementor-divider\">\n\t\t\t<span class=\"elementor-divider-separator\">\n\t\t\t\t\t\t<\/span>\n\t\t<\/div>\n\t\t\t\t\t\t<\/div>\n\t\t\t\t<\/div>\n\t\t\t\t\t<\/div>\n\t\t<\/div>\n\t\t\t\t\t<\/div>\n\t\t<\/section>\n\t\t\t\t<section class=\"elementor-section elementor-top-section elementor-element elementor-element-58da41d elementor-section-boxed elementor-section-height-default elementor-section-height-default\" data-id=\"58da41d\" data-element_type=\"section\" data-e-type=\"section\">\n\t\t\t\t\t\t<div class=\"elementor-container elementor-column-gap-default\">\n\t\t\t\t\t<div class=\"elementor-column elementor-col-100 elementor-top-column elementor-element elementor-element-da12735\" data-id=\"da12735\" data-element_type=\"column\" data-e-type=\"column\">\n\t\t\t<div class=\"elementor-widget-wrap elementor-element-populated\">\n\t\t\t\t\t\t<div class=\"elementor-element elementor-element-39c7654 elementor-widget elementor-widget-menu-anchor\" data-id=\"39c7654\" data-element_type=\"widget\" data-e-type=\"widget\" data-widget_type=\"menu-anchor.default\">\n\t\t\t\t<div class=\"elementor-widget-container\">\n\t\t\t\t\t\t\t<div class=\"elementor-menu-anchor\" id=\"Streekplan\"><\/div>\n\t\t\t\t\t\t<\/div>\n\t\t\t\t<\/div>\n\t\t\t\t\t<\/div>\n\t\t<\/div>\n\t\t\t\t\t<\/div>\n\t\t<\/section>\n\t\t\t\t<section class=\"elementor-section elementor-top-section elementor-element elementor-element-aecac8d elementor-section-boxed elementor-section-height-default elementor-section-height-default\" data-id=\"aecac8d\" data-element_type=\"section\" data-e-type=\"section\" data-settings=\"{&quot;background_background&quot;:&quot;classic&quot;}\">\n\t\t\t\t\t\t<div class=\"elementor-container elementor-column-gap-default\">\n\t\t\t\t\t<div class=\"elementor-column elementor-col-100 elementor-top-column elementor-element elementor-element-d7de48c\" data-id=\"d7de48c\" data-element_type=\"column\" data-e-type=\"column\">\n\t\t\t<div class=\"elementor-widget-wrap elementor-element-populated\">\n\t\t\t\t\t\t<div class=\"elementor-element elementor-element-bc6216b elementor-widget elementor-widget-heading\" data-id=\"bc6216b\" data-element_type=\"widget\" data-e-type=\"widget\" data-widget_type=\"heading.default\">\n\t\t\t\t<div class=\"elementor-widget-container\">\n\t\t\t\t\t<h5 class=\"elementor-heading-title elementor-size-default\">Regionalplan D\u00fcsseldorf<\/h5>\t\t\t\t<\/div>\n\t\t\t\t<\/div>\n\t\t\t\t\t<\/div>\n\t\t<\/div>\n\t\t\t\t\t<\/div>\n\t\t<\/section>\n\t\t\t\t<section class=\"elementor-section elementor-top-section elementor-element elementor-element-b9985f2 elementor-section-boxed elementor-section-height-default elementor-section-height-default\" data-id=\"b9985f2\" data-element_type=\"section\" data-e-type=\"section\" data-settings=\"{&quot;background_background&quot;:&quot;classic&quot;}\">\n\t\t\t\t\t\t<div class=\"elementor-container elementor-column-gap-default\">\n\t\t\t\t\t<div class=\"elementor-column elementor-col-100 elementor-top-column elementor-element elementor-element-0596904\" data-id=\"0596904\" data-element_type=\"column\" data-e-type=\"column\">\n\t\t\t<div class=\"elementor-widget-wrap elementor-element-populated\">\n\t\t\t\t\t\t<div class=\"elementor-element elementor-element-9d0fd36 elementor-widget elementor-widget-text-editor\" data-id=\"9d0fd36\" data-element_type=\"widget\" data-e-type=\"widget\" data-widget_type=\"text-editor.default\">\n\t\t\t\t<div class=\"elementor-widget-container\">\n\t\t\t\t\t\t\t\t\t<p><strong>Neue Stellungnahme gegen 18. \u00c4nderung des Regionalplans D\u00fcsseldorf (RPD)<br \/><\/strong><strong> Neue Windenergiegebiete in der Grenzregion<\/strong>.<\/p>\t\t\t\t\t\t\t\t<\/div>\n\t\t\t\t<\/div>\n\t\t\t\t\t<\/div>\n\t\t<\/div>\n\t\t\t\t\t<\/div>\n\t\t<\/section>\n\t\t\t\t<section class=\"elementor-section elementor-top-section elementor-element elementor-element-42f9cf8 elementor-section-boxed elementor-section-height-default elementor-section-height-default\" data-id=\"42f9cf8\" data-element_type=\"section\" data-e-type=\"section\" data-settings=\"{&quot;background_background&quot;:&quot;classic&quot;}\">\n\t\t\t\t\t\t<div class=\"elementor-container elementor-column-gap-default\">\n\t\t\t\t\t<div class=\"elementor-column elementor-col-50 elementor-top-column elementor-element elementor-element-4475a72\" data-id=\"4475a72\" data-element_type=\"column\" data-e-type=\"column\">\n\t\t\t<div class=\"elementor-widget-wrap elementor-element-populated\">\n\t\t\t\t\t\t<div class=\"elementor-element elementor-element-c10597a elementor-widget elementor-widget-text-editor\" data-id=\"c10597a\" data-element_type=\"widget\" data-e-type=\"widget\" data-widget_type=\"text-editor.default\">\n\t\t\t\t<div class=\"elementor-widget-container\">\n\t\t\t\t\t\t\t\t\t<p>Zu den uns vorgelegten Pl\u00e4nen haben wir bereits mit Schreiben vom 27. August 2024 Stellung genommen.<br \/>Der Plan, der inzwischen vom Regierungspr\u00e4sidium ge\u00e4ndert wurde, wird derzeit erneut zur \u00f6ffentlichen Beteiligung bis zum 22. April 2025 vorgelegt.<br \/>Wir haben auf die neuen Pl\u00e4ne mit gemischten Gef\u00fchlen reagiert. Einerseits freuen wir uns, dass der Standort Nie01-A im Elmpter Wald n\u00f6rdlich der Autobahn A52 weggefallen ist. Andererseits haben wir nach wie vor gro\u00dfe Bedenken gegen den Standort am ehemaligen Flughafen in Elmpt. In unserem beigef\u00fcgten Einspruch erl\u00e4utern wir, warum, siehe<a href=\"https:\/\/www.gruenes-grenzland.net\/wp-content\/uploads\/2025\/04\/RPD-18.A-2025-grgr-LNU-DE-09.04.2025.docx\"> https:\/\/www.gruenes-grenzland.net\/wp-content\/uploads\/2025\/04\/RPD-18.A-2025-grgr-LNU-DE-09.04.2025.docx<\/a><\/p>\t\t\t\t\t\t\t\t<\/div>\n\t\t\t\t<\/div>\n\t\t\t\t\t<\/div>\n\t\t<\/div>\n\t\t\t\t<div class=\"elementor-column elementor-col-50 elementor-top-column elementor-element elementor-element-56fb900\" data-id=\"56fb900\" data-element_type=\"column\" data-e-type=\"column\">\n\t\t\t<div class=\"elementor-widget-wrap elementor-element-populated\">\n\t\t\t\t\t\t<div class=\"elementor-element elementor-element-22f8c65 elementor-widget elementor-widget-image\" data-id=\"22f8c65\" data-element_type=\"widget\" data-e-type=\"widget\" data-widget_type=\"image.default\">\n\t\t\t\t<div class=\"elementor-widget-container\">\n\t\t\t\t\t\t\t\t\t\t\t\t<figure class=\"wp-caption\">\n\t\t\t\t\t\t\t\t\t\t<img loading=\"lazy\" decoding=\"async\" width=\"1024\" height=\"575\" src=\"https:\/\/www.gruenes-grenzland.net\/wp-content\/uploads\/2025\/04\/DJI_0015-wpt10-6-start-en-landingsbaan-Elmpt-VSG-Loodsen-Windturbines-1024x575.jpg\" class=\"attachment-large size-large wp-image-20516\" alt=\"\" srcset=\"https:\/\/www.gruenes-grenzland.net\/wp-content\/uploads\/2025\/04\/DJI_0015-wpt10-6-start-en-landingsbaan-Elmpt-VSG-Loodsen-Windturbines-1024x575.jpg 1024w, https:\/\/www.gruenes-grenzland.net\/wp-content\/uploads\/2025\/04\/DJI_0015-wpt10-6-start-en-landingsbaan-Elmpt-VSG-Loodsen-Windturbines-300x169.jpg 300w, https:\/\/www.gruenes-grenzland.net\/wp-content\/uploads\/2025\/04\/DJI_0015-wpt10-6-start-en-landingsbaan-Elmpt-VSG-Loodsen-Windturbines-768x431.jpg 768w, https:\/\/www.gruenes-grenzland.net\/wp-content\/uploads\/2025\/04\/DJI_0015-wpt10-6-start-en-landingsbaan-Elmpt-VSG-Loodsen-Windturbines-18x10.jpg 18w, https:\/\/www.gruenes-grenzland.net\/wp-content\/uploads\/2025\/04\/DJI_0015-wpt10-6-start-en-landingsbaan-Elmpt-VSG-Loodsen-Windturbines.jpg 1200w\" sizes=\"(max-width: 1024px) 100vw, 1024px\" \/>\t\t\t\t\t\t\t\t\t\t\t<figcaption class=\"widget-image-caption wp-caption-text\">F\u00fcnf geplante Windturbinen auf der Start- und Landebahn, die unmittelbar an das Vogelschutzgebiet angrenzt (auf der nebenstehenden Karte gelb markiert). Rechts von der Start- und Landebahn befindet sich das Vogelschutzgebiet, das f\u00e4lschlicherweise nicht ausgewiesen ist<\/figcaption>\n\t\t\t\t\t\t\t\t\t\t<\/figure>\n\t\t\t\t\t\t\t\t\t<\/div>\n\t\t\t\t<\/div>\n\t\t\t\t\t<\/div>\n\t\t<\/div>\n\t\t\t\t\t<\/div>\n\t\t<\/section>\n\t\t\t\t<section class=\"elementor-section elementor-top-section elementor-element elementor-element-06e8411 elementor-section-boxed elementor-section-height-default elementor-section-height-default\" data-id=\"06e8411\" data-element_type=\"section\" data-e-type=\"section\" data-settings=\"{&quot;background_background&quot;:&quot;classic&quot;}\">\n\t\t\t\t\t\t<div class=\"elementor-container elementor-column-gap-default\">\n\t\t\t\t\t<div class=\"elementor-column elementor-col-100 elementor-top-column elementor-element elementor-element-60875ed\" data-id=\"60875ed\" data-element_type=\"column\" data-e-type=\"column\">\n\t\t\t<div class=\"elementor-widget-wrap elementor-element-populated\">\n\t\t\t\t\t\t<div class=\"elementor-element elementor-element-e84dd06 elementor-widget-divider--view-line elementor-widget elementor-widget-divider\" data-id=\"e84dd06\" data-element_type=\"widget\" data-e-type=\"widget\" data-widget_type=\"divider.default\">\n\t\t\t\t<div class=\"elementor-widget-container\">\n\t\t\t\t\t\t\t<div class=\"elementor-divider\">\n\t\t\t<span class=\"elementor-divider-separator\">\n\t\t\t\t\t\t<\/span>\n\t\t<\/div>\n\t\t\t\t\t\t<\/div>\n\t\t\t\t<\/div>\n\t\t\t\t\t<\/div>\n\t\t<\/div>\n\t\t\t\t\t<\/div>\n\t\t<\/section>\n\t\t\t\t<section class=\"elementor-section elementor-top-section elementor-element elementor-element-08278e2 elementor-section-boxed elementor-section-height-default elementor-section-height-default\" data-id=\"08278e2\" data-element_type=\"section\" data-e-type=\"section\" data-settings=\"{&quot;background_background&quot;:&quot;classic&quot;}\">\n\t\t\t\t\t\t<div class=\"elementor-container elementor-column-gap-default\">\n\t\t\t\t\t<div class=\"elementor-column elementor-col-100 elementor-top-column elementor-element elementor-element-64b8ce3\" data-id=\"64b8ce3\" data-element_type=\"column\" data-e-type=\"column\">\n\t\t\t<div class=\"elementor-widget-wrap elementor-element-populated\">\n\t\t\t\t\t\t<div class=\"elementor-element elementor-element-07e67b5 elementor-widget elementor-widget-text-editor\" data-id=\"07e67b5\" data-element_type=\"widget\" data-e-type=\"widget\" data-widget_type=\"text-editor.default\">\n\t\t\t\t<div class=\"elementor-widget-container\">\n\t\t\t\t\t\t\t\t\t<p><strong>Stellungnahmen gegen die 18. \u00c4nderung des Regionalplans D\u00fcsseldorf (RPD)<br \/><\/strong><strong> Neue Windenergiegebiete in der Grenzregion<\/strong><\/p><section class=\"elementor-section elementor-top-section elementor-element elementor-element-0e7cada elementor-section-boxed elementor-section-height-default elementor-section-height-default\" data-id=\"0e7cada\" data-element_type=\"section\"><div class=\"elementor-container elementor-column-gap-default\"><div class=\"elementor-column elementor-col-100 elementor-top-column elementor-element elementor-element-3f8ef52\" data-id=\"3f8ef52\" data-element_type=\"column\"><div class=\"elementor-widget-wrap elementor-element-populated\"><div class=\"elementor-element elementor-element-b14b4da elementor-widget elementor-widget-text-editor\" data-id=\"b14b4da\" data-element_type=\"widget\" data-widget_type=\"text-editor.default\"><div class=\"elementor-widget-container\"><p>Gr\u00fcnes Grenzland und der Natur- und Umweltverband Limburg sind wegen der Auswirkungen auf den Nationalpark de Meinweg und den Elmpter Wald sehr besorgt.<\/p><\/div><\/div><\/div><\/div><\/div><\/section><section class=\"elementor-section elementor-top-section elementor-element elementor-element-a7edfcb elementor-section-boxed elementor-section-height-default elementor-section-height-default\" data-id=\"a7edfcb\" data-element_type=\"section\"><div class=\"elementor-container elementor-column-gap-default\"><div class=\"elementor-column elementor-col-100 elementor-top-column elementor-element elementor-element-0bf1f90\" data-id=\"0bf1f90\" data-element_type=\"column\"><div class=\"elementor-widget-wrap elementor-element-populated\"><div class=\"elementor-element elementor-element-14d2d21 elementor-widget elementor-widget-text-editor\" data-id=\"14d2d21\" data-element_type=\"widget\" data-widget_type=\"text-editor.default\"><div class=\"elementor-widget-container\"><p>Der Regionalplan D\u00fcsseldorf stellt Gebiete dar, in denen ein Ausbau der Windenergie m\u00f6glich ist.  Einige der potenziellen Standorte liegen in der N\u00e4he der Landesgrenze, siehe lila Fl\u00e4chen auf der Karte.<\/p><\/div><\/div><\/div><\/div><\/div><\/section>\t\t\t\t\t\t\t\t<\/div>\n\t\t\t\t<\/div>\n\t\t\t\t\t<\/div>\n\t\t<\/div>\n\t\t\t\t\t<\/div>\n\t\t<\/section>\n\t\t\t\t<section class=\"elementor-section elementor-top-section elementor-element elementor-element-1072f9f elementor-section-boxed elementor-section-height-default elementor-section-height-default\" data-id=\"1072f9f\" data-element_type=\"section\" data-e-type=\"section\" data-settings=\"{&quot;background_background&quot;:&quot;classic&quot;}\">\n\t\t\t\t\t\t<div class=\"elementor-container elementor-column-gap-default\">\n\t\t\t\t\t<div class=\"elementor-column elementor-col-100 elementor-top-column elementor-element elementor-element-1dacbf4\" data-id=\"1dacbf4\" data-element_type=\"column\" data-e-type=\"column\">\n\t\t\t<div class=\"elementor-widget-wrap elementor-element-populated\">\n\t\t\t\t\t\t<div class=\"elementor-element elementor-element-2eb2369 elementor-widget elementor-widget-image\" data-id=\"2eb2369\" data-element_type=\"widget\" data-e-type=\"widget\" data-widget_type=\"image.default\">\n\t\t\t\t<div class=\"elementor-widget-container\">\n\t\t\t\t\t\t\t\t\t\t\t\t\t\t\t<img loading=\"lazy\" decoding=\"async\" width=\"1024\" height=\"724\" src=\"https:\/\/www.gruenes-grenzland.net\/wp-content\/uploads\/2024\/09\/GrGr-Windturbines-Elmpt-RPD-WEA-met-VSG-met-toponiemen-1024x724.jpg\" class=\"attachment-large size-large wp-image-17865\" alt=\"\" srcset=\"https:\/\/www.gruenes-grenzland.net\/wp-content\/uploads\/2024\/09\/GrGr-Windturbines-Elmpt-RPD-WEA-met-VSG-met-toponiemen-1024x724.jpg 1024w, https:\/\/www.gruenes-grenzland.net\/wp-content\/uploads\/2024\/09\/GrGr-Windturbines-Elmpt-RPD-WEA-met-VSG-met-toponiemen-300x212.jpg 300w, https:\/\/www.gruenes-grenzland.net\/wp-content\/uploads\/2024\/09\/GrGr-Windturbines-Elmpt-RPD-WEA-met-VSG-met-toponiemen-768x543.jpg 768w, https:\/\/www.gruenes-grenzland.net\/wp-content\/uploads\/2024\/09\/GrGr-Windturbines-Elmpt-RPD-WEA-met-VSG-met-toponiemen-1536x1086.jpg 1536w, https:\/\/www.gruenes-grenzland.net\/wp-content\/uploads\/2024\/09\/GrGr-Windturbines-Elmpt-RPD-WEA-met-VSG-met-toponiemen-2048x1448.jpg 2048w, https:\/\/www.gruenes-grenzland.net\/wp-content\/uploads\/2024\/09\/GrGr-Windturbines-Elmpt-RPD-WEA-met-VSG-met-toponiemen-18x12.jpg 18w\" sizes=\"(max-width: 1024px) 100vw, 1024px\" \/>\t\t\t\t\t\t\t\t\t\t\t\t\t\t\t<\/div>\n\t\t\t\t<\/div>\n\t\t\t\t\t<\/div>\n\t\t<\/div>\n\t\t\t\t\t<\/div>\n\t\t<\/section>\n\t\t\t\t<section class=\"elementor-section elementor-top-section elementor-element elementor-element-449802e elementor-section-boxed elementor-section-height-default elementor-section-height-default\" data-id=\"449802e\" data-element_type=\"section\" data-e-type=\"section\" data-settings=\"{&quot;background_background&quot;:&quot;classic&quot;}\">\n\t\t\t\t\t\t<div class=\"elementor-container elementor-column-gap-default\">\n\t\t\t\t\t<div class=\"elementor-column elementor-col-100 elementor-top-column elementor-element elementor-element-776422b\" data-id=\"776422b\" data-element_type=\"column\" data-e-type=\"column\">\n\t\t\t<div class=\"elementor-widget-wrap elementor-element-populated\">\n\t\t\t\t\t\t<div class=\"elementor-element elementor-element-831617c elementor-widget elementor-widget-text-editor\" data-id=\"831617c\" data-element_type=\"widget\" data-e-type=\"widget\" data-widget_type=\"text-editor.default\">\n\t\t\t\t<div class=\"elementor-widget-container\">\n\t\t\t\t\t\t\t\t\t<p>Mit dieser Stellungnahme vom 27.08.2024 m\u00f6chten wir unsere Bedenken hinsichtlich einer m\u00f6glichen Ausweisung mehrerer Gebiete und sogar bevorzugter Gebiete in oder in unmittelbarer N\u00e4he der Naturschutzgebiete Elmpter Schwalmbruch, Elmpter Wald und Meinweg, die alle im Herzen des Internationalen Grenzparks Maas-Swalm-Nette liegen, zum Ausdruck bringen. Es handelt sich um die folgenden Gebiete: Nie01-A_Alternative, Nie02, Nie03, Nie04, Nie05-Alternative und Nie06.\u00a0<\/p>\t\t\t\t\t\t\t\t<\/div>\n\t\t\t\t<\/div>\n\t\t\t\t\t<\/div>\n\t\t<\/div>\n\t\t\t\t\t<\/div>\n\t\t<\/section>\n\t\t\t\t<section class=\"elementor-section elementor-top-section elementor-element elementor-element-d14e36a elementor-section-boxed elementor-section-height-default elementor-section-height-default\" data-id=\"d14e36a\" data-element_type=\"section\" data-e-type=\"section\" data-settings=\"{&quot;background_background&quot;:&quot;classic&quot;}\">\n\t\t\t\t\t\t<div class=\"elementor-container elementor-column-gap-default\">\n\t\t\t\t\t<div class=\"elementor-column elementor-col-50 elementor-top-column elementor-element elementor-element-e244400\" data-id=\"e244400\" data-element_type=\"column\" data-e-type=\"column\">\n\t\t\t<div class=\"elementor-widget-wrap elementor-element-populated\">\n\t\t\t\t\t\t<div class=\"elementor-element elementor-element-d066840 elementor-widget elementor-widget-text-editor\" data-id=\"d066840\" data-element_type=\"widget\" data-e-type=\"widget\" data-widget_type=\"text-editor.default\">\n\t\t\t\t<div class=\"elementor-widget-container\">\n\t\t\t\t\t\t\t\t\t<p>Aufgrund der Bedeutung f\u00fcr Natur und Landschaft konzentrieren wir uns jedoch auf die Standorte westlich von Elmpt in der Gemeinde Niederkr\u00fcchten. Au\u00dferdem sind dies die Standorte, an denen es derzeit noch keine Windenergieanlagen gibt, was bedeutet, dass wir Nie04 und Nie06 ausschlie\u00dfen.<\/p><p><strong>F\u00fcr die vier verbleibenden Standorte sind wir der Meinung, dass sie weder als Windenergiegebiet (WEB) noch \u00fcberhaupt als Beschleunigungsgebiet ausgewiesen werden sollten<\/strong>.<\/p>\t\t\t\t\t\t\t\t<\/div>\n\t\t\t\t<\/div>\n\t\t\t\t\t<\/div>\n\t\t<\/div>\n\t\t\t\t<div class=\"elementor-column elementor-col-50 elementor-top-column elementor-element elementor-element-74eae20\" data-id=\"74eae20\" data-element_type=\"column\" data-e-type=\"column\">\n\t\t\t<div class=\"elementor-widget-wrap elementor-element-populated\">\n\t\t\t\t\t\t<div class=\"elementor-element elementor-element-c402440 elementor-widget elementor-widget-image\" data-id=\"c402440\" data-element_type=\"widget\" data-e-type=\"widget\" data-widget_type=\"image.default\">\n\t\t\t\t<div class=\"elementor-widget-container\">\n\t\t\t\t\t\t\t\t\t\t\t\t\t\t\t<img loading=\"lazy\" decoding=\"async\" width=\"1024\" height=\"575\" src=\"https:\/\/www.gruenes-grenzland.net\/wp-content\/uploads\/2024\/09\/DJI_0267-Elmpter-Wald-Nie01_-met-contouren-en-Swalm-A-HHeijnen-1024x575.jpg\" class=\"attachment-large size-large wp-image-17870\" alt=\"\" srcset=\"https:\/\/www.gruenes-grenzland.net\/wp-content\/uploads\/2024\/09\/DJI_0267-Elmpter-Wald-Nie01_-met-contouren-en-Swalm-A-HHeijnen-1024x575.jpg 1024w, https:\/\/www.gruenes-grenzland.net\/wp-content\/uploads\/2024\/09\/DJI_0267-Elmpter-Wald-Nie01_-met-contouren-en-Swalm-A-HHeijnen-300x169.jpg 300w, https:\/\/www.gruenes-grenzland.net\/wp-content\/uploads\/2024\/09\/DJI_0267-Elmpter-Wald-Nie01_-met-contouren-en-Swalm-A-HHeijnen-768x431.jpg 768w, https:\/\/www.gruenes-grenzland.net\/wp-content\/uploads\/2024\/09\/DJI_0267-Elmpter-Wald-Nie01_-met-contouren-en-Swalm-A-HHeijnen-1536x863.jpg 1536w, https:\/\/www.gruenes-grenzland.net\/wp-content\/uploads\/2024\/09\/DJI_0267-Elmpter-Wald-Nie01_-met-contouren-en-Swalm-A-HHeijnen-2048x1151.jpg 2048w, https:\/\/www.gruenes-grenzland.net\/wp-content\/uploads\/2024\/09\/DJI_0267-Elmpter-Wald-Nie01_-met-contouren-en-Swalm-A-HHeijnen-18x10.jpg 18w\" sizes=\"(max-width: 1024px) 100vw, 1024px\" \/>\t\t\t\t\t\t\t\t\t\t\t\t\t\t\t<\/div>\n\t\t\t\t<\/div>\n\t\t\t\t\t<\/div>\n\t\t<\/div>\n\t\t\t\t\t<\/div>\n\t\t<\/section>\n\t\t\t\t<section class=\"elementor-section elementor-top-section elementor-element elementor-element-d8c96d3 elementor-section-boxed elementor-section-height-default elementor-section-height-default\" data-id=\"d8c96d3\" data-element_type=\"section\" data-e-type=\"section\" data-settings=\"{&quot;background_background&quot;:&quot;classic&quot;}\">\n\t\t\t\t\t\t<div class=\"elementor-container elementor-column-gap-default\">\n\t\t\t\t\t<div class=\"elementor-column elementor-col-100 elementor-top-column elementor-element elementor-element-91e5830\" data-id=\"91e5830\" data-element_type=\"column\" data-e-type=\"column\">\n\t\t\t<div class=\"elementor-widget-wrap elementor-element-populated\">\n\t\t\t\t\t\t<div class=\"elementor-element elementor-element-7413331 elementor-widget elementor-widget-text-editor\" data-id=\"7413331\" data-element_type=\"widget\" data-e-type=\"widget\" data-widget_type=\"text-editor.default\">\n\t\t\t\t<div class=\"elementor-widget-container\">\n\t\t\t\t\t\t\t\t\t<p>De belangrijkste reden is dat Nie01-A, Nie02, Nie03, en Nie05-alternatief op zeer korte afstand van het het Vogelschutzgebiedt VSG DE-4603-401 \u201cSchwalm-Nette-Platte mit Grenzwald u. Meinweg zijn gesitueerd en dat significante aantasting van de soorten van het vogelreservaat die onder de instandhoudingsdoelstelling vallen, niet kan worden uitgesloten, vooral omdat aan de voorwaarde om maatregelen te nemen die de schade moet voorkomen danwel beperken , niet kan worden voldaan.<br \/>Eine ausf\u00fchrliche Begr\u00fcndung finden Sie in der Ansicht, siehe\u00a0<a href=\"https:\/\/www.gruenes-grenzland.net\/wp-content\/uploads\/2024\/08\/Eingabe-GrGr-18.-Aenderung-des-Regionalplans-Duesseldorf-RPD-De-27-08-2024-LNU.pdf\">hier<\/a>.\u00a0<br \/>Unsere Ansicht wird \u00fcbrigens auch von der LNU geteilt, siehe\u00a0<a href=\"https:\/\/www.gruenes-grenzland.net\/wp-content\/uploads\/2024\/08\/STN_NV_18_Aend_RPD_29082024.pdf\">hier<\/a><br \/><br \/>Erfreulicherweise steht auch der Kreis Viersen den von uns kritisierten Loktionen sehr kritisch gegen\u00fcber, siehe\u00a0<a href=\"https:\/\/www.gruenes-grenzland.net\/wp-content\/uploads\/2024\/08\/2024-08-20_Stellungnahme_Kreis_Viersen_18._Aend._RPD-_Bet._-_9_ROG-_-_13_LPlG.pdf\">hier<\/a><br \/>Auch die Stellungnahme des Kreises zeigt einmal mehr die Unvereinbarkeit des Javelinparks mit den geplanten Windkraftanlagen, die zum Teil sogar in den reservierten Naturausgleichsfl\u00e4chen stehen.<\/p>\t\t\t\t\t\t\t\t<\/div>\n\t\t\t\t<\/div>\n\t\t\t\t\t<\/div>\n\t\t<\/div>\n\t\t\t\t\t<\/div>\n\t\t<\/section>\n\t\t\t\t<section class=\"elementor-section elementor-top-section elementor-element elementor-element-abf23e9 elementor-section-boxed elementor-section-height-default elementor-section-height-default\" data-id=\"abf23e9\" data-element_type=\"section\" data-e-type=\"section\">\n\t\t\t\t\t\t<div class=\"elementor-container elementor-column-gap-default\">\n\t\t\t\t\t<div class=\"elementor-column elementor-col-100 elementor-top-column elementor-element elementor-element-1834535\" data-id=\"1834535\" data-element_type=\"column\" data-e-type=\"column\">\n\t\t\t<div class=\"elementor-widget-wrap elementor-element-populated\">\n\t\t\t\t\t\t<div class=\"elementor-element elementor-element-585ec31 elementor-widget-divider--view-line elementor-widget elementor-widget-divider\" data-id=\"585ec31\" data-element_type=\"widget\" data-e-type=\"widget\" data-widget_type=\"divider.default\">\n\t\t\t\t<div class=\"elementor-widget-container\">\n\t\t\t\t\t\t\t<div class=\"elementor-divider\">\n\t\t\t<span class=\"elementor-divider-separator\">\n\t\t\t\t\t\t<\/span>\n\t\t<\/div>\n\t\t\t\t\t\t<\/div>\n\t\t\t\t<\/div>\n\t\t\t\t\t<\/div>\n\t\t<\/div>\n\t\t\t\t\t<\/div>\n\t\t<\/section>\n\t\t\t\t<section class=\"elementor-section elementor-top-section elementor-element elementor-element-7702c42 elementor-section-boxed elementor-section-height-default elementor-section-height-default\" data-id=\"7702c42\" data-element_type=\"section\" data-e-type=\"section\">\n\t\t\t\t\t\t<div class=\"elementor-container elementor-column-gap-default\">\n\t\t\t\t\t<div class=\"elementor-column elementor-col-100 elementor-top-column elementor-element elementor-element-ce66e1d\" data-id=\"ce66e1d\" data-element_type=\"column\" data-e-type=\"column\">\n\t\t\t<div class=\"elementor-widget-wrap elementor-element-populated\">\n\t\t\t\t\t\t<div class=\"elementor-element elementor-element-2d97fb2 elementor-widget elementor-widget-menu-anchor\" data-id=\"2d97fb2\" data-element_type=\"widget\" data-e-type=\"widget\" data-widget_type=\"menu-anchor.default\">\n\t\t\t\t<div class=\"elementor-widget-container\">\n\t\t\t\t\t\t\t<div class=\"elementor-menu-anchor\" id=\"Streekplan_Keulen\"><\/div>\n\t\t\t\t\t\t<\/div>\n\t\t\t\t<\/div>\n\t\t\t\t\t<\/div>\n\t\t<\/div>\n\t\t\t\t\t<\/div>\n\t\t<\/section>\n\t\t\t\t<section class=\"elementor-section elementor-top-section elementor-element elementor-element-27d55e4 elementor-section-boxed elementor-section-height-default elementor-section-height-default\" data-id=\"27d55e4\" data-element_type=\"section\" data-e-type=\"section\" data-settings=\"{&quot;background_background&quot;:&quot;classic&quot;}\">\n\t\t\t\t\t\t<div class=\"elementor-container elementor-column-gap-default\">\n\t\t\t\t\t<div class=\"elementor-column elementor-col-100 elementor-top-column elementor-element elementor-element-bd7de6a\" data-id=\"bd7de6a\" data-element_type=\"column\" data-e-type=\"column\">\n\t\t\t<div class=\"elementor-widget-wrap elementor-element-populated\">\n\t\t\t\t\t\t<div class=\"elementor-element elementor-element-73999e2 elementor-widget elementor-widget-heading\" data-id=\"73999e2\" data-element_type=\"widget\" data-e-type=\"widget\" data-widget_type=\"heading.default\">\n\t\t\t\t<div class=\"elementor-widget-container\">\n\t\t\t\t\t<h5 class=\"elementor-heading-title elementor-size-default\">Regionalplan K\u00f6ln <\/h5>\t\t\t\t<\/div>\n\t\t\t\t<\/div>\n\t\t\t\t\t<\/div>\n\t\t<\/div>\n\t\t\t\t\t<\/div>\n\t\t<\/section>\n\t\t\t\t<section class=\"elementor-section elementor-top-section elementor-element elementor-element-930e108 elementor-section-boxed elementor-section-height-default elementor-section-height-default\" data-id=\"930e108\" data-element_type=\"section\" data-e-type=\"section\" data-settings=\"{&quot;background_background&quot;:&quot;classic&quot;}\">\n\t\t\t\t\t\t<div class=\"elementor-container elementor-column-gap-default\">\n\t\t\t\t\t<div class=\"elementor-column elementor-col-100 elementor-top-column elementor-element elementor-element-0888894\" data-id=\"0888894\" data-element_type=\"column\" data-e-type=\"column\">\n\t\t\t<div class=\"elementor-widget-wrap elementor-element-populated\">\n\t\t\t\t\t\t<div class=\"elementor-element elementor-element-a8de0f3 elementor-widget elementor-widget-text-editor\" data-id=\"a8de0f3\" data-element_type=\"widget\" data-e-type=\"widget\" data-widget_type=\"text-editor.default\">\n\t\t\t\t<div class=\"elementor-widget-container\">\n\t\t\t\t\t\t\t\t\t<p>\u00c4nderung des Regionalplans des Regierungsbezirks K\u00f6ln, zweiter Planentwurf.<br \/><strong>Stellungnahmen zur m\u00f6glichen Reaktivierung von Bahnstrecken im Raum Wegberg<\/strong><\/p>\t\t\t\t\t\t\t\t<\/div>\n\t\t\t\t<\/div>\n\t\t\t\t\t<\/div>\n\t\t<\/div>\n\t\t\t\t\t<\/div>\n\t\t<\/section>\n\t\t\t\t<section class=\"elementor-section elementor-top-section elementor-element elementor-element-06694aa elementor-section-boxed elementor-section-height-default elementor-section-height-default\" data-id=\"06694aa\" data-element_type=\"section\" data-e-type=\"section\" data-settings=\"{&quot;background_background&quot;:&quot;classic&quot;}\">\n\t\t\t\t\t\t<div class=\"elementor-container elementor-column-gap-default\">\n\t\t\t\t\t<div class=\"elementor-column elementor-col-100 elementor-top-column elementor-element elementor-element-cf3a17e\" data-id=\"cf3a17e\" data-element_type=\"column\" data-e-type=\"column\">\n\t\t\t<div class=\"elementor-widget-wrap elementor-element-populated\">\n\t\t\t\t\t\t<div class=\"elementor-element elementor-element-b3c6af7 elementor-widget elementor-widget-text-editor\" data-id=\"b3c6af7\" data-element_type=\"widget\" data-e-type=\"widget\" data-widget_type=\"text-editor.default\">\n\t\t\t\t<div class=\"elementor-widget-container\">\n\t\t\t\t\t\t\t\t\t<p>Wir haben unsere Bedenken zum Regionalplan K\u00f6ln hinsichtlich der m\u00f6glichen Reaktivierung der Bahnstrecke Dahlhem-Elmpt ge\u00e4u\u00dfert. Denn diese Trasse w\u00fcrde wertvolle Naturr\u00e4ume wie den Meinweg und den Elmpter Wald durchschneiden.<\/p><p>Interessanterweise geht aus den zugrundeliegenden Unterlagen hervor, dass es eine Anfrage der D\u00fcsseldorfer Regionalplaner an ihre K\u00f6lner Kollegen gibt, diese Strecke wegen ihrer Anbindung an das geplante Industriegebiet in Elmpt als \u00c4nderung des bisherigen K\u00f6lner Regionalplans aufzunehmen. Eine tats\u00e4chliche Realisierung kann daher aufgrund dieses Interesses angenommen werden.<br \/>Unsere Ansicht finden Sie <a href=\"https:\/\/www.gruenes-grenzland.net\/wp-content\/uploads\/2024\/11\/Eingabe-GrGr-Aenderung-des-Regionalplans-Koeln-14.-November-2024-def.docx\">hier<\/a>.<\/p>\t\t\t\t\t\t\t\t<\/div>\n\t\t\t\t<\/div>\n\t\t\t\t\t<\/div>\n\t\t<\/div>\n\t\t\t\t\t<\/div>\n\t\t<\/section>\n\t\t\t\t<section class=\"elementor-section elementor-top-section elementor-element elementor-element-858b6f8 elementor-section-boxed elementor-section-height-default elementor-section-height-default\" data-id=\"858b6f8\" data-element_type=\"section\" data-e-type=\"section\">\n\t\t\t\t\t\t<div class=\"elementor-container elementor-column-gap-default\">\n\t\t\t\t\t<div class=\"elementor-column elementor-col-100 elementor-top-column elementor-element elementor-element-775aff0\" data-id=\"775aff0\" data-element_type=\"column\" data-e-type=\"column\">\n\t\t\t<div class=\"elementor-widget-wrap elementor-element-populated\">\n\t\t\t\t\t\t<div class=\"elementor-element elementor-element-1656424 elementor-widget-divider--view-line elementor-widget elementor-widget-divider\" data-id=\"1656424\" data-element_type=\"widget\" data-e-type=\"widget\" data-widget_type=\"divider.default\">\n\t\t\t\t<div class=\"elementor-widget-container\">\n\t\t\t\t\t\t\t<div class=\"elementor-divider\">\n\t\t\t<span class=\"elementor-divider-separator\">\n\t\t\t\t\t\t<\/span>\n\t\t<\/div>\n\t\t\t\t\t\t<\/div>\n\t\t\t\t<\/div>\n\t\t\t\t\t<\/div>\n\t\t<\/div>\n\t\t\t\t\t<\/div>\n\t\t<\/section>\n\t\t\t\t<section class=\"elementor-section elementor-top-section elementor-element elementor-element-a61e20c elementor-section-boxed elementor-section-height-default elementor-section-height-default\" data-id=\"a61e20c\" data-element_type=\"section\" data-e-type=\"section\">\n\t\t\t\t\t\t<div class=\"elementor-container elementor-column-gap-default\">\n\t\t\t\t\t<div class=\"elementor-column elementor-col-100 elementor-top-column elementor-element elementor-element-adc73f5\" data-id=\"adc73f5\" data-element_type=\"column\" data-e-type=\"column\">\n\t\t\t<div class=\"elementor-widget-wrap elementor-element-populated\">\n\t\t\t\t\t\t<div class=\"elementor-element elementor-element-5ee6eea elementor-widget elementor-widget-heading\" data-id=\"5ee6eea\" data-element_type=\"widget\" data-e-type=\"widget\" data-widget_type=\"heading.default\">\n\t\t\t\t<div class=\"elementor-widget-container\">\n\t\t\t\t\t<h5 class=\"elementor-heading-title elementor-size-default\">Abschlussbericht der internationalen Untersuchung: \"Kaum ein Limburger wird im Gewerbegebiet Elmpt arbeiten\".<\/h5>\t\t\t\t<\/div>\n\t\t\t\t<\/div>\n\t\t\t\t\t<\/div>\n\t\t<\/div>\n\t\t\t\t\t<\/div>\n\t\t<\/section>\n\t\t\t\t<section class=\"elementor-section elementor-top-section elementor-element elementor-element-f8c7112 elementor-section-boxed elementor-section-height-default elementor-section-height-default\" data-id=\"f8c7112\" data-element_type=\"section\" data-e-type=\"section\">\n\t\t\t\t\t\t<div class=\"elementor-container elementor-column-gap-default\">\n\t\t\t\t\t<div class=\"elementor-column elementor-col-50 elementor-top-column elementor-element elementor-element-7a4033d\" data-id=\"7a4033d\" data-element_type=\"column\" data-e-type=\"column\">\n\t\t\t<div class=\"elementor-widget-wrap elementor-element-populated\">\n\t\t\t\t\t\t<div class=\"elementor-element elementor-element-122f772 elementor-widget elementor-widget-text-editor\" data-id=\"122f772\" data-element_type=\"widget\" data-e-type=\"widget\" data-widget_type=\"text-editor.default\">\n\t\t\t\t<div class=\"elementor-widget-container\">\n\t\t\t\t\t\t\t\t\t<p>Die seit langem erwartete grenz\u00fcberschreitende Studie hat endlich (Februari 2024)  das Licht der Welt erblickt. Der Bericht mit dem Titel \"Auswirkungen und Folgen der Entwicklung des Energie- und Gewerbeparks Elmpt f\u00fcr die umliegenden niederl\u00e4ndischen und deutschen Gemeinden\" wurde von der Gemeinde Niederkr\u00fcchten zusammen mit den benachbarten deutschen und niederl\u00e4ndischen Gemeinden Br\u00fcggen, Schwalmtal, Wegberg, Beesel, Roermond und Roerdalen sowie dem Kreis Viersen erstellt.\n\nDen Bericht \u00fcber \"Gewerbegebiet, Arbeitskr\u00e4fte, Verkehr und Mobilit\u00e4t\" finden Sie\n\n<a href=\"https:\/\/www.niederkruechten.de\/rathaus-buergerservice\/presse-bekanntmachungen\/untersuchungen-zu-den-auswirkungen-des-energie-und\">Hier<\/a> <a href=\"https:\/\/www.niederkruechten.de\/system\/files\/2024-01\/Abschlussbericht_Agiplan_Gewerbefl%C3%A4chen_Arbeitskr%C3%A4fte_Verkehr_Mobilit%C3%A4t.pdf\">HIER<\/a> (Duits) of <a href=\"https:\/\/www.niederkruechten.de\/system\/files\/2024-02\/Abschlussbericht_Agiplan_Gewerbefl%C3%A4chen_Arbeitskr%C3%A4fte_Verkehr_Mobilit%C3%A4t%20NL.pdf\">HIER<\/a> (Nederlands) vinden.<\/p>\t\t\t\t\t\t\t\t<\/div>\n\t\t\t\t<\/div>\n\t\t\t\t\t<\/div>\n\t\t<\/div>\n\t\t\t\t<div class=\"elementor-column elementor-col-50 elementor-top-column elementor-element elementor-element-8fd65bc\" data-id=\"8fd65bc\" data-element_type=\"column\" data-e-type=\"column\">\n\t\t\t<div class=\"elementor-widget-wrap elementor-element-populated\">\n\t\t\t\t\t\t<div class=\"elementor-element elementor-element-d4a61a9 elementor-widget elementor-widget-image\" data-id=\"d4a61a9\" data-element_type=\"widget\" data-e-type=\"widget\" data-widget_type=\"image.default\">\n\t\t\t\t<div class=\"elementor-widget-container\">\n\t\t\t\t\t\t\t\t\t\t\t\t\t\t\t<img loading=\"lazy\" decoding=\"async\" width=\"661\" height=\"427\" src=\"https:\/\/www.gruenes-grenzland.net\/wp-content\/uploads\/2024\/02\/Kaft-Rapport-Agiplan-Industrie-werkgelegenheid-en-verkeer-januari-2024.jpg\" class=\"attachment-large size-large wp-image-16119\" alt=\"\" srcset=\"https:\/\/www.gruenes-grenzland.net\/wp-content\/uploads\/2024\/02\/Kaft-Rapport-Agiplan-Industrie-werkgelegenheid-en-verkeer-januari-2024.jpg 661w, https:\/\/www.gruenes-grenzland.net\/wp-content\/uploads\/2024\/02\/Kaft-Rapport-Agiplan-Industrie-werkgelegenheid-en-verkeer-januari-2024-300x194.jpg 300w, https:\/\/www.gruenes-grenzland.net\/wp-content\/uploads\/2024\/02\/Kaft-Rapport-Agiplan-Industrie-werkgelegenheid-en-verkeer-januari-2024-18x12.jpg 18w\" sizes=\"(max-width: 661px) 100vw, 661px\" \/>\t\t\t\t\t\t\t\t\t\t\t\t\t\t\t<\/div>\n\t\t\t\t<\/div>\n\t\t\t\t\t<\/div>\n\t\t<\/div>\n\t\t\t\t\t<\/div>\n\t\t<\/section>\n\t\t\t\t<section class=\"elementor-section elementor-top-section elementor-element elementor-element-9a2dc89 elementor-section-boxed elementor-section-height-default elementor-section-height-default\" data-id=\"9a2dc89\" data-element_type=\"section\" data-e-type=\"section\">\n\t\t\t\t\t\t<div class=\"elementor-container elementor-column-gap-default\">\n\t\t\t\t\t<div class=\"elementor-column elementor-col-100 elementor-top-column elementor-element elementor-element-035cb53\" data-id=\"035cb53\" data-element_type=\"column\" data-e-type=\"column\">\n\t\t\t<div class=\"elementor-widget-wrap elementor-element-populated\">\n\t\t\t\t\t\t<div class=\"elementor-element elementor-element-d392309 elementor-widget elementor-widget-text-editor\" data-id=\"d392309\" data-element_type=\"widget\" data-e-type=\"widget\" data-widget_type=\"text-editor.default\">\n\t\t\t\t<div class=\"elementor-widget-container\">\n\t\t\t\t\t\t\t\t\t<p>Was uns aufgefallen ist<\/p><p class=\" translation-block\">Umwelt und Gr\u00fcnfl\u00e4chen<br>Obwohl Umwelt und Gr\u00fcnfl\u00e4chen kurz angesprochen werden, fehlt es an konkreten Ma\u00dfnahmen zum Schutz der bestehenden biologischen Vielfalt. Das Fehlen von Artenschutz und spezifischen Aktionspunkten ist entt\u00e4uschend.<\/p><p class=\" translation-block\">Mobilit\u00e4t<br>Auch die Mobilit\u00e4tspl\u00e4ne lassen viel zu w\u00fcnschen \u00fcbrig. Zwar wird immer wieder von Multimodularit\u00e4t gesprochen, doch in der Praxis scheint dieser Ansatz nicht umgesetzt zu werden. Der Vorschlag, eine Bahnstrecke \u00fcber Dahlheim zu bauen, st\u00f6\u00dft auf praktische Hindernisse und scheint wirtschaftlich nicht tragf\u00e4hig zu sein. Au\u00dferdem ist die r\u00e4umliche Perspektive, die Niederkr\u00fcchten zwischen den H\u00e4fen von Antwerpen und Duisburg ansiedelt, geradezu naiv.<\/p><p>Das Mobilit\u00e4tskonzept dreht sich um die vier V's: Vermeiden, Vertr\u00e4glich gestalten, Vernetzen und Verlagern. W\u00e4hrend diese Prinzipien theoretisch aufgegriffen werden, fehlt es an der konkreten Umsetzung im Planungsprozess und in der t\u00e4glichen Praxis. Nimmt man sie jedoch ernst, w\u00fcrde das Industriegebiet in die N\u00e4he eines Bahnhofs, eines Hafens und einer Stadt mit ausreichend Arbeitspl\u00e4tzen verlagert werden. Das w\u00fcrde mindestens drei Viertel des Verkehrs vermeiden und die Natur weniger sch\u00e4digen.<\/p>\t\t\t\t\t\t\t\t<\/div>\n\t\t\t\t<\/div>\n\t\t\t\t\t<\/div>\n\t\t<\/div>\n\t\t\t\t\t<\/div>\n\t\t<\/section>\n\t\t\t\t<section class=\"elementor-section elementor-top-section elementor-element elementor-element-b604713 elementor-section-boxed elementor-section-height-default elementor-section-height-default\" data-id=\"b604713\" data-element_type=\"section\" data-e-type=\"section\">\n\t\t\t\t\t\t<div class=\"elementor-container elementor-column-gap-default\">\n\t\t\t\t\t<div class=\"elementor-column elementor-col-50 elementor-top-column elementor-element elementor-element-c9193a7\" data-id=\"c9193a7\" data-element_type=\"column\" data-e-type=\"column\">\n\t\t\t<div class=\"elementor-widget-wrap elementor-element-populated\">\n\t\t\t\t\t\t<div class=\"elementor-element elementor-element-3959a08 elementor-widget elementor-widget-text-editor\" data-id=\"3959a08\" data-element_type=\"widget\" data-e-type=\"widget\" data-widget_type=\"text-editor.default\">\n\t\t\t\t<div class=\"elementor-widget-container\">\n\t\t\t\t\t\t\t\t\t<p class=\" translation-block\">Arbeitsmarkt<br> Der gr\u00f6\u00dfte Engpass besteht auf dem Arbeitsmarkt. Es gibt jedoch keinen konkreten Aktionsplan zur L\u00f6sung dieses Problems. Der zunehmende Mangel an qualifizierten Arbeitskr\u00e4ften, der zum Teil auf die \u00dcberalterung der Bev\u00f6lkerung zur\u00fcckzuf\u00fchren ist, bleibt unbeantwortet. Die Sorge um den Wettbewerb in der Region und die Angst vor dem Scheitern von Projekten bleibt unbeantwortet. Au\u00dferdem wird kaum ein Limburger in dem Gewerbegebiet arbeiten.<\/p><p class=\" translation-block\">Aufsicht<br>Die Aufsichtsverantwortung von Verdion \u00fcber das gesamte Projekt und dessen Nutzung, einschlie\u00dflich der Ausgleichsfl\u00e4chen, erscheint unrealistisch. Es stellt sich die Frage, wer f\u00fcr die Einhaltung dieser Vereinbarungen verantwortlich ist, insbesondere im Hinblick auf die Erf\u00fcllung der Vereinbarungen zur Realisierung der (Natur-)Ausgleichsfl\u00e4chen<\/p><p class=\" translation-block\">Schlussfolgerung<br> Alles in allem bietet der Plan keine konkreten L\u00f6sungen f\u00fcr die festgestellten Probleme. Die Feststellung, da\u00df es keine Alternative zu dem vorgeschlagenen Standort gibt, erscheint verfr\u00fcht und verhindert die Ber\u00fccksichtigung anderer potentieller Standorte.<\/p>\t\t\t\t\t\t\t\t<\/div>\n\t\t\t\t<\/div>\n\t\t\t\t\t<\/div>\n\t\t<\/div>\n\t\t\t\t<div class=\"elementor-column elementor-col-50 elementor-top-column elementor-element elementor-element-30cf378\" data-id=\"30cf378\" data-element_type=\"column\" data-e-type=\"column\">\n\t\t\t<div class=\"elementor-widget-wrap elementor-element-populated\">\n\t\t\t\t\t\t<div class=\"elementor-element elementor-element-5e30c6a elementor-widget elementor-widget-image\" data-id=\"5e30c6a\" data-element_type=\"widget\" data-e-type=\"widget\" data-widget_type=\"image.default\">\n\t\t\t\t<div class=\"elementor-widget-container\">\n\t\t\t\t\t\t\t\t\t\t\t\t\t\t\t<img loading=\"lazy\" decoding=\"async\" width=\"513\" height=\"1024\" src=\"https:\/\/www.gruenes-grenzland.net\/wp-content\/uploads\/2024\/02\/DL-15-02-2024-513x1024.jpg\" class=\"attachment-large size-large wp-image-16114\" alt=\"\" srcset=\"https:\/\/www.gruenes-grenzland.net\/wp-content\/uploads\/2024\/02\/DL-15-02-2024-513x1024.jpg 513w, https:\/\/www.gruenes-grenzland.net\/wp-content\/uploads\/2024\/02\/DL-15-02-2024-150x300.jpg 150w, https:\/\/www.gruenes-grenzland.net\/wp-content\/uploads\/2024\/02\/DL-15-02-2024-768x1532.jpg 768w, https:\/\/www.gruenes-grenzland.net\/wp-content\/uploads\/2024\/02\/DL-15-02-2024-770x1536.jpg 770w, https:\/\/www.gruenes-grenzland.net\/wp-content\/uploads\/2024\/02\/DL-15-02-2024-1026x2048.jpg 1026w, https:\/\/www.gruenes-grenzland.net\/wp-content\/uploads\/2024\/02\/DL-15-02-2024-6x12.jpg 6w, https:\/\/www.gruenes-grenzland.net\/wp-content\/uploads\/2024\/02\/DL-15-02-2024.jpg 1250w\" sizes=\"(max-width: 513px) 100vw, 513px\" \/>\t\t\t\t\t\t\t\t\t\t\t\t\t\t\t<\/div>\n\t\t\t\t<\/div>\n\t\t\t\t\t<\/div>\n\t\t<\/div>\n\t\t\t\t\t<\/div>\n\t\t<\/section>\n\t\t\t\t<section class=\"elementor-section elementor-top-section elementor-element elementor-element-6a11259 elementor-section-boxed elementor-section-height-default elementor-section-height-default\" data-id=\"6a11259\" data-element_type=\"section\" data-e-type=\"section\">\n\t\t\t\t\t\t<div class=\"elementor-container elementor-column-gap-default\">\n\t\t\t\t\t<div class=\"elementor-column elementor-col-100 elementor-top-column elementor-element elementor-element-aee5235\" data-id=\"aee5235\" data-element_type=\"column\" data-e-type=\"column\">\n\t\t\t<div class=\"elementor-widget-wrap elementor-element-populated\">\n\t\t\t\t\t\t<div class=\"elementor-element elementor-element-bdfc125 elementor-widget-divider--view-line elementor-widget elementor-widget-divider\" data-id=\"bdfc125\" data-element_type=\"widget\" data-e-type=\"widget\" data-widget_type=\"divider.default\">\n\t\t\t\t<div class=\"elementor-widget-container\">\n\t\t\t\t\t\t\t<div class=\"elementor-divider\">\n\t\t\t<span class=\"elementor-divider-separator\">\n\t\t\t\t\t\t<\/span>\n\t\t<\/div>\n\t\t\t\t\t\t<\/div>\n\t\t\t\t<\/div>\n\t\t\t\t\t<\/div>\n\t\t<\/div>\n\t\t\t\t\t<\/div>\n\t\t<\/section>\n\t\t\t\t<section class=\"elementor-section elementor-top-section elementor-element elementor-element-519a859 elementor-section-boxed elementor-section-height-default elementor-section-height-default\" data-id=\"519a859\" data-element_type=\"section\" data-e-type=\"section\">\n\t\t\t\t\t\t<div class=\"elementor-container elementor-column-gap-default\">\n\t\t\t\t\t<div class=\"elementor-column elementor-col-100 elementor-top-column elementor-element elementor-element-7587c52\" data-id=\"7587c52\" data-element_type=\"column\" data-e-type=\"column\">\n\t\t\t<div class=\"elementor-widget-wrap elementor-element-populated\">\n\t\t\t\t\t\t<div class=\"elementor-element elementor-element-1c61537 elementor-widget elementor-widget-menu-anchor\" data-id=\"1c61537\" data-element_type=\"widget\" data-e-type=\"widget\" data-widget_type=\"menu-anchor.default\">\n\t\t\t\t<div class=\"elementor-widget-container\">\n\t\t\t\t\t\t\t<div class=\"elementor-menu-anchor\" id=\"Windturbines\"><\/div>\n\t\t\t\t\t\t<\/div>\n\t\t\t\t<\/div>\n\t\t\t\t\t<\/div>\n\t\t<\/div>\n\t\t\t\t\t<\/div>\n\t\t<\/section>\n\t\t\t\t<section class=\"elementor-section elementor-top-section elementor-element elementor-element-0311a83 elementor-section-boxed elementor-section-height-default elementor-section-height-default\" data-id=\"0311a83\" data-element_type=\"section\" data-e-type=\"section\">\n\t\t\t\t\t\t<div class=\"elementor-container elementor-column-gap-default\">\n\t\t\t\t\t<div class=\"elementor-column elementor-col-100 elementor-top-column elementor-element elementor-element-61c34c0\" data-id=\"61c34c0\" data-element_type=\"column\" data-e-type=\"column\">\n\t\t\t<div class=\"elementor-widget-wrap elementor-element-populated\">\n\t\t\t\t\t\t<div class=\"elementor-element elementor-element-e57f898 elementor-widget elementor-widget-text-editor\" data-id=\"e57f898\" data-element_type=\"widget\" data-e-type=\"widget\" data-widget_type=\"text-editor.default\">\n\t\t\t\t<div class=\"elementor-widget-container\">\n\t\t\t\t\t\t\t\t\t<p><strong>LNU NRW: Gericht trifft widerspr\u00fcchliche Aussagen zu geplanten Windr\u00e4dern in Elmpt (29 03 2026)<\/strong><\/p><p>Mit Verwunderung nimmt die Landesgemeinschaft Naturschutz und Umwelt (LNU) NRW e.V. das Urteil des Oberverwaltungsgerichts (OVG)  in M\u00fcnster zu den geplanten Windenergieanlagen auf dem ehemaligen Flugplatz der britischen Streitkr\u00e4fte in Niederkr\u00fcchten-Elmpt (Kreis Viersen), unweit der Grenze zu den Niederlanden, zur Kenntnis<\/p><p>Obwohl die Ausf\u00fchrungen des Gerichts im Eilverfahren darlegen, dass die Genehmigung rechtswidrig ist, begr\u00fcndet es seine Entscheidung mit der Annahme die Rechtslage sei offen.<\/p><p>Insbesondere geht das OVG nicht ein auf die besonders von der LNU respektive ihrem Mitgliedsverband \u201eGr\u00fcnes Grenzland\u201c aufgef\u00fchrten Argument, die Windr\u00e4der griffen in das faktische Vogelschutzgebiet ein. Ohne eine Pr\u00fcfung dieser Frage, h\u00e4tte die Rechtslage auf keinen Fall als offen eingestuft werden d\u00fcrfen<\/p><p>F\u00fcr die LNU hei\u00dft dies: Die Windr\u00e4der k\u00f6nnen errichtet werden. Im Hauptverfahren aber kann die im Eilverfahren getroffene Entscheidung wieder aufgehoben werden aufgrund bisher noch offener Rechtslage. Ob ein Investor angesichts dieser \u201eoffenen Rechtslage\u201c investieren will, erscheint eher fraglich.<\/p><p>Die vollst\u00e4ndige Analyse der LNU finden Sie <a href=\"https:\/\/www.gruenes-grenzland.net\/wp-content\/uploads\/2026\/03\/Pressemitteilung-WEA-Elmpt-LNU-2026-03-28-de-nl.pdf\">hier<\/a>.<\/p><p>Das Urteil des Gerichts finden Sie <a href=\"https:\/\/www.gruenes-grenzland.net\/wp-content\/uploads\/2026\/03\/2026-03-26-Eilbeschluss-WEA.pdf\">hier<\/a>.<\/p>\t\t\t\t\t\t\t\t<\/div>\n\t\t\t\t<\/div>\n\t\t\t\t\t<\/div>\n\t\t<\/div>\n\t\t\t\t\t<\/div>\n\t\t<\/section>\n\t\t\t\t<section class=\"elementor-section elementor-top-section elementor-element elementor-element-7ce872a elementor-section-boxed elementor-section-height-default elementor-section-height-default\" data-id=\"7ce872a\" data-element_type=\"section\" data-e-type=\"section\">\n\t\t\t\t\t\t<div class=\"elementor-container elementor-column-gap-default\">\n\t\t\t\t\t<div class=\"elementor-column elementor-col-100 elementor-top-column elementor-element elementor-element-cbacbc9\" data-id=\"cbacbc9\" data-element_type=\"column\" data-e-type=\"column\">\n\t\t\t<div class=\"elementor-widget-wrap elementor-element-populated\">\n\t\t\t\t\t\t<div class=\"elementor-element elementor-element-92275c2 elementor-widget-divider--view-line elementor-widget elementor-widget-divider\" data-id=\"92275c2\" data-element_type=\"widget\" data-e-type=\"widget\" data-widget_type=\"divider.default\">\n\t\t\t\t<div class=\"elementor-widget-container\">\n\t\t\t\t\t\t\t<div class=\"elementor-divider\">\n\t\t\t<span class=\"elementor-divider-separator\">\n\t\t\t\t\t\t<\/span>\n\t\t<\/div>\n\t\t\t\t\t\t<\/div>\n\t\t\t\t<\/div>\n\t\t\t\t\t<\/div>\n\t\t<\/div>\n\t\t\t\t\t<\/div>\n\t\t<\/section>\n\t\t\t\t<section class=\"elementor-section elementor-top-section elementor-element elementor-element-85b664c elementor-section-boxed elementor-section-height-default elementor-section-height-default\" data-id=\"85b664c\" data-element_type=\"section\" data-e-type=\"section\">\n\t\t\t\t\t\t<div class=\"elementor-container elementor-column-gap-default\">\n\t\t\t\t\t<div class=\"elementor-column elementor-col-100 elementor-top-column elementor-element elementor-element-4340b38\" data-id=\"4340b38\" data-element_type=\"column\" data-e-type=\"column\">\n\t\t\t<div class=\"elementor-widget-wrap elementor-element-populated\">\n\t\t\t\t\t\t<div class=\"elementor-element elementor-element-1fa28ee elementor-widget elementor-widget-text-editor\" data-id=\"1fa28ee\" data-element_type=\"widget\" data-e-type=\"widget\" data-widget_type=\"text-editor.default\">\n\t\t\t\t<div class=\"elementor-widget-container\">\n\t\t\t\t\t\t\t\t\t<p><strong>Windkraftanlagen Elmpt, wiederholter Antrag auf Ruhen von Bauma\u00dfnahmen w\u00e4hrend des Gerichtsprozesses<\/strong><\/p>\t\t\t\t\t\t\t\t<\/div>\n\t\t\t\t<\/div>\n\t\t\t\t\t<\/div>\n\t\t<\/div>\n\t\t\t\t\t<\/div>\n\t\t<\/section>\n\t\t\t\t<section class=\"elementor-section elementor-top-section elementor-element elementor-element-36cc5ec elementor-section-boxed elementor-section-height-default elementor-section-height-default\" data-id=\"36cc5ec\" data-element_type=\"section\" data-e-type=\"section\">\n\t\t\t\t\t\t<div class=\"elementor-container elementor-column-gap-default\">\n\t\t\t\t\t<div class=\"elementor-column elementor-col-100 elementor-top-column elementor-element elementor-element-abe14ee\" data-id=\"abe14ee\" data-element_type=\"column\" data-e-type=\"column\">\n\t\t\t<div class=\"elementor-widget-wrap elementor-element-populated\">\n\t\t\t\t\t\t<div class=\"elementor-element elementor-element-705dd01 elementor-widget__width-initial elementor-widget elementor-widget-text-editor\" data-id=\"705dd01\" data-element_type=\"widget\" data-e-type=\"widget\" data-widget_type=\"text-editor.default\">\n\t\t\t\t<div class=\"elementor-widget-container\">\n\t\t\t\t\t\t\t\t\t<p>Am ehemaligen Milit\u00e4rflugplatz Elmpt, nahe der niederl\u00e4ndischen Grenze, wurde eine Genehmigung f\u00fcr den Bau von f\u00fcnf gro\u00dfen Windkraftanlagen erteilt. Gegen diese Genehmigung hat die Naturschutzorganisation Landesgemeinschaft Naturschutz und Umwelt Nordrhein-Westfalen (LNU) Berufung eingelegt. Die Organisation hat beim Gericht beantragt, die Genehmigung vorl\u00e4ufig auszusetzen, da sie bef\u00fcrchtet, dass sonst wertvolle Natur irreversibel gesch\u00e4digt und gegen europ\u00e4isches Naturschutzrecht versto\u00dfen wird.<\/p><p>Der Grund f\u00fcr den wiederholten Antrag vom 26. Januar 2026 auf Verpflichtung Ruhen von Bauma\u00dfnahmen bis zum Abschluss des laufenden Gerichtsprozesses liegt im Verlauf des Verfahrens. Bereits im Juli 2025 hatte die LNU den Richter gebeten, die G\u00fcltigkeit der Genehmigung vor\u00fcbergehend auszusetzen, damit zun\u00e4chst eine inhaltliche Pr\u00fcfung des Falls erfolgen konnte. Der Bautr\u00e4ger erkl\u00e4rte damals, dass der Bau der Windkraftanlagen vorerst nicht anstehe, unter anderem weil zun\u00e4chst noch ein Ausschreibungsverfahren durchlaufen werden m\u00fcsse. Das Verfahren wurde verz\u00f6gert, weil die Verwaltung die Unterlagen erst sehr versp\u00e4tet vorgelegt hat. Inzwischen sind diese Monate vergangen, ohne dass das Gericht eine Entscheidung getroffen hat. Dadurch besteht die Gefahr, dass der Bautr\u00e4ger noch w\u00e4hrend des laufenden Verfahrens mit den Bauarbeiten beginnt. In diesem Fall k\u00f6nnten Tatsachen geschaffen werden, die nicht mehr r\u00fcckg\u00e4ngig zu machen sind, wie beispielsweise der Verlust von Lebensraum und die St\u00f6rung empfindlicher Vogelpopulationen. Genau das m\u00f6chte die LNU verhindern.<\/p><p>Der Kern des Streits besteht darin, dass die Windkraftanlagen in einem Gebiet geplant sind, das direkt an das europ\u00e4ische Vogelschutzgebiet Schwalm-Nette-Platte grenzt. Nach Ansicht der LNU liegt ein wesentlicher Teil des Projektgebiets zu Unrecht au\u00dferhalb der offiziellen Grenze dieses Naturschutzgebiets. Aus \u00f6kologischer Sicht geh\u00f6rt das Gebiet jedoch durchaus dazu. Im europ\u00e4ischen Recht gibt es daf\u00fcr den Begriff \u201ede facto Vogelschutzgebiet\u201d: ein Gebiet, das f\u00fcr gesch\u00fctzte Vogelarten so wichtig ist, dass es denselben Schutz verdient wie ein offiziell ausgewiesenes Naturschutzgebiet.<\/p><p>Aus den Unterlagen geht hervor, dass die Grenze des Schutzgebiets nicht ausschlie\u00dflich auf der Grundlage von Naturwerten festgelegt wurde. Interne Dokumente zeigen, dass die Grenze bewusst verschoben wurde, um Platz f\u00fcr ein geplantes Industriegebiet und den Windpark zu schaffen. Es wurde sogar eine k\u00fcnstliche Pufferzone von etwa 300 Metern eingerichtet, nicht aus \u00f6kologischen Gr\u00fcnden, sondern um Raum f\u00fcr r\u00e4umliche Entwicklungen zu schaffen. Nach europ\u00e4ischem Recht ist dies nicht zul\u00e4ssig: Die Abgrenzung von Naturschutzgebieten darf ausschlie\u00dflich auf wissenschaftlichen und \u00f6kologischen Kriterien beruhen. Wenn andere Interessen eine Rolle spielen, ist die Abgrenzung rechtlich unzul\u00e4ssig.<\/p>\t\t\t\t\t\t\t\t<\/div>\n\t\t\t\t<\/div>\n\t\t\t\t\t<\/div>\n\t\t<\/div>\n\t\t\t\t\t<\/div>\n\t\t<\/section>\n\t\t\t\t<section class=\"elementor-section elementor-top-section elementor-element elementor-element-78543b6 elementor-section-boxed elementor-section-height-default elementor-section-height-default\" data-id=\"78543b6\" data-element_type=\"section\" data-e-type=\"section\">\n\t\t\t\t\t\t<div class=\"elementor-container elementor-column-gap-default\">\n\t\t\t\t\t<div class=\"elementor-column elementor-col-100 elementor-top-column elementor-element elementor-element-cdcf9e9\" data-id=\"cdcf9e9\" data-element_type=\"column\" data-e-type=\"column\">\n\t\t\t<div class=\"elementor-widget-wrap elementor-element-populated\">\n\t\t\t\t\t\t<div class=\"elementor-element elementor-element-5134989 elementor-widget elementor-widget-image\" data-id=\"5134989\" data-element_type=\"widget\" data-e-type=\"widget\" data-widget_type=\"image.default\">\n\t\t\t\t<div class=\"elementor-widget-container\">\n\t\t\t\t\t\t\t\t\t\t\t\t<figure class=\"wp-caption\">\n\t\t\t\t\t\t\t\t\t\t<img loading=\"lazy\" decoding=\"async\" width=\"1024\" height=\"724\" src=\"https:\/\/www.gruenes-grenzland.net\/wp-content\/uploads\/2026\/01\/GrGr-uitbreiding-VSG-en-Faktisch-VSG-1024x724.jpg\" class=\"attachment-large size-large wp-image-23935\" alt=\"\" srcset=\"https:\/\/www.gruenes-grenzland.net\/wp-content\/uploads\/2026\/01\/GrGr-uitbreiding-VSG-en-Faktisch-VSG-1024x724.jpg 1024w, https:\/\/www.gruenes-grenzland.net\/wp-content\/uploads\/2026\/01\/GrGr-uitbreiding-VSG-en-Faktisch-VSG-300x212.jpg 300w, https:\/\/www.gruenes-grenzland.net\/wp-content\/uploads\/2026\/01\/GrGr-uitbreiding-VSG-en-Faktisch-VSG-768x543.jpg 768w, https:\/\/www.gruenes-grenzland.net\/wp-content\/uploads\/2026\/01\/GrGr-uitbreiding-VSG-en-Faktisch-VSG-1536x1086.jpg 1536w, https:\/\/www.gruenes-grenzland.net\/wp-content\/uploads\/2026\/01\/GrGr-uitbreiding-VSG-en-Faktisch-VSG-2048x1448.jpg 2048w, https:\/\/www.gruenes-grenzland.net\/wp-content\/uploads\/2026\/01\/GrGr-uitbreiding-VSG-en-Faktisch-VSG-18x12.jpg 18w\" sizes=\"(max-width: 1024px) 100vw, 1024px\" \/>\t\t\t\t\t\t\t\t\t\t\t<figcaption class=\"widget-image-caption wp-caption-text\">Vogelschutzgebiet und das  faktisch Vogelschutzgebiet<\/figcaption>\n\t\t\t\t\t\t\t\t\t\t<\/figure>\n\t\t\t\t\t\t\t\t\t<\/div>\n\t\t\t\t<\/div>\n\t\t\t\t\t<\/div>\n\t\t<\/div>\n\t\t\t\t\t<\/div>\n\t\t<\/section>\n\t\t\t\t<section class=\"elementor-section elementor-top-section elementor-element elementor-element-f9e3c37 elementor-section-boxed elementor-section-height-default elementor-section-height-default\" data-id=\"f9e3c37\" data-element_type=\"section\" data-e-type=\"section\">\n\t\t\t\t\t\t<div class=\"elementor-container elementor-column-gap-default\">\n\t\t\t\t\t<div class=\"elementor-column elementor-col-100 elementor-top-column elementor-element elementor-element-72fe4eb\" data-id=\"72fe4eb\" data-element_type=\"column\" data-e-type=\"column\">\n\t\t\t<div class=\"elementor-widget-wrap elementor-element-populated\">\n\t\t\t\t\t\t<div class=\"elementor-element elementor-element-ed29621 elementor-widget elementor-widget-text-editor\" data-id=\"ed29621\" data-element_type=\"widget\" data-e-type=\"widget\" data-widget_type=\"text-editor.default\">\n\t\t\t\t<div class=\"elementor-widget-container\">\n\t\t\t\t\t\t\t\t\t<p>Hinzu kommt, dass das Projektgebiet nachweislich ein sehr wichtiger Lebensraum f\u00fcr mehrere gesch\u00fctzte Vogelarten ist, darunter die Nachtigall, das Rotkehlchen, der Baumpieper, der Grauschn\u00e4pper und der Wiesenpieper. Aus den in den Unterlagen enthaltenen Untersuchungen geht hervor, dass die Dichte der Brutpaare im Projektgebiet f\u00fcr einige Arten sogar \u00fcber dem Durchschnitt des gesamten Vogelschutzgebiets liegt. So kommt die Nachtigall im gesamten Gebiet mit etwa 0,6 bis 0,7 Brutpaaren pro Quadratkilometer vor, w\u00e4hrend es im Projektgebiet etwa 1,3 Brutpaare pro Quadratkilometer sind. Auch bei Arten wie dem Neunt\u00f6ter und der Heidelerche ist die Dichte im Projektgebiet deutlich h\u00f6her als der Durchschnitt. Das bedeutet, dass das Gebiet geradezu eines der Kerngebiete f\u00fcr diese gef\u00e4hrdeten Arten ist.<\/p><p>Nach Ansicht der Naturschutzorganisation ist es daher nicht nur rechtlich, sondern auch inhaltlich unhaltbar, dieses Gebiet vom Schutz auszunehmen. Wenn hier Windkraftanlagen gebaut werden, f\u00fchrt dies zu einer St\u00f6rung der Brutgebiete, zum Verlust von Lebensraum und zu einem R\u00fcckgang der Populationen. Solche Sch\u00e4den sind kaum oder gar nicht zu beheben. Aus diesem Grund fordert die LNU das Gericht auf, zun\u00e4chst sorgf\u00e4ltig zu pr\u00fcfen, ob die Genehmigung mit dem europ\u00e4ischen Naturschutzrecht vereinbar ist, und die Genehmigung bis dahin auszusetzen.<\/p>\t\t\t\t\t\t\t\t<\/div>\n\t\t\t\t<\/div>\n\t\t\t\t\t<\/div>\n\t\t<\/div>\n\t\t\t\t\t<\/div>\n\t\t<\/section>\n\t\t\t\t<section class=\"elementor-section elementor-top-section elementor-element elementor-element-9b2e71a elementor-section-boxed elementor-section-height-default elementor-section-height-default\" data-id=\"9b2e71a\" data-element_type=\"section\" data-e-type=\"section\">\n\t\t\t\t\t\t<div class=\"elementor-container elementor-column-gap-default\">\n\t\t\t\t\t<div class=\"elementor-column elementor-col-100 elementor-top-column elementor-element elementor-element-3dcb67f\" data-id=\"3dcb67f\" data-element_type=\"column\" data-e-type=\"column\">\n\t\t\t<div class=\"elementor-widget-wrap elementor-element-populated\">\n\t\t\t\t\t\t<div class=\"elementor-element elementor-element-3242364 elementor-widget-divider--view-line elementor-widget elementor-widget-divider\" data-id=\"3242364\" data-element_type=\"widget\" data-e-type=\"widget\" data-widget_type=\"divider.default\">\n\t\t\t\t<div class=\"elementor-widget-container\">\n\t\t\t\t\t\t\t<div class=\"elementor-divider\">\n\t\t\t<span class=\"elementor-divider-separator\">\n\t\t\t\t\t\t<\/span>\n\t\t<\/div>\n\t\t\t\t\t\t<\/div>\n\t\t\t\t<\/div>\n\t\t\t\t\t<\/div>\n\t\t<\/div>\n\t\t\t\t\t<\/div>\n\t\t<\/section>\n\t\t\t\t<section class=\"elementor-section elementor-top-section elementor-element elementor-element-3163567 elementor-section-boxed elementor-section-height-default elementor-section-height-default\" data-id=\"3163567\" data-element_type=\"section\" data-e-type=\"section\">\n\t\t\t\t\t\t<div class=\"elementor-container elementor-column-gap-default\">\n\t\t\t\t\t<div class=\"elementor-column elementor-col-100 elementor-top-column elementor-element elementor-element-4c22e84\" data-id=\"4c22e84\" data-element_type=\"column\" data-e-type=\"column\">\n\t\t\t<div class=\"elementor-widget-wrap elementor-element-populated\">\n\t\t\t\t\t\t<div class=\"elementor-element elementor-element-3476c85 elementor-widget elementor-widget-text-editor\" data-id=\"3476c85\" data-element_type=\"widget\" data-e-type=\"widget\" data-widget_type=\"text-editor.default\">\n\t\t\t\t<div class=\"elementor-widget-container\">\n\t\t\t\t\t\t\t\t\t<p><strong>LNU ergreift rechtliche Schritte, um den Bau von Windkraftanlagen in Elmpt zu verhindern<\/strong><\/p>\t\t\t\t\t\t\t\t<\/div>\n\t\t\t\t<\/div>\n\t\t\t\t\t<\/div>\n\t\t<\/div>\n\t\t\t\t\t<\/div>\n\t\t<\/section>\n\t\t\t\t<section class=\"elementor-section elementor-top-section elementor-element elementor-element-b56c4ae elementor-section-boxed elementor-section-height-default elementor-section-height-default\" data-id=\"b56c4ae\" data-element_type=\"section\" data-e-type=\"section\">\n\t\t\t\t\t\t<div class=\"elementor-container elementor-column-gap-default\">\n\t\t\t\t\t<div class=\"elementor-column elementor-col-100 elementor-top-column elementor-element elementor-element-8a91cf8\" data-id=\"8a91cf8\" data-element_type=\"column\" data-e-type=\"column\">\n\t\t\t<div class=\"elementor-widget-wrap elementor-element-populated\">\n\t\t\t\t\t\t<div class=\"elementor-element elementor-element-c194c87 elementor-widget elementor-widget-text-editor\" data-id=\"c194c87\" data-element_type=\"widget\" data-e-type=\"widget\" data-widget_type=\"text-editor.default\">\n\t\t\t\t<div class=\"elementor-widget-container\">\n\t\t\t\t\t\t\t\t\t<p>Die Landesgemeinschaft Naturschutz und Umwelt NRW (LNU) hat am 27. Juli 2025 bei Gericht einen Antrag auf sofortigen Baustopp f\u00fcr f\u00fcnf Windkraftanlagen auf der ehemaligen Milit\u00e4rlandebahn in Niederkr\u00fcchten-Elmpt gestellt. Nach Ansicht der LNU wurde die Genehmigung vom 5. Juni 2025 rechtswidrig erteilt: Die gesetzlich vorgeschriebene Umweltvertr\u00e4glichkeitspr\u00fcfung und \u00d6ffentlichkeitsbeteiligung wurde vorzeitig abgebrochen, w\u00e4hrend die Anlagen teilweise in einem europ\u00e4ischen Vogelschutzgebiet stehen werden. Dieses Gebiet ist f\u00fcr seltene Arten wie den stark gef\u00e4hrdeten Ziegenmelker, von dem hier eine der wichtigsten Populationen Nordrhein-Westfalens lebt, von entscheidender Bedeutung. Die LNU argumentiert, dass Teile des Gebietes zu Unrecht aus der offiziellen Grenze des Vogelschutzgebietes herausgenommen wurden, um wirtschaftliche Pl\u00e4ne zu erm\u00f6glichen. Sie bef\u00fcrchtet irreversible Sch\u00e4den f\u00fcr die Natur und fordert die Aussetzung der Genehmigung, bis das Gericht in der Hauptsache entschieden hat.<\/p>\t\t\t\t\t\t\t\t<\/div>\n\t\t\t\t<\/div>\n\t\t\t\t\t<\/div>\n\t\t<\/div>\n\t\t\t\t\t<\/div>\n\t\t<\/section>\n\t\t\t\t<section class=\"elementor-section elementor-top-section elementor-element elementor-element-124aeb7 elementor-section-boxed elementor-section-height-default elementor-section-height-default\" data-id=\"124aeb7\" data-element_type=\"section\" data-e-type=\"section\">\n\t\t\t\t\t\t<div class=\"elementor-container elementor-column-gap-default\">\n\t\t\t\t\t<div class=\"elementor-column elementor-col-100 elementor-top-column elementor-element elementor-element-28a8165\" data-id=\"28a8165\" data-element_type=\"column\" data-e-type=\"column\">\n\t\t\t<div class=\"elementor-widget-wrap elementor-element-populated\">\n\t\t\t\t\t\t<div class=\"elementor-element elementor-element-b364ac6 elementor-widget-divider--view-line elementor-widget elementor-widget-divider\" data-id=\"b364ac6\" data-element_type=\"widget\" data-e-type=\"widget\" data-widget_type=\"divider.default\">\n\t\t\t\t<div class=\"elementor-widget-container\">\n\t\t\t\t\t\t\t<div class=\"elementor-divider\">\n\t\t\t<span class=\"elementor-divider-separator\">\n\t\t\t\t\t\t<\/span>\n\t\t<\/div>\n\t\t\t\t\t\t<\/div>\n\t\t\t\t<\/div>\n\t\t\t\t\t<\/div>\n\t\t<\/div>\n\t\t\t\t\t<\/div>\n\t\t<\/section>\n\t\t\t\t<section class=\"elementor-section elementor-top-section elementor-element elementor-element-f70aebc elementor-section-boxed elementor-section-height-default elementor-section-height-default\" data-id=\"f70aebc\" data-element_type=\"section\" data-e-type=\"section\">\n\t\t\t\t\t\t<div class=\"elementor-container elementor-column-gap-default\">\n\t\t\t\t\t<div class=\"elementor-column elementor-col-100 elementor-top-column elementor-element elementor-element-699fdf6\" data-id=\"699fdf6\" data-element_type=\"column\" data-e-type=\"column\">\n\t\t\t<div class=\"elementor-widget-wrap elementor-element-populated\">\n\t\t\t\t\t\t<div class=\"elementor-element elementor-element-d332eb7 elementor-widget elementor-widget-text-editor\" data-id=\"d332eb7\" data-element_type=\"widget\" data-e-type=\"widget\" data-widget_type=\"text-editor.default\">\n\t\t\t\t<div class=\"elementor-widget-container\">\n\t\t\t\t\t\t\t\t\t<p><strong>Kreis Viersen erteilt umstrittene Genehmigung f\u00fcr Windkraftanlagen im Naturschutzgebiet<\/strong><\/p>\t\t\t\t\t\t\t\t<\/div>\n\t\t\t\t<\/div>\n\t\t\t\t\t<\/div>\n\t\t<\/div>\n\t\t\t\t\t<\/div>\n\t\t<\/section>\n\t\t\t\t<section class=\"elementor-section elementor-top-section elementor-element elementor-element-64e0a31 elementor-section-boxed elementor-section-height-default elementor-section-height-default\" data-id=\"64e0a31\" data-element_type=\"section\" data-e-type=\"section\">\n\t\t\t\t\t\t<div class=\"elementor-container elementor-column-gap-default\">\n\t\t\t\t\t<div class=\"elementor-column elementor-col-100 elementor-top-column elementor-element elementor-element-f934277\" data-id=\"f934277\" data-element_type=\"column\" data-e-type=\"column\">\n\t\t\t<div class=\"elementor-widget-wrap elementor-element-populated\">\n\t\t\t\t\t\t<div class=\"elementor-element elementor-element-a9aa27d elementor-widget elementor-widget-image\" data-id=\"a9aa27d\" data-element_type=\"widget\" data-e-type=\"widget\" data-widget_type=\"image.default\">\n\t\t\t\t<div class=\"elementor-widget-container\">\n\t\t\t\t\t\t\t\t\t\t\t\t<figure class=\"wp-caption\">\n\t\t\t\t\t\t\t\t\t\t<img loading=\"lazy\" decoding=\"async\" width=\"1024\" height=\"637\" src=\"https:\/\/www.gruenes-grenzland.net\/wp-content\/uploads\/2025\/09\/DJI_0744-Meinweg-Rolvennen-met-windturbines-rood-1024x637.jpg\" class=\"attachment-large size-large wp-image-23331\" alt=\"\" srcset=\"https:\/\/www.gruenes-grenzland.net\/wp-content\/uploads\/2025\/09\/DJI_0744-Meinweg-Rolvennen-met-windturbines-rood-1024x637.jpg 1024w, https:\/\/www.gruenes-grenzland.net\/wp-content\/uploads\/2025\/09\/DJI_0744-Meinweg-Rolvennen-met-windturbines-rood-300x187.jpg 300w, https:\/\/www.gruenes-grenzland.net\/wp-content\/uploads\/2025\/09\/DJI_0744-Meinweg-Rolvennen-met-windturbines-rood-768x478.jpg 768w, https:\/\/www.gruenes-grenzland.net\/wp-content\/uploads\/2025\/09\/DJI_0744-Meinweg-Rolvennen-met-windturbines-rood-1536x955.jpg 1536w, https:\/\/www.gruenes-grenzland.net\/wp-content\/uploads\/2025\/09\/DJI_0744-Meinweg-Rolvennen-met-windturbines-rood-2048x1274.jpg 2048w, https:\/\/www.gruenes-grenzland.net\/wp-content\/uploads\/2025\/09\/DJI_0744-Meinweg-Rolvennen-met-windturbines-rood-18x12.jpg 18w\" sizes=\"(max-width: 1024px) 100vw, 1024px\" \/>\t\t\t\t\t\t\t\t\t\t\t<figcaption class=\"widget-image-caption wp-caption-text\">Vogelperspektive auf den Rolvennen im Nationalpark Meinweg mit geplanten Windkraftanlagen<\/figcaption>\n\t\t\t\t\t\t\t\t\t\t<\/figure>\n\t\t\t\t\t\t\t\t\t<\/div>\n\t\t\t\t<\/div>\n\t\t\t\t\t<\/div>\n\t\t<\/div>\n\t\t\t\t\t<\/div>\n\t\t<\/section>\n\t\t\t\t<section class=\"elementor-section elementor-top-section elementor-element elementor-element-d6e96e5 elementor-section-boxed elementor-section-height-default elementor-section-height-default\" data-id=\"d6e96e5\" data-element_type=\"section\" data-e-type=\"section\">\n\t\t\t\t\t\t<div class=\"elementor-container elementor-column-gap-default\">\n\t\t\t\t\t<div class=\"elementor-column elementor-col-100 elementor-top-column elementor-element elementor-element-581ff60\" data-id=\"581ff60\" data-element_type=\"column\" data-e-type=\"column\">\n\t\t\t<div class=\"elementor-widget-wrap elementor-element-populated\">\n\t\t\t\t\t\t<div class=\"elementor-element elementor-element-2ea88ed elementor-widget elementor-widget-text-editor\" data-id=\"2ea88ed\" data-element_type=\"widget\" data-e-type=\"widget\" data-widget_type=\"text-editor.default\">\n\t\t\t\t<div class=\"elementor-widget-container\">\n\t\t\t\t\t\t\t\t\t<p>\u00a0Am 12. Juni 2025 erteilte der Kreis Viersen eine Genehmigung f\u00fcr den Bau von f\u00fcnf Windkraftanlagen auf dem ehemaligen Milit\u00e4rflugplatz Elmpt, mitten in einem europ\u00e4ischen Vogelschutzgebiet. Die Entscheidung l\u00f6ste sofort scharfe Kritik von Naturschutzorganisationen aus, die sich seit Monaten gegen das Vorhaben wehren.<\/p><p>Im Februar haben die wichtigsten Naturschutzverb\u00e4nde in Nordrhein-Westfalen (wie die LNU) eine umfassende und fundierte Stellungnahme abgegeben. Darin weisen sie auf die \u00f6kologischen Sch\u00e4den hin, die das Projekt verursachen w\u00fcrde, unter anderem f\u00fcr den seltenen Ziegenmelker, eine europ\u00e4isch gesch\u00fctzte Art mit einem gro\u00dfen und sensiblen Lebensraum.<\/p><p>Trotzdem hat der Kreis Viersen beschlossen, die Einw\u00e4nde vollst\u00e4ndig zu ignorieren. Das bedeutet, dass die Genehmigung ohne Ber\u00fccksichtigung schwerwiegender Naturbelange und mit einer mangelhaften Umweltvertr\u00e4glichkeitspr\u00fcfung erteilt wurde.<\/p><p>Die Natuurschutzorganisationen bereiten nun einen neuen Rechtsstreit vor. Dabei ist die Zuversicht gro\u00df, auch dank des j\u00fcngsten Urteils des Verwaltungsgerichts M\u00fcnster vom 28. April 2025, das dasselbe Naturschutzgebiet betraf.<\/p><p>In diesem Fall entschied das Oberverwaltungsgericht M\u00fcnster, dass die geplante industrielle Entwicklung des angrenzenden Javelin-Parks nicht ohne Weiteres mit den Erhaltungszielen des Natura-2000-Schutzgebiets vereinbar sei. Das Urteil macht deutlich, dass die Verwaltung bei Projekten in dieser Region sehr viel vorsichtiger vorgehen muss.<\/p><p>Sie k\u00f6nnen das Genehmigunsbescheid hier herunterladen:<br \/><a href=\"https:\/\/www.gruenes-grenzland.net\/wp-content\/uploads\/2025\/07\/genehmigungsbescheid_wea_niederkruechten_elmpt_pne_ag.pdf\">genehmigungsbescheid_wea_niederkruechten_elmpt_pne_ag<\/a><\/p>\t\t\t\t\t\t\t\t<\/div>\n\t\t\t\t<\/div>\n\t\t\t\t\t<\/div>\n\t\t<\/div>\n\t\t\t\t\t<\/div>\n\t\t<\/section>\n\t\t\t\t<section class=\"elementor-section elementor-top-section elementor-element elementor-element-052a7b8 elementor-section-boxed elementor-section-height-default elementor-section-height-default\" data-id=\"052a7b8\" data-element_type=\"section\" data-e-type=\"section\">\n\t\t\t\t\t\t<div class=\"elementor-container elementor-column-gap-default\">\n\t\t\t\t\t<div class=\"elementor-column elementor-col-100 elementor-top-column elementor-element elementor-element-dce8d77\" data-id=\"dce8d77\" data-element_type=\"column\" data-e-type=\"column\">\n\t\t\t<div class=\"elementor-widget-wrap elementor-element-populated\">\n\t\t\t\t\t\t<div class=\"elementor-element elementor-element-a59a362 elementor-widget-divider--view-line elementor-widget elementor-widget-divider\" data-id=\"a59a362\" data-element_type=\"widget\" data-e-type=\"widget\" data-widget_type=\"divider.default\">\n\t\t\t\t<div class=\"elementor-widget-container\">\n\t\t\t\t\t\t\t<div class=\"elementor-divider\">\n\t\t\t<span class=\"elementor-divider-separator\">\n\t\t\t\t\t\t<\/span>\n\t\t<\/div>\n\t\t\t\t\t\t<\/div>\n\t\t\t\t<\/div>\n\t\t\t\t\t<\/div>\n\t\t<\/div>\n\t\t\t\t\t<\/div>\n\t\t<\/section>\n\t\t\t\t<section class=\"elementor-section elementor-top-section elementor-element elementor-element-912f9f7 elementor-section-boxed elementor-section-height-default elementor-section-height-default\" data-id=\"912f9f7\" data-element_type=\"section\" data-e-type=\"section\">\n\t\t\t\t\t\t<div class=\"elementor-container elementor-column-gap-default\">\n\t\t\t\t\t<div class=\"elementor-column elementor-col-100 elementor-top-column elementor-element elementor-element-a5e3e8a\" data-id=\"a5e3e8a\" data-element_type=\"column\" data-e-type=\"column\">\n\t\t\t<div class=\"elementor-widget-wrap elementor-element-populated\">\n\t\t\t\t\t\t<section class=\"elementor-section elementor-inner-section elementor-element elementor-element-b762f8d elementor-section-boxed elementor-section-height-default elementor-section-height-default\" data-id=\"b762f8d\" data-element_type=\"section\" data-e-type=\"section\">\n\t\t\t\t\t\t<div class=\"elementor-container elementor-column-gap-default\">\n\t\t\t\t\t<div class=\"elementor-column elementor-col-50 elementor-inner-column elementor-element elementor-element-251d606\" data-id=\"251d606\" data-element_type=\"column\" data-e-type=\"column\">\n\t\t\t<div class=\"elementor-widget-wrap elementor-element-populated\">\n\t\t\t\t\t\t<div class=\"elementor-element elementor-element-5a9b2db elementor-widget elementor-widget-text-editor\" data-id=\"5a9b2db\" data-element_type=\"widget\" data-e-type=\"widget\" data-widget_type=\"text-editor.default\">\n\t\t\t\t<div class=\"elementor-widget-container\">\n\t\t\t\t\t\t\t\t\t<p><strong>Konsultation von Naturschutzorganisationen<\/strong><\/p>\t\t\t\t\t\t\t\t<\/div>\n\t\t\t\t<\/div>\n\t\t\t\t\t<\/div>\n\t\t<\/div>\n\t\t\t\t<div class=\"elementor-column elementor-col-50 elementor-inner-column elementor-element elementor-element-25edbca\" data-id=\"25edbca\" data-element_type=\"column\" data-e-type=\"column\">\n\t\t\t<div class=\"elementor-widget-wrap\">\n\t\t\t\t\t\t\t<\/div>\n\t\t<\/div>\n\t\t\t\t\t<\/div>\n\t\t<\/section>\n\t\t\t\t<section class=\"elementor-section elementor-inner-section elementor-element elementor-element-8d9b9d9 elementor-section-boxed elementor-section-height-default elementor-section-height-default\" data-id=\"8d9b9d9\" data-element_type=\"section\" data-e-type=\"section\">\n\t\t\t\t\t\t<div class=\"elementor-container elementor-column-gap-default\">\n\t\t\t\t\t<div class=\"elementor-column elementor-col-50 elementor-inner-column elementor-element elementor-element-8d91e60\" data-id=\"8d91e60\" data-element_type=\"column\" data-e-type=\"column\">\n\t\t\t<div class=\"elementor-widget-wrap elementor-element-populated\">\n\t\t\t\t\t\t<div class=\"elementor-element elementor-element-50849a8 elementor-widget__width-initial elementor-widget elementor-widget-text-editor\" data-id=\"50849a8\" data-element_type=\"widget\" data-e-type=\"widget\" data-widget_type=\"text-editor.default\">\n\t\t\t\t<div class=\"elementor-widget-container\">\n\t\t\t\t\t\t\t\t\t<p>Bis zum 12. Februar 2025 k\u00f6nnen anerkannte Naturschutzverb\u00e4nde beim Kreis Viersen Stellungnahmen gegen den geplanten Bau von f\u00fcnf Windkraftanlagen auf der Start- und Landebahn des ehemaligen Milit\u00e4rflughafens in unmittelbarer N\u00e4he zu einem Vogelschutzgebiet abgeben. Davon wird auch das LNU (landes b\u00fcro der Natuschutzverb\u00e4nde NRW) Gebrauch machen. Eine erste Durchsicht der uns vorliegenden Unterlagen zeigt gravierende M\u00e4ngel. Wir wollen dies am Beispiel des Ziegenmelkers verdeutlichen, einer f\u00fcr dieses Vogelschutzgebiet charakteristischen, gef\u00e4hrdeten und gegen\u00fcber der geplanten Entwicklungen in Elmpt sehr empfindlichen Art.<\/p>\t\t\t\t\t\t\t\t<\/div>\n\t\t\t\t<\/div>\n\t\t\t\t\t<\/div>\n\t\t<\/div>\n\t\t\t\t<div class=\"elementor-column elementor-col-50 elementor-inner-column elementor-element elementor-element-fbca345\" data-id=\"fbca345\" data-element_type=\"column\" data-e-type=\"column\">\n\t\t\t<div class=\"elementor-widget-wrap elementor-element-populated\">\n\t\t\t\t\t\t<div class=\"elementor-element elementor-element-bdd6c31 elementor-widget elementor-widget-image\" data-id=\"bdd6c31\" data-element_type=\"widget\" data-e-type=\"widget\" data-widget_type=\"image.default\">\n\t\t\t\t<div class=\"elementor-widget-container\">\n\t\t\t\t\t\t\t\t\t\t\t\t<figure class=\"wp-caption\">\n\t\t\t\t\t\t\t\t\t\t<img loading=\"lazy\" decoding=\"async\" width=\"1024\" height=\"724\" src=\"https:\/\/www.gruenes-grenzland.net\/wp-content\/uploads\/2025\/01\/Ziegenmelker-Windturbines-Elmpt-PNE-2025-GrGr-1024x724.jpg\" class=\"attachment-large size-large wp-image-19397\" alt=\"\" srcset=\"https:\/\/www.gruenes-grenzland.net\/wp-content\/uploads\/2025\/01\/Ziegenmelker-Windturbines-Elmpt-PNE-2025-GrGr-1024x724.jpg 1024w, https:\/\/www.gruenes-grenzland.net\/wp-content\/uploads\/2025\/01\/Ziegenmelker-Windturbines-Elmpt-PNE-2025-GrGr-300x212.jpg 300w, https:\/\/www.gruenes-grenzland.net\/wp-content\/uploads\/2025\/01\/Ziegenmelker-Windturbines-Elmpt-PNE-2025-GrGr-768x543.jpg 768w, https:\/\/www.gruenes-grenzland.net\/wp-content\/uploads\/2025\/01\/Ziegenmelker-Windturbines-Elmpt-PNE-2025-GrGr-1536x1086.jpg 1536w, https:\/\/www.gruenes-grenzland.net\/wp-content\/uploads\/2025\/01\/Ziegenmelker-Windturbines-Elmpt-PNE-2025-GrGr-2048x1448.jpg 2048w, https:\/\/www.gruenes-grenzland.net\/wp-content\/uploads\/2025\/01\/Ziegenmelker-Windturbines-Elmpt-PNE-2025-GrGr-18x12.jpg 18w\" sizes=\"(max-width: 1024px) 100vw, 1024px\" \/>\t\t\t\t\t\t\t\t\t\t\t<figcaption class=\"widget-image-caption wp-caption-text\"> Ziegenmelker PNE (Pure New Energy) in blauw. Ziegenmelker ingesammt bis 2025 (Lange (2018), Sommerhage (2020) en Smeets (2023)) in rood.<\/figcaption>\n\t\t\t\t\t\t\t\t\t\t<\/figure>\n\t\t\t\t\t\t\t\t\t<\/div>\n\t\t\t\t<\/div>\n\t\t\t\t\t<\/div>\n\t\t<\/div>\n\t\t\t\t\t<\/div>\n\t\t<\/section>\n\t\t\t\t<section class=\"elementor-section elementor-inner-section elementor-element elementor-element-5329460 elementor-section-boxed elementor-section-height-default elementor-section-height-default\" data-id=\"5329460\" data-element_type=\"section\" data-e-type=\"section\">\n\t\t\t\t\t\t<div class=\"elementor-container elementor-column-gap-default\">\n\t\t\t\t\t<div class=\"elementor-column elementor-col-50 elementor-inner-column elementor-element elementor-element-929378e\" data-id=\"929378e\" data-element_type=\"column\" data-e-type=\"column\">\n\t\t\t<div class=\"elementor-widget-wrap elementor-element-populated\">\n\t\t\t\t\t\t<div class=\"elementor-element elementor-element-bdf3a36 elementor-widget elementor-widget-text-editor\" data-id=\"bdf3a36\" data-element_type=\"widget\" data-e-type=\"widget\" data-widget_type=\"text-editor.default\">\n\t\t\t\t<div class=\"elementor-widget-container\">\n\t\t\t\t\t\t\t\t\t<p>Hauptm\u00e4ngel:<\/p><p><span style=\"font-size: 12.0pt; font-family: 'Arial',sans-serif;\"><strong>1. Fehlen von Reviere n\u00f6rdlich der Landebahn<\/strong><br \/><\/span>Die von Lange (2018), Sommerhage (2020) und Smeets (2023) kartierten Ziegenmelker-Reviere sind auf der Karte als rote Punkte dargestellt. Im aktuellen Erhebungsbericht sind jedoch nur die s\u00fcdlichen Gebiete (blau dargestellt) enthalten, was problematisch ist, da die Ziegenmelkerpopulation als Ganzes bewertet werden sollte. Die Nichtber\u00fccksichtigung der n\u00f6rdlichen Gebiete vermittelt ein falsches und unvollst\u00e4ndiges Bild von der Gr\u00f6\u00dfe und Verteilung der Population sowie von den Auswirkungen der geplanten Ma\u00dfnahmen.<\/p>\t\t\t\t\t\t\t\t<\/div>\n\t\t\t\t<\/div>\n\t\t\t\t\t<\/div>\n\t\t<\/div>\n\t\t\t\t<div class=\"elementor-column elementor-col-50 elementor-inner-column elementor-element elementor-element-0cfcf8b\" data-id=\"0cfcf8b\" data-element_type=\"column\" data-e-type=\"column\">\n\t\t\t<div class=\"elementor-widget-wrap\">\n\t\t\t\t\t\t\t<\/div>\n\t\t<\/div>\n\t\t\t\t\t<\/div>\n\t\t<\/section>\n\t\t\t\t<section class=\"elementor-section elementor-inner-section elementor-element elementor-element-c7617e8 elementor-section-boxed elementor-section-height-default elementor-section-height-default\" data-id=\"c7617e8\" data-element_type=\"section\" data-e-type=\"section\">\n\t\t\t\t\t\t<div class=\"elementor-container elementor-column-gap-default\">\n\t\t\t\t\t<div class=\"elementor-column elementor-col-50 elementor-inner-column elementor-element elementor-element-a4b312d\" data-id=\"a4b312d\" data-element_type=\"column\" data-e-type=\"column\">\n\t\t\t<div class=\"elementor-widget-wrap elementor-element-populated\">\n\t\t\t\t\t\t<div class=\"elementor-element elementor-element-2d548b6 elementor-widget elementor-widget-text-editor\" data-id=\"2d548b6\" data-element_type=\"widget\" data-e-type=\"widget\" data-widget_type=\"text-editor.default\">\n\t\t\t\t<div class=\"elementor-widget-container\">\n\t\t\t\t\t\t\t\t\t<p><span style=\"font-size: 12.0pt; font-family: 'Arial',sans-serif;\"><strong>2. Fehlender Einbezug relevanter kumulativer Effekte<\/strong><br \/><\/span>In der genannten Karte sind auch die Ausgleichsfl\u00e4chen f\u00fcr den Ziegenmelker eingezeichnet, die mindestens 500 Meter von den Windkraftanlagen entfernt liegen, um negative Auswirkungen zu minimieren. Erweitert man diese Pufferzonen nach Norden, so zeigt sich, dass nicht nur vier Nachtschwalbenreviere, sondern auch die geplanten Naturausgleichsfl\u00e4chen des Verdion-Speerparks in den Einflussbereich der Anlagen fallen. Dies ist problematisch, da diese Gebiete ebenfalls als Ausgleichsfl\u00e4chen f\u00fcr den Ziegenmelker ausgewiesen sind. Obwohl das Gutachten Minderungsma\u00dfnahmen zur Vermeidung von Lichtverschmutzung vorschl\u00e4gt, wie z.B. eine bedarfsgesteuerte Nachtkennzeichnung und eine Bauwerksbeleuchtung mit einem Abstrahlwinkel von -2\u00b0, zeigt der Bebauungsplan Elmpt Ost, dass Verdion keine ausreichenden Ma\u00dfnahmen ergreift oder ergreifen kann. Insbesondere die Logistikbranche stellt ein gro\u00dfes Problem dar, da die LKW-Standorte die ganze Nacht \u00fcber beleuchtet sind.<br \/>Dar\u00fcber hinaus werden andere m\u00f6gliche kumulative Auswirkungen, wie z. B. die L\u00e4rmbel\u00e4stigung, nicht ber\u00fccksichtigt. Die Schlussfolgerung, dass die vorgeschlagenen Ma\u00dfnahmen ausreichen, um den Ziegenmelker zu erhalten, ist daher sehr voreilig. Ohne eine umfassende Analyse der kumulativen Gesamtwirkung kann diese Schlussfolgerung nicht begr\u00fcndet werden.<\/p>\t\t\t\t\t\t\t\t<\/div>\n\t\t\t\t<\/div>\n\t\t\t\t\t<\/div>\n\t\t<\/div>\n\t\t\t\t<div class=\"elementor-column elementor-col-50 elementor-inner-column elementor-element elementor-element-88958cd\" data-id=\"88958cd\" data-element_type=\"column\" data-e-type=\"column\">\n\t\t\t<div class=\"elementor-widget-wrap elementor-element-populated\">\n\t\t\t\t\t\t<div class=\"elementor-element elementor-element-9e29526 elementor-widget elementor-widget-image\" data-id=\"9e29526\" data-element_type=\"widget\" data-e-type=\"widget\" data-widget_type=\"image.default\">\n\t\t\t\t<div class=\"elementor-widget-container\">\n\t\t\t\t\t\t\t\t\t\t\t\t<figure class=\"wp-caption\">\n\t\t\t\t\t\t\t\t\t\t<img loading=\"lazy\" decoding=\"async\" width=\"1024\" height=\"925\" src=\"https:\/\/www.gruenes-grenzland.net\/wp-content\/uploads\/2023\/11\/Nachtzwaluw2-14-5-2023-1024x925.jpg\" class=\"attachment-large size-large wp-image-14764\" alt=\"\" srcset=\"https:\/\/www.gruenes-grenzland.net\/wp-content\/uploads\/2023\/11\/Nachtzwaluw2-14-5-2023-1024x925.jpg 1024w, https:\/\/www.gruenes-grenzland.net\/wp-content\/uploads\/2023\/11\/Nachtzwaluw2-14-5-2023-300x271.jpg 300w, https:\/\/www.gruenes-grenzland.net\/wp-content\/uploads\/2023\/11\/Nachtzwaluw2-14-5-2023-768x694.jpg 768w, https:\/\/www.gruenes-grenzland.net\/wp-content\/uploads\/2023\/11\/Nachtzwaluw2-14-5-2023-13x12.jpg 13w, https:\/\/www.gruenes-grenzland.net\/wp-content\/uploads\/2023\/11\/Nachtzwaluw2-14-5-2023.jpg 1280w\" sizes=\"(max-width: 1024px) 100vw, 1024px\" \/>\t\t\t\t\t\t\t\t\t\t\t<figcaption class=\"widget-image-caption wp-caption-text\">Nachtzwaluw \/Ziegenmelker (foto:  Anja van Halbeek)<\/figcaption>\n\t\t\t\t\t\t\t\t\t\t<\/figure>\n\t\t\t\t\t\t\t\t\t<\/div>\n\t\t\t\t<\/div>\n\t\t\t\t\t<\/div>\n\t\t<\/div>\n\t\t\t\t\t<\/div>\n\t\t<\/section>\n\t\t\t\t<section class=\"elementor-section elementor-inner-section elementor-element elementor-element-38109c1 elementor-section-boxed elementor-section-height-default elementor-section-height-default\" data-id=\"38109c1\" data-element_type=\"section\" data-e-type=\"section\">\n\t\t\t\t\t\t<div class=\"elementor-container elementor-column-gap-default\">\n\t\t\t\t\t<div class=\"elementor-column elementor-col-50 elementor-inner-column elementor-element elementor-element-99b324a\" data-id=\"99b324a\" data-element_type=\"column\" data-e-type=\"column\">\n\t\t\t<div class=\"elementor-widget-wrap elementor-element-populated\">\n\t\t\t\t\t\t<div class=\"elementor-element elementor-element-6a85037 elementor-widget elementor-widget-text-editor\" data-id=\"6a85037\" data-element_type=\"widget\" data-e-type=\"widget\" data-widget_type=\"text-editor.default\">\n\t\t\t\t<div class=\"elementor-widget-container\">\n\t\t\t\t\t\t\t\t\t<p><strong>3. Naturkompensationsma\u00dfnahmen: eine Mogelpackung<\/strong><\/p><p>Als Ausgleich f\u00fcr den Verlust von geeignetem Lebensraum f\u00fcr den Ziegenmelker wurde innerhalb des Vogelschutzgebietes (VSG) eine Ausgleichsfl\u00e4che ausgewiesen, auf der eine mindestens 4,5 Hektar gro\u00dfe Waldwiese angelegt werden soll. W\u00e4hrend dies auf den ersten Blick eine positive Initiative zu sein scheint, stellt sich die Frage, ob das VSG nicht ohnehin, unabh\u00e4ngig von den Ausgleichsverpflichtungen, als Lebensraum f\u00fcr den Ziegenmelker geeignet gemacht werden sollte.<\/p><p>Tats\u00e4chlich werden im nahe gelegenen n\u00f6rdlichen Brachter Wald verschiedene Pflege- und Entwicklungsma\u00dfnahmen zur Naturverbesserung durchgef\u00fchrt, ohne dass hier eine Ausgleichsverpflichtung besteht. Die Ausweisung der regul\u00e4ren Ma\u00dfnahmen zur Naturpflege als Kompensationsma\u00dfnahme innerhalb eines VSG lenkt daher vom eigentlichen Ziel der Kompensation ab. Sie wirkt eher wie eine Abw\u00e4lzung der Verantwortung als ein ernsthafter Versuch, den Verlust an geeignetem Lebensraum f\u00fcr den Ziegenmelker tats\u00e4chlich zu kompensieren.<\/p><p>Diese drei gro\u00dfen M\u00e4ngel f\u00fchren dazu, dass die Auswirkungen des Projekts auf die Ziegenmelkerpopulation untersch\u00e4tzt werden und die vorgeschlagenen Ma\u00dfnahmen nicht hinreichend begr\u00fcndet sind.<\/p>\t\t\t\t\t\t\t\t<\/div>\n\t\t\t\t<\/div>\n\t\t\t\t\t<\/div>\n\t\t<\/div>\n\t\t\t\t<div class=\"elementor-column elementor-col-50 elementor-inner-column elementor-element elementor-element-cdba094\" data-id=\"cdba094\" data-element_type=\"column\" data-e-type=\"column\">\n\t\t\t<div class=\"elementor-widget-wrap\">\n\t\t\t\t\t\t\t<\/div>\n\t\t<\/div>\n\t\t\t\t\t<\/div>\n\t\t<\/section>\n\t\t\t\t\t<\/div>\n\t\t<\/div>\n\t\t\t\t\t<\/div>\n\t\t<\/section>\n\t\t\t\t<section class=\"elementor-section elementor-top-section elementor-element elementor-element-b531875 elementor-section-boxed elementor-section-height-default elementor-section-height-default\" data-id=\"b531875\" data-element_type=\"section\" data-e-type=\"section\">\n\t\t\t\t\t\t<div class=\"elementor-container elementor-column-gap-default\">\n\t\t\t\t\t<div class=\"elementor-column elementor-col-100 elementor-top-column elementor-element elementor-element-5e20e47\" data-id=\"5e20e47\" data-element_type=\"column\" data-e-type=\"column\">\n\t\t\t<div class=\"elementor-widget-wrap elementor-element-populated\">\n\t\t\t\t\t\t<div class=\"elementor-element elementor-element-2d093a7 elementor-widget elementor-widget-text-editor\" data-id=\"2d093a7\" data-element_type=\"widget\" data-e-type=\"widget\" data-widget_type=\"text-editor.default\">\n\t\t\t\t<div class=\"elementor-widget-container\">\n\t\t\t\t\t\t\t\t\t<p><b>Die vollst\u00e4ndige Eingabe des Landesb\u00fcro der Naturschutzverb\u00e4nde NRW kan hier gefunden werden:<\/b>:<br \/><a href=\"https:\/\/www.gruenes-grenzland.net\/wp-content\/uploads\/2025\/02\/STN_LaBue_WEA_Elmpt.pdf\">https:\/\/www.gruenes-grenzland.net\/wp-content\/uploads\/2025\/02\/STN_LaBue_WEA_Elmpt.pdf<\/a><\/p>\t\t\t\t\t\t\t\t<\/div>\n\t\t\t\t<\/div>\n\t\t\t\t\t<\/div>\n\t\t<\/div>\n\t\t\t\t\t<\/div>\n\t\t<\/section>\n\t\t\t\t<section class=\"elementor-section elementor-top-section elementor-element elementor-element-4d5b992 elementor-section-boxed elementor-section-height-default elementor-section-height-default\" data-id=\"4d5b992\" data-element_type=\"section\" data-e-type=\"section\">\n\t\t\t\t\t\t<div class=\"elementor-container elementor-column-gap-default\">\n\t\t\t\t\t<div class=\"elementor-column elementor-col-100 elementor-top-column elementor-element elementor-element-06a6778\" data-id=\"06a6778\" data-element_type=\"column\" data-e-type=\"column\">\n\t\t\t<div class=\"elementor-widget-wrap elementor-element-populated\">\n\t\t\t\t\t\t<div class=\"elementor-element elementor-element-6f68ff7 elementor-widget-divider--view-line elementor-widget elementor-widget-divider\" data-id=\"6f68ff7\" data-element_type=\"widget\" data-e-type=\"widget\" data-widget_type=\"divider.default\">\n\t\t\t\t<div class=\"elementor-widget-container\">\n\t\t\t\t\t\t\t<div class=\"elementor-divider\">\n\t\t\t<span class=\"elementor-divider-separator\">\n\t\t\t\t\t\t<\/span>\n\t\t<\/div>\n\t\t\t\t\t\t<\/div>\n\t\t\t\t<\/div>\n\t\t\t\t\t<\/div>\n\t\t<\/div>\n\t\t\t\t\t<\/div>\n\t\t<\/section>\n\t\t\t\t<section class=\"elementor-section elementor-top-section elementor-element elementor-element-c4e0dec elementor-section-boxed elementor-section-height-default elementor-section-height-default\" data-id=\"c4e0dec\" data-element_type=\"section\" data-e-type=\"section\">\n\t\t\t\t\t\t<div class=\"elementor-container elementor-column-gap-default\">\n\t\t\t\t\t<div class=\"elementor-column elementor-col-100 elementor-top-column elementor-element elementor-element-ffa9e51\" data-id=\"ffa9e51\" data-element_type=\"column\" data-e-type=\"column\">\n\t\t\t<div class=\"elementor-widget-wrap elementor-element-populated\">\n\t\t\t\t\t\t<div class=\"elementor-element elementor-element-c657e17 elementor-widget elementor-widget-text-editor\" data-id=\"c657e17\" data-element_type=\"widget\" data-e-type=\"widget\" data-widget_type=\"text-editor.default\">\n\t\t\t\t<div class=\"elementor-widget-container\">\n\t\t\t\t\t\t\t\t\t<p>Am 21. September 2018 startet der Nabu eine Petition gegen den Bau von Windkraftanlagen auf dem ehemaligen Flughafen in Elmpt, die letztlich von 1270 Personen unterst\u00fctzt wurde, sehe<a href=\"https:\/\/www.openpetition.de\/petition\/blog\/keine-windkraft-im-ziegenmelkerbrutgebiet\" target=\"_blank\" rel=\"noopener\">\u00a0hier<\/a>\u00a0<\/p>\t\t\t\t\t\t\t\t<\/div>\n\t\t\t\t<\/div>\n\t\t\t\t\t<\/div>\n\t\t<\/div>\n\t\t\t\t\t<\/div>\n\t\t<\/section>\n\t\t\t\t<\/div>","protected":false},"excerpt":{"rendered":"<p>Standpunten Groen Grensland Industrie- en bedrijvencomplex Javelin Park Elmpt Windturbines Elmpt Industrie- en bedrijvencomplex Javelin Park Elmpt Standpunten en inspraak burgers Affiches, postkaarten en banners Plakate, Postkarten und Banner Folder Flugblatt Argumenten en antwoorden Argumente und Antworten Petitie Petition Geplande megahallen en windturbines nabij Elmpt in bos en vogelbeschermingsgebied Standpunten en inspraak burgers Bestemmingsplan Militairterrein [&hellip;]<\/p>\n","protected":false},"author":3,"featured_media":0,"parent":0,"menu_order":0,"comment_status":"closed","ping_status":"closed","template":"","meta":{"site-sidebar-layout":"no-sidebar","site-content-layout":"page-builder","ast-site-content-layout":"default","site-content-style":"default","site-sidebar-style":"default","ast-global-header-display":"","ast-banner-title-visibility":"","ast-main-header-display":"","ast-hfb-above-header-display":"","ast-hfb-below-header-display":"","ast-hfb-mobile-header-display":"","site-post-title":"disabled","ast-breadcrumbs-content":"","ast-featured-img":"disabled","footer-sml-layout":"","ast-disable-related-posts":"","theme-transparent-header-meta":"","adv-header-id-meta":"","stick-header-meta":"","header-above-stick-meta":"","header-main-stick-meta":"","header-below-stick-meta":"","astra-migrate-meta-layouts":"default","ast-page-background-enabled":"default","ast-page-background-meta":{"desktop":{"background-color":"","background-image":"","background-repeat":"repeat","background-position":"center center","background-size":"auto","background-attachment":"scroll","background-type":"","background-media":"","overlay-type":"","overlay-color":"","overlay-opacity":"","overlay-gradient":""},"tablet":{"background-color":"","background-image":"","background-repeat":"repeat","background-position":"center center","background-size":"auto","background-attachment":"scroll","background-type":"","background-media":"","overlay-type":"","overlay-color":"","overlay-opacity":"","overlay-gradient":""},"mobile":{"background-color":"","background-image":"","background-repeat":"repeat","background-position":"center center","background-size":"auto","background-attachment":"scroll","background-type":"","background-media":"","overlay-type":"","overlay-color":"","overlay-opacity":"","overlay-gradient":""}},"ast-content-background-meta":{"desktop":{"background-color":"var(--ast-global-color-5)","background-image":"","background-repeat":"repeat","background-position":"center center","background-size":"auto","background-attachment":"scroll","background-type":"","background-media":"","overlay-type":"","overlay-color":"","overlay-opacity":"","overlay-gradient":""},"tablet":{"background-color":"var(--ast-global-color-5)","background-image":"","background-repeat":"repeat","background-position":"center center","background-size":"auto","background-attachment":"scroll","background-type":"","background-media":"","overlay-type":"","overlay-color":"","overlay-opacity":"","overlay-gradient":""},"mobile":{"background-color":"var(--ast-global-color-5)","background-image":"","background-repeat":"repeat","background-position":"center center","background-size":"auto","background-attachment":"scroll","background-type":"","background-media":"","overlay-type":"","overlay-color":"","overlay-opacity":"","overlay-gradient":""}},"footnotes":""},"class_list":["post-10357","page","type-page","status-publish","hentry"],"_links":{"self":[{"href":"https:\/\/www.gruenes-grenzland.net\/de\/wp-json\/wp\/v2\/pages\/10357","targetHints":{"allow":["GET"]}}],"collection":[{"href":"https:\/\/www.gruenes-grenzland.net\/de\/wp-json\/wp\/v2\/pages"}],"about":[{"href":"https:\/\/www.gruenes-grenzland.net\/de\/wp-json\/wp\/v2\/types\/page"}],"author":[{"embeddable":true,"href":"https:\/\/www.gruenes-grenzland.net\/de\/wp-json\/wp\/v2\/users\/3"}],"replies":[{"embeddable":true,"href":"https:\/\/www.gruenes-grenzland.net\/de\/wp-json\/wp\/v2\/comments?post=10357"}],"version-history":[{"count":1324,"href":"https:\/\/www.gruenes-grenzland.net\/de\/wp-json\/wp\/v2\/pages\/10357\/revisions"}],"predecessor-version":[{"id":24664,"href":"https:\/\/www.gruenes-grenzland.net\/de\/wp-json\/wp\/v2\/pages\/10357\/revisions\/24664"}],"wp:attachment":[{"href":"https:\/\/www.gruenes-grenzland.net\/de\/wp-json\/wp\/v2\/media?parent=10357"}],"curies":[{"name":"wp","href":"https:\/\/api.w.org\/{rel}","templated":true}]}}