{"id":19812,"date":"2025-03-28T10:38:12","date_gmt":"2025-03-28T09:38:12","guid":{"rendered":"https:\/\/www.gruenes-grenzland.net\/?page_id=19812"},"modified":"2025-03-28T10:49:56","modified_gmt":"2025-03-28T09:49:56","slug":"actueel-2023","status":"publish","type":"page","link":"https:\/\/www.gruenes-grenzland.net\/de\/actueel-2023\/","title":{"rendered":"Actueel-2023"},"content":{"rendered":"<div data-elementor-type=\"wp-page\" data-elementor-id=\"19812\" class=\"elementor elementor-19812\" data-elementor-post-type=\"page\">\n\t\t\t\t\t\t<section class=\"elementor-section elementor-top-section elementor-element elementor-element-1b8dc8c elementor-section-boxed elementor-section-height-default elementor-section-height-default\" data-id=\"1b8dc8c\" data-element_type=\"section\" data-e-type=\"section\">\n\t\t\t\t\t\t<div class=\"elementor-container elementor-column-gap-default\">\n\t\t\t\t\t<div class=\"elementor-column elementor-col-100 elementor-top-column elementor-element elementor-element-bed5a76\" data-id=\"bed5a76\" data-element_type=\"column\" data-e-type=\"column\">\n\t\t\t<div class=\"elementor-widget-wrap elementor-element-populated\">\n\t\t\t\t\t\t<div class=\"elementor-element elementor-element-181e54a elementor-widget-divider--view-line elementor-widget elementor-widget-divider\" data-id=\"181e54a\" data-element_type=\"widget\" data-e-type=\"widget\" data-widget_type=\"divider.default\">\n\t\t\t\t<div class=\"elementor-widget-container\">\n\t\t\t\t\t\t\t<div class=\"elementor-divider\">\n\t\t\t<span class=\"elementor-divider-separator\">\n\t\t\t\t\t\t<\/span>\n\t\t<\/div>\n\t\t\t\t\t\t<\/div>\n\t\t\t\t<\/div>\n\t\t\t\t\t<\/div>\n\t\t<\/div>\n\t\t\t\t\t<\/div>\n\t\t<\/section>\n\t\t\t\t<section class=\"elementor-section elementor-top-section elementor-element elementor-element-50e855c elementor-section-boxed elementor-section-height-default elementor-section-height-default\" data-id=\"50e855c\" data-element_type=\"section\" data-e-type=\"section\">\n\t\t\t\t\t\t<div class=\"elementor-container elementor-column-gap-default\">\n\t\t\t\t\t<div class=\"elementor-column elementor-col-100 elementor-top-column elementor-element elementor-element-6dab8af\" data-id=\"6dab8af\" data-element_type=\"column\" data-e-type=\"column\">\n\t\t\t<div class=\"elementor-widget-wrap elementor-element-populated\">\n\t\t\t\t\t\t<div class=\"elementor-element elementor-element-24b73db elementor-widget elementor-widget-heading\" data-id=\"24b73db\" data-element_type=\"widget\" data-e-type=\"widget\" data-widget_type=\"heading.default\">\n\t\t\t\t<div class=\"elementor-widget-container\">\n\t\t\t\t\t<h2 class=\"elementor-heading-title elementor-size-default\">Aktuell 2022-2023<\/h2>\t\t\t\t<\/div>\n\t\t\t\t<\/div>\n\t\t\t\t\t<\/div>\n\t\t<\/div>\n\t\t\t\t\t<\/div>\n\t\t<\/section>\n\t\t\t\t<section class=\"elementor-section elementor-top-section elementor-element elementor-element-dc71b86 elementor-section-boxed elementor-section-height-default elementor-section-height-default\" data-id=\"dc71b86\" data-element_type=\"section\" data-e-type=\"section\">\n\t\t\t\t\t\t<div class=\"elementor-container elementor-column-gap-default\">\n\t\t\t\t\t<div class=\"elementor-column elementor-col-100 elementor-top-column elementor-element elementor-element-9b5e353\" data-id=\"9b5e353\" data-element_type=\"column\" data-e-type=\"column\">\n\t\t\t<div class=\"elementor-widget-wrap elementor-element-populated\">\n\t\t\t\t\t\t<div class=\"elementor-element elementor-element-e9f9598 elementor-widget-divider--view-line elementor-widget elementor-widget-divider\" data-id=\"e9f9598\" data-element_type=\"widget\" data-e-type=\"widget\" data-widget_type=\"divider.default\">\n\t\t\t\t<div class=\"elementor-widget-container\">\n\t\t\t\t\t\t\t<div class=\"elementor-divider\">\n\t\t\t<span class=\"elementor-divider-separator\">\n\t\t\t\t\t\t<\/span>\n\t\t<\/div>\n\t\t\t\t\t\t<\/div>\n\t\t\t\t<\/div>\n\t\t\t\t\t<\/div>\n\t\t<\/div>\n\t\t\t\t\t<\/div>\n\t\t<\/section>\n\t\t\t\t<section class=\"elementor-section elementor-top-section elementor-element elementor-element-2ede7e2 elementor-section-boxed elementor-section-height-default elementor-section-height-default\" data-id=\"2ede7e2\" data-element_type=\"section\" data-e-type=\"section\">\n\t\t\t\t\t\t<div class=\"elementor-container elementor-column-gap-default\">\n\t\t\t\t\t<div class=\"elementor-column elementor-col-100 elementor-top-column elementor-element elementor-element-ca57367\" data-id=\"ca57367\" data-element_type=\"column\" data-e-type=\"column\">\n\t\t\t<div class=\"elementor-widget-wrap elementor-element-populated\">\n\t\t\t\t\t\t<div class=\"elementor-element elementor-element-b2ec508 elementor-widget elementor-widget-menu-anchor\" data-id=\"b2ec508\" data-element_type=\"widget\" data-e-type=\"widget\" data-widget_type=\"menu-anchor.default\">\n\t\t\t\t<div class=\"elementor-widget-container\">\n\t\t\t\t\t\t\t<div class=\"elementor-menu-anchor\" id=\"2023-21\"><\/div>\n\t\t\t\t\t\t<\/div>\n\t\t\t\t<\/div>\n\t\t\t\t<div class=\"elementor-element elementor-element-7353032 elementor-widget elementor-widget-text-editor\" data-id=\"7353032\" data-element_type=\"widget\" data-e-type=\"widget\" data-widget_type=\"text-editor.default\">\n\t\t\t\t<div class=\"elementor-widget-container\">\n\t\t\t\t\t\t\t\t\t<p><strong>Zweiter Nationalpark in Nordrhein-Westfalen in der Region Maas-Schwalm-Nette?<\/strong><\/p>\t\t\t\t\t\t\t\t<\/div>\n\t\t\t\t<\/div>\n\t\t\t\t\t<\/div>\n\t\t<\/div>\n\t\t\t\t\t<\/div>\n\t\t<\/section>\n\t\t\t\t<section class=\"elementor-section elementor-top-section elementor-element elementor-element-c87ae1c elementor-section-boxed elementor-section-height-default elementor-section-height-default\" data-id=\"c87ae1c\" data-element_type=\"section\" data-e-type=\"section\">\n\t\t\t\t\t\t<div class=\"elementor-container elementor-column-gap-default\">\n\t\t\t\t\t<div class=\"elementor-column elementor-col-33 elementor-top-column elementor-element elementor-element-a0d2d13\" data-id=\"a0d2d13\" data-element_type=\"column\" data-e-type=\"column\">\n\t\t\t<div class=\"elementor-widget-wrap elementor-element-populated\">\n\t\t\t\t\t\t<div class=\"elementor-element elementor-element-24f4fda elementor-widget elementor-widget-image\" data-id=\"24f4fda\" data-element_type=\"widget\" data-e-type=\"widget\" data-widget_type=\"image.default\">\n\t\t\t\t<div class=\"elementor-widget-container\">\n\t\t\t\t\t\t\t\t\t\t\t\t<figure class=\"wp-caption\">\n\t\t\t\t\t\t\t\t\t\t<img fetchpriority=\"high\" decoding=\"async\" width=\"559\" height=\"428\" src=\"https:\/\/www.gruenes-grenzland.net\/wp-content\/uploads\/2023\/07\/Nationaalpark-Nieuw-begrenzing-indicatief.jpg\" class=\"attachment-large size-large wp-image-12734\" alt=\"\" srcset=\"https:\/\/www.gruenes-grenzland.net\/wp-content\/uploads\/2023\/07\/Nationaalpark-Nieuw-begrenzing-indicatief.jpg 559w, https:\/\/www.gruenes-grenzland.net\/wp-content\/uploads\/2023\/07\/Nationaalpark-Nieuw-begrenzing-indicatief-300x230.jpg 300w, https:\/\/www.gruenes-grenzland.net\/wp-content\/uploads\/2023\/07\/Nationaalpark-Nieuw-begrenzing-indicatief-16x12.jpg 16w\" sizes=\"(max-width: 559px) 100vw, 559px\" \/>\t\t\t\t\t\t\t\t\t\t\t<figcaption class=\"widget-image-caption wp-caption-text\">Geplante Erweiterung National Park de Meinweg<\/figcaption>\n\t\t\t\t\t\t\t\t\t\t<\/figure>\n\t\t\t\t\t\t\t\t\t<\/div>\n\t\t\t\t<\/div>\n\t\t\t\t\t<\/div>\n\t\t<\/div>\n\t\t\t\t<div class=\"elementor-column elementor-col-33 elementor-top-column elementor-element elementor-element-a15eeaa\" data-id=\"a15eeaa\" data-element_type=\"column\" data-e-type=\"column\">\n\t\t\t<div class=\"elementor-widget-wrap elementor-element-populated\">\n\t\t\t\t\t\t<div class=\"elementor-element elementor-element-045819e elementor-widget elementor-widget-image\" data-id=\"045819e\" data-element_type=\"widget\" data-e-type=\"widget\" data-widget_type=\"image.default\">\n\t\t\t\t<div class=\"elementor-widget-container\">\n\t\t\t\t\t\t\t\t\t\t\t\t<figure class=\"wp-caption\">\n\t\t\t\t\t\t\t\t\t\t<img decoding=\"async\" width=\"1024\" height=\"925\" src=\"https:\/\/www.gruenes-grenzland.net\/wp-content\/uploads\/2023\/11\/Nachtzwaluw2-14-5-2023-1024x925.jpg\" class=\"attachment-large size-large wp-image-14764\" alt=\"\" srcset=\"https:\/\/www.gruenes-grenzland.net\/wp-content\/uploads\/2023\/11\/Nachtzwaluw2-14-5-2023-1024x925.jpg 1024w, https:\/\/www.gruenes-grenzland.net\/wp-content\/uploads\/2023\/11\/Nachtzwaluw2-14-5-2023-300x271.jpg 300w, https:\/\/www.gruenes-grenzland.net\/wp-content\/uploads\/2023\/11\/Nachtzwaluw2-14-5-2023-768x694.jpg 768w, https:\/\/www.gruenes-grenzland.net\/wp-content\/uploads\/2023\/11\/Nachtzwaluw2-14-5-2023-13x12.jpg 13w, https:\/\/www.gruenes-grenzland.net\/wp-content\/uploads\/2023\/11\/Nachtzwaluw2-14-5-2023.jpg 1280w\" sizes=\"(max-width: 1024px) 100vw, 1024px\" \/>\t\t\t\t\t\t\t\t\t\t\t<figcaption class=\"widget-image-caption wp-caption-text\">Ziegenmelker, charakteristische Art f\u00fcr die Grenzregion<\/figcaption>\n\t\t\t\t\t\t\t\t\t\t<\/figure>\n\t\t\t\t\t\t\t\t\t<\/div>\n\t\t\t\t<\/div>\n\t\t\t\t\t<\/div>\n\t\t<\/div>\n\t\t\t\t<div class=\"elementor-column elementor-col-33 elementor-top-column elementor-element elementor-element-23788c0\" data-id=\"23788c0\" data-element_type=\"column\" data-e-type=\"column\">\n\t\t\t<div class=\"elementor-widget-wrap elementor-element-populated\">\n\t\t\t\t\t\t<div class=\"elementor-element elementor-element-e6c37ed elementor-widget elementor-widget-image\" data-id=\"e6c37ed\" data-element_type=\"widget\" data-e-type=\"widget\" data-widget_type=\"image.default\">\n\t\t\t\t<div class=\"elementor-widget-container\">\n\t\t\t\t\t\t\t\t\t\t\t\t<figure class=\"wp-caption\">\n\t\t\t\t\t\t\t\t\t\t<img decoding=\"async\" width=\"1024\" height=\"724\" src=\"https:\/\/www.gruenes-grenzland.net\/wp-content\/uploads\/2023\/12\/LB-Elmpterwald-40000-planologie-HHeijnen-1024x724.jpg\" class=\"attachment-large size-large wp-image-14881\" alt=\"\" srcset=\"https:\/\/www.gruenes-grenzland.net\/wp-content\/uploads\/2023\/12\/LB-Elmpterwald-40000-planologie-HHeijnen-1024x724.jpg 1024w, https:\/\/www.gruenes-grenzland.net\/wp-content\/uploads\/2023\/12\/LB-Elmpterwald-40000-planologie-HHeijnen-300x212.jpg 300w, https:\/\/www.gruenes-grenzland.net\/wp-content\/uploads\/2023\/12\/LB-Elmpterwald-40000-planologie-HHeijnen-768x543.jpg 768w, https:\/\/www.gruenes-grenzland.net\/wp-content\/uploads\/2023\/12\/LB-Elmpterwald-40000-planologie-HHeijnen-1536x1086.jpg 1536w, https:\/\/www.gruenes-grenzland.net\/wp-content\/uploads\/2023\/12\/LB-Elmpterwald-40000-planologie-HHeijnen-2048x1448.jpg 2048w, https:\/\/www.gruenes-grenzland.net\/wp-content\/uploads\/2023\/12\/LB-Elmpterwald-40000-planologie-HHeijnen-18x12.jpg 18w\" sizes=\"(max-width: 1024px) 100vw, 1024px\" \/>\t\t\t\t\t\t\t\t\t\t\t<figcaption class=\"widget-image-caption wp-caption-text\">Geplante Erweiterung des Vogelschutzgebiets Schwalm-Nette=-Platte<\/figcaption>\n\t\t\t\t\t\t\t\t\t\t<\/figure>\n\t\t\t\t\t\t\t\t\t<\/div>\n\t\t\t\t<\/div>\n\t\t\t\t\t<\/div>\n\t\t<\/div>\n\t\t\t\t\t<\/div>\n\t\t<\/section>\n\t\t\t\t<section class=\"elementor-section elementor-top-section elementor-element elementor-element-2f163b1 elementor-section-boxed elementor-section-height-default elementor-section-height-default\" data-id=\"2f163b1\" data-element_type=\"section\" data-e-type=\"section\">\n\t\t\t\t\t\t<div class=\"elementor-container elementor-column-gap-default\">\n\t\t\t\t\t<div class=\"elementor-column elementor-col-100 elementor-top-column elementor-element elementor-element-eafd456\" data-id=\"eafd456\" data-element_type=\"column\" data-e-type=\"column\">\n\t\t\t<div class=\"elementor-widget-wrap elementor-element-populated\">\n\t\t\t\t\t\t<div class=\"elementor-element elementor-element-ca46277 elementor-widget elementor-widget-text-editor\" data-id=\"ca46277\" data-element_type=\"widget\" data-e-type=\"widget\" data-widget_type=\"text-editor.default\">\n\t\t\t\t<div class=\"elementor-widget-container\">\n\t\t\t\t\t\t\t\t\t<p>Im Herbst 2023 hat das Land Nordrhein-Westfalen angek\u00fcndigt dass es einen zweiten Nationalpark einrichten will.\nMehr Informationen finden Sie <a href=\"https:\/\/www.land.nrw\/pressemitteilung\/landesregierung-startet-prozess-fuer-zweiten-nationalpark-nordrhein-westfalen\">hier<\/a>.<\/p><p>Wir als Gr\u00fcnes Grenzland sind der Meinung, dass der Grenzpark Maas-Swalm-Nette aus zwei Gr\u00fcnden ein hervorragender Kandidat daf\u00fcr ist. Auf niederl\u00e4ndischem Gebiet soll der Nationalpark De Meinweg erweitert werden, w\u00e4hrend auf dem angrenzenden deutschen Teil das Vogelschutzgebiet Schwalm-Netteplatte vergr\u00f6\u00dfert werden soll. So kann ein gro\u00dfer und vielseitiger grenz\u00fcberschreitender Nationalpark entstehen, der \u00fcber den Nationalpark Maasduinen eine \u00f6kologische Einheit mit dem Reichswald bildet. Wir haben unsere Idee bereits angek\u00fcndigt unter <a href=\"https:\/\/nationalpark.nrw.de\/node\/171\">Nationalpark-Dialog: Ihre Fragen und Ideen f\u00fcr den Reichswald.<\/a>\u00a0<\/p><p>Der NABU hat inzwischen eine Petition \"Natur in NRW jetzt mit einem neuen Nationalpark sch\u00fctzen!\" gestartet, die Sie unterschreiben k\u00f6nnen unter diesem <a href=\"https:\/\/mitmachen.nabu.de\/de\/nationalpark-nrw?utm_source=mail&amp;utm_medium=direktmail&amp;utm_content=calltoaction&amp;utm_campaign=npnrw\">Link<\/a>.<\/p>\t\t\t\t\t\t\t\t<\/div>\n\t\t\t\t<\/div>\n\t\t\t\t\t<\/div>\n\t\t<\/div>\n\t\t\t\t\t<\/div>\n\t\t<\/section>\n\t\t\t\t<section class=\"elementor-section elementor-top-section elementor-element elementor-element-8ea4f63 elementor-section-boxed elementor-section-height-default elementor-section-height-default\" data-id=\"8ea4f63\" data-element_type=\"section\" data-e-type=\"section\">\n\t\t\t\t\t\t<div class=\"elementor-container elementor-column-gap-default\">\n\t\t\t\t\t<div class=\"elementor-column elementor-col-100 elementor-top-column elementor-element elementor-element-4561a19\" data-id=\"4561a19\" data-element_type=\"column\" data-e-type=\"column\">\n\t\t\t<div class=\"elementor-widget-wrap elementor-element-populated\">\n\t\t\t\t\t\t<div class=\"elementor-element elementor-element-27d70d8 elementor-widget-divider--view-line elementor-widget elementor-widget-divider\" data-id=\"27d70d8\" data-element_type=\"widget\" data-e-type=\"widget\" data-widget_type=\"divider.default\">\n\t\t\t\t<div class=\"elementor-widget-container\">\n\t\t\t\t\t\t\t<div class=\"elementor-divider\">\n\t\t\t<span class=\"elementor-divider-separator\">\n\t\t\t\t\t\t<\/span>\n\t\t<\/div>\n\t\t\t\t\t\t<\/div>\n\t\t\t\t<\/div>\n\t\t\t\t<div class=\"elementor-element elementor-element-94ca139 elementor-widget elementor-widget-menu-anchor\" data-id=\"94ca139\" data-element_type=\"widget\" data-e-type=\"widget\" data-widget_type=\"menu-anchor.default\">\n\t\t\t\t<div class=\"elementor-widget-container\">\n\t\t\t\t\t\t\t<div class=\"elementor-menu-anchor\" id=\"2023-20\"><\/div>\n\t\t\t\t\t\t<\/div>\n\t\t\t\t<\/div>\n\t\t\t\t\t<\/div>\n\t\t<\/div>\n\t\t\t\t\t<\/div>\n\t\t<\/section>\n\t\t\t\t<section class=\"elementor-section elementor-top-section elementor-element elementor-element-8f4da82 elementor-section-boxed elementor-section-height-default elementor-section-height-default\" data-id=\"8f4da82\" data-element_type=\"section\" data-e-type=\"section\">\n\t\t\t\t\t\t<div class=\"elementor-container elementor-column-gap-default\">\n\t\t\t\t\t<div class=\"elementor-column elementor-col-100 elementor-top-column elementor-element elementor-element-db24517\" data-id=\"db24517\" data-element_type=\"column\" data-e-type=\"column\">\n\t\t\t<div class=\"elementor-widget-wrap\">\n\t\t\t\t\t\t\t<\/div>\n\t\t<\/div>\n\t\t\t\t\t<\/div>\n\t\t<\/section>\n\t\t\t\t<section class=\"elementor-section elementor-top-section elementor-element elementor-element-d5c8c43 elementor-section-boxed elementor-section-height-default elementor-section-height-default\" data-id=\"d5c8c43\" data-element_type=\"section\" data-e-type=\"section\">\n\t\t\t\t\t\t<div class=\"elementor-container elementor-column-gap-default\">\n\t\t\t\t\t<div class=\"elementor-column elementor-col-100 elementor-top-column elementor-element elementor-element-7959dbf\" data-id=\"7959dbf\" data-element_type=\"column\" data-e-type=\"column\">\n\t\t\t<div class=\"elementor-widget-wrap elementor-element-populated\">\n\t\t\t\t\t\t<div class=\"elementor-element elementor-element-f9cfded elementor-widget elementor-widget-text-editor\" data-id=\"f9cfded\" data-element_type=\"widget\" data-e-type=\"widget\" data-widget_type=\"text-editor.default\">\n\t\t\t\t<div class=\"elementor-widget-container\">\n\t\t\t\t\t\t\t\t\t<p><strong>Entdecken Sie die Pracht besonderer V\u00f6gel!<\/strong><\/p>\t\t\t\t\t\t\t\t<\/div>\n\t\t\t\t<\/div>\n\t\t\t\t\t<\/div>\n\t\t<\/div>\n\t\t\t\t\t<\/div>\n\t\t<\/section>\n\t\t\t\t<section class=\"elementor-section elementor-top-section elementor-element elementor-element-860d822 elementor-section-boxed elementor-section-height-default elementor-section-height-default\" data-id=\"860d822\" data-element_type=\"section\" data-e-type=\"section\">\n\t\t\t\t\t\t<div class=\"elementor-container elementor-column-gap-default\">\n\t\t\t\t\t<div class=\"elementor-column elementor-col-100 elementor-top-column elementor-element elementor-element-99a433c\" data-id=\"99a433c\" data-element_type=\"column\" data-e-type=\"column\">\n\t\t\t<div class=\"elementor-widget-wrap elementor-element-populated\">\n\t\t\t\t\t\t<div class=\"elementor-element elementor-element-68da2ce elementor-widget elementor-widget-text-editor\" data-id=\"68da2ce\" data-element_type=\"widget\" data-e-type=\"widget\" data-widget_type=\"text-editor.default\">\n\t\t\t\t<div class=\"elementor-widget-container\">\n\t\t\t\t\t\t\t\t\t<p>Im November 2023 reagierten f\u00fchrende Naturschutzorganisationen wie BUND, NABU und LNU leidenschaftlich auf die Pl\u00e4ne f\u00fcr ein neues Gewerbegebiet in Elmpt. Durch die geplante \u00c4nderung des Bebauungsplans \"Milit\u00e4rstandort Elmpt\" droht ein einzigartiges St\u00fcck Natur verloren zu gehen. Erfreulicherweise lehnen die genannten Organisationen den Plan ab. <br \/>Warum? Weil es in der Gegend unter anderem wertvolle Brutv\u00f6gel gibt, wahre Schmuckst\u00fccke der Natur! Wir sprechen hier von planungsrelevanten Arten, und um es den Nicht-Vogelkundlern unter uns leichter zu machen, haben wir die bemerkenswertesten davon festgehalten. Vielen Dank an die bekannte Vogelfotografin Anja van Halbeek, die uns diese sch\u00f6nen Fotos zur Verf\u00fcgung gestellt hat.<\/p>\t\t\t\t\t\t\t\t<\/div>\n\t\t\t\t<\/div>\n\t\t\t\t\t<\/div>\n\t\t<\/div>\n\t\t\t\t\t<\/div>\n\t\t<\/section>\n\t\t\t\t<section class=\"elementor-section elementor-top-section elementor-element elementor-element-7fb0ef7 elementor-section-boxed elementor-section-height-default elementor-section-height-default\" data-id=\"7fb0ef7\" data-element_type=\"section\" data-e-type=\"section\">\n\t\t\t\t\t\t<div class=\"elementor-container elementor-column-gap-default\">\n\t\t\t\t\t<div class=\"elementor-column elementor-col-16 elementor-top-column elementor-element elementor-element-8a8a3bd\" data-id=\"8a8a3bd\" data-element_type=\"column\" data-e-type=\"column\">\n\t\t\t<div class=\"elementor-widget-wrap elementor-element-populated\">\n\t\t\t\t\t\t<div class=\"elementor-element elementor-element-aa7acd6 elementor-widget elementor-widget-image\" data-id=\"aa7acd6\" data-element_type=\"widget\" data-e-type=\"widget\" data-widget_type=\"image.default\">\n\t\t\t\t<div class=\"elementor-widget-container\">\n\t\t\t\t\t\t\t\t\t\t\t\t<figure class=\"wp-caption\">\n\t\t\t\t\t\t\t\t\t\t<img loading=\"lazy\" decoding=\"async\" width=\"1024\" height=\"938\" src=\"https:\/\/www.gruenes-grenzland.net\/wp-content\/uploads\/2023\/11\/Boompieper-9-5-2020-1024x938.jpg\" class=\"attachment-large size-large wp-image-14755\" alt=\"\" srcset=\"https:\/\/www.gruenes-grenzland.net\/wp-content\/uploads\/2023\/11\/Boompieper-9-5-2020-1024x938.jpg 1024w, https:\/\/www.gruenes-grenzland.net\/wp-content\/uploads\/2023\/11\/Boompieper-9-5-2020-300x275.jpg 300w, https:\/\/www.gruenes-grenzland.net\/wp-content\/uploads\/2023\/11\/Boompieper-9-5-2020-768x703.jpg 768w, https:\/\/www.gruenes-grenzland.net\/wp-content\/uploads\/2023\/11\/Boompieper-9-5-2020-13x12.jpg 13w, https:\/\/www.gruenes-grenzland.net\/wp-content\/uploads\/2023\/11\/Boompieper-9-5-2020.jpg 1280w\" sizes=\"(max-width: 1024px) 100vw, 1024px\" \/>\t\t\t\t\t\t\t\t\t\t\t<figcaption class=\"widget-image-caption wp-caption-text\">Baumpieper<\/figcaption>\n\t\t\t\t\t\t\t\t\t\t<\/figure>\n\t\t\t\t\t\t\t\t\t<\/div>\n\t\t\t\t<\/div>\n\t\t\t\t\t<\/div>\n\t\t<\/div>\n\t\t\t\t<div class=\"elementor-column elementor-col-16 elementor-top-column elementor-element elementor-element-5eadb49\" data-id=\"5eadb49\" data-element_type=\"column\" data-e-type=\"column\">\n\t\t\t<div class=\"elementor-widget-wrap elementor-element-populated\">\n\t\t\t\t\t\t<div class=\"elementor-element elementor-element-9f9058b elementor-widget elementor-widget-image\" data-id=\"9f9058b\" data-element_type=\"widget\" data-e-type=\"widget\" data-widget_type=\"image.default\">\n\t\t\t\t<div class=\"elementor-widget-container\">\n\t\t\t\t\t\t\t\t\t\t\t\t<figure class=\"wp-caption\">\n\t\t\t\t\t\t\t\t\t\t<img loading=\"lazy\" decoding=\"async\" width=\"1024\" height=\"904\" src=\"https:\/\/www.gruenes-grenzland.net\/wp-content\/uploads\/2023\/11\/Boomleeuwerik3-1-3-2022-1024x904.jpg\" class=\"attachment-large size-large wp-image-14756\" alt=\"\" srcset=\"https:\/\/www.gruenes-grenzland.net\/wp-content\/uploads\/2023\/11\/Boomleeuwerik3-1-3-2022-1024x904.jpg 1024w, https:\/\/www.gruenes-grenzland.net\/wp-content\/uploads\/2023\/11\/Boomleeuwerik3-1-3-2022-300x265.jpg 300w, https:\/\/www.gruenes-grenzland.net\/wp-content\/uploads\/2023\/11\/Boomleeuwerik3-1-3-2022-768x678.jpg 768w, https:\/\/www.gruenes-grenzland.net\/wp-content\/uploads\/2023\/11\/Boomleeuwerik3-1-3-2022-14x12.jpg 14w, https:\/\/www.gruenes-grenzland.net\/wp-content\/uploads\/2023\/11\/Boomleeuwerik3-1-3-2022.jpg 1280w\" sizes=\"(max-width: 1024px) 100vw, 1024px\" \/>\t\t\t\t\t\t\t\t\t\t\t<figcaption class=\"widget-image-caption wp-caption-text\">Heidelerche<\/figcaption>\n\t\t\t\t\t\t\t\t\t\t<\/figure>\n\t\t\t\t\t\t\t\t\t<\/div>\n\t\t\t\t<\/div>\n\t\t\t\t\t<\/div>\n\t\t<\/div>\n\t\t\t\t<div class=\"elementor-column elementor-col-16 elementor-top-column elementor-element elementor-element-179956c\" data-id=\"179956c\" data-element_type=\"column\" data-e-type=\"column\">\n\t\t\t<div class=\"elementor-widget-wrap elementor-element-populated\">\n\t\t\t\t\t\t<div class=\"elementor-element elementor-element-f2eb382 elementor-widget elementor-widget-image\" data-id=\"f2eb382\" data-element_type=\"widget\" data-e-type=\"widget\" data-widget_type=\"image.default\">\n\t\t\t\t<div class=\"elementor-widget-container\">\n\t\t\t\t\t\t\t\t\t\t\t\t<figure class=\"wp-caption\">\n\t\t\t\t\t\t\t\t\t\t<img loading=\"lazy\" decoding=\"async\" width=\"1024\" height=\"878\" src=\"https:\/\/www.gruenes-grenzland.net\/wp-content\/uploads\/2023\/11\/Gekraagde-roodstaart20-3-5-2023-1024x878.jpg\" class=\"attachment-large size-large wp-image-14763\" alt=\"\" srcset=\"https:\/\/www.gruenes-grenzland.net\/wp-content\/uploads\/2023\/11\/Gekraagde-roodstaart20-3-5-2023-1024x878.jpg 1024w, https:\/\/www.gruenes-grenzland.net\/wp-content\/uploads\/2023\/11\/Gekraagde-roodstaart20-3-5-2023-300x257.jpg 300w, https:\/\/www.gruenes-grenzland.net\/wp-content\/uploads\/2023\/11\/Gekraagde-roodstaart20-3-5-2023-768x658.jpg 768w, https:\/\/www.gruenes-grenzland.net\/wp-content\/uploads\/2023\/11\/Gekraagde-roodstaart20-3-5-2023-14x12.jpg 14w, https:\/\/www.gruenes-grenzland.net\/wp-content\/uploads\/2023\/11\/Gekraagde-roodstaart20-3-5-2023.jpg 1280w\" sizes=\"(max-width: 1024px) 100vw, 1024px\" \/>\t\t\t\t\t\t\t\t\t\t\t<figcaption class=\"widget-image-caption wp-caption-text\">Gartenrotschwanz<\/figcaption>\n\t\t\t\t\t\t\t\t\t\t<\/figure>\n\t\t\t\t\t\t\t\t\t<\/div>\n\t\t\t\t<\/div>\n\t\t\t\t\t<\/div>\n\t\t<\/div>\n\t\t\t\t<div class=\"elementor-column elementor-col-16 elementor-top-column elementor-element elementor-element-5b55220\" data-id=\"5b55220\" data-element_type=\"column\" data-e-type=\"column\">\n\t\t\t<div class=\"elementor-widget-wrap elementor-element-populated\">\n\t\t\t\t\t\t<div class=\"elementor-element elementor-element-1154935 elementor-widget elementor-widget-image\" data-id=\"1154935\" data-element_type=\"widget\" data-e-type=\"widget\" data-widget_type=\"image.default\">\n\t\t\t\t<div class=\"elementor-widget-container\">\n\t\t\t\t\t\t\t\t\t\t\t\t<figure class=\"wp-caption\">\n\t\t\t\t\t\t\t\t\t\t<img decoding=\"async\" width=\"1024\" height=\"925\" src=\"https:\/\/www.gruenes-grenzland.net\/wp-content\/uploads\/2023\/11\/Nachtzwaluw2-14-5-2023-1024x925.jpg\" class=\"attachment-large size-large wp-image-14764\" alt=\"\" srcset=\"https:\/\/www.gruenes-grenzland.net\/wp-content\/uploads\/2023\/11\/Nachtzwaluw2-14-5-2023-1024x925.jpg 1024w, https:\/\/www.gruenes-grenzland.net\/wp-content\/uploads\/2023\/11\/Nachtzwaluw2-14-5-2023-300x271.jpg 300w, https:\/\/www.gruenes-grenzland.net\/wp-content\/uploads\/2023\/11\/Nachtzwaluw2-14-5-2023-768x694.jpg 768w, https:\/\/www.gruenes-grenzland.net\/wp-content\/uploads\/2023\/11\/Nachtzwaluw2-14-5-2023-13x12.jpg 13w, https:\/\/www.gruenes-grenzland.net\/wp-content\/uploads\/2023\/11\/Nachtzwaluw2-14-5-2023.jpg 1280w\" sizes=\"(max-width: 1024px) 100vw, 1024px\" \/>\t\t\t\t\t\t\t\t\t\t\t<figcaption class=\"widget-image-caption wp-caption-text\">Ziegenmelker<\/figcaption>\n\t\t\t\t\t\t\t\t\t\t<\/figure>\n\t\t\t\t\t\t\t\t\t<\/div>\n\t\t\t\t<\/div>\n\t\t\t\t\t<\/div>\n\t\t<\/div>\n\t\t\t\t<div class=\"elementor-column elementor-col-16 elementor-top-column elementor-element elementor-element-baa0f74\" data-id=\"baa0f74\" data-element_type=\"column\" data-e-type=\"column\">\n\t\t\t<div class=\"elementor-widget-wrap elementor-element-populated\">\n\t\t\t\t\t\t<div class=\"elementor-element elementor-element-52ccbc9 elementor-widget elementor-widget-image\" data-id=\"52ccbc9\" data-element_type=\"widget\" data-e-type=\"widget\" data-widget_type=\"image.default\">\n\t\t\t\t<div class=\"elementor-widget-container\">\n\t\t\t\t\t\t\t\t\t\t\t\t<figure class=\"wp-caption\">\n\t\t\t\t\t\t\t\t\t\t<img loading=\"lazy\" decoding=\"async\" width=\"1024\" height=\"954\" src=\"https:\/\/www.gruenes-grenzland.net\/wp-content\/uploads\/2023\/11\/Oehoe-Meinweggebied4-7-2-20-20-1024x954.jpg\" class=\"attachment-large size-large wp-image-14768\" alt=\"\" srcset=\"https:\/\/www.gruenes-grenzland.net\/wp-content\/uploads\/2023\/11\/Oehoe-Meinweggebied4-7-2-20-20-1024x954.jpg 1024w, https:\/\/www.gruenes-grenzland.net\/wp-content\/uploads\/2023\/11\/Oehoe-Meinweggebied4-7-2-20-20-300x280.jpg 300w, https:\/\/www.gruenes-grenzland.net\/wp-content\/uploads\/2023\/11\/Oehoe-Meinweggebied4-7-2-20-20-768x716.jpg 768w, https:\/\/www.gruenes-grenzland.net\/wp-content\/uploads\/2023\/11\/Oehoe-Meinweggebied4-7-2-20-20-13x12.jpg 13w, https:\/\/www.gruenes-grenzland.net\/wp-content\/uploads\/2023\/11\/Oehoe-Meinweggebied4-7-2-20-20.jpg 1280w\" sizes=\"(max-width: 1024px) 100vw, 1024px\" \/>\t\t\t\t\t\t\t\t\t\t\t<figcaption class=\"widget-image-caption wp-caption-text\">Uhu<\/figcaption>\n\t\t\t\t\t\t\t\t\t\t<\/figure>\n\t\t\t\t\t\t\t\t\t<\/div>\n\t\t\t\t<\/div>\n\t\t\t\t\t<\/div>\n\t\t<\/div>\n\t\t\t\t<div class=\"elementor-column elementor-col-16 elementor-top-column elementor-element elementor-element-d47bec2\" data-id=\"d47bec2\" data-element_type=\"column\" data-e-type=\"column\">\n\t\t\t<div class=\"elementor-widget-wrap elementor-element-populated\">\n\t\t\t\t\t\t<div class=\"elementor-element elementor-element-b3c55c9 elementor-widget elementor-widget-image\" data-id=\"b3c55c9\" data-element_type=\"widget\" data-e-type=\"widget\" data-widget_type=\"image.default\">\n\t\t\t\t<div class=\"elementor-widget-container\">\n\t\t\t\t\t\t\t\t\t\t\t\t<figure class=\"wp-caption\">\n\t\t\t\t\t\t\t\t\t\t<img loading=\"lazy\" decoding=\"async\" width=\"1024\" height=\"983\" src=\"https:\/\/www.gruenes-grenzland.net\/wp-content\/uploads\/2023\/11\/Roodborsttapuit2-29-5-2022-1024x983.jpg\" class=\"attachment-large size-large wp-image-14772\" alt=\"\" srcset=\"https:\/\/www.gruenes-grenzland.net\/wp-content\/uploads\/2023\/11\/Roodborsttapuit2-29-5-2022-1024x983.jpg 1024w, https:\/\/www.gruenes-grenzland.net\/wp-content\/uploads\/2023\/11\/Roodborsttapuit2-29-5-2022-300x288.jpg 300w, https:\/\/www.gruenes-grenzland.net\/wp-content\/uploads\/2023\/11\/Roodborsttapuit2-29-5-2022-768x737.jpg 768w, https:\/\/www.gruenes-grenzland.net\/wp-content\/uploads\/2023\/11\/Roodborsttapuit2-29-5-2022-12x12.jpg 12w, https:\/\/www.gruenes-grenzland.net\/wp-content\/uploads\/2023\/11\/Roodborsttapuit2-29-5-2022.jpg 1280w\" sizes=\"(max-width: 1024px) 100vw, 1024px\" \/>\t\t\t\t\t\t\t\t\t\t\t<figcaption class=\"widget-image-caption wp-caption-text\">schwarzkehlchen<\/figcaption>\n\t\t\t\t\t\t\t\t\t\t<\/figure>\n\t\t\t\t\t\t\t\t\t<\/div>\n\t\t\t\t<\/div>\n\t\t\t\t\t<\/div>\n\t\t<\/div>\n\t\t\t\t\t<\/div>\n\t\t<\/section>\n\t\t\t\t<section class=\"elementor-section elementor-top-section elementor-element elementor-element-3f8a51a elementor-section-boxed elementor-section-height-default elementor-section-height-default\" data-id=\"3f8a51a\" data-element_type=\"section\" data-e-type=\"section\">\n\t\t\t\t\t\t<div class=\"elementor-container elementor-column-gap-default\">\n\t\t\t\t\t<div class=\"elementor-column elementor-col-100 elementor-top-column elementor-element elementor-element-d0788be\" data-id=\"d0788be\" data-element_type=\"column\" data-e-type=\"column\">\n\t\t\t<div class=\"elementor-widget-wrap elementor-element-populated\">\n\t\t\t\t\t\t<div class=\"elementor-element elementor-element-da8f61e elementor-widget elementor-widget-text-editor\" data-id=\"da8f61e\" data-element_type=\"widget\" data-e-type=\"widget\" data-widget_type=\"text-editor.default\">\n\t\t\t\t<div class=\"elementor-widget-container\">\n\t\t\t\t\t\t\t\t\t<p>Es handelt sich nicht um irgendwelche V\u00f6gel, sondern um Sch\u00e4tze, die unser Gebiet bereichern. Naturschutzorganisationen betonen die immensen Auswirkungen, die die Pl\u00e4ne auf diese wertvollen Brutv\u00f6gel haben k\u00f6nnten. <br \/>Dabei geht es nicht um alle V\u00f6gel in diesem Gebiet, sondern nur um die Arten, die aus Sicht des Artenschutzes von besonderem Interesse sind. M\u00f6chten Sie einen vollst\u00e4ndigen \u00dcberblick \u00fcber dieses Thema erhalten? Lesen Sie die Einzelheiten \u00fcber diesen <a href=\"https:\/\/www.gruenes-grenzland.net\/wp-content\/uploads\/2023\/11\/NaturschutzVB-STN_61_Aend_FNP_Niederkruechten_fin-website.pdf\">Link<\/a>.<\/p>\t\t\t\t\t\t\t\t<\/div>\n\t\t\t\t<\/div>\n\t\t\t\t\t<\/div>\n\t\t<\/div>\n\t\t\t\t\t<\/div>\n\t\t<\/section>\n\t\t\t\t<section class=\"elementor-section elementor-top-section elementor-element elementor-element-08abe7c elementor-section-boxed elementor-section-height-default elementor-section-height-default\" data-id=\"08abe7c\" data-element_type=\"section\" data-e-type=\"section\">\n\t\t\t\t\t\t<div class=\"elementor-container elementor-column-gap-default\">\n\t\t\t\t\t<div class=\"elementor-column elementor-col-100 elementor-top-column elementor-element elementor-element-97477c5\" data-id=\"97477c5\" data-element_type=\"column\" data-e-type=\"column\">\n\t\t\t<div class=\"elementor-widget-wrap elementor-element-populated\">\n\t\t\t\t\t\t<div class=\"elementor-element elementor-element-199e3bc elementor-widget-divider--view-line elementor-widget elementor-widget-divider\" data-id=\"199e3bc\" data-element_type=\"widget\" data-e-type=\"widget\" data-widget_type=\"divider.default\">\n\t\t\t\t<div class=\"elementor-widget-container\">\n\t\t\t\t\t\t\t<div class=\"elementor-divider\">\n\t\t\t<span class=\"elementor-divider-separator\">\n\t\t\t\t\t\t<\/span>\n\t\t<\/div>\n\t\t\t\t\t\t<\/div>\n\t\t\t\t<\/div>\n\t\t\t\t\t<\/div>\n\t\t<\/div>\n\t\t\t\t\t<\/div>\n\t\t<\/section>\n\t\t\t\t<section class=\"elementor-section elementor-top-section elementor-element elementor-element-7171f1e elementor-section-boxed elementor-section-height-default elementor-section-height-default\" data-id=\"7171f1e\" data-element_type=\"section\" data-e-type=\"section\">\n\t\t\t\t\t\t<div class=\"elementor-container elementor-column-gap-default\">\n\t\t\t\t\t<div class=\"elementor-column elementor-col-100 elementor-top-column elementor-element elementor-element-c918dc1\" data-id=\"c918dc1\" data-element_type=\"column\" data-e-type=\"column\">\n\t\t\t<div class=\"elementor-widget-wrap elementor-element-populated\">\n\t\t\t\t\t\t<div class=\"elementor-element elementor-element-5f98a36 elementor-widget elementor-widget-menu-anchor\" data-id=\"5f98a36\" data-element_type=\"widget\" data-e-type=\"widget\" data-widget_type=\"menu-anchor.default\">\n\t\t\t\t<div class=\"elementor-widget-container\">\n\t\t\t\t\t\t\t<div class=\"elementor-menu-anchor\" id=\"2023-19\"><\/div>\n\t\t\t\t\t\t<\/div>\n\t\t\t\t<\/div>\n\t\t\t\t\t<\/div>\n\t\t<\/div>\n\t\t\t\t\t<\/div>\n\t\t<\/section>\n\t\t\t\t<section class=\"elementor-section elementor-top-section elementor-element elementor-element-67cb38f elementor-section-boxed elementor-section-height-default elementor-section-height-default\" data-id=\"67cb38f\" data-element_type=\"section\" data-e-type=\"section\">\n\t\t\t\t\t\t<div class=\"elementor-container elementor-column-gap-default\">\n\t\t\t\t\t<div class=\"elementor-column elementor-col-100 elementor-top-column elementor-element elementor-element-0138eda\" data-id=\"0138eda\" data-element_type=\"column\" data-e-type=\"column\">\n\t\t\t<div class=\"elementor-widget-wrap elementor-element-populated\">\n\t\t\t\t\t\t<div class=\"elementor-element elementor-element-089a3a2 elementor-widget elementor-widget-text-editor\" data-id=\"089a3a2\" data-element_type=\"widget\" data-e-type=\"widget\" data-widget_type=\"text-editor.default\">\n\t\t\t\t<div class=\"elementor-widget-container\">\n\t\t\t\t\t\t\t\t\t<p><strong>Wolfsplateau von gro\u00dfer Bedeutung f\u00fcr G\u00e4nse<\/strong><\/p>\t\t\t\t\t\t\t\t<\/div>\n\t\t\t\t<\/div>\n\t\t\t\t\t<\/div>\n\t\t<\/div>\n\t\t\t\t\t<\/div>\n\t\t<\/section>\n\t\t\t\t<section class=\"elementor-section elementor-top-section elementor-element elementor-element-9a56eb6 elementor-section-boxed elementor-section-height-default elementor-section-height-default\" data-id=\"9a56eb6\" data-element_type=\"section\" data-e-type=\"section\">\n\t\t\t\t\t\t<div class=\"elementor-container elementor-column-gap-default\">\n\t\t\t\t\t<div class=\"elementor-column elementor-col-50 elementor-top-column elementor-element elementor-element-b78de68\" data-id=\"b78de68\" data-element_type=\"column\" data-e-type=\"column\">\n\t\t\t<div class=\"elementor-widget-wrap elementor-element-populated\">\n\t\t\t\t\t\t<div class=\"elementor-element elementor-element-253c591 elementor-widget elementor-widget-text-editor\" data-id=\"253c591\" data-element_type=\"widget\" data-e-type=\"widget\" data-widget_type=\"text-editor.default\">\n\t\t\t\t<div class=\"elementor-widget-container\">\n\t\t\t\t\t\t\t\t\t<p>Das Wolfsplateau in der N\u00e4he des ehemaligen Flughafens Elmpt scheint f\u00fcr G\u00e4nse eine entscheidende Rolle zu spielen, wie j\u00fcngste Untersuchungen von STICHTING KOEKELOERE zeigen. Die Ergebnisse dieser Forschung wurden auf der Ecotop am 25. November 2023 in Herkenbosch vorgestellt.<\/p>\n<p>De aanwezige Kolganzen op het Wolfsplateau maken deel uit van een grotere wintergroep die het Maasplassengebied (Hanssum Neer, Asseltse Plassen, uiterwaarden Swalm bij Rijkel en Wieler), Meerlebroek Beesel, L\u00fcsekamp Niederkr\u00fcchten, en het noordelijk deel van het Roerdal beslaat. De Asseltse Plassen en Hanssum fungeren als slaapplaats, terwijl alle gebieden samen dienen als dagelijks foerageergebied. Op basis van gecombineerde gegevens van waarneming.nl zijn er &#8217;s winters gemiddeld 2500-3000 Kolganzen in dit uitgestrekte gebied aanwezig.<\/p>\n<p>De groep Toendraganzen op het Wolfsplateau maakt afwisselend gebruik van akkers rondom Asselt, Rijkel, Wieler en Buggenum, evenals het gehele landbouwgebied tussen Swalmen en Reuver, de akkers in het noordelijk deel van het Roerdal, en soms ook van akkers op Duits grondgebied in de aangrenzende Kreis Heinsberg. De Asseltse Plassen en het Zwaarveld bij Neer fungeren als slaapplaats. In dit uitgestrekte gebied zijn &#8217;s winters gemiddeld 1000-2000 Toendrarietganzen aanwezig, volgens gecombineerde data uit waarneming.nl.<\/p>\n<p>Nach Ansicht der Forscher der Koekeloere-Stiftung ist die \"m\u00f6gliche\" Bindung von Bl\u00e4ss- und Tundrasaatg\u00e4nsen an das Wolfsplateau mehr als hinreichend belegt. Die Schlussfolgerung ist eindeutig: Die Aufstellung von Windkraftanlagen und\/oder Solarparks auf den Feldern w\u00fcrde das endg\u00fcltige Aus f\u00fcr das Wolfsplateau als regional bedeutendes \u00dcberwinterungsgebiet f\u00fcr G\u00e4nse bedeuten.<\/p>\n<p>Als Gr\u00fcnes Grenzland sind wir der Meinung, dass die Ergebnisse dieser Studie auf jeden Fall ber\u00fccksichtigt werden sollten, wenn es darum geht, die Position zur m\u00f6glichen Aufstellung von Windkraftanlagen auf dem angrenzenden ehemaligen Flughafen in Elmpt zu bestimmen. Es liegt auf der Hand, dass das Wolfsplateau durch die Anlagen f\u00fcr G\u00e4nse aus n\u00f6rdlicheren Gebieten wie Meerlebroek unerreichbar wird.<\/p>\t\t\t\t\t\t\t\t<\/div>\n\t\t\t\t<\/div>\n\t\t\t\t\t<\/div>\n\t\t<\/div>\n\t\t\t\t<div class=\"elementor-column elementor-col-50 elementor-top-column elementor-element elementor-element-fc7d547\" data-id=\"fc7d547\" data-element_type=\"column\" data-e-type=\"column\">\n\t\t\t<div class=\"elementor-widget-wrap elementor-element-populated\">\n\t\t\t\t\t\t<div class=\"elementor-element elementor-element-dfb79c6 elementor-widget elementor-widget-image\" data-id=\"dfb79c6\" data-element_type=\"widget\" data-e-type=\"widget\" data-widget_type=\"image.default\">\n\t\t\t\t<div class=\"elementor-widget-container\">\n\t\t\t\t\t\t\t\t\t\t\t\t<figure class=\"wp-caption\">\n\t\t\t\t\t\t\t\t\t\t<img loading=\"lazy\" decoding=\"async\" width=\"505\" height=\"620\" src=\"https:\/\/www.gruenes-grenzland.net\/wp-content\/uploads\/2023\/11\/Wolfsplateau-crop.jpg\" class=\"attachment-large size-large wp-image-14804\" alt=\"\" srcset=\"https:\/\/www.gruenes-grenzland.net\/wp-content\/uploads\/2023\/11\/Wolfsplateau-crop.jpg 505w, https:\/\/www.gruenes-grenzland.net\/wp-content\/uploads\/2023\/11\/Wolfsplateau-crop-244x300.jpg 244w, https:\/\/www.gruenes-grenzland.net\/wp-content\/uploads\/2023\/11\/Wolfsplateau-crop-10x12.jpg 10w\" sizes=\"(max-width: 505px) 100vw, 505px\" \/>\t\t\t\t\t\t\t\t\t\t\t<figcaption class=\"widget-image-caption wp-caption-text\">Wolfsplateau von gro\u00dfer Bedeutung f\u00fcr nahrungssuchende G\u00e4nse<\/figcaption>\n\t\t\t\t\t\t\t\t\t\t<\/figure>\n\t\t\t\t\t\t\t\t\t<\/div>\n\t\t\t\t<\/div>\n\t\t\t\t\t<\/div>\n\t\t<\/div>\n\t\t\t\t\t<\/div>\n\t\t<\/section>\n\t\t\t\t<section class=\"elementor-section elementor-top-section elementor-element elementor-element-a4fb3f5 elementor-section-boxed elementor-section-height-default elementor-section-height-default\" data-id=\"a4fb3f5\" data-element_type=\"section\" data-e-type=\"section\">\n\t\t\t\t\t\t<div class=\"elementor-container elementor-column-gap-default\">\n\t\t\t\t\t<div class=\"elementor-column elementor-col-100 elementor-top-column elementor-element elementor-element-44e52b0\" data-id=\"44e52b0\" data-element_type=\"column\" data-e-type=\"column\">\n\t\t\t<div class=\"elementor-widget-wrap elementor-element-populated\">\n\t\t\t\t\t\t<div class=\"elementor-element elementor-element-f0259df elementor-widget-divider--view-line elementor-widget elementor-widget-divider\" data-id=\"f0259df\" data-element_type=\"widget\" data-e-type=\"widget\" data-widget_type=\"divider.default\">\n\t\t\t\t<div class=\"elementor-widget-container\">\n\t\t\t\t\t\t\t<div class=\"elementor-divider\">\n\t\t\t<span class=\"elementor-divider-separator\">\n\t\t\t\t\t\t<\/span>\n\t\t<\/div>\n\t\t\t\t\t\t<\/div>\n\t\t\t\t<\/div>\n\t\t\t\t\t<\/div>\n\t\t<\/div>\n\t\t\t\t\t<\/div>\n\t\t<\/section>\n\t\t\t\t<section class=\"elementor-section elementor-top-section elementor-element elementor-element-1c30e42 elementor-section-boxed elementor-section-height-default elementor-section-height-default\" data-id=\"1c30e42\" data-element_type=\"section\" data-e-type=\"section\">\n\t\t\t\t\t\t<div class=\"elementor-container elementor-column-gap-default\">\n\t\t\t\t\t<div class=\"elementor-column elementor-col-100 elementor-top-column elementor-element elementor-element-487771f\" data-id=\"487771f\" data-element_type=\"column\" data-e-type=\"column\">\n\t\t\t<div class=\"elementor-widget-wrap elementor-element-populated\">\n\t\t\t\t\t\t<div class=\"elementor-element elementor-element-501c1fb elementor-widget elementor-widget-menu-anchor\" data-id=\"501c1fb\" data-element_type=\"widget\" data-e-type=\"widget\" data-widget_type=\"menu-anchor.default\">\n\t\t\t\t<div class=\"elementor-widget-container\">\n\t\t\t\t\t\t\t<div class=\"elementor-menu-anchor\" id=\"2023-18\"><\/div>\n\t\t\t\t\t\t<\/div>\n\t\t\t\t<\/div>\n\t\t\t\t\t<\/div>\n\t\t<\/div>\n\t\t\t\t\t<\/div>\n\t\t<\/section>\n\t\t\t\t<section class=\"elementor-section elementor-top-section elementor-element elementor-element-66ad0c3 elementor-section-boxed elementor-section-height-default elementor-section-height-default\" data-id=\"66ad0c3\" data-element_type=\"section\" data-e-type=\"section\">\n\t\t\t\t\t\t<div class=\"elementor-container elementor-column-gap-default\">\n\t\t\t\t\t<div class=\"elementor-column elementor-col-100 elementor-top-column elementor-element elementor-element-223eec4\" data-id=\"223eec4\" data-element_type=\"column\" data-e-type=\"column\">\n\t\t\t<div class=\"elementor-widget-wrap elementor-element-populated\">\n\t\t\t\t\t\t<div class=\"elementor-element elementor-element-7eeb766 elementor-widget elementor-widget-text-editor\" data-id=\"7eeb766\" data-element_type=\"widget\" data-e-type=\"widget\" data-widget_type=\"text-editor.default\">\n\t\t\t\t<div class=\"elementor-widget-container\">\n\t\t\t\t\t\t\t\t\t<p><strong>Meinweg \u00d6kotop<\/strong><\/p>\t\t\t\t\t\t\t\t<\/div>\n\t\t\t\t<\/div>\n\t\t\t\t\t<\/div>\n\t\t<\/div>\n\t\t\t\t\t<\/div>\n\t\t<\/section>\n\t\t\t\t<section class=\"elementor-section elementor-top-section elementor-element elementor-element-d9cd778 elementor-section-boxed elementor-section-height-default elementor-section-height-default\" data-id=\"d9cd778\" data-element_type=\"section\" data-e-type=\"section\">\n\t\t\t\t\t\t<div class=\"elementor-container elementor-column-gap-default\">\n\t\t\t\t\t<div class=\"elementor-column elementor-col-50 elementor-top-column elementor-element elementor-element-e7af75b\" data-id=\"e7af75b\" data-element_type=\"column\" data-e-type=\"column\">\n\t\t\t<div class=\"elementor-widget-wrap elementor-element-populated\">\n\t\t\t\t\t\t<div class=\"elementor-element elementor-element-b8f1762 elementor-widget elementor-widget-text-editor\" data-id=\"b8f1762\" data-element_type=\"widget\" data-e-type=\"widget\" data-widget_type=\"text-editor.default\">\n\t\t\t\t<div class=\"elementor-widget-container\">\n\t\t\t\t\t\t\t\t\t<p class=\"mobile-undersized-upper\">Am Samstag, den 25. November 2023, findet zum 15. Mal das Meinweg Ecotop, das Natursymposium f\u00fcr und \u00fcber die Grenzregion Mittellimburg, statt. W\u00e4hrend dieses Symposiums werden deutsche und niederl\u00e4ndische Feldbiologen die Ergebnisse ihrer Untersuchungen in dieser Region vorstellen.<br \/>Het thema van de Meinweg Ecotop 2023 is: Vogels in de grensstreek, verrassende zomer- en wintergasten.\u00a0<br \/><span style=\"background-color: var(--ast-global-color-4); color: var(--ast-global-color-3); font-style: inherit; font-weight: inherit;\">Der diesj\u00e4hrige Ecotop findet im Schloss Daelenbroeck, Kasteellaan 2, 6075 EZ Herkenbosch, statt. Zeit: 08.30 - 17.30. Weitere Informationen finden Sie<\/span><a style=\"font-style: inherit; font-weight: inherit;\" href=\"https:\/\/www.meinweg-ecotop.nl\/meinweg-ecotop-2023\"> hier.<\/a><\/p><p class=\"mobile-undersized-upper\">\u00dcbrigens wurde k\u00fcrzlich auch ein Ecotop in der Region Maasduinen organisiert. Sie k\u00f6nnen alle Pr\u00e4sentationen nachlesen \u00fcber diesen <a href=\"https:\/\/maasduinen-ecotop.nl\/maasduinen-ecotop-2023\">Link<\/a>.\u00a0\u00a0<\/p>\t\t\t\t\t\t\t\t<\/div>\n\t\t\t\t<\/div>\n\t\t\t\t\t<\/div>\n\t\t<\/div>\n\t\t\t\t<div class=\"elementor-column elementor-col-50 elementor-top-column elementor-element elementor-element-e8a3d05\" data-id=\"e8a3d05\" data-element_type=\"column\" data-e-type=\"column\">\n\t\t\t<div class=\"elementor-widget-wrap elementor-element-populated\">\n\t\t\t\t\t\t<div class=\"elementor-element elementor-element-6609324 elementor-widget elementor-widget-image\" data-id=\"6609324\" data-element_type=\"widget\" data-e-type=\"widget\" data-widget_type=\"image.default\">\n\t\t\t\t<div class=\"elementor-widget-container\">\n\t\t\t\t\t\t\t\t\t\t\t\t<figure class=\"wp-caption\">\n\t\t\t\t\t\t\t\t\t\t<img loading=\"lazy\" decoding=\"async\" width=\"1024\" height=\"575\" src=\"https:\/\/www.gruenes-grenzland.net\/wp-content\/uploads\/2023\/11\/Meinweg-Elfenmeer-en-Bosbeekdal-met-beek-HHeijnen-1024x575.jpg\" class=\"attachment-large size-large wp-image-14697\" alt=\"\" srcset=\"https:\/\/www.gruenes-grenzland.net\/wp-content\/uploads\/2023\/11\/Meinweg-Elfenmeer-en-Bosbeekdal-met-beek-HHeijnen-1024x575.jpg 1024w, https:\/\/www.gruenes-grenzland.net\/wp-content\/uploads\/2023\/11\/Meinweg-Elfenmeer-en-Bosbeekdal-met-beek-HHeijnen-300x169.jpg 300w, https:\/\/www.gruenes-grenzland.net\/wp-content\/uploads\/2023\/11\/Meinweg-Elfenmeer-en-Bosbeekdal-met-beek-HHeijnen-768x431.jpg 768w, https:\/\/www.gruenes-grenzland.net\/wp-content\/uploads\/2023\/11\/Meinweg-Elfenmeer-en-Bosbeekdal-met-beek-HHeijnen-18x10.jpg 18w, https:\/\/www.gruenes-grenzland.net\/wp-content\/uploads\/2023\/11\/Meinweg-Elfenmeer-en-Bosbeekdal-met-beek-HHeijnen.jpg 1200w\" sizes=\"(max-width: 1024px) 100vw, 1024px\" \/>\t\t\t\t\t\t\t\t\t\t\t<figcaption class=\"widget-image-caption wp-caption-text\">Meinweg. Elfenmeer und Boschbeek<\/figcaption>\n\t\t\t\t\t\t\t\t\t\t<\/figure>\n\t\t\t\t\t\t\t\t\t<\/div>\n\t\t\t\t<\/div>\n\t\t\t\t\t<\/div>\n\t\t<\/div>\n\t\t\t\t\t<\/div>\n\t\t<\/section>\n\t\t\t\t<section class=\"elementor-section elementor-top-section elementor-element elementor-element-a0707f6 elementor-section-boxed elementor-section-height-default elementor-section-height-default\" data-id=\"a0707f6\" data-element_type=\"section\" data-e-type=\"section\">\n\t\t\t\t\t\t<div class=\"elementor-container elementor-column-gap-default\">\n\t\t\t\t\t<div class=\"elementor-column elementor-col-100 elementor-top-column elementor-element elementor-element-d878130\" data-id=\"d878130\" data-element_type=\"column\" data-e-type=\"column\">\n\t\t\t<div class=\"elementor-widget-wrap elementor-element-populated\">\n\t\t\t\t\t\t\t<\/div>\n\t\t<\/div>\n\t\t\t\t\t<\/div>\n\t\t<\/section>\n\t\t\t\t<section class=\"elementor-section elementor-top-section elementor-element elementor-element-2670643 elementor-section-boxed elementor-section-height-default elementor-section-height-default\" data-id=\"2670643\" data-element_type=\"section\" data-e-type=\"section\">\n\t\t\t\t\t\t<div class=\"elementor-container elementor-column-gap-default\">\n\t\t\t\t\t<div class=\"elementor-column elementor-col-100 elementor-top-column elementor-element elementor-element-f396449\" data-id=\"f396449\" data-element_type=\"column\" data-e-type=\"column\">\n\t\t\t<div class=\"elementor-widget-wrap elementor-element-populated\">\n\t\t\t\t\t\t<div class=\"elementor-element elementor-element-860dcab elementor-widget-divider--view-line elementor-widget elementor-widget-divider\" data-id=\"860dcab\" data-element_type=\"widget\" data-e-type=\"widget\" data-widget_type=\"divider.default\">\n\t\t\t\t<div class=\"elementor-widget-container\">\n\t\t\t\t\t\t\t<div class=\"elementor-divider\">\n\t\t\t<span class=\"elementor-divider-separator\">\n\t\t\t\t\t\t<\/span>\n\t\t<\/div>\n\t\t\t\t\t\t<\/div>\n\t\t\t\t<\/div>\n\t\t\t\t\t<\/div>\n\t\t<\/div>\n\t\t\t\t\t<\/div>\n\t\t<\/section>\n\t\t\t\t<section class=\"elementor-section elementor-top-section elementor-element elementor-element-797b2f1 elementor-section-boxed elementor-section-height-default elementor-section-height-default\" data-id=\"797b2f1\" data-element_type=\"section\" data-e-type=\"section\">\n\t\t\t\t\t\t<div class=\"elementor-container elementor-column-gap-default\">\n\t\t\t\t\t<div class=\"elementor-column elementor-col-100 elementor-top-column elementor-element elementor-element-82515ca\" data-id=\"82515ca\" data-element_type=\"column\" data-e-type=\"column\">\n\t\t\t<div class=\"elementor-widget-wrap elementor-element-populated\">\n\t\t\t\t\t\t<div class=\"elementor-element elementor-element-866bddf elementor-widget elementor-widget-menu-anchor\" data-id=\"866bddf\" data-element_type=\"widget\" data-e-type=\"widget\" data-widget_type=\"menu-anchor.default\">\n\t\t\t\t<div class=\"elementor-widget-container\">\n\t\t\t\t\t\t\t<div class=\"elementor-menu-anchor\" id=\"2023-17\"><\/div>\n\t\t\t\t\t\t<\/div>\n\t\t\t\t<\/div>\n\t\t\t\t\t<\/div>\n\t\t<\/div>\n\t\t\t\t\t<\/div>\n\t\t<\/section>\n\t\t\t\t<section class=\"elementor-section elementor-top-section elementor-element elementor-element-9a9d75c elementor-section-boxed elementor-section-height-default elementor-section-height-default\" data-id=\"9a9d75c\" data-element_type=\"section\" data-e-type=\"section\">\n\t\t\t\t\t\t<div class=\"elementor-container elementor-column-gap-default\">\n\t\t\t\t\t<div class=\"elementor-column elementor-col-100 elementor-top-column elementor-element elementor-element-733b647\" data-id=\"733b647\" data-element_type=\"column\" data-e-type=\"column\">\n\t\t\t<div class=\"elementor-widget-wrap elementor-element-populated\">\n\t\t\t\t\t\t<div class=\"elementor-element elementor-element-0c2b9b7 elementor-widget elementor-widget-text-editor\" data-id=\"0c2b9b7\" data-element_type=\"widget\" data-e-type=\"widget\" data-widget_type=\"text-editor.default\">\n\t\t\t\t<div class=\"elementor-widget-container\">\n\t\t\t\t\t\t\t\t\t<p><strong>Stellungnahmen zum Fl\u00e4chennutzungsplan f\u00fcr das ehemalige Milit\u00e4rgel\u00e4nde Elmpt<\/strong><\/p>\t\t\t\t\t\t\t\t<\/div>\n\t\t\t\t<\/div>\n\t\t\t\t\t<\/div>\n\t\t<\/div>\n\t\t\t\t\t<\/div>\n\t\t<\/section>\n\t\t\t\t<section class=\"elementor-section elementor-top-section elementor-element elementor-element-98f6fd3 elementor-section-boxed elementor-section-height-default elementor-section-height-default\" data-id=\"98f6fd3\" data-element_type=\"section\" data-e-type=\"section\">\n\t\t\t\t\t\t<div class=\"elementor-container elementor-column-gap-default\">\n\t\t\t\t\t<div class=\"elementor-column elementor-col-100 elementor-top-column elementor-element elementor-element-53350f0\" data-id=\"53350f0\" data-element_type=\"column\" data-e-type=\"column\" data-settings=\"{&quot;background_background&quot;:&quot;classic&quot;}\">\n\t\t\t<div class=\"elementor-widget-wrap elementor-element-populated\">\n\t\t\t\t\t\t<div class=\"elementor-element elementor-element-b957870 elementor-widget elementor-widget-text-editor\" data-id=\"b957870\" data-element_type=\"widget\" data-e-type=\"widget\" data-widget_type=\"text-editor.default\">\n\t\t\t\t<div class=\"elementor-widget-container\">\n\t\t\t\t\t\t\t\t\t<p class=\" translation-block\">Bis zum 3. November 2023 hatten verschiedene \u00f6ffentliche Einrichtungen die M\u00f6glichkeit, ihre Meinung zu diesem Thema zu \u00e4u\u00dfern. Mehrere Organisationen wie die Landesgemeinschaft Natuurschutz un Umwelt e.V., die Natur- und Umweltverb\u00e4nde Limburg und Gelderland und sogar der Lenkungsausschuss des Nationalparks Meinweg \u00e4u\u00dferten ihre Bedenken gegen die vorgeschlagenen Pl\u00e4ne. Dar\u00fcber hinaus hat Gr\u00fcnes Grenzland eine eigene<a href=\"https:\/\/www.gruenes-grenzland.net\/de\/activiteiten-javelin-park-ost\/#Inspraakburgers\" target=\"_self\"> Stellungnahme <\/a>zu diesem Thema abgegeben. Alle Beteiligten haben ihre Besorgnis \u00fcber das geplante gro\u00dfe Industriegebiet und den m\u00f6glichen Verlust der Natur und ihrer Werte in diesem Gebiet zum Ausdruck gebracht. Sie sind auch besorgt \u00fcber die zu erwartenden negativen Auswirkungen, die in den benachbarten europ\u00e4ischen Schutzgebieten, einschlie\u00dflich Meinweg und L\u00fcsekamp, auftreten k\u00f6nnen. Die ausf\u00fchrlichen Stellungnahmen und Standpunkte der verschiedenen Organisationen k\u00f6nnen Sie unter dem angegebenen<a href=\"https:\/\/www.gruenes-grenzland.net\/de\/ngos\/\" target=\"_self\"> Link<\/a> einsehen.<\/p>\t\t\t\t\t\t\t\t<\/div>\n\t\t\t\t<\/div>\n\t\t\t\t\t<\/div>\n\t\t<\/div>\n\t\t\t\t\t<\/div>\n\t\t<\/section>\n\t\t\t\t<section class=\"elementor-section elementor-top-section elementor-element elementor-element-239c4f3 elementor-section-boxed elementor-section-height-default elementor-section-height-default\" data-id=\"239c4f3\" data-element_type=\"section\" data-e-type=\"section\">\n\t\t\t\t\t\t<div class=\"elementor-container elementor-column-gap-default\">\n\t\t\t\t\t<div class=\"elementor-column elementor-col-100 elementor-top-column elementor-element elementor-element-a467224\" data-id=\"a467224\" data-element_type=\"column\" data-e-type=\"column\">\n\t\t\t<div class=\"elementor-widget-wrap elementor-element-populated\">\n\t\t\t\t\t\t<div class=\"elementor-element elementor-element-1eede2b elementor-widget elementor-widget-image\" data-id=\"1eede2b\" data-element_type=\"widget\" data-e-type=\"widget\" data-widget_type=\"image.default\">\n\t\t\t\t<div class=\"elementor-widget-container\">\n\t\t\t\t\t\t\t\t\t\t\t\t<figure class=\"wp-caption\">\n\t\t\t\t\t\t\t\t\t\t<img loading=\"lazy\" decoding=\"async\" width=\"1024\" height=\"724\" src=\"https:\/\/www.gruenes-grenzland.net\/wp-content\/uploads\/2023\/11\/FNP-61nieuw-15000-met-natuurwaarden-1024x724.jpg\" class=\"attachment-large size-large wp-image-14256\" alt=\"\" srcset=\"https:\/\/www.gruenes-grenzland.net\/wp-content\/uploads\/2023\/11\/FNP-61nieuw-15000-met-natuurwaarden-1024x724.jpg 1024w, https:\/\/www.gruenes-grenzland.net\/wp-content\/uploads\/2023\/11\/FNP-61nieuw-15000-met-natuurwaarden-300x212.jpg 300w, https:\/\/www.gruenes-grenzland.net\/wp-content\/uploads\/2023\/11\/FNP-61nieuw-15000-met-natuurwaarden-768x543.jpg 768w, https:\/\/www.gruenes-grenzland.net\/wp-content\/uploads\/2023\/11\/FNP-61nieuw-15000-met-natuurwaarden-1536x1086.jpg 1536w, https:\/\/www.gruenes-grenzland.net\/wp-content\/uploads\/2023\/11\/FNP-61nieuw-15000-met-natuurwaarden-2048x1448.jpg 2048w, https:\/\/www.gruenes-grenzland.net\/wp-content\/uploads\/2023\/11\/FNP-61nieuw-15000-met-natuurwaarden-18x12.jpg 18w\" sizes=\"(max-width: 1024px) 100vw, 1024px\" \/>\t\t\t\t\t\t\t\t\t\t\t<figcaption class=\"widget-image-caption wp-caption-text\">Mehr als ein Drittel des k\u00fcnftigen Gewerbegebiets ist f\u00fcr die Natur von Bedeutung<\/figcaption>\n\t\t\t\t\t\t\t\t\t\t<\/figure>\n\t\t\t\t\t\t\t\t\t<\/div>\n\t\t\t\t<\/div>\n\t\t\t\t\t<\/div>\n\t\t<\/div>\n\t\t\t\t\t<\/div>\n\t\t<\/section>\n\t\t\t\t<section class=\"elementor-section elementor-top-section elementor-element elementor-element-e2b44a5 elementor-section-boxed elementor-section-height-default elementor-section-height-default\" data-id=\"e2b44a5\" data-element_type=\"section\" data-e-type=\"section\">\n\t\t\t\t\t\t<div class=\"elementor-container elementor-column-gap-default\">\n\t\t\t\t\t<div class=\"elementor-column elementor-col-100 elementor-top-column elementor-element elementor-element-eb02548\" data-id=\"eb02548\" data-element_type=\"column\" data-e-type=\"column\">\n\t\t\t<div class=\"elementor-widget-wrap elementor-element-populated\">\n\t\t\t\t\t\t<div class=\"elementor-element elementor-element-8295019 elementor-widget-divider--view-line elementor-widget elementor-widget-divider\" data-id=\"8295019\" data-element_type=\"widget\" data-e-type=\"widget\" data-widget_type=\"divider.default\">\n\t\t\t\t<div class=\"elementor-widget-container\">\n\t\t\t\t\t\t\t<div class=\"elementor-divider\">\n\t\t\t<span class=\"elementor-divider-separator\">\n\t\t\t\t\t\t<\/span>\n\t\t<\/div>\n\t\t\t\t\t\t<\/div>\n\t\t\t\t<\/div>\n\t\t\t\t\t<\/div>\n\t\t<\/div>\n\t\t\t\t\t<\/div>\n\t\t<\/section>\n\t\t\t\t<section class=\"elementor-section elementor-top-section elementor-element elementor-element-cfd1e40 elementor-section-boxed elementor-section-height-default elementor-section-height-default\" data-id=\"cfd1e40\" data-element_type=\"section\" data-e-type=\"section\">\n\t\t\t\t\t\t<div class=\"elementor-container elementor-column-gap-default\">\n\t\t\t\t\t<div class=\"elementor-column elementor-col-100 elementor-top-column elementor-element elementor-element-f0e44fa\" data-id=\"f0e44fa\" data-element_type=\"column\" data-e-type=\"column\">\n\t\t\t<div class=\"elementor-widget-wrap elementor-element-populated\">\n\t\t\t\t\t\t<div class=\"elementor-element elementor-element-54cf04f elementor-widget elementor-widget-menu-anchor\" data-id=\"54cf04f\" data-element_type=\"widget\" data-e-type=\"widget\" data-widget_type=\"menu-anchor.default\">\n\t\t\t\t<div class=\"elementor-widget-container\">\n\t\t\t\t\t\t\t<div class=\"elementor-menu-anchor\" id=\"2023-16\"><\/div>\n\t\t\t\t\t\t<\/div>\n\t\t\t\t<\/div>\n\t\t\t\t\t<\/div>\n\t\t<\/div>\n\t\t\t\t\t<\/div>\n\t\t<\/section>\n\t\t\t\t<section class=\"elementor-section elementor-top-section elementor-element elementor-element-03133a8 elementor-section-boxed elementor-section-height-default elementor-section-height-default\" data-id=\"03133a8\" data-element_type=\"section\" data-e-type=\"section\">\n\t\t\t\t\t\t<div class=\"elementor-container elementor-column-gap-default\">\n\t\t\t\t\t<div class=\"elementor-column elementor-col-100 elementor-top-column elementor-element elementor-element-de1c044\" data-id=\"de1c044\" data-element_type=\"column\" data-e-type=\"column\">\n\t\t\t<div class=\"elementor-widget-wrap elementor-element-populated\">\n\t\t\t\t\t\t<div class=\"elementor-element elementor-element-2633ec6 elementor-widget elementor-widget-text-editor\" data-id=\"2633ec6\" data-element_type=\"widget\" data-e-type=\"widget\" data-widget_type=\"text-editor.default\">\n\t\t\t\t<div class=\"elementor-widget-container\">\n\t\t\t\t\t\t\t\t\t<p><strong>Gr\u00fcnes Grenzland jetzt offizielles Mitglied von der LNU<\/strong><\/p>\t\t\t\t\t\t\t\t<\/div>\n\t\t\t\t<\/div>\n\t\t\t\t\t<\/div>\n\t\t<\/div>\n\t\t\t\t\t<\/div>\n\t\t<\/section>\n\t\t\t\t<section class=\"elementor-section elementor-top-section elementor-element elementor-element-c5a8a2c elementor-section-boxed elementor-section-height-default elementor-section-height-default\" data-id=\"c5a8a2c\" data-element_type=\"section\" data-e-type=\"section\">\n\t\t\t\t\t\t<div class=\"elementor-container elementor-column-gap-default\">\n\t\t\t\t\t<div class=\"elementor-column elementor-col-50 elementor-top-column elementor-element elementor-element-dae49ac\" data-id=\"dae49ac\" data-element_type=\"column\" data-e-type=\"column\">\n\t\t\t<div class=\"elementor-widget-wrap elementor-element-populated\">\n\t\t\t\t\t\t<div class=\"elementor-element elementor-element-e98c94f elementor-widget elementor-widget-text-editor\" data-id=\"e98c94f\" data-element_type=\"widget\" data-e-type=\"widget\" data-widget_type=\"text-editor.default\">\n\t\t\t\t<div class=\"elementor-widget-container\">\n\t\t\t\t\t\t\t\t\t<p class=\" translation-block\">Die LNU (<span style=\"font-family: Tahoma\">Landesgemeinschaft Naturschutz und Umwelt e.V., <a href=\"https:\/\/www.lnu.nrw\/\" target=\"_self\">https:\/\/www.lnu.nrw\/<\/a>)<\/span> ist ein Dachverband von mehr als hundert Natur- und Umweltschutzorganisationen in Nordrhein-Westfalen und geh\u00f6rt zu den klageberechtigten Organisationen. <br>Die Seite der LNU, die die Mitgliedschaft von Gr\u00fcnes Grenzland zeigt, finden Sie <a href=\"https:\/\/www.lnu.nrw\/mitglieder\" target=\"_self\">hier<\/a>.\u00a0<\/p>\n<p>Sie k\u00f6nnen unseren Beitritt zur LNU auch in dem hier abgebildeten Ausschnitt aus ihrem Informationsbrief vom Oktober 2023 sehen.<\/p>\t\t\t\t\t\t\t\t<\/div>\n\t\t\t\t<\/div>\n\t\t\t\t\t<\/div>\n\t\t<\/div>\n\t\t\t\t<div class=\"elementor-column elementor-col-50 elementor-top-column elementor-element elementor-element-93f6b06\" data-id=\"93f6b06\" data-element_type=\"column\" data-e-type=\"column\">\n\t\t\t<div class=\"elementor-widget-wrap elementor-element-populated\">\n\t\t\t\t\t\t<div class=\"elementor-element elementor-element-54bcfe0 elementor-widget elementor-widget-image\" data-id=\"54bcfe0\" data-element_type=\"widget\" data-e-type=\"widget\" data-widget_type=\"image.default\">\n\t\t\t\t<div class=\"elementor-widget-container\">\n\t\t\t\t\t\t\t\t\t\t\t\t\t\t\t<img loading=\"lazy\" decoding=\"async\" width=\"463\" height=\"743\" src=\"https:\/\/www.gruenes-grenzland.net\/wp-content\/uploads\/2023\/11\/Lidmaatschap-LNU-okt-2023.jpg\" class=\"attachment-large size-large wp-image-14579\" alt=\"\" srcset=\"https:\/\/www.gruenes-grenzland.net\/wp-content\/uploads\/2023\/11\/Lidmaatschap-LNU-okt-2023.jpg 463w, https:\/\/www.gruenes-grenzland.net\/wp-content\/uploads\/2023\/11\/Lidmaatschap-LNU-okt-2023-187x300.jpg 187w, https:\/\/www.gruenes-grenzland.net\/wp-content\/uploads\/2023\/11\/Lidmaatschap-LNU-okt-2023-7x12.jpg 7w\" sizes=\"(max-width: 463px) 100vw, 463px\" \/>\t\t\t\t\t\t\t\t\t\t\t\t\t\t\t<\/div>\n\t\t\t\t<\/div>\n\t\t\t\t\t<\/div>\n\t\t<\/div>\n\t\t\t\t\t<\/div>\n\t\t<\/section>\n\t\t\t\t<section class=\"elementor-section elementor-top-section elementor-element elementor-element-25d7f93 elementor-section-boxed elementor-section-height-default elementor-section-height-default\" data-id=\"25d7f93\" data-element_type=\"section\" data-e-type=\"section\">\n\t\t\t\t\t\t<div class=\"elementor-container elementor-column-gap-default\">\n\t\t\t\t\t<div class=\"elementor-column elementor-col-100 elementor-top-column elementor-element elementor-element-55ff1a8\" data-id=\"55ff1a8\" data-element_type=\"column\" data-e-type=\"column\">\n\t\t\t<div class=\"elementor-widget-wrap elementor-element-populated\">\n\t\t\t\t\t\t<div class=\"elementor-element elementor-element-1a3ce5e elementor-widget-divider--view-line elementor-widget elementor-widget-divider\" data-id=\"1a3ce5e\" data-element_type=\"widget\" data-e-type=\"widget\" data-widget_type=\"divider.default\">\n\t\t\t\t<div class=\"elementor-widget-container\">\n\t\t\t\t\t\t\t<div class=\"elementor-divider\">\n\t\t\t<span class=\"elementor-divider-separator\">\n\t\t\t\t\t\t<\/span>\n\t\t<\/div>\n\t\t\t\t\t\t<\/div>\n\t\t\t\t<\/div>\n\t\t\t\t\t<\/div>\n\t\t<\/div>\n\t\t\t\t\t<\/div>\n\t\t<\/section>\n\t\t\t\t<section class=\"elementor-section elementor-top-section elementor-element elementor-element-e7a3d78 elementor-section-boxed elementor-section-height-default elementor-section-height-default\" data-id=\"e7a3d78\" data-element_type=\"section\" data-e-type=\"section\">\n\t\t\t\t\t\t<div class=\"elementor-container elementor-column-gap-default\">\n\t\t\t\t\t<div class=\"elementor-column elementor-col-100 elementor-top-column elementor-element elementor-element-a742f4b\" data-id=\"a742f4b\" data-element_type=\"column\" data-e-type=\"column\">\n\t\t\t<div class=\"elementor-widget-wrap elementor-element-populated\">\n\t\t\t\t\t\t<div class=\"elementor-element elementor-element-c1535ad elementor-widget elementor-widget-menu-anchor\" data-id=\"c1535ad\" data-element_type=\"widget\" data-e-type=\"widget\" data-widget_type=\"menu-anchor.default\">\n\t\t\t\t<div class=\"elementor-widget-container\">\n\t\t\t\t\t\t\t<div class=\"elementor-menu-anchor\" id=\"2023-15\"><\/div>\n\t\t\t\t\t\t<\/div>\n\t\t\t\t<\/div>\n\t\t\t\t\t<\/div>\n\t\t<\/div>\n\t\t\t\t\t<\/div>\n\t\t<\/section>\n\t\t\t\t<section class=\"elementor-section elementor-top-section elementor-element elementor-element-3abdc41 elementor-section-boxed elementor-section-height-default elementor-section-height-default\" data-id=\"3abdc41\" data-element_type=\"section\" data-e-type=\"section\">\n\t\t\t\t\t\t<div class=\"elementor-container elementor-column-gap-default\">\n\t\t\t\t\t<div class=\"elementor-column elementor-col-50 elementor-top-column elementor-element elementor-element-7329c93\" data-id=\"7329c93\" data-element_type=\"column\" data-e-type=\"column\">\n\t\t\t<div class=\"elementor-widget-wrap elementor-element-populated\">\n\t\t\t\t\t\t<div class=\"elementor-element elementor-element-9d8932e elementor-widget elementor-widget-text-editor\" data-id=\"9d8932e\" data-element_type=\"widget\" data-e-type=\"widget\" data-widget_type=\"text-editor.default\">\n\t\t\t\t<div class=\"elementor-widget-container\">\n\t\t\t\t\t\t\t\t\t<p><strong>WDR Lokalzeit D\u00fcsseldorf<\/strong><\/p>\t\t\t\t\t\t\t\t<\/div>\n\t\t\t\t<\/div>\n\t\t\t\t\t<\/div>\n\t\t<\/div>\n\t\t\t\t<div class=\"elementor-column elementor-col-50 elementor-top-column elementor-element elementor-element-3d6762a\" data-id=\"3d6762a\" data-element_type=\"column\" data-e-type=\"column\">\n\t\t\t<div class=\"elementor-widget-wrap\">\n\t\t\t\t\t\t\t<\/div>\n\t\t<\/div>\n\t\t\t\t\t<\/div>\n\t\t<\/section>\n\t\t\t\t<section class=\"elementor-section elementor-top-section elementor-element elementor-element-3e7427c elementor-section-boxed elementor-section-height-default elementor-section-height-default\" data-id=\"3e7427c\" data-element_type=\"section\" data-e-type=\"section\">\n\t\t\t\t\t\t<div class=\"elementor-container elementor-column-gap-default\">\n\t\t\t\t\t<div class=\"elementor-column elementor-col-100 elementor-top-column elementor-element elementor-element-109aadc\" data-id=\"109aadc\" data-element_type=\"column\" data-e-type=\"column\">\n\t\t\t<div class=\"elementor-widget-wrap elementor-element-populated\">\n\t\t\t\t\t\t<div class=\"elementor-element elementor-element-43ba40c elementor-widget elementor-widget-text-editor\" data-id=\"43ba40c\" data-element_type=\"widget\" data-e-type=\"widget\" data-widget_type=\"text-editor.default\">\n\t\t\t\t<div class=\"elementor-widget-container\">\n\t\t\t\t\t\t\t\t\t<p>26. Oktober 2023, Wind, Solar und Gewerbe: Gel\u00e4nde der Brittinnen wird vermarktet, WDR Lokalzeit D\u00fcsseldorf<br \/>sehe <a href=\"https:\/\/www.ardmediathek.de\/video\/lokalzeit-aus-duesseldorf\/lokalzeit-aus-duesseldorf-oder-26-10-2023\/wdr-duesseldorf\/Y3JpZDovL3dkci5kZS9CZWl0cmFnLXNvcGhvcmEtODViNGZlY2QtNDk3Mi00OGY0LTk1MTAtNmFjMDE2MjdkZDcy\">hier<\/a> . Im Folgenden finden Sie die Ank\u00fcndigung und einige relevante \u00c4u\u00dferungen von Sprechern von Gr\u00fcnes Grenzland.<\/p>\t\t\t\t\t\t\t\t<\/div>\n\t\t\t\t<\/div>\n\t\t\t\t\t<\/div>\n\t\t<\/div>\n\t\t\t\t\t<\/div>\n\t\t<\/section>\n\t\t\t\t<section class=\"elementor-section elementor-top-section elementor-element elementor-element-2bb5ba7 elementor-section-boxed elementor-section-height-default elementor-section-height-default\" data-id=\"2bb5ba7\" data-element_type=\"section\" data-e-type=\"section\">\n\t\t\t\t\t\t<div class=\"elementor-container elementor-column-gap-default\">\n\t\t\t\t\t<div class=\"elementor-column elementor-col-25 elementor-top-column elementor-element elementor-element-fdbc7fc\" data-id=\"fdbc7fc\" data-element_type=\"column\" data-e-type=\"column\">\n\t\t\t<div class=\"elementor-widget-wrap elementor-element-populated\">\n\t\t\t\t\t\t<div class=\"elementor-element elementor-element-b2d7763 elementor-widget elementor-widget-video\" data-id=\"b2d7763\" data-element_type=\"widget\" data-e-type=\"widget\" data-settings=\"{&quot;video_type&quot;:&quot;hosted&quot;,&quot;controls&quot;:&quot;yes&quot;}\" data-widget_type=\"video.default\">\n\t\t\t\t<div class=\"elementor-widget-container\">\n\t\t\t\t\t\t\t<div class=\"e-hosted-video elementor-wrapper elementor-open-inline\">\n\t\t\t\t\t<video class=\"elementor-video\" src=\"https:\/\/www.gruenes-grenzland.net\/wp-content\/uploads\/2023\/10\/WDR-lokalzeit-Aankondiging.mp4\" controls=\"\" preload=\"metadata\" controlslist=\"nodownload\"><\/video>\n\t\t\t\t<\/div>\n\t\t\t\t\t\t<\/div>\n\t\t\t\t<\/div>\n\t\t\t\t\t<\/div>\n\t\t<\/div>\n\t\t\t\t<div class=\"elementor-column elementor-col-25 elementor-top-column elementor-element elementor-element-89560be\" data-id=\"89560be\" data-element_type=\"column\" data-e-type=\"column\">\n\t\t\t<div class=\"elementor-widget-wrap elementor-element-populated\">\n\t\t\t\t\t\t<div class=\"elementor-element elementor-element-810ce77 elementor-widget elementor-widget-video\" data-id=\"810ce77\" data-element_type=\"widget\" data-e-type=\"widget\" data-settings=\"{&quot;video_type&quot;:&quot;hosted&quot;,&quot;controls&quot;:&quot;yes&quot;}\" data-widget_type=\"video.default\">\n\t\t\t\t<div class=\"elementor-widget-container\">\n\t\t\t\t\t\t\t<div class=\"e-hosted-video elementor-wrapper elementor-open-inline\">\n\t\t\t\t\t<video class=\"elementor-video\" src=\"https:\/\/www.gruenes-grenzland.net\/wp-content\/uploads\/2023\/10\/WDR-lokalzeit-Thomas.mp4\" controls=\"\" preload=\"metadata\" controlslist=\"nodownload\"><\/video>\n\t\t\t\t<\/div>\n\t\t\t\t\t\t<\/div>\n\t\t\t\t<\/div>\n\t\t\t\t\t<\/div>\n\t\t<\/div>\n\t\t\t\t<div class=\"elementor-column elementor-col-25 elementor-top-column elementor-element elementor-element-e0e4d1c\" data-id=\"e0e4d1c\" data-element_type=\"column\" data-e-type=\"column\">\n\t\t\t<div class=\"elementor-widget-wrap elementor-element-populated\">\n\t\t\t\t\t\t<div class=\"elementor-element elementor-element-24f1c33 elementor-widget elementor-widget-image\" data-id=\"24f1c33\" data-element_type=\"widget\" data-e-type=\"widget\" data-widget_type=\"image.default\">\n\t\t\t\t<div class=\"elementor-widget-container\">\n\t\t\t\t\t\t\t\t\t\t\t\t\t\t\t<img loading=\"lazy\" decoding=\"async\" width=\"1024\" height=\"500\" src=\"https:\/\/www.gruenes-grenzland.net\/wp-content\/uploads\/2023\/10\/wdr-6-1024x500.jpg\" class=\"attachment-large size-large wp-image-13705\" alt=\"\" srcset=\"https:\/\/www.gruenes-grenzland.net\/wp-content\/uploads\/2023\/10\/wdr-6-1024x500.jpg 1024w, https:\/\/www.gruenes-grenzland.net\/wp-content\/uploads\/2023\/10\/wdr-6-300x146.jpg 300w, https:\/\/www.gruenes-grenzland.net\/wp-content\/uploads\/2023\/10\/wdr-6-768x375.jpg 768w, https:\/\/www.gruenes-grenzland.net\/wp-content\/uploads\/2023\/10\/wdr-6-1536x750.jpg 1536w, https:\/\/www.gruenes-grenzland.net\/wp-content\/uploads\/2023\/10\/wdr-6-18x9.jpg 18w, https:\/\/www.gruenes-grenzland.net\/wp-content\/uploads\/2023\/10\/wdr-6.jpg 1832w\" sizes=\"(max-width: 1024px) 100vw, 1024px\" \/>\t\t\t\t\t\t\t\t\t\t\t\t\t\t\t<\/div>\n\t\t\t\t<\/div>\n\t\t\t\t\t<\/div>\n\t\t<\/div>\n\t\t\t\t<div class=\"elementor-column elementor-col-25 elementor-top-column elementor-element elementor-element-5a24544\" data-id=\"5a24544\" data-element_type=\"column\" data-e-type=\"column\">\n\t\t\t<div class=\"elementor-widget-wrap elementor-element-populated\">\n\t\t\t\t\t\t<div class=\"elementor-element elementor-element-a0a3789 elementor-widget elementor-widget-video\" data-id=\"a0a3789\" data-element_type=\"widget\" data-e-type=\"widget\" data-settings=\"{&quot;video_type&quot;:&quot;hosted&quot;,&quot;controls&quot;:&quot;yes&quot;}\" data-widget_type=\"video.default\">\n\t\t\t\t<div class=\"elementor-widget-container\">\n\t\t\t\t\t\t\t<div class=\"e-hosted-video elementor-wrapper elementor-open-inline\">\n\t\t\t\t\t<video class=\"elementor-video\" src=\"https:\/\/www.gruenes-grenzland.net\/wp-content\/uploads\/2023\/10\/WDR-lokalzeit-Hans.mp4\" controls=\"\" preload=\"metadata\" controlslist=\"nodownload\"><\/video>\n\t\t\t\t<\/div>\n\t\t\t\t\t\t<\/div>\n\t\t\t\t<\/div>\n\t\t\t\t\t<\/div>\n\t\t<\/div>\n\t\t\t\t\t<\/div>\n\t\t<\/section>\n\t\t\t\t<section class=\"elementor-section elementor-top-section elementor-element elementor-element-8fb927d elementor-section-boxed elementor-section-height-default elementor-section-height-default\" data-id=\"8fb927d\" data-element_type=\"section\" data-e-type=\"section\">\n\t\t\t\t\t\t<div class=\"elementor-container elementor-column-gap-default\">\n\t\t\t\t\t<div class=\"elementor-column elementor-col-100 elementor-top-column elementor-element elementor-element-87e51a7\" data-id=\"87e51a7\" data-element_type=\"column\" data-e-type=\"column\">\n\t\t\t<div class=\"elementor-widget-wrap elementor-element-populated\">\n\t\t\t\t\t\t<div class=\"elementor-element elementor-element-f01d8f1 elementor-widget elementor-widget-text-editor\" data-id=\"f01d8f1\" data-element_type=\"widget\" data-e-type=\"widget\" data-widget_type=\"text-editor.default\">\n\t\t\t\t<div class=\"elementor-widget-container\">\n\t\t\t\t\t\t\t\t\t<p>Die Sendung \u00fcber Elmpt beginnt um 7.28 und dauert etwa 8 Minuten.  Gr\u00fcnes Grenzland ist von 10.35 bis 11.54 auf dem Bildschirm zu sehen und erh\u00e4lt die Gelegenheit, die nat\u00fcrlichen Werte des Gebiets zu erl\u00e4utern. Wir er\u00f6rtern auch die negativen Auswirkungen der Verkehrszunahme aufgrund von Stickstoffemissionen auf die europ\u00e4ischen Naturschutzgebiete in der Grenzregion und stellen die erwarteten Steuereinnahmen in Frage.&nbsp;<span style=\"font-style: inherit; font-weight: inherit; background-color: var(--ast-global-color-4); color: var(--ast-global-color-3);\">Letzteres wird durch die WDR-Sendung \u00fcber die <\/span><a href=\"https:\/\/www.ardmediathek.de\/video\/die-story\/die-steueroase-von-nebenan-wie-kommunen-unternehmen-koedern\/wdr\/Y3JpZDovL3dkci5kZS9CZWl0cmFnLXNvcGhvcmEtYzg2MjY3MjgtYWJhZS00ZTY4LTgwYWItZGY4ZGRjNDM2Yzk2\" style=\"font-style: inherit; font-weight: inherit;\">Storyoase Monheim<\/a><span style=\"font-style: inherit; font-weight: inherit; background-color: var(--ast-global-color-4); color: var(--ast-global-color-3);\"> best\u00e4tigt<\/span><\/p>\t\t\t\t\t\t\t\t<\/div>\n\t\t\t\t<\/div>\n\t\t\t\t\t<\/div>\n\t\t<\/div>\n\t\t\t\t\t<\/div>\n\t\t<\/section>\n\t\t\t\t<section class=\"elementor-section elementor-top-section elementor-element elementor-element-567f752 elementor-section-boxed elementor-section-height-default elementor-section-height-default\" data-id=\"567f752\" data-element_type=\"section\" data-e-type=\"section\">\n\t\t\t\t\t\t<div class=\"elementor-container elementor-column-gap-default\">\n\t\t\t\t\t<div class=\"elementor-column elementor-col-100 elementor-top-column elementor-element elementor-element-dbc6538\" data-id=\"dbc6538\" data-element_type=\"column\" data-e-type=\"column\">\n\t\t\t<div class=\"elementor-widget-wrap elementor-element-populated\">\n\t\t\t\t\t\t<div class=\"elementor-element elementor-element-beb6cdb elementor-widget-divider--view-line elementor-widget elementor-widget-divider\" data-id=\"beb6cdb\" data-element_type=\"widget\" data-e-type=\"widget\" data-widget_type=\"divider.default\">\n\t\t\t\t<div class=\"elementor-widget-container\">\n\t\t\t\t\t\t\t<div class=\"elementor-divider\">\n\t\t\t<span class=\"elementor-divider-separator\">\n\t\t\t\t\t\t<\/span>\n\t\t<\/div>\n\t\t\t\t\t\t<\/div>\n\t\t\t\t<\/div>\n\t\t\t\t\t<\/div>\n\t\t<\/div>\n\t\t\t\t\t<\/div>\n\t\t<\/section>\n\t\t\t\t<section class=\"elementor-section elementor-top-section elementor-element elementor-element-e6c1b50 elementor-section-boxed elementor-section-height-default elementor-section-height-default\" data-id=\"e6c1b50\" data-element_type=\"section\" data-e-type=\"section\">\n\t\t\t\t\t\t<div class=\"elementor-container elementor-column-gap-default\">\n\t\t\t\t\t<div class=\"elementor-column elementor-col-100 elementor-top-column elementor-element elementor-element-9cb7805\" data-id=\"9cb7805\" data-element_type=\"column\" data-e-type=\"column\">\n\t\t\t<div class=\"elementor-widget-wrap elementor-element-populated\">\n\t\t\t\t\t\t<div class=\"elementor-element elementor-element-de10312 elementor-widget elementor-widget-menu-anchor\" data-id=\"de10312\" data-element_type=\"widget\" data-e-type=\"widget\" data-widget_type=\"menu-anchor.default\">\n\t\t\t\t<div class=\"elementor-widget-container\">\n\t\t\t\t\t\t\t<div class=\"elementor-menu-anchor\" id=\"2023-14\"><\/div>\n\t\t\t\t\t\t<\/div>\n\t\t\t\t<\/div>\n\t\t\t\t\t<\/div>\n\t\t<\/div>\n\t\t\t\t\t<\/div>\n\t\t<\/section>\n\t\t\t\t<section class=\"elementor-section elementor-top-section elementor-element elementor-element-584639b elementor-section-boxed elementor-section-height-default elementor-section-height-default\" data-id=\"584639b\" data-element_type=\"section\" data-e-type=\"section\">\n\t\t\t\t\t\t<div class=\"elementor-container elementor-column-gap-default\">\n\t\t\t\t\t<div class=\"elementor-column elementor-col-50 elementor-top-column elementor-element elementor-element-1775e9d\" data-id=\"1775e9d\" data-element_type=\"column\" data-e-type=\"column\">\n\t\t\t<div class=\"elementor-widget-wrap elementor-element-populated\">\n\t\t\t\t\t\t<div class=\"elementor-element elementor-element-36e3115 elementor-widget elementor-widget-text-editor\" data-id=\"36e3115\" data-element_type=\"widget\" data-e-type=\"widget\" data-widget_type=\"text-editor.default\">\n\t\t\t\t<div class=\"elementor-widget-container\">\n\t\t\t\t\t\t\t\t\t<p><strong>17. Oktober 2023, Gr\u00fcn bleibt gr\u00fcn? Urteilen Sie selbst.<\/strong><\/p>\t\t\t\t\t\t\t\t<\/div>\n\t\t\t\t<\/div>\n\t\t\t\t\t<\/div>\n\t\t<\/div>\n\t\t\t\t<div class=\"elementor-column elementor-col-50 elementor-top-column elementor-element elementor-element-a51c4b9\" data-id=\"a51c4b9\" data-element_type=\"column\" data-e-type=\"column\">\n\t\t\t<div class=\"elementor-widget-wrap\">\n\t\t\t\t\t\t\t<\/div>\n\t\t<\/div>\n\t\t\t\t\t<\/div>\n\t\t<\/section>\n\t\t\t\t<section class=\"elementor-section elementor-top-section elementor-element elementor-element-9ef3649 elementor-section-boxed elementor-section-height-default elementor-section-height-default\" data-id=\"9ef3649\" data-element_type=\"section\" data-e-type=\"section\">\n\t\t\t\t\t\t<div class=\"elementor-container elementor-column-gap-default\">\n\t\t\t\t\t<div class=\"elementor-column elementor-col-66 elementor-top-column elementor-element elementor-element-ddfce30\" data-id=\"ddfce30\" data-element_type=\"column\" data-e-type=\"column\">\n\t\t\t<div class=\"elementor-widget-wrap elementor-element-populated\">\n\t\t\t\t\t\t<div class=\"elementor-element elementor-element-47c9c7a elementor-widget elementor-widget-video\" data-id=\"47c9c7a\" data-element_type=\"widget\" data-e-type=\"widget\" data-settings=\"{&quot;youtube_url&quot;:&quot;https:\\\/\\\/youtu.be\\\/bfXy7RT7kNE?si=CMhkWlZaTUEn2tdz&quot;,&quot;autoplay&quot;:&quot;yes&quot;,&quot;play_on_mobile&quot;:&quot;yes&quot;,&quot;loop&quot;:&quot;yes&quot;,&quot;video_type&quot;:&quot;youtube&quot;}\" data-widget_type=\"video.default\">\n\t\t\t\t<div class=\"elementor-widget-container\">\n\t\t\t\t\t\t\t<div class=\"elementor-wrapper elementor-open-inline\">\n\t\t\t<div class=\"elementor-video\"><\/div>\t\t<\/div>\n\t\t\t\t\t\t<\/div>\n\t\t\t\t<\/div>\n\t\t\t\t\t<\/div>\n\t\t<\/div>\n\t\t\t\t<div class=\"elementor-column elementor-col-33 elementor-top-column elementor-element elementor-element-36c31a6\" data-id=\"36c31a6\" data-element_type=\"column\" data-e-type=\"column\">\n\t\t\t<div class=\"elementor-widget-wrap elementor-element-populated\">\n\t\t\t\t\t\t<div class=\"elementor-element elementor-element-d7e52e5 elementor-widget elementor-widget-image\" data-id=\"d7e52e5\" data-element_type=\"widget\" data-e-type=\"widget\" data-widget_type=\"image.default\">\n\t\t\t\t<div class=\"elementor-widget-container\">\n\t\t\t\t\t\t\t\t\t\t\t\t\t\t\t<img loading=\"lazy\" decoding=\"async\" width=\"836\" height=\"1024\" src=\"https:\/\/www.gruenes-grenzland.net\/wp-content\/uploads\/2023\/10\/RP-2023-10-17-Verdion-klein-836x1024.jpg\" class=\"attachment-large size-large wp-image-13595\" alt=\"\" srcset=\"https:\/\/www.gruenes-grenzland.net\/wp-content\/uploads\/2023\/10\/RP-2023-10-17-Verdion-klein-836x1024.jpg 836w, https:\/\/www.gruenes-grenzland.net\/wp-content\/uploads\/2023\/10\/RP-2023-10-17-Verdion-klein-245x300.jpg 245w, https:\/\/www.gruenes-grenzland.net\/wp-content\/uploads\/2023\/10\/RP-2023-10-17-Verdion-klein-768x940.jpg 768w, https:\/\/www.gruenes-grenzland.net\/wp-content\/uploads\/2023\/10\/RP-2023-10-17-Verdion-klein-1255x1536.jpg 1255w, https:\/\/www.gruenes-grenzland.net\/wp-content\/uploads\/2023\/10\/RP-2023-10-17-Verdion-klein-10x12.jpg 10w, https:\/\/www.gruenes-grenzland.net\/wp-content\/uploads\/2023\/10\/RP-2023-10-17-Verdion-klein.jpg 1418w\" sizes=\"(max-width: 836px) 100vw, 836px\" \/>\t\t\t\t\t\t\t\t\t\t\t\t\t\t\t<\/div>\n\t\t\t\t<\/div>\n\t\t\t\t\t<\/div>\n\t\t<\/div>\n\t\t\t\t\t<\/div>\n\t\t<\/section>\n\t\t\t\t<section class=\"elementor-section elementor-top-section elementor-element elementor-element-1b15b0f elementor-section-boxed elementor-section-height-default elementor-section-height-default\" data-id=\"1b15b0f\" data-element_type=\"section\" data-e-type=\"section\">\n\t\t\t\t\t\t<div class=\"elementor-container elementor-column-gap-default\">\n\t\t\t\t\t<div class=\"elementor-column elementor-col-100 elementor-top-column elementor-element elementor-element-15d251b\" data-id=\"15d251b\" data-element_type=\"column\" data-e-type=\"column\">\n\t\t\t<div class=\"elementor-widget-wrap elementor-element-populated\">\n\t\t\t\t\t\t<div class=\"elementor-element elementor-element-ef841ec elementor-widget elementor-widget-text-editor\" data-id=\"ef841ec\" data-element_type=\"widget\" data-e-type=\"widget\" data-widget_type=\"text-editor.default\">\n\t\t\t\t<div class=\"elementor-widget-container\">\n\t\t\t\t\t\t\t\t\t<p>Laut der Gemeinde Niederkr\u00fcchten und Verdion werden Gr\u00fcnfl\u00e4chen trotz der Realisierung des 150 ha gro\u00dfen Industriegebietes auf dem ehemaligen Flughafen in Elmpt erhalten bleiben. W\u00f6rtlich hei\u00dft es auf der neuen Website von Verdion: \"Unber\u00fchrte Gr\u00fcnfl\u00e4chen bleiben erhalten\". Wir haben Bilder von vor und nach der Realisierung des Projekts zusammengestellt. Urteilen Sie selbst.\u00a0<br \/><span style=\"font-style: inherit; font-weight: inherit; background-color: var(--ast-global-color-4); color: var(--ast-global-color-3);\">Wir als Gr\u00fcnes Grenzland sind au\u00dferdem der Meinung, dass der beigef\u00fcgte Artikel in keiner Weise den Anforderungen des modernen Journalismus entspricht. Er kann leicht als Schleichwerbung f\u00fcr ein privates Unternehmen mit privaten Interessen angesehen werden. Die Zeitung macht sich zum Wortf\u00fchrer eines Bautr\u00e4gers f\u00fcr ein h\u00f6chst umstrittenes Projekt. Engagierter Journalismus muss die Ansichten aller Beteiligten ber\u00fccksichtigen und verbreiten, vor allem aber muss er eine m\u00f6glichst neutrale und nicht einseitige Informationsquelle f\u00fcr die B\u00fcrgerinnen und B\u00fcrger sein. Schlie\u00dflich hat er im Gegensatz zu einem gro\u00dfen Unternehmen wie Verdion weniger Einblick in die gesellschaftlichen Verh\u00e4ltnisse und Entwicklungen. Wir rufen daher die Leserinnen und Leser unserer Kommunikationskan\u00e4le auf, Leserbriefe in diesem Sinne an die Redaktion der Rheinischen Post zu senden.<\/span><\/p>\t\t\t\t\t\t\t\t<\/div>\n\t\t\t\t<\/div>\n\t\t\t\t\t<\/div>\n\t\t<\/div>\n\t\t\t\t\t<\/div>\n\t\t<\/section>\n\t\t\t\t<section class=\"elementor-section elementor-top-section elementor-element elementor-element-ee213bb elementor-section-boxed elementor-section-height-default elementor-section-height-default\" data-id=\"ee213bb\" data-element_type=\"section\" data-e-type=\"section\">\n\t\t\t\t\t\t<div class=\"elementor-container elementor-column-gap-default\">\n\t\t\t\t\t<div class=\"elementor-column elementor-col-100 elementor-top-column elementor-element elementor-element-fe69919\" data-id=\"fe69919\" data-element_type=\"column\" data-e-type=\"column\">\n\t\t\t<div class=\"elementor-widget-wrap elementor-element-populated\">\n\t\t\t\t\t\t<div class=\"elementor-element elementor-element-0c7c305 elementor-widget-divider--view-line elementor-widget elementor-widget-divider\" data-id=\"0c7c305\" data-element_type=\"widget\" data-e-type=\"widget\" data-widget_type=\"divider.default\">\n\t\t\t\t<div class=\"elementor-widget-container\">\n\t\t\t\t\t\t\t<div class=\"elementor-divider\">\n\t\t\t<span class=\"elementor-divider-separator\">\n\t\t\t\t\t\t<\/span>\n\t\t<\/div>\n\t\t\t\t\t\t<\/div>\n\t\t\t\t<\/div>\n\t\t\t\t\t<\/div>\n\t\t<\/div>\n\t\t\t\t\t<\/div>\n\t\t<\/section>\n\t\t\t\t<section class=\"elementor-section elementor-top-section elementor-element elementor-element-6d33395 elementor-section-boxed elementor-section-height-default elementor-section-height-default\" data-id=\"6d33395\" data-element_type=\"section\" data-e-type=\"section\">\n\t\t\t\t\t\t<div class=\"elementor-container elementor-column-gap-default\">\n\t\t\t\t\t<div class=\"elementor-column elementor-col-100 elementor-top-column elementor-element elementor-element-f74eedc\" data-id=\"f74eedc\" data-element_type=\"column\" data-e-type=\"column\">\n\t\t\t<div class=\"elementor-widget-wrap elementor-element-populated\">\n\t\t\t\t\t\t<div class=\"elementor-element elementor-element-d145992 elementor-widget elementor-widget-text-editor\" data-id=\"d145992\" data-element_type=\"widget\" data-e-type=\"widget\" data-widget_type=\"text-editor.default\">\n\t\t\t\t<div class=\"elementor-widget-container\">\n\t\t\t\t\t\t\t\t\t<p>13. September 2023, Vertreter von Heilberufen in Elmpt machen Minister Laumann auf die unerw\u00fcnschten Belastungen aufmerksam, die u.a. durch die gr\u00f6\u00dfenwahnsinnigen Pl\u00e4ne rund um den \"Javelin Park Ost\" entstehen werden.<br><a href=\"https:\/\/rp-online.de\/nrw\/staedte\/viersen\/niederkruechten-minister-laumann-diskutiert-mit-heilberuflern_aid-97514731\" style=\"font-style: inherit; font-weight: inherit;\"><span style=\"font-style: inherit; font-weight: inherit; background-color: var(--ast-global-color-4); color: var(--ast-global-color-3);\">https:\/\/rp-online.de\/nrw\/staedte\/viersen\/niederkruechten-minister-laumann-diskutiert-mit-heilberuflern_aid-97514731<\/span><\/a><\/p>\t\t\t\t\t\t\t\t<\/div>\n\t\t\t\t<\/div>\n\t\t\t\t\t<\/div>\n\t\t<\/div>\n\t\t\t\t\t<\/div>\n\t\t<\/section>\n\t\t\t\t<section class=\"elementor-section elementor-top-section elementor-element elementor-element-5eee3a2 elementor-section-boxed elementor-section-height-default elementor-section-height-default\" data-id=\"5eee3a2\" data-element_type=\"section\" data-e-type=\"section\">\n\t\t\t\t\t\t<div class=\"elementor-container elementor-column-gap-default\">\n\t\t\t\t\t<div class=\"elementor-column elementor-col-100 elementor-top-column elementor-element elementor-element-b2b837d\" data-id=\"b2b837d\" data-element_type=\"column\" data-e-type=\"column\">\n\t\t\t<div class=\"elementor-widget-wrap elementor-element-populated\">\n\t\t\t\t\t\t<div class=\"elementor-element elementor-element-8fc3568 elementor-widget-divider--view-line elementor-widget elementor-widget-divider\" data-id=\"8fc3568\" data-element_type=\"widget\" data-e-type=\"widget\" data-widget_type=\"divider.default\">\n\t\t\t\t<div class=\"elementor-widget-container\">\n\t\t\t\t\t\t\t<div class=\"elementor-divider\">\n\t\t\t<span class=\"elementor-divider-separator\">\n\t\t\t\t\t\t<\/span>\n\t\t<\/div>\n\t\t\t\t\t\t<\/div>\n\t\t\t\t<\/div>\n\t\t\t\t\t<\/div>\n\t\t<\/div>\n\t\t\t\t\t<\/div>\n\t\t<\/section>\n\t\t\t\t<section class=\"elementor-section elementor-top-section elementor-element elementor-element-2ad42ac elementor-section-boxed elementor-section-height-default elementor-section-height-default\" data-id=\"2ad42ac\" data-element_type=\"section\" data-e-type=\"section\">\n\t\t\t\t\t\t<div class=\"elementor-container elementor-column-gap-default\">\n\t\t\t\t\t<div class=\"elementor-column elementor-col-100 elementor-top-column elementor-element elementor-element-4590f6a\" data-id=\"4590f6a\" data-element_type=\"column\" data-e-type=\"column\">\n\t\t\t<div class=\"elementor-widget-wrap elementor-element-populated\">\n\t\t\t\t\t\t<div class=\"elementor-element elementor-element-fb63173 elementor-widget elementor-widget-menu-anchor\" data-id=\"fb63173\" data-element_type=\"widget\" data-e-type=\"widget\" data-widget_type=\"menu-anchor.default\">\n\t\t\t\t<div class=\"elementor-widget-container\">\n\t\t\t\t\t\t\t<div class=\"elementor-menu-anchor\" id=\"2023-13\"><\/div>\n\t\t\t\t\t\t<\/div>\n\t\t\t\t<\/div>\n\t\t\t\t\t<\/div>\n\t\t<\/div>\n\t\t\t\t\t<\/div>\n\t\t<\/section>\n\t\t\t\t<section class=\"elementor-section elementor-top-section elementor-element elementor-element-601c2d4 elementor-section-boxed elementor-section-height-default elementor-section-height-default\" data-id=\"601c2d4\" data-element_type=\"section\" data-e-type=\"section\">\n\t\t\t\t\t\t<div class=\"elementor-container elementor-column-gap-default\">\n\t\t\t\t\t<div class=\"elementor-column elementor-col-50 elementor-top-column elementor-element elementor-element-df6d31d\" data-id=\"df6d31d\" data-element_type=\"column\" data-e-type=\"column\">\n\t\t\t<div class=\"elementor-widget-wrap elementor-element-populated\">\n\t\t\t\t\t\t<div class=\"elementor-element elementor-element-88070b8 elementor-widget elementor-widget-text-editor\" data-id=\"88070b8\" data-element_type=\"widget\" data-e-type=\"widget\" data-widget_type=\"text-editor.default\">\n\t\t\t\t<div class=\"elementor-widget-container\">\n\t\t\t\t\t\t\t\t\t<p><strong>Keine weitere Untersuchung von Windkraftanlagen Meinweg-Plateau<\/strong><\/p>\t\t\t\t\t\t\t\t<\/div>\n\t\t\t\t<\/div>\n\t\t\t\t\t<\/div>\n\t\t<\/div>\n\t\t\t\t<div class=\"elementor-column elementor-col-50 elementor-top-column elementor-element elementor-element-969d0c4\" data-id=\"969d0c4\" data-element_type=\"column\" data-e-type=\"column\">\n\t\t\t<div class=\"elementor-widget-wrap\">\n\t\t\t\t\t\t\t<\/div>\n\t\t<\/div>\n\t\t\t\t\t<\/div>\n\t\t<\/section>\n\t\t\t\t<section class=\"elementor-section elementor-top-section elementor-element elementor-element-dedd9be elementor-section-boxed elementor-section-height-default elementor-section-height-default\" data-id=\"dedd9be\" data-element_type=\"section\" data-e-type=\"section\">\n\t\t\t\t\t\t<div class=\"elementor-container elementor-column-gap-default\">\n\t\t\t\t\t<div class=\"elementor-column elementor-col-50 elementor-top-column elementor-element elementor-element-047710d\" data-id=\"047710d\" data-element_type=\"column\" data-e-type=\"column\">\n\t\t\t<div class=\"elementor-widget-wrap elementor-element-populated\">\n\t\t\t\t\t\t<div class=\"elementor-element elementor-element-a061132 elementor-widget elementor-widget-text-editor\" data-id=\"a061132\" data-element_type=\"widget\" data-e-type=\"widget\" data-widget_type=\"text-editor.default\">\n\t\t\t\t<div class=\"elementor-widget-container\">\n\t\t\t\t\t\t\t\t\t<p>Der Gemeindevorstand von Roerdalen hat heute, am 3. Oktober 2023, beschlossen, die M\u00f6glichkeiten von Windkraftanlagen auf dem Meinweg-Plateau nicht weiter zu untersuchen. Das Kollegium hat sich letzte Woche mit dem Gemeinderat getroffen, um eine Reihe von Dilemmata bei der Entscheidungsfindung zu diskutieren. Die Erkenntnisse aus diesem Gespr\u00e4ch sind in die heutige Entscheidung des Kollegiums eingeflossen.<\/p><p>Weitere Informationen entnehmen Sie bitte der Pressemitteilung der Gemeinde:<br \/><a href=\"https:\/\/www.roerdalen.nl\/geen-verder-onderzoek-naar-windturbines-meinwegplateau\">https:\/\/www.roerdalen.nl\/geen-verder-onderzoek-naar-windturbines-meinwegplateau<\/a><\/p><p>\u00a0<\/p>\t\t\t\t\t\t\t\t<\/div>\n\t\t\t\t<\/div>\n\t\t\t\t\t<\/div>\n\t\t<\/div>\n\t\t\t\t<div class=\"elementor-column elementor-col-50 elementor-top-column elementor-element elementor-element-f3c9b56\" data-id=\"f3c9b56\" data-element_type=\"column\" data-e-type=\"column\">\n\t\t\t<div class=\"elementor-widget-wrap elementor-element-populated\">\n\t\t\t\t\t\t<div class=\"elementor-element elementor-element-7b24931 elementor-widget elementor-widget-image\" data-id=\"7b24931\" data-element_type=\"widget\" data-e-type=\"widget\" data-widget_type=\"image.default\">\n\t\t\t\t<div class=\"elementor-widget-container\">\n\t\t\t\t\t\t\t\t\t\t\t\t<figure class=\"wp-caption\">\n\t\t\t\t\t\t\t\t\t\t<img loading=\"lazy\" decoding=\"async\" width=\"212\" height=\"300\" src=\"https:\/\/www.gruenes-grenzland.net\/wp-content\/uploads\/2023\/10\/Windjmeules-Mienwaeg-bliej-Joyce-212x300.jpg\" class=\"attachment-medium size-medium wp-image-13553\" alt=\"\" srcset=\"https:\/\/www.gruenes-grenzland.net\/wp-content\/uploads\/2023\/10\/Windjmeules-Mienwaeg-bliej-Joyce-212x300.jpg 212w, https:\/\/www.gruenes-grenzland.net\/wp-content\/uploads\/2023\/10\/Windjmeules-Mienwaeg-bliej-Joyce-724x1024.jpg 724w, https:\/\/www.gruenes-grenzland.net\/wp-content\/uploads\/2023\/10\/Windjmeules-Mienwaeg-bliej-Joyce-768x1086.jpg 768w, https:\/\/www.gruenes-grenzland.net\/wp-content\/uploads\/2023\/10\/Windjmeules-Mienwaeg-bliej-Joyce-1086x1536.jpg 1086w, https:\/\/www.gruenes-grenzland.net\/wp-content\/uploads\/2023\/10\/Windjmeules-Mienwaeg-bliej-Joyce-8x12.jpg 8w, https:\/\/www.gruenes-grenzland.net\/wp-content\/uploads\/2023\/10\/Windjmeules-Mienwaeg-bliej-Joyce.jpg 1414w\" sizes=\"(max-width: 212px) 100vw, 212px\" \/>\t\t\t\t\t\t\t\t\t\t\t<figcaption class=\"widget-image-caption wp-caption-text\">Poster von Joyce Hendricks-Dircks<\/figcaption>\n\t\t\t\t\t\t\t\t\t\t<\/figure>\n\t\t\t\t\t\t\t\t\t<\/div>\n\t\t\t\t<\/div>\n\t\t\t\t\t<\/div>\n\t\t<\/div>\n\t\t\t\t\t<\/div>\n\t\t<\/section>\n\t\t\t\t<section class=\"elementor-section elementor-top-section elementor-element elementor-element-de82053 elementor-section-boxed elementor-section-height-default elementor-section-height-default\" data-id=\"de82053\" data-element_type=\"section\" data-e-type=\"section\">\n\t\t\t\t\t\t<div class=\"elementor-container elementor-column-gap-default\">\n\t\t\t\t\t<div class=\"elementor-column elementor-col-100 elementor-top-column elementor-element elementor-element-e4161fa\" data-id=\"e4161fa\" data-element_type=\"column\" data-e-type=\"column\">\n\t\t\t<div class=\"elementor-widget-wrap elementor-element-populated\">\n\t\t\t\t\t\t<div class=\"elementor-element elementor-element-d81e2d0 elementor-widget elementor-widget-text-editor\" data-id=\"d81e2d0\" data-element_type=\"widget\" data-e-type=\"widget\" data-widget_type=\"text-editor.default\">\n\t\t\t\t<div class=\"elementor-widget-container\">\n\t\t\t\t\t\t\t\t\t<p>Windkraftanlagen am Meinweg sind damit zum Gl\u00fcck endg\u00fcltig vom Tisch. Als Gr\u00fcnes Grenzland sind wir sehr froh \u00fcber diese Entscheidung.<\/p>\t\t\t\t\t\t\t\t<\/div>\n\t\t\t\t<\/div>\n\t\t\t\t\t<\/div>\n\t\t<\/div>\n\t\t\t\t\t<\/div>\n\t\t<\/section>\n\t\t\t\t<section class=\"elementor-section elementor-top-section elementor-element elementor-element-1b89a1c elementor-section-boxed elementor-section-height-default elementor-section-height-default\" data-id=\"1b89a1c\" data-element_type=\"section\" data-e-type=\"section\">\n\t\t\t\t\t\t<div class=\"elementor-container elementor-column-gap-default\">\n\t\t\t\t\t<div class=\"elementor-column elementor-col-100 elementor-top-column elementor-element elementor-element-e731779\" data-id=\"e731779\" data-element_type=\"column\" data-e-type=\"column\">\n\t\t\t<div class=\"elementor-widget-wrap elementor-element-populated\">\n\t\t\t\t\t\t<div class=\"elementor-element elementor-element-9d1e7b3 elementor-widget-divider--view-line elementor-widget elementor-widget-divider\" data-id=\"9d1e7b3\" data-element_type=\"widget\" data-e-type=\"widget\" data-widget_type=\"divider.default\">\n\t\t\t\t<div class=\"elementor-widget-container\">\n\t\t\t\t\t\t\t<div class=\"elementor-divider\">\n\t\t\t<span class=\"elementor-divider-separator\">\n\t\t\t\t\t\t<\/span>\n\t\t<\/div>\n\t\t\t\t\t\t<\/div>\n\t\t\t\t<\/div>\n\t\t\t\t\t<\/div>\n\t\t<\/div>\n\t\t\t\t\t<\/div>\n\t\t<\/section>\n\t\t\t\t<section class=\"elementor-section elementor-top-section elementor-element elementor-element-ce0d111 elementor-section-boxed elementor-section-height-default elementor-section-height-default\" data-id=\"ce0d111\" data-element_type=\"section\" data-e-type=\"section\">\n\t\t\t\t\t\t<div class=\"elementor-container elementor-column-gap-default\">\n\t\t\t\t\t<div class=\"elementor-column elementor-col-100 elementor-top-column elementor-element elementor-element-b5a60a7\" data-id=\"b5a60a7\" data-element_type=\"column\" data-e-type=\"column\">\n\t\t\t<div class=\"elementor-widget-wrap elementor-element-populated\">\n\t\t\t\t\t\t<div class=\"elementor-element elementor-element-0a0da32 elementor-widget elementor-widget-menu-anchor\" data-id=\"0a0da32\" data-element_type=\"widget\" data-e-type=\"widget\" data-widget_type=\"menu-anchor.default\">\n\t\t\t\t<div class=\"elementor-widget-container\">\n\t\t\t\t\t\t\t<div class=\"elementor-menu-anchor\" id=\"2023-12\"><\/div>\n\t\t\t\t\t\t<\/div>\n\t\t\t\t<\/div>\n\t\t\t\t\t<\/div>\n\t\t<\/div>\n\t\t\t\t\t<\/div>\n\t\t<\/section>\n\t\t\t\t<section class=\"elementor-section elementor-top-section elementor-element elementor-element-63e269f elementor-section-boxed elementor-section-height-default elementor-section-height-default\" data-id=\"63e269f\" data-element_type=\"section\" data-e-type=\"section\">\n\t\t\t\t\t\t<div class=\"elementor-container elementor-column-gap-default\">\n\t\t\t\t\t<div class=\"elementor-column elementor-col-50 elementor-top-column elementor-element elementor-element-dada17e\" data-id=\"dada17e\" data-element_type=\"column\" data-e-type=\"column\">\n\t\t\t<div class=\"elementor-widget-wrap elementor-element-populated\">\n\t\t\t\t\t\t<div class=\"elementor-element elementor-element-c2bc629 elementor-widget elementor-widget-text-editor\" data-id=\"c2bc629\" data-element_type=\"widget\" data-e-type=\"widget\" data-widget_type=\"text-editor.default\">\n\t\t\t\t<div class=\"elementor-widget-container\">\n\t\t\t\t\t\t\t\t\t<p><strong>Einweihung des neuen gro\u00dfen Bauschilds am Javelin Park in Elmpt.<\/strong><\/p>\t\t\t\t\t\t\t\t<\/div>\n\t\t\t\t<\/div>\n\t\t\t\t\t<\/div>\n\t\t<\/div>\n\t\t\t\t<div class=\"elementor-column elementor-col-50 elementor-top-column elementor-element elementor-element-eca0c19\" data-id=\"eca0c19\" data-element_type=\"column\" data-e-type=\"column\">\n\t\t\t<div class=\"elementor-widget-wrap\">\n\t\t\t\t\t\t\t<\/div>\n\t\t<\/div>\n\t\t\t\t\t<\/div>\n\t\t<\/section>\n\t\t\t\t<section class=\"elementor-section elementor-top-section elementor-element elementor-element-65a4168 elementor-section-boxed elementor-section-height-default elementor-section-height-default\" data-id=\"65a4168\" data-element_type=\"section\" data-e-type=\"section\">\n\t\t\t\t\t\t<div class=\"elementor-container elementor-column-gap-default\">\n\t\t\t\t\t<div class=\"elementor-column elementor-col-50 elementor-top-column elementor-element elementor-element-58caa05\" data-id=\"58caa05\" data-element_type=\"column\" data-e-type=\"column\">\n\t\t\t<div class=\"elementor-widget-wrap elementor-element-populated\">\n\t\t\t\t\t\t<div class=\"elementor-element elementor-element-06d68ad elementor-widget elementor-widget-text-editor\" data-id=\"06d68ad\" data-element_type=\"widget\" data-e-type=\"widget\" data-widget_type=\"text-editor.default\">\n\t\t\t\t<div class=\"elementor-widget-container\">\n\t\t\t\t\t\t\t\t\t<p>Am vergangenen Donnerstag, dem 28. September 2023, waren wir Augenzeugen der \u00f6ffentlichen Einweihung des neuen gro\u00dfen Bauschilds im Javelin Park in Elmpt.\u00a0 <br \/>Die Beteiligung war sehr gering, nur die unmittelbar Betroffenen waren anwesend. Offensichtlich wird dieses gro\u00df angelegte Vorhaben keineswegs von allen bejubelt. <br \/>Das macht der B\u00fcrgerschaft Mut. Als Gr\u00fcnes Grenzland werden wir uns weiterhin gegen ein solches gro\u00dffl\u00e4chiges Gewerbegebiet im Herzen des Naturparks Maas-Swalm-Nette wehren. Es w\u00e4re besser, die Natur entlang der Grenze weiter zu entwickeln. Lassen Sie uns lieber ein kleineres Gewerbegebiet f\u00fcr lokale kleine und mittlere Unternehmen aus Deutschland und den Niederlanden errichten. Lassen Sie uns bestehende Wohnh\u00e4user als \"Gartenvororte\" f\u00fcr das Wohnen von Familien aus der Grenzregion sanieren oder eventuell auf kleinteilige Neubauten umstellen.<\/p>\t\t\t\t\t\t\t\t<\/div>\n\t\t\t\t<\/div>\n\t\t\t\t\t<\/div>\n\t\t<\/div>\n\t\t\t\t<div class=\"elementor-column elementor-col-50 elementor-top-column elementor-element elementor-element-945675b\" data-id=\"945675b\" data-element_type=\"column\" data-e-type=\"column\">\n\t\t\t<div class=\"elementor-widget-wrap elementor-element-populated\">\n\t\t\t\t\t\t<div class=\"elementor-element elementor-element-a081001 elementor-widget elementor-widget-image\" data-id=\"a081001\" data-element_type=\"widget\" data-e-type=\"widget\" data-widget_type=\"image.default\">\n\t\t\t\t<div class=\"elementor-widget-container\">\n\t\t\t\t\t\t\t\t\t\t\t\t<figure class=\"wp-caption\">\n\t\t\t\t\t\t\t\t\t\t<img loading=\"lazy\" decoding=\"async\" width=\"1024\" height=\"768\" src=\"https:\/\/www.gruenes-grenzland.net\/wp-content\/uploads\/2023\/09\/onthulling-bouwbord-Javelin-Park-Elmpt-2-1024x768.jpeg\" class=\"attachment-large size-large wp-image-13513\" alt=\"\" srcset=\"https:\/\/www.gruenes-grenzland.net\/wp-content\/uploads\/2023\/09\/onthulling-bouwbord-Javelin-Park-Elmpt-2-1024x768.jpeg 1024w, https:\/\/www.gruenes-grenzland.net\/wp-content\/uploads\/2023\/09\/onthulling-bouwbord-Javelin-Park-Elmpt-2-300x225.jpeg 300w, https:\/\/www.gruenes-grenzland.net\/wp-content\/uploads\/2023\/09\/onthulling-bouwbord-Javelin-Park-Elmpt-2-768x576.jpeg 768w, https:\/\/www.gruenes-grenzland.net\/wp-content\/uploads\/2023\/09\/onthulling-bouwbord-Javelin-Park-Elmpt-2-16x12.jpeg 16w, https:\/\/www.gruenes-grenzland.net\/wp-content\/uploads\/2023\/09\/onthulling-bouwbord-Javelin-Park-Elmpt-2.jpeg 1280w\" sizes=\"(max-width: 1024px) 100vw, 1024px\" \/>\t\t\t\t\t\t\t\t\t\t\t<figcaption class=\"widget-image-caption wp-caption-text\">Einweihung des neuen gro\u00dfen Bauschilds am Javelin Park in Elmpt.  <\/figcaption>\n\t\t\t\t\t\t\t\t\t\t<\/figure>\n\t\t\t\t\t\t\t\t\t<\/div>\n\t\t\t\t<\/div>\n\t\t\t\t\t<\/div>\n\t\t<\/div>\n\t\t\t\t\t<\/div>\n\t\t<\/section>\n\t\t\t\t<section class=\"elementor-section elementor-top-section elementor-element elementor-element-0c75eeb elementor-section-boxed elementor-section-height-default elementor-section-height-default\" data-id=\"0c75eeb\" data-element_type=\"section\" data-e-type=\"section\">\n\t\t\t\t\t\t<div class=\"elementor-container elementor-column-gap-default\">\n\t\t\t\t\t<div class=\"elementor-column elementor-col-100 elementor-top-column elementor-element elementor-element-9e6ae7d\" data-id=\"9e6ae7d\" data-element_type=\"column\" data-e-type=\"column\">\n\t\t\t<div class=\"elementor-widget-wrap elementor-element-populated\">\n\t\t\t\t\t\t<div class=\"elementor-element elementor-element-e960cbf elementor-widget-divider--view-line elementor-widget elementor-widget-divider\" data-id=\"e960cbf\" data-element_type=\"widget\" data-e-type=\"widget\" data-widget_type=\"divider.default\">\n\t\t\t\t<div class=\"elementor-widget-container\">\n\t\t\t\t\t\t\t<div class=\"elementor-divider\">\n\t\t\t<span class=\"elementor-divider-separator\">\n\t\t\t\t\t\t<\/span>\n\t\t<\/div>\n\t\t\t\t\t\t<\/div>\n\t\t\t\t<\/div>\n\t\t\t\t\t<\/div>\n\t\t<\/div>\n\t\t\t\t\t<\/div>\n\t\t<\/section>\n\t\t\t\t<section class=\"elementor-section elementor-top-section elementor-element elementor-element-e92ba41 elementor-section-boxed elementor-section-height-default elementor-section-height-default\" data-id=\"e92ba41\" data-element_type=\"section\" data-e-type=\"section\">\n\t\t\t\t\t\t<div class=\"elementor-container elementor-column-gap-default\">\n\t\t\t\t\t<div class=\"elementor-column elementor-col-100 elementor-top-column elementor-element elementor-element-fba210b\" data-id=\"fba210b\" data-element_type=\"column\" data-e-type=\"column\">\n\t\t\t<div class=\"elementor-widget-wrap elementor-element-populated\">\n\t\t\t\t\t\t<div class=\"elementor-element elementor-element-29fb48e elementor-widget elementor-widget-menu-anchor\" data-id=\"29fb48e\" data-element_type=\"widget\" data-e-type=\"widget\" data-widget_type=\"menu-anchor.default\">\n\t\t\t\t<div class=\"elementor-widget-container\">\n\t\t\t\t\t\t\t<div class=\"elementor-menu-anchor\" id=\"2023-11\"><\/div>\n\t\t\t\t\t\t<\/div>\n\t\t\t\t<\/div>\n\t\t\t\t\t<\/div>\n\t\t<\/div>\n\t\t\t\t\t<\/div>\n\t\t<\/section>\n\t\t\t\t<section class=\"elementor-section elementor-top-section elementor-element elementor-element-d61cf35 elementor-section-boxed elementor-section-height-default elementor-section-height-default\" data-id=\"d61cf35\" data-element_type=\"section\" data-e-type=\"section\">\n\t\t\t\t\t\t<div class=\"elementor-container elementor-column-gap-default\">\n\t\t\t\t\t<div class=\"elementor-column elementor-col-50 elementor-top-column elementor-element elementor-element-a547876\" data-id=\"a547876\" data-element_type=\"column\" data-e-type=\"column\">\n\t\t\t<div class=\"elementor-widget-wrap elementor-element-populated\">\n\t\t\t\t\t\t<div class=\"elementor-element elementor-element-6d23ba3 elementor-widget elementor-widget-text-editor\" data-id=\"6d23ba3\" data-element_type=\"widget\" data-e-type=\"widget\" data-widget_type=\"text-editor.default\">\n\t\t\t\t<div class=\"elementor-widget-container\">\n\t\t\t\t\t\t\t\t\t<p><strong>Besuch Emstek<\/strong><\/p>\t\t\t\t\t\t\t\t<\/div>\n\t\t\t\t<\/div>\n\t\t\t\t\t<\/div>\n\t\t<\/div>\n\t\t\t\t<div class=\"elementor-column elementor-col-50 elementor-top-column elementor-element elementor-element-c12beba\" data-id=\"c12beba\" data-element_type=\"column\" data-e-type=\"column\">\n\t\t\t<div class=\"elementor-widget-wrap\">\n\t\t\t\t\t\t\t<\/div>\n\t\t<\/div>\n\t\t\t\t\t<\/div>\n\t\t<\/section>\n\t\t\t\t<section class=\"elementor-section elementor-top-section elementor-element elementor-element-52c2d33 elementor-section-boxed elementor-section-height-default elementor-section-height-default\" data-id=\"52c2d33\" data-element_type=\"section\" data-e-type=\"section\">\n\t\t\t\t\t\t<div class=\"elementor-container elementor-column-gap-default\">\n\t\t\t\t\t<div class=\"elementor-column elementor-col-50 elementor-top-column elementor-element elementor-element-f679bcc\" data-id=\"f679bcc\" data-element_type=\"column\" data-e-type=\"column\">\n\t\t\t<div class=\"elementor-widget-wrap elementor-element-populated\">\n\t\t\t\t\t\t<div class=\"elementor-element elementor-element-e6000d9 elementor-widget elementor-widget-text-editor\" data-id=\"e6000d9\" data-element_type=\"widget\" data-e-type=\"widget\" data-widget_type=\"text-editor.default\">\n\t\t\t\t<div class=\"elementor-widget-container\">\n\t\t\t\t\t\t\t\t\t<p>Am 27. September 2023 schickten Andreas Fink und J\u00fcrgen M\u00fclders allen Ratsmitgliedern der Gemeinde Niederkr\u00fcchten einen umfangreichen Fragebogen zum Besuch in Emstek am 29. September 2023.\u00a0<\/p><p>Unmittelbarer Anlass ist die Tatsache, dass die 61. Fl\u00e4chennutzungsplan\u00e4nderung der Gemeinde Niederkr\u00fcchten, \"Milit\u00e4rgebiet Elmpt\", \u00f6ffentlich bekannt gemacht wurde.<br \/>In diesem Zusammenhang werden Ausschuss- und Ratsmitglieder der Gemeinde Niederkr\u00fcchten gemeinsam mit EGE-Beauftragten ein Verdion-Projekt in Emstek besuchen. Dieses Projekt in Emstek soll zeigen, was Verdion zu leisten imstande ist.<\/p><p>Wir haben uns die Website angeschaut und festgestellt, dass das Vorzeigeprojekt in vielerlei Hinsicht Fragen aufwirft: <br \/>Nach anderthalb Jahrzehnten ist nur sehr wenig gebaut worden; die Stra\u00dfen sind alles andere als durchdacht; die Bepflanzung ist bestenfalls sch\u00f6n, hat aber keinen Wert f\u00fcr die Natur; <br \/>die Arbeitspl\u00e4tze pro Hektar verbrauchter Natur und damit auch die Einnahmen f\u00fcr die Gemeinde sind sehr gering, w\u00e4hrend der soziale Gesamtnutzen begrenzt bis negativ ist, usw. <br \/>Aus Gemeinden, in denen Verdion bereits seit einiger Zeit vertreten ist, war zu h\u00f6ren, dass das langfristige Engagement des Unternehmens in Frage gestellt werden k\u00f6nnte; au\u00dferdem wurde die Zahlungsmoral des Unternehmens in Frage gestellt.<\/p><p>Es stellt sich die Frage, ob ein so schwerwiegender Eingriff in die Landschaft, die Umwelt und die Gemeindestruktur f\u00fcr ein so geringes Ergebnis gerechtfertigt ist. Um die B\u00fcrgerinnen und B\u00fcrger von Niederkr\u00fcchten vor Nachteilen des Elmpt-Projekts mit seinem viel gr\u00f6\u00dferen Eingriff zu sch\u00fctzen, bitten wir Sie, sich kritisch mit diesem Objekt auseinanderzusetzen und ebenso kritische Fragen zu stellen.<\/p><p>Einen Link zum Fragebogen finden Sie\u00a0 <a href=\"https:\/\/www.gruenes-grenzland.net\/wp-content\/uploads\/2023\/09\/FRAGELISTE-EMSTEK-2023-09-29.docx\">hier<\/a> .\u00a0\u00a0<\/p><p class=\" translation-block\"><span style=\"font-style: inherit;font-weight: inherit;background-color: var(--ast-global-color-4);color: var(--ast-global-color-3)\">Sowie einen <a href=\"https:\/\/www.gruenes-grenzland.net\/wp-content\/uploads\/2023\/11\/LeserbriefRP-Simone-Woltery.pdf\" target=\"_self\">Link<\/a> zum Leserbrief von Simone Woltery, der am 7. Oktober bei der Rheinischen Post eingereicht wurde, aber leider bis heute nicht zur Ver\u00f6ffentlichung gekommen ist.<\/span><\/p>\t\t\t\t\t\t\t\t<\/div>\n\t\t\t\t<\/div>\n\t\t\t\t\t<\/div>\n\t\t<\/div>\n\t\t\t\t<div class=\"elementor-column elementor-col-50 elementor-top-column elementor-element elementor-element-8042fb7\" data-id=\"8042fb7\" data-element_type=\"column\" data-e-type=\"column\">\n\t\t\t<div class=\"elementor-widget-wrap elementor-element-populated\">\n\t\t\t\t\t\t<div class=\"elementor-element elementor-element-3f7ace6 elementor-widget elementor-widget-image\" data-id=\"3f7ace6\" data-element_type=\"widget\" data-e-type=\"widget\" data-widget_type=\"image.default\">\n\t\t\t\t<div class=\"elementor-widget-container\">\n\t\t\t\t\t\t\t\t\t\t\t\t<figure class=\"wp-caption\">\n\t\t\t\t\t\t\t\t\t\t<img loading=\"lazy\" decoding=\"async\" width=\"1024\" height=\"575\" src=\"https:\/\/www.gruenes-grenzland.net\/wp-content\/uploads\/2023\/09\/Swalm-KA-Overhetfeld-mit-Schwalm-2020-und-Aenderung-KA-HHeijnen-1024x575.jpg\" class=\"attachment-large size-large wp-image-13441\" alt=\"\" srcset=\"https:\/\/www.gruenes-grenzland.net\/wp-content\/uploads\/2023\/09\/Swalm-KA-Overhetfeld-mit-Schwalm-2020-und-Aenderung-KA-HHeijnen-1024x575.jpg 1024w, https:\/\/www.gruenes-grenzland.net\/wp-content\/uploads\/2023\/09\/Swalm-KA-Overhetfeld-mit-Schwalm-2020-und-Aenderung-KA-HHeijnen-300x169.jpg 300w, https:\/\/www.gruenes-grenzland.net\/wp-content\/uploads\/2023\/09\/Swalm-KA-Overhetfeld-mit-Schwalm-2020-und-Aenderung-KA-HHeijnen-768x431.jpg 768w, https:\/\/www.gruenes-grenzland.net\/wp-content\/uploads\/2023\/09\/Swalm-KA-Overhetfeld-mit-Schwalm-2020-und-Aenderung-KA-HHeijnen-18x10.jpg 18w, https:\/\/www.gruenes-grenzland.net\/wp-content\/uploads\/2023\/09\/Swalm-KA-Overhetfeld-mit-Schwalm-2020-und-Aenderung-KA-HHeijnen.jpg 1200w\" sizes=\"(max-width: 1024px) 100vw, 1024px\" \/>\t\t\t\t\t\t\t\t\t\t\t<figcaption class=\"widget-image-caption wp-caption-text\">Auch im Schwalmtal m\u00fcssen Natur und Landschaft (siehe rot-gelbe Markierungen) f\u00fcr das Verdion-Projekt geopfert werden. Der Bau dieses Gewerbegebietes wird eine Erweiterung der Kl\u00e4ranlage Overhetfeld erforderlich machen. Es stellt sich die Frage, ob eine solche Kombination von schwerwiegenden Eingriffen in die Landschaft und die Umwelt f\u00fcr ein so geringes Ergebnis gerechtfertigt ist<\/figcaption>\n\t\t\t\t\t\t\t\t\t\t<\/figure>\n\t\t\t\t\t\t\t\t\t<\/div>\n\t\t\t\t<\/div>\n\t\t\t\t\t<\/div>\n\t\t<\/div>\n\t\t\t\t\t<\/div>\n\t\t<\/section>\n\t\t\t\t<section class=\"elementor-section elementor-top-section elementor-element elementor-element-c8f985a elementor-section-boxed elementor-section-height-default elementor-section-height-default\" data-id=\"c8f985a\" data-element_type=\"section\" data-e-type=\"section\">\n\t\t\t\t\t\t<div class=\"elementor-container elementor-column-gap-default\">\n\t\t\t\t\t<div class=\"elementor-column elementor-col-100 elementor-top-column elementor-element elementor-element-04e29c0\" data-id=\"04e29c0\" data-element_type=\"column\" data-e-type=\"column\">\n\t\t\t<div class=\"elementor-widget-wrap elementor-element-populated\">\n\t\t\t\t\t\t<div class=\"elementor-element elementor-element-3a708db elementor-widget-divider--view-line elementor-widget elementor-widget-divider\" data-id=\"3a708db\" data-element_type=\"widget\" data-e-type=\"widget\" data-widget_type=\"divider.default\">\n\t\t\t\t<div class=\"elementor-widget-container\">\n\t\t\t\t\t\t\t<div class=\"elementor-divider\">\n\t\t\t<span class=\"elementor-divider-separator\">\n\t\t\t\t\t\t<\/span>\n\t\t<\/div>\n\t\t\t\t\t\t<\/div>\n\t\t\t\t<\/div>\n\t\t\t\t\t<\/div>\n\t\t<\/div>\n\t\t\t\t\t<\/div>\n\t\t<\/section>\n\t\t\t\t<section class=\"elementor-section elementor-top-section elementor-element elementor-element-b17015d elementor-section-boxed elementor-section-height-default elementor-section-height-default\" data-id=\"b17015d\" data-element_type=\"section\" data-e-type=\"section\">\n\t\t\t\t\t\t<div class=\"elementor-container elementor-column-gap-default\">\n\t\t\t\t\t<div class=\"elementor-column elementor-col-100 elementor-top-column elementor-element elementor-element-e104f97\" data-id=\"e104f97\" data-element_type=\"column\" data-e-type=\"column\">\n\t\t\t<div class=\"elementor-widget-wrap elementor-element-populated\">\n\t\t\t\t\t\t<div class=\"elementor-element elementor-element-e1ea2b1 elementor-widget elementor-widget-menu-anchor\" data-id=\"e1ea2b1\" data-element_type=\"widget\" data-e-type=\"widget\" data-widget_type=\"menu-anchor.default\">\n\t\t\t\t<div class=\"elementor-widget-container\">\n\t\t\t\t\t\t\t<div class=\"elementor-menu-anchor\" id=\"2023-10\"><\/div>\n\t\t\t\t\t\t<\/div>\n\t\t\t\t<\/div>\n\t\t\t\t\t<\/div>\n\t\t<\/div>\n\t\t\t\t\t<\/div>\n\t\t<\/section>\n\t\t\t\t<section class=\"elementor-section elementor-top-section elementor-element elementor-element-7cf72ee elementor-section-boxed elementor-section-height-default elementor-section-height-default\" data-id=\"7cf72ee\" data-element_type=\"section\" data-e-type=\"section\">\n\t\t\t\t\t\t<div class=\"elementor-container elementor-column-gap-default\">\n\t\t\t\t\t<div class=\"elementor-column elementor-col-50 elementor-top-column elementor-element elementor-element-ecca0e4\" data-id=\"ecca0e4\" data-element_type=\"column\" data-e-type=\"column\">\n\t\t\t<div class=\"elementor-widget-wrap elementor-element-populated\">\n\t\t\t\t\t\t<div class=\"elementor-element elementor-element-cf27a73 elementor-widget elementor-widget-text-editor\" data-id=\"cf27a73\" data-element_type=\"widget\" data-e-type=\"widget\" data-widget_type=\"text-editor.default\">\n\t\t\t\t<div class=\"elementor-widget-container\">\n\t\t\t\t\t\t\t\t\t<p><strong>Beteiligung Fl\u00e4chennutzungsplan Flughafengel\u00e4nde in Elmpt.<\/strong><\/p>\t\t\t\t\t\t\t\t<\/div>\n\t\t\t\t<\/div>\n\t\t\t\t\t<\/div>\n\t\t<\/div>\n\t\t\t\t<div class=\"elementor-column elementor-col-50 elementor-top-column elementor-element elementor-element-ad695a9\" data-id=\"ad695a9\" data-element_type=\"column\" data-e-type=\"column\">\n\t\t\t<div class=\"elementor-widget-wrap\">\n\t\t\t\t\t\t\t<\/div>\n\t\t<\/div>\n\t\t\t\t\t<\/div>\n\t\t<\/section>\n\t\t\t\t<section class=\"elementor-section elementor-top-section elementor-element elementor-element-0249fc5 elementor-section-boxed elementor-section-height-default elementor-section-height-default\" data-id=\"0249fc5\" data-element_type=\"section\" data-e-type=\"section\">\n\t\t\t\t\t\t<div class=\"elementor-container elementor-column-gap-default\">\n\t\t\t\t\t<div class=\"elementor-column elementor-col-50 elementor-top-column elementor-element elementor-element-59747a6\" data-id=\"59747a6\" data-element_type=\"column\" data-e-type=\"column\">\n\t\t\t<div class=\"elementor-widget-wrap elementor-element-populated\">\n\t\t\t\t\t\t<div class=\"elementor-element elementor-element-13b8a31 elementor-widget elementor-widget-text-editor\" data-id=\"13b8a31\" data-element_type=\"widget\" data-e-type=\"widget\" data-widget_type=\"text-editor.default\">\n\t\t\t\t<div class=\"elementor-widget-container\">\n\t\t\t\t\t\t\t\t\t<p>Am Samstag, den 9. September 2023, trafen wir uns wieder als Gr\u00fcnes Grenzland. Der unmittelbare Anlass war die angek\u00fcndigte B\u00fcrgerbeteiligungsrunde zum Fl\u00e4chennutzungsplan des Flughafengel\u00e4ndes in Elmpt.<\/p>\n<p>Jetzt wurde bekannt, dass die Offenlegung der Pl\u00e4ne f\u00fcr die 61. \u00c4nderung des Fl\u00e4chennutzungsplans \"Milit\u00e4rgel\u00e4nde Elmpt\" am 18. September 2023 stattfinden wird.  Nach dem Baugesetzbuch kann eine begrenzte Anzahl von Beh\u00f6rden und \"Tr\u00e4gern \u00f6ffentlicher Belange\" bis zum 3. November Stellungnahmen abgeben.<\/p>\n<p>Wir haben vor allem verschiedene Aspekte der bevorstehenden \u00d6ffentlichkeitsbeteiligung diskutiert. Wir diskutierten auch Optionen f\u00fcr die Beteiligung und eine Arbeitsteilung.<br>In Vorbereitung darauf kann jeder bereits alle von der Gemeinde ver\u00f6ffentlichten Dokumente lesen:<\/p>\n<p><a href=\"https:\/\/www.niederkruechten.de\/leben-niederkruechten\/planen-bauen-leben\/bauleitplanung\/aktuelle-planverfahren\">https:\/\/www.niederkruechten.de\/leben-niederkruechten\/planen-bauen-leben\/bauleitplanung\/aktuelle-planverfahren<\/a><\/p>\n<p>\u00dcber unsere Website und unsere Facebook-Seite werden wir alle \u00fcber weitere Entwicklungen auf dem Laufenden halten.<br>Die n\u00e4chste Sitzung ist f\u00fcr den 14. Oktober 2023 um 14 Uhr geplant.<\/p>\t\t\t\t\t\t\t\t<\/div>\n\t\t\t\t<\/div>\n\t\t\t\t\t<\/div>\n\t\t<\/div>\n\t\t\t\t<div class=\"elementor-column elementor-col-50 elementor-top-column elementor-element elementor-element-1328db0\" data-id=\"1328db0\" data-element_type=\"column\" data-e-type=\"column\">\n\t\t\t<div class=\"elementor-widget-wrap elementor-element-populated\">\n\t\t\t\t\t\t<div class=\"elementor-element elementor-element-c672fd5 elementor-widget elementor-widget-image\" data-id=\"c672fd5\" data-element_type=\"widget\" data-e-type=\"widget\" data-widget_type=\"image.default\">\n\t\t\t\t<div class=\"elementor-widget-container\">\n\t\t\t\t\t\t\t\t\t\t\t\t<figure class=\"wp-caption\">\n\t\t\t\t\t\t\t\t\t\t<img loading=\"lazy\" decoding=\"async\" width=\"1024\" height=\"575\" src=\"https:\/\/www.gruenes-grenzland.net\/wp-content\/uploads\/2023\/08\/Luesekamp-hoog-richting-NW-HHeijnen-1024x575.jpg\" class=\"attachment-large size-large wp-image-13076\" alt=\"\" srcset=\"https:\/\/www.gruenes-grenzland.net\/wp-content\/uploads\/2023\/08\/Luesekamp-hoog-richting-NW-HHeijnen-1024x575.jpg 1024w, https:\/\/www.gruenes-grenzland.net\/wp-content\/uploads\/2023\/08\/Luesekamp-hoog-richting-NW-HHeijnen-300x169.jpg 300w, https:\/\/www.gruenes-grenzland.net\/wp-content\/uploads\/2023\/08\/Luesekamp-hoog-richting-NW-HHeijnen-768x431.jpg 768w, https:\/\/www.gruenes-grenzland.net\/wp-content\/uploads\/2023\/08\/Luesekamp-hoog-richting-NW-HHeijnen-18x10.jpg 18w, https:\/\/www.gruenes-grenzland.net\/wp-content\/uploads\/2023\/08\/Luesekamp-hoog-richting-NW-HHeijnen.jpg 1200w\" sizes=\"(max-width: 1024px) 100vw, 1024px\" \/>\t\t\t\t\t\t\t\t\t\t\t<figcaption class=\"widget-image-caption wp-caption-text\">L\u00fcsekamp, bedeutendes Naturschutzgebiet direkt an der Landesgrenze, wird durch gr\u00f6\u00dfenwahnsinnige Pl\u00e4ne am ehemaligen Flughafen Elmpt ausgetrocknet<\/figcaption>\n\t\t\t\t\t\t\t\t\t\t<\/figure>\n\t\t\t\t\t\t\t\t\t<\/div>\n\t\t\t\t<\/div>\n\t\t\t\t\t<\/div>\n\t\t<\/div>\n\t\t\t\t\t<\/div>\n\t\t<\/section>\n\t\t\t\t<section class=\"elementor-section elementor-top-section elementor-element elementor-element-b24cf38 elementor-section-boxed elementor-section-height-default elementor-section-height-default\" data-id=\"b24cf38\" data-element_type=\"section\" data-e-type=\"section\">\n\t\t\t\t\t\t<div class=\"elementor-container elementor-column-gap-default\">\n\t\t\t\t\t<div class=\"elementor-column elementor-col-100 elementor-top-column elementor-element elementor-element-4c0563f\" data-id=\"4c0563f\" data-element_type=\"column\" data-e-type=\"column\">\n\t\t\t<div class=\"elementor-widget-wrap elementor-element-populated\">\n\t\t\t\t\t\t<div class=\"elementor-element elementor-element-b86b42c elementor-widget-divider--view-line elementor-widget elementor-widget-divider\" data-id=\"b86b42c\" data-element_type=\"widget\" data-e-type=\"widget\" data-widget_type=\"divider.default\">\n\t\t\t\t<div class=\"elementor-widget-container\">\n\t\t\t\t\t\t\t<div class=\"elementor-divider\">\n\t\t\t<span class=\"elementor-divider-separator\">\n\t\t\t\t\t\t<\/span>\n\t\t<\/div>\n\t\t\t\t\t\t<\/div>\n\t\t\t\t<\/div>\n\t\t\t\t\t<\/div>\n\t\t<\/div>\n\t\t\t\t\t<\/div>\n\t\t<\/section>\n\t\t\t\t<section class=\"elementor-section elementor-top-section elementor-element elementor-element-728028d elementor-section-boxed elementor-section-height-default elementor-section-height-default\" data-id=\"728028d\" data-element_type=\"section\" data-e-type=\"section\">\n\t\t\t\t\t\t<div class=\"elementor-container elementor-column-gap-default\">\n\t\t\t\t\t<div class=\"elementor-column elementor-col-100 elementor-top-column elementor-element elementor-element-2cbd96e\" data-id=\"2cbd96e\" data-element_type=\"column\" data-e-type=\"column\">\n\t\t\t<div class=\"elementor-widget-wrap elementor-element-populated\">\n\t\t\t\t\t\t<div class=\"elementor-element elementor-element-768fc85 elementor-widget elementor-widget-menu-anchor\" data-id=\"768fc85\" data-element_type=\"widget\" data-e-type=\"widget\" data-widget_type=\"menu-anchor.default\">\n\t\t\t\t<div class=\"elementor-widget-container\">\n\t\t\t\t\t\t\t<div class=\"elementor-menu-anchor\" id=\"2023-9\"><\/div>\n\t\t\t\t\t\t<\/div>\n\t\t\t\t<\/div>\n\t\t\t\t\t<\/div>\n\t\t<\/div>\n\t\t\t\t\t<\/div>\n\t\t<\/section>\n\t\t\t\t<section class=\"elementor-section elementor-top-section elementor-element elementor-element-36425e2 elementor-section-boxed elementor-section-height-default elementor-section-height-default\" data-id=\"36425e2\" data-element_type=\"section\" data-e-type=\"section\">\n\t\t\t\t\t\t<div class=\"elementor-container elementor-column-gap-default\">\n\t\t\t\t\t<div class=\"elementor-column elementor-col-50 elementor-top-column elementor-element elementor-element-058b762\" data-id=\"058b762\" data-element_type=\"column\" data-e-type=\"column\">\n\t\t\t<div class=\"elementor-widget-wrap elementor-element-populated\">\n\t\t\t\t\t\t<div class=\"elementor-element elementor-element-10d22fc elementor-widget elementor-widget-text-editor\" data-id=\"10d22fc\" data-element_type=\"widget\" data-e-type=\"widget\" data-widget_type=\"text-editor.default\">\n\t\t\t\t<div class=\"elementor-widget-container\">\n\t\t\t\t\t\t\t\t\t<p><strong>Der Nahrungswald entwickelt sich pr\u00e4chtig<\/strong><\/p>\t\t\t\t\t\t\t\t<\/div>\n\t\t\t\t<\/div>\n\t\t\t\t\t<\/div>\n\t\t<\/div>\n\t\t\t\t<div class=\"elementor-column elementor-col-50 elementor-top-column elementor-element elementor-element-0ca4e93\" data-id=\"0ca4e93\" data-element_type=\"column\" data-e-type=\"column\">\n\t\t\t<div class=\"elementor-widget-wrap\">\n\t\t\t\t\t\t\t<\/div>\n\t\t<\/div>\n\t\t\t\t\t<\/div>\n\t\t<\/section>\n\t\t\t\t<section class=\"elementor-section elementor-top-section elementor-element elementor-element-638a968 elementor-section-boxed elementor-section-height-default elementor-section-height-default\" data-id=\"638a968\" data-element_type=\"section\" data-e-type=\"section\">\n\t\t\t\t\t\t<div class=\"elementor-container elementor-column-gap-default\">\n\t\t\t\t\t<div class=\"elementor-column elementor-col-50 elementor-top-column elementor-element elementor-element-b6652fb\" data-id=\"b6652fb\" data-element_type=\"column\" data-e-type=\"column\">\n\t\t\t<div class=\"elementor-widget-wrap elementor-element-populated\">\n\t\t\t\t\t\t<div class=\"elementor-element elementor-element-0fbe253 elementor-widget elementor-widget-text-editor\" data-id=\"0fbe253\" data-element_type=\"widget\" data-e-type=\"widget\" data-widget_type=\"text-editor.default\">\n\t\t\t\t<div class=\"elementor-widget-container\">\n\t\t\t\t\t\t\t\t\t<p>4. August 2023, Erfreulicherweise gibt es auch gute Nachrichten aus unserer Grenzregion zu berichten.  Der k\u00fcrzlich angelegte Nahrungswald Flincke Ven in der Gemeinde Roerdalen entwickelt sich n\u00e4mlich gut.<span style=\"font-style: inherit; font-weight: inherit; background-color: var(--ast-global-color-4); color: var(--ast-global-color-3);\">\u00a0 Der gr\u00f6\u00dfte Teil der Anpflanzungen hat es geschafft. Die Natur ist widerstandsf\u00e4hig und selbst teilweise verwelkte Pflanzen k\u00f6nnen noch nachwachsen.\u00a0<\/span><span style=\"font-style: inherit; font-weight: inherit; background-color: var(--ast-global-color-4); color: var(--ast-global-color-3);\">Vor kurzem hat die Stiftung Voedselbos einen Zuschuss der Provinz Limburg f\u00fcr die Anpflanzung des Nahrungswaldes erhalten. Die dritte Pflanzung soll am Samstag, dem 28. Oktober 2023, stattfinden. Sie haben sich f\u00fcr eine Herbstpflanzung entschieden, weil die B\u00e4ume dann mehr Zeit haben, um richtig Fu\u00df zu fassen. F\u00fcr weitere Informationen siehe:\u00a0\u00a0<a href=\"https:\/\/voedselbosroerdalen.nl\/nieuws\">https:\/\/voedselbosroerdalen.nl\/nieuws<\/a><\/span><\/p><p>\u00a0<\/p>\t\t\t\t\t\t\t\t<\/div>\n\t\t\t\t<\/div>\n\t\t\t\t\t<\/div>\n\t\t<\/div>\n\t\t\t\t<div class=\"elementor-column elementor-col-50 elementor-top-column elementor-element elementor-element-4f8451b\" data-id=\"4f8451b\" data-element_type=\"column\" data-e-type=\"column\">\n\t\t\t<div class=\"elementor-widget-wrap elementor-element-populated\">\n\t\t\t\t\t\t<div class=\"elementor-element elementor-element-b6028cc elementor-widget elementor-widget-video\" data-id=\"b6028cc\" data-element_type=\"widget\" data-e-type=\"widget\" data-settings=\"{&quot;youtube_url&quot;:&quot;https:\\\/\\\/youtu.be\\\/JjrxC9aBiXA&quot;,&quot;video_type&quot;:&quot;youtube&quot;,&quot;controls&quot;:&quot;yes&quot;}\" data-widget_type=\"video.default\">\n\t\t\t\t<div class=\"elementor-widget-container\">\n\t\t\t\t\t\t\t<div class=\"elementor-wrapper elementor-open-inline\">\n\t\t\t<div class=\"elementor-video\"><\/div>\t\t<\/div>\n\t\t\t\t\t\t<\/div>\n\t\t\t\t<\/div>\n\t\t\t\t\t<\/div>\n\t\t<\/div>\n\t\t\t\t\t<\/div>\n\t\t<\/section>\n\t\t\t\t<section class=\"elementor-section elementor-top-section elementor-element elementor-element-b479add elementor-section-boxed elementor-section-height-default elementor-section-height-default\" data-id=\"b479add\" data-element_type=\"section\" data-e-type=\"section\">\n\t\t\t\t\t\t<div class=\"elementor-container elementor-column-gap-default\">\n\t\t\t\t\t<div class=\"elementor-column elementor-col-50 elementor-top-column elementor-element elementor-element-79f014d\" data-id=\"79f014d\" data-element_type=\"column\" data-e-type=\"column\">\n\t\t\t<div class=\"elementor-widget-wrap elementor-element-populated\">\n\t\t\t\t\t\t<div class=\"elementor-element elementor-element-c3110a5 elementor-widget elementor-widget-image\" data-id=\"c3110a5\" data-element_type=\"widget\" data-e-type=\"widget\" data-widget_type=\"image.default\">\n\t\t\t\t<div class=\"elementor-widget-container\">\n\t\t\t\t\t\t\t\t\t\t\t\t<figure class=\"wp-caption\">\n\t\t\t\t\t\t\t\t\t\t<img loading=\"lazy\" decoding=\"async\" width=\"1024\" height=\"724\" src=\"https:\/\/www.gruenes-grenzland.net\/wp-content\/uploads\/2023\/08\/Voedselbos-Flinke-Ven-bestaande-situatie-1024x724.jpg\" class=\"attachment-large size-large wp-image-12959\" alt=\"\" srcset=\"https:\/\/www.gruenes-grenzland.net\/wp-content\/uploads\/2023\/08\/Voedselbos-Flinke-Ven-bestaande-situatie-1024x724.jpg 1024w, https:\/\/www.gruenes-grenzland.net\/wp-content\/uploads\/2023\/08\/Voedselbos-Flinke-Ven-bestaande-situatie-300x212.jpg 300w, https:\/\/www.gruenes-grenzland.net\/wp-content\/uploads\/2023\/08\/Voedselbos-Flinke-Ven-bestaande-situatie-768x543.jpg 768w, https:\/\/www.gruenes-grenzland.net\/wp-content\/uploads\/2023\/08\/Voedselbos-Flinke-Ven-bestaande-situatie-1536x1086.jpg 1536w, https:\/\/www.gruenes-grenzland.net\/wp-content\/uploads\/2023\/08\/Voedselbos-Flinke-Ven-bestaande-situatie-2048x1448.jpg 2048w, https:\/\/www.gruenes-grenzland.net\/wp-content\/uploads\/2023\/08\/Voedselbos-Flinke-Ven-bestaande-situatie-18x12.jpg 18w\" sizes=\"(max-width: 1024px) 100vw, 1024px\" \/>\t\t\t\t\t\t\t\t\t\t\t<figcaption class=\"widget-image-caption wp-caption-text\">Standort f\u00fcr die Einrichtung des Nahrungswaldes 2022<\/figcaption>\n\t\t\t\t\t\t\t\t\t\t<\/figure>\n\t\t\t\t\t\t\t\t\t<\/div>\n\t\t\t\t<\/div>\n\t\t\t\t\t<\/div>\n\t\t<\/div>\n\t\t\t\t<div class=\"elementor-column elementor-col-50 elementor-top-column elementor-element elementor-element-96d8d8e\" data-id=\"96d8d8e\" data-element_type=\"column\" data-e-type=\"column\">\n\t\t\t<div class=\"elementor-widget-wrap elementor-element-populated\">\n\t\t\t\t\t\t<div class=\"elementor-element elementor-element-7545e2a elementor-widget elementor-widget-image\" data-id=\"7545e2a\" data-element_type=\"widget\" data-e-type=\"widget\" data-widget_type=\"image.default\">\n\t\t\t\t<div class=\"elementor-widget-container\">\n\t\t\t\t\t\t\t\t\t\t\t\t<figure class=\"wp-caption\">\n\t\t\t\t\t\t\t\t\t\t<img loading=\"lazy\" decoding=\"async\" width=\"1024\" height=\"724\" src=\"https:\/\/www.gruenes-grenzland.net\/wp-content\/uploads\/2023\/08\/Voedselbos-Flinke-Ven-luchtopname-3-mei-2023-1024x724.jpg\" class=\"attachment-large size-large wp-image-12960\" alt=\"\" srcset=\"https:\/\/www.gruenes-grenzland.net\/wp-content\/uploads\/2023\/08\/Voedselbos-Flinke-Ven-luchtopname-3-mei-2023-1024x724.jpg 1024w, https:\/\/www.gruenes-grenzland.net\/wp-content\/uploads\/2023\/08\/Voedselbos-Flinke-Ven-luchtopname-3-mei-2023-300x212.jpg 300w, https:\/\/www.gruenes-grenzland.net\/wp-content\/uploads\/2023\/08\/Voedselbos-Flinke-Ven-luchtopname-3-mei-2023-768x543.jpg 768w, https:\/\/www.gruenes-grenzland.net\/wp-content\/uploads\/2023\/08\/Voedselbos-Flinke-Ven-luchtopname-3-mei-2023-1536x1086.jpg 1536w, https:\/\/www.gruenes-grenzland.net\/wp-content\/uploads\/2023\/08\/Voedselbos-Flinke-Ven-luchtopname-3-mei-2023-2048x1448.jpg 2048w, https:\/\/www.gruenes-grenzland.net\/wp-content\/uploads\/2023\/08\/Voedselbos-Flinke-Ven-luchtopname-3-mei-2023-18x12.jpg 18w\" sizes=\"(max-width: 1024px) 100vw, 1024px\" \/>\t\t\t\t\t\t\t\t\t\t\t<figcaption class=\"widget-image-caption wp-caption-text\">Standort nach dem Neubau Nahrungswald Mai 2023<\/figcaption>\n\t\t\t\t\t\t\t\t\t\t<\/figure>\n\t\t\t\t\t\t\t\t\t<\/div>\n\t\t\t\t<\/div>\n\t\t\t\t\t<\/div>\n\t\t<\/div>\n\t\t\t\t\t<\/div>\n\t\t<\/section>\n\t\t\t\t<section class=\"elementor-section elementor-top-section elementor-element elementor-element-4c2e3cc elementor-section-boxed elementor-section-height-default elementor-section-height-default\" data-id=\"4c2e3cc\" data-element_type=\"section\" data-e-type=\"section\">\n\t\t\t\t\t\t<div class=\"elementor-container elementor-column-gap-default\">\n\t\t\t\t\t<div class=\"elementor-column elementor-col-100 elementor-top-column elementor-element elementor-element-a192a56\" data-id=\"a192a56\" data-element_type=\"column\" data-e-type=\"column\">\n\t\t\t<div class=\"elementor-widget-wrap elementor-element-populated\">\n\t\t\t\t\t\t<div class=\"elementor-element elementor-element-974ead2 elementor-widget-divider--view-line elementor-widget elementor-widget-divider\" data-id=\"974ead2\" data-element_type=\"widget\" data-e-type=\"widget\" data-widget_type=\"divider.default\">\n\t\t\t\t<div class=\"elementor-widget-container\">\n\t\t\t\t\t\t\t<div class=\"elementor-divider\">\n\t\t\t<span class=\"elementor-divider-separator\">\n\t\t\t\t\t\t<\/span>\n\t\t<\/div>\n\t\t\t\t\t\t<\/div>\n\t\t\t\t<\/div>\n\t\t\t\t\t<\/div>\n\t\t<\/div>\n\t\t\t\t\t<\/div>\n\t\t<\/section>\n\t\t\t\t<section class=\"elementor-section elementor-top-section elementor-element elementor-element-ee22d00 elementor-section-boxed elementor-section-height-default elementor-section-height-default\" data-id=\"ee22d00\" data-element_type=\"section\" data-e-type=\"section\">\n\t\t\t\t\t\t<div class=\"elementor-container elementor-column-gap-default\">\n\t\t\t\t\t<div class=\"elementor-column elementor-col-100 elementor-top-column elementor-element elementor-element-56c91f6\" data-id=\"56c91f6\" data-element_type=\"column\" data-e-type=\"column\">\n\t\t\t<div class=\"elementor-widget-wrap elementor-element-populated\">\n\t\t\t\t\t\t<div class=\"elementor-element elementor-element-db40602 elementor-widget elementor-widget-menu-anchor\" data-id=\"db40602\" data-element_type=\"widget\" data-e-type=\"widget\" data-widget_type=\"menu-anchor.default\">\n\t\t\t\t<div class=\"elementor-widget-container\">\n\t\t\t\t\t\t\t<div class=\"elementor-menu-anchor\" id=\"2023-8\"><\/div>\n\t\t\t\t\t\t<\/div>\n\t\t\t\t<\/div>\n\t\t\t\t\t<\/div>\n\t\t<\/div>\n\t\t\t\t\t<\/div>\n\t\t<\/section>\n\t\t\t\t<section class=\"elementor-section elementor-top-section elementor-element elementor-element-5d2ad79 elementor-section-boxed elementor-section-height-default elementor-section-height-default\" data-id=\"5d2ad79\" data-element_type=\"section\" data-e-type=\"section\">\n\t\t\t\t\t\t<div class=\"elementor-container elementor-column-gap-default\">\n\t\t\t\t\t<div class=\"elementor-column elementor-col-50 elementor-top-column elementor-element elementor-element-58cb051\" data-id=\"58cb051\" data-element_type=\"column\" data-e-type=\"column\">\n\t\t\t<div class=\"elementor-widget-wrap elementor-element-populated\">\n\t\t\t\t\t\t<div class=\"elementor-element elementor-element-8c72b01 elementor-widget elementor-widget-text-editor\" data-id=\"8c72b01\" data-element_type=\"widget\" data-e-type=\"widget\" data-widget_type=\"text-editor.default\">\n\t\t\t\t<div class=\"elementor-widget-container\">\n\t\t\t\t\t\t\t\t\t<p><strong>Nationalpark De Meinweg wird erweitert\u00a0<\/strong><\/p>\t\t\t\t\t\t\t\t<\/div>\n\t\t\t\t<\/div>\n\t\t\t\t\t<\/div>\n\t\t<\/div>\n\t\t\t\t<div class=\"elementor-column elementor-col-50 elementor-top-column elementor-element elementor-element-3a5b404\" data-id=\"3a5b404\" data-element_type=\"column\" data-e-type=\"column\">\n\t\t\t<div class=\"elementor-widget-wrap\">\n\t\t\t\t\t\t\t<\/div>\n\t\t<\/div>\n\t\t\t\t\t<\/div>\n\t\t<\/section>\n\t\t\t\t<section class=\"elementor-section elementor-top-section elementor-element elementor-element-4ae259b elementor-section-boxed elementor-section-height-default elementor-section-height-default\" data-id=\"4ae259b\" data-element_type=\"section\" data-e-type=\"section\">\n\t\t\t\t\t\t<div class=\"elementor-container elementor-column-gap-default\">\n\t\t\t\t\t<div class=\"elementor-column elementor-col-50 elementor-top-column elementor-element elementor-element-5e3a46d\" data-id=\"5e3a46d\" data-element_type=\"column\" data-e-type=\"column\">\n\t\t\t<div class=\"elementor-widget-wrap elementor-element-populated\">\n\t\t\t\t\t\t<div class=\"elementor-element elementor-element-0416444 elementor-widget elementor-widget-text-editor\" data-id=\"0416444\" data-element_type=\"widget\" data-e-type=\"widget\" data-widget_type=\"text-editor.default\">\n\t\t\t\t<div class=\"elementor-widget-container\">\n\t\t\t\t\t\t\t\t\t<div class=\"layout-component highlight\" data-v-8ef9dd38=\"\">\n<div id=\"f2e67788-12a8-4470-bab0-684392a2694e\" class=\"api-text component layout-component-item\" data-v-4e3223bb=\"\" data-v-8ef9dd38=\"\">\n<div class=\"text\" data-v-4e3223bb=\"\">7. Juli 2023, \nDer Nationalpark De Meinweg wird, wenn es nach den Gemeinden Roerdalen und Roermond geht, um die Natur in den T\u00e4lern der Swalm und der Ruhr, in der N\u00e4he des Vlootbeek und der Landschaft dazwischen erweitert.<\/div>\n<\/div>\n<\/div>\n<div class=\"layout-component\" data-v-8ef9dd38=\"\">\n<div id=\"74a65f28-9968-490c-b0ad-465714b9dad1\" class=\"api-text component layout-component-item\" data-v-4e3223bb=\"\" data-v-8ef9dd38=\"\">\n<div class=\"text\" data-v-4e3223bb=\"\">Roerdalen und Roermond betonen, dass keine Absicht besteht, landwirtschaftliche Fl\u00e4chen zu opfern.&nbsp;<span style=\"background-color: var(--ast-global-color-4); color: var(--ast-global-color-3); font-family: var( --e-global-typography-secondary-font-family ), Sans-serif; font-size: 1rem; font-weight: var( --e-global-typography-secondary-font-weight );\">Die Idee ist, dass sich der Tourismus und die Erholung in dem Gebiet dann besser verteilen und die empfindliche Heidelandschaft am Meinweg mehr Ruhe bekommt. Die Gemeinden erhoffen sich auch \"mehr Erlebnis und Attraktivit\u00e4t\" im Naturpark Mittellimburg.<\/span><\/div>\n<\/div>\n<\/div>\n<div class=\"layout-component\" data-v-8ef9dd38=\"\">\n<div id=\"c026c9fa-2b1f-46c9-9479-ef772faf0522\" class=\"api-text component layout-component-item\" data-v-4e3223bb=\"\" data-v-8ef9dd38=\"\">\n<div class=\"text\" data-v-4e3223bb=\"\">Mit der Erweiterung k\u00f6nnte auch der Name des Nationalparks verschwinden. \"Mit dem Ruhr- und dem Swalmtal ist das Gebiet viel gr\u00f6\u00dfer als nur die Heide am Meinweg. Deshalb denken wir auch \u00fcber einen neuen Namen nach, obwohl es noch keinen gibt.\" Mehr Information sehe hier unter <a href=\"https:\/\/www.1limburg.nl\/nieuws\/2235679\/uitbreidingsplannen-voor-nationaal-park-de-meinweg\">https:\/\/www.1limburg.nl\/nieuws\/2235679\/uitbreidingsplannen-voor-nationaal-park-de-meinweg<\/a><\/div>\n<\/div>\n<\/div>\t\t\t\t\t\t\t\t<\/div>\n\t\t\t\t<\/div>\n\t\t\t\t\t<\/div>\n\t\t<\/div>\n\t\t\t\t<div class=\"elementor-column elementor-col-50 elementor-top-column elementor-element elementor-element-2e12b59\" data-id=\"2e12b59\" data-element_type=\"column\" data-e-type=\"column\">\n\t\t\t<div class=\"elementor-widget-wrap elementor-element-populated\">\n\t\t\t\t\t\t<div class=\"elementor-element elementor-element-507fbab elementor-widget elementor-widget-image\" data-id=\"507fbab\" data-element_type=\"widget\" data-e-type=\"widget\" data-widget_type=\"image.default\">\n\t\t\t\t<div class=\"elementor-widget-container\">\n\t\t\t\t\t\t\t\t\t\t\t\t<figure class=\"wp-caption\">\n\t\t\t\t\t\t\t\t\t\t<img fetchpriority=\"high\" decoding=\"async\" width=\"559\" height=\"428\" src=\"https:\/\/www.gruenes-grenzland.net\/wp-content\/uploads\/2023\/07\/Nationaalpark-Nieuw-begrenzing-indicatief.jpg\" class=\"attachment-large size-large wp-image-12734\" alt=\"\" srcset=\"https:\/\/www.gruenes-grenzland.net\/wp-content\/uploads\/2023\/07\/Nationaalpark-Nieuw-begrenzing-indicatief.jpg 559w, https:\/\/www.gruenes-grenzland.net\/wp-content\/uploads\/2023\/07\/Nationaalpark-Nieuw-begrenzing-indicatief-300x230.jpg 300w, https:\/\/www.gruenes-grenzland.net\/wp-content\/uploads\/2023\/07\/Nationaalpark-Nieuw-begrenzing-indicatief-16x12.jpg 16w\" sizes=\"(max-width: 559px) 100vw, 559px\" \/>\t\t\t\t\t\t\t\t\t\t\t<figcaption class=\"widget-image-caption wp-caption-text\">Grenze des heutigen Nationalparks de Meinweg rot, Erweiterungsgebiet braun<\/figcaption>\n\t\t\t\t\t\t\t\t\t\t<\/figure>\n\t\t\t\t\t\t\t\t\t<\/div>\n\t\t\t\t<\/div>\n\t\t\t\t\t<\/div>\n\t\t<\/div>\n\t\t\t\t\t<\/div>\n\t\t<\/section>\n\t\t\t\t<section class=\"elementor-section elementor-top-section elementor-element elementor-element-effe707 elementor-section-boxed elementor-section-height-default elementor-section-height-default\" data-id=\"effe707\" data-element_type=\"section\" data-e-type=\"section\">\n\t\t\t\t\t\t<div class=\"elementor-container elementor-column-gap-default\">\n\t\t\t\t\t<div class=\"elementor-column elementor-col-100 elementor-top-column elementor-element elementor-element-d2fe95b\" data-id=\"d2fe95b\" data-element_type=\"column\" data-e-type=\"column\">\n\t\t\t<div class=\"elementor-widget-wrap elementor-element-populated\">\n\t\t\t\t\t\t<div class=\"elementor-element elementor-element-a08813a elementor-widget-divider--view-line elementor-widget elementor-widget-divider\" data-id=\"a08813a\" data-element_type=\"widget\" data-e-type=\"widget\" data-widget_type=\"divider.default\">\n\t\t\t\t<div class=\"elementor-widget-container\">\n\t\t\t\t\t\t\t<div class=\"elementor-divider\">\n\t\t\t<span class=\"elementor-divider-separator\">\n\t\t\t\t\t\t<\/span>\n\t\t<\/div>\n\t\t\t\t\t\t<\/div>\n\t\t\t\t<\/div>\n\t\t\t\t\t<\/div>\n\t\t<\/div>\n\t\t\t\t\t<\/div>\n\t\t<\/section>\n\t\t\t\t<section class=\"elementor-section elementor-top-section elementor-element elementor-element-0f214e3 elementor-section-boxed elementor-section-height-default elementor-section-height-default\" data-id=\"0f214e3\" data-element_type=\"section\" data-e-type=\"section\">\n\t\t\t\t\t\t<div class=\"elementor-container elementor-column-gap-default\">\n\t\t\t\t\t<div class=\"elementor-column elementor-col-50 elementor-top-column elementor-element elementor-element-48fd9f5\" data-id=\"48fd9f5\" data-element_type=\"column\" data-e-type=\"column\">\n\t\t\t<div class=\"elementor-widget-wrap elementor-element-populated\">\n\t\t\t\t\t\t<div class=\"elementor-element elementor-element-4104921 elementor-widget elementor-widget-text-editor\" data-id=\"4104921\" data-element_type=\"widget\" data-e-type=\"widget\" data-widget_type=\"text-editor.default\">\n\t\t\t\t<div class=\"elementor-widget-container\">\n\t\t\t\t\t\t\t\t\t<p><strong>Vermarktungskonzept f\u00fcr kleinteilige Gewerbefl\u00e4chen\u00a0<\/strong><\/p>\t\t\t\t\t\t\t\t<\/div>\n\t\t\t\t<\/div>\n\t\t\t\t\t<\/div>\n\t\t<\/div>\n\t\t\t\t<div class=\"elementor-column elementor-col-50 elementor-top-column elementor-element elementor-element-82263b8\" data-id=\"82263b8\" data-element_type=\"column\" data-e-type=\"column\">\n\t\t\t<div class=\"elementor-widget-wrap elementor-element-populated\">\n\t\t\t\t\t\t<div class=\"elementor-element elementor-element-33d47c7 elementor-widget elementor-widget-menu-anchor\" data-id=\"33d47c7\" data-element_type=\"widget\" data-e-type=\"widget\" data-widget_type=\"menu-anchor.default\">\n\t\t\t\t<div class=\"elementor-widget-container\">\n\t\t\t\t\t\t\t<div class=\"elementor-menu-anchor\" id=\"2023-7\"><\/div>\n\t\t\t\t\t\t<\/div>\n\t\t\t\t<\/div>\n\t\t\t\t\t<\/div>\n\t\t<\/div>\n\t\t\t\t\t<\/div>\n\t\t<\/section>\n\t\t\t\t<section class=\"elementor-section elementor-top-section elementor-element elementor-element-d9100a0 elementor-section-boxed elementor-section-height-default elementor-section-height-default\" data-id=\"d9100a0\" data-element_type=\"section\" data-e-type=\"section\">\n\t\t\t\t\t\t<div class=\"elementor-container elementor-column-gap-default\">\n\t\t\t\t\t<div class=\"elementor-column elementor-col-50 elementor-top-column elementor-element elementor-element-6ec1485\" data-id=\"6ec1485\" data-element_type=\"column\" data-e-type=\"column\">\n\t\t\t<div class=\"elementor-widget-wrap elementor-element-populated\">\n\t\t\t\t\t\t<div class=\"elementor-element elementor-element-96e8e24 elementor-widget elementor-widget-text-editor\" data-id=\"96e8e24\" data-element_type=\"widget\" data-e-type=\"widget\" data-widget_type=\"text-editor.default\">\n\t\t\t\t<div class=\"elementor-widget-container\">\n\t\t\t\t\t\t\t\t\t<p>23.Juni 2023, Die Gemeinde Niederkr\u00fcchten had ein Vermarktungskonzept f\u00fcr kleinteilige Gewerbefl\u00e4chen im Energie- und Gewerbepark Elmpt beschlossen. Die Vermarktung soll 2024 starten.<br \/>Als Gr\u00fcnes Grenzland finden wir es inakzeptabel, dass die Gemeinde bereits den Verkauf der Grundst\u00fccke organisiert, w\u00e4hrend der Prozess der \u00d6ffentlichkeitsbeteiligung noch nicht abgeschlossen ist. Bislang haben die 170 B\u00fcrgerinnen und B\u00fcrger noch keine substanzielle R\u00fcckmeldung von der Gemeinde erhalten. Wir \u00fcberlegen derzeit, welche weiteren Schritte wir unternehmen k\u00f6nnen.<\/p>\t\t\t\t\t\t\t\t<\/div>\n\t\t\t\t<\/div>\n\t\t\t\t\t<\/div>\n\t\t<\/div>\n\t\t\t\t<div class=\"elementor-column elementor-col-50 elementor-top-column elementor-element elementor-element-2533831\" data-id=\"2533831\" data-element_type=\"column\" data-e-type=\"column\">\n\t\t\t<div class=\"elementor-widget-wrap elementor-element-populated\">\n\t\t\t\t\t\t<div class=\"elementor-element elementor-element-66fb942 elementor-widget elementor-widget-image\" data-id=\"66fb942\" data-element_type=\"widget\" data-e-type=\"widget\" data-widget_type=\"image.default\">\n\t\t\t\t<div class=\"elementor-widget-container\">\n\t\t\t\t\t\t\t\t\t\t\t\t\t\t\t<img loading=\"lazy\" decoding=\"async\" width=\"1024\" height=\"718\" src=\"https:\/\/www.gruenes-grenzland.net\/wp-content\/uploads\/2023\/06\/RP-23-06-23-1024x718.jpg\" class=\"attachment-large size-large wp-image-12629\" alt=\"\" srcset=\"https:\/\/www.gruenes-grenzland.net\/wp-content\/uploads\/2023\/06\/RP-23-06-23-1024x718.jpg 1024w, https:\/\/www.gruenes-grenzland.net\/wp-content\/uploads\/2023\/06\/RP-23-06-23-300x210.jpg 300w, https:\/\/www.gruenes-grenzland.net\/wp-content\/uploads\/2023\/06\/RP-23-06-23-768x538.jpg 768w, https:\/\/www.gruenes-grenzland.net\/wp-content\/uploads\/2023\/06\/RP-23-06-23-1536x1077.jpg 1536w, https:\/\/www.gruenes-grenzland.net\/wp-content\/uploads\/2023\/06\/RP-23-06-23-18x12.jpg 18w, https:\/\/www.gruenes-grenzland.net\/wp-content\/uploads\/2023\/06\/RP-23-06-23.jpg 1649w\" sizes=\"(max-width: 1024px) 100vw, 1024px\" \/>\t\t\t\t\t\t\t\t\t\t\t\t\t\t\t<\/div>\n\t\t\t\t<\/div>\n\t\t\t\t\t<\/div>\n\t\t<\/div>\n\t\t\t\t\t<\/div>\n\t\t<\/section>\n\t\t\t\t<section class=\"elementor-section elementor-top-section elementor-element elementor-element-907748a elementor-section-boxed elementor-section-height-default elementor-section-height-default\" data-id=\"907748a\" data-element_type=\"section\" data-e-type=\"section\">\n\t\t\t\t\t\t<div class=\"elementor-container elementor-column-gap-default\">\n\t\t\t\t\t<div class=\"elementor-column elementor-col-100 elementor-top-column elementor-element elementor-element-b1d0bd7\" data-id=\"b1d0bd7\" data-element_type=\"column\" data-e-type=\"column\">\n\t\t\t<div class=\"elementor-widget-wrap elementor-element-populated\">\n\t\t\t\t\t\t<div class=\"elementor-element elementor-element-e7ead7d elementor-widget-divider--view-line elementor-widget elementor-widget-divider\" data-id=\"e7ead7d\" data-element_type=\"widget\" data-e-type=\"widget\" data-widget_type=\"divider.default\">\n\t\t\t\t<div class=\"elementor-widget-container\">\n\t\t\t\t\t\t\t<div class=\"elementor-divider\">\n\t\t\t<span class=\"elementor-divider-separator\">\n\t\t\t\t\t\t<\/span>\n\t\t<\/div>\n\t\t\t\t\t\t<\/div>\n\t\t\t\t<\/div>\n\t\t\t\t\t<\/div>\n\t\t<\/div>\n\t\t\t\t\t<\/div>\n\t\t<\/section>\n\t\t\t\t<section class=\"elementor-section elementor-top-section elementor-element elementor-element-3812861 elementor-section-boxed elementor-section-height-default elementor-section-height-default\" data-id=\"3812861\" data-element_type=\"section\" data-e-type=\"section\">\n\t\t\t\t\t\t<div class=\"elementor-container elementor-column-gap-default\">\n\t\t\t\t\t<div class=\"elementor-column elementor-col-50 elementor-top-column elementor-element elementor-element-24d5eb3\" data-id=\"24d5eb3\" data-element_type=\"column\" data-e-type=\"column\">\n\t\t\t<div class=\"elementor-widget-wrap elementor-element-populated\">\n\t\t\t\t\t\t<div class=\"elementor-element elementor-element-1ae681c elementor-widget elementor-widget-text-editor\" data-id=\"1ae681c\" data-element_type=\"widget\" data-e-type=\"widget\" data-widget_type=\"text-editor.default\">\n\t\t\t\t<div class=\"elementor-widget-container\">\n\t\t\t\t\t\t\t\t\t<p><strong>Windenergie auf dem Meinweg-Plateau nicht m\u00f6glich<\/strong><\/p>\t\t\t\t\t\t\t\t<\/div>\n\t\t\t\t<\/div>\n\t\t\t\t\t<\/div>\n\t\t<\/div>\n\t\t\t\t<div class=\"elementor-column elementor-col-50 elementor-top-column elementor-element elementor-element-08f8107\" data-id=\"08f8107\" data-element_type=\"column\" data-e-type=\"column\">\n\t\t\t<div class=\"elementor-widget-wrap elementor-element-populated\">\n\t\t\t\t\t\t<div class=\"elementor-element elementor-element-f3da9cd elementor-widget elementor-widget-menu-anchor\" data-id=\"f3da9cd\" data-element_type=\"widget\" data-e-type=\"widget\" data-widget_type=\"menu-anchor.default\">\n\t\t\t\t<div class=\"elementor-widget-container\">\n\t\t\t\t\t\t\t<div class=\"elementor-menu-anchor\" id=\"2023-6\"><\/div>\n\t\t\t\t\t\t<\/div>\n\t\t\t\t<\/div>\n\t\t\t\t\t<\/div>\n\t\t<\/div>\n\t\t\t\t\t<\/div>\n\t\t<\/section>\n\t\t\t\t<section class=\"elementor-section elementor-top-section elementor-element elementor-element-97066b3 elementor-section-boxed elementor-section-height-default elementor-section-height-default\" data-id=\"97066b3\" data-element_type=\"section\" data-e-type=\"section\">\n\t\t\t\t\t\t<div class=\"elementor-container elementor-column-gap-default\">\n\t\t\t\t\t<div class=\"elementor-column elementor-col-100 elementor-top-column elementor-element elementor-element-9012ba8\" data-id=\"9012ba8\" data-element_type=\"column\" data-e-type=\"column\">\n\t\t\t<div class=\"elementor-widget-wrap elementor-element-populated\">\n\t\t\t\t\t\t<div class=\"elementor-element elementor-element-0d38b69 elementor-widget elementor-widget-text-editor\" data-id=\"0d38b69\" data-element_type=\"widget\" data-e-type=\"widget\" data-widget_type=\"text-editor.default\">\n\t\t\t\t<div class=\"elementor-widget-container\">\n\t\t\t\t\t\t\t\t\t<p>1. Juni 2023, Die Gemeinde Roerdalen gibt bekannt, dass die Erzeugung von Windenergie auf dem Meinweg-Plateau nicht m\u00f6glich erscheint. Dies ist das Ergebnis einer Untersuchung \u00fcber die Auswirkungen der geplanten Windkraftanlagen auf V\u00f6gel und Flederm\u00e4use.<br \/><br \/>Die Studie ergab, dass (erhebliche) negative Auswirkungen auf die Natur durch den Bau und die Nutzung von Windkraftanlagen auf dem Plateau nicht ausgeschlossen werden k\u00f6nnen. Im Anschluss an diese Analyse untersucht die Beh\u00f6rde nun, inwieweit sich die Auswirkungen durch geeignete Ma\u00dfnahmen verhindern lassen. Eine erste Einsch\u00e4tzung zeigt, dass selbst bei einem weitreichenden Ma\u00dfnahmenpaket der Schutz gesch\u00fctzter Arten beeintr\u00e4chtigt wird. Das Forschungsb\u00fcro r\u00e4t der Gemeinde daher, die Windenergie auf dem Meinweg-Plateau nicht auszubauen.<br \/><br \/>Als Gr\u00fcnes Grenzland gehen wir davon aus, dass nun auch die geplanten 7 Windkraftanlagen auf dem angrenzenden Gel\u00e4nde des ehemaligen Flughafens in Elmpt nicht entwickelt werden k\u00f6nnen. F\u00fcr weitere Informationen siehe:<br \/><a style=\"font-style: inherit; font-weight: inherit;\" href=\"https:\/\/www.gruenes-grenzland.net\/wp-content\/uploads\/2023\/06\/Persbericht-Windenergie-Meinwegplateau-1-juni-2023.pdf\">https:\/\/www.gruenes-grenzland.net\/wp-content\/uploads\/2023\/06\/Persbericht-Windenergie-Meinwegplateau-1-juni-2023.pdf<\/a><\/p>\t\t\t\t\t\t\t\t<\/div>\n\t\t\t\t<\/div>\n\t\t\t\t\t<\/div>\n\t\t<\/div>\n\t\t\t\t\t<\/div>\n\t\t<\/section>\n\t\t\t\t<section class=\"elementor-section elementor-top-section elementor-element elementor-element-e9dc148 elementor-section-boxed elementor-section-height-default elementor-section-height-default\" data-id=\"e9dc148\" data-element_type=\"section\" data-e-type=\"section\">\n\t\t\t\t\t\t<div class=\"elementor-container elementor-column-gap-default\">\n\t\t\t\t\t<div class=\"elementor-column elementor-col-100 elementor-top-column elementor-element elementor-element-aa98112\" data-id=\"aa98112\" data-element_type=\"column\" data-e-type=\"column\">\n\t\t\t<div class=\"elementor-widget-wrap elementor-element-populated\">\n\t\t\t\t\t\t<div class=\"elementor-element elementor-element-51db8c0 elementor-widget-divider--view-line elementor-widget elementor-widget-divider\" data-id=\"51db8c0\" data-element_type=\"widget\" data-e-type=\"widget\" data-widget_type=\"divider.default\">\n\t\t\t\t<div class=\"elementor-widget-container\">\n\t\t\t\t\t\t\t<div class=\"elementor-divider\">\n\t\t\t<span class=\"elementor-divider-separator\">\n\t\t\t\t\t\t<\/span>\n\t\t<\/div>\n\t\t\t\t\t\t<\/div>\n\t\t\t\t<\/div>\n\t\t\t\t\t<\/div>\n\t\t<\/div>\n\t\t\t\t\t<\/div>\n\t\t<\/section>\n\t\t\t\t<section class=\"elementor-section elementor-top-section elementor-element elementor-element-92ccced elementor-section-boxed elementor-section-height-default elementor-section-height-default\" data-id=\"92ccced\" data-element_type=\"section\" data-e-type=\"section\">\n\t\t\t\t\t\t<div class=\"elementor-container elementor-column-gap-default\">\n\t\t\t\t\t<div class=\"elementor-column elementor-col-50 elementor-top-column elementor-element elementor-element-a832b61\" data-id=\"a832b61\" data-element_type=\"column\" data-e-type=\"column\">\n\t\t\t<div class=\"elementor-widget-wrap elementor-element-populated\">\n\t\t\t\t\t\t<div class=\"elementor-element elementor-element-4d64897 elementor-widget elementor-widget-text-editor\" data-id=\"4d64897\" data-element_type=\"widget\" data-e-type=\"widget\" data-widget_type=\"text-editor.default\">\n\t\t\t\t<div class=\"elementor-widget-container\">\n\t\t\t\t\t\t\t\t\t<p><strong>Vortrag von Hans-Peter Siegers von der Forstbetriebsgemeinschaft (FBG)<\/strong><\/p>\t\t\t\t\t\t\t\t<\/div>\n\t\t\t\t<\/div>\n\t\t\t\t\t<\/div>\n\t\t<\/div>\n\t\t\t\t<div class=\"elementor-column elementor-col-50 elementor-top-column elementor-element elementor-element-f1c38a8\" data-id=\"f1c38a8\" data-element_type=\"column\" data-e-type=\"column\">\n\t\t\t<div class=\"elementor-widget-wrap elementor-element-populated\">\n\t\t\t\t\t\t<div class=\"elementor-element elementor-element-7c3adf0 elementor-widget elementor-widget-menu-anchor\" data-id=\"7c3adf0\" data-element_type=\"widget\" data-e-type=\"widget\" data-widget_type=\"menu-anchor.default\">\n\t\t\t\t<div class=\"elementor-widget-container\">\n\t\t\t\t\t\t\t<div class=\"elementor-menu-anchor\" id=\"2023-5\"><\/div>\n\t\t\t\t\t\t<\/div>\n\t\t\t\t<\/div>\n\t\t\t\t\t<\/div>\n\t\t<\/div>\n\t\t\t\t\t<\/div>\n\t\t<\/section>\n\t\t\t\t<section class=\"elementor-section elementor-top-section elementor-element elementor-element-c47b113 elementor-section-boxed elementor-section-height-default elementor-section-height-default\" data-id=\"c47b113\" data-element_type=\"section\" data-e-type=\"section\">\n\t\t\t\t\t\t<div class=\"elementor-container elementor-column-gap-default\">\n\t\t\t\t\t<div class=\"elementor-column elementor-col-50 elementor-top-column elementor-element elementor-element-11ee30f\" data-id=\"11ee30f\" data-element_type=\"column\" data-e-type=\"column\">\n\t\t\t<div class=\"elementor-widget-wrap elementor-element-populated\">\n\t\t\t\t\t\t<div class=\"elementor-element elementor-element-8f59a8f elementor-widget elementor-widget-text-editor\" data-id=\"8f59a8f\" data-element_type=\"widget\" data-e-type=\"widget\" data-widget_type=\"text-editor.default\">\n\t\t\t\t<div class=\"elementor-widget-container\">\n\t\t\t\t\t\t\t\t\t<p class=\" translation-block\">Am Samstag, den 13. Mai 2023, trafen wir uns wieder als Gr\u00fcnes Grenzland. Diesmal stand der Vortrag von Hans-Peter Siegers von der Forstbetriebsgemeinschaft (FBG) Niederkr\u00fachten-Schwalmtal im Mittelpunkt. Ziel der Forstbetriebsgemeinschaft ist es, die Waldbewirtschaftung zu verbessern, indem gr\u00f6\u00dfere zusammenh\u00e4ngende Bewirtschaftungseinheiten angestrebt werden. \nIn einem sehr interessanten Vortrag ging Hans Peter unter anderem auf die Bewirtschaftung und den Betrieb, die Lage der Mitgliederfl\u00e4chen, aktuelle Ma\u00dfnahmen und aktuelle Herausforderungen ein. In Bezug auf letzteres erw\u00e4hnte er insbesondere den R\u00fcckgang des Grundwasserspiegels und die Waldbrandgefahr. \nIm Anschluss an den Vortrag wurden noch einige organisatorische Dinge besprochen. Das n\u00e4chste Treffen findet am 8. Juli 2023 um 14 Uhr statt. Weitere Informationen folgen in K\u00fcrze.<\/p><p><span style=\"font-style: inherit; font-weight: inherit; background-color: var(--ast-global-color-4); color: var(--ast-global-color-3);\">\u00a0<\/span><\/p>\t\t\t\t\t\t\t\t<\/div>\n\t\t\t\t<\/div>\n\t\t\t\t\t<\/div>\n\t\t<\/div>\n\t\t\t\t<div class=\"elementor-column elementor-col-50 elementor-top-column elementor-element elementor-element-f821341\" data-id=\"f821341\" data-element_type=\"column\" data-e-type=\"column\">\n\t\t\t<div class=\"elementor-widget-wrap elementor-element-populated\">\n\t\t\t\t\t\t<div class=\"elementor-element elementor-element-669aa3a elementor-widget elementor-widget-image\" data-id=\"669aa3a\" data-element_type=\"widget\" data-e-type=\"widget\" data-widget_type=\"image.default\">\n\t\t\t\t<div class=\"elementor-widget-container\">\n\t\t\t\t\t\t\t\t\t\t\t\t<figure class=\"wp-caption\">\n\t\t\t\t\t\t\t\t\t\t<img loading=\"lazy\" decoding=\"async\" width=\"784\" height=\"701\" src=\"https:\/\/www.gruenes-grenzland.net\/wp-content\/uploads\/2023\/05\/FBG-Niederkruchten-Schwalmtal.jpg\" class=\"attachment-large size-large wp-image-12332\" alt=\"\" srcset=\"https:\/\/www.gruenes-grenzland.net\/wp-content\/uploads\/2023\/05\/FBG-Niederkruchten-Schwalmtal.jpg 784w, https:\/\/www.gruenes-grenzland.net\/wp-content\/uploads\/2023\/05\/FBG-Niederkruchten-Schwalmtal-300x268.jpg 300w, https:\/\/www.gruenes-grenzland.net\/wp-content\/uploads\/2023\/05\/FBG-Niederkruchten-Schwalmtal-768x687.jpg 768w, https:\/\/www.gruenes-grenzland.net\/wp-content\/uploads\/2023\/05\/FBG-Niederkruchten-Schwalmtal-13x12.jpg 13w\" sizes=\"(max-width: 784px) 100vw, 784px\" \/>\t\t\t\t\t\t\t\t\t\t\t<figcaption class=\"widget-image-caption wp-caption-text\">Website FBG :https:\/\/fbg-niederkruechten-schwalmtal.de\/ <\/figcaption>\n\t\t\t\t\t\t\t\t\t\t<\/figure>\n\t\t\t\t\t\t\t\t\t<\/div>\n\t\t\t\t<\/div>\n\t\t\t\t\t<\/div>\n\t\t<\/div>\n\t\t\t\t\t<\/div>\n\t\t<\/section>\n\t\t\t\t<section class=\"elementor-section elementor-top-section elementor-element elementor-element-d415095 elementor-section-boxed elementor-section-height-default elementor-section-height-default\" data-id=\"d415095\" data-element_type=\"section\" data-e-type=\"section\">\n\t\t\t\t\t\t<div class=\"elementor-container elementor-column-gap-default\">\n\t\t\t\t\t<div class=\"elementor-column elementor-col-100 elementor-top-column elementor-element elementor-element-8f526a4\" data-id=\"8f526a4\" data-element_type=\"column\" data-e-type=\"column\">\n\t\t\t<div class=\"elementor-widget-wrap elementor-element-populated\">\n\t\t\t\t\t\t<div class=\"elementor-element elementor-element-7fc9d25 elementor-widget-divider--view-line elementor-widget elementor-widget-divider\" data-id=\"7fc9d25\" data-element_type=\"widget\" data-e-type=\"widget\" data-widget_type=\"divider.default\">\n\t\t\t\t<div class=\"elementor-widget-container\">\n\t\t\t\t\t\t\t<div class=\"elementor-divider\">\n\t\t\t<span class=\"elementor-divider-separator\">\n\t\t\t\t\t\t<\/span>\n\t\t<\/div>\n\t\t\t\t\t\t<\/div>\n\t\t\t\t<\/div>\n\t\t\t\t\t<\/div>\n\t\t<\/div>\n\t\t\t\t\t<\/div>\n\t\t<\/section>\n\t\t\t\t<section class=\"elementor-section elementor-top-section elementor-element elementor-element-da8c8bc elementor-section-boxed elementor-section-height-default elementor-section-height-default\" data-id=\"da8c8bc\" data-element_type=\"section\" data-e-type=\"section\">\n\t\t\t\t\t\t<div class=\"elementor-container elementor-column-gap-default\">\n\t\t\t\t\t<div class=\"elementor-column elementor-col-50 elementor-top-column elementor-element elementor-element-b858364\" data-id=\"b858364\" data-element_type=\"column\" data-e-type=\"column\">\n\t\t\t<div class=\"elementor-widget-wrap elementor-element-populated\">\n\t\t\t\t\t\t<div class=\"elementor-element elementor-element-dec889b elementor-widget elementor-widget-text-editor\" data-id=\"dec889b\" data-element_type=\"widget\" data-e-type=\"widget\" data-widget_type=\"text-editor.default\">\n\t\t\t\t<div class=\"elementor-widget-container\">\n\t\t\t\t\t\t\t\t\t<p><strong>Exkursion zum ehemaligen Elmpter Flughafen<\/strong><\/p>\t\t\t\t\t\t\t\t<\/div>\n\t\t\t\t<\/div>\n\t\t\t\t\t<\/div>\n\t\t<\/div>\n\t\t\t\t<div class=\"elementor-column elementor-col-50 elementor-top-column elementor-element elementor-element-ab37e87\" data-id=\"ab37e87\" data-element_type=\"column\" data-e-type=\"column\">\n\t\t\t<div class=\"elementor-widget-wrap elementor-element-populated\">\n\t\t\t\t\t\t<div class=\"elementor-element elementor-element-09d9c1a elementor-widget elementor-widget-menu-anchor\" data-id=\"09d9c1a\" data-element_type=\"widget\" data-e-type=\"widget\" data-widget_type=\"menu-anchor.default\">\n\t\t\t\t<div class=\"elementor-widget-container\">\n\t\t\t\t\t\t\t<div class=\"elementor-menu-anchor\" id=\"2023-4\"><\/div>\n\t\t\t\t\t\t<\/div>\n\t\t\t\t<\/div>\n\t\t\t\t\t<\/div>\n\t\t<\/div>\n\t\t\t\t\t<\/div>\n\t\t<\/section>\n\t\t\t\t<section class=\"elementor-section elementor-top-section elementor-element elementor-element-8f2d0e7 elementor-section-boxed elementor-section-height-default elementor-section-height-default\" data-id=\"8f2d0e7\" data-element_type=\"section\" data-e-type=\"section\">\n\t\t\t\t\t\t<div class=\"elementor-container elementor-column-gap-default\">\n\t\t\t\t\t<div class=\"elementor-column elementor-col-100 elementor-top-column elementor-element elementor-element-ae6b1fb\" data-id=\"ae6b1fb\" data-element_type=\"column\" data-e-type=\"column\">\n\t\t\t<div class=\"elementor-widget-wrap elementor-element-populated\">\n\t\t\t\t\t\t<div class=\"elementor-element elementor-element-5a5251c elementor-widget elementor-widget-text-editor\" data-id=\"5a5251c\" data-element_type=\"widget\" data-e-type=\"widget\" data-widget_type=\"text-editor.default\">\n\t\t\t\t<div class=\"elementor-widget-container\">\n\t\t\t\t\t\t\t\t\t<p class=\" translation-block\">Am Freitag <b>12. Mai<\/b> veranstaltete die Biologische Station Krickenbecker Seen e.V. eine naturkundliche Exkursion in den westlichsten Teil des ehemaligen Flugplatzes Elmpter mit seinen ausgedehnten W\u00e4ldern mit einigen kleinen Heidefl\u00e4chen. Das 255 Hektar gro\u00dfe Gebiet ist seit 2016 Teil des nationalen Naturerbes und wird von der DBU (<b>Deutsche Bundesstiftung Umwelt<\/b>) verwaltet. Weitere Informationen zum Gebiet finden Sie <a href=\"\/\/www.dbu.de\/naturerbeflaechen\/elmpt\/\u201d\"> hier <\/a> . <br>Einige Mitglieder von Gr\u00fcnes Grenzland waren anwesend. Unten k\u00f6nnen Sie die von Ap Woudstra und Irina Stein aufgenommenen Fotos sehen.<\/p>\t\t\t\t\t\t\t\t<\/div>\n\t\t\t\t<\/div>\n\t\t\t\t\t<\/div>\n\t\t<\/div>\n\t\t\t\t\t<\/div>\n\t\t<\/section>\n\t\t\t\t<section class=\"elementor-section elementor-top-section elementor-element elementor-element-e002cdd elementor-section-boxed elementor-section-height-default elementor-section-height-default\" data-id=\"e002cdd\" data-element_type=\"section\" data-e-type=\"section\">\n\t\t\t\t\t\t<div class=\"elementor-container elementor-column-gap-default\">\n\t\t\t\t\t<div class=\"elementor-column elementor-col-25 elementor-top-column elementor-element elementor-element-c85a5c1\" data-id=\"c85a5c1\" data-element_type=\"column\" data-e-type=\"column\">\n\t\t\t<div class=\"elementor-widget-wrap elementor-element-populated\">\n\t\t\t\t\t\t<div class=\"elementor-element elementor-element-152397b elementor-widget elementor-widget-image\" data-id=\"152397b\" data-element_type=\"widget\" data-e-type=\"widget\" data-widget_type=\"image.default\">\n\t\t\t\t<div class=\"elementor-widget-container\">\n\t\t\t\t\t\t\t\t\t\t\t\t<figure class=\"wp-caption\">\n\t\t\t\t\t\t\t\t\t\t<img loading=\"lazy\" decoding=\"async\" width=\"768\" height=\"1024\" src=\"https:\/\/www.gruenes-grenzland.net\/wp-content\/uploads\/2023\/05\/DBU-Zentrum-des-Ziegenmelkers-2-3-Brutpaare-leben-dort-wohl-IStein-768x1024.jpg\" class=\"attachment-large size-large wp-image-11938\" alt=\"\" srcset=\"https:\/\/www.gruenes-grenzland.net\/wp-content\/uploads\/2023\/05\/DBU-Zentrum-des-Ziegenmelkers-2-3-Brutpaare-leben-dort-wohl-IStein-768x1024.jpg 768w, https:\/\/www.gruenes-grenzland.net\/wp-content\/uploads\/2023\/05\/DBU-Zentrum-des-Ziegenmelkers-2-3-Brutpaare-leben-dort-wohl-IStein-225x300.jpg 225w, https:\/\/www.gruenes-grenzland.net\/wp-content\/uploads\/2023\/05\/DBU-Zentrum-des-Ziegenmelkers-2-3-Brutpaare-leben-dort-wohl-IStein-1152x1536.jpg 1152w, https:\/\/www.gruenes-grenzland.net\/wp-content\/uploads\/2023\/05\/DBU-Zentrum-des-Ziegenmelkers-2-3-Brutpaare-leben-dort-wohl-IStein-9x12.jpg 9w, https:\/\/www.gruenes-grenzland.net\/wp-content\/uploads\/2023\/05\/DBU-Zentrum-des-Ziegenmelkers-2-3-Brutpaare-leben-dort-wohl-IStein.jpg 1536w\" sizes=\"(max-width: 768px) 100vw, 768px\" \/>\t\t\t\t\t\t\t\t\t\t\t<figcaption class=\"widget-image-caption wp-caption-text\">Lebensraum des Ziegenmelkers<\/figcaption>\n\t\t\t\t\t\t\t\t\t\t<\/figure>\n\t\t\t\t\t\t\t\t\t<\/div>\n\t\t\t\t<\/div>\n\t\t\t\t\t<\/div>\n\t\t<\/div>\n\t\t\t\t<div class=\"elementor-column elementor-col-25 elementor-top-column elementor-element elementor-element-61b2be4\" data-id=\"61b2be4\" data-element_type=\"column\" data-e-type=\"column\">\n\t\t\t<div class=\"elementor-widget-wrap elementor-element-populated\">\n\t\t\t\t\t\t<div class=\"elementor-element elementor-element-145fc4d elementor-widget elementor-widget-image\" data-id=\"145fc4d\" data-element_type=\"widget\" data-e-type=\"widget\" data-widget_type=\"image.default\">\n\t\t\t\t<div class=\"elementor-widget-container\">\n\t\t\t\t\t\t\t\t\t\t\t\t<figure class=\"wp-caption\">\n\t\t\t\t\t\t\t\t\t\t<img loading=\"lazy\" decoding=\"async\" width=\"768\" height=\"1024\" src=\"https:\/\/www.gruenes-grenzland.net\/wp-content\/uploads\/2023\/05\/DBU-IStein-3-768x1024.jpg\" class=\"attachment-large size-large wp-image-11939\" alt=\"\" srcset=\"https:\/\/www.gruenes-grenzland.net\/wp-content\/uploads\/2023\/05\/DBU-IStein-3-768x1024.jpg 768w, https:\/\/www.gruenes-grenzland.net\/wp-content\/uploads\/2023\/05\/DBU-IStein-3-225x300.jpg 225w, https:\/\/www.gruenes-grenzland.net\/wp-content\/uploads\/2023\/05\/DBU-IStein-3-1152x1536.jpg 1152w, https:\/\/www.gruenes-grenzland.net\/wp-content\/uploads\/2023\/05\/DBU-IStein-3-9x12.jpg 9w, https:\/\/www.gruenes-grenzland.net\/wp-content\/uploads\/2023\/05\/DBU-IStein-3.jpg 1536w\" sizes=\"(max-width: 768px) 100vw, 768px\" \/>\t\t\t\t\t\t\t\t\t\t\t<figcaption class=\"widget-image-caption wp-caption-text\">Freifl\u00e4che im weitl\u00e4ufigen Waldgebiet<\/figcaption>\n\t\t\t\t\t\t\t\t\t\t<\/figure>\n\t\t\t\t\t\t\t\t\t<\/div>\n\t\t\t\t<\/div>\n\t\t\t\t\t<\/div>\n\t\t<\/div>\n\t\t\t\t<div class=\"elementor-column elementor-col-25 elementor-top-column elementor-element elementor-element-a28f627\" data-id=\"a28f627\" data-element_type=\"column\" data-e-type=\"column\">\n\t\t\t<div class=\"elementor-widget-wrap elementor-element-populated\">\n\t\t\t\t\t\t<div class=\"elementor-element elementor-element-a19f660 elementor-widget elementor-widget-image\" data-id=\"a19f660\" data-element_type=\"widget\" data-e-type=\"widget\" data-widget_type=\"image.default\">\n\t\t\t\t<div class=\"elementor-widget-container\">\n\t\t\t\t\t\t\t\t\t\t\t\t<figure class=\"wp-caption\">\n\t\t\t\t\t\t\t\t\t\t<img loading=\"lazy\" decoding=\"async\" width=\"768\" height=\"1024\" src=\"https:\/\/www.gruenes-grenzland.net\/wp-content\/uploads\/2023\/05\/Opgegeven-bos-met-veel-Amerikaanse-vogelskers-Ab-Woudstra-768x1024.jpg\" class=\"attachment-large size-large wp-image-11940\" alt=\"\" srcset=\"https:\/\/www.gruenes-grenzland.net\/wp-content\/uploads\/2023\/05\/Opgegeven-bos-met-veel-Amerikaanse-vogelskers-Ab-Woudstra-768x1024.jpg 768w, https:\/\/www.gruenes-grenzland.net\/wp-content\/uploads\/2023\/05\/Opgegeven-bos-met-veel-Amerikaanse-vogelskers-Ab-Woudstra-225x300.jpg 225w, https:\/\/www.gruenes-grenzland.net\/wp-content\/uploads\/2023\/05\/Opgegeven-bos-met-veel-Amerikaanse-vogelskers-Ab-Woudstra-1152x1536.jpg 1152w, https:\/\/www.gruenes-grenzland.net\/wp-content\/uploads\/2023\/05\/Opgegeven-bos-met-veel-Amerikaanse-vogelskers-Ab-Woudstra-1536x2048.jpg 1536w, https:\/\/www.gruenes-grenzland.net\/wp-content\/uploads\/2023\/05\/Opgegeven-bos-met-veel-Amerikaanse-vogelskers-Ab-Woudstra-9x12.jpg 9w, https:\/\/www.gruenes-grenzland.net\/wp-content\/uploads\/2023\/05\/Opgegeven-bos-met-veel-Amerikaanse-vogelskers-Ab-Woudstra-scaled.jpg 1920w\" sizes=\"(max-width: 768px) 100vw, 768px\" \/>\t\t\t\t\t\t\t\t\t\t\t<figcaption class=\"widget-image-caption wp-caption-text\">H\u00e4ufiger Exot: Amerikanische Traubenkirsche <\/figcaption>\n\t\t\t\t\t\t\t\t\t\t<\/figure>\n\t\t\t\t\t\t\t\t\t<\/div>\n\t\t\t\t<\/div>\n\t\t\t\t\t<\/div>\n\t\t<\/div>\n\t\t\t\t<div class=\"elementor-column elementor-col-25 elementor-top-column elementor-element elementor-element-4e835f0\" data-id=\"4e835f0\" data-element_type=\"column\" data-e-type=\"column\">\n\t\t\t<div class=\"elementor-widget-wrap elementor-element-populated\">\n\t\t\t\t\t\t<div class=\"elementor-element elementor-element-49c96d8 elementor-widget elementor-widget-image\" data-id=\"49c96d8\" data-element_type=\"widget\" data-e-type=\"widget\" data-widget_type=\"image.default\">\n\t\t\t\t<div class=\"elementor-widget-container\">\n\t\t\t\t\t\t\t\t\t\t\t\t<figure class=\"wp-caption\">\n\t\t\t\t\t\t\t\t\t\t<img loading=\"lazy\" decoding=\"async\" width=\"768\" height=\"1024\" src=\"https:\/\/www.gruenes-grenzland.net\/wp-content\/uploads\/2023\/05\/DBURegen-auffangbecken-IStein-768x1024.jpg\" class=\"attachment-large size-large wp-image-11941\" alt=\"\" srcset=\"https:\/\/www.gruenes-grenzland.net\/wp-content\/uploads\/2023\/05\/DBURegen-auffangbecken-IStein-768x1024.jpg 768w, https:\/\/www.gruenes-grenzland.net\/wp-content\/uploads\/2023\/05\/DBURegen-auffangbecken-IStein-225x300.jpg 225w, https:\/\/www.gruenes-grenzland.net\/wp-content\/uploads\/2023\/05\/DBURegen-auffangbecken-IStein-1152x1536.jpg 1152w, https:\/\/www.gruenes-grenzland.net\/wp-content\/uploads\/2023\/05\/DBURegen-auffangbecken-IStein-9x12.jpg 9w, https:\/\/www.gruenes-grenzland.net\/wp-content\/uploads\/2023\/05\/DBURegen-auffangbecken-IStein.jpg 1536w\" sizes=\"(max-width: 768px) 100vw, 768px\" \/>\t\t\t\t\t\t\t\t\t\t\t<figcaption class=\"widget-image-caption wp-caption-text\">Regenwasserpuffer, oft trocken, jetzt aber wasserhaltig<\/figcaption>\n\t\t\t\t\t\t\t\t\t\t<\/figure>\n\t\t\t\t\t\t\t\t\t<\/div>\n\t\t\t\t<\/div>\n\t\t\t\t\t<\/div>\n\t\t<\/div>\n\t\t\t\t\t<\/div>\n\t\t<\/section>\n\t\t\t\t<section class=\"elementor-section elementor-top-section elementor-element elementor-element-a715a59 elementor-section-boxed elementor-section-height-default elementor-section-height-default\" data-id=\"a715a59\" data-element_type=\"section\" data-e-type=\"section\">\n\t\t\t\t\t\t<div class=\"elementor-container elementor-column-gap-default\">\n\t\t\t\t\t<div class=\"elementor-column elementor-col-100 elementor-top-column elementor-element elementor-element-e7ecd98\" data-id=\"e7ecd98\" data-element_type=\"column\" data-e-type=\"column\">\n\t\t\t<div class=\"elementor-widget-wrap\">\n\t\t\t\t\t\t\t<\/div>\n\t\t<\/div>\n\t\t\t\t\t<\/div>\n\t\t<\/section>\n\t\t\t\t<section class=\"elementor-section elementor-top-section elementor-element elementor-element-e8d6703 elementor-section-boxed elementor-section-height-default elementor-section-height-default\" data-id=\"e8d6703\" data-element_type=\"section\" data-e-type=\"section\">\n\t\t\t\t\t\t<div class=\"elementor-container elementor-column-gap-default\">\n\t\t\t\t\t<div class=\"elementor-column elementor-col-100 elementor-top-column elementor-element elementor-element-42b62b3\" data-id=\"42b62b3\" data-element_type=\"column\" data-e-type=\"column\">\n\t\t\t<div class=\"elementor-widget-wrap elementor-element-populated\">\n\t\t\t\t\t\t<div class=\"elementor-element elementor-element-c77cfef elementor-widget elementor-widget-text-editor\" data-id=\"c77cfef\" data-element_type=\"widget\" data-e-type=\"widget\" data-widget_type=\"text-editor.default\">\n\t\t\t\t<div class=\"elementor-widget-container\">\n\t\t\t\t\t\t\t\t\t<p>Das Naturschutzgebiet ist derzeit unter anderem Lebensraum des Ziegenmelkers. Das Gebiet ist von gro\u00dfer Bedeutung f\u00fcr die Natur und bietet gro\u00dfe M\u00f6glichkeiten f\u00fcr die Naturentwicklung. Eine gro\u00dfe Bedrohung ist neben der Austrocknung und dem Vorkommen von Exoten (wie der Amerikanischen Traubenkirsche) nat\u00fcrlich die Entwicklung des riesigen Industriegebiets mit den Mega-Windkraftanlagen.<\/p>\t\t\t\t\t\t\t\t<\/div>\n\t\t\t\t<\/div>\n\t\t\t\t<div class=\"elementor-element elementor-element-d4697ef elementor-widget-divider--view-line elementor-widget elementor-widget-divider\" data-id=\"d4697ef\" data-element_type=\"widget\" data-e-type=\"widget\" data-widget_type=\"divider.default\">\n\t\t\t\t<div class=\"elementor-widget-container\">\n\t\t\t\t\t\t\t<div class=\"elementor-divider\">\n\t\t\t<span class=\"elementor-divider-separator\">\n\t\t\t\t\t\t<\/span>\n\t\t<\/div>\n\t\t\t\t\t\t<\/div>\n\t\t\t\t<\/div>\n\t\t\t\t\t<\/div>\n\t\t<\/div>\n\t\t\t\t\t<\/div>\n\t\t<\/section>\n\t\t\t\t<section class=\"elementor-section elementor-top-section elementor-element elementor-element-9cf1015 elementor-section-boxed elementor-section-height-default elementor-section-height-default\" data-id=\"9cf1015\" data-element_type=\"section\" data-e-type=\"section\">\n\t\t\t\t\t\t<div class=\"elementor-container elementor-column-gap-default\">\n\t\t\t\t\t<div class=\"elementor-column elementor-col-50 elementor-top-column elementor-element elementor-element-a720b7a\" data-id=\"a720b7a\" data-element_type=\"column\" data-e-type=\"column\">\n\t\t\t<div class=\"elementor-widget-wrap elementor-element-populated\">\n\t\t\t\t\t\t<div class=\"elementor-element elementor-element-7c23b13 elementor-widget elementor-widget-text-editor\" data-id=\"7c23b13\" data-element_type=\"widget\" data-e-type=\"widget\" data-widget_type=\"text-editor.default\">\n\t\t\t\t<div class=\"elementor-widget-container\">\n\t\t\t\t\t\t\t\t\t<p><strong>Treffen mit der Basis<\/strong><\/p>\t\t\t\t\t\t\t\t<\/div>\n\t\t\t\t<\/div>\n\t\t\t\t\t<\/div>\n\t\t<\/div>\n\t\t\t\t<div class=\"elementor-column elementor-col-50 elementor-top-column elementor-element elementor-element-eb460f3\" data-id=\"eb460f3\" data-element_type=\"column\" data-e-type=\"column\">\n\t\t\t<div class=\"elementor-widget-wrap elementor-element-populated\">\n\t\t\t\t\t\t<div class=\"elementor-element elementor-element-6ba4e59 elementor-widget elementor-widget-menu-anchor\" data-id=\"6ba4e59\" data-element_type=\"widget\" data-e-type=\"widget\" data-widget_type=\"menu-anchor.default\">\n\t\t\t\t<div class=\"elementor-widget-container\">\n\t\t\t\t\t\t\t<div class=\"elementor-menu-anchor\" id=\"2023-3\"><\/div>\n\t\t\t\t\t\t<\/div>\n\t\t\t\t<\/div>\n\t\t\t\t\t<\/div>\n\t\t<\/div>\n\t\t\t\t\t<\/div>\n\t\t<\/section>\n\t\t\t\t<section class=\"elementor-section elementor-top-section elementor-element elementor-element-4787267 elementor-section-boxed elementor-section-height-default elementor-section-height-default\" data-id=\"4787267\" data-element_type=\"section\" data-e-type=\"section\">\n\t\t\t\t\t\t<div class=\"elementor-container elementor-column-gap-default\">\n\t\t\t\t\t<div class=\"elementor-column elementor-col-50 elementor-top-column elementor-element elementor-element-f9d525c\" data-id=\"f9d525c\" data-element_type=\"column\" data-e-type=\"column\">\n\t\t\t<div class=\"elementor-widget-wrap elementor-element-populated\">\n\t\t\t\t\t\t<div class=\"elementor-element elementor-element-708a1a4 elementor-widget elementor-widget-text-editor\" data-id=\"708a1a4\" data-element_type=\"widget\" data-e-type=\"widget\" data-widget_type=\"text-editor.default\">\n\t\t\t\t<div class=\"elementor-widget-container\">\n\t\t\t\t\t\t\t\t\t<p>Op zaterdag<strong> 22 april<\/strong> Am Samstag, den 22. April, trafen wir uns als Gr\u00fcnes Grenzland  erneut. Diesmal fand das Treffen in Elmpt statt. <br \/>Irina Stein, unsere Vorsitzende, begr\u00fc\u00dfte die Mitglieder von G\u00fcnes Grenzland, die erfreulicherweise wieder in gro\u00dfer Zahl erschienen waren.<br \/><span style=\"font-style: inherit; font-weight: inherit; background-color: var(--ast-global-color-4); color: var(--ast-global-color-3);\">Thomas Seerden erl\u00e4uterte den Stand der eingereichten Stellungnahmen. Die Gemeinde Niederkr\u00fcchten hat nun auf ihrer Website eine Frage-Antwort-Seite zu den eingereichten Pl\u00e4nen eingerichtet. Dort wird auf die meisten Einw\u00e4nde kurz eingegangen, die dann mit den alten, bereits widerlegten Argumenten begr\u00fcndet werden. Wir werden in n\u00e4chster Zeit darauf zur\u00fcckkommen.\u00a0<\/span><span style=\"font-style: inherit; font-weight: inherit; color: var(--ast-global-color-3); background-color: var(--ast-global-color-4);\">\u00dcbrigens wurden von den Anwesenden sehr sinnvolle neue Argumente eingebracht, auch im Bereich der Wasseraufbereitung und des Wohnungsbaus, auf die wir noch eingehen werden.<br \/><\/span><span style=\"background-color: var(--ast-global-color-4); color: var(--ast-global-color-3); font-style: inherit; font-weight: inherit;\">Andreas Fink ging auf den Stand der weiteren Aktivit\u00e4ten des Vorstandes nach der formellen Gr\u00fcndung des Vereins am 1. M\u00e4rz 2023 ein.<br \/><\/span><span style=\"background-color: var(--ast-global-color-4); color: var(--ast-global-color-3); font-style: inherit; font-weight: inherit;\">Karin Schubert und Simone Woltery gaben ein Update zum Stand der Aufkleber und Banner. Es ist beabsichtigt, eine Postkarte oder eine Neuauflage des fr\u00fcher ver\u00f6ffentlichten Flugblatts zu verteilen.<br \/><\/span><span style=\"background-color: var(--ast-global-color-4); color: var(--ast-global-color-3); font-style: inherit; font-weight: inherit;\">Das n\u00e4chste Treffen findet am 13. Mai 2023 um 14 Uhr in der Pizzeria Miami, Adam-Houx-Str.14 in Elmpt statt.<\/span><\/p>\t\t\t\t\t\t\t\t<\/div>\n\t\t\t\t<\/div>\n\t\t\t\t\t<\/div>\n\t\t<\/div>\n\t\t\t\t<div class=\"elementor-column elementor-col-50 elementor-top-column elementor-element elementor-element-edd7d34\" data-id=\"edd7d34\" data-element_type=\"column\" data-e-type=\"column\">\n\t\t\t<div class=\"elementor-widget-wrap elementor-element-populated\">\n\t\t\t\t\t\t<div class=\"elementor-element elementor-element-fc9624c elementor-widget elementor-widget-image\" data-id=\"fc9624c\" data-element_type=\"widget\" data-e-type=\"widget\" data-widget_type=\"image.default\">\n\t\t\t\t<div class=\"elementor-widget-container\">\n\t\t\t\t\t\t\t\t\t\t\t\t<figure class=\"wp-caption\">\n\t\t\t\t\t\t\t\t\t\t<img loading=\"lazy\" decoding=\"async\" width=\"1024\" height=\"697\" src=\"https:\/\/www.gruenes-grenzland.net\/wp-content\/uploads\/2023\/04\/Banner-opgehangen-bij-parkeerplaats-in-Elmpt-1024x697.jpg\" class=\"attachment-large size-large wp-image-11556\" alt=\"\" srcset=\"https:\/\/www.gruenes-grenzland.net\/wp-content\/uploads\/2023\/04\/Banner-opgehangen-bij-parkeerplaats-in-Elmpt-1024x697.jpg 1024w, https:\/\/www.gruenes-grenzland.net\/wp-content\/uploads\/2023\/04\/Banner-opgehangen-bij-parkeerplaats-in-Elmpt-300x204.jpg 300w, https:\/\/www.gruenes-grenzland.net\/wp-content\/uploads\/2023\/04\/Banner-opgehangen-bij-parkeerplaats-in-Elmpt-768x522.jpg 768w, https:\/\/www.gruenes-grenzland.net\/wp-content\/uploads\/2023\/04\/Banner-opgehangen-bij-parkeerplaats-in-Elmpt-1536x1045.jpg 1536w, https:\/\/www.gruenes-grenzland.net\/wp-content\/uploads\/2023\/04\/Banner-opgehangen-bij-parkeerplaats-in-Elmpt-2048x1393.jpg 2048w, https:\/\/www.gruenes-grenzland.net\/wp-content\/uploads\/2023\/04\/Banner-opgehangen-bij-parkeerplaats-in-Elmpt-18x12.jpg 18w\" sizes=\"(max-width: 1024px) 100vw, 1024px\" \/>\t\t\t\t\t\t\t\t\t\t\t<figcaption class=\"widget-image-caption wp-caption-text\">Unser Banner ist an immer mehr Orten in Elmpt zu sehen<\/figcaption>\n\t\t\t\t\t\t\t\t\t\t<\/figure>\n\t\t\t\t\t\t\t\t\t<\/div>\n\t\t\t\t<\/div>\n\t\t\t\t\t<\/div>\n\t\t<\/div>\n\t\t\t\t\t<\/div>\n\t\t<\/section>\n\t\t\t\t<section class=\"elementor-section elementor-top-section elementor-element elementor-element-b5bcf39 elementor-section-boxed elementor-section-height-default elementor-section-height-default\" data-id=\"b5bcf39\" data-element_type=\"section\" data-e-type=\"section\">\n\t\t\t\t\t\t<div class=\"elementor-container elementor-column-gap-default\">\n\t\t\t\t\t<div class=\"elementor-column elementor-col-100 elementor-top-column elementor-element elementor-element-d62a970\" data-id=\"d62a970\" data-element_type=\"column\" data-e-type=\"column\">\n\t\t\t<div class=\"elementor-widget-wrap elementor-element-populated\">\n\t\t\t\t\t\t<div class=\"elementor-element elementor-element-47ac794 elementor-widget-divider--view-line elementor-widget elementor-widget-divider\" data-id=\"47ac794\" data-element_type=\"widget\" data-e-type=\"widget\" data-widget_type=\"divider.default\">\n\t\t\t\t<div class=\"elementor-widget-container\">\n\t\t\t\t\t\t\t<div class=\"elementor-divider\">\n\t\t\t<span class=\"elementor-divider-separator\">\n\t\t\t\t\t\t<\/span>\n\t\t<\/div>\n\t\t\t\t\t\t<\/div>\n\t\t\t\t<\/div>\n\t\t\t\t\t<\/div>\n\t\t<\/div>\n\t\t\t\t\t<\/div>\n\t\t<\/section>\n\t\t\t\t<section class=\"elementor-section elementor-top-section elementor-element elementor-element-27876ec elementor-section-boxed elementor-section-height-default elementor-section-height-default\" data-id=\"27876ec\" data-element_type=\"section\" data-e-type=\"section\">\n\t\t\t\t\t\t<div class=\"elementor-container elementor-column-gap-default\">\n\t\t\t\t\t<div class=\"elementor-column elementor-col-50 elementor-top-column elementor-element elementor-element-1239e33\" data-id=\"1239e33\" data-element_type=\"column\" data-e-type=\"column\">\n\t\t\t<div class=\"elementor-widget-wrap elementor-element-populated\">\n\t\t\t\t\t\t<div class=\"elementor-element elementor-element-8b2d0a0 elementor-widget elementor-widget-text-editor\" data-id=\"8b2d0a0\" data-element_type=\"widget\" data-e-type=\"widget\" data-widget_type=\"text-editor.default\">\n\t\t\t\t<div class=\"elementor-widget-container\">\n\t\t\t\t\t\t\t\t\t<h5 class=\"elementor-heading-title elementor-size-default\">Ansichten Bebauungsplan Elm-131 \"Javelin Park Ost<\/h5>\t\t\t\t\t\t\t\t<\/div>\n\t\t\t\t<\/div>\n\t\t\t\t\t<\/div>\n\t\t<\/div>\n\t\t\t\t<div class=\"elementor-column elementor-col-50 elementor-top-column elementor-element elementor-element-b0a023d\" data-id=\"b0a023d\" data-element_type=\"column\" data-e-type=\"column\">\n\t\t\t<div class=\"elementor-widget-wrap elementor-element-populated\">\n\t\t\t\t\t\t<div class=\"elementor-element elementor-element-bb781a0 elementor-widget elementor-widget-menu-anchor\" data-id=\"bb781a0\" data-element_type=\"widget\" data-e-type=\"widget\" data-widget_type=\"menu-anchor.default\">\n\t\t\t\t<div class=\"elementor-widget-container\">\n\t\t\t\t\t\t\t<div class=\"elementor-menu-anchor\" id=\"2023-2\"><\/div>\n\t\t\t\t\t\t<\/div>\n\t\t\t\t<\/div>\n\t\t\t\t\t<\/div>\n\t\t<\/div>\n\t\t\t\t\t<\/div>\n\t\t<\/section>\n\t\t\t\t<section class=\"elementor-section elementor-top-section elementor-element elementor-element-1b66d2b elementor-section-boxed elementor-section-height-default elementor-section-height-default\" data-id=\"1b66d2b\" data-element_type=\"section\" data-e-type=\"section\">\n\t\t\t\t\t\t<div class=\"elementor-container elementor-column-gap-default\">\n\t\t\t\t\t<div class=\"elementor-column elementor-col-50 elementor-top-column elementor-element elementor-element-67bb28d\" data-id=\"67bb28d\" data-element_type=\"column\" data-e-type=\"column\">\n\t\t\t<div class=\"elementor-widget-wrap elementor-element-populated\">\n\t\t\t\t\t\t<div class=\"elementor-element elementor-element-520e3d4 elementor-widget elementor-widget-text-editor\" data-id=\"520e3d4\" data-element_type=\"widget\" data-e-type=\"widget\" data-widget_type=\"text-editor.default\">\n\t\t\t\t<div class=\"elementor-widget-container\">\n\t\t\t\t\t\t\t\t\t<p class=\" translation-block\">Das Treffen von Groen Grensland am 4. M\u00e4rz war sehr erfolgreich. Mehr als 40 Personen waren anwesend. Karin Schubert sprach ein Gru\u00dfwort, im Anschluss gab Thomas Seringen eine Zusammenfassung der uns bekannten 90 Ansichten, siehe <a style=\"font-size: 1rem\" href=\"https:\/\/www.gruenes-grenzland.net\/wp-content\/uploads\/2023\/03\/ZusammenfassungAusdruck_230303-Thomas-Seerden-1.pdf\" target=\"_blank\" rel=\"noopener\">HIER<\/a>\u00a0.<br><\/p><p><span style=\"font-style: inherit; font-weight: inherit; background-color: var(--ast-global-color-4); color: var(--ast-global-color-3);\">Anschlie\u00dfend erl\u00e4uterten Simone Woltery und Karin Schubert die bevorstehenden Aktivit\u00e4ten.<br \/>Die nun fertigen Banner wurden ebenfalls an die Teilnehmer verteilt.<br \/><\/span><span style=\"background-color: var(--ast-global-color-4); color: var(--ast-global-color-3); font-style: inherit; font-weight: inherit;\">Alles in allem eine gelungene Veranstaltung.<\/span><\/p><p><span style=\"font-style: inherit; font-weight: inherit; background-color: var(--ast-global-color-4); color: var(--ast-global-color-3);\">Das n\u00e4chste Treffen von Gr\u00fcnes Grenzland wird am 22. April 2023 stattfinden.\u00a0<br \/><\/span><span style=\"font-style: inherit; font-weight: inherit; background-color: var(--ast-global-color-4); color: var(--ast-global-color-3);\">Plaats:\u00a0<br \/>Dieses Mal in der Pizzeria Miami auf dem Laurentiusmarkt, Adam-Houx-Str.\n&gt; 14, in Elmpt.<\/span><span style=\"font-style: inherit; font-weight: inherit; background-color: var(--ast-global-color-4); color: var(--ast-global-color-3);\">\u00a0 in Elmpt<br \/><\/span><span style=\"font-style: inherit; font-weight: inherit; background-color: var(--ast-global-color-4); color: var(--ast-global-color-3);\">Uhrzeit: 14 Uhr.<\/span><\/p>\t\t\t\t\t\t\t\t<\/div>\n\t\t\t\t<\/div>\n\t\t\t\t\t<\/div>\n\t\t<\/div>\n\t\t\t\t<div class=\"elementor-column elementor-col-50 elementor-top-column elementor-element elementor-element-432eef3\" data-id=\"432eef3\" data-element_type=\"column\" data-e-type=\"column\">\n\t\t\t<div class=\"elementor-widget-wrap elementor-element-populated\">\n\t\t\t\t\t\t<div class=\"elementor-element elementor-element-7b0d791 elementor-widget elementor-widget-image\" data-id=\"7b0d791\" data-element_type=\"widget\" data-e-type=\"widget\" data-widget_type=\"image.default\">\n\t\t\t\t<div class=\"elementor-widget-container\">\n\t\t\t\t\t\t\t\t\t\t\t\t\t\t\t<img loading=\"lazy\" decoding=\"async\" width=\"1024\" height=\"576\" src=\"https:\/\/www.gruenes-grenzland.net\/wp-content\/uploads\/2023\/03\/Groen-Grensland-Oberkruchten-04-03-2023-1024x576.jpg\" class=\"attachment-large size-large wp-image-11352\" alt=\"\" srcset=\"https:\/\/www.gruenes-grenzland.net\/wp-content\/uploads\/2023\/03\/Groen-Grensland-Oberkruchten-04-03-2023-1024x576.jpg 1024w, https:\/\/www.gruenes-grenzland.net\/wp-content\/uploads\/2023\/03\/Groen-Grensland-Oberkruchten-04-03-2023-300x169.jpg 300w, https:\/\/www.gruenes-grenzland.net\/wp-content\/uploads\/2023\/03\/Groen-Grensland-Oberkruchten-04-03-2023-768x432.jpg 768w, https:\/\/www.gruenes-grenzland.net\/wp-content\/uploads\/2023\/03\/Groen-Grensland-Oberkruchten-04-03-2023-1536x864.jpg 1536w, https:\/\/www.gruenes-grenzland.net\/wp-content\/uploads\/2023\/03\/Groen-Grensland-Oberkruchten-04-03-2023-2048x1152.jpg 2048w, https:\/\/www.gruenes-grenzland.net\/wp-content\/uploads\/2023\/03\/Groen-Grensland-Oberkruchten-04-03-2023-18x10.jpg 18w\" sizes=\"(max-width: 1024px) 100vw, 1024px\" \/>\t\t\t\t\t\t\t\t\t\t\t\t\t\t\t<\/div>\n\t\t\t\t<\/div>\n\t\t\t\t\t<\/div>\n\t\t<\/div>\n\t\t\t\t\t<\/div>\n\t\t<\/section>\n\t\t\t\t<section class=\"elementor-section elementor-top-section elementor-element elementor-element-97dc886 elementor-section-boxed elementor-section-height-default elementor-section-height-default\" data-id=\"97dc886\" data-element_type=\"section\" data-e-type=\"section\">\n\t\t\t\t\t\t<div class=\"elementor-container elementor-column-gap-default\">\n\t\t\t\t\t<div class=\"elementor-column elementor-col-100 elementor-top-column elementor-element elementor-element-a4efae2\" data-id=\"a4efae2\" data-element_type=\"column\" data-e-type=\"column\">\n\t\t\t<div class=\"elementor-widget-wrap elementor-element-populated\">\n\t\t\t\t\t\t<div class=\"elementor-element elementor-element-4aa8aeb elementor-widget-divider--view-line elementor-widget elementor-widget-divider\" data-id=\"4aa8aeb\" data-element_type=\"widget\" data-e-type=\"widget\" data-widget_type=\"divider.default\">\n\t\t\t\t<div class=\"elementor-widget-container\">\n\t\t\t\t\t\t\t<div class=\"elementor-divider\">\n\t\t\t<span class=\"elementor-divider-separator\">\n\t\t\t\t\t\t<\/span>\n\t\t<\/div>\n\t\t\t\t\t\t<\/div>\n\t\t\t\t<\/div>\n\t\t\t\t\t<\/div>\n\t\t<\/div>\n\t\t\t\t\t<\/div>\n\t\t<\/section>\n\t\t\t\t<section class=\"elementor-section elementor-top-section elementor-element elementor-element-8d0189b elementor-section-boxed elementor-section-height-default elementor-section-height-default\" data-id=\"8d0189b\" data-element_type=\"section\" data-e-type=\"section\">\n\t\t\t\t\t\t<div class=\"elementor-container elementor-column-gap-default\">\n\t\t\t\t\t<div class=\"elementor-column elementor-col-50 elementor-top-column elementor-element elementor-element-43a1eab\" data-id=\"43a1eab\" data-element_type=\"column\" data-e-type=\"column\">\n\t\t\t<div class=\"elementor-widget-wrap elementor-element-populated\">\n\t\t\t\t\t\t<div class=\"elementor-element elementor-element-a4724c4 elementor-widget elementor-widget-text-editor\" data-id=\"a4724c4\" data-element_type=\"widget\" data-e-type=\"widget\" data-widget_type=\"text-editor.default\">\n\t\t\t\t<div class=\"elementor-widget-container\">\n\t\t\t\t\t\t\t\t\t<p>Am 28. Januar 2023 trafen wir uns als Gr\u00fcnes Grenzland in Oberkr\u00fcchten, um die Pl\u00e4ne f\u00fcr den ehemaligen Flugplatz zu besprechen.<\/p><p><span style=\"font-style: inherit; font-weight: inherit; background-color: var(--ast-global-color-4);\">Hans Heijnen erl\u00e4uterte den allgemeinen Widerspruchsbescheid, den Sie hier finden:\u00a0<br \/><\/span><a style=\"font-style: inherit; font-weight: inherit;\" href=\"https:\/\/www.gruenes-grenzland.net\/wp-content\/uploads\/2023\/02\/Presentatie-Bezwaarschrift-Oberkruechten-28-januari-2023.pdf\">https:\/\/www.gruenes-grenzland.net\/wp-content\/uploads\/2023\/02\/Presentatie-Bezwaarschrift-Oberkruechten-28-januari-2023.pdf<\/a><\/p><p>Das n\u00e4chste Treffen von Gr\u00fcnes Grenzland wird am 4. M\u00e4rz 2023 stattfinden. <br \/>Standort: Oberkr\u00fcchten, An der Meer 100.<br \/>Uhrzeit: 14 Uhr.<br \/><span style=\"font-style: inherit; font-weight: inherit; background-color: var(--ast-global-color-4); color: var(--ast-global-color-3);\">Die Tagesordnung wird rechtzeitig bekannt gegeben. Es ist zu hoffen, dass die Teilnehmerzahl \u00e4hnlich hoch sein wird wie bei der letzten Sitzung.<\/span><\/p>\t\t\t\t\t\t\t\t<\/div>\n\t\t\t\t<\/div>\n\t\t\t\t\t<\/div>\n\t\t<\/div>\n\t\t\t\t<div class=\"elementor-column elementor-col-50 elementor-top-column elementor-element elementor-element-f384632\" data-id=\"f384632\" data-element_type=\"column\" data-e-type=\"column\">\n\t\t\t<div class=\"elementor-widget-wrap elementor-element-populated\">\n\t\t\t\t\t\t<div class=\"elementor-element elementor-element-15315a7 elementor-widget elementor-widget-image\" data-id=\"15315a7\" data-element_type=\"widget\" data-e-type=\"widget\" data-widget_type=\"image.default\">\n\t\t\t\t<div class=\"elementor-widget-container\">\n\t\t\t\t\t\t\t\t\t\t\t\t<figure class=\"wp-caption\">\n\t\t\t\t\t\t\t\t\t\t<img loading=\"lazy\" decoding=\"async\" width=\"1024\" height=\"724\" src=\"https:\/\/www.gruenes-grenzland.net\/wp-content\/uploads\/2023\/05\/Javelin-Park-Elmpt-in-die-Natur-1024x724.jpg\" class=\"attachment-large size-large wp-image-11560\" alt=\"\" srcset=\"https:\/\/www.gruenes-grenzland.net\/wp-content\/uploads\/2023\/05\/Javelin-Park-Elmpt-in-die-Natur-1024x724.jpg 1024w, https:\/\/www.gruenes-grenzland.net\/wp-content\/uploads\/2023\/05\/Javelin-Park-Elmpt-in-die-Natur-300x212.jpg 300w, https:\/\/www.gruenes-grenzland.net\/wp-content\/uploads\/2023\/05\/Javelin-Park-Elmpt-in-die-Natur-768x543.jpg 768w, https:\/\/www.gruenes-grenzland.net\/wp-content\/uploads\/2023\/05\/Javelin-Park-Elmpt-in-die-Natur-1536x1086.jpg 1536w, https:\/\/www.gruenes-grenzland.net\/wp-content\/uploads\/2023\/05\/Javelin-Park-Elmpt-in-die-Natur-2048x1448.jpg 2048w, https:\/\/www.gruenes-grenzland.net\/wp-content\/uploads\/2023\/05\/Javelin-Park-Elmpt-in-die-Natur-18x12.jpg 18w\" sizes=\"(max-width: 1024px) 100vw, 1024px\" \/>\t\t\t\t\t\t\t\t\t\t\t<figcaption class=\"widget-image-caption wp-caption-text\">Einer der Haupteinw\u00e4nde: Das geplante Gewerbegebiet in Elmpt f\u00fcgt sich nicht in die Gr\u00fcnstruktur dieser Grenzregion ein<\/figcaption>\n\t\t\t\t\t\t\t\t\t\t<\/figure>\n\t\t\t\t\t\t\t\t\t<\/div>\n\t\t\t\t<\/div>\n\t\t\t\t\t<\/div>\n\t\t<\/div>\n\t\t\t\t\t<\/div>\n\t\t<\/section>\n\t\t\t\t<section class=\"elementor-section elementor-top-section elementor-element elementor-element-412e6c5 elementor-section-boxed elementor-section-height-default elementor-section-height-default\" data-id=\"412e6c5\" data-element_type=\"section\" data-e-type=\"section\">\n\t\t\t\t\t\t<div class=\"elementor-container elementor-column-gap-default\">\n\t\t\t\t\t<div class=\"elementor-column elementor-col-100 elementor-top-column elementor-element elementor-element-0d1785a\" data-id=\"0d1785a\" data-element_type=\"column\" data-e-type=\"column\">\n\t\t\t<div class=\"elementor-widget-wrap elementor-element-populated\">\n\t\t\t\t\t\t<div class=\"elementor-element elementor-element-cc091a3 elementor-widget-divider--view-line elementor-widget elementor-widget-divider\" data-id=\"cc091a3\" data-element_type=\"widget\" data-e-type=\"widget\" data-widget_type=\"divider.default\">\n\t\t\t\t<div class=\"elementor-widget-container\">\n\t\t\t\t\t\t\t<div class=\"elementor-divider\">\n\t\t\t<span class=\"elementor-divider-separator\">\n\t\t\t\t\t\t<\/span>\n\t\t<\/div>\n\t\t\t\t\t\t<\/div>\n\t\t\t\t<\/div>\n\t\t\t\t\t<\/div>\n\t\t<\/div>\n\t\t\t\t\t<\/div>\n\t\t<\/section>\n\t\t\t\t<section class=\"elementor-section elementor-top-section elementor-element elementor-element-c56387c elementor-section-boxed elementor-section-height-default elementor-section-height-default\" data-id=\"c56387c\" data-element_type=\"section\" data-e-type=\"section\">\n\t\t\t\t\t\t<div class=\"elementor-container elementor-column-gap-default\">\n\t\t\t\t\t<div class=\"elementor-column elementor-col-50 elementor-top-column elementor-element elementor-element-f64cd2d\" data-id=\"f64cd2d\" data-element_type=\"column\" data-e-type=\"column\">\n\t\t\t<div class=\"elementor-widget-wrap elementor-element-populated\">\n\t\t\t\t\t\t<div class=\"elementor-element elementor-element-2f2e6f8 elementor-widget elementor-widget-text-editor\" data-id=\"2f2e6f8\" data-element_type=\"widget\" data-e-type=\"widget\" data-widget_type=\"text-editor.default\">\n\t\t\t\t<div class=\"elementor-widget-container\">\n\t\t\t\t\t\t\t\t\t<p>Am 28. Januar 2023 treffen wir uns erneut mit Groen Grensland um 14 Uhr in Oberkr\u00fcchten.<br><span style=\"font-style: inherit; font-weight: inherit; background-color: var(--ast-global-color-4); color: var(--ast-global-color-3);\">Vom 5. Januar bis zum 14. Februar 2023 werden die Pl\u00e4ne f\u00fcr die Megahallen zur \u00f6ffentlichen Einsichtnahme ausliegen. Jeder kann die M\u00f6glichkeit nutzen, eine Stellungnahme abzugeben.<\/span><\/p>\n<p>Wer plant, dies zu tun aber Schwierigkeiten hat, es richtig aufzuschreiben, dem m\u00f6chten wir gerne dabei helfen. Wenn Sie kommen m\u00f6chten, k\u00f6nnen Sie uns <a href=\"https:\/\/www.gruenes-grenzland.net\/doneren-groen-grensland\/\">HIER<\/a>&nbsp;Bescheid geben.<\/p>\n<p><br><\/p>\n<ul>\n<\/ul>\t\t\t\t\t\t\t\t<\/div>\n\t\t\t\t<\/div>\n\t\t\t\t\t<\/div>\n\t\t<\/div>\n\t\t\t\t<div class=\"elementor-column elementor-col-50 elementor-top-column elementor-element elementor-element-a44f91a\" data-id=\"a44f91a\" data-element_type=\"column\" data-e-type=\"column\">\n\t\t\t<div class=\"elementor-widget-wrap elementor-element-populated\">\n\t\t\t\t\t\t<div class=\"elementor-element elementor-element-9cd12e9 elementor-widget elementor-widget-image\" data-id=\"9cd12e9\" data-element_type=\"widget\" data-e-type=\"widget\" data-widget_type=\"image.default\">\n\t\t\t\t<div class=\"elementor-widget-container\">\n\t\t\t\t\t\t\t\t\t\t\t\t\t\t\t<img loading=\"lazy\" decoding=\"async\" width=\"1024\" height=\"718\" src=\"https:\/\/www.gruenes-grenzland.net\/wp-content\/uploads\/2023\/01\/Rheinische-Post2023-01-Ianuarii-14-1024x718.jpg\" class=\"attachment-large size-large wp-image-10485\" alt=\"\" srcset=\"https:\/\/www.gruenes-grenzland.net\/wp-content\/uploads\/2023\/01\/Rheinische-Post2023-01-Ianuarii-14-1024x718.jpg 1024w, https:\/\/www.gruenes-grenzland.net\/wp-content\/uploads\/2023\/01\/Rheinische-Post2023-01-Ianuarii-14-300x210.jpg 300w, https:\/\/www.gruenes-grenzland.net\/wp-content\/uploads\/2023\/01\/Rheinische-Post2023-01-Ianuarii-14-768x538.jpg 768w, https:\/\/www.gruenes-grenzland.net\/wp-content\/uploads\/2023\/01\/Rheinische-Post2023-01-Ianuarii-14-1536x1077.jpg 1536w, https:\/\/www.gruenes-grenzland.net\/wp-content\/uploads\/2023\/01\/Rheinische-Post2023-01-Ianuarii-14-18x12.jpg 18w, https:\/\/www.gruenes-grenzland.net\/wp-content\/uploads\/2023\/01\/Rheinische-Post2023-01-Ianuarii-14.jpg 1649w\" sizes=\"(max-width: 1024px) 100vw, 1024px\" \/>\t\t\t\t\t\t\t\t\t\t\t\t\t\t\t<\/div>\n\t\t\t\t<\/div>\n\t\t\t\t\t<\/div>\n\t\t<\/div>\n\t\t\t\t\t<\/div>\n\t\t<\/section>\n\t\t\t\t<section class=\"elementor-section elementor-top-section elementor-element elementor-element-e723ed6 elementor-section-boxed elementor-section-height-default elementor-section-height-default\" data-id=\"e723ed6\" data-element_type=\"section\" data-e-type=\"section\">\n\t\t\t\t\t\t<div class=\"elementor-container elementor-column-gap-default\">\n\t\t\t\t\t<div class=\"elementor-column elementor-col-100 elementor-top-column elementor-element elementor-element-fd7eb13\" data-id=\"fd7eb13\" data-element_type=\"column\" data-e-type=\"column\">\n\t\t\t<div class=\"elementor-widget-wrap elementor-element-populated\">\n\t\t\t\t\t\t<div class=\"elementor-element elementor-element-3f93849 elementor-widget elementor-widget-text-editor\" data-id=\"3f93849\" data-element_type=\"widget\" data-e-type=\"widget\" data-widget_type=\"text-editor.default\">\n\t\t\t\t<div class=\"elementor-widget-container\">\n\t\t\t\t\t\t\t\t\t<p><span style=\"font-style: inherit; font-weight: inherit; color: var(--ast-global-color-3); background-color: var(--ast-global-color-4);\">Wir werden alle relevanten Informationen einbeziehen - einschlie\u00dflich der Informationen, die auf der Informationsveranstaltung am 12. Januar vorgestellt wurden (siehe unten und Zeitungsausschnitt).\u00a0 W\u00e4hrend dieses Treffens wurden einige Punkte sehr deutlich, n\u00e4mlich\u00a0<\/span><span style=\"font-style: inherit; font-weight: inherit; color: var(--ast-global-color-3); background-color: var(--ast-global-color-4);\">:<\/span><\/p><ul><li><span style=\"font-style: inherit; font-weight: inherit; background-color: var(--ast-global-color-4); color: var(--ast-global-color-3);\">Durch die Aufteilung des Plans in zwei Teile kommt es zu einer Salamitaktik: nicht 11.000 Kraftfahrzeuge pro Tag an neuem Verkehr, sondern \u00fcber 22.000 Kraftfahrzeuge pro Tag werden die tats\u00e4chliche Realit\u00e4t sein. Dies bedeutet, dass alle damit verbundenen Umweltauswirkungen weit untersch\u00e4tzt wurden. Das Gleiche gilt f\u00fcr die L\u00e4rmbel\u00e4stigung, die Feinstaubemissionen und die Ablagerung von Stickstoffstaub in wichtigen Naturgebieten;<\/span><\/li><li><span style=\"font-style: inherit; font-weight: inherit; background-color: var(--ast-global-color-4); color: var(--ast-global-color-3);\">d<\/span><span style=\"font-style: inherit; font-weight: inherit; background-color: var(--ast-global-color-4); color: var(--ast-global-color-3);\">at ondanks deze zeer forse toename van het verkeer de burgemeester dit niet wil communiceren met zijn Nederlandse buren. Hij vond de vertaling\u00a0 in het Nederlands namelijk niet nodig;<\/span><\/li><li><span style=\"font-style: inherit; font-weight: inherit; background-color: var(--ast-global-color-4); color: var(--ast-global-color-3);\">dass die verwendeten Kartierungsdaten zur Flora und insbesondere zur Fauna unvollst\u00e4ndig sind.<\/span><\/li><\/ul>\t\t\t\t\t\t\t\t<\/div>\n\t\t\t\t<\/div>\n\t\t\t\t\t<\/div>\n\t\t<\/div>\n\t\t\t\t\t<\/div>\n\t\t<\/section>\n\t\t\t\t<section class=\"elementor-section elementor-top-section elementor-element elementor-element-692fdfa elementor-section-boxed elementor-section-height-default elementor-section-height-default\" data-id=\"692fdfa\" data-element_type=\"section\" data-e-type=\"section\">\n\t\t\t\t\t\t<div class=\"elementor-container elementor-column-gap-default\">\n\t\t\t\t\t<div class=\"elementor-column elementor-col-100 elementor-top-column elementor-element elementor-element-533329c\" data-id=\"533329c\" data-element_type=\"column\" data-e-type=\"column\">\n\t\t\t<div class=\"elementor-widget-wrap elementor-element-populated\">\n\t\t\t\t\t\t<div class=\"elementor-element elementor-element-b24ae0f elementor-widget-divider--view-line elementor-widget elementor-widget-divider\" data-id=\"b24ae0f\" data-element_type=\"widget\" data-e-type=\"widget\" data-widget_type=\"divider.default\">\n\t\t\t\t<div class=\"elementor-widget-container\">\n\t\t\t\t\t\t\t<div class=\"elementor-divider\">\n\t\t\t<span class=\"elementor-divider-separator\">\n\t\t\t\t\t\t<\/span>\n\t\t<\/div>\n\t\t\t\t\t\t<\/div>\n\t\t\t\t<\/div>\n\t\t\t\t\t<\/div>\n\t\t<\/div>\n\t\t\t\t\t<\/div>\n\t\t<\/section>\n\t\t\t\t<section class=\"elementor-section elementor-top-section elementor-element elementor-element-c5f0362 elementor-section-boxed elementor-section-height-default elementor-section-height-default\" data-id=\"c5f0362\" data-element_type=\"section\" data-e-type=\"section\">\n\t\t\t\t\t\t<div class=\"elementor-container elementor-column-gap-default\">\n\t\t\t\t\t<div class=\"elementor-column elementor-col-50 elementor-top-column elementor-element elementor-element-67a1f01\" data-id=\"67a1f01\" data-element_type=\"column\" data-e-type=\"column\">\n\t\t\t<div class=\"elementor-widget-wrap elementor-element-populated\">\n\t\t\t\t\t\t<div class=\"elementor-element elementor-element-345bf45 elementor-widget elementor-widget-text-editor\" data-id=\"345bf45\" data-element_type=\"widget\" data-e-type=\"widget\" data-widget_type=\"text-editor.default\">\n\t\t\t\t<div class=\"elementor-widget-container\">\n\t\t\t\t\t\t\t\t\t<p><strong>\u00d6ffentliche Pr\u00e4sentation und Anh\u00f6rung <\/strong><\/p>\t\t\t\t\t\t\t\t<\/div>\n\t\t\t\t<\/div>\n\t\t\t\t\t<\/div>\n\t\t<\/div>\n\t\t\t\t<div class=\"elementor-column elementor-col-50 elementor-top-column elementor-element elementor-element-91634fc\" data-id=\"91634fc\" data-element_type=\"column\" data-e-type=\"column\">\n\t\t\t<div class=\"elementor-widget-wrap elementor-element-populated\">\n\t\t\t\t\t\t<div class=\"elementor-element elementor-element-faba5d2 elementor-widget elementor-widget-menu-anchor\" data-id=\"faba5d2\" data-element_type=\"widget\" data-e-type=\"widget\" data-widget_type=\"menu-anchor.default\">\n\t\t\t\t<div class=\"elementor-widget-container\">\n\t\t\t\t\t\t\t<div class=\"elementor-menu-anchor\" id=\"2023-1\"><\/div>\n\t\t\t\t\t\t<\/div>\n\t\t\t\t<\/div>\n\t\t\t\t\t<\/div>\n\t\t<\/div>\n\t\t\t\t\t<\/div>\n\t\t<\/section>\n\t\t\t\t<section class=\"elementor-section elementor-top-section elementor-element elementor-element-217a74d elementor-section-boxed elementor-section-height-default elementor-section-height-default\" data-id=\"217a74d\" data-element_type=\"section\" data-e-type=\"section\">\n\t\t\t\t\t\t<div class=\"elementor-container elementor-column-gap-default\">\n\t\t\t\t\t<div class=\"elementor-column elementor-col-50 elementor-top-column elementor-element elementor-element-bc61a5d\" data-id=\"bc61a5d\" data-element_type=\"column\" data-e-type=\"column\">\n\t\t\t<div class=\"elementor-widget-wrap elementor-element-populated\">\n\t\t\t\t\t\t<div class=\"elementor-element elementor-element-988f234 elementor-widget elementor-widget-text-editor\" data-id=\"988f234\" data-element_type=\"widget\" data-e-type=\"widget\" data-widget_type=\"text-editor.default\">\n\t\t\t\t<div class=\"elementor-widget-container\">\n\t\t\t\t\t\t\t\t\t<p>Am Donnerstag, 12. Januar 2023, um 17:30 Uhr, findet in der Begegnungsst\u00e4tte Niederkr\u00fcchten, Oberkr\u00fcchtenner Weg 42, eine \u00f6ffentliche Vorstellung und Anh\u00f6rung zum Vorentwurf des ELM-Bebauungsplans \u201eJavelinpark Ost\u201c statt. W\u00e4hrend dieses Treffens werden die allgemeinen Ziele und Zielsetzungen der Planung erl\u00e4utert. Sie k\u00f6nnen auch Fragen stellen und den Plan kommentieren. Um Ihnen zu helfen, haben wir bereits einige Fragen formuliert. <br \/>Diese finden Sie <strong><a href=\"https:\/\/www.gruenes-grenzland.net\/de\/doneren-groen-grensland\/\" target=\"_blank\" rel=\"noopener\">HIER<\/a><\/strong>\u00a0.<br \/>Besonders auff\u00e4llig ist die hinterh\u00e4ltige Anwendung von Salamitaktiken. Wir haben deshalb ein Haiko dazu gemacht:<\/p><p style=\"margin: 0cm; background: white; text-align: center;\"><span style=\"font-family: 'Segoe UI',sans-serif; color: #e06c2b; background: #F7F7F8;\">Salamitaktik, <\/span><\/p><p style=\"margin: 0cm; background: white; text-align: center;\"><span style=\"font-family: 'Segoe UI',sans-serif; color: #e06c2b; background: #F7F7F8;\">kleine Schnitte der Natur, <\/span><\/p><p style=\"margin: 0cm; background: white; text-align: center;\"><span style=\"font-family: 'Segoe UI',sans-serif; color: #e06c2b; background: #F7F7F8;\">bis das Ganze f\u00e4llt.<\/span><\/p><p style=\"margin: 0cm; background: white; text-align: center;\"><span style=\"font-family: 'Segoe UI',sans-serif; color: #e06c2b; background: #F7F7F8;\">\u00a0<\/span><\/p><p>Urteilen Sie selbst, aber kommen Sie am 12. Januar und lassen Sie uns im Interesse unseres Lebensraumes in der Grenzregion eine kritische Stimme h\u00f6ren.<\/p>\t\t\t\t\t\t\t\t<\/div>\n\t\t\t\t<\/div>\n\t\t\t\t\t<\/div>\n\t\t<\/div>\n\t\t\t\t<div class=\"elementor-column elementor-col-50 elementor-top-column elementor-element elementor-element-5cddda6\" data-id=\"5cddda6\" data-element_type=\"column\" data-e-type=\"column\">\n\t\t\t<div class=\"elementor-widget-wrap elementor-element-populated\">\n\t\t\t\t\t\t<div class=\"elementor-element elementor-element-3062672 elementor-widget elementor-widget-image\" data-id=\"3062672\" data-element_type=\"widget\" data-e-type=\"widget\" data-widget_type=\"image.default\">\n\t\t\t\t<div class=\"elementor-widget-container\">\n\t\t\t\t\t\t\t\t\t\t\t\t<figure class=\"wp-caption\">\n\t\t\t\t\t\t\t\t\t\t<img loading=\"lazy\" decoding=\"async\" width=\"1024\" height=\"522\" src=\"https:\/\/www.gruenes-grenzland.net\/wp-content\/uploads\/2023\/01\/Contouren-Javelin-Ost-op-totaal-ontwerp-1024x522.jpg\" class=\"attachment-large size-large wp-image-10266\" alt=\"\" srcset=\"https:\/\/www.gruenes-grenzland.net\/wp-content\/uploads\/2023\/01\/Contouren-Javelin-Ost-op-totaal-ontwerp-1024x522.jpg 1024w, https:\/\/www.gruenes-grenzland.net\/wp-content\/uploads\/2023\/01\/Contouren-Javelin-Ost-op-totaal-ontwerp-300x153.jpg 300w, https:\/\/www.gruenes-grenzland.net\/wp-content\/uploads\/2023\/01\/Contouren-Javelin-Ost-op-totaal-ontwerp-768x391.jpg 768w, https:\/\/www.gruenes-grenzland.net\/wp-content\/uploads\/2023\/01\/Contouren-Javelin-Ost-op-totaal-ontwerp-18x9.jpg 18w, https:\/\/www.gruenes-grenzland.net\/wp-content\/uploads\/2023\/01\/Contouren-Javelin-Ost-op-totaal-ontwerp.jpg 1384w\" sizes=\"(max-width: 1024px) 100vw, 1024px\" \/>\t\t\t\t\t\t\t\t\t\t\t<figcaption class=\"widget-image-caption wp-caption-text\">Die Karte zeigt den Gesamtplan, Javelin Park und die sieben Windturbinen. Relevant ist nur der rot markierte Teil (Javelin Park Ost). Das gr\u00f6\u00dfte Problem besteht darin, dass jetzt nur die Umweltauswirkungen von Javelin Ost kartiert sind, w\u00e4hrend es ausdr\u00fccklich beabsichtigt ist, den gesamten Plan zu realisieren. Mit der sogenannten Salamitaktik werden die eigentlichen negativen Auswirkungen heruntergespielt. <\/figcaption>\n\t\t\t\t\t\t\t\t\t\t<\/figure>\n\t\t\t\t\t\t\t\t\t<\/div>\n\t\t\t\t<\/div>\n\t\t\t\t\t<\/div>\n\t\t<\/div>\n\t\t\t\t\t<\/div>\n\t\t<\/section>\n\t\t\t\t<section class=\"elementor-section elementor-top-section elementor-element elementor-element-4fba9c6 elementor-section-boxed elementor-section-height-default elementor-section-height-default\" data-id=\"4fba9c6\" data-element_type=\"section\" data-e-type=\"section\">\n\t\t\t\t\t\t<div class=\"elementor-container elementor-column-gap-default\">\n\t\t\t\t\t<div class=\"elementor-column elementor-col-100 elementor-top-column elementor-element elementor-element-f96f59a\" data-id=\"f96f59a\" data-element_type=\"column\" data-e-type=\"column\">\n\t\t\t<div class=\"elementor-widget-wrap elementor-element-populated\">\n\t\t\t\t\t\t<div class=\"elementor-element elementor-element-f405e95 elementor-widget-divider--view-line elementor-widget elementor-widget-divider\" data-id=\"f405e95\" data-element_type=\"widget\" data-e-type=\"widget\" data-widget_type=\"divider.default\">\n\t\t\t\t<div class=\"elementor-widget-container\">\n\t\t\t\t\t\t\t<div class=\"elementor-divider\">\n\t\t\t<span class=\"elementor-divider-separator\">\n\t\t\t\t\t\t<\/span>\n\t\t<\/div>\n\t\t\t\t\t\t<\/div>\n\t\t\t\t<\/div>\n\t\t\t\t\t<\/div>\n\t\t<\/div>\n\t\t\t\t\t<\/div>\n\t\t<\/section>\n\t\t\t\t<section class=\"elementor-section elementor-top-section elementor-element elementor-element-cceda10 elementor-section-boxed elementor-section-height-default elementor-section-height-default\" data-id=\"cceda10\" data-element_type=\"section\" data-e-type=\"section\">\n\t\t\t\t\t\t<div class=\"elementor-container elementor-column-gap-default\">\n\t\t\t\t\t<div class=\"elementor-column elementor-col-100 elementor-top-column elementor-element elementor-element-93b7e22\" data-id=\"93b7e22\" data-element_type=\"column\" data-e-type=\"column\">\n\t\t\t<div class=\"elementor-widget-wrap elementor-element-populated\">\n\t\t\t\t\t\t<div class=\"elementor-element elementor-element-dc7b6d2 elementor-widget elementor-widget-text-editor\" data-id=\"dc7b6d2\" data-element_type=\"widget\" data-e-type=\"widget\" data-widget_type=\"text-editor.default\">\n\t\t\t\t<div class=\"elementor-widget-container\">\n\t\t\t\t\t\t\t\t\t<p class=\" translation-block\">Freitag, 16. Dezember 2022 um 19:00 Uhr organisieren wir ein Treffen f\u00fcr alle Menschen, die sich in der Vergangenheit f\u00fcr unsere Aktivit\u00e4ten interessiert haben. Der Zweck dieser Mitteilung ist es, Sie dar\u00fcber auf dem Laufenden zu halten, was wir bisher getan haben und was wir in naher Zukunft tun wollen. Standort: Parochiecentrum St. Laurentius , Laurentiusstr. 10, 41372 Niederkruchten-Elmpt. Verlassen bitte teilen Sie uns per E-Mail <a href=\"mailto:GroenGrensland@gmail.com\" target=\"_self\">(GroenGrensland@gmail.com) <\/a>vor dem 11.12.2022 mit, ob Sie kommen k\u00f6nnen.<\/p>\t\t\t\t\t\t\t\t<\/div>\n\t\t\t\t<\/div>\n\t\t\t\t\t<\/div>\n\t\t<\/div>\n\t\t\t\t\t<\/div>\n\t\t<\/section>\n\t\t\t\t<section class=\"elementor-section elementor-top-section elementor-element elementor-element-5862014 elementor-section-boxed elementor-section-height-default elementor-section-height-default\" data-id=\"5862014\" data-element_type=\"section\" data-e-type=\"section\">\n\t\t\t\t\t\t<div class=\"elementor-container elementor-column-gap-default\">\n\t\t\t\t\t<div class=\"elementor-column elementor-col-100 elementor-top-column elementor-element elementor-element-dce8932\" data-id=\"dce8932\" data-element_type=\"column\" data-e-type=\"column\">\n\t\t\t<div class=\"elementor-widget-wrap elementor-element-populated\">\n\t\t\t\t\t\t<div class=\"elementor-element elementor-element-c49b8bb elementor-widget-divider--view-line elementor-widget elementor-widget-divider\" data-id=\"c49b8bb\" data-element_type=\"widget\" data-e-type=\"widget\" data-widget_type=\"divider.default\">\n\t\t\t\t<div class=\"elementor-widget-container\">\n\t\t\t\t\t\t\t<div class=\"elementor-divider\">\n\t\t\t<span class=\"elementor-divider-separator\">\n\t\t\t\t\t\t<\/span>\n\t\t<\/div>\n\t\t\t\t\t\t<\/div>\n\t\t\t\t<\/div>\n\t\t\t\t\t<\/div>\n\t\t<\/div>\n\t\t\t\t\t<\/div>\n\t\t<\/section>\n\t\t\t\t<section class=\"elementor-section elementor-top-section elementor-element elementor-element-4932ead elementor-section-boxed elementor-section-height-default elementor-section-height-default\" data-id=\"4932ead\" data-element_type=\"section\" data-e-type=\"section\">\n\t\t\t\t\t\t<div class=\"elementor-container elementor-column-gap-default\">\n\t\t\t\t\t<div class=\"elementor-column elementor-col-50 elementor-top-column elementor-element elementor-element-c783bf9\" data-id=\"c783bf9\" data-element_type=\"column\" data-e-type=\"column\">\n\t\t\t<div class=\"elementor-widget-wrap elementor-element-populated\">\n\t\t\t\t\t\t<div class=\"elementor-element elementor-element-e065ffa elementor-widget elementor-widget-text-editor\" data-id=\"e065ffa\" data-element_type=\"widget\" data-e-type=\"widget\" data-widget_type=\"text-editor.default\">\n\t\t\t\t<div class=\"elementor-widget-container\">\n\t\t\t\t\t\t\t\t\t<p>Die Meinweger wehren sich entschieden gegen Windkraftanlagen auf dem Meinweg-Plateau.<\/p><p class=\" translation-block\">Sie bringen ihre Besorgnis in einem dringenden Schreiben (12.12.22) an die Gemeinde Roerdalen zum Ausdruck. Den Brief k\u00f6nnen Sie \u00a0<a href=\"https:\/\/www.gruenes-grenzland.net\/wp-content\/uploads\/2022\/12\/Brief-bewoners-Meinwegplateau-aan-Gemeente-Roerdalen-1.docx\" target=\"_self\">hier<\/a> lesen.<\/p><p><span style=\"font-style: inherit; font-weight: inherit; background-color: var(--ast-global-color-4); color: var(--ast-global-color-3);\">Die Windkraftanlagen auf dem Meinweg-Plateau sind nicht das einzige Problem f\u00fcr uns. Direkt an der Grenze zu Deutschland sind auf dem ehemaligen Flughafen Niederkr\u00fcchten-Elmpt 7 Gigawindr\u00e4der geplant. Hat der Kreis Viersen die Gemeinde Roerdalen schon dar\u00fcber informiert? Und wenn ja, hat die Gemeinde Roerdalen bereits Einspruch dagegen erhoben, wie sie es zuvor bei den Windkraftanlagen im Gebiet Bonnes\u00f6hl getan hat?<\/span><\/p>\t\t\t\t\t\t\t\t<\/div>\n\t\t\t\t<\/div>\n\t\t\t\t\t<\/div>\n\t\t<\/div>\n\t\t\t\t<div class=\"elementor-column elementor-col-50 elementor-top-column elementor-element elementor-element-9518cc6\" data-id=\"9518cc6\" data-element_type=\"column\" data-e-type=\"column\">\n\t\t\t<div class=\"elementor-widget-wrap elementor-element-populated\">\n\t\t\t\t\t\t<div class=\"elementor-element elementor-element-c54dbdd elementor-widget elementor-widget-image\" data-id=\"c54dbdd\" data-element_type=\"widget\" data-e-type=\"widget\" data-widget_type=\"image.default\">\n\t\t\t\t<div class=\"elementor-widget-container\">\n\t\t\t\t\t\t\t\t\t\t\t\t\t\t\t\t<a href=\"https:\/\/youtu.be\/6BkAKcFH3sg\">\n\t\t\t\t\t\t\t<img loading=\"lazy\" decoding=\"async\" width=\"1024\" height=\"768\" src=\"https:\/\/www.gruenes-grenzland.net\/wp-content\/uploads\/2022\/12\/IMG-20221228-Affiche-Gein-windjmeules-op-locatie.jpg\" class=\"attachment-large size-large wp-image-10206\" alt=\"\" srcset=\"https:\/\/www.gruenes-grenzland.net\/wp-content\/uploads\/2022\/12\/IMG-20221228-Affiche-Gein-windjmeules-op-locatie.jpg 1024w, https:\/\/www.gruenes-grenzland.net\/wp-content\/uploads\/2022\/12\/IMG-20221228-Affiche-Gein-windjmeules-op-locatie-300x225.jpg 300w, https:\/\/www.gruenes-grenzland.net\/wp-content\/uploads\/2022\/12\/IMG-20221228-Affiche-Gein-windjmeules-op-locatie-768x576.jpg 768w, https:\/\/www.gruenes-grenzland.net\/wp-content\/uploads\/2022\/12\/IMG-20221228-Affiche-Gein-windjmeules-op-locatie-16x12.jpg 16w\" sizes=\"(max-width: 1024px) 100vw, 1024px\" \/>\t\t\t\t\t\t\t\t<\/a>\n\t\t\t\t\t\t\t\t\t\t\t\t\t\t\t<\/div>\n\t\t\t\t<\/div>\n\t\t\t\t\t<\/div>\n\t\t<\/div>\n\t\t\t\t\t<\/div>\n\t\t<\/section>\n\t\t\t\t<section class=\"elementor-section elementor-top-section elementor-element elementor-element-5f2026d elementor-section-boxed elementor-section-height-default elementor-section-height-default\" data-id=\"5f2026d\" data-element_type=\"section\" data-e-type=\"section\">\n\t\t\t\t\t\t<div class=\"elementor-container elementor-column-gap-default\">\n\t\t\t\t\t<div class=\"elementor-column elementor-col-100 elementor-top-column elementor-element elementor-element-50b5b27\" data-id=\"50b5b27\" data-element_type=\"column\" data-e-type=\"column\">\n\t\t\t<div class=\"elementor-widget-wrap elementor-element-populated\">\n\t\t\t\t\t\t<div class=\"elementor-element elementor-element-4454f26 elementor-widget elementor-widget-text-editor\" data-id=\"4454f26\" data-element_type=\"widget\" data-e-type=\"widget\" data-widget_type=\"text-editor.default\">\n\t\t\t\t<div class=\"elementor-widget-container\">\n\t\t\t\t\t\t\t\t\t<p><span style=\"font-style: inherit; font-weight: inherit; background-color: var(--ast-global-color-4); color: var(--ast-global-color-3);\">Sollte dies nicht der Fall sein, fordern wir als direkt Betroffene die Gemeinde Roerdalen auf, dies zu tun. Die Natuur en Milieufederatie Limburg (Natur- und Umweltverband Limburg) hat dazu bereits einen detaillierten Vorvorschlag gemacht.<\/span><\/p><p>Eine Kopie dieses Schreibens wurde auch an die Gemeinden Roermond und Niederkr\u00fcchten versandt.<\/p><p>Eine umfangreichere Visualisierung der Auswirkungen der Windkraftanlagen auf das Landschaftsbild im Meinweg und Umgebung kann hier eingesehen werden: <a href=\"https:\/\/youtu.be\/6BkAKcFH3sg\" data-wplink-url-error=\"true\">https:\/\/youtu.be\/6BkAKcFH3sg<\/a><\/p>\t\t\t\t\t\t\t\t<\/div>\n\t\t\t\t<\/div>\n\t\t\t\t\t<\/div>\n\t\t<\/div>\n\t\t\t\t\t<\/div>\n\t\t<\/section>\n\t\t\t\t<section class=\"elementor-section elementor-top-section elementor-element elementor-element-dac2d51 elementor-section-boxed elementor-section-height-default elementor-section-height-default\" data-id=\"dac2d51\" data-element_type=\"section\" data-e-type=\"section\">\n\t\t\t\t\t\t<div class=\"elementor-container elementor-column-gap-default\">\n\t\t\t\t\t<div class=\"elementor-column elementor-col-100 elementor-top-column elementor-element elementor-element-19dab63\" data-id=\"19dab63\" data-element_type=\"column\" data-e-type=\"column\">\n\t\t\t<div class=\"elementor-widget-wrap elementor-element-populated\">\n\t\t\t\t\t\t<div class=\"elementor-element elementor-element-9267ae3 elementor-widget-divider--view-line elementor-widget elementor-widget-divider\" data-id=\"9267ae3\" data-element_type=\"widget\" data-e-type=\"widget\" data-widget_type=\"divider.default\">\n\t\t\t\t<div class=\"elementor-widget-container\">\n\t\t\t\t\t\t\t<div class=\"elementor-divider\">\n\t\t\t<span class=\"elementor-divider-separator\">\n\t\t\t\t\t\t<\/span>\n\t\t<\/div>\n\t\t\t\t\t\t<\/div>\n\t\t\t\t<\/div>\n\t\t\t\t\t<\/div>\n\t\t<\/div>\n\t\t\t\t\t<\/div>\n\t\t<\/section>\n\t\t\t\t<section class=\"elementor-section elementor-top-section elementor-element elementor-element-f7b514b elementor-section-boxed elementor-section-height-default elementor-section-height-default\" data-id=\"f7b514b\" data-element_type=\"section\" data-e-type=\"section\">\n\t\t\t\t\t\t<div class=\"elementor-container elementor-column-gap-default\">\n\t\t\t\t\t<div class=\"elementor-column elementor-col-100 elementor-top-column elementor-element elementor-element-d53d055\" data-id=\"d53d055\" data-element_type=\"column\" data-e-type=\"column\">\n\t\t\t<div class=\"elementor-widget-wrap elementor-element-populated\">\n\t\t\t\t\t\t<div class=\"elementor-element elementor-element-21da522 elementor-widget elementor-widget-text-editor\" data-id=\"21da522\" data-element_type=\"widget\" data-e-type=\"widget\" data-widget_type=\"text-editor.default\">\n\t\t\t\t<div class=\"elementor-widget-container\">\n\t\t\t\t\t\t\t\t\t<p class=\" translation-block\"><span class=\"Y2IQFc\" lang=\"de\">Am 14. Dezember 2022 wird der <a href=\"https:\/\/ris.niederkruechten.de\/gremien\/?__=UGhVM0hpd2NXNFdFcExjZcVDPAoBOlKL_NVglH-GpQY\" target=\"_blank\" rel=\" noopener\">Ausschuss f\u00fcr Raumplanung, Verkehr und Grundst\u00fccksangelegenheiten<\/a> der Gemeinde Niederkr\u00fcchten zusammen kommen. Auf der Agenda stehen die Planungen f\u00fcr den ehemalige Flughafen Elmpt. Hier<\/span><span class=\"Y2IQFc\" lang=\"de\"> pr\u00e4sentieren die Planungs- und Fach\u00e4mtern der verschiedenen Disziplinen den aktuellen Planungsstand.  Der Beschlussvorschlag lautet: Eine fr\u00fchzeitige Beteiligung der \u00d6ffentlichkeit sowie der Beh\u00f6rden und sonstigen Tr\u00e4ger \u00f6ffentlicher Belange , siehe \n<br><a href=\"https:\/\/ris.niederkruechten.de\/sdnetrim\/UGhVM0hpd2NXNFdFcExjZUyhRHY38m7A3LX-A00VAl_etGbylNzy-LLZnkyR9xbW\/Verwaltungsvorlage_511-2020-2025.pdf\" target=\"_self\">https:\/\/ris.niederkruechten.de\/sdnetrim\/UGhVM0hpd2NXNFdFcExjZUyhRHY38m7A3LX-A00VAl_etGbylNzy-LLZnkyR9xbW\/Verwaltungsvorlage_511-2020-2025.pdf<\/a><\/span><\/p>\t\t\t\t\t\t\t\t<\/div>\n\t\t\t\t<\/div>\n\t\t\t\t\t<\/div>\n\t\t<\/div>\n\t\t\t\t\t<\/div>\n\t\t<\/section>\n\t\t\t\t<section class=\"elementor-section elementor-top-section elementor-element elementor-element-a866c4a elementor-section-boxed elementor-section-height-default elementor-section-height-default\" data-id=\"a866c4a\" data-element_type=\"section\" data-e-type=\"section\">\n\t\t\t\t\t\t<div class=\"elementor-container elementor-column-gap-default\">\n\t\t\t\t\t<div class=\"elementor-column elementor-col-100 elementor-top-column elementor-element elementor-element-b86c3d2\" data-id=\"b86c3d2\" data-element_type=\"column\" data-e-type=\"column\">\n\t\t\t<div class=\"elementor-widget-wrap elementor-element-populated\">\n\t\t\t\t\t\t<div class=\"elementor-element elementor-element-b63b565 elementor-widget-divider--view-line elementor-widget elementor-widget-divider\" data-id=\"b63b565\" data-element_type=\"widget\" data-e-type=\"widget\" data-widget_type=\"divider.default\">\n\t\t\t\t<div class=\"elementor-widget-container\">\n\t\t\t\t\t\t\t<div class=\"elementor-divider\">\n\t\t\t<span class=\"elementor-divider-separator\">\n\t\t\t\t\t\t<\/span>\n\t\t<\/div>\n\t\t\t\t\t\t<\/div>\n\t\t\t\t<\/div>\n\t\t\t\t\t<\/div>\n\t\t<\/div>\n\t\t\t\t\t<\/div>\n\t\t<\/section>\n\t\t\t\t<section class=\"elementor-section elementor-top-section elementor-element elementor-element-0293482 elementor-section-boxed elementor-section-height-default elementor-section-height-default\" data-id=\"0293482\" data-element_type=\"section\" data-e-type=\"section\">\n\t\t\t\t\t\t<div class=\"elementor-container elementor-column-gap-default\">\n\t\t\t\t\t<div class=\"elementor-column elementor-col-50 elementor-top-column elementor-element elementor-element-857c2a7\" data-id=\"857c2a7\" data-element_type=\"column\" data-e-type=\"column\">\n\t\t\t<div class=\"elementor-widget-wrap elementor-element-populated\">\n\t\t\t\t\t\t<div class=\"elementor-element elementor-element-dd7bf00 elementor-widget elementor-widget-text-editor\" data-id=\"dd7bf00\" data-element_type=\"widget\" data-e-type=\"widget\" data-widget_type=\"text-editor.default\">\n\t\t\t\t<div class=\"elementor-widget-container\">\n\t\t\t\t\t\t\t\t\t<p class=\" translation-block\"><span class=\"Y2IQFc\" lang=\"de\">Projektentwickler Verdion l\u00e4dt alle zu einer Informationsveranstaltung \u00fcber das geplante Gewerbegebiet auf dem Gel\u00e4nde des ehemaligen Milit\u00e4rflughafens in Niederkr\u00fcchten-Elmpt ein. <br>Das Datum ist Samstag, 22. Oktober<b> <\/b>von 10 bis 15 Uhr. Treffpunkt ist der Adolph-Kolping-Platz. Interessenten k\u00f6nnen sich \u00fcber den Link <a href=\"http:\/\/www.javelinpark-elmpt.de\/index.php\/de\/bus-tour-am-22-10-22\/\" target=\"_self\"> http:\/\/www.javelinpark-elmpt.de\/index.php\/de\/bus-tour-am-22-10-22\/<\/a>   anmelden <br>Das Video rechts gibt schon einen relativen Eindruck von der noch weitl\u00e4ufige bebaute Gr\u00fcnfl\u00e4che.<\/span><\/p>\t\t\t\t\t\t\t\t<\/div>\n\t\t\t\t<\/div>\n\t\t\t\t\t<\/div>\n\t\t<\/div>\n\t\t\t\t<div class=\"elementor-column elementor-col-50 elementor-top-column elementor-element elementor-element-bc527c0\" data-id=\"bc527c0\" data-element_type=\"column\" data-e-type=\"column\">\n\t\t\t<div class=\"elementor-widget-wrap elementor-element-populated\">\n\t\t\t\t\t\t<div class=\"elementor-element elementor-element-267d5a5 elementor-widget elementor-widget-video\" data-id=\"267d5a5\" data-element_type=\"widget\" data-e-type=\"widget\" data-settings=\"{&quot;youtube_url&quot;:&quot;https:\\\/\\\/youtu.be\\\/uujAZUsCYmM?t=0&quot;,&quot;video_type&quot;:&quot;youtube&quot;,&quot;controls&quot;:&quot;yes&quot;}\" data-widget_type=\"video.default\">\n\t\t\t\t<div class=\"elementor-widget-container\">\n\t\t\t\t\t\t\t<div class=\"elementor-wrapper elementor-open-inline\">\n\t\t\t<div class=\"elementor-video\"><\/div>\t\t<\/div>\n\t\t\t\t\t\t<\/div>\n\t\t\t\t<\/div>\n\t\t\t\t\t<\/div>\n\t\t<\/div>\n\t\t\t\t\t<\/div>\n\t\t<\/section>\n\t\t\t\t<section class=\"elementor-section elementor-top-section elementor-element elementor-element-26e83f2 elementor-section-boxed elementor-section-height-default elementor-section-height-default\" data-id=\"26e83f2\" data-element_type=\"section\" data-e-type=\"section\">\n\t\t\t\t\t\t<div class=\"elementor-container elementor-column-gap-default\">\n\t\t\t\t\t<div class=\"elementor-column elementor-col-100 elementor-top-column elementor-element elementor-element-3b69423\" data-id=\"3b69423\" data-element_type=\"column\" data-e-type=\"column\">\n\t\t\t<div class=\"elementor-widget-wrap elementor-element-populated\">\n\t\t\t\t\t\t<div class=\"elementor-element elementor-element-3b07eb2 elementor-widget elementor-widget-text-editor\" data-id=\"3b07eb2\" data-element_type=\"widget\" data-e-type=\"widget\" data-widget_type=\"text-editor.default\">\n\t\t\t\t<div class=\"elementor-widget-container\">\n\t\t\t\t\t\t\t\t\t<p class=\" translation-block\">Einige Personen von Gr\u00fcnes Grenzland nahmen an dem von Verdion organisierten Busausflug am 22. Oktober 2022 teil. Was wir bereits anhand von Kartenmaterial und Drohnenaufnahmen beobachtet hatten, best\u00e4tigte sich w\u00e4hrend der Exkursion: Das gesamte Gebiet ist \u00fcberwiegend gr\u00fcn und hat einen sehr geringen Bebauungsgrad. Die Umsetzung der vorgeschlagenen Pl\u00e4ne wird den Charakter des Grenzparks Maas-Swalm-Nette erheblich ver\u00e4ndern und zu einem Fremdk\u00f6rper werden. Einige Eindr\u00fccke sind unten zu sehen.<\/p>\t\t\t\t\t\t\t\t<\/div>\n\t\t\t\t<\/div>\n\t\t\t\t\t<\/div>\n\t\t<\/div>\n\t\t\t\t\t<\/div>\n\t\t<\/section>\n\t\t\t\t<section class=\"elementor-section elementor-top-section elementor-element elementor-element-d372f60 elementor-section-boxed elementor-section-height-default elementor-section-height-default\" data-id=\"d372f60\" data-element_type=\"section\" data-e-type=\"section\">\n\t\t\t\t\t\t<div class=\"elementor-container elementor-column-gap-default\">\n\t\t\t\t\t<div class=\"elementor-column elementor-col-100 elementor-top-column elementor-element elementor-element-cbc39ca\" data-id=\"cbc39ca\" data-element_type=\"column\" data-e-type=\"column\">\n\t\t\t<div class=\"elementor-widget-wrap elementor-element-populated\">\n\t\t\t\t\t\t<div class=\"elementor-element elementor-element-c72aa1d elementor-pagination-position-inside elementor-widget__width-auto elementor-arrows-position-inside elementor-widget elementor-widget-image-carousel\" data-id=\"c72aa1d\" data-element_type=\"widget\" data-e-type=\"widget\" data-settings=\"{&quot;navigation&quot;:&quot;both&quot;,&quot;autoplay&quot;:&quot;yes&quot;,&quot;pause_on_hover&quot;:&quot;yes&quot;,&quot;pause_on_interaction&quot;:&quot;yes&quot;,&quot;autoplay_speed&quot;:5000,&quot;infinite&quot;:&quot;yes&quot;,&quot;speed&quot;:500}\" data-widget_type=\"image-carousel.default\">\n\t\t\t\t<div class=\"elementor-widget-container\">\n\t\t\t\t\t\t\t<div class=\"elementor-image-carousel-wrapper swiper\" role=\"region\" aria-roledescription=\"carousel\" aria-label=\"Afbeelding carrousel\" dir=\"ltr\">\n\t\t\t<div class=\"elementor-image-carousel swiper-wrapper\" aria-live=\"off\">\n\t\t\t\t\t\t\t\t<div class=\"swiper-slide\" role=\"group\" aria-roledescription=\"slide\" aria-label=\"1 von 6\" data-no-translation-aria-label=\"\"><figure class=\"swiper-slide-inner\"><img decoding=\"async\" class=\"swiper-slide-image\" src=\"https:\/\/www.gruenes-grenzland.net\/wp-content\/uploads\/2022\/10\/Snapshot_5-1.png\" alt=\"Snapshot_5\" \/><\/figure><\/div><div class=\"swiper-slide\" role=\"group\" aria-roledescription=\"slide\" aria-label=\"2 von 6\" data-no-translation-aria-label=\"\"><figure class=\"swiper-slide-inner\"><img decoding=\"async\" class=\"swiper-slide-image\" src=\"https:\/\/www.gruenes-grenzland.net\/wp-content\/uploads\/2022\/10\/Snapshot_6-1.png\" alt=\"Snapshot_6\" \/><\/figure><\/div><div class=\"swiper-slide\" role=\"group\" aria-roledescription=\"slide\" aria-label=\"3 von 6\" data-no-translation-aria-label=\"\"><figure class=\"swiper-slide-inner\"><img decoding=\"async\" class=\"swiper-slide-image\" src=\"https:\/\/www.gruenes-grenzland.net\/wp-content\/uploads\/2022\/10\/Snapshot_7-1.png\" alt=\"Snapshot_7\" \/><\/figure><\/div><div class=\"swiper-slide\" role=\"group\" aria-roledescription=\"slide\" aria-label=\"4 von 6\" data-no-translation-aria-label=\"\"><figure class=\"swiper-slide-inner\"><img decoding=\"async\" class=\"swiper-slide-image\" src=\"https:\/\/www.gruenes-grenzland.net\/wp-content\/uploads\/2022\/10\/Snapshot_9-1.png\" alt=\"Snapshot_9\" \/><\/figure><\/div><div class=\"swiper-slide\" role=\"group\" aria-roledescription=\"slide\" aria-label=\"5 von 6\" data-no-translation-aria-label=\"\"><figure class=\"swiper-slide-inner\"><img decoding=\"async\" class=\"swiper-slide-image\" src=\"https:\/\/www.gruenes-grenzland.net\/wp-content\/uploads\/2022\/10\/Snapshot_11.png\" alt=\"Snapshot_11\" \/><\/figure><\/div><div class=\"swiper-slide\" role=\"group\" aria-roledescription=\"slide\" aria-label=\"6 von 6\" data-no-translation-aria-label=\"\"><figure class=\"swiper-slide-inner\"><img decoding=\"async\" class=\"swiper-slide-image\" src=\"https:\/\/www.gruenes-grenzland.net\/wp-content\/uploads\/2022\/10\/Snapshot_12-1.png\" alt=\"Snapshot_12\" \/><\/figure><\/div>\t\t\t<\/div>\n\t\t\t\t\t\t\t\t\t\t\t\t<div class=\"elementor-swiper-button elementor-swiper-button-prev\" role=\"button\" tabindex=\"0\">\n\t\t\t\t\t\t<i aria-hidden=\"true\" class=\"eicon-chevron-left\"><\/i>\t\t\t\t\t<\/div>\n\t\t\t\t\t<div class=\"elementor-swiper-button elementor-swiper-button-next\" role=\"button\" tabindex=\"0\">\n\t\t\t\t\t\t<i aria-hidden=\"true\" class=\"eicon-chevron-right\"><\/i>\t\t\t\t\t<\/div>\n\t\t\t\t\n\t\t\t\t\t\t\t\t\t<div class=\"swiper-pagination\"><\/div>\n\t\t\t\t\t\t\t\t\t<\/div>\n\t\t\t\t\t\t<\/div>\n\t\t\t\t<\/div>\n\t\t\t\t<div class=\"elementor-element elementor-element-88c9417 elementor-widget-divider--view-line elementor-widget elementor-widget-divider\" data-id=\"88c9417\" data-element_type=\"widget\" data-e-type=\"widget\" data-widget_type=\"divider.default\">\n\t\t\t\t<div class=\"elementor-widget-container\">\n\t\t\t\t\t\t\t<div class=\"elementor-divider\">\n\t\t\t<span class=\"elementor-divider-separator\">\n\t\t\t\t\t\t<\/span>\n\t\t<\/div>\n\t\t\t\t\t\t<\/div>\n\t\t\t\t<\/div>\n\t\t\t\t\t<\/div>\n\t\t<\/div>\n\t\t\t\t\t<\/div>\n\t\t<\/section>\n\t\t\t\t<section class=\"elementor-section elementor-top-section elementor-element elementor-element-da1a3e0 elementor-section-boxed elementor-section-height-default elementor-section-height-default\" data-id=\"da1a3e0\" data-element_type=\"section\" data-e-type=\"section\">\n\t\t\t\t\t\t<div class=\"elementor-container elementor-column-gap-default\">\n\t\t\t\t\t<div class=\"elementor-column elementor-col-50 elementor-top-column elementor-element elementor-element-b26a78e\" data-id=\"b26a78e\" data-element_type=\"column\" data-e-type=\"column\">\n\t\t\t<div class=\"elementor-widget-wrap elementor-element-populated\">\n\t\t\t\t\t\t<div class=\"elementor-element elementor-element-6987aab elementor-widget elementor-widget-text-editor\" data-id=\"6987aab\" data-element_type=\"widget\" data-e-type=\"widget\" data-widget_type=\"text-editor.default\">\n\t\t\t\t<div class=\"elementor-widget-container\">\n\t\t\t\t\t\t\t\t\t<p class=\" translation-block\">Auch in diesem Jahr ist wieder ein Meinweg Ecotop geplant. Diese findet am Samstag, den 15. Oktober 2022 in der Begegnungsst\u00e4tte Niederkr\u00fcchten in Deutschland statt. Das Thema des Meinweg Ecotop 2022 lautet: Das Boschbeek-Tal, \u00fcber Arten und Management eines grenz\u00fcberschreitenden Bachtals. Hier k\u00f6nnen Sie sich anmelden: <a href=\"https:\/\/www.meinweg-ecotop.nl\/Home\/Aanmelden-Ecotop\/\" target=\"_self\">https:\/\/www.meinweg-ecotop.nl\/Home\/Aanmelden-Ecotop\/<\/a><\/p>\t\t\t\t\t\t\t\t<\/div>\n\t\t\t\t<\/div>\n\t\t\t\t\t<\/div>\n\t\t<\/div>\n\t\t\t\t<div class=\"elementor-column elementor-col-50 elementor-top-column elementor-element elementor-element-502c78d\" data-id=\"502c78d\" data-element_type=\"column\" data-e-type=\"column\">\n\t\t\t<div class=\"elementor-widget-wrap elementor-element-populated\">\n\t\t\t\t\t\t<div class=\"elementor-element elementor-element-40d9d2c elementor-widget elementor-widget-image\" data-id=\"40d9d2c\" data-element_type=\"widget\" data-e-type=\"widget\" data-widget_type=\"image.default\">\n\t\t\t\t<div class=\"elementor-widget-container\">\n\t\t\t\t\t\t\t\t\t\t\t\t\t\t\t<img loading=\"lazy\" decoding=\"async\" width=\"1024\" height=\"575\" src=\"https:\/\/www.gruenes-grenzland.net\/wp-content\/uploads\/2022\/10\/DJI_0736-Elfenmeer-1-HH-1024x575.jpg\" class=\"attachment-large size-large wp-image-9612\" alt=\"\" srcset=\"https:\/\/www.gruenes-grenzland.net\/wp-content\/uploads\/2022\/10\/DJI_0736-Elfenmeer-1-HH-1024x575.jpg 1024w, https:\/\/www.gruenes-grenzland.net\/wp-content\/uploads\/2022\/10\/DJI_0736-Elfenmeer-1-HH-300x168.jpg 300w, https:\/\/www.gruenes-grenzland.net\/wp-content\/uploads\/2022\/10\/DJI_0736-Elfenmeer-1-HH-768x431.jpg 768w, https:\/\/www.gruenes-grenzland.net\/wp-content\/uploads\/2022\/10\/DJI_0736-Elfenmeer-1-HH-1536x863.jpg 1536w, https:\/\/www.gruenes-grenzland.net\/wp-content\/uploads\/2022\/10\/DJI_0736-Elfenmeer-1-HH-2048x1150.jpg 2048w, https:\/\/www.gruenes-grenzland.net\/wp-content\/uploads\/2022\/10\/DJI_0736-Elfenmeer-1-HH-18x10.jpg 18w\" sizes=\"(max-width: 1024px) 100vw, 1024px\" \/>\t\t\t\t\t\t\t\t\t\t\t\t\t\t\t<\/div>\n\t\t\t\t<\/div>\n\t\t\t\t\t<\/div>\n\t\t<\/div>\n\t\t\t\t\t<\/div>\n\t\t<\/section>\n\t\t\t\t<section class=\"elementor-section elementor-top-section elementor-element elementor-element-7f3968f elementor-section-boxed elementor-section-height-default elementor-section-height-default\" data-id=\"7f3968f\" data-element_type=\"section\" data-e-type=\"section\">\n\t\t\t\t\t\t<div class=\"elementor-container elementor-column-gap-default\">\n\t\t\t\t\t<div class=\"elementor-column elementor-col-100 elementor-top-column elementor-element elementor-element-2003ac7\" data-id=\"2003ac7\" data-element_type=\"column\" data-e-type=\"column\">\n\t\t\t<div class=\"elementor-widget-wrap elementor-element-populated\">\n\t\t\t\t\t\t<div class=\"elementor-element elementor-element-b81a1fc elementor-widget-divider--view-line elementor-widget elementor-widget-divider\" data-id=\"b81a1fc\" data-element_type=\"widget\" data-e-type=\"widget\" data-widget_type=\"divider.default\">\n\t\t\t\t<div class=\"elementor-widget-container\">\n\t\t\t\t\t\t\t<div class=\"elementor-divider\">\n\t\t\t<span class=\"elementor-divider-separator\">\n\t\t\t\t\t\t<\/span>\n\t\t<\/div>\n\t\t\t\t\t\t<\/div>\n\t\t\t\t<\/div>\n\t\t\t\t\t<\/div>\n\t\t<\/div>\n\t\t\t\t\t<\/div>\n\t\t<\/section>\n\t\t\t\t<section class=\"elementor-section elementor-top-section elementor-element elementor-element-20c48e9 elementor-section-boxed elementor-section-height-default elementor-section-height-default\" data-id=\"20c48e9\" data-element_type=\"section\" data-e-type=\"section\">\n\t\t\t\t\t\t<div class=\"elementor-container elementor-column-gap-default\">\n\t\t\t\t\t<div class=\"elementor-column elementor-col-50 elementor-top-column elementor-element elementor-element-460f42b\" data-id=\"460f42b\" data-element_type=\"column\" data-e-type=\"column\">\n\t\t\t<div class=\"elementor-widget-wrap elementor-element-populated\">\n\t\t\t\t\t\t<div class=\"elementor-element elementor-element-e3b04c7 elementor-widget elementor-widget-text-editor\" data-id=\"e3b04c7\" data-element_type=\"widget\" data-e-type=\"widget\" data-widget_type=\"text-editor.default\">\n\t\t\t\t<div class=\"elementor-widget-container\">\n\t\t\t\t\t\t\t\t\t<p><span class=\"Y2IQFc\" lang=\"nl\">3. Oktober 2022, deutscher Feiertag also Stau. Bald gibt es mit den Mega-Lagerh\u00e4usern jeden Tag Staus !<\/span><\/p>\t\t\t\t\t\t\t\t<\/div>\n\t\t\t\t<\/div>\n\t\t\t\t\t<\/div>\n\t\t<\/div>\n\t\t\t\t<div class=\"elementor-column elementor-col-50 elementor-top-column elementor-element elementor-element-550adbe\" data-id=\"550adbe\" data-element_type=\"column\" data-e-type=\"column\">\n\t\t\t<div class=\"elementor-widget-wrap elementor-element-populated\">\n\t\t\t\t\t\t<div class=\"elementor-element elementor-element-9b0027b elementor-widget elementor-widget-image\" data-id=\"9b0027b\" data-element_type=\"widget\" data-e-type=\"widget\" data-widget_type=\"image.default\">\n\t\t\t\t<div class=\"elementor-widget-container\">\n\t\t\t\t\t\t\t\t\t\t\t\t\t\t\t<img loading=\"lazy\" decoding=\"async\" width=\"1024\" height=\"768\" src=\"https:\/\/www.gruenes-grenzland.net\/wp-content\/uploads\/2022\/10\/oost-IMG20221003115651-scaled.jpg\" class=\"attachment-large size-large wp-image-9544\" alt=\"\" srcset=\"https:\/\/www.gruenes-grenzland.net\/wp-content\/uploads\/2022\/10\/oost-IMG20221003115651-scaled.jpg 2560w, https:\/\/www.gruenes-grenzland.net\/wp-content\/uploads\/2022\/10\/oost-IMG20221003115651-300x225.jpg 300w, https:\/\/www.gruenes-grenzland.net\/wp-content\/uploads\/2022\/10\/oost-IMG20221003115651-1024x768.jpg 1024w, https:\/\/www.gruenes-grenzland.net\/wp-content\/uploads\/2022\/10\/oost-IMG20221003115651-768x576.jpg 768w, https:\/\/www.gruenes-grenzland.net\/wp-content\/uploads\/2022\/10\/oost-IMG20221003115651-1536x1152.jpg 1536w, https:\/\/www.gruenes-grenzland.net\/wp-content\/uploads\/2022\/10\/oost-IMG20221003115651-2048x1536.jpg 2048w, https:\/\/www.gruenes-grenzland.net\/wp-content\/uploads\/2022\/10\/oost-IMG20221003115651-16x12.jpg 16w\" sizes=\"(max-width: 1024px) 100vw, 1024px\" \/>\t\t\t\t\t\t\t\t\t\t\t\t\t\t\t<\/div>\n\t\t\t\t<\/div>\n\t\t\t\t\t<\/div>\n\t\t<\/div>\n\t\t\t\t\t<\/div>\n\t\t<\/section>\n\t\t\t\t<section class=\"elementor-section elementor-top-section elementor-element elementor-element-f8b6cf0 elementor-section-boxed elementor-section-height-default elementor-section-height-default\" data-id=\"f8b6cf0\" data-element_type=\"section\" data-e-type=\"section\">\n\t\t\t\t\t\t<div class=\"elementor-container elementor-column-gap-default\">\n\t\t\t\t\t<div class=\"elementor-column elementor-col-100 elementor-top-column elementor-element elementor-element-6d4b0f7\" data-id=\"6d4b0f7\" data-element_type=\"column\" data-e-type=\"column\">\n\t\t\t<div class=\"elementor-widget-wrap elementor-element-populated\">\n\t\t\t\t\t\t<div class=\"elementor-element elementor-element-72cda07 elementor-widget-divider--view-line elementor-widget elementor-widget-divider\" data-id=\"72cda07\" data-element_type=\"widget\" data-e-type=\"widget\" data-widget_type=\"divider.default\">\n\t\t\t\t<div class=\"elementor-widget-container\">\n\t\t\t\t\t\t\t<div class=\"elementor-divider\">\n\t\t\t<span class=\"elementor-divider-separator\">\n\t\t\t\t\t\t<\/span>\n\t\t<\/div>\n\t\t\t\t\t\t<\/div>\n\t\t\t\t<\/div>\n\t\t\t\t\t<\/div>\n\t\t<\/div>\n\t\t\t\t\t<\/div>\n\t\t<\/section>\n\t\t\t\t<section class=\"elementor-section elementor-top-section elementor-element elementor-element-10b3d2f elementor-section-boxed elementor-section-height-default elementor-section-height-default\" data-id=\"10b3d2f\" data-element_type=\"section\" data-e-type=\"section\">\n\t\t\t\t\t\t<div class=\"elementor-container elementor-column-gap-default\">\n\t\t\t\t\t<div class=\"elementor-column elementor-col-50 elementor-top-column elementor-element elementor-element-f82ac52\" data-id=\"f82ac52\" data-element_type=\"column\" data-e-type=\"column\">\n\t\t\t<div class=\"elementor-widget-wrap elementor-element-populated\">\n\t\t\t\t\t\t<div class=\"elementor-element elementor-element-a874aa3 elementor-widget elementor-widget-text-editor\" data-id=\"a874aa3\" data-element_type=\"widget\" data-e-type=\"widget\" data-widget_type=\"text-editor.default\">\n\t\t\t\t<div class=\"elementor-widget-container\">\n\t\t\t\t\t\t\t\t\t<p>Am Samstag, den 24. September 2022, sprach eine Delegation aus Groen Grensland vor der Presse. Wir sind gespannt, ob die Journalistin der Rheinischen Post unser Anliegen richtig vermitteln kann und\/oder ob unsere Alternative, die die gro\u00dfen nat\u00fcrlichen und landschaftlichen Qualit\u00e4ten dieser gr\u00fcnen Grenzregion ber\u00fccksichtigt, angemessen hervorgehoben wird.<\/p>\t\t\t\t\t\t\t\t<\/div>\n\t\t\t\t<\/div>\n\t\t\t\t\t<\/div>\n\t\t<\/div>\n\t\t\t\t<div class=\"elementor-column elementor-col-50 elementor-top-column elementor-element elementor-element-01b8dad\" data-id=\"01b8dad\" data-element_type=\"column\" data-e-type=\"column\">\n\t\t\t<div class=\"elementor-widget-wrap elementor-element-populated\">\n\t\t\t\t\t\t<div class=\"elementor-element elementor-element-71461c6 elementor-widget elementor-widget-image\" data-id=\"71461c6\" data-element_type=\"widget\" data-e-type=\"widget\" data-widget_type=\"image.default\">\n\t\t\t\t<div class=\"elementor-widget-container\">\n\t\t\t\t\t\t\t\t\t\t\t\t\t\t\t<img loading=\"lazy\" decoding=\"async\" width=\"1024\" height=\"576\" src=\"https:\/\/www.gruenes-grenzland.net\/wp-content\/uploads\/2022\/10\/20220924_111852-website-1024x576.jpg\" class=\"attachment-large size-large wp-image-9525\" alt=\"\" srcset=\"https:\/\/www.gruenes-grenzland.net\/wp-content\/uploads\/2022\/10\/20220924_111852-website-1024x576.jpg 1024w, https:\/\/www.gruenes-grenzland.net\/wp-content\/uploads\/2022\/10\/20220924_111852-website-300x169.jpg 300w, https:\/\/www.gruenes-grenzland.net\/wp-content\/uploads\/2022\/10\/20220924_111852-website-768x432.jpg 768w, https:\/\/www.gruenes-grenzland.net\/wp-content\/uploads\/2022\/10\/20220924_111852-website-1536x864.jpg 1536w, https:\/\/www.gruenes-grenzland.net\/wp-content\/uploads\/2022\/10\/20220924_111852-website-2048x1152.jpg 2048w, https:\/\/www.gruenes-grenzland.net\/wp-content\/uploads\/2022\/10\/20220924_111852-website-18x10.jpg 18w\" sizes=\"(max-width: 1024px) 100vw, 1024px\" \/>\t\t\t\t\t\t\t\t\t\t\t\t\t\t\t<\/div>\n\t\t\t\t<\/div>\n\t\t\t\t\t<\/div>\n\t\t<\/div>\n\t\t\t\t\t<\/div>\n\t\t<\/section>\n\t\t\t\t<section class=\"elementor-section elementor-top-section elementor-element elementor-element-916883e elementor-section-boxed elementor-section-height-default elementor-section-height-default\" data-id=\"916883e\" data-element_type=\"section\" data-e-type=\"section\">\n\t\t\t\t\t\t<div class=\"elementor-container elementor-column-gap-default\">\n\t\t\t\t\t<div class=\"elementor-column elementor-col-100 elementor-top-column elementor-element elementor-element-6030fb2\" data-id=\"6030fb2\" data-element_type=\"column\" data-e-type=\"column\">\n\t\t\t<div class=\"elementor-widget-wrap elementor-element-populated\">\n\t\t\t\t\t\t<div class=\"elementor-element elementor-element-20f0a8f elementor-widget-divider--view-line elementor-widget elementor-widget-divider\" data-id=\"20f0a8f\" data-element_type=\"widget\" data-e-type=\"widget\" data-widget_type=\"divider.default\">\n\t\t\t\t<div class=\"elementor-widget-container\">\n\t\t\t\t\t\t\t<div class=\"elementor-divider\">\n\t\t\t<span class=\"elementor-divider-separator\">\n\t\t\t\t\t\t<\/span>\n\t\t<\/div>\n\t\t\t\t\t\t<\/div>\n\t\t\t\t<\/div>\n\t\t\t\t\t<\/div>\n\t\t<\/div>\n\t\t\t\t\t<\/div>\n\t\t<\/section>\n\t\t\t\t<section class=\"elementor-section elementor-top-section elementor-element elementor-element-95f1fff elementor-section-boxed elementor-section-height-default elementor-section-height-default\" data-id=\"95f1fff\" data-element_type=\"section\" data-e-type=\"section\">\n\t\t\t\t\t\t<div class=\"elementor-container elementor-column-gap-default\">\n\t\t\t\t\t<div class=\"elementor-column elementor-col-50 elementor-top-column elementor-element elementor-element-acb5cb7\" data-id=\"acb5cb7\" data-element_type=\"column\" data-e-type=\"column\">\n\t\t\t<div class=\"elementor-widget-wrap elementor-element-populated\">\n\t\t\t\t\t\t<div class=\"elementor-element elementor-element-c7a62bf elementor-widget elementor-widget-text-editor\" data-id=\"c7a62bf\" data-element_type=\"widget\" data-e-type=\"widget\" data-widget_type=\"text-editor.default\">\n\t\t\t\t<div class=\"elementor-widget-container\">\n\t\t\t\t\t\t\t\t\t<p>Am Sonntag, den 28. August<span class=\"Y2IQFc\" lang=\"nl\">\u00a02022 sind wir mit unserem Infostand auf dem Elmpter Marktfest vertreten.\u00a0<\/span><\/p><p>Wir freuen uns sehr \u00fcber das gro\u00dfe Interesse und die vielfach bekundete Unterst\u00fctzung f\u00fcr den Erhalt unseres Gr\u00fcnen Grenzlandes. Weitere Informationen folgen in K\u00fcrze.<\/p>\t\t\t\t\t\t\t\t<\/div>\n\t\t\t\t<\/div>\n\t\t\t\t\t<\/div>\n\t\t<\/div>\n\t\t\t\t<div class=\"elementor-column elementor-col-50 elementor-top-column elementor-element elementor-element-647b316\" data-id=\"647b316\" data-element_type=\"column\" data-e-type=\"column\">\n\t\t\t<div class=\"elementor-widget-wrap elementor-element-populated\">\n\t\t\t\t\t\t<div class=\"elementor-element elementor-element-4719822 elementor-widget elementor-widget-image\" data-id=\"4719822\" data-element_type=\"widget\" data-e-type=\"widget\" data-widget_type=\"image.default\">\n\t\t\t\t<div class=\"elementor-widget-container\">\n\t\t\t\t\t\t\t\t\t\t\t\t\t\t\t<img loading=\"lazy\" decoding=\"async\" width=\"1024\" height=\"461\" src=\"https:\/\/www.gruenes-grenzland.net\/wp-content\/uploads\/2022\/08\/20220828_112648-markt-fest-elmpt-1024x461.jpg\" class=\"attachment-large size-large wp-image-9330\" alt=\"\" srcset=\"https:\/\/www.gruenes-grenzland.net\/wp-content\/uploads\/2022\/08\/20220828_112648-markt-fest-elmpt-1024x461.jpg 1024w, https:\/\/www.gruenes-grenzland.net\/wp-content\/uploads\/2022\/08\/20220828_112648-markt-fest-elmpt-300x135.jpg 300w, https:\/\/www.gruenes-grenzland.net\/wp-content\/uploads\/2022\/08\/20220828_112648-markt-fest-elmpt-768x345.jpg 768w, https:\/\/www.gruenes-grenzland.net\/wp-content\/uploads\/2022\/08\/20220828_112648-markt-fest-elmpt-1536x691.jpg 1536w, https:\/\/www.gruenes-grenzland.net\/wp-content\/uploads\/2022\/08\/20220828_112648-markt-fest-elmpt-2048x921.jpg 2048w, https:\/\/www.gruenes-grenzland.net\/wp-content\/uploads\/2022\/08\/20220828_112648-markt-fest-elmpt-18x8.jpg 18w\" sizes=\"(max-width: 1024px) 100vw, 1024px\" \/>\t\t\t\t\t\t\t\t\t\t\t\t\t\t\t<\/div>\n\t\t\t\t<\/div>\n\t\t\t\t\t<\/div>\n\t\t<\/div>\n\t\t\t\t\t<\/div>\n\t\t<\/section>\n\t\t\t\t<section class=\"elementor-section elementor-top-section elementor-element elementor-element-0e0f249 elementor-section-boxed elementor-section-height-default elementor-section-height-default\" data-id=\"0e0f249\" data-element_type=\"section\" data-e-type=\"section\">\n\t\t\t\t\t\t<div class=\"elementor-container elementor-column-gap-default\">\n\t\t\t\t\t<div class=\"elementor-column elementor-col-100 elementor-top-column elementor-element elementor-element-6427b02\" data-id=\"6427b02\" data-element_type=\"column\" data-e-type=\"column\">\n\t\t\t<div class=\"elementor-widget-wrap\">\n\t\t\t\t\t\t\t<\/div>\n\t\t<\/div>\n\t\t\t\t\t<\/div>\n\t\t<\/section>\n\t\t\t\t<\/div>","protected":false},"excerpt":{"rendered":"<p>Actueel 2022-2023 Tweede Nationaal Park in Noordrijn-Westfalen in\u00a0 Maas-Swalm-Nette regio? Geplande uitbreiding Nationaal Park de Meinweg Nachtzwaluw, kenmerkende soort voor de grensregoio Geplande uitbreiding vogelbeschermingsgebied Schwalm-Nette=-Platte In het najaar van 2023 heeft de deelstaat Noordrijn-Westfalen aangekondigd een tweede nationaal park te willen oprichten. meer informatie vindt u hier. Wij, als Groen Grensland, zijn van mening [&hellip;]<\/p>\n","protected":false},"author":3,"featured_media":0,"parent":0,"menu_order":0,"comment_status":"closed","ping_status":"closed","template":"","meta":{"site-sidebar-layout":"no-sidebar","site-content-layout":"page-builder","ast-site-content-layout":"default","site-content-style":"default","site-sidebar-style":"default","ast-global-header-display":"","ast-banner-title-visibility":"","ast-main-header-display":"","ast-hfb-above-header-display":"","ast-hfb-below-header-display":"","ast-hfb-mobile-header-display":"","site-post-title":"disabled","ast-breadcrumbs-content":"","ast-featured-img":"disabled","footer-sml-layout":"","ast-disable-related-posts":"","theme-transparent-header-meta":"","adv-header-id-meta":"","stick-header-meta":"","header-above-stick-meta":"","header-main-stick-meta":"","header-below-stick-meta":"","astra-migrate-meta-layouts":"default","ast-page-background-enabled":"default","ast-page-background-meta":{"desktop":{"background-color":"","background-image":"","background-repeat":"repeat","background-position":"center center","background-size":"auto","background-attachment":"scroll","background-type":"","background-media":"","overlay-type":"","overlay-color":"","overlay-opacity":"","overlay-gradient":""},"tablet":{"background-color":"","background-image":"","background-repeat":"repeat","background-position":"center center","background-size":"auto","background-attachment":"scroll","background-type":"","background-media":"","overlay-type":"","overlay-color":"","overlay-opacity":"","overlay-gradient":""},"mobile":{"background-color":"","background-image":"","background-repeat":"repeat","background-position":"center center","background-size":"auto","background-attachment":"scroll","background-type":"","background-media":"","overlay-type":"","overlay-color":"","overlay-opacity":"","overlay-gradient":""}},"ast-content-background-meta":{"desktop":{"background-color":"var(--ast-global-color-5)","background-image":"","background-repeat":"repeat","background-position":"center center","background-size":"auto","background-attachment":"scroll","background-type":"","background-media":"","overlay-type":"","overlay-color":"","overlay-opacity":"","overlay-gradient":""},"tablet":{"background-color":"var(--ast-global-color-5)","background-image":"","background-repeat":"repeat","background-position":"center center","background-size":"auto","background-attachment":"scroll","background-type":"","background-media":"","overlay-type":"","overlay-color":"","overlay-opacity":"","overlay-gradient":""},"mobile":{"background-color":"var(--ast-global-color-5)","background-image":"","background-repeat":"repeat","background-position":"center center","background-size":"auto","background-attachment":"scroll","background-type":"","background-media":"","overlay-type":"","overlay-color":"","overlay-opacity":"","overlay-gradient":""}},"footnotes":""},"class_list":["post-19812","page","type-page","status-publish","hentry"],"_links":{"self":[{"href":"https:\/\/www.gruenes-grenzland.net\/de\/wp-json\/wp\/v2\/pages\/19812","targetHints":{"allow":["GET"]}}],"collection":[{"href":"https:\/\/www.gruenes-grenzland.net\/de\/wp-json\/wp\/v2\/pages"}],"about":[{"href":"https:\/\/www.gruenes-grenzland.net\/de\/wp-json\/wp\/v2\/types\/page"}],"author":[{"embeddable":true,"href":"https:\/\/www.gruenes-grenzland.net\/de\/wp-json\/wp\/v2\/users\/3"}],"replies":[{"embeddable":true,"href":"https:\/\/www.gruenes-grenzland.net\/de\/wp-json\/wp\/v2\/comments?post=19812"}],"version-history":[{"count":5,"href":"https:\/\/www.gruenes-grenzland.net\/de\/wp-json\/wp\/v2\/pages\/19812\/revisions"}],"predecessor-version":[{"id":19817,"href":"https:\/\/www.gruenes-grenzland.net\/de\/wp-json\/wp\/v2\/pages\/19812\/revisions\/19817"}],"wp:attachment":[{"href":"https:\/\/www.gruenes-grenzland.net\/de\/wp-json\/wp\/v2\/media?parent=19812"}],"curies":[{"name":"wp","href":"https:\/\/api.w.org\/{rel}","templated":true}]}}