{"id":19818,"date":"2025-03-28T10:55:21","date_gmt":"2025-03-28T09:55:21","guid":{"rendered":"https:\/\/www.gruenes-grenzland.net\/?page_id=19818"},"modified":"2025-03-28T14:29:50","modified_gmt":"2025-03-28T13:29:50","slug":"actueel-2024","status":"publish","type":"page","link":"https:\/\/www.gruenes-grenzland.net\/de\/actueel-2024\/","title":{"rendered":"Aktuell 2024"},"content":{"rendered":"<div data-elementor-type=\"wp-page\" data-elementor-id=\"19818\" class=\"elementor elementor-19818\" data-elementor-post-type=\"page\">\n\t\t\t\t\t\t<section class=\"elementor-section elementor-top-section elementor-element elementor-element-1b8dc8c elementor-section-boxed elementor-section-height-default elementor-section-height-default\" data-id=\"1b8dc8c\" data-element_type=\"section\" data-e-type=\"section\">\n\t\t\t\t\t\t<div class=\"elementor-container elementor-column-gap-default\">\n\t\t\t\t\t<div class=\"elementor-column elementor-col-100 elementor-top-column elementor-element elementor-element-bed5a76\" data-id=\"bed5a76\" data-element_type=\"column\" data-e-type=\"column\">\n\t\t\t<div class=\"elementor-widget-wrap elementor-element-populated\">\n\t\t\t\t\t\t<div class=\"elementor-element elementor-element-181e54a elementor-widget-divider--view-line elementor-widget elementor-widget-divider\" data-id=\"181e54a\" data-element_type=\"widget\" data-e-type=\"widget\" data-widget_type=\"divider.default\">\n\t\t\t\t<div class=\"elementor-widget-container\">\n\t\t\t\t\t\t\t<div class=\"elementor-divider\">\n\t\t\t<span class=\"elementor-divider-separator\">\n\t\t\t\t\t\t<\/span>\n\t\t<\/div>\n\t\t\t\t\t\t<\/div>\n\t\t\t\t<\/div>\n\t\t\t\t\t<\/div>\n\t\t<\/div>\n\t\t\t\t\t<\/div>\n\t\t<\/section>\n\t\t\t\t<section class=\"elementor-section elementor-top-section elementor-element elementor-element-50e855c elementor-section-boxed elementor-section-height-default elementor-section-height-default\" data-id=\"50e855c\" data-element_type=\"section\" data-e-type=\"section\">\n\t\t\t\t\t\t<div class=\"elementor-container elementor-column-gap-default\">\n\t\t\t\t\t<div class=\"elementor-column elementor-col-100 elementor-top-column elementor-element elementor-element-6dab8af\" data-id=\"6dab8af\" data-element_type=\"column\" data-e-type=\"column\">\n\t\t\t<div class=\"elementor-widget-wrap elementor-element-populated\">\n\t\t\t\t\t\t<div class=\"elementor-element elementor-element-24b73db elementor-widget elementor-widget-heading\" data-id=\"24b73db\" data-element_type=\"widget\" data-e-type=\"widget\" data-widget_type=\"heading.default\">\n\t\t\t\t<div class=\"elementor-widget-container\">\n\t\t\t\t\t<h2 class=\"elementor-heading-title elementor-size-default\">Aktuell 2024<\/h2>\t\t\t\t<\/div>\n\t\t\t\t<\/div>\n\t\t\t\t\t<\/div>\n\t\t<\/div>\n\t\t\t\t\t<\/div>\n\t\t<\/section>\n\t\t\t\t<section class=\"elementor-section elementor-top-section elementor-element elementor-element-aaae817 elementor-section-boxed elementor-section-height-default elementor-section-height-default\" data-id=\"aaae817\" data-element_type=\"section\" data-e-type=\"section\">\n\t\t\t\t\t\t<div class=\"elementor-container elementor-column-gap-default\">\n\t\t\t\t\t<div class=\"elementor-column elementor-col-100 elementor-top-column elementor-element elementor-element-fa29675\" data-id=\"fa29675\" data-element_type=\"column\" data-e-type=\"column\">\n\t\t\t<div class=\"elementor-widget-wrap elementor-element-populated\">\n\t\t\t\t\t\t<div class=\"elementor-element elementor-element-273850a elementor-widget-divider--view-line elementor-widget elementor-widget-divider\" data-id=\"273850a\" data-element_type=\"widget\" data-e-type=\"widget\" data-widget_type=\"divider.default\">\n\t\t\t\t<div class=\"elementor-widget-container\">\n\t\t\t\t\t\t\t<div class=\"elementor-divider\">\n\t\t\t<span class=\"elementor-divider-separator\">\n\t\t\t\t\t\t<\/span>\n\t\t<\/div>\n\t\t\t\t\t\t<\/div>\n\t\t\t\t<\/div>\n\t\t\t\t\t<\/div>\n\t\t<\/div>\n\t\t\t\t\t<\/div>\n\t\t<\/section>\n\t\t\t\t<section class=\"elementor-section elementor-top-section elementor-element elementor-element-12d0994 elementor-section-boxed elementor-section-height-default elementor-section-height-default\" data-id=\"12d0994\" data-element_type=\"section\" data-e-type=\"section\">\n\t\t\t\t\t\t<div class=\"elementor-container elementor-column-gap-default\">\n\t\t\t\t\t<div class=\"elementor-column elementor-col-100 elementor-top-column elementor-element elementor-element-3b7e00d\" data-id=\"3b7e00d\" data-element_type=\"column\" data-e-type=\"column\">\n\t\t\t<div class=\"elementor-widget-wrap elementor-element-populated\">\n\t\t\t\t\t\t<div class=\"elementor-element elementor-element-68806d0 elementor-widget elementor-widget-text-editor\" data-id=\"68806d0\" data-element_type=\"widget\" data-e-type=\"widget\" data-widget_type=\"text-editor.default\">\n\t\t\t\t<div class=\"elementor-widget-container\">\n\t\t\t\t\t\t\t\t\t<h3>Gemeinsam stark f\u00fcr Natur und Landschaft: Aktion gegen das Mega-Industriegebiet Elmpt<\/h3>\t\t\t\t\t\t\t\t<\/div>\n\t\t\t\t<\/div>\n\t\t\t\t<div class=\"elementor-element elementor-element-fc06b1d elementor-widget elementor-widget-menu-anchor\" data-id=\"fc06b1d\" data-element_type=\"widget\" data-e-type=\"widget\" data-widget_type=\"menu-anchor.default\">\n\t\t\t\t<div class=\"elementor-widget-container\">\n\t\t\t\t\t\t\t<div class=\"elementor-menu-anchor\" id=\"2024-19\"><\/div>\n\t\t\t\t\t\t<\/div>\n\t\t\t\t<\/div>\n\t\t\t\t\t<\/div>\n\t\t<\/div>\n\t\t\t\t\t<\/div>\n\t\t<\/section>\n\t\t\t\t<section class=\"elementor-section elementor-top-section elementor-element elementor-element-e24b428 elementor-section-boxed elementor-section-height-default elementor-section-height-default\" data-id=\"e24b428\" data-element_type=\"section\" data-e-type=\"section\">\n\t\t\t\t\t\t<div class=\"elementor-container elementor-column-gap-default\">\n\t\t\t\t\t<div class=\"elementor-column elementor-col-100 elementor-top-column elementor-element elementor-element-4e30f2a\" data-id=\"4e30f2a\" data-element_type=\"column\" data-e-type=\"column\">\n\t\t\t<div class=\"elementor-widget-wrap elementor-element-populated\">\n\t\t\t\t\t\t<div class=\"elementor-element elementor-element-3c50650 elementor-widget elementor-widget-video\" data-id=\"3c50650\" data-element_type=\"widget\" data-e-type=\"widget\" data-settings=\"{&quot;youtube_url&quot;:&quot;https:\\\/\\\/youtu.be\\\/wCNvj_6YLqw&quot;,&quot;autoplay&quot;:&quot;yes&quot;,&quot;play_on_mobile&quot;:&quot;yes&quot;,&quot;loop&quot;:&quot;yes&quot;,&quot;video_type&quot;:&quot;youtube&quot;,&quot;controls&quot;:&quot;yes&quot;}\" data-widget_type=\"video.default\">\n\t\t\t\t<div class=\"elementor-widget-container\">\n\t\t\t\t\t\t\t<div class=\"elementor-wrapper elementor-open-inline\">\n\t\t\t<div class=\"elementor-video\"><\/div>\t\t<\/div>\n\t\t\t\t\t\t<\/div>\n\t\t\t\t<\/div>\n\t\t\t\t\t<\/div>\n\t\t<\/div>\n\t\t\t\t\t<\/div>\n\t\t<\/section>\n\t\t\t\t<section class=\"elementor-section elementor-top-section elementor-element elementor-element-cd01625 elementor-section-boxed elementor-section-height-default elementor-section-height-default\" data-id=\"cd01625\" data-element_type=\"section\" data-e-type=\"section\">\n\t\t\t\t\t\t<div class=\"elementor-container elementor-column-gap-default\">\n\t\t\t\t\t<div class=\"elementor-column elementor-col-100 elementor-top-column elementor-element elementor-element-d13d967\" data-id=\"d13d967\" data-element_type=\"column\" data-e-type=\"column\">\n\t\t\t<div class=\"elementor-widget-wrap elementor-element-populated\">\n\t\t\t\t\t\t<div class=\"elementor-element elementor-element-6665a56 elementor-widget elementor-widget-text-editor\" data-id=\"6665a56\" data-element_type=\"widget\" data-e-type=\"widget\" data-widget_type=\"text-editor.default\">\n\t\t\t\t<div class=\"elementor-widget-container\">\n\t\t\t\t\t\t\t\t\t<p style=\"text-align: center;\"><em>Weihnachtsw\u00fcnsche und Spendenaufruf<\/em><\/p>\t\t\t\t\t\t\t\t<\/div>\n\t\t\t\t<\/div>\n\t\t\t\t\t<\/div>\n\t\t<\/div>\n\t\t\t\t\t<\/div>\n\t\t<\/section>\n\t\t\t\t<section class=\"elementor-section elementor-top-section elementor-element elementor-element-8095cdc elementor-section-boxed elementor-section-height-default elementor-section-height-default\" data-id=\"8095cdc\" data-element_type=\"section\" data-e-type=\"section\">\n\t\t\t\t\t\t<div class=\"elementor-container elementor-column-gap-default\">\n\t\t\t\t\t<div class=\"elementor-column elementor-col-100 elementor-top-column elementor-element elementor-element-1f3a8db\" data-id=\"1f3a8db\" data-element_type=\"column\" data-e-type=\"column\">\n\t\t\t<div class=\"elementor-widget-wrap elementor-element-populated\">\n\t\t\t\t\t\t<div class=\"elementor-element elementor-element-d9f37ca elementor-widget elementor-widget-text-editor\" data-id=\"d9f37ca\" data-element_type=\"widget\" data-e-type=\"widget\" data-widget_type=\"text-editor.default\">\n\t\t\t\t<div class=\"elementor-widget-container\">\n\t\t\t\t\t\t\t\t\t<p>Die Pl\u00e4ne f\u00fcr ein Mega-Industriegebiet auf dem ehemaligen Milit\u00e4rflugplatz Elmpt sto\u00dfen auf zunehmenden Widerstand. Die BUND-Ortsgruppe in Niederkr\u00fcchten hat sich mit den Bem\u00fchungen von Gr\u00fcnes Grenzland solidarisch erkl\u00e4rt und eine Petition gestartet, um diese weitreichenden Pl\u00e4ne zu stoppen. Ihre Unterst\u00fctzung ist ein wichtiger Schritt im Kampf f\u00fcr den Erhalt von Natur und Landschaft in dieser einzigartigen Grenzregion.<\/p><p>Wir haben auch gute Nachrichten: Die Landesgemeinschaft Naturschutz und Umwelt Nordrhein-Westfalen e.V. (LNU) hat sich unserer Mission angeschlossen. Gemeinsam mit Gr\u00fcnes Grenzland wird die LNU rechtliche Schritte einleiten, um die Pl\u00e4ne zu verhindern. Um diese Zusammenarbeit zu ratifizieren, wird ein Vertrag f\u00fcr das gemeinsame Konto aufgesetzt, mit dem wir die Gerichtskosten finanzieren k\u00f6nnen.Ihre Hilfe ist entscheidend.<br \/><span style=\"font-style: inherit; font-weight: inherit; background-color: var(--ast-global-color-4); color: var(--ast-global-color-3);\">Wir rufen alle dazu auf, sich an diesem Kampf f\u00fcr unsere Umwelt zu beteiligen. Spenden sind auf dem speziell f\u00fcr diesen Zweck eingerichteten Gemeinschaftskonto herzlich willkommen. Gemeinsam k\u00f6nnen wir uns gegen diese gr\u00f6\u00dfenwahnsinnigen Pl\u00e4ne wehren und f\u00fcr eine Zukunft sorgen, in der Natur und Nachhaltigkeit an erster Stelle stehen.<\/span><\/p><p>Weitere Informationen \u00fcber Spendenm\u00f6glichkeiten finden Sie <a href=\"https:\/\/www.gruenes-grenzland.net\/de\/doneren-groen-grensland\/\">HIER De<\/a>\u00a0 of <a href=\"https:\/\/www.gruenes-grenzland.net\/doneren-groen-grensland\/\">HIER Ne\u00a0\u00a0<\/a><\/p>\t\t\t\t\t\t\t\t<\/div>\n\t\t\t\t<\/div>\n\t\t\t\t<div class=\"elementor-element elementor-element-0a0e711 elementor-widget-divider--view-line elementor-widget elementor-widget-divider\" data-id=\"0a0e711\" data-element_type=\"widget\" data-e-type=\"widget\" data-widget_type=\"divider.default\">\n\t\t\t\t<div class=\"elementor-widget-container\">\n\t\t\t\t\t\t\t<div class=\"elementor-divider\">\n\t\t\t<span class=\"elementor-divider-separator\">\n\t\t\t\t\t\t<\/span>\n\t\t<\/div>\n\t\t\t\t\t\t<\/div>\n\t\t\t\t<\/div>\n\t\t\t\t\t<\/div>\n\t\t<\/div>\n\t\t\t\t\t<\/div>\n\t\t<\/section>\n\t\t\t\t<section class=\"elementor-section elementor-top-section elementor-element elementor-element-5d915e1 elementor-section-boxed elementor-section-height-default elementor-section-height-default\" data-id=\"5d915e1\" data-element_type=\"section\" data-e-type=\"section\">\n\t\t\t\t\t\t<div class=\"elementor-container elementor-column-gap-default\">\n\t\t\t\t\t<div class=\"elementor-column elementor-col-100 elementor-top-column elementor-element elementor-element-05c572b\" data-id=\"05c572b\" data-element_type=\"column\" data-e-type=\"column\">\n\t\t\t<div class=\"elementor-widget-wrap elementor-element-populated\">\n\t\t\t\t\t\t<div class=\"elementor-element elementor-element-640fe67 elementor-widget elementor-widget-menu-anchor\" data-id=\"640fe67\" data-element_type=\"widget\" data-e-type=\"widget\" data-widget_type=\"menu-anchor.default\">\n\t\t\t\t<div class=\"elementor-widget-container\">\n\t\t\t\t\t\t\t<div class=\"elementor-menu-anchor\" id=\"2024-18\"><\/div>\n\t\t\t\t\t\t<\/div>\n\t\t\t\t<\/div>\n\t\t\t\t\t<\/div>\n\t\t<\/div>\n\t\t\t\t\t<\/div>\n\t\t<\/section>\n\t\t\t\t<section class=\"elementor-section elementor-top-section elementor-element elementor-element-8ece4f0 elementor-section-boxed elementor-section-height-default elementor-section-height-default\" data-id=\"8ece4f0\" data-element_type=\"section\" data-e-type=\"section\">\n\t\t\t\t\t\t<div class=\"elementor-container elementor-column-gap-default\">\n\t\t\t\t\t<div class=\"elementor-column elementor-col-100 elementor-top-column elementor-element elementor-element-3ee25ed\" data-id=\"3ee25ed\" data-element_type=\"column\" data-e-type=\"column\">\n\t\t\t<div class=\"elementor-widget-wrap elementor-element-populated\">\n\t\t\t\t\t\t<div class=\"elementor-element elementor-element-f1a2469 elementor-widget elementor-widget-text-editor\" data-id=\"f1a2469\" data-element_type=\"widget\" data-e-type=\"widget\" data-widget_type=\"text-editor.default\">\n\t\t\t\t<div class=\"elementor-widget-container\">\n\t\t\t\t\t\t\t\t\t<h3><strong>Lang erwartete Pr\u00e4sentation Landschaftsbiografie Mittel-Limburg in Roermond<\/strong><\/h3>\t\t\t\t\t\t\t\t<\/div>\n\t\t\t\t<\/div>\n\t\t\t\t\t<\/div>\n\t\t<\/div>\n\t\t\t\t\t<\/div>\n\t\t<\/section>\n\t\t\t\t<section class=\"elementor-section elementor-top-section elementor-element elementor-element-f1f1d99 elementor-section-boxed elementor-section-height-default elementor-section-height-default\" data-id=\"f1f1d99\" data-element_type=\"section\" data-e-type=\"section\">\n\t\t\t\t\t\t<div class=\"elementor-container elementor-column-gap-default\">\n\t\t\t\t\t<div class=\"elementor-column elementor-col-100 elementor-top-column elementor-element elementor-element-ce8f501\" data-id=\"ce8f501\" data-element_type=\"column\" data-e-type=\"column\">\n\t\t\t<div class=\"elementor-widget-wrap elementor-element-populated\">\n\t\t\t\t\t\t<div class=\"elementor-element elementor-element-fefd07f elementor-widget elementor-widget-text-editor\" data-id=\"fefd07f\" data-element_type=\"widget\" data-e-type=\"widget\" data-widget_type=\"text-editor.default\">\n\t\t\t\t<div class=\"elementor-widget-container\">\n\t\t\t\t\t\t\t\t\t<p class=\" translation-block\">Roermond, 29. November 2024 - In einer stimmungsvollen und vollbesetzten Oranjerie wurde die lang erwartete <strong>Landschaftsbiographie von Mittel-Limburg <\/strong> feierlich vorgestellt. Mehr als 300 G\u00e4ste erlebten einen Nachmittag mit inspirierenden Geschichten und beeindruckenden Bildern \u00fcber die Natur und Landschaft Mittellimburgs.<\/p><p>Der Nachmittag wurde durch Vortr\u00e4ge mehrerer Autoren bereichert, von denen jeder eine einzigartige Perspektive auf das Gebiet bot. Math de Ponti weihte die Zuh\u00f6rer in die Geheimnisse des Meinwegs ein, w\u00e4hrend Rob Geraeds die faszinierende Str\u00f6mung des Vlootbeek beleuchtete. Bas Raaijmakers erweckte die geheimnisvolle Welt der Kreuzotter zum Leben, und Ernest van Asseldonk zeigte das au\u00dfergew\u00f6hnliche Verhalten des Ziegenmelkers. Auch die urbane Natur wurde vorgestellt, und zwar von John van den Berg sowie mit faszinierenden Beitr\u00e4gen von Nikki Meijer und Sanne Kortekaas.<\/p>\t\t\t\t\t\t\t\t<\/div>\n\t\t\t\t<\/div>\n\t\t\t\t\t<\/div>\n\t\t<\/div>\n\t\t\t\t\t<\/div>\n\t\t<\/section>\n\t\t\t\t<section class=\"elementor-section elementor-top-section elementor-element elementor-element-53a1e41 elementor-section-boxed elementor-section-height-default elementor-section-height-default\" data-id=\"53a1e41\" data-element_type=\"section\" data-e-type=\"section\">\n\t\t\t\t\t\t<div class=\"elementor-container elementor-column-gap-default\">\n\t\t\t\t\t<div class=\"elementor-column elementor-col-100 elementor-top-column elementor-element elementor-element-9e92af2\" data-id=\"9e92af2\" data-element_type=\"column\" data-e-type=\"column\">\n\t\t\t<div class=\"elementor-widget-wrap elementor-element-populated\">\n\t\t\t\t\t\t<div class=\"elementor-element elementor-element-befa3c9 elementor-widget elementor-widget-video\" data-id=\"befa3c9\" data-element_type=\"widget\" data-e-type=\"widget\" data-settings=\"{&quot;youtube_url&quot;:&quot;https:\\\/\\\/youtu.be\\\/2qXZtdJMWK0&quot;,&quot;video_type&quot;:&quot;youtube&quot;,&quot;controls&quot;:&quot;yes&quot;}\" data-widget_type=\"video.default\">\n\t\t\t\t<div class=\"elementor-widget-container\">\n\t\t\t\t\t\t\t<div class=\"elementor-wrapper elementor-open-inline\">\n\t\t\t<div class=\"elementor-video\"><\/div>\t\t<\/div>\n\t\t\t\t\t\t<\/div>\n\t\t\t\t<\/div>\n\t\t\t\t\t<\/div>\n\t\t<\/div>\n\t\t\t\t\t<\/div>\n\t\t<\/section>\n\t\t\t\t<section class=\"elementor-section elementor-top-section elementor-element elementor-element-3e3af18 elementor-section-boxed elementor-section-height-default elementor-section-height-default\" data-id=\"3e3af18\" data-element_type=\"section\" data-e-type=\"section\">\n\t\t\t\t\t\t<div class=\"elementor-container elementor-column-gap-default\">\n\t\t\t\t\t<div class=\"elementor-column elementor-col-100 elementor-top-column elementor-element elementor-element-2ce1bf2\" data-id=\"2ce1bf2\" data-element_type=\"column\" data-e-type=\"column\">\n\t\t\t<div class=\"elementor-widget-wrap elementor-element-populated\">\n\t\t\t\t\t\t<div class=\"elementor-element elementor-element-99331a0 elementor-widget elementor-widget-text-editor\" data-id=\"99331a0\" data-element_type=\"widget\" data-e-type=\"widget\" data-widget_type=\"text-editor.default\">\n\t\t\t\t<div class=\"elementor-widget-container\">\n\t\t\t\t\t\t\t\t\t<p>\u00a0Visuelle Premiere: Ode an die Landschaft<br \/>Ein weiterer gro\u00dfer Moment war die Premiere des Videotrailers, der von Hans Heijnen erstellt wurde. Dieser kurze Film voller detaillierter Karten und sch\u00f6ner Drohnenaufnahmen bot eine visuelle Zusammenfassung der Landschaftsbiografie. Der Trailer machte deutlich, dass Mittellimburg eine Fundgrube f\u00fcr Natur und Geschichte ist, und weckte Begeisterung f\u00fcr das Buch.<\/p><p>Ein Moment der Anerkennung<br \/>Das erste Exemplar wurde von Ton Lenders, dem Vorsitzenden der Stichting Natuurpublicaties Limburg, feierlich an die Stadtr\u00e4te Dirk Franssen (Roermond) und Jan Smits (Roerdalen) \u00fcberreicht. Danach gab es einen besonderen Moment f\u00fcr die 73 Autoren des Buches: Jeder von ihnen erhielt sein pers\u00f6nliches Exemplar als Anerkennung f\u00fcr seinen Beitrag zu diesem monumentalen Werk.<\/p><p class=\" translation-block\">Neugierig auf die Sch\u00f6nheit dieser Region?<\/strong> Sehen Sie sich den Video-Trailer an und lassen Sie sich von den Geschichten und Bildern inspirieren. Verpassen Sie nicht die Gelegenheit, die Trilogie zu kaufen und den Reichtum von Mittellimburg selbst zu entdecken!<\/p><p class=\" translation-block\"><strong>Bestellen?<\/strong> Die Landschaftsbiographie ist erh\u00e4ltlich bei  <a href=\"http:\/\/maasterrassen.nhgl.nl\/\" target=\"_self\">maasterrassen.nhgl.nl<\/a><\/p>\t\t\t\t\t\t\t\t<\/div>\n\t\t\t\t<\/div>\n\t\t\t\t\t<\/div>\n\t\t<\/div>\n\t\t\t\t\t<\/div>\n\t\t<\/section>\n\t\t\t\t<section class=\"elementor-section elementor-top-section elementor-element elementor-element-c3376df elementor-section-boxed elementor-section-height-default elementor-section-height-default\" data-id=\"c3376df\" data-element_type=\"section\" data-e-type=\"section\">\n\t\t\t\t\t\t<div class=\"elementor-container elementor-column-gap-default\">\n\t\t\t\t\t<div class=\"elementor-column elementor-col-100 elementor-top-column elementor-element elementor-element-8c4dce4\" data-id=\"8c4dce4\" data-element_type=\"column\" data-e-type=\"column\">\n\t\t\t<div class=\"elementor-widget-wrap elementor-element-populated\">\n\t\t\t\t\t\t<div class=\"elementor-element elementor-element-9f7b66a elementor-widget-divider--view-line elementor-widget elementor-widget-divider\" data-id=\"9f7b66a\" data-element_type=\"widget\" data-e-type=\"widget\" data-widget_type=\"divider.default\">\n\t\t\t\t<div class=\"elementor-widget-container\">\n\t\t\t\t\t\t\t<div class=\"elementor-divider\">\n\t\t\t<span class=\"elementor-divider-separator\">\n\t\t\t\t\t\t<\/span>\n\t\t<\/div>\n\t\t\t\t\t\t<\/div>\n\t\t\t\t<\/div>\n\t\t\t\t\t<\/div>\n\t\t<\/div>\n\t\t\t\t\t<\/div>\n\t\t<\/section>\n\t\t\t\t<section class=\"elementor-section elementor-top-section elementor-element elementor-element-19e0686 elementor-section-boxed elementor-section-height-default elementor-section-height-default\" data-id=\"19e0686\" data-element_type=\"section\" data-e-type=\"section\">\n\t\t\t\t\t\t<div class=\"elementor-container elementor-column-gap-default\">\n\t\t\t\t\t<div class=\"elementor-column elementor-col-100 elementor-top-column elementor-element elementor-element-0b007c0\" data-id=\"0b007c0\" data-element_type=\"column\" data-e-type=\"column\">\n\t\t\t<div class=\"elementor-widget-wrap elementor-element-populated\">\n\t\t\t\t\t\t<div class=\"elementor-element elementor-element-ef189cd elementor-widget elementor-widget-menu-anchor\" data-id=\"ef189cd\" data-element_type=\"widget\" data-e-type=\"widget\" data-widget_type=\"menu-anchor.default\">\n\t\t\t\t<div class=\"elementor-widget-container\">\n\t\t\t\t\t\t\t<div class=\"elementor-menu-anchor\" id=\"2024-17\"><\/div>\n\t\t\t\t\t\t<\/div>\n\t\t\t\t<\/div>\n\t\t\t\t\t<\/div>\n\t\t<\/div>\n\t\t\t\t\t<\/div>\n\t\t<\/section>\n\t\t\t\t<section class=\"elementor-section elementor-top-section elementor-element elementor-element-9c783fe elementor-section-boxed elementor-section-height-default elementor-section-height-default\" data-id=\"9c783fe\" data-element_type=\"section\" data-e-type=\"section\">\n\t\t\t\t\t\t<div class=\"elementor-container elementor-column-gap-default\">\n\t\t\t\t\t<div class=\"elementor-column elementor-col-100 elementor-top-column elementor-element elementor-element-2a9d736\" data-id=\"2a9d736\" data-element_type=\"column\" data-e-type=\"column\">\n\t\t\t<div class=\"elementor-widget-wrap elementor-element-populated\">\n\t\t\t\t\t\t<div class=\"elementor-element elementor-element-88601ed elementor-widget elementor-widget-text-editor\" data-id=\"88601ed\" data-element_type=\"widget\" data-e-type=\"widget\" data-widget_type=\"text-editor.default\">\n\t\t\t\t<div class=\"elementor-widget-container\">\n\t\t\t\t\t\t\t\t\t<h3><strong>M\u00f6gliche Reaktivierung der Bahnlinie durch das Naturschutzgebiet f\u00fchrt zu Besorgnis und Diskussion<\/strong><\/h3>\t\t\t\t\t\t\t\t<\/div>\n\t\t\t\t<\/div>\n\t\t\t\t\t<\/div>\n\t\t<\/div>\n\t\t\t\t\t<\/div>\n\t\t<\/section>\n\t\t\t\t<section class=\"elementor-section elementor-top-section elementor-element elementor-element-e383c11 elementor-section-boxed elementor-section-height-default elementor-section-height-default\" data-id=\"e383c11\" data-element_type=\"section\" data-e-type=\"section\">\n\t\t\t\t\t\t<div class=\"elementor-container elementor-column-gap-default\">\n\t\t\t\t\t<div class=\"elementor-column elementor-col-100 elementor-top-column elementor-element elementor-element-0292fb7\" data-id=\"0292fb7\" data-element_type=\"column\" data-e-type=\"column\">\n\t\t\t<div class=\"elementor-widget-wrap elementor-element-populated\">\n\t\t\t\t\t\t<div class=\"elementor-element elementor-element-03f7bb5 elementor-widget elementor-widget-image\" data-id=\"03f7bb5\" data-element_type=\"widget\" data-e-type=\"widget\" data-widget_type=\"image.default\">\n\t\t\t\t<div class=\"elementor-widget-container\">\n\t\t\t\t\t\t\t\t\t\t\t\t<figure class=\"wp-caption\">\n\t\t\t\t\t\t\t\t\t\t<img fetchpriority=\"high\" decoding=\"async\" width=\"1024\" height=\"724\" src=\"https:\/\/www.gruenes-grenzland.net\/wp-content\/uploads\/2024\/12\/GrGr-RP-Koeln-Bahntrassen-bereich-Wegberg-1024x724.jpg\" class=\"attachment-large size-large wp-image-18700\" alt=\"\" srcset=\"https:\/\/www.gruenes-grenzland.net\/wp-content\/uploads\/2024\/12\/GrGr-RP-Koeln-Bahntrassen-bereich-Wegberg-1024x724.jpg 1024w, https:\/\/www.gruenes-grenzland.net\/wp-content\/uploads\/2024\/12\/GrGr-RP-Koeln-Bahntrassen-bereich-Wegberg-300x212.jpg 300w, https:\/\/www.gruenes-grenzland.net\/wp-content\/uploads\/2024\/12\/GrGr-RP-Koeln-Bahntrassen-bereich-Wegberg-768x543.jpg 768w, https:\/\/www.gruenes-grenzland.net\/wp-content\/uploads\/2024\/12\/GrGr-RP-Koeln-Bahntrassen-bereich-Wegberg-1536x1086.jpg 1536w, https:\/\/www.gruenes-grenzland.net\/wp-content\/uploads\/2024\/12\/GrGr-RP-Koeln-Bahntrassen-bereich-Wegberg-2048x1448.jpg 2048w, https:\/\/www.gruenes-grenzland.net\/wp-content\/uploads\/2024\/12\/GrGr-RP-Koeln-Bahntrassen-bereich-Wegberg-18x12.jpg 18w\" sizes=\"(max-width: 1024px) 100vw, 1024px\" \/>\t\t\t\t\t\t\t\t\t\t\t<figcaption class=\"widget-image-caption wp-caption-text\">Karte mit der Lage m\u00f6glicher Bahntrassen, Natura-2000-Gebiete und des geplanten Gewerbegebiets in Elmpt<\/figcaption>\n\t\t\t\t\t\t\t\t\t\t<\/figure>\n\t\t\t\t\t\t\t\t\t<\/div>\n\t\t\t\t<\/div>\n\t\t\t\t\t<\/div>\n\t\t<\/div>\n\t\t\t\t\t<\/div>\n\t\t<\/section>\n\t\t\t\t<section class=\"elementor-section elementor-top-section elementor-element elementor-element-2a52464 elementor-section-boxed elementor-section-height-default elementor-section-height-default\" data-id=\"2a52464\" data-element_type=\"section\" data-e-type=\"section\">\n\t\t\t\t\t\t<div class=\"elementor-container elementor-column-gap-default\">\n\t\t\t\t\t<div class=\"elementor-column elementor-col-100 elementor-top-column elementor-element elementor-element-70310be\" data-id=\"70310be\" data-element_type=\"column\" data-e-type=\"column\">\n\t\t\t<div class=\"elementor-widget-wrap elementor-element-populated\">\n\t\t\t\t\t\t<div class=\"elementor-element elementor-element-544a451 elementor-widget elementor-widget-text-editor\" data-id=\"544a451\" data-element_type=\"widget\" data-e-type=\"widget\" data-widget_type=\"text-editor.default\">\n\t\t\t\t<div class=\"elementor-widget-container\">\n\t\t\t\t\t\t\t\t\t<p>\u00a0Die \u00dcberarbeitung des Regionalplans f\u00fcr den Regierungsbezirk K\u00f6ln beinhaltet einen umstrittenen Vorschlag: die m\u00f6gliche Reaktivierung der Bahnstrecke Dahlhem-Elmpt. Diese Trasse, die wertvolle Naturr\u00e4ume wie den Meinweg und den Elmpter Wald durchquert (Variante (b) auf der Karte), hat bei Natur- und Umweltsch\u00fctzern Bedenken ausgel\u00f6st.<br \/>Aus Dokumenten geht hervor, dass die D\u00fcsseldorfer Planer darauf bestanden haben, diese Bahnlinie in den neuen K\u00f6lner Regionalplan aufzunehmen. Der Grund? Die Strecke k\u00f6nnte eine wichtige Verbindung zu dem geplanten Industriegebiet in Elmpt darstellen. Diese Forderung setzt die K\u00f6lner Regionalplaner unter Druck und l\u00e4sst vermuten, dass die Realisierung des Projekts ernsthaft in Erw\u00e4gung gezogen wird.<br \/>Umweltorganisationen und andere Interessengruppen betonen den einzigartigen \u00f6kologischen Wert des Meinwegs und des Elmpter Waldes und bef\u00fcrchten, dass die Reaktivierung der Bahnlinie die biologische Vielfalt und das nat\u00fcrliche Gleichgewicht gef\u00e4hrden wird. Eine Stellungnahme, in der diese Einw\u00e4nde erl\u00e4utert werden, wurde jetzt vorgelegt, siehe <a href=\"https:\/\/www.gruenes-grenzland.net\/wp-content\/uploads\/2024\/11\/Eingabe-GrGr-Aenderung-des-Regionalplans-Koeln-14.-November-2024-def.docx\">HIER.<\/a><\/p><p>Die Debatte \u00fcber das Gleichgewicht zwischen wirtschaftlicher Entwicklung und Naturschutz bleibt bis auf Weiteres aktuell.<\/p>\t\t\t\t\t\t\t\t<\/div>\n\t\t\t\t<\/div>\n\t\t\t\t\t<\/div>\n\t\t<\/div>\n\t\t\t\t\t<\/div>\n\t\t<\/section>\n\t\t\t\t<section class=\"elementor-section elementor-top-section elementor-element elementor-element-3a3502b elementor-section-boxed elementor-section-height-default elementor-section-height-default\" data-id=\"3a3502b\" data-element_type=\"section\" data-e-type=\"section\">\n\t\t\t\t\t\t<div class=\"elementor-container elementor-column-gap-default\">\n\t\t\t\t\t<div class=\"elementor-column elementor-col-100 elementor-top-column elementor-element elementor-element-fc6c64a\" data-id=\"fc6c64a\" data-element_type=\"column\" data-e-type=\"column\">\n\t\t\t<div class=\"elementor-widget-wrap elementor-element-populated\">\n\t\t\t\t\t\t<div class=\"elementor-element elementor-element-ba31d40 elementor-widget-divider--view-line elementor-widget elementor-widget-divider\" data-id=\"ba31d40\" data-element_type=\"widget\" data-e-type=\"widget\" data-widget_type=\"divider.default\">\n\t\t\t\t<div class=\"elementor-widget-container\">\n\t\t\t\t\t\t\t<div class=\"elementor-divider\">\n\t\t\t<span class=\"elementor-divider-separator\">\n\t\t\t\t\t\t<\/span>\n\t\t<\/div>\n\t\t\t\t\t\t<\/div>\n\t\t\t\t<\/div>\n\t\t\t\t\t<\/div>\n\t\t<\/div>\n\t\t\t\t\t<\/div>\n\t\t<\/section>\n\t\t\t\t<section class=\"elementor-section elementor-top-section elementor-element elementor-element-0b20e4d elementor-section-boxed elementor-section-height-default elementor-section-height-default\" data-id=\"0b20e4d\" data-element_type=\"section\" data-e-type=\"section\">\n\t\t\t\t\t\t<div class=\"elementor-container elementor-column-gap-default\">\n\t\t\t\t\t<div class=\"elementor-column elementor-col-100 elementor-top-column elementor-element elementor-element-1819948\" data-id=\"1819948\" data-element_type=\"column\" data-e-type=\"column\">\n\t\t\t<div class=\"elementor-widget-wrap elementor-element-populated\">\n\t\t\t\t\t\t<div class=\"elementor-element elementor-element-691cbc9 elementor-widget elementor-widget-menu-anchor\" data-id=\"691cbc9\" data-element_type=\"widget\" data-e-type=\"widget\" data-widget_type=\"menu-anchor.default\">\n\t\t\t\t<div class=\"elementor-widget-container\">\n\t\t\t\t\t\t\t<div class=\"elementor-menu-anchor\" id=\"2024-16\"><\/div>\n\t\t\t\t\t\t<\/div>\n\t\t\t\t<\/div>\n\t\t\t\t\t<\/div>\n\t\t<\/div>\n\t\t\t\t\t<\/div>\n\t\t<\/section>\n\t\t\t\t<section class=\"elementor-section elementor-top-section elementor-element elementor-element-de7b49b elementor-section-boxed elementor-section-height-default elementor-section-height-default\" data-id=\"de7b49b\" data-element_type=\"section\" data-e-type=\"section\">\n\t\t\t\t\t\t<div class=\"elementor-container elementor-column-gap-default\">\n\t\t\t\t\t<div class=\"elementor-column elementor-col-100 elementor-top-column elementor-element elementor-element-2a98fda\" data-id=\"2a98fda\" data-element_type=\"column\" data-e-type=\"column\">\n\t\t\t<div class=\"elementor-widget-wrap elementor-element-populated\">\n\t\t\t\t\t\t<div class=\"elementor-element elementor-element-0483df9 elementor-widget elementor-widget-text-editor\" data-id=\"0483df9\" data-element_type=\"widget\" data-e-type=\"widget\" data-widget_type=\"text-editor.default\">\n\t\t\t\t<div class=\"elementor-widget-container\">\n\t\t\t\t\t\t\t\t\t<h3 class=\" translation-block\"><strong>Industriegebiet Elmpt<Br>\nUnterst\u00fctzen Sie unseren Kampf: Gr\u00fcn soll wirklich gr\u00fcn bleiben!<\/strong><\/h3>\t\t\t\t\t\t\t\t<\/div>\n\t\t\t\t<\/div>\n\t\t\t\t\t<\/div>\n\t\t<\/div>\n\t\t\t\t\t<\/div>\n\t\t<\/section>\n\t\t\t\t<section class=\"elementor-section elementor-top-section elementor-element elementor-element-2cf2f64 elementor-section-boxed elementor-section-height-default elementor-section-height-default\" data-id=\"2cf2f64\" data-element_type=\"section\" data-e-type=\"section\">\n\t\t\t\t\t\t<div class=\"elementor-container elementor-column-gap-default\">\n\t\t\t\t\t<div class=\"elementor-column elementor-col-100 elementor-top-column elementor-element elementor-element-0f169ce\" data-id=\"0f169ce\" data-element_type=\"column\" data-e-type=\"column\">\n\t\t\t<div class=\"elementor-widget-wrap elementor-element-populated\">\n\t\t\t\t\t\t<div class=\"elementor-element elementor-element-1826171 elementor-widget elementor-widget-image\" data-id=\"1826171\" data-element_type=\"widget\" data-e-type=\"widget\" data-widget_type=\"image.default\">\n\t\t\t\t<div class=\"elementor-widget-container\">\n\t\t\t\t\t\t\t\t\t\t\t\t<figure class=\"wp-caption\">\n\t\t\t\t\t\t\t\t\t\t<img decoding=\"async\" width=\"1024\" height=\"444\" src=\"https:\/\/www.gruenes-grenzland.net\/wp-content\/uploads\/2024\/10\/DJI_0006-wpt1-1-met-plan-crop-1024x444.jpg\" class=\"attachment-large size-large wp-image-18264\" alt=\"\" srcset=\"https:\/\/www.gruenes-grenzland.net\/wp-content\/uploads\/2024\/10\/DJI_0006-wpt1-1-met-plan-crop-1024x444.jpg 1024w, https:\/\/www.gruenes-grenzland.net\/wp-content\/uploads\/2024\/10\/DJI_0006-wpt1-1-met-plan-crop-300x130.jpg 300w, https:\/\/www.gruenes-grenzland.net\/wp-content\/uploads\/2024\/10\/DJI_0006-wpt1-1-met-plan-crop-768x333.jpg 768w, https:\/\/www.gruenes-grenzland.net\/wp-content\/uploads\/2024\/10\/DJI_0006-wpt1-1-met-plan-crop-18x8.jpg 18w, https:\/\/www.gruenes-grenzland.net\/wp-content\/uploads\/2024\/10\/DJI_0006-wpt1-1-met-plan-crop.jpg 1200w\" sizes=\"(max-width: 1024px) 100vw, 1024px\" \/>\t\t\t\t\t\t\t\t\t\t\t<figcaption class=\"widget-image-caption wp-caption-text\">Geplante Megahallen statt Wald. Wieso \u2018\u2019Gr\u00fcn bleibt gr\u00fcn\u201d?<\/figcaption>\n\t\t\t\t\t\t\t\t\t\t<\/figure>\n\t\t\t\t\t\t\t\t\t<\/div>\n\t\t\t\t<\/div>\n\t\t\t\t\t<\/div>\n\t\t<\/div>\n\t\t\t\t\t<\/div>\n\t\t<\/section>\n\t\t\t\t<section class=\"elementor-section elementor-top-section elementor-element elementor-element-3707bef elementor-section-boxed elementor-section-height-default elementor-section-height-default\" data-id=\"3707bef\" data-element_type=\"section\" data-e-type=\"section\">\n\t\t\t\t\t\t<div class=\"elementor-container elementor-column-gap-default\">\n\t\t\t\t\t<div class=\"elementor-column elementor-col-100 elementor-top-column elementor-element elementor-element-47a3b6a\" data-id=\"47a3b6a\" data-element_type=\"column\" data-e-type=\"column\">\n\t\t\t<div class=\"elementor-widget-wrap elementor-element-populated\">\n\t\t\t\t\t\t<div class=\"elementor-element elementor-element-8c4e6d8 elementor-widget elementor-widget-text-editor\" data-id=\"8c4e6d8\" data-element_type=\"widget\" data-e-type=\"widget\" data-widget_type=\"text-editor.default\">\n\t\t\t\t<div class=\"elementor-widget-container\">\n\t\t\t\t\t\t\t\t\t<p>Liebe Naturliebhaber und Freunde eines gr\u00fcnen Grenzlandes,<\/p><p>die Zukunft unserer sch\u00f6nen Naturr\u00e4ume steht auf dem Spiel. Trotz vieler Einw\u00e4nde hat die Gemeinde Niederkr\u00fcchten den Fl\u00e4chennutzungs- und Bebauungsplan f\u00fcr das Gewerbegebiet Elmpt genehmigt. Damit droht eine massive Beeintr\u00e4chtigung wertvoller Naturr\u00e4ume und des Lebensraums von Mensch und Tier. Das d\u00fcrfen wir nicht zulassen - und brauchen Ihre Hilfe, um unseren Kampf fortzusetzen.<\/p><p class=\" translation-block\"><strong>Warum wir weitermachen<\/strong><Br>\nDie Gemeinde ignoriert unsere Einw\u00e4nde und treibt das Projekt ohne R\u00fccksicht auf die gravierenden Auswirkungen auf Natur und Lebensraum voran:\n<Br>- L\u00e4rmbel\u00e4stigung: Die versprochenen Ma\u00dfnahmen sind unzureichend und bieten keine strukturellen L\u00f6sungen f\u00fcr die langfristige L\u00e4rmbel\u00e4stigung der Anwohner.\n<Br>- Stickstoffemissionen: Die Emissionen werden die Grenzwerte der nahe gelegenen Natura-2000-Gebiete weit \u00fcberschreiten.\n<Br>- Wasserwirtschaft und Grundwasserspiegel: Wesentliche Naturr\u00e4ume drohen auszutrocknen, da die Auswirkungen der Baupl\u00e4ne nicht ausreichend untersucht wurden.\n<Br>- Lichtverschmutzung: Die negativen Auswirkungen auf sensible Naturr\u00e4ume wie das Meinweg-Gebiet werden nicht ber\u00fccksichtigt.\n<Br>- Landschaftsverschmutzung: Das einzigartige Vogelschutzgebiet ist durch den Bau eines riesigen Industriegebietes bedroht.<\/p><p><strong>B\u00fcrgerbeteiligung ignoriert<\/strong><br \/>Mehr als 900 besorgte B\u00fcrgerinnen und B\u00fcrger haben sich mit Stellungnahmen und Einw\u00e4nden zu Wort gemeldet, die jedoch ohne ernsthafte Pr\u00fcfung beiseite geschoben wurden. Das Verfahren der \u00d6ffentlichkeitsbeteiligung ist zu einer Farce verkommen. Wir werden das nicht zulassen und weiter f\u00fcr eine faire Anh\u00f6rung unserer Anliegen und eine Zukunft k\u00e4mpfen, in der die Natur an erster Stelle steht.<\/p><p><strong>Ihre Unterst\u00fctzung ist unverzichtbar<\/strong><br \/>Wir werden weitermachen, denn die Natur hat eine Stimme verdient. Aber Gerichtsverfahren sind kostspielig. Deshalb bitten wir Sie um eine Spende, um gemeinsam den Kampf fortsetzen k\u00f6nnen. Ihre Spende macht einen Unterschied:  Sie hilft uns, weiterhin Einspruch zu erheben, rechtliche Schritte einzuleiten, um unsere Gr\u00fcnfl\u00e4chen auch in Zukunft zu sichern.<\/p><p>Unterst\u00fctzen Sie den Gr\u00fcnes Grenzland e.V, und helfen Sie uns, die Natur zu erhalten. Spenden Sie noch heute auf <br \/>Gr\u00fcnes Grenzland e.V.,IBAN: DE 7731 0601 8100 4565 0030, zie ook<a href=\"https:\/\/www.gruenes-grenzland.net\/de\/aanmeld-formulier\/#Financieelondersteunen\"> https:\/\/www.gruenes-grenzland.net\/aanmeld-formulier\/#Financieelondersteunen<\/a><br \/>und sorgen Sie daf\u00fcr, dass \u201eGr\u00fcn\u201c nicht nur ein Versprechen bleibt, sondern eine Realit\u00e4t, auf die wir stolz sein k\u00f6nnen<br \/>Gr\u00fcnes Grenzland ist anerkannt gemein\u00fctzig, sodass Ihre Spende steuerlich absetzbar ist.<br \/><strong>Gemeinsam k\u00f6nnen wir daf\u00fcr sorgen, dass gr\u00fcn auch wirklich gr\u00fcn bleibt.<\/strong><\/p>\t\t\t\t\t\t\t\t<\/div>\n\t\t\t\t<\/div>\n\t\t\t\t\t<\/div>\n\t\t<\/div>\n\t\t\t\t\t<\/div>\n\t\t<\/section>\n\t\t\t\t<section class=\"elementor-section elementor-top-section elementor-element elementor-element-b4dc581 elementor-section-boxed elementor-section-height-default elementor-section-height-default\" data-id=\"b4dc581\" data-element_type=\"section\" data-e-type=\"section\">\n\t\t\t\t\t\t<div class=\"elementor-container elementor-column-gap-default\">\n\t\t\t\t\t<div class=\"elementor-column elementor-col-100 elementor-top-column elementor-element elementor-element-8816640\" data-id=\"8816640\" data-element_type=\"column\" data-e-type=\"column\">\n\t\t\t<div class=\"elementor-widget-wrap elementor-element-populated\">\n\t\t\t\t\t\t<div class=\"elementor-element elementor-element-be1af13 elementor-widget-divider--view-line elementor-widget elementor-widget-divider\" data-id=\"be1af13\" data-element_type=\"widget\" data-e-type=\"widget\" data-widget_type=\"divider.default\">\n\t\t\t\t<div class=\"elementor-widget-container\">\n\t\t\t\t\t\t\t<div class=\"elementor-divider\">\n\t\t\t<span class=\"elementor-divider-separator\">\n\t\t\t\t\t\t<\/span>\n\t\t<\/div>\n\t\t\t\t\t\t<\/div>\n\t\t\t\t<\/div>\n\t\t\t\t<div class=\"elementor-element elementor-element-9664d2e elementor-widget elementor-widget-spacer\" data-id=\"9664d2e\" data-element_type=\"widget\" data-e-type=\"widget\" data-widget_type=\"spacer.default\">\n\t\t\t\t<div class=\"elementor-widget-container\">\n\t\t\t\t\t\t\t<div class=\"elementor-spacer\">\n\t\t\t<div class=\"elementor-spacer-inner\"><\/div>\n\t\t<\/div>\n\t\t\t\t\t\t<\/div>\n\t\t\t\t<\/div>\n\t\t\t\t\t<\/div>\n\t\t<\/div>\n\t\t\t\t\t<\/div>\n\t\t<\/section>\n\t\t\t\t<section class=\"elementor-section elementor-top-section elementor-element elementor-element-8393104 elementor-section-boxed elementor-section-height-default elementor-section-height-default\" data-id=\"8393104\" data-element_type=\"section\" data-e-type=\"section\">\n\t\t\t\t\t\t<div class=\"elementor-container elementor-column-gap-default\">\n\t\t\t\t\t<div class=\"elementor-column elementor-col-100 elementor-top-column elementor-element elementor-element-dc1de3c\" data-id=\"dc1de3c\" data-element_type=\"column\" data-e-type=\"column\">\n\t\t\t<div class=\"elementor-widget-wrap elementor-element-populated\">\n\t\t\t\t\t\t<div class=\"elementor-element elementor-element-218e4fa elementor-widget elementor-widget-menu-anchor\" data-id=\"218e4fa\" data-element_type=\"widget\" data-e-type=\"widget\" data-widget_type=\"menu-anchor.default\">\n\t\t\t\t<div class=\"elementor-widget-container\">\n\t\t\t\t\t\t\t<div class=\"elementor-menu-anchor\" id=\"2024-15\"><\/div>\n\t\t\t\t\t\t<\/div>\n\t\t\t\t<\/div>\n\t\t\t\t\t<\/div>\n\t\t<\/div>\n\t\t\t\t\t<\/div>\n\t\t<\/section>\n\t\t\t\t<section class=\"elementor-section elementor-top-section elementor-element elementor-element-e9f228e elementor-section-boxed elementor-section-height-default elementor-section-height-default\" data-id=\"e9f228e\" data-element_type=\"section\" data-e-type=\"section\">\n\t\t\t\t\t\t<div class=\"elementor-container elementor-column-gap-default\">\n\t\t\t\t\t<div class=\"elementor-column elementor-col-100 elementor-top-column elementor-element elementor-element-120a5df\" data-id=\"120a5df\" data-element_type=\"column\" data-e-type=\"column\">\n\t\t\t<div class=\"elementor-widget-wrap elementor-element-populated\">\n\t\t\t\t\t\t<div class=\"elementor-element elementor-element-5224dc4 elementor-widget elementor-widget-text-editor\" data-id=\"5224dc4\" data-element_type=\"widget\" data-e-type=\"widget\" data-widget_type=\"text-editor.default\">\n\t\t\t\t<div class=\"elementor-widget-container\">\n\t\t\t\t\t\t\t\t\t<h3><strong>Die Stickstoffma\u00dfnahmen von Rockwool drohen durch das neue Industriegebiet Javelin Park Elmpt sinnlos zu werden<\/strong><\/h3>\t\t\t\t\t\t\t\t<\/div>\n\t\t\t\t<\/div>\n\t\t\t\t\t<\/div>\n\t\t<\/div>\n\t\t\t\t\t<\/div>\n\t\t<\/section>\n\t\t\t\t<section class=\"elementor-section elementor-top-section elementor-element elementor-element-616b10c elementor-section-boxed elementor-section-height-default elementor-section-height-default\" data-id=\"616b10c\" data-element_type=\"section\" data-e-type=\"section\">\n\t\t\t\t\t\t<div class=\"elementor-container elementor-column-gap-default\">\n\t\t\t\t\t<div class=\"elementor-column elementor-col-100 elementor-top-column elementor-element elementor-element-b09b802\" data-id=\"b09b802\" data-element_type=\"column\" data-e-type=\"column\">\n\t\t\t<div class=\"elementor-widget-wrap elementor-element-populated\">\n\t\t\t\t\t\t<div class=\"elementor-element elementor-element-56a0812 elementor-widget elementor-widget-image\" data-id=\"56a0812\" data-element_type=\"widget\" data-e-type=\"widget\" data-widget_type=\"image.default\">\n\t\t\t\t<div class=\"elementor-widget-container\">\n\t\t\t\t\t\t\t\t\t\t\t\t<figure class=\"wp-caption\">\n\t\t\t\t\t\t\t\t\t\t<img decoding=\"async\" width=\"1024\" height=\"685\" src=\"https:\/\/www.gruenes-grenzland.net\/wp-content\/uploads\/2024\/10\/DJI_0272-Bedrijventerrein-heide-Roerstreek-HHeijnen-crop-1024x685.jpg\" class=\"attachment-large size-large wp-image-18231\" alt=\"\" srcset=\"https:\/\/www.gruenes-grenzland.net\/wp-content\/uploads\/2024\/10\/DJI_0272-Bedrijventerrein-heide-Roerstreek-HHeijnen-crop-1024x685.jpg 1024w, https:\/\/www.gruenes-grenzland.net\/wp-content\/uploads\/2024\/10\/DJI_0272-Bedrijventerrein-heide-Roerstreek-HHeijnen-crop-300x201.jpg 300w, https:\/\/www.gruenes-grenzland.net\/wp-content\/uploads\/2024\/10\/DJI_0272-Bedrijventerrein-heide-Roerstreek-HHeijnen-crop-768x514.jpg 768w, https:\/\/www.gruenes-grenzland.net\/wp-content\/uploads\/2024\/10\/DJI_0272-Bedrijventerrein-heide-Roerstreek-HHeijnen-crop-18x12.jpg 18w, https:\/\/www.gruenes-grenzland.net\/wp-content\/uploads\/2024\/10\/DJI_0272-Bedrijventerrein-heide-Roerstreek-HHeijnen-crop.jpg 1200w\" sizes=\"(max-width: 1024px) 100vw, 1024px\" \/>\t\t\t\t\t\t\t\t\t\t\t<figcaption class=\"widget-image-caption wp-caption-text\">Rockwool in Roermond<\/figcaption>\n\t\t\t\t\t\t\t\t\t\t<\/figure>\n\t\t\t\t\t\t\t\t\t<\/div>\n\t\t\t\t<\/div>\n\t\t\t\t\t<\/div>\n\t\t<\/div>\n\t\t\t\t\t<\/div>\n\t\t<\/section>\n\t\t\t\t<section class=\"elementor-section elementor-top-section elementor-element elementor-element-f3390d2 elementor-section-boxed elementor-section-height-default elementor-section-height-default\" data-id=\"f3390d2\" data-element_type=\"section\" data-e-type=\"section\">\n\t\t\t\t\t\t<div class=\"elementor-container elementor-column-gap-default\">\n\t\t\t\t\t<div class=\"elementor-column elementor-col-100 elementor-top-column elementor-element elementor-element-770fdf6\" data-id=\"770fdf6\" data-element_type=\"column\" data-e-type=\"column\">\n\t\t\t<div class=\"elementor-widget-wrap elementor-element-populated\">\n\t\t\t\t\t\t<div class=\"elementor-element elementor-element-ad6401e elementor-widget elementor-widget-text-editor\" data-id=\"ad6401e\" data-element_type=\"widget\" data-e-type=\"widget\" data-widget_type=\"text-editor.default\">\n\t\t\t\t<div class=\"elementor-widget-container\">\n\t\t\t\t\t\t\t\t\t<p>W\u00e4hrend das Unternehmen Rockwool, einer der gr\u00f6\u00dften Stickstoffemittenten in den Niederlanden, Pl\u00e4ne zur deutlichen Verringerung seiner Stickstoffemissionen schmiedet, drohen diese Bem\u00fchungen durch die Ansiedlung eines neuen Industriegebiets gleich hinter der Grenze in Deutschland zunichte gemacht zu werden. Der Bau des Javelin Park in Elmpt, nur wenige Kilometer vom Naturschutzgebiet De Meinweg entfernt, wird zu einem starken Anstieg der Stickstoffemissionen in der Region f\u00fchren.<\/p><p class=\" translation-block\"><strong>Rockwool investiert in umweltfreundlichere Produktion <\/strong><Br>\n\nDas in der N\u00e4he des Meinwegs ans\u00e4ssige Unternehmen Rockwool erh\u00e4lt F\u00f6rdermittel in H\u00f6he von mehreren Millionen Euro f\u00fcr den Bau eines neuen erweiterten H\u00e4rteofens. Dieser Ofen, der in den Jahren 2026 und 2027 gebaut werden soll, wird die Verwendung eines umweltfreundlicheren Bindemittels bei der Herstellung von Steinwolle-D\u00e4mmstoffen erm\u00f6glichen. \nDadurch k\u00f6nnten j\u00e4hrlich bis zu 42.000 Kilogramm Ammoniak eingespart werden, ein wichtiger Schritt zu einer nachhaltigeren Produktion.<\/p><p><strong>Javelin Park Elmpt: eine Bedrohung f\u00fcr die Natur<br \/><\/strong>Gleich hinter der Grenze in Deutschland ist jedoch der Javelin Park geplant, ein Gewerbegebiet, das aufgrund des zunehmenden Verkehrs j\u00e4hrlich 1.569 Kilogramm Ammoniak (NH3) und 25.700 Kilogramm Stickoxide (NOx) aussto\u00dfen soll. Dabei sind die Emissionen der Unternehmen, die sich hier ansiedeln werden, noch nicht einmal ber\u00fccksichtigt.<\/p><p><strong>Aufwischen mit dem Wasserhahn<br \/><\/strong>Die Bem\u00fchungen von Rockwool k\u00f6nnen zwar einen positiven Beitrag zur Verringerung der Stickstoffemissionen in der Region leisten, doch werden diese Fortschritte durch zus\u00e4tzliche Emissionen aus dem Javelin Park ernsthaft gef\u00e4hrdet. Der zu erwartende Anstieg der Stickstoffdeposition wird die Wirkung der geplanten Ma\u00dfnahmen weitgehend zunichte machen. Der empfindliche Charakter des Meinweges bleibt damit weiter unter Druck.<\/p><p>In einem Schreiben an die Provinz Limburg fordern wir dringende Ma\u00dfnahmen zur wirksamen Kontrolle der Stickstoffemissionen in der Region. Die Situation rund um Rockwool und Javelin Park zeigt, dass die Bem\u00fchungen eines Unternehmens zur Emissionsreduzierung nicht ausreichen, solange neue Quellen f\u00fcr Stickstoffemissionen zugelassen werden, siehe <a href=\"https:\/\/www.gruenes-grenzland.net\/wp-content\/uploads\/2024\/10\/Brief-Rockwool-stikstofmaatregelen-dreigen-zinloos-te-worden-door-nieuw-bedrijventerrein-Javelin-Park-Elmpt-dd-211024.pdf\">Hier\u00a0<\/a><\/p>\t\t\t\t\t\t\t\t<\/div>\n\t\t\t\t<\/div>\n\t\t\t\t\t<\/div>\n\t\t<\/div>\n\t\t\t\t\t<\/div>\n\t\t<\/section>\n\t\t\t\t<section class=\"elementor-section elementor-top-section elementor-element elementor-element-2b4b32a elementor-section-boxed elementor-section-height-default elementor-section-height-default\" data-id=\"2b4b32a\" data-element_type=\"section\" data-e-type=\"section\">\n\t\t\t\t\t\t<div class=\"elementor-container elementor-column-gap-default\">\n\t\t\t\t\t<div class=\"elementor-column elementor-col-100 elementor-top-column elementor-element elementor-element-636200e\" data-id=\"636200e\" data-element_type=\"column\" data-e-type=\"column\">\n\t\t\t<div class=\"elementor-widget-wrap elementor-element-populated\">\n\t\t\t\t\t\t<div class=\"elementor-element elementor-element-bedb2d5 elementor-widget-divider--view-line elementor-widget elementor-widget-divider\" data-id=\"bedb2d5\" data-element_type=\"widget\" data-e-type=\"widget\" data-widget_type=\"divider.default\">\n\t\t\t\t<div class=\"elementor-widget-container\">\n\t\t\t\t\t\t\t<div class=\"elementor-divider\">\n\t\t\t<span class=\"elementor-divider-separator\">\n\t\t\t\t\t\t<\/span>\n\t\t<\/div>\n\t\t\t\t\t\t<\/div>\n\t\t\t\t<\/div>\n\t\t\t\t\t<\/div>\n\t\t<\/div>\n\t\t\t\t\t<\/div>\n\t\t<\/section>\n\t\t\t\t<section class=\"elementor-section elementor-top-section elementor-element elementor-element-7ca5d15 elementor-section-boxed elementor-section-height-default elementor-section-height-default\" data-id=\"7ca5d15\" data-element_type=\"section\" data-e-type=\"section\">\n\t\t\t\t\t\t<div class=\"elementor-container elementor-column-gap-default\">\n\t\t\t\t\t<div class=\"elementor-column elementor-col-100 elementor-top-column elementor-element elementor-element-a86c6c9\" data-id=\"a86c6c9\" data-element_type=\"column\" data-e-type=\"column\">\n\t\t\t<div class=\"elementor-widget-wrap elementor-element-populated\">\n\t\t\t\t\t\t<div class=\"elementor-element elementor-element-0bc0990 elementor-widget elementor-widget-menu-anchor\" data-id=\"0bc0990\" data-element_type=\"widget\" data-e-type=\"widget\" data-widget_type=\"menu-anchor.default\">\n\t\t\t\t<div class=\"elementor-widget-container\">\n\t\t\t\t\t\t\t<div class=\"elementor-menu-anchor\" id=\"2024-14\"><\/div>\n\t\t\t\t\t\t<\/div>\n\t\t\t\t<\/div>\n\t\t\t\t\t<\/div>\n\t\t<\/div>\n\t\t\t\t\t<\/div>\n\t\t<\/section>\n\t\t\t\t<section class=\"elementor-section elementor-top-section elementor-element elementor-element-8a80dbc elementor-section-boxed elementor-section-height-default elementor-section-height-default\" data-id=\"8a80dbc\" data-element_type=\"section\" data-e-type=\"section\">\n\t\t\t\t\t\t<div class=\"elementor-container elementor-column-gap-default\">\n\t\t\t\t\t<div class=\"elementor-column elementor-col-100 elementor-top-column elementor-element elementor-element-c7a09ac\" data-id=\"c7a09ac\" data-element_type=\"column\" data-e-type=\"column\">\n\t\t\t<div class=\"elementor-widget-wrap elementor-element-populated\">\n\t\t\t\t\t\t<div class=\"elementor-element elementor-element-29abaad elementor-widget elementor-widget-text-editor\" data-id=\"29abaad\" data-element_type=\"widget\" data-e-type=\"widget\" data-widget_type=\"text-editor.default\">\n\t\t\t\t<div class=\"elementor-widget-container\">\n\t\t\t\t\t\t\t\t\t<h3><strong>Pr\u00e4sentation Natur- und Landschaftsbiografie Die Mittellimburgischen Maastrassen<\/strong><\/h3>\t\t\t\t\t\t\t\t<\/div>\n\t\t\t\t<\/div>\n\t\t\t\t\t<\/div>\n\t\t<\/div>\n\t\t\t\t\t<\/div>\n\t\t<\/section>\n\t\t\t\t<section class=\"elementor-section elementor-top-section elementor-element elementor-element-611833b elementor-section-boxed elementor-section-height-default elementor-section-height-default\" data-id=\"611833b\" data-element_type=\"section\" data-e-type=\"section\">\n\t\t\t\t\t\t<div class=\"elementor-container elementor-column-gap-default\">\n\t\t\t\t\t<div class=\"elementor-column elementor-col-33 elementor-top-column elementor-element elementor-element-4f61b1f\" data-id=\"4f61b1f\" data-element_type=\"column\" data-e-type=\"column\">\n\t\t\t<div class=\"elementor-widget-wrap elementor-element-populated\">\n\t\t\t\t\t\t<div class=\"elementor-element elementor-element-048fa96 elementor-widget elementor-widget-image\" data-id=\"048fa96\" data-element_type=\"widget\" data-e-type=\"widget\" data-widget_type=\"image.default\">\n\t\t\t\t<div class=\"elementor-widget-container\">\n\t\t\t\t\t\t\t\t\t\t\t\t\t\t\t<img loading=\"lazy\" decoding=\"async\" width=\"727\" height=\"1024\" src=\"https:\/\/www.gruenes-grenzland.net\/wp-content\/uploads\/2024\/10\/cover-deel-1-727x1024.jpg\" class=\"attachment-large size-large wp-image-18208\" alt=\"\" srcset=\"https:\/\/www.gruenes-grenzland.net\/wp-content\/uploads\/2024\/10\/cover-deel-1-727x1024.jpg 727w, https:\/\/www.gruenes-grenzland.net\/wp-content\/uploads\/2024\/10\/cover-deel-1-213x300.jpg 213w, https:\/\/www.gruenes-grenzland.net\/wp-content\/uploads\/2024\/10\/cover-deel-1-768x1082.jpg 768w, https:\/\/www.gruenes-grenzland.net\/wp-content\/uploads\/2024\/10\/cover-deel-1-1090x1536.jpg 1090w, https:\/\/www.gruenes-grenzland.net\/wp-content\/uploads\/2024\/10\/cover-deel-1-9x12.jpg 9w, https:\/\/www.gruenes-grenzland.net\/wp-content\/uploads\/2024\/10\/cover-deel-1.jpg 1219w\" sizes=\"(max-width: 727px) 100vw, 727px\" \/>\t\t\t\t\t\t\t\t\t\t\t\t\t\t\t<\/div>\n\t\t\t\t<\/div>\n\t\t\t\t\t<\/div>\n\t\t<\/div>\n\t\t\t\t<div class=\"elementor-column elementor-col-33 elementor-top-column elementor-element elementor-element-9d8b2b8\" data-id=\"9d8b2b8\" data-element_type=\"column\" data-e-type=\"column\">\n\t\t\t<div class=\"elementor-widget-wrap elementor-element-populated\">\n\t\t\t\t\t\t<div class=\"elementor-element elementor-element-d985d50 elementor-widget elementor-widget-image\" data-id=\"d985d50\" data-element_type=\"widget\" data-e-type=\"widget\" data-widget_type=\"image.default\">\n\t\t\t\t<div class=\"elementor-widget-container\">\n\t\t\t\t\t\t\t\t\t\t\t\t\t\t\t<img loading=\"lazy\" decoding=\"async\" width=\"728\" height=\"1024\" src=\"https:\/\/www.gruenes-grenzland.net\/wp-content\/uploads\/2024\/10\/cover-deel-2--728x1024.jpg\" class=\"attachment-large size-large wp-image-18209\" alt=\"\" srcset=\"https:\/\/www.gruenes-grenzland.net\/wp-content\/uploads\/2024\/10\/cover-deel-2--728x1024.jpg 728w, https:\/\/www.gruenes-grenzland.net\/wp-content\/uploads\/2024\/10\/cover-deel-2--213x300.jpg 213w, https:\/\/www.gruenes-grenzland.net\/wp-content\/uploads\/2024\/10\/cover-deel-2--768x1080.jpg 768w, https:\/\/www.gruenes-grenzland.net\/wp-content\/uploads\/2024\/10\/cover-deel-2--1093x1536.jpg 1093w, https:\/\/www.gruenes-grenzland.net\/wp-content\/uploads\/2024\/10\/cover-deel-2--9x12.jpg 9w, https:\/\/www.gruenes-grenzland.net\/wp-content\/uploads\/2024\/10\/cover-deel-2-.jpg 1222w\" sizes=\"(max-width: 728px) 100vw, 728px\" \/>\t\t\t\t\t\t\t\t\t\t\t\t\t\t\t<\/div>\n\t\t\t\t<\/div>\n\t\t\t\t\t<\/div>\n\t\t<\/div>\n\t\t\t\t<div class=\"elementor-column elementor-col-33 elementor-top-column elementor-element elementor-element-40db228\" data-id=\"40db228\" data-element_type=\"column\" data-e-type=\"column\">\n\t\t\t<div class=\"elementor-widget-wrap elementor-element-populated\">\n\t\t\t\t\t\t<div class=\"elementor-element elementor-element-06a078e elementor-widget elementor-widget-image\" data-id=\"06a078e\" data-element_type=\"widget\" data-e-type=\"widget\" data-widget_type=\"image.default\">\n\t\t\t\t<div class=\"elementor-widget-container\">\n\t\t\t\t\t\t\t\t\t\t\t\t\t\t\t<img loading=\"lazy\" decoding=\"async\" width=\"730\" height=\"1024\" src=\"https:\/\/www.gruenes-grenzland.net\/wp-content\/uploads\/2024\/10\/cover-deel-3-730x1024.jpg\" class=\"attachment-large size-large wp-image-18210\" alt=\"\" srcset=\"https:\/\/www.gruenes-grenzland.net\/wp-content\/uploads\/2024\/10\/cover-deel-3-730x1024.jpg 730w, https:\/\/www.gruenes-grenzland.net\/wp-content\/uploads\/2024\/10\/cover-deel-3-214x300.jpg 214w, https:\/\/www.gruenes-grenzland.net\/wp-content\/uploads\/2024\/10\/cover-deel-3-768x1077.jpg 768w, https:\/\/www.gruenes-grenzland.net\/wp-content\/uploads\/2024\/10\/cover-deel-3-1095x1536.jpg 1095w, https:\/\/www.gruenes-grenzland.net\/wp-content\/uploads\/2024\/10\/cover-deel-3-9x12.jpg 9w, https:\/\/www.gruenes-grenzland.net\/wp-content\/uploads\/2024\/10\/cover-deel-3.jpg 1225w\" sizes=\"(max-width: 730px) 100vw, 730px\" \/>\t\t\t\t\t\t\t\t\t\t\t\t\t\t\t<\/div>\n\t\t\t\t<\/div>\n\t\t\t\t\t<\/div>\n\t\t<\/div>\n\t\t\t\t\t<\/div>\n\t\t<\/section>\n\t\t\t\t<section class=\"elementor-section elementor-top-section elementor-element elementor-element-9fc89d6 elementor-section-boxed elementor-section-height-default elementor-section-height-default\" data-id=\"9fc89d6\" data-element_type=\"section\" data-e-type=\"section\">\n\t\t\t\t\t\t<div class=\"elementor-container elementor-column-gap-default\">\n\t\t\t\t\t<div class=\"elementor-column elementor-col-100 elementor-top-column elementor-element elementor-element-4c2a215\" data-id=\"4c2a215\" data-element_type=\"column\" data-e-type=\"column\">\n\t\t\t<div class=\"elementor-widget-wrap elementor-element-populated\">\n\t\t\t\t\t\t<div class=\"elementor-element elementor-element-892392e elementor-widget elementor-widget-text-editor\" data-id=\"892392e\" data-element_type=\"widget\" data-e-type=\"widget\" data-widget_type=\"text-editor.default\">\n\t\t\t\t<div class=\"elementor-widget-container\">\n\t\t\t\t\t\t\t\t\t<p>Am Freitag, den 29. November, wird die Natur- und Landschaftsbiographie Mittel-Limburgs feierlich vorgestellt. F\u00fcnf Redaktionsmitglieder, 73 Autoren und Dutzende von Fotografen haben mehr als drei Jahre lang an diesem Buch gearbeitet. Das Ergebnis wird eine Trilogie \u00fcber die Geologie, Geschichte, das Klima, die Landschaft und vor allem die Natur von Mittellimburg mit einem Gesamtumfang von fast 1.100 Seiten sein.<\/p>\n<p>Der vollst\u00e4ndige Titel des Buches lautet \u201eDie Mittellimburgischen Maasterrassen. Land der B\u00e4che und Br\u00fcche\u201c. Es besteht somit aus drei separaten Teilen<br>Teil 1 gibt einen \u00dcberblick \u00fcber die mittellimburgische Landschaft und ihre Entstehung. Er er\u00f6rtert auch die Rolle, die der Mensch in ihr gespielt hat.<br>In Teil 2 werden die Naturr\u00e4ume wie die Einzugsgebiete der Maas und der Ruhr und die dortige Naturentwicklung im Zusammenhang beschrieben. Aber auch den Einzugsgebieten der Swalm, des Vlootbeek und des Middelsgraaf wird Aufmerksamkeit geschenkt. Die h\u00f6her gelegenen Flugsandgebiete, wie die Beegderheide, die Breidberg-Triestruik und die Marissen, werden beschrieben. Im Mittelpunkt dieser Biografie steht der heutige Nationalpark De Meinweg, in dem die Terrassenlandschaft in ihrer ganzen Pracht bewundert werden kann. Da die Natur nicht an einer Landesgrenze Halt macht, werden auch die grenznahen Gebiete in Deutschland wie der Brachterwald, der Elmpterwald, der deutsche Meinweg und der deutsche Teil des Swalm-Flussgebiets behandelt.<br>Der dritte Teil enth\u00e4lt Portr\u00e4ts von Ikonen- und Leitarten, Organismen, die f\u00fcr die nat\u00fcrlichen Standorte in den Mittellimburgischen Maasterraces charakteristisch sind. Die Beschreibung ihrer \u00d6kologie ist auf die \u00f6rtlichen Gegebenheiten zugeschnitten.<\/p>\t\t\t\t\t\t\t\t<\/div>\n\t\t\t\t<\/div>\n\t\t\t\t\t<\/div>\n\t\t<\/div>\n\t\t\t\t\t<\/div>\n\t\t<\/section>\n\t\t\t\t<section class=\"elementor-section elementor-top-section elementor-element elementor-element-99689f0 elementor-section-boxed elementor-section-height-default elementor-section-height-default\" data-id=\"99689f0\" data-element_type=\"section\" data-e-type=\"section\">\n\t\t\t\t\t\t<div class=\"elementor-container elementor-column-gap-default\">\n\t\t\t\t\t<div class=\"elementor-column elementor-col-50 elementor-top-column elementor-element elementor-element-4c0b2e5\" data-id=\"4c0b2e5\" data-element_type=\"column\" data-e-type=\"column\">\n\t\t\t<div class=\"elementor-widget-wrap elementor-element-populated\">\n\t\t\t\t\t\t<div class=\"elementor-element elementor-element-cb3836c elementor-widget elementor-widget-text-editor\" data-id=\"cb3836c\" data-element_type=\"widget\" data-e-type=\"widget\" data-widget_type=\"text-editor.default\">\n\t\t\t\t<div class=\"elementor-widget-container\">\n\t\t\t\t\t\t\t\t\t<p>Alle Themen sind reichlich mit Fotos illustriert, und zu den Ortsbeschreibungen geh\u00f6ren auch Wanderungen, so dass die Natur tats\u00e4chlich erlebt und gelebt werden kann.<\/p><p>Diese Pr\u00e4sentation findet im Theaterhotel de Oranjerie, Kloosterwandplein 12-16, 6041 JA Roermond, statt und beginnt um 14.00 Uhr, ab 13.30 Uhr mit Kaffee.<\/p><p>Das Buch wird bei dem Treffen zum Preis von 28,00 \u20ac verkauft.<\/p><p>Sie k\u00f6nnen sich bis zum 1. November \u00fcber den unten stehenden Link bewerben.<br \/><a href=\"https:\/\/publicaties23.nhgl.nl\/natuurlijk-limburg\/maasterrassen\">https:\/\/publicaties23.nhgl.nl\/natuurlijk-limburg\/maasterrassen<\/a><\/p><p>Das vollst\u00e4ndige Programm der Tagung finden Sie hier.<\/p>\t\t\t\t\t\t\t\t<\/div>\n\t\t\t\t<\/div>\n\t\t\t\t\t<\/div>\n\t\t<\/div>\n\t\t\t\t<div class=\"elementor-column elementor-col-50 elementor-top-column elementor-element elementor-element-9e6bc80\" data-id=\"9e6bc80\" data-element_type=\"column\" data-e-type=\"column\">\n\t\t\t<div class=\"elementor-widget-wrap elementor-element-populated\">\n\t\t\t\t\t\t<div class=\"elementor-element elementor-element-289a75c elementor-widget elementor-widget-image\" data-id=\"289a75c\" data-element_type=\"widget\" data-e-type=\"widget\" data-widget_type=\"image.default\">\n\t\t\t\t<div class=\"elementor-widget-container\">\n\t\t\t\t\t\t\t\t\t\t\t\t\t\t\t<img loading=\"lazy\" decoding=\"async\" width=\"1024\" height=\"676\" src=\"https:\/\/www.gruenes-grenzland.net\/wp-content\/uploads\/2024\/12\/meinweg-box-1024x676.jpg\" class=\"attachment-large size-large wp-image-18749\" alt=\"\" srcset=\"https:\/\/www.gruenes-grenzland.net\/wp-content\/uploads\/2024\/12\/meinweg-box-1024x676.jpg 1024w, https:\/\/www.gruenes-grenzland.net\/wp-content\/uploads\/2024\/12\/meinweg-box-300x198.jpg 300w, https:\/\/www.gruenes-grenzland.net\/wp-content\/uploads\/2024\/12\/meinweg-box-768x507.jpg 768w, https:\/\/www.gruenes-grenzland.net\/wp-content\/uploads\/2024\/12\/meinweg-box-1536x1014.jpg 1536w, https:\/\/www.gruenes-grenzland.net\/wp-content\/uploads\/2024\/12\/meinweg-box-2048x1351.jpg 2048w, https:\/\/www.gruenes-grenzland.net\/wp-content\/uploads\/2024\/12\/meinweg-box-18x12.jpg 18w\" sizes=\"(max-width: 1024px) 100vw, 1024px\" \/>\t\t\t\t\t\t\t\t\t\t\t\t\t\t\t<\/div>\n\t\t\t\t<\/div>\n\t\t\t\t\t<\/div>\n\t\t<\/div>\n\t\t\t\t\t<\/div>\n\t\t<\/section>\n\t\t\t\t<section class=\"elementor-section elementor-top-section elementor-element elementor-element-b45708c elementor-section-boxed elementor-section-height-default elementor-section-height-default\" data-id=\"b45708c\" data-element_type=\"section\" data-e-type=\"section\">\n\t\t\t\t\t\t<div class=\"elementor-container elementor-column-gap-default\">\n\t\t\t\t\t<div class=\"elementor-column elementor-col-100 elementor-top-column elementor-element elementor-element-0db9ae9\" data-id=\"0db9ae9\" data-element_type=\"column\" data-e-type=\"column\">\n\t\t\t<div class=\"elementor-widget-wrap elementor-element-populated\">\n\t\t\t\t\t\t<div class=\"elementor-element elementor-element-b1fb37f elementor-widget-divider--view-line elementor-widget elementor-widget-divider\" data-id=\"b1fb37f\" data-element_type=\"widget\" data-e-type=\"widget\" data-widget_type=\"divider.default\">\n\t\t\t\t<div class=\"elementor-widget-container\">\n\t\t\t\t\t\t\t<div class=\"elementor-divider\">\n\t\t\t<span class=\"elementor-divider-separator\">\n\t\t\t\t\t\t<\/span>\n\t\t<\/div>\n\t\t\t\t\t\t<\/div>\n\t\t\t\t<\/div>\n\t\t\t\t\t<\/div>\n\t\t<\/div>\n\t\t\t\t\t<\/div>\n\t\t<\/section>\n\t\t\t\t<section class=\"elementor-section elementor-top-section elementor-element elementor-element-f846d3c elementor-section-boxed elementor-section-height-default elementor-section-height-default\" data-id=\"f846d3c\" data-element_type=\"section\" data-e-type=\"section\">\n\t\t\t\t\t\t<div class=\"elementor-container elementor-column-gap-default\">\n\t\t\t\t\t<div class=\"elementor-column elementor-col-100 elementor-top-column elementor-element elementor-element-0b95016\" data-id=\"0b95016\" data-element_type=\"column\" data-e-type=\"column\">\n\t\t\t<div class=\"elementor-widget-wrap elementor-element-populated\">\n\t\t\t\t\t\t<div class=\"elementor-element elementor-element-4795c21 elementor-widget elementor-widget-menu-anchor\" data-id=\"4795c21\" data-element_type=\"widget\" data-e-type=\"widget\" data-widget_type=\"menu-anchor.default\">\n\t\t\t\t<div class=\"elementor-widget-container\">\n\t\t\t\t\t\t\t<div class=\"elementor-menu-anchor\" id=\"2024-13\"><\/div>\n\t\t\t\t\t\t<\/div>\n\t\t\t\t<\/div>\n\t\t\t\t\t<\/div>\n\t\t<\/div>\n\t\t\t\t\t<\/div>\n\t\t<\/section>\n\t\t\t\t<section class=\"elementor-section elementor-top-section elementor-element elementor-element-0e7cada elementor-section-boxed elementor-section-height-default elementor-section-height-default\" data-id=\"0e7cada\" data-element_type=\"section\" data-e-type=\"section\">\n\t\t\t\t\t\t<div class=\"elementor-container elementor-column-gap-default\">\n\t\t\t\t\t<div class=\"elementor-column elementor-col-100 elementor-top-column elementor-element elementor-element-3f8ef52\" data-id=\"3f8ef52\" data-element_type=\"column\" data-e-type=\"column\">\n\t\t\t<div class=\"elementor-widget-wrap elementor-element-populated\">\n\t\t\t\t\t\t<div class=\"elementor-element elementor-element-b14b4da elementor-widget elementor-widget-text-editor\" data-id=\"b14b4da\" data-element_type=\"widget\" data-e-type=\"widget\" data-widget_type=\"text-editor.default\">\n\t\t\t\t<div class=\"elementor-widget-container\">\n\t\t\t\t\t\t\t\t\t<p><strong>Stellungnahmen gegen neue Windenergiegebiete in der Grenzregion<br \/><\/strong>Gr\u00fcnes Grenzland und der Natur- und Umweltverband Limburg sind wegen der Auswirkungen auf den Nationalpark de Meinweg und den Elmpter Wald sehr besorgt.<\/p>\t\t\t\t\t\t\t\t<\/div>\n\t\t\t\t<\/div>\n\t\t\t\t\t<\/div>\n\t\t<\/div>\n\t\t\t\t\t<\/div>\n\t\t<\/section>\n\t\t\t\t<section class=\"elementor-section elementor-top-section elementor-element elementor-element-a7edfcb elementor-section-boxed elementor-section-height-default elementor-section-height-default\" data-id=\"a7edfcb\" data-element_type=\"section\" data-e-type=\"section\">\n\t\t\t\t\t\t<div class=\"elementor-container elementor-column-gap-default\">\n\t\t\t\t\t<div class=\"elementor-column elementor-col-100 elementor-top-column elementor-element elementor-element-0bf1f90\" data-id=\"0bf1f90\" data-element_type=\"column\" data-e-type=\"column\">\n\t\t\t<div class=\"elementor-widget-wrap elementor-element-populated\">\n\t\t\t\t\t\t<div class=\"elementor-element elementor-element-14d2d21 elementor-widget elementor-widget-text-editor\" data-id=\"14d2d21\" data-element_type=\"widget\" data-e-type=\"widget\" data-widget_type=\"text-editor.default\">\n\t\t\t\t<div class=\"elementor-widget-container\">\n\t\t\t\t\t\t\t\t\t<p>Der Regionalplan D\u00fcsseldorf stellt Gebiete dar, in denen ein Ausbau der Windenergie m\u00f6glich ist.  Einige der potenziellen Standorte liegen in der N\u00e4he der Landesgrenze, siehe lila Fl\u00e4chen auf der Karte.<\/p>\t\t\t\t\t\t\t\t<\/div>\n\t\t\t\t<\/div>\n\t\t\t\t\t<\/div>\n\t\t<\/div>\n\t\t\t\t\t<\/div>\n\t\t<\/section>\n\t\t\t\t<section class=\"elementor-section elementor-top-section elementor-element elementor-element-14ce547 elementor-section-boxed elementor-section-height-default elementor-section-height-default\" data-id=\"14ce547\" data-element_type=\"section\" data-e-type=\"section\">\n\t\t\t\t\t\t<div class=\"elementor-container elementor-column-gap-default\">\n\t\t\t\t\t<div class=\"elementor-column elementor-col-100 elementor-top-column elementor-element elementor-element-ff09125\" data-id=\"ff09125\" data-element_type=\"column\" data-e-type=\"column\">\n\t\t\t<div class=\"elementor-widget-wrap elementor-element-populated\">\n\t\t\t\t\t\t<div class=\"elementor-element elementor-element-5696b55 elementor-widget elementor-widget-image\" data-id=\"5696b55\" data-element_type=\"widget\" data-e-type=\"widget\" data-widget_type=\"image.default\">\n\t\t\t\t<div class=\"elementor-widget-container\">\n\t\t\t\t\t\t\t\t\t\t\t\t\t\t\t<img loading=\"lazy\" decoding=\"async\" width=\"1024\" height=\"724\" src=\"https:\/\/www.gruenes-grenzland.net\/wp-content\/uploads\/2024\/09\/GrGr-Windturbines-Elmpt-RPD-WEA-met-VSG-met-toponiemen-1024x724.jpg\" class=\"attachment-large size-large wp-image-17865\" alt=\"\" srcset=\"https:\/\/www.gruenes-grenzland.net\/wp-content\/uploads\/2024\/09\/GrGr-Windturbines-Elmpt-RPD-WEA-met-VSG-met-toponiemen-1024x724.jpg 1024w, https:\/\/www.gruenes-grenzland.net\/wp-content\/uploads\/2024\/09\/GrGr-Windturbines-Elmpt-RPD-WEA-met-VSG-met-toponiemen-300x212.jpg 300w, https:\/\/www.gruenes-grenzland.net\/wp-content\/uploads\/2024\/09\/GrGr-Windturbines-Elmpt-RPD-WEA-met-VSG-met-toponiemen-768x543.jpg 768w, https:\/\/www.gruenes-grenzland.net\/wp-content\/uploads\/2024\/09\/GrGr-Windturbines-Elmpt-RPD-WEA-met-VSG-met-toponiemen-1536x1086.jpg 1536w, https:\/\/www.gruenes-grenzland.net\/wp-content\/uploads\/2024\/09\/GrGr-Windturbines-Elmpt-RPD-WEA-met-VSG-met-toponiemen-2048x1448.jpg 2048w, https:\/\/www.gruenes-grenzland.net\/wp-content\/uploads\/2024\/09\/GrGr-Windturbines-Elmpt-RPD-WEA-met-VSG-met-toponiemen-18x12.jpg 18w\" sizes=\"(max-width: 1024px) 100vw, 1024px\" \/>\t\t\t\t\t\t\t\t\t\t\t\t\t\t\t<\/div>\n\t\t\t\t<\/div>\n\t\t\t\t\t<\/div>\n\t\t<\/div>\n\t\t\t\t\t<\/div>\n\t\t<\/section>\n\t\t\t\t<section class=\"elementor-section elementor-top-section elementor-element elementor-element-5b09f0c elementor-section-boxed elementor-section-height-default elementor-section-height-default\" data-id=\"5b09f0c\" data-element_type=\"section\" data-e-type=\"section\">\n\t\t\t\t\t\t<div class=\"elementor-container elementor-column-gap-default\">\n\t\t\t\t\t<div class=\"elementor-column elementor-col-100 elementor-top-column elementor-element elementor-element-9b74874\" data-id=\"9b74874\" data-element_type=\"column\" data-e-type=\"column\">\n\t\t\t<div class=\"elementor-widget-wrap elementor-element-populated\">\n\t\t\t\t\t\t<div class=\"elementor-element elementor-element-ae2f714 elementor-widget elementor-widget-text-editor\" data-id=\"ae2f714\" data-element_type=\"widget\" data-e-type=\"widget\" data-widget_type=\"text-editor.default\">\n\t\t\t\t<div class=\"elementor-widget-container\">\n\t\t\t\t\t\t\t\t\t<p>Mit dieser Stellungnahme vom 27.08.2024 m\u00f6chten wir unsere Bedenken hinsichtlich einer m\u00f6glichen Ausweisung mehrerer Gebiete und sogar bevorzugter Gebiete in oder in unmittelbarer N\u00e4he der Naturschutzgebiete Elmpter Schwalmbruch, Elmpter Wald und Meinweg, die alle im Herzen des Internationalen Grenzparks Maas-Swalm-Nette liegen, zum Ausdruck bringen. Es handelt sich um die folgenden Gebiete: Nie01-A_Alternative, Nie02, Nie03, Nie04, Nie05-Alternative und Nie06.\u00a0<\/p>\t\t\t\t\t\t\t\t<\/div>\n\t\t\t\t<\/div>\n\t\t\t\t\t<\/div>\n\t\t<\/div>\n\t\t\t\t\t<\/div>\n\t\t<\/section>\n\t\t\t\t<section class=\"elementor-section elementor-top-section elementor-element elementor-element-39c8531 elementor-section-boxed elementor-section-height-default elementor-section-height-default\" data-id=\"39c8531\" data-element_type=\"section\" data-e-type=\"section\">\n\t\t\t\t\t\t<div class=\"elementor-container elementor-column-gap-default\">\n\t\t\t\t\t<div class=\"elementor-column elementor-col-50 elementor-top-column elementor-element elementor-element-bd125dc\" data-id=\"bd125dc\" data-element_type=\"column\" data-e-type=\"column\">\n\t\t\t<div class=\"elementor-widget-wrap elementor-element-populated\">\n\t\t\t\t\t\t<div class=\"elementor-element elementor-element-429b715 elementor-widget elementor-widget-text-editor\" data-id=\"429b715\" data-element_type=\"widget\" data-e-type=\"widget\" data-widget_type=\"text-editor.default\">\n\t\t\t\t<div class=\"elementor-widget-container\">\n\t\t\t\t\t\t\t\t\t<p>Aufgrund der Bedeutung f\u00fcr Natur und Landschaft konzentrieren wir uns jedoch auf die Standorte westlich von Elmpt in der Gemeinde Niederkr\u00fcchten. Au\u00dferdem sind dies die Standorte, an denen es derzeit noch keine Windenergieanlagen gibt, was bedeutet, dass wir Nie04 und Nie06 ausschlie\u00dfen.<\/p><p><strong>F\u00fcr die vier verbleibenden Standorte sind wir der Meinung, dass sie weder als Windenergiegebiet (WEB) noch \u00fcberhaupt als Beschleunigungsgebiet ausgewiesen werden sollten<\/strong>.<\/p><p>\u00a0<\/p>\t\t\t\t\t\t\t\t<\/div>\n\t\t\t\t<\/div>\n\t\t\t\t\t<\/div>\n\t\t<\/div>\n\t\t\t\t<div class=\"elementor-column elementor-col-50 elementor-top-column elementor-element elementor-element-9b2a0f4\" data-id=\"9b2a0f4\" data-element_type=\"column\" data-e-type=\"column\">\n\t\t\t<div class=\"elementor-widget-wrap elementor-element-populated\">\n\t\t\t\t\t\t<div class=\"elementor-element elementor-element-f0f87d7 elementor-widget elementor-widget-image\" data-id=\"f0f87d7\" data-element_type=\"widget\" data-e-type=\"widget\" data-widget_type=\"image.default\">\n\t\t\t\t<div class=\"elementor-widget-container\">\n\t\t\t\t\t\t\t\t\t\t\t\t<figure class=\"wp-caption\">\n\t\t\t\t\t\t\t\t\t\t<img loading=\"lazy\" decoding=\"async\" width=\"1024\" height=\"575\" src=\"https:\/\/www.gruenes-grenzland.net\/wp-content\/uploads\/2024\/09\/DJI_0267-Elmpter-Wald-Nie01_-met-contouren-en-Swalm-A-HHeijnen-1024x575.jpg\" class=\"attachment-large size-large wp-image-17870\" alt=\"\" srcset=\"https:\/\/www.gruenes-grenzland.net\/wp-content\/uploads\/2024\/09\/DJI_0267-Elmpter-Wald-Nie01_-met-contouren-en-Swalm-A-HHeijnen-1024x575.jpg 1024w, https:\/\/www.gruenes-grenzland.net\/wp-content\/uploads\/2024\/09\/DJI_0267-Elmpter-Wald-Nie01_-met-contouren-en-Swalm-A-HHeijnen-300x169.jpg 300w, https:\/\/www.gruenes-grenzland.net\/wp-content\/uploads\/2024\/09\/DJI_0267-Elmpter-Wald-Nie01_-met-contouren-en-Swalm-A-HHeijnen-768x431.jpg 768w, https:\/\/www.gruenes-grenzland.net\/wp-content\/uploads\/2024\/09\/DJI_0267-Elmpter-Wald-Nie01_-met-contouren-en-Swalm-A-HHeijnen-1536x863.jpg 1536w, https:\/\/www.gruenes-grenzland.net\/wp-content\/uploads\/2024\/09\/DJI_0267-Elmpter-Wald-Nie01_-met-contouren-en-Swalm-A-HHeijnen-2048x1151.jpg 2048w, https:\/\/www.gruenes-grenzland.net\/wp-content\/uploads\/2024\/09\/DJI_0267-Elmpter-Wald-Nie01_-met-contouren-en-Swalm-A-HHeijnen-18x10.jpg 18w\" sizes=\"(max-width: 1024px) 100vw, 1024px\" \/>\t\t\t\t\t\t\t\t\t\t\t<figcaption class=\"widget-image-caption wp-caption-text\">Gepland WEB Nie01_A. in Elmpter Wald. Blauwe lijn is de Swalm en de rode lijn de noordelijke begrenzing van Nie01_A<\/figcaption>\n\t\t\t\t\t\t\t\t\t\t<\/figure>\n\t\t\t\t\t\t\t\t\t<\/div>\n\t\t\t\t<\/div>\n\t\t\t\t\t<\/div>\n\t\t<\/div>\n\t\t\t\t\t<\/div>\n\t\t<\/section>\n\t\t\t\t<section class=\"elementor-section elementor-top-section elementor-element elementor-element-d3d5eea elementor-section-boxed elementor-section-height-default elementor-section-height-default\" data-id=\"d3d5eea\" data-element_type=\"section\" data-e-type=\"section\">\n\t\t\t\t\t\t<div class=\"elementor-container elementor-column-gap-default\">\n\t\t\t\t\t<div class=\"elementor-column elementor-col-100 elementor-top-column elementor-element elementor-element-90fbed8\" data-id=\"90fbed8\" data-element_type=\"column\" data-e-type=\"column\">\n\t\t\t<div class=\"elementor-widget-wrap elementor-element-populated\">\n\t\t\t\t\t\t<div class=\"elementor-element elementor-element-6555afd elementor-widget elementor-widget-text-editor\" data-id=\"6555afd\" data-element_type=\"widget\" data-e-type=\"widget\" data-widget_type=\"text-editor.default\">\n\t\t\t\t<div class=\"elementor-widget-container\">\n\t\t\t\t\t\t\t\t\t<p>Dies liegt vor allem daran, dass die Alternativen Nie01-A, Nie02, Nie03 und Nie05 in sehr geringer Entfernung zum Vogelschutzgebiet VSG DE-4603-401 \u201eSchwalm-Nette-Platte mit Grenzwald u. Meinweg\u201c liegen und eine erhebliche Beeintr\u00e4chtigung der vom Erhaltungsziel erfassten Arten des Vogelschutzgebietes nicht ausgeschlossen werden kann, zumal die Auflage, Ma\u00dfnahmen zur Vermeidung oder Minderung der Beeintr\u00e4chtigung zu ergreifen, nicht erf\u00fcllt werden kann.<br \/>Eine ausf\u00fchrliche Begr\u00fcndung finden Sie in der Ansicht, siehe <a href=\"https:\/\/www.gruenes-grenzland.net\/wp-content\/uploads\/2024\/08\/Eingabe-GrGr-18.-Aenderung-des-Regionalplans-Duesseldorf-RPD-De-27-08-2024-LNU.pdf\">hier<\/a>.\u00a0<br \/>Unsere Ansicht wird \u00fcbrigens auch von der LNU geteilt, siehe <a href=\"https:\/\/www.gruenes-grenzland.net\/wp-content\/uploads\/2024\/08\/STN_NV_18_Aend_RPD_29082024.pdf\">hier<\/a><br \/><br \/>Erfreulicherweise steht auch der Kreis Viersen den von uns kritisierten Loktionen sehr kritisch gegen\u00fcber, siehe <a href=\"https:\/\/www.gruenes-grenzland.net\/wp-content\/uploads\/2024\/08\/2024-08-20_Stellungnahme_Kreis_Viersen_18._Aend._RPD-_Bet._-_9_ROG-_-_13_LPlG.pdf\">hier<\/a><br \/>Auch die Stellungnahme des Kreises zeigt einmal mehr die Unvereinbarkeit des Javelinparks mit den geplanten Windkraftanlagen, die zum Teil sogar in den reservierten Naturausgleichsfl\u00e4chen stehen.<\/p>\t\t\t\t\t\t\t\t<\/div>\n\t\t\t\t<\/div>\n\t\t\t\t\t<\/div>\n\t\t<\/div>\n\t\t\t\t\t<\/div>\n\t\t<\/section>\n\t\t\t\t<section class=\"elementor-section elementor-top-section elementor-element elementor-element-c492358 elementor-section-boxed elementor-section-height-default elementor-section-height-default\" data-id=\"c492358\" data-element_type=\"section\" data-e-type=\"section\">\n\t\t\t\t\t\t<div class=\"elementor-container elementor-column-gap-default\">\n\t\t\t\t\t<div class=\"elementor-column elementor-col-100 elementor-top-column elementor-element elementor-element-a960888\" data-id=\"a960888\" data-element_type=\"column\" data-e-type=\"column\">\n\t\t\t<div class=\"elementor-widget-wrap elementor-element-populated\">\n\t\t\t\t\t\t<div class=\"elementor-element elementor-element-104d562 elementor-widget-divider--view-line elementor-widget elementor-widget-divider\" data-id=\"104d562\" data-element_type=\"widget\" data-e-type=\"widget\" data-widget_type=\"divider.default\">\n\t\t\t\t<div class=\"elementor-widget-container\">\n\t\t\t\t\t\t\t<div class=\"elementor-divider\">\n\t\t\t<span class=\"elementor-divider-separator\">\n\t\t\t\t\t\t<\/span>\n\t\t<\/div>\n\t\t\t\t\t\t<\/div>\n\t\t\t\t<\/div>\n\t\t\t\t\t<\/div>\n\t\t<\/div>\n\t\t\t\t\t<\/div>\n\t\t<\/section>\n\t\t\t\t<section class=\"elementor-section elementor-top-section elementor-element elementor-element-d382c29 elementor-section-boxed elementor-section-height-default elementor-section-height-default\" data-id=\"d382c29\" data-element_type=\"section\" data-e-type=\"section\">\n\t\t\t\t\t\t<div class=\"elementor-container elementor-column-gap-default\">\n\t\t\t\t\t<div class=\"elementor-column elementor-col-100 elementor-top-column elementor-element elementor-element-393c4e5\" data-id=\"393c4e5\" data-element_type=\"column\" data-e-type=\"column\">\n\t\t\t<div class=\"elementor-widget-wrap elementor-element-populated\">\n\t\t\t\t\t\t<div class=\"elementor-element elementor-element-0566548 elementor-widget elementor-widget-menu-anchor\" data-id=\"0566548\" data-element_type=\"widget\" data-e-type=\"widget\" data-widget_type=\"menu-anchor.default\">\n\t\t\t\t<div class=\"elementor-widget-container\">\n\t\t\t\t\t\t\t<div class=\"elementor-menu-anchor\" id=\"2024-12\"><\/div>\n\t\t\t\t\t\t<\/div>\n\t\t\t\t<\/div>\n\t\t\t\t\t<\/div>\n\t\t<\/div>\n\t\t\t\t\t<\/div>\n\t\t<\/section>\n\t\t\t\t<section class=\"elementor-section elementor-top-section elementor-element elementor-element-38ac6fa elementor-section-boxed elementor-section-height-default elementor-section-height-default\" data-id=\"38ac6fa\" data-element_type=\"section\" data-e-type=\"section\">\n\t\t\t\t\t\t<div class=\"elementor-container elementor-column-gap-default\">\n\t\t\t\t\t<div class=\"elementor-column elementor-col-100 elementor-top-column elementor-element elementor-element-5d7b680\" data-id=\"5d7b680\" data-element_type=\"column\" data-e-type=\"column\">\n\t\t\t<div class=\"elementor-widget-wrap elementor-element-populated\">\n\t\t\t\t\t\t<div class=\"elementor-element elementor-element-b26d2ef elementor-widget elementor-widget-text-editor\" data-id=\"b26d2ef\" data-element_type=\"widget\" data-e-type=\"widget\" data-widget_type=\"text-editor.default\">\n\t\t\t\t<div class=\"elementor-widget-container\">\n\t\t\t\t\t\t\t\t\t<p><strong>Meinweg \u00d6kotop<br \/>Das Natursymposium f\u00fcr die deutsch-niederl\u00e4ndische Grenzregion<\/strong><\/p>\t\t\t\t\t\t\t\t<\/div>\n\t\t\t\t<\/div>\n\t\t\t\t\t<\/div>\n\t\t<\/div>\n\t\t\t\t\t<\/div>\n\t\t<\/section>\n\t\t\t\t<section class=\"elementor-section elementor-top-section elementor-element elementor-element-565ffe6 elementor-section-boxed elementor-section-height-default elementor-section-height-default\" data-id=\"565ffe6\" data-element_type=\"section\" data-e-type=\"section\">\n\t\t\t\t\t\t<div class=\"elementor-container elementor-column-gap-default\">\n\t\t\t\t\t<div class=\"elementor-column elementor-col-50 elementor-top-column elementor-element elementor-element-ad2ce9a\" data-id=\"ad2ce9a\" data-element_type=\"column\" data-e-type=\"column\">\n\t\t\t<div class=\"elementor-widget-wrap elementor-element-populated\">\n\t\t\t\t\t\t<div class=\"elementor-element elementor-element-0073b05 elementor-widget elementor-widget-text-editor\" data-id=\"0073b05\" data-element_type=\"widget\" data-e-type=\"widget\" data-widget_type=\"text-editor.default\">\n\t\t\t\t<div class=\"elementor-widget-container\">\n\t\t\t\t\t\t\t\t\t<p class=\"mobile-undersized-upper\">Am Samstag, den 28. September 2024, findet der 16. Meinweg Ecotop statt. Das Thema des Meinweg Ecotop 2024 lautet: Der Einfluss des Klimas auf das Vorkommen von Arten, Gewinner und Verlierer.<\/p><p class=\"mobile-undersized-upper\">Der diesj\u00e4hrige Ecotop findet im Schloss Daelenbroeck, Kasteellaan 2, 6075 EZ Herkenbosch, statt. Zeit: 08.30 - 17.30.<br \/>Weitere Informationen finden Sie <a href=\"https:\/\/www.meinweg-ecotop.nl\/meinweg-ecotop-2024\">hier<\/a><\/p>\t\t\t\t\t\t\t\t<\/div>\n\t\t\t\t<\/div>\n\t\t\t\t\t<\/div>\n\t\t<\/div>\n\t\t\t\t<div class=\"elementor-column elementor-col-50 elementor-top-column elementor-element elementor-element-7496db7\" data-id=\"7496db7\" data-element_type=\"column\" data-e-type=\"column\">\n\t\t\t<div class=\"elementor-widget-wrap elementor-element-populated\">\n\t\t\t\t\t\t<div class=\"elementor-element elementor-element-f9de978 elementor-widget elementor-widget-image\" data-id=\"f9de978\" data-element_type=\"widget\" data-e-type=\"widget\" data-widget_type=\"image.default\">\n\t\t\t\t<div class=\"elementor-widget-container\">\n\t\t\t\t\t\t\t\t\t\t\t\t<figure class=\"wp-caption\">\n\t\t\t\t\t\t\t\t\t\t<img loading=\"lazy\" decoding=\"async\" width=\"1024\" height=\"575\" src=\"https:\/\/www.gruenes-grenzland.net\/wp-content\/uploads\/2024\/02\/DJI_0846-Daelenbroek-overzicht-laag-HHeijnen-1024x575.jpg\" class=\"attachment-large size-large wp-image-16059\" alt=\"\" srcset=\"https:\/\/www.gruenes-grenzland.net\/wp-content\/uploads\/2024\/02\/DJI_0846-Daelenbroek-overzicht-laag-HHeijnen-1024x575.jpg 1024w, https:\/\/www.gruenes-grenzland.net\/wp-content\/uploads\/2024\/02\/DJI_0846-Daelenbroek-overzicht-laag-HHeijnen-300x169.jpg 300w, https:\/\/www.gruenes-grenzland.net\/wp-content\/uploads\/2024\/02\/DJI_0846-Daelenbroek-overzicht-laag-HHeijnen-768x431.jpg 768w, https:\/\/www.gruenes-grenzland.net\/wp-content\/uploads\/2024\/02\/DJI_0846-Daelenbroek-overzicht-laag-HHeijnen-18x10.jpg 18w, https:\/\/www.gruenes-grenzland.net\/wp-content\/uploads\/2024\/02\/DJI_0846-Daelenbroek-overzicht-laag-HHeijnen.jpg 1200w\" sizes=\"(max-width: 1024px) 100vw, 1024px\" \/>\t\t\t\t\t\t\t\t\t\t\t<figcaption class=\"widget-image-caption wp-caption-text\">Kasteel Daelenbroek<\/figcaption>\n\t\t\t\t\t\t\t\t\t\t<\/figure>\n\t\t\t\t\t\t\t\t\t<\/div>\n\t\t\t\t<\/div>\n\t\t\t\t\t<\/div>\n\t\t<\/div>\n\t\t\t\t\t<\/div>\n\t\t<\/section>\n\t\t\t\t<section class=\"elementor-section elementor-top-section elementor-element elementor-element-ad68f3c elementor-section-boxed elementor-section-height-default elementor-section-height-default\" data-id=\"ad68f3c\" data-element_type=\"section\" data-e-type=\"section\">\n\t\t\t\t\t\t<div class=\"elementor-container elementor-column-gap-default\">\n\t\t\t\t\t<div class=\"elementor-column elementor-col-100 elementor-top-column elementor-element elementor-element-51553d7\" data-id=\"51553d7\" data-element_type=\"column\" data-e-type=\"column\">\n\t\t\t<div class=\"elementor-widget-wrap elementor-element-populated\">\n\t\t\t\t\t\t<div class=\"elementor-element elementor-element-902a6e3 elementor-widget-divider--view-line elementor-widget elementor-widget-divider\" data-id=\"902a6e3\" data-element_type=\"widget\" data-e-type=\"widget\" data-widget_type=\"divider.default\">\n\t\t\t\t<div class=\"elementor-widget-container\">\n\t\t\t\t\t\t\t<div class=\"elementor-divider\">\n\t\t\t<span class=\"elementor-divider-separator\">\n\t\t\t\t\t\t<\/span>\n\t\t<\/div>\n\t\t\t\t\t\t<\/div>\n\t\t\t\t<\/div>\n\t\t\t\t<div class=\"elementor-element elementor-element-bbcfc2f elementor-widget elementor-widget-menu-anchor\" data-id=\"bbcfc2f\" data-element_type=\"widget\" data-e-type=\"widget\" data-widget_type=\"menu-anchor.default\">\n\t\t\t\t<div class=\"elementor-widget-container\">\n\t\t\t\t\t\t\t<div class=\"elementor-menu-anchor\" id=\"2024-11\"><\/div>\n\t\t\t\t\t\t<\/div>\n\t\t\t\t<\/div>\n\t\t\t\t\t<\/div>\n\t\t<\/div>\n\t\t\t\t\t<\/div>\n\t\t<\/section>\n\t\t\t\t<section class=\"elementor-section elementor-top-section elementor-element elementor-element-ec20901 elementor-section-boxed elementor-section-height-default elementor-section-height-default\" data-id=\"ec20901\" data-element_type=\"section\" data-e-type=\"section\">\n\t\t\t\t\t\t<div class=\"elementor-container elementor-column-gap-default\">\n\t\t\t\t\t<div class=\"elementor-column elementor-col-100 elementor-top-column elementor-element elementor-element-63b7d3c\" data-id=\"63b7d3c\" data-element_type=\"column\" data-e-type=\"column\">\n\t\t\t<div class=\"elementor-widget-wrap elementor-element-populated\">\n\t\t\t\t\t\t<div class=\"elementor-element elementor-element-61aa888 elementor-widget elementor-widget-text-editor\" data-id=\"61aa888\" data-element_type=\"widget\" data-e-type=\"widget\" data-widget_type=\"text-editor.default\">\n\t\t\t\t<div class=\"elementor-widget-container\">\n\t\t\t\t\t\t\t\t\t<p><strong>Eingabe Bebauungsplan Elm-131 \"Javelin Park Ost<\/strong><\/p>\t\t\t\t\t\t\t\t<\/div>\n\t\t\t\t<\/div>\n\t\t\t\t\t<\/div>\n\t\t<\/div>\n\t\t\t\t\t<\/div>\n\t\t<\/section>\n\t\t\t\t<section class=\"elementor-section elementor-top-section elementor-element elementor-element-c83abdd elementor-section-boxed elementor-section-height-default elementor-section-height-default\" data-id=\"c83abdd\" data-element_type=\"section\" data-e-type=\"section\">\n\t\t\t\t\t\t<div class=\"elementor-container elementor-column-gap-default\">\n\t\t\t\t\t<div class=\"elementor-column elementor-col-50 elementor-top-column elementor-element elementor-element-1f69b14\" data-id=\"1f69b14\" data-element_type=\"column\" data-e-type=\"column\">\n\t\t\t<div class=\"elementor-widget-wrap elementor-element-populated\">\n\t\t\t\t\t\t<div class=\"elementor-element elementor-element-1ecb866 elementor-widget elementor-widget-text-editor\" data-id=\"1ecb866\" data-element_type=\"widget\" data-e-type=\"widget\" data-widget_type=\"text-editor.default\">\n\t\t\t\t<div class=\"elementor-widget-container\">\n\t\t\t\t\t\t\t\t\t<p>Es liegt eine Stellungnahme von Gr\u00fcnes Grenzland vor, die sich mit der Stellungnahme deckt, die wir bereits gegen die 61. \u00c4nderung des Fl\u00e4chennutzungsplans der Gemeinde Niederkr\u00fcchten \"Milit\u00e4rstandort Elmpt\" abgegeben haben. Wir sehen die damals vorgebrachten Einw\u00e4nde als integralen Bestandteil des vorliegenden Dokuments. Allerdings haben wir nun weitere Schwerpunkte gesetzt, die sich vor allem auf die zu erwartende Austrocknung von Naturschutzgebieten beziehen. Au\u00dferdem thematisieren wir den viel zu geringen Naturausgleich. Die Stellungnahme kann hier eingesehen werden:<br \/><em><a href=\"https:\/\/www.gruenes-grenzland.net\/wp-content\/uploads\/2024\/06\/Zienswijze-bebouwingsplan-Javelin-Park-Ost-2024-D-Def-23-06-2024.docx\">Bebauungsplan Elm-131 \u201dJavelinpark Ost\u201d Duits<\/a><\/em><strong><br \/><\/strong><em><a href=\"https:\/\/www.gruenes-grenzland.net\/wp-content\/uploads\/2024\/06\/Zienswijze-bebouwingsplan-Javelin-Park-Oost-2024-NL-Def-23-06-2024.docx\">Bebouwingsplan Elm-131 \u201cJavelin Park Oost\u2019\u2019 Nederlands<\/a><\/em><\/p>\t\t\t\t\t\t\t\t<\/div>\n\t\t\t\t<\/div>\n\t\t\t\t\t<\/div>\n\t\t<\/div>\n\t\t\t\t<div class=\"elementor-column elementor-col-50 elementor-top-column elementor-element elementor-element-3228001\" data-id=\"3228001\" data-element_type=\"column\" data-e-type=\"column\">\n\t\t\t<div class=\"elementor-widget-wrap elementor-element-populated\">\n\t\t\t\t\t\t<div class=\"elementor-element elementor-element-6cb820e elementor-widget elementor-widget-image\" data-id=\"6cb820e\" data-element_type=\"widget\" data-e-type=\"widget\" data-widget_type=\"image.default\">\n\t\t\t\t<div class=\"elementor-widget-container\">\n\t\t\t\t\t\t\t\t\t\t\t\t<figure class=\"wp-caption\">\n\t\t\t\t\t\t\t\t\t\t<img loading=\"lazy\" decoding=\"async\" width=\"1024\" height=\"581\" src=\"https:\/\/www.gruenes-grenzland.net\/wp-content\/uploads\/2024\/06\/DJI_0990-Luesekamp-pano-crop-HHeijnen-1024x581.jpg\" class=\"attachment-large size-large wp-image-17372\" alt=\"\" srcset=\"https:\/\/www.gruenes-grenzland.net\/wp-content\/uploads\/2024\/06\/DJI_0990-Luesekamp-pano-crop-HHeijnen-1024x581.jpg 1024w, https:\/\/www.gruenes-grenzland.net\/wp-content\/uploads\/2024\/06\/DJI_0990-Luesekamp-pano-crop-HHeijnen-300x170.jpg 300w, https:\/\/www.gruenes-grenzland.net\/wp-content\/uploads\/2024\/06\/DJI_0990-Luesekamp-pano-crop-HHeijnen-768x436.jpg 768w, https:\/\/www.gruenes-grenzland.net\/wp-content\/uploads\/2024\/06\/DJI_0990-Luesekamp-pano-crop-HHeijnen-18x10.jpg 18w, https:\/\/www.gruenes-grenzland.net\/wp-content\/uploads\/2024\/06\/DJI_0990-Luesekamp-pano-crop-HHeijnen.jpg 1200w\" sizes=\"(max-width: 1024px) 100vw, 1024px\" \/>\t\t\t\t\t\t\t\t\t\t\t<figcaption class=\"widget-image-caption wp-caption-text\">Das Naturschutzgebiet L\u00fcsekamp droht auszutrocknen, weil die Versickerung von Regenwasser abnimmt und Grundwasser f\u00fcr das Gewerbegebiet entnommen wird<\/figcaption>\n\t\t\t\t\t\t\t\t\t\t<\/figure>\n\t\t\t\t\t\t\t\t\t<\/div>\n\t\t\t\t<\/div>\n\t\t\t\t\t<\/div>\n\t\t<\/div>\n\t\t\t\t\t<\/div>\n\t\t<\/section>\n\t\t\t\t<section class=\"elementor-section elementor-top-section elementor-element elementor-element-6b2eb79 elementor-section-boxed elementor-section-height-default elementor-section-height-default\" data-id=\"6b2eb79\" data-element_type=\"section\" data-e-type=\"section\">\n\t\t\t\t\t\t<div class=\"elementor-container elementor-column-gap-default\">\n\t\t\t\t\t<div class=\"elementor-column elementor-col-100 elementor-top-column elementor-element elementor-element-70c2db8\" data-id=\"70c2db8\" data-element_type=\"column\" data-e-type=\"column\">\n\t\t\t<div class=\"elementor-widget-wrap elementor-element-populated\">\n\t\t\t\t\t\t<div class=\"elementor-element elementor-element-c28d4e0 elementor-widget elementor-widget-menu-anchor\" data-id=\"c28d4e0\" data-element_type=\"widget\" data-e-type=\"widget\" data-widget_type=\"menu-anchor.default\">\n\t\t\t\t<div class=\"elementor-widget-container\">\n\t\t\t\t\t\t\t<div class=\"elementor-menu-anchor\" id=\"2024-10\"><\/div>\n\t\t\t\t\t\t<\/div>\n\t\t\t\t<\/div>\n\t\t\t\t\t<\/div>\n\t\t<\/div>\n\t\t\t\t\t<\/div>\n\t\t<\/section>\n\t\t\t\t<section class=\"elementor-section elementor-top-section elementor-element elementor-element-a85dffc elementor-section-boxed elementor-section-height-default elementor-section-height-default\" data-id=\"a85dffc\" data-element_type=\"section\" data-e-type=\"section\">\n\t\t\t\t\t\t<div class=\"elementor-container elementor-column-gap-default\">\n\t\t\t\t\t<div class=\"elementor-column elementor-col-100 elementor-top-column elementor-element elementor-element-dff19f3\" data-id=\"dff19f3\" data-element_type=\"column\" data-e-type=\"column\">\n\t\t\t<div class=\"elementor-widget-wrap elementor-element-populated\">\n\t\t\t\t\t\t<div class=\"elementor-element elementor-element-bf9faba elementor-widget-divider--view-line elementor-widget elementor-widget-divider\" data-id=\"bf9faba\" data-element_type=\"widget\" data-e-type=\"widget\" data-widget_type=\"divider.default\">\n\t\t\t\t<div class=\"elementor-widget-container\">\n\t\t\t\t\t\t\t<div class=\"elementor-divider\">\n\t\t\t<span class=\"elementor-divider-separator\">\n\t\t\t\t\t\t<\/span>\n\t\t<\/div>\n\t\t\t\t\t\t<\/div>\n\t\t\t\t<\/div>\n\t\t\t\t\t<\/div>\n\t\t<\/div>\n\t\t\t\t\t<\/div>\n\t\t<\/section>\n\t\t\t\t<section class=\"elementor-section elementor-top-section elementor-element elementor-element-f30c52d elementor-section-boxed elementor-section-height-default elementor-section-height-default\" data-id=\"f30c52d\" data-element_type=\"section\" data-e-type=\"section\">\n\t\t\t\t\t\t<div class=\"elementor-container elementor-column-gap-default\">\n\t\t\t\t\t<div class=\"elementor-column elementor-col-100 elementor-top-column elementor-element elementor-element-0a786be\" data-id=\"0a786be\" data-element_type=\"column\" data-e-type=\"column\">\n\t\t\t<div class=\"elementor-widget-wrap elementor-element-populated\">\n\t\t\t\t\t\t<div class=\"elementor-element elementor-element-e8e4cf6 elementor-widget elementor-widget-text-editor\" data-id=\"e8e4cf6\" data-element_type=\"widget\" data-e-type=\"widget\" data-widget_type=\"text-editor.default\">\n\t\t\t\t<div class=\"elementor-widget-container\">\n\t\t\t\t\t\t\t\t\t<p><strong>Elmpt, Javelin Park<\/strong><br \/><strong>BUND: Das Aus f\u00fcr Natur und Lebensqualit\u00e4t in\nNiederkr\u00fcchten!<\/strong><\/p>\t\t\t\t\t\t\t\t<\/div>\n\t\t\t\t<\/div>\n\t\t\t\t\t<\/div>\n\t\t<\/div>\n\t\t\t\t\t<\/div>\n\t\t<\/section>\n\t\t\t\t<section class=\"elementor-section elementor-top-section elementor-element elementor-element-f72ec2e elementor-section-boxed elementor-section-height-default elementor-section-height-default\" data-id=\"f72ec2e\" data-element_type=\"section\" data-e-type=\"section\">\n\t\t\t\t\t\t<div class=\"elementor-container elementor-column-gap-default\">\n\t\t\t\t\t<div class=\"elementor-column elementor-col-50 elementor-top-column elementor-element elementor-element-e966e8c\" data-id=\"e966e8c\" data-element_type=\"column\" data-e-type=\"column\">\n\t\t\t<div class=\"elementor-widget-wrap elementor-element-populated\">\n\t\t\t\t\t\t<div class=\"elementor-element elementor-element-5ca30d8 elementor-widget elementor-widget-text-editor\" data-id=\"5ca30d8\" data-element_type=\"widget\" data-e-type=\"widget\" data-widget_type=\"text-editor.default\">\n\t\t\t\t<div class=\"elementor-widget-container\">\n\t\t\t\t\t\t\t\t\t<p>Der BUND Niederkr\u00fcchten hat ein Flugblatt mit einem Einspruch erstellt, dem wir uns als Green Borderland voll anschlie\u00dfen. Sie k\u00f6nnen ihn hier herunterladen. Kreuzen Sie an, welche Argumente Sie f\u00fcr zutreffend halten, tragen Sie Ihren Namen und Ihre Adresse ein, unterschreiben Sie und scannen Sie das Dokument ein. Schicken Sie es bis zum 26. Juni 2024 an <a href=\"mailto:Groengrensland@gmail.com\">Groengrensland@gmail.com <\/a>.<br \/>Dann sorgen wir daf\u00fcr, dass der Antrag rechtzeitig bei der Gemeinde eingereicht wird.<\/p><p>Der detailliertere Einspruch von \"Gr\u00fcnes Grenzland\" wird demn\u00e4chst ebenfalls auf der Website ver\u00f6ffentlicht werden.\u00a0<\/p>\t\t\t\t\t\t\t\t<\/div>\n\t\t\t\t<\/div>\n\t\t\t\t\t<\/div>\n\t\t<\/div>\n\t\t\t\t<div class=\"elementor-column elementor-col-50 elementor-top-column elementor-element elementor-element-757c232\" data-id=\"757c232\" data-element_type=\"column\" data-e-type=\"column\">\n\t\t\t<div class=\"elementor-widget-wrap elementor-element-populated\">\n\t\t\t\t\t\t<div class=\"elementor-element elementor-element-7509a38 elementor-widget elementor-widget-image\" data-id=\"7509a38\" data-element_type=\"widget\" data-e-type=\"widget\" data-widget_type=\"image.default\">\n\t\t\t\t<div class=\"elementor-widget-container\">\n\t\t\t\t\t\t\t\t\t\t\t\t<figure class=\"wp-caption\">\n\t\t\t\t\t\t\t\t\t\t<img loading=\"lazy\" decoding=\"async\" width=\"1024\" height=\"768\" src=\"https:\/\/www.gruenes-grenzland.net\/wp-content\/uploads\/2022\/10\/oost-IMG20221003115651-1024x768.jpg\" class=\"attachment-large size-large wp-image-9541\" alt=\"\" srcset=\"https:\/\/www.gruenes-grenzland.net\/wp-content\/uploads\/2022\/10\/oost-IMG20221003115651-1024x768.jpg 1024w, https:\/\/www.gruenes-grenzland.net\/wp-content\/uploads\/2022\/10\/oost-IMG20221003115651-300x225.jpg 300w, https:\/\/www.gruenes-grenzland.net\/wp-content\/uploads\/2022\/10\/oost-IMG20221003115651-768x576.jpg 768w, https:\/\/www.gruenes-grenzland.net\/wp-content\/uploads\/2022\/10\/oost-IMG20221003115651-1536x1152.jpg 1536w, https:\/\/www.gruenes-grenzland.net\/wp-content\/uploads\/2022\/10\/oost-IMG20221003115651-2048x1536.jpg 2048w, https:\/\/www.gruenes-grenzland.net\/wp-content\/uploads\/2022\/10\/oost-IMG20221003115651-16x12.jpg 16w\" sizes=\"(max-width: 1024px) 100vw, 1024px\" \/>\t\t\t\t\t\t\t\t\t\t\t<figcaption class=\"widget-image-caption wp-caption-text\">Starker Anstieg des Verkehrsl\u00e4rms in Elmpt, der auch im Umweltvertr\u00e4glichkeitsbericht aufgef\u00fchrt ist<\/figcaption>\n\t\t\t\t\t\t\t\t\t\t<\/figure>\n\t\t\t\t\t\t\t\t\t<\/div>\n\t\t\t\t<\/div>\n\t\t\t\t\t<\/div>\n\t\t<\/div>\n\t\t\t\t\t<\/div>\n\t\t<\/section>\n\t\t\t\t<section class=\"elementor-section elementor-top-section elementor-element elementor-element-a2cbfe6 elementor-section-boxed elementor-section-height-default elementor-section-height-default\" data-id=\"a2cbfe6\" data-element_type=\"section\" data-e-type=\"section\">\n\t\t\t\t\t\t<div class=\"elementor-container elementor-column-gap-default\">\n\t\t\t\t\t<div class=\"elementor-column elementor-col-100 elementor-top-column elementor-element elementor-element-52de1cf\" data-id=\"52de1cf\" data-element_type=\"column\" data-e-type=\"column\">\n\t\t\t<div class=\"elementor-widget-wrap elementor-element-populated\">\n\t\t\t\t\t\t<div class=\"elementor-element elementor-element-eb11d4e elementor-align-center elementor-widget elementor-widget-button\" data-id=\"eb11d4e\" data-element_type=\"widget\" data-e-type=\"widget\" data-widget_type=\"button.default\">\n\t\t\t\t<div class=\"elementor-widget-container\">\n\t\t\t\t\t\t\t\t\t<div class=\"elementor-button-wrapper\">\n\t\t\t\t\t<a class=\"elementor-button elementor-button-link elementor-size-sm\" href=\"https:\/\/www.gruenes-grenzland.net\/wp-content\/uploads\/2024\/06\/Flyer-Industriegebiet-BUND-1.pdf\" download=\"https:\/\/www.gruenes-grenzland.net\/wp-content\/uploads\/2024\/06\/Flyer-Industriegebiet-BUND-1.pdf\">\n\t\t\t\t\t\t<span class=\"elementor-button-content-wrapper\">\n\t\t\t\t\t\t\t\t\t<span class=\"elementor-button-text\">Download Eingabe zum Bebauungsplan Elm-131 \u201eJavelin Park Ost\u201c<\/span>\n\t\t\t\t\t<\/span>\n\t\t\t\t\t<\/a>\n\t\t\t\t<\/div>\n\t\t\t\t\t\t\t\t<\/div>\n\t\t\t\t<\/div>\n\t\t\t\t\t<\/div>\n\t\t<\/div>\n\t\t\t\t\t<\/div>\n\t\t<\/section>\n\t\t\t\t<section class=\"elementor-section elementor-top-section elementor-element elementor-element-aef0f4f elementor-section-boxed elementor-section-height-default elementor-section-height-default\" data-id=\"aef0f4f\" data-element_type=\"section\" data-e-type=\"section\">\n\t\t\t\t\t\t<div class=\"elementor-container elementor-column-gap-default\">\n\t\t\t\t\t<div class=\"elementor-column elementor-col-100 elementor-top-column elementor-element elementor-element-5d620d7\" data-id=\"5d620d7\" data-element_type=\"column\" data-e-type=\"column\">\n\t\t\t<div class=\"elementor-widget-wrap elementor-element-populated\">\n\t\t\t\t\t\t<div class=\"elementor-element elementor-element-949311e elementor-widget-divider--view-line elementor-widget elementor-widget-divider\" data-id=\"949311e\" data-element_type=\"widget\" data-e-type=\"widget\" data-widget_type=\"divider.default\">\n\t\t\t\t<div class=\"elementor-widget-container\">\n\t\t\t\t\t\t\t<div class=\"elementor-divider\">\n\t\t\t<span class=\"elementor-divider-separator\">\n\t\t\t\t\t\t<\/span>\n\t\t<\/div>\n\t\t\t\t\t\t<\/div>\n\t\t\t\t<\/div>\n\t\t\t\t\t<\/div>\n\t\t<\/div>\n\t\t\t\t\t<\/div>\n\t\t<\/section>\n\t\t\t\t<section class=\"elementor-section elementor-top-section elementor-element elementor-element-893977f elementor-section-boxed elementor-section-height-default elementor-section-height-default\" data-id=\"893977f\" data-element_type=\"section\" data-e-type=\"section\">\n\t\t\t\t\t\t<div class=\"elementor-container elementor-column-gap-default\">\n\t\t\t\t\t<div class=\"elementor-column elementor-col-100 elementor-top-column elementor-element elementor-element-179e2b7\" data-id=\"179e2b7\" data-element_type=\"column\" data-e-type=\"column\">\n\t\t\t<div class=\"elementor-widget-wrap elementor-element-populated\">\n\t\t\t\t\t\t<div class=\"elementor-element elementor-element-542b255 elementor-widget elementor-widget-menu-anchor\" data-id=\"542b255\" data-element_type=\"widget\" data-e-type=\"widget\" data-widget_type=\"menu-anchor.default\">\n\t\t\t\t<div class=\"elementor-widget-container\">\n\t\t\t\t\t\t\t<div class=\"elementor-menu-anchor\" id=\"2024-9\"><\/div>\n\t\t\t\t\t\t<\/div>\n\t\t\t\t<\/div>\n\t\t\t\t\t<\/div>\n\t\t<\/div>\n\t\t\t\t\t<\/div>\n\t\t<\/section>\n\t\t\t\t<section class=\"elementor-section elementor-top-section elementor-element elementor-element-00f2937 elementor-section-boxed elementor-section-height-default elementor-section-height-default\" data-id=\"00f2937\" data-element_type=\"section\" data-e-type=\"section\">\n\t\t\t\t\t\t<div class=\"elementor-container elementor-column-gap-default\">\n\t\t\t\t\t<div class=\"elementor-column elementor-col-100 elementor-top-column elementor-element elementor-element-318a957\" data-id=\"318a957\" data-element_type=\"column\" data-e-type=\"column\">\n\t\t\t<div class=\"elementor-widget-wrap elementor-element-populated\">\n\t\t\t\t\t\t<div class=\"elementor-element elementor-element-34bda14 elementor-widget elementor-widget-text-editor\" data-id=\"34bda14\" data-element_type=\"widget\" data-e-type=\"widget\" data-widget_type=\"text-editor.default\">\n\t\t\t\t<div class=\"elementor-widget-container\">\n\t\t\t\t\t\t\t\t\t<p><strong>Bereitstellung des Bebauungsplans Elm-131 \"Javelin Park Ost\" zur Einsichtnahme<\/strong><\/p>\t\t\t\t\t\t\t\t<\/div>\n\t\t\t\t<\/div>\n\t\t\t\t\t<\/div>\n\t\t<\/div>\n\t\t\t\t\t<\/div>\n\t\t<\/section>\n\t\t\t\t<section class=\"elementor-section elementor-top-section elementor-element elementor-element-42b0124 elementor-section-boxed elementor-section-height-default elementor-section-height-default\" data-id=\"42b0124\" data-element_type=\"section\" data-e-type=\"section\">\n\t\t\t\t\t\t<div class=\"elementor-container elementor-column-gap-default\">\n\t\t\t\t\t<div class=\"elementor-column elementor-col-50 elementor-top-column elementor-element elementor-element-62bfa50\" data-id=\"62bfa50\" data-element_type=\"column\" data-e-type=\"column\">\n\t\t\t<div class=\"elementor-widget-wrap elementor-element-populated\">\n\t\t\t\t\t\t<div class=\"elementor-element elementor-element-9c23249 elementor-widget elementor-widget-image\" data-id=\"9c23249\" data-element_type=\"widget\" data-e-type=\"widget\" data-widget_type=\"image.default\">\n\t\t\t\t<div class=\"elementor-widget-container\">\n\t\t\t\t\t\t\t\t\t\t\t\t<figure class=\"wp-caption\">\n\t\t\t\t\t\t\t\t\t\t<img loading=\"lazy\" decoding=\"async\" width=\"1024\" height=\"724\" src=\"https:\/\/www.gruenes-grenzland.net\/wp-content\/uploads\/2024\/05\/Bebouwingsplan-Ost-hoogten-2024-grgr-1024x724.jpg\" class=\"attachment-large size-large wp-image-17030\" alt=\"\" srcset=\"https:\/\/www.gruenes-grenzland.net\/wp-content\/uploads\/2024\/05\/Bebouwingsplan-Ost-hoogten-2024-grgr-1024x724.jpg 1024w, https:\/\/www.gruenes-grenzland.net\/wp-content\/uploads\/2024\/05\/Bebouwingsplan-Ost-hoogten-2024-grgr-300x212.jpg 300w, https:\/\/www.gruenes-grenzland.net\/wp-content\/uploads\/2024\/05\/Bebouwingsplan-Ost-hoogten-2024-grgr-768x543.jpg 768w, https:\/\/www.gruenes-grenzland.net\/wp-content\/uploads\/2024\/05\/Bebouwingsplan-Ost-hoogten-2024-grgr-1536x1086.jpg 1536w, https:\/\/www.gruenes-grenzland.net\/wp-content\/uploads\/2024\/05\/Bebouwingsplan-Ost-hoogten-2024-grgr-2048x1448.jpg 2048w, https:\/\/www.gruenes-grenzland.net\/wp-content\/uploads\/2024\/05\/Bebouwingsplan-Ost-hoogten-2024-grgr-18x12.jpg 18w\" sizes=\"(max-width: 1024px) 100vw, 1024px\" \/>\t\t\t\t\t\t\t\t\t\t\t<figcaption class=\"widget-image-caption wp-caption-text\">Neuer Bebauungsplan mit Hallenh\u00f6he<\/figcaption>\n\t\t\t\t\t\t\t\t\t\t<\/figure>\n\t\t\t\t\t\t\t\t\t<\/div>\n\t\t\t\t<\/div>\n\t\t\t\t\t<\/div>\n\t\t<\/div>\n\t\t\t\t<div class=\"elementor-column elementor-col-50 elementor-top-column elementor-element elementor-element-5f192c2\" data-id=\"5f192c2\" data-element_type=\"column\" data-e-type=\"column\">\n\t\t\t<div class=\"elementor-widget-wrap elementor-element-populated\">\n\t\t\t\t\t\t<div class=\"elementor-element elementor-element-6e9e972 elementor-widget elementor-widget-text-editor\" data-id=\"6e9e972\" data-element_type=\"widget\" data-e-type=\"widget\" data-widget_type=\"text-editor.default\">\n\t\t\t\t<div class=\"elementor-widget-container\">\n\t\t\t\t\t\t\t\t\t<p>Da ein neuer Fl\u00e4chennutzungsplan f\u00fcr das gesamte Gewerbegebiet verabschiedet wurde, wird auch der Bebauungsplan f\u00fcr den \u00f6stlichen Teil aktualisiert. Die neue Fassung des Plans wurde bereits am 23. April 2024 im Ausschuss f\u00fcr Planung, Verkehr und Grundst\u00fccke er\u00f6rtert. Die neue Fassung des Plans wird vom 13. Mai bis zum 28. Juni 2024 zur Einsichtnahme ausliegen. Erst jetzt wird wirklich deutlich, wie gro\u00df die negativen Auswirkungen auf die nat\u00fcrliche Umwelt sein werden. Die \u00f6rtlich 40 Meter hohen Hallen werden bis zum Meinweg sichtbar sein, zumal die angek\u00fcndigten Ma\u00dfnahmen zur Begrenzung der Lichtemissionen in den Pl\u00e4nen nicht mehr ber\u00fccksichtigt sind. Es wird auch deutlich, wie viel Grundwasser zus\u00e4tzlich entnommen werden muss. Nat\u00fcrlich werden wir als Gr\u00fcnes Grenzland wieder einmal reagieren.<span style=\"font-weight: inherit; background-color: var(--ast-global-color-4);\"><span style=\"color: rgba(0, 0, 0, 0);\"><i>ederkr\u00fcchten<\/i><\/span><br \/><\/span><\/p>\t\t\t\t\t\t\t\t<\/div>\n\t\t\t\t<\/div>\n\t\t\t\t\t<\/div>\n\t\t<\/div>\n\t\t\t\t\t<\/div>\n\t\t<\/section>\n\t\t\t\t<section class=\"elementor-section elementor-top-section elementor-element elementor-element-df7f5cf elementor-section-boxed elementor-section-height-default elementor-section-height-default\" data-id=\"df7f5cf\" data-element_type=\"section\" data-e-type=\"section\">\n\t\t\t\t\t\t<div class=\"elementor-container elementor-column-gap-default\">\n\t\t\t\t\t<div class=\"elementor-column elementor-col-100 elementor-top-column elementor-element elementor-element-f6e7a80\" data-id=\"f6e7a80\" data-element_type=\"column\" data-e-type=\"column\">\n\t\t\t<div class=\"elementor-widget-wrap elementor-element-populated\">\n\t\t\t\t\t\t<div class=\"elementor-element elementor-element-5829d58 elementor-widget elementor-widget-text-editor\" data-id=\"5829d58\" data-element_type=\"widget\" data-e-type=\"widget\" data-widget_type=\"text-editor.default\">\n\t\t\t\t<div class=\"elementor-widget-container\">\n\t\t\t\t\t\t\t\t\t<p>Weitere Informationen:<\/p><p>Niederkr\u00fcchten<br \/><a href=\"https:\/\/www.niederkruechten.de\/leben-niederkruechten\/planen-bauen-leben\/bauleitplanung\/aktuelle-planverfahren\">https:\/\/www.niederkruechten.de\/leben-niederkruechten\/planen-bauen-leben\/bauleitplanung\/aktuelle-planverfahren<\/a><\/p><p>Roerdalen<br \/><a href=\"https:\/\/zoek.officielebekendmakingen.nl\/gmb-2024-211344.html?utm_campaign=20240516&amp;utm_source=attenderingsmakelaar&amp;utm_medium=email&amp;utm_term=gemeente_roerdalen&amp;utm_content=over_uw_buurt\">https:\/\/zoek.officielebekendmakingen.nl\/gmb-2024-211344.html?utm_campaign=20240516&amp;utm_source=attenderingsmakelaar&amp;utm_medium=email&amp;utm_term=gemeente_roerdalen&amp;utm_content=over_uw_buurt<\/a><\/p><p>Roermond<br \/><a href=\"https:\/\/zoek.officielebekendmakingen.nl\/gmb-2024-209371.html\">https:\/\/zoek.officielebekendmakingen.nl\/gmb-2024-209371.html<\/a><\/p>\t\t\t\t\t\t\t\t<\/div>\n\t\t\t\t<\/div>\n\t\t\t\t\t<\/div>\n\t\t<\/div>\n\t\t\t\t\t<\/div>\n\t\t<\/section>\n\t\t\t\t<section class=\"elementor-section elementor-top-section elementor-element elementor-element-cbd0cc8 elementor-section-boxed elementor-section-height-default elementor-section-height-default\" data-id=\"cbd0cc8\" data-element_type=\"section\" data-e-type=\"section\">\n\t\t\t\t\t\t<div class=\"elementor-container elementor-column-gap-default\">\n\t\t\t\t\t<div class=\"elementor-column elementor-col-100 elementor-top-column elementor-element elementor-element-4e3a663\" data-id=\"4e3a663\" data-element_type=\"column\" data-e-type=\"column\">\n\t\t\t<div class=\"elementor-widget-wrap elementor-element-populated\">\n\t\t\t\t\t\t<div class=\"elementor-element elementor-element-05764c5 elementor-widget-divider--view-line elementor-widget elementor-widget-divider\" data-id=\"05764c5\" data-element_type=\"widget\" data-e-type=\"widget\" data-widget_type=\"divider.default\">\n\t\t\t\t<div class=\"elementor-widget-container\">\n\t\t\t\t\t\t\t<div class=\"elementor-divider\">\n\t\t\t<span class=\"elementor-divider-separator\">\n\t\t\t\t\t\t<\/span>\n\t\t<\/div>\n\t\t\t\t\t\t<\/div>\n\t\t\t\t<\/div>\n\t\t\t\t\t<\/div>\n\t\t<\/div>\n\t\t\t\t\t<\/div>\n\t\t<\/section>\n\t\t\t\t<section class=\"elementor-section elementor-top-section elementor-element elementor-element-8d3ebac elementor-section-boxed elementor-section-height-default elementor-section-height-default\" data-id=\"8d3ebac\" data-element_type=\"section\" data-e-type=\"section\">\n\t\t\t\t\t\t<div class=\"elementor-container elementor-column-gap-default\">\n\t\t\t\t\t<div class=\"elementor-column elementor-col-100 elementor-top-column elementor-element elementor-element-5eb3651\" data-id=\"5eb3651\" data-element_type=\"column\" data-e-type=\"column\">\n\t\t\t<div class=\"elementor-widget-wrap elementor-element-populated\">\n\t\t\t\t\t\t<div class=\"elementor-element elementor-element-18dc490 elementor-widget elementor-widget-menu-anchor\" data-id=\"18dc490\" data-element_type=\"widget\" data-e-type=\"widget\" data-widget_type=\"menu-anchor.default\">\n\t\t\t\t<div class=\"elementor-widget-container\">\n\t\t\t\t\t\t\t<div class=\"elementor-menu-anchor\" id=\"2024-8\"><\/div>\n\t\t\t\t\t\t<\/div>\n\t\t\t\t<\/div>\n\t\t\t\t\t<\/div>\n\t\t<\/div>\n\t\t\t\t\t<\/div>\n\t\t<\/section>\n\t\t\t\t<section class=\"elementor-section elementor-top-section elementor-element elementor-element-4c42cc0 elementor-section-boxed elementor-section-height-default elementor-section-height-default\" data-id=\"4c42cc0\" data-element_type=\"section\" data-e-type=\"section\">\n\t\t\t\t\t\t<div class=\"elementor-container elementor-column-gap-default\">\n\t\t\t\t\t<div class=\"elementor-column elementor-col-100 elementor-top-column elementor-element elementor-element-a392c22\" data-id=\"a392c22\" data-element_type=\"column\" data-e-type=\"column\">\n\t\t\t<div class=\"elementor-widget-wrap elementor-element-populated\">\n\t\t\t\t\t\t<div class=\"elementor-element elementor-element-9353e05 elementor-widget elementor-widget-text-editor\" data-id=\"9353e05\" data-element_type=\"widget\" data-e-type=\"widget\" data-widget_type=\"text-editor.default\">\n\t\t\t\t<div class=\"elementor-widget-container\">\n\t\t\t\t\t\t\t\t\t<p><strong>Nationalpark de Meinweg durch zus\u00e4tzliche Stickstoffemissionen aus dem Gewerbegebiet Elmpt bedroht<\/strong><\/p>\t\t\t\t\t\t\t\t<\/div>\n\t\t\t\t<\/div>\n\t\t\t\t\t<\/div>\n\t\t<\/div>\n\t\t\t\t\t<\/div>\n\t\t<\/section>\n\t\t\t\t<section class=\"elementor-section elementor-top-section elementor-element elementor-element-e748cf5 elementor-section-boxed elementor-section-height-default elementor-section-height-default\" data-id=\"e748cf5\" data-element_type=\"section\" data-e-type=\"section\">\n\t\t\t\t\t\t<div class=\"elementor-container elementor-column-gap-default\">\n\t\t\t\t\t<div class=\"elementor-column elementor-col-50 elementor-top-column elementor-element elementor-element-251e64f\" data-id=\"251e64f\" data-element_type=\"column\" data-e-type=\"column\">\n\t\t\t<div class=\"elementor-widget-wrap elementor-element-populated\">\n\t\t\t\t\t\t<div class=\"elementor-element elementor-element-7a85a40 elementor-widget elementor-widget-text-editor\" data-id=\"7a85a40\" data-element_type=\"widget\" data-e-type=\"widget\" data-widget_type=\"text-editor.default\">\n\t\t\t\t<div class=\"elementor-widget-container\">\n\t\t\t\t\t\t\t\t\t<p>Gr\u00fcnes Grenzland, die Natuur en Milieufederatie Limburg und die Milieu- und Heemkundevereniging Swalmen haben die Provinz Limburg aufgefordert, gegen den Beschluss des Gemeinderats von Niederkr\u00fcchten vorzugehen.<br \/>Dieser Beschluss vom 19. M\u00e4rz 2024 sieht ein gro\u00dfes Gewerbegebiet von 150 ha vor. Dadurch wird die Verkehrsintensit\u00e4t auf der angrenzenden Autobahn A52, die bei Elmpt in die niederl\u00e4ndische Autobahn N280 \u00fcbergeht, um mehr als 20.000 Kraftfahrzeuge pro Tag zunehmen. Infolgedessen wird die Stickstoffbelastung u.a. im Nationalpark und Natura 2000-Gebiet de Meinweg erheblich zunehmen.<\/p><p><a href=\"https:\/\/www.gruenes-grenzland.net\/de\/activiteiten-javelin-park-ost\/#Bestemmingsplan4\">Weitere Information<\/a> \/ <a href=\"https:\/\/www.gruenes-grenzland.net\/activiteiten-javelin-park-ost\/#Bestemmingsplan4\">Meer lezen<\/a><\/p>\t\t\t\t\t\t\t\t<\/div>\n\t\t\t\t<\/div>\n\t\t\t\t\t<\/div>\n\t\t<\/div>\n\t\t\t\t<div class=\"elementor-column elementor-col-50 elementor-top-column elementor-element elementor-element-2d05987\" data-id=\"2d05987\" data-element_type=\"column\" data-e-type=\"column\">\n\t\t\t<div class=\"elementor-widget-wrap elementor-element-populated\">\n\t\t\t\t\t\t<div class=\"elementor-element elementor-element-08bc553 elementor-widget elementor-widget-image\" data-id=\"08bc553\" data-element_type=\"widget\" data-e-type=\"widget\" data-widget_type=\"image.default\">\n\t\t\t\t<div class=\"elementor-widget-container\">\n\t\t\t\t\t\t\t\t\t\t\t\t<figure class=\"wp-caption\">\n\t\t\t\t\t\t\t\t\t\t<img loading=\"lazy\" decoding=\"async\" width=\"1024\" height=\"575\" src=\"https:\/\/www.gruenes-grenzland.net\/wp-content\/uploads\/2023\/08\/Meinweg-Rolvennen-overzicht-laag-met-bloeiende-heide-HHeijnen-1024x575.jpg\" class=\"attachment-large size-large wp-image-13144\" alt=\"\" srcset=\"https:\/\/www.gruenes-grenzland.net\/wp-content\/uploads\/2023\/08\/Meinweg-Rolvennen-overzicht-laag-met-bloeiende-heide-HHeijnen-1024x575.jpg 1024w, https:\/\/www.gruenes-grenzland.net\/wp-content\/uploads\/2023\/08\/Meinweg-Rolvennen-overzicht-laag-met-bloeiende-heide-HHeijnen-300x169.jpg 300w, https:\/\/www.gruenes-grenzland.net\/wp-content\/uploads\/2023\/08\/Meinweg-Rolvennen-overzicht-laag-met-bloeiende-heide-HHeijnen-768x431.jpg 768w, https:\/\/www.gruenes-grenzland.net\/wp-content\/uploads\/2023\/08\/Meinweg-Rolvennen-overzicht-laag-met-bloeiende-heide-HHeijnen-18x10.jpg 18w, https:\/\/www.gruenes-grenzland.net\/wp-content\/uploads\/2023\/08\/Meinweg-Rolvennen-overzicht-laag-met-bloeiende-heide-HHeijnen.jpg 1200w\" sizes=\"(max-width: 1024px) 100vw, 1024px\" \/>\t\t\t\t\t\t\t\t\t\t\t<figcaption class=\"widget-image-caption wp-caption-text\">Nationalpark de Meinweg durch Stickstoffemissionen bedroht<\/figcaption>\n\t\t\t\t\t\t\t\t\t\t<\/figure>\n\t\t\t\t\t\t\t\t\t<\/div>\n\t\t\t\t<\/div>\n\t\t\t\t\t<\/div>\n\t\t<\/div>\n\t\t\t\t\t<\/div>\n\t\t<\/section>\n\t\t\t\t<section class=\"elementor-section elementor-top-section elementor-element elementor-element-6c6893c elementor-section-boxed elementor-section-height-default elementor-section-height-default\" data-id=\"6c6893c\" data-element_type=\"section\" data-e-type=\"section\">\n\t\t\t\t\t\t<div class=\"elementor-container elementor-column-gap-default\">\n\t\t\t\t\t<div class=\"elementor-column elementor-col-100 elementor-top-column elementor-element elementor-element-af917c9\" data-id=\"af917c9\" data-element_type=\"column\" data-e-type=\"column\">\n\t\t\t<div class=\"elementor-widget-wrap elementor-element-populated\">\n\t\t\t\t\t\t<div class=\"elementor-element elementor-element-0c84d59 elementor-widget-divider--view-line elementor-widget elementor-widget-divider\" data-id=\"0c84d59\" data-element_type=\"widget\" data-e-type=\"widget\" data-widget_type=\"divider.default\">\n\t\t\t\t<div class=\"elementor-widget-container\">\n\t\t\t\t\t\t\t<div class=\"elementor-divider\">\n\t\t\t<span class=\"elementor-divider-separator\">\n\t\t\t\t\t\t<\/span>\n\t\t<\/div>\n\t\t\t\t\t\t<\/div>\n\t\t\t\t<\/div>\n\t\t\t\t\t<\/div>\n\t\t<\/div>\n\t\t\t\t\t<\/div>\n\t\t<\/section>\n\t\t\t\t<section class=\"elementor-section elementor-top-section elementor-element elementor-element-061f4eb elementor-section-boxed elementor-section-height-default elementor-section-height-default\" data-id=\"061f4eb\" data-element_type=\"section\" data-e-type=\"section\">\n\t\t\t\t\t\t<div class=\"elementor-container elementor-column-gap-default\">\n\t\t\t\t\t<div class=\"elementor-column elementor-col-100 elementor-top-column elementor-element elementor-element-d2c0a3e\" data-id=\"d2c0a3e\" data-element_type=\"column\" data-e-type=\"column\">\n\t\t\t<div class=\"elementor-widget-wrap elementor-element-populated\">\n\t\t\t\t\t\t<div class=\"elementor-element elementor-element-638a65d elementor-widget elementor-widget-menu-anchor\" data-id=\"638a65d\" data-element_type=\"widget\" data-e-type=\"widget\" data-widget_type=\"menu-anchor.default\">\n\t\t\t\t<div class=\"elementor-widget-container\">\n\t\t\t\t\t\t\t<div class=\"elementor-menu-anchor\" id=\"2024-7\"><\/div>\n\t\t\t\t\t\t<\/div>\n\t\t\t\t<\/div>\n\t\t\t\t\t<\/div>\n\t\t<\/div>\n\t\t\t\t\t<\/div>\n\t\t<\/section>\n\t\t\t\t<section class=\"elementor-section elementor-top-section elementor-element elementor-element-828de1b elementor-section-boxed elementor-section-height-default elementor-section-height-default\" data-id=\"828de1b\" data-element_type=\"section\" data-e-type=\"section\">\n\t\t\t\t\t\t<div class=\"elementor-container elementor-column-gap-default\">\n\t\t\t\t\t<div class=\"elementor-column elementor-col-100 elementor-top-column elementor-element elementor-element-d676df3\" data-id=\"d676df3\" data-element_type=\"column\" data-e-type=\"column\">\n\t\t\t<div class=\"elementor-widget-wrap elementor-element-populated\">\n\t\t\t\t\t\t<div class=\"elementor-element elementor-element-2b00339 elementor-widget elementor-widget-text-editor\" data-id=\"2b00339\" data-element_type=\"widget\" data-e-type=\"widget\" data-widget_type=\"text-editor.default\">\n\t\t\t\t<div class=\"elementor-widget-container\">\n\t\t\t\t\t\t\t\t\t<p><b>Megahallen Elmpt nicht 15 m, sondern 40 m hoch<\/b><\/p>\t\t\t\t\t\t\t\t<\/div>\n\t\t\t\t<\/div>\n\t\t\t\t\t<\/div>\n\t\t<\/div>\n\t\t\t\t\t<\/div>\n\t\t<\/section>\n\t\t\t\t<section class=\"elementor-section elementor-top-section elementor-element elementor-element-62ea200 elementor-section-boxed elementor-section-height-default elementor-section-height-default\" data-id=\"62ea200\" data-element_type=\"section\" data-e-type=\"section\">\n\t\t\t\t\t\t<div class=\"elementor-container elementor-column-gap-default\">\n\t\t\t\t\t<div class=\"elementor-column elementor-col-100 elementor-top-column elementor-element elementor-element-2d9ddca\" data-id=\"2d9ddca\" data-element_type=\"column\" data-e-type=\"column\">\n\t\t\t<div class=\"elementor-widget-wrap elementor-element-populated\">\n\t\t\t\t\t\t<div class=\"elementor-element elementor-element-239c72a elementor-widget elementor-widget-video\" data-id=\"239c72a\" data-element_type=\"widget\" data-e-type=\"widget\" data-settings=\"{&quot;video_type&quot;:&quot;hosted&quot;,&quot;loop&quot;:&quot;yes&quot;,&quot;autoplay&quot;:&quot;yes&quot;,&quot;play_on_mobile&quot;:&quot;yes&quot;}\" data-widget_type=\"video.default\">\n\t\t\t\t<div class=\"elementor-widget-container\">\n\t\t\t\t\t\t\t<div class=\"e-hosted-video elementor-wrapper elementor-open-inline\">\n\t\t\t\t\t<video class=\"elementor-video\" src=\"https:\/\/www.gruenes-grenzland.net\/wp-content\/uploads\/2024\/04\/Megahallen-vanuit-Weijenhof.mp4\" autoplay=\"\" loop=\"\" playsinline=\"\" controlslist=\"nodownload\" poster=\"https:\/\/www.gruenes-grenzland.net\/wp-content\/uploads\/2024\/04\/DJI_0015-Elmpterwald-West-flank-Vliegvlieveld-bij-Weyenhof-met-loodsen.jpg\"><\/video>\n\t\t\t\t<\/div>\n\t\t\t\t\t\t<\/div>\n\t\t\t\t<\/div>\n\t\t\t\t\t<\/div>\n\t\t<\/div>\n\t\t\t\t\t<\/div>\n\t\t<\/section>\n\t\t\t\t<section class=\"elementor-section elementor-top-section elementor-element elementor-element-fc2c8e1 elementor-section-boxed elementor-section-height-default elementor-section-height-default\" data-id=\"fc2c8e1\" data-element_type=\"section\" data-e-type=\"section\">\n\t\t\t\t\t\t<div class=\"elementor-container elementor-column-gap-default\">\n\t\t\t\t\t<div class=\"elementor-column elementor-col-100 elementor-top-column elementor-element elementor-element-7301ad0\" data-id=\"7301ad0\" data-element_type=\"column\" data-e-type=\"column\">\n\t\t\t<div class=\"elementor-widget-wrap elementor-element-populated\">\n\t\t\t\t\t\t<div class=\"elementor-element elementor-element-34bd600 elementor-widget elementor-widget-text-editor\" data-id=\"34bd600\" data-element_type=\"widget\" data-e-type=\"widget\" data-widget_type=\"text-editor.default\">\n\t\t\t\t<div class=\"elementor-widget-container\">\n\t\t\t\t\t\t\t\t\t<p style=\"text-align: center;\"><em>Vogelperspektive auf die 40 m hohen Hallen vom Weyenhof aus gesehen<\/em><\/p>\t\t\t\t\t\t\t\t<\/div>\n\t\t\t\t<\/div>\n\t\t\t\t\t<\/div>\n\t\t<\/div>\n\t\t\t\t\t<\/div>\n\t\t<\/section>\n\t\t\t\t<section class=\"elementor-section elementor-top-section elementor-element elementor-element-84ba770 elementor-section-boxed elementor-section-height-default elementor-section-height-default\" data-id=\"84ba770\" data-element_type=\"section\" data-e-type=\"section\">\n\t\t\t\t\t\t<div class=\"elementor-container elementor-column-gap-default\">\n\t\t\t\t\t<div class=\"elementor-column elementor-col-100 elementor-top-column elementor-element elementor-element-782bfd1\" data-id=\"782bfd1\" data-element_type=\"column\" data-e-type=\"column\">\n\t\t\t<div class=\"elementor-widget-wrap elementor-element-populated\">\n\t\t\t\t\t\t<div class=\"elementor-element elementor-element-a283817 elementor-widget elementor-widget-text-editor\" data-id=\"a283817\" data-element_type=\"widget\" data-e-type=\"widget\" data-widget_type=\"text-editor.default\">\n\t\t\t\t<div class=\"elementor-widget-container\">\n\t\t\t\t\t\t\t\t\t<p>Da f\u00fcr das gesamte Gewerbegebiet ein neuer Fl\u00e4chennutzungsplan verabschiedet wurde, ist auch der Bebauungsplan f\u00fcr den \u00f6stlichen Teil aktualisiert worden. Die neue Fassung des Plans wurde bereits im Ausschuss f\u00fcr Planung, Verkehr und Grundst\u00fccke am 23. April 2024 er\u00f6rtert. Inzwischen wurde auch den Ausschu\u00dfmitglieder klar, dass die geplanten Megahallen nicht 15 oder 20 m, sondern 40 m hoch sein werden. Eine Bef\u00fcrchtung, die Gr\u00fcnes Grenzland von Anfang an \u00e4u\u00dferte.  Doch obwohl sie merkten, dass sie an der Nase herumgef\u00fchrt wurden, stimmten diese Mitglieder f\u00fcr den Bebauungsplan.....<br \/>Es ist vorgesehen, dass der Gemeinderat von Niederkr\u00fcchten den ge\u00e4nderten Plan in der Gemeinderatssitzung am 14. Mai 2024 verabschiedet. Danach wird der Plan erneut zur \u00f6ffentlichen Anh\u00f6rung vorgelegt.<\/p>\t\t\t\t\t\t\t\t<\/div>\n\t\t\t\t<\/div>\n\t\t\t\t\t<\/div>\n\t\t<\/div>\n\t\t\t\t\t<\/div>\n\t\t<\/section>\n\t\t\t\t<section class=\"elementor-section elementor-top-section elementor-element elementor-element-6d35213 elementor-section-boxed elementor-section-height-default elementor-section-height-default\" data-id=\"6d35213\" data-element_type=\"section\" data-e-type=\"section\">\n\t\t\t\t\t\t<div class=\"elementor-container elementor-column-gap-default\">\n\t\t\t\t\t<div class=\"elementor-column elementor-col-100 elementor-top-column elementor-element elementor-element-e9b0545\" data-id=\"e9b0545\" data-element_type=\"column\" data-e-type=\"column\">\n\t\t\t<div class=\"elementor-widget-wrap elementor-element-populated\">\n\t\t\t\t\t\t<div class=\"elementor-element elementor-element-76b0e84 elementor-widget-divider--view-line elementor-widget elementor-widget-divider\" data-id=\"76b0e84\" data-element_type=\"widget\" data-e-type=\"widget\" data-widget_type=\"divider.default\">\n\t\t\t\t<div class=\"elementor-widget-container\">\n\t\t\t\t\t\t\t<div class=\"elementor-divider\">\n\t\t\t<span class=\"elementor-divider-separator\">\n\t\t\t\t\t\t<\/span>\n\t\t<\/div>\n\t\t\t\t\t\t<\/div>\n\t\t\t\t<\/div>\n\t\t\t\t\t<\/div>\n\t\t<\/div>\n\t\t\t\t\t<\/div>\n\t\t<\/section>\n\t\t\t\t<section class=\"elementor-section elementor-top-section elementor-element elementor-element-d636758 elementor-section-boxed elementor-section-height-default elementor-section-height-default\" data-id=\"d636758\" data-element_type=\"section\" data-e-type=\"section\">\n\t\t\t\t\t\t<div class=\"elementor-container elementor-column-gap-default\">\n\t\t\t\t\t<div class=\"elementor-column elementor-col-100 elementor-top-column elementor-element elementor-element-7473cc1\" data-id=\"7473cc1\" data-element_type=\"column\" data-e-type=\"column\">\n\t\t\t<div class=\"elementor-widget-wrap elementor-element-populated\">\n\t\t\t\t\t\t<div class=\"elementor-element elementor-element-c95f8e0 elementor-widget elementor-widget-menu-anchor\" data-id=\"c95f8e0\" data-element_type=\"widget\" data-e-type=\"widget\" data-widget_type=\"menu-anchor.default\">\n\t\t\t\t<div class=\"elementor-widget-container\">\n\t\t\t\t\t\t\t<div class=\"elementor-menu-anchor\" id=\"2024-6\"><\/div>\n\t\t\t\t\t\t<\/div>\n\t\t\t\t<\/div>\n\t\t\t\t\t<\/div>\n\t\t<\/div>\n\t\t\t\t\t<\/div>\n\t\t<\/section>\n\t\t\t\t<section class=\"elementor-section elementor-top-section elementor-element elementor-element-814242d elementor-section-boxed elementor-section-height-default elementor-section-height-default\" data-id=\"814242d\" data-element_type=\"section\" data-e-type=\"section\">\n\t\t\t\t\t\t<div class=\"elementor-container elementor-column-gap-default\">\n\t\t\t\t\t<div class=\"elementor-column elementor-col-100 elementor-top-column elementor-element elementor-element-322bb52\" data-id=\"322bb52\" data-element_type=\"column\" data-e-type=\"column\">\n\t\t\t<div class=\"elementor-widget-wrap elementor-element-populated\">\n\t\t\t\t\t\t<div class=\"elementor-element elementor-element-28c2b53 elementor-widget elementor-widget-text-editor\" data-id=\"28c2b53\" data-element_type=\"widget\" data-e-type=\"widget\" data-widget_type=\"text-editor.default\">\n\t\t\t\t<div class=\"elementor-widget-container\">\n\t\t\t\t\t\t\t\t\t<p><strong>Beschluss des Gemeinderats von Niederkruchten \u00fcber die Annahme des Fl\u00e4chennutzungsplans ''Militairgel\u00e4nde Elmpt''<\/strong><\/p>\t\t\t\t\t\t\t\t<\/div>\n\t\t\t\t<\/div>\n\t\t\t\t\t<\/div>\n\t\t<\/div>\n\t\t\t\t\t<\/div>\n\t\t<\/section>\n\t\t\t\t<section class=\"elementor-section elementor-top-section elementor-element elementor-element-8d8ced5 elementor-section-boxed elementor-section-height-default elementor-section-height-default\" data-id=\"8d8ced5\" data-element_type=\"section\" data-e-type=\"section\">\n\t\t\t\t\t\t<div class=\"elementor-container elementor-column-gap-default\">\n\t\t\t\t\t<div class=\"elementor-column elementor-col-50 elementor-top-column elementor-element elementor-element-7bd7422\" data-id=\"7bd7422\" data-element_type=\"column\" data-e-type=\"column\">\n\t\t\t<div class=\"elementor-widget-wrap elementor-element-populated\">\n\t\t\t\t\t\t<div class=\"elementor-element elementor-element-592f260 elementor-widget elementor-widget-image\" data-id=\"592f260\" data-element_type=\"widget\" data-e-type=\"widget\" data-widget_type=\"image.default\">\n\t\t\t\t<div class=\"elementor-widget-container\">\n\t\t\t\t\t\t\t\t\t\t\t\t<figure class=\"wp-caption\">\n\t\t\t\t\t\t\t\t\t\t<img loading=\"lazy\" decoding=\"async\" width=\"1024\" height=\"724\" src=\"https:\/\/www.gruenes-grenzland.net\/wp-content\/uploads\/2024\/02\/LB-1.2.-Elmpter-Wald-Groen-blijft-niet-groen-1024x724.jpg\" class=\"attachment-large size-large wp-image-16275\" alt=\"\" srcset=\"https:\/\/www.gruenes-grenzland.net\/wp-content\/uploads\/2024\/02\/LB-1.2.-Elmpter-Wald-Groen-blijft-niet-groen-1024x724.jpg 1024w, https:\/\/www.gruenes-grenzland.net\/wp-content\/uploads\/2024\/02\/LB-1.2.-Elmpter-Wald-Groen-blijft-niet-groen-300x212.jpg 300w, https:\/\/www.gruenes-grenzland.net\/wp-content\/uploads\/2024\/02\/LB-1.2.-Elmpter-Wald-Groen-blijft-niet-groen-768x543.jpg 768w, https:\/\/www.gruenes-grenzland.net\/wp-content\/uploads\/2024\/02\/LB-1.2.-Elmpter-Wald-Groen-blijft-niet-groen-1536x1086.jpg 1536w, https:\/\/www.gruenes-grenzland.net\/wp-content\/uploads\/2024\/02\/LB-1.2.-Elmpter-Wald-Groen-blijft-niet-groen-2048x1448.jpg 2048w, https:\/\/www.gruenes-grenzland.net\/wp-content\/uploads\/2024\/02\/LB-1.2.-Elmpter-Wald-Groen-blijft-niet-groen-18x12.jpg 18w\" sizes=\"(max-width: 1024px) 100vw, 1024px\" \/>\t\t\t\t\t\t\t\t\t\t\t<figcaption class=\"widget-image-caption wp-caption-text\"><\/figcaption>\n\t\t\t\t\t\t\t\t\t\t<\/figure>\n\t\t\t\t\t\t\t\t\t<\/div>\n\t\t\t\t<\/div>\n\t\t\t\t\t<\/div>\n\t\t<\/div>\n\t\t\t\t<div class=\"elementor-column elementor-col-50 elementor-top-column elementor-element elementor-element-84e166a\" data-id=\"84e166a\" data-element_type=\"column\" data-e-type=\"column\">\n\t\t\t<div class=\"elementor-widget-wrap elementor-element-populated\">\n\t\t\t\t\t\t<div class=\"elementor-element elementor-element-e065731 elementor-widget elementor-widget-shortcode\" data-id=\"e065731\" data-element_type=\"widget\" data-e-type=\"widget\" data-widget_type=\"shortcode.default\">\n\t\t\t\t<div class=\"elementor-widget-container\">\n\t\t\t\t\t\t\t<div class=\"elementor-shortcode\"><iframe src=\"https:\/\/www.gruenes-grenzland.net\/wp-content\/uploads\/Maps\/qgis2web_2025_03_27-20_42_02_963213\/index.html\" width=\"100%\" height=\"400 px\" style=\"border:none;\"><\/iframe><\/div>\n\t\t\t\t\t\t<\/div>\n\t\t\t\t<\/div>\n\t\t\t\t\t<\/div>\n\t\t<\/div>\n\t\t\t\t\t<\/div>\n\t\t<\/section>\n\t\t\t\t<section class=\"elementor-section elementor-top-section elementor-element elementor-element-95725e1 elementor-section-boxed elementor-section-height-default elementor-section-height-default\" data-id=\"95725e1\" data-element_type=\"section\" data-e-type=\"section\">\n\t\t\t\t\t\t<div class=\"elementor-container elementor-column-gap-default\">\n\t\t\t\t\t<div class=\"elementor-column elementor-col-100 elementor-top-column elementor-element elementor-element-af25b21\" data-id=\"af25b21\" data-element_type=\"column\" data-e-type=\"column\">\n\t\t\t<div class=\"elementor-widget-wrap elementor-element-populated\">\n\t\t\t\t\t\t<div class=\"elementor-element elementor-element-689ca93 elementor-widget elementor-widget-text-editor\" data-id=\"689ca93\" data-element_type=\"widget\" data-e-type=\"widget\" data-widget_type=\"text-editor.default\">\n\t\t\t\t<div class=\"elementor-widget-container\">\n\t\t\t\t\t\t\t\t\t<p style=\"text-align: center;\"><em>De gevolgen van de plannen in kaart gebracht, waaruit blijkt dat &#8221;Groen niet groen&#8221; blijft<\/em><\/p>\t\t\t\t\t\t\t\t<\/div>\n\t\t\t\t<\/div>\n\t\t\t\t\t<\/div>\n\t\t<\/div>\n\t\t\t\t\t<\/div>\n\t\t<\/section>\n\t\t\t\t<section class=\"elementor-section elementor-top-section elementor-element elementor-element-5fa5300 elementor-section-boxed elementor-section-height-default elementor-section-height-default\" data-id=\"5fa5300\" data-element_type=\"section\" data-e-type=\"section\">\n\t\t\t\t\t\t<div class=\"elementor-container elementor-column-gap-default\">\n\t\t\t\t\t<div class=\"elementor-column elementor-col-100 elementor-top-column elementor-element elementor-element-f597f93\" data-id=\"f597f93\" data-element_type=\"column\" data-e-type=\"column\">\n\t\t\t<div class=\"elementor-widget-wrap elementor-element-populated\">\n\t\t\t\t\t\t<div class=\"elementor-element elementor-element-03cd073 elementor-widget elementor-widget-text-editor\" data-id=\"03cd073\" data-element_type=\"widget\" data-e-type=\"widget\" data-widget_type=\"text-editor.default\">\n\t\t\t\t<div class=\"elementor-widget-container\">\n\t\t\t\t\t\t\t\t\t<p>Im Mittelpunkt der Ratssitzung der Gemeinde Niederkr\u00fcchten am Dienstag, 19. M\u00e4rz 2024, stand der Beschluss \u00fcber die 61. \u00c4nderung des Fl\u00e4chennutzungsplans \"Milit\u00e4rgel\u00e4nde Elmpt\". Dieser Plan, der die Umwandlung des ehemaligen Flugplatzes in Elmpt in ein Industriegebiet vorsieht, gibt den Gr\u00fcnen Grenzland wegen der zu erwartenden negativen Auswirkungen auf Natur und Lebensumfeld Anlass zu gro\u00dfer Sorge. Leider hat der Gemeinderat mehrheitlich f\u00fcr den Plan gestimmt.<\/p><p><span style=\"background-color: var(--ast-global-color-4); color: var(--ast-global-color-3); font-style: inherit; font-weight: inherit;\">Aus Sicht von Natur und Landschaft ist der vorgeschlagene Plan v\u00f6llig inakzeptabel, und es wird zu gegebener Zeit ein Klageverfahren eingeleitet werden. Der Grundsatz \"Gr\u00fcn bleibt gr\u00fcn\" wird v\u00f6llig ignoriert. Der unmittelbare Lebensraum zahlreicher Organismen wird verschwinden. Die nicht hinnehmbare Stickstoffbelastung der deutschen und niederl\u00e4ndischen N2000-Gebiete wird zu Unrecht und ohne Begr\u00fcndung ignoriert, ebenso wie die drohende Austrocknung des Naturschutzgebietes L\u00fcsekamp.<\/span><\/p><p>Gr\u00fcn bleibt nicht gr\u00fcn<br \/>Derzeit besteht von den 217 ha mehr als ein Drittel (77,4 ha) aus Gr\u00fcnfl\u00e4chen, d.h. Wald und\/oder Magerrasen mit hohem \u00f6kologischen Wert. Dem Plan zufolge sollen nur 60 ha als Gr\u00fcnfl\u00e4che und\/oder Ausgleichsfl\u00e4che reserviert werden. Das ist also weniger als in der derzeitigen Situation. Hinzu kommen der Bau einer zus\u00e4tzlichen Zufahrtsstra\u00dfe zum Golfplatz, die Realisierung eines Verkehrsknotens in einem Schutzgebiet und die Erweiterung einer Kl\u00e4ranlage im Swalmtal in einem Landschaftsschutzgebiet.<br \/>Gr\u00fcn wird also nicht gr\u00fcn bleiben, auch wenn die Bef\u00fcrworter des Plans dies behaupten.<\/p><p>Verlust von Lebensraum f\u00fcr zahlreiche Organismen<br \/>Der anerkannte Verlust von Lebensraum wird durch eine 60 ha gro\u00dfe Ausgleichsfl\u00e4che in den ehemaligen Schutzr\u00e4umen s\u00fcdwestlich und \u00f6stlich des \u00c4nderungsbereichs und im Bereich der ehemaligen Landebahn ausgeglichen. Diese Fl\u00e4che ist kleiner als die jetzigen wertvollen Fl\u00e4chen und hat selbst schon einen hohen \u00f6kologischen Wert, so dass der Ausgleich wenig effektiv sein wird. Eine Verlagerung des Problems auf die Ebene des Bebauungsplans ist daher unverantwortlich. Aus Sicht des Artenschutzes ist die 61. \u00c4nderung des Fl\u00e4chennutzungsplanes daher abzulehnen.<\/p><p>Stickstoffablagerung in niederl\u00e4ndischen und deutschen Natura 2000-Gebieten<br \/>Die Zunahme des Verkehrs verursacht nicht nur eine zuf\u00e4llige, sondern auch eine dauerhafte Zunahme der Stickstoffdeposition auf dem Meinweg und im Schwalmtal. Eine zus\u00e4tzliche Vorpr\u00fcfung wird nicht ausreichen. Eine so genannte Angemessenheitspr\u00fcfung, bei der der Verursacher pr\u00fcft, ob die Erhaltungsziele des Natura-2000-Gebietes durch seine T\u00e4tigkeit gef\u00e4hrdet sind, wird in den Niederlanden laut Staatsratsbeschluss 2019 notwendig.<br \/>Zudem wird der verwendete Schwellenwert, das sogenannte Abschneidekriterium von 0,3 kg N\/(ha*a) f\u00fcr FFH-Gebiete in Deutschland, in einer \u00dcberlastungssituation mit hoher Wahrscheinlichkeit einer gerichtlichen \u00dcberpr\u00fcfung nicht standhalten (siehe Urteil vom 19. Mai 2023 in den Niederlanden), weil die Erhaltungsziele f\u00fcr europ\u00e4ische Naturschutzgebiete so niemals erreicht werden k\u00f6nnen.<br \/>Wird ein genehmigungsfreier Schwellenwert angewandt, wie es derzeit in Deutschland der Fall ist, k\u00f6nnen bei vielen Projekten die Stickstoffemissionen bis zur Deposition dieses Schwellenwertes erh\u00f6ht werden. Kumulativ kann sich die Belastung der bereits stark belasteten Natur erheblich erh\u00f6hen. Die Verwendung eines Schwellenwerts ist daher nur dann vertretbar, wenn der Staat mit Ma\u00dfnahmen sicherstellen kann, dass trotz der m\u00f6glichen kumulativen Erh\u00f6hung die Deposition in der Natur nicht zunimmt bzw. ausreichend abnimmt, wenn dies f\u00fcr die Lebensr\u00e4ume erforderlich ist. Dies ist in Deutschland derzeit nicht geregelt.<br \/>Wie in den Niederlanden wurde auch in Flandern am 25. Februar 2021 ein Stickstoffurteil verk\u00fcndet, dem mehrere weitere Urteile folgten.<\/p><p>Austrocknung des L\u00fcsekamps<br \/>K\u00fcnftige Grundwasserentnahmen durch die sich dort ansiedelnden Unternehmen werden nicht ber\u00fccksichtigt. Dass der Wasserverbrauch steigen wird, ist angesichts der geplanten Erweiterung der Kl\u00e4ranlage in Overhetfeld sicher. Die Stellungnahmen zur \u00d6ffentlichkeitsbeteiligung 2023 von Gr\u00fcnes Grenzland, MHVS, NMF Limburg aus dem Jahr 2023, in denen plausibel dargelegt wird, dass der Plan zu einer wahrscheinlichen Austrocknung des L\u00fcsekamps f\u00fchren wird, sind von der Gemeinde nicht beantwortet worden.<\/p>\t\t\t\t\t\t\t\t<\/div>\n\t\t\t\t<\/div>\n\t\t\t\t\t<\/div>\n\t\t<\/div>\n\t\t\t\t\t<\/div>\n\t\t<\/section>\n\t\t\t\t<section class=\"elementor-section elementor-top-section elementor-element elementor-element-ee735a9 elementor-section-boxed elementor-section-height-default elementor-section-height-default\" data-id=\"ee735a9\" data-element_type=\"section\" data-e-type=\"section\">\n\t\t\t\t\t\t<div class=\"elementor-container elementor-column-gap-default\">\n\t\t\t\t\t<div class=\"elementor-column elementor-col-100 elementor-top-column elementor-element elementor-element-7a51c16\" data-id=\"7a51c16\" data-element_type=\"column\" data-e-type=\"column\">\n\t\t\t<div class=\"elementor-widget-wrap elementor-element-populated\">\n\t\t\t\t\t\t<div class=\"elementor-element elementor-element-ef6988b elementor-widget-divider--view-line elementor-widget elementor-widget-divider\" data-id=\"ef6988b\" data-element_type=\"widget\" data-e-type=\"widget\" data-widget_type=\"divider.default\">\n\t\t\t\t<div class=\"elementor-widget-container\">\n\t\t\t\t\t\t\t<div class=\"elementor-divider\">\n\t\t\t<span class=\"elementor-divider-separator\">\n\t\t\t\t\t\t<\/span>\n\t\t<\/div>\n\t\t\t\t\t\t<\/div>\n\t\t\t\t<\/div>\n\t\t\t\t\t<\/div>\n\t\t<\/div>\n\t\t\t\t\t<\/div>\n\t\t<\/section>\n\t\t\t\t<section class=\"elementor-section elementor-top-section elementor-element elementor-element-350befd elementor-section-boxed elementor-section-height-default elementor-section-height-default\" data-id=\"350befd\" data-element_type=\"section\" data-e-type=\"section\">\n\t\t\t\t\t\t<div class=\"elementor-container elementor-column-gap-default\">\n\t\t\t\t\t<div class=\"elementor-column elementor-col-100 elementor-top-column elementor-element elementor-element-ca5139e\" data-id=\"ca5139e\" data-element_type=\"column\" data-e-type=\"column\">\n\t\t\t<div class=\"elementor-widget-wrap elementor-element-populated\">\n\t\t\t\t\t\t<div class=\"elementor-element elementor-element-fff26c5 elementor-widget elementor-widget-menu-anchor\" data-id=\"fff26c5\" data-element_type=\"widget\" data-e-type=\"widget\" data-widget_type=\"menu-anchor.default\">\n\t\t\t\t<div class=\"elementor-widget-container\">\n\t\t\t\t\t\t\t<div class=\"elementor-menu-anchor\" id=\"2024-5\"><\/div>\n\t\t\t\t\t\t<\/div>\n\t\t\t\t<\/div>\n\t\t\t\t\t<\/div>\n\t\t<\/div>\n\t\t\t\t\t<\/div>\n\t\t<\/section>\n\t\t\t\t<section class=\"elementor-section elementor-top-section elementor-element elementor-element-dd0d48a elementor-section-boxed elementor-section-height-default elementor-section-height-default\" data-id=\"dd0d48a\" data-element_type=\"section\" data-e-type=\"section\">\n\t\t\t\t\t\t<div class=\"elementor-container elementor-column-gap-default\">\n\t\t\t\t\t<div class=\"elementor-column elementor-col-100 elementor-top-column elementor-element elementor-element-bcb29a1\" data-id=\"bcb29a1\" data-element_type=\"column\" data-e-type=\"column\">\n\t\t\t<div class=\"elementor-widget-wrap elementor-element-populated\">\n\t\t\t\t\t\t<div class=\"elementor-element elementor-element-689b0e1 elementor-widget elementor-widget-text-editor\" data-id=\"689b0e1\" data-element_type=\"widget\" data-e-type=\"widget\" data-widget_type=\"text-editor.default\">\n\t\t\t\t<div class=\"elementor-widget-container\">\n\t\t\t\t\t\t\t\t\t<p><strong>Das \"Nein Danke\" war auch beim bundesweiten Klimastreik in Viersen zu sehen<\/strong><\/p>\t\t\t\t\t\t\t\t<\/div>\n\t\t\t\t<\/div>\n\t\t\t\t\t<\/div>\n\t\t<\/div>\n\t\t\t\t\t<\/div>\n\t\t<\/section>\n\t\t\t\t<section class=\"elementor-section elementor-top-section elementor-element elementor-element-9d360e2 elementor-section-boxed elementor-section-height-default elementor-section-height-default\" data-id=\"9d360e2\" data-element_type=\"section\" data-e-type=\"section\">\n\t\t\t\t\t\t<div class=\"elementor-container elementor-column-gap-default\">\n\t\t\t\t\t<div class=\"elementor-column elementor-col-33 elementor-top-column elementor-element elementor-element-10fe7e4\" data-id=\"10fe7e4\" data-element_type=\"column\" data-e-type=\"column\">\n\t\t\t<div class=\"elementor-widget-wrap elementor-element-populated\">\n\t\t\t\t\t\t<div class=\"elementor-element elementor-element-137a90a elementor-widget elementor-widget-image\" data-id=\"137a90a\" data-element_type=\"widget\" data-e-type=\"widget\" data-widget_type=\"image.default\">\n\t\t\t\t<div class=\"elementor-widget-container\">\n\t\t\t\t\t\t\t\t\t\t\t\t\t\t\t<img loading=\"lazy\" decoding=\"async\" width=\"1024\" height=\"768\" src=\"https:\/\/www.gruenes-grenzland.net\/wp-content\/uploads\/2024\/03\/Demo-Viersen-Klimastreik-1-maart-2024-2-1024x768.jpg\" class=\"attachment-large size-large wp-image-16307\" alt=\"\" srcset=\"https:\/\/www.gruenes-grenzland.net\/wp-content\/uploads\/2024\/03\/Demo-Viersen-Klimastreik-1-maart-2024-2-1024x768.jpg 1024w, https:\/\/www.gruenes-grenzland.net\/wp-content\/uploads\/2024\/03\/Demo-Viersen-Klimastreik-1-maart-2024-2-300x225.jpg 300w, https:\/\/www.gruenes-grenzland.net\/wp-content\/uploads\/2024\/03\/Demo-Viersen-Klimastreik-1-maart-2024-2-768x576.jpg 768w, https:\/\/www.gruenes-grenzland.net\/wp-content\/uploads\/2024\/03\/Demo-Viersen-Klimastreik-1-maart-2024-2-1536x1152.jpg 1536w, https:\/\/www.gruenes-grenzland.net\/wp-content\/uploads\/2024\/03\/Demo-Viersen-Klimastreik-1-maart-2024-2-2048x1536.jpg 2048w, https:\/\/www.gruenes-grenzland.net\/wp-content\/uploads\/2024\/03\/Demo-Viersen-Klimastreik-1-maart-2024-2-16x12.jpg 16w\" sizes=\"(max-width: 1024px) 100vw, 1024px\" \/>\t\t\t\t\t\t\t\t\t\t\t\t\t\t\t<\/div>\n\t\t\t\t<\/div>\n\t\t\t\t\t<\/div>\n\t\t<\/div>\n\t\t\t\t<div class=\"elementor-column elementor-col-33 elementor-top-column elementor-element elementor-element-a283dcf\" data-id=\"a283dcf\" data-element_type=\"column\" data-e-type=\"column\">\n\t\t\t<div class=\"elementor-widget-wrap elementor-element-populated\">\n\t\t\t\t\t\t<div class=\"elementor-element elementor-element-664f3a8 elementor-widget elementor-widget-text-editor\" data-id=\"664f3a8\" data-element_type=\"widget\" data-e-type=\"widget\" data-widget_type=\"text-editor.default\">\n\t\t\t\t<div class=\"elementor-widget-container\">\n\t\t\t\t\t\t\t\t\t<p>Die Unzufriedenheit mit den geplanten Megalights in Elmpt wurde auch beim nationalen Klimastreik in Viersen zum Ausdruck gebracht. Hier trafen wir den B\u00fcrgermeister von Viersen, der uns einige Tipps gab, wie wir unseren Unmut kundtun k\u00f6nnen. Davon werden wir dankbar Gebrauch machen.<\/p>\t\t\t\t\t\t\t\t<\/div>\n\t\t\t\t<\/div>\n\t\t\t\t\t<\/div>\n\t\t<\/div>\n\t\t\t\t<div class=\"elementor-column elementor-col-33 elementor-top-column elementor-element elementor-element-d1e4e33\" data-id=\"d1e4e33\" data-element_type=\"column\" data-e-type=\"column\">\n\t\t\t<div class=\"elementor-widget-wrap elementor-element-populated\">\n\t\t\t\t\t\t<div class=\"elementor-element elementor-element-b1dddf9 elementor-widget elementor-widget-image\" data-id=\"b1dddf9\" data-element_type=\"widget\" data-e-type=\"widget\" data-widget_type=\"image.default\">\n\t\t\t\t<div class=\"elementor-widget-container\">\n\t\t\t\t\t\t\t\t\t\t\t\t\t\t\t<img loading=\"lazy\" decoding=\"async\" width=\"272\" height=\"300\" src=\"https:\/\/www.gruenes-grenzland.net\/wp-content\/uploads\/2024\/03\/Demo-Viersen-Klimastreik-1-maart-2024-3-272x300.jpg\" class=\"attachment-medium size-medium wp-image-16314\" alt=\"\" srcset=\"https:\/\/www.gruenes-grenzland.net\/wp-content\/uploads\/2024\/03\/Demo-Viersen-Klimastreik-1-maart-2024-3-272x300.jpg 272w, https:\/\/www.gruenes-grenzland.net\/wp-content\/uploads\/2024\/03\/Demo-Viersen-Klimastreik-1-maart-2024-3-929x1024.jpg 929w, https:\/\/www.gruenes-grenzland.net\/wp-content\/uploads\/2024\/03\/Demo-Viersen-Klimastreik-1-maart-2024-3-768x846.jpg 768w, https:\/\/www.gruenes-grenzland.net\/wp-content\/uploads\/2024\/03\/Demo-Viersen-Klimastreik-1-maart-2024-3-1394x1536.jpg 1394w, https:\/\/www.gruenes-grenzland.net\/wp-content\/uploads\/2024\/03\/Demo-Viersen-Klimastreik-1-maart-2024-3-1858x2048.jpg 1858w, https:\/\/www.gruenes-grenzland.net\/wp-content\/uploads\/2024\/03\/Demo-Viersen-Klimastreik-1-maart-2024-3-11x12.jpg 11w\" sizes=\"(max-width: 272px) 100vw, 272px\" \/>\t\t\t\t\t\t\t\t\t\t\t\t\t\t\t<\/div>\n\t\t\t\t<\/div>\n\t\t\t\t\t<\/div>\n\t\t<\/div>\n\t\t\t\t\t<\/div>\n\t\t<\/section>\n\t\t\t\t<section class=\"elementor-section elementor-top-section elementor-element elementor-element-b8c3f13 elementor-section-boxed elementor-section-height-default elementor-section-height-default\" data-id=\"b8c3f13\" data-element_type=\"section\" data-e-type=\"section\">\n\t\t\t\t\t\t<div class=\"elementor-container elementor-column-gap-default\">\n\t\t\t\t\t<div class=\"elementor-column elementor-col-100 elementor-top-column elementor-element elementor-element-653ae45\" data-id=\"653ae45\" data-element_type=\"column\" data-e-type=\"column\">\n\t\t\t<div class=\"elementor-widget-wrap elementor-element-populated\">\n\t\t\t\t\t\t<div class=\"elementor-element elementor-element-94ba73b elementor-widget-divider--view-line elementor-widget elementor-widget-divider\" data-id=\"94ba73b\" data-element_type=\"widget\" data-e-type=\"widget\" data-widget_type=\"divider.default\">\n\t\t\t\t<div class=\"elementor-widget-container\">\n\t\t\t\t\t\t\t<div class=\"elementor-divider\">\n\t\t\t<span class=\"elementor-divider-separator\">\n\t\t\t\t\t\t<\/span>\n\t\t<\/div>\n\t\t\t\t\t\t<\/div>\n\t\t\t\t<\/div>\n\t\t\t\t\t<\/div>\n\t\t<\/div>\n\t\t\t\t\t<\/div>\n\t\t<\/section>\n\t\t\t\t<section class=\"elementor-section elementor-top-section elementor-element elementor-element-259c53b elementor-section-boxed elementor-section-height-default elementor-section-height-default\" data-id=\"259c53b\" data-element_type=\"section\" data-e-type=\"section\">\n\t\t\t\t\t\t<div class=\"elementor-container elementor-column-gap-default\">\n\t\t\t\t\t<div class=\"elementor-column elementor-col-100 elementor-top-column elementor-element elementor-element-1a19a5c\" data-id=\"1a19a5c\" data-element_type=\"column\" data-e-type=\"column\">\n\t\t\t<div class=\"elementor-widget-wrap elementor-element-populated\">\n\t\t\t\t\t\t<div class=\"elementor-element elementor-element-bf37a93 elementor-widget elementor-widget-menu-anchor\" data-id=\"bf37a93\" data-element_type=\"widget\" data-e-type=\"widget\" data-widget_type=\"menu-anchor.default\">\n\t\t\t\t<div class=\"elementor-widget-container\">\n\t\t\t\t\t\t\t<div class=\"elementor-menu-anchor\" id=\"2024-4\"><\/div>\n\t\t\t\t\t\t<\/div>\n\t\t\t\t<\/div>\n\t\t\t\t\t<\/div>\n\t\t<\/div>\n\t\t\t\t\t<\/div>\n\t\t<\/section>\n\t\t\t\t<section class=\"elementor-section elementor-top-section elementor-element elementor-element-f009df0 elementor-section-boxed elementor-section-height-default elementor-section-height-default\" data-id=\"f009df0\" data-element_type=\"section\" data-e-type=\"section\">\n\t\t\t\t\t\t<div class=\"elementor-container elementor-column-gap-default\">\n\t\t\t\t\t<div class=\"elementor-column elementor-col-100 elementor-top-column elementor-element elementor-element-c5139b7\" data-id=\"c5139b7\" data-element_type=\"column\" data-e-type=\"column\">\n\t\t\t<div class=\"elementor-widget-wrap elementor-element-populated\">\n\t\t\t\t\t\t<div class=\"elementor-element elementor-element-c064600 elementor-widget elementor-widget-heading\" data-id=\"c064600\" data-element_type=\"widget\" data-e-type=\"widget\" data-widget_type=\"heading.default\">\n\t\t\t\t<div class=\"elementor-widget-container\">\n\t\t\t\t\t<h5 class=\"elementor-heading-title elementor-size-default\">Gemeinde Roerdalen will grenz\u00fcberschreitende Umweltvertr\u00e4glichkeitspr\u00fcfung f\u00fcr geplante Windkraftanlagen in der N\u00e4he des Nationalparks de Meinweg<\/h5>\t\t\t\t<\/div>\n\t\t\t\t<\/div>\n\t\t\t\t\t<\/div>\n\t\t<\/div>\n\t\t\t\t\t<\/div>\n\t\t<\/section>\n\t\t\t\t<section class=\"elementor-section elementor-top-section elementor-element elementor-element-609a380 elementor-section-boxed elementor-section-height-default elementor-section-height-default\" data-id=\"609a380\" data-element_type=\"section\" data-e-type=\"section\">\n\t\t\t\t\t\t<div class=\"elementor-container elementor-column-gap-default\">\n\t\t\t\t\t<div class=\"elementor-column elementor-col-50 elementor-top-column elementor-element elementor-element-b4c5f69\" data-id=\"b4c5f69\" data-element_type=\"column\" data-e-type=\"column\">\n\t\t\t<div class=\"elementor-widget-wrap elementor-element-populated\">\n\t\t\t\t\t\t<div class=\"elementor-element elementor-element-a06be05 elementor-widget elementor-widget-text-editor\" data-id=\"a06be05\" data-element_type=\"widget\" data-e-type=\"widget\" data-widget_type=\"text-editor.default\">\n\t\t\t\t<div class=\"elementor-widget-container\">\n\t\t\t\t\t\t\t\t\t<p>Die Gemeinde Roerdalen fordert den Kreis Viersen und die Gemeinde Niederkr\u00fcchten auf, eine grenz\u00fcberschreitende Umweltvertr\u00e4glichkeitspr\u00fcfung nach \u00a7 54 Abs. 2 UVPG f\u00fcr die Windenergieanlagen am Damm und f\u00fcr die Windenergieanlagen auf dem ehemaligen Flugplatz Elmpt durchzuf\u00fchren.<\/p><p>Nach Angaben der Gemeinde Roerdalen ist das Dam-Projekt, das aus zwei Windturbinen besteht, Teil eines gro\u00dfen Windparks, der in mehreren Phasen realisiert wurde oder wird. Aufgrund seines r\u00e4umlichen Zusammenhalts sollte es daher auch als Windpark betrachtet und als solcher bewertet werden.\u00a0<br \/>Weitere Informationen finden Sie <a href=\"https:\/\/www.gruenes-grenzland.net\/wp-content\/uploads\/2024\/02\/Brief-gemeente-Roerdalen-aan-gemeente-Niederkruechten-i.v.m.-windpark-in-Niederkruechten-Dam-d.d.-30-01-2023.pdf\">hier<\/a>.<\/p>\t\t\t\t\t\t\t\t<\/div>\n\t\t\t\t<\/div>\n\t\t\t\t\t<\/div>\n\t\t<\/div>\n\t\t\t\t<div class=\"elementor-column elementor-col-50 elementor-top-column elementor-element elementor-element-e575468\" data-id=\"e575468\" data-element_type=\"column\" data-e-type=\"column\">\n\t\t\t<div class=\"elementor-widget-wrap elementor-element-populated\">\n\t\t\t\t\t\t<div class=\"elementor-element elementor-element-96c452a elementor-widget elementor-widget-video\" data-id=\"96c452a\" data-element_type=\"widget\" data-e-type=\"widget\" data-settings=\"{&quot;youtube_url&quot;:&quot;https:\\\/\\\/youtu.be\\\/Ba1a-c7OUJg&quot;,&quot;autoplay&quot;:&quot;yes&quot;,&quot;video_type&quot;:&quot;youtube&quot;,&quot;controls&quot;:&quot;yes&quot;}\" data-widget_type=\"video.default\">\n\t\t\t\t<div class=\"elementor-widget-container\">\n\t\t\t\t\t\t\t<div class=\"elementor-wrapper elementor-open-inline\">\n\t\t\t<div class=\"elementor-video\"><\/div>\t\t<\/div>\n\t\t\t\t\t\t<\/div>\n\t\t\t\t<\/div>\n\t\t\t\t\t<\/div>\n\t\t<\/div>\n\t\t\t\t\t<\/div>\n\t\t<\/section>\n\t\t\t\t<section class=\"elementor-section elementor-top-section elementor-element elementor-element-42c1b2f elementor-section-boxed elementor-section-height-default elementor-section-height-default\" data-id=\"42c1b2f\" data-element_type=\"section\" data-e-type=\"section\">\n\t\t\t\t\t\t<div class=\"elementor-container elementor-column-gap-default\">\n\t\t\t\t\t<div class=\"elementor-column elementor-col-100 elementor-top-column elementor-element elementor-element-0e8aed8\" data-id=\"0e8aed8\" data-element_type=\"column\" data-e-type=\"column\">\n\t\t\t<div class=\"elementor-widget-wrap elementor-element-populated\">\n\t\t\t\t\t\t<div class=\"elementor-element elementor-element-bba564f elementor-widget-divider--view-line elementor-widget elementor-widget-divider\" data-id=\"bba564f\" data-element_type=\"widget\" data-e-type=\"widget\" data-widget_type=\"divider.default\">\n\t\t\t\t<div class=\"elementor-widget-container\">\n\t\t\t\t\t\t\t<div class=\"elementor-divider\">\n\t\t\t<span class=\"elementor-divider-separator\">\n\t\t\t\t\t\t<\/span>\n\t\t<\/div>\n\t\t\t\t\t\t<\/div>\n\t\t\t\t<\/div>\n\t\t\t\t\t<\/div>\n\t\t<\/div>\n\t\t\t\t\t<\/div>\n\t\t<\/section>\n\t\t\t\t<section class=\"elementor-section elementor-top-section elementor-element elementor-element-aae4081 elementor-section-boxed elementor-section-height-default elementor-section-height-default\" data-id=\"aae4081\" data-element_type=\"section\" data-e-type=\"section\">\n\t\t\t\t\t\t<div class=\"elementor-container elementor-column-gap-default\">\n\t\t\t\t\t<div class=\"elementor-column elementor-col-100 elementor-top-column elementor-element elementor-element-dfe8cba\" data-id=\"dfe8cba\" data-element_type=\"column\" data-e-type=\"column\">\n\t\t\t<div class=\"elementor-widget-wrap elementor-element-populated\">\n\t\t\t\t\t\t<div class=\"elementor-element elementor-element-ea1baf6 elementor-widget elementor-widget-menu-anchor\" data-id=\"ea1baf6\" data-element_type=\"widget\" data-e-type=\"widget\" data-widget_type=\"menu-anchor.default\">\n\t\t\t\t<div class=\"elementor-widget-container\">\n\t\t\t\t\t\t\t<div class=\"elementor-menu-anchor\" id=\"2024-3\"><\/div>\n\t\t\t\t\t\t<\/div>\n\t\t\t\t<\/div>\n\t\t\t\t\t<\/div>\n\t\t<\/div>\n\t\t\t\t\t<\/div>\n\t\t<\/section>\n\t\t\t\t<section class=\"elementor-section elementor-top-section elementor-element elementor-element-ea9814d elementor-section-boxed elementor-section-height-default elementor-section-height-default\" data-id=\"ea9814d\" data-element_type=\"section\" data-e-type=\"section\">\n\t\t\t\t\t\t<div class=\"elementor-container elementor-column-gap-default\">\n\t\t\t\t\t<div class=\"elementor-column elementor-col-100 elementor-top-column elementor-element elementor-element-1969285\" data-id=\"1969285\" data-element_type=\"column\" data-e-type=\"column\">\n\t\t\t<div class=\"elementor-widget-wrap elementor-element-populated\">\n\t\t\t\t\t\t<div class=\"elementor-element elementor-element-cece047 elementor-widget elementor-widget-heading\" data-id=\"cece047\" data-element_type=\"widget\" data-e-type=\"widget\" data-widget_type=\"heading.default\">\n\t\t\t\t<div class=\"elementor-widget-container\">\n\t\t\t\t\t<h5 class=\"elementor-heading-title elementor-size-default\">Abschlussbericht der internationalen Untersuchung: \"Kaum ein Limburger wird im Gewerbegebiet Elmpt arbeiten\".<\/h5>\t\t\t\t<\/div>\n\t\t\t\t<\/div>\n\t\t\t\t\t<\/div>\n\t\t<\/div>\n\t\t\t\t\t<\/div>\n\t\t<\/section>\n\t\t\t\t<section class=\"elementor-section elementor-top-section elementor-element elementor-element-c28164a elementor-section-boxed elementor-section-height-default elementor-section-height-default\" data-id=\"c28164a\" data-element_type=\"section\" data-e-type=\"section\">\n\t\t\t\t\t\t<div class=\"elementor-container elementor-column-gap-default\">\n\t\t\t\t\t<div class=\"elementor-column elementor-col-50 elementor-top-column elementor-element elementor-element-2c787b6\" data-id=\"2c787b6\" data-element_type=\"column\" data-e-type=\"column\">\n\t\t\t<div class=\"elementor-widget-wrap elementor-element-populated\">\n\t\t\t\t\t\t<div class=\"elementor-element elementor-element-e3291c2 elementor-widget elementor-widget-image\" data-id=\"e3291c2\" data-element_type=\"widget\" data-e-type=\"widget\" data-widget_type=\"image.default\">\n\t\t\t\t<div class=\"elementor-widget-container\">\n\t\t\t\t\t\t\t\t\t\t\t\t\t\t\t<img loading=\"lazy\" decoding=\"async\" width=\"661\" height=\"427\" src=\"https:\/\/www.gruenes-grenzland.net\/wp-content\/uploads\/2024\/02\/Kaft-Rapport-Agiplan-Industrie-werkgelegenheid-en-verkeer-januari-2024.jpg\" class=\"attachment-large size-large wp-image-16119\" alt=\"\" srcset=\"https:\/\/www.gruenes-grenzland.net\/wp-content\/uploads\/2024\/02\/Kaft-Rapport-Agiplan-Industrie-werkgelegenheid-en-verkeer-januari-2024.jpg 661w, https:\/\/www.gruenes-grenzland.net\/wp-content\/uploads\/2024\/02\/Kaft-Rapport-Agiplan-Industrie-werkgelegenheid-en-verkeer-januari-2024-300x194.jpg 300w, https:\/\/www.gruenes-grenzland.net\/wp-content\/uploads\/2024\/02\/Kaft-Rapport-Agiplan-Industrie-werkgelegenheid-en-verkeer-januari-2024-18x12.jpg 18w\" sizes=\"(max-width: 661px) 100vw, 661px\" \/>\t\t\t\t\t\t\t\t\t\t\t\t\t\t\t<\/div>\n\t\t\t\t<\/div>\n\t\t\t\t\t<\/div>\n\t\t<\/div>\n\t\t\t\t<div class=\"elementor-column elementor-col-50 elementor-top-column elementor-element elementor-element-39ba897\" data-id=\"39ba897\" data-element_type=\"column\" data-e-type=\"column\">\n\t\t\t<div class=\"elementor-widget-wrap elementor-element-populated\">\n\t\t\t\t\t\t<div class=\"elementor-element elementor-element-fa11b70 elementor-widget elementor-widget-text-editor\" data-id=\"fa11b70\" data-element_type=\"widget\" data-e-type=\"widget\" data-widget_type=\"text-editor.default\">\n\t\t\t\t<div class=\"elementor-widget-container\">\n\t\t\t\t\t\t\t\t\t<p class=\" translation-block\">Die seit langem erwartete grenz\u00fcberschreitende Studie hat endlich das Licht der Welt erblickt. Der Bericht mit dem Titel \"Auswirkungen und Folgen der Entwicklung des Energie- und Gewerbeparks Elmpt f\u00fcr die umliegenden niederl\u00e4ndischen und deutschen Gemeinden\" wurde von der Gemeinde Niederkr\u00fcchten zusammen mit den benachbarten deutschen und niederl\u00e4ndischen Gemeinden Br\u00fcggen, Schwalmtal, Wegberg, Beesel, Roermond und Roerdalen sowie dem Kreis Viersen erstellt.\n\nDen Bericht \u00fcber \"Gewerbegebiet, Arbeitskr\u00e4fte, Verkehr und Mobilit\u00e4t\" finden Sie\n\n<a href=\"https:\/\/www.niederkruechten.de\/rathaus-buergerservice\/presse-bekanntmachungen\/untersuchungen-zu-den-auswirkungen-des-energie-und\">Hier<\/a><\/p>\t\t\t\t\t\t\t\t<\/div>\n\t\t\t\t<\/div>\n\t\t\t\t\t<\/div>\n\t\t<\/div>\n\t\t\t\t\t<\/div>\n\t\t<\/section>\n\t\t\t\t<section class=\"elementor-section elementor-top-section elementor-element elementor-element-a80e1ae elementor-section-boxed elementor-section-height-default elementor-section-height-default\" data-id=\"a80e1ae\" data-element_type=\"section\" data-e-type=\"section\">\n\t\t\t\t\t\t<div class=\"elementor-container elementor-column-gap-default\">\n\t\t\t\t\t<div class=\"elementor-column elementor-col-100 elementor-top-column elementor-element elementor-element-19cb0dc\" data-id=\"19cb0dc\" data-element_type=\"column\" data-e-type=\"column\">\n\t\t\t<div class=\"elementor-widget-wrap elementor-element-populated\">\n\t\t\t\t\t\t<div class=\"elementor-element elementor-element-fe98269 elementor-widget elementor-widget-text-editor\" data-id=\"fe98269\" data-element_type=\"widget\" data-e-type=\"widget\" data-widget_type=\"text-editor.default\">\n\t\t\t\t<div class=\"elementor-widget-container\">\n\t\t\t\t\t\t\t\t\t<p>Was uns aufgefallen ist<\/p><p class=\" translation-block\">Umwelt und Gr\u00fcnfl\u00e4chen<br>Obwohl Umwelt und Gr\u00fcnfl\u00e4chen kurz angesprochen werden, fehlt es an konkreten Ma\u00dfnahmen zum Schutz der bestehenden biologischen Vielfalt. Das Fehlen von Artenschutz und spezifischen Aktionspunkten ist entt\u00e4uschend.<\/p><p class=\" translation-block\">Mobilit\u00e4t<br>Auch die Mobilit\u00e4tspl\u00e4ne lassen viel zu w\u00fcnschen \u00fcbrig. Zwar wird immer wieder von Multimodularit\u00e4t gesprochen, doch in der Praxis scheint dieser Ansatz nicht umgesetzt zu werden. Der Vorschlag, eine Bahnstrecke \u00fcber Dahlheim zu bauen, st\u00f6\u00dft auf praktische Hindernisse und scheint wirtschaftlich nicht tragf\u00e4hig zu sein. Au\u00dferdem ist die r\u00e4umliche Perspektive, die Niederkr\u00fcchten zwischen den H\u00e4fen von Antwerpen und Duisburg ansiedelt, geradezu naiv.<\/p><p>Das Mobilit\u00e4tskonzept dreht sich um die vier V's: Vermeiden, Vertr\u00e4glich gestalten, Vernetzen und Verlagern. W\u00e4hrend diese Prinzipien theoretisch aufgegriffen werden, fehlt es an der konkreten Umsetzung im Planungsprozess und in der t\u00e4glichen Praxis. Nimmt man sie jedoch ernst, w\u00fcrde das Industriegebiet in die N\u00e4he eines Bahnhofs, eines Hafens und einer Stadt mit ausreichend Arbeitspl\u00e4tzen verlagert werden. Das w\u00fcrde mindestens drei Viertel des Verkehrs vermeiden und die Natur weniger sch\u00e4digen.<\/p>\t\t\t\t\t\t\t\t<\/div>\n\t\t\t\t<\/div>\n\t\t\t\t\t<\/div>\n\t\t<\/div>\n\t\t\t\t\t<\/div>\n\t\t<\/section>\n\t\t\t\t<section class=\"elementor-section elementor-top-section elementor-element elementor-element-85b1c2a elementor-section-boxed elementor-section-height-default elementor-section-height-default\" data-id=\"85b1c2a\" data-element_type=\"section\" data-e-type=\"section\">\n\t\t\t\t\t\t<div class=\"elementor-container elementor-column-gap-default\">\n\t\t\t\t\t<div class=\"elementor-column elementor-col-50 elementor-top-column elementor-element elementor-element-25eca34\" data-id=\"25eca34\" data-element_type=\"column\" data-e-type=\"column\">\n\t\t\t<div class=\"elementor-widget-wrap elementor-element-populated\">\n\t\t\t\t\t\t<div class=\"elementor-element elementor-element-18fe0f8 elementor-widget elementor-widget-image\" data-id=\"18fe0f8\" data-element_type=\"widget\" data-e-type=\"widget\" data-widget_type=\"image.default\">\n\t\t\t\t<div class=\"elementor-widget-container\">\n\t\t\t\t\t\t\t\t\t\t\t\t\t\t\t<img loading=\"lazy\" decoding=\"async\" width=\"513\" height=\"1024\" src=\"https:\/\/www.gruenes-grenzland.net\/wp-content\/uploads\/2024\/02\/DL-15-02-2024-513x1024.jpg\" class=\"attachment-large size-large wp-image-16114\" alt=\"\" srcset=\"https:\/\/www.gruenes-grenzland.net\/wp-content\/uploads\/2024\/02\/DL-15-02-2024-513x1024.jpg 513w, https:\/\/www.gruenes-grenzland.net\/wp-content\/uploads\/2024\/02\/DL-15-02-2024-150x300.jpg 150w, https:\/\/www.gruenes-grenzland.net\/wp-content\/uploads\/2024\/02\/DL-15-02-2024-768x1532.jpg 768w, https:\/\/www.gruenes-grenzland.net\/wp-content\/uploads\/2024\/02\/DL-15-02-2024-770x1536.jpg 770w, https:\/\/www.gruenes-grenzland.net\/wp-content\/uploads\/2024\/02\/DL-15-02-2024-1026x2048.jpg 1026w, https:\/\/www.gruenes-grenzland.net\/wp-content\/uploads\/2024\/02\/DL-15-02-2024-6x12.jpg 6w, https:\/\/www.gruenes-grenzland.net\/wp-content\/uploads\/2024\/02\/DL-15-02-2024.jpg 1250w\" sizes=\"(max-width: 513px) 100vw, 513px\" \/>\t\t\t\t\t\t\t\t\t\t\t\t\t\t\t<\/div>\n\t\t\t\t<\/div>\n\t\t\t\t\t<\/div>\n\t\t<\/div>\n\t\t\t\t<div class=\"elementor-column elementor-col-50 elementor-top-column elementor-element elementor-element-da45bca\" data-id=\"da45bca\" data-element_type=\"column\" data-e-type=\"column\">\n\t\t\t<div class=\"elementor-widget-wrap elementor-element-populated\">\n\t\t\t\t\t\t<div class=\"elementor-element elementor-element-65a2458 elementor-widget elementor-widget-text-editor\" data-id=\"65a2458\" data-element_type=\"widget\" data-e-type=\"widget\" data-widget_type=\"text-editor.default\">\n\t\t\t\t<div class=\"elementor-widget-container\">\n\t\t\t\t\t\t\t\t\t<p class=\" translation-block\">Arbeitsmarkt<br> Der gr\u00f6\u00dfte Engpass besteht auf dem Arbeitsmarkt. Es gibt jedoch keinen konkreten Aktionsplan zur L\u00f6sung dieses Problems. Der zunehmende Mangel an qualifizierten Arbeitskr\u00e4ften, der zum Teil auf die \u00dcberalterung der Bev\u00f6lkerung zur\u00fcckzuf\u00fchren ist, bleibt unbeantwortet. Die Sorge um den Wettbewerb in der Region und die Angst vor dem Scheitern von Projekten bleibt unbeantwortet. Au\u00dferdem wird kaum ein Limburger in dem Gewerbegebiet arbeiten.<\/p><p class=\" translation-block\">Aufsicht<br>Die Aufsichtsverantwortung von Verdion \u00fcber das gesamte Projekt und dessen Nutzung, einschlie\u00dflich der Ausgleichsfl\u00e4chen, erscheint unrealistisch. Es stellt sich die Frage, wer f\u00fcr die Einhaltung dieser Vereinbarungen verantwortlich ist, insbesondere im Hinblick auf die Erf\u00fcllung der Vereinbarungen zur Realisierung der (Natur-)Ausgleichsfl\u00e4chen<\/p><p class=\" translation-block\">Schlussfolgerung<br> Alles in allem bietet der Plan keine konkreten L\u00f6sungen f\u00fcr die festgestellten Probleme. Die Feststellung, da\u00df es keine Alternative zu dem vorgeschlagenen Standort gibt, erscheint verfr\u00fcht und verhindert die Ber\u00fccksichtigung anderer potentieller Standorte.<\/p>\t\t\t\t\t\t\t\t<\/div>\n\t\t\t\t<\/div>\n\t\t\t\t\t<\/div>\n\t\t<\/div>\n\t\t\t\t\t<\/div>\n\t\t<\/section>\n\t\t\t\t<section class=\"elementor-section elementor-top-section elementor-element elementor-element-e3adc7c elementor-section-boxed elementor-section-height-default elementor-section-height-default\" data-id=\"e3adc7c\" data-element_type=\"section\" data-e-type=\"section\">\n\t\t\t\t\t\t<div class=\"elementor-container elementor-column-gap-default\">\n\t\t\t\t\t<div class=\"elementor-column elementor-col-100 elementor-top-column elementor-element elementor-element-63dc40d\" data-id=\"63dc40d\" data-element_type=\"column\" data-e-type=\"column\">\n\t\t\t<div class=\"elementor-widget-wrap elementor-element-populated\">\n\t\t\t\t\t\t<div class=\"elementor-element elementor-element-addb0a5 elementor-widget-divider--view-line elementor-widget elementor-widget-divider\" data-id=\"addb0a5\" data-element_type=\"widget\" data-e-type=\"widget\" data-widget_type=\"divider.default\">\n\t\t\t\t<div class=\"elementor-widget-container\">\n\t\t\t\t\t\t\t<div class=\"elementor-divider\">\n\t\t\t<span class=\"elementor-divider-separator\">\n\t\t\t\t\t\t<\/span>\n\t\t<\/div>\n\t\t\t\t\t\t<\/div>\n\t\t\t\t<\/div>\n\t\t\t\t\t<\/div>\n\t\t<\/div>\n\t\t\t\t\t<\/div>\n\t\t<\/section>\n\t\t\t\t<section class=\"elementor-section elementor-top-section elementor-element elementor-element-3e527e4 elementor-section-boxed elementor-section-height-default elementor-section-height-default\" data-id=\"3e527e4\" data-element_type=\"section\" data-e-type=\"section\" data-settings=\"{&quot;background_background&quot;:&quot;classic&quot;}\">\n\t\t\t\t\t\t<div class=\"elementor-container elementor-column-gap-default\">\n\t\t\t\t\t<div class=\"elementor-column elementor-col-100 elementor-top-column elementor-element elementor-element-a526ad4\" data-id=\"a526ad4\" data-element_type=\"column\" data-e-type=\"column\">\n\t\t\t<div class=\"elementor-widget-wrap elementor-element-populated\">\n\t\t\t\t\t\t<div class=\"elementor-element elementor-element-6c9889d elementor-widget elementor-widget-menu-anchor\" data-id=\"6c9889d\" data-element_type=\"widget\" data-e-type=\"widget\" data-widget_type=\"menu-anchor.default\">\n\t\t\t\t<div class=\"elementor-widget-container\">\n\t\t\t\t\t\t\t<div class=\"elementor-menu-anchor\" id=\"2024-2\"><\/div>\n\t\t\t\t\t\t<\/div>\n\t\t\t\t<\/div>\n\t\t\t\t\t<\/div>\n\t\t<\/div>\n\t\t\t\t\t<\/div>\n\t\t<\/section>\n\t\t\t\t<section class=\"elementor-section elementor-top-section elementor-element elementor-element-2ee6e5e elementor-section-boxed elementor-section-height-default elementor-section-height-default\" data-id=\"2ee6e5e\" data-element_type=\"section\" data-e-type=\"section\" data-settings=\"{&quot;background_background&quot;:&quot;classic&quot;}\">\n\t\t\t\t\t\t<div class=\"elementor-container elementor-column-gap-default\">\n\t\t\t\t\t<div class=\"elementor-column elementor-col-100 elementor-top-column elementor-element elementor-element-65cb8c9\" data-id=\"65cb8c9\" data-element_type=\"column\" data-e-type=\"column\">\n\t\t\t<div class=\"elementor-widget-wrap elementor-element-populated\">\n\t\t\t\t\t\t<div class=\"elementor-element elementor-element-d1cd4cc elementor-widget elementor-widget-text-editor\" data-id=\"d1cd4cc\" data-element_type=\"widget\" data-e-type=\"widget\" data-widget_type=\"text-editor.default\">\n\t\t\t\t<div class=\"elementor-widget-container\">\n\t\t\t\t\t\t\t\t\t<p><strong>Die vergessenen V\u00f6gel im Vogelschutzgebiet Elmpt<\/strong><\/p>\t\t\t\t\t\t\t\t<\/div>\n\t\t\t\t<\/div>\n\t\t\t\t\t<\/div>\n\t\t<\/div>\n\t\t\t\t\t<\/div>\n\t\t<\/section>\n\t\t\t\t<section class=\"elementor-section elementor-top-section elementor-element elementor-element-241125b elementor-section-boxed elementor-section-height-default elementor-section-height-default\" data-id=\"241125b\" data-element_type=\"section\" data-e-type=\"section\" data-settings=\"{&quot;background_background&quot;:&quot;classic&quot;}\">\n\t\t\t\t\t\t<div class=\"elementor-container elementor-column-gap-default\">\n\t\t\t\t\t<div class=\"elementor-column elementor-col-33 elementor-top-column elementor-element elementor-element-223261b\" data-id=\"223261b\" data-element_type=\"column\" data-e-type=\"column\" data-settings=\"{&quot;background_background&quot;:&quot;classic&quot;}\">\n\t\t\t<div class=\"elementor-widget-wrap elementor-element-populated\">\n\t\t\t\t\t\t<div class=\"elementor-element elementor-element-6077056 elementor-widget elementor-widget-image\" data-id=\"6077056\" data-element_type=\"widget\" data-e-type=\"widget\" data-widget_type=\"image.default\">\n\t\t\t\t<div class=\"elementor-widget-container\">\n\t\t\t\t\t\t\t\t\t\t\t\t<figure class=\"wp-caption\">\n\t\t\t\t\t\t\t\t\t\t<img loading=\"lazy\" decoding=\"async\" width=\"768\" height=\"678\" src=\"https:\/\/www.gruenes-grenzland.net\/wp-content\/uploads\/2023\/11\/Boomleeuwerik3-1-3-2022-768x678.jpg\" class=\"attachment-medium_large size-medium_large wp-image-14756\" alt=\"\" srcset=\"https:\/\/www.gruenes-grenzland.net\/wp-content\/uploads\/2023\/11\/Boomleeuwerik3-1-3-2022-768x678.jpg 768w, https:\/\/www.gruenes-grenzland.net\/wp-content\/uploads\/2023\/11\/Boomleeuwerik3-1-3-2022-300x265.jpg 300w, https:\/\/www.gruenes-grenzland.net\/wp-content\/uploads\/2023\/11\/Boomleeuwerik3-1-3-2022-1024x904.jpg 1024w, https:\/\/www.gruenes-grenzland.net\/wp-content\/uploads\/2023\/11\/Boomleeuwerik3-1-3-2022-14x12.jpg 14w, https:\/\/www.gruenes-grenzland.net\/wp-content\/uploads\/2023\/11\/Boomleeuwerik3-1-3-2022.jpg 1280w\" sizes=\"(max-width: 768px) 100vw, 768px\" \/>\t\t\t\t\t\t\t\t\t\t\t<figcaption class=\"widget-image-caption wp-caption-text\">Eine der bedrohten Arten, die Heidelerche (Foto: Anja van Halbeek)<\/figcaption>\n\t\t\t\t\t\t\t\t\t\t<\/figure>\n\t\t\t\t\t\t\t\t\t<\/div>\n\t\t\t\t<\/div>\n\t\t\t\t\t<\/div>\n\t\t<\/div>\n\t\t\t\t<div class=\"elementor-column elementor-col-66 elementor-top-column elementor-element elementor-element-539e246\" data-id=\"539e246\" data-element_type=\"column\" data-e-type=\"column\" data-settings=\"{&quot;background_background&quot;:&quot;classic&quot;}\">\n\t\t\t<div class=\"elementor-widget-wrap elementor-element-populated\">\n\t\t\t\t\t\t<div class=\"elementor-element elementor-element-1081aa8 elementor-widget elementor-widget-image\" data-id=\"1081aa8\" data-element_type=\"widget\" data-e-type=\"widget\" data-widget_type=\"image.default\">\n\t\t\t\t<div class=\"elementor-widget-container\">\n\t\t\t\t\t\t\t\t\t\t\t\t<figure class=\"wp-caption\">\n\t\t\t\t\t\t\t\t\t\t<img loading=\"lazy\" decoding=\"async\" width=\"1024\" height=\"724\" src=\"https:\/\/www.gruenes-grenzland.net\/wp-content\/uploads\/2023\/10\/GrGr-uitbreiding-VSG-en-broedvoegels-1024x724.jpg\" class=\"attachment-large size-large wp-image-15274\" alt=\"\" srcset=\"https:\/\/www.gruenes-grenzland.net\/wp-content\/uploads\/2023\/10\/GrGr-uitbreiding-VSG-en-broedvoegels-1024x724.jpg 1024w, https:\/\/www.gruenes-grenzland.net\/wp-content\/uploads\/2023\/10\/GrGr-uitbreiding-VSG-en-broedvoegels-300x212.jpg 300w, https:\/\/www.gruenes-grenzland.net\/wp-content\/uploads\/2023\/10\/GrGr-uitbreiding-VSG-en-broedvoegels-768x543.jpg 768w, https:\/\/www.gruenes-grenzland.net\/wp-content\/uploads\/2023\/10\/GrGr-uitbreiding-VSG-en-broedvoegels-1536x1086.jpg 1536w, https:\/\/www.gruenes-grenzland.net\/wp-content\/uploads\/2023\/10\/GrGr-uitbreiding-VSG-en-broedvoegels-2048x1448.jpg 2048w, https:\/\/www.gruenes-grenzland.net\/wp-content\/uploads\/2023\/10\/GrGr-uitbreiding-VSG-en-broedvoegels-18x12.jpg 18w\" sizes=\"(max-width: 1024px) 100vw, 1024px\" \/>\t\t\t\t\t\t\t\t\t\t\t<figcaption class=\"widget-image-caption wp-caption-text\">Deutlich sichtbares Vorkommen einer gro\u00dfen Anzahl gef\u00e4hrdeter Arten n\u00f6rdlich des geplanten Vogelschutzgebietes<\/figcaption>\n\t\t\t\t\t\t\t\t\t\t<\/figure>\n\t\t\t\t\t\t\t\t\t<\/div>\n\t\t\t\t<\/div>\n\t\t\t\t\t<\/div>\n\t\t<\/div>\n\t\t\t\t\t<\/div>\n\t\t<\/section>\n\t\t\t\t<section class=\"elementor-section elementor-top-section elementor-element elementor-element-44e6c7d elementor-section-boxed elementor-section-height-default elementor-section-height-default\" data-id=\"44e6c7d\" data-element_type=\"section\" data-e-type=\"section\" data-settings=\"{&quot;background_background&quot;:&quot;classic&quot;}\">\n\t\t\t\t\t\t<div class=\"elementor-container elementor-column-gap-default\">\n\t\t\t\t\t<div class=\"elementor-column elementor-col-100 elementor-top-column elementor-element elementor-element-6337961\" data-id=\"6337961\" data-element_type=\"column\" data-e-type=\"column\">\n\t\t\t<div class=\"elementor-widget-wrap elementor-element-populated\">\n\t\t\t\t\t\t<div class=\"elementor-element elementor-element-a30f9b8 elementor-widget elementor-widget-text-editor\" data-id=\"a30f9b8\" data-element_type=\"widget\" data-e-type=\"widget\" data-widget_type=\"text-editor.default\">\n\t\t\t\t<div class=\"elementor-widget-container\">\n\t\t\t\t\t\t\t\t\t<p>Das Umweltministerium hat endlich (Januar 2024) die seit langem erwarteten Grenzen der Vogelschutzgebiete mit ausf\u00fchrlichen Erl\u00e4uterungen zum Schutzzweck und einer Liste der zu sch\u00fctzenden Vogelarten bekannt gegeben. Diese Grenzen sind von entscheidender Bedeutung f\u00fcr den rechtlichen Status von Vogelschutzgebieten, wobei ein besonderer Schwerpunkt auf dem k\u00fcrzlich \u00fcberarbeiteten Vogelschutzgebiet in Elmpt liegt, das speziell zum Schutz der Vogelpopulation auf dem ehemaligen Flugplatz abgegrenzt und registriert wurde.<\/p><p>Allerdings kommt ein beunruhigendes Element ans Licht. Der n\u00f6rdliche Teil der ehemaligen Start- und Landebahn ist erstaunlicherweise nicht Teil des Vogelschutzgebiets. Aus einer ornithologischen Kartierung aus dem Jahr 2023 geht hervor, dass dieser Teil der Start- und Landebahn tats\u00e4chlich au\u00dfergew\u00f6hnlich wertvolle Vogellebensr\u00e4ume beherbergt. Dies ist ein klarer Fall von falscher und begrenzter Abgrenzung, die den Kern des Schutzzwecks beeintr\u00e4chtigt.<\/p><p>Die speziell in 2023 f\u00fcr die 61. \u00c4nderung des Fl\u00e4chennutzungsplans \"Milit\u00e4rgel\u00e4nde Elmpt\" von Smeets erstellte Brutvogelkartierung zeigt das Vorkommen gro\u00dfer Populationen gef\u00e4hrdeter Vogelarten, darunter Heidelerche, Kolkrabe, Kornweihe, Neunt\u00f6ter, Steinschm\u00e4tzer, Wachtel, Flussuferl\u00e4ufer und Ziegenmelker.<\/p><p>Unsere Bedenken konzentrieren sich auf die nebul\u00f6se Begr\u00fcndung f\u00fcr diese Abgrenzung und das Fehlen von Verbesserungen bei der Gebietsabgrenzung. Es dr\u00e4ngt sich der Verdacht auf, dass wirtschaftliche Interessen, die Realisierung eines Gewerbegebietes und die Errichtung von Windkraftanlagen, die Interessen des Naturschutzes \u00fcberwiegen k\u00f6nnten. Wir haben diese Bedenken in einer dringenden Mitteilung an die LNU (Landesnetz der Naturschutzverb\u00e4nde in NRW) nachdr\u00fccklich vorgetragen und hoffen, dass diese Angelegenheit gr\u00fcndlich untersucht und zum Wohle der Natur und ihrer gefiederten Bewohner korrigiert wird<\/p>\t\t\t\t\t\t\t\t<\/div>\n\t\t\t\t<\/div>\n\t\t\t\t\t<\/div>\n\t\t<\/div>\n\t\t\t\t\t<\/div>\n\t\t<\/section>\n\t\t\t\t<section class=\"elementor-section elementor-top-section elementor-element elementor-element-91e8e5a elementor-section-boxed elementor-section-height-default elementor-section-height-default\" data-id=\"91e8e5a\" data-element_type=\"section\" data-e-type=\"section\">\n\t\t\t\t\t\t<div class=\"elementor-container elementor-column-gap-default\">\n\t\t\t\t\t<div class=\"elementor-column elementor-col-100 elementor-top-column elementor-element elementor-element-c1a6a3a\" data-id=\"c1a6a3a\" data-element_type=\"column\" data-e-type=\"column\">\n\t\t\t<div class=\"elementor-widget-wrap elementor-element-populated\">\n\t\t\t\t\t\t<div class=\"elementor-element elementor-element-4653a1e elementor-widget-divider--view-line elementor-widget elementor-widget-divider\" data-id=\"4653a1e\" data-element_type=\"widget\" data-e-type=\"widget\" data-widget_type=\"divider.default\">\n\t\t\t\t<div class=\"elementor-widget-container\">\n\t\t\t\t\t\t\t<div class=\"elementor-divider\">\n\t\t\t<span class=\"elementor-divider-separator\">\n\t\t\t\t\t\t<\/span>\n\t\t<\/div>\n\t\t\t\t\t\t<\/div>\n\t\t\t\t<\/div>\n\t\t\t\t\t<\/div>\n\t\t<\/div>\n\t\t\t\t\t<\/div>\n\t\t<\/section>\n\t\t\t\t<section class=\"elementor-section elementor-top-section elementor-element elementor-element-a738368 elementor-section-boxed elementor-section-height-default elementor-section-height-default\" data-id=\"a738368\" data-element_type=\"section\" data-e-type=\"section\">\n\t\t\t\t\t\t<div class=\"elementor-container elementor-column-gap-default\">\n\t\t\t\t\t<div class=\"elementor-column elementor-col-100 elementor-top-column elementor-element elementor-element-17be689\" data-id=\"17be689\" data-element_type=\"column\" data-e-type=\"column\">\n\t\t\t<div class=\"elementor-widget-wrap elementor-element-populated\">\n\t\t\t\t\t\t<div class=\"elementor-element elementor-element-b755ba4 elementor-widget elementor-widget-menu-anchor\" data-id=\"b755ba4\" data-element_type=\"widget\" data-e-type=\"widget\" data-widget_type=\"menu-anchor.default\">\n\t\t\t\t<div class=\"elementor-widget-container\">\n\t\t\t\t\t\t\t<div class=\"elementor-menu-anchor\" id=\"2024-1\"><\/div>\n\t\t\t\t\t\t<\/div>\n\t\t\t\t<\/div>\n\t\t\t\t\t<\/div>\n\t\t<\/div>\n\t\t\t\t\t<\/div>\n\t\t<\/section>\n\t\t\t\t<section class=\"elementor-section elementor-top-section elementor-element elementor-element-6dc8f4b elementor-section-boxed elementor-section-height-default elementor-section-height-default\" data-id=\"6dc8f4b\" data-element_type=\"section\" data-e-type=\"section\">\n\t\t\t\t\t\t<div class=\"elementor-container elementor-column-gap-default\">\n\t\t\t\t\t<div class=\"elementor-column elementor-col-100 elementor-top-column elementor-element elementor-element-0cd7194\" data-id=\"0cd7194\" data-element_type=\"column\" data-e-type=\"column\">\n\t\t\t<div class=\"elementor-widget-wrap elementor-element-populated\">\n\t\t\t\t\t\t<div class=\"elementor-element elementor-element-aafaa45 elementor-widget elementor-widget-text-editor\" data-id=\"aafaa45\" data-element_type=\"widget\" data-e-type=\"widget\" data-widget_type=\"text-editor.default\">\n\t\t\t\t<div class=\"elementor-widget-container\">\n\t\t\t\t\t\t\t\t\t<p><strong>Mehr Windkraftanlagen in Niederkr\u00fcchten<br \/><\/strong>Wie eine Landschaft langsam aber sicher \"verspargelt\"<\/p>\t\t\t\t\t\t\t\t<\/div>\n\t\t\t\t<\/div>\n\t\t\t\t\t<\/div>\n\t\t<\/div>\n\t\t\t\t\t<\/div>\n\t\t<\/section>\n\t\t\t\t<section class=\"elementor-section elementor-top-section elementor-element elementor-element-95300a8 elementor-section-boxed elementor-section-height-default elementor-section-height-default\" data-id=\"95300a8\" data-element_type=\"section\" data-e-type=\"section\">\n\t\t\t\t\t\t<div class=\"elementor-container elementor-column-gap-default\">\n\t\t\t\t\t<div class=\"elementor-column elementor-col-33 elementor-top-column elementor-element elementor-element-dcc7710\" data-id=\"dcc7710\" data-element_type=\"column\" data-e-type=\"column\">\n\t\t\t<div class=\"elementor-widget-wrap elementor-element-populated\">\n\t\t\t\t\t\t<div class=\"elementor-element elementor-element-db4a412 elementor-widget elementor-widget-image\" data-id=\"db4a412\" data-element_type=\"widget\" data-e-type=\"widget\" data-widget_type=\"image.default\">\n\t\t\t\t<div class=\"elementor-widget-container\">\n\t\t\t\t\t\t\t\t\t\t\t\t<figure class=\"wp-caption\">\n\t\t\t\t\t\t\t\t\t\t<img loading=\"lazy\" decoding=\"async\" width=\"1024\" height=\"575\" src=\"https:\/\/www.gruenes-grenzland.net\/wp-content\/uploads\/2024\/01\/DJI_0599-windturbines-Oberkruechten-en-Boennensoh-zonder-Dam-1024x575.jpg\" class=\"attachment-large size-large wp-image-14987\" alt=\"\" srcset=\"https:\/\/www.gruenes-grenzland.net\/wp-content\/uploads\/2024\/01\/DJI_0599-windturbines-Oberkruechten-en-Boennensoh-zonder-Dam-1024x575.jpg 1024w, https:\/\/www.gruenes-grenzland.net\/wp-content\/uploads\/2024\/01\/DJI_0599-windturbines-Oberkruechten-en-Boennensoh-zonder-Dam-300x169.jpg 300w, https:\/\/www.gruenes-grenzland.net\/wp-content\/uploads\/2024\/01\/DJI_0599-windturbines-Oberkruechten-en-Boennensoh-zonder-Dam-768x431.jpg 768w, https:\/\/www.gruenes-grenzland.net\/wp-content\/uploads\/2024\/01\/DJI_0599-windturbines-Oberkruechten-en-Boennensoh-zonder-Dam-1536x863.jpg 1536w, https:\/\/www.gruenes-grenzland.net\/wp-content\/uploads\/2024\/01\/DJI_0599-windturbines-Oberkruechten-en-Boennensoh-zonder-Dam-2048x1151.jpg 2048w, https:\/\/www.gruenes-grenzland.net\/wp-content\/uploads\/2024\/01\/DJI_0599-windturbines-Oberkruechten-en-Boennensoh-zonder-Dam-18x10.jpg 18w\" sizes=\"(max-width: 1024px) 100vw, 1024px\" \/>\t\t\t\t\t\t\t\t\t\t\t<figcaption class=\"widget-image-caption wp-caption-text\">Bestehende Situation mit Blick auf die Windkraftanlagen Oberkr\u00fcchten und B\u00f6nnesohl<\/figcaption>\n\t\t\t\t\t\t\t\t\t\t<\/figure>\n\t\t\t\t\t\t\t\t\t<\/div>\n\t\t\t\t<\/div>\n\t\t\t\t\t<\/div>\n\t\t<\/div>\n\t\t\t\t<div class=\"elementor-column elementor-col-33 elementor-top-column elementor-element elementor-element-13e7d07\" data-id=\"13e7d07\" data-element_type=\"column\" data-e-type=\"column\">\n\t\t\t<div class=\"elementor-widget-wrap elementor-element-populated\">\n\t\t\t\t\t\t<div class=\"elementor-element elementor-element-be2a0d3 elementor-widget elementor-widget-image\" data-id=\"be2a0d3\" data-element_type=\"widget\" data-e-type=\"widget\" data-widget_type=\"image.default\">\n\t\t\t\t<div class=\"elementor-widget-container\">\n\t\t\t\t\t\t\t\t\t\t\t\t<figure class=\"wp-caption\">\n\t\t\t\t\t\t\t\t\t\t<img loading=\"lazy\" decoding=\"async\" width=\"1024\" height=\"724\" src=\"https:\/\/www.gruenes-grenzland.net\/wp-content\/uploads\/2024\/01\/Windturbines-Dam-kaart-met-locaties-1024x724.jpg\" class=\"attachment-large size-large wp-image-15022\" alt=\"\" srcset=\"https:\/\/www.gruenes-grenzland.net\/wp-content\/uploads\/2024\/01\/Windturbines-Dam-kaart-met-locaties-1024x724.jpg 1024w, https:\/\/www.gruenes-grenzland.net\/wp-content\/uploads\/2024\/01\/Windturbines-Dam-kaart-met-locaties-300x212.jpg 300w, https:\/\/www.gruenes-grenzland.net\/wp-content\/uploads\/2024\/01\/Windturbines-Dam-kaart-met-locaties-768x543.jpg 768w, https:\/\/www.gruenes-grenzland.net\/wp-content\/uploads\/2024\/01\/Windturbines-Dam-kaart-met-locaties-1536x1086.jpg 1536w, https:\/\/www.gruenes-grenzland.net\/wp-content\/uploads\/2024\/01\/Windturbines-Dam-kaart-met-locaties-2048x1448.jpg 2048w, https:\/\/www.gruenes-grenzland.net\/wp-content\/uploads\/2024\/01\/Windturbines-Dam-kaart-met-locaties-18x12.jpg 18w\" sizes=\"(max-width: 1024px) 100vw, 1024px\" \/>\t\t\t\t\t\t\t\t\t\t\t<figcaption class=\"widget-image-caption wp-caption-text\">Standort der neuen Windturbinen bei Dam in rot dargestellt<\/figcaption>\n\t\t\t\t\t\t\t\t\t\t<\/figure>\n\t\t\t\t\t\t\t\t\t<\/div>\n\t\t\t\t<\/div>\n\t\t\t\t\t<\/div>\n\t\t<\/div>\n\t\t\t\t<div class=\"elementor-column elementor-col-33 elementor-top-column elementor-element elementor-element-7e4e99c\" data-id=\"7e4e99c\" data-element_type=\"column\" data-e-type=\"column\">\n\t\t\t<div class=\"elementor-widget-wrap elementor-element-populated\">\n\t\t\t\t\t\t<div class=\"elementor-element elementor-element-a612bbe elementor-widget elementor-widget-image\" data-id=\"a612bbe\" data-element_type=\"widget\" data-e-type=\"widget\" data-widget_type=\"image.default\">\n\t\t\t\t<div class=\"elementor-widget-container\">\n\t\t\t\t\t\t\t\t\t\t\t\t<figure class=\"wp-caption\">\n\t\t\t\t\t\t\t\t\t\t<img loading=\"lazy\" decoding=\"async\" width=\"1024\" height=\"575\" src=\"https:\/\/www.gruenes-grenzland.net\/wp-content\/uploads\/2024\/01\/DJI_0599-windturbines-Oberkruechten-en-Boennensoh-en-Dam-1024x575.jpg\" class=\"attachment-large size-large wp-image-15011\" alt=\"\" srcset=\"https:\/\/www.gruenes-grenzland.net\/wp-content\/uploads\/2024\/01\/DJI_0599-windturbines-Oberkruechten-en-Boennensoh-en-Dam-1024x575.jpg 1024w, https:\/\/www.gruenes-grenzland.net\/wp-content\/uploads\/2024\/01\/DJI_0599-windturbines-Oberkruechten-en-Boennensoh-en-Dam-300x169.jpg 300w, https:\/\/www.gruenes-grenzland.net\/wp-content\/uploads\/2024\/01\/DJI_0599-windturbines-Oberkruechten-en-Boennensoh-en-Dam-768x431.jpg 768w, https:\/\/www.gruenes-grenzland.net\/wp-content\/uploads\/2024\/01\/DJI_0599-windturbines-Oberkruechten-en-Boennensoh-en-Dam-1536x863.jpg 1536w, https:\/\/www.gruenes-grenzland.net\/wp-content\/uploads\/2024\/01\/DJI_0599-windturbines-Oberkruechten-en-Boennensoh-en-Dam-2048x1151.jpg 2048w, https:\/\/www.gruenes-grenzland.net\/wp-content\/uploads\/2024\/01\/DJI_0599-windturbines-Oberkruechten-en-Boennensoh-en-Dam-18x10.jpg 18w\" sizes=\"(max-width: 1024px) 100vw, 1024px\" \/>\t\t\t\t\t\t\t\t\t\t\t<figcaption class=\"widget-image-caption wp-caption-text\">Geplante Situation mit den beiden neuen Turbinen in wei\u00df gezeichnet<\/figcaption>\n\t\t\t\t\t\t\t\t\t\t<\/figure>\n\t\t\t\t\t\t\t\t\t<\/div>\n\t\t\t\t<\/div>\n\t\t\t\t\t<\/div>\n\t\t<\/div>\n\t\t\t\t\t<\/div>\n\t\t<\/section>\n\t\t\t\t<section class=\"elementor-section elementor-top-section elementor-element elementor-element-91b4788 elementor-section-boxed elementor-section-height-default elementor-section-height-default\" data-id=\"91b4788\" data-element_type=\"section\" data-e-type=\"section\">\n\t\t\t\t\t\t<div class=\"elementor-container elementor-column-gap-default\">\n\t\t\t\t\t<div class=\"elementor-column elementor-col-100 elementor-top-column elementor-element elementor-element-6ff9d8d\" data-id=\"6ff9d8d\" data-element_type=\"column\" data-e-type=\"column\">\n\t\t\t<div class=\"elementor-widget-wrap elementor-element-populated\">\n\t\t\t\t\t\t<div class=\"elementor-element elementor-element-be7194c elementor-widget elementor-widget-text-editor\" data-id=\"be7194c\" data-element_type=\"widget\" data-e-type=\"widget\" data-widget_type=\"text-editor.default\">\n\t\t\t\t<div class=\"elementor-widget-container\">\n\t\t\t\t\t\t\t\t\t<p class=\" translation-block\">Die Pl\u00e4ne f\u00fcr den Bau von zwei neuen Windkraftanlagen in der N\u00e4he von Dam konnten bis zum 5. Januar 2024 im Rathaus von Niederkr\u00fcchten eingesehen werden. Diese werden \u00fcber 200 m hoch sein. Die Anlagen sollen s\u00fcdlich des Gewerbegebiets Dam in der N\u00e4he der Abgrabung Mevissen aufgestellt werden. Gr\u00fcnes Grenzland hat dagegen <a href=\"https:\/\/www.gruenes-grenzland.net\/de\/energiepark-niederkruchten\/\" target=\"_self\">Einspruch <\/a> erhoben, u.a. wegen der negativen Auswirkungen auf Landschaft, Natur und Umwelt. \nDie Gemeinde und der Kreis Viersen legen die Unterlagen f\u00fcr die geplanten Windkraftanlagen nach der Kritik des BUND zum zweiten Mal \u00f6ffentlich aus. Vom 19. Januar bis zum 2. Februar 2024 liegen die Unterlagen im Rathaus und beim Kreis zur \u00f6ffentlichen Einsichtnahme aus.<\/p>\t\t\t\t\t\t\t\t<\/div>\n\t\t\t\t<\/div>\n\t\t\t\t\t<\/div>\n\t\t<\/div>\n\t\t\t\t\t<\/div>\n\t\t<\/section>\n\t\t\t\t<\/div>","protected":false},"excerpt":{"rendered":"<p>Actueel 2024 Samen sterk voor natuur en landschap: actie tegen mega-industrieterrein Elmpt https:\/\/youtu.be\/wCNvj_6YLqw Kerstwens en donatie oproep De plannen voor een mega-industrieterrein op het voormalige militaire vliegveld Elmpt stuiten op steeds meer verzet. De plaatselijke BUND-groep in Niederkr\u00fcchten heeft zich solidair verklaard met de inspanningen van Groen Grensland en is een petitie gestart om deze [&hellip;]<\/p>\n","protected":false},"author":3,"featured_media":0,"parent":0,"menu_order":0,"comment_status":"closed","ping_status":"closed","template":"","meta":{"site-sidebar-layout":"no-sidebar","site-content-layout":"page-builder","ast-site-content-layout":"default","site-content-style":"default","site-sidebar-style":"default","ast-global-header-display":"","ast-banner-title-visibility":"","ast-main-header-display":"","ast-hfb-above-header-display":"","ast-hfb-below-header-display":"","ast-hfb-mobile-header-display":"","site-post-title":"disabled","ast-breadcrumbs-content":"","ast-featured-img":"disabled","footer-sml-layout":"","ast-disable-related-posts":"","theme-transparent-header-meta":"","adv-header-id-meta":"","stick-header-meta":"","header-above-stick-meta":"","header-main-stick-meta":"","header-below-stick-meta":"","astra-migrate-meta-layouts":"default","ast-page-background-enabled":"default","ast-page-background-meta":{"desktop":{"background-color":"","background-image":"","background-repeat":"repeat","background-position":"center center","background-size":"auto","background-attachment":"scroll","background-type":"","background-media":"","overlay-type":"","overlay-color":"","overlay-opacity":"","overlay-gradient":""},"tablet":{"background-color":"","background-image":"","background-repeat":"repeat","background-position":"center center","background-size":"auto","background-attachment":"scroll","background-type":"","background-media":"","overlay-type":"","overlay-color":"","overlay-opacity":"","overlay-gradient":""},"mobile":{"background-color":"","background-image":"","background-repeat":"repeat","background-position":"center center","background-size":"auto","background-attachment":"scroll","background-type":"","background-media":"","overlay-type":"","overlay-color":"","overlay-opacity":"","overlay-gradient":""}},"ast-content-background-meta":{"desktop":{"background-color":"var(--ast-global-color-5)","background-image":"","background-repeat":"repeat","background-position":"center center","background-size":"auto","background-attachment":"scroll","background-type":"","background-media":"","overlay-type":"","overlay-color":"","overlay-opacity":"","overlay-gradient":""},"tablet":{"background-color":"var(--ast-global-color-5)","background-image":"","background-repeat":"repeat","background-position":"center center","background-size":"auto","background-attachment":"scroll","background-type":"","background-media":"","overlay-type":"","overlay-color":"","overlay-opacity":"","overlay-gradient":""},"mobile":{"background-color":"var(--ast-global-color-5)","background-image":"","background-repeat":"repeat","background-position":"center center","background-size":"auto","background-attachment":"scroll","background-type":"","background-media":"","overlay-type":"","overlay-color":"","overlay-opacity":"","overlay-gradient":""}},"footnotes":""},"class_list":["post-19818","page","type-page","status-publish","hentry"],"_links":{"self":[{"href":"https:\/\/www.gruenes-grenzland.net\/de\/wp-json\/wp\/v2\/pages\/19818","targetHints":{"allow":["GET"]}}],"collection":[{"href":"https:\/\/www.gruenes-grenzland.net\/de\/wp-json\/wp\/v2\/pages"}],"about":[{"href":"https:\/\/www.gruenes-grenzland.net\/de\/wp-json\/wp\/v2\/types\/page"}],"author":[{"embeddable":true,"href":"https:\/\/www.gruenes-grenzland.net\/de\/wp-json\/wp\/v2\/users\/3"}],"replies":[{"embeddable":true,"href":"https:\/\/www.gruenes-grenzland.net\/de\/wp-json\/wp\/v2\/comments?post=19818"}],"version-history":[{"count":10,"href":"https:\/\/www.gruenes-grenzland.net\/de\/wp-json\/wp\/v2\/pages\/19818\/revisions"}],"predecessor-version":[{"id":19850,"href":"https:\/\/www.gruenes-grenzland.net\/de\/wp-json\/wp\/v2\/pages\/19818\/revisions\/19850"}],"wp:attachment":[{"href":"https:\/\/www.gruenes-grenzland.net\/de\/wp-json\/wp\/v2\/media?parent=19818"}],"curies":[{"name":"wp","href":"https:\/\/api.w.org\/{rel}","templated":true}]}}