{"id":22991,"date":"2025-08-15T10:51:27","date_gmt":"2025-08-15T08:51:27","guid":{"rendered":"https:\/\/www.gruenes-grenzland.net\/?page_id=22991"},"modified":"2025-10-11T12:31:14","modified_gmt":"2025-10-11T10:31:14","slug":"javelin-park-elmpt_petition","status":"publish","type":"page","link":"https:\/\/www.gruenes-grenzland.net\/de\/javelin-park-elmpt_petition\/","title":{"rendered":"Javelin Park Elmpt_Petition"},"content":{"rendered":"<div data-elementor-type=\"wp-page\" data-elementor-id=\"22991\" class=\"elementor elementor-22991\" data-elementor-post-type=\"page\">\n\t\t\t\t\t\t<section class=\"elementor-section elementor-top-section elementor-element elementor-element-412e6c5 elementor-section-boxed elementor-section-height-default elementor-section-height-default\" data-id=\"412e6c5\" data-element_type=\"section\" data-e-type=\"section\">\n\t\t\t\t\t\t<div class=\"elementor-container elementor-column-gap-default\">\n\t\t\t\t\t<div class=\"elementor-column elementor-col-100 elementor-top-column elementor-element elementor-element-0d1785a\" data-id=\"0d1785a\" data-element_type=\"column\" data-e-type=\"column\">\n\t\t\t<div class=\"elementor-widget-wrap elementor-element-populated\">\n\t\t\t\t\t\t<div class=\"elementor-element elementor-element-cc091a3 elementor-widget-divider--view-line elementor-widget elementor-widget-divider\" data-id=\"cc091a3\" data-element_type=\"widget\" data-e-type=\"widget\" data-widget_type=\"divider.default\">\n\t\t\t\t<div class=\"elementor-widget-container\">\n\t\t\t\t\t\t\t<div class=\"elementor-divider\">\n\t\t\t<span class=\"elementor-divider-separator\">\n\t\t\t\t\t\t<\/span>\n\t\t<\/div>\n\t\t\t\t\t\t<\/div>\n\t\t\t\t<\/div>\n\t\t\t\t\t<\/div>\n\t\t<\/div>\n\t\t\t\t\t<\/div>\n\t\t<\/section>\n\t\t\t\t<section class=\"elementor-section elementor-top-section elementor-element elementor-element-ae5e54f elementor-section-boxed elementor-section-height-default elementor-section-height-default\" data-id=\"ae5e54f\" data-element_type=\"section\" data-e-type=\"section\">\n\t\t\t\t\t\t<div class=\"elementor-container elementor-column-gap-default\">\n\t\t\t\t\t<div class=\"elementor-column elementor-col-100 elementor-top-column elementor-element elementor-element-bdd7a4c\" data-id=\"bdd7a4c\" data-element_type=\"column\" data-e-type=\"column\">\n\t\t\t<div class=\"elementor-widget-wrap elementor-element-populated\">\n\t\t\t\t\t\t<div class=\"elementor-element elementor-element-46e1e7e elementor-widget elementor-widget-heading\" data-id=\"46e1e7e\" data-element_type=\"widget\" data-e-type=\"widget\" data-widget_type=\"heading.default\">\n\t\t\t\t<div class=\"elementor-widget-container\">\n\t\t\t\t\t<h2 class=\"elementor-heading-title elementor-size-default\">Petition<\/h2>\t\t\t\t<\/div>\n\t\t\t\t<\/div>\n\t\t\t\t\t<\/div>\n\t\t<\/div>\n\t\t\t\t\t<\/div>\n\t\t<\/section>\n\t\t\t\t<section class=\"elementor-section elementor-top-section elementor-element elementor-element-7e0a58e elementor-section-boxed elementor-section-height-default elementor-section-height-default\" data-id=\"7e0a58e\" data-element_type=\"section\" data-e-type=\"section\">\n\t\t\t\t\t\t<div class=\"elementor-container elementor-column-gap-default\">\n\t\t\t\t\t<div class=\"elementor-column elementor-col-100 elementor-top-column elementor-element elementor-element-5725bda\" data-id=\"5725bda\" data-element_type=\"column\" data-e-type=\"column\">\n\t\t\t<div class=\"elementor-widget-wrap elementor-element-populated\">\n\t\t\t\t\t\t<div class=\"elementor-element elementor-element-9b8daae elementor-widget elementor-widget-text-editor\" data-id=\"9b8daae\" data-element_type=\"widget\" data-e-type=\"widget\" data-widget_type=\"text-editor.default\">\n\t\t\t\t<div class=\"elementor-widget-container\">\n\t\t\t\t\t\t\t\t\t<h5><strong><a href=\"https:\/\/www.change.org\/p\/stopp-industriegebiet-rettet-das-vogelschutzgebiet\">Stopp Industriegebiet! Rettet das Vogelschutzgebiet<\/a><\/strong><\/h5>\t\t\t\t\t\t\t\t<\/div>\n\t\t\t\t<\/div>\n\t\t\t\t\t<\/div>\n\t\t<\/div>\n\t\t\t\t\t<\/div>\n\t\t<\/section>\n\t\t\t\t<section class=\"elementor-section elementor-top-section elementor-element elementor-element-0f38e2c elementor-section-boxed elementor-section-height-default elementor-section-height-default\" data-id=\"0f38e2c\" data-element_type=\"section\" data-e-type=\"section\">\n\t\t\t\t\t\t<div class=\"elementor-container elementor-column-gap-default\">\n\t\t\t\t\t<div class=\"elementor-column elementor-col-100 elementor-top-column elementor-element elementor-element-3037fd0\" data-id=\"3037fd0\" data-element_type=\"column\" data-e-type=\"column\">\n\t\t\t<div class=\"elementor-widget-wrap elementor-element-populated\">\n\t\t\t\t\t\t<div class=\"elementor-element elementor-element-a926c20 elementor-widget elementor-widget-image\" data-id=\"a926c20\" data-element_type=\"widget\" data-e-type=\"widget\" data-widget_type=\"image.default\">\n\t\t\t\t<div class=\"elementor-widget-container\">\n\t\t\t\t\t\t\t\t\t\t\t\t\t\t\t<img fetchpriority=\"high\" decoding=\"async\" width=\"1024\" height=\"575\" src=\"https:\/\/www.gruenes-grenzland.net\/wp-content\/uploads\/2024\/12\/DJI_0006-wpt1-1-met-plannen-Loodsen-en-Windtrubines-1024x575.jpg\" class=\"attachment-large size-large wp-image-19263\" alt=\"\" srcset=\"https:\/\/www.gruenes-grenzland.net\/wp-content\/uploads\/2024\/12\/DJI_0006-wpt1-1-met-plannen-Loodsen-en-Windtrubines-1024x575.jpg 1024w, https:\/\/www.gruenes-grenzland.net\/wp-content\/uploads\/2024\/12\/DJI_0006-wpt1-1-met-plannen-Loodsen-en-Windtrubines-300x169.jpg 300w, https:\/\/www.gruenes-grenzland.net\/wp-content\/uploads\/2024\/12\/DJI_0006-wpt1-1-met-plannen-Loodsen-en-Windtrubines-768x431.jpg 768w, https:\/\/www.gruenes-grenzland.net\/wp-content\/uploads\/2024\/12\/DJI_0006-wpt1-1-met-plannen-Loodsen-en-Windtrubines-18x10.jpg 18w, https:\/\/www.gruenes-grenzland.net\/wp-content\/uploads\/2024\/12\/DJI_0006-wpt1-1-met-plannen-Loodsen-en-Windtrubines.jpg 1200w\" sizes=\"(max-width: 1024px) 100vw, 1024px\" \/>\t\t\t\t\t\t\t\t\t\t\t\t\t\t\t<\/div>\n\t\t\t\t<\/div>\n\t\t\t\t\t<\/div>\n\t\t<\/div>\n\t\t\t\t\t<\/div>\n\t\t<\/section>\n\t\t\t\t<section class=\"elementor-section elementor-top-section elementor-element elementor-element-b53ecf8 elementor-section-boxed elementor-section-height-default elementor-section-height-default\" data-id=\"b53ecf8\" data-element_type=\"section\" data-e-type=\"section\">\n\t\t\t\t\t\t<div class=\"elementor-container elementor-column-gap-default\">\n\t\t\t\t\t<div class=\"elementor-column elementor-col-100 elementor-top-column elementor-element elementor-element-8f41221\" data-id=\"8f41221\" data-element_type=\"column\" data-e-type=\"column\">\n\t\t\t<div class=\"elementor-widget-wrap elementor-element-populated\">\n\t\t\t\t\t\t<div class=\"elementor-element elementor-element-2896e85 elementor-widget elementor-widget-text-editor\" data-id=\"2896e85\" data-element_type=\"widget\" data-e-type=\"widget\" data-widget_type=\"text-editor.default\">\n\t\t\t\t<div class=\"elementor-widget-container\">\n\t\t\t\t\t\t\t\t\t<p><strong>Petition an B\u00fcrgermeister Wassong \u00fcbergeben<\/strong><\/p><p>Die \u00dcbergabe am 8. Oktober 2025 verlief leider in einer angespannten Atmosph\u00e4re. Anwesenden zufolge reagierte der B\u00fcrgermeister von Niederkr\u00fcchten distanziert und gereizt. Der Ton war alles andere als einladend.<br \/>Wassong soll den Anwesenden vorgeworfen haben, \u201efalsche Geschichten zu verbreiten\u201d, anstatt \u201edas Gespr\u00e4ch zu suchen\u201d \u2013 ironischerweise gerade in dem Moment, als die Organisationen genau das Gespr\u00e4ch suchten.<\/p><p>Trotz des unangenehmen Empfangs verlief die \u00dcbergabe der Petition ansonsten w\u00fcrdevoll.<br \/>Die Naturschutzverb\u00e4nde betonten, dass der Widerstand gegen die Pl\u00e4ne w\u00e4chst \u2013 nicht nur wegen der Sch\u00e4den f\u00fcr das Vogelschutzgebiet \u201eSchwalm-Nette-Platte mit Grenzwald und Meinweg\u201d, sondern auch wegen der Art und Weise, wie die Gemeinde an einem umstrittenen Projekt festh\u00e4lt, das mittlerweile Gegenstand mehrerer Gerichtsverfahren ist.<\/p>\t\t\t\t\t\t\t\t<\/div>\n\t\t\t\t<\/div>\n\t\t\t\t\t<\/div>\n\t\t<\/div>\n\t\t\t\t\t<\/div>\n\t\t<\/section>\n\t\t\t\t<section class=\"elementor-section elementor-top-section elementor-element elementor-element-6f91247 elementor-section-boxed elementor-section-height-default elementor-section-height-default\" data-id=\"6f91247\" data-element_type=\"section\" data-e-type=\"section\">\n\t\t\t\t\t\t<div class=\"elementor-container elementor-column-gap-default\">\n\t\t\t\t\t<div class=\"elementor-column elementor-col-100 elementor-top-column elementor-element elementor-element-cf5ec0a\" data-id=\"cf5ec0a\" data-element_type=\"column\" data-e-type=\"column\">\n\t\t\t<div class=\"elementor-widget-wrap elementor-element-populated\">\n\t\t\t\t\t\t<div class=\"elementor-element elementor-element-ce7678a elementor-widget-divider--view-line elementor-widget elementor-widget-divider\" data-id=\"ce7678a\" data-element_type=\"widget\" data-e-type=\"widget\" data-widget_type=\"divider.default\">\n\t\t\t\t<div class=\"elementor-widget-container\">\n\t\t\t\t\t\t\t<div class=\"elementor-divider\">\n\t\t\t<span class=\"elementor-divider-separator\">\n\t\t\t\t\t\t<\/span>\n\t\t<\/div>\n\t\t\t\t\t\t<\/div>\n\t\t\t\t<\/div>\n\t\t\t\t\t<\/div>\n\t\t<\/div>\n\t\t\t\t\t<\/div>\n\t\t<\/section>\n\t\t\t\t<section class=\"elementor-section elementor-top-section elementor-element elementor-element-7644d1d elementor-section-boxed elementor-section-height-default elementor-section-height-default\" data-id=\"7644d1d\" data-element_type=\"section\" data-e-type=\"section\">\n\t\t\t\t\t\t<div class=\"elementor-container elementor-column-gap-default\">\n\t\t\t\t\t<div class=\"elementor-column elementor-col-100 elementor-top-column elementor-element elementor-element-c13d2dd\" data-id=\"c13d2dd\" data-element_type=\"column\" data-e-type=\"column\">\n\t\t\t<div class=\"elementor-widget-wrap elementor-element-populated\">\n\t\t\t\t\t\t<div class=\"elementor-element elementor-element-1ef3c58 elementor-widget elementor-widget-text-editor\" data-id=\"1ef3c58\" data-element_type=\"widget\" data-e-type=\"widget\" data-widget_type=\"text-editor.default\">\n\t\t\t\t<div class=\"elementor-widget-container\">\n\t\t\t\t\t\t\t\t\t<p class=\" translation-block\"><a href=\"https:\/\/click.e.change.org\/f\/a\/qBBY6klEmN7qOiSj_8LUZg~~\/AANj1RA~\/dQNwIEwbsnGFnoHTa89g8zRSB3L7nsgy6jnjCgnmW6_6GQZHyB6drxz2JyAt_DW2HaW2vTDA35ZM2Uf9NjkSLTyvObVp4IZ4STbDHWj18LpBqASVO3zuJvCux2cwelTslA-l3IqrdT2j1KQtbxZvMaJcCTMg193mHptac3jYdd6QwUjnP9kM58saWfmwPsGpzBXK16R-TwFq6YFIFTXHaGDNbLqrkJG4JjKsV38qdKDoA3ibQdH0slWrCKgiznIVYXPYNrp8gR81i6dZ8Lk9GGmAt_slwhNV_wUibGjgQ_ntCCZLqoLvqKikQqC-KB7d18RH69ijbm_zaUY6lvH0WAcY0XivtRNM32N_TORsrCNodL89BYNs-ZEdNbvuWsiBExSiMMuF3uR4M8un4MXg5xJn0lOZdm8gPIQDqlnCxvLJHgNaN05UG07dQNKsKBc7tm2ba-X6eJ31UQlV2Wk7JERj_zarqqOcZ8fBjcnLUHKm3GQsd5RdogBztZv_ajIiYchsNpSxgCzZ2vwlrFEWU6MjB8oN6MrgFiWm7G-lZVo~\" target=\"_self\">Aktualisierung der Petition vom 7. Oktober 2025<\/a><\/p><p class=\" translation-block\"><strong>Es ist soweit: wir \u00fcbergeben die Petition an den B\u00fcrgermeister der Gemeinde Niederkr\u00fcchten. <\/strong>\n<br>\nWir haben die Unterst\u00fctzung von mehr als 4100 Unterzeichnenden der Petition.\n\nWir hoffen, beim scheidenden B\u00fcrgermeister und dem Rat der Gemeinde den Schutz des Vogelschutzgebietes auf die Agneda setzen zu k\u00f6nnen und so unseren Forderungen Nachdruck verleihen zu k\u00f6nnen.\n<br>\nAllen Unterst\u00fctzerinnen und Unterst\u00fctzern sagen wir herzlich DANKE!\n<br>\nHoffen wir f\u00fcr die Nachtschwalbe und alle anderen seltenen Tier- und Pflanzenarten, die im Vogelschutzgebiet leben, auf ein Umdenken der Verantwortlichen.<\/p>\t\t\t\t\t\t\t\t<\/div>\n\t\t\t\t<\/div>\n\t\t\t\t\t<\/div>\n\t\t<\/div>\n\t\t\t\t\t<\/div>\n\t\t<\/section>\n\t\t\t\t<section class=\"elementor-section elementor-top-section elementor-element elementor-element-da510e6 elementor-section-boxed elementor-section-height-default elementor-section-height-default\" data-id=\"da510e6\" data-element_type=\"section\" data-e-type=\"section\">\n\t\t\t\t\t\t<div class=\"elementor-container elementor-column-gap-default\">\n\t\t\t\t\t<div class=\"elementor-column elementor-col-100 elementor-top-column elementor-element elementor-element-572e70f\" data-id=\"572e70f\" data-element_type=\"column\" data-e-type=\"column\">\n\t\t\t<div class=\"elementor-widget-wrap elementor-element-populated\">\n\t\t\t\t\t\t<div class=\"elementor-element elementor-element-8648668 elementor-widget-divider--view-line elementor-widget elementor-widget-divider\" data-id=\"8648668\" data-element_type=\"widget\" data-e-type=\"widget\" data-widget_type=\"divider.default\">\n\t\t\t\t<div class=\"elementor-widget-container\">\n\t\t\t\t\t\t\t<div class=\"elementor-divider\">\n\t\t\t<span class=\"elementor-divider-separator\">\n\t\t\t\t\t\t<\/span>\n\t\t<\/div>\n\t\t\t\t\t\t<\/div>\n\t\t\t\t<\/div>\n\t\t\t\t\t<\/div>\n\t\t<\/div>\n\t\t\t\t\t<\/div>\n\t\t<\/section>\n\t\t\t\t<section class=\"elementor-section elementor-top-section elementor-element elementor-element-aa9cce9 elementor-section-boxed elementor-section-height-default elementor-section-height-default\" data-id=\"aa9cce9\" data-element_type=\"section\" data-e-type=\"section\">\n\t\t\t\t\t\t<div class=\"elementor-container elementor-column-gap-default\">\n\t\t\t\t\t<div class=\"elementor-column elementor-col-100 elementor-top-column elementor-element elementor-element-5930f4c\" data-id=\"5930f4c\" data-element_type=\"column\" data-e-type=\"column\">\n\t\t\t<div class=\"elementor-widget-wrap elementor-element-populated\">\n\t\t\t\t\t\t<div class=\"elementor-element elementor-element-b3ef9fb elementor-widget elementor-widget-text-editor\" data-id=\"b3ef9fb\" data-element_type=\"widget\" data-e-type=\"widget\" data-widget_type=\"text-editor.default\">\n\t\t\t\t<div class=\"elementor-widget-container\">\n\t\t\t\t\t\t\t\t\t<p><a href=\"https:\/\/www.change.org\/p\/stopp-industriegebiet-rettet-das-vogelschutzgebiet\/u\/33794037\">Aktualisierung  der Petition vom 14. August 2025<\/a><br \/>Die Ortsgruppe des BUND in Niederkr\u00fcchten hat Herrn B\u00fcrgermeister Karl-Heinz Wassong als Entscheidungstr\u00e4ger hinzugef\u00fcgt.<br \/><br \/>Erstmal ein gro\u00dfes Dankesch\u00f6n an alle, die unsere Petition unterst\u00fctzt haben und dem Schutz des Vogelschutzgebietes eine Stimme geben.<br \/>Wir haben \u00fcber 3600 Unterschriften gesammelt und w\u00fcrden gerne die Petition dem B\u00fcrgermeister der Gemeinde Niederkr\u00fcchten \u00fcberreichen.<br \/>Dieser sieht sich jedoch nicht zust\u00e4ndig. Dabei ist es die Gemeinde, die das Industriegebiet voran treibt. Und obwohl das OVG M\u00fcnster den Weiterbau des Teils Ost in einer Eilentscheidung gestoppt hat, betreibt die Gemeinde unvermindert die Entwicklung des westlichen Teils und des eigenen Autobahnanschlusses (Elm 137 West).<\/p><p>Der BUND in Niederkr\u00fcchten hat daher Herrn B\u00fcrgermeister Karl-Heinz Wassong als Entscheidungstr\u00e4ger hinzugef\u00fcgt.<\/p>\t\t\t\t\t\t\t\t<\/div>\n\t\t\t\t<\/div>\n\t\t\t\t\t<\/div>\n\t\t<\/div>\n\t\t\t\t\t<\/div>\n\t\t<\/section>\n\t\t\t\t<section class=\"elementor-section elementor-top-section elementor-element elementor-element-f7bb641 elementor-section-boxed elementor-section-height-default elementor-section-height-default\" data-id=\"f7bb641\" data-element_type=\"section\" data-e-type=\"section\">\n\t\t\t\t\t\t<div class=\"elementor-container elementor-column-gap-default\">\n\t\t\t\t\t<div class=\"elementor-column elementor-col-100 elementor-top-column elementor-element elementor-element-1abfb39\" data-id=\"1abfb39\" data-element_type=\"column\" data-e-type=\"column\">\n\t\t\t<div class=\"elementor-widget-wrap elementor-element-populated\">\n\t\t\t\t\t\t<div class=\"elementor-element elementor-element-4f4ed24 elementor-widget-divider--view-line elementor-widget elementor-widget-divider\" data-id=\"4f4ed24\" data-element_type=\"widget\" data-e-type=\"widget\" data-widget_type=\"divider.default\">\n\t\t\t\t<div class=\"elementor-widget-container\">\n\t\t\t\t\t\t\t<div class=\"elementor-divider\">\n\t\t\t<span class=\"elementor-divider-separator\">\n\t\t\t\t\t\t<\/span>\n\t\t<\/div>\n\t\t\t\t\t\t<\/div>\n\t\t\t\t<\/div>\n\t\t\t\t\t<\/div>\n\t\t<\/div>\n\t\t\t\t\t<\/div>\n\t\t<\/section>\n\t\t\t\t<section class=\"elementor-section elementor-top-section elementor-element elementor-element-c2071fd elementor-section-boxed elementor-section-height-default elementor-section-height-default\" data-id=\"c2071fd\" data-element_type=\"section\" data-e-type=\"section\">\n\t\t\t\t\t\t<div class=\"elementor-container elementor-column-gap-default\">\n\t\t\t\t\t<div class=\"elementor-column elementor-col-100 elementor-top-column elementor-element elementor-element-33a372b\" data-id=\"33a372b\" data-element_type=\"column\" data-e-type=\"column\">\n\t\t\t<div class=\"elementor-widget-wrap elementor-element-populated\">\n\t\t\t\t\t\t<div class=\"elementor-element elementor-element-0b2e4ee elementor-widget elementor-widget-text-editor\" data-id=\"0b2e4ee\" data-element_type=\"widget\" data-e-type=\"widget\" data-widget_type=\"text-editor.default\">\n\t\t\t\t<div class=\"elementor-widget-container\">\n\t\t\t\t\t\t\t\t\t<p><a href=\"https:\/\/www.change.org\/p\/stopp-industriegebiet-rettet-das-vogelschutzgebiet\/u\/33703808?cs_tk=A08zjSZA9Vq0TNTffWgAAXicyyvNyQEABF8BvDkwY2IxMWFjMGI4N2I0Yjg4YzVjZjZlNzAwNzdjOTI1ZWNkODE0N2I4Mjc3ZDEyOTY0NWQyNmQ3ZDNhY2E0MmY%3D&amp;utm_campaign=07b3be8a16e047ac840accebe6dfbf00&amp;utm_content=initial_v0_9_0&amp;utm_medium=email&amp;utm_source=petition_update&amp;utm_term=cs\">Aktualisierung der Petition vom 4. Juli 2025.<\/a><br \/>Dies zeigt, dass mittlerweile \u00fcber 3.000 Menschen unterschrieben haben.<\/p>\t\t\t\t\t\t\t\t<\/div>\n\t\t\t\t<\/div>\n\t\t\t\t\t<\/div>\n\t\t<\/div>\n\t\t\t\t\t<\/div>\n\t\t<\/section>\n\t\t\t\t<section class=\"elementor-section elementor-top-section elementor-element elementor-element-ff15d2a elementor-section-boxed elementor-section-height-default elementor-section-height-default\" data-id=\"ff15d2a\" data-element_type=\"section\" data-e-type=\"section\">\n\t\t\t\t\t\t<div class=\"elementor-container elementor-column-gap-default\">\n\t\t\t\t\t<div class=\"elementor-column elementor-col-100 elementor-top-column elementor-element elementor-element-cfcd7d8\" data-id=\"cfcd7d8\" data-element_type=\"column\" data-e-type=\"column\">\n\t\t\t<div class=\"elementor-widget-wrap elementor-element-populated\">\n\t\t\t\t\t\t<div class=\"elementor-element elementor-element-3a7177e elementor-widget-divider--view-line elementor-widget elementor-widget-divider\" data-id=\"3a7177e\" data-element_type=\"widget\" data-e-type=\"widget\" data-widget_type=\"divider.default\">\n\t\t\t\t<div class=\"elementor-widget-container\">\n\t\t\t\t\t\t\t<div class=\"elementor-divider\">\n\t\t\t<span class=\"elementor-divider-separator\">\n\t\t\t\t\t\t<\/span>\n\t\t<\/div>\n\t\t\t\t\t\t<\/div>\n\t\t\t\t<\/div>\n\t\t\t\t\t<\/div>\n\t\t<\/div>\n\t\t\t\t\t<\/div>\n\t\t<\/section>\n\t\t\t\t<section class=\"elementor-section elementor-top-section elementor-element elementor-element-0381ba9 elementor-section-boxed elementor-section-height-default elementor-section-height-default\" data-id=\"0381ba9\" data-element_type=\"section\" data-e-type=\"section\">\n\t\t\t\t\t\t<div class=\"elementor-container elementor-column-gap-default\">\n\t\t\t\t\t<div class=\"elementor-column elementor-col-100 elementor-top-column elementor-element elementor-element-ed800c0\" data-id=\"ed800c0\" data-element_type=\"column\" data-e-type=\"column\">\n\t\t\t<div class=\"elementor-widget-wrap elementor-element-populated\">\n\t\t\t\t\t\t<div class=\"elementor-element elementor-element-d744b96 elementor-widget elementor-widget-text-editor\" data-id=\"d744b96\" data-element_type=\"widget\" data-e-type=\"widget\" data-widget_type=\"text-editor.default\">\n\t\t\t\t<div class=\"elementor-widget-container\">\n\t\t\t\t\t\t\t\t\t<p class=\" translation-block\">Eine Petition <strong><a href=\"https:\/\/www.change.org\/p\/stopp-industriegebiet-rettet-das-vogelschutzgebiet\" target=\"_self\">Stopp Industriegebiet! Rettet das Vogelschutzgebiet<\/a>\u00a0<\/strong>wurde im Dezember 2024 vom BUND Niederkr\u00fcchten gestartet,<\/p>\t\t\t\t\t\t\t\t<\/div>\n\t\t\t\t<\/div>\n\t\t\t\t\t<\/div>\n\t\t<\/div>\n\t\t\t\t\t<\/div>\n\t\t<\/section>\n\t\t\t\t<section class=\"elementor-section elementor-top-section elementor-element elementor-element-b54bf4a elementor-section-boxed elementor-section-height-default elementor-section-height-default\" data-id=\"b54bf4a\" data-element_type=\"section\" data-e-type=\"section\">\n\t\t\t\t\t\t<div class=\"elementor-container elementor-column-gap-default\">\n\t\t\t\t\t<div class=\"elementor-column elementor-col-100 elementor-top-column elementor-element elementor-element-17139e7\" data-id=\"17139e7\" data-element_type=\"column\" data-e-type=\"column\">\n\t\t\t<div class=\"elementor-widget-wrap elementor-element-populated\">\n\t\t\t\t\t\t<div class=\"elementor-element elementor-element-9eea949 elementor-widget-divider--view-line elementor-widget elementor-widget-divider\" data-id=\"9eea949\" data-element_type=\"widget\" data-e-type=\"widget\" data-widget_type=\"divider.default\">\n\t\t\t\t<div class=\"elementor-widget-container\">\n\t\t\t\t\t\t\t<div class=\"elementor-divider\">\n\t\t\t<span class=\"elementor-divider-separator\">\n\t\t\t\t\t\t<\/span>\n\t\t<\/div>\n\t\t\t\t\t\t<\/div>\n\t\t\t\t<\/div>\n\t\t\t\t\t<\/div>\n\t\t<\/div>\n\t\t\t\t\t<\/div>\n\t\t<\/section>\n\t\t\t\t<section class=\"elementor-section elementor-top-section elementor-element elementor-element-13b1a70 elementor-section-boxed elementor-section-height-default elementor-section-height-default\" data-id=\"13b1a70\" data-element_type=\"section\" data-e-type=\"section\">\n\t\t\t\t\t\t<div class=\"elementor-container elementor-column-gap-default\">\n\t\t\t\t\t<div class=\"elementor-column elementor-col-100 elementor-top-column elementor-element elementor-element-5dc155f\" data-id=\"5dc155f\" data-element_type=\"column\" data-e-type=\"column\">\n\t\t\t<div class=\"elementor-widget-wrap elementor-element-populated\">\n\t\t\t\t\t\t<div class=\"elementor-element elementor-element-bcbc03d elementor-widget elementor-widget-text-editor\" data-id=\"bcbc03d\" data-element_type=\"widget\" data-e-type=\"widget\" data-widget_type=\"text-editor.default\">\n\t\t\t\t<div class=\"elementor-widget-container\">\n\t\t\t\t\t\t\t\t\t<p>Am 21. September 2018 startet der Nabu eine Petition gegen den Bau von Windkraftanlagen auf dem ehemaligen Flughafen in Elmpt, die letztlich von 1270 Personen unterst\u00fctzt wurde, sehe<a href=\"https:\/\/www.openpetition.de\/petition\/blog\/keine-windkraft-im-ziegenmelkerbrutgebiet\" target=\"_blank\" rel=\"noopener\">\u00a0hier<\/a>\u00a0<\/p>\t\t\t\t\t\t\t\t<\/div>\n\t\t\t\t<\/div>\n\t\t\t\t\t<\/div>\n\t\t<\/div>\n\t\t\t\t\t<\/div>\n\t\t<\/section>\n\t\t\t\t<\/div>","protected":false},"excerpt":{"rendered":"<p>Petitie Stopp Industriegebiet! Rettet das Vogelschutzgebiet Petitie overhandigd aan burgemeester Wassong De overhandiging op 8 oktober 2025 verliep helaas\u00a0 in een gespannen sfeer. Volgens aanwezigen reageerde de burgemeester van Niederkr\u00fcchten afstandelijk en ge\u00efrriteerd. De toon was allesbehalve uitnodigend.Wassong zou de aanwezigen hebben verweten \u201cverkeerde verhalen te verspreiden\u201d in plaats van \u201chet gesprek te zoeken\u201d \u2013 [&hellip;]<\/p>\n","protected":false},"author":3,"featured_media":0,"parent":0,"menu_order":0,"comment_status":"closed","ping_status":"closed","template":"","meta":{"site-sidebar-layout":"no-sidebar","site-content-layout":"page-builder","ast-site-content-layout":"default","site-content-style":"default","site-sidebar-style":"default","ast-global-header-display":"","ast-banner-title-visibility":"","ast-main-header-display":"","ast-hfb-above-header-display":"","ast-hfb-below-header-display":"","ast-hfb-mobile-header-display":"","site-post-title":"disabled","ast-breadcrumbs-content":"","ast-featured-img":"disabled","footer-sml-layout":"","ast-disable-related-posts":"","theme-transparent-header-meta":"","adv-header-id-meta":"","stick-header-meta":"","header-above-stick-meta":"","header-main-stick-meta":"","header-below-stick-meta":"","astra-migrate-meta-layouts":"default","ast-page-background-enabled":"default","ast-page-background-meta":{"desktop":{"background-color":"","background-image":"","background-repeat":"repeat","background-position":"center center","background-size":"auto","background-attachment":"scroll","background-type":"","background-media":"","overlay-type":"","overlay-color":"","overlay-opacity":"","overlay-gradient":""},"tablet":{"background-color":"","background-image":"","background-repeat":"repeat","background-position":"center center","background-size":"auto","background-attachment":"scroll","background-type":"","background-media":"","overlay-type":"","overlay-color":"","overlay-opacity":"","overlay-gradient":""},"mobile":{"background-color":"","background-image":"","background-repeat":"repeat","background-position":"center center","background-size":"auto","background-attachment":"scroll","background-type":"","background-media":"","overlay-type":"","overlay-color":"","overlay-opacity":"","overlay-gradient":""}},"ast-content-background-meta":{"desktop":{"background-color":"var(--ast-global-color-5)","background-image":"","background-repeat":"repeat","background-position":"center center","background-size":"auto","background-attachment":"scroll","background-type":"","background-media":"","overlay-type":"","overlay-color":"","overlay-opacity":"","overlay-gradient":""},"tablet":{"background-color":"var(--ast-global-color-5)","background-image":"","background-repeat":"repeat","background-position":"center center","background-size":"auto","background-attachment":"scroll","background-type":"","background-media":"","overlay-type":"","overlay-color":"","overlay-opacity":"","overlay-gradient":""},"mobile":{"background-color":"var(--ast-global-color-5)","background-image":"","background-repeat":"repeat","background-position":"center center","background-size":"auto","background-attachment":"scroll","background-type":"","background-media":"","overlay-type":"","overlay-color":"","overlay-opacity":"","overlay-gradient":""}},"footnotes":""},"class_list":["post-22991","page","type-page","status-publish","hentry"],"_links":{"self":[{"href":"https:\/\/www.gruenes-grenzland.net\/de\/wp-json\/wp\/v2\/pages\/22991","targetHints":{"allow":["GET"]}}],"collection":[{"href":"https:\/\/www.gruenes-grenzland.net\/de\/wp-json\/wp\/v2\/pages"}],"about":[{"href":"https:\/\/www.gruenes-grenzland.net\/de\/wp-json\/wp\/v2\/types\/page"}],"author":[{"embeddable":true,"href":"https:\/\/www.gruenes-grenzland.net\/de\/wp-json\/wp\/v2\/users\/3"}],"replies":[{"embeddable":true,"href":"https:\/\/www.gruenes-grenzland.net\/de\/wp-json\/wp\/v2\/comments?post=22991"}],"version-history":[{"count":52,"href":"https:\/\/www.gruenes-grenzland.net\/de\/wp-json\/wp\/v2\/pages\/22991\/revisions"}],"predecessor-version":[{"id":23496,"href":"https:\/\/www.gruenes-grenzland.net\/de\/wp-json\/wp\/v2\/pages\/22991\/revisions\/23496"}],"wp:attachment":[{"href":"https:\/\/www.gruenes-grenzland.net\/de\/wp-json\/wp\/v2\/media?parent=22991"}],"curies":[{"name":"wp","href":"https:\/\/api.w.org\/{rel}","templated":true}]}}