{"id":7152,"date":"2022-06-09T14:35:13","date_gmt":"2022-06-09T12:35:13","guid":{"rendered":"https:\/\/www.gruenes-grenzland.net\/?page_id=7152"},"modified":"2024-05-17T13:41:18","modified_gmt":"2024-05-17T11:41:18","slug":"planologisch-juridisch-kader","status":"publish","type":"page","link":"https:\/\/www.gruenes-grenzland.net\/de\/planologisch-juridisch-kader\/","title":{"rendered":"Planung\/rechtliche Rahmen-bedingungen"},"content":{"rendered":"<div data-elementor-type=\"wp-page\" data-elementor-id=\"7152\" class=\"elementor elementor-7152\" data-elementor-post-type=\"page\">\n\t\t\t\t\t\t<section class=\"elementor-section elementor-top-section elementor-element elementor-element-462af80 elementor-section-boxed elementor-section-height-default elementor-section-height-default\" data-id=\"462af80\" data-element_type=\"section\" data-e-type=\"section\">\n\t\t\t\t\t\t<div class=\"elementor-container elementor-column-gap-default\">\n\t\t\t\t\t<div class=\"elementor-column elementor-col-100 elementor-top-column elementor-element elementor-element-f53a7a1\" data-id=\"f53a7a1\" data-element_type=\"column\" data-e-type=\"column\">\n\t\t\t<div class=\"elementor-widget-wrap elementor-element-populated\">\n\t\t\t\t\t\t<div class=\"elementor-element elementor-element-eadeeef elementor-widget-divider--view-line elementor-widget elementor-widget-divider\" data-id=\"eadeeef\" data-element_type=\"widget\" data-e-type=\"widget\" data-widget_type=\"divider.default\">\n\t\t\t\t<div class=\"elementor-widget-container\">\n\t\t\t\t\t\t\t<div class=\"elementor-divider\">\n\t\t\t<span class=\"elementor-divider-separator\">\n\t\t\t\t\t\t<\/span>\n\t\t<\/div>\n\t\t\t\t\t\t<\/div>\n\t\t\t\t<\/div>\n\t\t\t\t\t<\/div>\n\t\t<\/div>\n\t\t\t\t\t<\/div>\n\t\t<\/section>\n\t\t\t\t<section class=\"elementor-section elementor-top-section elementor-element elementor-element-6d81a0e elementor-section-boxed elementor-section-height-default elementor-section-height-default\" data-id=\"6d81a0e\" data-element_type=\"section\" data-e-type=\"section\">\n\t\t\t\t\t\t<div class=\"elementor-container elementor-column-gap-default\">\n\t\t\t\t\t<div class=\"elementor-column elementor-col-100 elementor-top-column elementor-element elementor-element-413f738\" data-id=\"413f738\" data-element_type=\"column\" data-e-type=\"column\">\n\t\t\t<div class=\"elementor-widget-wrap elementor-element-populated\">\n\t\t\t\t\t\t<div class=\"elementor-element elementor-element-a5ab269 elementor-widget elementor-widget-heading\" data-id=\"a5ab269\" data-element_type=\"widget\" data-e-type=\"widget\" data-widget_type=\"heading.default\">\n\t\t\t\t<div class=\"elementor-widget-container\">\n\t\t\t\t\t<h2 class=\"elementor-heading-title elementor-size-default\">Planung\/rechtliche Rahmen-bedingungen<\/h2>\t\t\t\t<\/div>\n\t\t\t\t<\/div>\n\t\t\t\t\t<\/div>\n\t\t<\/div>\n\t\t\t\t\t<\/div>\n\t\t<\/section>\n\t\t\t\t<section class=\"elementor-section elementor-top-section elementor-element elementor-element-d2e604d elementor-section-boxed elementor-section-height-default elementor-section-height-default\" data-id=\"d2e604d\" data-element_type=\"section\" data-e-type=\"section\">\n\t\t\t\t\t\t<div class=\"elementor-container elementor-column-gap-default\">\n\t\t\t\t\t<div class=\"elementor-column elementor-col-33 elementor-top-column elementor-element elementor-element-2ad142f\" data-id=\"2ad142f\" data-element_type=\"column\" data-e-type=\"column\" data-settings=\"{&quot;background_background&quot;:&quot;classic&quot;}\">\n\t\t\t<div class=\"elementor-widget-wrap elementor-element-populated\">\n\t\t\t\t\t\t<div class=\"elementor-element elementor-element-fde24f4 elementor-widget elementor-widget-text-editor\" data-id=\"fde24f4\" data-element_type=\"widget\" data-e-type=\"widget\" data-widget_type=\"text-editor.default\">\n\t\t\t\t<div class=\"elementor-widget-container\">\n\t\t\t\t\t\t\t\t\t<p><a href=\"#Bebouwingsplan\">Bebauungsplan<\/a><\/p><p><a href=\"#Bestemmingsplan\">Fl\u00e4chennutzungsplan<\/a><\/p>\t\t\t\t\t\t\t\t<\/div>\n\t\t\t\t<\/div>\n\t\t\t\t\t<\/div>\n\t\t<\/div>\n\t\t\t\t<div class=\"elementor-column elementor-col-33 elementor-top-column elementor-element elementor-element-1bf23d2\" data-id=\"1bf23d2\" data-element_type=\"column\" data-e-type=\"column\">\n\t\t\t<div class=\"elementor-widget-wrap elementor-element-populated\">\n\t\t\t\t\t\t<div class=\"elementor-element elementor-element-b14c31e elementor-widget elementor-widget-text-editor\" data-id=\"b14c31e\" data-element_type=\"widget\" data-e-type=\"widget\" data-widget_type=\"text-editor.default\">\n\t\t\t\t<div class=\"elementor-widget-container\">\n\t\t\t\t\t\t\t\t\t<p><a href=\"#Landschapsplan\">Landschafstplan<\/a><\/p><p><a href=\"#Streekplan\">Regionalplan<\/a><\/p>\t\t\t\t\t\t\t\t<\/div>\n\t\t\t\t<\/div>\n\t\t\t\t\t<\/div>\n\t\t<\/div>\n\t\t\t\t<div class=\"elementor-column elementor-col-33 elementor-top-column elementor-element elementor-element-cdd3856\" data-id=\"cdd3856\" data-element_type=\"column\" data-e-type=\"column\">\n\t\t\t<div class=\"elementor-widget-wrap elementor-element-populated\">\n\t\t\t\t\t\t<div class=\"elementor-element elementor-element-7ce9557 elementor-widget elementor-widget-text-editor\" data-id=\"7ce9557\" data-element_type=\"widget\" data-e-type=\"widget\" data-widget_type=\"text-editor.default\">\n\t\t\t\t<div class=\"elementor-widget-container\">\n\t\t\t\t\t\t\t\t\t<p><a href=\"#Natura2000\">Natura 2000<\/a><\/p><p><a href=\"#Aahrus\">Internationale Konventionen zur grenz\u00fcberschreitenden Beteiligung der \u00d6ffentlichkeit<\/a><\/p>\t\t\t\t\t\t\t\t<\/div>\n\t\t\t\t<\/div>\n\t\t\t\t\t<\/div>\n\t\t<\/div>\n\t\t\t\t\t<\/div>\n\t\t<\/section>\n\t\t\t\t<section class=\"elementor-section elementor-top-section elementor-element elementor-element-ca7d5df elementor-section-boxed elementor-section-height-default elementor-section-height-default\" data-id=\"ca7d5df\" data-element_type=\"section\" data-e-type=\"section\">\n\t\t\t\t\t\t<div class=\"elementor-container elementor-column-gap-default\">\n\t\t\t\t\t<div class=\"elementor-column elementor-col-100 elementor-top-column elementor-element elementor-element-59baab7\" data-id=\"59baab7\" data-element_type=\"column\" data-e-type=\"column\">\n\t\t\t<div class=\"elementor-widget-wrap elementor-element-populated\">\n\t\t\t\t\t\t<div class=\"elementor-element elementor-element-1dcd135 elementor-widget-divider--view-line elementor-widget elementor-widget-divider\" data-id=\"1dcd135\" data-element_type=\"widget\" data-e-type=\"widget\" data-widget_type=\"divider.default\">\n\t\t\t\t<div class=\"elementor-widget-container\">\n\t\t\t\t\t\t\t<div class=\"elementor-divider\">\n\t\t\t<span class=\"elementor-divider-separator\">\n\t\t\t\t\t\t<\/span>\n\t\t<\/div>\n\t\t\t\t\t\t<\/div>\n\t\t\t\t<\/div>\n\t\t\t\t\t<\/div>\n\t\t<\/div>\n\t\t\t\t\t<\/div>\n\t\t<\/section>\n\t\t\t\t<section class=\"elementor-section elementor-top-section elementor-element elementor-element-67742d9 elementor-section-boxed elementor-section-height-default elementor-section-height-default\" data-id=\"67742d9\" data-element_type=\"section\" data-e-type=\"section\">\n\t\t\t\t\t\t<div class=\"elementor-container elementor-column-gap-default\">\n\t\t\t\t\t<div class=\"elementor-column elementor-col-100 elementor-top-column elementor-element elementor-element-b07261e\" data-id=\"b07261e\" data-element_type=\"column\" data-e-type=\"column\">\n\t\t\t<div class=\"elementor-widget-wrap elementor-element-populated\">\n\t\t\t\t\t\t<div class=\"elementor-element elementor-element-5776da9 elementor-widget elementor-widget-menu-anchor\" data-id=\"5776da9\" data-element_type=\"widget\" data-e-type=\"widget\" data-widget_type=\"menu-anchor.default\">\n\t\t\t\t<div class=\"elementor-widget-container\">\n\t\t\t\t\t\t\t<div class=\"elementor-menu-anchor\" id=\"Bebouwingsplan\"><\/div>\n\t\t\t\t\t\t<\/div>\n\t\t\t\t<\/div>\n\t\t\t\t\t<\/div>\n\t\t<\/div>\n\t\t\t\t\t<\/div>\n\t\t<\/section>\n\t\t\t\t<section class=\"elementor-section elementor-top-section elementor-element elementor-element-7fa8a10 elementor-section-boxed elementor-section-height-default elementor-section-height-default\" data-id=\"7fa8a10\" data-element_type=\"section\" data-e-type=\"section\">\n\t\t\t\t\t\t<div class=\"elementor-container elementor-column-gap-default\">\n\t\t\t\t\t<div class=\"elementor-column elementor-col-100 elementor-top-column elementor-element elementor-element-1e74015\" data-id=\"1e74015\" data-element_type=\"column\" data-e-type=\"column\">\n\t\t\t<div class=\"elementor-widget-wrap elementor-element-populated\">\n\t\t\t\t\t\t<div class=\"elementor-element elementor-element-55b67ba elementor-widget elementor-widget-text-editor\" data-id=\"55b67ba\" data-element_type=\"widget\" data-e-type=\"widget\" data-widget_type=\"text-editor.default\">\n\t\t\t\t<div class=\"elementor-widget-container\">\n\t\t\t\t\t\t\t\t\t<p><strong>Bebauungsplan<\/strong><\/p>\t\t\t\t\t\t\t\t<\/div>\n\t\t\t\t<\/div>\n\t\t\t\t\t<\/div>\n\t\t<\/div>\n\t\t\t\t\t<\/div>\n\t\t<\/section>\n\t\t\t\t<section class=\"elementor-section elementor-top-section elementor-element elementor-element-11ec156 elementor-section-boxed elementor-section-height-default elementor-section-height-default\" data-id=\"11ec156\" data-element_type=\"section\" data-e-type=\"section\">\n\t\t\t\t\t\t<div class=\"elementor-container elementor-column-gap-default\">\n\t\t\t\t\t<div class=\"elementor-column elementor-col-100 elementor-top-column elementor-element elementor-element-1fea18f\" data-id=\"1fea18f\" data-element_type=\"column\" data-e-type=\"column\">\n\t\t\t<div class=\"elementor-widget-wrap elementor-element-populated\">\n\t\t\t\t\t\t<div class=\"elementor-element elementor-element-ee8d15d elementor-widget elementor-widget-text-editor\" data-id=\"ee8d15d\" data-element_type=\"widget\" data-e-type=\"widget\" data-widget_type=\"text-editor.default\">\n\t\t\t\t<div class=\"elementor-widget-container\">\n\t\t\t\t\t\t\t\t\t<p>Der Fl\u00e4chennutzungsplan umfasst in der Regel das gesamte Gemeindegebiet, trifft aber als vorbereitender Bauleitplan noch keine verbindlichen Festsetzungen. Der Bebauungsplan beschr\u00e4nkt sich auf Teile des Gemeindegebiets und enth\u00e4lt verbindliche Regelungen, wie die Grundst\u00fccke bebaut werden k\u00f6nnen.<\/p><p>\u00a0<\/p>\t\t\t\t\t\t\t\t<\/div>\n\t\t\t\t<\/div>\n\t\t\t\t\t<\/div>\n\t\t<\/div>\n\t\t\t\t\t<\/div>\n\t\t<\/section>\n\t\t\t\t<section class=\"elementor-section elementor-top-section elementor-element elementor-element-c9322e7 elementor-section-boxed elementor-section-height-default elementor-section-height-default\" data-id=\"c9322e7\" data-element_type=\"section\" data-e-type=\"section\">\n\t\t\t\t\t\t<div class=\"elementor-container elementor-column-gap-default\">\n\t\t\t\t\t<div class=\"elementor-column elementor-col-100 elementor-top-column elementor-element elementor-element-6e6e708\" data-id=\"6e6e708\" data-element_type=\"column\" data-e-type=\"column\">\n\t\t\t<div class=\"elementor-widget-wrap elementor-element-populated\">\n\t\t\t\t\t\t<div class=\"elementor-element elementor-element-a1b0769 elementor-widget-divider--view-line elementor-widget elementor-widget-divider\" data-id=\"a1b0769\" data-element_type=\"widget\" data-e-type=\"widget\" data-widget_type=\"divider.default\">\n\t\t\t\t<div class=\"elementor-widget-container\">\n\t\t\t\t\t\t\t<div class=\"elementor-divider\">\n\t\t\t<span class=\"elementor-divider-separator\">\n\t\t\t\t\t\t<\/span>\n\t\t<\/div>\n\t\t\t\t\t\t<\/div>\n\t\t\t\t<\/div>\n\t\t\t\t\t<\/div>\n\t\t<\/div>\n\t\t\t\t\t<\/div>\n\t\t<\/section>\n\t\t\t\t<section class=\"elementor-section elementor-top-section elementor-element elementor-element-46f2a84 elementor-section-boxed elementor-section-height-default elementor-section-height-default\" data-id=\"46f2a84\" data-element_type=\"section\" data-e-type=\"section\">\n\t\t\t\t\t\t<div class=\"elementor-container elementor-column-gap-default\">\n\t\t\t\t\t<div class=\"elementor-column elementor-col-50 elementor-top-column elementor-element elementor-element-8ccaee9\" data-id=\"8ccaee9\" data-element_type=\"column\" data-e-type=\"column\">\n\t\t\t<div class=\"elementor-widget-wrap elementor-element-populated\">\n\t\t\t\t\t\t<div class=\"elementor-element elementor-element-e2e05b8 elementor-widget elementor-widget-image\" data-id=\"e2e05b8\" data-element_type=\"widget\" data-e-type=\"widget\" data-widget_type=\"image.default\">\n\t\t\t\t<div class=\"elementor-widget-container\">\n\t\t\t\t\t\t\t\t\t\t\t\t\t\t\t<img fetchpriority=\"high\" decoding=\"async\" width=\"1024\" height=\"724\" src=\"https:\/\/www.gruenes-grenzland.net\/wp-content\/uploads\/2022\/12\/Vorentwurf_des_Bebauungsplans-1024x724.jpg\" class=\"attachment-large size-large wp-image-10145\" alt=\"\" srcset=\"https:\/\/www.gruenes-grenzland.net\/wp-content\/uploads\/2022\/12\/Vorentwurf_des_Bebauungsplans-1024x724.jpg 1024w, https:\/\/www.gruenes-grenzland.net\/wp-content\/uploads\/2022\/12\/Vorentwurf_des_Bebauungsplans-300x212.jpg 300w, https:\/\/www.gruenes-grenzland.net\/wp-content\/uploads\/2022\/12\/Vorentwurf_des_Bebauungsplans-768x543.jpg 768w, https:\/\/www.gruenes-grenzland.net\/wp-content\/uploads\/2022\/12\/Vorentwurf_des_Bebauungsplans-1536x1087.jpg 1536w, https:\/\/www.gruenes-grenzland.net\/wp-content\/uploads\/2022\/12\/Vorentwurf_des_Bebauungsplans-2048x1449.jpg 2048w, https:\/\/www.gruenes-grenzland.net\/wp-content\/uploads\/2022\/12\/Vorentwurf_des_Bebauungsplans-18x12.jpg 18w\" sizes=\"(max-width: 1024px) 100vw, 1024px\" \/>\t\t\t\t\t\t\t\t\t\t\t\t\t\t\t<\/div>\n\t\t\t\t<\/div>\n\t\t\t\t\t<\/div>\n\t\t<\/div>\n\t\t\t\t<div class=\"elementor-column elementor-col-50 elementor-top-column elementor-element elementor-element-63eb4e4\" data-id=\"63eb4e4\" data-element_type=\"column\" data-e-type=\"column\">\n\t\t\t<div class=\"elementor-widget-wrap elementor-element-populated\">\n\t\t\t\t\t\t<div class=\"elementor-element elementor-element-e646971 elementor-widget elementor-widget-image\" data-id=\"e646971\" data-element_type=\"widget\" data-e-type=\"widget\" data-widget_type=\"image.default\">\n\t\t\t\t<div class=\"elementor-widget-container\">\n\t\t\t\t\t\t\t\t\t\t\t\t\t\t\t<img decoding=\"async\" width=\"1024\" height=\"724\" src=\"https:\/\/www.gruenes-grenzland.net\/wp-content\/uploads\/2024\/05\/Bebouwingsplan-Ost-hoogten-2024-grgr-1024x724.jpg\" class=\"attachment-large size-large wp-image-17030\" alt=\"\" srcset=\"https:\/\/www.gruenes-grenzland.net\/wp-content\/uploads\/2024\/05\/Bebouwingsplan-Ost-hoogten-2024-grgr-1024x724.jpg 1024w, https:\/\/www.gruenes-grenzland.net\/wp-content\/uploads\/2024\/05\/Bebouwingsplan-Ost-hoogten-2024-grgr-300x212.jpg 300w, https:\/\/www.gruenes-grenzland.net\/wp-content\/uploads\/2024\/05\/Bebouwingsplan-Ost-hoogten-2024-grgr-768x543.jpg 768w, https:\/\/www.gruenes-grenzland.net\/wp-content\/uploads\/2024\/05\/Bebouwingsplan-Ost-hoogten-2024-grgr-1536x1086.jpg 1536w, https:\/\/www.gruenes-grenzland.net\/wp-content\/uploads\/2024\/05\/Bebouwingsplan-Ost-hoogten-2024-grgr-2048x1448.jpg 2048w, https:\/\/www.gruenes-grenzland.net\/wp-content\/uploads\/2024\/05\/Bebouwingsplan-Ost-hoogten-2024-grgr-18x12.jpg 18w\" sizes=\"(max-width: 1024px) 100vw, 1024px\" \/>\t\t\t\t\t\t\t\t\t\t\t\t\t\t\t<\/div>\n\t\t\t\t<\/div>\n\t\t\t\t\t<\/div>\n\t\t<\/div>\n\t\t\t\t\t<\/div>\n\t\t<\/section>\n\t\t\t\t<section class=\"elementor-section elementor-top-section elementor-element elementor-element-fbc2645 elementor-section-boxed elementor-section-height-default elementor-section-height-default\" data-id=\"fbc2645\" data-element_type=\"section\" data-e-type=\"section\">\n\t\t\t\t\t\t<div class=\"elementor-container elementor-column-gap-default\">\n\t\t\t\t\t<div class=\"elementor-column elementor-col-100 elementor-top-column elementor-element elementor-element-c6b67ac\" data-id=\"c6b67ac\" data-element_type=\"column\" data-e-type=\"column\">\n\t\t\t<div class=\"elementor-widget-wrap\">\n\t\t\t\t\t\t\t<\/div>\n\t\t<\/div>\n\t\t\t\t\t<\/div>\n\t\t<\/section>\n\t\t\t\t<section class=\"elementor-section elementor-top-section elementor-element elementor-element-7f48556 elementor-section-boxed elementor-section-height-default elementor-section-height-default\" data-id=\"7f48556\" data-element_type=\"section\" data-e-type=\"section\">\n\t\t\t\t\t\t<div class=\"elementor-container elementor-column-gap-default\">\n\t\t\t\t\t<div class=\"elementor-column elementor-col-100 elementor-top-column elementor-element elementor-element-7903e8c\" data-id=\"7903e8c\" data-element_type=\"column\" data-e-type=\"column\">\n\t\t\t<div class=\"elementor-widget-wrap elementor-element-populated\">\n\t\t\t\t\t\t<div class=\"elementor-element elementor-element-530565b elementor-widget elementor-widget-text-editor\" data-id=\"530565b\" data-element_type=\"widget\" data-e-type=\"widget\" data-widget_type=\"text-editor.default\">\n\t\t\t\t<div class=\"elementor-widget-container\">\n\t\t\t\t\t\t\t\t\t<p>Wie der Plan f\u00fcr den \u00f6stlichen Teil - Javelin Park Ost - aussehen wird, ist jetzt viel klarer, siehe die Karten oben. Linke Version 2022, rechte Version 2024 mit eingezeichneten Hallenh\u00f6hen unter der Annahme einer durchschnittlichen Erdgeschossh\u00f6he von 70 m + NAP.\u00a0\u00a0<\/p><p>Am 14. Dezember 2022 befasste sich der Ausschuss f\u00fcr Planung, Verkehr und Eigentum mit dem Plan f\u00fcr den \u00f6stlichen Teil des Javelin-Parks auf dem ehemaligen Flughafen. Vertreter der verschiedenen Planungsb\u00fcros erl\u00e4uterten die vom Projekttr\u00e4ger in Auftrag gegebenen Berichte. Diese k\u00f6nnen Sie in der beigef\u00fcgten Zusammenfassung selbst nachlesen, sehe <a href=\"https:\/\/www.gruenes-grenzland.net\/wp-content\/uploads\/2022\/12\/Vorentwurf-Bebauungsplan-Elm131-\u201eJavelin-Park-Ost-Uebersicht-Gutachten.docx\"><b>hier<\/b><\/a>.\u00a0\u00a0<span style=\"font-style: inherit; font-weight: inherit; background-color: var(--ast-global-color-4); color: var(--ast-global-color-3);\">Schon jetzt fallen einige Punkte auf, die besondere Aufmerksamkeit verdienen.\u00a0<\/span><\/p><p><span style=\"font-style: inherit; font-weight: inherit; background-color: var(--ast-global-color-4); color: var(--ast-global-color-3);\">Dies ist eindeutig ein Fall der so genannten Salamitaktik.\u00a0<\/span><span style=\"background-color: var(--ast-global-color-4); color: var(--ast-global-color-3); font-style: inherit; font-weight: inherit;\">Nur die H\u00e4lfte der (Umwelt-)Auswirkungen des Plans wird bewertet. So ist beispielsweise von einer Verkehrszunahme von rund 11.000 Kraftfahrzeugen pro 24 Stunden die Rede. Rechnet man Javelin West hinzu, so ergibt sich eine Zunahme von mindestens 20.000 Kraftfahrzeugen pro 24 Stunden. Auch die Auswirkungen auf die Natur und das Landschaftsbild werden erheblich gr\u00f6\u00dfer sein, wenn die Auswirkungen des gesamten Vorhabens (also nicht Javelin Ost, sondern auch Javelin West und die sieben Windkraftanlagen) dargestellt werden.<\/span><\/p><p><span style=\"font-style: inherit; font-weight: inherit; background-color: var(--ast-global-color-4); color: var(--ast-global-color-3);\">In Anbetracht der erheblichen grenz\u00fcberschreitenden Auswirkungen ist es nat\u00fcrlich ein gro\u00dfes Vers\u00e4umnis, dass die Berichte nicht in niederl\u00e4ndischer Sprache vorgelegt wurden.<\/span><\/p><p>Ab dem 5. Januar 2023 beginnt das f\u00f6rmliche Verfahren zur Beteiligung der \u00d6ffentlichkeit. Die \u00f6ffentliche Konsultation dauert sechs Wochen. (bis 15. Februar 2023)\u00a0<\/p><p><span style=\"font-style: inherit; font-weight: inherit; background-color: var(--ast-global-color-4); color: var(--ast-global-color-3);\">Eine sogenannte \u00f6ffentliche Auslegung und Anh\u00f6rung zum Vorentwurf des Fl\u00e4chennutzungsplans findet am Donnerstag, 12. Januar 2023, um 17.30 Uhr in der Begegnungsst\u00e4tte Niederkr\u00fcchten, Oberkr\u00fcchtener Weg 42, statt. Bei diesem Treffen werden die allgemeinen Ziele der Planung erl\u00e4utert. Die Teilnehmer werden auch die M\u00f6glichkeit haben, sich zur Planung zu \u00e4u\u00dfern.<\/span><\/p><p><span style=\"font-style: inherit; font-weight: inherit; background-color: var(--ast-global-color-4); color: var(--ast-global-color-3);\">Als Gr\u00fcnes Grenzland werden wir sicherlich auf den vorliegenden Plan reagieren.<\/span><\/p><p><span style=\"font-style: inherit; font-weight: inherit; background-color: var(--ast-global-color-4); color: var(--ast-global-color-3);\">Wir werden Sie auf dem Laufenden halten.<\/span><\/p>\t\t\t\t\t\t\t\t<\/div>\n\t\t\t\t<\/div>\n\t\t\t\t\t<\/div>\n\t\t<\/div>\n\t\t\t\t\t<\/div>\n\t\t<\/section>\n\t\t\t\t<section class=\"elementor-section elementor-top-section elementor-element elementor-element-842d56c elementor-section-boxed elementor-section-height-default elementor-section-height-default\" data-id=\"842d56c\" data-element_type=\"section\" data-e-type=\"section\">\n\t\t\t\t\t\t<div class=\"elementor-container elementor-column-gap-default\">\n\t\t\t\t\t<div class=\"elementor-column elementor-col-100 elementor-top-column elementor-element elementor-element-8c96396\" data-id=\"8c96396\" data-element_type=\"column\" data-e-type=\"column\">\n\t\t\t<div class=\"elementor-widget-wrap elementor-element-populated\">\n\t\t\t\t\t\t<div class=\"elementor-element elementor-element-0bbbaea elementor-widget-divider--view-line elementor-widget elementor-widget-divider\" data-id=\"0bbbaea\" data-element_type=\"widget\" data-e-type=\"widget\" data-widget_type=\"divider.default\">\n\t\t\t\t<div class=\"elementor-widget-container\">\n\t\t\t\t\t\t\t<div class=\"elementor-divider\">\n\t\t\t<span class=\"elementor-divider-separator\">\n\t\t\t\t\t\t<\/span>\n\t\t<\/div>\n\t\t\t\t\t\t<\/div>\n\t\t\t\t<\/div>\n\t\t\t\t\t<\/div>\n\t\t<\/div>\n\t\t\t\t\t<\/div>\n\t\t<\/section>\n\t\t\t\t<section class=\"elementor-section elementor-top-section elementor-element elementor-element-f6c29f1 elementor-section-boxed elementor-section-height-default elementor-section-height-default\" data-id=\"f6c29f1\" data-element_type=\"section\" data-e-type=\"section\">\n\t\t\t\t\t\t<div class=\"elementor-container elementor-column-gap-default\">\n\t\t\t\t\t<div class=\"elementor-column elementor-col-50 elementor-top-column elementor-element elementor-element-f9bda61\" data-id=\"f9bda61\" data-element_type=\"column\" data-e-type=\"column\">\n\t\t\t<div class=\"elementor-widget-wrap elementor-element-populated\">\n\t\t\t\t\t\t<div class=\"elementor-element elementor-element-faadab8 elementor-widget elementor-widget-text-editor\" data-id=\"faadab8\" data-element_type=\"widget\" data-e-type=\"widget\" data-widget_type=\"text-editor.default\">\n\t\t\t\t<div class=\"elementor-widget-container\">\n\t\t\t\t\t\t\t\t\t<p>Als weitere Umsetzung des Fl\u00e4chennutzungsplan Elmpt \u201eMilitiairgel\u00e4nde Elmpt\u201c wurde f\u00fcr den nord\u00f6stlichen Teil ein Bebauungsplan erstellt, sehe <a href=\"https:\/\/www.niederkruechten.de\/de\/inhalt\/bebauungsplan-elm-131-javelin-park-ost\/\">hier<\/a><\/p>\n<p><span style=\"font-style: inherit; font-weight: inherit; background-color: var(--ast-global-color-4); color: var(--ast-global-color-3);\">Die \u00d6ffentlichkeit kann sich in der Zeit vom 20. Juni 2022 bis einschlie\u00dflich 22. Juli 2022 im Fachbereich II -, Planen, Bauen, Umwelt-, der Gemeindeverwaltung Niederkr\u00fcchten, Rathaus Elmpt, Laurentiusstr.19, Zimmer 2, w\u00e4hrend folgender Dienststunden \u00fcber die allgemeinen Ziele und Zwecke sowie die wesentlichen Auswirkungen der Planung informieren und sich zur Planung \u00e4u\u00dfern.<\/span><\/p>\t\t\t\t\t\t\t\t<\/div>\n\t\t\t\t<\/div>\n\t\t\t\t\t<\/div>\n\t\t<\/div>\n\t\t\t\t<div class=\"elementor-column elementor-col-50 elementor-top-column elementor-element elementor-element-ffafe7f\" data-id=\"ffafe7f\" data-element_type=\"column\" data-e-type=\"column\">\n\t\t\t<div class=\"elementor-widget-wrap elementor-element-populated\">\n\t\t\t\t\t\t<div class=\"elementor-element elementor-element-92c228e elementor-widget elementor-widget-image\" data-id=\"92c228e\" data-element_type=\"widget\" data-e-type=\"widget\" data-widget_type=\"image.default\">\n\t\t\t\t<div class=\"elementor-widget-container\">\n\t\t\t\t\t\t\t\t\t\t\t\t\t\t\t<img decoding=\"async\" width=\"871\" height=\"591\" src=\"https:\/\/www.gruenes-grenzland.net\/wp-content\/uploads\/2022\/06\/Bebauungsplans-Elm-131-\u201eJavelin-Park-Ost-1.jpg\" class=\"attachment-large size-large wp-image-8208\" alt=\"\" srcset=\"https:\/\/www.gruenes-grenzland.net\/wp-content\/uploads\/2022\/06\/Bebauungsplans-Elm-131-\u201eJavelin-Park-Ost-1.jpg 871w, https:\/\/www.gruenes-grenzland.net\/wp-content\/uploads\/2022\/06\/Bebauungsplans-Elm-131-\u201eJavelin-Park-Ost-1-300x204.jpg 300w, https:\/\/www.gruenes-grenzland.net\/wp-content\/uploads\/2022\/06\/Bebauungsplans-Elm-131-\u201eJavelin-Park-Ost-1-768x521.jpg 768w, https:\/\/www.gruenes-grenzland.net\/wp-content\/uploads\/2022\/06\/Bebauungsplans-Elm-131-\u201eJavelin-Park-Ost-1-18x12.jpg 18w\" sizes=\"(max-width: 871px) 100vw, 871px\" \/>\t\t\t\t\t\t\t\t\t\t\t\t\t\t\t<\/div>\n\t\t\t\t<\/div>\n\t\t\t\t\t<\/div>\n\t\t<\/div>\n\t\t\t\t\t<\/div>\n\t\t<\/section>\n\t\t\t\t<section class=\"elementor-section elementor-top-section elementor-element elementor-element-d4b467f elementor-section-boxed elementor-section-height-default elementor-section-height-default\" data-id=\"d4b467f\" data-element_type=\"section\" data-e-type=\"section\">\n\t\t\t\t\t\t<div class=\"elementor-container elementor-column-gap-default\">\n\t\t\t\t\t<div class=\"elementor-column elementor-col-100 elementor-top-column elementor-element elementor-element-e74424c\" data-id=\"e74424c\" data-element_type=\"column\" data-e-type=\"column\">\n\t\t\t<div class=\"elementor-widget-wrap elementor-element-populated\">\n\t\t\t\t\t\t<div class=\"elementor-element elementor-element-0a2cfec elementor-widget-divider--view-line elementor-widget elementor-widget-divider\" data-id=\"0a2cfec\" data-element_type=\"widget\" data-e-type=\"widget\" data-widget_type=\"divider.default\">\n\t\t\t\t<div class=\"elementor-widget-container\">\n\t\t\t\t\t\t\t<div class=\"elementor-divider\">\n\t\t\t<span class=\"elementor-divider-separator\">\n\t\t\t\t\t\t<\/span>\n\t\t<\/div>\n\t\t\t\t\t\t<\/div>\n\t\t\t\t<\/div>\n\t\t\t\t\t<\/div>\n\t\t<\/div>\n\t\t\t\t\t<\/div>\n\t\t<\/section>\n\t\t\t\t<section class=\"elementor-section elementor-top-section elementor-element elementor-element-e26409a elementor-section-boxed elementor-section-height-default elementor-section-height-default\" data-id=\"e26409a\" data-element_type=\"section\" data-e-type=\"section\">\n\t\t\t\t\t\t<div class=\"elementor-container elementor-column-gap-default\">\n\t\t\t\t\t<div class=\"elementor-column elementor-col-50 elementor-top-column elementor-element elementor-element-c5c88bc\" data-id=\"c5c88bc\" data-element_type=\"column\" data-e-type=\"column\">\n\t\t\t<div class=\"elementor-widget-wrap elementor-element-populated\">\n\t\t\t\t\t\t<div class=\"elementor-element elementor-element-9e9047a elementor-widget elementor-widget-text-editor\" data-id=\"9e9047a\" data-element_type=\"widget\" data-e-type=\"widget\" data-widget_type=\"text-editor.default\">\n\t\t\t\t<div class=\"elementor-widget-container\">\n\t\t\t\t\t\t\t\t\t<div>Das rechts dargestellte Video gibt Ihnen einen Eindruck von der bebauten Fl\u00e4che des ehemaligen Flughafens Elmpt, ungef\u00e4hr der Fl\u00e4che, die jetzt an Verdion verkauft wurde. <br \/>Eines der h\u00e4ufig geh\u00f6rten Argumente bzgl der Kauf des Areals durch Verdion ist, dass das Gel\u00e4nde ohnehin bebaut ist, also eine relevante Vorgeschichte hat und belastet ist.<\/div><div>Wenn Sie sich das Video genau ansehen, haben Sie sofort die Antwort, warum \u201ebebaut\u201c (mit ca. 10 % Verdichtung) nicht gleich \u201ebebaut\u201c (mit ca. 80 % Verdichtung wie derzeit in den Pl\u00e4nen vorgesehen) ist.\nHier bieten sich also auch M\u00f6glichkeiten f\u00fcr neue Natur, sozial verantwortliches Wohnen und dergleichen.<\/div>\t\t\t\t\t\t\t\t<\/div>\n\t\t\t\t<\/div>\n\t\t\t\t\t<\/div>\n\t\t<\/div>\n\t\t\t\t<div class=\"elementor-column elementor-col-50 elementor-top-column elementor-element elementor-element-1ea3c70\" data-id=\"1ea3c70\" data-element_type=\"column\" data-e-type=\"column\">\n\t\t\t<div class=\"elementor-widget-wrap elementor-element-populated\">\n\t\t\t\t\t\t<div class=\"elementor-element elementor-element-302e99a elementor-widget elementor-widget-video\" data-id=\"302e99a\" data-element_type=\"widget\" data-e-type=\"widget\" data-settings=\"{&quot;youtube_url&quot;:&quot;https:\\\/\\\/www.youtube.com\\\/watch?app=desktop&amp;v=uujAZUsCYmM&amp;feature=youtu.be&amp;fbclid=IwAR2g_9SAZorurNMaWMWQFgKDwbV5jxsOLwKU4MLtg8WjOdvI31-OABdfVEU&quot;,&quot;video_type&quot;:&quot;youtube&quot;,&quot;controls&quot;:&quot;yes&quot;}\" data-widget_type=\"video.default\">\n\t\t\t\t<div class=\"elementor-widget-container\">\n\t\t\t\t\t\t\t<div class=\"elementor-wrapper elementor-open-inline\">\n\t\t\t<div class=\"elementor-video\"><\/div>\t\t<\/div>\n\t\t\t\t\t\t<\/div>\n\t\t\t\t<\/div>\n\t\t\t\t\t<\/div>\n\t\t<\/div>\n\t\t\t\t\t<\/div>\n\t\t<\/section>\n\t\t\t\t<section class=\"elementor-section elementor-top-section elementor-element elementor-element-dadea5d elementor-section-boxed elementor-section-height-default elementor-section-height-default\" data-id=\"dadea5d\" data-element_type=\"section\" data-e-type=\"section\">\n\t\t\t\t\t\t<div class=\"elementor-container elementor-column-gap-default\">\n\t\t\t\t\t<div class=\"elementor-column elementor-col-100 elementor-top-column elementor-element elementor-element-09779ef\" data-id=\"09779ef\" data-element_type=\"column\" data-e-type=\"column\">\n\t\t\t<div class=\"elementor-widget-wrap elementor-element-populated\">\n\t\t\t\t\t\t<div class=\"elementor-element elementor-element-9ca02dd elementor-widget-divider--view-line elementor-widget elementor-widget-divider\" data-id=\"9ca02dd\" data-element_type=\"widget\" data-e-type=\"widget\" data-widget_type=\"divider.default\">\n\t\t\t\t<div class=\"elementor-widget-container\">\n\t\t\t\t\t\t\t<div class=\"elementor-divider\">\n\t\t\t<span class=\"elementor-divider-separator\">\n\t\t\t\t\t\t<\/span>\n\t\t<\/div>\n\t\t\t\t\t\t<\/div>\n\t\t\t\t<\/div>\n\t\t\t\t\t<\/div>\n\t\t<\/div>\n\t\t\t\t\t<\/div>\n\t\t<\/section>\n\t\t\t\t<section class=\"elementor-section elementor-top-section elementor-element elementor-element-95270e0 elementor-section-boxed elementor-section-height-default elementor-section-height-default\" data-id=\"95270e0\" data-element_type=\"section\" data-e-type=\"section\">\n\t\t\t\t\t\t<div class=\"elementor-container elementor-column-gap-default\">\n\t\t\t\t\t<div class=\"elementor-column elementor-col-100 elementor-top-column elementor-element elementor-element-7a40279\" data-id=\"7a40279\" data-element_type=\"column\" data-e-type=\"column\">\n\t\t\t<div class=\"elementor-widget-wrap elementor-element-populated\">\n\t\t\t\t\t\t<div class=\"elementor-element elementor-element-4813a29 elementor-widget elementor-widget-menu-anchor\" data-id=\"4813a29\" data-element_type=\"widget\" data-e-type=\"widget\" data-widget_type=\"menu-anchor.default\">\n\t\t\t\t<div class=\"elementor-widget-container\">\n\t\t\t\t\t\t\t<div class=\"elementor-menu-anchor\" id=\"Bestemmingsplan\"><\/div>\n\t\t\t\t\t\t<\/div>\n\t\t\t\t<\/div>\n\t\t\t\t\t<\/div>\n\t\t<\/div>\n\t\t\t\t\t<\/div>\n\t\t<\/section>\n\t\t\t\t<section class=\"elementor-section elementor-top-section elementor-element elementor-element-9612f64 elementor-section-boxed elementor-section-height-default elementor-section-height-default\" data-id=\"9612f64\" data-element_type=\"section\" data-e-type=\"section\">\n\t\t\t\t\t\t<div class=\"elementor-container elementor-column-gap-default\">\n\t\t\t\t\t<div class=\"elementor-column elementor-col-100 elementor-top-column elementor-element elementor-element-bb76790\" data-id=\"bb76790\" data-element_type=\"column\" data-e-type=\"column\">\n\t\t\t<div class=\"elementor-widget-wrap elementor-element-populated\">\n\t\t\t\t\t\t<div class=\"elementor-element elementor-element-a346c87 elementor-widget elementor-widget-text-editor\" data-id=\"a346c87\" data-element_type=\"widget\" data-e-type=\"widget\" data-widget_type=\"text-editor.default\">\n\t\t\t\t<div class=\"elementor-widget-container\">\n\t\t\t\t\t\t\t\t\t<p><strong>Fl\u00e4chennutzungsplan<\/strong><\/p>\t\t\t\t\t\t\t\t<\/div>\n\t\t\t\t<\/div>\n\t\t\t\t\t<\/div>\n\t\t<\/div>\n\t\t\t\t\t<\/div>\n\t\t<\/section>\n\t\t\t\t<section class=\"elementor-section elementor-top-section elementor-element elementor-element-6eb98a5 elementor-section-boxed elementor-section-height-default elementor-section-height-default\" data-id=\"6eb98a5\" data-element_type=\"section\" data-e-type=\"section\">\n\t\t\t\t\t\t<div class=\"elementor-container elementor-column-gap-default\">\n\t\t\t\t\t<div class=\"elementor-column elementor-col-100 elementor-top-column elementor-element elementor-element-556e817\" data-id=\"556e817\" data-element_type=\"column\" data-e-type=\"column\">\n\t\t\t<div class=\"elementor-widget-wrap elementor-element-populated\">\n\t\t\t\t\t\t<div class=\"elementor-element elementor-element-6fca7b4 elementor-widget elementor-widget-text-editor\" data-id=\"6fca7b4\" data-element_type=\"widget\" data-e-type=\"widget\" data-widget_type=\"text-editor.default\">\n\t\t\t\t<div class=\"elementor-widget-container\">\n\t\t\t\t\t\t\t\t\t<p>Der Fl\u00e4chennutzungsplan ist ein Instrument der r\u00e4umlichen Planung in der Bundesrepublik Deutschland, in dem die beabsichtigte st\u00e4dtebauliche Entwicklung einer Gemeinde kartografisch und textlich dargestellt wird.<\/p>\n<p>Die im Fl\u00e4chennutzungsplan dargestellten Bodennutzungen werden dann durch Bebauungspl\u00e4ne f\u00fcr einzelne Teile des Gemeindegebiets konkretisiert und rechtsverbindlich festgesetzt.<\/p>\n<p>Der Fl\u00e4chennutzungsplan der Gemeinde Niederkr\u00fcchten ist seit 1981 rechtswirksam. Durch eine Reihe bereits abgeschlossener \u00c4nderungsverfahren wird er an aktuelle Entwicklungen und Erfordernisse angepasst. Er ist jedoch nicht f\u00fcr einzelne Bauvorhaben verbindlich (bis auf Windenergieanlagen), sondern richtet sich vor allem an Beh\u00f6rden und Institutionen. Au\u00dferdem ist er Grundlage f\u00fcr die Aufstellung von Bebauungspl\u00e4nen.<\/p>\n<p><span style=\"font-style: inherit; font-weight: inherit; background-color: var(--ast-global-color-4); color: var(--ast-global-color-3);\">Ein Abruf des Fl\u00e4chennutzungsplanes einschlie\u00dflich der \u00c4nderungen ist \u00fcber die Internetseite des Geoportals Niederrhein \u00fcber folgenden LINK m\u00f6glich: <a href=\"https:\/\/geoportal-niederrhein.de\/Verband\/?layerIDs=29110,200370,20071,20070,20348,20347,20346,20345&amp;visibility=true,true,true,true,true,true,true,true&amp;transparency=0,0,0,0,50,0,0,0&amp;center=300452.45038753265,5676285.792199032&amp;zoomlevel=4\">LINK<\/a>.<\/span><\/p>\t\t\t\t\t\t\t\t<\/div>\n\t\t\t\t<\/div>\n\t\t\t\t\t<\/div>\n\t\t<\/div>\n\t\t\t\t\t<\/div>\n\t\t<\/section>\n\t\t\t\t<section class=\"elementor-section elementor-top-section elementor-element elementor-element-615ca44 elementor-section-boxed elementor-section-height-default elementor-section-height-default\" data-id=\"615ca44\" data-element_type=\"section\" data-e-type=\"section\">\n\t\t\t\t\t\t<div class=\"elementor-container elementor-column-gap-default\">\n\t\t\t\t\t<div class=\"elementor-column elementor-col-50 elementor-top-column elementor-element elementor-element-530452a\" data-id=\"530452a\" data-element_type=\"column\" data-e-type=\"column\">\n\t\t\t<div class=\"elementor-widget-wrap elementor-element-populated\">\n\t\t\t\t\t\t<div class=\"elementor-element elementor-element-cb16b78 elementor-widget elementor-widget-text-editor\" data-id=\"cb16b78\" data-element_type=\"widget\" data-e-type=\"widget\" data-widget_type=\"text-editor.default\">\n\t\t\t\t<div class=\"elementor-widget-container\">\n\t\t\t\t\t\t\t\t\t<p>F\u00fcr den nord\u00f6stlichen Teil des ehemaligen Flugplatzes wird derzeit ein neuer Fl\u00e4chennutzungsplan (61. \u00c4nderung) \"Military Area Elmpt\" vorbereitet.<\/p><p><span style=\"font-style: inherit; font-weight: inherit; background-color: var(--ast-global-color-4); color: var(--ast-global-color-3);\">Der Plan sieht ein gro\u00dfes Industriegebiet vor. Die geplante Bruttobaufl\u00e4che des Plans betr\u00e4gt \u00fcber 200 ha, von denen 150 ha f\u00fcr Unternehmen vorgesehen sind.<\/span><\/p><p>Der Flachennutzingsplanplan wurde noch nicht vom Stadtrat Niederkr\u00fcchten verabschiedet.<\/p>\t\t\t\t\t\t\t\t<\/div>\n\t\t\t\t<\/div>\n\t\t\t\t\t<\/div>\n\t\t<\/div>\n\t\t\t\t<div class=\"elementor-column elementor-col-50 elementor-top-column elementor-element elementor-element-6e3ddfa\" data-id=\"6e3ddfa\" data-element_type=\"column\" data-e-type=\"column\">\n\t\t\t<div class=\"elementor-widget-wrap elementor-element-populated\">\n\t\t\t\t\t\t<div class=\"elementor-element elementor-element-f3f2ef0 elementor-widget elementor-widget-image\" data-id=\"f3f2ef0\" data-element_type=\"widget\" data-e-type=\"widget\" data-widget_type=\"image.default\">\n\t\t\t\t<div class=\"elementor-widget-container\">\n\t\t\t\t\t\t\t\t\t\t\t\t\t\t\t<img loading=\"lazy\" decoding=\"async\" width=\"1024\" height=\"440\" src=\"https:\/\/www.gruenes-grenzland.net\/wp-content\/uploads\/2023\/11\/FNP-61-Aenderung-Gewerbegebiet-2023-1024x440.jpg\" class=\"attachment-large size-large wp-image-14101\" alt=\"\" srcset=\"https:\/\/www.gruenes-grenzland.net\/wp-content\/uploads\/2023\/11\/FNP-61-Aenderung-Gewerbegebiet-2023-1024x440.jpg 1024w, https:\/\/www.gruenes-grenzland.net\/wp-content\/uploads\/2023\/11\/FNP-61-Aenderung-Gewerbegebiet-2023-300x129.jpg 300w, https:\/\/www.gruenes-grenzland.net\/wp-content\/uploads\/2023\/11\/FNP-61-Aenderung-Gewerbegebiet-2023-768x330.jpg 768w, https:\/\/www.gruenes-grenzland.net\/wp-content\/uploads\/2023\/11\/FNP-61-Aenderung-Gewerbegebiet-2023-18x8.jpg 18w, https:\/\/www.gruenes-grenzland.net\/wp-content\/uploads\/2023\/11\/FNP-61-Aenderung-Gewerbegebiet-2023.jpg 1200w\" sizes=\"(max-width: 1024px) 100vw, 1024px\" \/>\t\t\t\t\t\t\t\t\t\t\t\t\t\t\t<\/div>\n\t\t\t\t<\/div>\n\t\t\t\t\t<\/div>\n\t\t<\/div>\n\t\t\t\t\t<\/div>\n\t\t<\/section>\n\t\t\t\t<section class=\"elementor-section elementor-top-section elementor-element elementor-element-a96ec2b elementor-section-boxed elementor-section-height-default elementor-section-height-default\" data-id=\"a96ec2b\" data-element_type=\"section\" data-e-type=\"section\">\n\t\t\t\t\t\t<div class=\"elementor-container elementor-column-gap-default\">\n\t\t\t\t\t<div class=\"elementor-column elementor-col-100 elementor-top-column elementor-element elementor-element-70421ff\" data-id=\"70421ff\" data-element_type=\"column\" data-e-type=\"column\">\n\t\t\t<div class=\"elementor-widget-wrap elementor-element-populated\">\n\t\t\t\t\t\t<div class=\"elementor-element elementor-element-1ab012e elementor-widget-divider--view-line elementor-widget elementor-widget-divider\" data-id=\"1ab012e\" data-element_type=\"widget\" data-e-type=\"widget\" data-widget_type=\"divider.default\">\n\t\t\t\t<div class=\"elementor-widget-container\">\n\t\t\t\t\t\t\t<div class=\"elementor-divider\">\n\t\t\t<span class=\"elementor-divider-separator\">\n\t\t\t\t\t\t<\/span>\n\t\t<\/div>\n\t\t\t\t\t\t<\/div>\n\t\t\t\t<\/div>\n\t\t\t\t\t<\/div>\n\t\t<\/div>\n\t\t\t\t\t<\/div>\n\t\t<\/section>\n\t\t\t\t<section class=\"elementor-section elementor-top-section elementor-element elementor-element-8073fa9 elementor-section-boxed elementor-section-height-default elementor-section-height-default\" data-id=\"8073fa9\" data-element_type=\"section\" data-e-type=\"section\">\n\t\t\t\t\t\t<div class=\"elementor-container elementor-column-gap-default\">\n\t\t\t\t\t<div class=\"elementor-column elementor-col-100 elementor-top-column elementor-element elementor-element-86b1f8d\" data-id=\"86b1f8d\" data-element_type=\"column\" data-e-type=\"column\">\n\t\t\t<div class=\"elementor-widget-wrap elementor-element-populated\">\n\t\t\t\t\t\t<div class=\"elementor-element elementor-element-dfeccb2 elementor-widget elementor-widget-menu-anchor\" data-id=\"dfeccb2\" data-element_type=\"widget\" data-e-type=\"widget\" data-widget_type=\"menu-anchor.default\">\n\t\t\t\t<div class=\"elementor-widget-container\">\n\t\t\t\t\t\t\t<div class=\"elementor-menu-anchor\" id=\"Landschapsplan\"><\/div>\n\t\t\t\t\t\t<\/div>\n\t\t\t\t<\/div>\n\t\t\t\t\t<\/div>\n\t\t<\/div>\n\t\t\t\t\t<\/div>\n\t\t<\/section>\n\t\t\t\t<section class=\"elementor-section elementor-top-section elementor-element elementor-element-3e7bf76 elementor-section-boxed elementor-section-height-default elementor-section-height-default\" data-id=\"3e7bf76\" data-element_type=\"section\" data-e-type=\"section\">\n\t\t\t\t\t\t<div class=\"elementor-container elementor-column-gap-default\">\n\t\t\t\t\t<div class=\"elementor-column elementor-col-100 elementor-top-column elementor-element elementor-element-33c3c9a\" data-id=\"33c3c9a\" data-element_type=\"column\" data-e-type=\"column\">\n\t\t\t<div class=\"elementor-widget-wrap elementor-element-populated\">\n\t\t\t\t\t\t<div class=\"elementor-element elementor-element-897edbe elementor-widget elementor-widget-text-editor\" data-id=\"897edbe\" data-element_type=\"widget\" data-e-type=\"widget\" data-widget_type=\"text-editor.default\">\n\t\t\t\t<div class=\"elementor-widget-container\">\n\t\t\t\t\t\t\t\t\t<p><strong>Landschafstplan<\/strong><\/p>\t\t\t\t\t\t\t\t<\/div>\n\t\t\t\t<\/div>\n\t\t\t\t\t<\/div>\n\t\t<\/div>\n\t\t\t\t\t<\/div>\n\t\t<\/section>\n\t\t\t\t<section class=\"elementor-section elementor-top-section elementor-element elementor-element-4a6d634 elementor-section-boxed elementor-section-height-default elementor-section-height-default\" data-id=\"4a6d634\" data-element_type=\"section\" data-e-type=\"section\">\n\t\t\t\t\t\t<div class=\"elementor-container elementor-column-gap-default\">\n\t\t\t\t\t<div class=\"elementor-column elementor-col-100 elementor-top-column elementor-element elementor-element-a3f1951\" data-id=\"a3f1951\" data-element_type=\"column\" data-e-type=\"column\">\n\t\t\t<div class=\"elementor-widget-wrap elementor-element-populated\">\n\t\t\t\t\t\t<div class=\"elementor-element elementor-element-3234ea3 elementor-widget elementor-widget-text-editor\" data-id=\"3234ea3\" data-element_type=\"widget\" data-e-type=\"widget\" data-widget_type=\"text-editor.default\">\n\t\t\t\t<div class=\"elementor-widget-container\">\n\t\t\t\t\t\t\t\t\t<p><span class=\"goog-text-highlight\">Im erstellten Landschaftsplan werden die Schutzgebiete und -objekte sowie die Ziele und Ma\u00dfnahmen des Naturschutzes und der Landschaftspflege auf lokaler Ebene dargestellt und festgelegt. <\/span>Der Landschaftsplan besteht aus einem Karten- und Textteil mit haupts\u00e4chlich folgenden Inhalten:\u00a0<\/p><ul><li><span class=\"\">Entwicklungsziele m\u00fcssen in allen beh\u00f6rdlichen Verfahren eingehalten werden.\u00a0<\/span>Sie geben an, welche Landschaftsentwicklungsma\u00dfnahmen im Plangebiet zu treffen sind, z. B. Konservierung, Anreicherung oder Restaurierung<\/li><li class=\" translation-block\">Die Festsetzungen sind f\u00fcr alle B\u00fcrgerinnen und B\u00fcrger bindend. Dies sind insbesondere Schutzausweisungen mit Ge- und Verboten f\u00fcr Natur- und Landschaftsschutzgebiete, Naturdenkm\u00e4ler und gesch\u00fctzte Landschaftsteile.<\/li><\/ul><div>Der Landschaftsplan wird vom Kreis, in diesem Fall Kreis Viersen, erstellt. Weitere Informationen finden Sie <a href=\"https:\/\/www.kreis-viersen.de\/landkreis\/landschaftsplan-grenzwaldschwalm\">hier\u00a0<\/a><\/div>\t\t\t\t\t\t\t\t<\/div>\n\t\t\t\t<\/div>\n\t\t\t\t\t<\/div>\n\t\t<\/div>\n\t\t\t\t\t<\/div>\n\t\t<\/section>\n\t\t\t\t<section class=\"elementor-section elementor-top-section elementor-element elementor-element-c4e05ea elementor-section-boxed elementor-section-height-default elementor-section-height-default\" data-id=\"c4e05ea\" data-element_type=\"section\" data-e-type=\"section\">\n\t\t\t\t\t\t<div class=\"elementor-container elementor-column-gap-default\">\n\t\t\t\t\t<div class=\"elementor-column elementor-col-100 elementor-top-column elementor-element elementor-element-98c5824\" data-id=\"98c5824\" data-element_type=\"column\" data-e-type=\"column\">\n\t\t\t<div class=\"elementor-widget-wrap elementor-element-populated\">\n\t\t\t\t\t\t<div class=\"elementor-element elementor-element-3e4db63 elementor-widget elementor-widget-text-editor\" data-id=\"3e4db63\" data-element_type=\"widget\" data-e-type=\"widget\" data-widget_type=\"text-editor.default\">\n\t\t\t\t<div class=\"elementor-widget-container\">\n\t\t\t\t\t\t\t\t\t<p>F\u00fcr die Bebauung des ehemaligen Flugplatzes Elmpt ist der Landschaftsplan \u201eGrenzwald\/Schwalm\u201c relevant.<br \/><span style=\"font-style: inherit; font-weight: inherit; background-color: var(--ast-global-color-4); color: var(--ast-global-color-3);\">Der Konzeptplan wird Anfang 2022 \u00f6ffentlich zug\u00e4nglich gemacht. Die Teilnahmereaktionen werden noch bearbeitet, danach wird der Plan definitiv verabschiedet.\u00a0<\/span><\/p><p>Nachfolgend ein Auszug aus dem zur Begutachtung vorgelegten \u201eEntwicklungsplan S\u00fcd\u201c des Konzeptplans mit eingezeichneter Grenze des ehemaligen Flughafens Elmpt. Auf der ehemaligen Start- und Landebahn soll Magerrasen entwickelt werden. Das geplante Gewerbegebiet auf der Nordseite hat kein spezifisches Naturziel, w\u00e4hrend der Golfplatz ein Erholungsziel hat. Im Rest des ehemaligen Flughafens erfolgt eine Optimierung der sch\u00fctzenswerten Biotope.<\/p>\t\t\t\t\t\t\t\t<\/div>\n\t\t\t\t<\/div>\n\t\t\t\t\t<\/div>\n\t\t<\/div>\n\t\t\t\t\t<\/div>\n\t\t<\/section>\n\t\t\t\t<section class=\"elementor-section elementor-top-section elementor-element elementor-element-0e7aaee elementor-section-boxed elementor-section-height-default elementor-section-height-default\" data-id=\"0e7aaee\" data-element_type=\"section\" data-e-type=\"section\">\n\t\t\t\t\t\t<div class=\"elementor-container elementor-column-gap-default\">\n\t\t\t\t\t<div class=\"elementor-column elementor-col-100 elementor-top-column elementor-element elementor-element-3b9b33d\" data-id=\"3b9b33d\" data-element_type=\"column\" data-e-type=\"column\">\n\t\t\t<div class=\"elementor-widget-wrap elementor-element-populated\">\n\t\t\t\t\t\t<div class=\"elementor-element elementor-element-6537bd6 elementor-widget elementor-widget-image\" data-id=\"6537bd6\" data-element_type=\"widget\" data-e-type=\"widget\" data-widget_type=\"image.default\">\n\t\t\t\t<div class=\"elementor-widget-container\">\n\t\t\t\t\t\t\t\t\t\t\t\t\t\t\t<img loading=\"lazy\" decoding=\"async\" width=\"1024\" height=\"695\" src=\"https:\/\/www.gruenes-grenzland.net\/wp-content\/uploads\/2022\/06\/Uitsnede-uit-Entwicklungskarte_Sued_Offenlage_LP_Grenzwald_Schwalm-met-grens-vliegveld-1024x695.jpg\" class=\"attachment-large size-large wp-image-8138\" alt=\"\" srcset=\"https:\/\/www.gruenes-grenzland.net\/wp-content\/uploads\/2022\/06\/Uitsnede-uit-Entwicklungskarte_Sued_Offenlage_LP_Grenzwald_Schwalm-met-grens-vliegveld-1024x695.jpg 1024w, https:\/\/www.gruenes-grenzland.net\/wp-content\/uploads\/2022\/06\/Uitsnede-uit-Entwicklungskarte_Sued_Offenlage_LP_Grenzwald_Schwalm-met-grens-vliegveld-300x203.jpg 300w, https:\/\/www.gruenes-grenzland.net\/wp-content\/uploads\/2022\/06\/Uitsnede-uit-Entwicklungskarte_Sued_Offenlage_LP_Grenzwald_Schwalm-met-grens-vliegveld-768x521.jpg 768w, https:\/\/www.gruenes-grenzland.net\/wp-content\/uploads\/2022\/06\/Uitsnede-uit-Entwicklungskarte_Sued_Offenlage_LP_Grenzwald_Schwalm-met-grens-vliegveld-18x12.jpg 18w, https:\/\/www.gruenes-grenzland.net\/wp-content\/uploads\/2022\/06\/Uitsnede-uit-Entwicklungskarte_Sued_Offenlage_LP_Grenzwald_Schwalm-met-grens-vliegveld.jpg 1091w\" sizes=\"(max-width: 1024px) 100vw, 1024px\" \/>\t\t\t\t\t\t\t\t\t\t\t\t\t\t\t<\/div>\n\t\t\t\t<\/div>\n\t\t\t\t\t<\/div>\n\t\t<\/div>\n\t\t\t\t\t<\/div>\n\t\t<\/section>\n\t\t\t\t<section class=\"elementor-section elementor-top-section elementor-element elementor-element-bd249e3 elementor-section-boxed elementor-section-height-default elementor-section-height-default\" data-id=\"bd249e3\" data-element_type=\"section\" data-e-type=\"section\">\n\t\t\t\t\t\t<div class=\"elementor-container elementor-column-gap-default\">\n\t\t\t\t\t<div class=\"elementor-column elementor-col-100 elementor-top-column elementor-element elementor-element-ad03412\" data-id=\"ad03412\" data-element_type=\"column\" data-e-type=\"column\">\n\t\t\t<div class=\"elementor-widget-wrap elementor-element-populated\">\n\t\t\t\t\t\t<div class=\"elementor-element elementor-element-625af7e elementor-widget-divider--view-line elementor-widget elementor-widget-divider\" data-id=\"625af7e\" data-element_type=\"widget\" data-e-type=\"widget\" data-widget_type=\"divider.default\">\n\t\t\t\t<div class=\"elementor-widget-container\">\n\t\t\t\t\t\t\t<div class=\"elementor-divider\">\n\t\t\t<span class=\"elementor-divider-separator\">\n\t\t\t\t\t\t<\/span>\n\t\t<\/div>\n\t\t\t\t\t\t<\/div>\n\t\t\t\t<\/div>\n\t\t\t\t\t<\/div>\n\t\t<\/div>\n\t\t\t\t\t<\/div>\n\t\t<\/section>\n\t\t\t\t<section class=\"elementor-section elementor-top-section elementor-element elementor-element-2224e41 elementor-section-boxed elementor-section-height-default elementor-section-height-default\" data-id=\"2224e41\" data-element_type=\"section\" data-e-type=\"section\">\n\t\t\t\t\t\t<div class=\"elementor-container elementor-column-gap-default\">\n\t\t\t\t\t<div class=\"elementor-column elementor-col-100 elementor-top-column elementor-element elementor-element-8a6e2eb\" data-id=\"8a6e2eb\" data-element_type=\"column\" data-e-type=\"column\">\n\t\t\t<div class=\"elementor-widget-wrap elementor-element-populated\">\n\t\t\t\t\t\t<div class=\"elementor-element elementor-element-8c27186 elementor-widget elementor-widget-menu-anchor\" data-id=\"8c27186\" data-element_type=\"widget\" data-e-type=\"widget\" data-widget_type=\"menu-anchor.default\">\n\t\t\t\t<div class=\"elementor-widget-container\">\n\t\t\t\t\t\t\t<div class=\"elementor-menu-anchor\" id=\"Streekplan\"><\/div>\n\t\t\t\t\t\t<\/div>\n\t\t\t\t<\/div>\n\t\t\t\t\t<\/div>\n\t\t<\/div>\n\t\t\t\t\t<\/div>\n\t\t<\/section>\n\t\t\t\t<section class=\"elementor-section elementor-top-section elementor-element elementor-element-c6ba961 elementor-section-boxed elementor-section-height-default elementor-section-height-default\" data-id=\"c6ba961\" data-element_type=\"section\" data-e-type=\"section\">\n\t\t\t\t\t\t<div class=\"elementor-container elementor-column-gap-default\">\n\t\t\t\t\t<div class=\"elementor-column elementor-col-100 elementor-top-column elementor-element elementor-element-c639162\" data-id=\"c639162\" data-element_type=\"column\" data-e-type=\"column\">\n\t\t\t<div class=\"elementor-widget-wrap elementor-element-populated\">\n\t\t\t\t\t\t<div class=\"elementor-element elementor-element-9218f90 elementor-widget elementor-widget-text-editor\" data-id=\"9218f90\" data-element_type=\"widget\" data-e-type=\"widget\" data-widget_type=\"text-editor.default\">\n\t\t\t\t<div class=\"elementor-widget-container\">\n\t\t\t\t\t\t\t\t\t<p><strong>Regionalplan<\/strong><\/p>\t\t\t\t\t\t\t\t<\/div>\n\t\t\t\t<\/div>\n\t\t\t\t\t<\/div>\n\t\t<\/div>\n\t\t\t\t\t<\/div>\n\t\t<\/section>\n\t\t\t\t<section class=\"elementor-section elementor-top-section elementor-element elementor-element-1c53161 elementor-section-boxed elementor-section-height-default elementor-section-height-default\" data-id=\"1c53161\" data-element_type=\"section\" data-e-type=\"section\">\n\t\t\t\t\t\t<div class=\"elementor-container elementor-column-gap-default\">\n\t\t\t\t\t<div class=\"elementor-column elementor-col-100 elementor-top-column elementor-element elementor-element-d722d0d\" data-id=\"d722d0d\" data-element_type=\"column\" data-e-type=\"column\" data-settings=\"{&quot;background_background&quot;:&quot;classic&quot;}\">\n\t\t\t<div class=\"elementor-widget-wrap elementor-element-populated\">\n\t\t\t\t\t\t<div class=\"elementor-element elementor-element-23762e2 elementor-widget elementor-widget-text-editor\" data-id=\"23762e2\" data-element_type=\"widget\" data-e-type=\"widget\" data-widget_type=\"text-editor.default\">\n\t\t\t\t<div class=\"elementor-widget-container\">\n\t\t\t\t\t\t\t\t\t<p class=\" translation-block\">Die Regionalplanung ist die Raumordnung auf der Ebene der L\u00e4nder , sehe<a href=\"https:\/\/landesplanung.nrw.de\/regionalplanung\" target=\"_self\">\u00a0 hier<\/a> . Sie hat die Aufgabe, den Raum durch planerische Vorgaben (Ziele und Grunds\u00e4tze), durch raumordnerische Zusammenarbeit und durch Abstimmung raumbedeutsamer Planungen und Ma\u00dfnahmen zu entwickeln, zu ordnen und zu sichern. Zu ihren wichtigsten Aufgaben z\u00e4hlt die Aufstellung des Regionalplans<\/p><p><span style=\"color: black; font-style: inherit; font-weight: inherit;\">Der Regionalplan legt die Ziele f\u00fcr die Raumentwicklung in den Planungsregionen fest und ist das Ergebnis eines umfangreichen und komplexen Beteiligungsverfahrens.<\/span><\/p><p><span style=\"color: black; font-style: inherit; font-weight: inherit;\">Noordrijn-Westfalen is verdeeld in zes regionale plangebieden.\u00a0<br \/><\/span><span style=\"color: black; font-style: inherit; font-weight: inherit;\">Het plangebied van de regionale planningsautoriteit D\u00fcsseldorf (zie <\/span><a style=\"background-color: white; font-style: inherit; font-weight: inherit;\" href=\"https:\/\/www.brd.nrw.de\/themen\/planen-bauen\/regionalplan\">hier<\/a><span style=\"color: black; font-style: inherit; font-weight: inherit;\">) omvat onder meer het district Viersen, waartoe de gemeente Niederkr\u00fcchten behoort.<\/span><\/p><p><span style=\"color: black; font-style: inherit; font-weight: inherit;\">Auf dem Ausschnitt der Regionalplankarte unten ist ein Teil des ehemaligen Flughafens mit einem Z markiert.: Gewerbe und Industriegebiet mit der Zweckbindung Standorte f\u00fcr fl\u00e4chenintensive Vorhaben und Industrie.<\/span><\/p>\t\t\t\t\t\t\t\t<\/div>\n\t\t\t\t<\/div>\n\t\t\t\t\t<\/div>\n\t\t<\/div>\n\t\t\t\t\t<\/div>\n\t\t<\/section>\n\t\t\t\t<section class=\"elementor-section elementor-top-section elementor-element elementor-element-665ae76 elementor-section-boxed elementor-section-height-default elementor-section-height-default\" data-id=\"665ae76\" data-element_type=\"section\" data-e-type=\"section\">\n\t\t\t\t\t\t<div class=\"elementor-container elementor-column-gap-default\">\n\t\t\t\t\t<div class=\"elementor-column elementor-col-100 elementor-top-column elementor-element elementor-element-9c13319\" data-id=\"9c13319\" data-element_type=\"column\" data-e-type=\"column\">\n\t\t\t<div class=\"elementor-widget-wrap elementor-element-populated\">\n\t\t\t\t\t\t<div class=\"elementor-element elementor-element-3805739 elementor-widget elementor-widget-image\" data-id=\"3805739\" data-element_type=\"widget\" data-e-type=\"widget\" data-widget_type=\"image.default\">\n\t\t\t\t<div class=\"elementor-widget-container\">\n\t\t\t\t\t\t\t\t\t\t\t\t\t\t\t<img loading=\"lazy\" decoding=\"async\" width=\"1024\" height=\"607\" src=\"https:\/\/www.gruenes-grenzland.net\/wp-content\/uploads\/2022\/07\/Regionalplan-elmpt-eo-met-grens-vliegveld-1024x607.jpg\" class=\"attachment-large size-large wp-image-8390\" alt=\"\" srcset=\"https:\/\/www.gruenes-grenzland.net\/wp-content\/uploads\/2022\/07\/Regionalplan-elmpt-eo-met-grens-vliegveld-1024x607.jpg 1024w, https:\/\/www.gruenes-grenzland.net\/wp-content\/uploads\/2022\/07\/Regionalplan-elmpt-eo-met-grens-vliegveld-300x178.jpg 300w, https:\/\/www.gruenes-grenzland.net\/wp-content\/uploads\/2022\/07\/Regionalplan-elmpt-eo-met-grens-vliegveld-768x455.jpg 768w, https:\/\/www.gruenes-grenzland.net\/wp-content\/uploads\/2022\/07\/Regionalplan-elmpt-eo-met-grens-vliegveld-18x12.jpg 18w, https:\/\/www.gruenes-grenzland.net\/wp-content\/uploads\/2022\/07\/Regionalplan-elmpt-eo-met-grens-vliegveld.jpg 1513w\" sizes=\"(max-width: 1024px) 100vw, 1024px\" \/>\t\t\t\t\t\t\t\t\t\t\t\t\t\t\t<\/div>\n\t\t\t\t<\/div>\n\t\t\t\t\t<\/div>\n\t\t<\/div>\n\t\t\t\t\t<\/div>\n\t\t<\/section>\n\t\t\t\t<section class=\"elementor-section elementor-top-section elementor-element elementor-element-3e599c9 elementor-section-boxed elementor-section-height-default elementor-section-height-default\" data-id=\"3e599c9\" data-element_type=\"section\" data-e-type=\"section\">\n\t\t\t\t\t\t<div class=\"elementor-container elementor-column-gap-default\">\n\t\t\t\t\t<div class=\"elementor-column elementor-col-100 elementor-top-column elementor-element elementor-element-6efa2fe\" data-id=\"6efa2fe\" data-element_type=\"column\" data-e-type=\"column\">\n\t\t\t<div class=\"elementor-widget-wrap elementor-element-populated\">\n\t\t\t\t\t\t<div class=\"elementor-element elementor-element-dbeb662 elementor-widget elementor-widget-text-editor\" data-id=\"dbeb662\" data-element_type=\"widget\" data-e-type=\"widget\" data-widget_type=\"text-editor.default\">\n\t\t\t\t<div class=\"elementor-widget-container\">\n\t\t\t\t\t\t\t\t\t<p>Auff\u00e4llig ist auch, dass ein gro\u00dfer Teil des ehemaligen Flughafens dem Natur- und Landschaftsschutz dient. Auf der Landebahn und im Wald n\u00f6rdlich der A52 ist eine Windenergiezone reserviert. Letzteres ist nat\u00fcrlich unvereinbar mit der Ausweitung des Natura 2000-Gebiets, siehe unten<\/p>\t\t\t\t\t\t\t\t<\/div>\n\t\t\t\t<\/div>\n\t\t\t\t\t<\/div>\n\t\t<\/div>\n\t\t\t\t\t<\/div>\n\t\t<\/section>\n\t\t\t\t<section class=\"elementor-section elementor-top-section elementor-element elementor-element-2b30299 elementor-section-boxed elementor-section-height-default elementor-section-height-default\" data-id=\"2b30299\" data-element_type=\"section\" data-e-type=\"section\">\n\t\t\t\t\t\t<div class=\"elementor-container elementor-column-gap-default\">\n\t\t\t\t\t<div class=\"elementor-column elementor-col-100 elementor-top-column elementor-element elementor-element-f7aae63\" data-id=\"f7aae63\" data-element_type=\"column\" data-e-type=\"column\">\n\t\t\t<div class=\"elementor-widget-wrap elementor-element-populated\">\n\t\t\t\t\t\t<div class=\"elementor-element elementor-element-8394a06 elementor-widget-divider--view-line elementor-widget elementor-widget-divider\" data-id=\"8394a06\" data-element_type=\"widget\" data-e-type=\"widget\" data-widget_type=\"divider.default\">\n\t\t\t\t<div class=\"elementor-widget-container\">\n\t\t\t\t\t\t\t<div class=\"elementor-divider\">\n\t\t\t<span class=\"elementor-divider-separator\">\n\t\t\t\t\t\t<\/span>\n\t\t<\/div>\n\t\t\t\t\t\t<\/div>\n\t\t\t\t<\/div>\n\t\t\t\t\t<\/div>\n\t\t<\/div>\n\t\t\t\t\t<\/div>\n\t\t<\/section>\n\t\t\t\t<section class=\"elementor-section elementor-top-section elementor-element elementor-element-4e1d8cc elementor-section-boxed elementor-section-height-default elementor-section-height-default\" data-id=\"4e1d8cc\" data-element_type=\"section\" data-e-type=\"section\">\n\t\t\t\t\t\t<div class=\"elementor-container elementor-column-gap-default\">\n\t\t\t\t\t<div class=\"elementor-column elementor-col-100 elementor-top-column elementor-element elementor-element-8b6a320\" data-id=\"8b6a320\" data-element_type=\"column\" data-e-type=\"column\">\n\t\t\t<div class=\"elementor-widget-wrap elementor-element-populated\">\n\t\t\t\t\t\t<div class=\"elementor-element elementor-element-738bb0f elementor-widget elementor-widget-menu-anchor\" data-id=\"738bb0f\" data-element_type=\"widget\" data-e-type=\"widget\" data-widget_type=\"menu-anchor.default\">\n\t\t\t\t<div class=\"elementor-widget-container\">\n\t\t\t\t\t\t\t<div class=\"elementor-menu-anchor\" id=\"Natura2000\"><\/div>\n\t\t\t\t\t\t<\/div>\n\t\t\t\t<\/div>\n\t\t\t\t\t<\/div>\n\t\t<\/div>\n\t\t\t\t\t<\/div>\n\t\t<\/section>\n\t\t\t\t<section class=\"elementor-section elementor-top-section elementor-element elementor-element-8615838 elementor-section-boxed elementor-section-height-default elementor-section-height-default\" data-id=\"8615838\" data-element_type=\"section\" data-e-type=\"section\">\n\t\t\t\t\t\t<div class=\"elementor-container elementor-column-gap-default\">\n\t\t\t\t\t<div class=\"elementor-column elementor-col-100 elementor-top-column elementor-element elementor-element-99ac630\" data-id=\"99ac630\" data-element_type=\"column\" data-e-type=\"column\">\n\t\t\t<div class=\"elementor-widget-wrap elementor-element-populated\">\n\t\t\t\t\t\t<div class=\"elementor-element elementor-element-12642a6 elementor-widget elementor-widget-text-editor\" data-id=\"12642a6\" data-element_type=\"widget\" data-e-type=\"widget\" data-widget_type=\"text-editor.default\">\n\t\t\t\t<div class=\"elementor-widget-container\">\n\t\t\t\t\t\t\t\t\t<p><strong>Erweiterung des Natura 2000-Vogelschutzgebiets in Elmpt<\/strong><\/p>\t\t\t\t\t\t\t\t<\/div>\n\t\t\t\t<\/div>\n\t\t\t\t\t<\/div>\n\t\t<\/div>\n\t\t\t\t\t<\/div>\n\t\t<\/section>\n\t\t\t\t<section class=\"elementor-section elementor-top-section elementor-element elementor-element-f779d73 elementor-section-boxed elementor-section-height-default elementor-section-height-default\" data-id=\"f779d73\" data-element_type=\"section\" data-e-type=\"section\">\n\t\t\t\t\t\t<div class=\"elementor-container elementor-column-gap-default\">\n\t\t\t\t\t<div class=\"elementor-column elementor-col-100 elementor-top-column elementor-element elementor-element-a883e07\" data-id=\"a883e07\" data-element_type=\"column\" data-e-type=\"column\">\n\t\t\t<div class=\"elementor-widget-wrap elementor-element-populated\">\n\t\t\t\t\t\t<div class=\"elementor-element elementor-element-4fa2ab2 elementor-widget elementor-widget-text-editor\" data-id=\"4fa2ab2\" data-element_type=\"widget\" data-e-type=\"widget\" data-widget_type=\"text-editor.default\">\n\t\t\t\t<div class=\"elementor-widget-container\">\n\t\t\t\t\t\t\t\t\t<p><strong>Die vergessenen V\u00f6gel im Vogelschutzgebiet Elmpt<\/strong><\/p>\t\t\t\t\t\t\t\t<\/div>\n\t\t\t\t<\/div>\n\t\t\t\t\t<\/div>\n\t\t<\/div>\n\t\t\t\t\t<\/div>\n\t\t<\/section>\n\t\t\t\t<section class=\"elementor-section elementor-top-section elementor-element elementor-element-f19dfbe elementor-section-boxed elementor-section-height-default elementor-section-height-default\" data-id=\"f19dfbe\" data-element_type=\"section\" data-e-type=\"section\">\n\t\t\t\t\t\t<div class=\"elementor-container elementor-column-gap-default\">\n\t\t\t\t\t<div class=\"elementor-column elementor-col-100 elementor-top-column elementor-element elementor-element-8e25681\" data-id=\"8e25681\" data-element_type=\"column\" data-e-type=\"column\">\n\t\t\t<div class=\"elementor-widget-wrap elementor-element-populated\">\n\t\t\t\t\t\t<div class=\"elementor-element elementor-element-98a2aa7 elementor-widget elementor-widget-text-editor\" data-id=\"98a2aa7\" data-element_type=\"widget\" data-e-type=\"widget\" data-widget_type=\"text-editor.default\">\n\t\t\t\t<div class=\"elementor-widget-container\">\n\t\t\t\t\t\t\t\t\t<p>Das Umweltministerium hat endlich (Januar 2024) die seit langem erwarteten Grenzen der Vogelschutzgebiete mit ausf\u00fchrlichen Erl\u00e4uterungen zum Schutzzweck und einer Liste der zu sch\u00fctzenden Vogelarten bekannt gegeben. Diese Grenzen sind von entscheidender Bedeutung f\u00fcr den rechtlichen Status von Vogelschutzgebieten, wobei ein besonderer Schwerpunkt auf dem k\u00fcrzlich \u00fcberarbeiteten Vogelschutzgebiet in Elmpt liegt, das speziell zum Schutz der Vogelpopulation auf dem ehemaligen Flugplatz abgegrenzt und registriert wurde.<\/p>\n<p>Allerdings kommt ein beunruhigendes Element ans Licht. Der n\u00f6rdliche Teil der ehemaligen Start- und Landebahn ist erstaunlicherweise nicht Teil des Vogelschutzgebiets. Aus einer ornithologischen Kartierung aus dem Jahr 2023 geht hervor, dass dieser Teil der Start- und Landebahn tats\u00e4chlich au\u00dfergew\u00f6hnlich wertvolle Vogellebensr\u00e4ume beherbergt. Dies ist ein klarer Fall von falscher und begrenzter Abgrenzung, die den Kern des Schutzzwecks beeintr\u00e4chtigt.<\/p>\n<p>Die speziell f\u00fcr die 61. \u00c4nderung des Fl\u00e4chennutzungsplans \"Milit\u00e4rgel\u00e4nde Elmpt\" von Smeets erstellte Brutvogelkartierung zeigt das Vorkommen gro\u00dfer Populationen gef\u00e4hrdeter Vogelarten, darunter Heidelerche, Kolkrabe, Kornweihe, Neunt\u00f6ter, Steinschm\u00e4tzer, Wachtel, Flussuferl\u00e4ufer und Ziegenmelker.<\/p>\n<p>Unsere Bedenken konzentrieren sich auf die nebul\u00f6se Begr\u00fcndung f\u00fcr diese Abgrenzung und das Fehlen von Verbesserungen bei der Gebietsabgrenzung. Es dr\u00e4ngt sich der Verdacht auf, dass wirtschaftliche Interessen, die Realisierung eines Gewerbegebietes und die Errichtung von Windkraftanlagen, die Interessen des Naturschutzes \u00fcberwiegen k\u00f6nnten. Wir haben diese Bedenken in einer dringenden Mitteilung an die LNU (Landesnetz der Naturschutzverb\u00e4nde in NRW) nachdr\u00fccklich vorgetragen und hoffen, dass diese Angelegenheit gr\u00fcndlich untersucht und zum Wohle der Natur und ihrer gefiederten Bewohner korrigiert wird<\/p>\t\t\t\t\t\t\t\t<\/div>\n\t\t\t\t<\/div>\n\t\t\t\t<div class=\"elementor-element elementor-element-35b808d elementor-widget elementor-widget-image\" data-id=\"35b808d\" data-element_type=\"widget\" data-e-type=\"widget\" data-widget_type=\"image.default\">\n\t\t\t\t<div class=\"elementor-widget-container\">\n\t\t\t\t\t\t\t\t\t\t\t\t<figure class=\"wp-caption\">\n\t\t\t\t\t\t\t\t\t\t<img loading=\"lazy\" decoding=\"async\" width=\"1024\" height=\"724\" src=\"https:\/\/www.gruenes-grenzland.net\/wp-content\/uploads\/2023\/10\/GrGr-uitbreiding-VSG-en-broedvoegels-1024x724.jpg\" class=\"attachment-large size-large wp-image-15274\" alt=\"\" srcset=\"https:\/\/www.gruenes-grenzland.net\/wp-content\/uploads\/2023\/10\/GrGr-uitbreiding-VSG-en-broedvoegels-1024x724.jpg 1024w, https:\/\/www.gruenes-grenzland.net\/wp-content\/uploads\/2023\/10\/GrGr-uitbreiding-VSG-en-broedvoegels-300x212.jpg 300w, https:\/\/www.gruenes-grenzland.net\/wp-content\/uploads\/2023\/10\/GrGr-uitbreiding-VSG-en-broedvoegels-768x543.jpg 768w, https:\/\/www.gruenes-grenzland.net\/wp-content\/uploads\/2023\/10\/GrGr-uitbreiding-VSG-en-broedvoegels-1536x1086.jpg 1536w, https:\/\/www.gruenes-grenzland.net\/wp-content\/uploads\/2023\/10\/GrGr-uitbreiding-VSG-en-broedvoegels-2048x1448.jpg 2048w, https:\/\/www.gruenes-grenzland.net\/wp-content\/uploads\/2023\/10\/GrGr-uitbreiding-VSG-en-broedvoegels-18x12.jpg 18w\" sizes=\"(max-width: 1024px) 100vw, 1024px\" \/>\t\t\t\t\t\t\t\t\t\t\t<figcaption class=\"widget-image-caption wp-caption-text\">Deutlich sichtbares Vorkommen einer gro\u00dfen Anzahl gef\u00e4hrdeter Arten n\u00f6rdlich des geplanten Vogelschutzgebietes<\/figcaption>\n\t\t\t\t\t\t\t\t\t\t<\/figure>\n\t\t\t\t\t\t\t\t\t<\/div>\n\t\t\t\t<\/div>\n\t\t\t\t\t<\/div>\n\t\t<\/div>\n\t\t\t\t\t<\/div>\n\t\t<\/section>\n\t\t\t\t<section class=\"elementor-section elementor-top-section elementor-element elementor-element-1d37c8f elementor-section-boxed elementor-section-height-default elementor-section-height-default\" data-id=\"1d37c8f\" data-element_type=\"section\" data-e-type=\"section\">\n\t\t\t\t\t\t<div class=\"elementor-container elementor-column-gap-default\">\n\t\t\t\t\t<div class=\"elementor-column elementor-col-100 elementor-top-column elementor-element elementor-element-b8e98fc\" data-id=\"b8e98fc\" data-element_type=\"column\" data-e-type=\"column\">\n\t\t\t<div class=\"elementor-widget-wrap elementor-element-populated\">\n\t\t\t\t\t\t<div class=\"elementor-element elementor-element-8f1eee7 elementor-widget-divider--view-line elementor-widget elementor-widget-divider\" data-id=\"8f1eee7\" data-element_type=\"widget\" data-e-type=\"widget\" data-widget_type=\"divider.default\">\n\t\t\t\t<div class=\"elementor-widget-container\">\n\t\t\t\t\t\t\t<div class=\"elementor-divider\">\n\t\t\t<span class=\"elementor-divider-separator\">\n\t\t\t\t\t\t<\/span>\n\t\t<\/div>\n\t\t\t\t\t\t<\/div>\n\t\t\t\t<\/div>\n\t\t\t\t\t<\/div>\n\t\t<\/div>\n\t\t\t\t\t<\/div>\n\t\t<\/section>\n\t\t\t\t<section class=\"elementor-section elementor-top-section elementor-element elementor-element-4eb227c elementor-section-boxed elementor-section-height-default elementor-section-height-default\" data-id=\"4eb227c\" data-element_type=\"section\" data-e-type=\"section\">\n\t\t\t\t\t\t<div class=\"elementor-container elementor-column-gap-default\">\n\t\t\t\t\t<div class=\"elementor-column elementor-col-100 elementor-top-column elementor-element elementor-element-3650d4c\" data-id=\"3650d4c\" data-element_type=\"column\" data-e-type=\"column\">\n\t\t\t<div class=\"elementor-widget-wrap\">\n\t\t\t\t\t\t\t<\/div>\n\t\t<\/div>\n\t\t\t\t\t<\/div>\n\t\t<\/section>\n\t\t\t\t<section class=\"elementor-section elementor-top-section elementor-element elementor-element-e079fae elementor-section-boxed elementor-section-height-default elementor-section-height-default\" data-id=\"e079fae\" data-element_type=\"section\" data-e-type=\"section\">\n\t\t\t\t\t\t<div class=\"elementor-container elementor-column-gap-default\">\n\t\t\t\t\t<div class=\"elementor-column elementor-col-100 elementor-top-column elementor-element elementor-element-2b4f7ea\" data-id=\"2b4f7ea\" data-element_type=\"column\" data-e-type=\"column\">\n\t\t\t<div class=\"elementor-widget-wrap elementor-element-populated\">\n\t\t\t\t\t\t<div class=\"elementor-element elementor-element-24f6f19 elementor-widget elementor-widget-text-editor\" data-id=\"24f6f19\" data-element_type=\"widget\" data-e-type=\"widget\" data-widget_type=\"text-editor.default\">\n\t\t\t\t<div class=\"elementor-widget-container\">\n\t\t\t\t\t\t\t\t\t<p><strong>Natura 2000, achtergrond informatie uitbreiding vogelreservaat in Elmpt<\/strong><\/p>\t\t\t\t\t\t\t\t<\/div>\n\t\t\t\t<\/div>\n\t\t\t\t\t<\/div>\n\t\t<\/div>\n\t\t\t\t\t<\/div>\n\t\t<\/section>\n\t\t\t\t<section class=\"elementor-section elementor-top-section elementor-element elementor-element-d66fcbf elementor-section-boxed elementor-section-height-default elementor-section-height-default\" data-id=\"d66fcbf\" data-element_type=\"section\" data-e-type=\"section\">\n\t\t\t\t\t\t<div class=\"elementor-container elementor-column-gap-default\">\n\t\t\t\t\t<div class=\"elementor-column elementor-col-100 elementor-top-column elementor-element elementor-element-2e4ac89\" data-id=\"2e4ac89\" data-element_type=\"column\" data-e-type=\"column\">\n\t\t\t<div class=\"elementor-widget-wrap elementor-element-populated\">\n\t\t\t\t\t\t<div class=\"elementor-element elementor-element-5fc521f elementor-widget elementor-widget-text-editor\" data-id=\"5fc521f\" data-element_type=\"widget\" data-e-type=\"widget\" data-widget_type=\"text-editor.default\">\n\t\t\t\t<div class=\"elementor-widget-container\">\n\t\t\t\t\t\t\t\t\t<p class=\" translation-block\">Trotz der hohen Bev\u00f6lkerungsdichte verf\u00fcgt Nordrhein-Westfalen \u00fcber nat\u00fcrliche und naturnahe Lebensr\u00e4ume sowie Pflanzen- und Tierarten, f\u00fcr die wir europaweit und teilweise sogar weltweit Verantwortung tragen. Diese Lebensr\u00e4ume, Pflanzen- und Tierarten sind Teil der grenz\u00fcberschreitenden europ\u00e4ischen Landschaften mit einzigartiger biologischer Vielfalt, die wir Natura 2000-Gebiete nennen. Ihr Schutz und Erhalt kann nur erfolgreich sein, wenn \u00fcber politische Grenzen hinweg gehandelt wird. Weitere Informationen zu Natura 2000 finden Sie\n<a href=\"https:\/\/www.lanuv.nrw.de\/natur\/natura-2000\" target=\"_self\">hier . <\/a><\/p>\t\t\t\t\t\t\t\t<\/div>\n\t\t\t\t<\/div>\n\t\t\t\t\t<\/div>\n\t\t<\/div>\n\t\t\t\t\t<\/div>\n\t\t<\/section>\n\t\t\t\t<section class=\"elementor-section elementor-top-section elementor-element elementor-element-4008c3f elementor-section-boxed elementor-section-height-default elementor-section-height-default\" data-id=\"4008c3f\" data-element_type=\"section\" data-e-type=\"section\">\n\t\t\t\t\t\t<div class=\"elementor-container elementor-column-gap-default\">\n\t\t\t\t\t<div class=\"elementor-column elementor-col-100 elementor-top-column elementor-element elementor-element-cab7995\" data-id=\"cab7995\" data-element_type=\"column\" data-e-type=\"column\">\n\t\t\t<div class=\"elementor-widget-wrap elementor-element-populated\">\n\t\t\t\t\t\t<div class=\"elementor-element elementor-element-c976da1 elementor-widget elementor-widget-text-editor\" data-id=\"c976da1\" data-element_type=\"widget\" data-e-type=\"widget\" data-widget_type=\"text-editor.default\">\n\t\t\t\t<div class=\"elementor-widget-container\">\n\t\t\t\t\t\t\t\t\t<p class=\" translation-block\">Rund um den ehemaligen Flughafen liegt das Vogelschutzgebiet \u201eSchwalm-Nette-Plaat mit Grenzwald und Meinweg\u201c.\nDas Landesamt f\u00fcr Natur, Umwelt und Verbraucherschutz Nordrhein-Westfalen (LANUV) will das Vogelschutzgebiet Schwalm-Nette-Platte mit Grenzwald und Meinweg (VSG) erweitern mit einem Teil des ehemaligen Flughafens Elmpt nebst angrenzenden Fl\u00e4chen ausserhalb des Flughafens (siehe Luftbild hier unten).<\/p><p>\u00a0<\/p>\t\t\t\t\t\t\t\t<\/div>\n\t\t\t\t<\/div>\n\t\t\t\t\t<\/div>\n\t\t<\/div>\n\t\t\t\t\t<\/div>\n\t\t<\/section>\n\t\t\t\t<section class=\"elementor-section elementor-top-section elementor-element elementor-element-e07c257 elementor-section-boxed elementor-section-height-default elementor-section-height-default\" data-id=\"e07c257\" data-element_type=\"section\" data-e-type=\"section\">\n\t\t\t\t\t\t<div class=\"elementor-container elementor-column-gap-default\">\n\t\t\t\t\t<div class=\"elementor-column elementor-col-100 elementor-top-column elementor-element elementor-element-c38cc83\" data-id=\"c38cc83\" data-element_type=\"column\" data-e-type=\"column\">\n\t\t\t<div class=\"elementor-widget-wrap elementor-element-populated\">\n\t\t\t\t\t\t<div class=\"elementor-element elementor-element-2fd3a99 elementor-widget elementor-widget-image\" data-id=\"2fd3a99\" data-element_type=\"widget\" data-e-type=\"widget\" data-widget_type=\"image.default\">\n\t\t\t\t<div class=\"elementor-widget-container\">\n\t\t\t\t\t\t\t\t\t\t\t\t\t\t\t<img loading=\"lazy\" decoding=\"async\" width=\"1024\" height=\"724\" src=\"https:\/\/www.gruenes-grenzland.net\/wp-content\/uploads\/2022\/07\/03-luftbild-flughafen-elmpt.met-grens-1024x724.jpg\" class=\"attachment-large size-large wp-image-8343\" alt=\"\" srcset=\"https:\/\/www.gruenes-grenzland.net\/wp-content\/uploads\/2022\/07\/03-luftbild-flughafen-elmpt.met-grens-1024x724.jpg 1024w, https:\/\/www.gruenes-grenzland.net\/wp-content\/uploads\/2022\/07\/03-luftbild-flughafen-elmpt.met-grens-300x212.jpg 300w, https:\/\/www.gruenes-grenzland.net\/wp-content\/uploads\/2022\/07\/03-luftbild-flughafen-elmpt.met-grens-768x543.jpg 768w, https:\/\/www.gruenes-grenzland.net\/wp-content\/uploads\/2022\/07\/03-luftbild-flughafen-elmpt.met-grens-1536x1087.jpg 1536w, https:\/\/www.gruenes-grenzland.net\/wp-content\/uploads\/2022\/07\/03-luftbild-flughafen-elmpt.met-grens-2048x1449.jpg 2048w, https:\/\/www.gruenes-grenzland.net\/wp-content\/uploads\/2022\/07\/03-luftbild-flughafen-elmpt.met-grens-18x12.jpg 18w\" sizes=\"(max-width: 1024px) 100vw, 1024px\" \/>\t\t\t\t\t\t\t\t\t\t\t\t\t\t\t<\/div>\n\t\t\t\t<\/div>\n\t\t\t\t\t<\/div>\n\t\t<\/div>\n\t\t\t\t\t<\/div>\n\t\t<\/section>\n\t\t\t\t<section class=\"elementor-section elementor-top-section elementor-element elementor-element-cefa5d4 elementor-section-boxed elementor-section-height-default elementor-section-height-default\" data-id=\"cefa5d4\" data-element_type=\"section\" data-e-type=\"section\">\n\t\t\t\t\t\t<div class=\"elementor-container elementor-column-gap-default\">\n\t\t\t\t\t<div class=\"elementor-column elementor-col-100 elementor-top-column elementor-element elementor-element-cfd5dde\" data-id=\"cfd5dde\" data-element_type=\"column\" data-e-type=\"column\">\n\t\t\t<div class=\"elementor-widget-wrap elementor-element-populated\">\n\t\t\t\t\t\t<div class=\"elementor-element elementor-element-53ccda9 elementor-widget elementor-widget-text-editor\" data-id=\"53ccda9\" data-element_type=\"widget\" data-e-type=\"widget\" data-widget_type=\"text-editor.default\">\n\t\t\t\t<div class=\"elementor-widget-container\">\n\t\t\t\t\t\t\t\t\t<p>Das LANUV hat auf der Grundlage aktuell vorliegender Daten festgestellt, dass die vorgeschlagenen Erweiterungsfl\u00e4chen sich f\u00fcr eine Gebietserweiterung eignen, da sie die Kriterien eines Vogelschutzgebietes erf\u00fcllen. Die Gebietserweiterung erf\u00fcllt n\u00e4mlich die Kriterien aufgrund landesweit bedeutender Vorkommen des Ziegenmelkers und weiterer nennenswerter Brutbest\u00e4nde von Neunt\u00f6ter, Wiesenpieper, Heidelerche und Blaukehlchen. Zum Zeitpunkt der urspr\u00fcnglichen Meldung des VSG (1983 und Aktualisierung 2004) lagen diese Daten nicht vor, da das Flughafengel\u00e4nde als milit\u00e4rischer Sicherheitsbereich f\u00fcr Kartierungen nicht betreten werden durfte.<\/p><p>Wir nehmen an, dass mit dieser Erweiterung die Errichtung von Windenergieanlagen an dieser Stelle ausgeschlossen ist.<\/p><p>Der Bericht \u2018State of nature in the EU. Results from reporting under the nature directives 2013-2018\u2019 (https:\/\/www.eea.europa.eu\/publications\/state-of-nature-in-the-eu-2020) wurde 2020 ver\u00f6ffentlicht. Mit diesem Bericht bewertet die Europ\u00e4ische Kommission, ob die Naturziele erreicht werden, auf der Grundlage von Arten und Lebensr\u00e4umen, die nach der Vogelschutzrichtlinie und der Habitatrichtlinie gesch\u00fctzt sind. Nur 47% der Vogelarten hat einen guten Populationsstatus. Ackerlandv\u00f6geln wie der Felderche geht es schlecht.<\/p><p>\u00a0<\/p><p>\u00a0<\/p>\t\t\t\t\t\t\t\t<\/div>\n\t\t\t\t<\/div>\n\t\t\t\t\t<\/div>\n\t\t<\/div>\n\t\t\t\t\t<\/div>\n\t\t<\/section>\n\t\t\t\t<section class=\"elementor-section elementor-top-section elementor-element elementor-element-08e79e9 elementor-section-boxed elementor-section-height-default elementor-section-height-default\" data-id=\"08e79e9\" data-element_type=\"section\" data-e-type=\"section\">\n\t\t\t\t\t\t<div class=\"elementor-container elementor-column-gap-default\">\n\t\t\t\t\t<div class=\"elementor-column elementor-col-100 elementor-top-column elementor-element elementor-element-2d98a62\" data-id=\"2d98a62\" data-element_type=\"column\" data-e-type=\"column\">\n\t\t\t<div class=\"elementor-widget-wrap elementor-element-populated\">\n\t\t\t\t\t\t<div class=\"elementor-element elementor-element-1c75266 elementor-widget-divider--view-line elementor-widget elementor-widget-divider\" data-id=\"1c75266\" data-element_type=\"widget\" data-e-type=\"widget\" data-widget_type=\"divider.default\">\n\t\t\t\t<div class=\"elementor-widget-container\">\n\t\t\t\t\t\t\t<div class=\"elementor-divider\">\n\t\t\t<span class=\"elementor-divider-separator\">\n\t\t\t\t\t\t<\/span>\n\t\t<\/div>\n\t\t\t\t\t\t<\/div>\n\t\t\t\t<\/div>\n\t\t\t\t\t<\/div>\n\t\t<\/div>\n\t\t\t\t\t<\/div>\n\t\t<\/section>\n\t\t\t\t<section class=\"elementor-section elementor-top-section elementor-element elementor-element-7f52d5f elementor-section-boxed elementor-section-height-default elementor-section-height-default\" data-id=\"7f52d5f\" data-element_type=\"section\" data-e-type=\"section\">\n\t\t\t\t\t\t<div class=\"elementor-container elementor-column-gap-default\">\n\t\t\t\t\t<div class=\"elementor-column elementor-col-100 elementor-top-column elementor-element elementor-element-5c067aa\" data-id=\"5c067aa\" data-element_type=\"column\" data-e-type=\"column\">\n\t\t\t<div class=\"elementor-widget-wrap elementor-element-populated\">\n\t\t\t\t\t\t<div class=\"elementor-element elementor-element-18c5d3d elementor-widget elementor-widget-menu-anchor\" data-id=\"18c5d3d\" data-element_type=\"widget\" data-e-type=\"widget\" data-widget_type=\"menu-anchor.default\">\n\t\t\t\t<div class=\"elementor-widget-container\">\n\t\t\t\t\t\t\t<div class=\"elementor-menu-anchor\" id=\"Aahrus\"><\/div>\n\t\t\t\t\t\t<\/div>\n\t\t\t\t<\/div>\n\t\t\t\t\t<\/div>\n\t\t<\/div>\n\t\t\t\t\t<\/div>\n\t\t<\/section>\n\t\t\t\t<section class=\"elementor-section elementor-top-section elementor-element elementor-element-ce01725 elementor-section-boxed elementor-section-height-default elementor-section-height-default\" data-id=\"ce01725\" data-element_type=\"section\" data-e-type=\"section\">\n\t\t\t\t\t\t<div class=\"elementor-container elementor-column-gap-default\">\n\t\t\t\t\t<div class=\"elementor-column elementor-col-100 elementor-top-column elementor-element elementor-element-8cfbfaa\" data-id=\"8cfbfaa\" data-element_type=\"column\" data-e-type=\"column\">\n\t\t\t<div class=\"elementor-widget-wrap elementor-element-populated\">\n\t\t\t\t\t\t<div class=\"elementor-element elementor-element-daa30d1 elementor-widget elementor-widget-text-editor\" data-id=\"daa30d1\" data-element_type=\"widget\" data-e-type=\"widget\" data-widget_type=\"text-editor.default\">\n\t\t\t\t<div class=\"elementor-widget-container\">\n\t\t\t\t\t\t\t\t\t<p><strong>Internationale Konventionen zur grenz\u00fcberschreitenden Beteiligung der \u00d6ffentlichkeit<\/strong><\/p>\t\t\t\t\t\t\t\t<\/div>\n\t\t\t\t<\/div>\n\t\t\t\t\t<\/div>\n\t\t<\/div>\n\t\t\t\t\t<\/div>\n\t\t<\/section>\n\t\t\t\t<section class=\"elementor-section elementor-top-section elementor-element elementor-element-ae90eb9 elementor-section-boxed elementor-section-height-default elementor-section-height-default\" data-id=\"ae90eb9\" data-element_type=\"section\" data-e-type=\"section\">\n\t\t\t\t\t\t<div class=\"elementor-container elementor-column-gap-default\">\n\t\t\t\t\t<div class=\"elementor-column elementor-col-100 elementor-top-column elementor-element elementor-element-ed67a66\" data-id=\"ed67a66\" data-element_type=\"column\" data-e-type=\"column\">\n\t\t\t<div class=\"elementor-widget-wrap elementor-element-populated\">\n\t\t\t\t\t\t<div class=\"elementor-element elementor-element-1adafc0 elementor-widget elementor-widget-text-editor\" data-id=\"1adafc0\" data-element_type=\"widget\" data-e-type=\"widget\" data-widget_type=\"text-editor.default\">\n\t\t\t\t<div class=\"elementor-widget-container\">\n\t\t\t\t\t\t\t\t\t<p>2020, Internationale Vertr\u00e4ge <strong>(Vertrag von Aahrus und der Vertrag von Espoo)<\/strong> organisieren grenz\u00fcberschreitende Teilnahme, sehe <a style=\"font-size: 1rem;\" href=\"https:\/\/www.magazinesrijkswaterstaat.nl\/mer-nieuws\/2020\/97\/internationale-verdragen\" target=\"_blank\" rel=\"noopener\">hier\u00a0<\/a><\/p><p>Es wurde vereinbart, dass Nachbarstaaten bei erheblichen Auswirkungen den Regierungen und Einwohnern des Landes selbst gleichgestellt werden. Da die Planungen in Elmpt unter anderem gro\u00dfe Auswirkungen auf den Nationalpark Meinweg haben werden, ist mit einer fr\u00fchzeitigen Abstimmung der Initiatoren mit den Nachbargemeinden und der Provinz Limburg zu rechnen.<\/p>\t\t\t\t\t\t\t\t<\/div>\n\t\t\t\t<\/div>\n\t\t\t\t\t<\/div>\n\t\t<\/div>\n\t\t\t\t\t<\/div>\n\t\t<\/section>\n\t\t\t\t<section class=\"elementor-section elementor-top-section elementor-element elementor-element-82b9fab elementor-section-boxed elementor-section-height-default elementor-section-height-default\" data-id=\"82b9fab\" data-element_type=\"section\" data-e-type=\"section\">\n\t\t\t\t\t\t<div class=\"elementor-container elementor-column-gap-default\">\n\t\t\t\t\t<div class=\"elementor-column elementor-col-100 elementor-top-column elementor-element elementor-element-ee9e793\" data-id=\"ee9e793\" data-element_type=\"column\" data-e-type=\"column\">\n\t\t\t<div class=\"elementor-widget-wrap elementor-element-populated\">\n\t\t\t\t\t\t<div class=\"elementor-element elementor-element-fbae16e elementor-widget elementor-widget-text-editor\" data-id=\"fbae16e\" data-element_type=\"widget\" data-e-type=\"widget\" data-widget_type=\"text-editor.default\">\n\t\t\t\t<div class=\"elementor-widget-container\">\n\t\t\t\t\t\t\t\t\t<p><b>Gemeinsame deutschniederl\u00e4ndische\nErkl\u00e4rung zur\ngrenz\u00fcbergreifenden UVP\/SUP<\/b><\/p>\t\t\t\t\t\t\t\t<\/div>\n\t\t\t\t<\/div>\n\t\t\t\t\t<\/div>\n\t\t<\/div>\n\t\t\t\t\t<\/div>\n\t\t<\/section>\n\t\t\t\t<section class=\"elementor-section elementor-top-section elementor-element elementor-element-b2b5d7e elementor-section-boxed elementor-section-height-default elementor-section-height-default\" data-id=\"b2b5d7e\" data-element_type=\"section\" data-e-type=\"section\">\n\t\t\t\t\t\t<div class=\"elementor-container elementor-column-gap-default\">\n\t\t\t\t\t<div class=\"elementor-column elementor-col-100 elementor-top-column elementor-element elementor-element-dc16237\" data-id=\"dc16237\" data-element_type=\"column\" data-e-type=\"column\">\n\t\t\t<div class=\"elementor-widget-wrap elementor-element-populated\">\n\t\t\t\t\t\t<div class=\"elementor-element elementor-element-bf853f6 elementor-widget elementor-widget-text-editor\" data-id=\"bf853f6\" data-element_type=\"widget\" data-e-type=\"widget\" data-widget_type=\"text-editor.default\">\n\t\t\t\t<div class=\"elementor-widget-container\">\n\t\t\t\t\t\t\t\t\t<p>Im Jahre 2005 wurde von den Niederlanden und Deutschland eine Gemeinsame Erkl\u00e4rung \u00fcber die\nZusammenarbeit im Rahmen grenz\u00fcbergreifender Umweltvertr\u00e4glichkeitspr\u00fcfungen (UVP) erstellt. Diese\nGemeinsame Erkl\u00e4rung wurde 2013 aktualisiert und bezieht sich seitdem auch auf die strategischen\nUmweltpr\u00fcfungen (SUP): im Rahmen von Pl\u00e4nen\/Programmen und Projekten mit m\u00f6glichen erheblichen\nAuswirkungen auf die Umwelt. Die Gemeinsame Erkl\u00e4rung dient als Handreichung, welche Eckpunkte und\nkonkrete Vereinbarungen dar\u00fcber enth\u00e4lt, wie eine grenz\u00fcbergreifende Umweltvertr\u00e4glichkeitspr\u00fcfung\nangemessen durchgef\u00fchrt werden kann. Bezweckt wird ein reibungsloser Informationsaustausch zwischen den\nbeiden Nachbarstaaten dort, wo dies relevant und erforderlich ist, sowie ein z\u00fcgiger Ablauf sowohl der UVP\/SUPVerfahren\nals auch der grenz\u00fcbergreifenden Zusammenarbeit.  F\u00fcr weitere Informationen siehe <a style=\"font-size: 1rem;\" href=\"https:\/\/www.infomil.nl\/publish\/pages\/105564\/ablaufplan_uvp-sup.pdf\" target=\"_blank\" rel=\"noopener\">HIER<\/a><\/p>\t\t\t\t\t\t\t\t<\/div>\n\t\t\t\t<\/div>\n\t\t\t\t\t<\/div>\n\t\t<\/div>\n\t\t\t\t\t<\/div>\n\t\t<\/section>\n\t\t\t\t<section class=\"elementor-section elementor-top-section elementor-element elementor-element-0740faf elementor-section-boxed elementor-section-height-default elementor-section-height-default\" data-id=\"0740faf\" data-element_type=\"section\" data-e-type=\"section\">\n\t\t\t\t\t\t<div class=\"elementor-container elementor-column-gap-default\">\n\t\t\t\t\t<div class=\"elementor-column elementor-col-100 elementor-top-column elementor-element elementor-element-c4a9ffc\" data-id=\"c4a9ffc\" data-element_type=\"column\" data-e-type=\"column\">\n\t\t\t<div class=\"elementor-widget-wrap elementor-element-populated\">\n\t\t\t\t\t\t<div class=\"elementor-element elementor-element-9f8e025 elementor-widget elementor-widget-heading\" data-id=\"9f8e025\" data-element_type=\"widget\" data-e-type=\"widget\" data-widget_type=\"heading.default\">\n\t\t\t\t<div class=\"elementor-widget-container\">\n\t\t\t\t\t<h5 class=\"elementor-heading-title elementor-size-default\">Grenzpark Maas-Schwalm-Nette<\/h5>\t\t\t\t<\/div>\n\t\t\t\t<\/div>\n\t\t\t\t\t<\/div>\n\t\t<\/div>\n\t\t\t\t\t<\/div>\n\t\t<\/section>\n\t\t\t\t<section class=\"elementor-section elementor-top-section elementor-element elementor-element-7b64d5c elementor-section-boxed elementor-section-height-default elementor-section-height-default\" data-id=\"7b64d5c\" data-element_type=\"section\" data-e-type=\"section\">\n\t\t\t\t\t\t<div class=\"elementor-container elementor-column-gap-default\">\n\t\t\t\t\t<div class=\"elementor-column elementor-col-100 elementor-top-column elementor-element elementor-element-aa98528\" data-id=\"aa98528\" data-element_type=\"column\" data-e-type=\"column\">\n\t\t\t<div class=\"elementor-widget-wrap elementor-element-populated\">\n\t\t\t\t\t\t<div class=\"elementor-element elementor-element-d07db44 elementor-widget elementor-widget-text-editor\" data-id=\"d07db44\" data-element_type=\"widget\" data-e-type=\"widget\" data-widget_type=\"text-editor.default\">\n\t\t\t\t<div class=\"elementor-widget-container\">\n\t\t\t\t\t\t\t\t\t<div dir=\"auto\" class=\" translation-block\">Der Grenzpark Maas-Schwalm-Nette wurde 1977 eingerichtet. Die bestehende\nDas Naturschutzgebiet Swalm-Nette wurde um einen holl\u00e4ndischen Teil erweitert. In 1994 wurde  auf Initiative des\nRegion Nord- und Mittellimburg und Kreis Viersen den grenz\u00fcberschreitenden \u00f6kologischen Basisplan\n(GEB) erstellt. Seit 2001 wird das INTERREG IIIA-Projekt von einem internationalen Partner geleitet\nAgentur, die die formulierten politischen Ziele f\u00fcr die Natur umsetzt. Dabei k\u00f6nnen internationale Projekte eingebracht werden. Das Hauptziel ist es,\neine grenz\u00fcberschreitende Struktur zu entwickeln, wobei die Kernlebensr\u00e4ume der Natur erweitert und fehlende Trittsteine \u200b\u200bzwischen Meinweg und Brachterwald realisiert werden, sowie angrenzende Naturschutzgebiete zu erhalten und weiterzuentwickeln  (<a href=\"http:\/\/www.naturpark-msn.de\/\" target=\"_blank\" rel=\"noopener\" data-saferedirecturl=\"https:\/\/www.google.com\/url?q=http:\/\/www.naturpark-msn.de&amp;source=gmail&amp;ust=1659514714376000&amp;usg=AOvVaw33EixtAMSPP2ViC_mPKctq\" style=\"font-size: 1rem\">www.naturpark-msn.de<\/a>).<\/div>\t\t\t\t\t\t\t\t<\/div>\n\t\t\t\t<\/div>\n\t\t\t\t\t<\/div>\n\t\t<\/div>\n\t\t\t\t\t<\/div>\n\t\t<\/section>\n\t\t\t\t<section class=\"elementor-section elementor-top-section elementor-element elementor-element-e447b5e elementor-section-boxed elementor-section-height-default elementor-section-height-default\" data-id=\"e447b5e\" data-element_type=\"section\" data-e-type=\"section\">\n\t\t\t\t\t\t<div class=\"elementor-container elementor-column-gap-default\">\n\t\t\t\t\t<div class=\"elementor-column elementor-col-100 elementor-top-column elementor-element elementor-element-3f79920\" data-id=\"3f79920\" data-element_type=\"column\" data-e-type=\"column\">\n\t\t\t<div class=\"elementor-widget-wrap elementor-element-populated\">\n\t\t\t\t\t\t<div class=\"elementor-element elementor-element-e34bf3a elementor-widget elementor-widget-text-editor\" data-id=\"e34bf3a\" data-element_type=\"widget\" data-e-type=\"widget\" data-widget_type=\"text-editor.default\">\n\t\t\t\t<div class=\"elementor-widget-container\">\n\t\t\t\t\t\t\t\t\t<h5><strong>Abstimmung mit der Provinz Limburg und den Nachbargemeinden<\/strong><\/h5>\t\t\t\t\t\t\t\t<\/div>\n\t\t\t\t<\/div>\n\t\t\t\t\t<\/div>\n\t\t<\/div>\n\t\t\t\t\t<\/div>\n\t\t<\/section>\n\t\t\t\t<section class=\"elementor-section elementor-top-section elementor-element elementor-element-fafc6e9 elementor-section-boxed elementor-section-height-default elementor-section-height-default\" data-id=\"fafc6e9\" data-element_type=\"section\" data-e-type=\"section\">\n\t\t\t\t\t\t<div class=\"elementor-container elementor-column-gap-default\">\n\t\t\t\t\t<div class=\"elementor-column elementor-col-100 elementor-top-column elementor-element elementor-element-ad69d60\" data-id=\"ad69d60\" data-element_type=\"column\" data-e-type=\"column\">\n\t\t\t<div class=\"elementor-widget-wrap elementor-element-populated\">\n\t\t\t\t\t\t<div class=\"elementor-element elementor-element-1e83e68 elementor-widget elementor-widget-text-editor\" data-id=\"1e83e68\" data-element_type=\"widget\" data-e-type=\"widget\" data-widget_type=\"text-editor.default\">\n\t\t\t\t<div class=\"elementor-widget-container\">\n\t\t\t\t\t\t\t\t\t<p>12. Juli 2022, Ende is in Sicht zum Widerstand gegen deutsche Windm\u00fchlen Meinweg, sehe <a href=\"https:\/\/www.1limburg.nl\/nieuws\/1800485\/einde-in-zicht-voor-verzet-tegen-duitse-windmolens-meinweg\">hier<\/a><\/p>\t\t\t\t\t\t\t\t<\/div>\n\t\t\t\t<\/div>\n\t\t\t\t\t<\/div>\n\t\t<\/div>\n\t\t\t\t\t<\/div>\n\t\t<\/section>\n\t\t\t\t<section class=\"elementor-section elementor-top-section elementor-element elementor-element-af54910 elementor-section-boxed elementor-section-height-default elementor-section-height-default\" data-id=\"af54910\" data-element_type=\"section\" data-e-type=\"section\">\n\t\t\t\t\t\t<div class=\"elementor-container elementor-column-gap-default\">\n\t\t\t\t\t<div class=\"elementor-column elementor-col-100 elementor-top-column elementor-element elementor-element-ad7e07e\" data-id=\"ad7e07e\" data-element_type=\"column\" data-e-type=\"column\">\n\t\t\t<div class=\"elementor-widget-wrap elementor-element-populated\">\n\t\t\t\t\t\t<div class=\"elementor-element elementor-element-d0e2ac3 elementor-widget elementor-widget-text-editor\" data-id=\"d0e2ac3\" data-element_type=\"widget\" data-e-type=\"widget\" data-widget_type=\"text-editor.default\">\n\t\t\t\t<div class=\"elementor-widget-container\">\n\t\t\t\t\t\t\t\t\t<p>8. November 2021, Die Provinz Limburg wird erneut gegen den Bau des Windparks B\u00f6nnesohl in der N\u00e4he des Nationalparks De Meinweg, ein Natura-2000-Gebiet mit den verschiedenen Beh\u00f6rden in Deutschland, Einspruch erheben, sehe <a href=\"https:\/\/www.russell.nl\/publicatie\/gs-limburg-eisen-grensoverschrijdende-mer-voor-mega-windmolens-bij-natura-2000-gebied-de-meinweg\/\">hier<\/a><\/p>\t\t\t\t\t\t\t\t<\/div>\n\t\t\t\t<\/div>\n\t\t\t\t\t<\/div>\n\t\t<\/div>\n\t\t\t\t\t<\/div>\n\t\t<\/section>\n\t\t\t\t<section class=\"elementor-section elementor-top-section elementor-element elementor-element-653831a elementor-section-boxed elementor-section-height-default elementor-section-height-default\" data-id=\"653831a\" data-element_type=\"section\" data-e-type=\"section\">\n\t\t\t\t\t\t<div class=\"elementor-container elementor-column-gap-default\">\n\t\t\t\t\t<div class=\"elementor-column elementor-col-100 elementor-top-column elementor-element elementor-element-4d81a9b\" data-id=\"4d81a9b\" data-element_type=\"column\" data-e-type=\"column\">\n\t\t\t<div class=\"elementor-widget-wrap elementor-element-populated\">\n\t\t\t\t\t\t<div class=\"elementor-element elementor-element-f22298b elementor-widget elementor-widget-text-editor\" data-id=\"f22298b\" data-element_type=\"widget\" data-e-type=\"widget\" data-widget_type=\"text-editor.default\">\n\t\t\t\t<div class=\"elementor-widget-container\">\n\t\t\t\t\t\t\t\t\t<p>16. April 2020, Der Bau von vier Windm\u00fchlen am B\u00f6nnesohl kurz hinter der deutschen Grenze bei Herkenbosch geht weiter, sehe <a style=\"font-size: 1rem;\" href=\"https:\/\/www.1limburg.nl\/mer-afgewezen-bouw-duitse-windmolens-meinweg-gaat-door\" target=\"_blank\" rel=\"noopener\">hier\u00a0<\/a><br \/><span style=\"font-style: inherit; font-weight: inherit; background-color: var(--ast-global-color-4); color: var(--ast-global-color-3);\">Das zeigt, dass die Gemeinde Niederkr\u00fcchten damit locker davonkommen kann. <\/span>Mit den Nachbargemeinden etwas spie\u00dfig reden, aber ansonsten die Regeln nicht einhalten (Vogelschutzrichtlinie, Konsultationsverfahren Nachbarland...).<\/p>\t\t\t\t\t\t\t\t<\/div>\n\t\t\t\t<\/div>\n\t\t\t\t\t<\/div>\n\t\t<\/div>\n\t\t\t\t\t<\/div>\n\t\t<\/section>\n\t\t\t\t<\/div>","protected":false},"excerpt":{"rendered":"<p>Planologisch\/Juridisch kader Bebouwingsplan Bestemmingsplan Landschapsplan Streekplan Natura 2000 Internationale verdragen inzake inspraak over de grens Bebouwingsplan Het bestemmingsplan bestrijkt doorgaans het gehele gemeentelijk gebied, maar bevat geen bijbehorende concrete bepalingen. Het bebouwingsplan beschrijft kleinere delen van het gemeentelijk gebied maar bevat wel bindende voorschriften. \u00a0 Hoe het plan er voor het oostelijk deel &#8211; Javelin [&hellip;]<\/p>\n","protected":false},"author":3,"featured_media":0,"parent":0,"menu_order":0,"comment_status":"closed","ping_status":"closed","template":"","meta":{"site-sidebar-layout":"no-sidebar","site-content-layout":"page-builder","ast-site-content-layout":"default","site-content-style":"default","site-sidebar-style":"default","ast-global-header-display":"","ast-banner-title-visibility":"","ast-main-header-display":"","ast-hfb-above-header-display":"","ast-hfb-below-header-display":"","ast-hfb-mobile-header-display":"","site-post-title":"disabled","ast-breadcrumbs-content":"","ast-featured-img":"disabled","footer-sml-layout":"","ast-disable-related-posts":"","theme-transparent-header-meta":"","adv-header-id-meta":"","stick-header-meta":"","header-above-stick-meta":"","header-main-stick-meta":"","header-below-stick-meta":"","astra-migrate-meta-layouts":"default","ast-page-background-enabled":"default","ast-page-background-meta":{"desktop":{"background-color":"","background-image":"","background-repeat":"repeat","background-position":"center center","background-size":"auto","background-attachment":"scroll","background-type":"","background-media":"","overlay-type":"","overlay-color":"","overlay-opacity":"","overlay-gradient":""},"tablet":{"background-color":"","background-image":"","background-repeat":"repeat","background-position":"center center","background-size":"auto","background-attachment":"scroll","background-type":"","background-media":"","overlay-type":"","overlay-color":"","overlay-opacity":"","overlay-gradient":""},"mobile":{"background-color":"","background-image":"","background-repeat":"repeat","background-position":"center center","background-size":"auto","background-attachment":"scroll","background-type":"","background-media":"","overlay-type":"","overlay-color":"","overlay-opacity":"","overlay-gradient":""}},"ast-content-background-meta":{"desktop":{"background-color":"var(--ast-global-color-5)","background-image":"","background-repeat":"repeat","background-position":"center center","background-size":"auto","background-attachment":"scroll","background-type":"","background-media":"","overlay-type":"","overlay-color":"","overlay-opacity":"","overlay-gradient":""},"tablet":{"background-color":"var(--ast-global-color-5)","background-image":"","background-repeat":"repeat","background-position":"center center","background-size":"auto","background-attachment":"scroll","background-type":"","background-media":"","overlay-type":"","overlay-color":"","overlay-opacity":"","overlay-gradient":""},"mobile":{"background-color":"var(--ast-global-color-5)","background-image":"","background-repeat":"repeat","background-position":"center center","background-size":"auto","background-attachment":"scroll","background-type":"","background-media":"","overlay-type":"","overlay-color":"","overlay-opacity":"","overlay-gradient":""}},"footnotes":""},"class_list":["post-7152","page","type-page","status-publish","hentry"],"_links":{"self":[{"href":"https:\/\/www.gruenes-grenzland.net\/de\/wp-json\/wp\/v2\/pages\/7152","targetHints":{"allow":["GET"]}}],"collection":[{"href":"https:\/\/www.gruenes-grenzland.net\/de\/wp-json\/wp\/v2\/pages"}],"about":[{"href":"https:\/\/www.gruenes-grenzland.net\/de\/wp-json\/wp\/v2\/types\/page"}],"author":[{"embeddable":true,"href":"https:\/\/www.gruenes-grenzland.net\/de\/wp-json\/wp\/v2\/users\/3"}],"replies":[{"embeddable":true,"href":"https:\/\/www.gruenes-grenzland.net\/de\/wp-json\/wp\/v2\/comments?post=7152"}],"version-history":[{"count":567,"href":"https:\/\/www.gruenes-grenzland.net\/de\/wp-json\/wp\/v2\/pages\/7152\/revisions"}],"predecessor-version":[{"id":17042,"href":"https:\/\/www.gruenes-grenzland.net\/de\/wp-json\/wp\/v2\/pages\/7152\/revisions\/17042"}],"wp:attachment":[{"href":"https:\/\/www.gruenes-grenzland.net\/de\/wp-json\/wp\/v2\/media?parent=7152"}],"curies":[{"name":"wp","href":"https:\/\/api.w.org\/{rel}","templated":true}]}}