{"id":8219,"date":"2022-06-28T19:39:15","date_gmt":"2022-06-28T17:39:15","guid":{"rendered":"https:\/\/www.gruenes-grenzland.net\/?page_id=8219"},"modified":"2025-03-26T17:23:17","modified_gmt":"2025-03-26T16:23:17","slug":"actueel","status":"publish","type":"page","link":"https:\/\/www.gruenes-grenzland.net\/de\/actueel\/","title":{"rendered":"Aktuell"},"content":{"rendered":"<div data-elementor-type=\"wp-page\" data-elementor-id=\"8219\" class=\"elementor elementor-8219\" data-elementor-post-type=\"page\">\n\t\t\t\t\t\t<section class=\"elementor-section elementor-top-section elementor-element elementor-element-1b8dc8c elementor-section-boxed elementor-section-height-default elementor-section-height-default\" data-id=\"1b8dc8c\" data-element_type=\"section\" data-e-type=\"section\">\n\t\t\t\t\t\t<div class=\"elementor-container elementor-column-gap-default\">\n\t\t\t\t\t<div class=\"elementor-column elementor-col-100 elementor-top-column elementor-element elementor-element-bed5a76\" data-id=\"bed5a76\" data-element_type=\"column\" data-e-type=\"column\">\n\t\t\t<div class=\"elementor-widget-wrap elementor-element-populated\">\n\t\t\t\t\t\t<div class=\"elementor-element elementor-element-181e54a elementor-widget-divider--view-line elementor-widget elementor-widget-divider\" data-id=\"181e54a\" data-element_type=\"widget\" data-e-type=\"widget\" data-widget_type=\"divider.default\">\n\t\t\t\t<div class=\"elementor-widget-container\">\n\t\t\t\t\t\t\t<div class=\"elementor-divider\">\n\t\t\t<span class=\"elementor-divider-separator\">\n\t\t\t\t\t\t<\/span>\n\t\t<\/div>\n\t\t\t\t\t\t<\/div>\n\t\t\t\t<\/div>\n\t\t\t\t\t<\/div>\n\t\t<\/div>\n\t\t\t\t\t<\/div>\n\t\t<\/section>\n\t\t\t\t<section class=\"elementor-section elementor-top-section elementor-element elementor-element-50e855c elementor-section-boxed elementor-section-height-default elementor-section-height-default\" data-id=\"50e855c\" data-element_type=\"section\" data-e-type=\"section\">\n\t\t\t\t\t\t<div class=\"elementor-container elementor-column-gap-default\">\n\t\t\t\t\t<div class=\"elementor-column elementor-col-100 elementor-top-column elementor-element elementor-element-6dab8af\" data-id=\"6dab8af\" data-element_type=\"column\" data-e-type=\"column\">\n\t\t\t<div class=\"elementor-widget-wrap elementor-element-populated\">\n\t\t\t\t\t\t<div class=\"elementor-element elementor-element-24b73db elementor-widget elementor-widget-heading\" data-id=\"24b73db\" data-element_type=\"widget\" data-e-type=\"widget\" data-widget_type=\"heading.default\">\n\t\t\t\t<div class=\"elementor-widget-container\">\n\t\t\t\t\t<h2 class=\"elementor-heading-title elementor-size-default\">Aktuell<\/h2>\t\t\t\t<\/div>\n\t\t\t\t<\/div>\n\t\t\t\t\t<\/div>\n\t\t<\/div>\n\t\t\t\t\t<\/div>\n\t\t<\/section>\n\t\t\t\t<section class=\"elementor-section elementor-top-section elementor-element elementor-element-fd30183 elementor-section-boxed elementor-section-height-default elementor-section-height-default\" data-id=\"fd30183\" data-element_type=\"section\" data-e-type=\"section\">\n\t\t\t\t\t\t<div class=\"elementor-container elementor-column-gap-default\">\n\t\t\t\t\t<div class=\"elementor-column elementor-col-100 elementor-top-column elementor-element elementor-element-d9e61eb\" data-id=\"d9e61eb\" data-element_type=\"column\" data-e-type=\"column\">\n\t\t\t<div class=\"elementor-widget-wrap elementor-element-populated\">\n\t\t\t\t\t\t<div class=\"elementor-element elementor-element-e14ec7f elementor-widget elementor-widget-text-editor\" data-id=\"e14ec7f\" data-element_type=\"widget\" data-e-type=\"widget\" data-widget_type=\"text-editor.default\">\n\t\t\t\t<div class=\"elementor-widget-container\">\n\t\t\t\t\t\t\t\t\t<h3><strong>Javelin Park , 'Gr\u00fcn bleibt gr\u00fcn'<\/strong><\/h3>\t\t\t\t\t\t\t\t<\/div>\n\t\t\t\t<\/div>\n\t\t\t\t\t<\/div>\n\t\t<\/div>\n\t\t\t\t\t<\/div>\n\t\t<\/section>\n\t\t\t\t<section class=\"elementor-section elementor-top-section elementor-element elementor-element-dd325c8 elementor-section-boxed elementor-section-height-default elementor-section-height-default\" data-id=\"dd325c8\" data-element_type=\"section\" data-e-type=\"section\">\n\t\t\t\t\t\t<div class=\"elementor-container elementor-column-gap-default\">\n\t\t\t\t\t<div class=\"elementor-column elementor-col-100 elementor-top-column elementor-element elementor-element-e7627fa\" data-id=\"e7627fa\" data-element_type=\"column\" data-e-type=\"column\">\n\t\t\t<div class=\"elementor-widget-wrap elementor-element-populated\">\n\t\t\t\t\t\t<div class=\"elementor-element elementor-element-65316fa elementor-widget elementor-widget-menu-anchor\" data-id=\"65316fa\" data-element_type=\"widget\" data-e-type=\"widget\" data-widget_type=\"menu-anchor.default\">\n\t\t\t\t<div class=\"elementor-widget-container\">\n\t\t\t\t\t\t\t<div class=\"elementor-menu-anchor\" id=\"2025-3\"><\/div>\n\t\t\t\t\t\t<\/div>\n\t\t\t\t<\/div>\n\t\t\t\t\t<\/div>\n\t\t<\/div>\n\t\t\t\t\t<\/div>\n\t\t<\/section>\n\t\t\t\t<section class=\"elementor-section elementor-top-section elementor-element elementor-element-c4fcfff elementor-section-boxed elementor-section-height-default elementor-section-height-default\" data-id=\"c4fcfff\" data-element_type=\"section\" data-e-type=\"section\">\n\t\t\t\t\t\t<div class=\"elementor-container elementor-column-gap-default\">\n\t\t\t\t\t<div class=\"elementor-column elementor-col-100 elementor-top-column elementor-element elementor-element-b4260e2\" data-id=\"b4260e2\" data-element_type=\"column\" data-e-type=\"column\">\n\t\t\t<div class=\"elementor-widget-wrap elementor-element-populated\">\n\t\t\t\t\t\t<div class=\"elementor-element elementor-element-034a9fe elementor-widget elementor-widget-text-editor\" data-id=\"034a9fe\" data-element_type=\"widget\" data-e-type=\"widget\" data-widget_type=\"text-editor.default\">\n\t\t\t\t<div class=\"elementor-widget-container\">\n\t\t\t\t\t\t\t\t\t<p>W\u00e4hrend das Verfahren gegen den Bebauungsplan Elmpt Ost noch anh\u00e4ngig ist, werden die B\u00e4ume gnadenlos gef\u00e4llt. Leider haben diese Verfahren keine aufschiebende Wirkung. Der Verlauf der Ereignisse zeigt, wie wenig Wert auf unsere gr\u00fcne Umwelt gelegt wird. Die Bilder sprechen f\u00fcr sich: Wo einst ein sch\u00f6ner Wald stand, sind nur noch kahle Fl\u00e4chen \u00fcbrig (24\/3\/'25).<\/p>\t\t\t\t\t\t\t\t<\/div>\n\t\t\t\t<\/div>\n\t\t\t\t\t<\/div>\n\t\t<\/div>\n\t\t\t\t\t<\/div>\n\t\t<\/section>\n\t\t\t\t<section class=\"elementor-section elementor-top-section elementor-element elementor-element-dbe1d32 elementor-section-boxed elementor-section-height-default elementor-section-height-default\" data-id=\"dbe1d32\" data-element_type=\"section\" data-e-type=\"section\">\n\t\t\t\t\t\t<div class=\"elementor-container elementor-column-gap-default\">\n\t\t\t\t\t<div class=\"elementor-column elementor-col-100 elementor-top-column elementor-element elementor-element-0a3ce8b\" data-id=\"0a3ce8b\" data-element_type=\"column\" data-e-type=\"column\">\n\t\t\t<div class=\"elementor-widget-wrap elementor-element-populated\">\n\t\t\t\t\t\t<div class=\"elementor-element elementor-element-e0798df elementor-widget elementor-widget-video\" data-id=\"e0798df\" data-element_type=\"widget\" data-e-type=\"widget\" data-settings=\"{&quot;video_type&quot;:&quot;hosted&quot;,&quot;autoplay&quot;:&quot;yes&quot;,&quot;play_on_mobile&quot;:&quot;yes&quot;,&quot;loop&quot;:&quot;yes&quot;,&quot;controls&quot;:&quot;yes&quot;}\" data-widget_type=\"video.default\">\n\t\t\t\t<div class=\"elementor-widget-container\">\n\t\t\t\t\t\t\t<div class=\"e-hosted-video elementor-wrapper elementor-open-inline\">\n\t\t\t\t\t<video class=\"elementor-video\" src=\"https:\/\/www.gruenes-grenzland.net\/wp-content\/uploads\/2025\/03\/Elmpt-Weyenhof-2024-2025-lage-resolutie.mp4\" autoplay=\"\" loop=\"\" controls=\"\" playsinline=\"\" controlslist=\"nodownload\"><\/video>\n\t\t\t\t<\/div>\n\t\t\t\t\t\t<\/div>\n\t\t\t\t<\/div>\n\t\t\t\t\t<\/div>\n\t\t<\/div>\n\t\t\t\t\t<\/div>\n\t\t<\/section>\n\t\t\t\t<section class=\"elementor-section elementor-top-section elementor-element elementor-element-14b2c72 elementor-section-boxed elementor-section-height-default elementor-section-height-default\" data-id=\"14b2c72\" data-element_type=\"section\" data-e-type=\"section\">\n\t\t\t\t\t\t<div class=\"elementor-container elementor-column-gap-default\">\n\t\t\t\t\t<div class=\"elementor-column elementor-col-100 elementor-top-column elementor-element elementor-element-d95aa2a\" data-id=\"d95aa2a\" data-element_type=\"column\" data-e-type=\"column\">\n\t\t\t<div class=\"elementor-widget-wrap elementor-element-populated\">\n\t\t\t\t\t\t<div class=\"elementor-element elementor-element-ab5ffb5 elementor-widget elementor-widget-text-editor\" data-id=\"ab5ffb5\" data-element_type=\"widget\" data-e-type=\"widget\" data-widget_type=\"text-editor.default\">\n\t\t\t\t<div class=\"elementor-widget-container\">\n\t\t\t\t\t\t\t\t\t<p><strong>Gr\u00fcn w\u00fcrde gr\u00fcn bleiben. Nicht so.<\/strong><\/p><p>Und das ist erst der Anfang. Bald werden hier bis zu 40 Meter hohe Megahallen entstehen. Der G\u00fcterverkehr wird enorm zunehmen, mit all seinen negativen Folgen: L\u00e4rmbel\u00e4stigung, Luftverschmutzung und noch nie dagewesene Verkehrsstaus. Schlie\u00dflich werden bis zu 25.000 Autos pro Tag durch das Gebiet fahren. Wie sich das auf unser Lebensumfeld auswirken wird, ist ungewiss.<\/p><p>Mit freundlicher Genehmigung u.a. von CDU Niederkr\u00fcchten, SPD Niederkr\u00fcchten und FDP Niederkr\u00fcchten ...<\/p><p>Aber wir werden es nicht dabei belassen. Unser Kampf geht weiter!<strong><br \/><\/strong>\u00a0<span style=\"font-style: inherit; font-weight: inherit; background-color: var(--ast-global-color-4); color: var(--ast-global-color-3);\"><a href=\"https:\/\/www.gruenes-grenzland.net\/de\/doneren-groen-grensland\/\">Unterst\u00fctzen Sie uns (De)<\/a> \/ <a href=\"https:\/\/www.gruenes-grenzland.net\/doneren-groen-grensland\/\">Unterst\u00fctzen Sie uns (Nl)<\/a><\/span><\/p>\t\t\t\t\t\t\t\t<\/div>\n\t\t\t\t<\/div>\n\t\t\t\t\t<\/div>\n\t\t<\/div>\n\t\t\t\t\t<\/div>\n\t\t<\/section>\n\t\t\t\t<section class=\"elementor-section elementor-top-section elementor-element elementor-element-46fc2c4 elementor-section-boxed elementor-section-height-default elementor-section-height-default\" data-id=\"46fc2c4\" data-element_type=\"section\" data-e-type=\"section\">\n\t\t\t\t\t\t<div class=\"elementor-container elementor-column-gap-default\">\n\t\t\t\t\t<div class=\"elementor-column elementor-col-100 elementor-top-column elementor-element elementor-element-68bcbea\" data-id=\"68bcbea\" data-element_type=\"column\" data-e-type=\"column\">\n\t\t\t<div class=\"elementor-widget-wrap elementor-element-populated\">\n\t\t\t\t\t\t<div class=\"elementor-element elementor-element-f32269b elementor-widget-divider--view-line elementor-widget elementor-widget-divider\" data-id=\"f32269b\" data-element_type=\"widget\" data-e-type=\"widget\" data-widget_type=\"divider.default\">\n\t\t\t\t<div class=\"elementor-widget-container\">\n\t\t\t\t\t\t\t<div class=\"elementor-divider\">\n\t\t\t<span class=\"elementor-divider-separator\">\n\t\t\t\t\t\t<\/span>\n\t\t<\/div>\n\t\t\t\t\t\t<\/div>\n\t\t\t\t<\/div>\n\t\t\t\t\t<\/div>\n\t\t<\/div>\n\t\t\t\t\t<\/div>\n\t\t<\/section>\n\t\t\t\t<section class=\"elementor-section elementor-top-section elementor-element elementor-element-f54aaba elementor-section-boxed elementor-section-height-default elementor-section-height-default\" data-id=\"f54aaba\" data-element_type=\"section\" data-e-type=\"section\">\n\t\t\t\t\t\t<div class=\"elementor-container elementor-column-gap-default\">\n\t\t\t\t\t<div class=\"elementor-column elementor-col-100 elementor-top-column elementor-element elementor-element-93c782a\" data-id=\"93c782a\" data-element_type=\"column\" data-e-type=\"column\">\n\t\t\t<div class=\"elementor-widget-wrap elementor-element-populated\">\n\t\t\t\t\t\t<div class=\"elementor-element elementor-element-bd7b4a6 elementor-widget elementor-widget-menu-anchor\" data-id=\"bd7b4a6\" data-element_type=\"widget\" data-e-type=\"widget\" data-widget_type=\"menu-anchor.default\">\n\t\t\t\t<div class=\"elementor-widget-container\">\n\t\t\t\t\t\t\t<div class=\"elementor-menu-anchor\" id=\"2025-3\"><\/div>\n\t\t\t\t\t\t<\/div>\n\t\t\t\t<\/div>\n\t\t\t\t<div class=\"elementor-element elementor-element-17bd21e elementor-widget elementor-widget-text-editor\" data-id=\"17bd21e\" data-element_type=\"widget\" data-e-type=\"widget\" data-widget_type=\"text-editor.default\">\n\t\t\t\t<div class=\"elementor-widget-container\">\n\t\t\t\t\t\t\t\t\t<h3><strong>Von der Vereinigung<\/strong><\/h3>\t\t\t\t\t\t\t\t<\/div>\n\t\t\t\t<\/div>\n\t\t\t\t\t<\/div>\n\t\t<\/div>\n\t\t\t\t\t<\/div>\n\t\t<\/section>\n\t\t\t\t<section class=\"elementor-section elementor-top-section elementor-element elementor-element-36b9f60 elementor-section-boxed elementor-section-height-default elementor-section-height-default\" data-id=\"36b9f60\" data-element_type=\"section\" data-e-type=\"section\">\n\t\t\t\t\t\t<div class=\"elementor-container elementor-column-gap-default\">\n\t\t\t\t\t<div class=\"elementor-column elementor-col-100 elementor-top-column elementor-element elementor-element-e65eaea\" data-id=\"e65eaea\" data-element_type=\"column\" data-e-type=\"column\">\n\t\t\t<div class=\"elementor-widget-wrap\">\n\t\t\t\t\t\t\t<\/div>\n\t\t<\/div>\n\t\t\t\t\t<\/div>\n\t\t<\/section>\n\t\t\t\t<section class=\"elementor-section elementor-top-section elementor-element elementor-element-6f87104 elementor-section-boxed elementor-section-height-default elementor-section-height-default\" data-id=\"6f87104\" data-element_type=\"section\" data-e-type=\"section\">\n\t\t\t\t\t\t<div class=\"elementor-container elementor-column-gap-default\">\n\t\t\t\t\t<div class=\"elementor-column elementor-col-50 elementor-top-column elementor-element elementor-element-921908c\" data-id=\"921908c\" data-element_type=\"column\" data-e-type=\"column\">\n\t\t\t<div class=\"elementor-widget-wrap elementor-element-populated\">\n\t\t\t\t\t\t<div class=\"elementor-element elementor-element-a52e3e1 elementor-widget elementor-widget-text-editor\" data-id=\"a52e3e1\" data-element_type=\"widget\" data-e-type=\"widget\" data-widget_type=\"text-editor.default\">\n\t\t\t\t<div class=\"elementor-widget-container\">\n\t\t\t\t\t\t\t\t\t<p>Auch im Jahr 2025 fand die Jahreshauptversammlung im Januar (25.1.) statt, und zwar auf dem J\u00e4gerhof gleich hinter der Grenze in Roerdalen.\u00a0 Der bisherige Vorstand, bestehend aus Nina Ungerechts, Hans Heijnen und Andreas Fink, kandidierte erneut und wurde von der Versammlung per Akklamation wiedergew\u00e4hlt. Ein ausf\u00fchrlicher Bericht folgt. Auf dem Bild sind der Vorstand und einige Unterst\u00fctzer zu sehen. Von links nach rechts: Anke Salzmann, Nina Ungerechts, Hans Heijnen, Andreas Fink und Thomas Seerden.<\/p>\t\t\t\t\t\t\t\t<\/div>\n\t\t\t\t<\/div>\n\t\t\t\t\t<\/div>\n\t\t<\/div>\n\t\t\t\t<div class=\"elementor-column elementor-col-50 elementor-top-column elementor-element elementor-element-ad62053\" data-id=\"ad62053\" data-element_type=\"column\" data-e-type=\"column\">\n\t\t\t<div class=\"elementor-widget-wrap elementor-element-populated\">\n\t\t\t\t\t\t<div class=\"elementor-element elementor-element-566f5cb elementor-widget elementor-widget-image\" data-id=\"566f5cb\" data-element_type=\"widget\" data-e-type=\"widget\" data-widget_type=\"image.default\">\n\t\t\t\t<div class=\"elementor-widget-container\">\n\t\t\t\t\t\t\t\t\t\t\t\t<figure class=\"wp-caption\">\n\t\t\t\t\t\t\t\t\t\t<img fetchpriority=\"high\" decoding=\"async\" width=\"1024\" height=\"576\" src=\"https:\/\/www.gruenes-grenzland.net\/wp-content\/uploads\/2025\/01\/Jaarvergadering-GG-25-01-25-0-1024x576.jpg\" class=\"attachment-large size-large wp-image-19349\" alt=\"\" srcset=\"https:\/\/www.gruenes-grenzland.net\/wp-content\/uploads\/2025\/01\/Jaarvergadering-GG-25-01-25-0-1024x576.jpg 1024w, https:\/\/www.gruenes-grenzland.net\/wp-content\/uploads\/2025\/01\/Jaarvergadering-GG-25-01-25-0-300x169.jpg 300w, https:\/\/www.gruenes-grenzland.net\/wp-content\/uploads\/2025\/01\/Jaarvergadering-GG-25-01-25-0-768x432.jpg 768w, https:\/\/www.gruenes-grenzland.net\/wp-content\/uploads\/2025\/01\/Jaarvergadering-GG-25-01-25-0-1536x864.jpg 1536w, https:\/\/www.gruenes-grenzland.net\/wp-content\/uploads\/2025\/01\/Jaarvergadering-GG-25-01-25-0-2048x1152.jpg 2048w, https:\/\/www.gruenes-grenzland.net\/wp-content\/uploads\/2025\/01\/Jaarvergadering-GG-25-01-25-0-18x10.jpg 18w\" sizes=\"(max-width: 1024px) 100vw, 1024px\" \/>\t\t\t\t\t\t\t\t\t\t\t<figcaption class=\"widget-image-caption wp-caption-text\">Vorstand w\u00e4hrend der Jahrestagung<\/figcaption>\n\t\t\t\t\t\t\t\t\t\t<\/figure>\n\t\t\t\t\t\t\t\t\t<\/div>\n\t\t\t\t<\/div>\n\t\t\t\t\t<\/div>\n\t\t<\/div>\n\t\t\t\t\t<\/div>\n\t\t<\/section>\n\t\t\t\t<section class=\"elementor-section elementor-top-section elementor-element elementor-element-8bda9ae elementor-section-boxed elementor-section-height-default elementor-section-height-default\" data-id=\"8bda9ae\" data-element_type=\"section\" data-e-type=\"section\">\n\t\t\t\t\t\t<div class=\"elementor-container elementor-column-gap-default\">\n\t\t\t\t\t<div class=\"elementor-column elementor-col-100 elementor-top-column elementor-element elementor-element-05fd737\" data-id=\"05fd737\" data-element_type=\"column\" data-e-type=\"column\">\n\t\t\t<div class=\"elementor-widget-wrap elementor-element-populated\">\n\t\t\t\t\t\t<div class=\"elementor-element elementor-element-8fb3972 elementor-widget-divider--view-line elementor-widget elementor-widget-divider\" data-id=\"8fb3972\" data-element_type=\"widget\" data-e-type=\"widget\" data-widget_type=\"divider.default\">\n\t\t\t\t<div class=\"elementor-widget-container\">\n\t\t\t\t\t\t\t<div class=\"elementor-divider\">\n\t\t\t<span class=\"elementor-divider-separator\">\n\t\t\t\t\t\t<\/span>\n\t\t<\/div>\n\t\t\t\t\t\t<\/div>\n\t\t\t\t<\/div>\n\t\t\t\t\t<\/div>\n\t\t<\/div>\n\t\t\t\t\t<\/div>\n\t\t<\/section>\n\t\t\t\t<section class=\"elementor-section elementor-top-section elementor-element elementor-element-5c672a0 elementor-section-boxed elementor-section-height-default elementor-section-height-default\" data-id=\"5c672a0\" data-element_type=\"section\" data-e-type=\"section\">\n\t\t\t\t\t\t<div class=\"elementor-container elementor-column-gap-default\">\n\t\t\t\t\t<div class=\"elementor-column elementor-col-100 elementor-top-column elementor-element elementor-element-62f4673\" data-id=\"62f4673\" data-element_type=\"column\" data-e-type=\"column\">\n\t\t\t<div class=\"elementor-widget-wrap elementor-element-populated\">\n\t\t\t\t\t\t<div class=\"elementor-element elementor-element-d89d410 elementor-widget elementor-widget-menu-anchor\" data-id=\"d89d410\" data-element_type=\"widget\" data-e-type=\"widget\" data-widget_type=\"menu-anchor.default\">\n\t\t\t\t<div class=\"elementor-widget-container\">\n\t\t\t\t\t\t\t<div class=\"elementor-menu-anchor\" id=\"2025-2\"><\/div>\n\t\t\t\t\t\t<\/div>\n\t\t\t\t<\/div>\n\t\t\t\t<div class=\"elementor-element elementor-element-d4fdaaf elementor-widget elementor-widget-text-editor\" data-id=\"d4fdaaf\" data-element_type=\"widget\" data-e-type=\"widget\" data-widget_type=\"text-editor.default\">\n\t\t\t\t<div class=\"elementor-widget-container\">\n\t\t\t\t\t\t\t\t\t<h3><strong>ELmpt-Windkraftanlagen: Konsultation von Naturschutzorganisationen<\/strong><\/h3>\t\t\t\t\t\t\t\t<\/div>\n\t\t\t\t<\/div>\n\t\t\t\t\t<\/div>\n\t\t<\/div>\n\t\t\t\t\t<\/div>\n\t\t<\/section>\n\t\t\t\t<section class=\"elementor-section elementor-top-section elementor-element elementor-element-3eda32a elementor-section-boxed elementor-section-height-default elementor-section-height-default\" data-id=\"3eda32a\" data-element_type=\"section\" data-e-type=\"section\">\n\t\t\t\t\t\t<div class=\"elementor-container elementor-column-gap-default\">\n\t\t\t\t\t<div class=\"elementor-column elementor-col-100 elementor-top-column elementor-element elementor-element-b604778\" data-id=\"b604778\" data-element_type=\"column\" data-e-type=\"column\">\n\t\t\t<div class=\"elementor-widget-wrap\">\n\t\t\t\t\t\t\t<\/div>\n\t\t<\/div>\n\t\t\t\t\t<\/div>\n\t\t<\/section>\n\t\t\t\t<section class=\"elementor-section elementor-top-section elementor-element elementor-element-1bcb88e elementor-section-boxed elementor-section-height-default elementor-section-height-default\" data-id=\"1bcb88e\" data-element_type=\"section\" data-e-type=\"section\">\n\t\t\t\t\t\t<div class=\"elementor-container elementor-column-gap-default\">\n\t\t\t\t\t<div class=\"elementor-column elementor-col-100 elementor-top-column elementor-element elementor-element-279a88d\" data-id=\"279a88d\" data-element_type=\"column\" data-e-type=\"column\">\n\t\t\t<div class=\"elementor-widget-wrap elementor-element-populated\">\n\t\t\t\t\t\t<div class=\"elementor-element elementor-element-64619eb elementor-widget elementor-widget-text-editor\" data-id=\"64619eb\" data-element_type=\"widget\" data-e-type=\"widget\" data-widget_type=\"text-editor.default\">\n\t\t\t\t<div class=\"elementor-widget-container\">\n\t\t\t\t\t\t\t\t\t<p>Bis zum 12. Februar 2025 k\u00f6nnen anerkannte Naturschutzverb\u00e4nde beim Kreis Viersen Stellungnahmen gegen den geplanten Bau von f\u00fcnf Windkraftanlagen auf der Start- und Landebahn des ehemaligen Milit\u00e4rflughafens in unmittelbarer N\u00e4he zu einem Vogelschutzgebiet abgeben. Davon wird auch das LNU (landes b\u00fcro der Natuschutzverb\u00e4nde NRW) Gebrauch machen. Eine erste Durchsicht der uns vorliegenden Unterlagen zeigt gravierende M\u00e4ngel. Wir wollen dies am Beispiel des Ziegenmelkers verdeutlichen, einer f\u00fcr dieses Vogelschutzgebiet charakteristischen, gef\u00e4hrdeten und gegen\u00fcber der geplanten Entwicklungen in Elmpt sehr empfindlichen Art.<\/p>\t\t\t\t\t\t\t\t<\/div>\n\t\t\t\t<\/div>\n\t\t\t\t\t<\/div>\n\t\t<\/div>\n\t\t\t\t\t<\/div>\n\t\t<\/section>\n\t\t\t\t<section class=\"elementor-section elementor-top-section elementor-element elementor-element-7571c9e elementor-section-boxed elementor-section-height-default elementor-section-height-default\" data-id=\"7571c9e\" data-element_type=\"section\" data-e-type=\"section\">\n\t\t\t\t\t\t<div class=\"elementor-container elementor-column-gap-default\">\n\t\t\t\t\t<div class=\"elementor-column elementor-col-100 elementor-top-column elementor-element elementor-element-f916385\" data-id=\"f916385\" data-element_type=\"column\" data-e-type=\"column\">\n\t\t\t<div class=\"elementor-widget-wrap elementor-element-populated\">\n\t\t\t\t\t\t<div class=\"elementor-element elementor-element-e4f711f elementor-widget elementor-widget-image\" data-id=\"e4f711f\" data-element_type=\"widget\" data-e-type=\"widget\" data-widget_type=\"image.default\">\n\t\t\t\t<div class=\"elementor-widget-container\">\n\t\t\t\t\t\t\t\t\t\t\t\t<figure class=\"wp-caption\">\n\t\t\t\t\t\t\t\t\t\t<img decoding=\"async\" width=\"1024\" height=\"724\" src=\"https:\/\/www.gruenes-grenzland.net\/wp-content\/uploads\/2025\/01\/Ziegenmelker-Windturbines-Elmpt-PNE-2025-GrGr-1024x724.jpg\" class=\"attachment-large size-large wp-image-19397\" alt=\"\" srcset=\"https:\/\/www.gruenes-grenzland.net\/wp-content\/uploads\/2025\/01\/Ziegenmelker-Windturbines-Elmpt-PNE-2025-GrGr-1024x724.jpg 1024w, https:\/\/www.gruenes-grenzland.net\/wp-content\/uploads\/2025\/01\/Ziegenmelker-Windturbines-Elmpt-PNE-2025-GrGr-300x212.jpg 300w, https:\/\/www.gruenes-grenzland.net\/wp-content\/uploads\/2025\/01\/Ziegenmelker-Windturbines-Elmpt-PNE-2025-GrGr-768x543.jpg 768w, https:\/\/www.gruenes-grenzland.net\/wp-content\/uploads\/2025\/01\/Ziegenmelker-Windturbines-Elmpt-PNE-2025-GrGr-1536x1086.jpg 1536w, https:\/\/www.gruenes-grenzland.net\/wp-content\/uploads\/2025\/01\/Ziegenmelker-Windturbines-Elmpt-PNE-2025-GrGr-2048x1448.jpg 2048w, https:\/\/www.gruenes-grenzland.net\/wp-content\/uploads\/2025\/01\/Ziegenmelker-Windturbines-Elmpt-PNE-2025-GrGr-18x12.jpg 18w\" sizes=\"(max-width: 1024px) 100vw, 1024px\" \/>\t\t\t\t\t\t\t\t\t\t\t<figcaption class=\"widget-image-caption wp-caption-text\">Ziegenmelker PNE (Pure New Energy) in blau. Ziegenmelker ingesamt bis 2025 (Lange (2018), Sommerhage (2020) en Smeets (2023)) in rot.<\/figcaption>\n\t\t\t\t\t\t\t\t\t\t<\/figure>\n\t\t\t\t\t\t\t\t\t<\/div>\n\t\t\t\t<\/div>\n\t\t\t\t\t<\/div>\n\t\t<\/div>\n\t\t\t\t\t<\/div>\n\t\t<\/section>\n\t\t\t\t<section class=\"elementor-section elementor-top-section elementor-element elementor-element-c43e11c elementor-section-boxed elementor-section-height-default elementor-section-height-default\" data-id=\"c43e11c\" data-element_type=\"section\" data-e-type=\"section\">\n\t\t\t\t\t\t<div class=\"elementor-container elementor-column-gap-default\">\n\t\t\t\t\t<div class=\"elementor-column elementor-col-100 elementor-top-column elementor-element elementor-element-ab67ee8\" data-id=\"ab67ee8\" data-element_type=\"column\" data-e-type=\"column\">\n\t\t\t<div class=\"elementor-widget-wrap elementor-element-populated\">\n\t\t\t\t\t\t<div class=\"elementor-element elementor-element-dc04287 elementor-widget elementor-widget-text-editor\" data-id=\"dc04287\" data-element_type=\"widget\" data-e-type=\"widget\" data-widget_type=\"text-editor.default\">\n\t\t\t\t<div class=\"elementor-widget-container\">\n\t\t\t\t\t\t\t\t\t<section class=\"elementor-section elementor-top-section elementor-element elementor-element-ae10cbc elementor-section-boxed elementor-section-height-default elementor-section-height-default\" data-id=\"ae10cbc\" data-element_type=\"section\"><div class=\"elementor-container elementor-column-gap-default\"><div class=\"elementor-column elementor-col-100 elementor-top-column elementor-element elementor-element-17a00e1\" data-id=\"17a00e1\" data-element_type=\"column\"><div class=\"elementor-widget-wrap elementor-element-populated\"><div class=\"elementor-element elementor-element-560200d elementor-widget elementor-widget-text-editor\" data-id=\"560200d\" data-element_type=\"widget\" data-widget_type=\"text-editor.default\"><div class=\"elementor-widget-container\"><p>Hauptm\u00e4ngel:<\/p><p><strong>1. Fehlen von Reviere n\u00f6rdlich der Landebahn<\/strong><br \/>Die von Lange (2018), Sommerhage (2020) und Smeets (2023) kartierten Ziegenmelker-Reviere sind auf der Karte als rote Punkte dargestellt. Im aktuellen Erhebungsbericht sind jedoch nur die s\u00fcdlichen Gebiete (blau dargestellt) enthalten, was problematisch ist, da die Ziegenmelkerpopulation als Ganzes bewertet werden sollte. Die Nichtber\u00fccksichtigung der n\u00f6rdlichen Gebiete vermittelt ein falsches und unvollst\u00e4ndiges Bild von der Gr\u00f6\u00dfe und Verteilung der Population sowie von den Auswirkungen der geplanten Ma\u00dfnahmen.<\/p><\/div><\/div><\/div><\/div><\/div><\/section><section class=\"elementor-section elementor-top-section elementor-element elementor-element-39b2780 elementor-section-boxed elementor-section-height-default elementor-section-height-default\" data-id=\"39b2780\" data-element_type=\"section\"><div class=\"elementor-container elementor-column-gap-default\"><div class=\"elementor-column elementor-col-50 elementor-top-column elementor-element elementor-element-3a31877\" data-id=\"3a31877\" data-element_type=\"column\"><div class=\"elementor-widget-wrap elementor-element-populated\"><div class=\"elementor-element elementor-element-f0a27d5 elementor-widget elementor-widget-text-editor\" data-id=\"f0a27d5\" data-element_type=\"widget\" data-widget_type=\"text-editor.default\"><div class=\"elementor-widget-container\"><p><strong>2. Fehlender Einbezug relevanter kumulativer Effekte<\/strong><br \/>In der genannten Karte sind auch die Ausgleichsfl\u00e4chen f\u00fcr den Ziegenmelker eingezeichnet, die mindestens 500 Meter von den Windkraftanlagen entfernt liegen, um negative Auswirkungen zu minimieren. Erweitert man diese Pufferzonen nach Norden, so zeigt sich, dass nicht nur vier Nachtschwalbenreviere, sondern auch die geplanten Naturausgleichsfl\u00e4chen des Verdion-Speerparks in den Einflussbereich der Anlagen fallen. Dies ist problematisch, da diese Gebiete ebenfalls als Ausgleichsfl\u00e4chen f\u00fcr den Ziegenmelker ausgewiesen sind. Obwohl das Gutachten Minderungsma\u00dfnahmen zur Vermeidung von Lichtverschmutzung vorschl\u00e4gt, wie z.B. eine bedarfsgesteuerte Nachtkennzeichnung und eine Bauwerksbeleuchtung mit einem Abstrahlwinkel von -2\u00b0, zeigt der Bebauungsplan Elmpt Ost, dass Verdion keine ausreichenden Ma\u00dfnahmen ergreift oder ergreifen kann. Insbesondere die Logistikbranche stellt ein gro\u00dfes Problem dar, da die LKW-Standorte die ganze Nacht \u00fcber beleuchtet sind.<br \/>Dar\u00fcber hinaus werden andere m\u00f6gliche kumulative Auswirkungen, wie z. B. die L\u00e4rmbel\u00e4stigung, nicht ber\u00fccksichtigt. Die Schlussfolgerung, dass die vorgeschlagenen Ma\u00dfnahmen ausreichen, um den Ziegenmelker zu erhalten, ist daher sehr voreilig. Ohne eine umfassende Analyse der kumulativen Gesamtwirkung kann diese Schlussfolgerung nicht begr\u00fcndet werden.<\/p><\/div><\/div><\/div><\/div><div class=\"elementor-column elementor-col-50 elementor-top-column elementor-element elementor-element-0709211\" data-id=\"0709211\" data-element_type=\"column\"><div class=\"elementor-widget-wrap elementor-element-populated\"><div class=\"elementor-element elementor-element-17cfa7d elementor-widget elementor-widget-image\" data-id=\"17cfa7d\" data-element_type=\"widget\" data-widget_type=\"image.default\"><div class=\"elementor-widget-container\"><figure class=\"wp-caption\"><img decoding=\"async\" class=\"attachment-large size-large wp-image-14764\" src=\"https:\/\/www.gruenes-grenzland.net\/wp-content\/uploads\/2023\/11\/Nachtzwaluw2-14-5-2023-1024x925.jpg\" sizes=\"(max-width: 1024px) 100vw, 1024px\" srcset=\"https:\/\/www.gruenes-grenzland.net\/wp-content\/uploads\/2023\/11\/Nachtzwaluw2-14-5-2023-1024x925.jpg 1024w, https:\/\/www.gruenes-grenzland.net\/wp-content\/uploads\/2023\/11\/Nachtzwaluw2-14-5-2023-300x271.jpg 300w, https:\/\/www.gruenes-grenzland.net\/wp-content\/uploads\/2023\/11\/Nachtzwaluw2-14-5-2023-768x694.jpg 768w, https:\/\/www.gruenes-grenzland.net\/wp-content\/uploads\/2023\/11\/Nachtzwaluw2-14-5-2023-13x12.jpg 13w, https:\/\/www.gruenes-grenzland.net\/wp-content\/uploads\/2023\/11\/Nachtzwaluw2-14-5-2023.jpg 1280w\" alt=\"\" width=\"1024\" height=\"925\" \/><figcaption class=\"widget-image-caption wp-caption-text\">Nachtzwaluw \/Ziegenmelker (foto: Anja van Halbeek)<\/figcaption><\/figure><\/div><\/div><\/div><\/div><\/div><\/section><section class=\"elementor-section elementor-top-section elementor-element elementor-element-bc594c9 elementor-section-boxed elementor-section-height-default elementor-section-height-default\" data-id=\"bc594c9\" data-element_type=\"section\"><div class=\"elementor-container elementor-column-gap-default\"><div class=\"elementor-column elementor-col-100 elementor-top-column elementor-element elementor-element-2b53b2a\" data-id=\"2b53b2a\" data-element_type=\"column\"><div class=\"elementor-widget-wrap elementor-element-populated\"><div class=\"elementor-element elementor-element-2e2e6c6 elementor-widget elementor-widget-text-editor\" data-id=\"2e2e6c6\" data-element_type=\"widget\" data-widget_type=\"text-editor.default\"><div class=\"elementor-widget-container\"><p><strong>3. Naturkompensationsma\u00dfnahmen: eine Mogelpackung<\/strong><\/p><p>Als Ausgleich f\u00fcr den Verlust von geeignetem Lebensraum f\u00fcr den Ziegenmelker wurde innerhalb des Vogelschutzgebietes (VSG) eine Ausgleichsfl\u00e4che ausgewiesen, auf der eine mindestens 4,5 Hektar gro\u00dfe Waldwiese angelegt werden soll. W\u00e4hrend dies auf den ersten Blick eine positive Initiative zu sein scheint, stellt sich die Frage, ob das VSG nicht ohnehin, unabh\u00e4ngig von den Ausgleichsverpflichtungen, als Lebensraum f\u00fcr den Ziegenmelker geeignet gemacht werden sollte.<\/p><p>Tats\u00e4chlich werden im nahe gelegenen n\u00f6rdlichen Brachter Wald verschiedene Pflege- und Entwicklungsma\u00dfnahmen zur Naturverbesserung durchgef\u00fchrt, ohne dass hier eine Ausgleichsverpflichtung besteht. Die Ausweisung der regul\u00e4ren Ma\u00dfnahmen zur Naturpflege als Kompensationsma\u00dfnahme innerhalb eines VSG lenkt daher vom eigentlichen Ziel der Kompensation ab. Sie wirkt eher wie eine Abw\u00e4lzung der Verantwortung als ein ernsthafter Versuch, den Verlust an geeignetem Lebensraum f\u00fcr den Ziegenmelker tats\u00e4chlich zu kompensieren.<\/p><p>Diese drei gro\u00dfen M\u00e4ngel f\u00fchren dazu, dass die Auswirkungen des Projekts auf die Ziegenmelkerpopulation untersch\u00e4tzt werden und die vorgeschlagenen Ma\u00dfnahmen nicht hinreichend begr\u00fcndet sind.<\/p><\/div><\/div><\/div><\/div><\/div><\/section>\t\t\t\t\t\t\t\t<\/div>\n\t\t\t\t<\/div>\n\t\t\t\t\t<\/div>\n\t\t<\/div>\n\t\t\t\t\t<\/div>\n\t\t<\/section>\n\t\t\t\t<section class=\"elementor-section elementor-top-section elementor-element elementor-element-9d1dd37 elementor-section-boxed elementor-section-height-default elementor-section-height-default\" data-id=\"9d1dd37\" data-element_type=\"section\" data-e-type=\"section\">\n\t\t\t\t\t\t<div class=\"elementor-container elementor-column-gap-default\">\n\t\t\t\t\t<div class=\"elementor-column elementor-col-100 elementor-top-column elementor-element elementor-element-a7119c4\" data-id=\"a7119c4\" data-element_type=\"column\" data-e-type=\"column\">\n\t\t\t<div class=\"elementor-widget-wrap elementor-element-populated\">\n\t\t\t\t\t\t<div class=\"elementor-element elementor-element-8173fb8 elementor-widget-divider--view-line elementor-widget elementor-widget-divider\" data-id=\"8173fb8\" data-element_type=\"widget\" data-e-type=\"widget\" data-widget_type=\"divider.default\">\n\t\t\t\t<div class=\"elementor-widget-container\">\n\t\t\t\t\t\t\t<div class=\"elementor-divider\">\n\t\t\t<span class=\"elementor-divider-separator\">\n\t\t\t\t\t\t<\/span>\n\t\t<\/div>\n\t\t\t\t\t\t<\/div>\n\t\t\t\t<\/div>\n\t\t\t\t\t<\/div>\n\t\t<\/div>\n\t\t\t\t\t<\/div>\n\t\t<\/section>\n\t\t\t\t<section class=\"elementor-section elementor-top-section elementor-element elementor-element-6ee0a99 elementor-section-boxed elementor-section-height-default elementor-section-height-default\" data-id=\"6ee0a99\" data-element_type=\"section\" data-e-type=\"section\">\n\t\t\t\t\t\t<div class=\"elementor-container elementor-column-gap-default\">\n\t\t\t\t\t<div class=\"elementor-column elementor-col-100 elementor-top-column elementor-element elementor-element-10964db\" data-id=\"10964db\" data-element_type=\"column\" data-e-type=\"column\">\n\t\t\t<div class=\"elementor-widget-wrap elementor-element-populated\">\n\t\t\t\t\t\t<div class=\"elementor-element elementor-element-73c570d elementor-widget elementor-widget-menu-anchor\" data-id=\"73c570d\" data-element_type=\"widget\" data-e-type=\"widget\" data-widget_type=\"menu-anchor.default\">\n\t\t\t\t<div class=\"elementor-widget-container\">\n\t\t\t\t\t\t\t<div class=\"elementor-menu-anchor\" id=\"2025-1\"><\/div>\n\t\t\t\t\t\t<\/div>\n\t\t\t\t<\/div>\n\t\t\t\t<div class=\"elementor-element elementor-element-97fd0af elementor-widget elementor-widget-text-editor\" data-id=\"97fd0af\" data-element_type=\"widget\" data-e-type=\"widget\" data-widget_type=\"text-editor.default\">\n\t\t\t\t<div class=\"elementor-widget-container\">\n\t\t\t\t\t\t\t\t\t<h3><strong>Die W\u00fcrfel sind gefallen: LNU hat rechtliche Schritte eingeleitet<\/strong><\/h3>\t\t\t\t\t\t\t\t<\/div>\n\t\t\t\t<\/div>\n\t\t\t\t\t<\/div>\n\t\t<\/div>\n\t\t\t\t\t<\/div>\n\t\t<\/section>\n\t\t\t\t<section class=\"elementor-section elementor-top-section elementor-element elementor-element-1dd6e6d elementor-section-boxed elementor-section-height-default elementor-section-height-default\" data-id=\"1dd6e6d\" data-element_type=\"section\" data-e-type=\"section\">\n\t\t\t\t\t\t<div class=\"elementor-container elementor-column-gap-default\">\n\t\t\t\t\t<div class=\"elementor-column elementor-col-100 elementor-top-column elementor-element elementor-element-7f3e566\" data-id=\"7f3e566\" data-element_type=\"column\" data-e-type=\"column\">\n\t\t\t<div class=\"elementor-widget-wrap\">\n\t\t\t\t\t\t\t<\/div>\n\t\t<\/div>\n\t\t\t\t\t<\/div>\n\t\t<\/section>\n\t\t\t\t<section class=\"elementor-section elementor-top-section elementor-element elementor-element-3cfacac elementor-section-boxed elementor-section-height-default elementor-section-height-default\" data-id=\"3cfacac\" data-element_type=\"section\" data-e-type=\"section\">\n\t\t\t\t\t\t<div class=\"elementor-container elementor-column-gap-default\">\n\t\t\t\t\t<div class=\"elementor-column elementor-col-50 elementor-top-column elementor-element elementor-element-4afb707\" data-id=\"4afb707\" data-element_type=\"column\" data-e-type=\"column\">\n\t\t\t<div class=\"elementor-widget-wrap elementor-element-populated\">\n\t\t\t\t\t\t<div class=\"elementor-element elementor-element-b4d4245 elementor-widget elementor-widget-text-editor\" data-id=\"b4d4245\" data-element_type=\"widget\" data-e-type=\"widget\" data-widget_type=\"text-editor.default\">\n\t\t\t\t<div class=\"elementor-widget-container\">\n\t\t\t\t\t\t\t\t\t<p>Vielmehr beantragen wir eine Normenkontrolle, weil wir davon ausgehen, dass der bisher beschlossene Fl\u00e4chennutzungs- und Bebauungsplan gegen h\u00f6herrangiges Recht verst\u00f6\u00dft. Dieser Antrag wurde durch den Anwalt der LNU beim Gericht in M\u00fcnster eingereicht und vom Oberverwaltungsgericht angenommen.<\/p><p>Was die Windkraftanlagen betrifft, so m\u00fcssen wir auch selbst wachsam sein. Sobald die Genehmigung erteilt ist, wird der Kreis Viersen sie ver\u00f6ffentlichen und wir k\u00f6nnen rechtliche Schritte einleiten. Derzeit wird eine Umweltvertr\u00e4glichkeitspr\u00fcfung f\u00fcr den Genehmigungsantrag f\u00fcr den geplanten Bau von 5 Windkraftanlagen auf der Start- und Landebahn des ehemaligen Milit\u00e4rflughafens vorbereitet.<\/p><p><strong>Rechtsstreitigkeiten sind teuer, aber die Erfolgsaussichten sind hoch.<br \/><\/strong>Vorerst k\u00f6nnen wir die Kosten f\u00fcr das Gerichtsverfahren tragen, aber da es sich aller Wahrscheinlichkeit nach um eine Angelegenheit mit wenig Luft handeln wird, haben wir eine Spendenaktion gestartet,<\/p><p>sehe<br \/><a href=\"https:\/\/www.gruenes-grenzland.net\/de\/doneren-groen-grensland\/\">Spenden<\/a><br \/><a href=\"https:\/\/www.gruenes-grenzland.net\/doneren-groen-grensland\/\">Doneren<\/a><\/p><p>Wir werden Sie \u00fcber die Fortschritte auf dem Laufenden halten.<\/p>\t\t\t\t\t\t\t\t<\/div>\n\t\t\t\t<\/div>\n\t\t\t\t\t<\/div>\n\t\t<\/div>\n\t\t\t\t<div class=\"elementor-column elementor-col-50 elementor-top-column elementor-element elementor-element-cbc8213\" data-id=\"cbc8213\" data-element_type=\"column\" data-e-type=\"column\">\n\t\t\t<div class=\"elementor-widget-wrap elementor-element-populated\">\n\t\t\t\t\t\t<div class=\"elementor-element elementor-element-d4ca4ad elementor-widget elementor-widget-image\" data-id=\"d4ca4ad\" data-element_type=\"widget\" data-e-type=\"widget\" data-widget_type=\"image.default\">\n\t\t\t\t<div class=\"elementor-widget-container\">\n\t\t\t\t\t\t\t\t\t\t\t\t<figure class=\"wp-caption\">\n\t\t\t\t\t\t\t\t\t\t<img loading=\"lazy\" decoding=\"async\" width=\"718\" height=\"1024\" src=\"https:\/\/www.gruenes-grenzland.net\/wp-content\/uploads\/2025\/01\/Normenkontrollklage-23-01-2025-718x1024.jpg\" class=\"attachment-large size-large wp-image-19351\" alt=\"\" srcset=\"https:\/\/www.gruenes-grenzland.net\/wp-content\/uploads\/2025\/01\/Normenkontrollklage-23-01-2025-718x1024.jpg 718w, https:\/\/www.gruenes-grenzland.net\/wp-content\/uploads\/2025\/01\/Normenkontrollklage-23-01-2025-210x300.jpg 210w, https:\/\/www.gruenes-grenzland.net\/wp-content\/uploads\/2025\/01\/Normenkontrollklage-23-01-2025-768x1096.jpg 768w, https:\/\/www.gruenes-grenzland.net\/wp-content\/uploads\/2025\/01\/Normenkontrollklage-23-01-2025-1077x1536.jpg 1077w, https:\/\/www.gruenes-grenzland.net\/wp-content\/uploads\/2025\/01\/Normenkontrollklage-23-01-2025-8x12.jpg 8w, https:\/\/www.gruenes-grenzland.net\/wp-content\/uploads\/2025\/01\/Normenkontrollklage-23-01-2025.jpg 1156w\" sizes=\"(max-width: 718px) 100vw, 718px\" \/>\t\t\t\t\t\t\t\t\t\t\t<figcaption class=\"widget-image-caption wp-caption-text\">Start formele juridische procedure door advocaat van LNU<\/figcaption>\n\t\t\t\t\t\t\t\t\t\t<\/figure>\n\t\t\t\t\t\t\t\t\t<\/div>\n\t\t\t\t<\/div>\n\t\t\t\t\t<\/div>\n\t\t<\/div>\n\t\t\t\t\t<\/div>\n\t\t<\/section>\n\t\t\t\t<section class=\"elementor-section elementor-top-section elementor-element elementor-element-5f911ac elementor-section-boxed elementor-section-height-default elementor-section-height-default\" data-id=\"5f911ac\" data-element_type=\"section\" data-e-type=\"section\">\n\t\t\t\t\t\t<div class=\"elementor-container elementor-column-gap-default\">\n\t\t\t\t\t<div class=\"elementor-column elementor-col-100 elementor-top-column elementor-element elementor-element-0b18854\" data-id=\"0b18854\" data-element_type=\"column\" data-e-type=\"column\">\n\t\t\t<div class=\"elementor-widget-wrap\">\n\t\t\t\t\t\t\t<\/div>\n\t\t<\/div>\n\t\t\t\t\t<\/div>\n\t\t<\/section>\n\t\t\t\t<section class=\"elementor-section elementor-top-section elementor-element elementor-element-1121e96 elementor-section-boxed elementor-section-height-default elementor-section-height-default\" data-id=\"1121e96\" data-element_type=\"section\" data-e-type=\"section\">\n\t\t\t\t\t\t<div class=\"elementor-container elementor-column-gap-default\">\n\t\t\t\t\t<div class=\"elementor-column elementor-col-100 elementor-top-column elementor-element elementor-element-020ccdf\" data-id=\"020ccdf\" data-element_type=\"column\" data-e-type=\"column\">\n\t\t\t<div class=\"elementor-widget-wrap elementor-element-populated\">\n\t\t\t\t\t\t<div class=\"elementor-element elementor-element-7d63632 elementor-widget-divider--view-line elementor-widget elementor-widget-divider\" data-id=\"7d63632\" data-element_type=\"widget\" data-e-type=\"widget\" data-widget_type=\"divider.default\">\n\t\t\t\t<div class=\"elementor-widget-container\">\n\t\t\t\t\t\t\t<div class=\"elementor-divider\">\n\t\t\t<span class=\"elementor-divider-separator\">\n\t\t\t\t\t\t<\/span>\n\t\t<\/div>\n\t\t\t\t\t\t<\/div>\n\t\t\t\t<\/div>\n\t\t\t\t\t<\/div>\n\t\t<\/div>\n\t\t\t\t\t<\/div>\n\t\t<\/section>\n\t\t\t\t<section class=\"elementor-section elementor-top-section elementor-element elementor-element-7ec2138 elementor-section-boxed elementor-section-height-default elementor-section-height-default\" data-id=\"7ec2138\" data-element_type=\"section\" data-e-type=\"section\">\n\t\t\t\t\t\t<div class=\"elementor-container elementor-column-gap-default\">\n\t\t\t\t\t<div class=\"elementor-column elementor-col-100 elementor-top-column elementor-element elementor-element-a09f1d1\" data-id=\"a09f1d1\" data-element_type=\"column\" data-e-type=\"column\">\n\t\t\t<div class=\"elementor-widget-wrap elementor-element-populated\">\n\t\t\t\t\t\t<div class=\"elementor-element elementor-element-ff15993 elementor-widget elementor-widget-menu-anchor\" data-id=\"ff15993\" data-element_type=\"widget\" data-e-type=\"widget\" data-widget_type=\"menu-anchor.default\">\n\t\t\t\t<div class=\"elementor-widget-container\">\n\t\t\t\t\t\t\t<div class=\"elementor-menu-anchor\" id=\"2024-20\"><\/div>\n\t\t\t\t\t\t<\/div>\n\t\t\t\t<\/div>\n\t\t\t\t\t<\/div>\n\t\t<\/div>\n\t\t\t\t\t<\/div>\n\t\t<\/section>\n\t\t\t\t<section class=\"elementor-section elementor-top-section elementor-element elementor-element-f0a0515 elementor-section-boxed elementor-section-height-default elementor-section-height-default\" data-id=\"f0a0515\" data-element_type=\"section\" data-e-type=\"section\" data-settings=\"{&quot;background_background&quot;:&quot;classic&quot;}\">\n\t\t\t\t\t\t<div class=\"elementor-container elementor-column-gap-default\">\n\t\t\t\t\t<div class=\"elementor-column elementor-col-100 elementor-top-column elementor-element elementor-element-d211829\" data-id=\"d211829\" data-element_type=\"column\" data-e-type=\"column\">\n\t\t\t<div class=\"elementor-widget-wrap elementor-element-populated\">\n\t\t\t\t\t\t<div class=\"elementor-element elementor-element-38f5d75 elementor-widget elementor-widget-text-editor\" data-id=\"38f5d75\" data-element_type=\"widget\" data-e-type=\"widget\" data-widget_type=\"text-editor.default\">\n\t\t\t\t<div class=\"elementor-widget-container\">\n\t\t\t\t\t\t\t\t\t<h3><strong>Kontroverse um Mega-Industriestandort Elmpt: Deutsche Presse duldet, niederl\u00e4ndische Presse warnt<\/strong><\/h3>\t\t\t\t\t\t\t\t<\/div>\n\t\t\t\t<\/div>\n\t\t\t\t\t<\/div>\n\t\t<\/div>\n\t\t\t\t\t<\/div>\n\t\t<\/section>\n\t\t\t\t<section class=\"elementor-section elementor-top-section elementor-element elementor-element-d36f7ae elementor-section-boxed elementor-section-height-default elementor-section-height-default\" data-id=\"d36f7ae\" data-element_type=\"section\" data-e-type=\"section\">\n\t\t\t\t\t\t<div class=\"elementor-container elementor-column-gap-default\">\n\t\t\t\t\t<div class=\"elementor-column elementor-col-100 elementor-top-column elementor-element elementor-element-1611de0\" data-id=\"1611de0\" data-element_type=\"column\" data-e-type=\"column\">\n\t\t\t<div class=\"elementor-widget-wrap elementor-element-populated\">\n\t\t\t\t\t\t<div class=\"elementor-element elementor-element-d5be7ea elementor-widget elementor-widget-image\" data-id=\"d5be7ea\" data-element_type=\"widget\" data-e-type=\"widget\" data-widget_type=\"image.default\">\n\t\t\t\t<div class=\"elementor-widget-container\">\n\t\t\t\t\t\t\t\t\t\t\t\t<figure class=\"wp-caption\">\n\t\t\t\t\t\t\t\t\t\t<img loading=\"lazy\" decoding=\"async\" width=\"1024\" height=\"575\" src=\"https:\/\/www.gruenes-grenzland.net\/wp-content\/uploads\/2024\/12\/Gruen-bleibt-gruen-RP-verdion-1-1024x575.jpg\" class=\"attachment-large size-large wp-image-19236\" alt=\"\" srcset=\"https:\/\/www.gruenes-grenzland.net\/wp-content\/uploads\/2024\/12\/Gruen-bleibt-gruen-RP-verdion-1-1024x575.jpg 1024w, https:\/\/www.gruenes-grenzland.net\/wp-content\/uploads\/2024\/12\/Gruen-bleibt-gruen-RP-verdion-1-300x169.jpg 300w, https:\/\/www.gruenes-grenzland.net\/wp-content\/uploads\/2024\/12\/Gruen-bleibt-gruen-RP-verdion-1-768x431.jpg 768w, https:\/\/www.gruenes-grenzland.net\/wp-content\/uploads\/2024\/12\/Gruen-bleibt-gruen-RP-verdion-1-18x10.jpg 18w, https:\/\/www.gruenes-grenzland.net\/wp-content\/uploads\/2024\/12\/Gruen-bleibt-gruen-RP-verdion-1.jpg 1200w\" sizes=\"(max-width: 1024px) 100vw, 1024px\" \/>\t\t\t\t\t\t\t\t\t\t\t<figcaption class=\"widget-image-caption wp-caption-text\">Rheinische Post: \u201eBedenken der Gegner sind unbegr\u00fcndet\u201c<\/figcaption>\n\t\t\t\t\t\t\t\t\t\t<\/figure>\n\t\t\t\t\t\t\t\t\t<\/div>\n\t\t\t\t<\/div>\n\t\t\t\t\t<\/div>\n\t\t<\/div>\n\t\t\t\t\t<\/div>\n\t\t<\/section>\n\t\t\t\t<section class=\"elementor-section elementor-top-section elementor-element elementor-element-2745f6b elementor-section-boxed elementor-section-height-default elementor-section-height-default\" data-id=\"2745f6b\" data-element_type=\"section\" data-e-type=\"section\">\n\t\t\t\t\t\t<div class=\"elementor-container elementor-column-gap-default\">\n\t\t\t\t\t<div class=\"elementor-column elementor-col-100 elementor-top-column elementor-element elementor-element-b719907\" data-id=\"b719907\" data-element_type=\"column\" data-e-type=\"column\">\n\t\t\t<div class=\"elementor-widget-wrap elementor-element-populated\">\n\t\t\t\t\t\t<div class=\"elementor-element elementor-element-68e0cb3 elementor-widget elementor-widget-text-editor\" data-id=\"68e0cb3\" data-element_type=\"widget\" data-e-type=\"widget\" data-widget_type=\"text-editor.default\">\n\t\t\t\t<div class=\"elementor-widget-container\">\n\t\t\t\t\t\t\t\t\t<p>Die Pl\u00e4ne f\u00fcr ein Mega-Industriegebiet in Elmpt, gleich hinter der deutsch-niederl\u00e4ndischen Grenze, haben zu heftigen Diskussionen gef\u00fchrt. Das Projekt umfasst nicht nur 40 Hektar Industriehallen in einem bestehenden Wald, sondern auch zus\u00e4tzliche Waldrodungen f\u00fcr einen neuen Autobahnanschluss, die Erweiterung einer Kl\u00e4ranlage im sensiblen Tal der Swalm und die Errichtung von 250 Meter hohen Windr\u00e4dern in einem nahen Vogelschutzgebiet. Die Medien auf beiden Seiten der Grenze beleuchten das Thema auffallend unterschiedlich.<\/p>\t\t\t\t\t\t\t\t<\/div>\n\t\t\t\t<\/div>\n\t\t\t\t\t<\/div>\n\t\t<\/div>\n\t\t\t\t\t<\/div>\n\t\t<\/section>\n\t\t\t\t<section class=\"elementor-section elementor-top-section elementor-element elementor-element-4a57387 elementor-section-boxed elementor-section-height-default elementor-section-height-default\" data-id=\"4a57387\" data-element_type=\"section\" data-e-type=\"section\">\n\t\t\t\t\t\t<div class=\"elementor-container elementor-column-gap-default\">\n\t\t\t\t\t<div class=\"elementor-column elementor-col-100 elementor-top-column elementor-element elementor-element-63a45db\" data-id=\"63a45db\" data-element_type=\"column\" data-e-type=\"column\">\n\t\t\t<div class=\"elementor-widget-wrap elementor-element-populated\">\n\t\t\t\t\t\t<div class=\"elementor-element elementor-element-abc4ba5 elementor-widget elementor-widget-text-editor\" data-id=\"abc4ba5\" data-element_type=\"widget\" data-e-type=\"widget\" data-widget_type=\"text-editor.default\">\n\t\t\t\t<div class=\"elementor-widget-container\">\n\t\t\t\t\t\t\t\t\t<p class=\" translation-block\">Die deutsche Zeitung <strong>Rheinische Post vom 17.12.2024 <\/strong> scheint die Pl\u00e4ne in einem positiven Licht darzustellen und die Kritik zu minimieren. Sie zitiert u.a. Umweltsch\u00fctzer und Unterzeichner der Petition, die auf Alternativen wie die Nachnutzung von Industriebrachen und die Installation von Solaranlagen auf D\u00e4chern hinweisen. Die Zeitung kommt jedoch zu dem Schluss, dass viele Unterzeichner nur \u201eteilweise informiert\u201c w\u00e4ren und dass ihre Einw\u00e4nde bereits in die Planung eingeflossen seien. Dies legt nahe, dass die Bedenken der Gegner unbegr\u00fcndet sind und stellt sich nachdr\u00fccklich auf die Seite des Bautr\u00e4gers Verdion.<\/p>\t\t\t\t\t\t\t\t<\/div>\n\t\t\t\t<\/div>\n\t\t\t\t\t<\/div>\n\t\t<\/div>\n\t\t\t\t\t<\/div>\n\t\t<\/section>\n\t\t\t\t<section class=\"elementor-section elementor-top-section elementor-element elementor-element-26579ca elementor-section-boxed elementor-section-height-default elementor-section-height-default\" data-id=\"26579ca\" data-element_type=\"section\" data-e-type=\"section\">\n\t\t\t\t\t\t<div class=\"elementor-container elementor-column-gap-default\">\n\t\t\t\t\t<div class=\"elementor-column elementor-col-100 elementor-top-column elementor-element elementor-element-8ac0521\" data-id=\"8ac0521\" data-element_type=\"column\" data-e-type=\"column\">\n\t\t\t<div class=\"elementor-widget-wrap elementor-element-populated\">\n\t\t\t\t\t\t<div class=\"elementor-element elementor-element-63bba82 elementor-widget elementor-widget-text-editor\" data-id=\"63bba82\" data-element_type=\"widget\" data-e-type=\"widget\" data-widget_type=\"text-editor.default\">\n\t\t\t\t<div class=\"elementor-widget-container\">\n\t\t\t\t\t\t\t\t\t<p class=\" translation-block\">Auf niederl\u00e4ndischer Seite w\u00e4hlt der regionale Fernsehsender <strong>L1 vom 17.12.2024 <\/strong> eine sch\u00e4rfere Analyse der m\u00f6glichen Auswirkungen. Hans Heijnen von der Verein Gr\u00fcnes Grenzland zeichnet ein d\u00fcsteres Bild: \u201eDie Auswirkungen auf die Grenzregion werden enorm sein. Durch den neuen Autobahnanschluss werden t\u00e4glich 22.000 zus\u00e4tzliche Autos unterwegs sein, die Kl\u00e4ranlage im Schwalmtal muss erweitert werden und es wird eine Kettenreaktion negativer Entwicklungen geben.\u201c Heijnen weist auf den bevorstehenden Rechtsstreit hin und verweist auf den Schutz von Natura 2000-Gebieten wie dem Schwalmtal und dem Meinweg.<\/p><p class=\" translation-block\">W\u00e4hrend sich die Rheinische Post vor allem auf die angebliche Sorgfalt der Planung konzentriert, legt <strong>L1<\/strong> den Schwerpunkt auf die Bedrohung von Natur und Lebensraum und die langwierigen juristischen H\u00fcrden der Gegner. \nDer Kontrast zwischen der deutschen und der niederl\u00e4ndischen Berichterstattung verdeutlicht nicht nur unterschiedliche journalistische Ans\u00e4tze, sondern auch die Frage: Wer stellt die ganze Wahrheit dar?<\/p><p>Der Streit um diesen Industriestandort zeigt, wie grenz\u00fcberschreitende Themen die Medien spalten k\u00f6nnen, mit potenziell schwerwiegenden Folgen f\u00fcr Natur und Gesellschaft.<\/p>\t\t\t\t\t\t\t\t<\/div>\n\t\t\t\t<\/div>\n\t\t\t\t\t<\/div>\n\t\t<\/div>\n\t\t\t\t\t<\/div>\n\t\t<\/section>\n\t\t\t\t<section class=\"elementor-section elementor-top-section elementor-element elementor-element-aaae817 elementor-section-boxed elementor-section-height-default elementor-section-height-default\" data-id=\"aaae817\" data-element_type=\"section\" data-e-type=\"section\">\n\t\t\t\t\t\t<div class=\"elementor-container elementor-column-gap-default\">\n\t\t\t\t\t<div class=\"elementor-column elementor-col-100 elementor-top-column elementor-element elementor-element-fa29675\" data-id=\"fa29675\" data-element_type=\"column\" data-e-type=\"column\">\n\t\t\t<div class=\"elementor-widget-wrap elementor-element-populated\">\n\t\t\t\t\t\t<div class=\"elementor-element elementor-element-273850a elementor-widget-divider--view-line elementor-widget elementor-widget-divider\" data-id=\"273850a\" data-element_type=\"widget\" data-e-type=\"widget\" data-widget_type=\"divider.default\">\n\t\t\t\t<div class=\"elementor-widget-container\">\n\t\t\t\t\t\t\t<div class=\"elementor-divider\">\n\t\t\t<span class=\"elementor-divider-separator\">\n\t\t\t\t\t\t<\/span>\n\t\t<\/div>\n\t\t\t\t\t\t<\/div>\n\t\t\t\t<\/div>\n\t\t\t\t\t<\/div>\n\t\t<\/div>\n\t\t\t\t\t<\/div>\n\t\t<\/section>\n\t\t\t\t<section class=\"elementor-section elementor-top-section elementor-element elementor-element-12d0994 elementor-section-boxed elementor-section-height-default elementor-section-height-default\" data-id=\"12d0994\" data-element_type=\"section\" data-e-type=\"section\">\n\t\t\t\t\t\t<div class=\"elementor-container elementor-column-gap-default\">\n\t\t\t\t\t<div class=\"elementor-column elementor-col-100 elementor-top-column elementor-element elementor-element-3b7e00d\" data-id=\"3b7e00d\" data-element_type=\"column\" data-e-type=\"column\">\n\t\t\t<div class=\"elementor-widget-wrap elementor-element-populated\">\n\t\t\t\t\t\t<div class=\"elementor-element elementor-element-68806d0 elementor-widget elementor-widget-text-editor\" data-id=\"68806d0\" data-element_type=\"widget\" data-e-type=\"widget\" data-widget_type=\"text-editor.default\">\n\t\t\t\t<div class=\"elementor-widget-container\">\n\t\t\t\t\t\t\t\t\t<h3>Gemeinsam stark f\u00fcr Natur und Landschaft: Aktion gegen das Mega-Industriegebiet Elmpt<\/h3>\t\t\t\t\t\t\t\t<\/div>\n\t\t\t\t<\/div>\n\t\t\t\t<div class=\"elementor-element elementor-element-fc06b1d elementor-widget elementor-widget-menu-anchor\" data-id=\"fc06b1d\" data-element_type=\"widget\" data-e-type=\"widget\" data-widget_type=\"menu-anchor.default\">\n\t\t\t\t<div class=\"elementor-widget-container\">\n\t\t\t\t\t\t\t<div class=\"elementor-menu-anchor\" id=\"2024-19\"><\/div>\n\t\t\t\t\t\t<\/div>\n\t\t\t\t<\/div>\n\t\t\t\t\t<\/div>\n\t\t<\/div>\n\t\t\t\t\t<\/div>\n\t\t<\/section>\n\t\t\t\t<section class=\"elementor-section elementor-top-section elementor-element elementor-element-e24b428 elementor-section-boxed elementor-section-height-default elementor-section-height-default\" data-id=\"e24b428\" data-element_type=\"section\" data-e-type=\"section\">\n\t\t\t\t\t\t<div class=\"elementor-container elementor-column-gap-default\">\n\t\t\t\t\t<div class=\"elementor-column elementor-col-100 elementor-top-column elementor-element elementor-element-4e30f2a\" data-id=\"4e30f2a\" data-element_type=\"column\" data-e-type=\"column\">\n\t\t\t<div class=\"elementor-widget-wrap elementor-element-populated\">\n\t\t\t\t\t\t<div class=\"elementor-element elementor-element-3c50650 elementor-widget elementor-widget-video\" data-id=\"3c50650\" data-element_type=\"widget\" data-e-type=\"widget\" data-settings=\"{&quot;youtube_url&quot;:&quot;https:\\\/\\\/youtu.be\\\/wCNvj_6YLqw&quot;,&quot;autoplay&quot;:&quot;yes&quot;,&quot;play_on_mobile&quot;:&quot;yes&quot;,&quot;loop&quot;:&quot;yes&quot;,&quot;video_type&quot;:&quot;youtube&quot;,&quot;controls&quot;:&quot;yes&quot;}\" data-widget_type=\"video.default\">\n\t\t\t\t<div class=\"elementor-widget-container\">\n\t\t\t\t\t\t\t<div class=\"elementor-wrapper elementor-open-inline\">\n\t\t\t<div class=\"elementor-video\"><\/div>\t\t<\/div>\n\t\t\t\t\t\t<\/div>\n\t\t\t\t<\/div>\n\t\t\t\t\t<\/div>\n\t\t<\/div>\n\t\t\t\t\t<\/div>\n\t\t<\/section>\n\t\t\t\t<section class=\"elementor-section elementor-top-section elementor-element elementor-element-cd01625 elementor-section-boxed elementor-section-height-default elementor-section-height-default\" data-id=\"cd01625\" data-element_type=\"section\" data-e-type=\"section\">\n\t\t\t\t\t\t<div class=\"elementor-container elementor-column-gap-default\">\n\t\t\t\t\t<div class=\"elementor-column elementor-col-100 elementor-top-column elementor-element elementor-element-d13d967\" data-id=\"d13d967\" data-element_type=\"column\" data-e-type=\"column\">\n\t\t\t<div class=\"elementor-widget-wrap elementor-element-populated\">\n\t\t\t\t\t\t<div class=\"elementor-element elementor-element-6665a56 elementor-widget elementor-widget-text-editor\" data-id=\"6665a56\" data-element_type=\"widget\" data-e-type=\"widget\" data-widget_type=\"text-editor.default\">\n\t\t\t\t<div class=\"elementor-widget-container\">\n\t\t\t\t\t\t\t\t\t<p style=\"text-align: center;\"><em>Weihnachtsw\u00fcnsche und Spendenaufruf<\/em><\/p>\t\t\t\t\t\t\t\t<\/div>\n\t\t\t\t<\/div>\n\t\t\t\t\t<\/div>\n\t\t<\/div>\n\t\t\t\t\t<\/div>\n\t\t<\/section>\n\t\t\t\t<section class=\"elementor-section elementor-top-section elementor-element elementor-element-8095cdc elementor-section-boxed elementor-section-height-default elementor-section-height-default\" data-id=\"8095cdc\" data-element_type=\"section\" data-e-type=\"section\">\n\t\t\t\t\t\t<div class=\"elementor-container elementor-column-gap-default\">\n\t\t\t\t\t<div class=\"elementor-column elementor-col-100 elementor-top-column elementor-element elementor-element-1f3a8db\" data-id=\"1f3a8db\" data-element_type=\"column\" data-e-type=\"column\">\n\t\t\t<div class=\"elementor-widget-wrap elementor-element-populated\">\n\t\t\t\t\t\t<div class=\"elementor-element elementor-element-d9f37ca elementor-widget elementor-widget-text-editor\" data-id=\"d9f37ca\" data-element_type=\"widget\" data-e-type=\"widget\" data-widget_type=\"text-editor.default\">\n\t\t\t\t<div class=\"elementor-widget-container\">\n\t\t\t\t\t\t\t\t\t<p>Die Pl\u00e4ne f\u00fcr ein Mega-Industriegebiet auf dem ehemaligen Milit\u00e4rflugplatz Elmpt sto\u00dfen auf zunehmenden Widerstand. Die BUND-Ortsgruppe in Niederkr\u00fcchten hat sich mit den Bem\u00fchungen von Gr\u00fcnes Grenzland solidarisch erkl\u00e4rt und eine Petition gestartet, um diese weitreichenden Pl\u00e4ne zu stoppen. Ihre Unterst\u00fctzung ist ein wichtiger Schritt im Kampf f\u00fcr den Erhalt von Natur und Landschaft in dieser einzigartigen Grenzregion.<\/p><p>Wir haben auch gute Nachrichten: Die Landesgemeinschaft Naturschutz und Umwelt Nordrhein-Westfalen e.V. (LNU) hat sich unserer Mission angeschlossen. Gemeinsam mit Gr\u00fcnes Grenzland wird die LNU rechtliche Schritte einleiten, um die Pl\u00e4ne zu verhindern. Um diese Zusammenarbeit zu ratifizieren, wird ein Vertrag f\u00fcr das gemeinsame Konto aufgesetzt, mit dem wir die Gerichtskosten finanzieren k\u00f6nnen.Ihre Hilfe ist entscheidend.<br \/><span style=\"font-style: inherit; font-weight: inherit; background-color: var(--ast-global-color-4); color: var(--ast-global-color-3);\">Wir rufen alle dazu auf, sich an diesem Kampf f\u00fcr unsere Umwelt zu beteiligen. Spenden sind auf dem speziell f\u00fcr diesen Zweck eingerichteten Gemeinschaftskonto herzlich willkommen. Gemeinsam k\u00f6nnen wir uns gegen diese gr\u00f6\u00dfenwahnsinnigen Pl\u00e4ne wehren und f\u00fcr eine Zukunft sorgen, in der Natur und Nachhaltigkeit an erster Stelle stehen.<\/span><\/p><p>Weitere Informationen \u00fcber Spendenm\u00f6glichkeiten finden Sie <a href=\"https:\/\/www.gruenes-grenzland.net\/de\/doneren-groen-grensland\/\">HIER De<\/a>\u00a0 of <a href=\"https:\/\/www.gruenes-grenzland.net\/doneren-groen-grensland\/\">HIER Ne\u00a0\u00a0<\/a><\/p>\t\t\t\t\t\t\t\t<\/div>\n\t\t\t\t<\/div>\n\t\t\t\t<div class=\"elementor-element elementor-element-0a0e711 elementor-widget-divider--view-line elementor-widget elementor-widget-divider\" data-id=\"0a0e711\" data-element_type=\"widget\" data-e-type=\"widget\" data-widget_type=\"divider.default\">\n\t\t\t\t<div class=\"elementor-widget-container\">\n\t\t\t\t\t\t\t<div class=\"elementor-divider\">\n\t\t\t<span class=\"elementor-divider-separator\">\n\t\t\t\t\t\t<\/span>\n\t\t<\/div>\n\t\t\t\t\t\t<\/div>\n\t\t\t\t<\/div>\n\t\t\t\t\t<\/div>\n\t\t<\/div>\n\t\t\t\t\t<\/div>\n\t\t<\/section>\n\t\t\t\t<section class=\"elementor-section elementor-top-section elementor-element elementor-element-5d915e1 elementor-section-boxed elementor-section-height-default elementor-section-height-default\" data-id=\"5d915e1\" data-element_type=\"section\" data-e-type=\"section\">\n\t\t\t\t\t\t<div class=\"elementor-container elementor-column-gap-default\">\n\t\t\t\t\t<div class=\"elementor-column elementor-col-100 elementor-top-column elementor-element elementor-element-05c572b\" data-id=\"05c572b\" data-element_type=\"column\" data-e-type=\"column\">\n\t\t\t<div class=\"elementor-widget-wrap elementor-element-populated\">\n\t\t\t\t\t\t<div class=\"elementor-element elementor-element-640fe67 elementor-widget elementor-widget-menu-anchor\" data-id=\"640fe67\" data-element_type=\"widget\" data-e-type=\"widget\" data-widget_type=\"menu-anchor.default\">\n\t\t\t\t<div class=\"elementor-widget-container\">\n\t\t\t\t\t\t\t<div class=\"elementor-menu-anchor\" id=\"2024-18\"><\/div>\n\t\t\t\t\t\t<\/div>\n\t\t\t\t<\/div>\n\t\t\t\t\t<\/div>\n\t\t<\/div>\n\t\t\t\t\t<\/div>\n\t\t<\/section>\n\t\t\t\t<section class=\"elementor-section elementor-top-section elementor-element elementor-element-8ece4f0 elementor-section-boxed elementor-section-height-default elementor-section-height-default\" data-id=\"8ece4f0\" data-element_type=\"section\" data-e-type=\"section\">\n\t\t\t\t\t\t<div class=\"elementor-container elementor-column-gap-default\">\n\t\t\t\t\t<div class=\"elementor-column elementor-col-100 elementor-top-column elementor-element elementor-element-3ee25ed\" data-id=\"3ee25ed\" data-element_type=\"column\" data-e-type=\"column\">\n\t\t\t<div class=\"elementor-widget-wrap elementor-element-populated\">\n\t\t\t\t\t\t<div class=\"elementor-element elementor-element-f1a2469 elementor-widget elementor-widget-text-editor\" data-id=\"f1a2469\" data-element_type=\"widget\" data-e-type=\"widget\" data-widget_type=\"text-editor.default\">\n\t\t\t\t<div class=\"elementor-widget-container\">\n\t\t\t\t\t\t\t\t\t<h3><strong>Lang erwartete Pr\u00e4sentation Landschaftsbiografie Mittel-Limburg in Roermond<\/strong><\/h3>\t\t\t\t\t\t\t\t<\/div>\n\t\t\t\t<\/div>\n\t\t\t\t\t<\/div>\n\t\t<\/div>\n\t\t\t\t\t<\/div>\n\t\t<\/section>\n\t\t\t\t<section class=\"elementor-section elementor-top-section elementor-element elementor-element-f1f1d99 elementor-section-boxed elementor-section-height-default elementor-section-height-default\" data-id=\"f1f1d99\" data-element_type=\"section\" data-e-type=\"section\">\n\t\t\t\t\t\t<div class=\"elementor-container elementor-column-gap-default\">\n\t\t\t\t\t<div class=\"elementor-column elementor-col-100 elementor-top-column elementor-element elementor-element-ce8f501\" data-id=\"ce8f501\" data-element_type=\"column\" data-e-type=\"column\">\n\t\t\t<div class=\"elementor-widget-wrap elementor-element-populated\">\n\t\t\t\t\t\t<div class=\"elementor-element elementor-element-fefd07f elementor-widget elementor-widget-text-editor\" data-id=\"fefd07f\" data-element_type=\"widget\" data-e-type=\"widget\" data-widget_type=\"text-editor.default\">\n\t\t\t\t<div class=\"elementor-widget-container\">\n\t\t\t\t\t\t\t\t\t<p class=\" translation-block\">Roermond, 29. November 2024 - In einer stimmungsvollen und vollbesetzten Oranjerie wurde die lang erwartete <strong>Landschaftsbiographie von Mittel-Limburg <\/strong> feierlich vorgestellt. Mehr als 300 G\u00e4ste erlebten einen Nachmittag mit inspirierenden Geschichten und beeindruckenden Bildern \u00fcber die Natur und Landschaft Mittellimburgs.<\/p><p>Der Nachmittag wurde durch Vortr\u00e4ge mehrerer Autoren bereichert, von denen jeder eine einzigartige Perspektive auf das Gebiet bot. Math de Ponti weihte die Zuh\u00f6rer in die Geheimnisse des Meinwegs ein, w\u00e4hrend Rob Geraeds die faszinierende Str\u00f6mung des Vlootbeek beleuchtete. Bas Raaijmakers erweckte die geheimnisvolle Welt der Kreuzotter zum Leben, und Ernest van Asseldonk zeigte das au\u00dfergew\u00f6hnliche Verhalten des Ziegenmelkers. Auch die urbane Natur wurde vorgestellt, und zwar von John van den Berg sowie mit faszinierenden Beitr\u00e4gen von Nikki Meijer und Sanne Kortekaas.<\/p>\t\t\t\t\t\t\t\t<\/div>\n\t\t\t\t<\/div>\n\t\t\t\t\t<\/div>\n\t\t<\/div>\n\t\t\t\t\t<\/div>\n\t\t<\/section>\n\t\t\t\t<section class=\"elementor-section elementor-top-section elementor-element elementor-element-53a1e41 elementor-section-boxed elementor-section-height-default elementor-section-height-default\" data-id=\"53a1e41\" data-element_type=\"section\" data-e-type=\"section\">\n\t\t\t\t\t\t<div class=\"elementor-container elementor-column-gap-default\">\n\t\t\t\t\t<div class=\"elementor-column elementor-col-100 elementor-top-column elementor-element elementor-element-9e92af2\" data-id=\"9e92af2\" data-element_type=\"column\" data-e-type=\"column\">\n\t\t\t<div class=\"elementor-widget-wrap elementor-element-populated\">\n\t\t\t\t\t\t<div class=\"elementor-element elementor-element-befa3c9 elementor-widget elementor-widget-video\" data-id=\"befa3c9\" data-element_type=\"widget\" data-e-type=\"widget\" data-settings=\"{&quot;youtube_url&quot;:&quot;https:\\\/\\\/youtu.be\\\/2qXZtdJMWK0&quot;,&quot;video_type&quot;:&quot;youtube&quot;,&quot;controls&quot;:&quot;yes&quot;}\" data-widget_type=\"video.default\">\n\t\t\t\t<div class=\"elementor-widget-container\">\n\t\t\t\t\t\t\t<div class=\"elementor-wrapper elementor-open-inline\">\n\t\t\t<div class=\"elementor-video\"><\/div>\t\t<\/div>\n\t\t\t\t\t\t<\/div>\n\t\t\t\t<\/div>\n\t\t\t\t\t<\/div>\n\t\t<\/div>\n\t\t\t\t\t<\/div>\n\t\t<\/section>\n\t\t\t\t<section class=\"elementor-section elementor-top-section elementor-element elementor-element-3e3af18 elementor-section-boxed elementor-section-height-default elementor-section-height-default\" data-id=\"3e3af18\" data-element_type=\"section\" data-e-type=\"section\">\n\t\t\t\t\t\t<div class=\"elementor-container elementor-column-gap-default\">\n\t\t\t\t\t<div class=\"elementor-column elementor-col-100 elementor-top-column elementor-element elementor-element-2ce1bf2\" data-id=\"2ce1bf2\" data-element_type=\"column\" data-e-type=\"column\">\n\t\t\t<div class=\"elementor-widget-wrap elementor-element-populated\">\n\t\t\t\t\t\t<div class=\"elementor-element elementor-element-99331a0 elementor-widget elementor-widget-text-editor\" data-id=\"99331a0\" data-element_type=\"widget\" data-e-type=\"widget\" data-widget_type=\"text-editor.default\">\n\t\t\t\t<div class=\"elementor-widget-container\">\n\t\t\t\t\t\t\t\t\t<p>\u00a0Visuelle Premiere: Ode an die Landschaft<br \/>Ein weiterer gro\u00dfer Moment war die Premiere des Videotrailers, der von Hans Heijnen erstellt wurde. Dieser kurze Film voller detaillierter Karten und sch\u00f6ner Drohnenaufnahmen bot eine visuelle Zusammenfassung der Landschaftsbiografie. Der Trailer machte deutlich, dass Mittellimburg eine Fundgrube f\u00fcr Natur und Geschichte ist, und weckte Begeisterung f\u00fcr das Buch.<\/p><p>Ein Moment der Anerkennung<br \/>Das erste Exemplar wurde von Ton Lenders, dem Vorsitzenden der Stichting Natuurpublicaties Limburg, feierlich an die Stadtr\u00e4te Dirk Franssen (Roermond) und Jan Smits (Roerdalen) \u00fcberreicht. Danach gab es einen besonderen Moment f\u00fcr die 73 Autoren des Buches: Jeder von ihnen erhielt sein pers\u00f6nliches Exemplar als Anerkennung f\u00fcr seinen Beitrag zu diesem monumentalen Werk.<\/p><p class=\" translation-block\">Neugierig auf die Sch\u00f6nheit dieser Region?<\/strong> Sehen Sie sich den Video-Trailer an und lassen Sie sich von den Geschichten und Bildern inspirieren. Verpassen Sie nicht die Gelegenheit, die Trilogie zu kaufen und den Reichtum von Mittellimburg selbst zu entdecken!<\/p><p class=\" translation-block\"><strong>Bestellen?<\/strong> Die Landschaftsbiographie ist erh\u00e4ltlich bei  <a href=\"http:\/\/maasterrassen.nhgl.nl\/\" target=\"_self\">maasterrassen.nhgl.nl<\/a><\/p>\t\t\t\t\t\t\t\t<\/div>\n\t\t\t\t<\/div>\n\t\t\t\t\t<\/div>\n\t\t<\/div>\n\t\t\t\t\t<\/div>\n\t\t<\/section>\n\t\t\t\t<section class=\"elementor-section elementor-top-section elementor-element elementor-element-c3376df elementor-section-boxed elementor-section-height-default elementor-section-height-default\" data-id=\"c3376df\" data-element_type=\"section\" data-e-type=\"section\">\n\t\t\t\t\t\t<div class=\"elementor-container elementor-column-gap-default\">\n\t\t\t\t\t<div class=\"elementor-column elementor-col-100 elementor-top-column elementor-element elementor-element-8c4dce4\" data-id=\"8c4dce4\" data-element_type=\"column\" data-e-type=\"column\">\n\t\t\t<div class=\"elementor-widget-wrap elementor-element-populated\">\n\t\t\t\t\t\t<div class=\"elementor-element elementor-element-9f7b66a elementor-widget-divider--view-line elementor-widget elementor-widget-divider\" data-id=\"9f7b66a\" data-element_type=\"widget\" data-e-type=\"widget\" data-widget_type=\"divider.default\">\n\t\t\t\t<div class=\"elementor-widget-container\">\n\t\t\t\t\t\t\t<div class=\"elementor-divider\">\n\t\t\t<span class=\"elementor-divider-separator\">\n\t\t\t\t\t\t<\/span>\n\t\t<\/div>\n\t\t\t\t\t\t<\/div>\n\t\t\t\t<\/div>\n\t\t\t\t\t<\/div>\n\t\t<\/div>\n\t\t\t\t\t<\/div>\n\t\t<\/section>\n\t\t\t\t<section class=\"elementor-section elementor-top-section elementor-element elementor-element-19e0686 elementor-section-boxed elementor-section-height-default elementor-section-height-default\" data-id=\"19e0686\" data-element_type=\"section\" data-e-type=\"section\">\n\t\t\t\t\t\t<div class=\"elementor-container elementor-column-gap-default\">\n\t\t\t\t\t<div class=\"elementor-column elementor-col-100 elementor-top-column elementor-element elementor-element-0b007c0\" data-id=\"0b007c0\" data-element_type=\"column\" data-e-type=\"column\">\n\t\t\t<div class=\"elementor-widget-wrap elementor-element-populated\">\n\t\t\t\t\t\t<div class=\"elementor-element elementor-element-ef189cd elementor-widget elementor-widget-menu-anchor\" data-id=\"ef189cd\" data-element_type=\"widget\" data-e-type=\"widget\" data-widget_type=\"menu-anchor.default\">\n\t\t\t\t<div class=\"elementor-widget-container\">\n\t\t\t\t\t\t\t<div class=\"elementor-menu-anchor\" id=\"2024-17\"><\/div>\n\t\t\t\t\t\t<\/div>\n\t\t\t\t<\/div>\n\t\t\t\t\t<\/div>\n\t\t<\/div>\n\t\t\t\t\t<\/div>\n\t\t<\/section>\n\t\t\t\t<section class=\"elementor-section elementor-top-section elementor-element elementor-element-9c783fe elementor-section-boxed elementor-section-height-default elementor-section-height-default\" data-id=\"9c783fe\" data-element_type=\"section\" data-e-type=\"section\">\n\t\t\t\t\t\t<div class=\"elementor-container elementor-column-gap-default\">\n\t\t\t\t\t<div class=\"elementor-column elementor-col-100 elementor-top-column elementor-element elementor-element-2a9d736\" data-id=\"2a9d736\" data-element_type=\"column\" data-e-type=\"column\">\n\t\t\t<div class=\"elementor-widget-wrap elementor-element-populated\">\n\t\t\t\t\t\t<div class=\"elementor-element elementor-element-88601ed elementor-widget elementor-widget-text-editor\" data-id=\"88601ed\" data-element_type=\"widget\" data-e-type=\"widget\" data-widget_type=\"text-editor.default\">\n\t\t\t\t<div class=\"elementor-widget-container\">\n\t\t\t\t\t\t\t\t\t<h3><strong>M\u00f6gliche Reaktivierung der Bahnlinie durch das Naturschutzgebiet f\u00fchrt zu Besorgnis und Diskussion<\/strong><\/h3>\t\t\t\t\t\t\t\t<\/div>\n\t\t\t\t<\/div>\n\t\t\t\t\t<\/div>\n\t\t<\/div>\n\t\t\t\t\t<\/div>\n\t\t<\/section>\n\t\t\t\t<section class=\"elementor-section elementor-top-section elementor-element elementor-element-e383c11 elementor-section-boxed elementor-section-height-default elementor-section-height-default\" data-id=\"e383c11\" data-element_type=\"section\" data-e-type=\"section\">\n\t\t\t\t\t\t<div class=\"elementor-container elementor-column-gap-default\">\n\t\t\t\t\t<div class=\"elementor-column elementor-col-100 elementor-top-column elementor-element elementor-element-0292fb7\" data-id=\"0292fb7\" data-element_type=\"column\" data-e-type=\"column\">\n\t\t\t<div class=\"elementor-widget-wrap elementor-element-populated\">\n\t\t\t\t\t\t<div class=\"elementor-element elementor-element-03f7bb5 elementor-widget elementor-widget-image\" data-id=\"03f7bb5\" data-element_type=\"widget\" data-e-type=\"widget\" data-widget_type=\"image.default\">\n\t\t\t\t<div class=\"elementor-widget-container\">\n\t\t\t\t\t\t\t\t\t\t\t\t<figure class=\"wp-caption\">\n\t\t\t\t\t\t\t\t\t\t<img loading=\"lazy\" decoding=\"async\" width=\"1024\" height=\"724\" src=\"https:\/\/www.gruenes-grenzland.net\/wp-content\/uploads\/2024\/12\/GrGr-RP-Koeln-Bahntrassen-bereich-Wegberg-1024x724.jpg\" class=\"attachment-large size-large wp-image-18700\" alt=\"\" srcset=\"https:\/\/www.gruenes-grenzland.net\/wp-content\/uploads\/2024\/12\/GrGr-RP-Koeln-Bahntrassen-bereich-Wegberg-1024x724.jpg 1024w, https:\/\/www.gruenes-grenzland.net\/wp-content\/uploads\/2024\/12\/GrGr-RP-Koeln-Bahntrassen-bereich-Wegberg-300x212.jpg 300w, https:\/\/www.gruenes-grenzland.net\/wp-content\/uploads\/2024\/12\/GrGr-RP-Koeln-Bahntrassen-bereich-Wegberg-768x543.jpg 768w, https:\/\/www.gruenes-grenzland.net\/wp-content\/uploads\/2024\/12\/GrGr-RP-Koeln-Bahntrassen-bereich-Wegberg-1536x1086.jpg 1536w, https:\/\/www.gruenes-grenzland.net\/wp-content\/uploads\/2024\/12\/GrGr-RP-Koeln-Bahntrassen-bereich-Wegberg-2048x1448.jpg 2048w, https:\/\/www.gruenes-grenzland.net\/wp-content\/uploads\/2024\/12\/GrGr-RP-Koeln-Bahntrassen-bereich-Wegberg-18x12.jpg 18w\" sizes=\"(max-width: 1024px) 100vw, 1024px\" \/>\t\t\t\t\t\t\t\t\t\t\t<figcaption class=\"widget-image-caption wp-caption-text\">Karte mit der Lage m\u00f6glicher Bahntrassen, Natura-2000-Gebiete und des geplanten Gewerbegebiets in Elmpt<\/figcaption>\n\t\t\t\t\t\t\t\t\t\t<\/figure>\n\t\t\t\t\t\t\t\t\t<\/div>\n\t\t\t\t<\/div>\n\t\t\t\t\t<\/div>\n\t\t<\/div>\n\t\t\t\t\t<\/div>\n\t\t<\/section>\n\t\t\t\t<section class=\"elementor-section elementor-top-section elementor-element elementor-element-2a52464 elementor-section-boxed elementor-section-height-default elementor-section-height-default\" data-id=\"2a52464\" data-element_type=\"section\" data-e-type=\"section\">\n\t\t\t\t\t\t<div class=\"elementor-container elementor-column-gap-default\">\n\t\t\t\t\t<div class=\"elementor-column elementor-col-100 elementor-top-column elementor-element elementor-element-70310be\" data-id=\"70310be\" data-element_type=\"column\" data-e-type=\"column\">\n\t\t\t<div class=\"elementor-widget-wrap elementor-element-populated\">\n\t\t\t\t\t\t<div class=\"elementor-element elementor-element-544a451 elementor-widget elementor-widget-text-editor\" data-id=\"544a451\" data-element_type=\"widget\" data-e-type=\"widget\" data-widget_type=\"text-editor.default\">\n\t\t\t\t<div class=\"elementor-widget-container\">\n\t\t\t\t\t\t\t\t\t<p>\u00a0Die \u00dcberarbeitung des Regionalplans f\u00fcr den Regierungsbezirk K\u00f6ln beinhaltet einen umstrittenen Vorschlag: die m\u00f6gliche Reaktivierung der Bahnstrecke Dahlhem-Elmpt. Diese Trasse, die wertvolle Naturr\u00e4ume wie den Meinweg und den Elmpter Wald durchquert (Variante (b) auf der Karte), hat bei Natur- und Umweltsch\u00fctzern Bedenken ausgel\u00f6st.<br \/>Aus Dokumenten geht hervor, dass die D\u00fcsseldorfer Planer darauf bestanden haben, diese Bahnlinie in den neuen K\u00f6lner Regionalplan aufzunehmen. Der Grund? Die Strecke k\u00f6nnte eine wichtige Verbindung zu dem geplanten Industriegebiet in Elmpt darstellen. Diese Forderung setzt die K\u00f6lner Regionalplaner unter Druck und l\u00e4sst vermuten, dass die Realisierung des Projekts ernsthaft in Erw\u00e4gung gezogen wird.<br \/>Umweltorganisationen und andere Interessengruppen betonen den einzigartigen \u00f6kologischen Wert des Meinwegs und des Elmpter Waldes und bef\u00fcrchten, dass die Reaktivierung der Bahnlinie die biologische Vielfalt und das nat\u00fcrliche Gleichgewicht gef\u00e4hrden wird. Eine Stellungnahme, in der diese Einw\u00e4nde erl\u00e4utert werden, wurde jetzt vorgelegt, siehe <a href=\"https:\/\/www.gruenes-grenzland.net\/wp-content\/uploads\/2024\/11\/Eingabe-GrGr-Aenderung-des-Regionalplans-Koeln-14.-November-2024-def.docx\">HIER.<\/a><\/p><p>Die Debatte \u00fcber das Gleichgewicht zwischen wirtschaftlicher Entwicklung und Naturschutz bleibt bis auf Weiteres aktuell.<\/p>\t\t\t\t\t\t\t\t<\/div>\n\t\t\t\t<\/div>\n\t\t\t\t\t<\/div>\n\t\t<\/div>\n\t\t\t\t\t<\/div>\n\t\t<\/section>\n\t\t\t\t<section class=\"elementor-section elementor-top-section elementor-element elementor-element-3a3502b elementor-section-boxed elementor-section-height-default elementor-section-height-default\" data-id=\"3a3502b\" data-element_type=\"section\" data-e-type=\"section\">\n\t\t\t\t\t\t<div class=\"elementor-container elementor-column-gap-default\">\n\t\t\t\t\t<div class=\"elementor-column elementor-col-100 elementor-top-column elementor-element elementor-element-fc6c64a\" data-id=\"fc6c64a\" data-element_type=\"column\" data-e-type=\"column\">\n\t\t\t<div class=\"elementor-widget-wrap elementor-element-populated\">\n\t\t\t\t\t\t<div class=\"elementor-element elementor-element-ba31d40 elementor-widget-divider--view-line elementor-widget elementor-widget-divider\" data-id=\"ba31d40\" data-element_type=\"widget\" data-e-type=\"widget\" data-widget_type=\"divider.default\">\n\t\t\t\t<div class=\"elementor-widget-container\">\n\t\t\t\t\t\t\t<div class=\"elementor-divider\">\n\t\t\t<span class=\"elementor-divider-separator\">\n\t\t\t\t\t\t<\/span>\n\t\t<\/div>\n\t\t\t\t\t\t<\/div>\n\t\t\t\t<\/div>\n\t\t\t\t\t<\/div>\n\t\t<\/div>\n\t\t\t\t\t<\/div>\n\t\t<\/section>\n\t\t\t\t<section class=\"elementor-section elementor-top-section elementor-element elementor-element-0b20e4d elementor-section-boxed elementor-section-height-default elementor-section-height-default\" data-id=\"0b20e4d\" data-element_type=\"section\" data-e-type=\"section\">\n\t\t\t\t\t\t<div class=\"elementor-container elementor-column-gap-default\">\n\t\t\t\t\t<div class=\"elementor-column elementor-col-100 elementor-top-column elementor-element elementor-element-1819948\" data-id=\"1819948\" data-element_type=\"column\" data-e-type=\"column\">\n\t\t\t<div class=\"elementor-widget-wrap elementor-element-populated\">\n\t\t\t\t\t\t<div class=\"elementor-element elementor-element-691cbc9 elementor-widget elementor-widget-menu-anchor\" data-id=\"691cbc9\" data-element_type=\"widget\" data-e-type=\"widget\" data-widget_type=\"menu-anchor.default\">\n\t\t\t\t<div class=\"elementor-widget-container\">\n\t\t\t\t\t\t\t<div class=\"elementor-menu-anchor\" id=\"2024-16\"><\/div>\n\t\t\t\t\t\t<\/div>\n\t\t\t\t<\/div>\n\t\t\t\t\t<\/div>\n\t\t<\/div>\n\t\t\t\t\t<\/div>\n\t\t<\/section>\n\t\t\t\t<section class=\"elementor-section elementor-top-section elementor-element elementor-element-de7b49b elementor-section-boxed elementor-section-height-default elementor-section-height-default\" data-id=\"de7b49b\" data-element_type=\"section\" data-e-type=\"section\">\n\t\t\t\t\t\t<div class=\"elementor-container elementor-column-gap-default\">\n\t\t\t\t\t<div class=\"elementor-column elementor-col-100 elementor-top-column elementor-element elementor-element-2a98fda\" data-id=\"2a98fda\" data-element_type=\"column\" data-e-type=\"column\">\n\t\t\t<div class=\"elementor-widget-wrap elementor-element-populated\">\n\t\t\t\t\t\t<div class=\"elementor-element elementor-element-0483df9 elementor-widget elementor-widget-text-editor\" data-id=\"0483df9\" data-element_type=\"widget\" data-e-type=\"widget\" data-widget_type=\"text-editor.default\">\n\t\t\t\t<div class=\"elementor-widget-container\">\n\t\t\t\t\t\t\t\t\t<h3 class=\" translation-block\"><strong>Industriegebiet Elmpt<Br>\nUnterst\u00fctzen Sie unseren Kampf: Gr\u00fcn soll wirklich gr\u00fcn bleiben!<\/strong><\/h3>\t\t\t\t\t\t\t\t<\/div>\n\t\t\t\t<\/div>\n\t\t\t\t\t<\/div>\n\t\t<\/div>\n\t\t\t\t\t<\/div>\n\t\t<\/section>\n\t\t\t\t<section class=\"elementor-section elementor-top-section elementor-element elementor-element-2cf2f64 elementor-section-boxed elementor-section-height-default elementor-section-height-default\" data-id=\"2cf2f64\" data-element_type=\"section\" data-e-type=\"section\">\n\t\t\t\t\t\t<div class=\"elementor-container elementor-column-gap-default\">\n\t\t\t\t\t<div class=\"elementor-column elementor-col-100 elementor-top-column elementor-element elementor-element-0f169ce\" data-id=\"0f169ce\" data-element_type=\"column\" data-e-type=\"column\">\n\t\t\t<div class=\"elementor-widget-wrap elementor-element-populated\">\n\t\t\t\t\t\t<div class=\"elementor-element elementor-element-1826171 elementor-widget elementor-widget-image\" data-id=\"1826171\" data-element_type=\"widget\" data-e-type=\"widget\" data-widget_type=\"image.default\">\n\t\t\t\t<div class=\"elementor-widget-container\">\n\t\t\t\t\t\t\t\t\t\t\t\t<figure class=\"wp-caption\">\n\t\t\t\t\t\t\t\t\t\t<img loading=\"lazy\" decoding=\"async\" width=\"1024\" height=\"444\" src=\"https:\/\/www.gruenes-grenzland.net\/wp-content\/uploads\/2024\/10\/DJI_0006-wpt1-1-met-plan-crop-1024x444.jpg\" class=\"attachment-large size-large wp-image-18264\" alt=\"\" srcset=\"https:\/\/www.gruenes-grenzland.net\/wp-content\/uploads\/2024\/10\/DJI_0006-wpt1-1-met-plan-crop-1024x444.jpg 1024w, https:\/\/www.gruenes-grenzland.net\/wp-content\/uploads\/2024\/10\/DJI_0006-wpt1-1-met-plan-crop-300x130.jpg 300w, https:\/\/www.gruenes-grenzland.net\/wp-content\/uploads\/2024\/10\/DJI_0006-wpt1-1-met-plan-crop-768x333.jpg 768w, https:\/\/www.gruenes-grenzland.net\/wp-content\/uploads\/2024\/10\/DJI_0006-wpt1-1-met-plan-crop-18x8.jpg 18w, https:\/\/www.gruenes-grenzland.net\/wp-content\/uploads\/2024\/10\/DJI_0006-wpt1-1-met-plan-crop.jpg 1200w\" sizes=\"(max-width: 1024px) 100vw, 1024px\" \/>\t\t\t\t\t\t\t\t\t\t\t<figcaption class=\"widget-image-caption wp-caption-text\">Geplante Megahallen statt Wald. Wieso \u2018\u2019Gr\u00fcn bleibt gr\u00fcn\u201d?<\/figcaption>\n\t\t\t\t\t\t\t\t\t\t<\/figure>\n\t\t\t\t\t\t\t\t\t<\/div>\n\t\t\t\t<\/div>\n\t\t\t\t\t<\/div>\n\t\t<\/div>\n\t\t\t\t\t<\/div>\n\t\t<\/section>\n\t\t\t\t<section class=\"elementor-section elementor-top-section elementor-element elementor-element-3707bef elementor-section-boxed elementor-section-height-default elementor-section-height-default\" data-id=\"3707bef\" data-element_type=\"section\" data-e-type=\"section\">\n\t\t\t\t\t\t<div class=\"elementor-container elementor-column-gap-default\">\n\t\t\t\t\t<div class=\"elementor-column elementor-col-100 elementor-top-column elementor-element elementor-element-47a3b6a\" data-id=\"47a3b6a\" data-element_type=\"column\" data-e-type=\"column\">\n\t\t\t<div class=\"elementor-widget-wrap elementor-element-populated\">\n\t\t\t\t\t\t<div class=\"elementor-element elementor-element-8c4e6d8 elementor-widget elementor-widget-text-editor\" data-id=\"8c4e6d8\" data-element_type=\"widget\" data-e-type=\"widget\" data-widget_type=\"text-editor.default\">\n\t\t\t\t<div class=\"elementor-widget-container\">\n\t\t\t\t\t\t\t\t\t<p>Liebe Naturliebhaber und Freunde eines gr\u00fcnen Grenzlandes,<\/p><p>die Zukunft unserer sch\u00f6nen Naturr\u00e4ume steht auf dem Spiel. Trotz vieler Einw\u00e4nde hat die Gemeinde Niederkr\u00fcchten den Fl\u00e4chennutzungs- und Bebauungsplan f\u00fcr das Gewerbegebiet Elmpt genehmigt. Damit droht eine massive Beeintr\u00e4chtigung wertvoller Naturr\u00e4ume und des Lebensraums von Mensch und Tier. Das d\u00fcrfen wir nicht zulassen - und brauchen Ihre Hilfe, um unseren Kampf fortzusetzen.<\/p><p class=\" translation-block\"><strong>Warum wir weitermachen<\/strong><Br>\nDie Gemeinde ignoriert unsere Einw\u00e4nde und treibt das Projekt ohne R\u00fccksicht auf die gravierenden Auswirkungen auf Natur und Lebensraum voran:\n<Br>- L\u00e4rmbel\u00e4stigung: Die versprochenen Ma\u00dfnahmen sind unzureichend und bieten keine strukturellen L\u00f6sungen f\u00fcr die langfristige L\u00e4rmbel\u00e4stigung der Anwohner.\n<Br>- Stickstoffemissionen: Die Emissionen werden die Grenzwerte der nahe gelegenen Natura-2000-Gebiete weit \u00fcberschreiten.\n<Br>- Wasserwirtschaft und Grundwasserspiegel: Wesentliche Naturr\u00e4ume drohen auszutrocknen, da die Auswirkungen der Baupl\u00e4ne nicht ausreichend untersucht wurden.\n<Br>- Lichtverschmutzung: Die negativen Auswirkungen auf sensible Naturr\u00e4ume wie das Meinweg-Gebiet werden nicht ber\u00fccksichtigt.\n<Br>- Landschaftsverschmutzung: Das einzigartige Vogelschutzgebiet ist durch den Bau eines riesigen Industriegebietes bedroht.<\/p><p><strong>B\u00fcrgerbeteiligung ignoriert<\/strong><br \/>Mehr als 900 besorgte B\u00fcrgerinnen und B\u00fcrger haben sich mit Stellungnahmen und Einw\u00e4nden zu Wort gemeldet, die jedoch ohne ernsthafte Pr\u00fcfung beiseite geschoben wurden. Das Verfahren der \u00d6ffentlichkeitsbeteiligung ist zu einer Farce verkommen. Wir werden das nicht zulassen und weiter f\u00fcr eine faire Anh\u00f6rung unserer Anliegen und eine Zukunft k\u00e4mpfen, in der die Natur an erster Stelle steht.<\/p><p><strong>Ihre Unterst\u00fctzung ist unverzichtbar<\/strong><br \/>Wir werden weitermachen, denn die Natur hat eine Stimme verdient. Aber Gerichtsverfahren sind kostspielig. Deshalb bitten wir Sie um eine Spende, um gemeinsam den Kampf fortsetzen k\u00f6nnen. Ihre Spende macht einen Unterschied:  Sie hilft uns, weiterhin Einspruch zu erheben, rechtliche Schritte einzuleiten, um unsere Gr\u00fcnfl\u00e4chen auch in Zukunft zu sichern.<\/p><p>Unterst\u00fctzen Sie den Gr\u00fcnes Grenzland e.V, und helfen Sie uns, die Natur zu erhalten. Spenden Sie noch heute auf <br \/>Gr\u00fcnes Grenzland e.V.,IBAN: DE 7731 0601 8100 4565 0030, zie ook<a href=\"https:\/\/www.gruenes-grenzland.net\/de\/aanmeld-formulier\/#Financieelondersteunen\"> https:\/\/www.gruenes-grenzland.net\/aanmeld-formulier\/#Financieelondersteunen<\/a><br \/>und sorgen Sie daf\u00fcr, dass \u201eGr\u00fcn\u201c nicht nur ein Versprechen bleibt, sondern eine Realit\u00e4t, auf die wir stolz sein k\u00f6nnen<br \/>Gr\u00fcnes Grenzland ist anerkannt gemein\u00fctzig, sodass Ihre Spende steuerlich absetzbar ist.<br \/><strong>Gemeinsam k\u00f6nnen wir daf\u00fcr sorgen, dass gr\u00fcn auch wirklich gr\u00fcn bleibt.<\/strong><\/p>\t\t\t\t\t\t\t\t<\/div>\n\t\t\t\t<\/div>\n\t\t\t\t\t<\/div>\n\t\t<\/div>\n\t\t\t\t\t<\/div>\n\t\t<\/section>\n\t\t\t\t<section class=\"elementor-section elementor-top-section elementor-element elementor-element-b4dc581 elementor-section-boxed elementor-section-height-default elementor-section-height-default\" data-id=\"b4dc581\" data-element_type=\"section\" data-e-type=\"section\">\n\t\t\t\t\t\t<div class=\"elementor-container elementor-column-gap-default\">\n\t\t\t\t\t<div class=\"elementor-column elementor-col-100 elementor-top-column elementor-element elementor-element-8816640\" data-id=\"8816640\" data-element_type=\"column\" data-e-type=\"column\">\n\t\t\t<div class=\"elementor-widget-wrap elementor-element-populated\">\n\t\t\t\t\t\t<div class=\"elementor-element elementor-element-be1af13 elementor-widget-divider--view-line elementor-widget elementor-widget-divider\" data-id=\"be1af13\" data-element_type=\"widget\" data-e-type=\"widget\" data-widget_type=\"divider.default\">\n\t\t\t\t<div class=\"elementor-widget-container\">\n\t\t\t\t\t\t\t<div class=\"elementor-divider\">\n\t\t\t<span class=\"elementor-divider-separator\">\n\t\t\t\t\t\t<\/span>\n\t\t<\/div>\n\t\t\t\t\t\t<\/div>\n\t\t\t\t<\/div>\n\t\t\t\t<div class=\"elementor-element elementor-element-9664d2e elementor-widget elementor-widget-spacer\" data-id=\"9664d2e\" data-element_type=\"widget\" data-e-type=\"widget\" data-widget_type=\"spacer.default\">\n\t\t\t\t<div class=\"elementor-widget-container\">\n\t\t\t\t\t\t\t<div class=\"elementor-spacer\">\n\t\t\t<div class=\"elementor-spacer-inner\"><\/div>\n\t\t<\/div>\n\t\t\t\t\t\t<\/div>\n\t\t\t\t<\/div>\n\t\t\t\t\t<\/div>\n\t\t<\/div>\n\t\t\t\t\t<\/div>\n\t\t<\/section>\n\t\t\t\t<section class=\"elementor-section elementor-top-section elementor-element elementor-element-8393104 elementor-section-boxed elementor-section-height-default elementor-section-height-default\" data-id=\"8393104\" data-element_type=\"section\" data-e-type=\"section\">\n\t\t\t\t\t\t<div class=\"elementor-container elementor-column-gap-default\">\n\t\t\t\t\t<div class=\"elementor-column elementor-col-100 elementor-top-column elementor-element elementor-element-dc1de3c\" data-id=\"dc1de3c\" data-element_type=\"column\" data-e-type=\"column\">\n\t\t\t<div class=\"elementor-widget-wrap elementor-element-populated\">\n\t\t\t\t\t\t<div class=\"elementor-element elementor-element-218e4fa elementor-widget elementor-widget-menu-anchor\" data-id=\"218e4fa\" data-element_type=\"widget\" data-e-type=\"widget\" data-widget_type=\"menu-anchor.default\">\n\t\t\t\t<div class=\"elementor-widget-container\">\n\t\t\t\t\t\t\t<div class=\"elementor-menu-anchor\" id=\"2024-15\"><\/div>\n\t\t\t\t\t\t<\/div>\n\t\t\t\t<\/div>\n\t\t\t\t\t<\/div>\n\t\t<\/div>\n\t\t\t\t\t<\/div>\n\t\t<\/section>\n\t\t\t\t<section class=\"elementor-section elementor-top-section elementor-element elementor-element-e9f228e elementor-section-boxed elementor-section-height-default elementor-section-height-default\" data-id=\"e9f228e\" data-element_type=\"section\" data-e-type=\"section\">\n\t\t\t\t\t\t<div class=\"elementor-container elementor-column-gap-default\">\n\t\t\t\t\t<div class=\"elementor-column elementor-col-100 elementor-top-column elementor-element elementor-element-120a5df\" data-id=\"120a5df\" data-element_type=\"column\" data-e-type=\"column\">\n\t\t\t<div class=\"elementor-widget-wrap elementor-element-populated\">\n\t\t\t\t\t\t<div class=\"elementor-element elementor-element-5224dc4 elementor-widget elementor-widget-text-editor\" data-id=\"5224dc4\" data-element_type=\"widget\" data-e-type=\"widget\" data-widget_type=\"text-editor.default\">\n\t\t\t\t<div class=\"elementor-widget-container\">\n\t\t\t\t\t\t\t\t\t<h3><strong>Die Stickstoffma\u00dfnahmen von Rockwool drohen durch das neue Industriegebiet Javelin Park Elmpt sinnlos zu werden<\/strong><\/h3>\t\t\t\t\t\t\t\t<\/div>\n\t\t\t\t<\/div>\n\t\t\t\t\t<\/div>\n\t\t<\/div>\n\t\t\t\t\t<\/div>\n\t\t<\/section>\n\t\t\t\t<section class=\"elementor-section elementor-top-section elementor-element elementor-element-616b10c elementor-section-boxed elementor-section-height-default elementor-section-height-default\" data-id=\"616b10c\" data-element_type=\"section\" data-e-type=\"section\">\n\t\t\t\t\t\t<div class=\"elementor-container elementor-column-gap-default\">\n\t\t\t\t\t<div class=\"elementor-column elementor-col-100 elementor-top-column elementor-element elementor-element-b09b802\" data-id=\"b09b802\" data-element_type=\"column\" data-e-type=\"column\">\n\t\t\t<div class=\"elementor-widget-wrap elementor-element-populated\">\n\t\t\t\t\t\t<div class=\"elementor-element elementor-element-56a0812 elementor-widget elementor-widget-image\" data-id=\"56a0812\" data-element_type=\"widget\" data-e-type=\"widget\" data-widget_type=\"image.default\">\n\t\t\t\t<div class=\"elementor-widget-container\">\n\t\t\t\t\t\t\t\t\t\t\t\t<figure class=\"wp-caption\">\n\t\t\t\t\t\t\t\t\t\t<img loading=\"lazy\" decoding=\"async\" width=\"1024\" height=\"685\" src=\"https:\/\/www.gruenes-grenzland.net\/wp-content\/uploads\/2024\/10\/DJI_0272-Bedrijventerrein-heide-Roerstreek-HHeijnen-crop-1024x685.jpg\" class=\"attachment-large size-large wp-image-18231\" alt=\"\" srcset=\"https:\/\/www.gruenes-grenzland.net\/wp-content\/uploads\/2024\/10\/DJI_0272-Bedrijventerrein-heide-Roerstreek-HHeijnen-crop-1024x685.jpg 1024w, https:\/\/www.gruenes-grenzland.net\/wp-content\/uploads\/2024\/10\/DJI_0272-Bedrijventerrein-heide-Roerstreek-HHeijnen-crop-300x201.jpg 300w, https:\/\/www.gruenes-grenzland.net\/wp-content\/uploads\/2024\/10\/DJI_0272-Bedrijventerrein-heide-Roerstreek-HHeijnen-crop-768x514.jpg 768w, https:\/\/www.gruenes-grenzland.net\/wp-content\/uploads\/2024\/10\/DJI_0272-Bedrijventerrein-heide-Roerstreek-HHeijnen-crop-18x12.jpg 18w, https:\/\/www.gruenes-grenzland.net\/wp-content\/uploads\/2024\/10\/DJI_0272-Bedrijventerrein-heide-Roerstreek-HHeijnen-crop.jpg 1200w\" sizes=\"(max-width: 1024px) 100vw, 1024px\" \/>\t\t\t\t\t\t\t\t\t\t\t<figcaption class=\"widget-image-caption wp-caption-text\">Rockwool in Roermond<\/figcaption>\n\t\t\t\t\t\t\t\t\t\t<\/figure>\n\t\t\t\t\t\t\t\t\t<\/div>\n\t\t\t\t<\/div>\n\t\t\t\t\t<\/div>\n\t\t<\/div>\n\t\t\t\t\t<\/div>\n\t\t<\/section>\n\t\t\t\t<section class=\"elementor-section elementor-top-section elementor-element elementor-element-f3390d2 elementor-section-boxed elementor-section-height-default elementor-section-height-default\" data-id=\"f3390d2\" data-element_type=\"section\" data-e-type=\"section\">\n\t\t\t\t\t\t<div class=\"elementor-container elementor-column-gap-default\">\n\t\t\t\t\t<div class=\"elementor-column elementor-col-100 elementor-top-column elementor-element elementor-element-770fdf6\" data-id=\"770fdf6\" data-element_type=\"column\" data-e-type=\"column\">\n\t\t\t<div class=\"elementor-widget-wrap elementor-element-populated\">\n\t\t\t\t\t\t<div class=\"elementor-element elementor-element-ad6401e elementor-widget elementor-widget-text-editor\" data-id=\"ad6401e\" data-element_type=\"widget\" data-e-type=\"widget\" data-widget_type=\"text-editor.default\">\n\t\t\t\t<div class=\"elementor-widget-container\">\n\t\t\t\t\t\t\t\t\t<p>W\u00e4hrend das Unternehmen Rockwool, einer der gr\u00f6\u00dften Stickstoffemittenten in den Niederlanden, Pl\u00e4ne zur deutlichen Verringerung seiner Stickstoffemissionen schmiedet, drohen diese Bem\u00fchungen durch die Ansiedlung eines neuen Industriegebiets gleich hinter der Grenze in Deutschland zunichte gemacht zu werden. Der Bau des Javelin Park in Elmpt, nur wenige Kilometer vom Naturschutzgebiet De Meinweg entfernt, wird zu einem starken Anstieg der Stickstoffemissionen in der Region f\u00fchren.<\/p><p class=\" translation-block\"><strong>Rockwool investiert in umweltfreundlichere Produktion <\/strong><Br>\n\nDas in der N\u00e4he des Meinwegs ans\u00e4ssige Unternehmen Rockwool erh\u00e4lt F\u00f6rdermittel in H\u00f6he von mehreren Millionen Euro f\u00fcr den Bau eines neuen erweiterten H\u00e4rteofens. Dieser Ofen, der in den Jahren 2026 und 2027 gebaut werden soll, wird die Verwendung eines umweltfreundlicheren Bindemittels bei der Herstellung von Steinwolle-D\u00e4mmstoffen erm\u00f6glichen. \nDadurch k\u00f6nnten j\u00e4hrlich bis zu 42.000 Kilogramm Ammoniak eingespart werden, ein wichtiger Schritt zu einer nachhaltigeren Produktion.<\/p><p><strong>Javelin Park Elmpt: eine Bedrohung f\u00fcr die Natur<br \/><\/strong>Gleich hinter der Grenze in Deutschland ist jedoch der Javelin Park geplant, ein Gewerbegebiet, das aufgrund des zunehmenden Verkehrs j\u00e4hrlich 1.569 Kilogramm Ammoniak (NH3) und 25.700 Kilogramm Stickoxide (NOx) aussto\u00dfen soll. Dabei sind die Emissionen der Unternehmen, die sich hier ansiedeln werden, noch nicht einmal ber\u00fccksichtigt.<\/p><p><strong>Aufwischen mit dem Wasserhahn<br \/><\/strong>Die Bem\u00fchungen von Rockwool k\u00f6nnen zwar einen positiven Beitrag zur Verringerung der Stickstoffemissionen in der Region leisten, doch werden diese Fortschritte durch zus\u00e4tzliche Emissionen aus dem Javelin Park ernsthaft gef\u00e4hrdet. Der zu erwartende Anstieg der Stickstoffdeposition wird die Wirkung der geplanten Ma\u00dfnahmen weitgehend zunichte machen. Der empfindliche Charakter des Meinweges bleibt damit weiter unter Druck.<\/p><p>In einem Schreiben an die Provinz Limburg fordern wir dringende Ma\u00dfnahmen zur wirksamen Kontrolle der Stickstoffemissionen in der Region. Die Situation rund um Rockwool und Javelin Park zeigt, dass die Bem\u00fchungen eines Unternehmens zur Emissionsreduzierung nicht ausreichen, solange neue Quellen f\u00fcr Stickstoffemissionen zugelassen werden, siehe <a href=\"https:\/\/www.gruenes-grenzland.net\/wp-content\/uploads\/2024\/10\/Brief-Rockwool-stikstofmaatregelen-dreigen-zinloos-te-worden-door-nieuw-bedrijventerrein-Javelin-Park-Elmpt-dd-211024.pdf\">Hier\u00a0<\/a><\/p>\t\t\t\t\t\t\t\t<\/div>\n\t\t\t\t<\/div>\n\t\t\t\t\t<\/div>\n\t\t<\/div>\n\t\t\t\t\t<\/div>\n\t\t<\/section>\n\t\t\t\t<section class=\"elementor-section elementor-top-section elementor-element elementor-element-2b4b32a elementor-section-boxed elementor-section-height-default elementor-section-height-default\" data-id=\"2b4b32a\" data-element_type=\"section\" data-e-type=\"section\">\n\t\t\t\t\t\t<div class=\"elementor-container elementor-column-gap-default\">\n\t\t\t\t\t<div class=\"elementor-column elementor-col-100 elementor-top-column elementor-element elementor-element-636200e\" data-id=\"636200e\" data-element_type=\"column\" data-e-type=\"column\">\n\t\t\t<div class=\"elementor-widget-wrap elementor-element-populated\">\n\t\t\t\t\t\t<div class=\"elementor-element elementor-element-bedb2d5 elementor-widget-divider--view-line elementor-widget elementor-widget-divider\" data-id=\"bedb2d5\" data-element_type=\"widget\" data-e-type=\"widget\" data-widget_type=\"divider.default\">\n\t\t\t\t<div class=\"elementor-widget-container\">\n\t\t\t\t\t\t\t<div class=\"elementor-divider\">\n\t\t\t<span class=\"elementor-divider-separator\">\n\t\t\t\t\t\t<\/span>\n\t\t<\/div>\n\t\t\t\t\t\t<\/div>\n\t\t\t\t<\/div>\n\t\t\t\t\t<\/div>\n\t\t<\/div>\n\t\t\t\t\t<\/div>\n\t\t<\/section>\n\t\t\t\t<section class=\"elementor-section elementor-top-section elementor-element elementor-element-7ca5d15 elementor-section-boxed elementor-section-height-default elementor-section-height-default\" data-id=\"7ca5d15\" data-element_type=\"section\" data-e-type=\"section\">\n\t\t\t\t\t\t<div class=\"elementor-container elementor-column-gap-default\">\n\t\t\t\t\t<div class=\"elementor-column elementor-col-100 elementor-top-column elementor-element elementor-element-a86c6c9\" data-id=\"a86c6c9\" data-element_type=\"column\" data-e-type=\"column\">\n\t\t\t<div class=\"elementor-widget-wrap elementor-element-populated\">\n\t\t\t\t\t\t<div class=\"elementor-element elementor-element-0bc0990 elementor-widget elementor-widget-menu-anchor\" data-id=\"0bc0990\" data-element_type=\"widget\" data-e-type=\"widget\" data-widget_type=\"menu-anchor.default\">\n\t\t\t\t<div class=\"elementor-widget-container\">\n\t\t\t\t\t\t\t<div class=\"elementor-menu-anchor\" id=\"2024-14\"><\/div>\n\t\t\t\t\t\t<\/div>\n\t\t\t\t<\/div>\n\t\t\t\t\t<\/div>\n\t\t<\/div>\n\t\t\t\t\t<\/div>\n\t\t<\/section>\n\t\t\t\t<section class=\"elementor-section elementor-top-section elementor-element elementor-element-8a80dbc elementor-section-boxed elementor-section-height-default elementor-section-height-default\" data-id=\"8a80dbc\" data-element_type=\"section\" data-e-type=\"section\">\n\t\t\t\t\t\t<div class=\"elementor-container elementor-column-gap-default\">\n\t\t\t\t\t<div class=\"elementor-column elementor-col-100 elementor-top-column elementor-element elementor-element-c7a09ac\" data-id=\"c7a09ac\" data-element_type=\"column\" data-e-type=\"column\">\n\t\t\t<div class=\"elementor-widget-wrap elementor-element-populated\">\n\t\t\t\t\t\t<div class=\"elementor-element elementor-element-29abaad elementor-widget elementor-widget-text-editor\" data-id=\"29abaad\" data-element_type=\"widget\" data-e-type=\"widget\" data-widget_type=\"text-editor.default\">\n\t\t\t\t<div class=\"elementor-widget-container\">\n\t\t\t\t\t\t\t\t\t<h3><strong>Pr\u00e4sentation Natur- und Landschaftsbiografie Die Mittellimburgischen Maastrassen<\/strong><\/h3>\t\t\t\t\t\t\t\t<\/div>\n\t\t\t\t<\/div>\n\t\t\t\t\t<\/div>\n\t\t<\/div>\n\t\t\t\t\t<\/div>\n\t\t<\/section>\n\t\t\t\t<section class=\"elementor-section elementor-top-section elementor-element elementor-element-611833b elementor-section-boxed elementor-section-height-default elementor-section-height-default\" data-id=\"611833b\" data-element_type=\"section\" data-e-type=\"section\">\n\t\t\t\t\t\t<div class=\"elementor-container elementor-column-gap-default\">\n\t\t\t\t\t<div class=\"elementor-column elementor-col-33 elementor-top-column elementor-element elementor-element-4f61b1f\" data-id=\"4f61b1f\" data-element_type=\"column\" data-e-type=\"column\">\n\t\t\t<div class=\"elementor-widget-wrap elementor-element-populated\">\n\t\t\t\t\t\t<div class=\"elementor-element elementor-element-048fa96 elementor-widget elementor-widget-image\" data-id=\"048fa96\" data-element_type=\"widget\" data-e-type=\"widget\" data-widget_type=\"image.default\">\n\t\t\t\t<div class=\"elementor-widget-container\">\n\t\t\t\t\t\t\t\t\t\t\t\t\t\t\t<img loading=\"lazy\" decoding=\"async\" width=\"727\" height=\"1024\" src=\"https:\/\/www.gruenes-grenzland.net\/wp-content\/uploads\/2024\/10\/cover-deel-1-727x1024.jpg\" class=\"attachment-large size-large wp-image-18208\" alt=\"\" srcset=\"https:\/\/www.gruenes-grenzland.net\/wp-content\/uploads\/2024\/10\/cover-deel-1-727x1024.jpg 727w, https:\/\/www.gruenes-grenzland.net\/wp-content\/uploads\/2024\/10\/cover-deel-1-213x300.jpg 213w, https:\/\/www.gruenes-grenzland.net\/wp-content\/uploads\/2024\/10\/cover-deel-1-768x1082.jpg 768w, https:\/\/www.gruenes-grenzland.net\/wp-content\/uploads\/2024\/10\/cover-deel-1-1090x1536.jpg 1090w, https:\/\/www.gruenes-grenzland.net\/wp-content\/uploads\/2024\/10\/cover-deel-1-9x12.jpg 9w, https:\/\/www.gruenes-grenzland.net\/wp-content\/uploads\/2024\/10\/cover-deel-1.jpg 1219w\" sizes=\"(max-width: 727px) 100vw, 727px\" \/>\t\t\t\t\t\t\t\t\t\t\t\t\t\t\t<\/div>\n\t\t\t\t<\/div>\n\t\t\t\t\t<\/div>\n\t\t<\/div>\n\t\t\t\t<div class=\"elementor-column elementor-col-33 elementor-top-column elementor-element elementor-element-9d8b2b8\" data-id=\"9d8b2b8\" data-element_type=\"column\" data-e-type=\"column\">\n\t\t\t<div class=\"elementor-widget-wrap elementor-element-populated\">\n\t\t\t\t\t\t<div class=\"elementor-element elementor-element-d985d50 elementor-widget elementor-widget-image\" data-id=\"d985d50\" data-element_type=\"widget\" data-e-type=\"widget\" data-widget_type=\"image.default\">\n\t\t\t\t<div class=\"elementor-widget-container\">\n\t\t\t\t\t\t\t\t\t\t\t\t\t\t\t<img loading=\"lazy\" decoding=\"async\" width=\"728\" height=\"1024\" src=\"https:\/\/www.gruenes-grenzland.net\/wp-content\/uploads\/2024\/10\/cover-deel-2--728x1024.jpg\" class=\"attachment-large size-large wp-image-18209\" alt=\"\" srcset=\"https:\/\/www.gruenes-grenzland.net\/wp-content\/uploads\/2024\/10\/cover-deel-2--728x1024.jpg 728w, https:\/\/www.gruenes-grenzland.net\/wp-content\/uploads\/2024\/10\/cover-deel-2--213x300.jpg 213w, https:\/\/www.gruenes-grenzland.net\/wp-content\/uploads\/2024\/10\/cover-deel-2--768x1080.jpg 768w, https:\/\/www.gruenes-grenzland.net\/wp-content\/uploads\/2024\/10\/cover-deel-2--1093x1536.jpg 1093w, https:\/\/www.gruenes-grenzland.net\/wp-content\/uploads\/2024\/10\/cover-deel-2--9x12.jpg 9w, https:\/\/www.gruenes-grenzland.net\/wp-content\/uploads\/2024\/10\/cover-deel-2-.jpg 1222w\" sizes=\"(max-width: 728px) 100vw, 728px\" \/>\t\t\t\t\t\t\t\t\t\t\t\t\t\t\t<\/div>\n\t\t\t\t<\/div>\n\t\t\t\t\t<\/div>\n\t\t<\/div>\n\t\t\t\t<div class=\"elementor-column elementor-col-33 elementor-top-column elementor-element elementor-element-40db228\" data-id=\"40db228\" data-element_type=\"column\" data-e-type=\"column\">\n\t\t\t<div class=\"elementor-widget-wrap elementor-element-populated\">\n\t\t\t\t\t\t<div class=\"elementor-element elementor-element-06a078e elementor-widget elementor-widget-image\" data-id=\"06a078e\" data-element_type=\"widget\" data-e-type=\"widget\" data-widget_type=\"image.default\">\n\t\t\t\t<div class=\"elementor-widget-container\">\n\t\t\t\t\t\t\t\t\t\t\t\t\t\t\t<img loading=\"lazy\" decoding=\"async\" width=\"730\" height=\"1024\" src=\"https:\/\/www.gruenes-grenzland.net\/wp-content\/uploads\/2024\/10\/cover-deel-3-730x1024.jpg\" class=\"attachment-large size-large wp-image-18210\" alt=\"\" srcset=\"https:\/\/www.gruenes-grenzland.net\/wp-content\/uploads\/2024\/10\/cover-deel-3-730x1024.jpg 730w, https:\/\/www.gruenes-grenzland.net\/wp-content\/uploads\/2024\/10\/cover-deel-3-214x300.jpg 214w, https:\/\/www.gruenes-grenzland.net\/wp-content\/uploads\/2024\/10\/cover-deel-3-768x1077.jpg 768w, https:\/\/www.gruenes-grenzland.net\/wp-content\/uploads\/2024\/10\/cover-deel-3-1095x1536.jpg 1095w, https:\/\/www.gruenes-grenzland.net\/wp-content\/uploads\/2024\/10\/cover-deel-3-9x12.jpg 9w, https:\/\/www.gruenes-grenzland.net\/wp-content\/uploads\/2024\/10\/cover-deel-3.jpg 1225w\" sizes=\"(max-width: 730px) 100vw, 730px\" \/>\t\t\t\t\t\t\t\t\t\t\t\t\t\t\t<\/div>\n\t\t\t\t<\/div>\n\t\t\t\t\t<\/div>\n\t\t<\/div>\n\t\t\t\t\t<\/div>\n\t\t<\/section>\n\t\t\t\t<section class=\"elementor-section elementor-top-section elementor-element elementor-element-9fc89d6 elementor-section-boxed elementor-section-height-default elementor-section-height-default\" data-id=\"9fc89d6\" data-element_type=\"section\" data-e-type=\"section\">\n\t\t\t\t\t\t<div class=\"elementor-container elementor-column-gap-default\">\n\t\t\t\t\t<div class=\"elementor-column elementor-col-100 elementor-top-column elementor-element elementor-element-4c2a215\" data-id=\"4c2a215\" data-element_type=\"column\" data-e-type=\"column\">\n\t\t\t<div class=\"elementor-widget-wrap elementor-element-populated\">\n\t\t\t\t\t\t<div class=\"elementor-element elementor-element-892392e elementor-widget elementor-widget-text-editor\" data-id=\"892392e\" data-element_type=\"widget\" data-e-type=\"widget\" data-widget_type=\"text-editor.default\">\n\t\t\t\t<div class=\"elementor-widget-container\">\n\t\t\t\t\t\t\t\t\t<p>Am Freitag, den 29. November, wird die Natur- und Landschaftsbiographie Mittel-Limburgs feierlich vorgestellt. F\u00fcnf Redaktionsmitglieder, 73 Autoren und Dutzende von Fotografen haben mehr als drei Jahre lang an diesem Buch gearbeitet. Das Ergebnis wird eine Trilogie \u00fcber die Geologie, Geschichte, das Klima, die Landschaft und vor allem die Natur von Mittellimburg mit einem Gesamtumfang von fast 1.100 Seiten sein.<\/p>\n<p>Der vollst\u00e4ndige Titel des Buches lautet \u201eDie Mittellimburgischen Maasterrassen. Land der B\u00e4che und Br\u00fcche\u201c. Es besteht somit aus drei separaten Teilen<br>Teil 1 gibt einen \u00dcberblick \u00fcber die mittellimburgische Landschaft und ihre Entstehung. Er er\u00f6rtert auch die Rolle, die der Mensch in ihr gespielt hat.<br>In Teil 2 werden die Naturr\u00e4ume wie die Einzugsgebiete der Maas und der Ruhr und die dortige Naturentwicklung im Zusammenhang beschrieben. Aber auch den Einzugsgebieten der Swalm, des Vlootbeek und des Middelsgraaf wird Aufmerksamkeit geschenkt. Die h\u00f6her gelegenen Flugsandgebiete, wie die Beegderheide, die Breidberg-Triestruik und die Marissen, werden beschrieben. Im Mittelpunkt dieser Biografie steht der heutige Nationalpark De Meinweg, in dem die Terrassenlandschaft in ihrer ganzen Pracht bewundert werden kann. Da die Natur nicht an einer Landesgrenze Halt macht, werden auch die grenznahen Gebiete in Deutschland wie der Brachterwald, der Elmpterwald, der deutsche Meinweg und der deutsche Teil des Swalm-Flussgebiets behandelt.<br>Der dritte Teil enth\u00e4lt Portr\u00e4ts von Ikonen- und Leitarten, Organismen, die f\u00fcr die nat\u00fcrlichen Standorte in den Mittellimburgischen Maasterraces charakteristisch sind. Die Beschreibung ihrer \u00d6kologie ist auf die \u00f6rtlichen Gegebenheiten zugeschnitten.<\/p>\t\t\t\t\t\t\t\t<\/div>\n\t\t\t\t<\/div>\n\t\t\t\t\t<\/div>\n\t\t<\/div>\n\t\t\t\t\t<\/div>\n\t\t<\/section>\n\t\t\t\t<section class=\"elementor-section elementor-top-section elementor-element elementor-element-99689f0 elementor-section-boxed elementor-section-height-default elementor-section-height-default\" data-id=\"99689f0\" data-element_type=\"section\" data-e-type=\"section\">\n\t\t\t\t\t\t<div class=\"elementor-container elementor-column-gap-default\">\n\t\t\t\t\t<div class=\"elementor-column elementor-col-50 elementor-top-column elementor-element elementor-element-4c0b2e5\" data-id=\"4c0b2e5\" data-element_type=\"column\" data-e-type=\"column\">\n\t\t\t<div class=\"elementor-widget-wrap elementor-element-populated\">\n\t\t\t\t\t\t<div class=\"elementor-element elementor-element-cb3836c elementor-widget elementor-widget-text-editor\" data-id=\"cb3836c\" data-element_type=\"widget\" data-e-type=\"widget\" data-widget_type=\"text-editor.default\">\n\t\t\t\t<div class=\"elementor-widget-container\">\n\t\t\t\t\t\t\t\t\t<p>Alle Themen sind reichlich mit Fotos illustriert, und zu den Ortsbeschreibungen geh\u00f6ren auch Wanderungen, so dass die Natur tats\u00e4chlich erlebt und gelebt werden kann.<\/p><p>Diese Pr\u00e4sentation findet im Theaterhotel de Oranjerie, Kloosterwandplein 12-16, 6041 JA Roermond, statt und beginnt um 14.00 Uhr, ab 13.30 Uhr mit Kaffee.<\/p><p>Das Buch wird bei dem Treffen zum Preis von 28,00 \u20ac verkauft.<\/p><p>Sie k\u00f6nnen sich bis zum 1. November \u00fcber den unten stehenden Link bewerben.<br \/><a href=\"https:\/\/publicaties23.nhgl.nl\/natuurlijk-limburg\/maasterrassen\">https:\/\/publicaties23.nhgl.nl\/natuurlijk-limburg\/maasterrassen<\/a><\/p><p>Das vollst\u00e4ndige Programm der Tagung finden Sie hier.<\/p>\t\t\t\t\t\t\t\t<\/div>\n\t\t\t\t<\/div>\n\t\t\t\t\t<\/div>\n\t\t<\/div>\n\t\t\t\t<div class=\"elementor-column elementor-col-50 elementor-top-column elementor-element elementor-element-9e6bc80\" data-id=\"9e6bc80\" data-element_type=\"column\" data-e-type=\"column\">\n\t\t\t<div class=\"elementor-widget-wrap elementor-element-populated\">\n\t\t\t\t\t\t<div class=\"elementor-element elementor-element-289a75c elementor-widget elementor-widget-image\" data-id=\"289a75c\" data-element_type=\"widget\" data-e-type=\"widget\" data-widget_type=\"image.default\">\n\t\t\t\t<div class=\"elementor-widget-container\">\n\t\t\t\t\t\t\t\t\t\t\t\t\t\t\t<img loading=\"lazy\" decoding=\"async\" width=\"1024\" height=\"676\" src=\"https:\/\/www.gruenes-grenzland.net\/wp-content\/uploads\/2024\/12\/meinweg-box-1024x676.jpg\" class=\"attachment-large size-large wp-image-18749\" alt=\"\" srcset=\"https:\/\/www.gruenes-grenzland.net\/wp-content\/uploads\/2024\/12\/meinweg-box-1024x676.jpg 1024w, https:\/\/www.gruenes-grenzland.net\/wp-content\/uploads\/2024\/12\/meinweg-box-300x198.jpg 300w, https:\/\/www.gruenes-grenzland.net\/wp-content\/uploads\/2024\/12\/meinweg-box-768x507.jpg 768w, https:\/\/www.gruenes-grenzland.net\/wp-content\/uploads\/2024\/12\/meinweg-box-1536x1014.jpg 1536w, https:\/\/www.gruenes-grenzland.net\/wp-content\/uploads\/2024\/12\/meinweg-box-2048x1351.jpg 2048w, https:\/\/www.gruenes-grenzland.net\/wp-content\/uploads\/2024\/12\/meinweg-box-18x12.jpg 18w\" sizes=\"(max-width: 1024px) 100vw, 1024px\" \/>\t\t\t\t\t\t\t\t\t\t\t\t\t\t\t<\/div>\n\t\t\t\t<\/div>\n\t\t\t\t\t<\/div>\n\t\t<\/div>\n\t\t\t\t\t<\/div>\n\t\t<\/section>\n\t\t\t\t<section class=\"elementor-section elementor-top-section elementor-element elementor-element-b45708c elementor-section-boxed elementor-section-height-default elementor-section-height-default\" data-id=\"b45708c\" data-element_type=\"section\" data-e-type=\"section\">\n\t\t\t\t\t\t<div class=\"elementor-container elementor-column-gap-default\">\n\t\t\t\t\t<div class=\"elementor-column elementor-col-100 elementor-top-column elementor-element elementor-element-0db9ae9\" data-id=\"0db9ae9\" data-element_type=\"column\" data-e-type=\"column\">\n\t\t\t<div class=\"elementor-widget-wrap elementor-element-populated\">\n\t\t\t\t\t\t<div class=\"elementor-element elementor-element-b1fb37f elementor-widget-divider--view-line elementor-widget elementor-widget-divider\" data-id=\"b1fb37f\" data-element_type=\"widget\" data-e-type=\"widget\" data-widget_type=\"divider.default\">\n\t\t\t\t<div class=\"elementor-widget-container\">\n\t\t\t\t\t\t\t<div class=\"elementor-divider\">\n\t\t\t<span class=\"elementor-divider-separator\">\n\t\t\t\t\t\t<\/span>\n\t\t<\/div>\n\t\t\t\t\t\t<\/div>\n\t\t\t\t<\/div>\n\t\t\t\t\t<\/div>\n\t\t<\/div>\n\t\t\t\t\t<\/div>\n\t\t<\/section>\n\t\t\t\t<section class=\"elementor-section elementor-top-section elementor-element elementor-element-f846d3c elementor-section-boxed elementor-section-height-default elementor-section-height-default\" data-id=\"f846d3c\" data-element_type=\"section\" data-e-type=\"section\">\n\t\t\t\t\t\t<div class=\"elementor-container elementor-column-gap-default\">\n\t\t\t\t\t<div class=\"elementor-column elementor-col-100 elementor-top-column elementor-element elementor-element-0b95016\" data-id=\"0b95016\" data-element_type=\"column\" data-e-type=\"column\">\n\t\t\t<div class=\"elementor-widget-wrap elementor-element-populated\">\n\t\t\t\t\t\t<div class=\"elementor-element elementor-element-4795c21 elementor-widget elementor-widget-menu-anchor\" data-id=\"4795c21\" data-element_type=\"widget\" data-e-type=\"widget\" data-widget_type=\"menu-anchor.default\">\n\t\t\t\t<div class=\"elementor-widget-container\">\n\t\t\t\t\t\t\t<div class=\"elementor-menu-anchor\" id=\"2024-13\"><\/div>\n\t\t\t\t\t\t<\/div>\n\t\t\t\t<\/div>\n\t\t\t\t\t<\/div>\n\t\t<\/div>\n\t\t\t\t\t<\/div>\n\t\t<\/section>\n\t\t\t\t<section class=\"elementor-section elementor-top-section elementor-element elementor-element-0e7cada elementor-section-boxed elementor-section-height-default elementor-section-height-default\" data-id=\"0e7cada\" data-element_type=\"section\" data-e-type=\"section\">\n\t\t\t\t\t\t<div class=\"elementor-container elementor-column-gap-default\">\n\t\t\t\t\t<div class=\"elementor-column elementor-col-100 elementor-top-column elementor-element elementor-element-3f8ef52\" data-id=\"3f8ef52\" data-element_type=\"column\" data-e-type=\"column\">\n\t\t\t<div class=\"elementor-widget-wrap elementor-element-populated\">\n\t\t\t\t\t\t<div class=\"elementor-element elementor-element-b14b4da elementor-widget elementor-widget-text-editor\" data-id=\"b14b4da\" data-element_type=\"widget\" data-e-type=\"widget\" data-widget_type=\"text-editor.default\">\n\t\t\t\t<div class=\"elementor-widget-container\">\n\t\t\t\t\t\t\t\t\t<p><strong>Stellungnahmen gegen neue Windenergiegebiete in der Grenzregion<br \/><\/strong>Gr\u00fcnes Grenzland und der Natur- und Umweltverband Limburg sind wegen der Auswirkungen auf den Nationalpark de Meinweg und den Elmpter Wald sehr besorgt.<\/p>\t\t\t\t\t\t\t\t<\/div>\n\t\t\t\t<\/div>\n\t\t\t\t\t<\/div>\n\t\t<\/div>\n\t\t\t\t\t<\/div>\n\t\t<\/section>\n\t\t\t\t<section class=\"elementor-section elementor-top-section elementor-element elementor-element-a7edfcb elementor-section-boxed elementor-section-height-default elementor-section-height-default\" data-id=\"a7edfcb\" data-element_type=\"section\" data-e-type=\"section\">\n\t\t\t\t\t\t<div class=\"elementor-container elementor-column-gap-default\">\n\t\t\t\t\t<div class=\"elementor-column elementor-col-100 elementor-top-column elementor-element elementor-element-0bf1f90\" data-id=\"0bf1f90\" data-element_type=\"column\" data-e-type=\"column\">\n\t\t\t<div class=\"elementor-widget-wrap elementor-element-populated\">\n\t\t\t\t\t\t<div class=\"elementor-element elementor-element-14d2d21 elementor-widget elementor-widget-text-editor\" data-id=\"14d2d21\" data-element_type=\"widget\" data-e-type=\"widget\" data-widget_type=\"text-editor.default\">\n\t\t\t\t<div class=\"elementor-widget-container\">\n\t\t\t\t\t\t\t\t\t<p>Der Regionalplan D\u00fcsseldorf stellt Gebiete dar, in denen ein Ausbau der Windenergie m\u00f6glich ist.  Einige der potenziellen Standorte liegen in der N\u00e4he der Landesgrenze, siehe lila Fl\u00e4chen auf der Karte.<\/p>\t\t\t\t\t\t\t\t<\/div>\n\t\t\t\t<\/div>\n\t\t\t\t\t<\/div>\n\t\t<\/div>\n\t\t\t\t\t<\/div>\n\t\t<\/section>\n\t\t\t\t<section class=\"elementor-section elementor-top-section elementor-element elementor-element-14ce547 elementor-section-boxed elementor-section-height-default elementor-section-height-default\" data-id=\"14ce547\" data-element_type=\"section\" data-e-type=\"section\">\n\t\t\t\t\t\t<div class=\"elementor-container elementor-column-gap-default\">\n\t\t\t\t\t<div class=\"elementor-column elementor-col-100 elementor-top-column elementor-element elementor-element-ff09125\" data-id=\"ff09125\" data-element_type=\"column\" data-e-type=\"column\">\n\t\t\t<div class=\"elementor-widget-wrap elementor-element-populated\">\n\t\t\t\t\t\t<div class=\"elementor-element elementor-element-5696b55 elementor-widget elementor-widget-image\" data-id=\"5696b55\" data-element_type=\"widget\" data-e-type=\"widget\" data-widget_type=\"image.default\">\n\t\t\t\t<div class=\"elementor-widget-container\">\n\t\t\t\t\t\t\t\t\t\t\t\t\t\t\t<img loading=\"lazy\" decoding=\"async\" width=\"1024\" height=\"724\" src=\"https:\/\/www.gruenes-grenzland.net\/wp-content\/uploads\/2024\/09\/GrGr-Windturbines-Elmpt-RPD-WEA-met-VSG-met-toponiemen-1024x724.jpg\" class=\"attachment-large size-large wp-image-17865\" alt=\"\" srcset=\"https:\/\/www.gruenes-grenzland.net\/wp-content\/uploads\/2024\/09\/GrGr-Windturbines-Elmpt-RPD-WEA-met-VSG-met-toponiemen-1024x724.jpg 1024w, https:\/\/www.gruenes-grenzland.net\/wp-content\/uploads\/2024\/09\/GrGr-Windturbines-Elmpt-RPD-WEA-met-VSG-met-toponiemen-300x212.jpg 300w, https:\/\/www.gruenes-grenzland.net\/wp-content\/uploads\/2024\/09\/GrGr-Windturbines-Elmpt-RPD-WEA-met-VSG-met-toponiemen-768x543.jpg 768w, https:\/\/www.gruenes-grenzland.net\/wp-content\/uploads\/2024\/09\/GrGr-Windturbines-Elmpt-RPD-WEA-met-VSG-met-toponiemen-1536x1086.jpg 1536w, https:\/\/www.gruenes-grenzland.net\/wp-content\/uploads\/2024\/09\/GrGr-Windturbines-Elmpt-RPD-WEA-met-VSG-met-toponiemen-2048x1448.jpg 2048w, https:\/\/www.gruenes-grenzland.net\/wp-content\/uploads\/2024\/09\/GrGr-Windturbines-Elmpt-RPD-WEA-met-VSG-met-toponiemen-18x12.jpg 18w\" sizes=\"(max-width: 1024px) 100vw, 1024px\" \/>\t\t\t\t\t\t\t\t\t\t\t\t\t\t\t<\/div>\n\t\t\t\t<\/div>\n\t\t\t\t\t<\/div>\n\t\t<\/div>\n\t\t\t\t\t<\/div>\n\t\t<\/section>\n\t\t\t\t<section class=\"elementor-section elementor-top-section elementor-element elementor-element-5b09f0c elementor-section-boxed elementor-section-height-default elementor-section-height-default\" data-id=\"5b09f0c\" data-element_type=\"section\" data-e-type=\"section\">\n\t\t\t\t\t\t<div class=\"elementor-container elementor-column-gap-default\">\n\t\t\t\t\t<div class=\"elementor-column elementor-col-100 elementor-top-column elementor-element elementor-element-9b74874\" data-id=\"9b74874\" data-element_type=\"column\" data-e-type=\"column\">\n\t\t\t<div class=\"elementor-widget-wrap elementor-element-populated\">\n\t\t\t\t\t\t<div class=\"elementor-element elementor-element-ae2f714 elementor-widget elementor-widget-text-editor\" data-id=\"ae2f714\" data-element_type=\"widget\" data-e-type=\"widget\" data-widget_type=\"text-editor.default\">\n\t\t\t\t<div class=\"elementor-widget-container\">\n\t\t\t\t\t\t\t\t\t<p>Mit dieser Stellungnahme vom 27.08.2024 m\u00f6chten wir unsere Bedenken hinsichtlich einer m\u00f6glichen Ausweisung mehrerer Gebiete und sogar bevorzugter Gebiete in oder in unmittelbarer N\u00e4he der Naturschutzgebiete Elmpter Schwalmbruch, Elmpter Wald und Meinweg, die alle im Herzen des Internationalen Grenzparks Maas-Swalm-Nette liegen, zum Ausdruck bringen. Es handelt sich um die folgenden Gebiete: Nie01-A_Alternative, Nie02, Nie03, Nie04, Nie05-Alternative und Nie06.\u00a0<\/p>\t\t\t\t\t\t\t\t<\/div>\n\t\t\t\t<\/div>\n\t\t\t\t\t<\/div>\n\t\t<\/div>\n\t\t\t\t\t<\/div>\n\t\t<\/section>\n\t\t\t\t<section class=\"elementor-section elementor-top-section elementor-element elementor-element-39c8531 elementor-section-boxed elementor-section-height-default elementor-section-height-default\" data-id=\"39c8531\" data-element_type=\"section\" data-e-type=\"section\">\n\t\t\t\t\t\t<div class=\"elementor-container elementor-column-gap-default\">\n\t\t\t\t\t<div class=\"elementor-column elementor-col-50 elementor-top-column elementor-element elementor-element-bd125dc\" data-id=\"bd125dc\" data-element_type=\"column\" data-e-type=\"column\">\n\t\t\t<div class=\"elementor-widget-wrap elementor-element-populated\">\n\t\t\t\t\t\t<div class=\"elementor-element elementor-element-429b715 elementor-widget elementor-widget-text-editor\" data-id=\"429b715\" data-element_type=\"widget\" data-e-type=\"widget\" data-widget_type=\"text-editor.default\">\n\t\t\t\t<div class=\"elementor-widget-container\">\n\t\t\t\t\t\t\t\t\t<p>Aufgrund der Bedeutung f\u00fcr Natur und Landschaft konzentrieren wir uns jedoch auf die Standorte westlich von Elmpt in der Gemeinde Niederkr\u00fcchten. Au\u00dferdem sind dies die Standorte, an denen es derzeit noch keine Windenergieanlagen gibt, was bedeutet, dass wir Nie04 und Nie06 ausschlie\u00dfen.<\/p><p><strong>F\u00fcr die vier verbleibenden Standorte sind wir der Meinung, dass sie weder als Windenergiegebiet (WEB) noch \u00fcberhaupt als Beschleunigungsgebiet ausgewiesen werden sollten<\/strong>.<\/p><p>\u00a0<\/p>\t\t\t\t\t\t\t\t<\/div>\n\t\t\t\t<\/div>\n\t\t\t\t\t<\/div>\n\t\t<\/div>\n\t\t\t\t<div class=\"elementor-column elementor-col-50 elementor-top-column elementor-element elementor-element-9b2a0f4\" data-id=\"9b2a0f4\" data-element_type=\"column\" data-e-type=\"column\">\n\t\t\t<div class=\"elementor-widget-wrap elementor-element-populated\">\n\t\t\t\t\t\t<div class=\"elementor-element elementor-element-f0f87d7 elementor-widget elementor-widget-image\" data-id=\"f0f87d7\" data-element_type=\"widget\" data-e-type=\"widget\" data-widget_type=\"image.default\">\n\t\t\t\t<div class=\"elementor-widget-container\">\n\t\t\t\t\t\t\t\t\t\t\t\t<figure class=\"wp-caption\">\n\t\t\t\t\t\t\t\t\t\t<img loading=\"lazy\" decoding=\"async\" width=\"1024\" height=\"575\" src=\"https:\/\/www.gruenes-grenzland.net\/wp-content\/uploads\/2024\/09\/DJI_0267-Elmpter-Wald-Nie01_-met-contouren-en-Swalm-A-HHeijnen-1024x575.jpg\" class=\"attachment-large size-large wp-image-17870\" alt=\"\" srcset=\"https:\/\/www.gruenes-grenzland.net\/wp-content\/uploads\/2024\/09\/DJI_0267-Elmpter-Wald-Nie01_-met-contouren-en-Swalm-A-HHeijnen-1024x575.jpg 1024w, https:\/\/www.gruenes-grenzland.net\/wp-content\/uploads\/2024\/09\/DJI_0267-Elmpter-Wald-Nie01_-met-contouren-en-Swalm-A-HHeijnen-300x169.jpg 300w, https:\/\/www.gruenes-grenzland.net\/wp-content\/uploads\/2024\/09\/DJI_0267-Elmpter-Wald-Nie01_-met-contouren-en-Swalm-A-HHeijnen-768x431.jpg 768w, https:\/\/www.gruenes-grenzland.net\/wp-content\/uploads\/2024\/09\/DJI_0267-Elmpter-Wald-Nie01_-met-contouren-en-Swalm-A-HHeijnen-1536x863.jpg 1536w, https:\/\/www.gruenes-grenzland.net\/wp-content\/uploads\/2024\/09\/DJI_0267-Elmpter-Wald-Nie01_-met-contouren-en-Swalm-A-HHeijnen-2048x1151.jpg 2048w, https:\/\/www.gruenes-grenzland.net\/wp-content\/uploads\/2024\/09\/DJI_0267-Elmpter-Wald-Nie01_-met-contouren-en-Swalm-A-HHeijnen-18x10.jpg 18w\" sizes=\"(max-width: 1024px) 100vw, 1024px\" \/>\t\t\t\t\t\t\t\t\t\t\t<figcaption class=\"widget-image-caption wp-caption-text\">Gepland WEB Nie01_A. in Elmpter Wald. Blauwe lijn is de Swalm en de rode lijn de noordelijke begrenzing van Nie01_A<\/figcaption>\n\t\t\t\t\t\t\t\t\t\t<\/figure>\n\t\t\t\t\t\t\t\t\t<\/div>\n\t\t\t\t<\/div>\n\t\t\t\t\t<\/div>\n\t\t<\/div>\n\t\t\t\t\t<\/div>\n\t\t<\/section>\n\t\t\t\t<section class=\"elementor-section elementor-top-section elementor-element elementor-element-d3d5eea elementor-section-boxed elementor-section-height-default elementor-section-height-default\" data-id=\"d3d5eea\" data-element_type=\"section\" data-e-type=\"section\">\n\t\t\t\t\t\t<div class=\"elementor-container elementor-column-gap-default\">\n\t\t\t\t\t<div class=\"elementor-column elementor-col-100 elementor-top-column elementor-element elementor-element-90fbed8\" data-id=\"90fbed8\" data-element_type=\"column\" data-e-type=\"column\">\n\t\t\t<div class=\"elementor-widget-wrap elementor-element-populated\">\n\t\t\t\t\t\t<div class=\"elementor-element elementor-element-6555afd elementor-widget elementor-widget-text-editor\" data-id=\"6555afd\" data-element_type=\"widget\" data-e-type=\"widget\" data-widget_type=\"text-editor.default\">\n\t\t\t\t<div class=\"elementor-widget-container\">\n\t\t\t\t\t\t\t\t\t<p>Dies liegt vor allem daran, dass die Alternativen Nie01-A, Nie02, Nie03 und Nie05 in sehr geringer Entfernung zum Vogelschutzgebiet VSG DE-4603-401 \u201eSchwalm-Nette-Platte mit Grenzwald u. Meinweg\u201c liegen und eine erhebliche Beeintr\u00e4chtigung der vom Erhaltungsziel erfassten Arten des Vogelschutzgebietes nicht ausgeschlossen werden kann, zumal die Auflage, Ma\u00dfnahmen zur Vermeidung oder Minderung der Beeintr\u00e4chtigung zu ergreifen, nicht erf\u00fcllt werden kann.<br \/>Eine ausf\u00fchrliche Begr\u00fcndung finden Sie in der Ansicht, siehe <a href=\"https:\/\/www.gruenes-grenzland.net\/wp-content\/uploads\/2024\/08\/Eingabe-GrGr-18.-Aenderung-des-Regionalplans-Duesseldorf-RPD-De-27-08-2024-LNU.pdf\">hier<\/a>.\u00a0<br \/>Unsere Ansicht wird \u00fcbrigens auch von der LNU geteilt, siehe <a href=\"https:\/\/www.gruenes-grenzland.net\/wp-content\/uploads\/2024\/08\/STN_NV_18_Aend_RPD_29082024.pdf\">hier<\/a><br \/><br \/>Erfreulicherweise steht auch der Kreis Viersen den von uns kritisierten Loktionen sehr kritisch gegen\u00fcber, siehe <a href=\"https:\/\/www.gruenes-grenzland.net\/wp-content\/uploads\/2024\/08\/2024-08-20_Stellungnahme_Kreis_Viersen_18._Aend._RPD-_Bet._-_9_ROG-_-_13_LPlG.pdf\">hier<\/a><br \/>Auch die Stellungnahme des Kreises zeigt einmal mehr die Unvereinbarkeit des Javelinparks mit den geplanten Windkraftanlagen, die zum Teil sogar in den reservierten Naturausgleichsfl\u00e4chen stehen.<\/p>\t\t\t\t\t\t\t\t<\/div>\n\t\t\t\t<\/div>\n\t\t\t\t\t<\/div>\n\t\t<\/div>\n\t\t\t\t\t<\/div>\n\t\t<\/section>\n\t\t\t\t<section class=\"elementor-section elementor-top-section elementor-element elementor-element-c492358 elementor-section-boxed elementor-section-height-default elementor-section-height-default\" data-id=\"c492358\" data-element_type=\"section\" data-e-type=\"section\">\n\t\t\t\t\t\t<div class=\"elementor-container elementor-column-gap-default\">\n\t\t\t\t\t<div class=\"elementor-column elementor-col-100 elementor-top-column elementor-element elementor-element-a960888\" data-id=\"a960888\" data-element_type=\"column\" data-e-type=\"column\">\n\t\t\t<div class=\"elementor-widget-wrap elementor-element-populated\">\n\t\t\t\t\t\t<div class=\"elementor-element elementor-element-104d562 elementor-widget-divider--view-line elementor-widget elementor-widget-divider\" data-id=\"104d562\" data-element_type=\"widget\" data-e-type=\"widget\" data-widget_type=\"divider.default\">\n\t\t\t\t<div class=\"elementor-widget-container\">\n\t\t\t\t\t\t\t<div class=\"elementor-divider\">\n\t\t\t<span class=\"elementor-divider-separator\">\n\t\t\t\t\t\t<\/span>\n\t\t<\/div>\n\t\t\t\t\t\t<\/div>\n\t\t\t\t<\/div>\n\t\t\t\t\t<\/div>\n\t\t<\/div>\n\t\t\t\t\t<\/div>\n\t\t<\/section>\n\t\t\t\t<section class=\"elementor-section elementor-top-section elementor-element elementor-element-d382c29 elementor-section-boxed elementor-section-height-default elementor-section-height-default\" data-id=\"d382c29\" data-element_type=\"section\" data-e-type=\"section\">\n\t\t\t\t\t\t<div class=\"elementor-container elementor-column-gap-default\">\n\t\t\t\t\t<div class=\"elementor-column elementor-col-100 elementor-top-column elementor-element elementor-element-393c4e5\" data-id=\"393c4e5\" data-element_type=\"column\" data-e-type=\"column\">\n\t\t\t<div class=\"elementor-widget-wrap elementor-element-populated\">\n\t\t\t\t\t\t<div class=\"elementor-element elementor-element-0566548 elementor-widget elementor-widget-menu-anchor\" data-id=\"0566548\" data-element_type=\"widget\" data-e-type=\"widget\" data-widget_type=\"menu-anchor.default\">\n\t\t\t\t<div class=\"elementor-widget-container\">\n\t\t\t\t\t\t\t<div class=\"elementor-menu-anchor\" id=\"2024-12\"><\/div>\n\t\t\t\t\t\t<\/div>\n\t\t\t\t<\/div>\n\t\t\t\t\t<\/div>\n\t\t<\/div>\n\t\t\t\t\t<\/div>\n\t\t<\/section>\n\t\t\t\t<section class=\"elementor-section elementor-top-section elementor-element elementor-element-38ac6fa elementor-section-boxed elementor-section-height-default elementor-section-height-default\" data-id=\"38ac6fa\" data-element_type=\"section\" data-e-type=\"section\">\n\t\t\t\t\t\t<div class=\"elementor-container elementor-column-gap-default\">\n\t\t\t\t\t<div class=\"elementor-column elementor-col-100 elementor-top-column elementor-element elementor-element-5d7b680\" data-id=\"5d7b680\" data-element_type=\"column\" data-e-type=\"column\">\n\t\t\t<div class=\"elementor-widget-wrap elementor-element-populated\">\n\t\t\t\t\t\t<div class=\"elementor-element elementor-element-b26d2ef elementor-widget elementor-widget-text-editor\" data-id=\"b26d2ef\" data-element_type=\"widget\" data-e-type=\"widget\" data-widget_type=\"text-editor.default\">\n\t\t\t\t<div class=\"elementor-widget-container\">\n\t\t\t\t\t\t\t\t\t<p><strong>Meinweg \u00d6kotop<br \/>Das Natursymposium f\u00fcr die deutsch-niederl\u00e4ndische Grenzregion<\/strong><\/p>\t\t\t\t\t\t\t\t<\/div>\n\t\t\t\t<\/div>\n\t\t\t\t\t<\/div>\n\t\t<\/div>\n\t\t\t\t\t<\/div>\n\t\t<\/section>\n\t\t\t\t<section class=\"elementor-section elementor-top-section elementor-element elementor-element-565ffe6 elementor-section-boxed elementor-section-height-default elementor-section-height-default\" data-id=\"565ffe6\" data-element_type=\"section\" data-e-type=\"section\">\n\t\t\t\t\t\t<div class=\"elementor-container elementor-column-gap-default\">\n\t\t\t\t\t<div class=\"elementor-column elementor-col-50 elementor-top-column elementor-element elementor-element-ad2ce9a\" data-id=\"ad2ce9a\" data-element_type=\"column\" data-e-type=\"column\">\n\t\t\t<div class=\"elementor-widget-wrap elementor-element-populated\">\n\t\t\t\t\t\t<div class=\"elementor-element elementor-element-0073b05 elementor-widget elementor-widget-text-editor\" data-id=\"0073b05\" data-element_type=\"widget\" data-e-type=\"widget\" data-widget_type=\"text-editor.default\">\n\t\t\t\t<div class=\"elementor-widget-container\">\n\t\t\t\t\t\t\t\t\t<p class=\"mobile-undersized-upper\">Am Samstag, den 28. September 2024, findet der 16. Meinweg Ecotop statt. Das Thema des Meinweg Ecotop 2024 lautet: Der Einfluss des Klimas auf das Vorkommen von Arten, Gewinner und Verlierer.<\/p><p class=\"mobile-undersized-upper\">Der diesj\u00e4hrige Ecotop findet im Schloss Daelenbroeck, Kasteellaan 2, 6075 EZ Herkenbosch, statt. Zeit: 08.30 - 17.30.<br \/>Weitere Informationen finden Sie <a href=\"https:\/\/www.meinweg-ecotop.nl\/meinweg-ecotop-2024\">hier<\/a><\/p>\t\t\t\t\t\t\t\t<\/div>\n\t\t\t\t<\/div>\n\t\t\t\t\t<\/div>\n\t\t<\/div>\n\t\t\t\t<div class=\"elementor-column elementor-col-50 elementor-top-column elementor-element elementor-element-7496db7\" data-id=\"7496db7\" data-element_type=\"column\" data-e-type=\"column\">\n\t\t\t<div class=\"elementor-widget-wrap elementor-element-populated\">\n\t\t\t\t\t\t<div class=\"elementor-element elementor-element-f9de978 elementor-widget elementor-widget-image\" data-id=\"f9de978\" data-element_type=\"widget\" data-e-type=\"widget\" data-widget_type=\"image.default\">\n\t\t\t\t<div class=\"elementor-widget-container\">\n\t\t\t\t\t\t\t\t\t\t\t\t<figure class=\"wp-caption\">\n\t\t\t\t\t\t\t\t\t\t<img loading=\"lazy\" decoding=\"async\" width=\"1024\" height=\"575\" src=\"https:\/\/www.gruenes-grenzland.net\/wp-content\/uploads\/2024\/02\/DJI_0846-Daelenbroek-overzicht-laag-HHeijnen-1024x575.jpg\" class=\"attachment-large size-large wp-image-16059\" alt=\"\" srcset=\"https:\/\/www.gruenes-grenzland.net\/wp-content\/uploads\/2024\/02\/DJI_0846-Daelenbroek-overzicht-laag-HHeijnen-1024x575.jpg 1024w, https:\/\/www.gruenes-grenzland.net\/wp-content\/uploads\/2024\/02\/DJI_0846-Daelenbroek-overzicht-laag-HHeijnen-300x169.jpg 300w, https:\/\/www.gruenes-grenzland.net\/wp-content\/uploads\/2024\/02\/DJI_0846-Daelenbroek-overzicht-laag-HHeijnen-768x431.jpg 768w, https:\/\/www.gruenes-grenzland.net\/wp-content\/uploads\/2024\/02\/DJI_0846-Daelenbroek-overzicht-laag-HHeijnen-18x10.jpg 18w, https:\/\/www.gruenes-grenzland.net\/wp-content\/uploads\/2024\/02\/DJI_0846-Daelenbroek-overzicht-laag-HHeijnen.jpg 1200w\" sizes=\"(max-width: 1024px) 100vw, 1024px\" \/>\t\t\t\t\t\t\t\t\t\t\t<figcaption class=\"widget-image-caption wp-caption-text\">Kasteel Daelenbroek<\/figcaption>\n\t\t\t\t\t\t\t\t\t\t<\/figure>\n\t\t\t\t\t\t\t\t\t<\/div>\n\t\t\t\t<\/div>\n\t\t\t\t\t<\/div>\n\t\t<\/div>\n\t\t\t\t\t<\/div>\n\t\t<\/section>\n\t\t\t\t<section class=\"elementor-section elementor-top-section elementor-element elementor-element-ad68f3c elementor-section-boxed elementor-section-height-default elementor-section-height-default\" data-id=\"ad68f3c\" data-element_type=\"section\" data-e-type=\"section\">\n\t\t\t\t\t\t<div class=\"elementor-container elementor-column-gap-default\">\n\t\t\t\t\t<div class=\"elementor-column elementor-col-100 elementor-top-column elementor-element elementor-element-51553d7\" data-id=\"51553d7\" data-element_type=\"column\" data-e-type=\"column\">\n\t\t\t<div class=\"elementor-widget-wrap elementor-element-populated\">\n\t\t\t\t\t\t<div class=\"elementor-element elementor-element-902a6e3 elementor-widget-divider--view-line elementor-widget elementor-widget-divider\" data-id=\"902a6e3\" data-element_type=\"widget\" data-e-type=\"widget\" data-widget_type=\"divider.default\">\n\t\t\t\t<div class=\"elementor-widget-container\">\n\t\t\t\t\t\t\t<div class=\"elementor-divider\">\n\t\t\t<span class=\"elementor-divider-separator\">\n\t\t\t\t\t\t<\/span>\n\t\t<\/div>\n\t\t\t\t\t\t<\/div>\n\t\t\t\t<\/div>\n\t\t\t\t<div class=\"elementor-element elementor-element-bbcfc2f elementor-widget elementor-widget-menu-anchor\" data-id=\"bbcfc2f\" data-element_type=\"widget\" data-e-type=\"widget\" data-widget_type=\"menu-anchor.default\">\n\t\t\t\t<div class=\"elementor-widget-container\">\n\t\t\t\t\t\t\t<div class=\"elementor-menu-anchor\" id=\"2024-11\"><\/div>\n\t\t\t\t\t\t<\/div>\n\t\t\t\t<\/div>\n\t\t\t\t\t<\/div>\n\t\t<\/div>\n\t\t\t\t\t<\/div>\n\t\t<\/section>\n\t\t\t\t<section class=\"elementor-section elementor-top-section elementor-element elementor-element-ec20901 elementor-section-boxed elementor-section-height-default elementor-section-height-default\" data-id=\"ec20901\" data-element_type=\"section\" data-e-type=\"section\">\n\t\t\t\t\t\t<div class=\"elementor-container elementor-column-gap-default\">\n\t\t\t\t\t<div class=\"elementor-column elementor-col-100 elementor-top-column elementor-element elementor-element-63b7d3c\" data-id=\"63b7d3c\" data-element_type=\"column\" data-e-type=\"column\">\n\t\t\t<div class=\"elementor-widget-wrap elementor-element-populated\">\n\t\t\t\t\t\t<div class=\"elementor-element elementor-element-61aa888 elementor-widget elementor-widget-text-editor\" data-id=\"61aa888\" data-element_type=\"widget\" data-e-type=\"widget\" data-widget_type=\"text-editor.default\">\n\t\t\t\t<div class=\"elementor-widget-container\">\n\t\t\t\t\t\t\t\t\t<p><strong>Eingabe Bebauungsplan Elm-131 \"Javelin Park Ost<\/strong><\/p>\t\t\t\t\t\t\t\t<\/div>\n\t\t\t\t<\/div>\n\t\t\t\t\t<\/div>\n\t\t<\/div>\n\t\t\t\t\t<\/div>\n\t\t<\/section>\n\t\t\t\t<section class=\"elementor-section elementor-top-section elementor-element elementor-element-c83abdd elementor-section-boxed elementor-section-height-default elementor-section-height-default\" data-id=\"c83abdd\" data-element_type=\"section\" data-e-type=\"section\">\n\t\t\t\t\t\t<div class=\"elementor-container elementor-column-gap-default\">\n\t\t\t\t\t<div class=\"elementor-column elementor-col-50 elementor-top-column elementor-element elementor-element-1f69b14\" data-id=\"1f69b14\" data-element_type=\"column\" data-e-type=\"column\">\n\t\t\t<div class=\"elementor-widget-wrap elementor-element-populated\">\n\t\t\t\t\t\t<div class=\"elementor-element elementor-element-1ecb866 elementor-widget elementor-widget-text-editor\" data-id=\"1ecb866\" data-element_type=\"widget\" data-e-type=\"widget\" data-widget_type=\"text-editor.default\">\n\t\t\t\t<div class=\"elementor-widget-container\">\n\t\t\t\t\t\t\t\t\t<p>Es liegt eine Stellungnahme von Gr\u00fcnes Grenzland vor, die sich mit der Stellungnahme deckt, die wir bereits gegen die 61. \u00c4nderung des Fl\u00e4chennutzungsplans der Gemeinde Niederkr\u00fcchten \"Milit\u00e4rstandort Elmpt\" abgegeben haben. Wir sehen die damals vorgebrachten Einw\u00e4nde als integralen Bestandteil des vorliegenden Dokuments. Allerdings haben wir nun weitere Schwerpunkte gesetzt, die sich vor allem auf die zu erwartende Austrocknung von Naturschutzgebieten beziehen. Au\u00dferdem thematisieren wir den viel zu geringen Naturausgleich. Die Stellungnahme kann hier eingesehen werden:<br \/><em><a href=\"https:\/\/www.gruenes-grenzland.net\/wp-content\/uploads\/2024\/06\/Zienswijze-bebouwingsplan-Javelin-Park-Ost-2024-D-Def-23-06-2024.docx\">Bebauungsplan Elm-131 \u201dJavelinpark Ost\u201d Duits<\/a><\/em><strong><br \/><\/strong><em><a href=\"https:\/\/www.gruenes-grenzland.net\/wp-content\/uploads\/2024\/06\/Zienswijze-bebouwingsplan-Javelin-Park-Oost-2024-NL-Def-23-06-2024.docx\">Bebouwingsplan Elm-131 \u201cJavelin Park Oost\u2019\u2019 Nederlands<\/a><\/em><\/p>\t\t\t\t\t\t\t\t<\/div>\n\t\t\t\t<\/div>\n\t\t\t\t\t<\/div>\n\t\t<\/div>\n\t\t\t\t<div class=\"elementor-column elementor-col-50 elementor-top-column elementor-element elementor-element-3228001\" data-id=\"3228001\" data-element_type=\"column\" data-e-type=\"column\">\n\t\t\t<div class=\"elementor-widget-wrap elementor-element-populated\">\n\t\t\t\t\t\t<div class=\"elementor-element elementor-element-6cb820e elementor-widget elementor-widget-image\" data-id=\"6cb820e\" data-element_type=\"widget\" data-e-type=\"widget\" data-widget_type=\"image.default\">\n\t\t\t\t<div class=\"elementor-widget-container\">\n\t\t\t\t\t\t\t\t\t\t\t\t<figure class=\"wp-caption\">\n\t\t\t\t\t\t\t\t\t\t<img loading=\"lazy\" decoding=\"async\" width=\"1024\" height=\"581\" src=\"https:\/\/www.gruenes-grenzland.net\/wp-content\/uploads\/2024\/06\/DJI_0990-Luesekamp-pano-crop-HHeijnen-1024x581.jpg\" class=\"attachment-large size-large wp-image-17372\" alt=\"\" srcset=\"https:\/\/www.gruenes-grenzland.net\/wp-content\/uploads\/2024\/06\/DJI_0990-Luesekamp-pano-crop-HHeijnen-1024x581.jpg 1024w, https:\/\/www.gruenes-grenzland.net\/wp-content\/uploads\/2024\/06\/DJI_0990-Luesekamp-pano-crop-HHeijnen-300x170.jpg 300w, https:\/\/www.gruenes-grenzland.net\/wp-content\/uploads\/2024\/06\/DJI_0990-Luesekamp-pano-crop-HHeijnen-768x436.jpg 768w, https:\/\/www.gruenes-grenzland.net\/wp-content\/uploads\/2024\/06\/DJI_0990-Luesekamp-pano-crop-HHeijnen-18x10.jpg 18w, https:\/\/www.gruenes-grenzland.net\/wp-content\/uploads\/2024\/06\/DJI_0990-Luesekamp-pano-crop-HHeijnen.jpg 1200w\" sizes=\"(max-width: 1024px) 100vw, 1024px\" \/>\t\t\t\t\t\t\t\t\t\t\t<figcaption class=\"widget-image-caption wp-caption-text\">Das Naturschutzgebiet L\u00fcsekamp droht auszutrocknen, weil die Versickerung von Regenwasser abnimmt und Grundwasser f\u00fcr das Gewerbegebiet entnommen wird<\/figcaption>\n\t\t\t\t\t\t\t\t\t\t<\/figure>\n\t\t\t\t\t\t\t\t\t<\/div>\n\t\t\t\t<\/div>\n\t\t\t\t\t<\/div>\n\t\t<\/div>\n\t\t\t\t\t<\/div>\n\t\t<\/section>\n\t\t\t\t<section class=\"elementor-section elementor-top-section elementor-element elementor-element-6b2eb79 elementor-section-boxed elementor-section-height-default elementor-section-height-default\" data-id=\"6b2eb79\" data-element_type=\"section\" data-e-type=\"section\">\n\t\t\t\t\t\t<div class=\"elementor-container elementor-column-gap-default\">\n\t\t\t\t\t<div class=\"elementor-column elementor-col-100 elementor-top-column elementor-element elementor-element-70c2db8\" data-id=\"70c2db8\" data-element_type=\"column\" data-e-type=\"column\">\n\t\t\t<div class=\"elementor-widget-wrap elementor-element-populated\">\n\t\t\t\t\t\t<div class=\"elementor-element elementor-element-c28d4e0 elementor-widget elementor-widget-menu-anchor\" data-id=\"c28d4e0\" data-element_type=\"widget\" data-e-type=\"widget\" data-widget_type=\"menu-anchor.default\">\n\t\t\t\t<div class=\"elementor-widget-container\">\n\t\t\t\t\t\t\t<div class=\"elementor-menu-anchor\" id=\"2024-10\"><\/div>\n\t\t\t\t\t\t<\/div>\n\t\t\t\t<\/div>\n\t\t\t\t\t<\/div>\n\t\t<\/div>\n\t\t\t\t\t<\/div>\n\t\t<\/section>\n\t\t\t\t<section class=\"elementor-section elementor-top-section elementor-element elementor-element-a85dffc elementor-section-boxed elementor-section-height-default elementor-section-height-default\" data-id=\"a85dffc\" data-element_type=\"section\" data-e-type=\"section\">\n\t\t\t\t\t\t<div class=\"elementor-container elementor-column-gap-default\">\n\t\t\t\t\t<div class=\"elementor-column elementor-col-100 elementor-top-column elementor-element elementor-element-dff19f3\" data-id=\"dff19f3\" data-element_type=\"column\" data-e-type=\"column\">\n\t\t\t<div class=\"elementor-widget-wrap elementor-element-populated\">\n\t\t\t\t\t\t<div class=\"elementor-element elementor-element-bf9faba elementor-widget-divider--view-line elementor-widget elementor-widget-divider\" data-id=\"bf9faba\" data-element_type=\"widget\" data-e-type=\"widget\" data-widget_type=\"divider.default\">\n\t\t\t\t<div class=\"elementor-widget-container\">\n\t\t\t\t\t\t\t<div class=\"elementor-divider\">\n\t\t\t<span class=\"elementor-divider-separator\">\n\t\t\t\t\t\t<\/span>\n\t\t<\/div>\n\t\t\t\t\t\t<\/div>\n\t\t\t\t<\/div>\n\t\t\t\t\t<\/div>\n\t\t<\/div>\n\t\t\t\t\t<\/div>\n\t\t<\/section>\n\t\t\t\t<section class=\"elementor-section elementor-top-section elementor-element elementor-element-f30c52d elementor-section-boxed elementor-section-height-default elementor-section-height-default\" data-id=\"f30c52d\" data-element_type=\"section\" data-e-type=\"section\">\n\t\t\t\t\t\t<div class=\"elementor-container elementor-column-gap-default\">\n\t\t\t\t\t<div class=\"elementor-column elementor-col-100 elementor-top-column elementor-element elementor-element-0a786be\" data-id=\"0a786be\" data-element_type=\"column\" data-e-type=\"column\">\n\t\t\t<div class=\"elementor-widget-wrap elementor-element-populated\">\n\t\t\t\t\t\t<div class=\"elementor-element elementor-element-e8e4cf6 elementor-widget elementor-widget-text-editor\" data-id=\"e8e4cf6\" data-element_type=\"widget\" data-e-type=\"widget\" data-widget_type=\"text-editor.default\">\n\t\t\t\t<div class=\"elementor-widget-container\">\n\t\t\t\t\t\t\t\t\t<p><strong>Elmpt, Javelin Park<\/strong><br \/><strong>BUND: Das Aus f\u00fcr Natur und Lebensqualit\u00e4t in\nNiederkr\u00fcchten!<\/strong><\/p>\t\t\t\t\t\t\t\t<\/div>\n\t\t\t\t<\/div>\n\t\t\t\t\t<\/div>\n\t\t<\/div>\n\t\t\t\t\t<\/div>\n\t\t<\/section>\n\t\t\t\t<section class=\"elementor-section elementor-top-section elementor-element elementor-element-f72ec2e elementor-section-boxed elementor-section-height-default elementor-section-height-default\" data-id=\"f72ec2e\" data-element_type=\"section\" data-e-type=\"section\">\n\t\t\t\t\t\t<div class=\"elementor-container elementor-column-gap-default\">\n\t\t\t\t\t<div class=\"elementor-column elementor-col-50 elementor-top-column elementor-element elementor-element-e966e8c\" data-id=\"e966e8c\" data-element_type=\"column\" data-e-type=\"column\">\n\t\t\t<div class=\"elementor-widget-wrap elementor-element-populated\">\n\t\t\t\t\t\t<div class=\"elementor-element elementor-element-5ca30d8 elementor-widget elementor-widget-text-editor\" data-id=\"5ca30d8\" data-element_type=\"widget\" data-e-type=\"widget\" data-widget_type=\"text-editor.default\">\n\t\t\t\t<div class=\"elementor-widget-container\">\n\t\t\t\t\t\t\t\t\t<p>Der BUND Niederkr\u00fcchten hat ein Flugblatt mit einem Einspruch erstellt, dem wir uns als Green Borderland voll anschlie\u00dfen. Sie k\u00f6nnen ihn hier herunterladen. Kreuzen Sie an, welche Argumente Sie f\u00fcr zutreffend halten, tragen Sie Ihren Namen und Ihre Adresse ein, unterschreiben Sie und scannen Sie das Dokument ein. Schicken Sie es bis zum 26. Juni 2024 an <a href=\"mailto:Groengrensland@gmail.com\">Groengrensland@gmail.com <\/a>.<br \/>Dann sorgen wir daf\u00fcr, dass der Antrag rechtzeitig bei der Gemeinde eingereicht wird.<\/p><p>Der detailliertere Einspruch von \"Gr\u00fcnes Grenzland\" wird demn\u00e4chst ebenfalls auf der Website ver\u00f6ffentlicht werden.\u00a0<\/p>\t\t\t\t\t\t\t\t<\/div>\n\t\t\t\t<\/div>\n\t\t\t\t\t<\/div>\n\t\t<\/div>\n\t\t\t\t<div class=\"elementor-column elementor-col-50 elementor-top-column elementor-element elementor-element-757c232\" data-id=\"757c232\" data-element_type=\"column\" data-e-type=\"column\">\n\t\t\t<div class=\"elementor-widget-wrap elementor-element-populated\">\n\t\t\t\t\t\t<div class=\"elementor-element elementor-element-7509a38 elementor-widget elementor-widget-image\" data-id=\"7509a38\" data-element_type=\"widget\" data-e-type=\"widget\" data-widget_type=\"image.default\">\n\t\t\t\t<div class=\"elementor-widget-container\">\n\t\t\t\t\t\t\t\t\t\t\t\t<figure class=\"wp-caption\">\n\t\t\t\t\t\t\t\t\t\t<img loading=\"lazy\" decoding=\"async\" width=\"1024\" height=\"768\" src=\"https:\/\/www.gruenes-grenzland.net\/wp-content\/uploads\/2022\/10\/oost-IMG20221003115651-1024x768.jpg\" class=\"attachment-large size-large wp-image-9541\" alt=\"\" srcset=\"https:\/\/www.gruenes-grenzland.net\/wp-content\/uploads\/2022\/10\/oost-IMG20221003115651-1024x768.jpg 1024w, https:\/\/www.gruenes-grenzland.net\/wp-content\/uploads\/2022\/10\/oost-IMG20221003115651-300x225.jpg 300w, https:\/\/www.gruenes-grenzland.net\/wp-content\/uploads\/2022\/10\/oost-IMG20221003115651-768x576.jpg 768w, https:\/\/www.gruenes-grenzland.net\/wp-content\/uploads\/2022\/10\/oost-IMG20221003115651-1536x1152.jpg 1536w, https:\/\/www.gruenes-grenzland.net\/wp-content\/uploads\/2022\/10\/oost-IMG20221003115651-2048x1536.jpg 2048w, https:\/\/www.gruenes-grenzland.net\/wp-content\/uploads\/2022\/10\/oost-IMG20221003115651-16x12.jpg 16w\" sizes=\"(max-width: 1024px) 100vw, 1024px\" \/>\t\t\t\t\t\t\t\t\t\t\t<figcaption class=\"widget-image-caption wp-caption-text\">Starker Anstieg des Verkehrsl\u00e4rms in Elmpt, der auch im Umweltvertr\u00e4glichkeitsbericht aufgef\u00fchrt ist<\/figcaption>\n\t\t\t\t\t\t\t\t\t\t<\/figure>\n\t\t\t\t\t\t\t\t\t<\/div>\n\t\t\t\t<\/div>\n\t\t\t\t\t<\/div>\n\t\t<\/div>\n\t\t\t\t\t<\/div>\n\t\t<\/section>\n\t\t\t\t<section class=\"elementor-section elementor-top-section elementor-element elementor-element-a2cbfe6 elementor-section-boxed elementor-section-height-default elementor-section-height-default\" data-id=\"a2cbfe6\" data-element_type=\"section\" data-e-type=\"section\">\n\t\t\t\t\t\t<div class=\"elementor-container elementor-column-gap-default\">\n\t\t\t\t\t<div class=\"elementor-column elementor-col-100 elementor-top-column elementor-element elementor-element-52de1cf\" data-id=\"52de1cf\" data-element_type=\"column\" data-e-type=\"column\">\n\t\t\t<div class=\"elementor-widget-wrap elementor-element-populated\">\n\t\t\t\t\t\t<div class=\"elementor-element elementor-element-eb11d4e elementor-align-center elementor-widget elementor-widget-button\" data-id=\"eb11d4e\" data-element_type=\"widget\" data-e-type=\"widget\" data-widget_type=\"button.default\">\n\t\t\t\t<div class=\"elementor-widget-container\">\n\t\t\t\t\t\t\t\t\t<div class=\"elementor-button-wrapper\">\n\t\t\t\t\t<a class=\"elementor-button elementor-button-link elementor-size-sm\" href=\"https:\/\/www.gruenes-grenzland.net\/wp-content\/uploads\/2024\/06\/Flyer-Industriegebiet-BUND-1.pdf\" download=\"https:\/\/www.gruenes-grenzland.net\/wp-content\/uploads\/2024\/06\/Flyer-Industriegebiet-BUND-1.pdf\">\n\t\t\t\t\t\t<span class=\"elementor-button-content-wrapper\">\n\t\t\t\t\t\t\t\t\t<span class=\"elementor-button-text\">Download Eingabe zum Bebauungsplan Elm-131 \u201eJavelin Park Ost\u201c<\/span>\n\t\t\t\t\t<\/span>\n\t\t\t\t\t<\/a>\n\t\t\t\t<\/div>\n\t\t\t\t\t\t\t\t<\/div>\n\t\t\t\t<\/div>\n\t\t\t\t\t<\/div>\n\t\t<\/div>\n\t\t\t\t\t<\/div>\n\t\t<\/section>\n\t\t\t\t<section class=\"elementor-section elementor-top-section elementor-element elementor-element-aef0f4f elementor-section-boxed elementor-section-height-default elementor-section-height-default\" data-id=\"aef0f4f\" data-element_type=\"section\" data-e-type=\"section\">\n\t\t\t\t\t\t<div class=\"elementor-container elementor-column-gap-default\">\n\t\t\t\t\t<div class=\"elementor-column elementor-col-100 elementor-top-column elementor-element elementor-element-5d620d7\" data-id=\"5d620d7\" data-element_type=\"column\" data-e-type=\"column\">\n\t\t\t<div class=\"elementor-widget-wrap elementor-element-populated\">\n\t\t\t\t\t\t<div class=\"elementor-element elementor-element-949311e elementor-widget-divider--view-line elementor-widget elementor-widget-divider\" data-id=\"949311e\" data-element_type=\"widget\" data-e-type=\"widget\" data-widget_type=\"divider.default\">\n\t\t\t\t<div class=\"elementor-widget-container\">\n\t\t\t\t\t\t\t<div class=\"elementor-divider\">\n\t\t\t<span class=\"elementor-divider-separator\">\n\t\t\t\t\t\t<\/span>\n\t\t<\/div>\n\t\t\t\t\t\t<\/div>\n\t\t\t\t<\/div>\n\t\t\t\t\t<\/div>\n\t\t<\/div>\n\t\t\t\t\t<\/div>\n\t\t<\/section>\n\t\t\t\t<section class=\"elementor-section elementor-top-section elementor-element elementor-element-893977f elementor-section-boxed elementor-section-height-default elementor-section-height-default\" data-id=\"893977f\" data-element_type=\"section\" data-e-type=\"section\">\n\t\t\t\t\t\t<div class=\"elementor-container elementor-column-gap-default\">\n\t\t\t\t\t<div class=\"elementor-column elementor-col-100 elementor-top-column elementor-element elementor-element-179e2b7\" data-id=\"179e2b7\" data-element_type=\"column\" data-e-type=\"column\">\n\t\t\t<div class=\"elementor-widget-wrap elementor-element-populated\">\n\t\t\t\t\t\t<div class=\"elementor-element elementor-element-542b255 elementor-widget elementor-widget-menu-anchor\" data-id=\"542b255\" data-element_type=\"widget\" data-e-type=\"widget\" data-widget_type=\"menu-anchor.default\">\n\t\t\t\t<div class=\"elementor-widget-container\">\n\t\t\t\t\t\t\t<div class=\"elementor-menu-anchor\" id=\"2024-9\"><\/div>\n\t\t\t\t\t\t<\/div>\n\t\t\t\t<\/div>\n\t\t\t\t\t<\/div>\n\t\t<\/div>\n\t\t\t\t\t<\/div>\n\t\t<\/section>\n\t\t\t\t<section class=\"elementor-section elementor-top-section elementor-element elementor-element-00f2937 elementor-section-boxed elementor-section-height-default elementor-section-height-default\" data-id=\"00f2937\" data-element_type=\"section\" data-e-type=\"section\">\n\t\t\t\t\t\t<div class=\"elementor-container elementor-column-gap-default\">\n\t\t\t\t\t<div class=\"elementor-column elementor-col-100 elementor-top-column elementor-element elementor-element-318a957\" data-id=\"318a957\" data-element_type=\"column\" data-e-type=\"column\">\n\t\t\t<div class=\"elementor-widget-wrap elementor-element-populated\">\n\t\t\t\t\t\t<div class=\"elementor-element elementor-element-34bda14 elementor-widget elementor-widget-text-editor\" data-id=\"34bda14\" data-element_type=\"widget\" data-e-type=\"widget\" data-widget_type=\"text-editor.default\">\n\t\t\t\t<div class=\"elementor-widget-container\">\n\t\t\t\t\t\t\t\t\t<p><strong>Bereitstellung des Bebauungsplans Elm-131 \"Javelin Park Ost\" zur Einsichtnahme<\/strong><\/p>\t\t\t\t\t\t\t\t<\/div>\n\t\t\t\t<\/div>\n\t\t\t\t\t<\/div>\n\t\t<\/div>\n\t\t\t\t\t<\/div>\n\t\t<\/section>\n\t\t\t\t<section class=\"elementor-section elementor-top-section elementor-element elementor-element-42b0124 elementor-section-boxed elementor-section-height-default elementor-section-height-default\" data-id=\"42b0124\" data-element_type=\"section\" data-e-type=\"section\">\n\t\t\t\t\t\t<div class=\"elementor-container elementor-column-gap-default\">\n\t\t\t\t\t<div class=\"elementor-column elementor-col-50 elementor-top-column elementor-element elementor-element-62bfa50\" data-id=\"62bfa50\" data-element_type=\"column\" data-e-type=\"column\">\n\t\t\t<div class=\"elementor-widget-wrap elementor-element-populated\">\n\t\t\t\t\t\t<div class=\"elementor-element elementor-element-9c23249 elementor-widget elementor-widget-image\" data-id=\"9c23249\" data-element_type=\"widget\" data-e-type=\"widget\" data-widget_type=\"image.default\">\n\t\t\t\t<div class=\"elementor-widget-container\">\n\t\t\t\t\t\t\t\t\t\t\t\t<figure class=\"wp-caption\">\n\t\t\t\t\t\t\t\t\t\t<img loading=\"lazy\" decoding=\"async\" width=\"1024\" height=\"724\" src=\"https:\/\/www.gruenes-grenzland.net\/wp-content\/uploads\/2024\/05\/Bebouwingsplan-Ost-hoogten-2024-grgr-1024x724.jpg\" class=\"attachment-large size-large wp-image-17030\" alt=\"\" srcset=\"https:\/\/www.gruenes-grenzland.net\/wp-content\/uploads\/2024\/05\/Bebouwingsplan-Ost-hoogten-2024-grgr-1024x724.jpg 1024w, https:\/\/www.gruenes-grenzland.net\/wp-content\/uploads\/2024\/05\/Bebouwingsplan-Ost-hoogten-2024-grgr-300x212.jpg 300w, https:\/\/www.gruenes-grenzland.net\/wp-content\/uploads\/2024\/05\/Bebouwingsplan-Ost-hoogten-2024-grgr-768x543.jpg 768w, https:\/\/www.gruenes-grenzland.net\/wp-content\/uploads\/2024\/05\/Bebouwingsplan-Ost-hoogten-2024-grgr-1536x1086.jpg 1536w, https:\/\/www.gruenes-grenzland.net\/wp-content\/uploads\/2024\/05\/Bebouwingsplan-Ost-hoogten-2024-grgr-2048x1448.jpg 2048w, https:\/\/www.gruenes-grenzland.net\/wp-content\/uploads\/2024\/05\/Bebouwingsplan-Ost-hoogten-2024-grgr-18x12.jpg 18w\" sizes=\"(max-width: 1024px) 100vw, 1024px\" \/>\t\t\t\t\t\t\t\t\t\t\t<figcaption class=\"widget-image-caption wp-caption-text\">Neuer Bebauungsplan mit Hallenh\u00f6he<\/figcaption>\n\t\t\t\t\t\t\t\t\t\t<\/figure>\n\t\t\t\t\t\t\t\t\t<\/div>\n\t\t\t\t<\/div>\n\t\t\t\t\t<\/div>\n\t\t<\/div>\n\t\t\t\t<div class=\"elementor-column elementor-col-50 elementor-top-column elementor-element elementor-element-5f192c2\" data-id=\"5f192c2\" data-element_type=\"column\" data-e-type=\"column\">\n\t\t\t<div class=\"elementor-widget-wrap elementor-element-populated\">\n\t\t\t\t\t\t<div class=\"elementor-element elementor-element-6e9e972 elementor-widget elementor-widget-text-editor\" data-id=\"6e9e972\" data-element_type=\"widget\" data-e-type=\"widget\" data-widget_type=\"text-editor.default\">\n\t\t\t\t<div class=\"elementor-widget-container\">\n\t\t\t\t\t\t\t\t\t<p>Da ein neuer Fl\u00e4chennutzungsplan f\u00fcr das gesamte Gewerbegebiet verabschiedet wurde, wird auch der Bebauungsplan f\u00fcr den \u00f6stlichen Teil aktualisiert. Die neue Fassung des Plans wurde bereits am 23. April 2024 im Ausschuss f\u00fcr Planung, Verkehr und Grundst\u00fccke er\u00f6rtert. Die neue Fassung des Plans wird vom 13. Mai bis zum 28. Juni 2024 zur Einsichtnahme ausliegen. Erst jetzt wird wirklich deutlich, wie gro\u00df die negativen Auswirkungen auf die nat\u00fcrliche Umwelt sein werden. Die \u00f6rtlich 40 Meter hohen Hallen werden bis zum Meinweg sichtbar sein, zumal die angek\u00fcndigten Ma\u00dfnahmen zur Begrenzung der Lichtemissionen in den Pl\u00e4nen nicht mehr ber\u00fccksichtigt sind. Es wird auch deutlich, wie viel Grundwasser zus\u00e4tzlich entnommen werden muss. Nat\u00fcrlich werden wir als Gr\u00fcnes Grenzland wieder einmal reagieren.<span style=\"font-weight: inherit; background-color: var(--ast-global-color-4);\"><span style=\"color: rgba(0, 0, 0, 0);\"><i>ederkr\u00fcchten<\/i><\/span><br \/><\/span><\/p>\t\t\t\t\t\t\t\t<\/div>\n\t\t\t\t<\/div>\n\t\t\t\t\t<\/div>\n\t\t<\/div>\n\t\t\t\t\t<\/div>\n\t\t<\/section>\n\t\t\t\t<section class=\"elementor-section elementor-top-section elementor-element elementor-element-df7f5cf elementor-section-boxed elementor-section-height-default elementor-section-height-default\" data-id=\"df7f5cf\" data-element_type=\"section\" data-e-type=\"section\">\n\t\t\t\t\t\t<div class=\"elementor-container elementor-column-gap-default\">\n\t\t\t\t\t<div class=\"elementor-column elementor-col-100 elementor-top-column elementor-element elementor-element-f6e7a80\" data-id=\"f6e7a80\" data-element_type=\"column\" data-e-type=\"column\">\n\t\t\t<div class=\"elementor-widget-wrap elementor-element-populated\">\n\t\t\t\t\t\t<div class=\"elementor-element elementor-element-5829d58 elementor-widget elementor-widget-text-editor\" data-id=\"5829d58\" data-element_type=\"widget\" data-e-type=\"widget\" data-widget_type=\"text-editor.default\">\n\t\t\t\t<div class=\"elementor-widget-container\">\n\t\t\t\t\t\t\t\t\t<p>Weitere Informationen:<\/p><p>Niederkr\u00fcchten<br \/><a href=\"https:\/\/www.niederkruechten.de\/leben-niederkruechten\/planen-bauen-leben\/bauleitplanung\/aktuelle-planverfahren\">https:\/\/www.niederkruechten.de\/leben-niederkruechten\/planen-bauen-leben\/bauleitplanung\/aktuelle-planverfahren<\/a><\/p><p>Roerdalen<br \/><a href=\"https:\/\/zoek.officielebekendmakingen.nl\/gmb-2024-211344.html?utm_campaign=20240516&amp;utm_source=attenderingsmakelaar&amp;utm_medium=email&amp;utm_term=gemeente_roerdalen&amp;utm_content=over_uw_buurt\">https:\/\/zoek.officielebekendmakingen.nl\/gmb-2024-211344.html?utm_campaign=20240516&amp;utm_source=attenderingsmakelaar&amp;utm_medium=email&amp;utm_term=gemeente_roerdalen&amp;utm_content=over_uw_buurt<\/a><\/p><p>Roermond<br \/><a href=\"https:\/\/zoek.officielebekendmakingen.nl\/gmb-2024-209371.html\">https:\/\/zoek.officielebekendmakingen.nl\/gmb-2024-209371.html<\/a><\/p>\t\t\t\t\t\t\t\t<\/div>\n\t\t\t\t<\/div>\n\t\t\t\t\t<\/div>\n\t\t<\/div>\n\t\t\t\t\t<\/div>\n\t\t<\/section>\n\t\t\t\t<section class=\"elementor-section elementor-top-section elementor-element elementor-element-cbd0cc8 elementor-section-boxed elementor-section-height-default elementor-section-height-default\" data-id=\"cbd0cc8\" data-element_type=\"section\" data-e-type=\"section\">\n\t\t\t\t\t\t<div class=\"elementor-container elementor-column-gap-default\">\n\t\t\t\t\t<div class=\"elementor-column elementor-col-100 elementor-top-column elementor-element elementor-element-4e3a663\" data-id=\"4e3a663\" data-element_type=\"column\" data-e-type=\"column\">\n\t\t\t<div class=\"elementor-widget-wrap elementor-element-populated\">\n\t\t\t\t\t\t<div class=\"elementor-element elementor-element-05764c5 elementor-widget-divider--view-line elementor-widget elementor-widget-divider\" data-id=\"05764c5\" data-element_type=\"widget\" data-e-type=\"widget\" data-widget_type=\"divider.default\">\n\t\t\t\t<div class=\"elementor-widget-container\">\n\t\t\t\t\t\t\t<div class=\"elementor-divider\">\n\t\t\t<span class=\"elementor-divider-separator\">\n\t\t\t\t\t\t<\/span>\n\t\t<\/div>\n\t\t\t\t\t\t<\/div>\n\t\t\t\t<\/div>\n\t\t\t\t\t<\/div>\n\t\t<\/div>\n\t\t\t\t\t<\/div>\n\t\t<\/section>\n\t\t\t\t<section class=\"elementor-section elementor-top-section elementor-element elementor-element-8d3ebac elementor-section-boxed elementor-section-height-default elementor-section-height-default\" data-id=\"8d3ebac\" data-element_type=\"section\" data-e-type=\"section\">\n\t\t\t\t\t\t<div class=\"elementor-container elementor-column-gap-default\">\n\t\t\t\t\t<div class=\"elementor-column elementor-col-100 elementor-top-column elementor-element elementor-element-5eb3651\" data-id=\"5eb3651\" data-element_type=\"column\" data-e-type=\"column\">\n\t\t\t<div class=\"elementor-widget-wrap elementor-element-populated\">\n\t\t\t\t\t\t<div class=\"elementor-element elementor-element-18dc490 elementor-widget elementor-widget-menu-anchor\" data-id=\"18dc490\" data-element_type=\"widget\" data-e-type=\"widget\" data-widget_type=\"menu-anchor.default\">\n\t\t\t\t<div class=\"elementor-widget-container\">\n\t\t\t\t\t\t\t<div class=\"elementor-menu-anchor\" id=\"2024-8\"><\/div>\n\t\t\t\t\t\t<\/div>\n\t\t\t\t<\/div>\n\t\t\t\t\t<\/div>\n\t\t<\/div>\n\t\t\t\t\t<\/div>\n\t\t<\/section>\n\t\t\t\t<section class=\"elementor-section elementor-top-section elementor-element elementor-element-4c42cc0 elementor-section-boxed elementor-section-height-default elementor-section-height-default\" data-id=\"4c42cc0\" data-element_type=\"section\" data-e-type=\"section\">\n\t\t\t\t\t\t<div class=\"elementor-container elementor-column-gap-default\">\n\t\t\t\t\t<div class=\"elementor-column elementor-col-100 elementor-top-column elementor-element elementor-element-a392c22\" data-id=\"a392c22\" data-element_type=\"column\" data-e-type=\"column\">\n\t\t\t<div class=\"elementor-widget-wrap elementor-element-populated\">\n\t\t\t\t\t\t<div class=\"elementor-element elementor-element-9353e05 elementor-widget elementor-widget-text-editor\" data-id=\"9353e05\" data-element_type=\"widget\" data-e-type=\"widget\" data-widget_type=\"text-editor.default\">\n\t\t\t\t<div class=\"elementor-widget-container\">\n\t\t\t\t\t\t\t\t\t<p><strong>Nationalpark de Meinweg durch zus\u00e4tzliche Stickstoffemissionen aus dem Gewerbegebiet Elmpt bedroht<\/strong><\/p>\t\t\t\t\t\t\t\t<\/div>\n\t\t\t\t<\/div>\n\t\t\t\t\t<\/div>\n\t\t<\/div>\n\t\t\t\t\t<\/div>\n\t\t<\/section>\n\t\t\t\t<section class=\"elementor-section elementor-top-section elementor-element elementor-element-e748cf5 elementor-section-boxed elementor-section-height-default elementor-section-height-default\" data-id=\"e748cf5\" data-element_type=\"section\" data-e-type=\"section\">\n\t\t\t\t\t\t<div class=\"elementor-container elementor-column-gap-default\">\n\t\t\t\t\t<div class=\"elementor-column elementor-col-50 elementor-top-column elementor-element elementor-element-251e64f\" data-id=\"251e64f\" data-element_type=\"column\" data-e-type=\"column\">\n\t\t\t<div class=\"elementor-widget-wrap elementor-element-populated\">\n\t\t\t\t\t\t<div class=\"elementor-element elementor-element-7a85a40 elementor-widget elementor-widget-text-editor\" data-id=\"7a85a40\" data-element_type=\"widget\" data-e-type=\"widget\" data-widget_type=\"text-editor.default\">\n\t\t\t\t<div class=\"elementor-widget-container\">\n\t\t\t\t\t\t\t\t\t<p>Gr\u00fcnes Grenzland, die Natuur en Milieufederatie Limburg und die Milieu- und Heemkundevereniging Swalmen haben die Provinz Limburg aufgefordert, gegen den Beschluss des Gemeinderats von Niederkr\u00fcchten vorzugehen.<br \/>Dieser Beschluss vom 19. M\u00e4rz 2024 sieht ein gro\u00dfes Gewerbegebiet von 150 ha vor. Dadurch wird die Verkehrsintensit\u00e4t auf der angrenzenden Autobahn A52, die bei Elmpt in die niederl\u00e4ndische Autobahn N280 \u00fcbergeht, um mehr als 20.000 Kraftfahrzeuge pro Tag zunehmen. Infolgedessen wird die Stickstoffbelastung u.a. im Nationalpark und Natura 2000-Gebiet de Meinweg erheblich zunehmen.<\/p><p><a href=\"https:\/\/www.gruenes-grenzland.net\/de\/activiteiten-javelin-park-ost\/#Bestemmingsplan4\">Weitere Information<\/a> \/ <a href=\"https:\/\/www.gruenes-grenzland.net\/activiteiten-javelin-park-ost\/#Bestemmingsplan4\">Meer lezen<\/a><\/p>\t\t\t\t\t\t\t\t<\/div>\n\t\t\t\t<\/div>\n\t\t\t\t\t<\/div>\n\t\t<\/div>\n\t\t\t\t<div class=\"elementor-column elementor-col-50 elementor-top-column elementor-element elementor-element-2d05987\" data-id=\"2d05987\" data-element_type=\"column\" data-e-type=\"column\">\n\t\t\t<div class=\"elementor-widget-wrap elementor-element-populated\">\n\t\t\t\t\t\t<div class=\"elementor-element elementor-element-08bc553 elementor-widget elementor-widget-image\" data-id=\"08bc553\" data-element_type=\"widget\" data-e-type=\"widget\" data-widget_type=\"image.default\">\n\t\t\t\t<div class=\"elementor-widget-container\">\n\t\t\t\t\t\t\t\t\t\t\t\t<figure class=\"wp-caption\">\n\t\t\t\t\t\t\t\t\t\t<img loading=\"lazy\" decoding=\"async\" width=\"1024\" height=\"575\" src=\"https:\/\/www.gruenes-grenzland.net\/wp-content\/uploads\/2023\/08\/Meinweg-Rolvennen-overzicht-laag-met-bloeiende-heide-HHeijnen-1024x575.jpg\" class=\"attachment-large size-large wp-image-13144\" alt=\"\" srcset=\"https:\/\/www.gruenes-grenzland.net\/wp-content\/uploads\/2023\/08\/Meinweg-Rolvennen-overzicht-laag-met-bloeiende-heide-HHeijnen-1024x575.jpg 1024w, https:\/\/www.gruenes-grenzland.net\/wp-content\/uploads\/2023\/08\/Meinweg-Rolvennen-overzicht-laag-met-bloeiende-heide-HHeijnen-300x169.jpg 300w, https:\/\/www.gruenes-grenzland.net\/wp-content\/uploads\/2023\/08\/Meinweg-Rolvennen-overzicht-laag-met-bloeiende-heide-HHeijnen-768x431.jpg 768w, https:\/\/www.gruenes-grenzland.net\/wp-content\/uploads\/2023\/08\/Meinweg-Rolvennen-overzicht-laag-met-bloeiende-heide-HHeijnen-18x10.jpg 18w, https:\/\/www.gruenes-grenzland.net\/wp-content\/uploads\/2023\/08\/Meinweg-Rolvennen-overzicht-laag-met-bloeiende-heide-HHeijnen.jpg 1200w\" sizes=\"(max-width: 1024px) 100vw, 1024px\" \/>\t\t\t\t\t\t\t\t\t\t\t<figcaption class=\"widget-image-caption wp-caption-text\">Nationalpark de Meinweg durch Stickstoffemissionen bedroht<\/figcaption>\n\t\t\t\t\t\t\t\t\t\t<\/figure>\n\t\t\t\t\t\t\t\t\t<\/div>\n\t\t\t\t<\/div>\n\t\t\t\t\t<\/div>\n\t\t<\/div>\n\t\t\t\t\t<\/div>\n\t\t<\/section>\n\t\t\t\t<section class=\"elementor-section elementor-top-section elementor-element elementor-element-6c6893c elementor-section-boxed elementor-section-height-default elementor-section-height-default\" data-id=\"6c6893c\" data-element_type=\"section\" data-e-type=\"section\">\n\t\t\t\t\t\t<div class=\"elementor-container elementor-column-gap-default\">\n\t\t\t\t\t<div class=\"elementor-column elementor-col-100 elementor-top-column elementor-element elementor-element-af917c9\" data-id=\"af917c9\" data-element_type=\"column\" data-e-type=\"column\">\n\t\t\t<div class=\"elementor-widget-wrap elementor-element-populated\">\n\t\t\t\t\t\t<div class=\"elementor-element elementor-element-0c84d59 elementor-widget-divider--view-line elementor-widget elementor-widget-divider\" data-id=\"0c84d59\" data-element_type=\"widget\" data-e-type=\"widget\" data-widget_type=\"divider.default\">\n\t\t\t\t<div class=\"elementor-widget-container\">\n\t\t\t\t\t\t\t<div class=\"elementor-divider\">\n\t\t\t<span class=\"elementor-divider-separator\">\n\t\t\t\t\t\t<\/span>\n\t\t<\/div>\n\t\t\t\t\t\t<\/div>\n\t\t\t\t<\/div>\n\t\t\t\t\t<\/div>\n\t\t<\/div>\n\t\t\t\t\t<\/div>\n\t\t<\/section>\n\t\t\t\t<section class=\"elementor-section elementor-top-section elementor-element elementor-element-061f4eb elementor-section-boxed elementor-section-height-default elementor-section-height-default\" data-id=\"061f4eb\" data-element_type=\"section\" data-e-type=\"section\">\n\t\t\t\t\t\t<div class=\"elementor-container elementor-column-gap-default\">\n\t\t\t\t\t<div class=\"elementor-column elementor-col-100 elementor-top-column elementor-element elementor-element-d2c0a3e\" data-id=\"d2c0a3e\" data-element_type=\"column\" data-e-type=\"column\">\n\t\t\t<div class=\"elementor-widget-wrap elementor-element-populated\">\n\t\t\t\t\t\t<div class=\"elementor-element elementor-element-638a65d elementor-widget elementor-widget-menu-anchor\" data-id=\"638a65d\" data-element_type=\"widget\" data-e-type=\"widget\" data-widget_type=\"menu-anchor.default\">\n\t\t\t\t<div class=\"elementor-widget-container\">\n\t\t\t\t\t\t\t<div class=\"elementor-menu-anchor\" id=\"2024-7\"><\/div>\n\t\t\t\t\t\t<\/div>\n\t\t\t\t<\/div>\n\t\t\t\t\t<\/div>\n\t\t<\/div>\n\t\t\t\t\t<\/div>\n\t\t<\/section>\n\t\t\t\t<section class=\"elementor-section elementor-top-section elementor-element elementor-element-828de1b elementor-section-boxed elementor-section-height-default elementor-section-height-default\" data-id=\"828de1b\" data-element_type=\"section\" data-e-type=\"section\">\n\t\t\t\t\t\t<div class=\"elementor-container elementor-column-gap-default\">\n\t\t\t\t\t<div class=\"elementor-column elementor-col-100 elementor-top-column elementor-element elementor-element-d676df3\" data-id=\"d676df3\" data-element_type=\"column\" data-e-type=\"column\">\n\t\t\t<div class=\"elementor-widget-wrap elementor-element-populated\">\n\t\t\t\t\t\t<div class=\"elementor-element elementor-element-2b00339 elementor-widget elementor-widget-text-editor\" data-id=\"2b00339\" data-element_type=\"widget\" data-e-type=\"widget\" data-widget_type=\"text-editor.default\">\n\t\t\t\t<div class=\"elementor-widget-container\">\n\t\t\t\t\t\t\t\t\t<p><b>Megahallen Elmpt nicht 15 m, sondern 40 m hoch<\/b><\/p>\t\t\t\t\t\t\t\t<\/div>\n\t\t\t\t<\/div>\n\t\t\t\t\t<\/div>\n\t\t<\/div>\n\t\t\t\t\t<\/div>\n\t\t<\/section>\n\t\t\t\t<section class=\"elementor-section elementor-top-section elementor-element elementor-element-62ea200 elementor-section-boxed elementor-section-height-default elementor-section-height-default\" data-id=\"62ea200\" data-element_type=\"section\" data-e-type=\"section\">\n\t\t\t\t\t\t<div class=\"elementor-container elementor-column-gap-default\">\n\t\t\t\t\t<div class=\"elementor-column elementor-col-100 elementor-top-column elementor-element elementor-element-2d9ddca\" data-id=\"2d9ddca\" data-element_type=\"column\" data-e-type=\"column\">\n\t\t\t<div class=\"elementor-widget-wrap elementor-element-populated\">\n\t\t\t\t\t\t<div class=\"elementor-element elementor-element-239c72a elementor-widget elementor-widget-video\" data-id=\"239c72a\" data-element_type=\"widget\" data-e-type=\"widget\" data-settings=\"{&quot;video_type&quot;:&quot;hosted&quot;,&quot;loop&quot;:&quot;yes&quot;,&quot;autoplay&quot;:&quot;yes&quot;,&quot;play_on_mobile&quot;:&quot;yes&quot;}\" data-widget_type=\"video.default\">\n\t\t\t\t<div class=\"elementor-widget-container\">\n\t\t\t\t\t\t\t<div class=\"e-hosted-video elementor-wrapper elementor-open-inline\">\n\t\t\t\t\t<video class=\"elementor-video\" src=\"https:\/\/www.gruenes-grenzland.net\/wp-content\/uploads\/2024\/04\/Megahallen-vanuit-Weijenhof.mp4\" autoplay=\"\" loop=\"\" playsinline=\"\" controlslist=\"nodownload\" poster=\"https:\/\/www.gruenes-grenzland.net\/wp-content\/uploads\/2024\/04\/DJI_0015-Elmpterwald-West-flank-Vliegvlieveld-bij-Weyenhof-met-loodsen.jpg\"><\/video>\n\t\t\t\t<\/div>\n\t\t\t\t\t\t<\/div>\n\t\t\t\t<\/div>\n\t\t\t\t\t<\/div>\n\t\t<\/div>\n\t\t\t\t\t<\/div>\n\t\t<\/section>\n\t\t\t\t<section class=\"elementor-section elementor-top-section elementor-element elementor-element-fc2c8e1 elementor-section-boxed elementor-section-height-default elementor-section-height-default\" data-id=\"fc2c8e1\" data-element_type=\"section\" data-e-type=\"section\">\n\t\t\t\t\t\t<div class=\"elementor-container elementor-column-gap-default\">\n\t\t\t\t\t<div class=\"elementor-column elementor-col-100 elementor-top-column elementor-element elementor-element-7301ad0\" data-id=\"7301ad0\" data-element_type=\"column\" data-e-type=\"column\">\n\t\t\t<div class=\"elementor-widget-wrap elementor-element-populated\">\n\t\t\t\t\t\t<div class=\"elementor-element elementor-element-34bd600 elementor-widget elementor-widget-text-editor\" data-id=\"34bd600\" data-element_type=\"widget\" data-e-type=\"widget\" data-widget_type=\"text-editor.default\">\n\t\t\t\t<div class=\"elementor-widget-container\">\n\t\t\t\t\t\t\t\t\t<p style=\"text-align: center;\"><em>Vogelperspektive auf die 40 m hohen Hallen vom Weyenhof aus gesehen<\/em><\/p>\t\t\t\t\t\t\t\t<\/div>\n\t\t\t\t<\/div>\n\t\t\t\t\t<\/div>\n\t\t<\/div>\n\t\t\t\t\t<\/div>\n\t\t<\/section>\n\t\t\t\t<section class=\"elementor-section elementor-top-section elementor-element elementor-element-84ba770 elementor-section-boxed elementor-section-height-default elementor-section-height-default\" data-id=\"84ba770\" data-element_type=\"section\" data-e-type=\"section\">\n\t\t\t\t\t\t<div class=\"elementor-container elementor-column-gap-default\">\n\t\t\t\t\t<div class=\"elementor-column elementor-col-100 elementor-top-column elementor-element elementor-element-782bfd1\" data-id=\"782bfd1\" data-element_type=\"column\" data-e-type=\"column\">\n\t\t\t<div class=\"elementor-widget-wrap elementor-element-populated\">\n\t\t\t\t\t\t<div class=\"elementor-element elementor-element-a283817 elementor-widget elementor-widget-text-editor\" data-id=\"a283817\" data-element_type=\"widget\" data-e-type=\"widget\" data-widget_type=\"text-editor.default\">\n\t\t\t\t<div class=\"elementor-widget-container\">\n\t\t\t\t\t\t\t\t\t<p>Da f\u00fcr das gesamte Gewerbegebiet ein neuer Fl\u00e4chennutzungsplan verabschiedet wurde, ist auch der Bebauungsplan f\u00fcr den \u00f6stlichen Teil aktualisiert worden. Die neue Fassung des Plans wurde bereits im Ausschuss f\u00fcr Planung, Verkehr und Grundst\u00fccke am 23. April 2024 er\u00f6rtert. Inzwischen wurde auch den Ausschu\u00dfmitglieder klar, dass die geplanten Megahallen nicht 15 oder 20 m, sondern 40 m hoch sein werden. Eine Bef\u00fcrchtung, die Gr\u00fcnes Grenzland von Anfang an \u00e4u\u00dferte.  Doch obwohl sie merkten, dass sie an der Nase herumgef\u00fchrt wurden, stimmten diese Mitglieder f\u00fcr den Bebauungsplan.....<br \/>Es ist vorgesehen, dass der Gemeinderat von Niederkr\u00fcchten den ge\u00e4nderten Plan in der Gemeinderatssitzung am 14. Mai 2024 verabschiedet. Danach wird der Plan erneut zur \u00f6ffentlichen Anh\u00f6rung vorgelegt.<\/p>\t\t\t\t\t\t\t\t<\/div>\n\t\t\t\t<\/div>\n\t\t\t\t\t<\/div>\n\t\t<\/div>\n\t\t\t\t\t<\/div>\n\t\t<\/section>\n\t\t\t\t<section class=\"elementor-section elementor-top-section elementor-element elementor-element-6d35213 elementor-section-boxed elementor-section-height-default elementor-section-height-default\" data-id=\"6d35213\" data-element_type=\"section\" data-e-type=\"section\">\n\t\t\t\t\t\t<div class=\"elementor-container elementor-column-gap-default\">\n\t\t\t\t\t<div class=\"elementor-column elementor-col-100 elementor-top-column elementor-element elementor-element-e9b0545\" data-id=\"e9b0545\" data-element_type=\"column\" data-e-type=\"column\">\n\t\t\t<div class=\"elementor-widget-wrap elementor-element-populated\">\n\t\t\t\t\t\t<div class=\"elementor-element elementor-element-76b0e84 elementor-widget-divider--view-line elementor-widget elementor-widget-divider\" data-id=\"76b0e84\" data-element_type=\"widget\" data-e-type=\"widget\" data-widget_type=\"divider.default\">\n\t\t\t\t<div class=\"elementor-widget-container\">\n\t\t\t\t\t\t\t<div class=\"elementor-divider\">\n\t\t\t<span class=\"elementor-divider-separator\">\n\t\t\t\t\t\t<\/span>\n\t\t<\/div>\n\t\t\t\t\t\t<\/div>\n\t\t\t\t<\/div>\n\t\t\t\t\t<\/div>\n\t\t<\/div>\n\t\t\t\t\t<\/div>\n\t\t<\/section>\n\t\t\t\t<section class=\"elementor-section elementor-top-section elementor-element elementor-element-d636758 elementor-section-boxed elementor-section-height-default elementor-section-height-default\" data-id=\"d636758\" data-element_type=\"section\" data-e-type=\"section\">\n\t\t\t\t\t\t<div class=\"elementor-container elementor-column-gap-default\">\n\t\t\t\t\t<div class=\"elementor-column elementor-col-100 elementor-top-column elementor-element elementor-element-7473cc1\" data-id=\"7473cc1\" data-element_type=\"column\" data-e-type=\"column\">\n\t\t\t<div class=\"elementor-widget-wrap elementor-element-populated\">\n\t\t\t\t\t\t<div class=\"elementor-element elementor-element-c95f8e0 elementor-widget elementor-widget-menu-anchor\" data-id=\"c95f8e0\" data-element_type=\"widget\" data-e-type=\"widget\" data-widget_type=\"menu-anchor.default\">\n\t\t\t\t<div class=\"elementor-widget-container\">\n\t\t\t\t\t\t\t<div class=\"elementor-menu-anchor\" id=\"2024-6\"><\/div>\n\t\t\t\t\t\t<\/div>\n\t\t\t\t<\/div>\n\t\t\t\t\t<\/div>\n\t\t<\/div>\n\t\t\t\t\t<\/div>\n\t\t<\/section>\n\t\t\t\t<section class=\"elementor-section elementor-top-section elementor-element elementor-element-814242d elementor-section-boxed elementor-section-height-default elementor-section-height-default\" data-id=\"814242d\" data-element_type=\"section\" data-e-type=\"section\">\n\t\t\t\t\t\t<div class=\"elementor-container elementor-column-gap-default\">\n\t\t\t\t\t<div class=\"elementor-column elementor-col-100 elementor-top-column elementor-element elementor-element-322bb52\" data-id=\"322bb52\" data-element_type=\"column\" data-e-type=\"column\">\n\t\t\t<div class=\"elementor-widget-wrap elementor-element-populated\">\n\t\t\t\t\t\t<div class=\"elementor-element elementor-element-28c2b53 elementor-widget elementor-widget-text-editor\" data-id=\"28c2b53\" data-element_type=\"widget\" data-e-type=\"widget\" data-widget_type=\"text-editor.default\">\n\t\t\t\t<div class=\"elementor-widget-container\">\n\t\t\t\t\t\t\t\t\t<p><strong>Beschluss des Gemeinderats von Niederkruchten \u00fcber die Annahme des Fl\u00e4chennutzungsplans ''Militairgel\u00e4nde Elmpt''<\/strong><\/p>\t\t\t\t\t\t\t\t<\/div>\n\t\t\t\t<\/div>\n\t\t\t\t\t<\/div>\n\t\t<\/div>\n\t\t\t\t\t<\/div>\n\t\t<\/section>\n\t\t\t\t<section class=\"elementor-section elementor-top-section elementor-element elementor-element-95725e1 elementor-section-boxed elementor-section-height-default elementor-section-height-default\" data-id=\"95725e1\" data-element_type=\"section\" data-e-type=\"section\">\n\t\t\t\t\t\t<div class=\"elementor-container elementor-column-gap-default\">\n\t\t\t\t\t<div class=\"elementor-column elementor-col-100 elementor-top-column elementor-element elementor-element-af25b21\" data-id=\"af25b21\" data-element_type=\"column\" data-e-type=\"column\">\n\t\t\t<div class=\"elementor-widget-wrap elementor-element-populated\">\n\t\t\t\t\t\t<div class=\"elementor-element elementor-element-592f260 elementor-widget elementor-widget-image\" data-id=\"592f260\" data-element_type=\"widget\" data-e-type=\"widget\" data-widget_type=\"image.default\">\n\t\t\t\t<div class=\"elementor-widget-container\">\n\t\t\t\t\t\t\t\t\t\t\t\t<figure class=\"wp-caption\">\n\t\t\t\t\t\t\t\t\t\t<img loading=\"lazy\" decoding=\"async\" width=\"1024\" height=\"724\" src=\"https:\/\/www.gruenes-grenzland.net\/wp-content\/uploads\/2024\/02\/LB-1.2.-Elmpter-Wald-Groen-blijft-niet-groen-1024x724.jpg\" class=\"attachment-large size-large wp-image-16275\" alt=\"\" srcset=\"https:\/\/www.gruenes-grenzland.net\/wp-content\/uploads\/2024\/02\/LB-1.2.-Elmpter-Wald-Groen-blijft-niet-groen-1024x724.jpg 1024w, https:\/\/www.gruenes-grenzland.net\/wp-content\/uploads\/2024\/02\/LB-1.2.-Elmpter-Wald-Groen-blijft-niet-groen-300x212.jpg 300w, https:\/\/www.gruenes-grenzland.net\/wp-content\/uploads\/2024\/02\/LB-1.2.-Elmpter-Wald-Groen-blijft-niet-groen-768x543.jpg 768w, https:\/\/www.gruenes-grenzland.net\/wp-content\/uploads\/2024\/02\/LB-1.2.-Elmpter-Wald-Groen-blijft-niet-groen-1536x1086.jpg 1536w, https:\/\/www.gruenes-grenzland.net\/wp-content\/uploads\/2024\/02\/LB-1.2.-Elmpter-Wald-Groen-blijft-niet-groen-2048x1448.jpg 2048w, https:\/\/www.gruenes-grenzland.net\/wp-content\/uploads\/2024\/02\/LB-1.2.-Elmpter-Wald-Groen-blijft-niet-groen-18x12.jpg 18w\" sizes=\"(max-width: 1024px) 100vw, 1024px\" \/>\t\t\t\t\t\t\t\t\t\t\t<figcaption class=\"widget-image-caption wp-caption-text\">Kartierung der Auswirkungen der Pl\u00e4ne, die zeigen, dass \"Gr\u00fcn nicht gr\u00fcn bleibt\".<\/figcaption>\n\t\t\t\t\t\t\t\t\t\t<\/figure>\n\t\t\t\t\t\t\t\t\t<\/div>\n\t\t\t\t<\/div>\n\t\t\t\t\t<\/div>\n\t\t<\/div>\n\t\t\t\t\t<\/div>\n\t\t<\/section>\n\t\t\t\t<section class=\"elementor-section elementor-top-section elementor-element elementor-element-5fa5300 elementor-section-boxed elementor-section-height-default elementor-section-height-default\" data-id=\"5fa5300\" data-element_type=\"section\" data-e-type=\"section\">\n\t\t\t\t\t\t<div class=\"elementor-container elementor-column-gap-default\">\n\t\t\t\t\t<div class=\"elementor-column elementor-col-100 elementor-top-column elementor-element elementor-element-f597f93\" data-id=\"f597f93\" data-element_type=\"column\" data-e-type=\"column\">\n\t\t\t<div class=\"elementor-widget-wrap elementor-element-populated\">\n\t\t\t\t\t\t<div class=\"elementor-element elementor-element-03cd073 elementor-widget elementor-widget-text-editor\" data-id=\"03cd073\" data-element_type=\"widget\" data-e-type=\"widget\" data-widget_type=\"text-editor.default\">\n\t\t\t\t<div class=\"elementor-widget-container\">\n\t\t\t\t\t\t\t\t\t<p>Im Mittelpunkt der Ratssitzung der Gemeinde Niederkr\u00fcchten am Dienstag, 19. M\u00e4rz 2024, stand der Beschluss \u00fcber die 61. \u00c4nderung des Fl\u00e4chennutzungsplans \"Milit\u00e4rgel\u00e4nde Elmpt\". Dieser Plan, der die Umwandlung des ehemaligen Flugplatzes in Elmpt in ein Industriegebiet vorsieht, gibt den Gr\u00fcnen Grenzland wegen der zu erwartenden negativen Auswirkungen auf Natur und Lebensumfeld Anlass zu gro\u00dfer Sorge. Leider hat der Gemeinderat mehrheitlich f\u00fcr den Plan gestimmt.<\/p><p><span style=\"background-color: var(--ast-global-color-4); color: var(--ast-global-color-3); font-style: inherit; font-weight: inherit;\">Aus Sicht von Natur und Landschaft ist der vorgeschlagene Plan v\u00f6llig inakzeptabel, und es wird zu gegebener Zeit ein Klageverfahren eingeleitet werden. Der Grundsatz \"Gr\u00fcn bleibt gr\u00fcn\" wird v\u00f6llig ignoriert. Der unmittelbare Lebensraum zahlreicher Organismen wird verschwinden. Die nicht hinnehmbare Stickstoffbelastung der deutschen und niederl\u00e4ndischen N2000-Gebiete wird zu Unrecht und ohne Begr\u00fcndung ignoriert, ebenso wie die drohende Austrocknung des Naturschutzgebietes L\u00fcsekamp.<\/span><\/p><p>Gr\u00fcn bleibt nicht gr\u00fcn<br \/>Derzeit besteht von den 217 ha mehr als ein Drittel (77,4 ha) aus Gr\u00fcnfl\u00e4chen, d.h. Wald und\/oder Magerrasen mit hohem \u00f6kologischen Wert. Dem Plan zufolge sollen nur 60 ha als Gr\u00fcnfl\u00e4che und\/oder Ausgleichsfl\u00e4che reserviert werden. Das ist also weniger als in der derzeitigen Situation. Hinzu kommen der Bau einer zus\u00e4tzlichen Zufahrtsstra\u00dfe zum Golfplatz, die Realisierung eines Verkehrsknotens in einem Schutzgebiet und die Erweiterung einer Kl\u00e4ranlage im Swalmtal in einem Landschaftsschutzgebiet.<br \/>Gr\u00fcn wird also nicht gr\u00fcn bleiben, auch wenn die Bef\u00fcrworter des Plans dies behaupten.<\/p><p>Verlust von Lebensraum f\u00fcr zahlreiche Organismen<br \/>Der anerkannte Verlust von Lebensraum wird durch eine 60 ha gro\u00dfe Ausgleichsfl\u00e4che in den ehemaligen Schutzr\u00e4umen s\u00fcdwestlich und \u00f6stlich des \u00c4nderungsbereichs und im Bereich der ehemaligen Landebahn ausgeglichen. Diese Fl\u00e4che ist kleiner als die jetzigen wertvollen Fl\u00e4chen und hat selbst schon einen hohen \u00f6kologischen Wert, so dass der Ausgleich wenig effektiv sein wird. Eine Verlagerung des Problems auf die Ebene des Bebauungsplans ist daher unverantwortlich. Aus Sicht des Artenschutzes ist die 61. \u00c4nderung des Fl\u00e4chennutzungsplanes daher abzulehnen.<\/p><p>Stickstoffablagerung in niederl\u00e4ndischen und deutschen Natura 2000-Gebieten<br \/>Die Zunahme des Verkehrs verursacht nicht nur eine zuf\u00e4llige, sondern auch eine dauerhafte Zunahme der Stickstoffdeposition auf dem Meinweg und im Schwalmtal. Eine zus\u00e4tzliche Vorpr\u00fcfung wird nicht ausreichen. Eine so genannte Angemessenheitspr\u00fcfung, bei der der Verursacher pr\u00fcft, ob die Erhaltungsziele des Natura-2000-Gebietes durch seine T\u00e4tigkeit gef\u00e4hrdet sind, wird in den Niederlanden laut Staatsratsbeschluss 2019 notwendig.<br \/>Zudem wird der verwendete Schwellenwert, das sogenannte Abschneidekriterium von 0,3 kg N\/(ha*a) f\u00fcr FFH-Gebiete in Deutschland, in einer \u00dcberlastungssituation mit hoher Wahrscheinlichkeit einer gerichtlichen \u00dcberpr\u00fcfung nicht standhalten (siehe Urteil vom 19. Mai 2023 in den Niederlanden), weil die Erhaltungsziele f\u00fcr europ\u00e4ische Naturschutzgebiete so niemals erreicht werden k\u00f6nnen.<br \/>Wird ein genehmigungsfreier Schwellenwert angewandt, wie es derzeit in Deutschland der Fall ist, k\u00f6nnen bei vielen Projekten die Stickstoffemissionen bis zur Deposition dieses Schwellenwertes erh\u00f6ht werden. Kumulativ kann sich die Belastung der bereits stark belasteten Natur erheblich erh\u00f6hen. Die Verwendung eines Schwellenwerts ist daher nur dann vertretbar, wenn der Staat mit Ma\u00dfnahmen sicherstellen kann, dass trotz der m\u00f6glichen kumulativen Erh\u00f6hung die Deposition in der Natur nicht zunimmt bzw. ausreichend abnimmt, wenn dies f\u00fcr die Lebensr\u00e4ume erforderlich ist. Dies ist in Deutschland derzeit nicht geregelt.<br \/>Wie in den Niederlanden wurde auch in Flandern am 25. Februar 2021 ein Stickstoffurteil verk\u00fcndet, dem mehrere weitere Urteile folgten.<\/p><p>Austrocknung des L\u00fcsekamps<br \/>K\u00fcnftige Grundwasserentnahmen durch die sich dort ansiedelnden Unternehmen werden nicht ber\u00fccksichtigt. Dass der Wasserverbrauch steigen wird, ist angesichts der geplanten Erweiterung der Kl\u00e4ranlage in Overhetfeld sicher. Die Stellungnahmen zur \u00d6ffentlichkeitsbeteiligung 2023 von Gr\u00fcnes Grenzland, MHVS, NMF Limburg aus dem Jahr 2023, in denen plausibel dargelegt wird, dass der Plan zu einer wahrscheinlichen Austrocknung des L\u00fcsekamps f\u00fchren wird, sind von der Gemeinde nicht beantwortet worden.<\/p>\t\t\t\t\t\t\t\t<\/div>\n\t\t\t\t<\/div>\n\t\t\t\t\t<\/div>\n\t\t<\/div>\n\t\t\t\t\t<\/div>\n\t\t<\/section>\n\t\t\t\t<section class=\"elementor-section elementor-top-section elementor-element elementor-element-ee735a9 elementor-section-boxed elementor-section-height-default elementor-section-height-default\" data-id=\"ee735a9\" data-element_type=\"section\" data-e-type=\"section\">\n\t\t\t\t\t\t<div class=\"elementor-container elementor-column-gap-default\">\n\t\t\t\t\t<div class=\"elementor-column elementor-col-100 elementor-top-column elementor-element elementor-element-7a51c16\" data-id=\"7a51c16\" data-element_type=\"column\" data-e-type=\"column\">\n\t\t\t<div class=\"elementor-widget-wrap elementor-element-populated\">\n\t\t\t\t\t\t<div class=\"elementor-element elementor-element-ef6988b elementor-widget-divider--view-line elementor-widget elementor-widget-divider\" data-id=\"ef6988b\" data-element_type=\"widget\" data-e-type=\"widget\" data-widget_type=\"divider.default\">\n\t\t\t\t<div class=\"elementor-widget-container\">\n\t\t\t\t\t\t\t<div class=\"elementor-divider\">\n\t\t\t<span class=\"elementor-divider-separator\">\n\t\t\t\t\t\t<\/span>\n\t\t<\/div>\n\t\t\t\t\t\t<\/div>\n\t\t\t\t<\/div>\n\t\t\t\t\t<\/div>\n\t\t<\/div>\n\t\t\t\t\t<\/div>\n\t\t<\/section>\n\t\t\t\t<section class=\"elementor-section elementor-top-section elementor-element elementor-element-350befd elementor-section-boxed elementor-section-height-default elementor-section-height-default\" data-id=\"350befd\" data-element_type=\"section\" data-e-type=\"section\">\n\t\t\t\t\t\t<div class=\"elementor-container elementor-column-gap-default\">\n\t\t\t\t\t<div class=\"elementor-column elementor-col-100 elementor-top-column elementor-element elementor-element-ca5139e\" data-id=\"ca5139e\" data-element_type=\"column\" data-e-type=\"column\">\n\t\t\t<div class=\"elementor-widget-wrap elementor-element-populated\">\n\t\t\t\t\t\t<div class=\"elementor-element elementor-element-fff26c5 elementor-widget elementor-widget-menu-anchor\" data-id=\"fff26c5\" data-element_type=\"widget\" data-e-type=\"widget\" data-widget_type=\"menu-anchor.default\">\n\t\t\t\t<div class=\"elementor-widget-container\">\n\t\t\t\t\t\t\t<div class=\"elementor-menu-anchor\" id=\"2024-5\"><\/div>\n\t\t\t\t\t\t<\/div>\n\t\t\t\t<\/div>\n\t\t\t\t\t<\/div>\n\t\t<\/div>\n\t\t\t\t\t<\/div>\n\t\t<\/section>\n\t\t\t\t<section class=\"elementor-section elementor-top-section elementor-element elementor-element-dd0d48a elementor-section-boxed elementor-section-height-default elementor-section-height-default\" data-id=\"dd0d48a\" data-element_type=\"section\" data-e-type=\"section\">\n\t\t\t\t\t\t<div class=\"elementor-container elementor-column-gap-default\">\n\t\t\t\t\t<div class=\"elementor-column elementor-col-100 elementor-top-column elementor-element elementor-element-bcb29a1\" data-id=\"bcb29a1\" data-element_type=\"column\" data-e-type=\"column\">\n\t\t\t<div class=\"elementor-widget-wrap elementor-element-populated\">\n\t\t\t\t\t\t<div class=\"elementor-element elementor-element-689b0e1 elementor-widget elementor-widget-text-editor\" data-id=\"689b0e1\" data-element_type=\"widget\" data-e-type=\"widget\" data-widget_type=\"text-editor.default\">\n\t\t\t\t<div class=\"elementor-widget-container\">\n\t\t\t\t\t\t\t\t\t<p><strong>Das \"Nein Danke\" war auch beim bundesweiten Klimastreik in Viersen zu sehen<\/strong><\/p>\t\t\t\t\t\t\t\t<\/div>\n\t\t\t\t<\/div>\n\t\t\t\t\t<\/div>\n\t\t<\/div>\n\t\t\t\t\t<\/div>\n\t\t<\/section>\n\t\t\t\t<section class=\"elementor-section elementor-top-section elementor-element elementor-element-9d360e2 elementor-section-boxed elementor-section-height-default elementor-section-height-default\" data-id=\"9d360e2\" data-element_type=\"section\" data-e-type=\"section\">\n\t\t\t\t\t\t<div class=\"elementor-container elementor-column-gap-default\">\n\t\t\t\t\t<div class=\"elementor-column elementor-col-33 elementor-top-column elementor-element elementor-element-10fe7e4\" data-id=\"10fe7e4\" data-element_type=\"column\" data-e-type=\"column\">\n\t\t\t<div class=\"elementor-widget-wrap elementor-element-populated\">\n\t\t\t\t\t\t<div class=\"elementor-element elementor-element-137a90a elementor-widget elementor-widget-image\" data-id=\"137a90a\" data-element_type=\"widget\" data-e-type=\"widget\" data-widget_type=\"image.default\">\n\t\t\t\t<div class=\"elementor-widget-container\">\n\t\t\t\t\t\t\t\t\t\t\t\t\t\t\t<img loading=\"lazy\" decoding=\"async\" width=\"1024\" height=\"768\" src=\"https:\/\/www.gruenes-grenzland.net\/wp-content\/uploads\/2024\/03\/Demo-Viersen-Klimastreik-1-maart-2024-2-1024x768.jpg\" class=\"attachment-large size-large wp-image-16307\" alt=\"\" srcset=\"https:\/\/www.gruenes-grenzland.net\/wp-content\/uploads\/2024\/03\/Demo-Viersen-Klimastreik-1-maart-2024-2-1024x768.jpg 1024w, https:\/\/www.gruenes-grenzland.net\/wp-content\/uploads\/2024\/03\/Demo-Viersen-Klimastreik-1-maart-2024-2-300x225.jpg 300w, https:\/\/www.gruenes-grenzland.net\/wp-content\/uploads\/2024\/03\/Demo-Viersen-Klimastreik-1-maart-2024-2-768x576.jpg 768w, https:\/\/www.gruenes-grenzland.net\/wp-content\/uploads\/2024\/03\/Demo-Viersen-Klimastreik-1-maart-2024-2-1536x1152.jpg 1536w, https:\/\/www.gruenes-grenzland.net\/wp-content\/uploads\/2024\/03\/Demo-Viersen-Klimastreik-1-maart-2024-2-2048x1536.jpg 2048w, https:\/\/www.gruenes-grenzland.net\/wp-content\/uploads\/2024\/03\/Demo-Viersen-Klimastreik-1-maart-2024-2-16x12.jpg 16w\" sizes=\"(max-width: 1024px) 100vw, 1024px\" \/>\t\t\t\t\t\t\t\t\t\t\t\t\t\t\t<\/div>\n\t\t\t\t<\/div>\n\t\t\t\t\t<\/div>\n\t\t<\/div>\n\t\t\t\t<div class=\"elementor-column elementor-col-33 elementor-top-column elementor-element elementor-element-a283dcf\" data-id=\"a283dcf\" data-element_type=\"column\" data-e-type=\"column\">\n\t\t\t<div class=\"elementor-widget-wrap elementor-element-populated\">\n\t\t\t\t\t\t<div class=\"elementor-element elementor-element-664f3a8 elementor-widget elementor-widget-text-editor\" data-id=\"664f3a8\" data-element_type=\"widget\" data-e-type=\"widget\" data-widget_type=\"text-editor.default\">\n\t\t\t\t<div class=\"elementor-widget-container\">\n\t\t\t\t\t\t\t\t\t<p>Die Unzufriedenheit mit den geplanten Megalights in Elmpt wurde auch beim nationalen Klimastreik in Viersen zum Ausdruck gebracht. Hier trafen wir den B\u00fcrgermeister von Viersen, der uns einige Tipps gab, wie wir unseren Unmut kundtun k\u00f6nnen. Davon werden wir dankbar Gebrauch machen.<\/p>\t\t\t\t\t\t\t\t<\/div>\n\t\t\t\t<\/div>\n\t\t\t\t\t<\/div>\n\t\t<\/div>\n\t\t\t\t<div class=\"elementor-column elementor-col-33 elementor-top-column elementor-element elementor-element-d1e4e33\" data-id=\"d1e4e33\" data-element_type=\"column\" data-e-type=\"column\">\n\t\t\t<div class=\"elementor-widget-wrap elementor-element-populated\">\n\t\t\t\t\t\t<div class=\"elementor-element elementor-element-b1dddf9 elementor-widget elementor-widget-image\" data-id=\"b1dddf9\" data-element_type=\"widget\" data-e-type=\"widget\" data-widget_type=\"image.default\">\n\t\t\t\t<div class=\"elementor-widget-container\">\n\t\t\t\t\t\t\t\t\t\t\t\t\t\t\t<img loading=\"lazy\" decoding=\"async\" width=\"272\" height=\"300\" src=\"https:\/\/www.gruenes-grenzland.net\/wp-content\/uploads\/2024\/03\/Demo-Viersen-Klimastreik-1-maart-2024-3-272x300.jpg\" class=\"attachment-medium size-medium wp-image-16314\" alt=\"\" srcset=\"https:\/\/www.gruenes-grenzland.net\/wp-content\/uploads\/2024\/03\/Demo-Viersen-Klimastreik-1-maart-2024-3-272x300.jpg 272w, https:\/\/www.gruenes-grenzland.net\/wp-content\/uploads\/2024\/03\/Demo-Viersen-Klimastreik-1-maart-2024-3-929x1024.jpg 929w, https:\/\/www.gruenes-grenzland.net\/wp-content\/uploads\/2024\/03\/Demo-Viersen-Klimastreik-1-maart-2024-3-768x846.jpg 768w, https:\/\/www.gruenes-grenzland.net\/wp-content\/uploads\/2024\/03\/Demo-Viersen-Klimastreik-1-maart-2024-3-1394x1536.jpg 1394w, https:\/\/www.gruenes-grenzland.net\/wp-content\/uploads\/2024\/03\/Demo-Viersen-Klimastreik-1-maart-2024-3-1858x2048.jpg 1858w, https:\/\/www.gruenes-grenzland.net\/wp-content\/uploads\/2024\/03\/Demo-Viersen-Klimastreik-1-maart-2024-3-11x12.jpg 11w\" sizes=\"(max-width: 272px) 100vw, 272px\" \/>\t\t\t\t\t\t\t\t\t\t\t\t\t\t\t<\/div>\n\t\t\t\t<\/div>\n\t\t\t\t\t<\/div>\n\t\t<\/div>\n\t\t\t\t\t<\/div>\n\t\t<\/section>\n\t\t\t\t<section class=\"elementor-section elementor-top-section elementor-element elementor-element-b8c3f13 elementor-section-boxed elementor-section-height-default elementor-section-height-default\" data-id=\"b8c3f13\" data-element_type=\"section\" data-e-type=\"section\">\n\t\t\t\t\t\t<div class=\"elementor-container elementor-column-gap-default\">\n\t\t\t\t\t<div class=\"elementor-column elementor-col-100 elementor-top-column elementor-element elementor-element-653ae45\" data-id=\"653ae45\" data-element_type=\"column\" data-e-type=\"column\">\n\t\t\t<div class=\"elementor-widget-wrap elementor-element-populated\">\n\t\t\t\t\t\t<div class=\"elementor-element elementor-element-94ba73b elementor-widget-divider--view-line elementor-widget elementor-widget-divider\" data-id=\"94ba73b\" data-element_type=\"widget\" data-e-type=\"widget\" data-widget_type=\"divider.default\">\n\t\t\t\t<div class=\"elementor-widget-container\">\n\t\t\t\t\t\t\t<div class=\"elementor-divider\">\n\t\t\t<span class=\"elementor-divider-separator\">\n\t\t\t\t\t\t<\/span>\n\t\t<\/div>\n\t\t\t\t\t\t<\/div>\n\t\t\t\t<\/div>\n\t\t\t\t\t<\/div>\n\t\t<\/div>\n\t\t\t\t\t<\/div>\n\t\t<\/section>\n\t\t\t\t<section class=\"elementor-section elementor-top-section elementor-element elementor-element-259c53b elementor-section-boxed elementor-section-height-default elementor-section-height-default\" data-id=\"259c53b\" data-element_type=\"section\" data-e-type=\"section\">\n\t\t\t\t\t\t<div class=\"elementor-container elementor-column-gap-default\">\n\t\t\t\t\t<div class=\"elementor-column elementor-col-100 elementor-top-column elementor-element elementor-element-1a19a5c\" data-id=\"1a19a5c\" data-element_type=\"column\" data-e-type=\"column\">\n\t\t\t<div class=\"elementor-widget-wrap elementor-element-populated\">\n\t\t\t\t\t\t<div class=\"elementor-element elementor-element-bf37a93 elementor-widget elementor-widget-menu-anchor\" data-id=\"bf37a93\" data-element_type=\"widget\" data-e-type=\"widget\" data-widget_type=\"menu-anchor.default\">\n\t\t\t\t<div class=\"elementor-widget-container\">\n\t\t\t\t\t\t\t<div class=\"elementor-menu-anchor\" id=\"2024-4\"><\/div>\n\t\t\t\t\t\t<\/div>\n\t\t\t\t<\/div>\n\t\t\t\t\t<\/div>\n\t\t<\/div>\n\t\t\t\t\t<\/div>\n\t\t<\/section>\n\t\t\t\t<section class=\"elementor-section elementor-top-section elementor-element elementor-element-f009df0 elementor-section-boxed elementor-section-height-default elementor-section-height-default\" data-id=\"f009df0\" data-element_type=\"section\" data-e-type=\"section\">\n\t\t\t\t\t\t<div class=\"elementor-container elementor-column-gap-default\">\n\t\t\t\t\t<div class=\"elementor-column elementor-col-100 elementor-top-column elementor-element elementor-element-c5139b7\" data-id=\"c5139b7\" data-element_type=\"column\" data-e-type=\"column\">\n\t\t\t<div class=\"elementor-widget-wrap elementor-element-populated\">\n\t\t\t\t\t\t<div class=\"elementor-element elementor-element-c064600 elementor-widget elementor-widget-heading\" data-id=\"c064600\" data-element_type=\"widget\" data-e-type=\"widget\" data-widget_type=\"heading.default\">\n\t\t\t\t<div class=\"elementor-widget-container\">\n\t\t\t\t\t<h5 class=\"elementor-heading-title elementor-size-default\">Gemeinde Roerdalen will grenz\u00fcberschreitende Umweltvertr\u00e4glichkeitspr\u00fcfung f\u00fcr geplante Windkraftanlagen in der N\u00e4he des Nationalparks de Meinweg<\/h5>\t\t\t\t<\/div>\n\t\t\t\t<\/div>\n\t\t\t\t\t<\/div>\n\t\t<\/div>\n\t\t\t\t\t<\/div>\n\t\t<\/section>\n\t\t\t\t<section class=\"elementor-section elementor-top-section elementor-element elementor-element-609a380 elementor-section-boxed elementor-section-height-default elementor-section-height-default\" data-id=\"609a380\" data-element_type=\"section\" data-e-type=\"section\">\n\t\t\t\t\t\t<div class=\"elementor-container elementor-column-gap-default\">\n\t\t\t\t\t<div class=\"elementor-column elementor-col-50 elementor-top-column elementor-element elementor-element-b4c5f69\" data-id=\"b4c5f69\" data-element_type=\"column\" data-e-type=\"column\">\n\t\t\t<div class=\"elementor-widget-wrap elementor-element-populated\">\n\t\t\t\t\t\t<div class=\"elementor-element elementor-element-a06be05 elementor-widget elementor-widget-text-editor\" data-id=\"a06be05\" data-element_type=\"widget\" data-e-type=\"widget\" data-widget_type=\"text-editor.default\">\n\t\t\t\t<div class=\"elementor-widget-container\">\n\t\t\t\t\t\t\t\t\t<p>Die Gemeinde Roerdalen fordert den Kreis Viersen und die Gemeinde Niederkr\u00fcchten auf, eine grenz\u00fcberschreitende Umweltvertr\u00e4glichkeitspr\u00fcfung nach \u00a7 54 Abs. 2 UVPG f\u00fcr die Windenergieanlagen am Damm und f\u00fcr die Windenergieanlagen auf dem ehemaligen Flugplatz Elmpt durchzuf\u00fchren.<\/p><p>Nach Angaben der Gemeinde Roerdalen ist das Dam-Projekt, das aus zwei Windturbinen besteht, Teil eines gro\u00dfen Windparks, der in mehreren Phasen realisiert wurde oder wird. Aufgrund seines r\u00e4umlichen Zusammenhalts sollte es daher auch als Windpark betrachtet und als solcher bewertet werden.\u00a0<br \/>Weitere Informationen finden Sie <a href=\"https:\/\/www.gruenes-grenzland.net\/wp-content\/uploads\/2024\/02\/Brief-gemeente-Roerdalen-aan-gemeente-Niederkruechten-i.v.m.-windpark-in-Niederkruechten-Dam-d.d.-30-01-2023.pdf\">hier<\/a>.<\/p>\t\t\t\t\t\t\t\t<\/div>\n\t\t\t\t<\/div>\n\t\t\t\t\t<\/div>\n\t\t<\/div>\n\t\t\t\t<div class=\"elementor-column elementor-col-50 elementor-top-column elementor-element elementor-element-e575468\" data-id=\"e575468\" data-element_type=\"column\" data-e-type=\"column\">\n\t\t\t<div class=\"elementor-widget-wrap elementor-element-populated\">\n\t\t\t\t\t\t<div class=\"elementor-element elementor-element-96c452a elementor-widget elementor-widget-video\" data-id=\"96c452a\" data-element_type=\"widget\" data-e-type=\"widget\" data-settings=\"{&quot;youtube_url&quot;:&quot;https:\\\/\\\/youtu.be\\\/Ba1a-c7OUJg&quot;,&quot;autoplay&quot;:&quot;yes&quot;,&quot;video_type&quot;:&quot;youtube&quot;,&quot;controls&quot;:&quot;yes&quot;}\" data-widget_type=\"video.default\">\n\t\t\t\t<div class=\"elementor-widget-container\">\n\t\t\t\t\t\t\t<div class=\"elementor-wrapper elementor-open-inline\">\n\t\t\t<div class=\"elementor-video\"><\/div>\t\t<\/div>\n\t\t\t\t\t\t<\/div>\n\t\t\t\t<\/div>\n\t\t\t\t\t<\/div>\n\t\t<\/div>\n\t\t\t\t\t<\/div>\n\t\t<\/section>\n\t\t\t\t<section class=\"elementor-section elementor-top-section elementor-element elementor-element-42c1b2f elementor-section-boxed elementor-section-height-default elementor-section-height-default\" data-id=\"42c1b2f\" data-element_type=\"section\" data-e-type=\"section\">\n\t\t\t\t\t\t<div class=\"elementor-container elementor-column-gap-default\">\n\t\t\t\t\t<div class=\"elementor-column elementor-col-100 elementor-top-column elementor-element elementor-element-0e8aed8\" data-id=\"0e8aed8\" data-element_type=\"column\" data-e-type=\"column\">\n\t\t\t<div class=\"elementor-widget-wrap elementor-element-populated\">\n\t\t\t\t\t\t<div class=\"elementor-element elementor-element-bba564f elementor-widget-divider--view-line elementor-widget elementor-widget-divider\" data-id=\"bba564f\" data-element_type=\"widget\" data-e-type=\"widget\" data-widget_type=\"divider.default\">\n\t\t\t\t<div class=\"elementor-widget-container\">\n\t\t\t\t\t\t\t<div class=\"elementor-divider\">\n\t\t\t<span class=\"elementor-divider-separator\">\n\t\t\t\t\t\t<\/span>\n\t\t<\/div>\n\t\t\t\t\t\t<\/div>\n\t\t\t\t<\/div>\n\t\t\t\t\t<\/div>\n\t\t<\/div>\n\t\t\t\t\t<\/div>\n\t\t<\/section>\n\t\t\t\t<section class=\"elementor-section elementor-top-section elementor-element elementor-element-aae4081 elementor-section-boxed elementor-section-height-default elementor-section-height-default\" data-id=\"aae4081\" data-element_type=\"section\" data-e-type=\"section\">\n\t\t\t\t\t\t<div class=\"elementor-container elementor-column-gap-default\">\n\t\t\t\t\t<div class=\"elementor-column elementor-col-100 elementor-top-column elementor-element elementor-element-dfe8cba\" data-id=\"dfe8cba\" data-element_type=\"column\" data-e-type=\"column\">\n\t\t\t<div class=\"elementor-widget-wrap elementor-element-populated\">\n\t\t\t\t\t\t<div class=\"elementor-element elementor-element-ea1baf6 elementor-widget elementor-widget-menu-anchor\" data-id=\"ea1baf6\" data-element_type=\"widget\" data-e-type=\"widget\" data-widget_type=\"menu-anchor.default\">\n\t\t\t\t<div class=\"elementor-widget-container\">\n\t\t\t\t\t\t\t<div class=\"elementor-menu-anchor\" id=\"2024-3\"><\/div>\n\t\t\t\t\t\t<\/div>\n\t\t\t\t<\/div>\n\t\t\t\t\t<\/div>\n\t\t<\/div>\n\t\t\t\t\t<\/div>\n\t\t<\/section>\n\t\t\t\t<section class=\"elementor-section elementor-top-section elementor-element elementor-element-ea9814d elementor-section-boxed elementor-section-height-default elementor-section-height-default\" data-id=\"ea9814d\" data-element_type=\"section\" data-e-type=\"section\">\n\t\t\t\t\t\t<div class=\"elementor-container elementor-column-gap-default\">\n\t\t\t\t\t<div class=\"elementor-column elementor-col-100 elementor-top-column elementor-element elementor-element-1969285\" data-id=\"1969285\" data-element_type=\"column\" data-e-type=\"column\">\n\t\t\t<div class=\"elementor-widget-wrap elementor-element-populated\">\n\t\t\t\t\t\t<div class=\"elementor-element elementor-element-cece047 elementor-widget elementor-widget-heading\" data-id=\"cece047\" data-element_type=\"widget\" data-e-type=\"widget\" data-widget_type=\"heading.default\">\n\t\t\t\t<div class=\"elementor-widget-container\">\n\t\t\t\t\t<h5 class=\"elementor-heading-title elementor-size-default\">Abschlussbericht der internationalen Untersuchung: \"Kaum ein Limburger wird im Gewerbegebiet Elmpt arbeiten\".<\/h5>\t\t\t\t<\/div>\n\t\t\t\t<\/div>\n\t\t\t\t\t<\/div>\n\t\t<\/div>\n\t\t\t\t\t<\/div>\n\t\t<\/section>\n\t\t\t\t<section class=\"elementor-section elementor-top-section elementor-element elementor-element-c28164a elementor-section-boxed elementor-section-height-default elementor-section-height-default\" data-id=\"c28164a\" data-element_type=\"section\" data-e-type=\"section\">\n\t\t\t\t\t\t<div class=\"elementor-container elementor-column-gap-default\">\n\t\t\t\t\t<div class=\"elementor-column elementor-col-50 elementor-top-column elementor-element elementor-element-2c787b6\" data-id=\"2c787b6\" data-element_type=\"column\" data-e-type=\"column\">\n\t\t\t<div class=\"elementor-widget-wrap elementor-element-populated\">\n\t\t\t\t\t\t<div class=\"elementor-element elementor-element-e3291c2 elementor-widget elementor-widget-image\" data-id=\"e3291c2\" data-element_type=\"widget\" data-e-type=\"widget\" data-widget_type=\"image.default\">\n\t\t\t\t<div class=\"elementor-widget-container\">\n\t\t\t\t\t\t\t\t\t\t\t\t\t\t\t<img loading=\"lazy\" decoding=\"async\" width=\"661\" height=\"427\" src=\"https:\/\/www.gruenes-grenzland.net\/wp-content\/uploads\/2024\/02\/Kaft-Rapport-Agiplan-Industrie-werkgelegenheid-en-verkeer-januari-2024.jpg\" class=\"attachment-large size-large wp-image-16119\" alt=\"\" srcset=\"https:\/\/www.gruenes-grenzland.net\/wp-content\/uploads\/2024\/02\/Kaft-Rapport-Agiplan-Industrie-werkgelegenheid-en-verkeer-januari-2024.jpg 661w, https:\/\/www.gruenes-grenzland.net\/wp-content\/uploads\/2024\/02\/Kaft-Rapport-Agiplan-Industrie-werkgelegenheid-en-verkeer-januari-2024-300x194.jpg 300w, https:\/\/www.gruenes-grenzland.net\/wp-content\/uploads\/2024\/02\/Kaft-Rapport-Agiplan-Industrie-werkgelegenheid-en-verkeer-januari-2024-18x12.jpg 18w\" sizes=\"(max-width: 661px) 100vw, 661px\" \/>\t\t\t\t\t\t\t\t\t\t\t\t\t\t\t<\/div>\n\t\t\t\t<\/div>\n\t\t\t\t\t<\/div>\n\t\t<\/div>\n\t\t\t\t<div class=\"elementor-column elementor-col-50 elementor-top-column elementor-element elementor-element-39ba897\" data-id=\"39ba897\" data-element_type=\"column\" data-e-type=\"column\">\n\t\t\t<div class=\"elementor-widget-wrap elementor-element-populated\">\n\t\t\t\t\t\t<div class=\"elementor-element elementor-element-fa11b70 elementor-widget elementor-widget-text-editor\" data-id=\"fa11b70\" data-element_type=\"widget\" data-e-type=\"widget\" data-widget_type=\"text-editor.default\">\n\t\t\t\t<div class=\"elementor-widget-container\">\n\t\t\t\t\t\t\t\t\t<p class=\" translation-block\">Die seit langem erwartete grenz\u00fcberschreitende Studie hat endlich das Licht der Welt erblickt. Der Bericht mit dem Titel \"Auswirkungen und Folgen der Entwicklung des Energie- und Gewerbeparks Elmpt f\u00fcr die umliegenden niederl\u00e4ndischen und deutschen Gemeinden\" wurde von der Gemeinde Niederkr\u00fcchten zusammen mit den benachbarten deutschen und niederl\u00e4ndischen Gemeinden Br\u00fcggen, Schwalmtal, Wegberg, Beesel, Roermond und Roerdalen sowie dem Kreis Viersen erstellt.\n\nDen Bericht \u00fcber \"Gewerbegebiet, Arbeitskr\u00e4fte, Verkehr und Mobilit\u00e4t\" finden Sie\n\n<a href=\"https:\/\/www.niederkruechten.de\/rathaus-buergerservice\/presse-bekanntmachungen\/untersuchungen-zu-den-auswirkungen-des-energie-und\">Hier<\/a><\/p>\t\t\t\t\t\t\t\t<\/div>\n\t\t\t\t<\/div>\n\t\t\t\t\t<\/div>\n\t\t<\/div>\n\t\t\t\t\t<\/div>\n\t\t<\/section>\n\t\t\t\t<section class=\"elementor-section elementor-top-section elementor-element elementor-element-a80e1ae elementor-section-boxed elementor-section-height-default elementor-section-height-default\" data-id=\"a80e1ae\" data-element_type=\"section\" data-e-type=\"section\">\n\t\t\t\t\t\t<div class=\"elementor-container elementor-column-gap-default\">\n\t\t\t\t\t<div class=\"elementor-column elementor-col-100 elementor-top-column elementor-element elementor-element-19cb0dc\" data-id=\"19cb0dc\" data-element_type=\"column\" data-e-type=\"column\">\n\t\t\t<div class=\"elementor-widget-wrap elementor-element-populated\">\n\t\t\t\t\t\t<div class=\"elementor-element elementor-element-fe98269 elementor-widget elementor-widget-text-editor\" data-id=\"fe98269\" data-element_type=\"widget\" data-e-type=\"widget\" data-widget_type=\"text-editor.default\">\n\t\t\t\t<div class=\"elementor-widget-container\">\n\t\t\t\t\t\t\t\t\t<p>Was uns aufgefallen ist<\/p><p class=\" translation-block\">Umwelt und Gr\u00fcnfl\u00e4chen<br>Obwohl Umwelt und Gr\u00fcnfl\u00e4chen kurz angesprochen werden, fehlt es an konkreten Ma\u00dfnahmen zum Schutz der bestehenden biologischen Vielfalt. Das Fehlen von Artenschutz und spezifischen Aktionspunkten ist entt\u00e4uschend.<\/p><p class=\" translation-block\">Mobilit\u00e4t<br>Auch die Mobilit\u00e4tspl\u00e4ne lassen viel zu w\u00fcnschen \u00fcbrig. Zwar wird immer wieder von Multimodularit\u00e4t gesprochen, doch in der Praxis scheint dieser Ansatz nicht umgesetzt zu werden. Der Vorschlag, eine Bahnstrecke \u00fcber Dahlheim zu bauen, st\u00f6\u00dft auf praktische Hindernisse und scheint wirtschaftlich nicht tragf\u00e4hig zu sein. Au\u00dferdem ist die r\u00e4umliche Perspektive, die Niederkr\u00fcchten zwischen den H\u00e4fen von Antwerpen und Duisburg ansiedelt, geradezu naiv.<\/p><p>Das Mobilit\u00e4tskonzept dreht sich um die vier V's: Vermeiden, Vertr\u00e4glich gestalten, Vernetzen und Verlagern. W\u00e4hrend diese Prinzipien theoretisch aufgegriffen werden, fehlt es an der konkreten Umsetzung im Planungsprozess und in der t\u00e4glichen Praxis. Nimmt man sie jedoch ernst, w\u00fcrde das Industriegebiet in die N\u00e4he eines Bahnhofs, eines Hafens und einer Stadt mit ausreichend Arbeitspl\u00e4tzen verlagert werden. Das w\u00fcrde mindestens drei Viertel des Verkehrs vermeiden und die Natur weniger sch\u00e4digen.<\/p>\t\t\t\t\t\t\t\t<\/div>\n\t\t\t\t<\/div>\n\t\t\t\t\t<\/div>\n\t\t<\/div>\n\t\t\t\t\t<\/div>\n\t\t<\/section>\n\t\t\t\t<section class=\"elementor-section elementor-top-section elementor-element elementor-element-85b1c2a elementor-section-boxed elementor-section-height-default elementor-section-height-default\" data-id=\"85b1c2a\" data-element_type=\"section\" data-e-type=\"section\">\n\t\t\t\t\t\t<div class=\"elementor-container elementor-column-gap-default\">\n\t\t\t\t\t<div class=\"elementor-column elementor-col-50 elementor-top-column elementor-element elementor-element-25eca34\" data-id=\"25eca34\" data-element_type=\"column\" data-e-type=\"column\">\n\t\t\t<div class=\"elementor-widget-wrap elementor-element-populated\">\n\t\t\t\t\t\t<div class=\"elementor-element elementor-element-18fe0f8 elementor-widget elementor-widget-image\" data-id=\"18fe0f8\" data-element_type=\"widget\" data-e-type=\"widget\" data-widget_type=\"image.default\">\n\t\t\t\t<div class=\"elementor-widget-container\">\n\t\t\t\t\t\t\t\t\t\t\t\t\t\t\t<img loading=\"lazy\" decoding=\"async\" width=\"513\" height=\"1024\" src=\"https:\/\/www.gruenes-grenzland.net\/wp-content\/uploads\/2024\/02\/DL-15-02-2024-513x1024.jpg\" class=\"attachment-large size-large wp-image-16114\" alt=\"\" srcset=\"https:\/\/www.gruenes-grenzland.net\/wp-content\/uploads\/2024\/02\/DL-15-02-2024-513x1024.jpg 513w, https:\/\/www.gruenes-grenzland.net\/wp-content\/uploads\/2024\/02\/DL-15-02-2024-150x300.jpg 150w, https:\/\/www.gruenes-grenzland.net\/wp-content\/uploads\/2024\/02\/DL-15-02-2024-768x1532.jpg 768w, https:\/\/www.gruenes-grenzland.net\/wp-content\/uploads\/2024\/02\/DL-15-02-2024-770x1536.jpg 770w, https:\/\/www.gruenes-grenzland.net\/wp-content\/uploads\/2024\/02\/DL-15-02-2024-1026x2048.jpg 1026w, https:\/\/www.gruenes-grenzland.net\/wp-content\/uploads\/2024\/02\/DL-15-02-2024-6x12.jpg 6w, https:\/\/www.gruenes-grenzland.net\/wp-content\/uploads\/2024\/02\/DL-15-02-2024.jpg 1250w\" sizes=\"(max-width: 513px) 100vw, 513px\" \/>\t\t\t\t\t\t\t\t\t\t\t\t\t\t\t<\/div>\n\t\t\t\t<\/div>\n\t\t\t\t\t<\/div>\n\t\t<\/div>\n\t\t\t\t<div class=\"elementor-column elementor-col-50 elementor-top-column elementor-element elementor-element-da45bca\" data-id=\"da45bca\" data-element_type=\"column\" data-e-type=\"column\">\n\t\t\t<div class=\"elementor-widget-wrap elementor-element-populated\">\n\t\t\t\t\t\t<div class=\"elementor-element elementor-element-65a2458 elementor-widget elementor-widget-text-editor\" data-id=\"65a2458\" data-element_type=\"widget\" data-e-type=\"widget\" data-widget_type=\"text-editor.default\">\n\t\t\t\t<div class=\"elementor-widget-container\">\n\t\t\t\t\t\t\t\t\t<p class=\" translation-block\">Arbeitsmarkt<br> Der gr\u00f6\u00dfte Engpass besteht auf dem Arbeitsmarkt. Es gibt jedoch keinen konkreten Aktionsplan zur L\u00f6sung dieses Problems. Der zunehmende Mangel an qualifizierten Arbeitskr\u00e4ften, der zum Teil auf die \u00dcberalterung der Bev\u00f6lkerung zur\u00fcckzuf\u00fchren ist, bleibt unbeantwortet. Die Sorge um den Wettbewerb in der Region und die Angst vor dem Scheitern von Projekten bleibt unbeantwortet. Au\u00dferdem wird kaum ein Limburger in dem Gewerbegebiet arbeiten.<\/p><p class=\" translation-block\">Aufsicht<br>Die Aufsichtsverantwortung von Verdion \u00fcber das gesamte Projekt und dessen Nutzung, einschlie\u00dflich der Ausgleichsfl\u00e4chen, erscheint unrealistisch. Es stellt sich die Frage, wer f\u00fcr die Einhaltung dieser Vereinbarungen verantwortlich ist, insbesondere im Hinblick auf die Erf\u00fcllung der Vereinbarungen zur Realisierung der (Natur-)Ausgleichsfl\u00e4chen<\/p><p class=\" translation-block\">Schlussfolgerung<br> Alles in allem bietet der Plan keine konkreten L\u00f6sungen f\u00fcr die festgestellten Probleme. Die Feststellung, da\u00df es keine Alternative zu dem vorgeschlagenen Standort gibt, erscheint verfr\u00fcht und verhindert die Ber\u00fccksichtigung anderer potentieller Standorte.<\/p>\t\t\t\t\t\t\t\t<\/div>\n\t\t\t\t<\/div>\n\t\t\t\t\t<\/div>\n\t\t<\/div>\n\t\t\t\t\t<\/div>\n\t\t<\/section>\n\t\t\t\t<section class=\"elementor-section elementor-top-section elementor-element elementor-element-e3adc7c elementor-section-boxed elementor-section-height-default elementor-section-height-default\" data-id=\"e3adc7c\" data-element_type=\"section\" data-e-type=\"section\">\n\t\t\t\t\t\t<div class=\"elementor-container elementor-column-gap-default\">\n\t\t\t\t\t<div class=\"elementor-column elementor-col-100 elementor-top-column elementor-element elementor-element-63dc40d\" data-id=\"63dc40d\" data-element_type=\"column\" data-e-type=\"column\">\n\t\t\t<div class=\"elementor-widget-wrap elementor-element-populated\">\n\t\t\t\t\t\t<div class=\"elementor-element elementor-element-addb0a5 elementor-widget-divider--view-line elementor-widget elementor-widget-divider\" data-id=\"addb0a5\" data-element_type=\"widget\" data-e-type=\"widget\" data-widget_type=\"divider.default\">\n\t\t\t\t<div class=\"elementor-widget-container\">\n\t\t\t\t\t\t\t<div class=\"elementor-divider\">\n\t\t\t<span class=\"elementor-divider-separator\">\n\t\t\t\t\t\t<\/span>\n\t\t<\/div>\n\t\t\t\t\t\t<\/div>\n\t\t\t\t<\/div>\n\t\t\t\t\t<\/div>\n\t\t<\/div>\n\t\t\t\t\t<\/div>\n\t\t<\/section>\n\t\t\t\t<section class=\"elementor-section elementor-top-section elementor-element elementor-element-3e527e4 elementor-section-boxed elementor-section-height-default elementor-section-height-default\" data-id=\"3e527e4\" data-element_type=\"section\" data-e-type=\"section\" data-settings=\"{&quot;background_background&quot;:&quot;classic&quot;}\">\n\t\t\t\t\t\t<div class=\"elementor-container elementor-column-gap-default\">\n\t\t\t\t\t<div class=\"elementor-column elementor-col-100 elementor-top-column elementor-element elementor-element-a526ad4\" data-id=\"a526ad4\" data-element_type=\"column\" data-e-type=\"column\">\n\t\t\t<div class=\"elementor-widget-wrap elementor-element-populated\">\n\t\t\t\t\t\t<div class=\"elementor-element elementor-element-6c9889d elementor-widget elementor-widget-menu-anchor\" data-id=\"6c9889d\" data-element_type=\"widget\" data-e-type=\"widget\" data-widget_type=\"menu-anchor.default\">\n\t\t\t\t<div class=\"elementor-widget-container\">\n\t\t\t\t\t\t\t<div class=\"elementor-menu-anchor\" id=\"2024-2\"><\/div>\n\t\t\t\t\t\t<\/div>\n\t\t\t\t<\/div>\n\t\t\t\t\t<\/div>\n\t\t<\/div>\n\t\t\t\t\t<\/div>\n\t\t<\/section>\n\t\t\t\t<section class=\"elementor-section elementor-top-section elementor-element elementor-element-2ee6e5e elementor-section-boxed elementor-section-height-default elementor-section-height-default\" data-id=\"2ee6e5e\" data-element_type=\"section\" data-e-type=\"section\" data-settings=\"{&quot;background_background&quot;:&quot;classic&quot;}\">\n\t\t\t\t\t\t<div class=\"elementor-container elementor-column-gap-default\">\n\t\t\t\t\t<div class=\"elementor-column elementor-col-100 elementor-top-column elementor-element elementor-element-65cb8c9\" data-id=\"65cb8c9\" data-element_type=\"column\" data-e-type=\"column\">\n\t\t\t<div class=\"elementor-widget-wrap elementor-element-populated\">\n\t\t\t\t\t\t<div class=\"elementor-element elementor-element-d1cd4cc elementor-widget elementor-widget-text-editor\" data-id=\"d1cd4cc\" data-element_type=\"widget\" data-e-type=\"widget\" data-widget_type=\"text-editor.default\">\n\t\t\t\t<div class=\"elementor-widget-container\">\n\t\t\t\t\t\t\t\t\t<p><strong>Die vergessenen V\u00f6gel im Vogelschutzgebiet Elmpt<\/strong><\/p>\t\t\t\t\t\t\t\t<\/div>\n\t\t\t\t<\/div>\n\t\t\t\t\t<\/div>\n\t\t<\/div>\n\t\t\t\t\t<\/div>\n\t\t<\/section>\n\t\t\t\t<section class=\"elementor-section elementor-top-section elementor-element elementor-element-241125b elementor-section-boxed elementor-section-height-default elementor-section-height-default\" data-id=\"241125b\" data-element_type=\"section\" data-e-type=\"section\" data-settings=\"{&quot;background_background&quot;:&quot;classic&quot;}\">\n\t\t\t\t\t\t<div class=\"elementor-container elementor-column-gap-default\">\n\t\t\t\t\t<div class=\"elementor-column elementor-col-33 elementor-top-column elementor-element elementor-element-223261b\" data-id=\"223261b\" data-element_type=\"column\" data-e-type=\"column\" data-settings=\"{&quot;background_background&quot;:&quot;classic&quot;}\">\n\t\t\t<div class=\"elementor-widget-wrap elementor-element-populated\">\n\t\t\t\t\t\t<div class=\"elementor-element elementor-element-6077056 elementor-widget elementor-widget-image\" data-id=\"6077056\" data-element_type=\"widget\" data-e-type=\"widget\" data-widget_type=\"image.default\">\n\t\t\t\t<div class=\"elementor-widget-container\">\n\t\t\t\t\t\t\t\t\t\t\t\t<figure class=\"wp-caption\">\n\t\t\t\t\t\t\t\t\t\t<img loading=\"lazy\" decoding=\"async\" width=\"768\" height=\"678\" src=\"https:\/\/www.gruenes-grenzland.net\/wp-content\/uploads\/2023\/11\/Boomleeuwerik3-1-3-2022-768x678.jpg\" class=\"attachment-medium_large size-medium_large wp-image-14756\" alt=\"\" srcset=\"https:\/\/www.gruenes-grenzland.net\/wp-content\/uploads\/2023\/11\/Boomleeuwerik3-1-3-2022-768x678.jpg 768w, https:\/\/www.gruenes-grenzland.net\/wp-content\/uploads\/2023\/11\/Boomleeuwerik3-1-3-2022-300x265.jpg 300w, https:\/\/www.gruenes-grenzland.net\/wp-content\/uploads\/2023\/11\/Boomleeuwerik3-1-3-2022-1024x904.jpg 1024w, https:\/\/www.gruenes-grenzland.net\/wp-content\/uploads\/2023\/11\/Boomleeuwerik3-1-3-2022-14x12.jpg 14w, https:\/\/www.gruenes-grenzland.net\/wp-content\/uploads\/2023\/11\/Boomleeuwerik3-1-3-2022.jpg 1280w\" sizes=\"(max-width: 768px) 100vw, 768px\" \/>\t\t\t\t\t\t\t\t\t\t\t<figcaption class=\"widget-image-caption wp-caption-text\">Eine der bedrohten Arten, die Heidelerche (Foto: Anja van Halbeek)<\/figcaption>\n\t\t\t\t\t\t\t\t\t\t<\/figure>\n\t\t\t\t\t\t\t\t\t<\/div>\n\t\t\t\t<\/div>\n\t\t\t\t\t<\/div>\n\t\t<\/div>\n\t\t\t\t<div class=\"elementor-column elementor-col-66 elementor-top-column elementor-element elementor-element-539e246\" data-id=\"539e246\" data-element_type=\"column\" data-e-type=\"column\" data-settings=\"{&quot;background_background&quot;:&quot;classic&quot;}\">\n\t\t\t<div class=\"elementor-widget-wrap elementor-element-populated\">\n\t\t\t\t\t\t<div class=\"elementor-element elementor-element-1081aa8 elementor-widget elementor-widget-image\" data-id=\"1081aa8\" data-element_type=\"widget\" data-e-type=\"widget\" data-widget_type=\"image.default\">\n\t\t\t\t<div class=\"elementor-widget-container\">\n\t\t\t\t\t\t\t\t\t\t\t\t<figure class=\"wp-caption\">\n\t\t\t\t\t\t\t\t\t\t<img loading=\"lazy\" decoding=\"async\" width=\"1024\" height=\"724\" src=\"https:\/\/www.gruenes-grenzland.net\/wp-content\/uploads\/2023\/10\/GrGr-uitbreiding-VSG-en-broedvoegels-1024x724.jpg\" class=\"attachment-large size-large wp-image-15274\" alt=\"\" srcset=\"https:\/\/www.gruenes-grenzland.net\/wp-content\/uploads\/2023\/10\/GrGr-uitbreiding-VSG-en-broedvoegels-1024x724.jpg 1024w, https:\/\/www.gruenes-grenzland.net\/wp-content\/uploads\/2023\/10\/GrGr-uitbreiding-VSG-en-broedvoegels-300x212.jpg 300w, https:\/\/www.gruenes-grenzland.net\/wp-content\/uploads\/2023\/10\/GrGr-uitbreiding-VSG-en-broedvoegels-768x543.jpg 768w, https:\/\/www.gruenes-grenzland.net\/wp-content\/uploads\/2023\/10\/GrGr-uitbreiding-VSG-en-broedvoegels-1536x1086.jpg 1536w, https:\/\/www.gruenes-grenzland.net\/wp-content\/uploads\/2023\/10\/GrGr-uitbreiding-VSG-en-broedvoegels-2048x1448.jpg 2048w, https:\/\/www.gruenes-grenzland.net\/wp-content\/uploads\/2023\/10\/GrGr-uitbreiding-VSG-en-broedvoegels-18x12.jpg 18w\" sizes=\"(max-width: 1024px) 100vw, 1024px\" \/>\t\t\t\t\t\t\t\t\t\t\t<figcaption class=\"widget-image-caption wp-caption-text\">Deutlich sichtbares Vorkommen einer gro\u00dfen Anzahl gef\u00e4hrdeter Arten n\u00f6rdlich des geplanten Vogelschutzgebietes<\/figcaption>\n\t\t\t\t\t\t\t\t\t\t<\/figure>\n\t\t\t\t\t\t\t\t\t<\/div>\n\t\t\t\t<\/div>\n\t\t\t\t\t<\/div>\n\t\t<\/div>\n\t\t\t\t\t<\/div>\n\t\t<\/section>\n\t\t\t\t<section class=\"elementor-section elementor-top-section elementor-element elementor-element-44e6c7d elementor-section-boxed elementor-section-height-default elementor-section-height-default\" data-id=\"44e6c7d\" data-element_type=\"section\" data-e-type=\"section\" data-settings=\"{&quot;background_background&quot;:&quot;classic&quot;}\">\n\t\t\t\t\t\t<div class=\"elementor-container elementor-column-gap-default\">\n\t\t\t\t\t<div class=\"elementor-column elementor-col-100 elementor-top-column elementor-element elementor-element-6337961\" data-id=\"6337961\" data-element_type=\"column\" data-e-type=\"column\">\n\t\t\t<div class=\"elementor-widget-wrap elementor-element-populated\">\n\t\t\t\t\t\t<div class=\"elementor-element elementor-element-a30f9b8 elementor-widget elementor-widget-text-editor\" data-id=\"a30f9b8\" data-element_type=\"widget\" data-e-type=\"widget\" data-widget_type=\"text-editor.default\">\n\t\t\t\t<div class=\"elementor-widget-container\">\n\t\t\t\t\t\t\t\t\t<p>Das Umweltministerium hat endlich (Januar 2024) die seit langem erwarteten Grenzen der Vogelschutzgebiete mit ausf\u00fchrlichen Erl\u00e4uterungen zum Schutzzweck und einer Liste der zu sch\u00fctzenden Vogelarten bekannt gegeben. Diese Grenzen sind von entscheidender Bedeutung f\u00fcr den rechtlichen Status von Vogelschutzgebieten, wobei ein besonderer Schwerpunkt auf dem k\u00fcrzlich \u00fcberarbeiteten Vogelschutzgebiet in Elmpt liegt, das speziell zum Schutz der Vogelpopulation auf dem ehemaligen Flugplatz abgegrenzt und registriert wurde.<\/p><p>Allerdings kommt ein beunruhigendes Element ans Licht. Der n\u00f6rdliche Teil der ehemaligen Start- und Landebahn ist erstaunlicherweise nicht Teil des Vogelschutzgebiets. Aus einer ornithologischen Kartierung aus dem Jahr 2023 geht hervor, dass dieser Teil der Start- und Landebahn tats\u00e4chlich au\u00dfergew\u00f6hnlich wertvolle Vogellebensr\u00e4ume beherbergt. Dies ist ein klarer Fall von falscher und begrenzter Abgrenzung, die den Kern des Schutzzwecks beeintr\u00e4chtigt.<\/p><p>Die speziell in 2023 f\u00fcr die 61. \u00c4nderung des Fl\u00e4chennutzungsplans \"Milit\u00e4rgel\u00e4nde Elmpt\" von Smeets erstellte Brutvogelkartierung zeigt das Vorkommen gro\u00dfer Populationen gef\u00e4hrdeter Vogelarten, darunter Heidelerche, Kolkrabe, Kornweihe, Neunt\u00f6ter, Steinschm\u00e4tzer, Wachtel, Flussuferl\u00e4ufer und Ziegenmelker.<\/p><p>Unsere Bedenken konzentrieren sich auf die nebul\u00f6se Begr\u00fcndung f\u00fcr diese Abgrenzung und das Fehlen von Verbesserungen bei der Gebietsabgrenzung. Es dr\u00e4ngt sich der Verdacht auf, dass wirtschaftliche Interessen, die Realisierung eines Gewerbegebietes und die Errichtung von Windkraftanlagen, die Interessen des Naturschutzes \u00fcberwiegen k\u00f6nnten. Wir haben diese Bedenken in einer dringenden Mitteilung an die LNU (Landesnetz der Naturschutzverb\u00e4nde in NRW) nachdr\u00fccklich vorgetragen und hoffen, dass diese Angelegenheit gr\u00fcndlich untersucht und zum Wohle der Natur und ihrer gefiederten Bewohner korrigiert wird<\/p>\t\t\t\t\t\t\t\t<\/div>\n\t\t\t\t<\/div>\n\t\t\t\t\t<\/div>\n\t\t<\/div>\n\t\t\t\t\t<\/div>\n\t\t<\/section>\n\t\t\t\t<section class=\"elementor-section elementor-top-section elementor-element elementor-element-91e8e5a elementor-section-boxed elementor-section-height-default elementor-section-height-default\" data-id=\"91e8e5a\" data-element_type=\"section\" data-e-type=\"section\">\n\t\t\t\t\t\t<div class=\"elementor-container elementor-column-gap-default\">\n\t\t\t\t\t<div class=\"elementor-column elementor-col-100 elementor-top-column elementor-element elementor-element-c1a6a3a\" data-id=\"c1a6a3a\" data-element_type=\"column\" data-e-type=\"column\">\n\t\t\t<div class=\"elementor-widget-wrap elementor-element-populated\">\n\t\t\t\t\t\t<div class=\"elementor-element elementor-element-4653a1e elementor-widget-divider--view-line elementor-widget elementor-widget-divider\" data-id=\"4653a1e\" data-element_type=\"widget\" data-e-type=\"widget\" data-widget_type=\"divider.default\">\n\t\t\t\t<div class=\"elementor-widget-container\">\n\t\t\t\t\t\t\t<div class=\"elementor-divider\">\n\t\t\t<span class=\"elementor-divider-separator\">\n\t\t\t\t\t\t<\/span>\n\t\t<\/div>\n\t\t\t\t\t\t<\/div>\n\t\t\t\t<\/div>\n\t\t\t\t\t<\/div>\n\t\t<\/div>\n\t\t\t\t\t<\/div>\n\t\t<\/section>\n\t\t\t\t<section class=\"elementor-section elementor-top-section elementor-element elementor-element-a738368 elementor-section-boxed elementor-section-height-default elementor-section-height-default\" data-id=\"a738368\" data-element_type=\"section\" data-e-type=\"section\">\n\t\t\t\t\t\t<div class=\"elementor-container elementor-column-gap-default\">\n\t\t\t\t\t<div class=\"elementor-column elementor-col-100 elementor-top-column elementor-element elementor-element-17be689\" data-id=\"17be689\" data-element_type=\"column\" data-e-type=\"column\">\n\t\t\t<div class=\"elementor-widget-wrap elementor-element-populated\">\n\t\t\t\t\t\t<div class=\"elementor-element elementor-element-b755ba4 elementor-widget elementor-widget-menu-anchor\" data-id=\"b755ba4\" data-element_type=\"widget\" data-e-type=\"widget\" data-widget_type=\"menu-anchor.default\">\n\t\t\t\t<div class=\"elementor-widget-container\">\n\t\t\t\t\t\t\t<div class=\"elementor-menu-anchor\" id=\"2024-1\"><\/div>\n\t\t\t\t\t\t<\/div>\n\t\t\t\t<\/div>\n\t\t\t\t\t<\/div>\n\t\t<\/div>\n\t\t\t\t\t<\/div>\n\t\t<\/section>\n\t\t\t\t<section class=\"elementor-section elementor-top-section elementor-element elementor-element-6dc8f4b elementor-section-boxed elementor-section-height-default elementor-section-height-default\" data-id=\"6dc8f4b\" data-element_type=\"section\" data-e-type=\"section\">\n\t\t\t\t\t\t<div class=\"elementor-container elementor-column-gap-default\">\n\t\t\t\t\t<div class=\"elementor-column elementor-col-100 elementor-top-column elementor-element elementor-element-0cd7194\" data-id=\"0cd7194\" data-element_type=\"column\" data-e-type=\"column\">\n\t\t\t<div class=\"elementor-widget-wrap elementor-element-populated\">\n\t\t\t\t\t\t<div class=\"elementor-element elementor-element-aafaa45 elementor-widget elementor-widget-text-editor\" data-id=\"aafaa45\" data-element_type=\"widget\" data-e-type=\"widget\" data-widget_type=\"text-editor.default\">\n\t\t\t\t<div class=\"elementor-widget-container\">\n\t\t\t\t\t\t\t\t\t<p><strong>Mehr Windkraftanlagen in Niederkr\u00fcchten<br \/><\/strong>Wie eine Landschaft langsam aber sicher \"verspargelt\"<\/p>\t\t\t\t\t\t\t\t<\/div>\n\t\t\t\t<\/div>\n\t\t\t\t\t<\/div>\n\t\t<\/div>\n\t\t\t\t\t<\/div>\n\t\t<\/section>\n\t\t\t\t<section class=\"elementor-section elementor-top-section elementor-element elementor-element-95300a8 elementor-section-boxed elementor-section-height-default elementor-section-height-default\" data-id=\"95300a8\" data-element_type=\"section\" data-e-type=\"section\">\n\t\t\t\t\t\t<div class=\"elementor-container elementor-column-gap-default\">\n\t\t\t\t\t<div class=\"elementor-column elementor-col-33 elementor-top-column elementor-element elementor-element-dcc7710\" data-id=\"dcc7710\" data-element_type=\"column\" data-e-type=\"column\">\n\t\t\t<div class=\"elementor-widget-wrap elementor-element-populated\">\n\t\t\t\t\t\t<div class=\"elementor-element elementor-element-db4a412 elementor-widget elementor-widget-image\" data-id=\"db4a412\" data-element_type=\"widget\" data-e-type=\"widget\" data-widget_type=\"image.default\">\n\t\t\t\t<div class=\"elementor-widget-container\">\n\t\t\t\t\t\t\t\t\t\t\t\t<figure class=\"wp-caption\">\n\t\t\t\t\t\t\t\t\t\t<img loading=\"lazy\" decoding=\"async\" width=\"1024\" height=\"575\" src=\"https:\/\/www.gruenes-grenzland.net\/wp-content\/uploads\/2024\/01\/DJI_0599-windturbines-Oberkruechten-en-Boennensoh-zonder-Dam-1024x575.jpg\" class=\"attachment-large size-large wp-image-14987\" alt=\"\" srcset=\"https:\/\/www.gruenes-grenzland.net\/wp-content\/uploads\/2024\/01\/DJI_0599-windturbines-Oberkruechten-en-Boennensoh-zonder-Dam-1024x575.jpg 1024w, https:\/\/www.gruenes-grenzland.net\/wp-content\/uploads\/2024\/01\/DJI_0599-windturbines-Oberkruechten-en-Boennensoh-zonder-Dam-300x169.jpg 300w, https:\/\/www.gruenes-grenzland.net\/wp-content\/uploads\/2024\/01\/DJI_0599-windturbines-Oberkruechten-en-Boennensoh-zonder-Dam-768x431.jpg 768w, https:\/\/www.gruenes-grenzland.net\/wp-content\/uploads\/2024\/01\/DJI_0599-windturbines-Oberkruechten-en-Boennensoh-zonder-Dam-1536x863.jpg 1536w, https:\/\/www.gruenes-grenzland.net\/wp-content\/uploads\/2024\/01\/DJI_0599-windturbines-Oberkruechten-en-Boennensoh-zonder-Dam-2048x1151.jpg 2048w, https:\/\/www.gruenes-grenzland.net\/wp-content\/uploads\/2024\/01\/DJI_0599-windturbines-Oberkruechten-en-Boennensoh-zonder-Dam-18x10.jpg 18w\" sizes=\"(max-width: 1024px) 100vw, 1024px\" \/>\t\t\t\t\t\t\t\t\t\t\t<figcaption class=\"widget-image-caption wp-caption-text\">Bestehende Situation mit Blick auf die Windkraftanlagen Oberkr\u00fcchten und B\u00f6nnesohl<\/figcaption>\n\t\t\t\t\t\t\t\t\t\t<\/figure>\n\t\t\t\t\t\t\t\t\t<\/div>\n\t\t\t\t<\/div>\n\t\t\t\t\t<\/div>\n\t\t<\/div>\n\t\t\t\t<div class=\"elementor-column elementor-col-33 elementor-top-column elementor-element elementor-element-13e7d07\" data-id=\"13e7d07\" data-element_type=\"column\" data-e-type=\"column\">\n\t\t\t<div class=\"elementor-widget-wrap elementor-element-populated\">\n\t\t\t\t\t\t<div class=\"elementor-element elementor-element-be2a0d3 elementor-widget elementor-widget-image\" data-id=\"be2a0d3\" data-element_type=\"widget\" data-e-type=\"widget\" data-widget_type=\"image.default\">\n\t\t\t\t<div class=\"elementor-widget-container\">\n\t\t\t\t\t\t\t\t\t\t\t\t<figure class=\"wp-caption\">\n\t\t\t\t\t\t\t\t\t\t<img loading=\"lazy\" decoding=\"async\" width=\"1024\" height=\"724\" src=\"https:\/\/www.gruenes-grenzland.net\/wp-content\/uploads\/2024\/01\/Windturbines-Dam-kaart-met-locaties-1024x724.jpg\" class=\"attachment-large size-large wp-image-15022\" alt=\"\" srcset=\"https:\/\/www.gruenes-grenzland.net\/wp-content\/uploads\/2024\/01\/Windturbines-Dam-kaart-met-locaties-1024x724.jpg 1024w, https:\/\/www.gruenes-grenzland.net\/wp-content\/uploads\/2024\/01\/Windturbines-Dam-kaart-met-locaties-300x212.jpg 300w, https:\/\/www.gruenes-grenzland.net\/wp-content\/uploads\/2024\/01\/Windturbines-Dam-kaart-met-locaties-768x543.jpg 768w, https:\/\/www.gruenes-grenzland.net\/wp-content\/uploads\/2024\/01\/Windturbines-Dam-kaart-met-locaties-1536x1086.jpg 1536w, https:\/\/www.gruenes-grenzland.net\/wp-content\/uploads\/2024\/01\/Windturbines-Dam-kaart-met-locaties-2048x1448.jpg 2048w, https:\/\/www.gruenes-grenzland.net\/wp-content\/uploads\/2024\/01\/Windturbines-Dam-kaart-met-locaties-18x12.jpg 18w\" sizes=\"(max-width: 1024px) 100vw, 1024px\" \/>\t\t\t\t\t\t\t\t\t\t\t<figcaption class=\"widget-image-caption wp-caption-text\">Standort der neuen Windturbinen bei Dam in rot dargestellt<\/figcaption>\n\t\t\t\t\t\t\t\t\t\t<\/figure>\n\t\t\t\t\t\t\t\t\t<\/div>\n\t\t\t\t<\/div>\n\t\t\t\t\t<\/div>\n\t\t<\/div>\n\t\t\t\t<div class=\"elementor-column elementor-col-33 elementor-top-column elementor-element elementor-element-7e4e99c\" data-id=\"7e4e99c\" data-element_type=\"column\" data-e-type=\"column\">\n\t\t\t<div class=\"elementor-widget-wrap elementor-element-populated\">\n\t\t\t\t\t\t<div class=\"elementor-element elementor-element-a612bbe elementor-widget elementor-widget-image\" data-id=\"a612bbe\" data-element_type=\"widget\" data-e-type=\"widget\" data-widget_type=\"image.default\">\n\t\t\t\t<div class=\"elementor-widget-container\">\n\t\t\t\t\t\t\t\t\t\t\t\t<figure class=\"wp-caption\">\n\t\t\t\t\t\t\t\t\t\t<img loading=\"lazy\" decoding=\"async\" width=\"1024\" height=\"575\" src=\"https:\/\/www.gruenes-grenzland.net\/wp-content\/uploads\/2024\/01\/DJI_0599-windturbines-Oberkruechten-en-Boennensoh-en-Dam-1024x575.jpg\" class=\"attachment-large size-large wp-image-15011\" alt=\"\" srcset=\"https:\/\/www.gruenes-grenzland.net\/wp-content\/uploads\/2024\/01\/DJI_0599-windturbines-Oberkruechten-en-Boennensoh-en-Dam-1024x575.jpg 1024w, https:\/\/www.gruenes-grenzland.net\/wp-content\/uploads\/2024\/01\/DJI_0599-windturbines-Oberkruechten-en-Boennensoh-en-Dam-300x169.jpg 300w, https:\/\/www.gruenes-grenzland.net\/wp-content\/uploads\/2024\/01\/DJI_0599-windturbines-Oberkruechten-en-Boennensoh-en-Dam-768x431.jpg 768w, https:\/\/www.gruenes-grenzland.net\/wp-content\/uploads\/2024\/01\/DJI_0599-windturbines-Oberkruechten-en-Boennensoh-en-Dam-1536x863.jpg 1536w, https:\/\/www.gruenes-grenzland.net\/wp-content\/uploads\/2024\/01\/DJI_0599-windturbines-Oberkruechten-en-Boennensoh-en-Dam-2048x1151.jpg 2048w, https:\/\/www.gruenes-grenzland.net\/wp-content\/uploads\/2024\/01\/DJI_0599-windturbines-Oberkruechten-en-Boennensoh-en-Dam-18x10.jpg 18w\" sizes=\"(max-width: 1024px) 100vw, 1024px\" \/>\t\t\t\t\t\t\t\t\t\t\t<figcaption class=\"widget-image-caption wp-caption-text\">Geplante Situation mit den beiden neuen Turbinen in wei\u00df gezeichnet<\/figcaption>\n\t\t\t\t\t\t\t\t\t\t<\/figure>\n\t\t\t\t\t\t\t\t\t<\/div>\n\t\t\t\t<\/div>\n\t\t\t\t\t<\/div>\n\t\t<\/div>\n\t\t\t\t\t<\/div>\n\t\t<\/section>\n\t\t\t\t<section class=\"elementor-section elementor-top-section elementor-element elementor-element-91b4788 elementor-section-boxed elementor-section-height-default elementor-section-height-default\" data-id=\"91b4788\" data-element_type=\"section\" data-e-type=\"section\">\n\t\t\t\t\t\t<div class=\"elementor-container elementor-column-gap-default\">\n\t\t\t\t\t<div class=\"elementor-column elementor-col-100 elementor-top-column elementor-element elementor-element-6ff9d8d\" data-id=\"6ff9d8d\" data-element_type=\"column\" data-e-type=\"column\">\n\t\t\t<div class=\"elementor-widget-wrap elementor-element-populated\">\n\t\t\t\t\t\t<div class=\"elementor-element elementor-element-be7194c elementor-widget elementor-widget-text-editor\" data-id=\"be7194c\" data-element_type=\"widget\" data-e-type=\"widget\" data-widget_type=\"text-editor.default\">\n\t\t\t\t<div class=\"elementor-widget-container\">\n\t\t\t\t\t\t\t\t\t<p class=\" translation-block\">Die Pl\u00e4ne f\u00fcr den Bau von zwei neuen Windkraftanlagen in der N\u00e4he von Dam konnten bis zum 5. Januar 2024 im Rathaus von Niederkr\u00fcchten eingesehen werden. Diese werden \u00fcber 200 m hoch sein. Die Anlagen sollen s\u00fcdlich des Gewerbegebiets Dam in der N\u00e4he der Abgrabung Mevissen aufgestellt werden. Gr\u00fcnes Grenzland hat dagegen <a href=\"https:\/\/www.gruenes-grenzland.net\/de\/energiepark-niederkruchten\/\" target=\"_self\">Einspruch <\/a> erhoben, u.a. wegen der negativen Auswirkungen auf Landschaft, Natur und Umwelt. \nDie Gemeinde und der Kreis Viersen legen die Unterlagen f\u00fcr die geplanten Windkraftanlagen nach der Kritik des BUND zum zweiten Mal \u00f6ffentlich aus. Vom 19. Januar bis zum 2. Februar 2024 liegen die Unterlagen im Rathaus und beim Kreis zur \u00f6ffentlichen Einsichtnahme aus.<\/p>\t\t\t\t\t\t\t\t<\/div>\n\t\t\t\t<\/div>\n\t\t\t\t\t<\/div>\n\t\t<\/div>\n\t\t\t\t\t<\/div>\n\t\t<\/section>\n\t\t\t\t<section class=\"elementor-section elementor-top-section elementor-element elementor-element-dc71b86 elementor-section-boxed elementor-section-height-default elementor-section-height-default\" data-id=\"dc71b86\" data-element_type=\"section\" data-e-type=\"section\">\n\t\t\t\t\t\t<div class=\"elementor-container elementor-column-gap-default\">\n\t\t\t\t\t<div class=\"elementor-column elementor-col-100 elementor-top-column elementor-element elementor-element-9b5e353\" data-id=\"9b5e353\" data-element_type=\"column\" data-e-type=\"column\">\n\t\t\t<div class=\"elementor-widget-wrap elementor-element-populated\">\n\t\t\t\t\t\t<div class=\"elementor-element elementor-element-e9f9598 elementor-widget-divider--view-line elementor-widget elementor-widget-divider\" data-id=\"e9f9598\" data-element_type=\"widget\" data-e-type=\"widget\" data-widget_type=\"divider.default\">\n\t\t\t\t<div class=\"elementor-widget-container\">\n\t\t\t\t\t\t\t<div class=\"elementor-divider\">\n\t\t\t<span class=\"elementor-divider-separator\">\n\t\t\t\t\t\t<\/span>\n\t\t<\/div>\n\t\t\t\t\t\t<\/div>\n\t\t\t\t<\/div>\n\t\t\t\t\t<\/div>\n\t\t<\/div>\n\t\t\t\t\t<\/div>\n\t\t<\/section>\n\t\t\t\t<section class=\"elementor-section elementor-top-section elementor-element elementor-element-2ede7e2 elementor-section-boxed elementor-section-height-default elementor-section-height-default\" data-id=\"2ede7e2\" data-element_type=\"section\" data-e-type=\"section\">\n\t\t\t\t\t\t<div class=\"elementor-container elementor-column-gap-default\">\n\t\t\t\t\t<div class=\"elementor-column elementor-col-100 elementor-top-column elementor-element elementor-element-ca57367\" data-id=\"ca57367\" data-element_type=\"column\" data-e-type=\"column\">\n\t\t\t<div class=\"elementor-widget-wrap elementor-element-populated\">\n\t\t\t\t\t\t<div class=\"elementor-element elementor-element-b2ec508 elementor-widget elementor-widget-menu-anchor\" data-id=\"b2ec508\" data-element_type=\"widget\" data-e-type=\"widget\" data-widget_type=\"menu-anchor.default\">\n\t\t\t\t<div class=\"elementor-widget-container\">\n\t\t\t\t\t\t\t<div class=\"elementor-menu-anchor\" id=\"2023-21\"><\/div>\n\t\t\t\t\t\t<\/div>\n\t\t\t\t<\/div>\n\t\t\t\t<div class=\"elementor-element elementor-element-7353032 elementor-widget elementor-widget-text-editor\" data-id=\"7353032\" data-element_type=\"widget\" data-e-type=\"widget\" data-widget_type=\"text-editor.default\">\n\t\t\t\t<div class=\"elementor-widget-container\">\n\t\t\t\t\t\t\t\t\t<p><strong>Zweiter Nationalpark in Nordrhein-Westfalen in der Region Maas-Schwalm-Nette?<\/strong><\/p>\t\t\t\t\t\t\t\t<\/div>\n\t\t\t\t<\/div>\n\t\t\t\t\t<\/div>\n\t\t<\/div>\n\t\t\t\t\t<\/div>\n\t\t<\/section>\n\t\t\t\t<section class=\"elementor-section elementor-top-section elementor-element elementor-element-c87ae1c elementor-section-boxed elementor-section-height-default elementor-section-height-default\" data-id=\"c87ae1c\" data-element_type=\"section\" data-e-type=\"section\">\n\t\t\t\t\t\t<div class=\"elementor-container elementor-column-gap-default\">\n\t\t\t\t\t<div class=\"elementor-column elementor-col-33 elementor-top-column elementor-element elementor-element-a0d2d13\" data-id=\"a0d2d13\" data-element_type=\"column\" data-e-type=\"column\">\n\t\t\t<div class=\"elementor-widget-wrap elementor-element-populated\">\n\t\t\t\t\t\t<div class=\"elementor-element elementor-element-24f4fda elementor-widget elementor-widget-image\" data-id=\"24f4fda\" data-element_type=\"widget\" data-e-type=\"widget\" data-widget_type=\"image.default\">\n\t\t\t\t<div class=\"elementor-widget-container\">\n\t\t\t\t\t\t\t\t\t\t\t\t<figure class=\"wp-caption\">\n\t\t\t\t\t\t\t\t\t\t<img loading=\"lazy\" decoding=\"async\" width=\"559\" height=\"428\" src=\"https:\/\/www.gruenes-grenzland.net\/wp-content\/uploads\/2023\/07\/Nationaalpark-Nieuw-begrenzing-indicatief.jpg\" class=\"attachment-large size-large wp-image-12734\" alt=\"\" srcset=\"https:\/\/www.gruenes-grenzland.net\/wp-content\/uploads\/2023\/07\/Nationaalpark-Nieuw-begrenzing-indicatief.jpg 559w, https:\/\/www.gruenes-grenzland.net\/wp-content\/uploads\/2023\/07\/Nationaalpark-Nieuw-begrenzing-indicatief-300x230.jpg 300w, https:\/\/www.gruenes-grenzland.net\/wp-content\/uploads\/2023\/07\/Nationaalpark-Nieuw-begrenzing-indicatief-16x12.jpg 16w\" sizes=\"(max-width: 559px) 100vw, 559px\" \/>\t\t\t\t\t\t\t\t\t\t\t<figcaption class=\"widget-image-caption wp-caption-text\">Geplante Erweiterung National Park de Meinweg<\/figcaption>\n\t\t\t\t\t\t\t\t\t\t<\/figure>\n\t\t\t\t\t\t\t\t\t<\/div>\n\t\t\t\t<\/div>\n\t\t\t\t\t<\/div>\n\t\t<\/div>\n\t\t\t\t<div class=\"elementor-column elementor-col-33 elementor-top-column elementor-element elementor-element-a15eeaa\" data-id=\"a15eeaa\" data-element_type=\"column\" data-e-type=\"column\">\n\t\t\t<div class=\"elementor-widget-wrap elementor-element-populated\">\n\t\t\t\t\t\t<div class=\"elementor-element elementor-element-045819e elementor-widget elementor-widget-image\" data-id=\"045819e\" data-element_type=\"widget\" data-e-type=\"widget\" data-widget_type=\"image.default\">\n\t\t\t\t<div class=\"elementor-widget-container\">\n\t\t\t\t\t\t\t\t\t\t\t\t<figure class=\"wp-caption\">\n\t\t\t\t\t\t\t\t\t\t<img loading=\"lazy\" decoding=\"async\" width=\"1024\" height=\"925\" src=\"https:\/\/www.gruenes-grenzland.net\/wp-content\/uploads\/2023\/11\/Nachtzwaluw2-14-5-2023-1024x925.jpg\" class=\"attachment-large size-large wp-image-14764\" alt=\"\" srcset=\"https:\/\/www.gruenes-grenzland.net\/wp-content\/uploads\/2023\/11\/Nachtzwaluw2-14-5-2023-1024x925.jpg 1024w, https:\/\/www.gruenes-grenzland.net\/wp-content\/uploads\/2023\/11\/Nachtzwaluw2-14-5-2023-300x271.jpg 300w, https:\/\/www.gruenes-grenzland.net\/wp-content\/uploads\/2023\/11\/Nachtzwaluw2-14-5-2023-768x694.jpg 768w, https:\/\/www.gruenes-grenzland.net\/wp-content\/uploads\/2023\/11\/Nachtzwaluw2-14-5-2023-13x12.jpg 13w, https:\/\/www.gruenes-grenzland.net\/wp-content\/uploads\/2023\/11\/Nachtzwaluw2-14-5-2023.jpg 1280w\" sizes=\"(max-width: 1024px) 100vw, 1024px\" \/>\t\t\t\t\t\t\t\t\t\t\t<figcaption class=\"widget-image-caption wp-caption-text\">Ziegenmelker, charakteristische Art f\u00fcr die Grenzregion<\/figcaption>\n\t\t\t\t\t\t\t\t\t\t<\/figure>\n\t\t\t\t\t\t\t\t\t<\/div>\n\t\t\t\t<\/div>\n\t\t\t\t\t<\/div>\n\t\t<\/div>\n\t\t\t\t<div class=\"elementor-column elementor-col-33 elementor-top-column elementor-element elementor-element-23788c0\" data-id=\"23788c0\" data-element_type=\"column\" data-e-type=\"column\">\n\t\t\t<div class=\"elementor-widget-wrap elementor-element-populated\">\n\t\t\t\t\t\t<div class=\"elementor-element elementor-element-e6c37ed elementor-widget elementor-widget-image\" data-id=\"e6c37ed\" data-element_type=\"widget\" data-e-type=\"widget\" data-widget_type=\"image.default\">\n\t\t\t\t<div class=\"elementor-widget-container\">\n\t\t\t\t\t\t\t\t\t\t\t\t<figure class=\"wp-caption\">\n\t\t\t\t\t\t\t\t\t\t<img loading=\"lazy\" decoding=\"async\" width=\"1024\" height=\"724\" src=\"https:\/\/www.gruenes-grenzland.net\/wp-content\/uploads\/2023\/12\/LB-Elmpterwald-40000-planologie-HHeijnen-1024x724.jpg\" class=\"attachment-large size-large wp-image-14881\" alt=\"\" srcset=\"https:\/\/www.gruenes-grenzland.net\/wp-content\/uploads\/2023\/12\/LB-Elmpterwald-40000-planologie-HHeijnen-1024x724.jpg 1024w, https:\/\/www.gruenes-grenzland.net\/wp-content\/uploads\/2023\/12\/LB-Elmpterwald-40000-planologie-HHeijnen-300x212.jpg 300w, https:\/\/www.gruenes-grenzland.net\/wp-content\/uploads\/2023\/12\/LB-Elmpterwald-40000-planologie-HHeijnen-768x543.jpg 768w, https:\/\/www.gruenes-grenzland.net\/wp-content\/uploads\/2023\/12\/LB-Elmpterwald-40000-planologie-HHeijnen-1536x1086.jpg 1536w, https:\/\/www.gruenes-grenzland.net\/wp-content\/uploads\/2023\/12\/LB-Elmpterwald-40000-planologie-HHeijnen-2048x1448.jpg 2048w, https:\/\/www.gruenes-grenzland.net\/wp-content\/uploads\/2023\/12\/LB-Elmpterwald-40000-planologie-HHeijnen-18x12.jpg 18w\" sizes=\"(max-width: 1024px) 100vw, 1024px\" \/>\t\t\t\t\t\t\t\t\t\t\t<figcaption class=\"widget-image-caption wp-caption-text\">Geplante Erweiterung des Vogelschutzgebiets Schwalm-Nette=-Platte<\/figcaption>\n\t\t\t\t\t\t\t\t\t\t<\/figure>\n\t\t\t\t\t\t\t\t\t<\/div>\n\t\t\t\t<\/div>\n\t\t\t\t\t<\/div>\n\t\t<\/div>\n\t\t\t\t\t<\/div>\n\t\t<\/section>\n\t\t\t\t<section class=\"elementor-section elementor-top-section elementor-element elementor-element-2f163b1 elementor-section-boxed elementor-section-height-default elementor-section-height-default\" data-id=\"2f163b1\" data-element_type=\"section\" data-e-type=\"section\">\n\t\t\t\t\t\t<div class=\"elementor-container elementor-column-gap-default\">\n\t\t\t\t\t<div class=\"elementor-column elementor-col-100 elementor-top-column elementor-element elementor-element-eafd456\" data-id=\"eafd456\" data-element_type=\"column\" data-e-type=\"column\">\n\t\t\t<div class=\"elementor-widget-wrap elementor-element-populated\">\n\t\t\t\t\t\t<div class=\"elementor-element elementor-element-ca46277 elementor-widget elementor-widget-text-editor\" data-id=\"ca46277\" data-element_type=\"widget\" data-e-type=\"widget\" data-widget_type=\"text-editor.default\">\n\t\t\t\t<div class=\"elementor-widget-container\">\n\t\t\t\t\t\t\t\t\t<p>Im Herbst 2023 hat das Land Nordrhein-Westfalen angek\u00fcndigt dass es einen zweiten Nationalpark einrichten will.\nMehr Informationen finden Sie <a href=\"https:\/\/www.land.nrw\/pressemitteilung\/landesregierung-startet-prozess-fuer-zweiten-nationalpark-nordrhein-westfalen\">hier<\/a>.<\/p><p>Wir als Gr\u00fcnes Grenzland sind der Meinung, dass der Grenzpark Maas-Swalm-Nette aus zwei Gr\u00fcnden ein hervorragender Kandidat daf\u00fcr ist. Auf niederl\u00e4ndischem Gebiet soll der Nationalpark De Meinweg erweitert werden, w\u00e4hrend auf dem angrenzenden deutschen Teil das Vogelschutzgebiet Schwalm-Netteplatte vergr\u00f6\u00dfert werden soll. So kann ein gro\u00dfer und vielseitiger grenz\u00fcberschreitender Nationalpark entstehen, der \u00fcber den Nationalpark Maasduinen eine \u00f6kologische Einheit mit dem Reichswald bildet. Wir haben unsere Idee bereits angek\u00fcndigt unter <a href=\"https:\/\/nationalpark.nrw.de\/node\/171\">Nationalpark-Dialog: Ihre Fragen und Ideen f\u00fcr den Reichswald.<\/a>\u00a0<\/p><p>Der NABU hat inzwischen eine Petition \"Natur in NRW jetzt mit einem neuen Nationalpark sch\u00fctzen!\" gestartet, die Sie unterschreiben k\u00f6nnen unter diesem <a href=\"https:\/\/mitmachen.nabu.de\/de\/nationalpark-nrw?utm_source=mail&amp;utm_medium=direktmail&amp;utm_content=calltoaction&amp;utm_campaign=npnrw\">Link<\/a>.<\/p>\t\t\t\t\t\t\t\t<\/div>\n\t\t\t\t<\/div>\n\t\t\t\t\t<\/div>\n\t\t<\/div>\n\t\t\t\t\t<\/div>\n\t\t<\/section>\n\t\t\t\t<section class=\"elementor-section elementor-top-section elementor-element elementor-element-8ea4f63 elementor-section-boxed elementor-section-height-default elementor-section-height-default\" data-id=\"8ea4f63\" data-element_type=\"section\" data-e-type=\"section\">\n\t\t\t\t\t\t<div class=\"elementor-container elementor-column-gap-default\">\n\t\t\t\t\t<div class=\"elementor-column elementor-col-100 elementor-top-column elementor-element elementor-element-4561a19\" data-id=\"4561a19\" data-element_type=\"column\" data-e-type=\"column\">\n\t\t\t<div class=\"elementor-widget-wrap elementor-element-populated\">\n\t\t\t\t\t\t<div class=\"elementor-element elementor-element-27d70d8 elementor-widget-divider--view-line elementor-widget elementor-widget-divider\" data-id=\"27d70d8\" data-element_type=\"widget\" data-e-type=\"widget\" data-widget_type=\"divider.default\">\n\t\t\t\t<div class=\"elementor-widget-container\">\n\t\t\t\t\t\t\t<div class=\"elementor-divider\">\n\t\t\t<span class=\"elementor-divider-separator\">\n\t\t\t\t\t\t<\/span>\n\t\t<\/div>\n\t\t\t\t\t\t<\/div>\n\t\t\t\t<\/div>\n\t\t\t\t<div class=\"elementor-element elementor-element-94ca139 elementor-widget elementor-widget-menu-anchor\" data-id=\"94ca139\" data-element_type=\"widget\" data-e-type=\"widget\" data-widget_type=\"menu-anchor.default\">\n\t\t\t\t<div class=\"elementor-widget-container\">\n\t\t\t\t\t\t\t<div class=\"elementor-menu-anchor\" id=\"2023-20\"><\/div>\n\t\t\t\t\t\t<\/div>\n\t\t\t\t<\/div>\n\t\t\t\t\t<\/div>\n\t\t<\/div>\n\t\t\t\t\t<\/div>\n\t\t<\/section>\n\t\t\t\t<section class=\"elementor-section elementor-top-section elementor-element elementor-element-8f4da82 elementor-section-boxed elementor-section-height-default elementor-section-height-default\" data-id=\"8f4da82\" data-element_type=\"section\" data-e-type=\"section\">\n\t\t\t\t\t\t<div class=\"elementor-container elementor-column-gap-default\">\n\t\t\t\t\t<div class=\"elementor-column elementor-col-100 elementor-top-column elementor-element elementor-element-db24517\" data-id=\"db24517\" data-element_type=\"column\" data-e-type=\"column\">\n\t\t\t<div class=\"elementor-widget-wrap\">\n\t\t\t\t\t\t\t<\/div>\n\t\t<\/div>\n\t\t\t\t\t<\/div>\n\t\t<\/section>\n\t\t\t\t<section class=\"elementor-section elementor-top-section elementor-element elementor-element-d5c8c43 elementor-section-boxed elementor-section-height-default elementor-section-height-default\" data-id=\"d5c8c43\" data-element_type=\"section\" data-e-type=\"section\">\n\t\t\t\t\t\t<div class=\"elementor-container elementor-column-gap-default\">\n\t\t\t\t\t<div class=\"elementor-column elementor-col-100 elementor-top-column elementor-element elementor-element-7959dbf\" data-id=\"7959dbf\" data-element_type=\"column\" data-e-type=\"column\">\n\t\t\t<div class=\"elementor-widget-wrap elementor-element-populated\">\n\t\t\t\t\t\t<div class=\"elementor-element elementor-element-f9cfded elementor-widget elementor-widget-text-editor\" data-id=\"f9cfded\" data-element_type=\"widget\" data-e-type=\"widget\" data-widget_type=\"text-editor.default\">\n\t\t\t\t<div class=\"elementor-widget-container\">\n\t\t\t\t\t\t\t\t\t<p><strong>Entdecken Sie die Pracht besonderer V\u00f6gel!<\/strong><\/p>\t\t\t\t\t\t\t\t<\/div>\n\t\t\t\t<\/div>\n\t\t\t\t\t<\/div>\n\t\t<\/div>\n\t\t\t\t\t<\/div>\n\t\t<\/section>\n\t\t\t\t<section class=\"elementor-section elementor-top-section elementor-element elementor-element-860d822 elementor-section-boxed elementor-section-height-default elementor-section-height-default\" data-id=\"860d822\" data-element_type=\"section\" data-e-type=\"section\">\n\t\t\t\t\t\t<div class=\"elementor-container elementor-column-gap-default\">\n\t\t\t\t\t<div class=\"elementor-column elementor-col-100 elementor-top-column elementor-element elementor-element-99a433c\" data-id=\"99a433c\" data-element_type=\"column\" data-e-type=\"column\">\n\t\t\t<div class=\"elementor-widget-wrap elementor-element-populated\">\n\t\t\t\t\t\t<div class=\"elementor-element elementor-element-68da2ce elementor-widget elementor-widget-text-editor\" data-id=\"68da2ce\" data-element_type=\"widget\" data-e-type=\"widget\" data-widget_type=\"text-editor.default\">\n\t\t\t\t<div class=\"elementor-widget-container\">\n\t\t\t\t\t\t\t\t\t<p>Im November 2023 reagierten f\u00fchrende Naturschutzorganisationen wie BUND, NABU und LNU leidenschaftlich auf die Pl\u00e4ne f\u00fcr ein neues Gewerbegebiet in Elmpt. Durch die geplante \u00c4nderung des Bebauungsplans \"Milit\u00e4rstandort Elmpt\" droht ein einzigartiges St\u00fcck Natur verloren zu gehen. Erfreulicherweise lehnen die genannten Organisationen den Plan ab. <br \/>Warum? Weil es in der Gegend unter anderem wertvolle Brutv\u00f6gel gibt, wahre Schmuckst\u00fccke der Natur! Wir sprechen hier von planungsrelevanten Arten, und um es den Nicht-Vogelkundlern unter uns leichter zu machen, haben wir die bemerkenswertesten davon festgehalten. Vielen Dank an die bekannte Vogelfotografin Anja van Halbeek, die uns diese sch\u00f6nen Fotos zur Verf\u00fcgung gestellt hat.<\/p>\t\t\t\t\t\t\t\t<\/div>\n\t\t\t\t<\/div>\n\t\t\t\t\t<\/div>\n\t\t<\/div>\n\t\t\t\t\t<\/div>\n\t\t<\/section>\n\t\t\t\t<section class=\"elementor-section elementor-top-section elementor-element elementor-element-7fb0ef7 elementor-section-boxed elementor-section-height-default elementor-section-height-default\" data-id=\"7fb0ef7\" data-element_type=\"section\" data-e-type=\"section\">\n\t\t\t\t\t\t<div class=\"elementor-container elementor-column-gap-default\">\n\t\t\t\t\t<div class=\"elementor-column elementor-col-16 elementor-top-column elementor-element elementor-element-8a8a3bd\" data-id=\"8a8a3bd\" data-element_type=\"column\" data-e-type=\"column\">\n\t\t\t<div class=\"elementor-widget-wrap elementor-element-populated\">\n\t\t\t\t\t\t<div class=\"elementor-element elementor-element-aa7acd6 elementor-widget elementor-widget-image\" data-id=\"aa7acd6\" data-element_type=\"widget\" data-e-type=\"widget\" data-widget_type=\"image.default\">\n\t\t\t\t<div class=\"elementor-widget-container\">\n\t\t\t\t\t\t\t\t\t\t\t\t<figure class=\"wp-caption\">\n\t\t\t\t\t\t\t\t\t\t<img loading=\"lazy\" decoding=\"async\" width=\"1024\" height=\"938\" src=\"https:\/\/www.gruenes-grenzland.net\/wp-content\/uploads\/2023\/11\/Boompieper-9-5-2020-1024x938.jpg\" class=\"attachment-large size-large wp-image-14755\" alt=\"\" srcset=\"https:\/\/www.gruenes-grenzland.net\/wp-content\/uploads\/2023\/11\/Boompieper-9-5-2020-1024x938.jpg 1024w, https:\/\/www.gruenes-grenzland.net\/wp-content\/uploads\/2023\/11\/Boompieper-9-5-2020-300x275.jpg 300w, https:\/\/www.gruenes-grenzland.net\/wp-content\/uploads\/2023\/11\/Boompieper-9-5-2020-768x703.jpg 768w, https:\/\/www.gruenes-grenzland.net\/wp-content\/uploads\/2023\/11\/Boompieper-9-5-2020-13x12.jpg 13w, https:\/\/www.gruenes-grenzland.net\/wp-content\/uploads\/2023\/11\/Boompieper-9-5-2020.jpg 1280w\" sizes=\"(max-width: 1024px) 100vw, 1024px\" \/>\t\t\t\t\t\t\t\t\t\t\t<figcaption class=\"widget-image-caption wp-caption-text\">Baumpieper<\/figcaption>\n\t\t\t\t\t\t\t\t\t\t<\/figure>\n\t\t\t\t\t\t\t\t\t<\/div>\n\t\t\t\t<\/div>\n\t\t\t\t\t<\/div>\n\t\t<\/div>\n\t\t\t\t<div class=\"elementor-column elementor-col-16 elementor-top-column elementor-element elementor-element-5eadb49\" data-id=\"5eadb49\" data-element_type=\"column\" data-e-type=\"column\">\n\t\t\t<div class=\"elementor-widget-wrap elementor-element-populated\">\n\t\t\t\t\t\t<div class=\"elementor-element elementor-element-9f9058b elementor-widget elementor-widget-image\" data-id=\"9f9058b\" data-element_type=\"widget\" data-e-type=\"widget\" data-widget_type=\"image.default\">\n\t\t\t\t<div class=\"elementor-widget-container\">\n\t\t\t\t\t\t\t\t\t\t\t\t<figure class=\"wp-caption\">\n\t\t\t\t\t\t\t\t\t\t<img loading=\"lazy\" decoding=\"async\" width=\"1024\" height=\"904\" src=\"https:\/\/www.gruenes-grenzland.net\/wp-content\/uploads\/2023\/11\/Boomleeuwerik3-1-3-2022-1024x904.jpg\" class=\"attachment-large size-large wp-image-14756\" alt=\"\" srcset=\"https:\/\/www.gruenes-grenzland.net\/wp-content\/uploads\/2023\/11\/Boomleeuwerik3-1-3-2022-1024x904.jpg 1024w, https:\/\/www.gruenes-grenzland.net\/wp-content\/uploads\/2023\/11\/Boomleeuwerik3-1-3-2022-300x265.jpg 300w, https:\/\/www.gruenes-grenzland.net\/wp-content\/uploads\/2023\/11\/Boomleeuwerik3-1-3-2022-768x678.jpg 768w, https:\/\/www.gruenes-grenzland.net\/wp-content\/uploads\/2023\/11\/Boomleeuwerik3-1-3-2022-14x12.jpg 14w, https:\/\/www.gruenes-grenzland.net\/wp-content\/uploads\/2023\/11\/Boomleeuwerik3-1-3-2022.jpg 1280w\" sizes=\"(max-width: 1024px) 100vw, 1024px\" \/>\t\t\t\t\t\t\t\t\t\t\t<figcaption class=\"widget-image-caption wp-caption-text\">Heidelerche<\/figcaption>\n\t\t\t\t\t\t\t\t\t\t<\/figure>\n\t\t\t\t\t\t\t\t\t<\/div>\n\t\t\t\t<\/div>\n\t\t\t\t\t<\/div>\n\t\t<\/div>\n\t\t\t\t<div class=\"elementor-column elementor-col-16 elementor-top-column elementor-element elementor-element-179956c\" data-id=\"179956c\" data-element_type=\"column\" data-e-type=\"column\">\n\t\t\t<div class=\"elementor-widget-wrap elementor-element-populated\">\n\t\t\t\t\t\t<div class=\"elementor-element elementor-element-f2eb382 elementor-widget elementor-widget-image\" data-id=\"f2eb382\" data-element_type=\"widget\" data-e-type=\"widget\" data-widget_type=\"image.default\">\n\t\t\t\t<div class=\"elementor-widget-container\">\n\t\t\t\t\t\t\t\t\t\t\t\t<figure class=\"wp-caption\">\n\t\t\t\t\t\t\t\t\t\t<img loading=\"lazy\" decoding=\"async\" width=\"1024\" height=\"878\" src=\"https:\/\/www.gruenes-grenzland.net\/wp-content\/uploads\/2023\/11\/Gekraagde-roodstaart20-3-5-2023-1024x878.jpg\" class=\"attachment-large size-large wp-image-14763\" alt=\"\" srcset=\"https:\/\/www.gruenes-grenzland.net\/wp-content\/uploads\/2023\/11\/Gekraagde-roodstaart20-3-5-2023-1024x878.jpg 1024w, https:\/\/www.gruenes-grenzland.net\/wp-content\/uploads\/2023\/11\/Gekraagde-roodstaart20-3-5-2023-300x257.jpg 300w, https:\/\/www.gruenes-grenzland.net\/wp-content\/uploads\/2023\/11\/Gekraagde-roodstaart20-3-5-2023-768x658.jpg 768w, https:\/\/www.gruenes-grenzland.net\/wp-content\/uploads\/2023\/11\/Gekraagde-roodstaart20-3-5-2023-14x12.jpg 14w, https:\/\/www.gruenes-grenzland.net\/wp-content\/uploads\/2023\/11\/Gekraagde-roodstaart20-3-5-2023.jpg 1280w\" sizes=\"(max-width: 1024px) 100vw, 1024px\" \/>\t\t\t\t\t\t\t\t\t\t\t<figcaption class=\"widget-image-caption wp-caption-text\">Gartenrotschwanz<\/figcaption>\n\t\t\t\t\t\t\t\t\t\t<\/figure>\n\t\t\t\t\t\t\t\t\t<\/div>\n\t\t\t\t<\/div>\n\t\t\t\t\t<\/div>\n\t\t<\/div>\n\t\t\t\t<div class=\"elementor-column elementor-col-16 elementor-top-column elementor-element elementor-element-5b55220\" data-id=\"5b55220\" data-element_type=\"column\" data-e-type=\"column\">\n\t\t\t<div class=\"elementor-widget-wrap elementor-element-populated\">\n\t\t\t\t\t\t<div class=\"elementor-element elementor-element-1154935 elementor-widget elementor-widget-image\" data-id=\"1154935\" data-element_type=\"widget\" data-e-type=\"widget\" data-widget_type=\"image.default\">\n\t\t\t\t<div class=\"elementor-widget-container\">\n\t\t\t\t\t\t\t\t\t\t\t\t<figure class=\"wp-caption\">\n\t\t\t\t\t\t\t\t\t\t<img loading=\"lazy\" decoding=\"async\" width=\"1024\" height=\"925\" src=\"https:\/\/www.gruenes-grenzland.net\/wp-content\/uploads\/2023\/11\/Nachtzwaluw2-14-5-2023-1024x925.jpg\" class=\"attachment-large size-large wp-image-14764\" alt=\"\" srcset=\"https:\/\/www.gruenes-grenzland.net\/wp-content\/uploads\/2023\/11\/Nachtzwaluw2-14-5-2023-1024x925.jpg 1024w, https:\/\/www.gruenes-grenzland.net\/wp-content\/uploads\/2023\/11\/Nachtzwaluw2-14-5-2023-300x271.jpg 300w, https:\/\/www.gruenes-grenzland.net\/wp-content\/uploads\/2023\/11\/Nachtzwaluw2-14-5-2023-768x694.jpg 768w, https:\/\/www.gruenes-grenzland.net\/wp-content\/uploads\/2023\/11\/Nachtzwaluw2-14-5-2023-13x12.jpg 13w, https:\/\/www.gruenes-grenzland.net\/wp-content\/uploads\/2023\/11\/Nachtzwaluw2-14-5-2023.jpg 1280w\" sizes=\"(max-width: 1024px) 100vw, 1024px\" \/>\t\t\t\t\t\t\t\t\t\t\t<figcaption class=\"widget-image-caption wp-caption-text\">Ziegenmelker<\/figcaption>\n\t\t\t\t\t\t\t\t\t\t<\/figure>\n\t\t\t\t\t\t\t\t\t<\/div>\n\t\t\t\t<\/div>\n\t\t\t\t\t<\/div>\n\t\t<\/div>\n\t\t\t\t<div class=\"elementor-column elementor-col-16 elementor-top-column elementor-element elementor-element-baa0f74\" data-id=\"baa0f74\" data-element_type=\"column\" data-e-type=\"column\">\n\t\t\t<div class=\"elementor-widget-wrap elementor-element-populated\">\n\t\t\t\t\t\t<div class=\"elementor-element elementor-element-52ccbc9 elementor-widget elementor-widget-image\" data-id=\"52ccbc9\" data-element_type=\"widget\" data-e-type=\"widget\" data-widget_type=\"image.default\">\n\t\t\t\t<div class=\"elementor-widget-container\">\n\t\t\t\t\t\t\t\t\t\t\t\t<figure class=\"wp-caption\">\n\t\t\t\t\t\t\t\t\t\t<img loading=\"lazy\" decoding=\"async\" width=\"1024\" height=\"954\" src=\"https:\/\/www.gruenes-grenzland.net\/wp-content\/uploads\/2023\/11\/Oehoe-Meinweggebied4-7-2-20-20-1024x954.jpg\" class=\"attachment-large size-large wp-image-14768\" alt=\"\" srcset=\"https:\/\/www.gruenes-grenzland.net\/wp-content\/uploads\/2023\/11\/Oehoe-Meinweggebied4-7-2-20-20-1024x954.jpg 1024w, https:\/\/www.gruenes-grenzland.net\/wp-content\/uploads\/2023\/11\/Oehoe-Meinweggebied4-7-2-20-20-300x280.jpg 300w, https:\/\/www.gruenes-grenzland.net\/wp-content\/uploads\/2023\/11\/Oehoe-Meinweggebied4-7-2-20-20-768x716.jpg 768w, https:\/\/www.gruenes-grenzland.net\/wp-content\/uploads\/2023\/11\/Oehoe-Meinweggebied4-7-2-20-20-13x12.jpg 13w, https:\/\/www.gruenes-grenzland.net\/wp-content\/uploads\/2023\/11\/Oehoe-Meinweggebied4-7-2-20-20.jpg 1280w\" sizes=\"(max-width: 1024px) 100vw, 1024px\" \/>\t\t\t\t\t\t\t\t\t\t\t<figcaption class=\"widget-image-caption wp-caption-text\">Uhu<\/figcaption>\n\t\t\t\t\t\t\t\t\t\t<\/figure>\n\t\t\t\t\t\t\t\t\t<\/div>\n\t\t\t\t<\/div>\n\t\t\t\t\t<\/div>\n\t\t<\/div>\n\t\t\t\t<div class=\"elementor-column elementor-col-16 elementor-top-column elementor-element elementor-element-d47bec2\" data-id=\"d47bec2\" data-element_type=\"column\" data-e-type=\"column\">\n\t\t\t<div class=\"elementor-widget-wrap elementor-element-populated\">\n\t\t\t\t\t\t<div class=\"elementor-element elementor-element-b3c55c9 elementor-widget elementor-widget-image\" data-id=\"b3c55c9\" data-element_type=\"widget\" data-e-type=\"widget\" data-widget_type=\"image.default\">\n\t\t\t\t<div class=\"elementor-widget-container\">\n\t\t\t\t\t\t\t\t\t\t\t\t<figure class=\"wp-caption\">\n\t\t\t\t\t\t\t\t\t\t<img loading=\"lazy\" decoding=\"async\" width=\"1024\" height=\"983\" src=\"https:\/\/www.gruenes-grenzland.net\/wp-content\/uploads\/2023\/11\/Roodborsttapuit2-29-5-2022-1024x983.jpg\" class=\"attachment-large size-large wp-image-14772\" alt=\"\" srcset=\"https:\/\/www.gruenes-grenzland.net\/wp-content\/uploads\/2023\/11\/Roodborsttapuit2-29-5-2022-1024x983.jpg 1024w, https:\/\/www.gruenes-grenzland.net\/wp-content\/uploads\/2023\/11\/Roodborsttapuit2-29-5-2022-300x288.jpg 300w, https:\/\/www.gruenes-grenzland.net\/wp-content\/uploads\/2023\/11\/Roodborsttapuit2-29-5-2022-768x737.jpg 768w, https:\/\/www.gruenes-grenzland.net\/wp-content\/uploads\/2023\/11\/Roodborsttapuit2-29-5-2022-12x12.jpg 12w, https:\/\/www.gruenes-grenzland.net\/wp-content\/uploads\/2023\/11\/Roodborsttapuit2-29-5-2022.jpg 1280w\" sizes=\"(max-width: 1024px) 100vw, 1024px\" \/>\t\t\t\t\t\t\t\t\t\t\t<figcaption class=\"widget-image-caption wp-caption-text\">schwarzkehlchen<\/figcaption>\n\t\t\t\t\t\t\t\t\t\t<\/figure>\n\t\t\t\t\t\t\t\t\t<\/div>\n\t\t\t\t<\/div>\n\t\t\t\t\t<\/div>\n\t\t<\/div>\n\t\t\t\t\t<\/div>\n\t\t<\/section>\n\t\t\t\t<section class=\"elementor-section elementor-top-section elementor-element elementor-element-3f8a51a elementor-section-boxed elementor-section-height-default elementor-section-height-default\" data-id=\"3f8a51a\" data-element_type=\"section\" data-e-type=\"section\">\n\t\t\t\t\t\t<div class=\"elementor-container elementor-column-gap-default\">\n\t\t\t\t\t<div class=\"elementor-column elementor-col-100 elementor-top-column elementor-element elementor-element-d0788be\" data-id=\"d0788be\" data-element_type=\"column\" data-e-type=\"column\">\n\t\t\t<div class=\"elementor-widget-wrap elementor-element-populated\">\n\t\t\t\t\t\t<div class=\"elementor-element elementor-element-da8f61e elementor-widget elementor-widget-text-editor\" data-id=\"da8f61e\" data-element_type=\"widget\" data-e-type=\"widget\" data-widget_type=\"text-editor.default\">\n\t\t\t\t<div class=\"elementor-widget-container\">\n\t\t\t\t\t\t\t\t\t<p>Es handelt sich nicht um irgendwelche V\u00f6gel, sondern um Sch\u00e4tze, die unser Gebiet bereichern. Naturschutzorganisationen betonen die immensen Auswirkungen, die die Pl\u00e4ne auf diese wertvollen Brutv\u00f6gel haben k\u00f6nnten. <br \/>Dabei geht es nicht um alle V\u00f6gel in diesem Gebiet, sondern nur um die Arten, die aus Sicht des Artenschutzes von besonderem Interesse sind. M\u00f6chten Sie einen vollst\u00e4ndigen \u00dcberblick \u00fcber dieses Thema erhalten? Lesen Sie die Einzelheiten \u00fcber diesen <a href=\"https:\/\/www.gruenes-grenzland.net\/wp-content\/uploads\/2023\/11\/NaturschutzVB-STN_61_Aend_FNP_Niederkruechten_fin-website.pdf\">Link<\/a>.<\/p>\t\t\t\t\t\t\t\t<\/div>\n\t\t\t\t<\/div>\n\t\t\t\t\t<\/div>\n\t\t<\/div>\n\t\t\t\t\t<\/div>\n\t\t<\/section>\n\t\t\t\t<section class=\"elementor-section elementor-top-section elementor-element elementor-element-08abe7c elementor-section-boxed elementor-section-height-default elementor-section-height-default\" data-id=\"08abe7c\" data-element_type=\"section\" data-e-type=\"section\">\n\t\t\t\t\t\t<div class=\"elementor-container elementor-column-gap-default\">\n\t\t\t\t\t<div class=\"elementor-column elementor-col-100 elementor-top-column elementor-element elementor-element-97477c5\" data-id=\"97477c5\" data-element_type=\"column\" data-e-type=\"column\">\n\t\t\t<div class=\"elementor-widget-wrap elementor-element-populated\">\n\t\t\t\t\t\t<div class=\"elementor-element elementor-element-199e3bc elementor-widget-divider--view-line elementor-widget elementor-widget-divider\" data-id=\"199e3bc\" data-element_type=\"widget\" data-e-type=\"widget\" data-widget_type=\"divider.default\">\n\t\t\t\t<div class=\"elementor-widget-container\">\n\t\t\t\t\t\t\t<div class=\"elementor-divider\">\n\t\t\t<span class=\"elementor-divider-separator\">\n\t\t\t\t\t\t<\/span>\n\t\t<\/div>\n\t\t\t\t\t\t<\/div>\n\t\t\t\t<\/div>\n\t\t\t\t\t<\/div>\n\t\t<\/div>\n\t\t\t\t\t<\/div>\n\t\t<\/section>\n\t\t\t\t<section class=\"elementor-section elementor-top-section elementor-element elementor-element-7171f1e elementor-section-boxed elementor-section-height-default elementor-section-height-default\" data-id=\"7171f1e\" data-element_type=\"section\" data-e-type=\"section\">\n\t\t\t\t\t\t<div class=\"elementor-container elementor-column-gap-default\">\n\t\t\t\t\t<div class=\"elementor-column elementor-col-100 elementor-top-column elementor-element elementor-element-c918dc1\" data-id=\"c918dc1\" data-element_type=\"column\" data-e-type=\"column\">\n\t\t\t<div class=\"elementor-widget-wrap elementor-element-populated\">\n\t\t\t\t\t\t<div class=\"elementor-element elementor-element-5f98a36 elementor-widget elementor-widget-menu-anchor\" data-id=\"5f98a36\" data-element_type=\"widget\" data-e-type=\"widget\" data-widget_type=\"menu-anchor.default\">\n\t\t\t\t<div class=\"elementor-widget-container\">\n\t\t\t\t\t\t\t<div class=\"elementor-menu-anchor\" id=\"2023-19\"><\/div>\n\t\t\t\t\t\t<\/div>\n\t\t\t\t<\/div>\n\t\t\t\t\t<\/div>\n\t\t<\/div>\n\t\t\t\t\t<\/div>\n\t\t<\/section>\n\t\t\t\t<section class=\"elementor-section elementor-top-section elementor-element elementor-element-67cb38f elementor-section-boxed elementor-section-height-default elementor-section-height-default\" data-id=\"67cb38f\" data-element_type=\"section\" data-e-type=\"section\">\n\t\t\t\t\t\t<div class=\"elementor-container elementor-column-gap-default\">\n\t\t\t\t\t<div class=\"elementor-column elementor-col-100 elementor-top-column elementor-element elementor-element-0138eda\" data-id=\"0138eda\" data-element_type=\"column\" data-e-type=\"column\">\n\t\t\t<div class=\"elementor-widget-wrap elementor-element-populated\">\n\t\t\t\t\t\t<div class=\"elementor-element elementor-element-089a3a2 elementor-widget elementor-widget-text-editor\" data-id=\"089a3a2\" data-element_type=\"widget\" data-e-type=\"widget\" data-widget_type=\"text-editor.default\">\n\t\t\t\t<div class=\"elementor-widget-container\">\n\t\t\t\t\t\t\t\t\t<p><strong>Wolfsplateau von gro\u00dfer Bedeutung f\u00fcr G\u00e4nse<\/strong><\/p>\t\t\t\t\t\t\t\t<\/div>\n\t\t\t\t<\/div>\n\t\t\t\t\t<\/div>\n\t\t<\/div>\n\t\t\t\t\t<\/div>\n\t\t<\/section>\n\t\t\t\t<section class=\"elementor-section elementor-top-section elementor-element elementor-element-9a56eb6 elementor-section-boxed elementor-section-height-default elementor-section-height-default\" data-id=\"9a56eb6\" data-element_type=\"section\" data-e-type=\"section\">\n\t\t\t\t\t\t<div class=\"elementor-container elementor-column-gap-default\">\n\t\t\t\t\t<div class=\"elementor-column elementor-col-50 elementor-top-column elementor-element elementor-element-b78de68\" data-id=\"b78de68\" data-element_type=\"column\" data-e-type=\"column\">\n\t\t\t<div class=\"elementor-widget-wrap elementor-element-populated\">\n\t\t\t\t\t\t<div class=\"elementor-element elementor-element-253c591 elementor-widget elementor-widget-text-editor\" data-id=\"253c591\" data-element_type=\"widget\" data-e-type=\"widget\" data-widget_type=\"text-editor.default\">\n\t\t\t\t<div class=\"elementor-widget-container\">\n\t\t\t\t\t\t\t\t\t<p>Das Wolfsplateau in der N\u00e4he des ehemaligen Flughafens Elmpt scheint f\u00fcr G\u00e4nse eine entscheidende Rolle zu spielen, wie j\u00fcngste Untersuchungen von STICHTING KOEKELOERE zeigen. Die Ergebnisse dieser Forschung wurden auf der Ecotop am 25. November 2023 in Herkenbosch vorgestellt.<\/p>\n<p>De aanwezige Kolganzen op het Wolfsplateau maken deel uit van een grotere wintergroep die het Maasplassengebied (Hanssum Neer, Asseltse Plassen, uiterwaarden Swalm bij Rijkel en Wieler), Meerlebroek Beesel, L\u00fcsekamp Niederkr\u00fcchten, en het noordelijk deel van het Roerdal beslaat. De Asseltse Plassen en Hanssum fungeren als slaapplaats, terwijl alle gebieden samen dienen als dagelijks foerageergebied. Op basis van gecombineerde gegevens van waarneming.nl zijn er &#8217;s winters gemiddeld 2500-3000 Kolganzen in dit uitgestrekte gebied aanwezig.<\/p>\n<p>De groep Toendraganzen op het Wolfsplateau maakt afwisselend gebruik van akkers rondom Asselt, Rijkel, Wieler en Buggenum, evenals het gehele landbouwgebied tussen Swalmen en Reuver, de akkers in het noordelijk deel van het Roerdal, en soms ook van akkers op Duits grondgebied in de aangrenzende Kreis Heinsberg. De Asseltse Plassen en het Zwaarveld bij Neer fungeren als slaapplaats. In dit uitgestrekte gebied zijn &#8217;s winters gemiddeld 1000-2000 Toendrarietganzen aanwezig, volgens gecombineerde data uit waarneming.nl.<\/p>\n<p>Nach Ansicht der Forscher der Koekeloere-Stiftung ist die \"m\u00f6gliche\" Bindung von Bl\u00e4ss- und Tundrasaatg\u00e4nsen an das Wolfsplateau mehr als hinreichend belegt. Die Schlussfolgerung ist eindeutig: Die Aufstellung von Windkraftanlagen und\/oder Solarparks auf den Feldern w\u00fcrde das endg\u00fcltige Aus f\u00fcr das Wolfsplateau als regional bedeutendes \u00dcberwinterungsgebiet f\u00fcr G\u00e4nse bedeuten.<\/p>\n<p>Als Gr\u00fcnes Grenzland sind wir der Meinung, dass die Ergebnisse dieser Studie auf jeden Fall ber\u00fccksichtigt werden sollten, wenn es darum geht, die Position zur m\u00f6glichen Aufstellung von Windkraftanlagen auf dem angrenzenden ehemaligen Flughafen in Elmpt zu bestimmen. Es liegt auf der Hand, dass das Wolfsplateau durch die Anlagen f\u00fcr G\u00e4nse aus n\u00f6rdlicheren Gebieten wie Meerlebroek unerreichbar wird.<\/p>\t\t\t\t\t\t\t\t<\/div>\n\t\t\t\t<\/div>\n\t\t\t\t\t<\/div>\n\t\t<\/div>\n\t\t\t\t<div class=\"elementor-column elementor-col-50 elementor-top-column elementor-element elementor-element-fc7d547\" data-id=\"fc7d547\" data-element_type=\"column\" data-e-type=\"column\">\n\t\t\t<div class=\"elementor-widget-wrap elementor-element-populated\">\n\t\t\t\t\t\t<div class=\"elementor-element elementor-element-dfb79c6 elementor-widget elementor-widget-image\" data-id=\"dfb79c6\" data-element_type=\"widget\" data-e-type=\"widget\" data-widget_type=\"image.default\">\n\t\t\t\t<div class=\"elementor-widget-container\">\n\t\t\t\t\t\t\t\t\t\t\t\t<figure class=\"wp-caption\">\n\t\t\t\t\t\t\t\t\t\t<img loading=\"lazy\" decoding=\"async\" width=\"505\" height=\"620\" src=\"https:\/\/www.gruenes-grenzland.net\/wp-content\/uploads\/2023\/11\/Wolfsplateau-crop.jpg\" class=\"attachment-large size-large wp-image-14804\" alt=\"\" srcset=\"https:\/\/www.gruenes-grenzland.net\/wp-content\/uploads\/2023\/11\/Wolfsplateau-crop.jpg 505w, https:\/\/www.gruenes-grenzland.net\/wp-content\/uploads\/2023\/11\/Wolfsplateau-crop-244x300.jpg 244w, https:\/\/www.gruenes-grenzland.net\/wp-content\/uploads\/2023\/11\/Wolfsplateau-crop-10x12.jpg 10w\" sizes=\"(max-width: 505px) 100vw, 505px\" \/>\t\t\t\t\t\t\t\t\t\t\t<figcaption class=\"widget-image-caption wp-caption-text\">Wolfsplateau von gro\u00dfer Bedeutung f\u00fcr nahrungssuchende G\u00e4nse<\/figcaption>\n\t\t\t\t\t\t\t\t\t\t<\/figure>\n\t\t\t\t\t\t\t\t\t<\/div>\n\t\t\t\t<\/div>\n\t\t\t\t\t<\/div>\n\t\t<\/div>\n\t\t\t\t\t<\/div>\n\t\t<\/section>\n\t\t\t\t<section class=\"elementor-section elementor-top-section elementor-element elementor-element-a4fb3f5 elementor-section-boxed elementor-section-height-default elementor-section-height-default\" data-id=\"a4fb3f5\" data-element_type=\"section\" data-e-type=\"section\">\n\t\t\t\t\t\t<div class=\"elementor-container elementor-column-gap-default\">\n\t\t\t\t\t<div class=\"elementor-column elementor-col-100 elementor-top-column elementor-element elementor-element-44e52b0\" data-id=\"44e52b0\" data-element_type=\"column\" data-e-type=\"column\">\n\t\t\t<div class=\"elementor-widget-wrap elementor-element-populated\">\n\t\t\t\t\t\t<div class=\"elementor-element elementor-element-f0259df elementor-widget-divider--view-line elementor-widget elementor-widget-divider\" data-id=\"f0259df\" data-element_type=\"widget\" data-e-type=\"widget\" data-widget_type=\"divider.default\">\n\t\t\t\t<div class=\"elementor-widget-container\">\n\t\t\t\t\t\t\t<div class=\"elementor-divider\">\n\t\t\t<span class=\"elementor-divider-separator\">\n\t\t\t\t\t\t<\/span>\n\t\t<\/div>\n\t\t\t\t\t\t<\/div>\n\t\t\t\t<\/div>\n\t\t\t\t\t<\/div>\n\t\t<\/div>\n\t\t\t\t\t<\/div>\n\t\t<\/section>\n\t\t\t\t<section class=\"elementor-section elementor-top-section elementor-element elementor-element-1c30e42 elementor-section-boxed elementor-section-height-default elementor-section-height-default\" data-id=\"1c30e42\" data-element_type=\"section\" data-e-type=\"section\">\n\t\t\t\t\t\t<div class=\"elementor-container elementor-column-gap-default\">\n\t\t\t\t\t<div class=\"elementor-column elementor-col-100 elementor-top-column elementor-element elementor-element-487771f\" data-id=\"487771f\" data-element_type=\"column\" data-e-type=\"column\">\n\t\t\t<div class=\"elementor-widget-wrap elementor-element-populated\">\n\t\t\t\t\t\t<div class=\"elementor-element elementor-element-501c1fb elementor-widget elementor-widget-menu-anchor\" data-id=\"501c1fb\" data-element_type=\"widget\" data-e-type=\"widget\" data-widget_type=\"menu-anchor.default\">\n\t\t\t\t<div class=\"elementor-widget-container\">\n\t\t\t\t\t\t\t<div class=\"elementor-menu-anchor\" id=\"2023-18\"><\/div>\n\t\t\t\t\t\t<\/div>\n\t\t\t\t<\/div>\n\t\t\t\t\t<\/div>\n\t\t<\/div>\n\t\t\t\t\t<\/div>\n\t\t<\/section>\n\t\t\t\t<section class=\"elementor-section elementor-top-section elementor-element elementor-element-66ad0c3 elementor-section-boxed elementor-section-height-default elementor-section-height-default\" data-id=\"66ad0c3\" data-element_type=\"section\" data-e-type=\"section\">\n\t\t\t\t\t\t<div class=\"elementor-container elementor-column-gap-default\">\n\t\t\t\t\t<div class=\"elementor-column elementor-col-100 elementor-top-column elementor-element elementor-element-223eec4\" data-id=\"223eec4\" data-element_type=\"column\" data-e-type=\"column\">\n\t\t\t<div class=\"elementor-widget-wrap elementor-element-populated\">\n\t\t\t\t\t\t<div class=\"elementor-element elementor-element-7eeb766 elementor-widget elementor-widget-text-editor\" data-id=\"7eeb766\" data-element_type=\"widget\" data-e-type=\"widget\" data-widget_type=\"text-editor.default\">\n\t\t\t\t<div class=\"elementor-widget-container\">\n\t\t\t\t\t\t\t\t\t<p><strong>Meinweg \u00d6kotop<\/strong><\/p>\t\t\t\t\t\t\t\t<\/div>\n\t\t\t\t<\/div>\n\t\t\t\t\t<\/div>\n\t\t<\/div>\n\t\t\t\t\t<\/div>\n\t\t<\/section>\n\t\t\t\t<section class=\"elementor-section elementor-top-section elementor-element elementor-element-d9cd778 elementor-section-boxed elementor-section-height-default elementor-section-height-default\" data-id=\"d9cd778\" data-element_type=\"section\" data-e-type=\"section\">\n\t\t\t\t\t\t<div class=\"elementor-container elementor-column-gap-default\">\n\t\t\t\t\t<div class=\"elementor-column elementor-col-50 elementor-top-column elementor-element elementor-element-e7af75b\" data-id=\"e7af75b\" data-element_type=\"column\" data-e-type=\"column\">\n\t\t\t<div class=\"elementor-widget-wrap elementor-element-populated\">\n\t\t\t\t\t\t<div class=\"elementor-element elementor-element-b8f1762 elementor-widget elementor-widget-text-editor\" data-id=\"b8f1762\" data-element_type=\"widget\" data-e-type=\"widget\" data-widget_type=\"text-editor.default\">\n\t\t\t\t<div class=\"elementor-widget-container\">\n\t\t\t\t\t\t\t\t\t<p class=\"mobile-undersized-upper\">Am Samstag, den 25. November 2023, findet zum 15. Mal das Meinweg Ecotop, das Natursymposium f\u00fcr und \u00fcber die Grenzregion Mittellimburg, statt. W\u00e4hrend dieses Symposiums werden deutsche und niederl\u00e4ndische Feldbiologen die Ergebnisse ihrer Untersuchungen in dieser Region vorstellen.<br \/>Het thema van de Meinweg Ecotop 2023 is: Vogels in de grensstreek, verrassende zomer- en wintergasten.\u00a0<br \/><span style=\"background-color: var(--ast-global-color-4); color: var(--ast-global-color-3); font-style: inherit; font-weight: inherit;\">Der diesj\u00e4hrige Ecotop findet im Schloss Daelenbroeck, Kasteellaan 2, 6075 EZ Herkenbosch, statt. Zeit: 08.30 - 17.30. Weitere Informationen finden Sie<\/span><a style=\"font-style: inherit; font-weight: inherit;\" href=\"https:\/\/www.meinweg-ecotop.nl\/meinweg-ecotop-2023\"> hier.<\/a><\/p><p class=\"mobile-undersized-upper\">\u00dcbrigens wurde k\u00fcrzlich auch ein Ecotop in der Region Maasduinen organisiert. Sie k\u00f6nnen alle Pr\u00e4sentationen nachlesen \u00fcber diesen <a href=\"https:\/\/maasduinen-ecotop.nl\/maasduinen-ecotop-2023\">Link<\/a>.\u00a0\u00a0<\/p>\t\t\t\t\t\t\t\t<\/div>\n\t\t\t\t<\/div>\n\t\t\t\t\t<\/div>\n\t\t<\/div>\n\t\t\t\t<div class=\"elementor-column elementor-col-50 elementor-top-column elementor-element elementor-element-e8a3d05\" data-id=\"e8a3d05\" data-element_type=\"column\" data-e-type=\"column\">\n\t\t\t<div class=\"elementor-widget-wrap elementor-element-populated\">\n\t\t\t\t\t\t<div class=\"elementor-element elementor-element-6609324 elementor-widget elementor-widget-image\" data-id=\"6609324\" data-element_type=\"widget\" data-e-type=\"widget\" data-widget_type=\"image.default\">\n\t\t\t\t<div class=\"elementor-widget-container\">\n\t\t\t\t\t\t\t\t\t\t\t\t<figure class=\"wp-caption\">\n\t\t\t\t\t\t\t\t\t\t<img loading=\"lazy\" decoding=\"async\" width=\"1024\" height=\"575\" src=\"https:\/\/www.gruenes-grenzland.net\/wp-content\/uploads\/2023\/11\/Meinweg-Elfenmeer-en-Bosbeekdal-met-beek-HHeijnen-1024x575.jpg\" class=\"attachment-large size-large wp-image-14697\" alt=\"\" srcset=\"https:\/\/www.gruenes-grenzland.net\/wp-content\/uploads\/2023\/11\/Meinweg-Elfenmeer-en-Bosbeekdal-met-beek-HHeijnen-1024x575.jpg 1024w, https:\/\/www.gruenes-grenzland.net\/wp-content\/uploads\/2023\/11\/Meinweg-Elfenmeer-en-Bosbeekdal-met-beek-HHeijnen-300x169.jpg 300w, https:\/\/www.gruenes-grenzland.net\/wp-content\/uploads\/2023\/11\/Meinweg-Elfenmeer-en-Bosbeekdal-met-beek-HHeijnen-768x431.jpg 768w, https:\/\/www.gruenes-grenzland.net\/wp-content\/uploads\/2023\/11\/Meinweg-Elfenmeer-en-Bosbeekdal-met-beek-HHeijnen-18x10.jpg 18w, https:\/\/www.gruenes-grenzland.net\/wp-content\/uploads\/2023\/11\/Meinweg-Elfenmeer-en-Bosbeekdal-met-beek-HHeijnen.jpg 1200w\" sizes=\"(max-width: 1024px) 100vw, 1024px\" \/>\t\t\t\t\t\t\t\t\t\t\t<figcaption class=\"widget-image-caption wp-caption-text\">Meinweg. Elfenmeer und Boschbeek<\/figcaption>\n\t\t\t\t\t\t\t\t\t\t<\/figure>\n\t\t\t\t\t\t\t\t\t<\/div>\n\t\t\t\t<\/div>\n\t\t\t\t\t<\/div>\n\t\t<\/div>\n\t\t\t\t\t<\/div>\n\t\t<\/section>\n\t\t\t\t<section class=\"elementor-section elementor-top-section elementor-element elementor-element-a0707f6 elementor-section-boxed elementor-section-height-default elementor-section-height-default\" data-id=\"a0707f6\" data-element_type=\"section\" data-e-type=\"section\">\n\t\t\t\t\t\t<div class=\"elementor-container elementor-column-gap-default\">\n\t\t\t\t\t<div class=\"elementor-column elementor-col-100 elementor-top-column elementor-element elementor-element-d878130\" data-id=\"d878130\" data-element_type=\"column\" data-e-type=\"column\">\n\t\t\t<div class=\"elementor-widget-wrap elementor-element-populated\">\n\t\t\t\t\t\t\t<\/div>\n\t\t<\/div>\n\t\t\t\t\t<\/div>\n\t\t<\/section>\n\t\t\t\t<section class=\"elementor-section elementor-top-section elementor-element elementor-element-2670643 elementor-section-boxed elementor-section-height-default elementor-section-height-default\" data-id=\"2670643\" data-element_type=\"section\" data-e-type=\"section\">\n\t\t\t\t\t\t<div class=\"elementor-container elementor-column-gap-default\">\n\t\t\t\t\t<div class=\"elementor-column elementor-col-100 elementor-top-column elementor-element elementor-element-f396449\" data-id=\"f396449\" data-element_type=\"column\" data-e-type=\"column\">\n\t\t\t<div class=\"elementor-widget-wrap elementor-element-populated\">\n\t\t\t\t\t\t<div class=\"elementor-element elementor-element-860dcab elementor-widget-divider--view-line elementor-widget elementor-widget-divider\" data-id=\"860dcab\" data-element_type=\"widget\" data-e-type=\"widget\" data-widget_type=\"divider.default\">\n\t\t\t\t<div class=\"elementor-widget-container\">\n\t\t\t\t\t\t\t<div class=\"elementor-divider\">\n\t\t\t<span class=\"elementor-divider-separator\">\n\t\t\t\t\t\t<\/span>\n\t\t<\/div>\n\t\t\t\t\t\t<\/div>\n\t\t\t\t<\/div>\n\t\t\t\t\t<\/div>\n\t\t<\/div>\n\t\t\t\t\t<\/div>\n\t\t<\/section>\n\t\t\t\t<section class=\"elementor-section elementor-top-section elementor-element elementor-element-797b2f1 elementor-section-boxed elementor-section-height-default elementor-section-height-default\" data-id=\"797b2f1\" data-element_type=\"section\" data-e-type=\"section\">\n\t\t\t\t\t\t<div class=\"elementor-container elementor-column-gap-default\">\n\t\t\t\t\t<div class=\"elementor-column elementor-col-100 elementor-top-column elementor-element elementor-element-82515ca\" data-id=\"82515ca\" data-element_type=\"column\" data-e-type=\"column\">\n\t\t\t<div class=\"elementor-widget-wrap elementor-element-populated\">\n\t\t\t\t\t\t<div class=\"elementor-element elementor-element-866bddf elementor-widget elementor-widget-menu-anchor\" data-id=\"866bddf\" data-element_type=\"widget\" data-e-type=\"widget\" data-widget_type=\"menu-anchor.default\">\n\t\t\t\t<div class=\"elementor-widget-container\">\n\t\t\t\t\t\t\t<div class=\"elementor-menu-anchor\" id=\"2023-17\"><\/div>\n\t\t\t\t\t\t<\/div>\n\t\t\t\t<\/div>\n\t\t\t\t\t<\/div>\n\t\t<\/div>\n\t\t\t\t\t<\/div>\n\t\t<\/section>\n\t\t\t\t<section class=\"elementor-section elementor-top-section elementor-element elementor-element-9a9d75c elementor-section-boxed elementor-section-height-default elementor-section-height-default\" data-id=\"9a9d75c\" data-element_type=\"section\" data-e-type=\"section\">\n\t\t\t\t\t\t<div class=\"elementor-container elementor-column-gap-default\">\n\t\t\t\t\t<div class=\"elementor-column elementor-col-100 elementor-top-column elementor-element elementor-element-733b647\" data-id=\"733b647\" data-element_type=\"column\" data-e-type=\"column\">\n\t\t\t<div class=\"elementor-widget-wrap elementor-element-populated\">\n\t\t\t\t\t\t<div class=\"elementor-element elementor-element-0c2b9b7 elementor-widget elementor-widget-text-editor\" data-id=\"0c2b9b7\" data-element_type=\"widget\" data-e-type=\"widget\" data-widget_type=\"text-editor.default\">\n\t\t\t\t<div class=\"elementor-widget-container\">\n\t\t\t\t\t\t\t\t\t<p><strong>Stellungnahmen zum Fl\u00e4chennutzungsplan f\u00fcr das ehemalige Milit\u00e4rgel\u00e4nde Elmpt<\/strong><\/p>\t\t\t\t\t\t\t\t<\/div>\n\t\t\t\t<\/div>\n\t\t\t\t\t<\/div>\n\t\t<\/div>\n\t\t\t\t\t<\/div>\n\t\t<\/section>\n\t\t\t\t<section class=\"elementor-section elementor-top-section elementor-element elementor-element-98f6fd3 elementor-section-boxed elementor-section-height-default elementor-section-height-default\" data-id=\"98f6fd3\" data-element_type=\"section\" data-e-type=\"section\">\n\t\t\t\t\t\t<div class=\"elementor-container elementor-column-gap-default\">\n\t\t\t\t\t<div class=\"elementor-column elementor-col-100 elementor-top-column elementor-element elementor-element-53350f0\" data-id=\"53350f0\" data-element_type=\"column\" data-e-type=\"column\" data-settings=\"{&quot;background_background&quot;:&quot;classic&quot;}\">\n\t\t\t<div class=\"elementor-widget-wrap elementor-element-populated\">\n\t\t\t\t\t\t<div class=\"elementor-element elementor-element-b957870 elementor-widget elementor-widget-text-editor\" data-id=\"b957870\" data-element_type=\"widget\" data-e-type=\"widget\" data-widget_type=\"text-editor.default\">\n\t\t\t\t<div class=\"elementor-widget-container\">\n\t\t\t\t\t\t\t\t\t<p class=\" translation-block\">Bis zum 3. November 2023 hatten verschiedene \u00f6ffentliche Einrichtungen die M\u00f6glichkeit, ihre Meinung zu diesem Thema zu \u00e4u\u00dfern. Mehrere Organisationen wie die Landesgemeinschaft Natuurschutz un Umwelt e.V., die Natur- und Umweltverb\u00e4nde Limburg und Gelderland und sogar der Lenkungsausschuss des Nationalparks Meinweg \u00e4u\u00dferten ihre Bedenken gegen die vorgeschlagenen Pl\u00e4ne. Dar\u00fcber hinaus hat Gr\u00fcnes Grenzland eine eigene<a href=\"https:\/\/www.gruenes-grenzland.net\/de\/activiteiten-javelin-park-ost\/#Inspraakburgers\" target=\"_self\"> Stellungnahme <\/a>zu diesem Thema abgegeben. Alle Beteiligten haben ihre Besorgnis \u00fcber das geplante gro\u00dfe Industriegebiet und den m\u00f6glichen Verlust der Natur und ihrer Werte in diesem Gebiet zum Ausdruck gebracht. Sie sind auch besorgt \u00fcber die zu erwartenden negativen Auswirkungen, die in den benachbarten europ\u00e4ischen Schutzgebieten, einschlie\u00dflich Meinweg und L\u00fcsekamp, auftreten k\u00f6nnen. Die ausf\u00fchrlichen Stellungnahmen und Standpunkte der verschiedenen Organisationen k\u00f6nnen Sie unter dem angegebenen<a href=\"https:\/\/www.gruenes-grenzland.net\/de\/ngos\/\" target=\"_self\"> Link<\/a> einsehen.<\/p>\t\t\t\t\t\t\t\t<\/div>\n\t\t\t\t<\/div>\n\t\t\t\t\t<\/div>\n\t\t<\/div>\n\t\t\t\t\t<\/div>\n\t\t<\/section>\n\t\t\t\t<section class=\"elementor-section elementor-top-section elementor-element elementor-element-239c4f3 elementor-section-boxed elementor-section-height-default elementor-section-height-default\" data-id=\"239c4f3\" data-element_type=\"section\" data-e-type=\"section\">\n\t\t\t\t\t\t<div class=\"elementor-container elementor-column-gap-default\">\n\t\t\t\t\t<div class=\"elementor-column elementor-col-100 elementor-top-column elementor-element elementor-element-a467224\" data-id=\"a467224\" data-element_type=\"column\" data-e-type=\"column\">\n\t\t\t<div class=\"elementor-widget-wrap elementor-element-populated\">\n\t\t\t\t\t\t<div class=\"elementor-element elementor-element-1eede2b elementor-widget elementor-widget-image\" data-id=\"1eede2b\" data-element_type=\"widget\" data-e-type=\"widget\" data-widget_type=\"image.default\">\n\t\t\t\t<div class=\"elementor-widget-container\">\n\t\t\t\t\t\t\t\t\t\t\t\t<figure class=\"wp-caption\">\n\t\t\t\t\t\t\t\t\t\t<img loading=\"lazy\" decoding=\"async\" width=\"1024\" height=\"724\" src=\"https:\/\/www.gruenes-grenzland.net\/wp-content\/uploads\/2023\/11\/FNP-61nieuw-15000-met-natuurwaarden-1024x724.jpg\" class=\"attachment-large size-large wp-image-14256\" alt=\"\" srcset=\"https:\/\/www.gruenes-grenzland.net\/wp-content\/uploads\/2023\/11\/FNP-61nieuw-15000-met-natuurwaarden-1024x724.jpg 1024w, https:\/\/www.gruenes-grenzland.net\/wp-content\/uploads\/2023\/11\/FNP-61nieuw-15000-met-natuurwaarden-300x212.jpg 300w, https:\/\/www.gruenes-grenzland.net\/wp-content\/uploads\/2023\/11\/FNP-61nieuw-15000-met-natuurwaarden-768x543.jpg 768w, https:\/\/www.gruenes-grenzland.net\/wp-content\/uploads\/2023\/11\/FNP-61nieuw-15000-met-natuurwaarden-1536x1086.jpg 1536w, https:\/\/www.gruenes-grenzland.net\/wp-content\/uploads\/2023\/11\/FNP-61nieuw-15000-met-natuurwaarden-2048x1448.jpg 2048w, https:\/\/www.gruenes-grenzland.net\/wp-content\/uploads\/2023\/11\/FNP-61nieuw-15000-met-natuurwaarden-18x12.jpg 18w\" sizes=\"(max-width: 1024px) 100vw, 1024px\" \/>\t\t\t\t\t\t\t\t\t\t\t<figcaption class=\"widget-image-caption wp-caption-text\">Mehr als ein Drittel des k\u00fcnftigen Gewerbegebiets ist f\u00fcr die Natur von Bedeutung<\/figcaption>\n\t\t\t\t\t\t\t\t\t\t<\/figure>\n\t\t\t\t\t\t\t\t\t<\/div>\n\t\t\t\t<\/div>\n\t\t\t\t\t<\/div>\n\t\t<\/div>\n\t\t\t\t\t<\/div>\n\t\t<\/section>\n\t\t\t\t<section class=\"elementor-section elementor-top-section elementor-element elementor-element-e2b44a5 elementor-section-boxed elementor-section-height-default elementor-section-height-default\" data-id=\"e2b44a5\" data-element_type=\"section\" data-e-type=\"section\">\n\t\t\t\t\t\t<div class=\"elementor-container elementor-column-gap-default\">\n\t\t\t\t\t<div class=\"elementor-column elementor-col-100 elementor-top-column elementor-element elementor-element-eb02548\" data-id=\"eb02548\" data-element_type=\"column\" data-e-type=\"column\">\n\t\t\t<div class=\"elementor-widget-wrap elementor-element-populated\">\n\t\t\t\t\t\t<div class=\"elementor-element elementor-element-8295019 elementor-widget-divider--view-line elementor-widget elementor-widget-divider\" data-id=\"8295019\" data-element_type=\"widget\" data-e-type=\"widget\" data-widget_type=\"divider.default\">\n\t\t\t\t<div class=\"elementor-widget-container\">\n\t\t\t\t\t\t\t<div class=\"elementor-divider\">\n\t\t\t<span class=\"elementor-divider-separator\">\n\t\t\t\t\t\t<\/span>\n\t\t<\/div>\n\t\t\t\t\t\t<\/div>\n\t\t\t\t<\/div>\n\t\t\t\t\t<\/div>\n\t\t<\/div>\n\t\t\t\t\t<\/div>\n\t\t<\/section>\n\t\t\t\t<section class=\"elementor-section elementor-top-section elementor-element elementor-element-cfd1e40 elementor-section-boxed elementor-section-height-default elementor-section-height-default\" data-id=\"cfd1e40\" data-element_type=\"section\" data-e-type=\"section\">\n\t\t\t\t\t\t<div class=\"elementor-container elementor-column-gap-default\">\n\t\t\t\t\t<div class=\"elementor-column elementor-col-100 elementor-top-column elementor-element elementor-element-f0e44fa\" data-id=\"f0e44fa\" data-element_type=\"column\" data-e-type=\"column\">\n\t\t\t<div class=\"elementor-widget-wrap elementor-element-populated\">\n\t\t\t\t\t\t<div class=\"elementor-element elementor-element-54cf04f elementor-widget elementor-widget-menu-anchor\" data-id=\"54cf04f\" data-element_type=\"widget\" data-e-type=\"widget\" data-widget_type=\"menu-anchor.default\">\n\t\t\t\t<div class=\"elementor-widget-container\">\n\t\t\t\t\t\t\t<div class=\"elementor-menu-anchor\" id=\"2023-16\"><\/div>\n\t\t\t\t\t\t<\/div>\n\t\t\t\t<\/div>\n\t\t\t\t\t<\/div>\n\t\t<\/div>\n\t\t\t\t\t<\/div>\n\t\t<\/section>\n\t\t\t\t<section class=\"elementor-section elementor-top-section elementor-element elementor-element-03133a8 elementor-section-boxed elementor-section-height-default elementor-section-height-default\" data-id=\"03133a8\" data-element_type=\"section\" data-e-type=\"section\">\n\t\t\t\t\t\t<div class=\"elementor-container elementor-column-gap-default\">\n\t\t\t\t\t<div class=\"elementor-column elementor-col-100 elementor-top-column elementor-element elementor-element-de1c044\" data-id=\"de1c044\" data-element_type=\"column\" data-e-type=\"column\">\n\t\t\t<div class=\"elementor-widget-wrap elementor-element-populated\">\n\t\t\t\t\t\t<div class=\"elementor-element elementor-element-2633ec6 elementor-widget elementor-widget-text-editor\" data-id=\"2633ec6\" data-element_type=\"widget\" data-e-type=\"widget\" data-widget_type=\"text-editor.default\">\n\t\t\t\t<div class=\"elementor-widget-container\">\n\t\t\t\t\t\t\t\t\t<p><strong>Gr\u00fcnes Grenzland jetzt offizielles Mitglied von der LNU<\/strong><\/p>\t\t\t\t\t\t\t\t<\/div>\n\t\t\t\t<\/div>\n\t\t\t\t\t<\/div>\n\t\t<\/div>\n\t\t\t\t\t<\/div>\n\t\t<\/section>\n\t\t\t\t<section class=\"elementor-section elementor-top-section elementor-element elementor-element-c5a8a2c elementor-section-boxed elementor-section-height-default elementor-section-height-default\" data-id=\"c5a8a2c\" data-element_type=\"section\" data-e-type=\"section\">\n\t\t\t\t\t\t<div class=\"elementor-container elementor-column-gap-default\">\n\t\t\t\t\t<div class=\"elementor-column elementor-col-50 elementor-top-column elementor-element elementor-element-dae49ac\" data-id=\"dae49ac\" data-element_type=\"column\" data-e-type=\"column\">\n\t\t\t<div class=\"elementor-widget-wrap elementor-element-populated\">\n\t\t\t\t\t\t<div class=\"elementor-element elementor-element-e98c94f elementor-widget elementor-widget-text-editor\" data-id=\"e98c94f\" data-element_type=\"widget\" data-e-type=\"widget\" data-widget_type=\"text-editor.default\">\n\t\t\t\t<div class=\"elementor-widget-container\">\n\t\t\t\t\t\t\t\t\t<p class=\" translation-block\">Die LNU (<span style=\"font-family: Tahoma\">Landesgemeinschaft Naturschutz und Umwelt e.V., <a href=\"https:\/\/www.lnu.nrw\/\" target=\"_self\">https:\/\/www.lnu.nrw\/<\/a>)<\/span> ist ein Dachverband von mehr als hundert Natur- und Umweltschutzorganisationen in Nordrhein-Westfalen und geh\u00f6rt zu den klageberechtigten Organisationen. <br>Die Seite der LNU, die die Mitgliedschaft von Gr\u00fcnes Grenzland zeigt, finden Sie <a href=\"https:\/\/www.lnu.nrw\/mitglieder\" target=\"_self\">hier<\/a>.\u00a0<\/p>\n<p>Sie k\u00f6nnen unseren Beitritt zur LNU auch in dem hier abgebildeten Ausschnitt aus ihrem Informationsbrief vom Oktober 2023 sehen.<\/p>\t\t\t\t\t\t\t\t<\/div>\n\t\t\t\t<\/div>\n\t\t\t\t\t<\/div>\n\t\t<\/div>\n\t\t\t\t<div class=\"elementor-column elementor-col-50 elementor-top-column elementor-element elementor-element-93f6b06\" data-id=\"93f6b06\" data-element_type=\"column\" data-e-type=\"column\">\n\t\t\t<div class=\"elementor-widget-wrap elementor-element-populated\">\n\t\t\t\t\t\t<div class=\"elementor-element elementor-element-54bcfe0 elementor-widget elementor-widget-image\" data-id=\"54bcfe0\" data-element_type=\"widget\" data-e-type=\"widget\" data-widget_type=\"image.default\">\n\t\t\t\t<div class=\"elementor-widget-container\">\n\t\t\t\t\t\t\t\t\t\t\t\t\t\t\t<img loading=\"lazy\" decoding=\"async\" width=\"463\" height=\"743\" src=\"https:\/\/www.gruenes-grenzland.net\/wp-content\/uploads\/2023\/11\/Lidmaatschap-LNU-okt-2023.jpg\" class=\"attachment-large size-large wp-image-14579\" alt=\"\" srcset=\"https:\/\/www.gruenes-grenzland.net\/wp-content\/uploads\/2023\/11\/Lidmaatschap-LNU-okt-2023.jpg 463w, https:\/\/www.gruenes-grenzland.net\/wp-content\/uploads\/2023\/11\/Lidmaatschap-LNU-okt-2023-187x300.jpg 187w, https:\/\/www.gruenes-grenzland.net\/wp-content\/uploads\/2023\/11\/Lidmaatschap-LNU-okt-2023-7x12.jpg 7w\" sizes=\"(max-width: 463px) 100vw, 463px\" \/>\t\t\t\t\t\t\t\t\t\t\t\t\t\t\t<\/div>\n\t\t\t\t<\/div>\n\t\t\t\t\t<\/div>\n\t\t<\/div>\n\t\t\t\t\t<\/div>\n\t\t<\/section>\n\t\t\t\t<section class=\"elementor-section elementor-top-section elementor-element elementor-element-25d7f93 elementor-section-boxed elementor-section-height-default elementor-section-height-default\" data-id=\"25d7f93\" data-element_type=\"section\" data-e-type=\"section\">\n\t\t\t\t\t\t<div class=\"elementor-container elementor-column-gap-default\">\n\t\t\t\t\t<div class=\"elementor-column elementor-col-100 elementor-top-column elementor-element elementor-element-55ff1a8\" data-id=\"55ff1a8\" data-element_type=\"column\" data-e-type=\"column\">\n\t\t\t<div class=\"elementor-widget-wrap elementor-element-populated\">\n\t\t\t\t\t\t<div class=\"elementor-element elementor-element-1a3ce5e elementor-widget-divider--view-line elementor-widget elementor-widget-divider\" data-id=\"1a3ce5e\" data-element_type=\"widget\" data-e-type=\"widget\" data-widget_type=\"divider.default\">\n\t\t\t\t<div class=\"elementor-widget-container\">\n\t\t\t\t\t\t\t<div class=\"elementor-divider\">\n\t\t\t<span class=\"elementor-divider-separator\">\n\t\t\t\t\t\t<\/span>\n\t\t<\/div>\n\t\t\t\t\t\t<\/div>\n\t\t\t\t<\/div>\n\t\t\t\t\t<\/div>\n\t\t<\/div>\n\t\t\t\t\t<\/div>\n\t\t<\/section>\n\t\t\t\t<section class=\"elementor-section elementor-top-section elementor-element elementor-element-e7a3d78 elementor-section-boxed elementor-section-height-default elementor-section-height-default\" data-id=\"e7a3d78\" data-element_type=\"section\" data-e-type=\"section\">\n\t\t\t\t\t\t<div class=\"elementor-container elementor-column-gap-default\">\n\t\t\t\t\t<div class=\"elementor-column elementor-col-100 elementor-top-column elementor-element elementor-element-a742f4b\" data-id=\"a742f4b\" data-element_type=\"column\" data-e-type=\"column\">\n\t\t\t<div class=\"elementor-widget-wrap elementor-element-populated\">\n\t\t\t\t\t\t<div class=\"elementor-element elementor-element-c1535ad elementor-widget elementor-widget-menu-anchor\" data-id=\"c1535ad\" data-element_type=\"widget\" data-e-type=\"widget\" data-widget_type=\"menu-anchor.default\">\n\t\t\t\t<div class=\"elementor-widget-container\">\n\t\t\t\t\t\t\t<div class=\"elementor-menu-anchor\" id=\"2023-15\"><\/div>\n\t\t\t\t\t\t<\/div>\n\t\t\t\t<\/div>\n\t\t\t\t\t<\/div>\n\t\t<\/div>\n\t\t\t\t\t<\/div>\n\t\t<\/section>\n\t\t\t\t<section class=\"elementor-section elementor-top-section elementor-element elementor-element-3abdc41 elementor-section-boxed elementor-section-height-default elementor-section-height-default\" data-id=\"3abdc41\" data-element_type=\"section\" data-e-type=\"section\">\n\t\t\t\t\t\t<div class=\"elementor-container elementor-column-gap-default\">\n\t\t\t\t\t<div class=\"elementor-column elementor-col-50 elementor-top-column elementor-element elementor-element-7329c93\" data-id=\"7329c93\" data-element_type=\"column\" data-e-type=\"column\">\n\t\t\t<div class=\"elementor-widget-wrap elementor-element-populated\">\n\t\t\t\t\t\t<div class=\"elementor-element elementor-element-9d8932e elementor-widget elementor-widget-text-editor\" data-id=\"9d8932e\" data-element_type=\"widget\" data-e-type=\"widget\" data-widget_type=\"text-editor.default\">\n\t\t\t\t<div class=\"elementor-widget-container\">\n\t\t\t\t\t\t\t\t\t<p><strong>WDR Lokalzeit D\u00fcsseldorf<\/strong><\/p>\t\t\t\t\t\t\t\t<\/div>\n\t\t\t\t<\/div>\n\t\t\t\t\t<\/div>\n\t\t<\/div>\n\t\t\t\t<div class=\"elementor-column elementor-col-50 elementor-top-column elementor-element elementor-element-3d6762a\" data-id=\"3d6762a\" data-element_type=\"column\" data-e-type=\"column\">\n\t\t\t<div class=\"elementor-widget-wrap\">\n\t\t\t\t\t\t\t<\/div>\n\t\t<\/div>\n\t\t\t\t\t<\/div>\n\t\t<\/section>\n\t\t\t\t<section class=\"elementor-section elementor-top-section elementor-element elementor-element-3e7427c elementor-section-boxed elementor-section-height-default elementor-section-height-default\" data-id=\"3e7427c\" data-element_type=\"section\" data-e-type=\"section\">\n\t\t\t\t\t\t<div class=\"elementor-container elementor-column-gap-default\">\n\t\t\t\t\t<div class=\"elementor-column elementor-col-100 elementor-top-column elementor-element elementor-element-109aadc\" data-id=\"109aadc\" data-element_type=\"column\" data-e-type=\"column\">\n\t\t\t<div class=\"elementor-widget-wrap elementor-element-populated\">\n\t\t\t\t\t\t<div class=\"elementor-element elementor-element-43ba40c elementor-widget elementor-widget-text-editor\" data-id=\"43ba40c\" data-element_type=\"widget\" data-e-type=\"widget\" data-widget_type=\"text-editor.default\">\n\t\t\t\t<div class=\"elementor-widget-container\">\n\t\t\t\t\t\t\t\t\t<p>26. Oktober 2023, Wind, Solar und Gewerbe: Gel\u00e4nde der Brittinnen wird vermarktet, WDR Lokalzeit D\u00fcsseldorf<br \/>sehe <a href=\"https:\/\/www.ardmediathek.de\/video\/lokalzeit-aus-duesseldorf\/lokalzeit-aus-duesseldorf-oder-26-10-2023\/wdr-duesseldorf\/Y3JpZDovL3dkci5kZS9CZWl0cmFnLXNvcGhvcmEtODViNGZlY2QtNDk3Mi00OGY0LTk1MTAtNmFjMDE2MjdkZDcy\">hier<\/a> . Im Folgenden finden Sie die Ank\u00fcndigung und einige relevante \u00c4u\u00dferungen von Sprechern von Gr\u00fcnes Grenzland.<\/p>\t\t\t\t\t\t\t\t<\/div>\n\t\t\t\t<\/div>\n\t\t\t\t\t<\/div>\n\t\t<\/div>\n\t\t\t\t\t<\/div>\n\t\t<\/section>\n\t\t\t\t<section class=\"elementor-section elementor-top-section elementor-element elementor-element-2bb5ba7 elementor-section-boxed elementor-section-height-default elementor-section-height-default\" data-id=\"2bb5ba7\" data-element_type=\"section\" data-e-type=\"section\">\n\t\t\t\t\t\t<div class=\"elementor-container elementor-column-gap-default\">\n\t\t\t\t\t<div class=\"elementor-column elementor-col-25 elementor-top-column elementor-element elementor-element-fdbc7fc\" data-id=\"fdbc7fc\" data-element_type=\"column\" data-e-type=\"column\">\n\t\t\t<div class=\"elementor-widget-wrap elementor-element-populated\">\n\t\t\t\t\t\t<div class=\"elementor-element elementor-element-b2d7763 elementor-widget elementor-widget-video\" data-id=\"b2d7763\" data-element_type=\"widget\" data-e-type=\"widget\" data-settings=\"{&quot;video_type&quot;:&quot;hosted&quot;,&quot;controls&quot;:&quot;yes&quot;}\" data-widget_type=\"video.default\">\n\t\t\t\t<div class=\"elementor-widget-container\">\n\t\t\t\t\t\t\t<div class=\"e-hosted-video elementor-wrapper elementor-open-inline\">\n\t\t\t\t\t<video class=\"elementor-video\" src=\"https:\/\/www.gruenes-grenzland.net\/wp-content\/uploads\/2023\/10\/WDR-lokalzeit-Aankondiging.mp4\" controls=\"\" preload=\"metadata\" controlslist=\"nodownload\"><\/video>\n\t\t\t\t<\/div>\n\t\t\t\t\t\t<\/div>\n\t\t\t\t<\/div>\n\t\t\t\t\t<\/div>\n\t\t<\/div>\n\t\t\t\t<div class=\"elementor-column elementor-col-25 elementor-top-column elementor-element elementor-element-89560be\" data-id=\"89560be\" data-element_type=\"column\" data-e-type=\"column\">\n\t\t\t<div class=\"elementor-widget-wrap elementor-element-populated\">\n\t\t\t\t\t\t<div class=\"elementor-element elementor-element-810ce77 elementor-widget elementor-widget-video\" data-id=\"810ce77\" data-element_type=\"widget\" data-e-type=\"widget\" data-settings=\"{&quot;video_type&quot;:&quot;hosted&quot;,&quot;controls&quot;:&quot;yes&quot;}\" data-widget_type=\"video.default\">\n\t\t\t\t<div class=\"elementor-widget-container\">\n\t\t\t\t\t\t\t<div class=\"e-hosted-video elementor-wrapper elementor-open-inline\">\n\t\t\t\t\t<video class=\"elementor-video\" src=\"https:\/\/www.gruenes-grenzland.net\/wp-content\/uploads\/2023\/10\/WDR-lokalzeit-Thomas.mp4\" controls=\"\" preload=\"metadata\" controlslist=\"nodownload\"><\/video>\n\t\t\t\t<\/div>\n\t\t\t\t\t\t<\/div>\n\t\t\t\t<\/div>\n\t\t\t\t\t<\/div>\n\t\t<\/div>\n\t\t\t\t<div class=\"elementor-column elementor-col-25 elementor-top-column elementor-element elementor-element-e0e4d1c\" data-id=\"e0e4d1c\" data-element_type=\"column\" data-e-type=\"column\">\n\t\t\t<div class=\"elementor-widget-wrap elementor-element-populated\">\n\t\t\t\t\t\t<div class=\"elementor-element elementor-element-24f1c33 elementor-widget elementor-widget-image\" data-id=\"24f1c33\" data-element_type=\"widget\" data-e-type=\"widget\" data-widget_type=\"image.default\">\n\t\t\t\t<div class=\"elementor-widget-container\">\n\t\t\t\t\t\t\t\t\t\t\t\t\t\t\t<img loading=\"lazy\" decoding=\"async\" width=\"1024\" height=\"500\" src=\"https:\/\/www.gruenes-grenzland.net\/wp-content\/uploads\/2023\/10\/wdr-6-1024x500.jpg\" class=\"attachment-large size-large wp-image-13705\" alt=\"\" srcset=\"https:\/\/www.gruenes-grenzland.net\/wp-content\/uploads\/2023\/10\/wdr-6-1024x500.jpg 1024w, https:\/\/www.gruenes-grenzland.net\/wp-content\/uploads\/2023\/10\/wdr-6-300x146.jpg 300w, https:\/\/www.gruenes-grenzland.net\/wp-content\/uploads\/2023\/10\/wdr-6-768x375.jpg 768w, https:\/\/www.gruenes-grenzland.net\/wp-content\/uploads\/2023\/10\/wdr-6-1536x750.jpg 1536w, https:\/\/www.gruenes-grenzland.net\/wp-content\/uploads\/2023\/10\/wdr-6-18x9.jpg 18w, https:\/\/www.gruenes-grenzland.net\/wp-content\/uploads\/2023\/10\/wdr-6.jpg 1832w\" sizes=\"(max-width: 1024px) 100vw, 1024px\" \/>\t\t\t\t\t\t\t\t\t\t\t\t\t\t\t<\/div>\n\t\t\t\t<\/div>\n\t\t\t\t\t<\/div>\n\t\t<\/div>\n\t\t\t\t<div class=\"elementor-column elementor-col-25 elementor-top-column elementor-element elementor-element-5a24544\" data-id=\"5a24544\" data-element_type=\"column\" data-e-type=\"column\">\n\t\t\t<div class=\"elementor-widget-wrap elementor-element-populated\">\n\t\t\t\t\t\t<div class=\"elementor-element elementor-element-a0a3789 elementor-widget elementor-widget-video\" data-id=\"a0a3789\" data-element_type=\"widget\" data-e-type=\"widget\" data-settings=\"{&quot;video_type&quot;:&quot;hosted&quot;,&quot;controls&quot;:&quot;yes&quot;}\" data-widget_type=\"video.default\">\n\t\t\t\t<div class=\"elementor-widget-container\">\n\t\t\t\t\t\t\t<div class=\"e-hosted-video elementor-wrapper elementor-open-inline\">\n\t\t\t\t\t<video class=\"elementor-video\" src=\"https:\/\/www.gruenes-grenzland.net\/wp-content\/uploads\/2023\/10\/WDR-lokalzeit-Hans.mp4\" controls=\"\" preload=\"metadata\" controlslist=\"nodownload\"><\/video>\n\t\t\t\t<\/div>\n\t\t\t\t\t\t<\/div>\n\t\t\t\t<\/div>\n\t\t\t\t\t<\/div>\n\t\t<\/div>\n\t\t\t\t\t<\/div>\n\t\t<\/section>\n\t\t\t\t<section class=\"elementor-section elementor-top-section elementor-element elementor-element-8fb927d elementor-section-boxed elementor-section-height-default elementor-section-height-default\" data-id=\"8fb927d\" data-element_type=\"section\" data-e-type=\"section\">\n\t\t\t\t\t\t<div class=\"elementor-container elementor-column-gap-default\">\n\t\t\t\t\t<div class=\"elementor-column elementor-col-100 elementor-top-column elementor-element elementor-element-87e51a7\" data-id=\"87e51a7\" data-element_type=\"column\" data-e-type=\"column\">\n\t\t\t<div class=\"elementor-widget-wrap elementor-element-populated\">\n\t\t\t\t\t\t<div class=\"elementor-element elementor-element-f01d8f1 elementor-widget elementor-widget-text-editor\" data-id=\"f01d8f1\" data-element_type=\"widget\" data-e-type=\"widget\" data-widget_type=\"text-editor.default\">\n\t\t\t\t<div class=\"elementor-widget-container\">\n\t\t\t\t\t\t\t\t\t<p>Die Sendung \u00fcber Elmpt beginnt um 7.28 und dauert etwa 8 Minuten.  Gr\u00fcnes Grenzland ist von 10.35 bis 11.54 auf dem Bildschirm zu sehen und erh\u00e4lt die Gelegenheit, die nat\u00fcrlichen Werte des Gebiets zu erl\u00e4utern. Wir er\u00f6rtern auch die negativen Auswirkungen der Verkehrszunahme aufgrund von Stickstoffemissionen auf die europ\u00e4ischen Naturschutzgebiete in der Grenzregion und stellen die erwarteten Steuereinnahmen in Frage.&nbsp;<span style=\"font-style: inherit; font-weight: inherit; background-color: var(--ast-global-color-4); color: var(--ast-global-color-3);\">Letzteres wird durch die WDR-Sendung \u00fcber die <\/span><a href=\"https:\/\/www.ardmediathek.de\/video\/die-story\/die-steueroase-von-nebenan-wie-kommunen-unternehmen-koedern\/wdr\/Y3JpZDovL3dkci5kZS9CZWl0cmFnLXNvcGhvcmEtYzg2MjY3MjgtYWJhZS00ZTY4LTgwYWItZGY4ZGRjNDM2Yzk2\" style=\"font-style: inherit; font-weight: inherit;\">Storyoase Monheim<\/a><span style=\"font-style: inherit; font-weight: inherit; background-color: var(--ast-global-color-4); color: var(--ast-global-color-3);\"> best\u00e4tigt<\/span><\/p>\t\t\t\t\t\t\t\t<\/div>\n\t\t\t\t<\/div>\n\t\t\t\t\t<\/div>\n\t\t<\/div>\n\t\t\t\t\t<\/div>\n\t\t<\/section>\n\t\t\t\t<section class=\"elementor-section elementor-top-section elementor-element elementor-element-567f752 elementor-section-boxed elementor-section-height-default elementor-section-height-default\" data-id=\"567f752\" data-element_type=\"section\" data-e-type=\"section\">\n\t\t\t\t\t\t<div class=\"elementor-container elementor-column-gap-default\">\n\t\t\t\t\t<div class=\"elementor-column elementor-col-100 elementor-top-column elementor-element elementor-element-dbc6538\" data-id=\"dbc6538\" data-element_type=\"column\" data-e-type=\"column\">\n\t\t\t<div class=\"elementor-widget-wrap elementor-element-populated\">\n\t\t\t\t\t\t<div class=\"elementor-element elementor-element-beb6cdb elementor-widget-divider--view-line elementor-widget elementor-widget-divider\" data-id=\"beb6cdb\" data-element_type=\"widget\" data-e-type=\"widget\" data-widget_type=\"divider.default\">\n\t\t\t\t<div class=\"elementor-widget-container\">\n\t\t\t\t\t\t\t<div class=\"elementor-divider\">\n\t\t\t<span class=\"elementor-divider-separator\">\n\t\t\t\t\t\t<\/span>\n\t\t<\/div>\n\t\t\t\t\t\t<\/div>\n\t\t\t\t<\/div>\n\t\t\t\t\t<\/div>\n\t\t<\/div>\n\t\t\t\t\t<\/div>\n\t\t<\/section>\n\t\t\t\t<section class=\"elementor-section elementor-top-section elementor-element elementor-element-e6c1b50 elementor-section-boxed elementor-section-height-default elementor-section-height-default\" data-id=\"e6c1b50\" data-element_type=\"section\" data-e-type=\"section\">\n\t\t\t\t\t\t<div class=\"elementor-container elementor-column-gap-default\">\n\t\t\t\t\t<div class=\"elementor-column elementor-col-100 elementor-top-column elementor-element elementor-element-9cb7805\" data-id=\"9cb7805\" data-element_type=\"column\" data-e-type=\"column\">\n\t\t\t<div class=\"elementor-widget-wrap elementor-element-populated\">\n\t\t\t\t\t\t<div class=\"elementor-element elementor-element-de10312 elementor-widget elementor-widget-menu-anchor\" data-id=\"de10312\" data-element_type=\"widget\" data-e-type=\"widget\" data-widget_type=\"menu-anchor.default\">\n\t\t\t\t<div class=\"elementor-widget-container\">\n\t\t\t\t\t\t\t<div class=\"elementor-menu-anchor\" id=\"2023-14\"><\/div>\n\t\t\t\t\t\t<\/div>\n\t\t\t\t<\/div>\n\t\t\t\t\t<\/div>\n\t\t<\/div>\n\t\t\t\t\t<\/div>\n\t\t<\/section>\n\t\t\t\t<section class=\"elementor-section elementor-top-section elementor-element elementor-element-584639b elementor-section-boxed elementor-section-height-default elementor-section-height-default\" data-id=\"584639b\" data-element_type=\"section\" data-e-type=\"section\">\n\t\t\t\t\t\t<div class=\"elementor-container elementor-column-gap-default\">\n\t\t\t\t\t<div class=\"elementor-column elementor-col-50 elementor-top-column elementor-element elementor-element-1775e9d\" data-id=\"1775e9d\" data-element_type=\"column\" data-e-type=\"column\">\n\t\t\t<div class=\"elementor-widget-wrap elementor-element-populated\">\n\t\t\t\t\t\t<div class=\"elementor-element elementor-element-36e3115 elementor-widget elementor-widget-text-editor\" data-id=\"36e3115\" data-element_type=\"widget\" data-e-type=\"widget\" data-widget_type=\"text-editor.default\">\n\t\t\t\t<div class=\"elementor-widget-container\">\n\t\t\t\t\t\t\t\t\t<p><strong>17. Oktober 2023, Gr\u00fcn bleibt gr\u00fcn? Urteilen Sie selbst.<\/strong><\/p>\t\t\t\t\t\t\t\t<\/div>\n\t\t\t\t<\/div>\n\t\t\t\t\t<\/div>\n\t\t<\/div>\n\t\t\t\t<div class=\"elementor-column elementor-col-50 elementor-top-column elementor-element elementor-element-a51c4b9\" data-id=\"a51c4b9\" data-element_type=\"column\" data-e-type=\"column\">\n\t\t\t<div class=\"elementor-widget-wrap\">\n\t\t\t\t\t\t\t<\/div>\n\t\t<\/div>\n\t\t\t\t\t<\/div>\n\t\t<\/section>\n\t\t\t\t<section class=\"elementor-section elementor-top-section elementor-element elementor-element-9ef3649 elementor-section-boxed elementor-section-height-default elementor-section-height-default\" data-id=\"9ef3649\" data-element_type=\"section\" data-e-type=\"section\">\n\t\t\t\t\t\t<div class=\"elementor-container elementor-column-gap-default\">\n\t\t\t\t\t<div class=\"elementor-column elementor-col-66 elementor-top-column elementor-element elementor-element-ddfce30\" data-id=\"ddfce30\" data-element_type=\"column\" data-e-type=\"column\">\n\t\t\t<div class=\"elementor-widget-wrap elementor-element-populated\">\n\t\t\t\t\t\t<div class=\"elementor-element elementor-element-47c9c7a elementor-widget elementor-widget-video\" data-id=\"47c9c7a\" data-element_type=\"widget\" data-e-type=\"widget\" data-settings=\"{&quot;youtube_url&quot;:&quot;https:\\\/\\\/youtu.be\\\/bfXy7RT7kNE?si=CMhkWlZaTUEn2tdz&quot;,&quot;autoplay&quot;:&quot;yes&quot;,&quot;play_on_mobile&quot;:&quot;yes&quot;,&quot;loop&quot;:&quot;yes&quot;,&quot;video_type&quot;:&quot;youtube&quot;}\" data-widget_type=\"video.default\">\n\t\t\t\t<div class=\"elementor-widget-container\">\n\t\t\t\t\t\t\t<div class=\"elementor-wrapper elementor-open-inline\">\n\t\t\t<div class=\"elementor-video\"><\/div>\t\t<\/div>\n\t\t\t\t\t\t<\/div>\n\t\t\t\t<\/div>\n\t\t\t\t\t<\/div>\n\t\t<\/div>\n\t\t\t\t<div class=\"elementor-column elementor-col-33 elementor-top-column elementor-element elementor-element-36c31a6\" data-id=\"36c31a6\" data-element_type=\"column\" data-e-type=\"column\">\n\t\t\t<div class=\"elementor-widget-wrap elementor-element-populated\">\n\t\t\t\t\t\t<div class=\"elementor-element elementor-element-d7e52e5 elementor-widget elementor-widget-image\" data-id=\"d7e52e5\" data-element_type=\"widget\" data-e-type=\"widget\" data-widget_type=\"image.default\">\n\t\t\t\t<div class=\"elementor-widget-container\">\n\t\t\t\t\t\t\t\t\t\t\t\t\t\t\t<img loading=\"lazy\" decoding=\"async\" width=\"836\" height=\"1024\" src=\"https:\/\/www.gruenes-grenzland.net\/wp-content\/uploads\/2023\/10\/RP-2023-10-17-Verdion-klein-836x1024.jpg\" class=\"attachment-large size-large wp-image-13595\" alt=\"\" srcset=\"https:\/\/www.gruenes-grenzland.net\/wp-content\/uploads\/2023\/10\/RP-2023-10-17-Verdion-klein-836x1024.jpg 836w, https:\/\/www.gruenes-grenzland.net\/wp-content\/uploads\/2023\/10\/RP-2023-10-17-Verdion-klein-245x300.jpg 245w, https:\/\/www.gruenes-grenzland.net\/wp-content\/uploads\/2023\/10\/RP-2023-10-17-Verdion-klein-768x940.jpg 768w, https:\/\/www.gruenes-grenzland.net\/wp-content\/uploads\/2023\/10\/RP-2023-10-17-Verdion-klein-1255x1536.jpg 1255w, https:\/\/www.gruenes-grenzland.net\/wp-content\/uploads\/2023\/10\/RP-2023-10-17-Verdion-klein-10x12.jpg 10w, https:\/\/www.gruenes-grenzland.net\/wp-content\/uploads\/2023\/10\/RP-2023-10-17-Verdion-klein.jpg 1418w\" sizes=\"(max-width: 836px) 100vw, 836px\" \/>\t\t\t\t\t\t\t\t\t\t\t\t\t\t\t<\/div>\n\t\t\t\t<\/div>\n\t\t\t\t\t<\/div>\n\t\t<\/div>\n\t\t\t\t\t<\/div>\n\t\t<\/section>\n\t\t\t\t<section class=\"elementor-section elementor-top-section elementor-element elementor-element-1b15b0f elementor-section-boxed elementor-section-height-default elementor-section-height-default\" data-id=\"1b15b0f\" data-element_type=\"section\" data-e-type=\"section\">\n\t\t\t\t\t\t<div class=\"elementor-container elementor-column-gap-default\">\n\t\t\t\t\t<div class=\"elementor-column elementor-col-100 elementor-top-column elementor-element elementor-element-15d251b\" data-id=\"15d251b\" data-element_type=\"column\" data-e-type=\"column\">\n\t\t\t<div class=\"elementor-widget-wrap elementor-element-populated\">\n\t\t\t\t\t\t<div class=\"elementor-element elementor-element-ef841ec elementor-widget elementor-widget-text-editor\" data-id=\"ef841ec\" data-element_type=\"widget\" data-e-type=\"widget\" data-widget_type=\"text-editor.default\">\n\t\t\t\t<div class=\"elementor-widget-container\">\n\t\t\t\t\t\t\t\t\t<p>Laut der Gemeinde Niederkr\u00fcchten und Verdion werden Gr\u00fcnfl\u00e4chen trotz der Realisierung des 150 ha gro\u00dfen Industriegebietes auf dem ehemaligen Flughafen in Elmpt erhalten bleiben. W\u00f6rtlich hei\u00dft es auf der neuen Website von Verdion: \"Unber\u00fchrte Gr\u00fcnfl\u00e4chen bleiben erhalten\". Wir haben Bilder von vor und nach der Realisierung des Projekts zusammengestellt. Urteilen Sie selbst.\u00a0<br \/><span style=\"font-style: inherit; font-weight: inherit; background-color: var(--ast-global-color-4); color: var(--ast-global-color-3);\">Wir als Gr\u00fcnes Grenzland sind au\u00dferdem der Meinung, dass der beigef\u00fcgte Artikel in keiner Weise den Anforderungen des modernen Journalismus entspricht. Er kann leicht als Schleichwerbung f\u00fcr ein privates Unternehmen mit privaten Interessen angesehen werden. Die Zeitung macht sich zum Wortf\u00fchrer eines Bautr\u00e4gers f\u00fcr ein h\u00f6chst umstrittenes Projekt. Engagierter Journalismus muss die Ansichten aller Beteiligten ber\u00fccksichtigen und verbreiten, vor allem aber muss er eine m\u00f6glichst neutrale und nicht einseitige Informationsquelle f\u00fcr die B\u00fcrgerinnen und B\u00fcrger sein. Schlie\u00dflich hat er im Gegensatz zu einem gro\u00dfen Unternehmen wie Verdion weniger Einblick in die gesellschaftlichen Verh\u00e4ltnisse und Entwicklungen. Wir rufen daher die Leserinnen und Leser unserer Kommunikationskan\u00e4le auf, Leserbriefe in diesem Sinne an die Redaktion der Rheinischen Post zu senden.<\/span><\/p>\t\t\t\t\t\t\t\t<\/div>\n\t\t\t\t<\/div>\n\t\t\t\t\t<\/div>\n\t\t<\/div>\n\t\t\t\t\t<\/div>\n\t\t<\/section>\n\t\t\t\t<section class=\"elementor-section elementor-top-section elementor-element elementor-element-ee213bb elementor-section-boxed elementor-section-height-default elementor-section-height-default\" data-id=\"ee213bb\" data-element_type=\"section\" data-e-type=\"section\">\n\t\t\t\t\t\t<div class=\"elementor-container elementor-column-gap-default\">\n\t\t\t\t\t<div class=\"elementor-column elementor-col-100 elementor-top-column elementor-element elementor-element-fe69919\" data-id=\"fe69919\" data-element_type=\"column\" data-e-type=\"column\">\n\t\t\t<div class=\"elementor-widget-wrap elementor-element-populated\">\n\t\t\t\t\t\t<div class=\"elementor-element elementor-element-0c7c305 elementor-widget-divider--view-line elementor-widget elementor-widget-divider\" data-id=\"0c7c305\" data-element_type=\"widget\" data-e-type=\"widget\" data-widget_type=\"divider.default\">\n\t\t\t\t<div class=\"elementor-widget-container\">\n\t\t\t\t\t\t\t<div class=\"elementor-divider\">\n\t\t\t<span class=\"elementor-divider-separator\">\n\t\t\t\t\t\t<\/span>\n\t\t<\/div>\n\t\t\t\t\t\t<\/div>\n\t\t\t\t<\/div>\n\t\t\t\t\t<\/div>\n\t\t<\/div>\n\t\t\t\t\t<\/div>\n\t\t<\/section>\n\t\t\t\t<section class=\"elementor-section elementor-top-section elementor-element elementor-element-6d33395 elementor-section-boxed elementor-section-height-default elementor-section-height-default\" data-id=\"6d33395\" data-element_type=\"section\" data-e-type=\"section\">\n\t\t\t\t\t\t<div class=\"elementor-container elementor-column-gap-default\">\n\t\t\t\t\t<div class=\"elementor-column elementor-col-100 elementor-top-column elementor-element elementor-element-f74eedc\" data-id=\"f74eedc\" data-element_type=\"column\" data-e-type=\"column\">\n\t\t\t<div class=\"elementor-widget-wrap elementor-element-populated\">\n\t\t\t\t\t\t<div class=\"elementor-element elementor-element-d145992 elementor-widget elementor-widget-text-editor\" data-id=\"d145992\" data-element_type=\"widget\" data-e-type=\"widget\" data-widget_type=\"text-editor.default\">\n\t\t\t\t<div class=\"elementor-widget-container\">\n\t\t\t\t\t\t\t\t\t<p>13. September 2023, Vertreter von Heilberufen in Elmpt machen Minister Laumann auf die unerw\u00fcnschten Belastungen aufmerksam, die u.a. durch die gr\u00f6\u00dfenwahnsinnigen Pl\u00e4ne rund um den \"Javelin Park Ost\" entstehen werden.<br><a href=\"https:\/\/rp-online.de\/nrw\/staedte\/viersen\/niederkruechten-minister-laumann-diskutiert-mit-heilberuflern_aid-97514731\" style=\"font-style: inherit; font-weight: inherit;\"><span style=\"font-style: inherit; font-weight: inherit; background-color: var(--ast-global-color-4); color: var(--ast-global-color-3);\">https:\/\/rp-online.de\/nrw\/staedte\/viersen\/niederkruechten-minister-laumann-diskutiert-mit-heilberuflern_aid-97514731<\/span><\/a><\/p>\t\t\t\t\t\t\t\t<\/div>\n\t\t\t\t<\/div>\n\t\t\t\t\t<\/div>\n\t\t<\/div>\n\t\t\t\t\t<\/div>\n\t\t<\/section>\n\t\t\t\t<section class=\"elementor-section elementor-top-section elementor-element elementor-element-5eee3a2 elementor-section-boxed elementor-section-height-default elementor-section-height-default\" data-id=\"5eee3a2\" data-element_type=\"section\" data-e-type=\"section\">\n\t\t\t\t\t\t<div class=\"elementor-container elementor-column-gap-default\">\n\t\t\t\t\t<div class=\"elementor-column elementor-col-100 elementor-top-column elementor-element elementor-element-b2b837d\" data-id=\"b2b837d\" data-element_type=\"column\" data-e-type=\"column\">\n\t\t\t<div class=\"elementor-widget-wrap elementor-element-populated\">\n\t\t\t\t\t\t<div class=\"elementor-element elementor-element-8fc3568 elementor-widget-divider--view-line elementor-widget elementor-widget-divider\" data-id=\"8fc3568\" data-element_type=\"widget\" data-e-type=\"widget\" data-widget_type=\"divider.default\">\n\t\t\t\t<div class=\"elementor-widget-container\">\n\t\t\t\t\t\t\t<div class=\"elementor-divider\">\n\t\t\t<span class=\"elementor-divider-separator\">\n\t\t\t\t\t\t<\/span>\n\t\t<\/div>\n\t\t\t\t\t\t<\/div>\n\t\t\t\t<\/div>\n\t\t\t\t\t<\/div>\n\t\t<\/div>\n\t\t\t\t\t<\/div>\n\t\t<\/section>\n\t\t\t\t<section class=\"elementor-section elementor-top-section elementor-element elementor-element-2ad42ac elementor-section-boxed elementor-section-height-default elementor-section-height-default\" data-id=\"2ad42ac\" data-element_type=\"section\" data-e-type=\"section\">\n\t\t\t\t\t\t<div class=\"elementor-container elementor-column-gap-default\">\n\t\t\t\t\t<div class=\"elementor-column elementor-col-100 elementor-top-column elementor-element elementor-element-4590f6a\" data-id=\"4590f6a\" data-element_type=\"column\" data-e-type=\"column\">\n\t\t\t<div class=\"elementor-widget-wrap elementor-element-populated\">\n\t\t\t\t\t\t<div class=\"elementor-element elementor-element-fb63173 elementor-widget elementor-widget-menu-anchor\" data-id=\"fb63173\" data-element_type=\"widget\" data-e-type=\"widget\" data-widget_type=\"menu-anchor.default\">\n\t\t\t\t<div class=\"elementor-widget-container\">\n\t\t\t\t\t\t\t<div class=\"elementor-menu-anchor\" id=\"2023-13\"><\/div>\n\t\t\t\t\t\t<\/div>\n\t\t\t\t<\/div>\n\t\t\t\t\t<\/div>\n\t\t<\/div>\n\t\t\t\t\t<\/div>\n\t\t<\/section>\n\t\t\t\t<section class=\"elementor-section elementor-top-section elementor-element elementor-element-601c2d4 elementor-section-boxed elementor-section-height-default elementor-section-height-default\" data-id=\"601c2d4\" data-element_type=\"section\" data-e-type=\"section\">\n\t\t\t\t\t\t<div class=\"elementor-container elementor-column-gap-default\">\n\t\t\t\t\t<div class=\"elementor-column elementor-col-50 elementor-top-column elementor-element elementor-element-df6d31d\" data-id=\"df6d31d\" data-element_type=\"column\" data-e-type=\"column\">\n\t\t\t<div class=\"elementor-widget-wrap elementor-element-populated\">\n\t\t\t\t\t\t<div class=\"elementor-element elementor-element-88070b8 elementor-widget elementor-widget-text-editor\" data-id=\"88070b8\" data-element_type=\"widget\" data-e-type=\"widget\" data-widget_type=\"text-editor.default\">\n\t\t\t\t<div class=\"elementor-widget-container\">\n\t\t\t\t\t\t\t\t\t<p><strong>Keine weitere Untersuchung von Windkraftanlagen Meinweg-Plateau<\/strong><\/p>\t\t\t\t\t\t\t\t<\/div>\n\t\t\t\t<\/div>\n\t\t\t\t\t<\/div>\n\t\t<\/div>\n\t\t\t\t<div class=\"elementor-column elementor-col-50 elementor-top-column elementor-element elementor-element-969d0c4\" data-id=\"969d0c4\" data-element_type=\"column\" data-e-type=\"column\">\n\t\t\t<div class=\"elementor-widget-wrap\">\n\t\t\t\t\t\t\t<\/div>\n\t\t<\/div>\n\t\t\t\t\t<\/div>\n\t\t<\/section>\n\t\t\t\t<section class=\"elementor-section elementor-top-section elementor-element elementor-element-dedd9be elementor-section-boxed elementor-section-height-default elementor-section-height-default\" data-id=\"dedd9be\" data-element_type=\"section\" data-e-type=\"section\">\n\t\t\t\t\t\t<div class=\"elementor-container elementor-column-gap-default\">\n\t\t\t\t\t<div class=\"elementor-column elementor-col-50 elementor-top-column elementor-element elementor-element-047710d\" data-id=\"047710d\" data-element_type=\"column\" data-e-type=\"column\">\n\t\t\t<div class=\"elementor-widget-wrap elementor-element-populated\">\n\t\t\t\t\t\t<div class=\"elementor-element elementor-element-a061132 elementor-widget elementor-widget-text-editor\" data-id=\"a061132\" data-element_type=\"widget\" data-e-type=\"widget\" data-widget_type=\"text-editor.default\">\n\t\t\t\t<div class=\"elementor-widget-container\">\n\t\t\t\t\t\t\t\t\t<p>Der Gemeindevorstand von Roerdalen hat heute, am 3. Oktober 2023, beschlossen, die M\u00f6glichkeiten von Windkraftanlagen auf dem Meinweg-Plateau nicht weiter zu untersuchen. Das Kollegium hat sich letzte Woche mit dem Gemeinderat getroffen, um eine Reihe von Dilemmata bei der Entscheidungsfindung zu diskutieren. Die Erkenntnisse aus diesem Gespr\u00e4ch sind in die heutige Entscheidung des Kollegiums eingeflossen.<\/p><p>Weitere Informationen entnehmen Sie bitte der Pressemitteilung der Gemeinde:<br \/><a href=\"https:\/\/www.roerdalen.nl\/geen-verder-onderzoek-naar-windturbines-meinwegplateau\">https:\/\/www.roerdalen.nl\/geen-verder-onderzoek-naar-windturbines-meinwegplateau<\/a><\/p><p>\u00a0<\/p>\t\t\t\t\t\t\t\t<\/div>\n\t\t\t\t<\/div>\n\t\t\t\t\t<\/div>\n\t\t<\/div>\n\t\t\t\t<div class=\"elementor-column elementor-col-50 elementor-top-column elementor-element elementor-element-f3c9b56\" data-id=\"f3c9b56\" data-element_type=\"column\" data-e-type=\"column\">\n\t\t\t<div class=\"elementor-widget-wrap elementor-element-populated\">\n\t\t\t\t\t\t<div class=\"elementor-element elementor-element-7b24931 elementor-widget elementor-widget-image\" data-id=\"7b24931\" data-element_type=\"widget\" data-e-type=\"widget\" data-widget_type=\"image.default\">\n\t\t\t\t<div class=\"elementor-widget-container\">\n\t\t\t\t\t\t\t\t\t\t\t\t<figure class=\"wp-caption\">\n\t\t\t\t\t\t\t\t\t\t<img loading=\"lazy\" decoding=\"async\" width=\"212\" height=\"300\" src=\"https:\/\/www.gruenes-grenzland.net\/wp-content\/uploads\/2023\/10\/Windjmeules-Mienwaeg-bliej-Joyce-212x300.jpg\" class=\"attachment-medium size-medium wp-image-13553\" alt=\"\" srcset=\"https:\/\/www.gruenes-grenzland.net\/wp-content\/uploads\/2023\/10\/Windjmeules-Mienwaeg-bliej-Joyce-212x300.jpg 212w, https:\/\/www.gruenes-grenzland.net\/wp-content\/uploads\/2023\/10\/Windjmeules-Mienwaeg-bliej-Joyce-724x1024.jpg 724w, https:\/\/www.gruenes-grenzland.net\/wp-content\/uploads\/2023\/10\/Windjmeules-Mienwaeg-bliej-Joyce-768x1086.jpg 768w, https:\/\/www.gruenes-grenzland.net\/wp-content\/uploads\/2023\/10\/Windjmeules-Mienwaeg-bliej-Joyce-1086x1536.jpg 1086w, https:\/\/www.gruenes-grenzland.net\/wp-content\/uploads\/2023\/10\/Windjmeules-Mienwaeg-bliej-Joyce-8x12.jpg 8w, https:\/\/www.gruenes-grenzland.net\/wp-content\/uploads\/2023\/10\/Windjmeules-Mienwaeg-bliej-Joyce.jpg 1414w\" sizes=\"(max-width: 212px) 100vw, 212px\" \/>\t\t\t\t\t\t\t\t\t\t\t<figcaption class=\"widget-image-caption wp-caption-text\">Poster von Joyce Hendricks-Dircks<\/figcaption>\n\t\t\t\t\t\t\t\t\t\t<\/figure>\n\t\t\t\t\t\t\t\t\t<\/div>\n\t\t\t\t<\/div>\n\t\t\t\t\t<\/div>\n\t\t<\/div>\n\t\t\t\t\t<\/div>\n\t\t<\/section>\n\t\t\t\t<section class=\"elementor-section elementor-top-section elementor-element elementor-element-de82053 elementor-section-boxed elementor-section-height-default elementor-section-height-default\" data-id=\"de82053\" data-element_type=\"section\" data-e-type=\"section\">\n\t\t\t\t\t\t<div class=\"elementor-container elementor-column-gap-default\">\n\t\t\t\t\t<div class=\"elementor-column elementor-col-100 elementor-top-column elementor-element elementor-element-e4161fa\" data-id=\"e4161fa\" data-element_type=\"column\" data-e-type=\"column\">\n\t\t\t<div class=\"elementor-widget-wrap elementor-element-populated\">\n\t\t\t\t\t\t<div class=\"elementor-element elementor-element-d81e2d0 elementor-widget elementor-widget-text-editor\" data-id=\"d81e2d0\" data-element_type=\"widget\" data-e-type=\"widget\" data-widget_type=\"text-editor.default\">\n\t\t\t\t<div class=\"elementor-widget-container\">\n\t\t\t\t\t\t\t\t\t<p>Windkraftanlagen am Meinweg sind damit zum Gl\u00fcck endg\u00fcltig vom Tisch. Als Gr\u00fcnes Grenzland sind wir sehr froh \u00fcber diese Entscheidung.<\/p>\t\t\t\t\t\t\t\t<\/div>\n\t\t\t\t<\/div>\n\t\t\t\t\t<\/div>\n\t\t<\/div>\n\t\t\t\t\t<\/div>\n\t\t<\/section>\n\t\t\t\t<section class=\"elementor-section elementor-top-section elementor-element elementor-element-1b89a1c elementor-section-boxed elementor-section-height-default elementor-section-height-default\" data-id=\"1b89a1c\" data-element_type=\"section\" data-e-type=\"section\">\n\t\t\t\t\t\t<div class=\"elementor-container elementor-column-gap-default\">\n\t\t\t\t\t<div class=\"elementor-column elementor-col-100 elementor-top-column elementor-element elementor-element-e731779\" data-id=\"e731779\" data-element_type=\"column\" data-e-type=\"column\">\n\t\t\t<div class=\"elementor-widget-wrap elementor-element-populated\">\n\t\t\t\t\t\t<div class=\"elementor-element elementor-element-9d1e7b3 elementor-widget-divider--view-line elementor-widget elementor-widget-divider\" data-id=\"9d1e7b3\" data-element_type=\"widget\" data-e-type=\"widget\" data-widget_type=\"divider.default\">\n\t\t\t\t<div class=\"elementor-widget-container\">\n\t\t\t\t\t\t\t<div class=\"elementor-divider\">\n\t\t\t<span class=\"elementor-divider-separator\">\n\t\t\t\t\t\t<\/span>\n\t\t<\/div>\n\t\t\t\t\t\t<\/div>\n\t\t\t\t<\/div>\n\t\t\t\t\t<\/div>\n\t\t<\/div>\n\t\t\t\t\t<\/div>\n\t\t<\/section>\n\t\t\t\t<section class=\"elementor-section elementor-top-section elementor-element elementor-element-ce0d111 elementor-section-boxed elementor-section-height-default elementor-section-height-default\" data-id=\"ce0d111\" data-element_type=\"section\" data-e-type=\"section\">\n\t\t\t\t\t\t<div class=\"elementor-container elementor-column-gap-default\">\n\t\t\t\t\t<div class=\"elementor-column elementor-col-100 elementor-top-column elementor-element elementor-element-b5a60a7\" data-id=\"b5a60a7\" data-element_type=\"column\" data-e-type=\"column\">\n\t\t\t<div class=\"elementor-widget-wrap elementor-element-populated\">\n\t\t\t\t\t\t<div class=\"elementor-element elementor-element-0a0da32 elementor-widget elementor-widget-menu-anchor\" data-id=\"0a0da32\" data-element_type=\"widget\" data-e-type=\"widget\" data-widget_type=\"menu-anchor.default\">\n\t\t\t\t<div class=\"elementor-widget-container\">\n\t\t\t\t\t\t\t<div class=\"elementor-menu-anchor\" id=\"2023-12\"><\/div>\n\t\t\t\t\t\t<\/div>\n\t\t\t\t<\/div>\n\t\t\t\t\t<\/div>\n\t\t<\/div>\n\t\t\t\t\t<\/div>\n\t\t<\/section>\n\t\t\t\t<section class=\"elementor-section elementor-top-section elementor-element elementor-element-63e269f elementor-section-boxed elementor-section-height-default elementor-section-height-default\" data-id=\"63e269f\" data-element_type=\"section\" data-e-type=\"section\">\n\t\t\t\t\t\t<div class=\"elementor-container elementor-column-gap-default\">\n\t\t\t\t\t<div class=\"elementor-column elementor-col-50 elementor-top-column elementor-element elementor-element-dada17e\" data-id=\"dada17e\" data-element_type=\"column\" data-e-type=\"column\">\n\t\t\t<div class=\"elementor-widget-wrap elementor-element-populated\">\n\t\t\t\t\t\t<div class=\"elementor-element elementor-element-c2bc629 elementor-widget elementor-widget-text-editor\" data-id=\"c2bc629\" data-element_type=\"widget\" data-e-type=\"widget\" data-widget_type=\"text-editor.default\">\n\t\t\t\t<div class=\"elementor-widget-container\">\n\t\t\t\t\t\t\t\t\t<p><strong>Einweihung des neuen gro\u00dfen Bauschilds am Javelin Park in Elmpt.<\/strong><\/p>\t\t\t\t\t\t\t\t<\/div>\n\t\t\t\t<\/div>\n\t\t\t\t\t<\/div>\n\t\t<\/div>\n\t\t\t\t<div class=\"elementor-column elementor-col-50 elementor-top-column elementor-element elementor-element-eca0c19\" data-id=\"eca0c19\" data-element_type=\"column\" data-e-type=\"column\">\n\t\t\t<div class=\"elementor-widget-wrap\">\n\t\t\t\t\t\t\t<\/div>\n\t\t<\/div>\n\t\t\t\t\t<\/div>\n\t\t<\/section>\n\t\t\t\t<section class=\"elementor-section elementor-top-section elementor-element elementor-element-65a4168 elementor-section-boxed elementor-section-height-default elementor-section-height-default\" data-id=\"65a4168\" data-element_type=\"section\" data-e-type=\"section\">\n\t\t\t\t\t\t<div class=\"elementor-container elementor-column-gap-default\">\n\t\t\t\t\t<div class=\"elementor-column elementor-col-50 elementor-top-column elementor-element elementor-element-58caa05\" data-id=\"58caa05\" data-element_type=\"column\" data-e-type=\"column\">\n\t\t\t<div class=\"elementor-widget-wrap elementor-element-populated\">\n\t\t\t\t\t\t<div class=\"elementor-element elementor-element-06d68ad elementor-widget elementor-widget-text-editor\" data-id=\"06d68ad\" data-element_type=\"widget\" data-e-type=\"widget\" data-widget_type=\"text-editor.default\">\n\t\t\t\t<div class=\"elementor-widget-container\">\n\t\t\t\t\t\t\t\t\t<p>Am vergangenen Donnerstag, dem 28. September 2023, waren wir Augenzeugen der \u00f6ffentlichen Einweihung des neuen gro\u00dfen Bauschilds im Javelin Park in Elmpt.\u00a0 <br \/>Die Beteiligung war sehr gering, nur die unmittelbar Betroffenen waren anwesend. Offensichtlich wird dieses gro\u00df angelegte Vorhaben keineswegs von allen bejubelt. <br \/>Das macht der B\u00fcrgerschaft Mut. Als Gr\u00fcnes Grenzland werden wir uns weiterhin gegen ein solches gro\u00dffl\u00e4chiges Gewerbegebiet im Herzen des Naturparks Maas-Swalm-Nette wehren. Es w\u00e4re besser, die Natur entlang der Grenze weiter zu entwickeln. Lassen Sie uns lieber ein kleineres Gewerbegebiet f\u00fcr lokale kleine und mittlere Unternehmen aus Deutschland und den Niederlanden errichten. Lassen Sie uns bestehende Wohnh\u00e4user als \"Gartenvororte\" f\u00fcr das Wohnen von Familien aus der Grenzregion sanieren oder eventuell auf kleinteilige Neubauten umstellen.<\/p>\t\t\t\t\t\t\t\t<\/div>\n\t\t\t\t<\/div>\n\t\t\t\t\t<\/div>\n\t\t<\/div>\n\t\t\t\t<div class=\"elementor-column elementor-col-50 elementor-top-column elementor-element elementor-element-945675b\" data-id=\"945675b\" data-element_type=\"column\" data-e-type=\"column\">\n\t\t\t<div class=\"elementor-widget-wrap elementor-element-populated\">\n\t\t\t\t\t\t<div class=\"elementor-element elementor-element-a081001 elementor-widget elementor-widget-image\" data-id=\"a081001\" data-element_type=\"widget\" data-e-type=\"widget\" data-widget_type=\"image.default\">\n\t\t\t\t<div class=\"elementor-widget-container\">\n\t\t\t\t\t\t\t\t\t\t\t\t<figure class=\"wp-caption\">\n\t\t\t\t\t\t\t\t\t\t<img loading=\"lazy\" decoding=\"async\" width=\"1024\" height=\"768\" src=\"https:\/\/www.gruenes-grenzland.net\/wp-content\/uploads\/2023\/09\/onthulling-bouwbord-Javelin-Park-Elmpt-2-1024x768.jpeg\" class=\"attachment-large size-large wp-image-13513\" alt=\"\" srcset=\"https:\/\/www.gruenes-grenzland.net\/wp-content\/uploads\/2023\/09\/onthulling-bouwbord-Javelin-Park-Elmpt-2-1024x768.jpeg 1024w, https:\/\/www.gruenes-grenzland.net\/wp-content\/uploads\/2023\/09\/onthulling-bouwbord-Javelin-Park-Elmpt-2-300x225.jpeg 300w, https:\/\/www.gruenes-grenzland.net\/wp-content\/uploads\/2023\/09\/onthulling-bouwbord-Javelin-Park-Elmpt-2-768x576.jpeg 768w, https:\/\/www.gruenes-grenzland.net\/wp-content\/uploads\/2023\/09\/onthulling-bouwbord-Javelin-Park-Elmpt-2-16x12.jpeg 16w, https:\/\/www.gruenes-grenzland.net\/wp-content\/uploads\/2023\/09\/onthulling-bouwbord-Javelin-Park-Elmpt-2.jpeg 1280w\" sizes=\"(max-width: 1024px) 100vw, 1024px\" \/>\t\t\t\t\t\t\t\t\t\t\t<figcaption class=\"widget-image-caption wp-caption-text\">Einweihung des neuen gro\u00dfen Bauschilds am Javelin Park in Elmpt.  <\/figcaption>\n\t\t\t\t\t\t\t\t\t\t<\/figure>\n\t\t\t\t\t\t\t\t\t<\/div>\n\t\t\t\t<\/div>\n\t\t\t\t\t<\/div>\n\t\t<\/div>\n\t\t\t\t\t<\/div>\n\t\t<\/section>\n\t\t\t\t<section class=\"elementor-section elementor-top-section elementor-element elementor-element-0c75eeb elementor-section-boxed elementor-section-height-default elementor-section-height-default\" data-id=\"0c75eeb\" data-element_type=\"section\" data-e-type=\"section\">\n\t\t\t\t\t\t<div class=\"elementor-container elementor-column-gap-default\">\n\t\t\t\t\t<div class=\"elementor-column elementor-col-100 elementor-top-column elementor-element elementor-element-9e6ae7d\" data-id=\"9e6ae7d\" data-element_type=\"column\" data-e-type=\"column\">\n\t\t\t<div class=\"elementor-widget-wrap elementor-element-populated\">\n\t\t\t\t\t\t<div class=\"elementor-element elementor-element-e960cbf elementor-widget-divider--view-line elementor-widget elementor-widget-divider\" data-id=\"e960cbf\" data-element_type=\"widget\" data-e-type=\"widget\" data-widget_type=\"divider.default\">\n\t\t\t\t<div class=\"elementor-widget-container\">\n\t\t\t\t\t\t\t<div class=\"elementor-divider\">\n\t\t\t<span class=\"elementor-divider-separator\">\n\t\t\t\t\t\t<\/span>\n\t\t<\/div>\n\t\t\t\t\t\t<\/div>\n\t\t\t\t<\/div>\n\t\t\t\t\t<\/div>\n\t\t<\/div>\n\t\t\t\t\t<\/div>\n\t\t<\/section>\n\t\t\t\t<section class=\"elementor-section elementor-top-section elementor-element elementor-element-e92ba41 elementor-section-boxed elementor-section-height-default elementor-section-height-default\" data-id=\"e92ba41\" data-element_type=\"section\" data-e-type=\"section\">\n\t\t\t\t\t\t<div class=\"elementor-container elementor-column-gap-default\">\n\t\t\t\t\t<div class=\"elementor-column elementor-col-100 elementor-top-column elementor-element elementor-element-fba210b\" data-id=\"fba210b\" data-element_type=\"column\" data-e-type=\"column\">\n\t\t\t<div class=\"elementor-widget-wrap elementor-element-populated\">\n\t\t\t\t\t\t<div class=\"elementor-element elementor-element-29fb48e elementor-widget elementor-widget-menu-anchor\" data-id=\"29fb48e\" data-element_type=\"widget\" data-e-type=\"widget\" data-widget_type=\"menu-anchor.default\">\n\t\t\t\t<div class=\"elementor-widget-container\">\n\t\t\t\t\t\t\t<div class=\"elementor-menu-anchor\" id=\"2023-11\"><\/div>\n\t\t\t\t\t\t<\/div>\n\t\t\t\t<\/div>\n\t\t\t\t\t<\/div>\n\t\t<\/div>\n\t\t\t\t\t<\/div>\n\t\t<\/section>\n\t\t\t\t<section class=\"elementor-section elementor-top-section elementor-element elementor-element-d61cf35 elementor-section-boxed elementor-section-height-default elementor-section-height-default\" data-id=\"d61cf35\" data-element_type=\"section\" data-e-type=\"section\">\n\t\t\t\t\t\t<div class=\"elementor-container elementor-column-gap-default\">\n\t\t\t\t\t<div class=\"elementor-column elementor-col-50 elementor-top-column elementor-element elementor-element-a547876\" data-id=\"a547876\" data-element_type=\"column\" data-e-type=\"column\">\n\t\t\t<div class=\"elementor-widget-wrap elementor-element-populated\">\n\t\t\t\t\t\t<div class=\"elementor-element elementor-element-6d23ba3 elementor-widget elementor-widget-text-editor\" data-id=\"6d23ba3\" data-element_type=\"widget\" data-e-type=\"widget\" data-widget_type=\"text-editor.default\">\n\t\t\t\t<div class=\"elementor-widget-container\">\n\t\t\t\t\t\t\t\t\t<p><strong>Besuch Emstek<\/strong><\/p>\t\t\t\t\t\t\t\t<\/div>\n\t\t\t\t<\/div>\n\t\t\t\t\t<\/div>\n\t\t<\/div>\n\t\t\t\t<div class=\"elementor-column elementor-col-50 elementor-top-column elementor-element elementor-element-c12beba\" data-id=\"c12beba\" data-element_type=\"column\" data-e-type=\"column\">\n\t\t\t<div class=\"elementor-widget-wrap\">\n\t\t\t\t\t\t\t<\/div>\n\t\t<\/div>\n\t\t\t\t\t<\/div>\n\t\t<\/section>\n\t\t\t\t<section class=\"elementor-section elementor-top-section elementor-element elementor-element-52c2d33 elementor-section-boxed elementor-section-height-default elementor-section-height-default\" data-id=\"52c2d33\" data-element_type=\"section\" data-e-type=\"section\">\n\t\t\t\t\t\t<div class=\"elementor-container elementor-column-gap-default\">\n\t\t\t\t\t<div class=\"elementor-column elementor-col-50 elementor-top-column elementor-element elementor-element-f679bcc\" data-id=\"f679bcc\" data-element_type=\"column\" data-e-type=\"column\">\n\t\t\t<div class=\"elementor-widget-wrap elementor-element-populated\">\n\t\t\t\t\t\t<div class=\"elementor-element elementor-element-e6000d9 elementor-widget elementor-widget-text-editor\" data-id=\"e6000d9\" data-element_type=\"widget\" data-e-type=\"widget\" data-widget_type=\"text-editor.default\">\n\t\t\t\t<div class=\"elementor-widget-container\">\n\t\t\t\t\t\t\t\t\t<p>Am 27. September 2023 schickten Andreas Fink und J\u00fcrgen M\u00fclders allen Ratsmitgliedern der Gemeinde Niederkr\u00fcchten einen umfangreichen Fragebogen zum Besuch in Emstek am 29. September 2023.\u00a0<\/p><p>Unmittelbarer Anlass ist die Tatsache, dass die 61. Fl\u00e4chennutzungsplan\u00e4nderung der Gemeinde Niederkr\u00fcchten, \"Milit\u00e4rgebiet Elmpt\", \u00f6ffentlich bekannt gemacht wurde.<br \/>In diesem Zusammenhang werden Ausschuss- und Ratsmitglieder der Gemeinde Niederkr\u00fcchten gemeinsam mit EGE-Beauftragten ein Verdion-Projekt in Emstek besuchen. Dieses Projekt in Emstek soll zeigen, was Verdion zu leisten imstande ist.<\/p><p>Wir haben uns die Website angeschaut und festgestellt, dass das Vorzeigeprojekt in vielerlei Hinsicht Fragen aufwirft: <br \/>Nach anderthalb Jahrzehnten ist nur sehr wenig gebaut worden; die Stra\u00dfen sind alles andere als durchdacht; die Bepflanzung ist bestenfalls sch\u00f6n, hat aber keinen Wert f\u00fcr die Natur; <br \/>die Arbeitspl\u00e4tze pro Hektar verbrauchter Natur und damit auch die Einnahmen f\u00fcr die Gemeinde sind sehr gering, w\u00e4hrend der soziale Gesamtnutzen begrenzt bis negativ ist, usw. <br \/>Aus Gemeinden, in denen Verdion bereits seit einiger Zeit vertreten ist, war zu h\u00f6ren, dass das langfristige Engagement des Unternehmens in Frage gestellt werden k\u00f6nnte; au\u00dferdem wurde die Zahlungsmoral des Unternehmens in Frage gestellt.<\/p><p>Es stellt sich die Frage, ob ein so schwerwiegender Eingriff in die Landschaft, die Umwelt und die Gemeindestruktur f\u00fcr ein so geringes Ergebnis gerechtfertigt ist. Um die B\u00fcrgerinnen und B\u00fcrger von Niederkr\u00fcchten vor Nachteilen des Elmpt-Projekts mit seinem viel gr\u00f6\u00dferen Eingriff zu sch\u00fctzen, bitten wir Sie, sich kritisch mit diesem Objekt auseinanderzusetzen und ebenso kritische Fragen zu stellen.<\/p><p>Einen Link zum Fragebogen finden Sie\u00a0 <a href=\"https:\/\/www.gruenes-grenzland.net\/wp-content\/uploads\/2023\/09\/FRAGELISTE-EMSTEK-2023-09-29.docx\">hier<\/a> .\u00a0\u00a0<\/p><p class=\" translation-block\"><span style=\"font-style: inherit;font-weight: inherit;background-color: var(--ast-global-color-4);color: var(--ast-global-color-3)\">Sowie einen <a href=\"https:\/\/www.gruenes-grenzland.net\/wp-content\/uploads\/2023\/11\/LeserbriefRP-Simone-Woltery.pdf\" target=\"_self\">Link<\/a> zum Leserbrief von Simone Woltery, der am 7. Oktober bei der Rheinischen Post eingereicht wurde, aber leider bis heute nicht zur Ver\u00f6ffentlichung gekommen ist.<\/span><\/p>\t\t\t\t\t\t\t\t<\/div>\n\t\t\t\t<\/div>\n\t\t\t\t\t<\/div>\n\t\t<\/div>\n\t\t\t\t<div class=\"elementor-column elementor-col-50 elementor-top-column elementor-element elementor-element-8042fb7\" data-id=\"8042fb7\" data-element_type=\"column\" data-e-type=\"column\">\n\t\t\t<div class=\"elementor-widget-wrap elementor-element-populated\">\n\t\t\t\t\t\t<div class=\"elementor-element elementor-element-3f7ace6 elementor-widget elementor-widget-image\" data-id=\"3f7ace6\" data-element_type=\"widget\" data-e-type=\"widget\" data-widget_type=\"image.default\">\n\t\t\t\t<div class=\"elementor-widget-container\">\n\t\t\t\t\t\t\t\t\t\t\t\t<figure class=\"wp-caption\">\n\t\t\t\t\t\t\t\t\t\t<img loading=\"lazy\" decoding=\"async\" width=\"1024\" height=\"575\" src=\"https:\/\/www.gruenes-grenzland.net\/wp-content\/uploads\/2023\/09\/Swalm-KA-Overhetfeld-mit-Schwalm-2020-und-Aenderung-KA-HHeijnen-1024x575.jpg\" class=\"attachment-large size-large wp-image-13441\" alt=\"\" srcset=\"https:\/\/www.gruenes-grenzland.net\/wp-content\/uploads\/2023\/09\/Swalm-KA-Overhetfeld-mit-Schwalm-2020-und-Aenderung-KA-HHeijnen-1024x575.jpg 1024w, https:\/\/www.gruenes-grenzland.net\/wp-content\/uploads\/2023\/09\/Swalm-KA-Overhetfeld-mit-Schwalm-2020-und-Aenderung-KA-HHeijnen-300x169.jpg 300w, https:\/\/www.gruenes-grenzland.net\/wp-content\/uploads\/2023\/09\/Swalm-KA-Overhetfeld-mit-Schwalm-2020-und-Aenderung-KA-HHeijnen-768x431.jpg 768w, https:\/\/www.gruenes-grenzland.net\/wp-content\/uploads\/2023\/09\/Swalm-KA-Overhetfeld-mit-Schwalm-2020-und-Aenderung-KA-HHeijnen-18x10.jpg 18w, https:\/\/www.gruenes-grenzland.net\/wp-content\/uploads\/2023\/09\/Swalm-KA-Overhetfeld-mit-Schwalm-2020-und-Aenderung-KA-HHeijnen.jpg 1200w\" sizes=\"(max-width: 1024px) 100vw, 1024px\" \/>\t\t\t\t\t\t\t\t\t\t\t<figcaption class=\"widget-image-caption wp-caption-text\">Auch im Schwalmtal m\u00fcssen Natur und Landschaft (siehe rot-gelbe Markierungen) f\u00fcr das Verdion-Projekt geopfert werden. Der Bau dieses Gewerbegebietes wird eine Erweiterung der Kl\u00e4ranlage Overhetfeld erforderlich machen. Es stellt sich die Frage, ob eine solche Kombination von schwerwiegenden Eingriffen in die Landschaft und die Umwelt f\u00fcr ein so geringes Ergebnis gerechtfertigt ist<\/figcaption>\n\t\t\t\t\t\t\t\t\t\t<\/figure>\n\t\t\t\t\t\t\t\t\t<\/div>\n\t\t\t\t<\/div>\n\t\t\t\t\t<\/div>\n\t\t<\/div>\n\t\t\t\t\t<\/div>\n\t\t<\/section>\n\t\t\t\t<section class=\"elementor-section elementor-top-section elementor-element elementor-element-c8f985a elementor-section-boxed elementor-section-height-default elementor-section-height-default\" data-id=\"c8f985a\" data-element_type=\"section\" data-e-type=\"section\">\n\t\t\t\t\t\t<div class=\"elementor-container elementor-column-gap-default\">\n\t\t\t\t\t<div class=\"elementor-column elementor-col-100 elementor-top-column elementor-element elementor-element-04e29c0\" data-id=\"04e29c0\" data-element_type=\"column\" data-e-type=\"column\">\n\t\t\t<div class=\"elementor-widget-wrap elementor-element-populated\">\n\t\t\t\t\t\t<div class=\"elementor-element elementor-element-3a708db elementor-widget-divider--view-line elementor-widget elementor-widget-divider\" data-id=\"3a708db\" data-element_type=\"widget\" data-e-type=\"widget\" data-widget_type=\"divider.default\">\n\t\t\t\t<div class=\"elementor-widget-container\">\n\t\t\t\t\t\t\t<div class=\"elementor-divider\">\n\t\t\t<span class=\"elementor-divider-separator\">\n\t\t\t\t\t\t<\/span>\n\t\t<\/div>\n\t\t\t\t\t\t<\/div>\n\t\t\t\t<\/div>\n\t\t\t\t\t<\/div>\n\t\t<\/div>\n\t\t\t\t\t<\/div>\n\t\t<\/section>\n\t\t\t\t<section class=\"elementor-section elementor-top-section elementor-element elementor-element-b17015d elementor-section-boxed elementor-section-height-default elementor-section-height-default\" data-id=\"b17015d\" data-element_type=\"section\" data-e-type=\"section\">\n\t\t\t\t\t\t<div class=\"elementor-container elementor-column-gap-default\">\n\t\t\t\t\t<div class=\"elementor-column elementor-col-100 elementor-top-column elementor-element elementor-element-e104f97\" data-id=\"e104f97\" data-element_type=\"column\" data-e-type=\"column\">\n\t\t\t<div class=\"elementor-widget-wrap elementor-element-populated\">\n\t\t\t\t\t\t<div class=\"elementor-element elementor-element-e1ea2b1 elementor-widget elementor-widget-menu-anchor\" data-id=\"e1ea2b1\" data-element_type=\"widget\" data-e-type=\"widget\" data-widget_type=\"menu-anchor.default\">\n\t\t\t\t<div class=\"elementor-widget-container\">\n\t\t\t\t\t\t\t<div class=\"elementor-menu-anchor\" id=\"2023-10\"><\/div>\n\t\t\t\t\t\t<\/div>\n\t\t\t\t<\/div>\n\t\t\t\t\t<\/div>\n\t\t<\/div>\n\t\t\t\t\t<\/div>\n\t\t<\/section>\n\t\t\t\t<section class=\"elementor-section elementor-top-section elementor-element elementor-element-7cf72ee elementor-section-boxed elementor-section-height-default elementor-section-height-default\" data-id=\"7cf72ee\" data-element_type=\"section\" data-e-type=\"section\">\n\t\t\t\t\t\t<div class=\"elementor-container elementor-column-gap-default\">\n\t\t\t\t\t<div class=\"elementor-column elementor-col-50 elementor-top-column elementor-element elementor-element-ecca0e4\" data-id=\"ecca0e4\" data-element_type=\"column\" data-e-type=\"column\">\n\t\t\t<div class=\"elementor-widget-wrap elementor-element-populated\">\n\t\t\t\t\t\t<div class=\"elementor-element elementor-element-cf27a73 elementor-widget elementor-widget-text-editor\" data-id=\"cf27a73\" data-element_type=\"widget\" data-e-type=\"widget\" data-widget_type=\"text-editor.default\">\n\t\t\t\t<div class=\"elementor-widget-container\">\n\t\t\t\t\t\t\t\t\t<p><strong>Beteiligung Fl\u00e4chennutzungsplan Flughafengel\u00e4nde in Elmpt.<\/strong><\/p>\t\t\t\t\t\t\t\t<\/div>\n\t\t\t\t<\/div>\n\t\t\t\t\t<\/div>\n\t\t<\/div>\n\t\t\t\t<div class=\"elementor-column elementor-col-50 elementor-top-column elementor-element elementor-element-ad695a9\" data-id=\"ad695a9\" data-element_type=\"column\" data-e-type=\"column\">\n\t\t\t<div class=\"elementor-widget-wrap\">\n\t\t\t\t\t\t\t<\/div>\n\t\t<\/div>\n\t\t\t\t\t<\/div>\n\t\t<\/section>\n\t\t\t\t<section class=\"elementor-section elementor-top-section elementor-element elementor-element-0249fc5 elementor-section-boxed elementor-section-height-default elementor-section-height-default\" data-id=\"0249fc5\" data-element_type=\"section\" data-e-type=\"section\">\n\t\t\t\t\t\t<div class=\"elementor-container elementor-column-gap-default\">\n\t\t\t\t\t<div class=\"elementor-column elementor-col-50 elementor-top-column elementor-element elementor-element-59747a6\" data-id=\"59747a6\" data-element_type=\"column\" data-e-type=\"column\">\n\t\t\t<div class=\"elementor-widget-wrap elementor-element-populated\">\n\t\t\t\t\t\t<div class=\"elementor-element elementor-element-13b8a31 elementor-widget elementor-widget-text-editor\" data-id=\"13b8a31\" data-element_type=\"widget\" data-e-type=\"widget\" data-widget_type=\"text-editor.default\">\n\t\t\t\t<div class=\"elementor-widget-container\">\n\t\t\t\t\t\t\t\t\t<p>Am Samstag, den 9. September 2023, trafen wir uns wieder als Gr\u00fcnes Grenzland. Der unmittelbare Anlass war die angek\u00fcndigte B\u00fcrgerbeteiligungsrunde zum Fl\u00e4chennutzungsplan des Flughafengel\u00e4ndes in Elmpt.<\/p>\n<p>Jetzt wurde bekannt, dass die Offenlegung der Pl\u00e4ne f\u00fcr die 61. \u00c4nderung des Fl\u00e4chennutzungsplans \"Milit\u00e4rgel\u00e4nde Elmpt\" am 18. September 2023 stattfinden wird.  Nach dem Baugesetzbuch kann eine begrenzte Anzahl von Beh\u00f6rden und \"Tr\u00e4gern \u00f6ffentlicher Belange\" bis zum 3. November Stellungnahmen abgeben.<\/p>\n<p>Wir haben vor allem verschiedene Aspekte der bevorstehenden \u00d6ffentlichkeitsbeteiligung diskutiert. Wir diskutierten auch Optionen f\u00fcr die Beteiligung und eine Arbeitsteilung.<br>In Vorbereitung darauf kann jeder bereits alle von der Gemeinde ver\u00f6ffentlichten Dokumente lesen:<\/p>\n<p><a href=\"https:\/\/www.niederkruechten.de\/leben-niederkruechten\/planen-bauen-leben\/bauleitplanung\/aktuelle-planverfahren\">https:\/\/www.niederkruechten.de\/leben-niederkruechten\/planen-bauen-leben\/bauleitplanung\/aktuelle-planverfahren<\/a><\/p>\n<p>\u00dcber unsere Website und unsere Facebook-Seite werden wir alle \u00fcber weitere Entwicklungen auf dem Laufenden halten.<br>Die n\u00e4chste Sitzung ist f\u00fcr den 14. Oktober 2023 um 14 Uhr geplant.<\/p>\t\t\t\t\t\t\t\t<\/div>\n\t\t\t\t<\/div>\n\t\t\t\t\t<\/div>\n\t\t<\/div>\n\t\t\t\t<div class=\"elementor-column elementor-col-50 elementor-top-column elementor-element elementor-element-1328db0\" data-id=\"1328db0\" data-element_type=\"column\" data-e-type=\"column\">\n\t\t\t<div class=\"elementor-widget-wrap elementor-element-populated\">\n\t\t\t\t\t\t<div class=\"elementor-element elementor-element-c672fd5 elementor-widget elementor-widget-image\" data-id=\"c672fd5\" data-element_type=\"widget\" data-e-type=\"widget\" data-widget_type=\"image.default\">\n\t\t\t\t<div class=\"elementor-widget-container\">\n\t\t\t\t\t\t\t\t\t\t\t\t<figure class=\"wp-caption\">\n\t\t\t\t\t\t\t\t\t\t<img loading=\"lazy\" decoding=\"async\" width=\"1024\" height=\"575\" src=\"https:\/\/www.gruenes-grenzland.net\/wp-content\/uploads\/2023\/08\/Luesekamp-hoog-richting-NW-HHeijnen-1024x575.jpg\" class=\"attachment-large size-large wp-image-13076\" alt=\"\" srcset=\"https:\/\/www.gruenes-grenzland.net\/wp-content\/uploads\/2023\/08\/Luesekamp-hoog-richting-NW-HHeijnen-1024x575.jpg 1024w, https:\/\/www.gruenes-grenzland.net\/wp-content\/uploads\/2023\/08\/Luesekamp-hoog-richting-NW-HHeijnen-300x169.jpg 300w, https:\/\/www.gruenes-grenzland.net\/wp-content\/uploads\/2023\/08\/Luesekamp-hoog-richting-NW-HHeijnen-768x431.jpg 768w, https:\/\/www.gruenes-grenzland.net\/wp-content\/uploads\/2023\/08\/Luesekamp-hoog-richting-NW-HHeijnen-18x10.jpg 18w, https:\/\/www.gruenes-grenzland.net\/wp-content\/uploads\/2023\/08\/Luesekamp-hoog-richting-NW-HHeijnen.jpg 1200w\" sizes=\"(max-width: 1024px) 100vw, 1024px\" \/>\t\t\t\t\t\t\t\t\t\t\t<figcaption class=\"widget-image-caption wp-caption-text\">L\u00fcsekamp, bedeutendes Naturschutzgebiet direkt an der Landesgrenze, wird durch gr\u00f6\u00dfenwahnsinnige Pl\u00e4ne am ehemaligen Flughafen Elmpt ausgetrocknet<\/figcaption>\n\t\t\t\t\t\t\t\t\t\t<\/figure>\n\t\t\t\t\t\t\t\t\t<\/div>\n\t\t\t\t<\/div>\n\t\t\t\t\t<\/div>\n\t\t<\/div>\n\t\t\t\t\t<\/div>\n\t\t<\/section>\n\t\t\t\t<section class=\"elementor-section elementor-top-section elementor-element elementor-element-b24cf38 elementor-section-boxed elementor-section-height-default elementor-section-height-default\" data-id=\"b24cf38\" data-element_type=\"section\" data-e-type=\"section\">\n\t\t\t\t\t\t<div class=\"elementor-container elementor-column-gap-default\">\n\t\t\t\t\t<div class=\"elementor-column elementor-col-100 elementor-top-column elementor-element elementor-element-4c0563f\" data-id=\"4c0563f\" data-element_type=\"column\" data-e-type=\"column\">\n\t\t\t<div class=\"elementor-widget-wrap elementor-element-populated\">\n\t\t\t\t\t\t<div class=\"elementor-element elementor-element-b86b42c elementor-widget-divider--view-line elementor-widget elementor-widget-divider\" data-id=\"b86b42c\" data-element_type=\"widget\" data-e-type=\"widget\" data-widget_type=\"divider.default\">\n\t\t\t\t<div class=\"elementor-widget-container\">\n\t\t\t\t\t\t\t<div class=\"elementor-divider\">\n\t\t\t<span class=\"elementor-divider-separator\">\n\t\t\t\t\t\t<\/span>\n\t\t<\/div>\n\t\t\t\t\t\t<\/div>\n\t\t\t\t<\/div>\n\t\t\t\t\t<\/div>\n\t\t<\/div>\n\t\t\t\t\t<\/div>\n\t\t<\/section>\n\t\t\t\t<section class=\"elementor-section elementor-top-section elementor-element elementor-element-728028d elementor-section-boxed elementor-section-height-default elementor-section-height-default\" data-id=\"728028d\" data-element_type=\"section\" data-e-type=\"section\">\n\t\t\t\t\t\t<div class=\"elementor-container elementor-column-gap-default\">\n\t\t\t\t\t<div class=\"elementor-column elementor-col-100 elementor-top-column elementor-element elementor-element-2cbd96e\" data-id=\"2cbd96e\" data-element_type=\"column\" data-e-type=\"column\">\n\t\t\t<div class=\"elementor-widget-wrap elementor-element-populated\">\n\t\t\t\t\t\t<div class=\"elementor-element elementor-element-768fc85 elementor-widget elementor-widget-menu-anchor\" data-id=\"768fc85\" data-element_type=\"widget\" data-e-type=\"widget\" data-widget_type=\"menu-anchor.default\">\n\t\t\t\t<div class=\"elementor-widget-container\">\n\t\t\t\t\t\t\t<div class=\"elementor-menu-anchor\" id=\"2023-9\"><\/div>\n\t\t\t\t\t\t<\/div>\n\t\t\t\t<\/div>\n\t\t\t\t\t<\/div>\n\t\t<\/div>\n\t\t\t\t\t<\/div>\n\t\t<\/section>\n\t\t\t\t<section class=\"elementor-section elementor-top-section elementor-element elementor-element-36425e2 elementor-section-boxed elementor-section-height-default elementor-section-height-default\" data-id=\"36425e2\" data-element_type=\"section\" data-e-type=\"section\">\n\t\t\t\t\t\t<div class=\"elementor-container elementor-column-gap-default\">\n\t\t\t\t\t<div class=\"elementor-column elementor-col-50 elementor-top-column elementor-element elementor-element-058b762\" data-id=\"058b762\" data-element_type=\"column\" data-e-type=\"column\">\n\t\t\t<div class=\"elementor-widget-wrap elementor-element-populated\">\n\t\t\t\t\t\t<div class=\"elementor-element elementor-element-10d22fc elementor-widget elementor-widget-text-editor\" data-id=\"10d22fc\" data-element_type=\"widget\" data-e-type=\"widget\" data-widget_type=\"text-editor.default\">\n\t\t\t\t<div class=\"elementor-widget-container\">\n\t\t\t\t\t\t\t\t\t<p><strong>Der Nahrungswald entwickelt sich pr\u00e4chtig<\/strong><\/p>\t\t\t\t\t\t\t\t<\/div>\n\t\t\t\t<\/div>\n\t\t\t\t\t<\/div>\n\t\t<\/div>\n\t\t\t\t<div class=\"elementor-column elementor-col-50 elementor-top-column elementor-element elementor-element-0ca4e93\" data-id=\"0ca4e93\" data-element_type=\"column\" data-e-type=\"column\">\n\t\t\t<div class=\"elementor-widget-wrap\">\n\t\t\t\t\t\t\t<\/div>\n\t\t<\/div>\n\t\t\t\t\t<\/div>\n\t\t<\/section>\n\t\t\t\t<section class=\"elementor-section elementor-top-section elementor-element elementor-element-638a968 elementor-section-boxed elementor-section-height-default elementor-section-height-default\" data-id=\"638a968\" data-element_type=\"section\" data-e-type=\"section\">\n\t\t\t\t\t\t<div class=\"elementor-container elementor-column-gap-default\">\n\t\t\t\t\t<div class=\"elementor-column elementor-col-50 elementor-top-column elementor-element elementor-element-b6652fb\" data-id=\"b6652fb\" data-element_type=\"column\" data-e-type=\"column\">\n\t\t\t<div class=\"elementor-widget-wrap elementor-element-populated\">\n\t\t\t\t\t\t<div class=\"elementor-element elementor-element-0fbe253 elementor-widget elementor-widget-text-editor\" data-id=\"0fbe253\" data-element_type=\"widget\" data-e-type=\"widget\" data-widget_type=\"text-editor.default\">\n\t\t\t\t<div class=\"elementor-widget-container\">\n\t\t\t\t\t\t\t\t\t<p>4. August 2023, Erfreulicherweise gibt es auch gute Nachrichten aus unserer Grenzregion zu berichten.  Der k\u00fcrzlich angelegte Nahrungswald Flincke Ven in der Gemeinde Roerdalen entwickelt sich n\u00e4mlich gut.<span style=\"font-style: inherit; font-weight: inherit; background-color: var(--ast-global-color-4); color: var(--ast-global-color-3);\">\u00a0 Der gr\u00f6\u00dfte Teil der Anpflanzungen hat es geschafft. Die Natur ist widerstandsf\u00e4hig und selbst teilweise verwelkte Pflanzen k\u00f6nnen noch nachwachsen.\u00a0<\/span><span style=\"font-style: inherit; font-weight: inherit; background-color: var(--ast-global-color-4); color: var(--ast-global-color-3);\">Vor kurzem hat die Stiftung Voedselbos einen Zuschuss der Provinz Limburg f\u00fcr die Anpflanzung des Nahrungswaldes erhalten. Die dritte Pflanzung soll am Samstag, dem 28. Oktober 2023, stattfinden. Sie haben sich f\u00fcr eine Herbstpflanzung entschieden, weil die B\u00e4ume dann mehr Zeit haben, um richtig Fu\u00df zu fassen. F\u00fcr weitere Informationen siehe:\u00a0\u00a0<a href=\"https:\/\/voedselbosroerdalen.nl\/nieuws\">https:\/\/voedselbosroerdalen.nl\/nieuws<\/a><\/span><\/p><p>\u00a0<\/p>\t\t\t\t\t\t\t\t<\/div>\n\t\t\t\t<\/div>\n\t\t\t\t\t<\/div>\n\t\t<\/div>\n\t\t\t\t<div class=\"elementor-column elementor-col-50 elementor-top-column elementor-element elementor-element-4f8451b\" data-id=\"4f8451b\" data-element_type=\"column\" data-e-type=\"column\">\n\t\t\t<div class=\"elementor-widget-wrap elementor-element-populated\">\n\t\t\t\t\t\t<div class=\"elementor-element elementor-element-b6028cc elementor-widget elementor-widget-video\" data-id=\"b6028cc\" data-element_type=\"widget\" data-e-type=\"widget\" data-settings=\"{&quot;youtube_url&quot;:&quot;https:\\\/\\\/youtu.be\\\/JjrxC9aBiXA&quot;,&quot;video_type&quot;:&quot;youtube&quot;,&quot;controls&quot;:&quot;yes&quot;}\" data-widget_type=\"video.default\">\n\t\t\t\t<div class=\"elementor-widget-container\">\n\t\t\t\t\t\t\t<div class=\"elementor-wrapper elementor-open-inline\">\n\t\t\t<div class=\"elementor-video\"><\/div>\t\t<\/div>\n\t\t\t\t\t\t<\/div>\n\t\t\t\t<\/div>\n\t\t\t\t\t<\/div>\n\t\t<\/div>\n\t\t\t\t\t<\/div>\n\t\t<\/section>\n\t\t\t\t<section class=\"elementor-section elementor-top-section elementor-element elementor-element-b479add elementor-section-boxed elementor-section-height-default elementor-section-height-default\" data-id=\"b479add\" data-element_type=\"section\" data-e-type=\"section\">\n\t\t\t\t\t\t<div class=\"elementor-container elementor-column-gap-default\">\n\t\t\t\t\t<div class=\"elementor-column elementor-col-50 elementor-top-column elementor-element elementor-element-79f014d\" data-id=\"79f014d\" data-element_type=\"column\" data-e-type=\"column\">\n\t\t\t<div class=\"elementor-widget-wrap elementor-element-populated\">\n\t\t\t\t\t\t<div class=\"elementor-element elementor-element-c3110a5 elementor-widget elementor-widget-image\" data-id=\"c3110a5\" data-element_type=\"widget\" data-e-type=\"widget\" data-widget_type=\"image.default\">\n\t\t\t\t<div class=\"elementor-widget-container\">\n\t\t\t\t\t\t\t\t\t\t\t\t<figure class=\"wp-caption\">\n\t\t\t\t\t\t\t\t\t\t<img loading=\"lazy\" decoding=\"async\" width=\"1024\" height=\"724\" src=\"https:\/\/www.gruenes-grenzland.net\/wp-content\/uploads\/2023\/08\/Voedselbos-Flinke-Ven-bestaande-situatie-1024x724.jpg\" class=\"attachment-large size-large wp-image-12959\" alt=\"\" srcset=\"https:\/\/www.gruenes-grenzland.net\/wp-content\/uploads\/2023\/08\/Voedselbos-Flinke-Ven-bestaande-situatie-1024x724.jpg 1024w, https:\/\/www.gruenes-grenzland.net\/wp-content\/uploads\/2023\/08\/Voedselbos-Flinke-Ven-bestaande-situatie-300x212.jpg 300w, https:\/\/www.gruenes-grenzland.net\/wp-content\/uploads\/2023\/08\/Voedselbos-Flinke-Ven-bestaande-situatie-768x543.jpg 768w, https:\/\/www.gruenes-grenzland.net\/wp-content\/uploads\/2023\/08\/Voedselbos-Flinke-Ven-bestaande-situatie-1536x1086.jpg 1536w, https:\/\/www.gruenes-grenzland.net\/wp-content\/uploads\/2023\/08\/Voedselbos-Flinke-Ven-bestaande-situatie-2048x1448.jpg 2048w, https:\/\/www.gruenes-grenzland.net\/wp-content\/uploads\/2023\/08\/Voedselbos-Flinke-Ven-bestaande-situatie-18x12.jpg 18w\" sizes=\"(max-width: 1024px) 100vw, 1024px\" \/>\t\t\t\t\t\t\t\t\t\t\t<figcaption class=\"widget-image-caption wp-caption-text\">Standort f\u00fcr die Einrichtung des Nahrungswaldes 2022<\/figcaption>\n\t\t\t\t\t\t\t\t\t\t<\/figure>\n\t\t\t\t\t\t\t\t\t<\/div>\n\t\t\t\t<\/div>\n\t\t\t\t\t<\/div>\n\t\t<\/div>\n\t\t\t\t<div class=\"elementor-column elementor-col-50 elementor-top-column elementor-element elementor-element-96d8d8e\" data-id=\"96d8d8e\" data-element_type=\"column\" data-e-type=\"column\">\n\t\t\t<div class=\"elementor-widget-wrap elementor-element-populated\">\n\t\t\t\t\t\t<div class=\"elementor-element elementor-element-7545e2a elementor-widget elementor-widget-image\" data-id=\"7545e2a\" data-element_type=\"widget\" data-e-type=\"widget\" data-widget_type=\"image.default\">\n\t\t\t\t<div class=\"elementor-widget-container\">\n\t\t\t\t\t\t\t\t\t\t\t\t<figure class=\"wp-caption\">\n\t\t\t\t\t\t\t\t\t\t<img loading=\"lazy\" decoding=\"async\" width=\"1024\" height=\"724\" src=\"https:\/\/www.gruenes-grenzland.net\/wp-content\/uploads\/2023\/08\/Voedselbos-Flinke-Ven-luchtopname-3-mei-2023-1024x724.jpg\" class=\"attachment-large size-large wp-image-12960\" alt=\"\" srcset=\"https:\/\/www.gruenes-grenzland.net\/wp-content\/uploads\/2023\/08\/Voedselbos-Flinke-Ven-luchtopname-3-mei-2023-1024x724.jpg 1024w, https:\/\/www.gruenes-grenzland.net\/wp-content\/uploads\/2023\/08\/Voedselbos-Flinke-Ven-luchtopname-3-mei-2023-300x212.jpg 300w, https:\/\/www.gruenes-grenzland.net\/wp-content\/uploads\/2023\/08\/Voedselbos-Flinke-Ven-luchtopname-3-mei-2023-768x543.jpg 768w, https:\/\/www.gruenes-grenzland.net\/wp-content\/uploads\/2023\/08\/Voedselbos-Flinke-Ven-luchtopname-3-mei-2023-1536x1086.jpg 1536w, https:\/\/www.gruenes-grenzland.net\/wp-content\/uploads\/2023\/08\/Voedselbos-Flinke-Ven-luchtopname-3-mei-2023-2048x1448.jpg 2048w, https:\/\/www.gruenes-grenzland.net\/wp-content\/uploads\/2023\/08\/Voedselbos-Flinke-Ven-luchtopname-3-mei-2023-18x12.jpg 18w\" sizes=\"(max-width: 1024px) 100vw, 1024px\" \/>\t\t\t\t\t\t\t\t\t\t\t<figcaption class=\"widget-image-caption wp-caption-text\">Standort nach dem Neubau Nahrungswald Mai 2023<\/figcaption>\n\t\t\t\t\t\t\t\t\t\t<\/figure>\n\t\t\t\t\t\t\t\t\t<\/div>\n\t\t\t\t<\/div>\n\t\t\t\t\t<\/div>\n\t\t<\/div>\n\t\t\t\t\t<\/div>\n\t\t<\/section>\n\t\t\t\t<section class=\"elementor-section elementor-top-section elementor-element elementor-element-4c2e3cc elementor-section-boxed elementor-section-height-default elementor-section-height-default\" data-id=\"4c2e3cc\" data-element_type=\"section\" data-e-type=\"section\">\n\t\t\t\t\t\t<div class=\"elementor-container elementor-column-gap-default\">\n\t\t\t\t\t<div class=\"elementor-column elementor-col-100 elementor-top-column elementor-element elementor-element-a192a56\" data-id=\"a192a56\" data-element_type=\"column\" data-e-type=\"column\">\n\t\t\t<div class=\"elementor-widget-wrap elementor-element-populated\">\n\t\t\t\t\t\t<div class=\"elementor-element elementor-element-974ead2 elementor-widget-divider--view-line elementor-widget elementor-widget-divider\" data-id=\"974ead2\" data-element_type=\"widget\" data-e-type=\"widget\" data-widget_type=\"divider.default\">\n\t\t\t\t<div class=\"elementor-widget-container\">\n\t\t\t\t\t\t\t<div class=\"elementor-divider\">\n\t\t\t<span class=\"elementor-divider-separator\">\n\t\t\t\t\t\t<\/span>\n\t\t<\/div>\n\t\t\t\t\t\t<\/div>\n\t\t\t\t<\/div>\n\t\t\t\t\t<\/div>\n\t\t<\/div>\n\t\t\t\t\t<\/div>\n\t\t<\/section>\n\t\t\t\t<section class=\"elementor-section elementor-top-section elementor-element elementor-element-ee22d00 elementor-section-boxed elementor-section-height-default elementor-section-height-default\" data-id=\"ee22d00\" data-element_type=\"section\" data-e-type=\"section\">\n\t\t\t\t\t\t<div class=\"elementor-container elementor-column-gap-default\">\n\t\t\t\t\t<div class=\"elementor-column elementor-col-100 elementor-top-column elementor-element elementor-element-56c91f6\" data-id=\"56c91f6\" data-element_type=\"column\" data-e-type=\"column\">\n\t\t\t<div class=\"elementor-widget-wrap elementor-element-populated\">\n\t\t\t\t\t\t<div class=\"elementor-element elementor-element-db40602 elementor-widget elementor-widget-menu-anchor\" data-id=\"db40602\" data-element_type=\"widget\" data-e-type=\"widget\" data-widget_type=\"menu-anchor.default\">\n\t\t\t\t<div class=\"elementor-widget-container\">\n\t\t\t\t\t\t\t<div class=\"elementor-menu-anchor\" id=\"2023-8\"><\/div>\n\t\t\t\t\t\t<\/div>\n\t\t\t\t<\/div>\n\t\t\t\t\t<\/div>\n\t\t<\/div>\n\t\t\t\t\t<\/div>\n\t\t<\/section>\n\t\t\t\t<section class=\"elementor-section elementor-top-section elementor-element elementor-element-5d2ad79 elementor-section-boxed elementor-section-height-default elementor-section-height-default\" data-id=\"5d2ad79\" data-element_type=\"section\" data-e-type=\"section\">\n\t\t\t\t\t\t<div class=\"elementor-container elementor-column-gap-default\">\n\t\t\t\t\t<div class=\"elementor-column elementor-col-50 elementor-top-column elementor-element elementor-element-58cb051\" data-id=\"58cb051\" data-element_type=\"column\" data-e-type=\"column\">\n\t\t\t<div class=\"elementor-widget-wrap elementor-element-populated\">\n\t\t\t\t\t\t<div class=\"elementor-element elementor-element-8c72b01 elementor-widget elementor-widget-text-editor\" data-id=\"8c72b01\" data-element_type=\"widget\" data-e-type=\"widget\" data-widget_type=\"text-editor.default\">\n\t\t\t\t<div class=\"elementor-widget-container\">\n\t\t\t\t\t\t\t\t\t<p><strong>Nationalpark De Meinweg wird erweitert\u00a0<\/strong><\/p>\t\t\t\t\t\t\t\t<\/div>\n\t\t\t\t<\/div>\n\t\t\t\t\t<\/div>\n\t\t<\/div>\n\t\t\t\t<div class=\"elementor-column elementor-col-50 elementor-top-column elementor-element elementor-element-3a5b404\" data-id=\"3a5b404\" data-element_type=\"column\" data-e-type=\"column\">\n\t\t\t<div class=\"elementor-widget-wrap\">\n\t\t\t\t\t\t\t<\/div>\n\t\t<\/div>\n\t\t\t\t\t<\/div>\n\t\t<\/section>\n\t\t\t\t<section class=\"elementor-section elementor-top-section elementor-element elementor-element-4ae259b elementor-section-boxed elementor-section-height-default elementor-section-height-default\" data-id=\"4ae259b\" data-element_type=\"section\" data-e-type=\"section\">\n\t\t\t\t\t\t<div class=\"elementor-container elementor-column-gap-default\">\n\t\t\t\t\t<div class=\"elementor-column elementor-col-50 elementor-top-column elementor-element elementor-element-5e3a46d\" data-id=\"5e3a46d\" data-element_type=\"column\" data-e-type=\"column\">\n\t\t\t<div class=\"elementor-widget-wrap elementor-element-populated\">\n\t\t\t\t\t\t<div class=\"elementor-element elementor-element-0416444 elementor-widget elementor-widget-text-editor\" data-id=\"0416444\" data-element_type=\"widget\" data-e-type=\"widget\" data-widget_type=\"text-editor.default\">\n\t\t\t\t<div class=\"elementor-widget-container\">\n\t\t\t\t\t\t\t\t\t<div class=\"layout-component highlight\" data-v-8ef9dd38=\"\">\n<div id=\"f2e67788-12a8-4470-bab0-684392a2694e\" class=\"api-text component layout-component-item\" data-v-4e3223bb=\"\" data-v-8ef9dd38=\"\">\n<div class=\"text\" data-v-4e3223bb=\"\">7. Juli 2023, \nDer Nationalpark De Meinweg wird, wenn es nach den Gemeinden Roerdalen und Roermond geht, um die Natur in den T\u00e4lern der Swalm und der Ruhr, in der N\u00e4he des Vlootbeek und der Landschaft dazwischen erweitert.<\/div>\n<\/div>\n<\/div>\n<div class=\"layout-component\" data-v-8ef9dd38=\"\">\n<div id=\"74a65f28-9968-490c-b0ad-465714b9dad1\" class=\"api-text component layout-component-item\" data-v-4e3223bb=\"\" data-v-8ef9dd38=\"\">\n<div class=\"text\" data-v-4e3223bb=\"\">Roerdalen und Roermond betonen, dass keine Absicht besteht, landwirtschaftliche Fl\u00e4chen zu opfern.&nbsp;<span style=\"background-color: var(--ast-global-color-4); color: var(--ast-global-color-3); font-family: var( --e-global-typography-secondary-font-family ), Sans-serif; font-size: 1rem; font-weight: var( --e-global-typography-secondary-font-weight );\">Die Idee ist, dass sich der Tourismus und die Erholung in dem Gebiet dann besser verteilen und die empfindliche Heidelandschaft am Meinweg mehr Ruhe bekommt. Die Gemeinden erhoffen sich auch \"mehr Erlebnis und Attraktivit\u00e4t\" im Naturpark Mittellimburg.<\/span><\/div>\n<\/div>\n<\/div>\n<div class=\"layout-component\" data-v-8ef9dd38=\"\">\n<div id=\"c026c9fa-2b1f-46c9-9479-ef772faf0522\" class=\"api-text component layout-component-item\" data-v-4e3223bb=\"\" data-v-8ef9dd38=\"\">\n<div class=\"text\" data-v-4e3223bb=\"\">Mit der Erweiterung k\u00f6nnte auch der Name des Nationalparks verschwinden. \"Mit dem Ruhr- und dem Swalmtal ist das Gebiet viel gr\u00f6\u00dfer als nur die Heide am Meinweg. Deshalb denken wir auch \u00fcber einen neuen Namen nach, obwohl es noch keinen gibt.\" Mehr Information sehe hier unter <a href=\"https:\/\/www.1limburg.nl\/nieuws\/2235679\/uitbreidingsplannen-voor-nationaal-park-de-meinweg\">https:\/\/www.1limburg.nl\/nieuws\/2235679\/uitbreidingsplannen-voor-nationaal-park-de-meinweg<\/a><\/div>\n<\/div>\n<\/div>\t\t\t\t\t\t\t\t<\/div>\n\t\t\t\t<\/div>\n\t\t\t\t\t<\/div>\n\t\t<\/div>\n\t\t\t\t<div class=\"elementor-column elementor-col-50 elementor-top-column elementor-element elementor-element-2e12b59\" data-id=\"2e12b59\" data-element_type=\"column\" data-e-type=\"column\">\n\t\t\t<div class=\"elementor-widget-wrap elementor-element-populated\">\n\t\t\t\t\t\t<div class=\"elementor-element elementor-element-507fbab elementor-widget elementor-widget-image\" data-id=\"507fbab\" data-element_type=\"widget\" data-e-type=\"widget\" data-widget_type=\"image.default\">\n\t\t\t\t<div class=\"elementor-widget-container\">\n\t\t\t\t\t\t\t\t\t\t\t\t<figure class=\"wp-caption\">\n\t\t\t\t\t\t\t\t\t\t<img loading=\"lazy\" decoding=\"async\" width=\"559\" height=\"428\" src=\"https:\/\/www.gruenes-grenzland.net\/wp-content\/uploads\/2023\/07\/Nationaalpark-Nieuw-begrenzing-indicatief.jpg\" class=\"attachment-large size-large wp-image-12734\" alt=\"\" srcset=\"https:\/\/www.gruenes-grenzland.net\/wp-content\/uploads\/2023\/07\/Nationaalpark-Nieuw-begrenzing-indicatief.jpg 559w, https:\/\/www.gruenes-grenzland.net\/wp-content\/uploads\/2023\/07\/Nationaalpark-Nieuw-begrenzing-indicatief-300x230.jpg 300w, https:\/\/www.gruenes-grenzland.net\/wp-content\/uploads\/2023\/07\/Nationaalpark-Nieuw-begrenzing-indicatief-16x12.jpg 16w\" sizes=\"(max-width: 559px) 100vw, 559px\" \/>\t\t\t\t\t\t\t\t\t\t\t<figcaption class=\"widget-image-caption wp-caption-text\">Grenze des heutigen Nationalparks de Meinweg rot, Erweiterungsgebiet braun<\/figcaption>\n\t\t\t\t\t\t\t\t\t\t<\/figure>\n\t\t\t\t\t\t\t\t\t<\/div>\n\t\t\t\t<\/div>\n\t\t\t\t\t<\/div>\n\t\t<\/div>\n\t\t\t\t\t<\/div>\n\t\t<\/section>\n\t\t\t\t<section class=\"elementor-section elementor-top-section elementor-element elementor-element-effe707 elementor-section-boxed elementor-section-height-default elementor-section-height-default\" data-id=\"effe707\" data-element_type=\"section\" data-e-type=\"section\">\n\t\t\t\t\t\t<div class=\"elementor-container elementor-column-gap-default\">\n\t\t\t\t\t<div class=\"elementor-column elementor-col-100 elementor-top-column elementor-element elementor-element-d2fe95b\" data-id=\"d2fe95b\" data-element_type=\"column\" data-e-type=\"column\">\n\t\t\t<div class=\"elementor-widget-wrap elementor-element-populated\">\n\t\t\t\t\t\t<div class=\"elementor-element elementor-element-a08813a elementor-widget-divider--view-line elementor-widget elementor-widget-divider\" data-id=\"a08813a\" data-element_type=\"widget\" data-e-type=\"widget\" data-widget_type=\"divider.default\">\n\t\t\t\t<div class=\"elementor-widget-container\">\n\t\t\t\t\t\t\t<div class=\"elementor-divider\">\n\t\t\t<span class=\"elementor-divider-separator\">\n\t\t\t\t\t\t<\/span>\n\t\t<\/div>\n\t\t\t\t\t\t<\/div>\n\t\t\t\t<\/div>\n\t\t\t\t\t<\/div>\n\t\t<\/div>\n\t\t\t\t\t<\/div>\n\t\t<\/section>\n\t\t\t\t<section class=\"elementor-section elementor-top-section elementor-element elementor-element-0f214e3 elementor-section-boxed elementor-section-height-default elementor-section-height-default\" data-id=\"0f214e3\" data-element_type=\"section\" data-e-type=\"section\">\n\t\t\t\t\t\t<div class=\"elementor-container elementor-column-gap-default\">\n\t\t\t\t\t<div class=\"elementor-column elementor-col-50 elementor-top-column elementor-element elementor-element-48fd9f5\" data-id=\"48fd9f5\" data-element_type=\"column\" data-e-type=\"column\">\n\t\t\t<div class=\"elementor-widget-wrap elementor-element-populated\">\n\t\t\t\t\t\t<div class=\"elementor-element elementor-element-4104921 elementor-widget elementor-widget-text-editor\" data-id=\"4104921\" data-element_type=\"widget\" data-e-type=\"widget\" data-widget_type=\"text-editor.default\">\n\t\t\t\t<div class=\"elementor-widget-container\">\n\t\t\t\t\t\t\t\t\t<p><strong>Vermarktungskonzept f\u00fcr kleinteilige Gewerbefl\u00e4chen\u00a0<\/strong><\/p>\t\t\t\t\t\t\t\t<\/div>\n\t\t\t\t<\/div>\n\t\t\t\t\t<\/div>\n\t\t<\/div>\n\t\t\t\t<div class=\"elementor-column elementor-col-50 elementor-top-column elementor-element elementor-element-82263b8\" data-id=\"82263b8\" data-element_type=\"column\" data-e-type=\"column\">\n\t\t\t<div class=\"elementor-widget-wrap elementor-element-populated\">\n\t\t\t\t\t\t<div class=\"elementor-element elementor-element-33d47c7 elementor-widget elementor-widget-menu-anchor\" data-id=\"33d47c7\" data-element_type=\"widget\" data-e-type=\"widget\" data-widget_type=\"menu-anchor.default\">\n\t\t\t\t<div class=\"elementor-widget-container\">\n\t\t\t\t\t\t\t<div class=\"elementor-menu-anchor\" id=\"2023-7\"><\/div>\n\t\t\t\t\t\t<\/div>\n\t\t\t\t<\/div>\n\t\t\t\t\t<\/div>\n\t\t<\/div>\n\t\t\t\t\t<\/div>\n\t\t<\/section>\n\t\t\t\t<section class=\"elementor-section elementor-top-section elementor-element elementor-element-d9100a0 elementor-section-boxed elementor-section-height-default elementor-section-height-default\" data-id=\"d9100a0\" data-element_type=\"section\" data-e-type=\"section\">\n\t\t\t\t\t\t<div class=\"elementor-container elementor-column-gap-default\">\n\t\t\t\t\t<div class=\"elementor-column elementor-col-50 elementor-top-column elementor-element elementor-element-6ec1485\" data-id=\"6ec1485\" data-element_type=\"column\" data-e-type=\"column\">\n\t\t\t<div class=\"elementor-widget-wrap elementor-element-populated\">\n\t\t\t\t\t\t<div class=\"elementor-element elementor-element-96e8e24 elementor-widget elementor-widget-text-editor\" data-id=\"96e8e24\" data-element_type=\"widget\" data-e-type=\"widget\" data-widget_type=\"text-editor.default\">\n\t\t\t\t<div class=\"elementor-widget-container\">\n\t\t\t\t\t\t\t\t\t<p>23.Juni 2023, Die Gemeinde Niederkr\u00fcchten had ein Vermarktungskonzept f\u00fcr kleinteilige Gewerbefl\u00e4chen im Energie- und Gewerbepark Elmpt beschlossen. Die Vermarktung soll 2024 starten.<br \/>Als Gr\u00fcnes Grenzland finden wir es inakzeptabel, dass die Gemeinde bereits den Verkauf der Grundst\u00fccke organisiert, w\u00e4hrend der Prozess der \u00d6ffentlichkeitsbeteiligung noch nicht abgeschlossen ist. Bislang haben die 170 B\u00fcrgerinnen und B\u00fcrger noch keine substanzielle R\u00fcckmeldung von der Gemeinde erhalten. Wir \u00fcberlegen derzeit, welche weiteren Schritte wir unternehmen k\u00f6nnen.<\/p>\t\t\t\t\t\t\t\t<\/div>\n\t\t\t\t<\/div>\n\t\t\t\t\t<\/div>\n\t\t<\/div>\n\t\t\t\t<div class=\"elementor-column elementor-col-50 elementor-top-column elementor-element elementor-element-2533831\" data-id=\"2533831\" data-element_type=\"column\" data-e-type=\"column\">\n\t\t\t<div class=\"elementor-widget-wrap elementor-element-populated\">\n\t\t\t\t\t\t<div class=\"elementor-element elementor-element-66fb942 elementor-widget elementor-widget-image\" data-id=\"66fb942\" data-element_type=\"widget\" data-e-type=\"widget\" data-widget_type=\"image.default\">\n\t\t\t\t<div class=\"elementor-widget-container\">\n\t\t\t\t\t\t\t\t\t\t\t\t\t\t\t<img loading=\"lazy\" decoding=\"async\" width=\"1024\" height=\"718\" src=\"https:\/\/www.gruenes-grenzland.net\/wp-content\/uploads\/2023\/06\/RP-23-06-23-1024x718.jpg\" class=\"attachment-large size-large wp-image-12629\" alt=\"\" srcset=\"https:\/\/www.gruenes-grenzland.net\/wp-content\/uploads\/2023\/06\/RP-23-06-23-1024x718.jpg 1024w, https:\/\/www.gruenes-grenzland.net\/wp-content\/uploads\/2023\/06\/RP-23-06-23-300x210.jpg 300w, https:\/\/www.gruenes-grenzland.net\/wp-content\/uploads\/2023\/06\/RP-23-06-23-768x538.jpg 768w, https:\/\/www.gruenes-grenzland.net\/wp-content\/uploads\/2023\/06\/RP-23-06-23-1536x1077.jpg 1536w, https:\/\/www.gruenes-grenzland.net\/wp-content\/uploads\/2023\/06\/RP-23-06-23-18x12.jpg 18w, https:\/\/www.gruenes-grenzland.net\/wp-content\/uploads\/2023\/06\/RP-23-06-23.jpg 1649w\" sizes=\"(max-width: 1024px) 100vw, 1024px\" \/>\t\t\t\t\t\t\t\t\t\t\t\t\t\t\t<\/div>\n\t\t\t\t<\/div>\n\t\t\t\t\t<\/div>\n\t\t<\/div>\n\t\t\t\t\t<\/div>\n\t\t<\/section>\n\t\t\t\t<section class=\"elementor-section elementor-top-section elementor-element elementor-element-907748a elementor-section-boxed elementor-section-height-default elementor-section-height-default\" data-id=\"907748a\" data-element_type=\"section\" data-e-type=\"section\">\n\t\t\t\t\t\t<div class=\"elementor-container elementor-column-gap-default\">\n\t\t\t\t\t<div class=\"elementor-column elementor-col-100 elementor-top-column elementor-element elementor-element-b1d0bd7\" data-id=\"b1d0bd7\" data-element_type=\"column\" data-e-type=\"column\">\n\t\t\t<div class=\"elementor-widget-wrap elementor-element-populated\">\n\t\t\t\t\t\t<div class=\"elementor-element elementor-element-e7ead7d elementor-widget-divider--view-line elementor-widget elementor-widget-divider\" data-id=\"e7ead7d\" data-element_type=\"widget\" data-e-type=\"widget\" data-widget_type=\"divider.default\">\n\t\t\t\t<div class=\"elementor-widget-container\">\n\t\t\t\t\t\t\t<div class=\"elementor-divider\">\n\t\t\t<span class=\"elementor-divider-separator\">\n\t\t\t\t\t\t<\/span>\n\t\t<\/div>\n\t\t\t\t\t\t<\/div>\n\t\t\t\t<\/div>\n\t\t\t\t\t<\/div>\n\t\t<\/div>\n\t\t\t\t\t<\/div>\n\t\t<\/section>\n\t\t\t\t<section class=\"elementor-section elementor-top-section elementor-element elementor-element-3812861 elementor-section-boxed elementor-section-height-default elementor-section-height-default\" data-id=\"3812861\" data-element_type=\"section\" data-e-type=\"section\">\n\t\t\t\t\t\t<div class=\"elementor-container elementor-column-gap-default\">\n\t\t\t\t\t<div class=\"elementor-column elementor-col-50 elementor-top-column elementor-element elementor-element-24d5eb3\" data-id=\"24d5eb3\" data-element_type=\"column\" data-e-type=\"column\">\n\t\t\t<div class=\"elementor-widget-wrap elementor-element-populated\">\n\t\t\t\t\t\t<div class=\"elementor-element elementor-element-1ae681c elementor-widget elementor-widget-text-editor\" data-id=\"1ae681c\" data-element_type=\"widget\" data-e-type=\"widget\" data-widget_type=\"text-editor.default\">\n\t\t\t\t<div class=\"elementor-widget-container\">\n\t\t\t\t\t\t\t\t\t<p><strong>Windenergie auf dem Meinweg-Plateau nicht m\u00f6glich<\/strong><\/p>\t\t\t\t\t\t\t\t<\/div>\n\t\t\t\t<\/div>\n\t\t\t\t\t<\/div>\n\t\t<\/div>\n\t\t\t\t<div class=\"elementor-column elementor-col-50 elementor-top-column elementor-element elementor-element-08f8107\" data-id=\"08f8107\" data-element_type=\"column\" data-e-type=\"column\">\n\t\t\t<div class=\"elementor-widget-wrap elementor-element-populated\">\n\t\t\t\t\t\t<div class=\"elementor-element elementor-element-f3da9cd elementor-widget elementor-widget-menu-anchor\" data-id=\"f3da9cd\" data-element_type=\"widget\" data-e-type=\"widget\" data-widget_type=\"menu-anchor.default\">\n\t\t\t\t<div class=\"elementor-widget-container\">\n\t\t\t\t\t\t\t<div class=\"elementor-menu-anchor\" id=\"2023-6\"><\/div>\n\t\t\t\t\t\t<\/div>\n\t\t\t\t<\/div>\n\t\t\t\t\t<\/div>\n\t\t<\/div>\n\t\t\t\t\t<\/div>\n\t\t<\/section>\n\t\t\t\t<section class=\"elementor-section elementor-top-section elementor-element elementor-element-97066b3 elementor-section-boxed elementor-section-height-default elementor-section-height-default\" data-id=\"97066b3\" data-element_type=\"section\" data-e-type=\"section\">\n\t\t\t\t\t\t<div class=\"elementor-container elementor-column-gap-default\">\n\t\t\t\t\t<div class=\"elementor-column elementor-col-100 elementor-top-column elementor-element elementor-element-9012ba8\" data-id=\"9012ba8\" data-element_type=\"column\" data-e-type=\"column\">\n\t\t\t<div class=\"elementor-widget-wrap elementor-element-populated\">\n\t\t\t\t\t\t<div class=\"elementor-element elementor-element-0d38b69 elementor-widget elementor-widget-text-editor\" data-id=\"0d38b69\" data-element_type=\"widget\" data-e-type=\"widget\" data-widget_type=\"text-editor.default\">\n\t\t\t\t<div class=\"elementor-widget-container\">\n\t\t\t\t\t\t\t\t\t<p>1. Juni 2023, Die Gemeinde Roerdalen gibt bekannt, dass die Erzeugung von Windenergie auf dem Meinweg-Plateau nicht m\u00f6glich erscheint. Dies ist das Ergebnis einer Untersuchung \u00fcber die Auswirkungen der geplanten Windkraftanlagen auf V\u00f6gel und Flederm\u00e4use.<br \/><br \/>Die Studie ergab, dass (erhebliche) negative Auswirkungen auf die Natur durch den Bau und die Nutzung von Windkraftanlagen auf dem Plateau nicht ausgeschlossen werden k\u00f6nnen. Im Anschluss an diese Analyse untersucht die Beh\u00f6rde nun, inwieweit sich die Auswirkungen durch geeignete Ma\u00dfnahmen verhindern lassen. Eine erste Einsch\u00e4tzung zeigt, dass selbst bei einem weitreichenden Ma\u00dfnahmenpaket der Schutz gesch\u00fctzter Arten beeintr\u00e4chtigt wird. Das Forschungsb\u00fcro r\u00e4t der Gemeinde daher, die Windenergie auf dem Meinweg-Plateau nicht auszubauen.<br \/><br \/>Als Gr\u00fcnes Grenzland gehen wir davon aus, dass nun auch die geplanten 7 Windkraftanlagen auf dem angrenzenden Gel\u00e4nde des ehemaligen Flughafens in Elmpt nicht entwickelt werden k\u00f6nnen. F\u00fcr weitere Informationen siehe:<br \/><a style=\"font-style: inherit; font-weight: inherit;\" href=\"https:\/\/www.gruenes-grenzland.net\/wp-content\/uploads\/2023\/06\/Persbericht-Windenergie-Meinwegplateau-1-juni-2023.pdf\">https:\/\/www.gruenes-grenzland.net\/wp-content\/uploads\/2023\/06\/Persbericht-Windenergie-Meinwegplateau-1-juni-2023.pdf<\/a><\/p>\t\t\t\t\t\t\t\t<\/div>\n\t\t\t\t<\/div>\n\t\t\t\t\t<\/div>\n\t\t<\/div>\n\t\t\t\t\t<\/div>\n\t\t<\/section>\n\t\t\t\t<section class=\"elementor-section elementor-top-section elementor-element elementor-element-e9dc148 elementor-section-boxed elementor-section-height-default elementor-section-height-default\" data-id=\"e9dc148\" data-element_type=\"section\" data-e-type=\"section\">\n\t\t\t\t\t\t<div class=\"elementor-container elementor-column-gap-default\">\n\t\t\t\t\t<div class=\"elementor-column elementor-col-100 elementor-top-column elementor-element elementor-element-aa98112\" data-id=\"aa98112\" data-element_type=\"column\" data-e-type=\"column\">\n\t\t\t<div class=\"elementor-widget-wrap elementor-element-populated\">\n\t\t\t\t\t\t<div class=\"elementor-element elementor-element-51db8c0 elementor-widget-divider--view-line elementor-widget elementor-widget-divider\" data-id=\"51db8c0\" data-element_type=\"widget\" data-e-type=\"widget\" data-widget_type=\"divider.default\">\n\t\t\t\t<div class=\"elementor-widget-container\">\n\t\t\t\t\t\t\t<div class=\"elementor-divider\">\n\t\t\t<span class=\"elementor-divider-separator\">\n\t\t\t\t\t\t<\/span>\n\t\t<\/div>\n\t\t\t\t\t\t<\/div>\n\t\t\t\t<\/div>\n\t\t\t\t\t<\/div>\n\t\t<\/div>\n\t\t\t\t\t<\/div>\n\t\t<\/section>\n\t\t\t\t<section class=\"elementor-section elementor-top-section elementor-element elementor-element-92ccced elementor-section-boxed elementor-section-height-default elementor-section-height-default\" data-id=\"92ccced\" data-element_type=\"section\" data-e-type=\"section\">\n\t\t\t\t\t\t<div class=\"elementor-container elementor-column-gap-default\">\n\t\t\t\t\t<div class=\"elementor-column elementor-col-50 elementor-top-column elementor-element elementor-element-a832b61\" data-id=\"a832b61\" data-element_type=\"column\" data-e-type=\"column\">\n\t\t\t<div class=\"elementor-widget-wrap elementor-element-populated\">\n\t\t\t\t\t\t<div class=\"elementor-element elementor-element-4d64897 elementor-widget elementor-widget-text-editor\" data-id=\"4d64897\" data-element_type=\"widget\" data-e-type=\"widget\" data-widget_type=\"text-editor.default\">\n\t\t\t\t<div class=\"elementor-widget-container\">\n\t\t\t\t\t\t\t\t\t<p><strong>Vortrag von Hans-Peter Siegers von der Forstbetriebsgemeinschaft (FBG)<\/strong><\/p>\t\t\t\t\t\t\t\t<\/div>\n\t\t\t\t<\/div>\n\t\t\t\t\t<\/div>\n\t\t<\/div>\n\t\t\t\t<div class=\"elementor-column elementor-col-50 elementor-top-column elementor-element elementor-element-f1c38a8\" data-id=\"f1c38a8\" data-element_type=\"column\" data-e-type=\"column\">\n\t\t\t<div class=\"elementor-widget-wrap elementor-element-populated\">\n\t\t\t\t\t\t<div class=\"elementor-element elementor-element-7c3adf0 elementor-widget elementor-widget-menu-anchor\" data-id=\"7c3adf0\" data-element_type=\"widget\" data-e-type=\"widget\" data-widget_type=\"menu-anchor.default\">\n\t\t\t\t<div class=\"elementor-widget-container\">\n\t\t\t\t\t\t\t<div class=\"elementor-menu-anchor\" id=\"2023-5\"><\/div>\n\t\t\t\t\t\t<\/div>\n\t\t\t\t<\/div>\n\t\t\t\t\t<\/div>\n\t\t<\/div>\n\t\t\t\t\t<\/div>\n\t\t<\/section>\n\t\t\t\t<section class=\"elementor-section elementor-top-section elementor-element elementor-element-c47b113 elementor-section-boxed elementor-section-height-default elementor-section-height-default\" data-id=\"c47b113\" data-element_type=\"section\" data-e-type=\"section\">\n\t\t\t\t\t\t<div class=\"elementor-container elementor-column-gap-default\">\n\t\t\t\t\t<div class=\"elementor-column elementor-col-50 elementor-top-column elementor-element elementor-element-11ee30f\" data-id=\"11ee30f\" data-element_type=\"column\" data-e-type=\"column\">\n\t\t\t<div class=\"elementor-widget-wrap elementor-element-populated\">\n\t\t\t\t\t\t<div class=\"elementor-element elementor-element-8f59a8f elementor-widget elementor-widget-text-editor\" data-id=\"8f59a8f\" data-element_type=\"widget\" data-e-type=\"widget\" data-widget_type=\"text-editor.default\">\n\t\t\t\t<div class=\"elementor-widget-container\">\n\t\t\t\t\t\t\t\t\t<p class=\" translation-block\">Am Samstag, den 13. Mai 2023, trafen wir uns wieder als Gr\u00fcnes Grenzland. Diesmal stand der Vortrag von Hans-Peter Siegers von der Forstbetriebsgemeinschaft (FBG) Niederkr\u00fachten-Schwalmtal im Mittelpunkt. Ziel der Forstbetriebsgemeinschaft ist es, die Waldbewirtschaftung zu verbessern, indem gr\u00f6\u00dfere zusammenh\u00e4ngende Bewirtschaftungseinheiten angestrebt werden. \nIn einem sehr interessanten Vortrag ging Hans Peter unter anderem auf die Bewirtschaftung und den Betrieb, die Lage der Mitgliederfl\u00e4chen, aktuelle Ma\u00dfnahmen und aktuelle Herausforderungen ein. In Bezug auf letzteres erw\u00e4hnte er insbesondere den R\u00fcckgang des Grundwasserspiegels und die Waldbrandgefahr. \nIm Anschluss an den Vortrag wurden noch einige organisatorische Dinge besprochen. Das n\u00e4chste Treffen findet am 8. Juli 2023 um 14 Uhr statt. Weitere Informationen folgen in K\u00fcrze.<\/p><p><span style=\"font-style: inherit; font-weight: inherit; background-color: var(--ast-global-color-4); color: var(--ast-global-color-3);\">\u00a0<\/span><\/p>\t\t\t\t\t\t\t\t<\/div>\n\t\t\t\t<\/div>\n\t\t\t\t\t<\/div>\n\t\t<\/div>\n\t\t\t\t<div class=\"elementor-column elementor-col-50 elementor-top-column elementor-element elementor-element-f821341\" data-id=\"f821341\" data-element_type=\"column\" data-e-type=\"column\">\n\t\t\t<div class=\"elementor-widget-wrap elementor-element-populated\">\n\t\t\t\t\t\t<div class=\"elementor-element elementor-element-669aa3a elementor-widget elementor-widget-image\" data-id=\"669aa3a\" data-element_type=\"widget\" data-e-type=\"widget\" data-widget_type=\"image.default\">\n\t\t\t\t<div class=\"elementor-widget-container\">\n\t\t\t\t\t\t\t\t\t\t\t\t<figure class=\"wp-caption\">\n\t\t\t\t\t\t\t\t\t\t<img loading=\"lazy\" decoding=\"async\" width=\"784\" height=\"701\" src=\"https:\/\/www.gruenes-grenzland.net\/wp-content\/uploads\/2023\/05\/FBG-Niederkruchten-Schwalmtal.jpg\" class=\"attachment-large size-large wp-image-12332\" alt=\"\" srcset=\"https:\/\/www.gruenes-grenzland.net\/wp-content\/uploads\/2023\/05\/FBG-Niederkruchten-Schwalmtal.jpg 784w, https:\/\/www.gruenes-grenzland.net\/wp-content\/uploads\/2023\/05\/FBG-Niederkruchten-Schwalmtal-300x268.jpg 300w, https:\/\/www.gruenes-grenzland.net\/wp-content\/uploads\/2023\/05\/FBG-Niederkruchten-Schwalmtal-768x687.jpg 768w, https:\/\/www.gruenes-grenzland.net\/wp-content\/uploads\/2023\/05\/FBG-Niederkruchten-Schwalmtal-13x12.jpg 13w\" sizes=\"(max-width: 784px) 100vw, 784px\" \/>\t\t\t\t\t\t\t\t\t\t\t<figcaption class=\"widget-image-caption wp-caption-text\">Website FBG :https:\/\/fbg-niederkruechten-schwalmtal.de\/ <\/figcaption>\n\t\t\t\t\t\t\t\t\t\t<\/figure>\n\t\t\t\t\t\t\t\t\t<\/div>\n\t\t\t\t<\/div>\n\t\t\t\t\t<\/div>\n\t\t<\/div>\n\t\t\t\t\t<\/div>\n\t\t<\/section>\n\t\t\t\t<section class=\"elementor-section elementor-top-section elementor-element elementor-element-d415095 elementor-section-boxed elementor-section-height-default elementor-section-height-default\" data-id=\"d415095\" data-element_type=\"section\" data-e-type=\"section\">\n\t\t\t\t\t\t<div class=\"elementor-container elementor-column-gap-default\">\n\t\t\t\t\t<div class=\"elementor-column elementor-col-100 elementor-top-column elementor-element elementor-element-8f526a4\" data-id=\"8f526a4\" data-element_type=\"column\" data-e-type=\"column\">\n\t\t\t<div class=\"elementor-widget-wrap elementor-element-populated\">\n\t\t\t\t\t\t<div class=\"elementor-element elementor-element-7fc9d25 elementor-widget-divider--view-line elementor-widget elementor-widget-divider\" data-id=\"7fc9d25\" data-element_type=\"widget\" data-e-type=\"widget\" data-widget_type=\"divider.default\">\n\t\t\t\t<div class=\"elementor-widget-container\">\n\t\t\t\t\t\t\t<div class=\"elementor-divider\">\n\t\t\t<span class=\"elementor-divider-separator\">\n\t\t\t\t\t\t<\/span>\n\t\t<\/div>\n\t\t\t\t\t\t<\/div>\n\t\t\t\t<\/div>\n\t\t\t\t\t<\/div>\n\t\t<\/div>\n\t\t\t\t\t<\/div>\n\t\t<\/section>\n\t\t\t\t<section class=\"elementor-section elementor-top-section elementor-element elementor-element-da8c8bc elementor-section-boxed elementor-section-height-default elementor-section-height-default\" data-id=\"da8c8bc\" data-element_type=\"section\" data-e-type=\"section\">\n\t\t\t\t\t\t<div class=\"elementor-container elementor-column-gap-default\">\n\t\t\t\t\t<div class=\"elementor-column elementor-col-50 elementor-top-column elementor-element elementor-element-b858364\" data-id=\"b858364\" data-element_type=\"column\" data-e-type=\"column\">\n\t\t\t<div class=\"elementor-widget-wrap elementor-element-populated\">\n\t\t\t\t\t\t<div class=\"elementor-element elementor-element-dec889b elementor-widget elementor-widget-text-editor\" data-id=\"dec889b\" data-element_type=\"widget\" data-e-type=\"widget\" data-widget_type=\"text-editor.default\">\n\t\t\t\t<div class=\"elementor-widget-container\">\n\t\t\t\t\t\t\t\t\t<p><strong>Exkursion zum ehemaligen Elmpter Flughafen<\/strong><\/p>\t\t\t\t\t\t\t\t<\/div>\n\t\t\t\t<\/div>\n\t\t\t\t\t<\/div>\n\t\t<\/div>\n\t\t\t\t<div class=\"elementor-column elementor-col-50 elementor-top-column elementor-element elementor-element-ab37e87\" data-id=\"ab37e87\" data-element_type=\"column\" data-e-type=\"column\">\n\t\t\t<div class=\"elementor-widget-wrap elementor-element-populated\">\n\t\t\t\t\t\t<div class=\"elementor-element elementor-element-09d9c1a elementor-widget elementor-widget-menu-anchor\" data-id=\"09d9c1a\" data-element_type=\"widget\" data-e-type=\"widget\" data-widget_type=\"menu-anchor.default\">\n\t\t\t\t<div class=\"elementor-widget-container\">\n\t\t\t\t\t\t\t<div class=\"elementor-menu-anchor\" id=\"2023-4\"><\/div>\n\t\t\t\t\t\t<\/div>\n\t\t\t\t<\/div>\n\t\t\t\t\t<\/div>\n\t\t<\/div>\n\t\t\t\t\t<\/div>\n\t\t<\/section>\n\t\t\t\t<section class=\"elementor-section elementor-top-section elementor-element elementor-element-8f2d0e7 elementor-section-boxed elementor-section-height-default elementor-section-height-default\" data-id=\"8f2d0e7\" data-element_type=\"section\" data-e-type=\"section\">\n\t\t\t\t\t\t<div class=\"elementor-container elementor-column-gap-default\">\n\t\t\t\t\t<div class=\"elementor-column elementor-col-100 elementor-top-column elementor-element elementor-element-ae6b1fb\" data-id=\"ae6b1fb\" data-element_type=\"column\" data-e-type=\"column\">\n\t\t\t<div class=\"elementor-widget-wrap elementor-element-populated\">\n\t\t\t\t\t\t<div class=\"elementor-element elementor-element-5a5251c elementor-widget elementor-widget-text-editor\" data-id=\"5a5251c\" data-element_type=\"widget\" data-e-type=\"widget\" data-widget_type=\"text-editor.default\">\n\t\t\t\t<div class=\"elementor-widget-container\">\n\t\t\t\t\t\t\t\t\t<p class=\" translation-block\">Am Freitag <b>12. Mai<\/b> veranstaltete die Biologische Station Krickenbecker Seen e.V. eine naturkundliche Exkursion in den westlichsten Teil des ehemaligen Flugplatzes Elmpter mit seinen ausgedehnten W\u00e4ldern mit einigen kleinen Heidefl\u00e4chen. Das 255 Hektar gro\u00dfe Gebiet ist seit 2016 Teil des nationalen Naturerbes und wird von der DBU (<b>Deutsche Bundesstiftung Umwelt<\/b>) verwaltet. Weitere Informationen zum Gebiet finden Sie <a href=\"\/\/www.dbu.de\/naturerbeflaechen\/elmpt\/\u201d\"> hier <\/a> . <br>Einige Mitglieder von Gr\u00fcnes Grenzland waren anwesend. Unten k\u00f6nnen Sie die von Ap Woudstra und Irina Stein aufgenommenen Fotos sehen.<\/p>\t\t\t\t\t\t\t\t<\/div>\n\t\t\t\t<\/div>\n\t\t\t\t\t<\/div>\n\t\t<\/div>\n\t\t\t\t\t<\/div>\n\t\t<\/section>\n\t\t\t\t<section class=\"elementor-section elementor-top-section elementor-element elementor-element-e002cdd elementor-section-boxed elementor-section-height-default elementor-section-height-default\" data-id=\"e002cdd\" data-element_type=\"section\" data-e-type=\"section\">\n\t\t\t\t\t\t<div class=\"elementor-container elementor-column-gap-default\">\n\t\t\t\t\t<div class=\"elementor-column elementor-col-25 elementor-top-column elementor-element elementor-element-c85a5c1\" data-id=\"c85a5c1\" data-element_type=\"column\" data-e-type=\"column\">\n\t\t\t<div class=\"elementor-widget-wrap elementor-element-populated\">\n\t\t\t\t\t\t<div class=\"elementor-element elementor-element-152397b elementor-widget elementor-widget-image\" data-id=\"152397b\" data-element_type=\"widget\" data-e-type=\"widget\" data-widget_type=\"image.default\">\n\t\t\t\t<div class=\"elementor-widget-container\">\n\t\t\t\t\t\t\t\t\t\t\t\t<figure class=\"wp-caption\">\n\t\t\t\t\t\t\t\t\t\t<img loading=\"lazy\" decoding=\"async\" width=\"768\" height=\"1024\" src=\"https:\/\/www.gruenes-grenzland.net\/wp-content\/uploads\/2023\/05\/DBU-Zentrum-des-Ziegenmelkers-2-3-Brutpaare-leben-dort-wohl-IStein-768x1024.jpg\" class=\"attachment-large size-large wp-image-11938\" alt=\"\" srcset=\"https:\/\/www.gruenes-grenzland.net\/wp-content\/uploads\/2023\/05\/DBU-Zentrum-des-Ziegenmelkers-2-3-Brutpaare-leben-dort-wohl-IStein-768x1024.jpg 768w, https:\/\/www.gruenes-grenzland.net\/wp-content\/uploads\/2023\/05\/DBU-Zentrum-des-Ziegenmelkers-2-3-Brutpaare-leben-dort-wohl-IStein-225x300.jpg 225w, https:\/\/www.gruenes-grenzland.net\/wp-content\/uploads\/2023\/05\/DBU-Zentrum-des-Ziegenmelkers-2-3-Brutpaare-leben-dort-wohl-IStein-1152x1536.jpg 1152w, https:\/\/www.gruenes-grenzland.net\/wp-content\/uploads\/2023\/05\/DBU-Zentrum-des-Ziegenmelkers-2-3-Brutpaare-leben-dort-wohl-IStein-9x12.jpg 9w, https:\/\/www.gruenes-grenzland.net\/wp-content\/uploads\/2023\/05\/DBU-Zentrum-des-Ziegenmelkers-2-3-Brutpaare-leben-dort-wohl-IStein.jpg 1536w\" sizes=\"(max-width: 768px) 100vw, 768px\" \/>\t\t\t\t\t\t\t\t\t\t\t<figcaption class=\"widget-image-caption wp-caption-text\">Lebensraum des Ziegenmelkers<\/figcaption>\n\t\t\t\t\t\t\t\t\t\t<\/figure>\n\t\t\t\t\t\t\t\t\t<\/div>\n\t\t\t\t<\/div>\n\t\t\t\t\t<\/div>\n\t\t<\/div>\n\t\t\t\t<div class=\"elementor-column elementor-col-25 elementor-top-column elementor-element elementor-element-61b2be4\" data-id=\"61b2be4\" data-element_type=\"column\" data-e-type=\"column\">\n\t\t\t<div class=\"elementor-widget-wrap elementor-element-populated\">\n\t\t\t\t\t\t<div class=\"elementor-element elementor-element-145fc4d elementor-widget elementor-widget-image\" data-id=\"145fc4d\" data-element_type=\"widget\" data-e-type=\"widget\" data-widget_type=\"image.default\">\n\t\t\t\t<div class=\"elementor-widget-container\">\n\t\t\t\t\t\t\t\t\t\t\t\t<figure class=\"wp-caption\">\n\t\t\t\t\t\t\t\t\t\t<img loading=\"lazy\" decoding=\"async\" width=\"768\" height=\"1024\" src=\"https:\/\/www.gruenes-grenzland.net\/wp-content\/uploads\/2023\/05\/DBU-IStein-3-768x1024.jpg\" class=\"attachment-large size-large wp-image-11939\" alt=\"\" srcset=\"https:\/\/www.gruenes-grenzland.net\/wp-content\/uploads\/2023\/05\/DBU-IStein-3-768x1024.jpg 768w, https:\/\/www.gruenes-grenzland.net\/wp-content\/uploads\/2023\/05\/DBU-IStein-3-225x300.jpg 225w, https:\/\/www.gruenes-grenzland.net\/wp-content\/uploads\/2023\/05\/DBU-IStein-3-1152x1536.jpg 1152w, https:\/\/www.gruenes-grenzland.net\/wp-content\/uploads\/2023\/05\/DBU-IStein-3-9x12.jpg 9w, https:\/\/www.gruenes-grenzland.net\/wp-content\/uploads\/2023\/05\/DBU-IStein-3.jpg 1536w\" sizes=\"(max-width: 768px) 100vw, 768px\" \/>\t\t\t\t\t\t\t\t\t\t\t<figcaption class=\"widget-image-caption wp-caption-text\">Freifl\u00e4che im weitl\u00e4ufigen Waldgebiet<\/figcaption>\n\t\t\t\t\t\t\t\t\t\t<\/figure>\n\t\t\t\t\t\t\t\t\t<\/div>\n\t\t\t\t<\/div>\n\t\t\t\t\t<\/div>\n\t\t<\/div>\n\t\t\t\t<div class=\"elementor-column elementor-col-25 elementor-top-column elementor-element elementor-element-a28f627\" data-id=\"a28f627\" data-element_type=\"column\" data-e-type=\"column\">\n\t\t\t<div class=\"elementor-widget-wrap elementor-element-populated\">\n\t\t\t\t\t\t<div class=\"elementor-element elementor-element-a19f660 elementor-widget elementor-widget-image\" data-id=\"a19f660\" data-element_type=\"widget\" data-e-type=\"widget\" data-widget_type=\"image.default\">\n\t\t\t\t<div class=\"elementor-widget-container\">\n\t\t\t\t\t\t\t\t\t\t\t\t<figure class=\"wp-caption\">\n\t\t\t\t\t\t\t\t\t\t<img loading=\"lazy\" decoding=\"async\" width=\"768\" height=\"1024\" src=\"https:\/\/www.gruenes-grenzland.net\/wp-content\/uploads\/2023\/05\/Opgegeven-bos-met-veel-Amerikaanse-vogelskers-Ab-Woudstra-768x1024.jpg\" class=\"attachment-large size-large wp-image-11940\" alt=\"\" srcset=\"https:\/\/www.gruenes-grenzland.net\/wp-content\/uploads\/2023\/05\/Opgegeven-bos-met-veel-Amerikaanse-vogelskers-Ab-Woudstra-768x1024.jpg 768w, https:\/\/www.gruenes-grenzland.net\/wp-content\/uploads\/2023\/05\/Opgegeven-bos-met-veel-Amerikaanse-vogelskers-Ab-Woudstra-225x300.jpg 225w, https:\/\/www.gruenes-grenzland.net\/wp-content\/uploads\/2023\/05\/Opgegeven-bos-met-veel-Amerikaanse-vogelskers-Ab-Woudstra-1152x1536.jpg 1152w, https:\/\/www.gruenes-grenzland.net\/wp-content\/uploads\/2023\/05\/Opgegeven-bos-met-veel-Amerikaanse-vogelskers-Ab-Woudstra-1536x2048.jpg 1536w, https:\/\/www.gruenes-grenzland.net\/wp-content\/uploads\/2023\/05\/Opgegeven-bos-met-veel-Amerikaanse-vogelskers-Ab-Woudstra-9x12.jpg 9w, https:\/\/www.gruenes-grenzland.net\/wp-content\/uploads\/2023\/05\/Opgegeven-bos-met-veel-Amerikaanse-vogelskers-Ab-Woudstra-scaled.jpg 1920w\" sizes=\"(max-width: 768px) 100vw, 768px\" \/>\t\t\t\t\t\t\t\t\t\t\t<figcaption class=\"widget-image-caption wp-caption-text\">H\u00e4ufiger Exot: Amerikanische Traubenkirsche <\/figcaption>\n\t\t\t\t\t\t\t\t\t\t<\/figure>\n\t\t\t\t\t\t\t\t\t<\/div>\n\t\t\t\t<\/div>\n\t\t\t\t\t<\/div>\n\t\t<\/div>\n\t\t\t\t<div class=\"elementor-column elementor-col-25 elementor-top-column elementor-element elementor-element-4e835f0\" data-id=\"4e835f0\" data-element_type=\"column\" data-e-type=\"column\">\n\t\t\t<div class=\"elementor-widget-wrap elementor-element-populated\">\n\t\t\t\t\t\t<div class=\"elementor-element elementor-element-49c96d8 elementor-widget elementor-widget-image\" data-id=\"49c96d8\" data-element_type=\"widget\" data-e-type=\"widget\" data-widget_type=\"image.default\">\n\t\t\t\t<div class=\"elementor-widget-container\">\n\t\t\t\t\t\t\t\t\t\t\t\t<figure class=\"wp-caption\">\n\t\t\t\t\t\t\t\t\t\t<img loading=\"lazy\" decoding=\"async\" width=\"768\" height=\"1024\" src=\"https:\/\/www.gruenes-grenzland.net\/wp-content\/uploads\/2023\/05\/DBURegen-auffangbecken-IStein-768x1024.jpg\" class=\"attachment-large size-large wp-image-11941\" alt=\"\" srcset=\"https:\/\/www.gruenes-grenzland.net\/wp-content\/uploads\/2023\/05\/DBURegen-auffangbecken-IStein-768x1024.jpg 768w, https:\/\/www.gruenes-grenzland.net\/wp-content\/uploads\/2023\/05\/DBURegen-auffangbecken-IStein-225x300.jpg 225w, https:\/\/www.gruenes-grenzland.net\/wp-content\/uploads\/2023\/05\/DBURegen-auffangbecken-IStein-1152x1536.jpg 1152w, https:\/\/www.gruenes-grenzland.net\/wp-content\/uploads\/2023\/05\/DBURegen-auffangbecken-IStein-9x12.jpg 9w, https:\/\/www.gruenes-grenzland.net\/wp-content\/uploads\/2023\/05\/DBURegen-auffangbecken-IStein.jpg 1536w\" sizes=\"(max-width: 768px) 100vw, 768px\" \/>\t\t\t\t\t\t\t\t\t\t\t<figcaption class=\"widget-image-caption wp-caption-text\">Regenwasserpuffer, oft trocken, jetzt aber wasserhaltig<\/figcaption>\n\t\t\t\t\t\t\t\t\t\t<\/figure>\n\t\t\t\t\t\t\t\t\t<\/div>\n\t\t\t\t<\/div>\n\t\t\t\t\t<\/div>\n\t\t<\/div>\n\t\t\t\t\t<\/div>\n\t\t<\/section>\n\t\t\t\t<section class=\"elementor-section elementor-top-section elementor-element elementor-element-a715a59 elementor-section-boxed elementor-section-height-default elementor-section-height-default\" data-id=\"a715a59\" data-element_type=\"section\" data-e-type=\"section\">\n\t\t\t\t\t\t<div class=\"elementor-container elementor-column-gap-default\">\n\t\t\t\t\t<div class=\"elementor-column elementor-col-100 elementor-top-column elementor-element elementor-element-e7ecd98\" data-id=\"e7ecd98\" data-element_type=\"column\" data-e-type=\"column\">\n\t\t\t<div class=\"elementor-widget-wrap\">\n\t\t\t\t\t\t\t<\/div>\n\t\t<\/div>\n\t\t\t\t\t<\/div>\n\t\t<\/section>\n\t\t\t\t<section class=\"elementor-section elementor-top-section elementor-element elementor-element-e8d6703 elementor-section-boxed elementor-section-height-default elementor-section-height-default\" data-id=\"e8d6703\" data-element_type=\"section\" data-e-type=\"section\">\n\t\t\t\t\t\t<div class=\"elementor-container elementor-column-gap-default\">\n\t\t\t\t\t<div class=\"elementor-column elementor-col-100 elementor-top-column elementor-element elementor-element-42b62b3\" data-id=\"42b62b3\" data-element_type=\"column\" data-e-type=\"column\">\n\t\t\t<div class=\"elementor-widget-wrap elementor-element-populated\">\n\t\t\t\t\t\t<div class=\"elementor-element elementor-element-c77cfef elementor-widget elementor-widget-text-editor\" data-id=\"c77cfef\" data-element_type=\"widget\" data-e-type=\"widget\" data-widget_type=\"text-editor.default\">\n\t\t\t\t<div class=\"elementor-widget-container\">\n\t\t\t\t\t\t\t\t\t<p>Das Naturschutzgebiet ist derzeit unter anderem Lebensraum des Ziegenmelkers. Das Gebiet ist von gro\u00dfer Bedeutung f\u00fcr die Natur und bietet gro\u00dfe M\u00f6glichkeiten f\u00fcr die Naturentwicklung. Eine gro\u00dfe Bedrohung ist neben der Austrocknung und dem Vorkommen von Exoten (wie der Amerikanischen Traubenkirsche) nat\u00fcrlich die Entwicklung des riesigen Industriegebiets mit den Mega-Windkraftanlagen.<\/p>\t\t\t\t\t\t\t\t<\/div>\n\t\t\t\t<\/div>\n\t\t\t\t<div class=\"elementor-element elementor-element-d4697ef elementor-widget-divider--view-line elementor-widget elementor-widget-divider\" data-id=\"d4697ef\" data-element_type=\"widget\" data-e-type=\"widget\" data-widget_type=\"divider.default\">\n\t\t\t\t<div class=\"elementor-widget-container\">\n\t\t\t\t\t\t\t<div class=\"elementor-divider\">\n\t\t\t<span class=\"elementor-divider-separator\">\n\t\t\t\t\t\t<\/span>\n\t\t<\/div>\n\t\t\t\t\t\t<\/div>\n\t\t\t\t<\/div>\n\t\t\t\t\t<\/div>\n\t\t<\/div>\n\t\t\t\t\t<\/div>\n\t\t<\/section>\n\t\t\t\t<section class=\"elementor-section elementor-top-section elementor-element elementor-element-9cf1015 elementor-section-boxed elementor-section-height-default elementor-section-height-default\" data-id=\"9cf1015\" data-element_type=\"section\" data-e-type=\"section\">\n\t\t\t\t\t\t<div class=\"elementor-container elementor-column-gap-default\">\n\t\t\t\t\t<div class=\"elementor-column elementor-col-50 elementor-top-column elementor-element elementor-element-a720b7a\" data-id=\"a720b7a\" data-element_type=\"column\" data-e-type=\"column\">\n\t\t\t<div class=\"elementor-widget-wrap elementor-element-populated\">\n\t\t\t\t\t\t<div class=\"elementor-element elementor-element-7c23b13 elementor-widget elementor-widget-text-editor\" data-id=\"7c23b13\" data-element_type=\"widget\" data-e-type=\"widget\" data-widget_type=\"text-editor.default\">\n\t\t\t\t<div class=\"elementor-widget-container\">\n\t\t\t\t\t\t\t\t\t<p><strong>Treffen mit der Basis<\/strong><\/p>\t\t\t\t\t\t\t\t<\/div>\n\t\t\t\t<\/div>\n\t\t\t\t\t<\/div>\n\t\t<\/div>\n\t\t\t\t<div class=\"elementor-column elementor-col-50 elementor-top-column elementor-element elementor-element-eb460f3\" data-id=\"eb460f3\" data-element_type=\"column\" data-e-type=\"column\">\n\t\t\t<div class=\"elementor-widget-wrap elementor-element-populated\">\n\t\t\t\t\t\t<div class=\"elementor-element elementor-element-6ba4e59 elementor-widget elementor-widget-menu-anchor\" data-id=\"6ba4e59\" data-element_type=\"widget\" data-e-type=\"widget\" data-widget_type=\"menu-anchor.default\">\n\t\t\t\t<div class=\"elementor-widget-container\">\n\t\t\t\t\t\t\t<div class=\"elementor-menu-anchor\" id=\"2023-3\"><\/div>\n\t\t\t\t\t\t<\/div>\n\t\t\t\t<\/div>\n\t\t\t\t\t<\/div>\n\t\t<\/div>\n\t\t\t\t\t<\/div>\n\t\t<\/section>\n\t\t\t\t<section class=\"elementor-section elementor-top-section elementor-element elementor-element-4787267 elementor-section-boxed elementor-section-height-default elementor-section-height-default\" data-id=\"4787267\" data-element_type=\"section\" data-e-type=\"section\">\n\t\t\t\t\t\t<div class=\"elementor-container elementor-column-gap-default\">\n\t\t\t\t\t<div class=\"elementor-column elementor-col-50 elementor-top-column elementor-element elementor-element-f9d525c\" data-id=\"f9d525c\" data-element_type=\"column\" data-e-type=\"column\">\n\t\t\t<div class=\"elementor-widget-wrap elementor-element-populated\">\n\t\t\t\t\t\t<div class=\"elementor-element elementor-element-708a1a4 elementor-widget elementor-widget-text-editor\" data-id=\"708a1a4\" data-element_type=\"widget\" data-e-type=\"widget\" data-widget_type=\"text-editor.default\">\n\t\t\t\t<div class=\"elementor-widget-container\">\n\t\t\t\t\t\t\t\t\t<p>Op zaterdag<strong> 22 april<\/strong> Am Samstag, den 22. April, trafen wir uns als Gr\u00fcnes Grenzland  erneut. Diesmal fand das Treffen in Elmpt statt. <br \/>Irina Stein, unsere Vorsitzende, begr\u00fc\u00dfte die Mitglieder von G\u00fcnes Grenzland, die erfreulicherweise wieder in gro\u00dfer Zahl erschienen waren.<br \/><span style=\"font-style: inherit; font-weight: inherit; background-color: var(--ast-global-color-4); color: var(--ast-global-color-3);\">Thomas Seerden erl\u00e4uterte den Stand der eingereichten Stellungnahmen. Die Gemeinde Niederkr\u00fcchten hat nun auf ihrer Website eine Frage-Antwort-Seite zu den eingereichten Pl\u00e4nen eingerichtet. Dort wird auf die meisten Einw\u00e4nde kurz eingegangen, die dann mit den alten, bereits widerlegten Argumenten begr\u00fcndet werden. Wir werden in n\u00e4chster Zeit darauf zur\u00fcckkommen.\u00a0<\/span><span style=\"font-style: inherit; font-weight: inherit; color: var(--ast-global-color-3); background-color: var(--ast-global-color-4);\">\u00dcbrigens wurden von den Anwesenden sehr sinnvolle neue Argumente eingebracht, auch im Bereich der Wasseraufbereitung und des Wohnungsbaus, auf die wir noch eingehen werden.<br \/><\/span><span style=\"background-color: var(--ast-global-color-4); color: var(--ast-global-color-3); font-style: inherit; font-weight: inherit;\">Andreas Fink ging auf den Stand der weiteren Aktivit\u00e4ten des Vorstandes nach der formellen Gr\u00fcndung des Vereins am 1. M\u00e4rz 2023 ein.<br \/><\/span><span style=\"background-color: var(--ast-global-color-4); color: var(--ast-global-color-3); font-style: inherit; font-weight: inherit;\">Karin Schubert und Simone Woltery gaben ein Update zum Stand der Aufkleber und Banner. Es ist beabsichtigt, eine Postkarte oder eine Neuauflage des fr\u00fcher ver\u00f6ffentlichten Flugblatts zu verteilen.<br \/><\/span><span style=\"background-color: var(--ast-global-color-4); color: var(--ast-global-color-3); font-style: inherit; font-weight: inherit;\">Das n\u00e4chste Treffen findet am 13. Mai 2023 um 14 Uhr in der Pizzeria Miami, Adam-Houx-Str.14 in Elmpt statt.<\/span><\/p>\t\t\t\t\t\t\t\t<\/div>\n\t\t\t\t<\/div>\n\t\t\t\t\t<\/div>\n\t\t<\/div>\n\t\t\t\t<div class=\"elementor-column elementor-col-50 elementor-top-column elementor-element elementor-element-edd7d34\" data-id=\"edd7d34\" data-element_type=\"column\" data-e-type=\"column\">\n\t\t\t<div class=\"elementor-widget-wrap elementor-element-populated\">\n\t\t\t\t\t\t<div class=\"elementor-element elementor-element-fc9624c elementor-widget elementor-widget-image\" data-id=\"fc9624c\" data-element_type=\"widget\" data-e-type=\"widget\" data-widget_type=\"image.default\">\n\t\t\t\t<div class=\"elementor-widget-container\">\n\t\t\t\t\t\t\t\t\t\t\t\t<figure class=\"wp-caption\">\n\t\t\t\t\t\t\t\t\t\t<img loading=\"lazy\" decoding=\"async\" width=\"1024\" height=\"697\" src=\"https:\/\/www.gruenes-grenzland.net\/wp-content\/uploads\/2023\/04\/Banner-opgehangen-bij-parkeerplaats-in-Elmpt-1024x697.jpg\" class=\"attachment-large size-large wp-image-11556\" alt=\"\" srcset=\"https:\/\/www.gruenes-grenzland.net\/wp-content\/uploads\/2023\/04\/Banner-opgehangen-bij-parkeerplaats-in-Elmpt-1024x697.jpg 1024w, https:\/\/www.gruenes-grenzland.net\/wp-content\/uploads\/2023\/04\/Banner-opgehangen-bij-parkeerplaats-in-Elmpt-300x204.jpg 300w, https:\/\/www.gruenes-grenzland.net\/wp-content\/uploads\/2023\/04\/Banner-opgehangen-bij-parkeerplaats-in-Elmpt-768x522.jpg 768w, https:\/\/www.gruenes-grenzland.net\/wp-content\/uploads\/2023\/04\/Banner-opgehangen-bij-parkeerplaats-in-Elmpt-1536x1045.jpg 1536w, https:\/\/www.gruenes-grenzland.net\/wp-content\/uploads\/2023\/04\/Banner-opgehangen-bij-parkeerplaats-in-Elmpt-2048x1393.jpg 2048w, https:\/\/www.gruenes-grenzland.net\/wp-content\/uploads\/2023\/04\/Banner-opgehangen-bij-parkeerplaats-in-Elmpt-18x12.jpg 18w\" sizes=\"(max-width: 1024px) 100vw, 1024px\" \/>\t\t\t\t\t\t\t\t\t\t\t<figcaption class=\"widget-image-caption wp-caption-text\">Unser Banner ist an immer mehr Orten in Elmpt zu sehen<\/figcaption>\n\t\t\t\t\t\t\t\t\t\t<\/figure>\n\t\t\t\t\t\t\t\t\t<\/div>\n\t\t\t\t<\/div>\n\t\t\t\t\t<\/div>\n\t\t<\/div>\n\t\t\t\t\t<\/div>\n\t\t<\/section>\n\t\t\t\t<section class=\"elementor-section elementor-top-section elementor-element elementor-element-b5bcf39 elementor-section-boxed elementor-section-height-default elementor-section-height-default\" data-id=\"b5bcf39\" data-element_type=\"section\" data-e-type=\"section\">\n\t\t\t\t\t\t<div class=\"elementor-container elementor-column-gap-default\">\n\t\t\t\t\t<div class=\"elementor-column elementor-col-100 elementor-top-column elementor-element elementor-element-d62a970\" data-id=\"d62a970\" data-element_type=\"column\" data-e-type=\"column\">\n\t\t\t<div class=\"elementor-widget-wrap elementor-element-populated\">\n\t\t\t\t\t\t<div class=\"elementor-element elementor-element-47ac794 elementor-widget-divider--view-line elementor-widget elementor-widget-divider\" data-id=\"47ac794\" data-element_type=\"widget\" data-e-type=\"widget\" data-widget_type=\"divider.default\">\n\t\t\t\t<div class=\"elementor-widget-container\">\n\t\t\t\t\t\t\t<div class=\"elementor-divider\">\n\t\t\t<span class=\"elementor-divider-separator\">\n\t\t\t\t\t\t<\/span>\n\t\t<\/div>\n\t\t\t\t\t\t<\/div>\n\t\t\t\t<\/div>\n\t\t\t\t\t<\/div>\n\t\t<\/div>\n\t\t\t\t\t<\/div>\n\t\t<\/section>\n\t\t\t\t<section class=\"elementor-section elementor-top-section elementor-element elementor-element-27876ec elementor-section-boxed elementor-section-height-default elementor-section-height-default\" data-id=\"27876ec\" data-element_type=\"section\" data-e-type=\"section\">\n\t\t\t\t\t\t<div class=\"elementor-container elementor-column-gap-default\">\n\t\t\t\t\t<div class=\"elementor-column elementor-col-50 elementor-top-column elementor-element elementor-element-1239e33\" data-id=\"1239e33\" data-element_type=\"column\" data-e-type=\"column\">\n\t\t\t<div class=\"elementor-widget-wrap elementor-element-populated\">\n\t\t\t\t\t\t<div class=\"elementor-element elementor-element-8b2d0a0 elementor-widget elementor-widget-text-editor\" data-id=\"8b2d0a0\" data-element_type=\"widget\" data-e-type=\"widget\" data-widget_type=\"text-editor.default\">\n\t\t\t\t<div class=\"elementor-widget-container\">\n\t\t\t\t\t\t\t\t\t<h5 class=\"elementor-heading-title elementor-size-default\">Ansichten Bebauungsplan Elm-131 \"Javelin Park Ost<\/h5>\t\t\t\t\t\t\t\t<\/div>\n\t\t\t\t<\/div>\n\t\t\t\t\t<\/div>\n\t\t<\/div>\n\t\t\t\t<div class=\"elementor-column elementor-col-50 elementor-top-column elementor-element elementor-element-b0a023d\" data-id=\"b0a023d\" data-element_type=\"column\" data-e-type=\"column\">\n\t\t\t<div class=\"elementor-widget-wrap elementor-element-populated\">\n\t\t\t\t\t\t<div class=\"elementor-element elementor-element-bb781a0 elementor-widget elementor-widget-menu-anchor\" data-id=\"bb781a0\" data-element_type=\"widget\" data-e-type=\"widget\" data-widget_type=\"menu-anchor.default\">\n\t\t\t\t<div class=\"elementor-widget-container\">\n\t\t\t\t\t\t\t<div class=\"elementor-menu-anchor\" id=\"2023-2\"><\/div>\n\t\t\t\t\t\t<\/div>\n\t\t\t\t<\/div>\n\t\t\t\t\t<\/div>\n\t\t<\/div>\n\t\t\t\t\t<\/div>\n\t\t<\/section>\n\t\t\t\t<section class=\"elementor-section elementor-top-section elementor-element elementor-element-1b66d2b elementor-section-boxed elementor-section-height-default elementor-section-height-default\" data-id=\"1b66d2b\" data-element_type=\"section\" data-e-type=\"section\">\n\t\t\t\t\t\t<div class=\"elementor-container elementor-column-gap-default\">\n\t\t\t\t\t<div class=\"elementor-column elementor-col-50 elementor-top-column elementor-element elementor-element-67bb28d\" data-id=\"67bb28d\" data-element_type=\"column\" data-e-type=\"column\">\n\t\t\t<div class=\"elementor-widget-wrap elementor-element-populated\">\n\t\t\t\t\t\t<div class=\"elementor-element elementor-element-520e3d4 elementor-widget elementor-widget-text-editor\" data-id=\"520e3d4\" data-element_type=\"widget\" data-e-type=\"widget\" data-widget_type=\"text-editor.default\">\n\t\t\t\t<div class=\"elementor-widget-container\">\n\t\t\t\t\t\t\t\t\t<p class=\" translation-block\">Das Treffen von Groen Grensland am 4. M\u00e4rz war sehr erfolgreich. Mehr als 40 Personen waren anwesend. Karin Schubert sprach ein Gru\u00dfwort, im Anschluss gab Thomas Seringen eine Zusammenfassung der uns bekannten 90 Ansichten, siehe <a style=\"font-size: 1rem\" href=\"https:\/\/www.gruenes-grenzland.net\/wp-content\/uploads\/2023\/03\/ZusammenfassungAusdruck_230303-Thomas-Seerden-1.pdf\" target=\"_blank\" rel=\"noopener\">HIER<\/a>\u00a0.<br><\/p><p><span style=\"font-style: inherit; font-weight: inherit; background-color: var(--ast-global-color-4); color: var(--ast-global-color-3);\">Anschlie\u00dfend erl\u00e4uterten Simone Woltery und Karin Schubert die bevorstehenden Aktivit\u00e4ten.<br \/>Die nun fertigen Banner wurden ebenfalls an die Teilnehmer verteilt.<br \/><\/span><span style=\"background-color: var(--ast-global-color-4); color: var(--ast-global-color-3); font-style: inherit; font-weight: inherit;\">Alles in allem eine gelungene Veranstaltung.<\/span><\/p><p><span style=\"font-style: inherit; font-weight: inherit; background-color: var(--ast-global-color-4); color: var(--ast-global-color-3);\">Das n\u00e4chste Treffen von Gr\u00fcnes Grenzland wird am 22. April 2023 stattfinden.\u00a0<br \/><\/span><span style=\"font-style: inherit; font-weight: inherit; background-color: var(--ast-global-color-4); color: var(--ast-global-color-3);\">Plaats:\u00a0<br \/>Dieses Mal in der Pizzeria Miami auf dem Laurentiusmarkt, Adam-Houx-Str.\n&gt; 14, in Elmpt.<\/span><span style=\"font-style: inherit; font-weight: inherit; background-color: var(--ast-global-color-4); color: var(--ast-global-color-3);\">\u00a0 in Elmpt<br \/><\/span><span style=\"font-style: inherit; font-weight: inherit; background-color: var(--ast-global-color-4); color: var(--ast-global-color-3);\">Uhrzeit: 14 Uhr.<\/span><\/p>\t\t\t\t\t\t\t\t<\/div>\n\t\t\t\t<\/div>\n\t\t\t\t\t<\/div>\n\t\t<\/div>\n\t\t\t\t<div class=\"elementor-column elementor-col-50 elementor-top-column elementor-element elementor-element-432eef3\" data-id=\"432eef3\" data-element_type=\"column\" data-e-type=\"column\">\n\t\t\t<div class=\"elementor-widget-wrap elementor-element-populated\">\n\t\t\t\t\t\t<div class=\"elementor-element elementor-element-7b0d791 elementor-widget elementor-widget-image\" data-id=\"7b0d791\" data-element_type=\"widget\" data-e-type=\"widget\" data-widget_type=\"image.default\">\n\t\t\t\t<div class=\"elementor-widget-container\">\n\t\t\t\t\t\t\t\t\t\t\t\t\t\t\t<img loading=\"lazy\" decoding=\"async\" width=\"1024\" height=\"576\" src=\"https:\/\/www.gruenes-grenzland.net\/wp-content\/uploads\/2023\/03\/Groen-Grensland-Oberkruchten-04-03-2023-1024x576.jpg\" class=\"attachment-large size-large wp-image-11352\" alt=\"\" srcset=\"https:\/\/www.gruenes-grenzland.net\/wp-content\/uploads\/2023\/03\/Groen-Grensland-Oberkruchten-04-03-2023-1024x576.jpg 1024w, https:\/\/www.gruenes-grenzland.net\/wp-content\/uploads\/2023\/03\/Groen-Grensland-Oberkruchten-04-03-2023-300x169.jpg 300w, https:\/\/www.gruenes-grenzland.net\/wp-content\/uploads\/2023\/03\/Groen-Grensland-Oberkruchten-04-03-2023-768x432.jpg 768w, https:\/\/www.gruenes-grenzland.net\/wp-content\/uploads\/2023\/03\/Groen-Grensland-Oberkruchten-04-03-2023-1536x864.jpg 1536w, https:\/\/www.gruenes-grenzland.net\/wp-content\/uploads\/2023\/03\/Groen-Grensland-Oberkruchten-04-03-2023-2048x1152.jpg 2048w, https:\/\/www.gruenes-grenzland.net\/wp-content\/uploads\/2023\/03\/Groen-Grensland-Oberkruchten-04-03-2023-18x10.jpg 18w\" sizes=\"(max-width: 1024px) 100vw, 1024px\" \/>\t\t\t\t\t\t\t\t\t\t\t\t\t\t\t<\/div>\n\t\t\t\t<\/div>\n\t\t\t\t\t<\/div>\n\t\t<\/div>\n\t\t\t\t\t<\/div>\n\t\t<\/section>\n\t\t\t\t<section class=\"elementor-section elementor-top-section elementor-element elementor-element-97dc886 elementor-section-boxed elementor-section-height-default elementor-section-height-default\" data-id=\"97dc886\" data-element_type=\"section\" data-e-type=\"section\">\n\t\t\t\t\t\t<div class=\"elementor-container elementor-column-gap-default\">\n\t\t\t\t\t<div class=\"elementor-column elementor-col-100 elementor-top-column elementor-element elementor-element-a4efae2\" data-id=\"a4efae2\" data-element_type=\"column\" data-e-type=\"column\">\n\t\t\t<div class=\"elementor-widget-wrap elementor-element-populated\">\n\t\t\t\t\t\t<div class=\"elementor-element elementor-element-4aa8aeb elementor-widget-divider--view-line elementor-widget elementor-widget-divider\" data-id=\"4aa8aeb\" data-element_type=\"widget\" data-e-type=\"widget\" data-widget_type=\"divider.default\">\n\t\t\t\t<div class=\"elementor-widget-container\">\n\t\t\t\t\t\t\t<div class=\"elementor-divider\">\n\t\t\t<span class=\"elementor-divider-separator\">\n\t\t\t\t\t\t<\/span>\n\t\t<\/div>\n\t\t\t\t\t\t<\/div>\n\t\t\t\t<\/div>\n\t\t\t\t\t<\/div>\n\t\t<\/div>\n\t\t\t\t\t<\/div>\n\t\t<\/section>\n\t\t\t\t<section class=\"elementor-section elementor-top-section elementor-element elementor-element-8d0189b elementor-section-boxed elementor-section-height-default elementor-section-height-default\" data-id=\"8d0189b\" data-element_type=\"section\" data-e-type=\"section\">\n\t\t\t\t\t\t<div class=\"elementor-container elementor-column-gap-default\">\n\t\t\t\t\t<div class=\"elementor-column elementor-col-50 elementor-top-column elementor-element elementor-element-43a1eab\" data-id=\"43a1eab\" data-element_type=\"column\" data-e-type=\"column\">\n\t\t\t<div class=\"elementor-widget-wrap elementor-element-populated\">\n\t\t\t\t\t\t<div class=\"elementor-element elementor-element-a4724c4 elementor-widget elementor-widget-text-editor\" data-id=\"a4724c4\" data-element_type=\"widget\" data-e-type=\"widget\" data-widget_type=\"text-editor.default\">\n\t\t\t\t<div class=\"elementor-widget-container\">\n\t\t\t\t\t\t\t\t\t<p>Am 28. Januar 2023 trafen wir uns als Gr\u00fcnes Grenzland in Oberkr\u00fcchten, um die Pl\u00e4ne f\u00fcr den ehemaligen Flugplatz zu besprechen.<\/p><p><span style=\"font-style: inherit; font-weight: inherit; background-color: var(--ast-global-color-4);\">Hans Heijnen erl\u00e4uterte den allgemeinen Widerspruchsbescheid, den Sie hier finden:\u00a0<br \/><\/span><a style=\"font-style: inherit; font-weight: inherit;\" href=\"https:\/\/www.gruenes-grenzland.net\/wp-content\/uploads\/2023\/02\/Presentatie-Bezwaarschrift-Oberkruechten-28-januari-2023.pdf\">https:\/\/www.gruenes-grenzland.net\/wp-content\/uploads\/2023\/02\/Presentatie-Bezwaarschrift-Oberkruechten-28-januari-2023.pdf<\/a><\/p><p>Das n\u00e4chste Treffen von Gr\u00fcnes Grenzland wird am 4. M\u00e4rz 2023 stattfinden. <br \/>Standort: Oberkr\u00fcchten, An der Meer 100.<br \/>Uhrzeit: 14 Uhr.<br \/><span style=\"font-style: inherit; font-weight: inherit; background-color: var(--ast-global-color-4); color: var(--ast-global-color-3);\">Die Tagesordnung wird rechtzeitig bekannt gegeben. Es ist zu hoffen, dass die Teilnehmerzahl \u00e4hnlich hoch sein wird wie bei der letzten Sitzung.<\/span><\/p>\t\t\t\t\t\t\t\t<\/div>\n\t\t\t\t<\/div>\n\t\t\t\t\t<\/div>\n\t\t<\/div>\n\t\t\t\t<div class=\"elementor-column elementor-col-50 elementor-top-column elementor-element elementor-element-f384632\" data-id=\"f384632\" data-element_type=\"column\" data-e-type=\"column\">\n\t\t\t<div class=\"elementor-widget-wrap elementor-element-populated\">\n\t\t\t\t\t\t<div class=\"elementor-element elementor-element-15315a7 elementor-widget elementor-widget-image\" data-id=\"15315a7\" data-element_type=\"widget\" data-e-type=\"widget\" data-widget_type=\"image.default\">\n\t\t\t\t<div class=\"elementor-widget-container\">\n\t\t\t\t\t\t\t\t\t\t\t\t<figure class=\"wp-caption\">\n\t\t\t\t\t\t\t\t\t\t<img loading=\"lazy\" decoding=\"async\" width=\"1024\" height=\"724\" src=\"https:\/\/www.gruenes-grenzland.net\/wp-content\/uploads\/2023\/05\/Javelin-Park-Elmpt-in-die-Natur-1024x724.jpg\" class=\"attachment-large size-large wp-image-11560\" alt=\"\" srcset=\"https:\/\/www.gruenes-grenzland.net\/wp-content\/uploads\/2023\/05\/Javelin-Park-Elmpt-in-die-Natur-1024x724.jpg 1024w, https:\/\/www.gruenes-grenzland.net\/wp-content\/uploads\/2023\/05\/Javelin-Park-Elmpt-in-die-Natur-300x212.jpg 300w, https:\/\/www.gruenes-grenzland.net\/wp-content\/uploads\/2023\/05\/Javelin-Park-Elmpt-in-die-Natur-768x543.jpg 768w, https:\/\/www.gruenes-grenzland.net\/wp-content\/uploads\/2023\/05\/Javelin-Park-Elmpt-in-die-Natur-1536x1086.jpg 1536w, https:\/\/www.gruenes-grenzland.net\/wp-content\/uploads\/2023\/05\/Javelin-Park-Elmpt-in-die-Natur-2048x1448.jpg 2048w, https:\/\/www.gruenes-grenzland.net\/wp-content\/uploads\/2023\/05\/Javelin-Park-Elmpt-in-die-Natur-18x12.jpg 18w\" sizes=\"(max-width: 1024px) 100vw, 1024px\" \/>\t\t\t\t\t\t\t\t\t\t\t<figcaption class=\"widget-image-caption wp-caption-text\">Einer der Haupteinw\u00e4nde: Das geplante Gewerbegebiet in Elmpt f\u00fcgt sich nicht in die Gr\u00fcnstruktur dieser Grenzregion ein<\/figcaption>\n\t\t\t\t\t\t\t\t\t\t<\/figure>\n\t\t\t\t\t\t\t\t\t<\/div>\n\t\t\t\t<\/div>\n\t\t\t\t\t<\/div>\n\t\t<\/div>\n\t\t\t\t\t<\/div>\n\t\t<\/section>\n\t\t\t\t<section class=\"elementor-section elementor-top-section elementor-element elementor-element-412e6c5 elementor-section-boxed elementor-section-height-default elementor-section-height-default\" data-id=\"412e6c5\" data-element_type=\"section\" data-e-type=\"section\">\n\t\t\t\t\t\t<div class=\"elementor-container elementor-column-gap-default\">\n\t\t\t\t\t<div class=\"elementor-column elementor-col-100 elementor-top-column elementor-element elementor-element-0d1785a\" data-id=\"0d1785a\" data-element_type=\"column\" data-e-type=\"column\">\n\t\t\t<div class=\"elementor-widget-wrap elementor-element-populated\">\n\t\t\t\t\t\t<div class=\"elementor-element elementor-element-cc091a3 elementor-widget-divider--view-line elementor-widget elementor-widget-divider\" data-id=\"cc091a3\" data-element_type=\"widget\" data-e-type=\"widget\" data-widget_type=\"divider.default\">\n\t\t\t\t<div class=\"elementor-widget-container\">\n\t\t\t\t\t\t\t<div class=\"elementor-divider\">\n\t\t\t<span class=\"elementor-divider-separator\">\n\t\t\t\t\t\t<\/span>\n\t\t<\/div>\n\t\t\t\t\t\t<\/div>\n\t\t\t\t<\/div>\n\t\t\t\t\t<\/div>\n\t\t<\/div>\n\t\t\t\t\t<\/div>\n\t\t<\/section>\n\t\t\t\t<section class=\"elementor-section elementor-top-section elementor-element elementor-element-c56387c elementor-section-boxed elementor-section-height-default elementor-section-height-default\" data-id=\"c56387c\" data-element_type=\"section\" data-e-type=\"section\">\n\t\t\t\t\t\t<div class=\"elementor-container elementor-column-gap-default\">\n\t\t\t\t\t<div class=\"elementor-column elementor-col-50 elementor-top-column elementor-element elementor-element-f64cd2d\" data-id=\"f64cd2d\" data-element_type=\"column\" data-e-type=\"column\">\n\t\t\t<div class=\"elementor-widget-wrap elementor-element-populated\">\n\t\t\t\t\t\t<div class=\"elementor-element elementor-element-2f2e6f8 elementor-widget elementor-widget-text-editor\" data-id=\"2f2e6f8\" data-element_type=\"widget\" data-e-type=\"widget\" data-widget_type=\"text-editor.default\">\n\t\t\t\t<div class=\"elementor-widget-container\">\n\t\t\t\t\t\t\t\t\t<p>Am 28. Januar 2023 treffen wir uns erneut mit Groen Grensland um 14 Uhr in Oberkr\u00fcchten.<br><span style=\"font-style: inherit; font-weight: inherit; background-color: var(--ast-global-color-4); color: var(--ast-global-color-3);\">Vom 5. Januar bis zum 14. Februar 2023 werden die Pl\u00e4ne f\u00fcr die Megahallen zur \u00f6ffentlichen Einsichtnahme ausliegen. Jeder kann die M\u00f6glichkeit nutzen, eine Stellungnahme abzugeben.<\/span><\/p>\n<p>Wer plant, dies zu tun aber Schwierigkeiten hat, es richtig aufzuschreiben, dem m\u00f6chten wir gerne dabei helfen. Wenn Sie kommen m\u00f6chten, k\u00f6nnen Sie uns <a href=\"https:\/\/www.gruenes-grenzland.net\/doneren-groen-grensland\/\">HIER<\/a>&nbsp;Bescheid geben.<\/p>\n<p><br><\/p>\n<ul>\n<\/ul>\t\t\t\t\t\t\t\t<\/div>\n\t\t\t\t<\/div>\n\t\t\t\t\t<\/div>\n\t\t<\/div>\n\t\t\t\t<div class=\"elementor-column elementor-col-50 elementor-top-column elementor-element elementor-element-a44f91a\" data-id=\"a44f91a\" data-element_type=\"column\" data-e-type=\"column\">\n\t\t\t<div class=\"elementor-widget-wrap elementor-element-populated\">\n\t\t\t\t\t\t<div class=\"elementor-element elementor-element-9cd12e9 elementor-widget elementor-widget-image\" data-id=\"9cd12e9\" data-element_type=\"widget\" data-e-type=\"widget\" data-widget_type=\"image.default\">\n\t\t\t\t<div class=\"elementor-widget-container\">\n\t\t\t\t\t\t\t\t\t\t\t\t\t\t\t<img loading=\"lazy\" decoding=\"async\" width=\"1024\" height=\"718\" src=\"https:\/\/www.gruenes-grenzland.net\/wp-content\/uploads\/2023\/01\/Rheinische-Post2023-01-Ianuarii-14-1024x718.jpg\" class=\"attachment-large size-large wp-image-10485\" alt=\"\" srcset=\"https:\/\/www.gruenes-grenzland.net\/wp-content\/uploads\/2023\/01\/Rheinische-Post2023-01-Ianuarii-14-1024x718.jpg 1024w, https:\/\/www.gruenes-grenzland.net\/wp-content\/uploads\/2023\/01\/Rheinische-Post2023-01-Ianuarii-14-300x210.jpg 300w, https:\/\/www.gruenes-grenzland.net\/wp-content\/uploads\/2023\/01\/Rheinische-Post2023-01-Ianuarii-14-768x538.jpg 768w, https:\/\/www.gruenes-grenzland.net\/wp-content\/uploads\/2023\/01\/Rheinische-Post2023-01-Ianuarii-14-1536x1077.jpg 1536w, https:\/\/www.gruenes-grenzland.net\/wp-content\/uploads\/2023\/01\/Rheinische-Post2023-01-Ianuarii-14-18x12.jpg 18w, https:\/\/www.gruenes-grenzland.net\/wp-content\/uploads\/2023\/01\/Rheinische-Post2023-01-Ianuarii-14.jpg 1649w\" sizes=\"(max-width: 1024px) 100vw, 1024px\" \/>\t\t\t\t\t\t\t\t\t\t\t\t\t\t\t<\/div>\n\t\t\t\t<\/div>\n\t\t\t\t\t<\/div>\n\t\t<\/div>\n\t\t\t\t\t<\/div>\n\t\t<\/section>\n\t\t\t\t<section class=\"elementor-section elementor-top-section elementor-element elementor-element-e723ed6 elementor-section-boxed elementor-section-height-default elementor-section-height-default\" data-id=\"e723ed6\" data-element_type=\"section\" data-e-type=\"section\">\n\t\t\t\t\t\t<div class=\"elementor-container elementor-column-gap-default\">\n\t\t\t\t\t<div class=\"elementor-column elementor-col-100 elementor-top-column elementor-element elementor-element-fd7eb13\" data-id=\"fd7eb13\" data-element_type=\"column\" data-e-type=\"column\">\n\t\t\t<div class=\"elementor-widget-wrap elementor-element-populated\">\n\t\t\t\t\t\t<div class=\"elementor-element elementor-element-3f93849 elementor-widget elementor-widget-text-editor\" data-id=\"3f93849\" data-element_type=\"widget\" data-e-type=\"widget\" data-widget_type=\"text-editor.default\">\n\t\t\t\t<div class=\"elementor-widget-container\">\n\t\t\t\t\t\t\t\t\t<p><span style=\"font-style: inherit; font-weight: inherit; color: var(--ast-global-color-3); background-color: var(--ast-global-color-4);\">Wir werden alle relevanten Informationen einbeziehen - einschlie\u00dflich der Informationen, die auf der Informationsveranstaltung am 12. Januar vorgestellt wurden (siehe unten und Zeitungsausschnitt).\u00a0 W\u00e4hrend dieses Treffens wurden einige Punkte sehr deutlich, n\u00e4mlich\u00a0<\/span><span style=\"font-style: inherit; font-weight: inherit; color: var(--ast-global-color-3); background-color: var(--ast-global-color-4);\">:<\/span><\/p><ul><li><span style=\"font-style: inherit; font-weight: inherit; background-color: var(--ast-global-color-4); color: var(--ast-global-color-3);\">Durch die Aufteilung des Plans in zwei Teile kommt es zu einer Salamitaktik: nicht 11.000 Kraftfahrzeuge pro Tag an neuem Verkehr, sondern \u00fcber 22.000 Kraftfahrzeuge pro Tag werden die tats\u00e4chliche Realit\u00e4t sein. Dies bedeutet, dass alle damit verbundenen Umweltauswirkungen weit untersch\u00e4tzt wurden. Das Gleiche gilt f\u00fcr die L\u00e4rmbel\u00e4stigung, die Feinstaubemissionen und die Ablagerung von Stickstoffstaub in wichtigen Naturgebieten;<\/span><\/li><li><span style=\"font-style: inherit; font-weight: inherit; background-color: var(--ast-global-color-4); color: var(--ast-global-color-3);\">d<\/span><span style=\"font-style: inherit; font-weight: inherit; background-color: var(--ast-global-color-4); color: var(--ast-global-color-3);\">at ondanks deze zeer forse toename van het verkeer de burgemeester dit niet wil communiceren met zijn Nederlandse buren. Hij vond de vertaling\u00a0 in het Nederlands namelijk niet nodig;<\/span><\/li><li><span style=\"font-style: inherit; font-weight: inherit; background-color: var(--ast-global-color-4); color: var(--ast-global-color-3);\">dass die verwendeten Kartierungsdaten zur Flora und insbesondere zur Fauna unvollst\u00e4ndig sind.<\/span><\/li><\/ul>\t\t\t\t\t\t\t\t<\/div>\n\t\t\t\t<\/div>\n\t\t\t\t\t<\/div>\n\t\t<\/div>\n\t\t\t\t\t<\/div>\n\t\t<\/section>\n\t\t\t\t<section class=\"elementor-section elementor-top-section elementor-element elementor-element-692fdfa elementor-section-boxed elementor-section-height-default elementor-section-height-default\" data-id=\"692fdfa\" data-element_type=\"section\" data-e-type=\"section\">\n\t\t\t\t\t\t<div class=\"elementor-container elementor-column-gap-default\">\n\t\t\t\t\t<div class=\"elementor-column elementor-col-100 elementor-top-column elementor-element elementor-element-533329c\" data-id=\"533329c\" data-element_type=\"column\" data-e-type=\"column\">\n\t\t\t<div class=\"elementor-widget-wrap elementor-element-populated\">\n\t\t\t\t\t\t<div class=\"elementor-element elementor-element-b24ae0f elementor-widget-divider--view-line elementor-widget elementor-widget-divider\" data-id=\"b24ae0f\" data-element_type=\"widget\" data-e-type=\"widget\" data-widget_type=\"divider.default\">\n\t\t\t\t<div class=\"elementor-widget-container\">\n\t\t\t\t\t\t\t<div class=\"elementor-divider\">\n\t\t\t<span class=\"elementor-divider-separator\">\n\t\t\t\t\t\t<\/span>\n\t\t<\/div>\n\t\t\t\t\t\t<\/div>\n\t\t\t\t<\/div>\n\t\t\t\t\t<\/div>\n\t\t<\/div>\n\t\t\t\t\t<\/div>\n\t\t<\/section>\n\t\t\t\t<section class=\"elementor-section elementor-top-section elementor-element elementor-element-c5f0362 elementor-section-boxed elementor-section-height-default elementor-section-height-default\" data-id=\"c5f0362\" data-element_type=\"section\" data-e-type=\"section\">\n\t\t\t\t\t\t<div class=\"elementor-container elementor-column-gap-default\">\n\t\t\t\t\t<div class=\"elementor-column elementor-col-50 elementor-top-column elementor-element elementor-element-67a1f01\" data-id=\"67a1f01\" data-element_type=\"column\" data-e-type=\"column\">\n\t\t\t<div class=\"elementor-widget-wrap elementor-element-populated\">\n\t\t\t\t\t\t<div class=\"elementor-element elementor-element-345bf45 elementor-widget elementor-widget-text-editor\" data-id=\"345bf45\" data-element_type=\"widget\" data-e-type=\"widget\" data-widget_type=\"text-editor.default\">\n\t\t\t\t<div class=\"elementor-widget-container\">\n\t\t\t\t\t\t\t\t\t<p><strong>\u00d6ffentliche Pr\u00e4sentation und Anh\u00f6rung <\/strong><\/p>\t\t\t\t\t\t\t\t<\/div>\n\t\t\t\t<\/div>\n\t\t\t\t\t<\/div>\n\t\t<\/div>\n\t\t\t\t<div class=\"elementor-column elementor-col-50 elementor-top-column elementor-element elementor-element-91634fc\" data-id=\"91634fc\" data-element_type=\"column\" data-e-type=\"column\">\n\t\t\t<div class=\"elementor-widget-wrap elementor-element-populated\">\n\t\t\t\t\t\t<div class=\"elementor-element elementor-element-faba5d2 elementor-widget elementor-widget-menu-anchor\" data-id=\"faba5d2\" data-element_type=\"widget\" data-e-type=\"widget\" data-widget_type=\"menu-anchor.default\">\n\t\t\t\t<div class=\"elementor-widget-container\">\n\t\t\t\t\t\t\t<div class=\"elementor-menu-anchor\" id=\"2023-1\"><\/div>\n\t\t\t\t\t\t<\/div>\n\t\t\t\t<\/div>\n\t\t\t\t\t<\/div>\n\t\t<\/div>\n\t\t\t\t\t<\/div>\n\t\t<\/section>\n\t\t\t\t<section class=\"elementor-section elementor-top-section elementor-element elementor-element-217a74d elementor-section-boxed elementor-section-height-default elementor-section-height-default\" data-id=\"217a74d\" data-element_type=\"section\" data-e-type=\"section\">\n\t\t\t\t\t\t<div class=\"elementor-container elementor-column-gap-default\">\n\t\t\t\t\t<div class=\"elementor-column elementor-col-50 elementor-top-column elementor-element elementor-element-bc61a5d\" data-id=\"bc61a5d\" data-element_type=\"column\" data-e-type=\"column\">\n\t\t\t<div class=\"elementor-widget-wrap elementor-element-populated\">\n\t\t\t\t\t\t<div class=\"elementor-element elementor-element-988f234 elementor-widget elementor-widget-text-editor\" data-id=\"988f234\" data-element_type=\"widget\" data-e-type=\"widget\" data-widget_type=\"text-editor.default\">\n\t\t\t\t<div class=\"elementor-widget-container\">\n\t\t\t\t\t\t\t\t\t<p>Am Donnerstag, 12. Januar 2023, um 17:30 Uhr, findet in der Begegnungsst\u00e4tte Niederkr\u00fcchten, Oberkr\u00fcchtenner Weg 42, eine \u00f6ffentliche Vorstellung und Anh\u00f6rung zum Vorentwurf des ELM-Bebauungsplans \u201eJavelinpark Ost\u201c statt. W\u00e4hrend dieses Treffens werden die allgemeinen Ziele und Zielsetzungen der Planung erl\u00e4utert. Sie k\u00f6nnen auch Fragen stellen und den Plan kommentieren. Um Ihnen zu helfen, haben wir bereits einige Fragen formuliert. <br \/>Diese finden Sie <strong><a href=\"https:\/\/www.gruenes-grenzland.net\/de\/doneren-groen-grensland\/\" target=\"_blank\" rel=\"noopener\">HIER<\/a><\/strong>\u00a0.<br \/>Besonders auff\u00e4llig ist die hinterh\u00e4ltige Anwendung von Salamitaktiken. Wir haben deshalb ein Haiko dazu gemacht:<\/p><p style=\"margin: 0cm; background: white; text-align: center;\"><span style=\"font-family: 'Segoe UI',sans-serif; color: #e06c2b; background: #F7F7F8;\">Salamitaktik, <\/span><\/p><p style=\"margin: 0cm; background: white; text-align: center;\"><span style=\"font-family: 'Segoe UI',sans-serif; color: #e06c2b; background: #F7F7F8;\">kleine Schnitte der Natur, <\/span><\/p><p style=\"margin: 0cm; background: white; text-align: center;\"><span style=\"font-family: 'Segoe UI',sans-serif; color: #e06c2b; background: #F7F7F8;\">bis das Ganze f\u00e4llt.<\/span><\/p><p style=\"margin: 0cm; background: white; text-align: center;\"><span style=\"font-family: 'Segoe UI',sans-serif; color: #e06c2b; background: #F7F7F8;\">\u00a0<\/span><\/p><p>Urteilen Sie selbst, aber kommen Sie am 12. Januar und lassen Sie uns im Interesse unseres Lebensraumes in der Grenzregion eine kritische Stimme h\u00f6ren.<\/p>\t\t\t\t\t\t\t\t<\/div>\n\t\t\t\t<\/div>\n\t\t\t\t\t<\/div>\n\t\t<\/div>\n\t\t\t\t<div class=\"elementor-column elementor-col-50 elementor-top-column elementor-element elementor-element-5cddda6\" data-id=\"5cddda6\" data-element_type=\"column\" data-e-type=\"column\">\n\t\t\t<div class=\"elementor-widget-wrap elementor-element-populated\">\n\t\t\t\t\t\t<div class=\"elementor-element elementor-element-3062672 elementor-widget elementor-widget-image\" data-id=\"3062672\" data-element_type=\"widget\" data-e-type=\"widget\" data-widget_type=\"image.default\">\n\t\t\t\t<div class=\"elementor-widget-container\">\n\t\t\t\t\t\t\t\t\t\t\t\t<figure class=\"wp-caption\">\n\t\t\t\t\t\t\t\t\t\t<img loading=\"lazy\" decoding=\"async\" width=\"1024\" height=\"522\" src=\"https:\/\/www.gruenes-grenzland.net\/wp-content\/uploads\/2023\/01\/Contouren-Javelin-Ost-op-totaal-ontwerp-1024x522.jpg\" class=\"attachment-large size-large wp-image-10266\" alt=\"\" srcset=\"https:\/\/www.gruenes-grenzland.net\/wp-content\/uploads\/2023\/01\/Contouren-Javelin-Ost-op-totaal-ontwerp-1024x522.jpg 1024w, https:\/\/www.gruenes-grenzland.net\/wp-content\/uploads\/2023\/01\/Contouren-Javelin-Ost-op-totaal-ontwerp-300x153.jpg 300w, https:\/\/www.gruenes-grenzland.net\/wp-content\/uploads\/2023\/01\/Contouren-Javelin-Ost-op-totaal-ontwerp-768x391.jpg 768w, https:\/\/www.gruenes-grenzland.net\/wp-content\/uploads\/2023\/01\/Contouren-Javelin-Ost-op-totaal-ontwerp-18x9.jpg 18w, https:\/\/www.gruenes-grenzland.net\/wp-content\/uploads\/2023\/01\/Contouren-Javelin-Ost-op-totaal-ontwerp.jpg 1384w\" sizes=\"(max-width: 1024px) 100vw, 1024px\" \/>\t\t\t\t\t\t\t\t\t\t\t<figcaption class=\"widget-image-caption wp-caption-text\">Die Karte zeigt den Gesamtplan, Javelin Park und die sieben Windturbinen. Relevant ist nur der rot markierte Teil (Javelin Park Ost). Das gr\u00f6\u00dfte Problem besteht darin, dass jetzt nur die Umweltauswirkungen von Javelin Ost kartiert sind, w\u00e4hrend es ausdr\u00fccklich beabsichtigt ist, den gesamten Plan zu realisieren. Mit der sogenannten Salamitaktik werden die eigentlichen negativen Auswirkungen heruntergespielt. <\/figcaption>\n\t\t\t\t\t\t\t\t\t\t<\/figure>\n\t\t\t\t\t\t\t\t\t<\/div>\n\t\t\t\t<\/div>\n\t\t\t\t\t<\/div>\n\t\t<\/div>\n\t\t\t\t\t<\/div>\n\t\t<\/section>\n\t\t\t\t<section class=\"elementor-section elementor-top-section elementor-element elementor-element-4fba9c6 elementor-section-boxed elementor-section-height-default elementor-section-height-default\" data-id=\"4fba9c6\" data-element_type=\"section\" data-e-type=\"section\">\n\t\t\t\t\t\t<div class=\"elementor-container elementor-column-gap-default\">\n\t\t\t\t\t<div class=\"elementor-column elementor-col-100 elementor-top-column elementor-element elementor-element-f96f59a\" data-id=\"f96f59a\" data-element_type=\"column\" data-e-type=\"column\">\n\t\t\t<div class=\"elementor-widget-wrap elementor-element-populated\">\n\t\t\t\t\t\t<div class=\"elementor-element elementor-element-f405e95 elementor-widget-divider--view-line elementor-widget elementor-widget-divider\" data-id=\"f405e95\" data-element_type=\"widget\" data-e-type=\"widget\" data-widget_type=\"divider.default\">\n\t\t\t\t<div class=\"elementor-widget-container\">\n\t\t\t\t\t\t\t<div class=\"elementor-divider\">\n\t\t\t<span class=\"elementor-divider-separator\">\n\t\t\t\t\t\t<\/span>\n\t\t<\/div>\n\t\t\t\t\t\t<\/div>\n\t\t\t\t<\/div>\n\t\t\t\t\t<\/div>\n\t\t<\/div>\n\t\t\t\t\t<\/div>\n\t\t<\/section>\n\t\t\t\t<section class=\"elementor-section elementor-top-section elementor-element elementor-element-cceda10 elementor-section-boxed elementor-section-height-default elementor-section-height-default\" data-id=\"cceda10\" data-element_type=\"section\" data-e-type=\"section\">\n\t\t\t\t\t\t<div class=\"elementor-container elementor-column-gap-default\">\n\t\t\t\t\t<div class=\"elementor-column elementor-col-100 elementor-top-column elementor-element elementor-element-93b7e22\" data-id=\"93b7e22\" data-element_type=\"column\" data-e-type=\"column\">\n\t\t\t<div class=\"elementor-widget-wrap elementor-element-populated\">\n\t\t\t\t\t\t<div class=\"elementor-element elementor-element-dc7b6d2 elementor-widget elementor-widget-text-editor\" data-id=\"dc7b6d2\" data-element_type=\"widget\" data-e-type=\"widget\" data-widget_type=\"text-editor.default\">\n\t\t\t\t<div class=\"elementor-widget-container\">\n\t\t\t\t\t\t\t\t\t<p class=\" translation-block\">Freitag, 16. Dezember 2022 um 19:00 Uhr organisieren wir ein Treffen f\u00fcr alle Menschen, die sich in der Vergangenheit f\u00fcr unsere Aktivit\u00e4ten interessiert haben. Der Zweck dieser Mitteilung ist es, Sie dar\u00fcber auf dem Laufenden zu halten, was wir bisher getan haben und was wir in naher Zukunft tun wollen. Standort: Parochiecentrum St. Laurentius , Laurentiusstr. 10, 41372 Niederkruchten-Elmpt. Verlassen bitte teilen Sie uns per E-Mail <a href=\"mailto:GroenGrensland@gmail.com\" target=\"_self\">(GroenGrensland@gmail.com) <\/a>vor dem 11.12.2022 mit, ob Sie kommen k\u00f6nnen.<\/p>\t\t\t\t\t\t\t\t<\/div>\n\t\t\t\t<\/div>\n\t\t\t\t\t<\/div>\n\t\t<\/div>\n\t\t\t\t\t<\/div>\n\t\t<\/section>\n\t\t\t\t<section class=\"elementor-section elementor-top-section elementor-element elementor-element-5862014 elementor-section-boxed elementor-section-height-default elementor-section-height-default\" data-id=\"5862014\" data-element_type=\"section\" data-e-type=\"section\">\n\t\t\t\t\t\t<div class=\"elementor-container elementor-column-gap-default\">\n\t\t\t\t\t<div class=\"elementor-column elementor-col-100 elementor-top-column elementor-element elementor-element-dce8932\" data-id=\"dce8932\" data-element_type=\"column\" data-e-type=\"column\">\n\t\t\t<div class=\"elementor-widget-wrap elementor-element-populated\">\n\t\t\t\t\t\t<div class=\"elementor-element elementor-element-c49b8bb elementor-widget-divider--view-line elementor-widget elementor-widget-divider\" data-id=\"c49b8bb\" data-element_type=\"widget\" data-e-type=\"widget\" data-widget_type=\"divider.default\">\n\t\t\t\t<div class=\"elementor-widget-container\">\n\t\t\t\t\t\t\t<div class=\"elementor-divider\">\n\t\t\t<span class=\"elementor-divider-separator\">\n\t\t\t\t\t\t<\/span>\n\t\t<\/div>\n\t\t\t\t\t\t<\/div>\n\t\t\t\t<\/div>\n\t\t\t\t\t<\/div>\n\t\t<\/div>\n\t\t\t\t\t<\/div>\n\t\t<\/section>\n\t\t\t\t<section class=\"elementor-section elementor-top-section elementor-element elementor-element-4932ead elementor-section-boxed elementor-section-height-default elementor-section-height-default\" data-id=\"4932ead\" data-element_type=\"section\" data-e-type=\"section\">\n\t\t\t\t\t\t<div class=\"elementor-container elementor-column-gap-default\">\n\t\t\t\t\t<div class=\"elementor-column elementor-col-50 elementor-top-column elementor-element elementor-element-c783bf9\" data-id=\"c783bf9\" data-element_type=\"column\" data-e-type=\"column\">\n\t\t\t<div class=\"elementor-widget-wrap elementor-element-populated\">\n\t\t\t\t\t\t<div class=\"elementor-element elementor-element-e065ffa elementor-widget elementor-widget-text-editor\" data-id=\"e065ffa\" data-element_type=\"widget\" data-e-type=\"widget\" data-widget_type=\"text-editor.default\">\n\t\t\t\t<div class=\"elementor-widget-container\">\n\t\t\t\t\t\t\t\t\t<p>Die Meinweger wehren sich entschieden gegen Windkraftanlagen auf dem Meinweg-Plateau.<\/p><p class=\" translation-block\">Sie bringen ihre Besorgnis in einem dringenden Schreiben (12.12.22) an die Gemeinde Roerdalen zum Ausdruck. Den Brief k\u00f6nnen Sie \u00a0<a href=\"https:\/\/www.gruenes-grenzland.net\/wp-content\/uploads\/2022\/12\/Brief-bewoners-Meinwegplateau-aan-Gemeente-Roerdalen-1.docx\" target=\"_self\">hier<\/a> lesen.<\/p><p><span style=\"font-style: inherit; font-weight: inherit; background-color: var(--ast-global-color-4); color: var(--ast-global-color-3);\">Die Windkraftanlagen auf dem Meinweg-Plateau sind nicht das einzige Problem f\u00fcr uns. Direkt an der Grenze zu Deutschland sind auf dem ehemaligen Flughafen Niederkr\u00fcchten-Elmpt 7 Gigawindr\u00e4der geplant. Hat der Kreis Viersen die Gemeinde Roerdalen schon dar\u00fcber informiert? Und wenn ja, hat die Gemeinde Roerdalen bereits Einspruch dagegen erhoben, wie sie es zuvor bei den Windkraftanlagen im Gebiet Bonnes\u00f6hl getan hat?<\/span><\/p>\t\t\t\t\t\t\t\t<\/div>\n\t\t\t\t<\/div>\n\t\t\t\t\t<\/div>\n\t\t<\/div>\n\t\t\t\t<div class=\"elementor-column elementor-col-50 elementor-top-column elementor-element elementor-element-9518cc6\" data-id=\"9518cc6\" data-element_type=\"column\" data-e-type=\"column\">\n\t\t\t<div class=\"elementor-widget-wrap elementor-element-populated\">\n\t\t\t\t\t\t<div class=\"elementor-element elementor-element-c54dbdd elementor-widget elementor-widget-image\" data-id=\"c54dbdd\" data-element_type=\"widget\" data-e-type=\"widget\" data-widget_type=\"image.default\">\n\t\t\t\t<div class=\"elementor-widget-container\">\n\t\t\t\t\t\t\t\t\t\t\t\t\t\t\t\t<a href=\"https:\/\/youtu.be\/6BkAKcFH3sg\">\n\t\t\t\t\t\t\t<img loading=\"lazy\" decoding=\"async\" width=\"1024\" height=\"768\" src=\"https:\/\/www.gruenes-grenzland.net\/wp-content\/uploads\/2022\/12\/IMG-20221228-Affiche-Gein-windjmeules-op-locatie.jpg\" class=\"attachment-large size-large wp-image-10206\" alt=\"\" srcset=\"https:\/\/www.gruenes-grenzland.net\/wp-content\/uploads\/2022\/12\/IMG-20221228-Affiche-Gein-windjmeules-op-locatie.jpg 1024w, https:\/\/www.gruenes-grenzland.net\/wp-content\/uploads\/2022\/12\/IMG-20221228-Affiche-Gein-windjmeules-op-locatie-300x225.jpg 300w, https:\/\/www.gruenes-grenzland.net\/wp-content\/uploads\/2022\/12\/IMG-20221228-Affiche-Gein-windjmeules-op-locatie-768x576.jpg 768w, https:\/\/www.gruenes-grenzland.net\/wp-content\/uploads\/2022\/12\/IMG-20221228-Affiche-Gein-windjmeules-op-locatie-16x12.jpg 16w\" sizes=\"(max-width: 1024px) 100vw, 1024px\" \/>\t\t\t\t\t\t\t\t<\/a>\n\t\t\t\t\t\t\t\t\t\t\t\t\t\t\t<\/div>\n\t\t\t\t<\/div>\n\t\t\t\t\t<\/div>\n\t\t<\/div>\n\t\t\t\t\t<\/div>\n\t\t<\/section>\n\t\t\t\t<section class=\"elementor-section elementor-top-section elementor-element elementor-element-5f2026d elementor-section-boxed elementor-section-height-default elementor-section-height-default\" data-id=\"5f2026d\" data-element_type=\"section\" data-e-type=\"section\">\n\t\t\t\t\t\t<div class=\"elementor-container elementor-column-gap-default\">\n\t\t\t\t\t<div class=\"elementor-column elementor-col-100 elementor-top-column elementor-element elementor-element-50b5b27\" data-id=\"50b5b27\" data-element_type=\"column\" data-e-type=\"column\">\n\t\t\t<div class=\"elementor-widget-wrap elementor-element-populated\">\n\t\t\t\t\t\t<div class=\"elementor-element elementor-element-4454f26 elementor-widget elementor-widget-text-editor\" data-id=\"4454f26\" data-element_type=\"widget\" data-e-type=\"widget\" data-widget_type=\"text-editor.default\">\n\t\t\t\t<div class=\"elementor-widget-container\">\n\t\t\t\t\t\t\t\t\t<p><span style=\"font-style: inherit; font-weight: inherit; background-color: var(--ast-global-color-4); color: var(--ast-global-color-3);\">Sollte dies nicht der Fall sein, fordern wir als direkt Betroffene die Gemeinde Roerdalen auf, dies zu tun. Die Natuur en Milieufederatie Limburg (Natur- und Umweltverband Limburg) hat dazu bereits einen detaillierten Vorvorschlag gemacht.<\/span><\/p><p>Eine Kopie dieses Schreibens wurde auch an die Gemeinden Roermond und Niederkr\u00fcchten versandt.<\/p><p>Eine umfangreichere Visualisierung der Auswirkungen der Windkraftanlagen auf das Landschaftsbild im Meinweg und Umgebung kann hier eingesehen werden: <a href=\"https:\/\/youtu.be\/6BkAKcFH3sg\" data-wplink-url-error=\"true\">https:\/\/youtu.be\/6BkAKcFH3sg<\/a><\/p>\t\t\t\t\t\t\t\t<\/div>\n\t\t\t\t<\/div>\n\t\t\t\t\t<\/div>\n\t\t<\/div>\n\t\t\t\t\t<\/div>\n\t\t<\/section>\n\t\t\t\t<section class=\"elementor-section elementor-top-section elementor-element elementor-element-dac2d51 elementor-section-boxed elementor-section-height-default elementor-section-height-default\" data-id=\"dac2d51\" data-element_type=\"section\" data-e-type=\"section\">\n\t\t\t\t\t\t<div class=\"elementor-container elementor-column-gap-default\">\n\t\t\t\t\t<div class=\"elementor-column elementor-col-100 elementor-top-column elementor-element elementor-element-19dab63\" data-id=\"19dab63\" data-element_type=\"column\" data-e-type=\"column\">\n\t\t\t<div class=\"elementor-widget-wrap elementor-element-populated\">\n\t\t\t\t\t\t<div class=\"elementor-element elementor-element-9267ae3 elementor-widget-divider--view-line elementor-widget elementor-widget-divider\" data-id=\"9267ae3\" data-element_type=\"widget\" data-e-type=\"widget\" data-widget_type=\"divider.default\">\n\t\t\t\t<div class=\"elementor-widget-container\">\n\t\t\t\t\t\t\t<div class=\"elementor-divider\">\n\t\t\t<span class=\"elementor-divider-separator\">\n\t\t\t\t\t\t<\/span>\n\t\t<\/div>\n\t\t\t\t\t\t<\/div>\n\t\t\t\t<\/div>\n\t\t\t\t\t<\/div>\n\t\t<\/div>\n\t\t\t\t\t<\/div>\n\t\t<\/section>\n\t\t\t\t<section class=\"elementor-section elementor-top-section elementor-element elementor-element-f7b514b elementor-section-boxed elementor-section-height-default elementor-section-height-default\" data-id=\"f7b514b\" data-element_type=\"section\" data-e-type=\"section\">\n\t\t\t\t\t\t<div class=\"elementor-container elementor-column-gap-default\">\n\t\t\t\t\t<div class=\"elementor-column elementor-col-100 elementor-top-column elementor-element elementor-element-d53d055\" data-id=\"d53d055\" data-element_type=\"column\" data-e-type=\"column\">\n\t\t\t<div class=\"elementor-widget-wrap elementor-element-populated\">\n\t\t\t\t\t\t<div class=\"elementor-element elementor-element-21da522 elementor-widget elementor-widget-text-editor\" data-id=\"21da522\" data-element_type=\"widget\" data-e-type=\"widget\" data-widget_type=\"text-editor.default\">\n\t\t\t\t<div class=\"elementor-widget-container\">\n\t\t\t\t\t\t\t\t\t<p class=\" translation-block\"><span class=\"Y2IQFc\" lang=\"de\">Am 14. Dezember 2022 wird der <a href=\"https:\/\/ris.niederkruechten.de\/gremien\/?__=UGhVM0hpd2NXNFdFcExjZcVDPAoBOlKL_NVglH-GpQY\" target=\"_blank\" rel=\" noopener\">Ausschuss f\u00fcr Raumplanung, Verkehr und Grundst\u00fccksangelegenheiten<\/a> der Gemeinde Niederkr\u00fcchten zusammen kommen. Auf der Agenda stehen die Planungen f\u00fcr den ehemalige Flughafen Elmpt. Hier<\/span><span class=\"Y2IQFc\" lang=\"de\"> pr\u00e4sentieren die Planungs- und Fach\u00e4mtern der verschiedenen Disziplinen den aktuellen Planungsstand.  Der Beschlussvorschlag lautet: Eine fr\u00fchzeitige Beteiligung der \u00d6ffentlichkeit sowie der Beh\u00f6rden und sonstigen Tr\u00e4ger \u00f6ffentlicher Belange , siehe \n<br><a href=\"https:\/\/ris.niederkruechten.de\/sdnetrim\/UGhVM0hpd2NXNFdFcExjZUyhRHY38m7A3LX-A00VAl_etGbylNzy-LLZnkyR9xbW\/Verwaltungsvorlage_511-2020-2025.pdf\" target=\"_self\">https:\/\/ris.niederkruechten.de\/sdnetrim\/UGhVM0hpd2NXNFdFcExjZUyhRHY38m7A3LX-A00VAl_etGbylNzy-LLZnkyR9xbW\/Verwaltungsvorlage_511-2020-2025.pdf<\/a><\/span><\/p>\t\t\t\t\t\t\t\t<\/div>\n\t\t\t\t<\/div>\n\t\t\t\t\t<\/div>\n\t\t<\/div>\n\t\t\t\t\t<\/div>\n\t\t<\/section>\n\t\t\t\t<section class=\"elementor-section elementor-top-section elementor-element elementor-element-a866c4a elementor-section-boxed elementor-section-height-default elementor-section-height-default\" data-id=\"a866c4a\" data-element_type=\"section\" data-e-type=\"section\">\n\t\t\t\t\t\t<div class=\"elementor-container elementor-column-gap-default\">\n\t\t\t\t\t<div class=\"elementor-column elementor-col-100 elementor-top-column elementor-element elementor-element-b86c3d2\" data-id=\"b86c3d2\" data-element_type=\"column\" data-e-type=\"column\">\n\t\t\t<div class=\"elementor-widget-wrap elementor-element-populated\">\n\t\t\t\t\t\t<div class=\"elementor-element elementor-element-b63b565 elementor-widget-divider--view-line elementor-widget elementor-widget-divider\" data-id=\"b63b565\" data-element_type=\"widget\" data-e-type=\"widget\" data-widget_type=\"divider.default\">\n\t\t\t\t<div class=\"elementor-widget-container\">\n\t\t\t\t\t\t\t<div class=\"elementor-divider\">\n\t\t\t<span class=\"elementor-divider-separator\">\n\t\t\t\t\t\t<\/span>\n\t\t<\/div>\n\t\t\t\t\t\t<\/div>\n\t\t\t\t<\/div>\n\t\t\t\t\t<\/div>\n\t\t<\/div>\n\t\t\t\t\t<\/div>\n\t\t<\/section>\n\t\t\t\t<section class=\"elementor-section elementor-top-section elementor-element elementor-element-0293482 elementor-section-boxed elementor-section-height-default elementor-section-height-default\" data-id=\"0293482\" data-element_type=\"section\" data-e-type=\"section\">\n\t\t\t\t\t\t<div class=\"elementor-container elementor-column-gap-default\">\n\t\t\t\t\t<div class=\"elementor-column elementor-col-50 elementor-top-column elementor-element elementor-element-857c2a7\" data-id=\"857c2a7\" data-element_type=\"column\" data-e-type=\"column\">\n\t\t\t<div class=\"elementor-widget-wrap elementor-element-populated\">\n\t\t\t\t\t\t<div class=\"elementor-element elementor-element-dd7bf00 elementor-widget elementor-widget-text-editor\" data-id=\"dd7bf00\" data-element_type=\"widget\" data-e-type=\"widget\" data-widget_type=\"text-editor.default\">\n\t\t\t\t<div class=\"elementor-widget-container\">\n\t\t\t\t\t\t\t\t\t<p class=\" translation-block\"><span class=\"Y2IQFc\" lang=\"de\">Projektentwickler Verdion l\u00e4dt alle zu einer Informationsveranstaltung \u00fcber das geplante Gewerbegebiet auf dem Gel\u00e4nde des ehemaligen Milit\u00e4rflughafens in Niederkr\u00fcchten-Elmpt ein. <br>Das Datum ist Samstag, 22. Oktober<b> <\/b>von 10 bis 15 Uhr. Treffpunkt ist der Adolph-Kolping-Platz. Interessenten k\u00f6nnen sich \u00fcber den Link <a href=\"http:\/\/www.javelinpark-elmpt.de\/index.php\/de\/bus-tour-am-22-10-22\/\" target=\"_self\"> http:\/\/www.javelinpark-elmpt.de\/index.php\/de\/bus-tour-am-22-10-22\/<\/a>   anmelden <br>Das Video rechts gibt schon einen relativen Eindruck von der noch weitl\u00e4ufige bebaute Gr\u00fcnfl\u00e4che.<\/span><\/p>\t\t\t\t\t\t\t\t<\/div>\n\t\t\t\t<\/div>\n\t\t\t\t\t<\/div>\n\t\t<\/div>\n\t\t\t\t<div class=\"elementor-column elementor-col-50 elementor-top-column elementor-element elementor-element-bc527c0\" data-id=\"bc527c0\" data-element_type=\"column\" data-e-type=\"column\">\n\t\t\t<div class=\"elementor-widget-wrap elementor-element-populated\">\n\t\t\t\t\t\t<div class=\"elementor-element elementor-element-267d5a5 elementor-widget elementor-widget-video\" data-id=\"267d5a5\" data-element_type=\"widget\" data-e-type=\"widget\" data-settings=\"{&quot;youtube_url&quot;:&quot;https:\\\/\\\/youtu.be\\\/uujAZUsCYmM?t=0&quot;,&quot;video_type&quot;:&quot;youtube&quot;,&quot;controls&quot;:&quot;yes&quot;}\" data-widget_type=\"video.default\">\n\t\t\t\t<div class=\"elementor-widget-container\">\n\t\t\t\t\t\t\t<div class=\"elementor-wrapper elementor-open-inline\">\n\t\t\t<div class=\"elementor-video\"><\/div>\t\t<\/div>\n\t\t\t\t\t\t<\/div>\n\t\t\t\t<\/div>\n\t\t\t\t\t<\/div>\n\t\t<\/div>\n\t\t\t\t\t<\/div>\n\t\t<\/section>\n\t\t\t\t<section class=\"elementor-section elementor-top-section elementor-element elementor-element-26e83f2 elementor-section-boxed elementor-section-height-default elementor-section-height-default\" data-id=\"26e83f2\" data-element_type=\"section\" data-e-type=\"section\">\n\t\t\t\t\t\t<div class=\"elementor-container elementor-column-gap-default\">\n\t\t\t\t\t<div class=\"elementor-column elementor-col-100 elementor-top-column elementor-element elementor-element-3b69423\" data-id=\"3b69423\" data-element_type=\"column\" data-e-type=\"column\">\n\t\t\t<div class=\"elementor-widget-wrap elementor-element-populated\">\n\t\t\t\t\t\t<div class=\"elementor-element elementor-element-3b07eb2 elementor-widget elementor-widget-text-editor\" data-id=\"3b07eb2\" data-element_type=\"widget\" data-e-type=\"widget\" data-widget_type=\"text-editor.default\">\n\t\t\t\t<div class=\"elementor-widget-container\">\n\t\t\t\t\t\t\t\t\t<p class=\" translation-block\">Einige Personen von Gr\u00fcnes Grenzland nahmen an dem von Verdion organisierten Busausflug am 22. Oktober 2022 teil. Was wir bereits anhand von Kartenmaterial und Drohnenaufnahmen beobachtet hatten, best\u00e4tigte sich w\u00e4hrend der Exkursion: Das gesamte Gebiet ist \u00fcberwiegend gr\u00fcn und hat einen sehr geringen Bebauungsgrad. Die Umsetzung der vorgeschlagenen Pl\u00e4ne wird den Charakter des Grenzparks Maas-Swalm-Nette erheblich ver\u00e4ndern und zu einem Fremdk\u00f6rper werden. Einige Eindr\u00fccke sind unten zu sehen.<\/p>\t\t\t\t\t\t\t\t<\/div>\n\t\t\t\t<\/div>\n\t\t\t\t\t<\/div>\n\t\t<\/div>\n\t\t\t\t\t<\/div>\n\t\t<\/section>\n\t\t\t\t<section class=\"elementor-section elementor-top-section elementor-element elementor-element-d372f60 elementor-section-boxed elementor-section-height-default elementor-section-height-default\" data-id=\"d372f60\" data-element_type=\"section\" data-e-type=\"section\">\n\t\t\t\t\t\t<div class=\"elementor-container elementor-column-gap-default\">\n\t\t\t\t\t<div class=\"elementor-column elementor-col-100 elementor-top-column elementor-element elementor-element-cbc39ca\" data-id=\"cbc39ca\" data-element_type=\"column\" data-e-type=\"column\">\n\t\t\t<div class=\"elementor-widget-wrap elementor-element-populated\">\n\t\t\t\t\t\t<div class=\"elementor-element elementor-element-c72aa1d elementor-pagination-position-inside elementor-widget__width-auto elementor-arrows-position-inside elementor-widget elementor-widget-image-carousel\" data-id=\"c72aa1d\" data-element_type=\"widget\" data-e-type=\"widget\" data-settings=\"{&quot;navigation&quot;:&quot;both&quot;,&quot;autoplay&quot;:&quot;yes&quot;,&quot;pause_on_hover&quot;:&quot;yes&quot;,&quot;pause_on_interaction&quot;:&quot;yes&quot;,&quot;autoplay_speed&quot;:5000,&quot;infinite&quot;:&quot;yes&quot;,&quot;speed&quot;:500}\" data-widget_type=\"image-carousel.default\">\n\t\t\t\t<div class=\"elementor-widget-container\">\n\t\t\t\t\t\t\t<div class=\"elementor-image-carousel-wrapper swiper\" role=\"region\" aria-roledescription=\"carousel\" aria-label=\"Afbeelding carrousel\" dir=\"ltr\">\n\t\t\t<div class=\"elementor-image-carousel swiper-wrapper\" aria-live=\"off\">\n\t\t\t\t\t\t\t\t<div class=\"swiper-slide\" role=\"group\" aria-roledescription=\"slide\" aria-label=\"1 van 6\"><figure class=\"swiper-slide-inner\"><img decoding=\"async\" class=\"swiper-slide-image\" src=\"https:\/\/www.gruenes-grenzland.net\/wp-content\/uploads\/2022\/10\/Snapshot_5-1.png\" alt=\"Snapshot_5\" \/><\/figure><\/div><div class=\"swiper-slide\" role=\"group\" aria-roledescription=\"slide\" aria-label=\"2 van 6\"><figure class=\"swiper-slide-inner\"><img decoding=\"async\" class=\"swiper-slide-image\" src=\"https:\/\/www.gruenes-grenzland.net\/wp-content\/uploads\/2022\/10\/Snapshot_6-1.png\" alt=\"Snapshot_6\" \/><\/figure><\/div><div class=\"swiper-slide\" role=\"group\" aria-roledescription=\"slide\" aria-label=\"3 van 6\"><figure class=\"swiper-slide-inner\"><img decoding=\"async\" class=\"swiper-slide-image\" src=\"https:\/\/www.gruenes-grenzland.net\/wp-content\/uploads\/2022\/10\/Snapshot_7-1.png\" alt=\"Snapshot_7\" \/><\/figure><\/div><div class=\"swiper-slide\" role=\"group\" aria-roledescription=\"slide\" aria-label=\"4 van 6\"><figure class=\"swiper-slide-inner\"><img decoding=\"async\" class=\"swiper-slide-image\" src=\"https:\/\/www.gruenes-grenzland.net\/wp-content\/uploads\/2022\/10\/Snapshot_9-1.png\" alt=\"Snapshot_9\" \/><\/figure><\/div><div class=\"swiper-slide\" role=\"group\" aria-roledescription=\"slide\" aria-label=\"5 van 6\"><figure class=\"swiper-slide-inner\"><img decoding=\"async\" class=\"swiper-slide-image\" src=\"https:\/\/www.gruenes-grenzland.net\/wp-content\/uploads\/2022\/10\/Snapshot_11.png\" alt=\"Snapshot_11\" \/><\/figure><\/div><div class=\"swiper-slide\" role=\"group\" aria-roledescription=\"slide\" aria-label=\"6 van 6\"><figure class=\"swiper-slide-inner\"><img decoding=\"async\" class=\"swiper-slide-image\" src=\"https:\/\/www.gruenes-grenzland.net\/wp-content\/uploads\/2022\/10\/Snapshot_12-1.png\" alt=\"Snapshot_12\" \/><\/figure><\/div>\t\t\t<\/div>\n\t\t\t\t\t\t\t\t\t\t\t\t<div class=\"elementor-swiper-button elementor-swiper-button-prev\" role=\"button\" tabindex=\"0\">\n\t\t\t\t\t\t<i aria-hidden=\"true\" class=\"eicon-chevron-left\"><\/i>\t\t\t\t\t<\/div>\n\t\t\t\t\t<div class=\"elementor-swiper-button elementor-swiper-button-next\" role=\"button\" tabindex=\"0\">\n\t\t\t\t\t\t<i aria-hidden=\"true\" class=\"eicon-chevron-right\"><\/i>\t\t\t\t\t<\/div>\n\t\t\t\t\n\t\t\t\t\t\t\t\t\t<div class=\"swiper-pagination\"><\/div>\n\t\t\t\t\t\t\t\t\t<\/div>\n\t\t\t\t\t\t<\/div>\n\t\t\t\t<\/div>\n\t\t\t\t<div class=\"elementor-element elementor-element-88c9417 elementor-widget-divider--view-line elementor-widget elementor-widget-divider\" data-id=\"88c9417\" data-element_type=\"widget\" data-e-type=\"widget\" data-widget_type=\"divider.default\">\n\t\t\t\t<div class=\"elementor-widget-container\">\n\t\t\t\t\t\t\t<div class=\"elementor-divider\">\n\t\t\t<span class=\"elementor-divider-separator\">\n\t\t\t\t\t\t<\/span>\n\t\t<\/div>\n\t\t\t\t\t\t<\/div>\n\t\t\t\t<\/div>\n\t\t\t\t\t<\/div>\n\t\t<\/div>\n\t\t\t\t\t<\/div>\n\t\t<\/section>\n\t\t\t\t<section class=\"elementor-section elementor-top-section elementor-element elementor-element-da1a3e0 elementor-section-boxed elementor-section-height-default elementor-section-height-default\" data-id=\"da1a3e0\" data-element_type=\"section\" data-e-type=\"section\">\n\t\t\t\t\t\t<div class=\"elementor-container elementor-column-gap-default\">\n\t\t\t\t\t<div class=\"elementor-column elementor-col-50 elementor-top-column elementor-element elementor-element-b26a78e\" data-id=\"b26a78e\" data-element_type=\"column\" data-e-type=\"column\">\n\t\t\t<div class=\"elementor-widget-wrap elementor-element-populated\">\n\t\t\t\t\t\t<div class=\"elementor-element elementor-element-6987aab elementor-widget elementor-widget-text-editor\" data-id=\"6987aab\" data-element_type=\"widget\" data-e-type=\"widget\" data-widget_type=\"text-editor.default\">\n\t\t\t\t<div class=\"elementor-widget-container\">\n\t\t\t\t\t\t\t\t\t<p class=\" translation-block\">Auch in diesem Jahr ist wieder ein Meinweg Ecotop geplant. Diese findet am Samstag, den 15. Oktober 2022 in der Begegnungsst\u00e4tte Niederkr\u00fcchten in Deutschland statt. Das Thema des Meinweg Ecotop 2022 lautet: Das Boschbeek-Tal, \u00fcber Arten und Management eines grenz\u00fcberschreitenden Bachtals. Hier k\u00f6nnen Sie sich anmelden: <a href=\"https:\/\/www.meinweg-ecotop.nl\/Home\/Aanmelden-Ecotop\/\" target=\"_self\">https:\/\/www.meinweg-ecotop.nl\/Home\/Aanmelden-Ecotop\/<\/a><\/p>\t\t\t\t\t\t\t\t<\/div>\n\t\t\t\t<\/div>\n\t\t\t\t\t<\/div>\n\t\t<\/div>\n\t\t\t\t<div class=\"elementor-column elementor-col-50 elementor-top-column elementor-element elementor-element-502c78d\" data-id=\"502c78d\" data-element_type=\"column\" data-e-type=\"column\">\n\t\t\t<div class=\"elementor-widget-wrap elementor-element-populated\">\n\t\t\t\t\t\t<div class=\"elementor-element elementor-element-40d9d2c elementor-widget elementor-widget-image\" data-id=\"40d9d2c\" data-element_type=\"widget\" data-e-type=\"widget\" data-widget_type=\"image.default\">\n\t\t\t\t<div class=\"elementor-widget-container\">\n\t\t\t\t\t\t\t\t\t\t\t\t\t\t\t<img loading=\"lazy\" decoding=\"async\" width=\"1024\" height=\"575\" src=\"https:\/\/www.gruenes-grenzland.net\/wp-content\/uploads\/2022\/10\/DJI_0736-Elfenmeer-1-HH-1024x575.jpg\" class=\"attachment-large size-large wp-image-9612\" alt=\"\" srcset=\"https:\/\/www.gruenes-grenzland.net\/wp-content\/uploads\/2022\/10\/DJI_0736-Elfenmeer-1-HH-1024x575.jpg 1024w, https:\/\/www.gruenes-grenzland.net\/wp-content\/uploads\/2022\/10\/DJI_0736-Elfenmeer-1-HH-300x168.jpg 300w, https:\/\/www.gruenes-grenzland.net\/wp-content\/uploads\/2022\/10\/DJI_0736-Elfenmeer-1-HH-768x431.jpg 768w, https:\/\/www.gruenes-grenzland.net\/wp-content\/uploads\/2022\/10\/DJI_0736-Elfenmeer-1-HH-1536x863.jpg 1536w, https:\/\/www.gruenes-grenzland.net\/wp-content\/uploads\/2022\/10\/DJI_0736-Elfenmeer-1-HH-2048x1150.jpg 2048w, https:\/\/www.gruenes-grenzland.net\/wp-content\/uploads\/2022\/10\/DJI_0736-Elfenmeer-1-HH-18x10.jpg 18w\" sizes=\"(max-width: 1024px) 100vw, 1024px\" \/>\t\t\t\t\t\t\t\t\t\t\t\t\t\t\t<\/div>\n\t\t\t\t<\/div>\n\t\t\t\t\t<\/div>\n\t\t<\/div>\n\t\t\t\t\t<\/div>\n\t\t<\/section>\n\t\t\t\t<section class=\"elementor-section elementor-top-section elementor-element elementor-element-7f3968f elementor-section-boxed elementor-section-height-default elementor-section-height-default\" data-id=\"7f3968f\" data-element_type=\"section\" data-e-type=\"section\">\n\t\t\t\t\t\t<div class=\"elementor-container elementor-column-gap-default\">\n\t\t\t\t\t<div class=\"elementor-column elementor-col-100 elementor-top-column elementor-element elementor-element-2003ac7\" data-id=\"2003ac7\" data-element_type=\"column\" data-e-type=\"column\">\n\t\t\t<div class=\"elementor-widget-wrap elementor-element-populated\">\n\t\t\t\t\t\t<div class=\"elementor-element elementor-element-b81a1fc elementor-widget-divider--view-line elementor-widget elementor-widget-divider\" data-id=\"b81a1fc\" data-element_type=\"widget\" data-e-type=\"widget\" data-widget_type=\"divider.default\">\n\t\t\t\t<div class=\"elementor-widget-container\">\n\t\t\t\t\t\t\t<div class=\"elementor-divider\">\n\t\t\t<span class=\"elementor-divider-separator\">\n\t\t\t\t\t\t<\/span>\n\t\t<\/div>\n\t\t\t\t\t\t<\/div>\n\t\t\t\t<\/div>\n\t\t\t\t\t<\/div>\n\t\t<\/div>\n\t\t\t\t\t<\/div>\n\t\t<\/section>\n\t\t\t\t<section class=\"elementor-section elementor-top-section elementor-element elementor-element-20c48e9 elementor-section-boxed elementor-section-height-default elementor-section-height-default\" data-id=\"20c48e9\" data-element_type=\"section\" data-e-type=\"section\">\n\t\t\t\t\t\t<div class=\"elementor-container elementor-column-gap-default\">\n\t\t\t\t\t<div class=\"elementor-column elementor-col-50 elementor-top-column elementor-element elementor-element-460f42b\" data-id=\"460f42b\" data-element_type=\"column\" data-e-type=\"column\">\n\t\t\t<div class=\"elementor-widget-wrap elementor-element-populated\">\n\t\t\t\t\t\t<div class=\"elementor-element elementor-element-e3b04c7 elementor-widget elementor-widget-text-editor\" data-id=\"e3b04c7\" data-element_type=\"widget\" data-e-type=\"widget\" data-widget_type=\"text-editor.default\">\n\t\t\t\t<div class=\"elementor-widget-container\">\n\t\t\t\t\t\t\t\t\t<p><span class=\"Y2IQFc\" lang=\"nl\">3. Oktober 2022, deutscher Feiertag also Stau. Bald gibt es mit den Mega-Lagerh\u00e4usern jeden Tag Staus !<\/span><\/p>\t\t\t\t\t\t\t\t<\/div>\n\t\t\t\t<\/div>\n\t\t\t\t\t<\/div>\n\t\t<\/div>\n\t\t\t\t<div class=\"elementor-column elementor-col-50 elementor-top-column elementor-element elementor-element-550adbe\" data-id=\"550adbe\" data-element_type=\"column\" data-e-type=\"column\">\n\t\t\t<div class=\"elementor-widget-wrap elementor-element-populated\">\n\t\t\t\t\t\t<div class=\"elementor-element elementor-element-9b0027b elementor-widget elementor-widget-image\" data-id=\"9b0027b\" data-element_type=\"widget\" data-e-type=\"widget\" data-widget_type=\"image.default\">\n\t\t\t\t<div class=\"elementor-widget-container\">\n\t\t\t\t\t\t\t\t\t\t\t\t\t\t\t<img loading=\"lazy\" decoding=\"async\" width=\"1024\" height=\"768\" src=\"https:\/\/www.gruenes-grenzland.net\/wp-content\/uploads\/2022\/10\/oost-IMG20221003115651-scaled.jpg\" class=\"attachment-large size-large wp-image-9544\" alt=\"\" srcset=\"https:\/\/www.gruenes-grenzland.net\/wp-content\/uploads\/2022\/10\/oost-IMG20221003115651-scaled.jpg 2560w, https:\/\/www.gruenes-grenzland.net\/wp-content\/uploads\/2022\/10\/oost-IMG20221003115651-300x225.jpg 300w, https:\/\/www.gruenes-grenzland.net\/wp-content\/uploads\/2022\/10\/oost-IMG20221003115651-1024x768.jpg 1024w, https:\/\/www.gruenes-grenzland.net\/wp-content\/uploads\/2022\/10\/oost-IMG20221003115651-768x576.jpg 768w, https:\/\/www.gruenes-grenzland.net\/wp-content\/uploads\/2022\/10\/oost-IMG20221003115651-1536x1152.jpg 1536w, https:\/\/www.gruenes-grenzland.net\/wp-content\/uploads\/2022\/10\/oost-IMG20221003115651-2048x1536.jpg 2048w, https:\/\/www.gruenes-grenzland.net\/wp-content\/uploads\/2022\/10\/oost-IMG20221003115651-16x12.jpg 16w\" sizes=\"(max-width: 1024px) 100vw, 1024px\" \/>\t\t\t\t\t\t\t\t\t\t\t\t\t\t\t<\/div>\n\t\t\t\t<\/div>\n\t\t\t\t\t<\/div>\n\t\t<\/div>\n\t\t\t\t\t<\/div>\n\t\t<\/section>\n\t\t\t\t<section class=\"elementor-section elementor-top-section elementor-element elementor-element-f8b6cf0 elementor-section-boxed elementor-section-height-default elementor-section-height-default\" data-id=\"f8b6cf0\" data-element_type=\"section\" data-e-type=\"section\">\n\t\t\t\t\t\t<div class=\"elementor-container elementor-column-gap-default\">\n\t\t\t\t\t<div class=\"elementor-column elementor-col-100 elementor-top-column elementor-element elementor-element-6d4b0f7\" data-id=\"6d4b0f7\" data-element_type=\"column\" data-e-type=\"column\">\n\t\t\t<div class=\"elementor-widget-wrap elementor-element-populated\">\n\t\t\t\t\t\t<div class=\"elementor-element elementor-element-72cda07 elementor-widget-divider--view-line elementor-widget elementor-widget-divider\" data-id=\"72cda07\" data-element_type=\"widget\" data-e-type=\"widget\" data-widget_type=\"divider.default\">\n\t\t\t\t<div class=\"elementor-widget-container\">\n\t\t\t\t\t\t\t<div class=\"elementor-divider\">\n\t\t\t<span class=\"elementor-divider-separator\">\n\t\t\t\t\t\t<\/span>\n\t\t<\/div>\n\t\t\t\t\t\t<\/div>\n\t\t\t\t<\/div>\n\t\t\t\t\t<\/div>\n\t\t<\/div>\n\t\t\t\t\t<\/div>\n\t\t<\/section>\n\t\t\t\t<section class=\"elementor-section elementor-top-section elementor-element elementor-element-10b3d2f elementor-section-boxed elementor-section-height-default elementor-section-height-default\" data-id=\"10b3d2f\" data-element_type=\"section\" data-e-type=\"section\">\n\t\t\t\t\t\t<div class=\"elementor-container elementor-column-gap-default\">\n\t\t\t\t\t<div class=\"elementor-column elementor-col-50 elementor-top-column elementor-element elementor-element-f82ac52\" data-id=\"f82ac52\" data-element_type=\"column\" data-e-type=\"column\">\n\t\t\t<div class=\"elementor-widget-wrap elementor-element-populated\">\n\t\t\t\t\t\t<div class=\"elementor-element elementor-element-a874aa3 elementor-widget elementor-widget-text-editor\" data-id=\"a874aa3\" data-element_type=\"widget\" data-e-type=\"widget\" data-widget_type=\"text-editor.default\">\n\t\t\t\t<div class=\"elementor-widget-container\">\n\t\t\t\t\t\t\t\t\t<p>Am Samstag, den 24. September 2022, sprach eine Delegation aus Groen Grensland vor der Presse. Wir sind gespannt, ob die Journalistin der Rheinischen Post unser Anliegen richtig vermitteln kann und\/oder ob unsere Alternative, die die gro\u00dfen nat\u00fcrlichen und landschaftlichen Qualit\u00e4ten dieser gr\u00fcnen Grenzregion ber\u00fccksichtigt, angemessen hervorgehoben wird.<\/p>\t\t\t\t\t\t\t\t<\/div>\n\t\t\t\t<\/div>\n\t\t\t\t\t<\/div>\n\t\t<\/div>\n\t\t\t\t<div class=\"elementor-column elementor-col-50 elementor-top-column elementor-element elementor-element-01b8dad\" data-id=\"01b8dad\" data-element_type=\"column\" data-e-type=\"column\">\n\t\t\t<div class=\"elementor-widget-wrap elementor-element-populated\">\n\t\t\t\t\t\t<div class=\"elementor-element elementor-element-71461c6 elementor-widget elementor-widget-image\" data-id=\"71461c6\" data-element_type=\"widget\" data-e-type=\"widget\" data-widget_type=\"image.default\">\n\t\t\t\t<div class=\"elementor-widget-container\">\n\t\t\t\t\t\t\t\t\t\t\t\t\t\t\t<img loading=\"lazy\" decoding=\"async\" width=\"1024\" height=\"576\" src=\"https:\/\/www.gruenes-grenzland.net\/wp-content\/uploads\/2022\/10\/20220924_111852-website-1024x576.jpg\" class=\"attachment-large size-large wp-image-9525\" alt=\"\" srcset=\"https:\/\/www.gruenes-grenzland.net\/wp-content\/uploads\/2022\/10\/20220924_111852-website-1024x576.jpg 1024w, https:\/\/www.gruenes-grenzland.net\/wp-content\/uploads\/2022\/10\/20220924_111852-website-300x169.jpg 300w, https:\/\/www.gruenes-grenzland.net\/wp-content\/uploads\/2022\/10\/20220924_111852-website-768x432.jpg 768w, https:\/\/www.gruenes-grenzland.net\/wp-content\/uploads\/2022\/10\/20220924_111852-website-1536x864.jpg 1536w, https:\/\/www.gruenes-grenzland.net\/wp-content\/uploads\/2022\/10\/20220924_111852-website-2048x1152.jpg 2048w, https:\/\/www.gruenes-grenzland.net\/wp-content\/uploads\/2022\/10\/20220924_111852-website-18x10.jpg 18w\" sizes=\"(max-width: 1024px) 100vw, 1024px\" \/>\t\t\t\t\t\t\t\t\t\t\t\t\t\t\t<\/div>\n\t\t\t\t<\/div>\n\t\t\t\t\t<\/div>\n\t\t<\/div>\n\t\t\t\t\t<\/div>\n\t\t<\/section>\n\t\t\t\t<section class=\"elementor-section elementor-top-section elementor-element elementor-element-916883e elementor-section-boxed elementor-section-height-default elementor-section-height-default\" data-id=\"916883e\" data-element_type=\"section\" data-e-type=\"section\">\n\t\t\t\t\t\t<div class=\"elementor-container elementor-column-gap-default\">\n\t\t\t\t\t<div class=\"elementor-column elementor-col-100 elementor-top-column elementor-element elementor-element-6030fb2\" data-id=\"6030fb2\" data-element_type=\"column\" data-e-type=\"column\">\n\t\t\t<div class=\"elementor-widget-wrap elementor-element-populated\">\n\t\t\t\t\t\t<div class=\"elementor-element elementor-element-20f0a8f elementor-widget-divider--view-line elementor-widget elementor-widget-divider\" data-id=\"20f0a8f\" data-element_type=\"widget\" data-e-type=\"widget\" data-widget_type=\"divider.default\">\n\t\t\t\t<div class=\"elementor-widget-container\">\n\t\t\t\t\t\t\t<div class=\"elementor-divider\">\n\t\t\t<span class=\"elementor-divider-separator\">\n\t\t\t\t\t\t<\/span>\n\t\t<\/div>\n\t\t\t\t\t\t<\/div>\n\t\t\t\t<\/div>\n\t\t\t\t\t<\/div>\n\t\t<\/div>\n\t\t\t\t\t<\/div>\n\t\t<\/section>\n\t\t\t\t<section class=\"elementor-section elementor-top-section elementor-element elementor-element-95f1fff elementor-section-boxed elementor-section-height-default elementor-section-height-default\" data-id=\"95f1fff\" data-element_type=\"section\" data-e-type=\"section\">\n\t\t\t\t\t\t<div class=\"elementor-container elementor-column-gap-default\">\n\t\t\t\t\t<div class=\"elementor-column elementor-col-50 elementor-top-column elementor-element elementor-element-acb5cb7\" data-id=\"acb5cb7\" data-element_type=\"column\" data-e-type=\"column\">\n\t\t\t<div class=\"elementor-widget-wrap elementor-element-populated\">\n\t\t\t\t\t\t<div class=\"elementor-element elementor-element-c7a62bf elementor-widget elementor-widget-text-editor\" data-id=\"c7a62bf\" data-element_type=\"widget\" data-e-type=\"widget\" data-widget_type=\"text-editor.default\">\n\t\t\t\t<div class=\"elementor-widget-container\">\n\t\t\t\t\t\t\t\t\t<p>Am Sonntag, den 28. August<span class=\"Y2IQFc\" lang=\"nl\">\u00a02022 sind wir mit unserem Infostand auf dem Elmpter Marktfest vertreten.\u00a0<\/span><\/p><p>Wir freuen uns sehr \u00fcber das gro\u00dfe Interesse und die vielfach bekundete Unterst\u00fctzung f\u00fcr den Erhalt unseres Gr\u00fcnen Grenzlandes. Weitere Informationen folgen in K\u00fcrze.<\/p>\t\t\t\t\t\t\t\t<\/div>\n\t\t\t\t<\/div>\n\t\t\t\t\t<\/div>\n\t\t<\/div>\n\t\t\t\t<div class=\"elementor-column elementor-col-50 elementor-top-column elementor-element elementor-element-647b316\" data-id=\"647b316\" data-element_type=\"column\" data-e-type=\"column\">\n\t\t\t<div class=\"elementor-widget-wrap elementor-element-populated\">\n\t\t\t\t\t\t<div class=\"elementor-element elementor-element-4719822 elementor-widget elementor-widget-image\" data-id=\"4719822\" data-element_type=\"widget\" data-e-type=\"widget\" data-widget_type=\"image.default\">\n\t\t\t\t<div class=\"elementor-widget-container\">\n\t\t\t\t\t\t\t\t\t\t\t\t\t\t\t<img loading=\"lazy\" decoding=\"async\" width=\"1024\" height=\"461\" src=\"https:\/\/www.gruenes-grenzland.net\/wp-content\/uploads\/2022\/08\/20220828_112648-markt-fest-elmpt-1024x461.jpg\" class=\"attachment-large size-large wp-image-9330\" alt=\"\" srcset=\"https:\/\/www.gruenes-grenzland.net\/wp-content\/uploads\/2022\/08\/20220828_112648-markt-fest-elmpt-1024x461.jpg 1024w, https:\/\/www.gruenes-grenzland.net\/wp-content\/uploads\/2022\/08\/20220828_112648-markt-fest-elmpt-300x135.jpg 300w, https:\/\/www.gruenes-grenzland.net\/wp-content\/uploads\/2022\/08\/20220828_112648-markt-fest-elmpt-768x345.jpg 768w, https:\/\/www.gruenes-grenzland.net\/wp-content\/uploads\/2022\/08\/20220828_112648-markt-fest-elmpt-1536x691.jpg 1536w, https:\/\/www.gruenes-grenzland.net\/wp-content\/uploads\/2022\/08\/20220828_112648-markt-fest-elmpt-2048x921.jpg 2048w, https:\/\/www.gruenes-grenzland.net\/wp-content\/uploads\/2022\/08\/20220828_112648-markt-fest-elmpt-18x8.jpg 18w\" sizes=\"(max-width: 1024px) 100vw, 1024px\" \/>\t\t\t\t\t\t\t\t\t\t\t\t\t\t\t<\/div>\n\t\t\t\t<\/div>\n\t\t\t\t\t<\/div>\n\t\t<\/div>\n\t\t\t\t\t<\/div>\n\t\t<\/section>\n\t\t\t\t<section class=\"elementor-section elementor-top-section elementor-element elementor-element-0e0f249 elementor-section-boxed elementor-section-height-default elementor-section-height-default\" data-id=\"0e0f249\" data-element_type=\"section\" data-e-type=\"section\">\n\t\t\t\t\t\t<div class=\"elementor-container elementor-column-gap-default\">\n\t\t\t\t\t<div class=\"elementor-column elementor-col-100 elementor-top-column elementor-element elementor-element-6427b02\" data-id=\"6427b02\" data-element_type=\"column\" data-e-type=\"column\">\n\t\t\t<div class=\"elementor-widget-wrap\">\n\t\t\t\t\t\t\t<\/div>\n\t\t<\/div>\n\t\t\t\t\t<\/div>\n\t\t<\/section>\n\t\t\t\t<\/div>","protected":false},"excerpt":{"rendered":"<p>Actueel Javelin Park , &#8216;Groen blijft groen&#8217; Terwijl er nog een juridische procedure loopt tegen het bebouwingsplan Elmpt Oost, worden de bomen zonder pardon gekapt. Helaas gaat er van deze procedure geen opschortende werking uit. De gang van zaken laat zien hoe weinig waarde er wordt gehecht aan onze groene omgeving. De beelden spreken voor [&hellip;]<\/p>\n","protected":false},"author":3,"featured_media":0,"parent":0,"menu_order":0,"comment_status":"closed","ping_status":"closed","template":"","meta":{"site-sidebar-layout":"no-sidebar","site-content-layout":"page-builder","ast-site-content-layout":"default","site-content-style":"default","site-sidebar-style":"default","ast-global-header-display":"","ast-banner-title-visibility":"","ast-main-header-display":"","ast-hfb-above-header-display":"","ast-hfb-below-header-display":"","ast-hfb-mobile-header-display":"","site-post-title":"disabled","ast-breadcrumbs-content":"","ast-featured-img":"disabled","footer-sml-layout":"","ast-disable-related-posts":"","theme-transparent-header-meta":"","adv-header-id-meta":"","stick-header-meta":"","header-above-stick-meta":"","header-main-stick-meta":"","header-below-stick-meta":"","astra-migrate-meta-layouts":"default","ast-page-background-enabled":"default","ast-page-background-meta":{"desktop":{"background-color":"","background-image":"","background-repeat":"repeat","background-position":"center center","background-size":"auto","background-attachment":"scroll","background-type":"","background-media":"","overlay-type":"","overlay-color":"","overlay-opacity":"","overlay-gradient":""},"tablet":{"background-color":"","background-image":"","background-repeat":"repeat","background-position":"center center","background-size":"auto","background-attachment":"scroll","background-type":"","background-media":"","overlay-type":"","overlay-color":"","overlay-opacity":"","overlay-gradient":""},"mobile":{"background-color":"","background-image":"","background-repeat":"repeat","background-position":"center center","background-size":"auto","background-attachment":"scroll","background-type":"","background-media":"","overlay-type":"","overlay-color":"","overlay-opacity":"","overlay-gradient":""}},"ast-content-background-meta":{"desktop":{"background-color":"var(--ast-global-color-5)","background-image":"","background-repeat":"repeat","background-position":"center center","background-size":"auto","background-attachment":"scroll","background-type":"","background-media":"","overlay-type":"","overlay-color":"","overlay-opacity":"","overlay-gradient":""},"tablet":{"background-color":"var(--ast-global-color-5)","background-image":"","background-repeat":"repeat","background-position":"center center","background-size":"auto","background-attachment":"scroll","background-type":"","background-media":"","overlay-type":"","overlay-color":"","overlay-opacity":"","overlay-gradient":""},"mobile":{"background-color":"var(--ast-global-color-5)","background-image":"","background-repeat":"repeat","background-position":"center center","background-size":"auto","background-attachment":"scroll","background-type":"","background-media":"","overlay-type":"","overlay-color":"","overlay-opacity":"","overlay-gradient":""}},"footnotes":""},"class_list":["post-8219","page","type-page","status-publish","hentry"],"_links":{"self":[{"href":"https:\/\/www.gruenes-grenzland.net\/de\/wp-json\/wp\/v2\/pages\/8219","targetHints":{"allow":["GET"]}}],"collection":[{"href":"https:\/\/www.gruenes-grenzland.net\/de\/wp-json\/wp\/v2\/pages"}],"about":[{"href":"https:\/\/www.gruenes-grenzland.net\/de\/wp-json\/wp\/v2\/types\/page"}],"author":[{"embeddable":true,"href":"https:\/\/www.gruenes-grenzland.net\/de\/wp-json\/wp\/v2\/users\/3"}],"replies":[{"embeddable":true,"href":"https:\/\/www.gruenes-grenzland.net\/de\/wp-json\/wp\/v2\/comments?post=8219"}],"version-history":[{"count":1497,"href":"https:\/\/www.gruenes-grenzland.net\/de\/wp-json\/wp\/v2\/pages\/8219\/revisions"}],"predecessor-version":[{"id":19789,"href":"https:\/\/www.gruenes-grenzland.net\/de\/wp-json\/wp\/v2\/pages\/8219\/revisions\/19789"}],"wp:attachment":[{"href":"https:\/\/www.gruenes-grenzland.net\/de\/wp-json\/wp\/v2\/media?parent=8219"}],"curies":[{"name":"wp","href":"https:\/\/api.w.org\/{rel}","templated":true}]}}