{"id":8845,"date":"2022-07-18T13:18:17","date_gmt":"2022-07-18T11:18:17","guid":{"rendered":"https:\/\/www.gruenes-grenzland.net\/?page_id=8845"},"modified":"2024-12-09T14:19:05","modified_gmt":"2024-12-09T13:19:05","slug":"energiepark","status":"publish","type":"page","link":"https:\/\/www.gruenes-grenzland.net\/de\/energiepark\/","title":{"rendered":"Energiepark Elmpt"},"content":{"rendered":"<div data-elementor-type=\"wp-page\" data-elementor-id=\"8845\" class=\"elementor elementor-8845\" data-elementor-post-type=\"page\">\n\t\t\t\t\t\t<section class=\"elementor-section elementor-top-section elementor-element elementor-element-e4b7ba4 elementor-section-boxed elementor-section-height-default elementor-section-height-default\" data-id=\"e4b7ba4\" data-element_type=\"section\" data-e-type=\"section\">\n\t\t\t\t\t\t<div class=\"elementor-container elementor-column-gap-default\">\n\t\t\t\t\t<div class=\"elementor-column elementor-col-100 elementor-top-column elementor-element elementor-element-51bf9a2\" data-id=\"51bf9a2\" data-element_type=\"column\" data-e-type=\"column\">\n\t\t\t<div class=\"elementor-widget-wrap elementor-element-populated\">\n\t\t\t\t\t\t<div class=\"elementor-element elementor-element-3fbe389 elementor-widget-divider--view-line elementor-widget elementor-widget-divider\" data-id=\"3fbe389\" data-element_type=\"widget\" data-e-type=\"widget\" data-widget_type=\"divider.default\">\n\t\t\t\t<div class=\"elementor-widget-container\">\n\t\t\t\t\t\t\t<div class=\"elementor-divider\">\n\t\t\t<span class=\"elementor-divider-separator\">\n\t\t\t\t\t\t<\/span>\n\t\t<\/div>\n\t\t\t\t\t\t<\/div>\n\t\t\t\t<\/div>\n\t\t\t\t\t<\/div>\n\t\t<\/div>\n\t\t\t\t\t<\/div>\n\t\t<\/section>\n\t\t\t\t<section class=\"elementor-section elementor-top-section elementor-element elementor-element-5361bef elementor-section-boxed elementor-section-height-default elementor-section-height-default\" data-id=\"5361bef\" data-element_type=\"section\" data-e-type=\"section\">\n\t\t\t\t\t\t<div class=\"elementor-container elementor-column-gap-default\">\n\t\t\t\t\t<div class=\"elementor-column elementor-col-100 elementor-top-column elementor-element elementor-element-1ed6e3c\" data-id=\"1ed6e3c\" data-element_type=\"column\" data-e-type=\"column\">\n\t\t\t<div class=\"elementor-widget-wrap elementor-element-populated\">\n\t\t\t\t\t\t<div class=\"elementor-element elementor-element-e72ff55 elementor-widget elementor-widget-heading\" data-id=\"e72ff55\" data-element_type=\"widget\" data-e-type=\"widget\" data-widget_type=\"heading.default\">\n\t\t\t\t<div class=\"elementor-widget-container\">\n\t\t\t\t\t<h2 class=\"elementor-heading-title elementor-size-default\">Energiepark Elmpt<\/h2>\t\t\t\t<\/div>\n\t\t\t\t<\/div>\n\t\t\t\t\t<\/div>\n\t\t<\/div>\n\t\t\t\t\t<\/div>\n\t\t<\/section>\n\t\t\t\t<section class=\"elementor-section elementor-top-section elementor-element elementor-element-8fb1950 elementor-section-boxed elementor-section-height-default elementor-section-height-default\" data-id=\"8fb1950\" data-element_type=\"section\" data-e-type=\"section\">\n\t\t\t\t\t\t<div class=\"elementor-container elementor-column-gap-default\">\n\t\t\t\t\t<div class=\"elementor-column elementor-col-100 elementor-top-column elementor-element elementor-element-2162cc2\" data-id=\"2162cc2\" data-element_type=\"column\" data-e-type=\"column\">\n\t\t\t<div class=\"elementor-widget-wrap elementor-element-populated\">\n\t\t\t\t\t\t<div class=\"elementor-element elementor-element-77d8ee7 elementor-widget elementor-widget-text-editor\" data-id=\"77d8ee7\" data-element_type=\"widget\" data-e-type=\"widget\" data-widget_type=\"text-editor.default\">\n\t\t\t\t<div class=\"elementor-widget-container\">\n\t\t\t\t\t\t\t\t\t<p>Auf dem ehemaligen Flughafen in Elmpt ist ein Energiepark geplant. Die Energiegewinnung soll durch sieben Megawindturbinen (ca. 265 m hoch) und Solarzellen auf den D\u00e4chern der Geb\u00e4ude und auf der ehemaligen Start- und Landebahn erfolgen.&nbsp;&nbsp;<\/p>\t\t\t\t\t\t\t\t<\/div>\n\t\t\t\t<\/div>\n\t\t\t\t\t<\/div>\n\t\t<\/div>\n\t\t\t\t\t<\/div>\n\t\t<\/section>\n\t\t\t\t<section class=\"elementor-section elementor-top-section elementor-element elementor-element-d30f1e3 elementor-section-boxed elementor-section-height-default elementor-section-height-default\" data-id=\"d30f1e3\" data-element_type=\"section\" data-e-type=\"section\">\n\t\t\t\t\t\t<div class=\"elementor-container elementor-column-gap-default\">\n\t\t\t\t\t<div class=\"elementor-column elementor-col-100 elementor-top-column elementor-element elementor-element-f6e4949\" data-id=\"f6e4949\" data-element_type=\"column\" data-e-type=\"column\">\n\t\t\t<div class=\"elementor-widget-wrap elementor-element-populated\">\n\t\t\t\t\t\t<div class=\"elementor-element elementor-element-6a25a75 elementor-widget elementor-widget-image\" data-id=\"6a25a75\" data-element_type=\"widget\" data-e-type=\"widget\" data-widget_type=\"image.default\">\n\t\t\t\t<div class=\"elementor-widget-container\">\n\t\t\t\t\t\t\t\t\t\t\t\t<figure class=\"wp-caption\">\n\t\t\t\t\t\t\t\t\t\t<img fetchpriority=\"high\" decoding=\"async\" width=\"1024\" height=\"475\" src=\"https:\/\/www.gruenes-grenzland.net\/wp-content\/uploads\/2022\/07\/Thumbnail-windturbines-Elmpt-reserve-1024x475.jpg\" class=\"attachment-large size-large wp-image-8881\" alt=\"\" srcset=\"https:\/\/www.gruenes-grenzland.net\/wp-content\/uploads\/2022\/07\/Thumbnail-windturbines-Elmpt-reserve-1024x475.jpg 1024w, https:\/\/www.gruenes-grenzland.net\/wp-content\/uploads\/2022\/07\/Thumbnail-windturbines-Elmpt-reserve-300x139.jpg 300w, https:\/\/www.gruenes-grenzland.net\/wp-content\/uploads\/2022\/07\/Thumbnail-windturbines-Elmpt-reserve-768x356.jpg 768w, https:\/\/www.gruenes-grenzland.net\/wp-content\/uploads\/2022\/07\/Thumbnail-windturbines-Elmpt-reserve-1536x712.jpg 1536w, https:\/\/www.gruenes-grenzland.net\/wp-content\/uploads\/2022\/07\/Thumbnail-windturbines-Elmpt-reserve-18x8.jpg 18w, https:\/\/www.gruenes-grenzland.net\/wp-content\/uploads\/2022\/07\/Thumbnail-windturbines-Elmpt-reserve.jpg 1735w\" sizes=\"(max-width: 1024px) 100vw, 1024px\" \/>\t\t\t\t\t\t\t\t\t\t\t<figcaption class=\"widget-image-caption wp-caption-text\">Geplante 250 m hohe Windkraftanlagen zwischen Meinweg und Elmpter Schwalmbruch<\/figcaption>\n\t\t\t\t\t\t\t\t\t\t<\/figure>\n\t\t\t\t\t\t\t\t\t<\/div>\n\t\t\t\t<\/div>\n\t\t\t\t\t<\/div>\n\t\t<\/div>\n\t\t\t\t\t<\/div>\n\t\t<\/section>\n\t\t\t\t<section class=\"elementor-section elementor-top-section elementor-element elementor-element-d54627c elementor-section-boxed elementor-section-height-default elementor-section-height-default\" data-id=\"d54627c\" data-element_type=\"section\" data-e-type=\"section\">\n\t\t\t\t\t\t<div class=\"elementor-container elementor-column-gap-default\">\n\t\t\t\t\t<div class=\"elementor-column elementor-col-50 elementor-top-column elementor-element elementor-element-08c61a7\" data-id=\"08c61a7\" data-element_type=\"column\" data-e-type=\"column\">\n\t\t\t<div class=\"elementor-widget-wrap elementor-element-populated\">\n\t\t\t\t\t\t<div class=\"elementor-element elementor-element-5032daf elementor-widget elementor-widget-text-editor\" data-id=\"5032daf\" data-element_type=\"widget\" data-e-type=\"widget\" data-widget_type=\"text-editor.default\">\n\t\t\t\t<div class=\"elementor-widget-container\">\n\t\t\t\t\t\t\t\t\t<p>Der Ertrag des geplanten Energieparks liegt bei ca. 0,4 PJ auf Jahresbasis, siehe Kasten. Charakteristisch f\u00fcr Wind- und Solarenergie ist der sto\u00dfweise Charakter durch die sogenannte Dunkelflaute. Wenn kein Wind weht und die Sonne nicht scheint, hat man auch keinen Ertrag. Deshalb brauchen Sie noch Backup, zum Beispiel in Form einer Gasanlage.<\/p><p>Die endg\u00fcltige Leistungsausbeute pro Fl\u00e4cheneinheit kann als begrenzt bezeichnet werden. Sicherlich, wenn man dies zum Beispiel mit fossilem Gas oder Kernenergie vergleicht und dies in Verbindung mit den gro\u00dfen negativen Auswirkungen betrachtet, die insbesondere die Windkraftanlagen haben werden\u00a0<span style=\"font-style: inherit; font-weight: inherit; background-color: var(--ast-global-color-4); color: var(--ast-global-color-3);\">zur Natur und Landschaft in der gesamten Grenzregion.<\/span><span style=\"background-color: var(--ast-global-color-4); color: var(--ast-global-color-3); font-style: inherit; font-weight: inherit;\">\u00a0<\/span><\/p><p><span style=\"font-style: inherit; font-weight: inherit; color: var(--ast-global-color-3); background-color: var(--ast-global-color-4);\">Der Limburger Natur- und Umweltverband hat dies in seinem Einspruch vom 16. Februar 2021 hervorragend zum Ausdruck gebracht.<\/span><span style=\"font-style: inherit; font-weight: inherit; color: var(--ast-global-color-3); background-color: var(--ast-global-color-4);\">\u00a0<\/span><\/p>\t\t\t\t\t\t\t\t<\/div>\n\t\t\t\t<\/div>\n\t\t\t\t\t<\/div>\n\t\t<\/div>\n\t\t\t\t<div class=\"elementor-column elementor-col-50 elementor-top-column elementor-element elementor-element-abe3f8d\" data-id=\"abe3f8d\" data-element_type=\"column\" data-e-type=\"column\">\n\t\t\t<div class=\"elementor-widget-wrap elementor-element-populated\">\n\t\t\t\t\t\t<div class=\"elementor-element elementor-element-8393908 elementor-widget elementor-widget-image\" data-id=\"8393908\" data-element_type=\"widget\" data-e-type=\"widget\" data-widget_type=\"image.default\">\n\t\t\t\t<div class=\"elementor-widget-container\">\n\t\t\t\t\t\t\t\t\t\t\t\t\t\t\t<img decoding=\"async\" width=\"644\" height=\"611\" src=\"https:\/\/www.gruenes-grenzland.net\/wp-content\/uploads\/2022\/06\/Opbrengsten-energiepark-Elmpt-de.jpg\" class=\"attachment-large size-large wp-image-7510\" alt=\"\" srcset=\"https:\/\/www.gruenes-grenzland.net\/wp-content\/uploads\/2022\/06\/Opbrengsten-energiepark-Elmpt-de.jpg 644w, https:\/\/www.gruenes-grenzland.net\/wp-content\/uploads\/2022\/06\/Opbrengsten-energiepark-Elmpt-de-300x285.jpg 300w, https:\/\/www.gruenes-grenzland.net\/wp-content\/uploads\/2022\/06\/Opbrengsten-energiepark-Elmpt-de-13x12.jpg 13w\" sizes=\"(max-width: 644px) 100vw, 644px\" \/>\t\t\t\t\t\t\t\t\t\t\t\t\t\t\t<\/div>\n\t\t\t\t<\/div>\n\t\t\t\t\t<\/div>\n\t\t<\/div>\n\t\t\t\t\t<\/div>\n\t\t<\/section>\n\t\t\t\t<section class=\"elementor-section elementor-top-section elementor-element elementor-element-a07efb5 elementor-section-boxed elementor-section-height-default elementor-section-height-default\" data-id=\"a07efb5\" data-element_type=\"section\" data-e-type=\"section\">\n\t\t\t\t\t\t<div class=\"elementor-container elementor-column-gap-default\">\n\t\t\t\t\t<div class=\"elementor-column elementor-col-100 elementor-top-column elementor-element elementor-element-e6ab1ea\" data-id=\"e6ab1ea\" data-element_type=\"column\" data-e-type=\"column\" data-settings=\"{&quot;background_background&quot;:&quot;classic&quot;}\">\n\t\t\t<div class=\"elementor-widget-wrap elementor-element-populated\">\n\t\t\t\t\t\t<div class=\"elementor-element elementor-element-1b78da4 elementor-widget elementor-widget-text-editor\" data-id=\"1b78da4\" data-element_type=\"widget\" data-e-type=\"widget\" data-widget_type=\"text-editor.default\">\n\t\t\t\t<div class=\"elementor-widget-container\">\n\t\t\t\t\t\t\t\t\t<p>Nachfolgend finden Sie eine Zusammenfassung ihrer wichtigsten Einw\u00e4nde.<\/p><h4>Die Qualifikation \u201evorbelastet\u201c f\u00fchrt zu noch mehr Windenergieanlagen in der Region<\/h4><p>In der Region um das Plangebiet gibt es derzeit keine Windenergieanlagen. Wenn hier Windkraftanlagen gebaut werden d\u00fcrfen, besteht eine gute Chance, dass die gesamte Region als \u201evorbelastet\u201c bezeichnet wird und weitere Windkraftanlagen hier aufgestellt werden k\u00f6nnen.<\/p><h4>Die Windkraftanlagen werden in der N\u00e4he einer Reihe von Vogelschutzgebieten stehen<\/h4><p class=\" translation-block\">2016 hat die NMF Limburg einen <a href=\"https:\/\/www.nmflimburg.nl\/wp-content\/uploads\/sites\/12\/2020\/01\/NMFLimburg_Windmolenvisie_06122018.pdf\" target=\"_blank\" rel=\"noopener\">Windturbinen Vision<\/a> ver\u00f6ffentlicht; In dieser Vision wird zu Vorzugsgebieten, weniger geeigneten Gebieten und Vorzugsstandorten f\u00fcr Windenergieanlagen eine wissenschaftlich fundierte Position bezogen. Ausschlussgebiete umfassen Vogelschutzgebiete mit einem Umkreis von 1200 Metern um sie herum. Dies basiert auf dem <a href=\"https:\/\/assets.vogelbescherming.nl\/docs\/e3b4524d-5cc2-4565-a65e-3226a124837e.pdf?_ga=2.164477695.1710041751.1613473683-929797145.1590408214\" target=\"_blank\">Nationale Windturbinen Risiko Karte<\/a> f\u00fcr V\u00f6gel. Aufgrund dieser Kriterien ist auf den Windpark zu verzichten, da das Plangebiet in unmittelbarer N\u00e4he zu mehreren Vogelschutzgebieten liegt, n\u00e4mlich dem Meinweg weniger als 1 km s\u00fcdlich des Plangebiets und der Schwalm-Nette-Platte mit Grenzwald u. Meinweg\u201c westlich des Plangebiets.<\/p><h4>Die Windenergieanlagen werden innerhalb einer Zone von 200 m Waldfl\u00e4che errichtet<\/h4><p class=\" translation-block\">Eurobats (eine im Rahmen des Bonner \u00dcbereinkommens angenommene Vereinbarung) hat <a href=\"https:\/\/www.eurobats.org\/sites\/default\/files\/documents\/publications\/publication_series\/pubseries_no6_english.pdf\" target=\"_blank\" rel=\" noopener\">Richtlinien<\/a> zum Schutz von Flederm\u00e4usen in Bezug auf Windkraftanlagen. Danach muss eine Zone von 200 Metern um Waldgebiete und um andere f\u00fcr Flederm\u00e4use wichtige Lebensr\u00e4ume (wie Baumreihen, Hecken- und Strauchgeflechte, T\u00fcmpel\/Sumpfgebiete, Gew\u00e4sser und Wasserl\u00e4ufe) frei bleiben Windm\u00fchlen. Aufgrund dieser Kriterien ist auf den Windpark zu verzichten, da sich das Plangebiet in einer Zone von 200 Metern um das Waldgebiet befindet.<\/p><h4>Die Windenergieanlagen k\u00f6nnen eine Gefahr f\u00fcr Bussard-, Wespenbussard-, Heidelerchen-, Feldlerchen- und Dachspopulationen darstellen<\/h4><p class=\" translation-block\">Untersuchungen haben gezeigt, dass viele Bussarde, die laut <a href=\"https:\/\/waarneming.nl\/\" target=\"_blank\" rel=\"noopener\">waarneming.nl<\/a> sicherlich auch im Plangebiet vorkommen, wurden durch Windkraftanlagen get\u00f6tet. In einem solchen Ausma\u00df, dass Windkraftanlagen als Bedrohung f\u00fcr die Bussardpopulation gelten. Laut den \u00f6kologischen Studien, die dem Genehmigungsantrag f\u00fcr die Windenergieanlagen beigef\u00fcgt sind, ist der Bussard jedoch keine windenergieempfindliche Vogelart. Das erscheint uns widerspr\u00fcchlich. Dar\u00fcber hinaus sollten laut NMF Limburg auch die m\u00f6glichen negativen Auswirkungen auf Wespenbussard, Baum- und Feldlerche und Dachs untersucht werden, was jetzt nicht geschehen ist.<\/p><h4>Die Windkraftanlagen befinden sich auf der Zugroute von Kranichen und G\u00e4nsen<\/h4><p>Durch das Plangebiet verl\u00e4uft eine wichtige Wanderroute von Kranichen sowie von Bl\u00e4ssg\u00e4nsen und Graug\u00e4nsen. In den Begleitunterlagen zum Genehmigungsantrag wird jedoch nichts \u00fcber m\u00f6gliche negative Auswirkungen der Windkraftanlagen auf diese Zugrouten erw\u00e4hnt.<\/p><h4>Die negativen visuellen Auswirkungen auf die Landschaft<\/h4><p>Die landschaftlichen Auswirkungen auf den gesamten Grenzpark Maas-Schwalm-Nette (Meinweg, Elmpter Schwalmbruch, L\u00fcsenkamp, \u200b\u200bBlankwater etc.) werden enorm sein.<\/p><p>Sehen Sie sich die wahrheitsgem\u00e4\u00dfe Visualisierung unten von Hans Heijnen (ehemaliger Direktor von NMF Limburg) an:<\/p>\t\t\t\t\t\t\t\t<\/div>\n\t\t\t\t<\/div>\n\t\t\t\t\t<\/div>\n\t\t<\/div>\n\t\t\t\t\t<\/div>\n\t\t<\/section>\n\t\t\t\t<section class=\"elementor-section elementor-top-section elementor-element elementor-element-baf68e0 elementor-section-boxed elementor-section-height-default elementor-section-height-default\" data-id=\"baf68e0\" data-element_type=\"section\" data-e-type=\"section\">\n\t\t\t\t\t\t<div class=\"elementor-container elementor-column-gap-default\">\n\t\t\t\t\t<div class=\"elementor-column elementor-col-100 elementor-top-column elementor-element elementor-element-8a9793a\" data-id=\"8a9793a\" data-element_type=\"column\" data-e-type=\"column\">\n\t\t\t<div class=\"elementor-widget-wrap elementor-element-populated\">\n\t\t\t\t\t\t<div class=\"elementor-element elementor-element-3e7cc6b elementor-widget elementor-widget-video\" data-id=\"3e7cc6b\" data-element_type=\"widget\" data-e-type=\"widget\" data-settings=\"{&quot;youtube_url&quot;:&quot;https:\\\/\\\/youtu.be\\\/lx91tLp3NhA&quot;,&quot;video_type&quot;:&quot;youtube&quot;,&quot;controls&quot;:&quot;yes&quot;}\" data-widget_type=\"video.default\">\n\t\t\t\t<div class=\"elementor-widget-container\">\n\t\t\t\t\t\t\t<div class=\"elementor-wrapper elementor-open-inline\">\n\t\t\t<div class=\"elementor-video\"><\/div>\t\t<\/div>\n\t\t\t\t\t\t<\/div>\n\t\t\t\t<\/div>\n\t\t\t\t\t<\/div>\n\t\t<\/div>\n\t\t\t\t\t<\/div>\n\t\t<\/section>\n\t\t\t\t<section class=\"elementor-section elementor-top-section elementor-element elementor-element-a3bffb8 elementor-section-boxed elementor-section-height-default elementor-section-height-default\" data-id=\"a3bffb8\" data-element_type=\"section\" data-e-type=\"section\">\n\t\t\t\t\t\t<div class=\"elementor-container elementor-column-gap-default\">\n\t\t\t\t\t<div class=\"elementor-column elementor-col-100 elementor-top-column elementor-element elementor-element-7a9d2fc\" data-id=\"7a9d2fc\" data-element_type=\"column\" data-e-type=\"column\">\n\t\t\t<div class=\"elementor-widget-wrap elementor-element-populated\">\n\t\t\t\t\t\t<div class=\"elementor-element elementor-element-8366e05 elementor-widget elementor-widget-text-editor\" data-id=\"8366e05\" data-element_type=\"widget\" data-e-type=\"widget\" data-widget_type=\"text-editor.default\">\n\t\t\t\t<div class=\"elementor-widget-container\">\n\t\t\t\t\t\t\t\t\t<h4>De windturbines komen midden in het Grenspark Maas-Swalm-Nette<\/h4><p>Eines der wichtigsten Ziele dieser grenz\u00fcberschreitenden Zusammenarbeit ist die Erhaltung und Entwicklung der charakteristischen Natur- und Kulturlandschaften. Die Realisierung von 7 Windkraftanlagen mitten im Grenzpark steht diesen Zielen entgegen.<\/p><h4>\u00dcberlassen Sie das Gebiet der Natur, so wie der Brachter Wald entstanden ist<\/h4><p class=\" translation-block\">Naturschutzgebiet Brachter Wald bei Br\u00fcggen (Teil des <a href=\"http:\/\/www.naturpark-msn.de\/\" target=\"_blank\" rel=\"noopener\">Grenzparks Maas-Swalm-Nette<\/a>) war bis 1996 das Munitionsdepot der britischen Armee. Ende 1996 r\u00e4umte die britische Armee das 1.240 Hektar gro\u00dfe Gel\u00e4nde und das Gebiet kam in die H\u00e4nde von Naturschutzorganisationen. Rad- und Wanderwege wurden ab 1998 gebaut und im Jahr 2000 erhielt es den Status eines Natura 2000-Gebiets. Die Biodiversit\u00e4t geht weltweit zur\u00fcck; Die NMF Limburg hat daher vorgeschlagen, das Planungsgebiet f\u00fcr die Windkraftanlagen, das von verschiedenen Naturschutzgebieten umgeben ist, der Natur zur\u00fcckzugeben und den Asphalt zu entfernen. Auch dann kann \u2013 \u00e4hnlich wie im ehemaligen Munitionsdepot bei Brachterwald \u2013 eine abwechslungsreiche Natur mit hoher Artenvielfalt entstehen.<\/p><p><a class=\"btn\" href=\"https:\/\/www.nmflimburg.nl\/wp-content\/uploads\/sites\/12\/2021\/02\/21.9-Bezwaar-tegen-windturbines-in-Elmpt.pdf\" target=\"_blank\" rel=\"noopener\">Lesen Sie den vollst\u00e4ndigen Einwand<\/a><\/p>\t\t\t\t\t\t\t\t<\/div>\n\t\t\t\t<\/div>\n\t\t\t\t\t<\/div>\n\t\t<\/div>\n\t\t\t\t\t<\/div>\n\t\t<\/section>\n\t\t\t\t<section class=\"elementor-section elementor-top-section elementor-element elementor-element-b5d1eb8 elementor-section-boxed elementor-section-height-default elementor-section-height-default\" data-id=\"b5d1eb8\" data-element_type=\"section\" data-e-type=\"section\">\n\t\t\t\t\t\t<div class=\"elementor-container elementor-column-gap-default\">\n\t\t\t\t\t<div class=\"elementor-column elementor-col-100 elementor-top-column elementor-element elementor-element-8d62589\" data-id=\"8d62589\" data-element_type=\"column\" data-e-type=\"column\">\n\t\t\t<div class=\"elementor-widget-wrap elementor-element-populated\">\n\t\t\t\t\t\t<div class=\"elementor-element elementor-element-a763c26 elementor-widget elementor-widget-text-editor\" data-id=\"a763c26\" data-element_type=\"widget\" data-e-type=\"widget\" data-widget_type=\"text-editor.default\">\n\t\t\t\t<div class=\"elementor-widget-container\">\n\t\t\t\t\t\t\t\t\t<p>Nat\u00fcrlich unterst\u00fctzen wir das Pl\u00e4doyer des Natur- und Umweltbundes, das Planungsgebiet f\u00fcr die Windkraftanlagen der Natur zur\u00fcckzugeben.<\/p>\t\t\t\t\t\t\t\t<\/div>\n\t\t\t\t<\/div>\n\t\t\t\t\t<\/div>\n\t\t<\/div>\n\t\t\t\t\t<\/div>\n\t\t<\/section>\n\t\t\t\t<\/div>","protected":false},"excerpt":{"rendered":"<p>Energiepark Elmpt Op het voormalige vliegveld in Elmpt is een energiepark gepland.&nbsp; De energieopwekking moet plaatsvinden met zeven megawindturbines (ca. 265 m hoog) en zonnepanelen op de daken van de gebouwen en op de voormalige start- en landingsbaan.&nbsp;&nbsp; Geplande 250 m hoge windturbines tussen Meinweg en Elmpter Schwalmbruch De opbrengst van het geplande energiepark bedraagt [&hellip;]<\/p>\n","protected":false},"author":3,"featured_media":0,"parent":0,"menu_order":0,"comment_status":"closed","ping_status":"closed","template":"","meta":{"site-sidebar-layout":"no-sidebar","site-content-layout":"page-builder","ast-site-content-layout":"default","site-content-style":"default","site-sidebar-style":"default","ast-global-header-display":"","ast-banner-title-visibility":"","ast-main-header-display":"","ast-hfb-above-header-display":"","ast-hfb-below-header-display":"","ast-hfb-mobile-header-display":"","site-post-title":"disabled","ast-breadcrumbs-content":"","ast-featured-img":"disabled","footer-sml-layout":"","ast-disable-related-posts":"","theme-transparent-header-meta":"","adv-header-id-meta":"","stick-header-meta":"","header-above-stick-meta":"","header-main-stick-meta":"","header-below-stick-meta":"","astra-migrate-meta-layouts":"default","ast-page-background-enabled":"default","ast-page-background-meta":{"desktop":{"background-color":"","background-image":"","background-repeat":"repeat","background-position":"center center","background-size":"auto","background-attachment":"scroll","background-type":"","background-media":"","overlay-type":"","overlay-color":"","overlay-opacity":"","overlay-gradient":""},"tablet":{"background-color":"","background-image":"","background-repeat":"repeat","background-position":"center center","background-size":"auto","background-attachment":"scroll","background-type":"","background-media":"","overlay-type":"","overlay-color":"","overlay-opacity":"","overlay-gradient":""},"mobile":{"background-color":"","background-image":"","background-repeat":"repeat","background-position":"center center","background-size":"auto","background-attachment":"scroll","background-type":"","background-media":"","overlay-type":"","overlay-color":"","overlay-opacity":"","overlay-gradient":""}},"ast-content-background-meta":{"desktop":{"background-color":"var(--ast-global-color-5)","background-image":"","background-repeat":"repeat","background-position":"center center","background-size":"auto","background-attachment":"scroll","background-type":"","background-media":"","overlay-type":"","overlay-color":"","overlay-opacity":"","overlay-gradient":""},"tablet":{"background-color":"var(--ast-global-color-5)","background-image":"","background-repeat":"repeat","background-position":"center center","background-size":"auto","background-attachment":"scroll","background-type":"","background-media":"","overlay-type":"","overlay-color":"","overlay-opacity":"","overlay-gradient":""},"mobile":{"background-color":"var(--ast-global-color-5)","background-image":"","background-repeat":"repeat","background-position":"center center","background-size":"auto","background-attachment":"scroll","background-type":"","background-media":"","overlay-type":"","overlay-color":"","overlay-opacity":"","overlay-gradient":""}},"footnotes":""},"class_list":["post-8845","page","type-page","status-publish","hentry"],"_links":{"self":[{"href":"https:\/\/www.gruenes-grenzland.net\/de\/wp-json\/wp\/v2\/pages\/8845","targetHints":{"allow":["GET"]}}],"collection":[{"href":"https:\/\/www.gruenes-grenzland.net\/de\/wp-json\/wp\/v2\/pages"}],"about":[{"href":"https:\/\/www.gruenes-grenzland.net\/de\/wp-json\/wp\/v2\/types\/page"}],"author":[{"embeddable":true,"href":"https:\/\/www.gruenes-grenzland.net\/de\/wp-json\/wp\/v2\/users\/3"}],"replies":[{"embeddable":true,"href":"https:\/\/www.gruenes-grenzland.net\/de\/wp-json\/wp\/v2\/comments?post=8845"}],"version-history":[{"count":54,"href":"https:\/\/www.gruenes-grenzland.net\/de\/wp-json\/wp\/v2\/pages\/8845\/revisions"}],"predecessor-version":[{"id":18807,"href":"https:\/\/www.gruenes-grenzland.net\/de\/wp-json\/wp\/v2\/pages\/8845\/revisions\/18807"}],"wp:attachment":[{"href":"https:\/\/www.gruenes-grenzland.net\/de\/wp-json\/wp\/v2\/media?parent=8845"}],"curies":[{"name":"wp","href":"https:\/\/api.w.org\/{rel}","templated":true}]}}